{"id":78,"date":"2021-02-16T15:59:05","date_gmt":"2021-02-16T18:59:05","guid":{"rendered":"https:\/\/tichers.ct.utfpr.edu.br\/about\/"},"modified":"2026-04-14T17:52:07","modified_gmt":"2026-04-14T20:52:07","slug":"sobre-nos","status":"publish","type":"page","link":"https:\/\/utfpr.curitiba.br\/tichers\/sobre-nos\/","title":{"rendered":"Sobre n\u00f3s"},"content":{"rendered":"<p><img decoding=\"async\" src=\"https:\/\/utfpr-ct-static-content.s3.amazonaws.com\/utfpr.curitiba.br\/wp-content\/uploads\/sites\/112\/2021\/09\/Logo-Nosso-Verde-2-150x150.png\" alt=\"Logo do T I Chers.\" width=\"150\" height=\"150\" \/><\/p>\n<h2>Atuamos desde 2019<\/h2>\n<h4>N\u00d3S REALIZAMOS A\u00c7\u00d5ES PRESENCIAIS E REMOTAS<\/h4>\n<p>N\u00f3s somos um projeto de extens\u00e3o do Departamento Acad\u00eamico de Inform\u00e1tica (DAINF) da Universidade Tecnol\u00f3gica Federal do Paran\u00e1 (UTFPR \u2013 CT). Tamb\u00e9m, somos parceiras do\u00a0<a style=\"background-color: #f8f8f8\" href=\"https:\/\/meninas.sbc.org.br\/\">Programa Nacional Meninas Digitais<\/a>\u00a0da Sociedade Brasileira de Computa\u00e7\u00e3o (SBC).<\/p>\n<p>O nome TIChers carrega muitos significados: teachers, pois o nosso pu\u0301blico-alvo sa\u0303o docentes da Educac\u0327a\u0303o Ba\u0301sica, sendo o significado da palavra inglesa; T de Tecnologia; I de Informac\u0327a\u0303o ou Informa\u0301tica; C de Computac\u0327a\u0303o e hers, e\u0301 delas!<\/p>\n<p>Ou seja, Computac\u0327a\u0303o tambe\u0301m e\u0301 lugar de mulheres e para isto precisamos formar docentes que multiplicara\u0303o esta mensagem para as suas turmas.<strong><br \/>\n<\/strong><\/p>\n<h2>Conhe\u00e7a nossa atual equipe!<\/h2>\n<p>Aqui est\u00e3o as pessoas que fazem esse projeto poss\u00edvel. Conhe\u00e7a a talentosa equipe que est\u00e1 trabalhando em prol do projeto, transformando suas vis\u00f5es em realidade.<\/p>\n<p><img fetchpriority=\"high\" decoding=\"async\" src=\"https:\/\/utfpr-ct-static-content.s3.amazonaws.com\/utfpr.curitiba.br\/wp-content\/uploads\/sites\/112\/2021\/09\/Rita_Perfil.jpeg\" alt=\"Fotografia de Rita. Ela \u00e9 vista de frente, do peito para cima. Tem pele clara, cabelos castanhos. Usa camisa do projeto T I Chers, em cor verde com desenhos brancos.\" width=\"720\" height=\"719\" \/> <!-- .profile-header END --><\/p>\n<h2>Rita Berardi<\/h2>\n<p>Coordenadora<\/p>\n<p><!-- .profile-body END --><br \/>\n<img decoding=\"async\" src=\"https:\/\/utfpr-ct-static-content.s3.amazonaws.com\/utfpr.curitiba.br\/wp-content\/uploads\/sites\/112\/2024\/08\/Yasmin-Lis-Maravalhas-Goncalves.jpg\" alt=\"\" width=\"1\" height=\"1\" \/> <!-- .profile-header END --><\/p>\n<h2>Yasmin Gon\u00e7alves<\/h2>\n<p>Bolsista do TIChers<\/p>\n<p><!-- .profile-body END --><br \/>\n<img loading=\"lazy\" decoding=\"async\" src=\"https:\/\/utfpr-ct-static-content.s3.amazonaws.com\/utfpr.curitiba.br\/wp-content\/uploads\/sites\/112\/2023\/11\/gabriele-scaled.jpg\" alt=\"\" width=\"1011\" height=\"1024\" \/> <!-- .profile-header END --><\/p>\n<h2>Gabrielle Schultz<\/h2>\n<p>Volunt\u00e1ria<\/p>\n<p><!-- .profile-body END --><br \/>\n<img loading=\"lazy\" decoding=\"async\" src=\"https:\/\/utfpr-ct-static-content.s3.amazonaws.com\/utfpr.curitiba.br\/wp-content\/uploads\/sites\/112\/2025\/04\/WhatsApp-Image-2025-04-07-at-20.55.37-882x1024.jpeg\" alt=\"\" width=\"882\" height=\"1024\" \/> <!-- .profile-header END --><\/p>\n<h2>\u00cdris Locatelli<\/h2>\n<p>Volunt\u00e1ria<\/p>\n<p><!-- .profile-body END --><br \/>\n<img loading=\"lazy\" decoding=\"async\" src=\"https:\/\/utfpr-ct-static-content.s3.amazonaws.com\/utfpr.curitiba.br\/wp-content\/uploads\/sites\/112\/2024\/08\/Julia-Adorna-do-Amaral-Mesadri-scaled.jpg\" alt=\"\" width=\"768\" height=\"1024\" \/> <!-- .profile-header END --><\/p>\n<h2>Julia Adorna<\/h2>\n<p>Volunt\u00e1ria<\/p>\n<p><!-- .profile-body END --><br \/>\n<img loading=\"lazy\" decoding=\"async\" src=\"https:\/\/utfpr-ct-static-content.s3.amazonaws.com\/utfpr.curitiba.br\/wp-content\/uploads\/sites\/112\/2024\/08\/Maria-Eduarda-de-Lima-Duarte.jpg\" alt=\"\" width=\"1\" height=\"1\" \/> <!-- .profile-header END --><\/p>\n<h2>Maria Eduarda Duarte<\/h2>\n<p>Volunt\u00e1ria<\/p>\n<p><!-- .profile-body END --><br \/>\n<img loading=\"lazy\" decoding=\"async\" src=\"https:\/\/utfpr-ct-static-content.s3.amazonaws.com\/utfpr.curitiba.br\/wp-content\/uploads\/sites\/112\/2024\/08\/Maria-Eduarda-Manczak-da-Silva-1-scaled.jpg\" alt=\"\" width=\"768\" height=\"1024\" \/> <!-- .profile-header END --><\/p>\n<h2>Maria Eduarda Manczak<\/h2>\n<p>Volunt\u00e1ria<\/p>\n<p><!-- .profile-body END --><\/p>\n<h2>Quem j\u00e1 passou por aqui?<\/h2>\n<p>Conhe\u00e7a as pessoas que, embora n\u00e3o estejam mais ativas no projeto, desempenharam pap\u00e9is essenciais em mold\u00e1-lo at\u00e9 o ponto onde est\u00e1 hoje. Basta um clique no card para ter acesso ao depoimento de cada uma delas.<br \/>\n<img loading=\"lazy\" decoding=\"async\" src=\"https:\/\/utfpr-ct-static-content.s3.amazonaws.com\/utfpr.curitiba.br\/wp-content\/uploads\/sites\/112\/2024\/10\/Gustavo-1-768x1024.jpg\" alt=\"\" width=\"768\" height=\"1024\" \/> <!-- .profile-header END --><\/p>\n<h2>Gustavo Machado<\/h2>\n<p>Volunt\u00e1rio<\/p>\n<p><!-- .profile-body END --><br \/>\n<img loading=\"lazy\" decoding=\"async\" src=\"https:\/\/utfpr-ct-static-content.s3.amazonaws.com\/utfpr.curitiba.br\/wp-content\/uploads\/sites\/112\/2024\/10\/Joao-1.jpg\" alt=\"\" width=\"1\" height=\"1\" \/> <!-- .profile-header END --><\/p>\n<h2>Jo\u00e3o Menegassi<\/h2>\n<p>Volunt\u00e1rio<\/p>\n<p><!-- .profile-body END --><br \/>\n<img loading=\"lazy\" decoding=\"async\" src=\"https:\/\/utfpr-ct-static-content.s3.amazonaws.com\/utfpr.curitiba.br\/wp-content\/uploads\/sites\/112\/2024\/08\/Yago-Augusto-Constantino-Ribeiro--768x1024.jpg\" alt=\"\" width=\"768\" height=\"1024\" \/> <!-- .profile-header END --><\/p>\n<h2>Yago Constantino<\/h2>\n<p>Volunt\u00e1rio<\/p>\n<p><!-- .profile-body END --><br \/>\n<img loading=\"lazy\" decoding=\"async\" src=\"https:\/\/utfpr-ct-static-content.s3.amazonaws.com\/utfpr.curitiba.br\/wp-content\/uploads\/sites\/112\/2023\/11\/michele-1006x1024.jpg\" alt=\"\" width=\"1006\" height=\"1024\" \/> <!-- .profile-header END --><\/p>\n<h2>Michele Otta<\/h2>\n<p>Volunt\u00e1ria<\/p>\n<p><!-- .profile-body END --><br \/>\n<img loading=\"lazy\" decoding=\"async\" src=\"https:\/\/utfpr-ct-static-content.s3.amazonaws.com\/utfpr.curitiba.br\/wp-content\/uploads\/sites\/112\/2023\/11\/WhatsApp-Image-2023-11-28-at-18.09.43-768x1024.jpeg\" alt=\"\" width=\"768\" height=\"1024\" \/> <!-- .profile-header END --><\/p>\n<h2>Nicole Hildebrand<\/h2>\n<p>Volunt\u00e1ria<\/p>\n<p><!-- .profile-body END --><br \/>\n<img loading=\"lazy\" decoding=\"async\" src=\"https:\/\/utfpr-ct-static-content.s3.amazonaws.com\/utfpr.curitiba.br\/wp-content\/uploads\/sites\/112\/2023\/11\/Larissa_Rodrigues-1014x1024.jpg\" alt=\"\" width=\"1014\" height=\"1024\" \/> <!-- .profile-header END --><\/p>\n<h2>Larissa Rodrigues<\/h2>\n<p>Volunt\u00e1ria<\/p>\n<p><!-- .profile-body END --><br \/>\n<img loading=\"lazy\" decoding=\"async\" src=\"https:\/\/utfpr-ct-static-content.s3.amazonaws.com\/utfpr.curitiba.br\/wp-content\/uploads\/sites\/112\/2023\/11\/Henrique-1024x996.jpg\" alt=\"\" width=\"1024\" height=\"996\" \/> <!-- .profile-header END --><\/p>\n<h2>Henrique Lopes<\/h2>\n<p>Volunt\u00e1rio<\/p>\n<p><!-- .profile-body END --><br \/>\n<img loading=\"lazy\" decoding=\"async\" src=\"https:\/\/utfpr-ct-static-content.s3.amazonaws.com\/utfpr.curitiba.br\/wp-content\/uploads\/sites\/112\/2023\/11\/guilherme-1024x1014.jpg\" alt=\"\" width=\"1024\" height=\"1014\" \/> <!-- .profile-header END --><\/p>\n<h2>Guilherme Peruci<\/h2>\n<p>Volunt\u00e1rio<\/p>\n<p><!-- .profile-body END --><br \/>\n<img loading=\"lazy\" decoding=\"async\" src=\"https:\/\/utfpr-ct-static-content.s3.amazonaws.com\/utfpr.curitiba.br\/wp-content\/uploads\/sites\/112\/2023\/11\/maria-1006x1024.png\" alt=\"\" width=\"1006\" height=\"1024\" \/> <!-- .profile-header END --><\/p>\n<h2>Maria Luiza<\/h2>\n<p>Volunt\u00e1ria<\/p>\n<p><!-- .profile-body END --><br \/>\n<img loading=\"lazy\" decoding=\"async\" src=\"https:\/\/utfpr-ct-static-content.s3.amazonaws.com\/utfpr.curitiba.br\/wp-content\/uploads\/sites\/112\/2023\/11\/Augusto-1-e1700848228520-1024x914.jpg\" alt=\"\" width=\"1024\" height=\"914\" \/> <!-- .profile-header END --><\/p>\n<h2>Augusto Graeml<\/h2>\n<p>Volunt\u00e1rio<\/p>\n<p><!-- .profile-body END --><br \/>\n<img loading=\"lazy\" decoding=\"async\" src=\"https:\/\/utfpr-ct-static-content.s3.amazonaws.com\/utfpr.curitiba.br\/wp-content\/uploads\/sites\/112\/2023\/11\/Felipe-1-1-e1700848556613-1024x828.jpg\" alt=\"\" width=\"1024\" height=\"828\" \/> <!-- .profile-header END --><\/p>\n<h2>Felipe Mossato<\/h2>\n<p>Volunt\u00e1rio<\/p>\n<p><!-- .profile-body END --><br \/>\n<a href=\"void(0)\" aria-label=\"profile\" data-mfp-src=\"#ekit_team_modal_57ea159_78\"><br \/>\n<img loading=\"lazy\" decoding=\"async\" src=\"https:\/\/utfpr-ct-static-content.s3.amazonaws.com\/utfpr.curitiba.br\/wp-content\/uploads\/sites\/112\/2023\/11\/Caio-768x1024.jpg\" alt=\"\" width=\"768\" height=\"1024\" \/> <!-- .profile-header END --><br \/>\n<\/a><\/p>\n<h2><a href=\"void(0)\" aria-label=\"profile\" data-mfp-src=\"#ekit_team_modal_57ea159_78\"><br \/>\nCaio Fodra <\/a><\/h2>\n<p>Volunt\u00e1rio<\/p>\n<p>O Tichers \u00e9 um projeto incr\u00edvel. Gra\u00e7as ao trabalho com as professoras, tive contato com \u00e1reas novas da computa\u00e7\u00e3o sob \u00f3ticas que nunca havia pensado. Al\u00e9m disso, consegui construir amizades tanto com colegas de curso quanto com professores da faculdade.<\/p>\n<ul>\n<li><strong>Email:<\/strong><a href=\"mailto:caiofodra@alunos.utfpr.edu.br\">caiofodra@alunos.utfpr.edu.br<\/a><\/li>\n<\/ul>\n<p><a href=\"void(0)\" aria-label=\"profile\" data-mfp-src=\"#ekit_team_modal_8deb237_78\"><br \/>\n<img loading=\"lazy\" decoding=\"async\" src=\"https:\/\/utfpr-ct-static-content.s3.amazonaws.com\/utfpr.curitiba.br\/wp-content\/uploads\/sites\/112\/2023\/11\/Bruno-768x1024.jpg\" alt=\"\" width=\"768\" height=\"1024\" \/> <!-- .profile-header END --><br \/>\n<\/a><\/p>\n<h2><a href=\"void(0)\" aria-label=\"profile\" data-mfp-src=\"#ekit_team_modal_8deb237_78\"><br \/>\nBruno Julian <\/a><\/h2>\n<p>Volunt\u00e1rio<\/p>\n<p>Entrei no TIChers no final de 2021, mas minha atua\u00e7\u00e3o teve in\u00edcio em 2022. Lembro que o que mais havia me interessado era o prop\u00f3sito social do projeto, sempre acreditei que a educa\u00e7\u00e3o e desmistifica\u00e7\u00e3o da informa\u00e7\u00e3o tem o poder de transformar a vida das pessoas. Desde o in\u00edcio j\u00e1 havia me identificado com a produ\u00e7\u00e3o do material e aplica\u00e7\u00e3o do mesmo nas oficinas para as docentes. Foi uma experi\u00eancia de muito desenvolvimento pessoal, incluindo habilidade de falar em p\u00fablico, gest\u00e3o de tempo e auto-organiza\u00e7\u00e3o. Posteriormente tamb\u00e9m tive a experi\u00eancia de gerenciar um pequeno time voltado para a adapta\u00e7\u00e3o dos nossos materiais para o formato de um manual, visando facilitar o consumo por quem se interessasse na aplica\u00e7\u00e3o. Estive no projeto do final de 2021 at\u00e9 o in\u00edcio de 2024 e com certeza foi algo muito proveitoso, espero ter conseguido ajudar no desenvolvimento do projeto tanto quanto o projeto ajudou no meu pr\u00f3prio desenvolvimento.<\/p>\n<ul>\n<li><strong>Email:<\/strong><a href=\"mailto:brunojulian@alunos.utfpr.edu.br\">brunojulian@alunos.utfpr.edu.br<\/a><\/li>\n<\/ul>\n<p><a href=\"void(0)\" aria-label=\"profile\" data-mfp-src=\"#ekit_team_modal_efe42eb_78\"><br \/>\n<img loading=\"lazy\" decoding=\"async\" src=\"https:\/\/utfpr-ct-static-content.s3.amazonaws.com\/utfpr.curitiba.br\/wp-content\/uploads\/sites\/112\/2021\/10\/Lara_Site-scaled-e1699146584667-1024x1024.jpg\" alt=\"Fotografia de Lara. Ela \u00e9 vista de frente, do peito para cima. \u00c9 jovem, tem pele morena, cabelos pretos, longos e cacheados. Est\u00e1 sorrindo e usa camisa do projeto T I Chers, em cor verde com desenhos brancos.\" width=\"1024\" height=\"1024\" \/> <!-- .profile-header END --><br \/>\n<\/a><\/p>\n<h2><a href=\"void(0)\" aria-label=\"profile\" data-mfp-src=\"#ekit_team_modal_efe42eb_78\"><br \/>\nLara M.S Santos <\/a><\/h2>\n<p>Volunt\u00e1ria<\/p>\n<p>Participar do projeto foi uma experi\u00eancia \u00fanica, pude participar de diversas atividades que me fizeram ter certeza da minha escolha de entrar na \u00e1rea da Computa\u00e7\u00e3o, conheci mulheres incr\u00edveis e inspiradoras e tenho certeza que vou levar tudo que aprendi para toda minha vida, sou muito grata pela oportunidade que tive de participar desse lindo projeto!<\/p>\n<ul>\n<li><strong>Email:<\/strong><a href=\"mailto:laramorgado@alunos.utfpr.edu.br\">laramorgado@alunos.utfpr.edu.br<\/a><\/li>\n<\/ul>\n<p><a href=\"void(0)\" aria-label=\"profile\" data-mfp-src=\"#ekit_team_modal_ced41db_78\"><br \/>\n<img loading=\"lazy\" decoding=\"async\" src=\"https:\/\/utfpr-ct-static-content.s3.amazonaws.com\/utfpr.curitiba.br\/wp-content\/uploads\/sites\/112\/2023\/11\/fernando-scaled.jpg\" alt=\"\" width=\"1024\" height=\"1018\" \/> <!-- .profile-header END --><br \/>\n<\/a><\/p>\n<h2><a href=\"void(0)\" aria-label=\"profile\" data-mfp-src=\"#ekit_team_modal_ced41db_78\"><br \/>\nFernando tanaka <\/a><\/h2>\n<p>Volunt\u00e1rio<\/p>\n<p>A minha experi\u00eancia com o TIChers foi curta, mas muito prazerosa e leve, gostei muito de tudo que foi me apresentado durante o tempo que estive no projeto e o conv\u00edvio com o pessoal me ajudou bastante em quest\u00e3o social. S\u00e3o pessoas que levo com muito carinho no cora\u00e7\u00e3o. E voltando a falar sobre o projeto, acho extremamente lindo e gratificante o intuito e todo o resultado que se t\u00eam com a entrega dos feedbacks dos docentes que participam das oficinas.<\/p>\n<ul>\n<li><strong>Email:<\/strong><a href=\"mailto:fernandoamorim.1997@alunos.utfpr.edu.br\">fernandoamorim.1997@alunos.utfpr.edu.br<\/a><\/li>\n<\/ul>\n<p><a href=\"void(0)\" aria-label=\"profile\" data-mfp-src=\"#ekit_team_modal_2e9910a_78\"><br \/>\n<img loading=\"lazy\" decoding=\"async\" src=\"https:\/\/utfpr-ct-static-content.s3.amazonaws.com\/utfpr.curitiba.br\/wp-content\/uploads\/sites\/112\/2023\/11\/murilo-1024x1005.jpg\" alt=\"\" width=\"1024\" height=\"1005\" \/> <!-- .profile-header END --><br \/>\n<\/a><\/p>\n<h2><a href=\"void(0)\" aria-label=\"profile\" data-mfp-src=\"#ekit_team_modal_2e9910a_78\"><br \/>\nMurilo Bontorin <\/a><\/h2>\n<p>Volunt\u00e1rio<\/p>\n<p>Apesar do meu pouco tempo no projeto, participar do TIChers foi uma \u00f3tima experi\u00eancia, conheci pessoas maravilhosas e, vendo o material desenvolvido, aprendi bastante sobre \u00e1reas na computa\u00e7\u00e3o que eu nunca havia pensado.<\/p>\n<ul>\n<li><strong>Email:<\/strong><a href=\"mailto:murilobontorin@alunos.utfpr.edu.br\">murilobontorin@alunos.utfpr.edu.br<\/a><\/li>\n<\/ul>\n<p><a href=\"void(0)\" aria-label=\"profile\" data-mfp-src=\"#ekit_team_modal_5ecee37_78\"><br \/>\n<img loading=\"lazy\" decoding=\"async\" src=\"https:\/\/utfpr-ct-static-content.s3.amazonaws.com\/utfpr.curitiba.br\/wp-content\/uploads\/sites\/112\/2023\/11\/MANHA_DSC3132-897x1024.jpg\" alt=\"\" width=\"897\" height=\"1024\" \/> <!-- .profile-header END --><br \/>\n<\/a><\/p>\n<h2><a href=\"void(0)\" aria-label=\"profile\" data-mfp-src=\"#ekit_team_modal_5ecee37_78\"><br \/>\nSebasti\u00e3o de Castro <\/a><\/h2>\n<p>Volunt\u00e1rio<\/p>\n<p>Que mensagem eu deixaria para as pr\u00f3ximas pessoas que gostariam de participar do projeto?!<br \/>\nFa\u00e7a o melhor para que a miss\u00e3o do projeto seja alcan\u00e7ada, uma sociedade mais saud\u00e1vel vai agradecer.<\/p>\n<ul>\n<li><strong>Email:<\/strong><a href=\"mailto:sebastiaocastrofelicio@gmail.com\">sebastiaocastrofelicio@gmail.com<\/a><\/li>\n<\/ul>\n<p><a href=\"void(0)\" aria-label=\"profile\" data-mfp-src=\"#ekit_team_modal_153adad_78\"><br \/>\n<img loading=\"lazy\" decoding=\"async\" src=\"https:\/\/utfpr-ct-static-content.s3.amazonaws.com\/utfpr.curitiba.br\/wp-content\/uploads\/sites\/112\/2021\/09\/Patricia_Perfil-1.jpeg\" alt=\"Fotografia de Patricia. Ela \u00e9 vista de frente, da cintura para cima. Ela \u00e9 jovem, tem pele clara, cabelos castanhos compridos. Est\u00e1 sorrindo. Usa a camisa do projeto T I Chers, em cor verde com desenhos brancos.\" width=\"540\" height=\"540\" \/> <!-- .profile-header END --><br \/>\n<\/a><\/p>\n<h2><a href=\"void(0)\" aria-label=\"profile\" data-mfp-src=\"#ekit_team_modal_153adad_78\"><br \/>\nPatricia Turato <\/a><\/h2>\n<p>Bolsista e Volunt\u00e1ria<\/p>\n<p>A minha inscri\u00e7\u00e3o para o projeto foi feita sem refletir muito sobre o que faz uma pessoa que participa de um projeto de extens\u00e3o e a expectativa de conseguir uma bolsa era m\u00ednima. Felizmente, consegui entrar para a equipe do TIChers como bolsista e pude conhecer mulheres incr\u00edveis que sempre ofereceram apoio. \u00c9 incr\u00edvel a quantidade de conhecimento e de oportunidades que o projeto me proporcionou! Foram muitas atividades que, apesar de terem sido realizadas em apenas um ano, ajudaram na minha forma\u00e7\u00e3o tanto acad\u00eamica quanto pessoal.<\/p>\n<ul>\n<li><strong>Email:<\/strong><a href=\"mailto:patriciaturato@alunos.utfpr.edu.br\">patriciaturato@alunos.utfpr.edu.br<\/a><\/li>\n<\/ul>\n<p><a href=\"void(0)\" aria-label=\"profile\" data-mfp-src=\"#ekit_team_modal_d3d6b60_78\"><br \/>\n<img loading=\"lazy\" decoding=\"async\" src=\"https:\/\/utfpr-ct-static-content.s3.amazonaws.com\/utfpr.curitiba.br\/wp-content\/uploads\/sites\/112\/2021\/09\/Bruna_Perfil-1.png\" alt=\"Fotografia de Bruna em ambiente fechado com pequenos quadros em parede rosa, ao fundo. Ela \u00e9 vista da barriga para cima, corpo virado para a direita e rosto voltado para frente. \u00c9 jovem, tem pele clara, cabelos castanhos, longos e cacheados. Est\u00e1 sorrindo e usa camisa do projeto T I Chers, em cor verde com desenhos brancos.\" width=\"627\" height=\"626\" \/> <!-- .profile-header END --><br \/>\n<\/a><\/p>\n<h2><a href=\"void(0)\" aria-label=\"profile\" data-mfp-src=\"#ekit_team_modal_d3d6b60_78\"><br \/>\nBruna Oennig <\/a><\/h2>\n<p>Bolsista e Volunt\u00e1ria<\/p>\n<p>Comecei a atuar no TIChers em 2020 como volunt\u00e1ria, quando eu ainda era caloura no curso de Sistemas de Informa\u00e7\u00e3o. Com todas as mudan\u00e7as por conta da pandemia, senti que o projeto foi um suporte enorme para me incentivar e me apresentar a Computa\u00e7\u00e3o com outro olhar, fui muito bem acolhida por todas. Foi maravilhosa essa troca de viv\u00eancias e conhecimentos. Todas as experi\u00eancias que tive no projeto foram marcantes!<br \/>\nParticipar do projeto \u00e9 uma \u00f3tima oportunidade para conhecer e trabalhar com diversas pessoas e desenvolver a habilidade de trabalho em grupo<\/p>\n<ul>\n<li><strong>Email:<\/strong><a href=\"mailto:brunaamador@alunos.utfpr.edu.br\">brunaamador@alunos.utfpr.edu.br<\/a><\/li>\n<\/ul>\n<p><a href=\"void(0)\" aria-label=\"profile\" data-mfp-src=\"#ekit_team_modal_ecdec46_78\"><br \/>\n<img loading=\"lazy\" decoding=\"async\" src=\"https:\/\/utfpr-ct-static-content.s3.amazonaws.com\/utfpr.curitiba.br\/wp-content\/uploads\/sites\/112\/2021\/09\/Mayara_Perfil-1.jpeg\" alt=\"Fotografia de Mayara. Ela \u00e9 vista de frente, da cintura para cima. Ela \u00e9 jovem, tem pele clara, cabelo loiro e comprido. Ela utiliza um \u00f3culos marrom. Est\u00e1 sorrindo. Usa a camisa do projeto T I Chers, em cor verde com desenhos brancos.\" width=\"719\" height=\"719\" \/> <!-- .profile-header END --><br \/>\n<\/a><\/p>\n<h2><a href=\"void(0)\" aria-label=\"profile\" data-mfp-src=\"#ekit_team_modal_ecdec46_78\"><br \/>\nMayara D. V. Hoger <\/a><\/h2>\n<p>Volunt\u00e1ria<\/p>\n<p>Participar do TIChers foi uma experi\u00eancia enriquecedora. Eu aprendi muito sobre a import\u00e2ncia de disseminar a computa\u00e7\u00e3o a todos(as), de forma correta e sem preconceitos. Tive a oportunidade de desenvolver uma oficina para professoras da educa\u00e7\u00e3o b\u00e1sica e, com isso, aprendi muito sobre como a computa\u00e7\u00e3o pode estar presente na educa\u00e7\u00e3o de crian\u00e7as e assim podemos mostrar a elas uma vis\u00e3o sem estere\u00f3tipos sobre o que \u00e9 a computa\u00e7\u00e3o.<\/p>\n<ul>\n<li><strong>Email:<\/strong><a href=\"mailto:mayarahoger@alunos.utfpr.edu.br\">mayarahoger@alunos.utfpr.edu.br<\/a><\/li>\n<\/ul>\n<p><a href=\"void(0)\" aria-label=\"profile\" data-mfp-src=\"#ekit_team_modal_ce1c0de_78\"><br \/>\n<img loading=\"lazy\" decoding=\"async\" src=\"https:\/\/utfpr-ct-static-content.s3.amazonaws.com\/utfpr.curitiba.br\/wp-content\/uploads\/sites\/112\/2021\/09\/Silvia_Perfil.jpg\" alt=\"Fotografia de Silva em ambiente fechado, com cortina ao fundo. Ela \u00e9 vista de frente, da cintura para cima. Tem pele morena, cabelos pretos e lisos com mechas claras, na altura das orelhas. Est\u00e1 sorrindo. Usa um brinco longo nas cores preto, branco e azul e camisa do projeto T I Chers, em cor verde com desenhos brancos.\" width=\"960\" height=\"960\" \/> <!-- .profile-header END --><br \/>\n<\/a><\/p>\n<h2><a href=\"void(0)\" aria-label=\"profile\" data-mfp-src=\"#ekit_team_modal_ce1c0de_78\"><br \/>\nS\u00edlvia Am\u00e9lia Bim <\/a><\/h2>\n<p>Cofundadora do TIChers<\/p>\n<p>Ol\u00e1, meu nome \u00e9 S\u00edlvia Am\u00e9lia Bim! Sou docente do Departamento Acad\u00eamico de Inform\u00e1tica da Universidade Tecnol\u00f3gica Federal do Paran\u00e1 &#8211; campus Curitiba. Tamb\u00e9m \u00e9 consultora do Programa Meninas Digitais da Sociedade Brasileira de Computa\u00e7\u00e3o (SBC) e integrante da Comiss\u00e3o de Educa\u00e7\u00e3o da SBC. Autora do livro infanto-juvenil Ada Lovelace &#8211; a condessa curiosa, publicado em portugu\u00eas (vers\u00e3o impressa) e em espanhol (ebook) pela Editora InVerso.<\/p>\n<ul>\n<li><strong>Email:<\/strong><a href=\"mailto:sabim@utfpr.edu.br\">sabim@utfpr.edu.br<\/a><\/li>\n<\/ul>\n","protected":false},"excerpt":{"rendered":"<p>Atuamos desde 2019 N\u00d3S REALIZAMOS A\u00c7\u00d5ES PRESENCIAIS E REMOTAS N\u00f3s somos um projeto de extens\u00e3o do Departamento Acad\u00eamico de Inform\u00e1tica (DAINF) da Universidade Tecnol\u00f3gica Federal do Paran\u00e1 (UTFPR \u2013 CT). Tamb\u00e9m, somos parceiras do\u00a0Programa Nacional Meninas Digitais\u00a0da Sociedade Brasileira de Computa\u00e7\u00e3o (SBC). O nome TIChers carrega muitos significados: teachers, pois o nosso pu\u0301blico-alvo sa\u0303o docentes [&hellip;]<\/p>\n","protected":false},"author":221,"featured_media":0,"parent":0,"menu_order":0,"comment_status":"closed","ping_status":"closed","template":"","meta":{"site-sidebar-layout":"no-sidebar","site-content-layout":"page-builder","ast-site-content-layout":"full-width-container","site-content-style":"unboxed","site-sidebar-style":"unboxed","ast-global-header-display":"","ast-banner-title-visibility":"","ast-main-header-display":"","ast-hfb-above-header-display":"","ast-hfb-below-header-display":"","ast-hfb-mobile-header-display":"","site-post-title":"disabled","ast-breadcrumbs-content":"disabled","ast-featured-img":"disabled","footer-sml-layout":"","ast-disable-related-posts":"","theme-transparent-header-meta":"disabled","adv-header-id-meta":"","stick-header-meta":"","header-above-stick-meta":"","header-main-stick-meta":"","header-below-stick-meta":"","astra-migrate-meta-layouts":"set","ast-page-background-enabled":"default","ast-page-background-meta":{"desktop":{"background-color":"","background-image":"","background-repeat":"repeat","background-position":"center center","background-size":"auto","background-attachment":"scroll","background-type":"","background-media":"","overlay-type":"","overlay-color":"","overlay-opacity":"","overlay-gradient":""},"tablet":{"background-color":"","background-image":"","background-repeat":"repeat","background-position":"center center","background-size":"auto","background-attachment":"scroll","background-type":"","background-media":"","overlay-type":"","overlay-color":"","overlay-opacity":"","overlay-gradient":""},"mobile":{"background-color":"","background-image":"","background-repeat":"repeat","background-position":"center center","background-size":"auto","background-attachment":"scroll","background-type":"","background-media":"","overlay-type":"","overlay-color":"","overlay-opacity":"","overlay-gradient":""}},"ast-content-background-meta":{"desktop":{"background-color":"var(--ast-global-color-5)","background-image":"","background-repeat":"repeat","background-position":"center center","background-size":"auto","background-attachment":"scroll","background-type":"","background-media":"","overlay-type":"","overlay-color":"","overlay-opacity":"","overlay-gradient":""},"tablet":{"background-color":"var(--ast-global-color-5)","background-image":"","background-repeat":"repeat","background-position":"center center","background-size":"auto","background-attachment":"scroll","background-type":"","background-media":"","overlay-type":"","overlay-color":"","overlay-opacity":"","overlay-gradient":""},"mobile":{"background-color":"var(--ast-global-color-5)","background-image":"","background-repeat":"repeat","background-position":"center center","background-size":"auto","background-attachment":"scroll","background-type":"","background-media":"","overlay-type":"","overlay-color":"","overlay-opacity":"","overlay-gradient":""}},"footnotes":""},"class_list":["post-78","page","type-page","status-publish","hentry"],"_links":{"self":[{"href":"https:\/\/utfpr.curitiba.br\/tichers\/wp-json\/wp\/v2\/pages\/78","targetHints":{"allow":["GET"]}}],"collection":[{"href":"https:\/\/utfpr.curitiba.br\/tichers\/wp-json\/wp\/v2\/pages"}],"about":[{"href":"https:\/\/utfpr.curitiba.br\/tichers\/wp-json\/wp\/v2\/types\/page"}],"author":[{"embeddable":true,"href":"https:\/\/utfpr.curitiba.br\/tichers\/wp-json\/wp\/v2\/users\/221"}],"replies":[{"embeddable":true,"href":"https:\/\/utfpr.curitiba.br\/tichers\/wp-json\/wp\/v2\/comments?post=78"}],"version-history":[{"count":301,"href":"https:\/\/utfpr.curitiba.br\/tichers\/wp-json\/wp\/v2\/pages\/78\/revisions"}],"predecessor-version":[{"id":2812,"href":"https:\/\/utfpr.curitiba.br\/tichers\/wp-json\/wp\/v2\/pages\/78\/revisions\/2812"}],"wp:attachment":[{"href":"https:\/\/utfpr.curitiba.br\/tichers\/wp-json\/wp\/v2\/media?parent=78"}],"curies":[{"name":"wp","href":"https:\/\/api.w.org\/{rel}","templated":true}]}}