{"id":384,"date":"2015-11-20T18:04:37","date_gmt":"2015-11-20T18:04:37","guid":{"rendered":"http:\/\/200.19.73.116\/anais2\/?page_id=384"},"modified":"2020-05-18T21:55:26","modified_gmt":"2020-05-18T21:55:26","slug":"corpo-editorial-edicao-2013","status":"publish","type":"page","link":"https:\/\/utfpr.curitiba.br\/snpd\/index.php\/edicoes-anteriores\/corpo-editorial-edicao-2013\/","title":{"rendered":"Corpo Editorial Edi\u00e7\u00e3o 2013"},"content":{"rendered":"<h3><small>PROF. DR. ANTONIO GON\u00c7ALVES DE OLIVEIRA<br \/>\nEditor-chefe<\/small><\/h3>\n<p>&nbsp;<\/p>\n<table border=\"0\" width=\"717\" cellspacing=\"2\" cellpadding=\"2\">\n<tbody>\n<tr>\n<td><small>PROFa. DRa. ANA PAULA MYSZCZUK<\/small><\/td>\n<td><small>UNIVERSIDADE TECNOL\u00d3GICA FEDERAL DO PARAN\u00c1 &#8211; UTFPR<\/small><\/td>\n<\/tr>\n<tr>\n<td><small>PROFa. DRa.\u00a0 CAROLINA DE ANDRADE SPINOLA<\/small><\/td>\n<td><small>UNIVERSIDADE SALVADOR &#8211; UNIFACS<\/small><\/td>\n<\/tr>\n<tr>\n<td><small>PROF. DR. DIRCEU YOSHIKAZU TERUYA<br \/>\n<\/small><\/td>\n<td><small>INSTITUTO NACIONAL DA PROPRIEDADE INDUSTRIAL &#8211; INPI<\/small><\/td>\n<\/tr>\n<tr>\n<td><small>PROF. DR. EDIVAL SEBASTI\u00c3O TEIXEIRA<\/small><\/td>\n<td><small>UNIVERSIDADE TECNOL\u00d3GICA FEDERAL DO PARAN\u00c1 &#8211; UTFPR<\/small><\/td>\n<\/tr>\n<tr>\n<td><small>PROF. MSC. ELIAS DIB CADDAH NETO<\/small><\/td>\n<td><small>UNIVERSIDADE FEDERAL DO PIAUI &#8211; UFPI<\/small><\/td>\n<\/tr>\n<tr>\n<td><small>PROF. DR. GILSON BATISTA DE OLIVEIRA<\/small><\/td>\n<td><small>UNIVERSIDADE FEDERAL DA INTEGRACAO LATINO-AMERICANA &#8211; UNILA<\/small><\/td>\n<\/tr>\n<tr>\n<td><small>PROF. DR. HUGO EDUARDO MEZA PINTO<\/small><\/td>\n<td><small>FACULDADES INTEGRADAS SANTA CRUZ &#8211; SANTA CRUZ<\/small><\/td>\n<\/tr>\n<tr>\n<td><small>PROF. MSC. HUGO MUSETTI<\/small><\/td>\n<td><small>UNIVERSIDADE SAO FRANCISCO &#8211; USF<\/small><\/td>\n<\/tr>\n<tr>\n<td><small>PROFa. DRa. ISAURA ALBERTON DE LIMA<\/small><\/td>\n<td><small>UNIVERSIDADE TECNOL\u00d3GICA FEDERAL DO PARAN\u00c1 &#8211; UTFPR<\/small><\/td>\n<\/tr>\n<tr>\n<td><small>PROF. DR. IVAN CARLOS VICENTIN<\/small><\/td>\n<td><small>UNIVERSIDADE TECNOL\u00d3GICA FEDERAL DO PARAN\u00c1 &#8211; UTFPR<\/small><\/td>\n<\/tr>\n<tr>\n<td><small>PROF. MSC. MARCOS FERASSO<\/small><\/td>\n<td><small>UNIVERSIDADE TECNOL\u00d3GICA FEDERAL DO PARAN\u00c1 &#8211; UTFPR<\/small><\/td>\n<\/tr>\n<tr>\n<td><small>PROFa. DRa. MARIA LUCIA FIGUEIREDO GOMES DE MEZA<\/small><\/td>\n<td><small>UNIVERSIDADE TECNOL\u00d3GICA FEDERAL DO PARAN\u00c1 &#8211; UTFPR<\/small><\/td>\n<\/tr>\n<tr>\n<td><small>PROF. DR. SERGIO TADEU GON\u00c7ALVES MUNIZ<\/small><\/td>\n<td><small>UNIVERSIDADE TECNOL\u00d3GICA FEDERAL DO PARAN\u00c1 &#8211; UTFPR<\/small><\/td>\n<\/tr>\n<tr>\n<td><small>PROF. MSC. THIAGO CAVALCANTE NASCIMENTO<\/small><\/td>\n<td><small>UNIVERSIDADE TECNOL\u00d3GICA FEDERAL DO PARAN\u00c1 &#8211; UTFPR<\/small><\/td>\n<\/tr>\n<tr>\n<td><small>PROFa. DRa. VANESSA ISHIKAWA RASOTO<\/small><\/td>\n<td><small>UNIVERSIDADE TECNOL\u00d3GICA FEDERAL DO PARAN\u00c1 &#8211; UTFPR<\/small><\/td>\n<\/tr>\n<tr>\n<td><small>PROF. DR. VICENTE PACHECO<\/small><\/td>\n<td><small>UNIVERSIDADE FEDERAL DO PARAN\u00c1 &#8211; UFPR<\/small><\/td>\n<\/tr>\n<tr>\n<td><small>PROF. DR. WEIMAR FREIRE DA ROCHA JR<\/small><\/td>\n<td><small>UNIVERSIDADE DO OESTE PARANAENSE &#8211; UNIOESTE<\/small><\/td>\n<\/tr>\n<\/tbody>\n<\/table>\n","protected":false},"excerpt":{"rendered":"<p>PROF. DR. ANTONIO GON\u00c7ALVES DE OLIVEIRA Editor-chefe &nbsp; PROFa. DRa. ANA PAULA MYSZCZUK UNIVERSIDADE TECNOL\u00d3GICA FEDERAL DO PARAN\u00c1 &#8211; UTFPR<\/p>\n","protected":false},"author":5,"featured_media":0,"parent":80,"menu_order":0,"comment_status":"closed","ping_status":"open","template":"","meta":{"colormag_page_container_layout":"default_layout","colormag_page_sidebar_layout":"default_layout","footnotes":""},"class_list":["post-384","page","type-page","status-publish","hentry"],"_links":{"self":[{"href":"https:\/\/utfpr.curitiba.br\/snpd\/index.php\/wp-json\/wp\/v2\/pages\/384","targetHints":{"allow":["GET"]}}],"collection":[{"href":"https:\/\/utfpr.curitiba.br\/snpd\/index.php\/wp-json\/wp\/v2\/pages"}],"about":[{"href":"https:\/\/utfpr.curitiba.br\/snpd\/index.php\/wp-json\/wp\/v2\/types\/page"}],"author":[{"embeddable":true,"href":"https:\/\/utfpr.curitiba.br\/snpd\/index.php\/wp-json\/wp\/v2\/users\/5"}],"replies":[{"embeddable":true,"href":"https:\/\/utfpr.curitiba.br\/snpd\/index.php\/wp-json\/wp\/v2\/comments?post=384"}],"version-history":[{"count":1,"href":"https:\/\/utfpr.curitiba.br\/snpd\/index.php\/wp-json\/wp\/v2\/pages\/384\/revisions"}],"predecessor-version":[{"id":385,"href":"https:\/\/utfpr.curitiba.br\/snpd\/index.php\/wp-json\/wp\/v2\/pages\/384\/revisions\/385"}],"up":[{"embeddable":true,"href":"https:\/\/utfpr.curitiba.br\/snpd\/index.php\/wp-json\/wp\/v2\/pages\/80"}],"wp:attachment":[{"href":"https:\/\/utfpr.curitiba.br\/snpd\/index.php\/wp-json\/wp\/v2\/media?parent=384"}],"curies":[{"name":"wp","href":"https:\/\/api.w.org\/{rel}","templated":true}]}}