{"id":2,"date":"2024-11-28T11:13:39","date_gmt":"2024-11-28T14:13:39","guid":{"rendered":"https:\/\/utfpr.curitiba.br\/proto\/?page_id=2"},"modified":"2025-03-06T15:35:41","modified_gmt":"2025-03-06T18:35:41","slug":"oquesomos","status":"publish","type":"page","link":"https:\/\/utfpr.curitiba.br\/proto\/oquesomos\/","title":{"rendered":"O que \u00e9 o PROTO?"},"content":{"rendered":"\t\t<div data-elementor-type=\"wp-page\" data-elementor-id=\"2\" class=\"elementor elementor-2\">\n\t\t\t\t<div class=\"elementor-element elementor-element-10f2497c e-flex e-con-boxed e-con e-parent\" data-id=\"10f2497c\" data-element_type=\"container\" data-e-type=\"container\">\n\t\t\t\t\t<div class=\"e-con-inner\">\n\t\t\t\t<div class=\"elementor-element elementor-element-7db76 elementor-widget elementor-widget-text-editor\" data-id=\"7db76\" data-element_type=\"widget\" data-e-type=\"widget\" data-widget_type=\"text-editor.default\">\n\t\t\t\t<div class=\"elementor-widget-container\">\n\t\t\t\t\t\t\t\t\t<p>O PROTO \u00e9 um laborat\u00f3rio da \u00c1rea de Projetos do Departamento Acad\u00eamico de Mec\u00e2nica (<a href=\"https:\/\/utfpr.curitiba.br\/damec\/\" target=\"_blank\" rel=\"noopener\">DAMEC<\/a>) que tem por objetivo principal permitir&nbsp;<span style=\"color: var( --e-global-color-text );font-family: var( --e-global-typography-text-font-family ), Sans-serif;font-weight: var( --e-global-typography-text-font-weight );text-align: var(--text-align)\">aos alunos e servidores da Universidade Tecnol\u00f3gica Federal do Paran\u00e1 (<a href=\"https:\/\/www.utfpr.edu.br\/\">UTFPR<\/a>) do campus Curitiba&nbsp;<\/span><span style=\"color: var( --e-global-color-text );font-family: var( --e-global-typography-text-font-family ), Sans-serif;font-weight: var( --e-global-typography-text-font-weight );text-align: var(--text-align)\">a confec\u00e7\u00e3o de prot\u00f3tipos conceituais. Estes, geralmente envolvem materiais de f\u00e1cil processamento e permitem o teste de caracter\u00edstica essenciais de um artefato inventivo ou criativo. S\u00e3o t\u00edpicos aos configurados ao final da etapa de Projeto Conceitual do Processo de Desenvolvimento de Produtos (PDP).<\/span><\/p>\n<p>Al\u00e9m da prototipagem, o espa\u00e7o tamb\u00e9m prov\u00ea recursos para a pr\u00e1tica de Engenharia Reversa, que objetiva o levantamento de informa\u00e7\u00f5es e aprendizagem de projeto mec\u00e2nico a partir da desmontagem e an\u00e1lise&nbsp;<span style=\"color: var( --e-global-color-text );font-family: var( --e-global-typography-text-font-family ), Sans-serif;font-weight: var( --e-global-typography-text-font-weight );text-align: var(--text-align)\">de artefatos reais (como ser\u00e1 que isto funciona por dentro?).<\/span><\/p>\n<p>Os vetores principais de sua opera\u00e7\u00e3o s\u00e3o a acessibilidade e a seguran\u00e7a, de modo que possa atender amplamente as demandas da comunidade com agilidade e autonomia sem ocorr\u00eancia de acidentes. Equilibrar estes fatores \u00e9 um desafio permanente e evolutivo de sua concep\u00e7\u00e3o.<\/p>\n<p><!-- \/wp:paragraph --><\/p>\t\t\t\t\t\t\t\t<\/div>\n\t\t\t\t<\/div>\n\t\t\t\t\t<\/div>\n\t\t\t\t<\/div>\n\t\t<div class=\"elementor-element elementor-element-7407fcf e-flex e-con-boxed e-con e-parent\" data-id=\"7407fcf\" data-element_type=\"container\" data-e-type=\"container\">\n\t\t\t\t\t<div class=\"e-con-inner\">\n\t\t\t\t<div class=\"elementor-element elementor-element-766038d elementor-widget elementor-widget-image\" data-id=\"766038d\" data-element_type=\"widget\" data-e-type=\"widget\" data-widget_type=\"image.default\">\n\t\t\t\t<div class=\"elementor-widget-container\">\n\t\t\t\t\t\t\t\t\t\t\t\t\t\t\t<img fetchpriority=\"high\" decoding=\"async\" width=\"1288\" height=\"594\" src=\"https:\/\/utfpr-ct-static-content.s3.amazonaws.com\/utfpr.curitiba.br\/wp-content\/uploads\/sites\/190\/2025\/02\/WhatsApp-Image-2025-02-24-at-16.50.27.jpeg\" class=\"attachment-full size-full wp-image-112\" alt=\"\" srcset=\"https:\/\/utfpr-ct-static-content.s3.amazonaws.com\/utfpr.curitiba.br\/wp-content\/uploads\/sites\/190\/2025\/02\/WhatsApp-Image-2025-02-24-at-16.50.27.jpeg 1288w, https:\/\/utfpr-ct-static-content.s3.amazonaws.com\/utfpr.curitiba.br\/wp-content\/uploads\/sites\/190\/2025\/02\/WhatsApp-Image-2025-02-24-at-16.50.27-300x138.jpeg 300w, https:\/\/utfpr-ct-static-content.s3.amazonaws.com\/utfpr.curitiba.br\/wp-content\/uploads\/sites\/190\/2025\/02\/WhatsApp-Image-2025-02-24-at-16.50.27-1024x472.jpeg 1024w, https:\/\/utfpr-ct-static-content.s3.amazonaws.com\/utfpr.curitiba.br\/wp-content\/uploads\/sites\/190\/2025\/02\/WhatsApp-Image-2025-02-24-at-16.50.27-768x354.jpeg 768w\" sizes=\"(max-width: 1288px) 100vw, 1288px\" \/>\t\t\t\t\t\t\t\t\t\t\t\t\t\t\t<\/div>\n\t\t\t\t<\/div>\n\t\t\t\t\t<\/div>\n\t\t\t\t<\/div>\n\t\t<div class=\"elementor-element elementor-element-2651c36 e-flex e-con-boxed e-con e-parent\" data-id=\"2651c36\" data-element_type=\"container\" data-e-type=\"container\">\n\t\t\t\t\t<div class=\"e-con-inner\">\n\t\t\t\t<div class=\"elementor-element elementor-element-55f822d elementor-widget elementor-widget-text-editor\" data-id=\"55f822d\" data-element_type=\"widget\" data-e-type=\"widget\" data-widget_type=\"text-editor.default\">\n\t\t\t\t<div class=\"elementor-widget-container\">\n\t\t\t\t\t\t\t\t\t<p><span style=\"color: var( --e-global-color-text );font-family: var( --e-global-typography-text-font-family ), Sans-serif;font-weight: var( --e-global-typography-text-font-weight );text-align: var(--text-align)\">Adicionalmente, \u00e9 muito importante compreender que o\u00a0<\/span><span style=\"font-weight: bold;color: var( --e-global-color-text );font-family: var( --e-global-typography-text-font-family ), Sans-serif;text-align: var(--text-align)\">PROTO presta um RECURSO e n\u00e3o um SERVI\u00c7O<\/span><span style=\"color: var( --e-global-color-text );font-family: var( --e-global-typography-text-font-family ), Sans-serif;font-weight: var( --e-global-typography-text-font-weight );text-align: var(--text-align)\">. Isto posto, nosso pessoal, espa\u00e7o, ferramentas, equipamentos e at\u00e9 consum\u00edveis, est\u00e3o dispon\u00edveis ao usu\u00e1rio habilitado por treinamento. N\u00e3o materializamos diretamente nenhum projeto da comunidade.<\/span><\/p><p>O PROTO est\u00e1 situado no segundo andar do Bloco M (amarelo), sala EM-205, do campus Ecoville da Universidade Tecnol\u00f3gica Federal do Paran\u00e1 (UTFPR) em Curitiba.<\/p>\t\t\t\t\t\t\t\t<\/div>\n\t\t\t\t<\/div>\n\t\t\t\t\t<\/div>\n\t\t\t\t<\/div>\n\t\t<div class=\"elementor-element elementor-element-87d7eee e-flex e-con-boxed e-con e-parent\" data-id=\"87d7eee\" data-element_type=\"container\" data-e-type=\"container\">\n\t\t\t\t\t<div class=\"e-con-inner\">\n\t\t\t\t<div class=\"elementor-element elementor-element-efb7da2 elementor-widget elementor-widget-google_maps\" data-id=\"efb7da2\" data-element_type=\"widget\" data-e-type=\"widget\" data-widget_type=\"google_maps.default\">\n\t\t\t\t<div class=\"elementor-widget-container\">\n\t\t\t\t\t\t\t<div class=\"elementor-custom-embed\">\n\t\t\t<iframe loading=\"lazy\"\n\t\t\t\t\tsrc=\"https:\/\/maps.google.com\/maps?q=utfpr%20ecoville&#038;t=m&#038;z=15&#038;output=embed&#038;iwloc=near\"\n\t\t\t\t\ttitle=\"utfpr ecoville\"\n\t\t\t\t\taria-label=\"utfpr ecoville\"\n\t\t\t><\/iframe>\n\t\t<\/div>\n\t\t\t\t\t\t<\/div>\n\t\t\t\t<\/div>\n\t\t\t\t\t<\/div>\n\t\t\t\t<\/div>\n\t\t<div class=\"elementor-element elementor-element-cf36c44 e-flex e-con-boxed e-con e-parent\" data-id=\"cf36c44\" data-element_type=\"container\" data-e-type=\"container\">\n\t\t\t\t\t<div class=\"e-con-inner\">\n\t\t\t\t<div class=\"elementor-element elementor-element-dcc5047 elementor-widget elementor-widget-text-editor\" data-id=\"dcc5047\" data-element_type=\"widget\" data-e-type=\"widget\" data-widget_type=\"text-editor.default\">\n\t\t\t\t<div class=\"elementor-widget-container\">\n\t\t\t\t\t\t\t\t\t<p>Agende uma visita e um hor\u00e1rio para realizar o seu projeto! <b>Apare\u00e7a!<\/b><\/p>\t\t\t\t\t\t\t\t<\/div>\n\t\t\t\t<\/div>\n\t\t\t\t\t<\/div>\n\t\t\t\t<\/div>\n\t\t<div class=\"elementor-element elementor-element-ea35d4a e-flex e-con-boxed e-con e-parent\" data-id=\"ea35d4a\" data-element_type=\"container\" data-e-type=\"container\">\n\t\t\t\t\t<div class=\"e-con-inner\">\n\t\t\t\t<div class=\"elementor-element elementor-element-421f49e elementor-widget elementor-widget-image\" data-id=\"421f49e\" data-element_type=\"widget\" data-e-type=\"widget\" data-widget_type=\"image.default\">\n\t\t\t\t<div class=\"elementor-widget-container\">\n\t\t\t\t\t\t\t\t\t\t\t\t\t\t\t\t<a href=\"https:\/\/www.utfpr.edu.br\/\">\n\t\t\t\t\t\t\t<img decoding=\"async\" width=\"300\" height=\"121\" src=\"https:\/\/utfpr-ct-static-content.s3.amazonaws.com\/utfpr.curitiba.br\/wp-content\/uploads\/sites\/190\/2025\/02\/damec-logo-02-300x121.png\" class=\"attachment-medium size-medium wp-image-217\" alt=\"\" srcset=\"https:\/\/utfpr-ct-static-content.s3.amazonaws.com\/utfpr.curitiba.br\/wp-content\/uploads\/sites\/190\/2025\/02\/damec-logo-02-300x121.png 300w, https:\/\/utfpr-ct-static-content.s3.amazonaws.com\/utfpr.curitiba.br\/wp-content\/uploads\/sites\/190\/2025\/02\/damec-logo-02-1024x414.png 1024w, https:\/\/utfpr-ct-static-content.s3.amazonaws.com\/utfpr.curitiba.br\/wp-content\/uploads\/sites\/190\/2025\/02\/damec-logo-02-768x310.png 768w, https:\/\/utfpr-ct-static-content.s3.amazonaws.com\/utfpr.curitiba.br\/wp-content\/uploads\/sites\/190\/2025\/02\/damec-logo-02-1536x621.png 1536w, https:\/\/utfpr-ct-static-content.s3.amazonaws.com\/utfpr.curitiba.br\/wp-content\/uploads\/sites\/190\/2025\/02\/damec-logo-02-2048x827.png 2048w\" sizes=\"(max-width: 300px) 100vw, 300px\" \/>\t\t\t\t\t\t\t\t<\/a>\n\t\t\t\t\t\t\t\t\t\t\t\t\t\t\t<\/div>\n\t\t\t\t<\/div>\n\t\t\t\t\t<\/div>\n\t\t\t\t<\/div>\n\t\t\t\t<\/div>\n\t\t","protected":false},"excerpt":{"rendered":"<p>O PROTO \u00e9 um laborat\u00f3rio da \u00c1rea de Projetos do Departamento Acad\u00eamico de Mec\u00e2nica (DAMEC) que tem por objetivo principal permitir&nbsp;aos alunos e servidores da Universidade Tecnol\u00f3gica Federal do Paran\u00e1 (UTFPR) do campus Curitiba&nbsp;a confec\u00e7\u00e3o de prot\u00f3tipos conceituais. Estes, geralmente envolvem materiais de f\u00e1cil processamento e permitem o teste de caracter\u00edstica essenciais de um artefato [&hellip;]<\/p>\n","protected":false},"author":327,"featured_media":0,"parent":0,"menu_order":1,"comment_status":"closed","ping_status":"closed","template":"","meta":{"footnotes":""},"class_list":["post-2","page","type-page","status-publish","hentry"],"_links":{"self":[{"href":"https:\/\/utfpr.curitiba.br\/proto\/wp-json\/wp\/v2\/pages\/2","targetHints":{"allow":["GET"]}}],"collection":[{"href":"https:\/\/utfpr.curitiba.br\/proto\/wp-json\/wp\/v2\/pages"}],"about":[{"href":"https:\/\/utfpr.curitiba.br\/proto\/wp-json\/wp\/v2\/types\/page"}],"author":[{"embeddable":true,"href":"https:\/\/utfpr.curitiba.br\/proto\/wp-json\/wp\/v2\/users\/327"}],"replies":[{"embeddable":true,"href":"https:\/\/utfpr.curitiba.br\/proto\/wp-json\/wp\/v2\/comments?post=2"}],"version-history":[{"count":85,"href":"https:\/\/utfpr.curitiba.br\/proto\/wp-json\/wp\/v2\/pages\/2\/revisions"}],"predecessor-version":[{"id":383,"href":"https:\/\/utfpr.curitiba.br\/proto\/wp-json\/wp\/v2\/pages\/2\/revisions\/383"}],"wp:attachment":[{"href":"https:\/\/utfpr.curitiba.br\/proto\/wp-json\/wp\/v2\/media?parent=2"}],"curies":[{"name":"wp","href":"https:\/\/api.w.org\/{rel}","templated":true}]}}