{"id":277,"date":"2022-09-27T16:17:37","date_gmt":"2022-09-27T19:17:37","guid":{"rendered":"https:\/\/utfpr.curitiba.br\/nucleoimagemcriativa\/?page_id=277"},"modified":"2023-05-12T09:17:22","modified_gmt":"2023-05-12T12:17:22","slug":"qual-e-o-seu-objetivo","status":"publish","type":"page","link":"https:\/\/utfpr.curitiba.br\/nucleoimagemcriativa\/qual-e-o-seu-objetivo\/","title":{"rendered":"Qual \u00e9 o seu objetivo?"},"content":{"rendered":"\t\t<div data-elementor-type=\"wp-page\" data-elementor-id=\"277\" class=\"elementor elementor-277\">\n\t\t\t\t\t\t<section class=\"elementor-section elementor-top-section elementor-element elementor-element-e1c5db9 elementor-section-boxed elementor-section-height-default elementor-section-height-default\" data-id=\"e1c5db9\" data-element_type=\"section\" data-e-type=\"section\" data-settings=\"{&quot;background_background&quot;:&quot;classic&quot;}\">\n\t\t\t\t\t\t\t<div class=\"elementor-background-overlay\"><\/div>\n\t\t\t\t\t\t\t<div class=\"elementor-container elementor-column-gap-default\">\n\t\t\t\t\t<div class=\"elementor-column elementor-col-100 elementor-top-column elementor-element elementor-element-02e6b2f\" data-id=\"02e6b2f\" data-element_type=\"column\" data-e-type=\"column\">\n\t\t\t<div class=\"elementor-widget-wrap\">\n\t\t\t\t\t\t\t<\/div>\n\t\t<\/div>\n\t\t\t\t\t<\/div>\n\t\t<\/section>\n\t\t\t\t<section class=\"elementor-section elementor-top-section elementor-element elementor-element-eeebc84 elementor-section-boxed elementor-section-height-default elementor-section-height-default\" data-id=\"eeebc84\" data-element_type=\"section\" data-e-type=\"section\">\n\t\t\t\t\t\t<div class=\"elementor-container elementor-column-gap-default\">\n\t\t\t\t\t<div class=\"elementor-column elementor-col-100 elementor-top-column elementor-element elementor-element-2754d1f\" data-id=\"2754d1f\" data-element_type=\"column\" data-e-type=\"column\">\n\t\t\t<div class=\"elementor-widget-wrap elementor-element-populated\">\n\t\t\t\t\t\t<div class=\"elementor-element elementor-element-1bea15a elementor-widget elementor-widget-heading\" data-id=\"1bea15a\" data-element_type=\"widget\" data-e-type=\"widget\" data-widget_type=\"heading.default\">\n\t\t\t\t<div class=\"elementor-widget-container\">\n\t\t\t\t\t<h2 class=\"elementor-heading-title elementor-size-default\">- 2022.2<\/h2>\t\t\t\t<\/div>\n\t\t\t\t<\/div>\n\t\t\t\t<div class=\"elementor-element elementor-element-d6b1289 elementor-widget elementor-widget-htmega-galleryjustify-addons\" data-id=\"d6b1289\" data-element_type=\"widget\" data-e-type=\"widget\" data-widget_type=\"htmega-galleryjustify-addons.default\">\n\t\t\t\t<div class=\"elementor-widget-container\">\n\t\t\t\t\t<div id=\"npgalleryd6b1289\" class=\"npgallery_actived6b1289\"style=\"display:none;\">                        <div class=\"htmega-justify-single-image\">\n                            <div class=\"thumb\">\n                                <a data-elementor-open-lightbox=\"no\" href=\"https:\/\/utfpr-ct-static-content.s3.amazonaws.com\/utfpr.curitiba.br\/wp-content\/uploads\/sites\/128\/2022\/09\/Elizama-Thurmann-De-Almeida.jpg\" title=\"Elizama Thurmann De Almeida\" rel=\"npgallery\">\n                                    <img decoding=\"async\" src=\"https:\/\/utfpr-ct-static-content.s3.amazonaws.com\/utfpr.curitiba.br\/wp-content\/uploads\/sites\/128\/2022\/09\/Elizama-Thurmann-De-Almeida.jpg\" alt=\"\">\n                                <\/a>\n                            <\/div>\n                        <\/div>\n\n                                            <div class=\"htmega-justify-single-image\">\n                            <div class=\"thumb\">\n                                <a data-elementor-open-lightbox=\"no\" href=\"https:\/\/utfpr-ct-static-content.s3.amazonaws.com\/utfpr.curitiba.br\/wp-content\/uploads\/sites\/128\/2022\/09\/Elisa-Dos-Santos-Costa-scaled.jpg\" title=\"Elisa Dos Santos Costa\" rel=\"npgallery\">\n                                    <img decoding=\"async\" src=\"https:\/\/utfpr-ct-static-content.s3.amazonaws.com\/utfpr.curitiba.br\/wp-content\/uploads\/sites\/128\/2022\/09\/Elisa-Dos-Santos-Costa-scaled.jpg\" alt=\"\">\n                                <\/a>\n                            <\/div>\n                        <\/div>\n\n                                            <div class=\"htmega-justify-single-image\">\n                            <div class=\"thumb\">\n                                <a data-elementor-open-lightbox=\"no\" href=\"https:\/\/utfpr-ct-static-content.s3.amazonaws.com\/utfpr.curitiba.br\/wp-content\/uploads\/sites\/128\/2022\/09\/Caroline-Mika-Miashiro.png\" title=\"Caroline Mika Miashiro\" rel=\"npgallery\">\n                                    <img decoding=\"async\" src=\"https:\/\/utfpr-ct-static-content.s3.amazonaws.com\/utfpr.curitiba.br\/wp-content\/uploads\/sites\/128\/2022\/09\/Caroline-Mika-Miashiro.png\" alt=\"\">\n                                <\/a>\n                            <\/div>\n                        <\/div>\n\n                                            <div class=\"htmega-justify-single-image\">\n                            <div class=\"thumb\">\n                                <a data-elementor-open-lightbox=\"no\" href=\"https:\/\/utfpr-ct-static-content.s3.amazonaws.com\/utfpr.curitiba.br\/wp-content\/uploads\/sites\/128\/2022\/09\/CAROLINA-DIAS-DE-MOURA-scaled.jpg\" title=\"CAROLINA DIAS DE MOURA\" rel=\"npgallery\">\n                                    <img decoding=\"async\" src=\"https:\/\/utfpr-ct-static-content.s3.amazonaws.com\/utfpr.curitiba.br\/wp-content\/uploads\/sites\/128\/2022\/09\/CAROLINA-DIAS-DE-MOURA-scaled.jpg\" alt=\"\">\n                                <\/a>\n                            <\/div>\n                        <\/div>\n\n                                            <div class=\"htmega-justify-single-image\">\n                            <div class=\"thumb\">\n                                <a data-elementor-open-lightbox=\"no\" href=\"https:\/\/utfpr-ct-static-content.s3.amazonaws.com\/utfpr.curitiba.br\/wp-content\/uploads\/sites\/128\/2022\/09\/AMANDA-HOEFLING-VILA-FERNANDES-scaled.jpg\" title=\"AMANDA HOEFLING VILA FERNANDES\" rel=\"npgallery\">\n                                    <img decoding=\"async\" src=\"https:\/\/utfpr-ct-static-content.s3.amazonaws.com\/utfpr.curitiba.br\/wp-content\/uploads\/sites\/128\/2022\/09\/AMANDA-HOEFLING-VILA-FERNANDES-scaled.jpg\" alt=\"\">\n                                <\/a>\n                            <\/div>\n                        <\/div>\n\n                                            <div class=\"htmega-justify-single-image\">\n                            <div class=\"thumb\">\n                                <a data-elementor-open-lightbox=\"no\" href=\"https:\/\/utfpr-ct-static-content.s3.amazonaws.com\/utfpr.curitiba.br\/wp-content\/uploads\/sites\/128\/2022\/09\/Pamella-Frison-Goncalves.png\" title=\"Pamella Frison Goncalves\" rel=\"npgallery\">\n                                    <img decoding=\"async\" src=\"https:\/\/utfpr-ct-static-content.s3.amazonaws.com\/utfpr.curitiba.br\/wp-content\/uploads\/sites\/128\/2022\/09\/Pamella-Frison-Goncalves.png\" alt=\"\">\n                                <\/a>\n                            <\/div>\n                        <\/div>\n\n                                            <div class=\"htmega-justify-single-image\">\n                            <div class=\"thumb\">\n                                <a data-elementor-open-lightbox=\"no\" href=\"https:\/\/utfpr-ct-static-content.s3.amazonaws.com\/utfpr.curitiba.br\/wp-content\/uploads\/sites\/128\/2022\/09\/Leonardo-Dos-Santos-scaled.jpg\" title=\"Leonardo Dos Santos\" rel=\"npgallery\">\n                                    <img decoding=\"async\" src=\"https:\/\/utfpr-ct-static-content.s3.amazonaws.com\/utfpr.curitiba.br\/wp-content\/uploads\/sites\/128\/2022\/09\/Leonardo-Dos-Santos-scaled.jpg\" alt=\"\">\n                                <\/a>\n                            <\/div>\n                        <\/div>\n\n                                            <div class=\"htmega-justify-single-image\">\n                            <div class=\"thumb\">\n                                <a data-elementor-open-lightbox=\"no\" href=\"https:\/\/utfpr-ct-static-content.s3.amazonaws.com\/utfpr.curitiba.br\/wp-content\/uploads\/sites\/128\/2022\/09\/Larissa-Sayuri-Usuki-scaled.jpg\" title=\"Larissa Sayuri Usuki\" rel=\"npgallery\">\n                                    <img decoding=\"async\" src=\"https:\/\/utfpr-ct-static-content.s3.amazonaws.com\/utfpr.curitiba.br\/wp-content\/uploads\/sites\/128\/2022\/09\/Larissa-Sayuri-Usuki-scaled.jpg\" alt=\"\">\n                                <\/a>\n                            <\/div>\n                        <\/div>\n\n                                            <div class=\"htmega-justify-single-image\">\n                            <div class=\"thumb\">\n                                <a data-elementor-open-lightbox=\"no\" href=\"https:\/\/utfpr-ct-static-content.s3.amazonaws.com\/utfpr.curitiba.br\/wp-content\/uploads\/sites\/128\/2022\/09\/Kauane-Stoco-De-Jesus-scaled.jpg\" title=\"Kauane Stoco De Jesus\" rel=\"npgallery\">\n                                    <img decoding=\"async\" src=\"https:\/\/utfpr-ct-static-content.s3.amazonaws.com\/utfpr.curitiba.br\/wp-content\/uploads\/sites\/128\/2022\/09\/Kauane-Stoco-De-Jesus-scaled.jpg\" alt=\"\">\n                                <\/a>\n                            <\/div>\n                        <\/div>\n\n                                            <div class=\"htmega-justify-single-image\">\n                            <div class=\"thumb\">\n                                <a data-elementor-open-lightbox=\"no\" href=\"https:\/\/utfpr-ct-static-content.s3.amazonaws.com\/utfpr.curitiba.br\/wp-content\/uploads\/sites\/128\/2022\/09\/Isabella-Maia-Gonzaga.png\" title=\"Isabella Maia Gonzaga\" rel=\"npgallery\">\n                                    <img decoding=\"async\" src=\"https:\/\/utfpr-ct-static-content.s3.amazonaws.com\/utfpr.curitiba.br\/wp-content\/uploads\/sites\/128\/2022\/09\/Isabella-Maia-Gonzaga.png\" alt=\"\">\n                                <\/a>\n                            <\/div>\n                        <\/div>\n\n                                            <div class=\"htmega-justify-single-image\">\n                            <div class=\"thumb\">\n                                <a data-elementor-open-lightbox=\"no\" href=\"https:\/\/utfpr-ct-static-content.s3.amazonaws.com\/utfpr.curitiba.br\/wp-content\/uploads\/sites\/128\/2022\/09\/Fernanda-Gabriela-Rocha-Dos-Santos-scaled.jpg\" title=\"Fernanda Gabriela Rocha Dos Santos\" rel=\"npgallery\">\n                                    <img decoding=\"async\" src=\"https:\/\/utfpr-ct-static-content.s3.amazonaws.com\/utfpr.curitiba.br\/wp-content\/uploads\/sites\/128\/2022\/09\/Fernanda-Gabriela-Rocha-Dos-Santos-scaled.jpg\" alt=\"\">\n                                <\/a>\n                            <\/div>\n                        <\/div>\n\n                                            <div class=\"htmega-justify-single-image\">\n                            <div class=\"thumb\">\n                                <a data-elementor-open-lightbox=\"no\" href=\"https:\/\/utfpr-ct-static-content.s3.amazonaws.com\/utfpr.curitiba.br\/wp-content\/uploads\/sites\/128\/2022\/09\/Vitoria-Brito-Mendes.jpeg\" title=\"Vitoria Brito Mendes\" rel=\"npgallery\">\n                                    <img decoding=\"async\" src=\"https:\/\/utfpr-ct-static-content.s3.amazonaws.com\/utfpr.curitiba.br\/wp-content\/uploads\/sites\/128\/2022\/09\/Vitoria-Brito-Mendes.jpeg\" alt=\"\">\n                                <\/a>\n                            <\/div>\n                        <\/div>\n\n                                            <div class=\"htmega-justify-single-image\">\n                            <div class=\"thumb\">\n                                <a data-elementor-open-lightbox=\"no\" href=\"https:\/\/utfpr-ct-static-content.s3.amazonaws.com\/utfpr.curitiba.br\/wp-content\/uploads\/sites\/128\/2022\/09\/Vitor-Neckel-scaled.jpg\" title=\"Vitor Neckel\" rel=\"npgallery\">\n                                    <img decoding=\"async\" src=\"https:\/\/utfpr-ct-static-content.s3.amazonaws.com\/utfpr.curitiba.br\/wp-content\/uploads\/sites\/128\/2022\/09\/Vitor-Neckel-scaled.jpg\" alt=\"\">\n                                <\/a>\n                            <\/div>\n                        <\/div>\n\n                                            <div class=\"htmega-justify-single-image\">\n                            <div class=\"thumb\">\n                                <a data-elementor-open-lightbox=\"no\" href=\"https:\/\/utfpr-ct-static-content.s3.amazonaws.com\/utfpr.curitiba.br\/wp-content\/uploads\/sites\/128\/2022\/09\/Silvia-Regina-Coelho-scaled.jpg\" title=\"Silvia Regina Coelho\" rel=\"npgallery\">\n                                    <img decoding=\"async\" src=\"https:\/\/utfpr-ct-static-content.s3.amazonaws.com\/utfpr.curitiba.br\/wp-content\/uploads\/sites\/128\/2022\/09\/Silvia-Regina-Coelho-scaled.jpg\" alt=\"\">\n                                <\/a>\n                            <\/div>\n                        <\/div>\n\n                                            <div class=\"htmega-justify-single-image\">\n                            <div class=\"thumb\">\n                                <a data-elementor-open-lightbox=\"no\" href=\"https:\/\/utfpr-ct-static-content.s3.amazonaws.com\/utfpr.curitiba.br\/wp-content\/uploads\/sites\/128\/2022\/09\/Ronald-De-Lima-Soares-scaled.jpg\" title=\"Ronald De Lima Soares\" rel=\"npgallery\">\n                                    <img decoding=\"async\" src=\"https:\/\/utfpr-ct-static-content.s3.amazonaws.com\/utfpr.curitiba.br\/wp-content\/uploads\/sites\/128\/2022\/09\/Ronald-De-Lima-Soares-scaled.jpg\" alt=\"\">\n                                <\/a>\n                            <\/div>\n                        <\/div>\n\n                                            <div class=\"htmega-justify-single-image\">\n                            <div class=\"thumb\">\n                                <a data-elementor-open-lightbox=\"no\" href=\"https:\/\/utfpr-ct-static-content.s3.amazonaws.com\/utfpr.curitiba.br\/wp-content\/uploads\/sites\/128\/2022\/09\/Rafaela-Maria-Ventura-De-Oliveira.jpg\" title=\"Rafaela Maria Ventura De Oliveira\" rel=\"npgallery\">\n                                    <img decoding=\"async\" src=\"https:\/\/utfpr-ct-static-content.s3.amazonaws.com\/utfpr.curitiba.br\/wp-content\/uploads\/sites\/128\/2022\/09\/Rafaela-Maria-Ventura-De-Oliveira.jpg\" alt=\"\">\n                                <\/a>\n                            <\/div>\n                        <\/div>\n\n                                            <div class=\"htmega-justify-single-image\">\n                            <div class=\"thumb\">\n                                <a data-elementor-open-lightbox=\"no\" href=\"https:\/\/utfpr-ct-static-content.s3.amazonaws.com\/utfpr.curitiba.br\/wp-content\/uploads\/sites\/128\/2022\/10\/Thallyta-Viana-scaled.jpg\" title=\"Thallyta Viana\" rel=\"npgallery\">\n                                    <img decoding=\"async\" src=\"https:\/\/utfpr-ct-static-content.s3.amazonaws.com\/utfpr.curitiba.br\/wp-content\/uploads\/sites\/128\/2022\/10\/Thallyta-Viana-scaled.jpg\" alt=\"\">\n                                <\/a>\n                            <\/div>\n                        <\/div>\n\n                                            <div class=\"htmega-justify-single-image\">\n                            <div class=\"thumb\">\n                                <a data-elementor-open-lightbox=\"no\" href=\"https:\/\/utfpr-ct-static-content.s3.amazonaws.com\/utfpr.curitiba.br\/wp-content\/uploads\/sites\/128\/2022\/10\/Milena-Martins-Cabral.jpg\" title=\"Milena Martins Cabral\" rel=\"npgallery\">\n                                    <img decoding=\"async\" src=\"https:\/\/utfpr-ct-static-content.s3.amazonaws.com\/utfpr.curitiba.br\/wp-content\/uploads\/sites\/128\/2022\/10\/Milena-Martins-Cabral.jpg\" alt=\"\">\n                                <\/a>\n                            <\/div>\n                        <\/div>\n\n                                            <div class=\"htmega-justify-single-image\">\n                            <div class=\"thumb\">\n                                <a data-elementor-open-lightbox=\"no\" href=\"https:\/\/utfpr-ct-static-content.s3.amazonaws.com\/utfpr.curitiba.br\/wp-content\/uploads\/sites\/128\/2022\/10\/Nicole-Caroline-da-Silva-scaled.jpg\" title=\"Nicole Caroline da Silva\" rel=\"npgallery\">\n                                    <img decoding=\"async\" src=\"https:\/\/utfpr-ct-static-content.s3.amazonaws.com\/utfpr.curitiba.br\/wp-content\/uploads\/sites\/128\/2022\/10\/Nicole-Caroline-da-Silva-scaled.jpg\" alt=\"\">\n                                <\/a>\n                            <\/div>\n                        <\/div>\n\n                                            <div class=\"htmega-justify-single-image\">\n                            <div class=\"thumb\">\n                                <a data-elementor-open-lightbox=\"no\" href=\"https:\/\/utfpr-ct-static-content.s3.amazonaws.com\/utfpr.curitiba.br\/wp-content\/uploads\/sites\/128\/2022\/10\/Maria-Julia-Yukari-de-Souza-Yuaoca-scaled.jpg\" title=\"Maria Julia Yukari de Souza Yuaoca\" rel=\"npgallery\">\n                                    <img decoding=\"async\" src=\"https:\/\/utfpr-ct-static-content.s3.amazonaws.com\/utfpr.curitiba.br\/wp-content\/uploads\/sites\/128\/2022\/10\/Maria-Julia-Yukari-de-Souza-Yuaoca-scaled.jpg\" alt=\"\">\n                                <\/a>\n                            <\/div>\n                        <\/div>\n\n                                            <div class=\"htmega-justify-single-image\">\n                            <div class=\"thumb\">\n                                <a data-elementor-open-lightbox=\"no\" href=\"https:\/\/utfpr-ct-static-content.s3.amazonaws.com\/utfpr.curitiba.br\/wp-content\/uploads\/sites\/128\/2022\/10\/Marcos-Paulo-Nunes-Ricioli.png\" title=\"Marcos Paulo Nunes Ricioli\" rel=\"npgallery\">\n                                    <img decoding=\"async\" src=\"https:\/\/utfpr-ct-static-content.s3.amazonaws.com\/utfpr.curitiba.br\/wp-content\/uploads\/sites\/128\/2022\/10\/Marcos-Paulo-Nunes-Ricioli.png\" alt=\"\">\n                                <\/a>\n                            <\/div>\n                        <\/div>\n\n                                            <div class=\"htmega-justify-single-image\">\n                            <div class=\"thumb\">\n                                <a data-elementor-open-lightbox=\"no\" href=\"https:\/\/utfpr-ct-static-content.s3.amazonaws.com\/utfpr.curitiba.br\/wp-content\/uploads\/sites\/128\/2022\/10\/Joao-Pedro-Renzo-Maia-scaled.jpg\" title=\"Jo\u00e3o Pedro Renzo Maia\" rel=\"npgallery\">\n                                    <img decoding=\"async\" src=\"https:\/\/utfpr-ct-static-content.s3.amazonaws.com\/utfpr.curitiba.br\/wp-content\/uploads\/sites\/128\/2022\/10\/Joao-Pedro-Renzo-Maia-scaled.jpg\" alt=\"\">\n                                <\/a>\n                            <\/div>\n                        <\/div>\n\n                                            <div class=\"htmega-justify-single-image\">\n                            <div class=\"thumb\">\n                                <a data-elementor-open-lightbox=\"no\" href=\"https:\/\/utfpr-ct-static-content.s3.amazonaws.com\/utfpr.curitiba.br\/wp-content\/uploads\/sites\/128\/2022\/10\/Ana-Paula-de-Liz-scaled.jpg\" title=\"Ana Paula de Liz\" rel=\"npgallery\">\n                                    <img decoding=\"async\" src=\"https:\/\/utfpr-ct-static-content.s3.amazonaws.com\/utfpr.curitiba.br\/wp-content\/uploads\/sites\/128\/2022\/10\/Ana-Paula-de-Liz-scaled.jpg\" alt=\"\">\n                                <\/a>\n                            <\/div>\n                        <\/div>\n\n                                            <div class=\"htmega-justify-single-image\">\n                            <div class=\"thumb\">\n                                <a data-elementor-open-lightbox=\"no\" href=\"https:\/\/utfpr-ct-static-content.s3.amazonaws.com\/utfpr.curitiba.br\/wp-content\/uploads\/sites\/128\/2022\/10\/Matheus-Leonardo-Arruda-scaled.jpg\" title=\"Matheus Leonardo Arruda\" rel=\"npgallery\">\n                                    <img decoding=\"async\" src=\"https:\/\/utfpr-ct-static-content.s3.amazonaws.com\/utfpr.curitiba.br\/wp-content\/uploads\/sites\/128\/2022\/10\/Matheus-Leonardo-Arruda-scaled.jpg\" alt=\"\">\n                                <\/a>\n                            <\/div>\n                        <\/div>\n\n                                            <div class=\"htmega-justify-single-image\">\n                            <div class=\"thumb\">\n                                <a data-elementor-open-lightbox=\"no\" href=\"https:\/\/utfpr-ct-static-content.s3.amazonaws.com\/utfpr.curitiba.br\/wp-content\/uploads\/sites\/128\/2022\/10\/Jordana-de-Oliveira-Furlan-scaled.jpg\" title=\"Jordana de Oliveira Furlan\" rel=\"npgallery\">\n                                    <img decoding=\"async\" src=\"https:\/\/utfpr-ct-static-content.s3.amazonaws.com\/utfpr.curitiba.br\/wp-content\/uploads\/sites\/128\/2022\/10\/Jordana-de-Oliveira-Furlan-scaled.jpg\" alt=\"\">\n                                <\/a>\n                            <\/div>\n                        <\/div>\n\n                                            <div class=\"htmega-justify-single-image\">\n                            <div class=\"thumb\">\n                                <a data-elementor-open-lightbox=\"no\" href=\"https:\/\/utfpr-ct-static-content.s3.amazonaws.com\/utfpr.curitiba.br\/wp-content\/uploads\/sites\/128\/2022\/10\/Julio-Cesar-Goncalves-dos-Santos-Filho.jpg\" title=\"Julio Cesar Gon\u00e7alves dos Santos Filho\" rel=\"npgallery\">\n                                    <img decoding=\"async\" src=\"https:\/\/utfpr-ct-static-content.s3.amazonaws.com\/utfpr.curitiba.br\/wp-content\/uploads\/sites\/128\/2022\/10\/Julio-Cesar-Goncalves-dos-Santos-Filho.jpg\" alt=\"\">\n                                <\/a>\n                            <\/div>\n                        <\/div>\n\n                                            <div class=\"htmega-justify-single-image\">\n                            <div class=\"thumb\">\n                                <a data-elementor-open-lightbox=\"no\" href=\"https:\/\/utfpr-ct-static-content.s3.amazonaws.com\/utfpr.curitiba.br\/wp-content\/uploads\/sites\/128\/2022\/10\/Matheus-dos-Santos-scaled.jpg\" title=\"Matheus dos Santos\" rel=\"npgallery\">\n                                    <img decoding=\"async\" src=\"https:\/\/utfpr-ct-static-content.s3.amazonaws.com\/utfpr.curitiba.br\/wp-content\/uploads\/sites\/128\/2022\/10\/Matheus-dos-Santos-scaled.jpg\" alt=\"\">\n                                <\/a>\n                            <\/div>\n                        <\/div>\n\n                                            <div class=\"htmega-justify-single-image\">\n                            <div class=\"thumb\">\n                                <a data-elementor-open-lightbox=\"no\" href=\"https:\/\/utfpr-ct-static-content.s3.amazonaws.com\/utfpr.curitiba.br\/wp-content\/uploads\/sites\/128\/2022\/10\/Lucas-de-Mendonca-Azevedo-scaled.jpg\" title=\"Lucas de Mendon\u00e7a Azevedo\" rel=\"npgallery\">\n                                    <img decoding=\"async\" src=\"https:\/\/utfpr-ct-static-content.s3.amazonaws.com\/utfpr.curitiba.br\/wp-content\/uploads\/sites\/128\/2022\/10\/Lucas-de-Mendonca-Azevedo-scaled.jpg\" alt=\"\">\n                                <\/a>\n                            <\/div>\n                        <\/div>\n\n                                            <div class=\"htmega-justify-single-image\">\n                            <div class=\"thumb\">\n                                <a data-elementor-open-lightbox=\"no\" href=\"https:\/\/utfpr-ct-static-content.s3.amazonaws.com\/utfpr.curitiba.br\/wp-content\/uploads\/sites\/128\/2022\/10\/JOAO-MATHEUS-PEREIRA-DE-ABREU-scaled.jpg\" title=\"JOAO MATHEUS PEREIRA DE ABREU\" rel=\"npgallery\">\n                                    <img decoding=\"async\" src=\"https:\/\/utfpr-ct-static-content.s3.amazonaws.com\/utfpr.curitiba.br\/wp-content\/uploads\/sites\/128\/2022\/10\/JOAO-MATHEUS-PEREIRA-DE-ABREU-scaled.jpg\" alt=\"\">\n                                <\/a>\n                            <\/div>\n                        <\/div>\n\n                                            <div class=\"htmega-justify-single-image\">\n                            <div class=\"thumb\">\n                                <a data-elementor-open-lightbox=\"no\" href=\"https:\/\/utfpr-ct-static-content.s3.amazonaws.com\/utfpr.curitiba.br\/wp-content\/uploads\/sites\/128\/2022\/11\/Mariana-Rita-Horst-Ramos-scaled.jpg\" title=\"Mariana Rita Horst Ramos\" rel=\"npgallery\">\n                                    <img decoding=\"async\" src=\"https:\/\/utfpr-ct-static-content.s3.amazonaws.com\/utfpr.curitiba.br\/wp-content\/uploads\/sites\/128\/2022\/11\/Mariana-Rita-Horst-Ramos-scaled.jpg\" alt=\"\">\n                                <\/a>\n                            <\/div>\n                        <\/div>\n\n                                            <div class=\"htmega-justify-single-image\">\n                            <div class=\"thumb\">\n                                <a data-elementor-open-lightbox=\"no\" href=\"https:\/\/utfpr-ct-static-content.s3.amazonaws.com\/utfpr.curitiba.br\/wp-content\/uploads\/sites\/128\/2022\/12\/Guilherme-Degelmann-Leodoro-da-Silva-scaled.jpg\" title=\"Guilherme Degelmann Leodoro da Silva\" rel=\"npgallery\">\n                                    <img decoding=\"async\" src=\"https:\/\/utfpr-ct-static-content.s3.amazonaws.com\/utfpr.curitiba.br\/wp-content\/uploads\/sites\/128\/2022\/12\/Guilherme-Degelmann-Leodoro-da-Silva-scaled.jpg\" alt=\"\">\n                                <\/a>\n                            <\/div>\n                        <\/div>\n\n                    <\/div>        <script>\n            jQuery(document).ready(function($) {\n\n                'use strict';                \n                $('#npgalleryd6b1289').imagesLoaded( function() {\n                    $('#npgalleryd6b1289')[0].style.display='block';\n                    $('#npgalleryd6b1289').justifiedGallery({\n                        rowHeight: 345,\n                        maxRowHeight: null,\n                        margins: 20,\n                        border: 0,\n                        rel: 'npgalleryd6b1289',\n                        lastRow: 'nojustify',\n                        captions: true,\n                        randomize: false,\n                        sizeRangeSuffixes: {\n                            lt100: '_t',\n                            lt240: '_m',\n                            lt320: '_n',\n                            lt500: '',\n                            lt640: '_z',\n                            lt1024: '_b'\n                        }\n                    });\n                });\n                                    $('.npgallery_actived6b1289').magnificPopup({\n                        delegate: 'a',\n                        type: 'image',\n                        tLoading: 'Loading image #%curr%...',\n                        mainClass: 'mfp-img-mobile',\n                        gallery: {\n                            enabled: true,\n                            navigateByImgClick: true,\n                            preload: [0,1], \/\/ Will preload 0 - before current, and 1 after the current image\n\n                                                        tCounter: '',\n                                                    },\n                        image: {\n                            tError: '<a href=\"%url%\">The image #%curr%<\/a> could not be loaded.',\n\n                            markup: '<div class=\"mfp-figure\">'+\n                                        '<div class=\"mfp-close\"><\/div>'+\n                                        '<div class=\"mfp-img\"><\/div>'+\n                                        '<div class=\"mfp-bottom-bar\">'+\n                                        '<div class=\"htmega mfp-title\"><\/div>'+\n                                        '<div class=\"htmega mfp-counter\"><\/div>'+\n                                        '<\/div>'+\n                                    '<\/div>', \/\/ Popup HTML markup. `.mfp-img` div will be replaced with img tag, `.mfp-close` by close button\n\n                            titleSrc: function(item) {\n                                return item.el.attr('title');\n                            }\n                        },\n                    });\n\n                           });\n        <\/script>\n        \t\t\t\t<\/div>\n\t\t\t\t<\/div>\n\t\t\t\t\t<\/div>\n\t\t<\/div>\n\t\t\t\t\t<\/div>\n\t\t<\/section>\n\t\t\t\t<\/div>\n\t\t","protected":false},"excerpt":{"rendered":"<p>Exposi\u00e7\u00e3o Qual \u00e9 o seu objetivo? Os cartazes que comp\u00f5em esta colet\u00e2nea foram desenvolvidos pelos estudantes das disciplinas de Tratamento de Imagem do curso de Tecnologia em Design Gr\u00e1fico do Departamento de Desenho Industrial da UTFPR, no segundo semestre de 2022. A mostra tem o objetivo de destacar 2 dos 17 Objetivos de Desenvolvimento Sustent\u00e1vel [&hellip;]<\/p>\n","protected":false},"author":88,"featured_media":0,"parent":0,"menu_order":0,"comment_status":"closed","ping_status":"closed","template":"","meta":{"site-sidebar-layout":"no-sidebar","site-content-layout":"page-builder","ast-site-content-layout":"default","site-content-style":"default","site-sidebar-style":"default","ast-global-header-display":"","ast-banner-title-visibility":"","ast-main-header-display":"","ast-hfb-above-header-display":"","ast-hfb-below-header-display":"","ast-hfb-mobile-header-display":"","site-post-title":"disabled","ast-breadcrumbs-content":"","ast-featured-img":"disabled","footer-sml-layout":"","ast-disable-related-posts":"","theme-transparent-header-meta":"","adv-header-id-meta":"","stick-header-meta":"","header-above-stick-meta":"","header-main-stick-meta":"","header-below-stick-meta":"","astra-migrate-meta-layouts":"default","ast-page-background-enabled":"default","ast-page-background-meta":{"desktop":{"background-color":"var(--ast-global-color-4)","background-image":"","background-repeat":"repeat","background-position":"center center","background-size":"auto","background-attachment":"scroll","background-type":"","background-media":"","overlay-type":"","overlay-color":"","overlay-opacity":"","overlay-gradient":""},"tablet":{"background-color":"","background-image":"","background-repeat":"repeat","background-position":"center center","background-size":"auto","background-attachment":"scroll","background-type":"","background-media":"","overlay-type":"","overlay-color":"","overlay-opacity":"","overlay-gradient":""},"mobile":{"background-color":"","background-image":"","background-repeat":"repeat","background-position":"center center","background-size":"auto","background-attachment":"scroll","background-type":"","background-media":"","overlay-type":"","overlay-color":"","overlay-opacity":"","overlay-gradient":""}},"ast-content-background-meta":{"desktop":{"background-color":"var(--ast-global-color-5)","background-image":"","background-repeat":"repeat","background-position":"center center","background-size":"auto","background-attachment":"scroll","background-type":"","background-media":"","overlay-type":"","overlay-color":"","overlay-opacity":"","overlay-gradient":""},"tablet":{"background-color":"var(--ast-global-color-5)","background-image":"","background-repeat":"repeat","background-position":"center center","background-size":"auto","background-attachment":"scroll","background-type":"","background-media":"","overlay-type":"","overlay-color":"","overlay-opacity":"","overlay-gradient":""},"mobile":{"background-color":"var(--ast-global-color-5)","background-image":"","background-repeat":"repeat","background-position":"center center","background-size":"auto","background-attachment":"scroll","background-type":"","background-media":"","overlay-type":"","overlay-color":"","overlay-opacity":"","overlay-gradient":""}},"footnotes":""},"class_list":["post-277","page","type-page","status-publish","hentry"],"_links":{"self":[{"href":"https:\/\/utfpr.curitiba.br\/nucleoimagemcriativa\/wp-json\/wp\/v2\/pages\/277","targetHints":{"allow":["GET"]}}],"collection":[{"href":"https:\/\/utfpr.curitiba.br\/nucleoimagemcriativa\/wp-json\/wp\/v2\/pages"}],"about":[{"href":"https:\/\/utfpr.curitiba.br\/nucleoimagemcriativa\/wp-json\/wp\/v2\/types\/page"}],"author":[{"embeddable":true,"href":"https:\/\/utfpr.curitiba.br\/nucleoimagemcriativa\/wp-json\/wp\/v2\/users\/88"}],"replies":[{"embeddable":true,"href":"https:\/\/utfpr.curitiba.br\/nucleoimagemcriativa\/wp-json\/wp\/v2\/comments?post=277"}],"version-history":[{"count":52,"href":"https:\/\/utfpr.curitiba.br\/nucleoimagemcriativa\/wp-json\/wp\/v2\/pages\/277\/revisions"}],"predecessor-version":[{"id":1112,"href":"https:\/\/utfpr.curitiba.br\/nucleoimagemcriativa\/wp-json\/wp\/v2\/pages\/277\/revisions\/1112"}],"wp:attachment":[{"href":"https:\/\/utfpr.curitiba.br\/nucleoimagemcriativa\/wp-json\/wp\/v2\/media?parent=277"}],"curies":[{"name":"wp","href":"https:\/\/api.w.org\/{rel}","templated":true}]}}