{"id":1466,"date":"2023-12-07T14:37:59","date_gmt":"2023-12-07T17:37:59","guid":{"rendered":"https:\/\/utfpr.curitiba.br\/nucleoimagemcriativa\/?page_id=1466"},"modified":"2023-12-07T15:10:44","modified_gmt":"2023-12-07T18:10:44","slug":"resultados-curso-de-modelagem-e-renderizacao-3d","status":"publish","type":"page","link":"https:\/\/utfpr.curitiba.br\/nucleoimagemcriativa\/resultados-curso-de-modelagem-e-renderizacao-3d\/","title":{"rendered":"Resultados &#8211; Curso de Modelagem e Renderiza\u00e7\u00e3o 3D"},"content":{"rendered":"\t\t<div data-elementor-type=\"wp-page\" data-elementor-id=\"1466\" class=\"elementor elementor-1466\">\n\t\t\t\t\t\t<section class=\"elementor-section elementor-top-section elementor-element elementor-element-7a1120e3 elementor-section-boxed elementor-section-height-default elementor-section-height-default\" data-id=\"7a1120e3\" data-element_type=\"section\" data-e-type=\"section\" data-settings=\"{&quot;background_background&quot;:&quot;classic&quot;}\">\n\t\t\t\t\t\t\t<div class=\"elementor-background-overlay\"><\/div>\n\t\t\t\t\t\t\t<div class=\"elementor-container elementor-column-gap-default\">\n\t\t\t\t\t<div class=\"elementor-column elementor-col-100 elementor-top-column elementor-element elementor-element-6ba4a4c5\" data-id=\"6ba4a4c5\" data-element_type=\"column\" data-e-type=\"column\">\n\t\t\t<div class=\"elementor-widget-wrap\">\n\t\t\t\t\t\t\t<\/div>\n\t\t<\/div>\n\t\t\t\t\t<\/div>\n\t\t<\/section>\n\t\t\t\t<section class=\"elementor-section elementor-top-section elementor-element elementor-element-1ac3435a elementor-section-boxed elementor-section-height-default elementor-section-height-default\" data-id=\"1ac3435a\" data-element_type=\"section\" data-e-type=\"section\">\n\t\t\t\t\t\t<div class=\"elementor-container elementor-column-gap-default\">\n\t\t\t\t\t<div class=\"elementor-column elementor-col-100 elementor-top-column elementor-element elementor-element-2609c4dc\" data-id=\"2609c4dc\" data-element_type=\"column\" data-e-type=\"column\">\n\t\t\t<div class=\"elementor-widget-wrap elementor-element-populated\">\n\t\t\t\t\t\t<div class=\"elementor-element elementor-element-67bdc510 elementor-widget elementor-widget-htmega-galleryjustify-addons\" data-id=\"67bdc510\" data-element_type=\"widget\" data-e-type=\"widget\" data-widget_type=\"htmega-galleryjustify-addons.default\">\n\t\t\t\t<div class=\"elementor-widget-container\">\n\t\t\t\t\t<div id=\"npgallery67bdc510\" class=\"npgallery_active67bdc510\"style=\"display:none;\">                        <div class=\"htmega-justify-single-image\">\n                            <div class=\"thumb\">\n                                <a data-elementor-open-lightbox=\"no\" href=\"https:\/\/utfpr-ct-static-content.s3.amazonaws.com\/utfpr.curitiba.br\/wp-content\/uploads\/sites\/128\/2023\/12\/Carolina-Alves-Alvino-carolaalvino.png\" title=\"Carolina Alves Alvino &#8211; @carolaalvino\" rel=\"npgallery\">\n                                    <img decoding=\"async\" src=\"https:\/\/utfpr-ct-static-content.s3.amazonaws.com\/utfpr.curitiba.br\/wp-content\/uploads\/sites\/128\/2023\/12\/Carolina-Alves-Alvino-carolaalvino.png\" alt=\"\">\n                                <\/a>\n                            <\/div>\n                        <\/div>\n\n                                            <div class=\"htmega-justify-single-image\">\n                            <div class=\"thumb\">\n                                <a data-elementor-open-lightbox=\"no\" href=\"https:\/\/utfpr-ct-static-content.s3.amazonaws.com\/utfpr.curitiba.br\/wp-content\/uploads\/sites\/128\/2023\/12\/Diogo-Fukushima-diogofuku.png\" title=\"Diogo Fukushima &#8211; @diogofuku\" rel=\"npgallery\">\n                                    <img decoding=\"async\" src=\"https:\/\/utfpr-ct-static-content.s3.amazonaws.com\/utfpr.curitiba.br\/wp-content\/uploads\/sites\/128\/2023\/12\/Diogo-Fukushima-diogofuku.png\" alt=\"\">\n                                <\/a>\n                            <\/div>\n                        <\/div>\n\n                                            <div class=\"htmega-justify-single-image\">\n                            <div class=\"thumb\">\n                                <a data-elementor-open-lightbox=\"no\" href=\"https:\/\/utfpr-ct-static-content.s3.amazonaws.com\/utfpr.curitiba.br\/wp-content\/uploads\/sites\/128\/2023\/12\/Jessica-Yumi-Hirao.png\" title=\"Jessica Yumi Hirao\" rel=\"npgallery\">\n                                    <img decoding=\"async\" src=\"https:\/\/utfpr-ct-static-content.s3.amazonaws.com\/utfpr.curitiba.br\/wp-content\/uploads\/sites\/128\/2023\/12\/Jessica-Yumi-Hirao.png\" alt=\"\">\n                                <\/a>\n                            <\/div>\n                        <\/div>\n\n                                            <div class=\"htmega-justify-single-image\">\n                            <div class=\"thumb\">\n                                <a data-elementor-open-lightbox=\"no\" href=\"https:\/\/utfpr-ct-static-content.s3.amazonaws.com\/utfpr.curitiba.br\/wp-content\/uploads\/sites\/128\/2023\/12\/Joao-Pedro-do-Nascimento-ojujuba_.png\" title=\"Jo\u00e3o Pedro do Nascimento &#8211; @ojujuba_\" rel=\"npgallery\">\n                                    <img decoding=\"async\" src=\"https:\/\/utfpr-ct-static-content.s3.amazonaws.com\/utfpr.curitiba.br\/wp-content\/uploads\/sites\/128\/2023\/12\/Joao-Pedro-do-Nascimento-ojujuba_.png\" alt=\"\">\n                                <\/a>\n                            <\/div>\n                        <\/div>\n\n                                            <div class=\"htmega-justify-single-image\">\n                            <div class=\"thumb\">\n                                <a data-elementor-open-lightbox=\"no\" href=\"https:\/\/utfpr-ct-static-content.s3.amazonaws.com\/utfpr.curitiba.br\/wp-content\/uploads\/sites\/128\/2023\/12\/Josue-Souza-Rocha-_josuerocha_.png\" title=\"Josu\u00e9 Souza Rocha &#8211; @_josuerocha_\" rel=\"npgallery\">\n                                    <img decoding=\"async\" src=\"https:\/\/utfpr-ct-static-content.s3.amazonaws.com\/utfpr.curitiba.br\/wp-content\/uploads\/sites\/128\/2023\/12\/Josue-Souza-Rocha-_josuerocha_.png\" alt=\"\">\n                                <\/a>\n                            <\/div>\n                        <\/div>\n\n                                            <div class=\"htmega-justify-single-image\">\n                            <div class=\"thumb\">\n                                <a data-elementor-open-lightbox=\"no\" href=\"https:\/\/utfpr-ct-static-content.s3.amazonaws.com\/utfpr.curitiba.br\/wp-content\/uploads\/sites\/128\/2023\/12\/Larissa-Yukari-Nouchi-larissayn_.png\" title=\"Larissa Yukari Nouchi &#8211; @larissayn_\" rel=\"npgallery\">\n                                    <img decoding=\"async\" src=\"https:\/\/utfpr-ct-static-content.s3.amazonaws.com\/utfpr.curitiba.br\/wp-content\/uploads\/sites\/128\/2023\/12\/Larissa-Yukari-Nouchi-larissayn_.png\" alt=\"\">\n                                <\/a>\n                            <\/div>\n                        <\/div>\n\n                                            <div class=\"htmega-justify-single-image\">\n                            <div class=\"thumb\">\n                                <a data-elementor-open-lightbox=\"no\" href=\"https:\/\/utfpr-ct-static-content.s3.amazonaws.com\/utfpr.curitiba.br\/wp-content\/uploads\/sites\/128\/2023\/12\/Nayani-Ferreira-Bastos-bastosnay.png\" title=\"Nayany Ferreira Bastos &#8211; @bastosnay\" rel=\"npgallery\">\n                                    <img decoding=\"async\" src=\"https:\/\/utfpr-ct-static-content.s3.amazonaws.com\/utfpr.curitiba.br\/wp-content\/uploads\/sites\/128\/2023\/12\/Nayani-Ferreira-Bastos-bastosnay.png\" alt=\"\">\n                                <\/a>\n                            <\/div>\n                        <\/div>\n\n                                            <div class=\"htmega-justify-single-image\">\n                            <div class=\"thumb\">\n                                <a data-elementor-open-lightbox=\"no\" href=\"https:\/\/utfpr-ct-static-content.s3.amazonaws.com\/utfpr.curitiba.br\/wp-content\/uploads\/sites\/128\/2023\/12\/Pamella-Frison-Goncalves-sugachiart.png\" title=\"Pamella Frison Gon\u00e7alves &#8211; @sugachiart\" rel=\"npgallery\">\n                                    <img decoding=\"async\" src=\"https:\/\/utfpr-ct-static-content.s3.amazonaws.com\/utfpr.curitiba.br\/wp-content\/uploads\/sites\/128\/2023\/12\/Pamella-Frison-Goncalves-sugachiart.png\" alt=\"\">\n                                <\/a>\n                            <\/div>\n                        <\/div>\n\n                                            <div class=\"htmega-justify-single-image\">\n                            <div class=\"thumb\">\n                                <a data-elementor-open-lightbox=\"no\" href=\"https:\/\/utfpr-ct-static-content.s3.amazonaws.com\/utfpr.curitiba.br\/wp-content\/uploads\/sites\/128\/2023\/12\/Victor-Eugenio-Araujo-Silva-_victoreugenio.png\" title=\"Victor Eug\u00eanio Ara\u00fajo Silva &#8211; @_victoreugenio\" rel=\"npgallery\">\n                                    <img decoding=\"async\" src=\"https:\/\/utfpr-ct-static-content.s3.amazonaws.com\/utfpr.curitiba.br\/wp-content\/uploads\/sites\/128\/2023\/12\/Victor-Eugenio-Araujo-Silva-_victoreugenio.png\" alt=\"\">\n                                <\/a>\n                            <\/div>\n                        <\/div>\n\n                    <\/div>        <script>\n            jQuery(document).ready(function($) {\n\n                'use strict';                \n                $('#npgallery67bdc510').imagesLoaded( function() {\n                    $('#npgallery67bdc510')[0].style.display='block';\n                    $('#npgallery67bdc510').justifiedGallery({\n                        rowHeight: 345,\n                        maxRowHeight: null,\n                        margins: 20,\n                        border: 0,\n                        rel: 'npgallery67bdc510',\n                        lastRow: 'nojustify',\n                        captions: true,\n                        randomize: false,\n                        sizeRangeSuffixes: {\n                            lt100: '_t',\n                            lt240: '_m',\n                            lt320: '_n',\n                            lt500: '',\n                            lt640: '_z',\n                            lt1024: '_b'\n                        }\n                    });\n                });\n                                    $('.npgallery_active67bdc510').magnificPopup({\n                        delegate: 'a',\n                        type: 'image',\n                        tLoading: 'Loading image #%curr%...',\n                        mainClass: 'mfp-img-mobile',\n                        gallery: {\n                            enabled: true,\n                            navigateByImgClick: true,\n                            preload: [0,1], \/\/ Will preload 0 - before current, and 1 after the current image\n\n                                                        tCounter: '',\n                                                    },\n                        image: {\n                            tError: '<a href=\"%url%\">The image #%curr%<\/a> could not be loaded.',\n\n                            markup: '<div class=\"mfp-figure\">'+\n                                        '<div class=\"mfp-close\"><\/div>'+\n                                        '<div class=\"mfp-img\"><\/div>'+\n                                        '<div class=\"mfp-bottom-bar\">'+\n                                        '<div class=\"htmega mfp-title\"><\/div>'+\n                                        '<div class=\"htmega mfp-counter\"><\/div>'+\n                                        '<\/div>'+\n                                    '<\/div>', \/\/ Popup HTML markup. `.mfp-img` div will be replaced with img tag, `.mfp-close` by close button\n\n                            titleSrc: function(item) {\n                                return item.el.attr('title');\n                            }\n                        },\n                    });\n\n                           });\n        <\/script>\n        \t\t\t\t<\/div>\n\t\t\t\t<\/div>\n\t\t\t\t\t<\/div>\n\t\t<\/div>\n\t\t\t\t\t<\/div>\n\t\t<\/section>\n\t\t\t\t<\/div>\n\t\t","protected":false},"excerpt":{"rendered":"<p>Resultados Curso de uso de Software de Modelagem e Renderiza\u00e7\u00e3o 3D Em Abril de 2023, o N\u00facleo de Imagem Criativa ofertou um Curso de Uso de Software de Modelagem e Renderiza\u00e7\u00e3o 3D, aplicado por professores da pr\u00f3pria UTFPR. O curso durou do dia 18\/04 ao dia 13\/06. O primeiro exerc\u00edcio dos alunos foi a modelagem [&hellip;]<\/p>\n","protected":false},"author":154,"featured_media":0,"parent":0,"menu_order":0,"comment_status":"closed","ping_status":"closed","template":"","meta":{"site-sidebar-layout":"no-sidebar","site-content-layout":"page-builder","ast-site-content-layout":"default","site-content-style":"default","site-sidebar-style":"default","ast-global-header-display":"","ast-banner-title-visibility":"","ast-main-header-display":"","ast-hfb-above-header-display":"","ast-hfb-below-header-display":"","ast-hfb-mobile-header-display":"","site-post-title":"disabled","ast-breadcrumbs-content":"","ast-featured-img":"disabled","footer-sml-layout":"","ast-disable-related-posts":"","theme-transparent-header-meta":"","adv-header-id-meta":"","stick-header-meta":"","header-above-stick-meta":"","header-main-stick-meta":"","header-below-stick-meta":"","astra-migrate-meta-layouts":"default","ast-page-background-enabled":"default","ast-page-background-meta":{"desktop":{"background-color":"var(--ast-global-color-4)","background-image":"","background-repeat":"repeat","background-position":"center center","background-size":"auto","background-attachment":"scroll","background-type":"","background-media":"","overlay-type":"","overlay-color":"","overlay-opacity":"","overlay-gradient":""},"tablet":{"background-color":"","background-image":"","background-repeat":"repeat","background-position":"center center","background-size":"auto","background-attachment":"scroll","background-type":"","background-media":"","overlay-type":"","overlay-color":"","overlay-opacity":"","overlay-gradient":""},"mobile":{"background-color":"","background-image":"","background-repeat":"repeat","background-position":"center center","background-size":"auto","background-attachment":"scroll","background-type":"","background-media":"","overlay-type":"","overlay-color":"","overlay-opacity":"","overlay-gradient":""}},"ast-content-background-meta":{"desktop":{"background-color":"var(--ast-global-color-5)","background-image":"","background-repeat":"repeat","background-position":"center center","background-size":"auto","background-attachment":"scroll","background-type":"","background-media":"","overlay-type":"","overlay-color":"","overlay-opacity":"","overlay-gradient":""},"tablet":{"background-color":"var(--ast-global-color-5)","background-image":"","background-repeat":"repeat","background-position":"center center","background-size":"auto","background-attachment":"scroll","background-type":"","background-media":"","overlay-type":"","overlay-color":"","overlay-opacity":"","overlay-gradient":""},"mobile":{"background-color":"var(--ast-global-color-5)","background-image":"","background-repeat":"repeat","background-position":"center center","background-size":"auto","background-attachment":"scroll","background-type":"","background-media":"","overlay-type":"","overlay-color":"","overlay-opacity":"","overlay-gradient":""}},"footnotes":""},"class_list":["post-1466","page","type-page","status-publish","hentry"],"_links":{"self":[{"href":"https:\/\/utfpr.curitiba.br\/nucleoimagemcriativa\/wp-json\/wp\/v2\/pages\/1466","targetHints":{"allow":["GET"]}}],"collection":[{"href":"https:\/\/utfpr.curitiba.br\/nucleoimagemcriativa\/wp-json\/wp\/v2\/pages"}],"about":[{"href":"https:\/\/utfpr.curitiba.br\/nucleoimagemcriativa\/wp-json\/wp\/v2\/types\/page"}],"author":[{"embeddable":true,"href":"https:\/\/utfpr.curitiba.br\/nucleoimagemcriativa\/wp-json\/wp\/v2\/users\/154"}],"replies":[{"embeddable":true,"href":"https:\/\/utfpr.curitiba.br\/nucleoimagemcriativa\/wp-json\/wp\/v2\/comments?post=1466"}],"version-history":[{"count":7,"href":"https:\/\/utfpr.curitiba.br\/nucleoimagemcriativa\/wp-json\/wp\/v2\/pages\/1466\/revisions"}],"predecessor-version":[{"id":1483,"href":"https:\/\/utfpr.curitiba.br\/nucleoimagemcriativa\/wp-json\/wp\/v2\/pages\/1466\/revisions\/1483"}],"wp:attachment":[{"href":"https:\/\/utfpr.curitiba.br\/nucleoimagemcriativa\/wp-json\/wp\/v2\/media?parent=1466"}],"curies":[{"name":"wp","href":"https:\/\/api.w.org\/{rel}","templated":true}]}}