{"id":1101,"date":"2023-05-12T09:15:44","date_gmt":"2023-05-12T12:15:44","guid":{"rendered":"https:\/\/utfpr.curitiba.br\/nucleoimagemcriativa\/?page_id=1101"},"modified":"2023-06-23T15:36:34","modified_gmt":"2023-06-23T18:36:34","slug":"2023-1","status":"publish","type":"page","link":"https:\/\/utfpr.curitiba.br\/nucleoimagemcriativa\/2023-1\/","title":{"rendered":"2023.1"},"content":{"rendered":"\t\t<div data-elementor-type=\"wp-page\" data-elementor-id=\"1101\" class=\"elementor elementor-1101\">\n\t\t\t\t\t\t<section class=\"elementor-section elementor-top-section elementor-element elementor-element-66b78d9b elementor-section-boxed elementor-section-height-default elementor-section-height-default\" data-id=\"66b78d9b\" data-element_type=\"section\" data-e-type=\"section\" data-settings=\"{&quot;background_background&quot;:&quot;classic&quot;}\">\n\t\t\t\t\t\t\t<div class=\"elementor-background-overlay\"><\/div>\n\t\t\t\t\t\t\t<div class=\"elementor-container elementor-column-gap-default\">\n\t\t\t\t\t<div class=\"elementor-column elementor-col-100 elementor-top-column elementor-element elementor-element-271d0ab9\" data-id=\"271d0ab9\" data-element_type=\"column\" data-e-type=\"column\">\n\t\t\t<div class=\"elementor-widget-wrap\">\n\t\t\t\t\t\t\t<\/div>\n\t\t<\/div>\n\t\t\t\t\t<\/div>\n\t\t<\/section>\n\t\t\t\t<section class=\"elementor-section elementor-top-section elementor-element elementor-element-5a932326 elementor-section-boxed elementor-section-height-default elementor-section-height-default\" data-id=\"5a932326\" data-element_type=\"section\" data-e-type=\"section\">\n\t\t\t\t\t\t<div class=\"elementor-container elementor-column-gap-default\">\n\t\t\t\t\t<div class=\"elementor-column elementor-col-100 elementor-top-column elementor-element elementor-element-dc09afc\" data-id=\"dc09afc\" data-element_type=\"column\" data-e-type=\"column\">\n\t\t\t<div class=\"elementor-widget-wrap elementor-element-populated\">\n\t\t\t\t\t\t<div class=\"elementor-element elementor-element-0141528 elementor-widget elementor-widget-spacer\" data-id=\"0141528\" data-element_type=\"widget\" data-e-type=\"widget\" data-widget_type=\"spacer.default\">\n\t\t\t\t<div class=\"elementor-widget-container\">\n\t\t\t\t\t\t\t<div class=\"elementor-spacer\">\n\t\t\t<div class=\"elementor-spacer-inner\"><\/div>\n\t\t<\/div>\n\t\t\t\t\t\t<\/div>\n\t\t\t\t<\/div>\n\t\t\t\t<div class=\"elementor-element elementor-element-6b6658eb elementor-widget elementor-widget-htmega-galleryjustify-addons\" data-id=\"6b6658eb\" data-element_type=\"widget\" data-e-type=\"widget\" data-widget_type=\"htmega-galleryjustify-addons.default\">\n\t\t\t\t<div class=\"elementor-widget-container\">\n\t\t\t\t\t<div id=\"npgallery6b6658eb\" class=\"npgallery_active6b6658eb\"style=\"display:none;\">                        <div class=\"htmega-justify-single-image\">\n                            <div class=\"thumb\">\n                                <a data-elementor-open-lightbox=\"no\" href=\"https:\/\/utfpr-ct-static-content.s3.amazonaws.com\/utfpr.curitiba.br\/wp-content\/uploads\/sites\/128\/2023\/04\/Adriel-Marques-Evangelista.png\" title=\"Adriel Marques Evangelista\" rel=\"npgallery\">\n                                    <img decoding=\"async\" src=\"https:\/\/utfpr-ct-static-content.s3.amazonaws.com\/utfpr.curitiba.br\/wp-content\/uploads\/sites\/128\/2023\/04\/Adriel-Marques-Evangelista.png\" alt=\"\">\n                                <\/a>\n                            <\/div>\n                        <\/div>\n\n                                            <div class=\"htmega-justify-single-image\">\n                            <div class=\"thumb\">\n                                <a data-elementor-open-lightbox=\"no\" href=\"https:\/\/utfpr-ct-static-content.s3.amazonaws.com\/utfpr.curitiba.br\/wp-content\/uploads\/sites\/128\/2023\/04\/Adrielly-Oliveria-de-Faria.png\" title=\"Adrielly Oliveria de Faria\" rel=\"npgallery\">\n                                    <img decoding=\"async\" src=\"https:\/\/utfpr-ct-static-content.s3.amazonaws.com\/utfpr.curitiba.br\/wp-content\/uploads\/sites\/128\/2023\/04\/Adrielly-Oliveria-de-Faria.png\" alt=\"\">\n                                <\/a>\n                            <\/div>\n                        <\/div>\n\n                                            <div class=\"htmega-justify-single-image\">\n                            <div class=\"thumb\">\n                                <a data-elementor-open-lightbox=\"no\" href=\"https:\/\/utfpr-ct-static-content.s3.amazonaws.com\/utfpr.curitiba.br\/wp-content\/uploads\/sites\/128\/2023\/04\/Alana-Bieger-Luiz-scaled.jpg\" title=\"Alana Bieger Luiz\" rel=\"npgallery\">\n                                    <img decoding=\"async\" src=\"https:\/\/utfpr-ct-static-content.s3.amazonaws.com\/utfpr.curitiba.br\/wp-content\/uploads\/sites\/128\/2023\/04\/Alana-Bieger-Luiz-scaled.jpg\" alt=\"\">\n                                <\/a>\n                            <\/div>\n                        <\/div>\n\n                                            <div class=\"htmega-justify-single-image\">\n                            <div class=\"thumb\">\n                                <a data-elementor-open-lightbox=\"no\" href=\"https:\/\/utfpr-ct-static-content.s3.amazonaws.com\/utfpr.curitiba.br\/wp-content\/uploads\/sites\/128\/2023\/04\/Amandha-Roberta-de-Lima.png\" title=\"Amandha Roberta de Lima\" rel=\"npgallery\">\n                                    <img decoding=\"async\" src=\"https:\/\/utfpr-ct-static-content.s3.amazonaws.com\/utfpr.curitiba.br\/wp-content\/uploads\/sites\/128\/2023\/04\/Amandha-Roberta-de-Lima.png\" alt=\"\">\n                                <\/a>\n                            <\/div>\n                        <\/div>\n\n                                            <div class=\"htmega-justify-single-image\">\n                            <div class=\"thumb\">\n                                <a data-elementor-open-lightbox=\"no\" href=\"https:\/\/utfpr-ct-static-content.s3.amazonaws.com\/utfpr.curitiba.br\/wp-content\/uploads\/sites\/128\/2023\/04\/Beatriz-Belz-Lange-scaled.jpg\" title=\"Beatriz Belz Lange\" rel=\"npgallery\">\n                                    <img decoding=\"async\" src=\"https:\/\/utfpr-ct-static-content.s3.amazonaws.com\/utfpr.curitiba.br\/wp-content\/uploads\/sites\/128\/2023\/04\/Beatriz-Belz-Lange-scaled.jpg\" alt=\"\">\n                                <\/a>\n                            <\/div>\n                        <\/div>\n\n                                            <div class=\"htmega-justify-single-image\">\n                            <div class=\"thumb\">\n                                <a data-elementor-open-lightbox=\"no\" href=\"https:\/\/utfpr-ct-static-content.s3.amazonaws.com\/utfpr.curitiba.br\/wp-content\/uploads\/sites\/128\/2023\/04\/Cecil-Sprada-Walesko-scaled.jpg\" title=\"Cecil Sprada Walesko\" rel=\"npgallery\">\n                                    <img decoding=\"async\" src=\"https:\/\/utfpr-ct-static-content.s3.amazonaws.com\/utfpr.curitiba.br\/wp-content\/uploads\/sites\/128\/2023\/04\/Cecil-Sprada-Walesko-scaled.jpg\" alt=\"\">\n                                <\/a>\n                            <\/div>\n                        <\/div>\n\n                                            <div class=\"htmega-justify-single-image\">\n                            <div class=\"thumb\">\n                                <a data-elementor-open-lightbox=\"no\" href=\"https:\/\/utfpr-ct-static-content.s3.amazonaws.com\/utfpr.curitiba.br\/wp-content\/uploads\/sites\/128\/2023\/04\/Elisangela-Taline-da-Silva.jpeg\" title=\"Elisangela Taline da Silva\" rel=\"npgallery\">\n                                    <img decoding=\"async\" src=\"https:\/\/utfpr-ct-static-content.s3.amazonaws.com\/utfpr.curitiba.br\/wp-content\/uploads\/sites\/128\/2023\/04\/Elisangela-Taline-da-Silva.jpeg\" alt=\"\">\n                                <\/a>\n                            <\/div>\n                        <\/div>\n\n                                            <div class=\"htmega-justify-single-image\">\n                            <div class=\"thumb\">\n                                <a data-elementor-open-lightbox=\"no\" href=\"https:\/\/utfpr-ct-static-content.s3.amazonaws.com\/utfpr.curitiba.br\/wp-content\/uploads\/sites\/128\/2023\/04\/Geovanna-Xavier-Biscaia.jpg\" title=\"Geovanna Xavier Biscaia\" rel=\"npgallery\">\n                                    <img decoding=\"async\" src=\"https:\/\/utfpr-ct-static-content.s3.amazonaws.com\/utfpr.curitiba.br\/wp-content\/uploads\/sites\/128\/2023\/04\/Geovanna-Xavier-Biscaia.jpg\" alt=\"\">\n                                <\/a>\n                            <\/div>\n                        <\/div>\n\n                                            <div class=\"htmega-justify-single-image\">\n                            <div class=\"thumb\">\n                                <a data-elementor-open-lightbox=\"no\" href=\"https:\/\/utfpr-ct-static-content.s3.amazonaws.com\/utfpr.curitiba.br\/wp-content\/uploads\/sites\/128\/2023\/04\/Giovanna-Damasio.jpg\" title=\"Giovanna Damasio\" rel=\"npgallery\">\n                                    <img decoding=\"async\" src=\"https:\/\/utfpr-ct-static-content.s3.amazonaws.com\/utfpr.curitiba.br\/wp-content\/uploads\/sites\/128\/2023\/04\/Giovanna-Damasio.jpg\" alt=\"\">\n                                <\/a>\n                            <\/div>\n                        <\/div>\n\n                                            <div class=\"htmega-justify-single-image\">\n                            <div class=\"thumb\">\n                                <a data-elementor-open-lightbox=\"no\" href=\"https:\/\/utfpr-ct-static-content.s3.amazonaws.com\/utfpr.curitiba.br\/wp-content\/uploads\/sites\/128\/2023\/04\/Jessica-Camille-Franco-Correa.png\" title=\"Jessica Camille Franco Correa\" rel=\"npgallery\">\n                                    <img decoding=\"async\" src=\"https:\/\/utfpr-ct-static-content.s3.amazonaws.com\/utfpr.curitiba.br\/wp-content\/uploads\/sites\/128\/2023\/04\/Jessica-Camille-Franco-Correa.png\" alt=\"\">\n                                <\/a>\n                            <\/div>\n                        <\/div>\n\n                                            <div class=\"htmega-justify-single-image\">\n                            <div class=\"thumb\">\n                                <a data-elementor-open-lightbox=\"no\" href=\"https:\/\/utfpr-ct-static-content.s3.amazonaws.com\/utfpr.curitiba.br\/wp-content\/uploads\/sites\/128\/2023\/04\/Joao-Pedro-de-Morais-dos-Santos-scaled.jpg\" title=\"Jo\u00e3o Pedro de Morais dos Santos\" rel=\"npgallery\">\n                                    <img decoding=\"async\" src=\"https:\/\/utfpr-ct-static-content.s3.amazonaws.com\/utfpr.curitiba.br\/wp-content\/uploads\/sites\/128\/2023\/04\/Joao-Pedro-de-Morais-dos-Santos-scaled.jpg\" alt=\"\">\n                                <\/a>\n                            <\/div>\n                        <\/div>\n\n                                            <div class=\"htmega-justify-single-image\">\n                            <div class=\"thumb\">\n                                <a data-elementor-open-lightbox=\"no\" href=\"https:\/\/utfpr-ct-static-content.s3.amazonaws.com\/utfpr.curitiba.br\/wp-content\/uploads\/sites\/128\/2023\/04\/Juliana-Kaori-Yamada.jpg\" title=\"Juliana Kaori Yamada\" rel=\"npgallery\">\n                                    <img decoding=\"async\" src=\"https:\/\/utfpr-ct-static-content.s3.amazonaws.com\/utfpr.curitiba.br\/wp-content\/uploads\/sites\/128\/2023\/04\/Juliana-Kaori-Yamada.jpg\" alt=\"\">\n                                <\/a>\n                            <\/div>\n                        <\/div>\n\n                                            <div class=\"htmega-justify-single-image\">\n                            <div class=\"thumb\">\n                                <a data-elementor-open-lightbox=\"no\" href=\"https:\/\/utfpr-ct-static-content.s3.amazonaws.com\/utfpr.curitiba.br\/wp-content\/uploads\/sites\/128\/2023\/04\/Leonardo-Fajardo-Garcia-Reis.jpg\" title=\"Leonardo Fajardo Garcia Reis\" rel=\"npgallery\">\n                                    <img decoding=\"async\" src=\"https:\/\/utfpr-ct-static-content.s3.amazonaws.com\/utfpr.curitiba.br\/wp-content\/uploads\/sites\/128\/2023\/04\/Leonardo-Fajardo-Garcia-Reis.jpg\" alt=\"\">\n                                <\/a>\n                            <\/div>\n                        <\/div>\n\n                                            <div class=\"htmega-justify-single-image\">\n                            <div class=\"thumb\">\n                                <a data-elementor-open-lightbox=\"no\" href=\"https:\/\/utfpr-ct-static-content.s3.amazonaws.com\/utfpr.curitiba.br\/wp-content\/uploads\/sites\/128\/2023\/04\/Luana-Beatriz-Baptista-scaled.jpg\" title=\"Luana Beatriz Baptista\" rel=\"npgallery\">\n                                    <img decoding=\"async\" src=\"https:\/\/utfpr-ct-static-content.s3.amazonaws.com\/utfpr.curitiba.br\/wp-content\/uploads\/sites\/128\/2023\/04\/Luana-Beatriz-Baptista-scaled.jpg\" alt=\"\">\n                                <\/a>\n                            <\/div>\n                        <\/div>\n\n                                            <div class=\"htmega-justify-single-image\">\n                            <div class=\"thumb\">\n                                <a data-elementor-open-lightbox=\"no\" href=\"https:\/\/utfpr-ct-static-content.s3.amazonaws.com\/utfpr.curitiba.br\/wp-content\/uploads\/sites\/128\/2023\/04\/Luiza-Klaumann-Bescorovaine-scaled.jpg\" title=\"Lu\u00edza Klaumann Bescorovaine\" rel=\"npgallery\">\n                                    <img decoding=\"async\" src=\"https:\/\/utfpr-ct-static-content.s3.amazonaws.com\/utfpr.curitiba.br\/wp-content\/uploads\/sites\/128\/2023\/04\/Luiza-Klaumann-Bescorovaine-scaled.jpg\" alt=\"\">\n                                <\/a>\n                            <\/div>\n                        <\/div>\n\n                                            <div class=\"htmega-justify-single-image\">\n                            <div class=\"thumb\">\n                                <a data-elementor-open-lightbox=\"no\" href=\"https:\/\/utfpr-ct-static-content.s3.amazonaws.com\/utfpr.curitiba.br\/wp-content\/uploads\/sites\/128\/2023\/04\/Luiza-Salles-Carvalho-scaled.jpg\" title=\"Luiza Salles Carvalho\" rel=\"npgallery\">\n                                    <img decoding=\"async\" src=\"https:\/\/utfpr-ct-static-content.s3.amazonaws.com\/utfpr.curitiba.br\/wp-content\/uploads\/sites\/128\/2023\/04\/Luiza-Salles-Carvalho-scaled.jpg\" alt=\"\">\n                                <\/a>\n                            <\/div>\n                        <\/div>\n\n                                            <div class=\"htmega-justify-single-image\">\n                            <div class=\"thumb\">\n                                <a data-elementor-open-lightbox=\"no\" href=\"https:\/\/utfpr-ct-static-content.s3.amazonaws.com\/utfpr.curitiba.br\/wp-content\/uploads\/sites\/128\/2023\/04\/Maria-Eliza-Fedalto-scaled.jpg\" title=\"Maria Eliza Fedalto\" rel=\"npgallery\">\n                                    <img decoding=\"async\" src=\"https:\/\/utfpr-ct-static-content.s3.amazonaws.com\/utfpr.curitiba.br\/wp-content\/uploads\/sites\/128\/2023\/04\/Maria-Eliza-Fedalto-scaled.jpg\" alt=\"\">\n                                <\/a>\n                            <\/div>\n                        <\/div>\n\n                                            <div class=\"htmega-justify-single-image\">\n                            <div class=\"thumb\">\n                                <a data-elementor-open-lightbox=\"no\" href=\"https:\/\/utfpr-ct-static-content.s3.amazonaws.com\/utfpr.curitiba.br\/wp-content\/uploads\/sites\/128\/2023\/04\/Maria-Helena-Alves-Pereira.jpg\" title=\"Maria Helena Alves Pereira\" rel=\"npgallery\">\n                                    <img decoding=\"async\" src=\"https:\/\/utfpr-ct-static-content.s3.amazonaws.com\/utfpr.curitiba.br\/wp-content\/uploads\/sites\/128\/2023\/04\/Maria-Helena-Alves-Pereira.jpg\" alt=\"\">\n                                <\/a>\n                            <\/div>\n                        <\/div>\n\n                                            <div class=\"htmega-justify-single-image\">\n                            <div class=\"thumb\">\n                                <a data-elementor-open-lightbox=\"no\" href=\"https:\/\/utfpr-ct-static-content.s3.amazonaws.com\/utfpr.curitiba.br\/wp-content\/uploads\/sites\/128\/2023\/04\/Maria-Luisa-Rietter-Quintino.png\" title=\"Maria Luisa Rietter Quintino\" rel=\"npgallery\">\n                                    <img decoding=\"async\" src=\"https:\/\/utfpr-ct-static-content.s3.amazonaws.com\/utfpr.curitiba.br\/wp-content\/uploads\/sites\/128\/2023\/04\/Maria-Luisa-Rietter-Quintino.png\" alt=\"\">\n                                <\/a>\n                            <\/div>\n                        <\/div>\n\n                                            <div class=\"htmega-justify-single-image\">\n                            <div class=\"thumb\">\n                                <a data-elementor-open-lightbox=\"no\" href=\"https:\/\/utfpr-ct-static-content.s3.amazonaws.com\/utfpr.curitiba.br\/wp-content\/uploads\/sites\/128\/2023\/04\/Mariana-Dias-Hashiguchi-scaled.jpg\" title=\"Mariana Dias Hashiguchi\" rel=\"npgallery\">\n                                    <img decoding=\"async\" src=\"https:\/\/utfpr-ct-static-content.s3.amazonaws.com\/utfpr.curitiba.br\/wp-content\/uploads\/sites\/128\/2023\/04\/Mariana-Dias-Hashiguchi-scaled.jpg\" alt=\"\">\n                                <\/a>\n                            <\/div>\n                        <\/div>\n\n                                            <div class=\"htmega-justify-single-image\">\n                            <div class=\"thumb\">\n                                <a data-elementor-open-lightbox=\"no\" href=\"https:\/\/utfpr-ct-static-content.s3.amazonaws.com\/utfpr.curitiba.br\/wp-content\/uploads\/sites\/128\/2023\/04\/Milena-Zardim-Sidor.jpg\" title=\"Milena Zardim Sidor\" rel=\"npgallery\">\n                                    <img decoding=\"async\" src=\"https:\/\/utfpr-ct-static-content.s3.amazonaws.com\/utfpr.curitiba.br\/wp-content\/uploads\/sites\/128\/2023\/04\/Milena-Zardim-Sidor.jpg\" alt=\"\">\n                                <\/a>\n                            <\/div>\n                        <\/div>\n\n                                            <div class=\"htmega-justify-single-image\">\n                            <div class=\"thumb\">\n                                <a data-elementor-open-lightbox=\"no\" href=\"https:\/\/utfpr-ct-static-content.s3.amazonaws.com\/utfpr.curitiba.br\/wp-content\/uploads\/sites\/128\/2023\/04\/Nayany-Ferreira-Bastos-scaled.jpg\" title=\"Nayany Ferreira Bastos\" rel=\"npgallery\">\n                                    <img decoding=\"async\" src=\"https:\/\/utfpr-ct-static-content.s3.amazonaws.com\/utfpr.curitiba.br\/wp-content\/uploads\/sites\/128\/2023\/04\/Nayany-Ferreira-Bastos-scaled.jpg\" alt=\"\">\n                                <\/a>\n                            <\/div>\n                        <\/div>\n\n                                            <div class=\"htmega-justify-single-image\">\n                            <div class=\"thumb\">\n                                <a data-elementor-open-lightbox=\"no\" href=\"https:\/\/utfpr-ct-static-content.s3.amazonaws.com\/utfpr.curitiba.br\/wp-content\/uploads\/sites\/128\/2023\/04\/Pablo-Guastuci-Lopes.png\" title=\"Pablo Guastuci Lopes\" rel=\"npgallery\">\n                                    <img decoding=\"async\" src=\"https:\/\/utfpr-ct-static-content.s3.amazonaws.com\/utfpr.curitiba.br\/wp-content\/uploads\/sites\/128\/2023\/04\/Pablo-Guastuci-Lopes.png\" alt=\"\">\n                                <\/a>\n                            <\/div>\n                        <\/div>\n\n                                            <div class=\"htmega-justify-single-image\">\n                            <div class=\"thumb\">\n                                <a data-elementor-open-lightbox=\"no\" href=\"https:\/\/utfpr-ct-static-content.s3.amazonaws.com\/utfpr.curitiba.br\/wp-content\/uploads\/sites\/128\/2023\/04\/Pedro-de-Sousa-Silva-scaled.jpg\" title=\"Pedro de Sousa Silva\" rel=\"npgallery\">\n                                    <img decoding=\"async\" src=\"https:\/\/utfpr-ct-static-content.s3.amazonaws.com\/utfpr.curitiba.br\/wp-content\/uploads\/sites\/128\/2023\/04\/Pedro-de-Sousa-Silva-scaled.jpg\" alt=\"\">\n                                <\/a>\n                            <\/div>\n                        <\/div>\n\n                                            <div class=\"htmega-justify-single-image\">\n                            <div class=\"thumb\">\n                                <a data-elementor-open-lightbox=\"no\" href=\"https:\/\/utfpr-ct-static-content.s3.amazonaws.com\/utfpr.curitiba.br\/wp-content\/uploads\/sites\/128\/2023\/04\/Rebecca-Theodoro-Oliveira.jpg\" title=\"Rebecca Theodoro Oliveira\" rel=\"npgallery\">\n                                    <img decoding=\"async\" src=\"https:\/\/utfpr-ct-static-content.s3.amazonaws.com\/utfpr.curitiba.br\/wp-content\/uploads\/sites\/128\/2023\/04\/Rebecca-Theodoro-Oliveira.jpg\" alt=\"\">\n                                <\/a>\n                            <\/div>\n                        <\/div>\n\n                                            <div class=\"htmega-justify-single-image\">\n                            <div class=\"thumb\">\n                                <a data-elementor-open-lightbox=\"no\" href=\"https:\/\/utfpr-ct-static-content.s3.amazonaws.com\/utfpr.curitiba.br\/wp-content\/uploads\/sites\/128\/2023\/04\/Thiago-Prado-Chagas-scaled.jpg\" title=\"Thiago Prado Chagas\" rel=\"npgallery\">\n                                    <img decoding=\"async\" src=\"https:\/\/utfpr-ct-static-content.s3.amazonaws.com\/utfpr.curitiba.br\/wp-content\/uploads\/sites\/128\/2023\/04\/Thiago-Prado-Chagas-scaled.jpg\" alt=\"\">\n                                <\/a>\n                            <\/div>\n                        <\/div>\n\n                                            <div class=\"htmega-justify-single-image\">\n                            <div class=\"thumb\">\n                                <a data-elementor-open-lightbox=\"no\" href=\"https:\/\/utfpr-ct-static-content.s3.amazonaws.com\/utfpr.curitiba.br\/wp-content\/uploads\/sites\/128\/2023\/04\/Vivian-Kaori-Gushiken.png\" title=\"Vivian Kaori Gushiken\" rel=\"npgallery\">\n                                    <img decoding=\"async\" src=\"https:\/\/utfpr-ct-static-content.s3.amazonaws.com\/utfpr.curitiba.br\/wp-content\/uploads\/sites\/128\/2023\/04\/Vivian-Kaori-Gushiken.png\" alt=\"\">\n                                <\/a>\n                            <\/div>\n                        <\/div>\n\n                    <\/div>        <script>\n            jQuery(document).ready(function($) {\n\n                'use strict';                \n                $('#npgallery6b6658eb').imagesLoaded( function() {\n                    $('#npgallery6b6658eb')[0].style.display='block';\n                    $('#npgallery6b6658eb').justifiedGallery({\n                        rowHeight: 345,\n                        maxRowHeight: null,\n                        margins: 20,\n                        border: 0,\n                        rel: 'npgallery6b6658eb',\n                        lastRow: 'nojustify',\n                        captions: true,\n                        randomize: false,\n                        sizeRangeSuffixes: {\n                            lt100: '_t',\n                            lt240: '_m',\n                            lt320: '_n',\n                            lt500: '',\n                            lt640: '_z',\n                            lt1024: '_b'\n                        }\n                    });\n                });\n                                    $('.npgallery_active6b6658eb').magnificPopup({\n                        delegate: 'a',\n                        type: 'image',\n                        tLoading: 'Loading image #%curr%...',\n                        mainClass: 'mfp-img-mobile',\n                        gallery: {\n                            enabled: true,\n                            navigateByImgClick: true,\n                            preload: [0,1], \/\/ Will preload 0 - before current, and 1 after the current image\n\n                                                        tCounter: '',\n                                                    },\n                        image: {\n                            tError: '<a href=\"%url%\">The image #%curr%<\/a> could not be loaded.',\n\n                            markup: '<div class=\"mfp-figure\">'+\n                                        '<div class=\"mfp-close\"><\/div>'+\n                                        '<div class=\"mfp-img\"><\/div>'+\n                                        '<div class=\"mfp-bottom-bar\">'+\n                                        '<div class=\"htmega mfp-title\"><\/div>'+\n                                        '<div class=\"htmega mfp-counter\"><\/div>'+\n                                        '<\/div>'+\n                                    '<\/div>', \/\/ Popup HTML markup. `.mfp-img` div will be replaced with img tag, `.mfp-close` by close button\n\n                            titleSrc: function(item) {\n                                return item.el.attr('title');\n                            }\n                        },\n                    });\n\n                           });\n        <\/script>\n        \t\t\t\t<\/div>\n\t\t\t\t<\/div>\n\t\t\t\t\t<\/div>\n\t\t<\/div>\n\t\t\t\t\t<\/div>\n\t\t<\/section>\n\t\t\t\t<\/div>\n\t\t","protected":false},"excerpt":{"rendered":"<p>Exposi\u00e7\u00e3o Qual \u00e9 o seu Objetivo? 2023.1 Os cartazes que comp\u00f5em esta colet\u00e2nea foram desenvolvidos pelos estudantes das disciplinas de Tratamento de Imagem do curso de Tecnologia em Design Gr\u00e1fico do Departamento de Desenho Industrial da UTFPR, no primeiro semestre de 2023. A mostra tem o objetivo de destacar 2 dos 17 Objetivos de Desenvolvimento [&hellip;]<\/p>\n","protected":false},"author":154,"featured_media":0,"parent":0,"menu_order":0,"comment_status":"closed","ping_status":"closed","template":"","meta":{"site-sidebar-layout":"no-sidebar","site-content-layout":"page-builder","ast-site-content-layout":"default","site-content-style":"default","site-sidebar-style":"default","ast-global-header-display":"","ast-banner-title-visibility":"","ast-main-header-display":"","ast-hfb-above-header-display":"","ast-hfb-below-header-display":"","ast-hfb-mobile-header-display":"","site-post-title":"disabled","ast-breadcrumbs-content":"","ast-featured-img":"disabled","footer-sml-layout":"","ast-disable-related-posts":"","theme-transparent-header-meta":"","adv-header-id-meta":"","stick-header-meta":"","header-above-stick-meta":"","header-main-stick-meta":"","header-below-stick-meta":"","astra-migrate-meta-layouts":"default","ast-page-background-enabled":"default","ast-page-background-meta":{"desktop":{"background-color":"var(--ast-global-color-4)","background-image":"","background-repeat":"repeat","background-position":"center center","background-size":"auto","background-attachment":"scroll","background-type":"","background-media":"","overlay-type":"","overlay-color":"","overlay-opacity":"","overlay-gradient":""},"tablet":{"background-color":"","background-image":"","background-repeat":"repeat","background-position":"center center","background-size":"auto","background-attachment":"scroll","background-type":"","background-media":"","overlay-type":"","overlay-color":"","overlay-opacity":"","overlay-gradient":""},"mobile":{"background-color":"","background-image":"","background-repeat":"repeat","background-position":"center center","background-size":"auto","background-attachment":"scroll","background-type":"","background-media":"","overlay-type":"","overlay-color":"","overlay-opacity":"","overlay-gradient":""}},"ast-content-background-meta":{"desktop":{"background-color":"var(--ast-global-color-5)","background-image":"","background-repeat":"repeat","background-position":"center center","background-size":"auto","background-attachment":"scroll","background-type":"","background-media":"","overlay-type":"","overlay-color":"","overlay-opacity":"","overlay-gradient":""},"tablet":{"background-color":"var(--ast-global-color-5)","background-image":"","background-repeat":"repeat","background-position":"center center","background-size":"auto","background-attachment":"scroll","background-type":"","background-media":"","overlay-type":"","overlay-color":"","overlay-opacity":"","overlay-gradient":""},"mobile":{"background-color":"var(--ast-global-color-5)","background-image":"","background-repeat":"repeat","background-position":"center center","background-size":"auto","background-attachment":"scroll","background-type":"","background-media":"","overlay-type":"","overlay-color":"","overlay-opacity":"","overlay-gradient":""}},"footnotes":""},"class_list":["post-1101","page","type-page","status-publish","hentry"],"_links":{"self":[{"href":"https:\/\/utfpr.curitiba.br\/nucleoimagemcriativa\/wp-json\/wp\/v2\/pages\/1101","targetHints":{"allow":["GET"]}}],"collection":[{"href":"https:\/\/utfpr.curitiba.br\/nucleoimagemcriativa\/wp-json\/wp\/v2\/pages"}],"about":[{"href":"https:\/\/utfpr.curitiba.br\/nucleoimagemcriativa\/wp-json\/wp\/v2\/types\/page"}],"author":[{"embeddable":true,"href":"https:\/\/utfpr.curitiba.br\/nucleoimagemcriativa\/wp-json\/wp\/v2\/users\/154"}],"replies":[{"embeddable":true,"href":"https:\/\/utfpr.curitiba.br\/nucleoimagemcriativa\/wp-json\/wp\/v2\/comments?post=1101"}],"version-history":[{"count":10,"href":"https:\/\/utfpr.curitiba.br\/nucleoimagemcriativa\/wp-json\/wp\/v2\/pages\/1101\/revisions"}],"predecessor-version":[{"id":1460,"href":"https:\/\/utfpr.curitiba.br\/nucleoimagemcriativa\/wp-json\/wp\/v2\/pages\/1101\/revisions\/1460"}],"wp:attachment":[{"href":"https:\/\/utfpr.curitiba.br\/nucleoimagemcriativa\/wp-json\/wp\/v2\/media?parent=1101"}],"curies":[{"name":"wp","href":"https:\/\/api.w.org\/{rel}","templated":true}]}}