{"id":9787,"date":"2023-07-21T13:31:56","date_gmt":"2023-07-21T16:31:56","guid":{"rendered":"https:\/\/utfpr.curitiba.br\/nucleodesignanimacao\/?page_id=9787"},"modified":"2025-10-02T01:32:48","modified_gmt":"2025-10-02T04:32:48","slug":"festivales","status":"publish","type":"page","link":"https:\/\/utfpr.curitiba.br\/nucleodesignanimacao\/?page_id=9787","title":{"rendered":"Festivales"},"content":{"rendered":"\t\t<div data-elementor-type=\"wp-page\" data-elementor-id=\"9787\" class=\"elementor elementor-9787\">\n\t\t\t\t\t\t<section class=\"elementor-section elementor-top-section elementor-element elementor-element-4a4febb3 elementor-section-full_width elementor-section-content-middle elementor-section-height-default elementor-section-height-default\" data-id=\"4a4febb3\" data-element_type=\"section\" data-e-type=\"section\">\n\t\t\t\t\t\t<div class=\"elementor-container elementor-column-gap-default\">\n\t\t\t\t\t<div class=\"elementor-column elementor-col-100 elementor-top-column elementor-element elementor-element-54381a1f\" data-id=\"54381a1f\" data-element_type=\"column\" data-e-type=\"column\">\n\t\t\t<div class=\"elementor-widget-wrap\">\n\t\t\t\t\t\t\t<\/div>\n\t\t<\/div>\n\t\t\t\t\t<\/div>\n\t\t<\/section>\n\t\t\t\t<section class=\"elementor-section elementor-top-section elementor-element elementor-element-32f8a9cb elementor-section-height-min-height elementor-section-boxed elementor-section-height-default elementor-section-items-middle\" data-id=\"32f8a9cb\" data-element_type=\"section\" data-e-type=\"section\" data-settings=\"{&quot;background_background&quot;:&quot;video&quot;,&quot;shape_divider_bottom&quot;:&quot;curve&quot;,&quot;shape_divider_bottom_negative&quot;:&quot;yes&quot;}\">\n\t\t\t\t\t<div class=\"elementor-shape elementor-shape-bottom\" aria-hidden=\"true\" data-negative=\"true\">\n\t\t\t<svg xmlns=\"http:\/\/www.w3.org\/2000\/svg\" viewBox=\"0 0 1000 100\" preserveAspectRatio=\"none\">\n\t<path class=\"elementor-shape-fill\" d=\"M500,97C126.7,96.3,0.8,19.8,0,0v100l1000,0V1C1000,19.4,873.3,97.8,500,97z\"\/>\n<\/svg>\t\t<\/div>\n\t\t\t\t\t<div class=\"elementor-container elementor-column-gap-default\">\n\t\t\t\t\t<div class=\"elementor-column elementor-col-100 elementor-top-column elementor-element elementor-element-470c412a\" data-id=\"470c412a\" data-element_type=\"column\" data-e-type=\"column\">\n\t\t\t<div class=\"elementor-widget-wrap elementor-element-populated\">\n\t\t\t\t\t\t<div class=\"elementor-element elementor-element-1da704ba elementor-widget elementor-widget-image\" data-id=\"1da704ba\" data-element_type=\"widget\" data-e-type=\"widget\" data-widget_type=\"image.default\">\n\t\t\t\t<div class=\"elementor-widget-container\">\n\t\t\t\t\t\t\t\t\t\t\t\t\t\t\t<img fetchpriority=\"high\" decoding=\"async\" width=\"768\" height=\"693\" src=\"https:\/\/utfpr-ct-static-content.s3.amazonaws.com\/utfpr.curitiba.br\/wp-content\/uploads\/sites\/99\/2023\/04\/Logo-ABRALA-principalquadrada_Prancheta-1-768x693.png\" class=\"attachment-medium_large size-medium_large wp-image-3346\" alt=\"\" srcset=\"https:\/\/utfpr-ct-static-content.s3.amazonaws.com\/utfpr.curitiba.br\/wp-content\/uploads\/sites\/99\/2023\/04\/Logo-ABRALA-principalquadrada_Prancheta-1-768x693.png 768w, https:\/\/utfpr-ct-static-content.s3.amazonaws.com\/utfpr.curitiba.br\/wp-content\/uploads\/sites\/99\/2023\/04\/Logo-ABRALA-principalquadrada_Prancheta-1-300x271.png 300w, https:\/\/utfpr-ct-static-content.s3.amazonaws.com\/utfpr.curitiba.br\/wp-content\/uploads\/sites\/99\/2023\/04\/Logo-ABRALA-principalquadrada_Prancheta-1-1024x924.png 1024w\" sizes=\"(max-width: 768px) 100vw, 768px\" \/>\t\t\t\t\t\t\t\t\t\t\t\t\t\t\t<\/div>\n\t\t\t\t<\/div>\n\t\t\t\t\t<\/div>\n\t\t<\/div>\n\t\t\t\t\t<\/div>\n\t\t<\/section>\n\t\t\t\t<section class=\"elementor-section elementor-top-section elementor-element elementor-element-c56008c elementor-section-boxed elementor-section-height-default elementor-section-height-default\" data-id=\"c56008c\" data-element_type=\"section\" data-e-type=\"section\">\n\t\t\t\t\t\t<div class=\"elementor-container elementor-column-gap-default\">\n\t\t\t\t\t<div class=\"elementor-column elementor-col-100 elementor-top-column elementor-element elementor-element-25496eb7\" data-id=\"25496eb7\" data-element_type=\"column\" data-e-type=\"column\">\n\t\t\t<div class=\"elementor-widget-wrap elementor-element-populated\">\n\t\t\t\t\t\t<div class=\"elementor-element elementor-element-4271b307 elementor-widget elementor-widget-spacer\" data-id=\"4271b307\" data-element_type=\"widget\" data-e-type=\"widget\" data-widget_type=\"spacer.default\">\n\t\t\t\t<div class=\"elementor-widget-container\">\n\t\t\t\t\t\t\t<div class=\"elementor-spacer\">\n\t\t\t<div class=\"elementor-spacer-inner\"><\/div>\n\t\t<\/div>\n\t\t\t\t\t\t<\/div>\n\t\t\t\t<\/div>\n\t\t\t\t\t<\/div>\n\t\t<\/div>\n\t\t\t\t\t<\/div>\n\t\t<\/section>\n\t\t\t\t<section class=\"elementor-section elementor-top-section elementor-element elementor-element-b708fc3 elementor-section-boxed elementor-section-height-default elementor-section-height-default\" data-id=\"b708fc3\" data-element_type=\"section\" data-e-type=\"section\">\n\t\t\t\t\t\t<div class=\"elementor-container elementor-column-gap-default\">\n\t\t\t\t\t<div class=\"elementor-column elementor-col-100 elementor-top-column elementor-element elementor-element-7f35cae\" data-id=\"7f35cae\" data-element_type=\"column\" data-e-type=\"column\">\n\t\t\t<div class=\"elementor-widget-wrap elementor-element-populated\">\n\t\t\t\t\t\t<div class=\"elementor-element elementor-element-51c767b3 elementor-widget elementor-widget-spacer\" data-id=\"51c767b3\" data-element_type=\"widget\" data-e-type=\"widget\" data-widget_type=\"spacer.default\">\n\t\t\t\t<div class=\"elementor-widget-container\">\n\t\t\t\t\t\t\t<div class=\"elementor-spacer\">\n\t\t\t<div class=\"elementor-spacer-inner\"><\/div>\n\t\t<\/div>\n\t\t\t\t\t\t<\/div>\n\t\t\t\t<\/div>\n\t\t\t\t\t<\/div>\n\t\t<\/div>\n\t\t\t\t\t<\/div>\n\t\t<\/section>\n\t\t\t\t<section class=\"elementor-section elementor-top-section elementor-element elementor-element-9883da5 elementor-section-boxed elementor-section-height-default elementor-section-height-default\" data-id=\"9883da5\" data-element_type=\"section\" data-e-type=\"section\">\n\t\t\t\t\t\t<div class=\"elementor-container elementor-column-gap-default\">\n\t\t\t\t\t<div class=\"elementor-column elementor-col-33 elementor-top-column elementor-element elementor-element-d788381\" data-id=\"d788381\" data-element_type=\"column\" data-e-type=\"column\">\n\t\t\t<div class=\"elementor-widget-wrap\">\n\t\t\t\t\t\t\t<\/div>\n\t\t<\/div>\n\t\t\t\t<div class=\"elementor-column elementor-col-33 elementor-top-column elementor-element elementor-element-7316f07\" data-id=\"7316f07\" data-element_type=\"column\" data-e-type=\"column\">\n\t\t\t<div class=\"elementor-widget-wrap elementor-element-populated\">\n\t\t\t\t\t\t<div class=\"elementor-element elementor-element-4db4ea2 elementor-widget elementor-widget-spacer\" data-id=\"4db4ea2\" data-element_type=\"widget\" data-e-type=\"widget\" data-widget_type=\"spacer.default\">\n\t\t\t\t<div class=\"elementor-widget-container\">\n\t\t\t\t\t\t\t<div class=\"elementor-spacer\">\n\t\t\t<div class=\"elementor-spacer-inner\"><\/div>\n\t\t<\/div>\n\t\t\t\t\t\t<\/div>\n\t\t\t\t<\/div>\n\t\t\t\t\t<\/div>\n\t\t<\/div>\n\t\t\t\t<div class=\"elementor-column elementor-col-33 elementor-top-column elementor-element elementor-element-c840dcd\" data-id=\"c840dcd\" data-element_type=\"column\" data-e-type=\"column\">\n\t\t\t<div class=\"elementor-widget-wrap\">\n\t\t\t\t\t\t\t<\/div>\n\t\t<\/div>\n\t\t\t\t\t<\/div>\n\t\t<\/section>\n\t\t\t\t<section class=\"elementor-section elementor-top-section elementor-element elementor-element-760cf6c elementor-section-boxed elementor-section-height-default elementor-section-height-default\" data-id=\"760cf6c\" data-element_type=\"section\" data-e-type=\"section\">\n\t\t\t\t\t\t<div class=\"elementor-container elementor-column-gap-default\">\n\t\t\t\t\t<div class=\"elementor-column elementor-col-33 elementor-top-column elementor-element elementor-element-2456233\" data-id=\"2456233\" data-element_type=\"column\" data-e-type=\"column\">\n\t\t\t<div class=\"elementor-widget-wrap\">\n\t\t\t\t\t\t\t<\/div>\n\t\t<\/div>\n\t\t\t\t<div class=\"elementor-column elementor-col-33 elementor-top-column elementor-element elementor-element-cb83fbc\" data-id=\"cb83fbc\" data-element_type=\"column\" data-e-type=\"column\">\n\t\t\t<div class=\"elementor-widget-wrap elementor-element-populated\">\n\t\t\t\t\t\t<div class=\"elementor-element elementor-element-f30a81c elementor-widget elementor-widget-image\" data-id=\"f30a81c\" data-element_type=\"widget\" data-e-type=\"widget\" data-widget_type=\"image.default\">\n\t\t\t\t<div class=\"elementor-widget-container\">\n\t\t\t\t\t\t\t\t\t\t\t\t\t\t\t<img decoding=\"async\" width=\"150\" height=\"150\" src=\"https:\/\/utfpr-ct-static-content.s3.amazonaws.com\/utfpr.curitiba.br\/wp-content\/uploads\/sites\/99\/2023\/04\/ABRALA-ICONS-10-150x150.png\" class=\"attachment-thumbnail size-thumbnail wp-image-3369\" alt=\"\" \/>\t\t\t\t\t\t\t\t\t\t\t\t\t\t\t<\/div>\n\t\t\t\t<\/div>\n\t\t\t\t<div class=\"elementor-element elementor-element-4628f54 elementor-widget elementor-widget-heading\" data-id=\"4628f54\" data-element_type=\"widget\" data-e-type=\"widget\" data-widget_type=\"heading.default\">\n\t\t\t\t<div class=\"elementor-widget-container\">\n\t\t\t\t\t<h1 class=\"elementor-heading-title elementor-size-default\">Festivales<\/h1>\t\t\t\t<\/div>\n\t\t\t\t<\/div>\n\t\t\t\t\t<\/div>\n\t\t<\/div>\n\t\t\t\t<div class=\"elementor-column elementor-col-33 elementor-top-column elementor-element elementor-element-899f0ec\" data-id=\"899f0ec\" data-element_type=\"column\" data-e-type=\"column\">\n\t\t\t<div class=\"elementor-widget-wrap\">\n\t\t\t\t\t\t\t<\/div>\n\t\t<\/div>\n\t\t\t\t\t<\/div>\n\t\t<\/section>\n\t\t\t\t<section class=\"elementor-section elementor-top-section elementor-element elementor-element-2fc825f elementor-section-boxed elementor-section-height-default elementor-section-height-default\" data-id=\"2fc825f\" data-element_type=\"section\" data-e-type=\"section\">\n\t\t\t\t\t\t<div class=\"elementor-container elementor-column-gap-default\">\n\t\t\t\t\t<div class=\"elementor-column elementor-col-100 elementor-top-column elementor-element elementor-element-8b540c3\" data-id=\"8b540c3\" data-element_type=\"column\" data-e-type=\"column\">\n\t\t\t<div class=\"elementor-widget-wrap elementor-element-populated\">\n\t\t\t\t\t\t<div class=\"elementor-element elementor-element-f8fb241 elementor-widget elementor-widget-text-editor\" data-id=\"f8fb241\" data-element_type=\"widget\" data-e-type=\"widget\" data-widget_type=\"text-editor.default\">\n\t\t\t\t<div class=\"elementor-widget-container\">\n\t\t\t\t\t\t\t\t\t<p>El papel de los festivales es fundamental dentro del escenario de difusi\u00f3n de la animaci\u00f3n, al fin y al cabo abren la puerta a que se presenten al p\u00fablico diferentes estilos, historias, formatos. La iniciativa ABRALA comenz\u00f3 analizando las animaciones seleccionadas en festivales durante los a\u00f1os 2020 y 2021. Con ello se logr\u00f3 catalogar m\u00e1s de 400 animaciones presentadas en los siguientes festivales. Puedes ver un poco m\u00e1s sobre cada festival a continuaci\u00f3n:<\/p>\t\t\t\t\t\t\t\t<\/div>\n\t\t\t\t<\/div>\n\t\t\t\t\t<\/div>\n\t\t<\/div>\n\t\t\t\t\t<\/div>\n\t\t<\/section>\n\t\t\t\t<section class=\"elementor-section elementor-top-section elementor-element elementor-element-9b9f4e1 elementor-section-boxed elementor-section-height-default elementor-section-height-default\" data-id=\"9b9f4e1\" data-element_type=\"section\" data-e-type=\"section\">\n\t\t\t\t\t\t<div class=\"elementor-container elementor-column-gap-default\">\n\t\t\t\t\t<div class=\"elementor-column elementor-col-33 elementor-top-column elementor-element elementor-element-fe29e6c\" data-id=\"fe29e6c\" data-element_type=\"column\" data-e-type=\"column\">\n\t\t\t<div class=\"elementor-widget-wrap elementor-element-populated\">\n\t\t\t\t\t\t<div class=\"elementor-element elementor-element-6c84597 elementor-widget elementor-widget-htmega-imagegrid-addons\" data-id=\"6c84597\" data-element_type=\"widget\" data-e-type=\"widget\" data-widget_type=\"htmega-imagegrid-addons.default\">\n\t\t\t\t<div class=\"elementor-widget-container\">\n\t\t\t\t\t            <div class=\"htmega-gridimage-area htmega-image-gridstyle-5\" >\n                <div class=\"htb-row\">\n                                                <div class=\"htb-col-md-12 htb-col-sm-6 htb-col-12\">\n                                <div class=\"htmega-singleimage-grid htmega-singleimage-gridstyle-5\" >\n                                    <div class=\"thumb\">\n                                        <a href=\"https:\/\/utfpr.curitiba.br\/nucleodesignanimacao\/abra-la\/festivais\/animarte-2\/\"><img decoding=\"async\" width=\"800\" height=\"800\" src=\"https:\/\/utfpr-ct-static-content.s3.amazonaws.com\/utfpr.curitiba.br\/wp-content\/uploads\/sites\/99\/2023\/05\/animArte-1024x1024.jpg\" class=\"attachment-large size-large wp-image-4532\" alt=\"\" srcset=\"https:\/\/utfpr-ct-static-content.s3.amazonaws.com\/utfpr.curitiba.br\/wp-content\/uploads\/sites\/99\/2023\/05\/animArte-1024x1024.jpg 1024w, https:\/\/utfpr-ct-static-content.s3.amazonaws.com\/utfpr.curitiba.br\/wp-content\/uploads\/sites\/99\/2023\/05\/animArte-300x300.jpg 300w, https:\/\/utfpr-ct-static-content.s3.amazonaws.com\/utfpr.curitiba.br\/wp-content\/uploads\/sites\/99\/2023\/05\/animArte-150x150.jpg 150w, https:\/\/utfpr-ct-static-content.s3.amazonaws.com\/utfpr.curitiba.br\/wp-content\/uploads\/sites\/99\/2023\/05\/animArte-768x768.jpg 768w, https:\/\/utfpr-ct-static-content.s3.amazonaws.com\/utfpr.curitiba.br\/wp-content\/uploads\/sites\/99\/2023\/05\/animArte.jpg 1476w\" sizes=\"(max-width: 800px) 100vw, 800px\" \/><\/a>                                    <\/div>\n                                                                            <div class=\"image-grid-content\">\n                                            <div class=\"hover-action\">\n                                                <h2>Anim!Arte<\/h2><a class=\"read-btn\" href=\"https:\/\/utfpr.curitiba.br\/nucleodesignanimacao\/abra-la\/festivais\/animarte-2\/\">Saiba mais<\/a>                                            <\/div>\n                                        <\/div>\n                                                                    <\/div>\n                            <\/div>\n\n                                        <\/div>\n            <\/div>\n\n        \t\t\t\t<\/div>\n\t\t\t\t<\/div>\n\t\t\t\t<div class=\"elementor-element elementor-element-fed91fb elementor-widget elementor-widget-htmega-imagegrid-addons\" data-id=\"fed91fb\" data-element_type=\"widget\" data-e-type=\"widget\" data-widget_type=\"htmega-imagegrid-addons.default\">\n\t\t\t\t<div class=\"elementor-widget-container\">\n\t\t\t\t\t            <div class=\"htmega-gridimage-area htmega-image-gridstyle-5\" >\n                <div class=\"htb-row\">\n                                                <div class=\"htb-col-md-12 htb-col-sm-6 htb-col-12\">\n                                <div class=\"htmega-singleimage-grid htmega-singleimage-gridstyle-5\" >\n                                    <div class=\"thumb\">\n                                        <a href=\"https:\/\/utfpr.curitiba.br\/nucleodesignanimacao\/abra-la\/festivais\/animai-encontro-baiano-de-animacao-e-games\/\"><img loading=\"lazy\" decoding=\"async\" width=\"150\" height=\"150\" src=\"https:\/\/utfpr-ct-static-content.s3.amazonaws.com\/utfpr.curitiba.br\/wp-content\/uploads\/sites\/99\/2023\/05\/animai-150x150.png\" class=\"attachment-thumbnail size-thumbnail wp-image-4540\" alt=\"\" srcset=\"https:\/\/utfpr-ct-static-content.s3.amazonaws.com\/utfpr.curitiba.br\/wp-content\/uploads\/sites\/99\/2023\/05\/animai-150x150.png 150w, https:\/\/utfpr-ct-static-content.s3.amazonaws.com\/utfpr.curitiba.br\/wp-content\/uploads\/sites\/99\/2023\/05\/animai-300x300.png 300w, https:\/\/utfpr-ct-static-content.s3.amazonaws.com\/utfpr.curitiba.br\/wp-content\/uploads\/sites\/99\/2023\/05\/animai-1024x1024.png 1024w, https:\/\/utfpr-ct-static-content.s3.amazonaws.com\/utfpr.curitiba.br\/wp-content\/uploads\/sites\/99\/2023\/05\/animai-768x768.png 768w, https:\/\/utfpr-ct-static-content.s3.amazonaws.com\/utfpr.curitiba.br\/wp-content\/uploads\/sites\/99\/2023\/05\/animai-1536x1536.png 1536w, https:\/\/utfpr-ct-static-content.s3.amazonaws.com\/utfpr.curitiba.br\/wp-content\/uploads\/sites\/99\/2023\/05\/animai.png 2048w\" sizes=\"(max-width: 150px) 100vw, 150px\" \/><\/a>                                    <\/div>\n                                                                            <div class=\"image-grid-content\">\n                                            <div class=\"hover-action\">\n                                                <h2>Anima\u00ed<\/h2><a class=\"read-btn\" href=\"https:\/\/utfpr.curitiba.br\/nucleodesignanimacao\/abra-la\/festivais\/animai-encontro-baiano-de-animacao-e-games\/\">Saiba mais<\/a>                                            <\/div>\n                                        <\/div>\n                                                                    <\/div>\n                            <\/div>\n\n                                        <\/div>\n            <\/div>\n\n        \t\t\t\t<\/div>\n\t\t\t\t<\/div>\n\t\t\t\t<div class=\"elementor-element elementor-element-8ee2973 elementor-widget elementor-widget-htmega-imagegrid-addons\" data-id=\"8ee2973\" data-element_type=\"widget\" data-e-type=\"widget\" data-widget_type=\"htmega-imagegrid-addons.default\">\n\t\t\t\t<div class=\"elementor-widget-container\">\n\t\t\t\t\t            <div class=\"htmega-gridimage-area htmega-image-gridstyle-5\" >\n                <div class=\"htb-row\">\n                                                <div class=\"htb-col-md-12 htb-col-sm-6 htb-col-12\">\n                                <div class=\"htmega-singleimage-grid htmega-singleimage-gridstyle-5\" >\n                                    <div class=\"thumb\">\n                                        <a href=\"https:\/\/utfpr.curitiba.br\/nucleodesignanimacao\/abra-la\/festivais\/dia-internacional-da-animacao-de-goiania\/\"><img loading=\"lazy\" decoding=\"async\" width=\"150\" height=\"150\" src=\"https:\/\/utfpr-ct-static-content.s3.amazonaws.com\/utfpr.curitiba.br\/wp-content\/uploads\/sites\/99\/2023\/05\/dia-da-animacao-de-goiania-150x150.png\" class=\"attachment-thumbnail size-thumbnail wp-image-4542\" alt=\"\" \/><\/a>                                    <\/div>\n                                                                            <div class=\"image-grid-content\">\n                                            <div class=\"hover-action\">\n                                                <h2>Dia Internacional da Anima\u00e7\u00e3o de Goi\u00e2nia<\/h2><a class=\"read-btn\" href=\"https:\/\/utfpr.curitiba.br\/nucleodesignanimacao\/abra-la\/festivais\/dia-internacional-da-animacao-de-goiania\/\">Saiba mais<\/a>                                            <\/div>\n                                        <\/div>\n                                                                    <\/div>\n                            <\/div>\n\n                                        <\/div>\n            <\/div>\n\n        \t\t\t\t<\/div>\n\t\t\t\t<\/div>\n\t\t\t\t<div class=\"elementor-element elementor-element-c61b2ce elementor-widget elementor-widget-htmega-imagegrid-addons\" data-id=\"c61b2ce\" data-element_type=\"widget\" data-e-type=\"widget\" data-widget_type=\"htmega-imagegrid-addons.default\">\n\t\t\t\t<div class=\"elementor-widget-container\">\n\t\t\t\t\t            <div class=\"htmega-gridimage-area htmega-image-gridstyle-5\" >\n                <div class=\"htb-row\">\n                                                <div class=\"htb-col-md-12 htb-col-sm-6 htb-col-12\">\n                                <div class=\"htmega-singleimage-grid htmega-singleimage-gridstyle-5\" >\n                                    <div class=\"thumb\">\n                                        <a href=\"#\"><img loading=\"lazy\" decoding=\"async\" width=\"150\" height=\"150\" src=\"https:\/\/utfpr-ct-static-content.s3.amazonaws.com\/utfpr.curitiba.br\/wp-content\/uploads\/sites\/99\/2023\/05\/fiab-150x150.png\" class=\"attachment-thumbnail size-thumbnail wp-image-4545\" alt=\"\" \/><\/a>                                    <\/div>\n                                                                            <div class=\"image-grid-content\">\n                                            <div class=\"hover-action\">\n                                                <h2>FIAB Festival Internacional de Anima\u00e7\u00e3o da Bahia<\/h2><a class=\"read-btn\" href=\"#\">Saiba mais<\/a>                                            <\/div>\n                                        <\/div>\n                                                                    <\/div>\n                            <\/div>\n\n                                        <\/div>\n            <\/div>\n\n        \t\t\t\t<\/div>\n\t\t\t\t<\/div>\n\t\t\t\t<div class=\"elementor-element elementor-element-20c3aed elementor-widget elementor-widget-htmega-imagegrid-addons\" data-id=\"20c3aed\" data-element_type=\"widget\" data-e-type=\"widget\" data-widget_type=\"htmega-imagegrid-addons.default\">\n\t\t\t\t<div class=\"elementor-widget-container\">\n\t\t\t\t\t            <div class=\"htmega-gridimage-area htmega-image-gridstyle-5\" >\n                <div class=\"htb-row\">\n                                                <div class=\"htb-col-md-12 htb-col-sm-6 htb-col-12\">\n                                <div class=\"htmega-singleimage-grid htmega-singleimage-gridstyle-5\" >\n                                    <div class=\"thumb\">\n                                        <a href=\"#\"><img loading=\"lazy\" decoding=\"async\" width=\"150\" height=\"150\" src=\"https:\/\/utfpr-ct-static-content.s3.amazonaws.com\/utfpr.curitiba.br\/wp-content\/uploads\/sites\/99\/2023\/05\/mumia-150x150.jpg\" class=\"attachment-thumbnail size-thumbnail wp-image-4548\" alt=\"\" \/><\/a>                                    <\/div>\n                                                                            <div class=\"image-grid-content\">\n                                            <div class=\"hover-action\">\n                                                <h2>MUMIA - MOSTRA UDIGRUDI MUNDIAL DE ANIMA\u00c7AO<\/h2><a class=\"read-btn\" href=\"#\">Saiba mais<\/a>                                            <\/div>\n                                        <\/div>\n                                                                    <\/div>\n                            <\/div>\n\n                                        <\/div>\n            <\/div>\n\n        \t\t\t\t<\/div>\n\t\t\t\t<\/div>\n\t\t\t\t\t<\/div>\n\t\t<\/div>\n\t\t\t\t<div class=\"elementor-column elementor-col-33 elementor-top-column elementor-element elementor-element-795a4e3\" data-id=\"795a4e3\" data-element_type=\"column\" data-e-type=\"column\">\n\t\t\t<div class=\"elementor-widget-wrap elementor-element-populated\">\n\t\t\t\t\t\t<div class=\"elementor-element elementor-element-82ee75f elementor-widget elementor-widget-htmega-imagegrid-addons\" data-id=\"82ee75f\" data-element_type=\"widget\" data-e-type=\"widget\" data-widget_type=\"htmega-imagegrid-addons.default\">\n\t\t\t\t<div class=\"elementor-widget-container\">\n\t\t\t\t\t            <div class=\"htmega-gridimage-area htmega-image-gridstyle-5\" >\n                <div class=\"htb-row\">\n                                                <div class=\"htb-col-md-12 htb-col-sm-6 htb-col-12\">\n                                <div class=\"htmega-singleimage-grid htmega-singleimage-gridstyle-5\" >\n                                    <div class=\"thumb\">\n                                        <a href=\"https:\/\/utfpr.curitiba.br\/nucleodesignanimacao\/abra-la\/festivais\/animaceara\/\"><img loading=\"lazy\" decoding=\"async\" width=\"150\" height=\"150\" src=\"https:\/\/utfpr-ct-static-content.s3.amazonaws.com\/utfpr.curitiba.br\/wp-content\/uploads\/sites\/99\/2023\/05\/Anima-ceara-150x150.png\" class=\"attachment-thumbnail size-thumbnail wp-image-4538\" alt=\"\" srcset=\"https:\/\/utfpr-ct-static-content.s3.amazonaws.com\/utfpr.curitiba.br\/wp-content\/uploads\/sites\/99\/2023\/05\/Anima-ceara-150x150.png 150w, https:\/\/utfpr-ct-static-content.s3.amazonaws.com\/utfpr.curitiba.br\/wp-content\/uploads\/sites\/99\/2023\/05\/Anima-ceara-300x300.png 300w, https:\/\/utfpr-ct-static-content.s3.amazonaws.com\/utfpr.curitiba.br\/wp-content\/uploads\/sites\/99\/2023\/05\/Anima-ceara.png 500w\" sizes=\"(max-width: 150px) 100vw, 150px\" \/><\/a>                                    <\/div>\n                                                                            <div class=\"image-grid-content\">\n                                            <div class=\"hover-action\">\n                                                <h2>Anima Ceara<\/h2><a class=\"read-btn\" href=\"https:\/\/utfpr.curitiba.br\/nucleodesignanimacao\/abra-la\/festivais\/animaceara\/\">Saiba mais<\/a>                                            <\/div>\n                                        <\/div>\n                                                                    <\/div>\n                            <\/div>\n\n                                        <\/div>\n            <\/div>\n\n        \t\t\t\t<\/div>\n\t\t\t\t<\/div>\n\t\t\t\t<div class=\"elementor-element elementor-element-5640e5e elementor-widget elementor-widget-htmega-imagegrid-addons\" data-id=\"5640e5e\" data-element_type=\"widget\" data-e-type=\"widget\" data-widget_type=\"htmega-imagegrid-addons.default\">\n\t\t\t\t<div class=\"elementor-widget-container\">\n\t\t\t\t\t            <div class=\"htmega-gridimage-area htmega-image-gridstyle-5\" >\n                <div class=\"htb-row\">\n                                                <div class=\"htb-col-md-12 htb-col-sm-6 htb-col-12\">\n                                <div class=\"htmega-singleimage-grid htmega-singleimage-gridstyle-5\" >\n                                    <div class=\"thumb\">\n                                        <a href=\"https:\/\/utfpr.curitiba.br\/nucleodesignanimacao\/abra-la\/festivais\/animatiba-festival-internacional-de-animacao-de-curitiba\/\"><img loading=\"lazy\" decoding=\"async\" width=\"150\" height=\"150\" src=\"https:\/\/utfpr-ct-static-content.s3.amazonaws.com\/utfpr.curitiba.br\/wp-content\/uploads\/sites\/99\/2023\/05\/animatiba-150x150.jpg\" class=\"attachment-thumbnail size-thumbnail wp-image-4533\" alt=\"\" \/><\/a>                                    <\/div>\n                                                                            <div class=\"image-grid-content\">\n                                            <div class=\"hover-action\">\n                                                <h2>Animatiba<\/h2><a class=\"read-btn\" href=\"https:\/\/utfpr.curitiba.br\/nucleodesignanimacao\/abra-la\/festivais\/animatiba-festival-internacional-de-animacao-de-curitiba\/\">Saiba mais<\/a>                                            <\/div>\n                                        <\/div>\n                                                                    <\/div>\n                            <\/div>\n\n                                        <\/div>\n            <\/div>\n\n        \t\t\t\t<\/div>\n\t\t\t\t<\/div>\n\t\t\t\t<div class=\"elementor-element elementor-element-2214c0e elementor-widget elementor-widget-htmega-imagegrid-addons\" data-id=\"2214c0e\" data-element_type=\"widget\" data-e-type=\"widget\" data-widget_type=\"htmega-imagegrid-addons.default\">\n\t\t\t\t<div class=\"elementor-widget-container\">\n\t\t\t\t\t            <div class=\"htmega-gridimage-area htmega-image-gridstyle-5\" >\n                <div class=\"htb-row\">\n                                                <div class=\"htb-col-md-12 htb-col-sm-6 htb-col-12\">\n                                <div class=\"htmega-singleimage-grid htmega-singleimage-gridstyle-5\" >\n                                    <div class=\"thumb\">\n                                        <a href=\"https:\/\/utfpr.curitiba.br\/nucleodesignanimacao\/abra-la\/festivais\/experimentanima\/\"><img loading=\"lazy\" decoding=\"async\" width=\"150\" height=\"150\" src=\"https:\/\/utfpr-ct-static-content.s3.amazonaws.com\/utfpr.curitiba.br\/wp-content\/uploads\/sites\/99\/2023\/05\/experimentanima-150x150.jpg\" class=\"attachment-thumbnail size-thumbnail wp-image-4543\" alt=\"\" srcset=\"https:\/\/utfpr-ct-static-content.s3.amazonaws.com\/utfpr.curitiba.br\/wp-content\/uploads\/sites\/99\/2023\/05\/experimentanima-150x150.jpg 150w, https:\/\/utfpr-ct-static-content.s3.amazonaws.com\/utfpr.curitiba.br\/wp-content\/uploads\/sites\/99\/2023\/05\/experimentanima-300x300.jpg 300w, https:\/\/utfpr-ct-static-content.s3.amazonaws.com\/utfpr.curitiba.br\/wp-content\/uploads\/sites\/99\/2023\/05\/experimentanima-768x769.jpg 768w, https:\/\/utfpr-ct-static-content.s3.amazonaws.com\/utfpr.curitiba.br\/wp-content\/uploads\/sites\/99\/2023\/05\/experimentanima.jpg 999w\" sizes=\"(max-width: 150px) 100vw, 150px\" \/><\/a>                                    <\/div>\n                                                                            <div class=\"image-grid-content\">\n                                            <div class=\"hover-action\">\n                                                <h2>ExperimentAnima<\/h2><a class=\"read-btn\" href=\"https:\/\/utfpr.curitiba.br\/nucleodesignanimacao\/abra-la\/festivais\/experimentanima\/\">Saiba mais<\/a>                                            <\/div>\n                                        <\/div>\n                                                                    <\/div>\n                            <\/div>\n\n                                        <\/div>\n            <\/div>\n\n        \t\t\t\t<\/div>\n\t\t\t\t<\/div>\n\t\t\t\t<div class=\"elementor-element elementor-element-a8f5a99 elementor-widget elementor-widget-htmega-imagegrid-addons\" data-id=\"a8f5a99\" data-element_type=\"widget\" data-e-type=\"widget\" data-widget_type=\"htmega-imagegrid-addons.default\">\n\t\t\t\t<div class=\"elementor-widget-container\">\n\t\t\t\t\t            <div class=\"htmega-gridimage-area htmega-image-gridstyle-5\" >\n                <div class=\"htb-row\">\n                                                <div class=\"htb-col-md-12 htb-col-sm-6 htb-col-12\">\n                                <div class=\"htmega-singleimage-grid htmega-singleimage-gridstyle-5\" >\n                                    <div class=\"thumb\">\n                                        <a href=\"#\"><img loading=\"lazy\" decoding=\"async\" width=\"150\" height=\"150\" src=\"https:\/\/utfpr-ct-static-content.s3.amazonaws.com\/utfpr.curitiba.br\/wp-content\/uploads\/sites\/99\/2023\/05\/lanterna-magica-150x150.jpg\" class=\"attachment-thumbnail size-thumbnail wp-image-4546\" alt=\"\" srcset=\"https:\/\/utfpr-ct-static-content.s3.amazonaws.com\/utfpr.curitiba.br\/wp-content\/uploads\/sites\/99\/2023\/05\/lanterna-magica-150x150.jpg 150w, https:\/\/utfpr-ct-static-content.s3.amazonaws.com\/utfpr.curitiba.br\/wp-content\/uploads\/sites\/99\/2023\/05\/lanterna-magica.jpg 254w\" sizes=\"(max-width: 150px) 100vw, 150px\" \/><\/a>                                    <\/div>\n                                                                            <div class=\"image-grid-content\">\n                                            <div class=\"hover-action\">\n                                                <h2> Lanterna M\u00e1gica \u2013 Festival Internacional de Anima\u00e7\u00e3o<\/h2><a class=\"read-btn\" href=\"#\">Saiba mais<\/a>                                            <\/div>\n                                        <\/div>\n                                                                    <\/div>\n                            <\/div>\n\n                                        <\/div>\n            <\/div>\n\n        \t\t\t\t<\/div>\n\t\t\t\t<\/div>\n\t\t\t\t\t<\/div>\n\t\t<\/div>\n\t\t\t\t<div class=\"elementor-column elementor-col-33 elementor-top-column elementor-element elementor-element-8b4e061\" data-id=\"8b4e061\" data-element_type=\"column\" data-e-type=\"column\">\n\t\t\t<div class=\"elementor-widget-wrap elementor-element-populated\">\n\t\t\t\t\t\t<div class=\"elementor-element elementor-element-0ebd26d elementor-widget elementor-widget-htmega-imagegrid-addons\" data-id=\"0ebd26d\" data-element_type=\"widget\" data-e-type=\"widget\" data-widget_type=\"htmega-imagegrid-addons.default\">\n\t\t\t\t<div class=\"elementor-widget-container\">\n\t\t\t\t\t            <div class=\"htmega-gridimage-area htmega-image-gridstyle-5\" >\n                <div class=\"htb-row\">\n                                                <div class=\"htb-col-md-12 htb-col-sm-6 htb-col-12\">\n                                <div class=\"htmega-singleimage-grid htmega-singleimage-gridstyle-5\" >\n                                    <div class=\"thumb\">\n                                        <a href=\"#\"><img loading=\"lazy\" decoding=\"async\" width=\"150\" height=\"150\" src=\"https:\/\/utfpr-ct-static-content.s3.amazonaws.com\/utfpr.curitiba.br\/wp-content\/uploads\/sites\/99\/2023\/05\/animage-150x150.jpg\" class=\"attachment-thumbnail size-thumbnail wp-image-4539\" alt=\"\" srcset=\"https:\/\/utfpr-ct-static-content.s3.amazonaws.com\/utfpr.curitiba.br\/wp-content\/uploads\/sites\/99\/2023\/05\/animage-150x150.jpg 150w, https:\/\/utfpr-ct-static-content.s3.amazonaws.com\/utfpr.curitiba.br\/wp-content\/uploads\/sites\/99\/2023\/05\/animage-300x300.jpg 300w, https:\/\/utfpr-ct-static-content.s3.amazonaws.com\/utfpr.curitiba.br\/wp-content\/uploads\/sites\/99\/2023\/05\/animage-1024x1024.jpg 1024w, https:\/\/utfpr-ct-static-content.s3.amazonaws.com\/utfpr.curitiba.br\/wp-content\/uploads\/sites\/99\/2023\/05\/animage-768x768.jpg 768w, https:\/\/utfpr-ct-static-content.s3.amazonaws.com\/utfpr.curitiba.br\/wp-content\/uploads\/sites\/99\/2023\/05\/animage-1536x1536.jpg 1536w, https:\/\/utfpr-ct-static-content.s3.amazonaws.com\/utfpr.curitiba.br\/wp-content\/uploads\/sites\/99\/2023\/05\/animage.jpg 1967w\" sizes=\"(max-width: 150px) 100vw, 150px\" \/><\/a>                                    <\/div>\n                                                                            <div class=\"image-grid-content\">\n                                            <div class=\"hover-action\">\n                                                <h2>Animage<\/h2><a class=\"read-btn\" href=\"#\">Saiba mais<\/a>                                            <\/div>\n                                        <\/div>\n                                                                    <\/div>\n                            <\/div>\n\n                                        <\/div>\n            <\/div>\n\n        \t\t\t\t<\/div>\n\t\t\t\t<\/div>\n\t\t\t\t<div class=\"elementor-element elementor-element-294d8a0 elementor-widget elementor-widget-htmega-imagegrid-addons\" data-id=\"294d8a0\" data-element_type=\"widget\" data-e-type=\"widget\" data-widget_type=\"htmega-imagegrid-addons.default\">\n\t\t\t\t<div class=\"elementor-widget-container\">\n\t\t\t\t\t            <div class=\"htmega-gridimage-area htmega-image-gridstyle-5\" >\n                <div class=\"htb-row\">\n                                                <div class=\"htb-col-md-12 htb-col-sm-6 htb-col-12\">\n                                <div class=\"htmega-singleimage-grid htmega-singleimage-gridstyle-5\" >\n                                    <div class=\"thumb\">\n                                        <a href=\"#\"><img loading=\"lazy\" decoding=\"async\" width=\"150\" height=\"150\" src=\"https:\/\/utfpr-ct-static-content.s3.amazonaws.com\/utfpr.curitiba.br\/wp-content\/uploads\/sites\/99\/2023\/05\/302140514_7854506791286872_3618338440053729312_n-150x150.jpg\" class=\"attachment-thumbnail size-thumbnail wp-image-4541\" alt=\"\" srcset=\"https:\/\/utfpr-ct-static-content.s3.amazonaws.com\/utfpr.curitiba.br\/wp-content\/uploads\/sites\/99\/2023\/05\/302140514_7854506791286872_3618338440053729312_n-150x150.jpg 150w, https:\/\/utfpr-ct-static-content.s3.amazonaws.com\/utfpr.curitiba.br\/wp-content\/uploads\/sites\/99\/2023\/05\/302140514_7854506791286872_3618338440053729312_n-300x300.jpg 300w, https:\/\/utfpr-ct-static-content.s3.amazonaws.com\/utfpr.curitiba.br\/wp-content\/uploads\/sites\/99\/2023\/05\/302140514_7854506791286872_3618338440053729312_n-1024x1024.jpg 1024w, https:\/\/utfpr-ct-static-content.s3.amazonaws.com\/utfpr.curitiba.br\/wp-content\/uploads\/sites\/99\/2023\/05\/302140514_7854506791286872_3618338440053729312_n-768x768.jpg 768w, https:\/\/utfpr-ct-static-content.s3.amazonaws.com\/utfpr.curitiba.br\/wp-content\/uploads\/sites\/99\/2023\/05\/302140514_7854506791286872_3618338440053729312_n.jpg 1080w\" sizes=\"(max-width: 150px) 100vw, 150px\" \/><\/a>                                    <\/div>\n                                                                            <div class=\"image-grid-content\">\n                                            <div class=\"hover-action\">\n                                                <h2>Baixada Animada<\/h2><a class=\"read-btn\" href=\"#\">Saiba mais<\/a>                                            <\/div>\n                                        <\/div>\n                                                                    <\/div>\n                            <\/div>\n\n                                        <\/div>\n            <\/div>\n\n        \t\t\t\t<\/div>\n\t\t\t\t<\/div>\n\t\t\t\t<div class=\"elementor-element elementor-element-dea6f57 elementor-widget elementor-widget-htmega-imagegrid-addons\" data-id=\"dea6f57\" data-element_type=\"widget\" data-e-type=\"widget\" data-widget_type=\"htmega-imagegrid-addons.default\">\n\t\t\t\t<div class=\"elementor-widget-container\">\n\t\t\t\t\t            <div class=\"htmega-gridimage-area htmega-image-gridstyle-5\" >\n                <div class=\"htb-row\">\n                                                <div class=\"htb-col-md-12 htb-col-sm-6 htb-col-12\">\n                                <div class=\"htmega-singleimage-grid htmega-singleimage-gridstyle-5\" >\n                                    <div class=\"thumb\">\n                                        <a href=\"#\"><img loading=\"lazy\" decoding=\"async\" width=\"150\" height=\"150\" src=\"https:\/\/utfpr-ct-static-content.s3.amazonaws.com\/utfpr.curitiba.br\/wp-content\/uploads\/sites\/99\/2023\/05\/festival-saci-150x150.jpg\" class=\"attachment-thumbnail size-thumbnail wp-image-4544\" alt=\"\" srcset=\"https:\/\/utfpr-ct-static-content.s3.amazonaws.com\/utfpr.curitiba.br\/wp-content\/uploads\/sites\/99\/2023\/05\/festival-saci-150x150.jpg 150w, https:\/\/utfpr-ct-static-content.s3.amazonaws.com\/utfpr.curitiba.br\/wp-content\/uploads\/sites\/99\/2023\/05\/festival-saci-300x300.jpg 300w, https:\/\/utfpr-ct-static-content.s3.amazonaws.com\/utfpr.curitiba.br\/wp-content\/uploads\/sites\/99\/2023\/05\/festival-saci-1024x1024.jpg 1024w, https:\/\/utfpr-ct-static-content.s3.amazonaws.com\/utfpr.curitiba.br\/wp-content\/uploads\/sites\/99\/2023\/05\/festival-saci-768x768.jpg 768w, https:\/\/utfpr-ct-static-content.s3.amazonaws.com\/utfpr.curitiba.br\/wp-content\/uploads\/sites\/99\/2023\/05\/festival-saci-1536x1536.jpg 1536w, https:\/\/utfpr-ct-static-content.s3.amazonaws.com\/utfpr.curitiba.br\/wp-content\/uploads\/sites\/99\/2023\/05\/festival-saci.jpg 1630w\" sizes=\"(max-width: 150px) 100vw, 150px\" \/><\/a>                                    <\/div>\n                                                                            <div class=\"image-grid-content\">\n                                            <div class=\"hover-action\">\n                                                <h2>Festival SACI \u2013 Semana de Anima\u00e7\u00e3o e Cinema<\/h2><a class=\"read-btn\" href=\"#\">Saiba mais<\/a>                                            <\/div>\n                                        <\/div>\n                                                                    <\/div>\n                            <\/div>\n\n                                        <\/div>\n            <\/div>\n\n        \t\t\t\t<\/div>\n\t\t\t\t<\/div>\n\t\t\t\t<div class=\"elementor-element elementor-element-272d130 elementor-widget elementor-widget-htmega-imagegrid-addons\" data-id=\"272d130\" data-element_type=\"widget\" data-e-type=\"widget\" data-widget_type=\"htmega-imagegrid-addons.default\">\n\t\t\t\t<div class=\"elementor-widget-container\">\n\t\t\t\t\t            <div class=\"htmega-gridimage-area htmega-image-gridstyle-5\" >\n                <div class=\"htb-row\">\n                                                <div class=\"htb-col-md-12 htb-col-sm-6 htb-col-12\">\n                                <div class=\"htmega-singleimage-grid htmega-singleimage-gridstyle-5\" >\n                                    <div class=\"thumb\">\n                                        <a href=\"#\"><img loading=\"lazy\" decoding=\"async\" width=\"150\" height=\"150\" src=\"https:\/\/utfpr-ct-static-content.s3.amazonaws.com\/utfpr.curitiba.br\/wp-content\/uploads\/sites\/99\/2023\/05\/mostra-som-quadro-a-quadro-150x150.png\" class=\"attachment-thumbnail size-thumbnail wp-image-4547\" alt=\"\" srcset=\"https:\/\/utfpr-ct-static-content.s3.amazonaws.com\/utfpr.curitiba.br\/wp-content\/uploads\/sites\/99\/2023\/05\/mostra-som-quadro-a-quadro-150x150.png 150w, https:\/\/utfpr-ct-static-content.s3.amazonaws.com\/utfpr.curitiba.br\/wp-content\/uploads\/sites\/99\/2023\/05\/mostra-som-quadro-a-quadro-300x300.png 300w, https:\/\/utfpr-ct-static-content.s3.amazonaws.com\/utfpr.curitiba.br\/wp-content\/uploads\/sites\/99\/2023\/05\/mostra-som-quadro-a-quadro.png 350w\" sizes=\"(max-width: 150px) 100vw, 150px\" \/><\/a>                                    <\/div>\n                                                                            <div class=\"image-grid-content\">\n                                            <div class=\"hover-action\">\n                                                <h2>Mostra Som Quadro a Quadro<\/h2><a class=\"read-btn\" href=\"#\">Saiba mais<\/a>                                            <\/div>\n                                        <\/div>\n                                                                    <\/div>\n                            <\/div>\n\n                                        <\/div>\n            <\/div>\n\n        \t\t\t\t<\/div>\n\t\t\t\t<\/div>\n\t\t\t\t\t<\/div>\n\t\t<\/div>\n\t\t\t\t\t<\/div>\n\t\t<\/section>\n\t\t\t\t<section class=\"elementor-section elementor-top-section elementor-element elementor-element-2bde452 elementor-section-boxed elementor-section-height-default elementor-section-height-default\" data-id=\"2bde452\" data-element_type=\"section\" data-e-type=\"section\">\n\t\t\t\t\t\t<div class=\"elementor-container elementor-column-gap-default\">\n\t\t\t\t\t<div class=\"elementor-column elementor-col-100 elementor-top-column elementor-element elementor-element-396a924\" data-id=\"396a924\" data-element_type=\"column\" data-e-type=\"column\">\n\t\t\t<div class=\"elementor-widget-wrap\">\n\t\t\t\t\t\t\t<\/div>\n\t\t<\/div>\n\t\t\t\t\t<\/div>\n\t\t<\/section>\n\t\t\t\t<section class=\"elementor-section elementor-top-section elementor-element elementor-element-06c2c9e elementor-section-content-middle elementor-section-boxed elementor-section-height-default elementor-section-height-default\" data-id=\"06c2c9e\" data-element_type=\"section\" data-e-type=\"section\" data-settings=\"{&quot;background_background&quot;:&quot;video&quot;}\">\n\t\t\t\t\t\t<div class=\"elementor-container elementor-column-gap-default\">\n\t\t\t\t\t<div class=\"elementor-column elementor-col-33 elementor-top-column elementor-element elementor-element-5b78640\" data-id=\"5b78640\" data-element_type=\"column\" data-e-type=\"column\">\n\t\t\t<div class=\"elementor-widget-wrap elementor-element-populated\">\n\t\t\t\t\t\t<div class=\"elementor-element elementor-element-5fede00 elementor-widget elementor-widget-image\" data-id=\"5fede00\" data-element_type=\"widget\" data-e-type=\"widget\" data-widget_type=\"image.default\">\n\t\t\t\t<div class=\"elementor-widget-container\">\n\t\t\t\t\t\t\t\t\t\t\t\t\t\t\t<img loading=\"lazy\" decoding=\"async\" width=\"800\" height=\"473\" src=\"https:\/\/utfpr-ct-static-content.s3.amazonaws.com\/utfpr.curitiba.br\/wp-content\/uploads\/sites\/99\/2020\/11\/cropped-logo-nucleo-branco-1024x606.png\" class=\"attachment-large size-large wp-image-3079\" alt=\"\" srcset=\"https:\/\/utfpr-ct-static-content.s3.amazonaws.com\/utfpr.curitiba.br\/wp-content\/uploads\/sites\/99\/2020\/11\/cropped-logo-nucleo-branco-1024x606.png 1024w, https:\/\/utfpr-ct-static-content.s3.amazonaws.com\/utfpr.curitiba.br\/wp-content\/uploads\/sites\/99\/2020\/11\/cropped-logo-nucleo-branco-300x177.png 300w, https:\/\/utfpr-ct-static-content.s3.amazonaws.com\/utfpr.curitiba.br\/wp-content\/uploads\/sites\/99\/2020\/11\/cropped-logo-nucleo-branco-768x454.png 768w, https:\/\/utfpr-ct-static-content.s3.amazonaws.com\/utfpr.curitiba.br\/wp-content\/uploads\/sites\/99\/2020\/11\/cropped-logo-nucleo-branco.png 1087w\" sizes=\"(max-width: 800px) 100vw, 800px\" \/>\t\t\t\t\t\t\t\t\t\t\t\t\t\t\t<\/div>\n\t\t\t\t<\/div>\n\t\t\t\t\t<\/div>\n\t\t<\/div>\n\t\t\t\t<div class=\"elementor-column elementor-col-33 elementor-top-column elementor-element elementor-element-79de10f\" data-id=\"79de10f\" data-element_type=\"column\" data-e-type=\"column\">\n\t\t\t<div class=\"elementor-widget-wrap elementor-element-populated\">\n\t\t\t\t\t\t<div class=\"elementor-element elementor-element-20efea0 elementor-widget elementor-widget-image\" data-id=\"20efea0\" data-element_type=\"widget\" data-e-type=\"widget\" data-widget_type=\"image.default\">\n\t\t\t\t<div class=\"elementor-widget-container\">\n\t\t\t\t\t\t\t\t\t\t\t\t\t\t\t<img loading=\"lazy\" decoding=\"async\" width=\"230\" height=\"230\" src=\"https:\/\/utfpr-ct-static-content.s3.amazonaws.com\/utfpr.curitiba.br\/wp-content\/uploads\/sites\/99\/2023\/04\/dadinlogo.png\" class=\"attachment-medium size-medium wp-image-3532\" alt=\"\" srcset=\"https:\/\/utfpr-ct-static-content.s3.amazonaws.com\/utfpr.curitiba.br\/wp-content\/uploads\/sites\/99\/2023\/04\/dadinlogo.png 230w, https:\/\/utfpr-ct-static-content.s3.amazonaws.com\/utfpr.curitiba.br\/wp-content\/uploads\/sites\/99\/2023\/04\/dadinlogo-150x150.png 150w\" sizes=\"(max-width: 230px) 100vw, 230px\" \/>\t\t\t\t\t\t\t\t\t\t\t\t\t\t\t<\/div>\n\t\t\t\t<\/div>\n\t\t\t\t\t<\/div>\n\t\t<\/div>\n\t\t\t\t<div class=\"elementor-column elementor-col-33 elementor-top-column elementor-element elementor-element-9fb2ed8\" data-id=\"9fb2ed8\" data-element_type=\"column\" data-e-type=\"column\">\n\t\t\t<div class=\"elementor-widget-wrap elementor-element-populated\">\n\t\t\t\t\t\t<div class=\"elementor-element elementor-element-53d635d elementor-widget elementor-widget-image\" data-id=\"53d635d\" data-element_type=\"widget\" data-e-type=\"widget\" data-widget_type=\"image.default\">\n\t\t\t\t<div class=\"elementor-widget-container\">\n\t\t\t\t\t\t\t\t\t\t\t\t\t\t\t<img loading=\"lazy\" decoding=\"async\" width=\"800\" height=\"297\" src=\"https:\/\/utfpr-ct-static-content.s3.amazonaws.com\/utfpr.curitiba.br\/wp-content\/uploads\/sites\/99\/2023\/04\/utfpr1.png\" class=\"attachment-large size-large wp-image-3531\" alt=\"\" srcset=\"https:\/\/utfpr-ct-static-content.s3.amazonaws.com\/utfpr.curitiba.br\/wp-content\/uploads\/sites\/99\/2023\/04\/utfpr1.png 877w, https:\/\/utfpr-ct-static-content.s3.amazonaws.com\/utfpr.curitiba.br\/wp-content\/uploads\/sites\/99\/2023\/04\/utfpr1-300x112.png 300w, https:\/\/utfpr-ct-static-content.s3.amazonaws.com\/utfpr.curitiba.br\/wp-content\/uploads\/sites\/99\/2023\/04\/utfpr1-768x285.png 768w\" sizes=\"(max-width: 800px) 100vw, 800px\" \/>\t\t\t\t\t\t\t\t\t\t\t\t\t\t\t<\/div>\n\t\t\t\t<\/div>\n\t\t\t\t\t<\/div>\n\t\t<\/div>\n\t\t\t\t\t<\/div>\n\t\t<\/section>\n\t\t\t\t<\/div>\n\t\t","protected":false},"excerpt":{"rendered":"<p>Festivales La iniciativa Colecci\u00f3n completa X \/*! elementor &#8211; v3.15.0 &#8211; 20-08-2023 *\/ .elementor-widget-image{text-align:center}.elementor-widget-image a{display:inline-block}.elementor-widget-image a img[src$=&#8221;.svg&#8221;]{width:48px}.elementor-widget-image img{vertical-align:middle;display:inline-block} \/*! elementor &#8211; v3.15.0 &#8211; 20-08-2023 *\/ .elementor-column .elementor-spacer-inner{height:var(&#8211;spacer-size)}.e-con{&#8211;container-widget-width:100%}.e-con-inner&gt;.elementor-widget-spacer,.e-con&gt;.elementor-widget-spacer{width:var(&#8211;container-widget-width,var(&#8211;spacer-size));&#8211;align-self:var(&#8211;container-widget-align-self,initial);&#8211;flex-shrink:0}.e-con-inner&gt;.elementor-widget-spacer&gt;.elementor-widget-container,.e-con-inner&gt;.elementor-widget-spacer&gt;.elementor-widget-container&gt;.elementor-spacer,.e-con&gt;.elementor-widget-spacer&gt;.elementor-widget-container,.e-con&gt;.elementor-widget-spacer&gt;.elementor-widget-container&gt;.elementor-spacer{height:100%}.e-con-inner&gt;.elementor-widget-spacer&gt;.elementor-widget-container&gt;.elementor-spacer&gt;.elementor-spacer-inner,.e-con&gt;.elementor-widget-spacer&gt;.elementor-widget-container&gt;.elementor-spacer&gt;.elementor-spacer-inner{height:var(&#8211;container-widget-height,var(&#8211;spacer-size))} \/*! elementor &#8211; v3.15.0 &#8211; 20-08-2023 *\/ .elementor-heading-title{padding:0;margin:0;line-height:1}.elementor-widget-heading .elementor-heading-title[class*=elementor-size-]&gt;a{color:inherit;font-size:inherit;line-height:inherit}.elementor-widget-heading .elementor-heading-title.elementor-size-small{font-size:15px}.elementor-widget-heading .elementor-heading-title.elementor-size-medium{font-size:19px}.elementor-widget-heading .elementor-heading-title.elementor-size-large{font-size:29px}.elementor-widget-heading .elementor-heading-title.elementor-size-xl{font-size:39px}.elementor-widget-heading .elementor-heading-title.elementor-size-xxl{font-size:59px} Festivales El papel de los festivales es fundamental dentro del escenario de difusi\u00f3n de [&hellip;]<\/p>\n","protected":false},"author":174,"featured_media":0,"parent":0,"menu_order":0,"comment_status":"closed","ping_status":"closed","template":"elementor_canvas","meta":{"footnotes":""},"ano_festival":[],"ano_producao":[],"tecnica":[],"genero":[],"disponivel_online":[],"festival":[],"categoria_concorrente":[],"local":[],"available_online":[],"class_list":["post-9787","page","type-page","status-publish","hentry"],"_links":{"self":[{"href":"https:\/\/utfpr.curitiba.br\/nucleodesignanimacao\/index.php?rest_route=\/wp\/v2\/pages\/9787","targetHints":{"allow":["GET"]}}],"collection":[{"href":"https:\/\/utfpr.curitiba.br\/nucleodesignanimacao\/index.php?rest_route=\/wp\/v2\/pages"}],"about":[{"href":"https:\/\/utfpr.curitiba.br\/nucleodesignanimacao\/index.php?rest_route=\/wp\/v2\/types\/page"}],"author":[{"embeddable":true,"href":"https:\/\/utfpr.curitiba.br\/nucleodesignanimacao\/index.php?rest_route=\/wp\/v2\/users\/174"}],"replies":[{"embeddable":true,"href":"https:\/\/utfpr.curitiba.br\/nucleodesignanimacao\/index.php?rest_route=%2Fwp%2Fv2%2Fcomments&post=9787"}],"version-history":[{"count":12,"href":"https:\/\/utfpr.curitiba.br\/nucleodesignanimacao\/index.php?rest_route=\/wp\/v2\/pages\/9787\/revisions"}],"predecessor-version":[{"id":15667,"href":"https:\/\/utfpr.curitiba.br\/nucleodesignanimacao\/index.php?rest_route=\/wp\/v2\/pages\/9787\/revisions\/15667"}],"wp:attachment":[{"href":"https:\/\/utfpr.curitiba.br\/nucleodesignanimacao\/index.php?rest_route=%2Fwp%2Fv2%2Fmedia&parent=9787"}],"wp:term":[{"taxonomy":"ano_festival","embeddable":true,"href":"https:\/\/utfpr.curitiba.br\/nucleodesignanimacao\/index.php?rest_route=%2Fwp%2Fv2%2Fano_festival&post=9787"},{"taxonomy":"ano_producao","embeddable":true,"href":"https:\/\/utfpr.curitiba.br\/nucleodesignanimacao\/index.php?rest_route=%2Fwp%2Fv2%2Fano_producao&post=9787"},{"taxonomy":"tecnica","embeddable":true,"href":"https:\/\/utfpr.curitiba.br\/nucleodesignanimacao\/index.php?rest_route=%2Fwp%2Fv2%2Ftecnica&post=9787"},{"taxonomy":"genero","embeddable":true,"href":"https:\/\/utfpr.curitiba.br\/nucleodesignanimacao\/index.php?rest_route=%2Fwp%2Fv2%2Fgenero&post=9787"},{"taxonomy":"disponivel_online","embeddable":true,"href":"https:\/\/utfpr.curitiba.br\/nucleodesignanimacao\/index.php?rest_route=%2Fwp%2Fv2%2Fdisponivel_online&post=9787"},{"taxonomy":"festival","embeddable":true,"href":"https:\/\/utfpr.curitiba.br\/nucleodesignanimacao\/index.php?rest_route=%2Fwp%2Fv2%2Ffestival&post=9787"},{"taxonomy":"categoria_concorrente","embeddable":true,"href":"https:\/\/utfpr.curitiba.br\/nucleodesignanimacao\/index.php?rest_route=%2Fwp%2Fv2%2Fcategoria_concorrente&post=9787"},{"taxonomy":"local","embeddable":true,"href":"https:\/\/utfpr.curitiba.br\/nucleodesignanimacao\/index.php?rest_route=%2Fwp%2Fv2%2Flocal&post=9787"},{"taxonomy":"available_online","embeddable":true,"href":"https:\/\/utfpr.curitiba.br\/nucleodesignanimacao\/index.php?rest_route=%2Fwp%2Fv2%2Favailable_online&post=9787"}],"curies":[{"name":"wp","href":"https:\/\/api.w.org\/{rel}","templated":true}]}}