{"id":3788,"date":"2023-04-26T16:09:12","date_gmt":"2023-04-26T19:09:12","guid":{"rendered":"https:\/\/utfpr.curitiba.br\/nucleodesignanimacao\/?page_id=3788"},"modified":"2025-09-29T10:58:20","modified_gmt":"2025-09-29T13:58:20","slug":"coleccion-abrala","status":"publish","type":"page","link":"https:\/\/utfpr.curitiba.br\/nucleodesignanimacao\/?page_id=3788","title":{"rendered":"Colecci\u00f3n completa"},"content":{"rendered":"\t\t<div data-elementor-type=\"wp-page\" data-elementor-id=\"3788\" class=\"elementor elementor-3788\">\n\t\t\t\t\t\t<section class=\"elementor-section elementor-top-section elementor-element elementor-element-be73f34 elementor-section-boxed elementor-section-height-default elementor-section-height-default\" data-id=\"be73f34\" data-element_type=\"section\" data-e-type=\"section\">\n\t\t\t\t\t\t<div class=\"elementor-container elementor-column-gap-default\">\n\t\t\t\t\t<div class=\"elementor-column elementor-col-100 elementor-top-column elementor-element elementor-element-9ce671b\" data-id=\"9ce671b\" data-element_type=\"column\" data-e-type=\"column\">\n\t\t\t<div class=\"elementor-widget-wrap\">\n\t\t\t\t\t\t\t<\/div>\n\t\t<\/div>\n\t\t\t\t\t<\/div>\n\t\t<\/section>\n\t\t\t\t<section class=\"elementor-section elementor-top-section elementor-element elementor-element-45c11c27 elementor-section-height-min-height elementor-section-boxed elementor-section-height-default elementor-section-items-middle\" data-id=\"45c11c27\" data-element_type=\"section\" data-e-type=\"section\" data-settings=\"{&quot;background_background&quot;:&quot;video&quot;,&quot;shape_divider_bottom&quot;:&quot;curve&quot;,&quot;shape_divider_bottom_negative&quot;:&quot;yes&quot;}\">\n\t\t\t\t\t<div class=\"elementor-shape elementor-shape-bottom\" aria-hidden=\"true\" data-negative=\"true\">\n\t\t\t<svg xmlns=\"http:\/\/www.w3.org\/2000\/svg\" viewBox=\"0 0 1000 100\" preserveAspectRatio=\"none\">\n\t<path class=\"elementor-shape-fill\" d=\"M500,97C126.7,96.3,0.8,19.8,0,0v100l1000,0V1C1000,19.4,873.3,97.8,500,97z\"\/>\n<\/svg>\t\t<\/div>\n\t\t\t\t\t<div class=\"elementor-container elementor-column-gap-default\">\n\t\t\t\t\t<div class=\"elementor-column elementor-col-100 elementor-top-column elementor-element elementor-element-4537ad8a\" data-id=\"4537ad8a\" data-element_type=\"column\" data-e-type=\"column\">\n\t\t\t<div class=\"elementor-widget-wrap elementor-element-populated\">\n\t\t\t\t\t\t<div class=\"elementor-element elementor-element-736dd5a2 elementor-widget elementor-widget-image\" data-id=\"736dd5a2\" data-element_type=\"widget\" data-e-type=\"widget\" data-widget_type=\"image.default\">\n\t\t\t\t<div class=\"elementor-widget-container\">\n\t\t\t\t\t\t\t\t\t\t\t\t\t\t\t<img fetchpriority=\"high\" decoding=\"async\" width=\"768\" height=\"693\" src=\"https:\/\/utfpr-ct-static-content.s3.amazonaws.com\/utfpr.curitiba.br\/wp-content\/uploads\/sites\/99\/2023\/04\/Logo-ABRALA-principalquadrada_Prancheta-1-768x693.png\" class=\"attachment-medium_large size-medium_large wp-image-3346\" alt=\"\" srcset=\"https:\/\/utfpr-ct-static-content.s3.amazonaws.com\/utfpr.curitiba.br\/wp-content\/uploads\/sites\/99\/2023\/04\/Logo-ABRALA-principalquadrada_Prancheta-1-768x693.png 768w, https:\/\/utfpr-ct-static-content.s3.amazonaws.com\/utfpr.curitiba.br\/wp-content\/uploads\/sites\/99\/2023\/04\/Logo-ABRALA-principalquadrada_Prancheta-1-300x271.png 300w, https:\/\/utfpr-ct-static-content.s3.amazonaws.com\/utfpr.curitiba.br\/wp-content\/uploads\/sites\/99\/2023\/04\/Logo-ABRALA-principalquadrada_Prancheta-1-1024x924.png 1024w\" sizes=\"(max-width: 768px) 100vw, 768px\" \/>\t\t\t\t\t\t\t\t\t\t\t\t\t\t\t<\/div>\n\t\t\t\t<\/div>\n\t\t\t\t\t<\/div>\n\t\t<\/div>\n\t\t\t\t\t<\/div>\n\t\t<\/section>\n\t\t\t\t<section class=\"elementor-section elementor-top-section elementor-element elementor-element-eff924c elementor-section-boxed elementor-section-height-default elementor-section-height-default\" data-id=\"eff924c\" data-element_type=\"section\" data-e-type=\"section\">\n\t\t\t\t\t\t<div class=\"elementor-container elementor-column-gap-default\">\n\t\t\t\t\t<div class=\"elementor-column elementor-col-100 elementor-top-column elementor-element elementor-element-8c6ef0b\" data-id=\"8c6ef0b\" data-element_type=\"column\" data-e-type=\"column\">\n\t\t\t<div class=\"elementor-widget-wrap elementor-element-populated\">\n\t\t\t\t\t\t<div class=\"elementor-element elementor-element-e4870b6 elementor-widget elementor-widget-spacer\" data-id=\"e4870b6\" data-element_type=\"widget\" data-e-type=\"widget\" data-widget_type=\"spacer.default\">\n\t\t\t\t<div class=\"elementor-widget-container\">\n\t\t\t\t\t\t\t<div class=\"elementor-spacer\">\n\t\t\t<div class=\"elementor-spacer-inner\"><\/div>\n\t\t<\/div>\n\t\t\t\t\t\t<\/div>\n\t\t\t\t<\/div>\n\t\t\t\t<div class=\"elementor-element elementor-element-c1585d4 elementor-widget elementor-widget-image\" data-id=\"c1585d4\" data-element_type=\"widget\" data-e-type=\"widget\" data-widget_type=\"image.default\">\n\t\t\t\t<div class=\"elementor-widget-container\">\n\t\t\t\t\t\t\t\t\t\t\t\t\t\t\t<img decoding=\"async\" width=\"150\" height=\"150\" src=\"https:\/\/utfpr-ct-static-content.s3.amazonaws.com\/utfpr.curitiba.br\/wp-content\/uploads\/sites\/99\/2023\/04\/ABRALA-ICONS-12-150x150.png\" class=\"attachment-thumbnail size-thumbnail wp-image-3371\" alt=\"\" \/>\t\t\t\t\t\t\t\t\t\t\t\t\t\t\t<\/div>\n\t\t\t\t<\/div>\n\t\t\t\t<div class=\"elementor-element elementor-element-8c6126c elementor-widget elementor-widget-heading\" data-id=\"8c6126c\" data-element_type=\"widget\" data-e-type=\"widget\" data-widget_type=\"heading.default\">\n\t\t\t\t<div class=\"elementor-widget-container\">\n\t\t\t\t\t<h1 class=\"elementor-heading-title elementor-size-default\">Colecci\u00f3n completa<\/h1>\t\t\t\t<\/div>\n\t\t\t\t<\/div>\n\t\t\t\t\t<\/div>\n\t\t<\/div>\n\t\t\t\t\t<\/div>\n\t\t<\/section>\n\t\t\t\t<section class=\"elementor-section elementor-top-section elementor-element elementor-element-5c15729b elementor-section-boxed elementor-section-height-default elementor-section-height-default\" data-id=\"5c15729b\" data-element_type=\"section\" data-e-type=\"section\">\n\t\t\t\t\t\t<div class=\"elementor-container elementor-column-gap-default\">\n\t\t\t\t\t<div class=\"elementor-column elementor-col-100 elementor-top-column elementor-element elementor-element-231b64ac\" data-id=\"231b64ac\" data-element_type=\"column\" data-e-type=\"column\">\n\t\t\t<div class=\"elementor-widget-wrap elementor-element-populated\">\n\t\t\t\t\t\t<div class=\"elementor-element elementor-element-b60e0db elementor-widget-mobile__width-auto elementor-widget elementor-widget-htmega-postgrid-addons\" data-id=\"b60e0db\" data-element_type=\"widget\" data-e-type=\"widget\" data-settings=\"{&quot;grid_post_type&quot;:&quot;post&quot;}\" data-widget_type=\"htmega-postgrid-addons.default\">\n\t\t\t\t<div class=\"elementor-widget-container\">\n\t\t\t\t\t            \n        <div class=\"htmega-post-grid-area htmega-post-grid-layout-5\">\n            <div class=\"htb-col\">\n                <div class=\"row--10 htb-row\">\n                    \n                                                                                    <div class=\"htb-col-lg-8 htb-col-sm-6 htb-col-12\">\n                                    <div class=\"ht-post gradient-overlay gradient-overlay-1 mt--20\">\n                                        <div class=\"thumb\">\n                                            <a href=\"https:\/\/utfpr.curitiba.br\/nucleodesignanimacao\/?p=14935\">\n                                                <img decoding=\"async\" width=\"585\" height=\"295\" src=\"https:\/\/utfpr-ct-static-content.s3.amazonaws.com\/utfpr.curitiba.br\/wp-content\/uploads\/sites\/99\/2023\/11\/imagem_2023-11-07_141000574-585x295.png\" class=\"attachment-htmega_size_585x295 size-htmega_size_585x295 wp-post-image\" alt=\"\" \/>                                            <\/a>\n                                        <\/div>\n                                                                                    <div class=\"post-content\">\n                                                <div class=\"content\">\n                                                    <h4 class=\"htmega-post-g-title\"><a href='https:\/\/utfpr.curitiba.br\/nucleodesignanimacao\/?p=14935'>BRAVURA &#8211; Giovanni Girardi;Flavio Tavares<\/a><\/h4>                                                                                                    <\/div>\n                                            <\/div>\n                                                                            <\/div>\n                                <\/div>\n                                                                                    \n                        \n                        \n                                                                                                                <div class=\"htb-col-lg-4 htb-col-sm-6 htb-col-12\">\n                                    <div class=\"ht-post gradient-overlay gradient-overlay-2 mt--20\">\n                                        <div class=\"thumb\">\n                                            <a href=\"https:\/\/utfpr.curitiba.br\/nucleodesignanimacao\/?p=14930\">\n                                                <img loading=\"lazy\" decoding=\"async\" width=\"3334\" height=\"2348\" src=\"https:\/\/utfpr-ct-static-content.s3.amazonaws.com\/utfpr.curitiba.br\/wp-content\/uploads\/sites\/99\/2023\/11\/Imagem-substituicao_Prancheta-1.png\" class=\"attachment-full size-full wp-post-image\" alt=\"\" srcset=\"https:\/\/utfpr-ct-static-content.s3.amazonaws.com\/utfpr.curitiba.br\/wp-content\/uploads\/sites\/99\/2023\/11\/Imagem-substituicao_Prancheta-1.png 3334w, https:\/\/utfpr-ct-static-content.s3.amazonaws.com\/utfpr.curitiba.br\/wp-content\/uploads\/sites\/99\/2023\/11\/Imagem-substituicao_Prancheta-1-300x211.png 300w\" sizes=\"(max-width: 3334px) 100vw, 3334px\" \/>                                            <\/a>\n                                        <\/div>\n                                                                                    <div class=\"post-content\">\n                                                <div class=\"content\">\n                                                    <h4 class=\"htmega-post-g-title\"><a href='https:\/\/utfpr.curitiba.br\/nucleodesignanimacao\/?p=14930'>AURORA &#8211; LA CALLE QUE QUER\u00cdA SER UN R\u00cdO &#8211; Radhika Meron;Radhi Meron<\/a><\/h4>                                                                                                    <\/div>\n                                            <\/div>\n                                                                                <\/div>\n                                <\/div>\n                                                        \n                        \n                        \n                                                                                                                                            <div class=\"htb-col-lg-4 htb-col-sm-6 htb-col-12\">\n                                    <div class=\"ht-post gradient-overlay gradient-overlay-3 mt--20\">\n                                        <div class=\"thumb\">\n                                            <a href=\"https:\/\/utfpr.curitiba.br\/nucleodesignanimacao\/?p=14816\">\n                                                <img loading=\"lazy\" decoding=\"async\" width=\"1366\" height=\"768\" src=\"https:\/\/utfpr-ct-static-content.s3.amazonaws.com\/utfpr.curitiba.br\/wp-content\/uploads\/sites\/99\/2023\/11\/imagem_2023-11-06_155739214.png\" class=\"attachment-full size-full wp-post-image\" alt=\"\" srcset=\"https:\/\/utfpr-ct-static-content.s3.amazonaws.com\/utfpr.curitiba.br\/wp-content\/uploads\/sites\/99\/2023\/11\/imagem_2023-11-06_155739214.png 1366w, https:\/\/utfpr-ct-static-content.s3.amazonaws.com\/utfpr.curitiba.br\/wp-content\/uploads\/sites\/99\/2023\/11\/imagem_2023-11-06_155739214-300x169.png 300w, https:\/\/utfpr-ct-static-content.s3.amazonaws.com\/utfpr.curitiba.br\/wp-content\/uploads\/sites\/99\/2023\/11\/imagem_2023-11-06_155739214-1024x576.png 1024w, https:\/\/utfpr-ct-static-content.s3.amazonaws.com\/utfpr.curitiba.br\/wp-content\/uploads\/sites\/99\/2023\/11\/imagem_2023-11-06_155739214-768x432.png 768w\" sizes=\"(max-width: 1366px) 100vw, 1366px\" \/>                                            <\/a>\n                                        <\/div>\n                                                                                    <div class=\"post-content\">\n                                                <div class=\"content\">\n                                                    <h4 class=\"htmega-post-g-title\"><a href='https:\/\/utfpr.curitiba.br\/nucleodesignanimacao\/?p=14816'>A MENINA ATR\u00c1S DO ESPELHO &#8211; Iuri Moreno<\/a><\/h4>                                                                                                    <\/div>\n                                            <\/div>\n                                                                                <\/div>\n                                <\/div>\n                            \n                        \n                        \n                                                                                                                                            <div class=\"htb-col-lg-4 htb-col-sm-6 htb-col-12\">\n                                    <div class=\"ht-post gradient-overlay gradient-overlay-4 mt--20\">\n                                        <div class=\"thumb\">\n                                            <a href=\"https:\/\/utfpr.curitiba.br\/nucleodesignanimacao\/?p=14808\">\n                                                <img loading=\"lazy\" decoding=\"async\" width=\"1366\" height=\"768\" src=\"https:\/\/utfpr-ct-static-content.s3.amazonaws.com\/utfpr.curitiba.br\/wp-content\/uploads\/sites\/99\/2023\/11\/imagem_2023-11-06_153059431.png\" class=\"attachment-full size-full wp-post-image\" alt=\"\" srcset=\"https:\/\/utfpr-ct-static-content.s3.amazonaws.com\/utfpr.curitiba.br\/wp-content\/uploads\/sites\/99\/2023\/11\/imagem_2023-11-06_153059431.png 1366w, https:\/\/utfpr-ct-static-content.s3.amazonaws.com\/utfpr.curitiba.br\/wp-content\/uploads\/sites\/99\/2023\/11\/imagem_2023-11-06_153059431-300x169.png 300w, https:\/\/utfpr-ct-static-content.s3.amazonaws.com\/utfpr.curitiba.br\/wp-content\/uploads\/sites\/99\/2023\/11\/imagem_2023-11-06_153059431-1024x576.png 1024w, https:\/\/utfpr-ct-static-content.s3.amazonaws.com\/utfpr.curitiba.br\/wp-content\/uploads\/sites\/99\/2023\/11\/imagem_2023-11-06_153059431-768x432.png 768w\" sizes=\"(max-width: 1366px) 100vw, 1366px\" \/>                                            <\/a>\n                                        <\/div>\n                                                                                    <div class=\"post-content\">\n                                                <div class=\"content\">\n                                                    <h4 class=\"htmega-post-g-title\"><a href='https:\/\/utfpr.curitiba.br\/nucleodesignanimacao\/?p=14808'>A INACREDIT\u00c1VEL HIST\u00d3RIA DO MILHO GIGANTE &#8211; Aldenor Pimentel<\/a><\/h4>                                                                                                    <\/div>\n                                            <\/div>\n                                                                                <\/div>\n                                <\/div>\n                            \n                        \n                        \n                                                                                                                                            <div class=\"htb-col-lg-4 htb-col-sm-6 htb-col-12\">\n                                    <div class=\"ht-post gradient-overlay gradient-overlay-5 mt--20\">\n                                        <div class=\"thumb\">\n                                            <a href=\"https:\/\/utfpr.curitiba.br\/nucleodesignanimacao\/?p=14794\">\n                                                <img loading=\"lazy\" decoding=\"async\" width=\"2560\" height=\"1440\" src=\"https:\/\/utfpr-ct-static-content.s3.amazonaws.com\/utfpr.curitiba.br\/wp-content\/uploads\/sites\/99\/2023\/10\/10801920-02-scaled.jpg\" class=\"attachment-full size-full wp-post-image\" alt=\"\" srcset=\"https:\/\/utfpr-ct-static-content.s3.amazonaws.com\/utfpr.curitiba.br\/wp-content\/uploads\/sites\/99\/2023\/10\/10801920-02-scaled.jpg 2560w, https:\/\/utfpr-ct-static-content.s3.amazonaws.com\/utfpr.curitiba.br\/wp-content\/uploads\/sites\/99\/2023\/10\/10801920-02-300x169.jpg 300w\" sizes=\"(max-width: 2560px) 100vw, 2560px\" \/>                                            <\/a>\n                                        <\/div>\n                                                                                    <div class=\"post-content\">\n                                                <div class=\"content\">\n                                                    <h4 class=\"htmega-post-g-title\"><a href='https:\/\/utfpr.curitiba.br\/nucleodesignanimacao\/?p=14794'>1325 QUIL\u00d4METROS 227 DIAS &#8211; V\u00edtor Teixeira e Gustavo de Almeida<\/a><\/h4>                                                                                                    <\/div>\n                                            <\/div>\n                                                                                <\/div>\n                                <\/div>\n                            \n                        \n                        \n                                                                                                                                            <div class=\"htb-col-lg-4 htb-col-sm-6 htb-col-12\">\n                                    <div class=\"ht-post gradient-overlay gradient-overlay-6 mt--20\">\n                                        <div class=\"thumb\">\n                                            <a href=\"https:\/\/utfpr.curitiba.br\/nucleodesignanimacao\/?p=14753\">\n                                                <img loading=\"lazy\" decoding=\"async\" width=\"1366\" height=\"768\" src=\"https:\/\/utfpr-ct-static-content.s3.amazonaws.com\/utfpr.curitiba.br\/wp-content\/uploads\/sites\/99\/2023\/11\/imagem_2023-11-06_173454667.png\" class=\"attachment-full size-full wp-post-image\" alt=\"\" srcset=\"https:\/\/utfpr-ct-static-content.s3.amazonaws.com\/utfpr.curitiba.br\/wp-content\/uploads\/sites\/99\/2023\/11\/imagem_2023-11-06_173454667.png 1366w, https:\/\/utfpr-ct-static-content.s3.amazonaws.com\/utfpr.curitiba.br\/wp-content\/uploads\/sites\/99\/2023\/11\/imagem_2023-11-06_173454667-300x169.png 300w, https:\/\/utfpr-ct-static-content.s3.amazonaws.com\/utfpr.curitiba.br\/wp-content\/uploads\/sites\/99\/2023\/11\/imagem_2023-11-06_173454667-1024x576.png 1024w, https:\/\/utfpr-ct-static-content.s3.amazonaws.com\/utfpr.curitiba.br\/wp-content\/uploads\/sites\/99\/2023\/11\/imagem_2023-11-06_173454667-768x432.png 768w\" sizes=\"(max-width: 1366px) 100vw, 1366px\" \/>                                            <\/a>\n                                        <\/div>\n                                                                                    <div class=\"post-content\">\n                                                <div class=\"content\">\n                                                    <h4 class=\"htmega-post-g-title\"><a href='https:\/\/utfpr.curitiba.br\/nucleodesignanimacao\/?p=14753'>ANANTARA &#8211; Douglas Alves Ferreira<\/a><\/h4>                                                                                                    <\/div>\n                                            <\/div>\n                                                                                <\/div>\n                                <\/div>\n                            \n                        \n                        \n                                                                                                                                            <div class=\"htb-col-lg-4 htb-col-sm-6 htb-col-12\">\n                                    <div class=\"ht-post gradient-overlay gradient-overlay-1 mt--20\">\n                                        <div class=\"thumb\">\n                                            <a href=\"https:\/\/utfpr.curitiba.br\/nucleodesignanimacao\/?p=14747\">\n                                                <img loading=\"lazy\" decoding=\"async\" width=\"3334\" height=\"2348\" src=\"https:\/\/utfpr-ct-static-content.s3.amazonaws.com\/utfpr.curitiba.br\/wp-content\/uploads\/sites\/99\/2023\/11\/Imagem-substituicao_Prancheta-1.png\" class=\"attachment-full size-full wp-post-image\" alt=\"\" srcset=\"https:\/\/utfpr-ct-static-content.s3.amazonaws.com\/utfpr.curitiba.br\/wp-content\/uploads\/sites\/99\/2023\/11\/Imagem-substituicao_Prancheta-1.png 3334w, https:\/\/utfpr-ct-static-content.s3.amazonaws.com\/utfpr.curitiba.br\/wp-content\/uploads\/sites\/99\/2023\/11\/Imagem-substituicao_Prancheta-1-300x211.png 300w\" sizes=\"(max-width: 3334px) 100vw, 3334px\" \/>                                            <\/a>\n                                        <\/div>\n                                                                                    <div class=\"post-content\">\n                                                <div class=\"content\">\n                                                    <h4 class=\"htmega-post-g-title\"><a href='https:\/\/utfpr.curitiba.br\/nucleodesignanimacao\/?p=14747'>EL \u00c1RBOL DE ALFAJOR &#8211; Marcela Soares<\/a><\/h4>                                                                                                    <\/div>\n                                            <\/div>\n                                                                                <\/div>\n                                <\/div>\n                            \n                        \n                        \n                                                                                                                                            <div class=\"htb-col-lg-4 htb-col-sm-6 htb-col-12\">\n                                    <div class=\"ht-post gradient-overlay gradient-overlay-2 mt--20\">\n                                        <div class=\"thumb\">\n                                            <a href=\"https:\/\/utfpr.curitiba.br\/nucleodesignanimacao\/?p=14118\">\n                                                <img loading=\"lazy\" decoding=\"async\" width=\"3334\" height=\"2348\" src=\"https:\/\/utfpr-ct-static-content.s3.amazonaws.com\/utfpr.curitiba.br\/wp-content\/uploads\/sites\/99\/2023\/06\/Imagem-substituicao_Prancheta-1.png\" class=\"attachment-full size-full wp-post-image\" alt=\"\" srcset=\"https:\/\/utfpr-ct-static-content.s3.amazonaws.com\/utfpr.curitiba.br\/wp-content\/uploads\/sites\/99\/2023\/06\/Imagem-substituicao_Prancheta-1.png 3334w, https:\/\/utfpr-ct-static-content.s3.amazonaws.com\/utfpr.curitiba.br\/wp-content\/uploads\/sites\/99\/2023\/06\/Imagem-substituicao_Prancheta-1-300x211.png 300w, https:\/\/utfpr-ct-static-content.s3.amazonaws.com\/utfpr.curitiba.br\/wp-content\/uploads\/sites\/99\/2023\/06\/Imagem-substituicao_Prancheta-1-1024x721.png 1024w, https:\/\/utfpr-ct-static-content.s3.amazonaws.com\/utfpr.curitiba.br\/wp-content\/uploads\/sites\/99\/2023\/06\/Imagem-substituicao_Prancheta-1-768x541.png 768w, https:\/\/utfpr-ct-static-content.s3.amazonaws.com\/utfpr.curitiba.br\/wp-content\/uploads\/sites\/99\/2023\/06\/Imagem-substituicao_Prancheta-1-1536x1082.png 1536w, https:\/\/utfpr-ct-static-content.s3.amazonaws.com\/utfpr.curitiba.br\/wp-content\/uploads\/sites\/99\/2023\/06\/Imagem-substituicao_Prancheta-1-2048x1442.png 2048w\" sizes=\"(max-width: 3334px) 100vw, 3334px\" \/>                                            <\/a>\n                                        <\/div>\n                                                                                    <div class=\"post-content\">\n                                                <div class=\"content\">\n                                                    <h4 class=\"htmega-post-g-title\"><a href='https:\/\/utfpr.curitiba.br\/nucleodesignanimacao\/?p=14118'>Qualquer filme pra mim t\u00e1 \u00f3timo: Condena\u00e7\u00e3o M\u00e1xima &#8211; Beto Gomez e Rafael<\/a><\/h4>                                                                                                    <\/div>\n                                            <\/div>\n                                                                                <\/div>\n                                <\/div>\n                            \n                        \n                        \n                                                                                                                                            <div class=\"htb-col-lg-4 htb-col-sm-6 htb-col-12\">\n                                    <div class=\"ht-post gradient-overlay gradient-overlay-3 mt--20\">\n                                        <div class=\"thumb\">\n                                            <a href=\"https:\/\/utfpr.curitiba.br\/nucleodesignanimacao\/?p=14107\">\n                                                <img loading=\"lazy\" decoding=\"async\" width=\"3334\" height=\"2348\" src=\"https:\/\/utfpr-ct-static-content.s3.amazonaws.com\/utfpr.curitiba.br\/wp-content\/uploads\/sites\/99\/2023\/06\/Imagem-substituicao_Prancheta-1.png\" class=\"attachment-full size-full wp-post-image\" alt=\"\" srcset=\"https:\/\/utfpr-ct-static-content.s3.amazonaws.com\/utfpr.curitiba.br\/wp-content\/uploads\/sites\/99\/2023\/06\/Imagem-substituicao_Prancheta-1.png 3334w, https:\/\/utfpr-ct-static-content.s3.amazonaws.com\/utfpr.curitiba.br\/wp-content\/uploads\/sites\/99\/2023\/06\/Imagem-substituicao_Prancheta-1-300x211.png 300w, https:\/\/utfpr-ct-static-content.s3.amazonaws.com\/utfpr.curitiba.br\/wp-content\/uploads\/sites\/99\/2023\/06\/Imagem-substituicao_Prancheta-1-1024x721.png 1024w, https:\/\/utfpr-ct-static-content.s3.amazonaws.com\/utfpr.curitiba.br\/wp-content\/uploads\/sites\/99\/2023\/06\/Imagem-substituicao_Prancheta-1-768x541.png 768w, https:\/\/utfpr-ct-static-content.s3.amazonaws.com\/utfpr.curitiba.br\/wp-content\/uploads\/sites\/99\/2023\/06\/Imagem-substituicao_Prancheta-1-1536x1082.png 1536w, https:\/\/utfpr-ct-static-content.s3.amazonaws.com\/utfpr.curitiba.br\/wp-content\/uploads\/sites\/99\/2023\/06\/Imagem-substituicao_Prancheta-1-2048x1442.png 2048w\" sizes=\"(max-width: 3334px) 100vw, 3334px\" \/>                                            <\/a>\n                                        <\/div>\n                                                                                    <div class=\"post-content\">\n                                                <div class=\"content\">\n                                                    <h4 class=\"htmega-post-g-title\"><a href='https:\/\/utfpr.curitiba.br\/nucleodesignanimacao\/?p=14107'>Por que o cora\u00e7\u00e3o bate r\u00e1pido? &#8211; D\u00e9bora D&#8217;Avila e Simon Breth\u00e9<\/a><\/h4>                                                                                                    <\/div>\n                                            <\/div>\n                                                                                <\/div>\n                                <\/div>\n                            \n                        \n                        \n                                                                                                                                            <div class=\"htb-col-lg-4 htb-col-sm-6 htb-col-12\">\n                                    <div class=\"ht-post gradient-overlay gradient-overlay-4 mt--20\">\n                                        <div class=\"thumb\">\n                                            <a href=\"https:\/\/utfpr.curitiba.br\/nucleodesignanimacao\/?p=14096\">\n                                                <img loading=\"lazy\" decoding=\"async\" width=\"1920\" height=\"694\" src=\"https:\/\/utfpr-ct-static-content.s3.amazonaws.com\/utfpr.curitiba.br\/wp-content\/uploads\/sites\/99\/2023\/06\/Carne-Camila-Kater.png\" class=\"attachment-full size-full wp-post-image\" alt=\"\" srcset=\"https:\/\/utfpr-ct-static-content.s3.amazonaws.com\/utfpr.curitiba.br\/wp-content\/uploads\/sites\/99\/2023\/06\/Carne-Camila-Kater.png 1920w, https:\/\/utfpr-ct-static-content.s3.amazonaws.com\/utfpr.curitiba.br\/wp-content\/uploads\/sites\/99\/2023\/06\/Carne-Camila-Kater-300x108.png 300w, https:\/\/utfpr-ct-static-content.s3.amazonaws.com\/utfpr.curitiba.br\/wp-content\/uploads\/sites\/99\/2023\/06\/Carne-Camila-Kater-1024x370.png 1024w, https:\/\/utfpr-ct-static-content.s3.amazonaws.com\/utfpr.curitiba.br\/wp-content\/uploads\/sites\/99\/2023\/06\/Carne-Camila-Kater-768x278.png 768w, https:\/\/utfpr-ct-static-content.s3.amazonaws.com\/utfpr.curitiba.br\/wp-content\/uploads\/sites\/99\/2023\/06\/Carne-Camila-Kater-1536x555.png 1536w\" sizes=\"(max-width: 1920px) 100vw, 1920px\" \/>                                            <\/a>\n                                        <\/div>\n                                                                                    <div class=\"post-content\">\n                                                <div class=\"content\">\n                                                    <h4 class=\"htmega-post-g-title\"><a href='https:\/\/utfpr.curitiba.br\/nucleodesignanimacao\/?p=14096'>Carne &#8211; Camila Kater<\/a><\/h4>                                                                                                    <\/div>\n                                            <\/div>\n                                                                                <\/div>\n                                <\/div>\n                            \n                        \n                        \n                                                                                                                                            <div class=\"htb-col-lg-4 htb-col-sm-6 htb-col-12\">\n                                    <div class=\"ht-post gradient-overlay gradient-overlay-5 mt--20\">\n                                        <div class=\"thumb\">\n                                            <a href=\"https:\/\/utfpr.curitiba.br\/nucleodesignanimacao\/?p=14085\">\n                                                <img loading=\"lazy\" decoding=\"async\" width=\"1917\" height=\"716\" src=\"https:\/\/utfpr-ct-static-content.s3.amazonaws.com\/utfpr.curitiba.br\/wp-content\/uploads\/sites\/99\/2023\/06\/Plantae-Guilherme-Gehr.png\" class=\"attachment-full size-full wp-post-image\" alt=\"\" srcset=\"https:\/\/utfpr-ct-static-content.s3.amazonaws.com\/utfpr.curitiba.br\/wp-content\/uploads\/sites\/99\/2023\/06\/Plantae-Guilherme-Gehr.png 1917w, https:\/\/utfpr-ct-static-content.s3.amazonaws.com\/utfpr.curitiba.br\/wp-content\/uploads\/sites\/99\/2023\/06\/Plantae-Guilherme-Gehr-300x112.png 300w, https:\/\/utfpr-ct-static-content.s3.amazonaws.com\/utfpr.curitiba.br\/wp-content\/uploads\/sites\/99\/2023\/06\/Plantae-Guilherme-Gehr-1024x382.png 1024w, https:\/\/utfpr-ct-static-content.s3.amazonaws.com\/utfpr.curitiba.br\/wp-content\/uploads\/sites\/99\/2023\/06\/Plantae-Guilherme-Gehr-768x287.png 768w, https:\/\/utfpr-ct-static-content.s3.amazonaws.com\/utfpr.curitiba.br\/wp-content\/uploads\/sites\/99\/2023\/06\/Plantae-Guilherme-Gehr-1536x574.png 1536w\" sizes=\"(max-width: 1917px) 100vw, 1917px\" \/>                                            <\/a>\n                                        <\/div>\n                                                                                    <div class=\"post-content\">\n                                                <div class=\"content\">\n                                                    <h4 class=\"htmega-post-g-title\"><a href='https:\/\/utfpr.curitiba.br\/nucleodesignanimacao\/?p=14085'>Plantae &#8211; Guilherme Gehr<\/a><\/h4>                                                                                                    <\/div>\n                                            <\/div>\n                                                                                <\/div>\n                                <\/div>\n                            \n                        \n                        \n                                                                                                                                            <div class=\"htb-col-lg-4 htb-col-sm-6 htb-col-12\">\n                                    <div class=\"ht-post gradient-overlay gradient-overlay-6 mt--20\">\n                                        <div class=\"thumb\">\n                                            <a href=\"https:\/\/utfpr.curitiba.br\/nucleodesignanimacao\/?p=14071\">\n                                                <img loading=\"lazy\" decoding=\"async\" width=\"3334\" height=\"2348\" src=\"https:\/\/utfpr-ct-static-content.s3.amazonaws.com\/utfpr.curitiba.br\/wp-content\/uploads\/sites\/99\/2023\/06\/Imagem-substituicao_Prancheta-1.png\" class=\"attachment-full size-full wp-post-image\" alt=\"\" srcset=\"https:\/\/utfpr-ct-static-content.s3.amazonaws.com\/utfpr.curitiba.br\/wp-content\/uploads\/sites\/99\/2023\/06\/Imagem-substituicao_Prancheta-1.png 3334w, https:\/\/utfpr-ct-static-content.s3.amazonaws.com\/utfpr.curitiba.br\/wp-content\/uploads\/sites\/99\/2023\/06\/Imagem-substituicao_Prancheta-1-300x211.png 300w, https:\/\/utfpr-ct-static-content.s3.amazonaws.com\/utfpr.curitiba.br\/wp-content\/uploads\/sites\/99\/2023\/06\/Imagem-substituicao_Prancheta-1-1024x721.png 1024w, https:\/\/utfpr-ct-static-content.s3.amazonaws.com\/utfpr.curitiba.br\/wp-content\/uploads\/sites\/99\/2023\/06\/Imagem-substituicao_Prancheta-1-768x541.png 768w, https:\/\/utfpr-ct-static-content.s3.amazonaws.com\/utfpr.curitiba.br\/wp-content\/uploads\/sites\/99\/2023\/06\/Imagem-substituicao_Prancheta-1-1536x1082.png 1536w, https:\/\/utfpr-ct-static-content.s3.amazonaws.com\/utfpr.curitiba.br\/wp-content\/uploads\/sites\/99\/2023\/06\/Imagem-substituicao_Prancheta-1-2048x1442.png 2048w\" sizes=\"(max-width: 3334px) 100vw, 3334px\" \/>                                            <\/a>\n                                        <\/div>\n                                                                                    <div class=\"post-content\">\n                                                <div class=\"content\">\n                                                    <h4 class=\"htmega-post-g-title\"><a href='https:\/\/utfpr.curitiba.br\/nucleodesignanimacao\/?p=14071'>Um bolinho para Quim &#8211; Jo\u00e3o Pedro Felipe Silva<\/a><\/h4>                                                                                                    <\/div>\n                                            <\/div>\n                                                                                <\/div>\n                                <\/div>\n                            \n                        \n                        \n                                                                                                                                            <div class=\"htb-col-lg-4 htb-col-sm-6 htb-col-12\">\n                                    <div class=\"ht-post gradient-overlay gradient-overlay-1 mt--20\">\n                                        <div class=\"thumb\">\n                                            <a href=\"https:\/\/utfpr.curitiba.br\/nucleodesignanimacao\/?p=14060\">\n                                                <img loading=\"lazy\" decoding=\"async\" width=\"1920\" height=\"745\" src=\"https:\/\/utfpr-ct-static-content.s3.amazonaws.com\/utfpr.curitiba.br\/wp-content\/uploads\/sites\/99\/2023\/06\/Orgaquina-Moises-Pantolfi-e-Nelson-Simplicio.png\" class=\"attachment-full size-full wp-post-image\" alt=\"\" srcset=\"https:\/\/utfpr-ct-static-content.s3.amazonaws.com\/utfpr.curitiba.br\/wp-content\/uploads\/sites\/99\/2023\/06\/Orgaquina-Moises-Pantolfi-e-Nelson-Simplicio.png 1920w, https:\/\/utfpr-ct-static-content.s3.amazonaws.com\/utfpr.curitiba.br\/wp-content\/uploads\/sites\/99\/2023\/06\/Orgaquina-Moises-Pantolfi-e-Nelson-Simplicio-300x116.png 300w, https:\/\/utfpr-ct-static-content.s3.amazonaws.com\/utfpr.curitiba.br\/wp-content\/uploads\/sites\/99\/2023\/06\/Orgaquina-Moises-Pantolfi-e-Nelson-Simplicio-1024x397.png 1024w, https:\/\/utfpr-ct-static-content.s3.amazonaws.com\/utfpr.curitiba.br\/wp-content\/uploads\/sites\/99\/2023\/06\/Orgaquina-Moises-Pantolfi-e-Nelson-Simplicio-768x298.png 768w, https:\/\/utfpr-ct-static-content.s3.amazonaws.com\/utfpr.curitiba.br\/wp-content\/uploads\/sites\/99\/2023\/06\/Orgaquina-Moises-Pantolfi-e-Nelson-Simplicio-1536x596.png 1536w\" sizes=\"(max-width: 1920px) 100vw, 1920px\" \/>                                            <\/a>\n                                        <\/div>\n                                                                                    <div class=\"post-content\">\n                                                <div class=\"content\">\n                                                    <h4 class=\"htmega-post-g-title\"><a href='https:\/\/utfpr.curitiba.br\/nucleodesignanimacao\/?p=14060'>Org\u00e1quina &#8211; Mois\u00e9s Pantolfi e Nelson Simpl\u00edcio<\/a><\/h4>                                                                                                    <\/div>\n                                            <\/div>\n                                                                                <\/div>\n                                <\/div>\n                            \n                        \n                        \n                                                                                                                                            <div class=\"htb-col-lg-4 htb-col-sm-6 htb-col-12\">\n                                    <div class=\"ht-post gradient-overlay gradient-overlay-2 mt--20\">\n                                        <div class=\"thumb\">\n                                            <a href=\"https:\/\/utfpr.curitiba.br\/nucleodesignanimacao\/?p=14049\">\n                                                <img loading=\"lazy\" decoding=\"async\" width=\"618\" height=\"287\" src=\"https:\/\/utfpr-ct-static-content.s3.amazonaws.com\/utfpr.curitiba.br\/wp-content\/uploads\/sites\/99\/2023\/06\/Magnetica-Marco-Antonio-Schmith-de-Arruda.png\" class=\"attachment-full size-full wp-post-image\" alt=\"\" srcset=\"https:\/\/utfpr-ct-static-content.s3.amazonaws.com\/utfpr.curitiba.br\/wp-content\/uploads\/sites\/99\/2023\/06\/Magnetica-Marco-Antonio-Schmith-de-Arruda.png 618w, https:\/\/utfpr-ct-static-content.s3.amazonaws.com\/utfpr.curitiba.br\/wp-content\/uploads\/sites\/99\/2023\/06\/Magnetica-Marco-Antonio-Schmith-de-Arruda-300x139.png 300w\" sizes=\"(max-width: 618px) 100vw, 618px\" \/>                                            <\/a>\n                                        <\/div>\n                                                                                    <div class=\"post-content\">\n                                                <div class=\"content\">\n                                                    <h4 class=\"htmega-post-g-title\"><a href='https:\/\/utfpr.curitiba.br\/nucleodesignanimacao\/?p=14049'>Magn\u00e9tica &#8211; Marco Ant\u00f4nio Schmith de Arruda<\/a><\/h4>                                                                                                    <\/div>\n                                            <\/div>\n                                                                                <\/div>\n                                <\/div>\n                            \n                        \n                        \n                                                                                                                                            <div class=\"htb-col-lg-4 htb-col-sm-6 htb-col-12\">\n                                    <div class=\"ht-post gradient-overlay gradient-overlay-3 mt--20\">\n                                        <div class=\"thumb\">\n                                            <a href=\"https:\/\/utfpr.curitiba.br\/nucleodesignanimacao\/?p=14038\">\n                                                <img loading=\"lazy\" decoding=\"async\" width=\"1920\" height=\"827\" src=\"https:\/\/utfpr-ct-static-content.s3.amazonaws.com\/utfpr.curitiba.br\/wp-content\/uploads\/sites\/99\/2023\/06\/O-Retrato-do-Mal-Marcio-Junior-e-Marcia-Deretti.png\" class=\"attachment-full size-full wp-post-image\" alt=\"\" srcset=\"https:\/\/utfpr-ct-static-content.s3.amazonaws.com\/utfpr.curitiba.br\/wp-content\/uploads\/sites\/99\/2023\/06\/O-Retrato-do-Mal-Marcio-Junior-e-Marcia-Deretti.png 1920w, https:\/\/utfpr-ct-static-content.s3.amazonaws.com\/utfpr.curitiba.br\/wp-content\/uploads\/sites\/99\/2023\/06\/O-Retrato-do-Mal-Marcio-Junior-e-Marcia-Deretti-300x129.png 300w, https:\/\/utfpr-ct-static-content.s3.amazonaws.com\/utfpr.curitiba.br\/wp-content\/uploads\/sites\/99\/2023\/06\/O-Retrato-do-Mal-Marcio-Junior-e-Marcia-Deretti-1024x441.png 1024w, https:\/\/utfpr-ct-static-content.s3.amazonaws.com\/utfpr.curitiba.br\/wp-content\/uploads\/sites\/99\/2023\/06\/O-Retrato-do-Mal-Marcio-Junior-e-Marcia-Deretti-768x331.png 768w, https:\/\/utfpr-ct-static-content.s3.amazonaws.com\/utfpr.curitiba.br\/wp-content\/uploads\/sites\/99\/2023\/06\/O-Retrato-do-Mal-Marcio-Junior-e-Marcia-Deretti-1536x662.png 1536w\" sizes=\"(max-width: 1920px) 100vw, 1920px\" \/>                                            <\/a>\n                                        <\/div>\n                                                                                    <div class=\"post-content\">\n                                                <div class=\"content\">\n                                                    <h4 class=\"htmega-post-g-title\"><a href='https:\/\/utfpr.curitiba.br\/nucleodesignanimacao\/?p=14038'>O Retrato do Mal &#8211; M\u00e1rcio J\u00fanior e M\u00e1rcia Deretti<\/a><\/h4>                                                                                                    <\/div>\n                                            <\/div>\n                                                                                <\/div>\n                                <\/div>\n                            \n                        \n                        \n                                                                                                                                            <div class=\"htb-col-lg-4 htb-col-sm-6 htb-col-12\">\n                                    <div class=\"ht-post gradient-overlay gradient-overlay-4 mt--20\">\n                                        <div class=\"thumb\">\n                                            <a href=\"https:\/\/utfpr.curitiba.br\/nucleodesignanimacao\/?p=14027\">\n                                                <img loading=\"lazy\" decoding=\"async\" width=\"1911\" height=\"936\" src=\"https:\/\/utfpr-ct-static-content.s3.amazonaws.com\/utfpr.curitiba.br\/wp-content\/uploads\/sites\/99\/2023\/06\/Andorinha-Clara-Braem.png\" class=\"attachment-full size-full wp-post-image\" alt=\"\" srcset=\"https:\/\/utfpr-ct-static-content.s3.amazonaws.com\/utfpr.curitiba.br\/wp-content\/uploads\/sites\/99\/2023\/06\/Andorinha-Clara-Braem.png 1911w, https:\/\/utfpr-ct-static-content.s3.amazonaws.com\/utfpr.curitiba.br\/wp-content\/uploads\/sites\/99\/2023\/06\/Andorinha-Clara-Braem-300x147.png 300w, https:\/\/utfpr-ct-static-content.s3.amazonaws.com\/utfpr.curitiba.br\/wp-content\/uploads\/sites\/99\/2023\/06\/Andorinha-Clara-Braem-1024x502.png 1024w, https:\/\/utfpr-ct-static-content.s3.amazonaws.com\/utfpr.curitiba.br\/wp-content\/uploads\/sites\/99\/2023\/06\/Andorinha-Clara-Braem-768x376.png 768w, https:\/\/utfpr-ct-static-content.s3.amazonaws.com\/utfpr.curitiba.br\/wp-content\/uploads\/sites\/99\/2023\/06\/Andorinha-Clara-Braem-1536x752.png 1536w\" sizes=\"(max-width: 1911px) 100vw, 1911px\" \/>                                            <\/a>\n                                        <\/div>\n                                                                                    <div class=\"post-content\">\n                                                <div class=\"content\">\n                                                    <h4 class=\"htmega-post-g-title\"><a href='https:\/\/utfpr.curitiba.br\/nucleodesignanimacao\/?p=14027'>Andorinha &#8211; Clara Braem<\/a><\/h4>                                                                                                    <\/div>\n                                            <\/div>\n                                                                                <\/div>\n                                <\/div>\n                            \n                        \n                        \n                                                                                                                                            <div class=\"htb-col-lg-4 htb-col-sm-6 htb-col-12\">\n                                    <div class=\"ht-post gradient-overlay gradient-overlay-5 mt--20\">\n                                        <div class=\"thumb\">\n                                            <a href=\"https:\/\/utfpr.curitiba.br\/nucleodesignanimacao\/?p=14016\">\n                                                <img loading=\"lazy\" decoding=\"async\" width=\"3334\" height=\"2348\" src=\"https:\/\/utfpr-ct-static-content.s3.amazonaws.com\/utfpr.curitiba.br\/wp-content\/uploads\/sites\/99\/2023\/06\/Imagem-substituicao_Prancheta-1.png\" class=\"attachment-full size-full wp-post-image\" alt=\"\" srcset=\"https:\/\/utfpr-ct-static-content.s3.amazonaws.com\/utfpr.curitiba.br\/wp-content\/uploads\/sites\/99\/2023\/06\/Imagem-substituicao_Prancheta-1.png 3334w, https:\/\/utfpr-ct-static-content.s3.amazonaws.com\/utfpr.curitiba.br\/wp-content\/uploads\/sites\/99\/2023\/06\/Imagem-substituicao_Prancheta-1-300x211.png 300w, https:\/\/utfpr-ct-static-content.s3.amazonaws.com\/utfpr.curitiba.br\/wp-content\/uploads\/sites\/99\/2023\/06\/Imagem-substituicao_Prancheta-1-1024x721.png 1024w, https:\/\/utfpr-ct-static-content.s3.amazonaws.com\/utfpr.curitiba.br\/wp-content\/uploads\/sites\/99\/2023\/06\/Imagem-substituicao_Prancheta-1-768x541.png 768w, https:\/\/utfpr-ct-static-content.s3.amazonaws.com\/utfpr.curitiba.br\/wp-content\/uploads\/sites\/99\/2023\/06\/Imagem-substituicao_Prancheta-1-1536x1082.png 1536w, https:\/\/utfpr-ct-static-content.s3.amazonaws.com\/utfpr.curitiba.br\/wp-content\/uploads\/sites\/99\/2023\/06\/Imagem-substituicao_Prancheta-1-2048x1442.png 2048w\" sizes=\"(max-width: 3334px) 100vw, 3334px\" \/>                                            <\/a>\n                                        <\/div>\n                                                                                    <div class=\"post-content\">\n                                                <div class=\"content\">\n                                                    <h4 class=\"htmega-post-g-title\"><a href='https:\/\/utfpr.curitiba.br\/nucleodesignanimacao\/?p=14016'>O Monstro Est\u00e1 Vindo! &#8211; Jerem\u00edas Bustingorri<\/a><\/h4>                                                                                                    <\/div>\n                                            <\/div>\n                                                                                <\/div>\n                                <\/div>\n                            \n                        \n                        \n                                                                                                                                            <div class=\"htb-col-lg-4 htb-col-sm-6 htb-col-12\">\n                                    <div class=\"ht-post gradient-overlay gradient-overlay-6 mt--20\">\n                                        <div class=\"thumb\">\n                                            <a href=\"https:\/\/utfpr.curitiba.br\/nucleodesignanimacao\/?p=14005\">\n                                                <img loading=\"lazy\" decoding=\"async\" width=\"1200\" height=\"675\" src=\"https:\/\/utfpr-ct-static-content.s3.amazonaws.com\/utfpr.curitiba.br\/wp-content\/uploads\/sites\/99\/2023\/06\/Fucsia-Luxy-Jeremias-Bustingorri.jpg\" class=\"attachment-full size-full wp-post-image\" alt=\"\" srcset=\"https:\/\/utfpr-ct-static-content.s3.amazonaws.com\/utfpr.curitiba.br\/wp-content\/uploads\/sites\/99\/2023\/06\/Fucsia-Luxy-Jeremias-Bustingorri.jpg 1200w, https:\/\/utfpr-ct-static-content.s3.amazonaws.com\/utfpr.curitiba.br\/wp-content\/uploads\/sites\/99\/2023\/06\/Fucsia-Luxy-Jeremias-Bustingorri-300x169.jpg 300w, https:\/\/utfpr-ct-static-content.s3.amazonaws.com\/utfpr.curitiba.br\/wp-content\/uploads\/sites\/99\/2023\/06\/Fucsia-Luxy-Jeremias-Bustingorri-1024x576.jpg 1024w, https:\/\/utfpr-ct-static-content.s3.amazonaws.com\/utfpr.curitiba.br\/wp-content\/uploads\/sites\/99\/2023\/06\/Fucsia-Luxy-Jeremias-Bustingorri-768x432.jpg 768w\" sizes=\"(max-width: 1200px) 100vw, 1200px\" \/>                                            <\/a>\n                                        <\/div>\n                                                                                    <div class=\"post-content\">\n                                                <div class=\"content\">\n                                                    <h4 class=\"htmega-post-g-title\"><a href='https:\/\/utfpr.curitiba.br\/nucleodesignanimacao\/?p=14005'>Fucsia &amp; Luxy &#8211; Jerem\u00edas Bustingorri<\/a><\/h4>                                                                                                    <\/div>\n                                            <\/div>\n                                                                                <\/div>\n                                <\/div>\n                            \n                        \n                        \n                                                                                                                                            <div class=\"htb-col-lg-4 htb-col-sm-6 htb-col-12\">\n                                    <div class=\"ht-post gradient-overlay gradient-overlay-1 mt--20\">\n                                        <div class=\"thumb\">\n                                            <a href=\"https:\/\/utfpr.curitiba.br\/nucleodesignanimacao\/?p=13994\">\n                                                <img loading=\"lazy\" decoding=\"async\" width=\"1906\" height=\"652\" src=\"https:\/\/utfpr-ct-static-content.s3.amazonaws.com\/utfpr.curitiba.br\/wp-content\/uploads\/sites\/99\/2023\/06\/Um-Conselho-Animador-Thiago-Calcado.png\" class=\"attachment-full size-full wp-post-image\" alt=\"\" srcset=\"https:\/\/utfpr-ct-static-content.s3.amazonaws.com\/utfpr.curitiba.br\/wp-content\/uploads\/sites\/99\/2023\/06\/Um-Conselho-Animador-Thiago-Calcado.png 1906w, https:\/\/utfpr-ct-static-content.s3.amazonaws.com\/utfpr.curitiba.br\/wp-content\/uploads\/sites\/99\/2023\/06\/Um-Conselho-Animador-Thiago-Calcado-300x103.png 300w, https:\/\/utfpr-ct-static-content.s3.amazonaws.com\/utfpr.curitiba.br\/wp-content\/uploads\/sites\/99\/2023\/06\/Um-Conselho-Animador-Thiago-Calcado-1024x350.png 1024w, https:\/\/utfpr-ct-static-content.s3.amazonaws.com\/utfpr.curitiba.br\/wp-content\/uploads\/sites\/99\/2023\/06\/Um-Conselho-Animador-Thiago-Calcado-768x263.png 768w, https:\/\/utfpr-ct-static-content.s3.amazonaws.com\/utfpr.curitiba.br\/wp-content\/uploads\/sites\/99\/2023\/06\/Um-Conselho-Animador-Thiago-Calcado-1536x525.png 1536w\" sizes=\"(max-width: 1906px) 100vw, 1906px\" \/>                                            <\/a>\n                                        <\/div>\n                                                                                    <div class=\"post-content\">\n                                                <div class=\"content\">\n                                                    <h4 class=\"htmega-post-g-title\"><a href='https:\/\/utfpr.curitiba.br\/nucleodesignanimacao\/?p=13994'>Um Conselho Animador &#8211; Thiago Cal\u00e7ado<\/a><\/h4>                                                                                                    <\/div>\n                                            <\/div>\n                                                                                <\/div>\n                                <\/div>\n                            \n                        \n                        \n                                                                                                                                            <div class=\"htb-col-lg-4 htb-col-sm-6 htb-col-12\">\n                                    <div class=\"ht-post gradient-overlay gradient-overlay-2 mt--20\">\n                                        <div class=\"thumb\">\n                                            <a href=\"https:\/\/utfpr.curitiba.br\/nucleodesignanimacao\/?p=13983\">\n                                                <img loading=\"lazy\" decoding=\"async\" width=\"1920\" height=\"669\" src=\"https:\/\/utfpr-ct-static-content.s3.amazonaws.com\/utfpr.curitiba.br\/wp-content\/uploads\/sites\/99\/2023\/06\/Trovao-Beto-Uechi.png\" class=\"attachment-full size-full wp-post-image\" alt=\"\" srcset=\"https:\/\/utfpr-ct-static-content.s3.amazonaws.com\/utfpr.curitiba.br\/wp-content\/uploads\/sites\/99\/2023\/06\/Trovao-Beto-Uechi.png 1920w, https:\/\/utfpr-ct-static-content.s3.amazonaws.com\/utfpr.curitiba.br\/wp-content\/uploads\/sites\/99\/2023\/06\/Trovao-Beto-Uechi-300x105.png 300w, https:\/\/utfpr-ct-static-content.s3.amazonaws.com\/utfpr.curitiba.br\/wp-content\/uploads\/sites\/99\/2023\/06\/Trovao-Beto-Uechi-1024x357.png 1024w, https:\/\/utfpr-ct-static-content.s3.amazonaws.com\/utfpr.curitiba.br\/wp-content\/uploads\/sites\/99\/2023\/06\/Trovao-Beto-Uechi-768x268.png 768w, https:\/\/utfpr-ct-static-content.s3.amazonaws.com\/utfpr.curitiba.br\/wp-content\/uploads\/sites\/99\/2023\/06\/Trovao-Beto-Uechi-1536x535.png 1536w\" sizes=\"(max-width: 1920px) 100vw, 1920px\" \/>                                            <\/a>\n                                        <\/div>\n                                                                                    <div class=\"post-content\">\n                                                <div class=\"content\">\n                                                    <h4 class=\"htmega-post-g-title\"><a href='https:\/\/utfpr.curitiba.br\/nucleodesignanimacao\/?p=13983'>Trov\u00e3o! &#8211; Beto Uechi<\/a><\/h4>                                                                                                    <\/div>\n                                            <\/div>\n                                                                                <\/div>\n                                <\/div>\n                            \n                        \n                        \n                                                                                                                                            <div class=\"htb-col-lg-4 htb-col-sm-6 htb-col-12\">\n                                    <div class=\"ht-post gradient-overlay gradient-overlay-3 mt--20\">\n                                        <div class=\"thumb\">\n                                            <a href=\"https:\/\/utfpr.curitiba.br\/nucleodesignanimacao\/?p=13969\">\n                                                <img loading=\"lazy\" decoding=\"async\" width=\"3334\" height=\"2348\" src=\"https:\/\/utfpr-ct-static-content.s3.amazonaws.com\/utfpr.curitiba.br\/wp-content\/uploads\/sites\/99\/2023\/06\/Imagem-substituicao_Prancheta-1.png\" class=\"attachment-full size-full wp-post-image\" alt=\"\" srcset=\"https:\/\/utfpr-ct-static-content.s3.amazonaws.com\/utfpr.curitiba.br\/wp-content\/uploads\/sites\/99\/2023\/06\/Imagem-substituicao_Prancheta-1.png 3334w, https:\/\/utfpr-ct-static-content.s3.amazonaws.com\/utfpr.curitiba.br\/wp-content\/uploads\/sites\/99\/2023\/06\/Imagem-substituicao_Prancheta-1-300x211.png 300w, https:\/\/utfpr-ct-static-content.s3.amazonaws.com\/utfpr.curitiba.br\/wp-content\/uploads\/sites\/99\/2023\/06\/Imagem-substituicao_Prancheta-1-1024x721.png 1024w, https:\/\/utfpr-ct-static-content.s3.amazonaws.com\/utfpr.curitiba.br\/wp-content\/uploads\/sites\/99\/2023\/06\/Imagem-substituicao_Prancheta-1-768x541.png 768w, https:\/\/utfpr-ct-static-content.s3.amazonaws.com\/utfpr.curitiba.br\/wp-content\/uploads\/sites\/99\/2023\/06\/Imagem-substituicao_Prancheta-1-1536x1082.png 1536w, https:\/\/utfpr-ct-static-content.s3.amazonaws.com\/utfpr.curitiba.br\/wp-content\/uploads\/sites\/99\/2023\/06\/Imagem-substituicao_Prancheta-1-2048x1442.png 2048w\" sizes=\"(max-width: 3334px) 100vw, 3334px\" \/>                                            <\/a>\n                                        <\/div>\n                                                                                    <div class=\"post-content\">\n                                                <div class=\"content\">\n                                                    <h4 class=\"htmega-post-g-title\"><a href='https:\/\/utfpr.curitiba.br\/nucleodesignanimacao\/?p=13969'>Tratamento Precoce &#8211; Pedro Estrada<\/a><\/h4>                                                                                                    <\/div>\n                                            <\/div>\n                                                                                <\/div>\n                                <\/div>\n                            \n                        \n                        \n                                                                                                                                            <div class=\"htb-col-lg-4 htb-col-sm-6 htb-col-12\">\n                                    <div class=\"ht-post gradient-overlay gradient-overlay-4 mt--20\">\n                                        <div class=\"thumb\">\n                                            <a href=\"https:\/\/utfpr.curitiba.br\/nucleodesignanimacao\/?p=13958\">\n                                                <img loading=\"lazy\" decoding=\"async\" width=\"3334\" height=\"2348\" src=\"https:\/\/utfpr-ct-static-content.s3.amazonaws.com\/utfpr.curitiba.br\/wp-content\/uploads\/sites\/99\/2023\/06\/Imagem-substituicao_Prancheta-1.png\" class=\"attachment-full size-full wp-post-image\" alt=\"\" srcset=\"https:\/\/utfpr-ct-static-content.s3.amazonaws.com\/utfpr.curitiba.br\/wp-content\/uploads\/sites\/99\/2023\/06\/Imagem-substituicao_Prancheta-1.png 3334w, https:\/\/utfpr-ct-static-content.s3.amazonaws.com\/utfpr.curitiba.br\/wp-content\/uploads\/sites\/99\/2023\/06\/Imagem-substituicao_Prancheta-1-300x211.png 300w, https:\/\/utfpr-ct-static-content.s3.amazonaws.com\/utfpr.curitiba.br\/wp-content\/uploads\/sites\/99\/2023\/06\/Imagem-substituicao_Prancheta-1-1024x721.png 1024w, https:\/\/utfpr-ct-static-content.s3.amazonaws.com\/utfpr.curitiba.br\/wp-content\/uploads\/sites\/99\/2023\/06\/Imagem-substituicao_Prancheta-1-768x541.png 768w, https:\/\/utfpr-ct-static-content.s3.amazonaws.com\/utfpr.curitiba.br\/wp-content\/uploads\/sites\/99\/2023\/06\/Imagem-substituicao_Prancheta-1-1536x1082.png 1536w, https:\/\/utfpr-ct-static-content.s3.amazonaws.com\/utfpr.curitiba.br\/wp-content\/uploads\/sites\/99\/2023\/06\/Imagem-substituicao_Prancheta-1-2048x1442.png 2048w\" sizes=\"(max-width: 3334px) 100vw, 3334px\" \/>                                            <\/a>\n                                        <\/div>\n                                                                                    <div class=\"post-content\">\n                                                <div class=\"content\">\n                                                    <h4 class=\"htmega-post-g-title\"><a href='https:\/\/utfpr.curitiba.br\/nucleodesignanimacao\/?p=13958'>Tatus &#8211; J J Ribeiro<\/a><\/h4>                                                                                                    <\/div>\n                                            <\/div>\n                                                                                <\/div>\n                                <\/div>\n                            \n                        \n                        \n                                                                                                                                            <div class=\"htb-col-lg-4 htb-col-sm-6 htb-col-12\">\n                                    <div class=\"ht-post gradient-overlay gradient-overlay-5 mt--20\">\n                                        <div class=\"thumb\">\n                                            <a href=\"https:\/\/utfpr.curitiba.br\/nucleodesignanimacao\/?p=13946\">\n                                                <img loading=\"lazy\" decoding=\"async\" width=\"3334\" height=\"2348\" src=\"https:\/\/utfpr-ct-static-content.s3.amazonaws.com\/utfpr.curitiba.br\/wp-content\/uploads\/sites\/99\/2023\/06\/Imagem-substituicao_Prancheta-1.png\" class=\"attachment-full size-full wp-post-image\" alt=\"\" srcset=\"https:\/\/utfpr-ct-static-content.s3.amazonaws.com\/utfpr.curitiba.br\/wp-content\/uploads\/sites\/99\/2023\/06\/Imagem-substituicao_Prancheta-1.png 3334w, https:\/\/utfpr-ct-static-content.s3.amazonaws.com\/utfpr.curitiba.br\/wp-content\/uploads\/sites\/99\/2023\/06\/Imagem-substituicao_Prancheta-1-300x211.png 300w, https:\/\/utfpr-ct-static-content.s3.amazonaws.com\/utfpr.curitiba.br\/wp-content\/uploads\/sites\/99\/2023\/06\/Imagem-substituicao_Prancheta-1-1024x721.png 1024w, https:\/\/utfpr-ct-static-content.s3.amazonaws.com\/utfpr.curitiba.br\/wp-content\/uploads\/sites\/99\/2023\/06\/Imagem-substituicao_Prancheta-1-768x541.png 768w, https:\/\/utfpr-ct-static-content.s3.amazonaws.com\/utfpr.curitiba.br\/wp-content\/uploads\/sites\/99\/2023\/06\/Imagem-substituicao_Prancheta-1-1536x1082.png 1536w, https:\/\/utfpr-ct-static-content.s3.amazonaws.com\/utfpr.curitiba.br\/wp-content\/uploads\/sites\/99\/2023\/06\/Imagem-substituicao_Prancheta-1-2048x1442.png 2048w\" sizes=\"(max-width: 3334px) 100vw, 3334px\" \/>                                            <\/a>\n                                        <\/div>\n                                                                                    <div class=\"post-content\">\n                                                <div class=\"content\">\n                                                    <h4 class=\"htmega-post-g-title\"><a href='https:\/\/utfpr.curitiba.br\/nucleodesignanimacao\/?p=13946'>Tai Chi Chuando &#8211; J J Ribeiro<\/a><\/h4>                                                                                                    <\/div>\n                                            <\/div>\n                                                                                <\/div>\n                                <\/div>\n                            \n                        \n                        \n                                                                                                                                            <div class=\"htb-col-lg-4 htb-col-sm-6 htb-col-12\">\n                                    <div class=\"ht-post gradient-overlay gradient-overlay-6 mt--20\">\n                                        <div class=\"thumb\">\n                                            <a href=\"https:\/\/utfpr.curitiba.br\/nucleodesignanimacao\/?p=13935\">\n                                                <img loading=\"lazy\" decoding=\"async\" width=\"3334\" height=\"2348\" src=\"https:\/\/utfpr-ct-static-content.s3.amazonaws.com\/utfpr.curitiba.br\/wp-content\/uploads\/sites\/99\/2023\/06\/Imagem-substituicao_Prancheta-1.png\" class=\"attachment-full size-full wp-post-image\" alt=\"\" srcset=\"https:\/\/utfpr-ct-static-content.s3.amazonaws.com\/utfpr.curitiba.br\/wp-content\/uploads\/sites\/99\/2023\/06\/Imagem-substituicao_Prancheta-1.png 3334w, https:\/\/utfpr-ct-static-content.s3.amazonaws.com\/utfpr.curitiba.br\/wp-content\/uploads\/sites\/99\/2023\/06\/Imagem-substituicao_Prancheta-1-300x211.png 300w, https:\/\/utfpr-ct-static-content.s3.amazonaws.com\/utfpr.curitiba.br\/wp-content\/uploads\/sites\/99\/2023\/06\/Imagem-substituicao_Prancheta-1-1024x721.png 1024w, https:\/\/utfpr-ct-static-content.s3.amazonaws.com\/utfpr.curitiba.br\/wp-content\/uploads\/sites\/99\/2023\/06\/Imagem-substituicao_Prancheta-1-768x541.png 768w, https:\/\/utfpr-ct-static-content.s3.amazonaws.com\/utfpr.curitiba.br\/wp-content\/uploads\/sites\/99\/2023\/06\/Imagem-substituicao_Prancheta-1-1536x1082.png 1536w, https:\/\/utfpr-ct-static-content.s3.amazonaws.com\/utfpr.curitiba.br\/wp-content\/uploads\/sites\/99\/2023\/06\/Imagem-substituicao_Prancheta-1-2048x1442.png 2048w\" sizes=\"(max-width: 3334px) 100vw, 3334px\" \/>                                            <\/a>\n                                        <\/div>\n                                                                                    <div class=\"post-content\">\n                                                <div class=\"content\">\n                                                    <h4 class=\"htmega-post-g-title\"><a href='https:\/\/utfpr.curitiba.br\/nucleodesignanimacao\/?p=13935'>Saidinha &#8211; Adriane Puresa<\/a><\/h4>                                                                                                    <\/div>\n                                            <\/div>\n                                                                                <\/div>\n                                <\/div>\n                            \n                        \n                        \n                                                                                                                                            <div class=\"htb-col-lg-4 htb-col-sm-6 htb-col-12\">\n                                    <div class=\"ht-post gradient-overlay gradient-overlay-1 mt--20\">\n                                        <div class=\"thumb\">\n                                            <a href=\"https:\/\/utfpr.curitiba.br\/nucleodesignanimacao\/?p=13924\">\n                                                <img loading=\"lazy\" decoding=\"async\" width=\"1920\" height=\"788\" src=\"https:\/\/utfpr-ct-static-content.s3.amazonaws.com\/utfpr.curitiba.br\/wp-content\/uploads\/sites\/99\/2023\/06\/Rosa-Noir-Giulia-Daflon.png\" class=\"attachment-full size-full wp-post-image\" alt=\"\" srcset=\"https:\/\/utfpr-ct-static-content.s3.amazonaws.com\/utfpr.curitiba.br\/wp-content\/uploads\/sites\/99\/2023\/06\/Rosa-Noir-Giulia-Daflon.png 1920w, https:\/\/utfpr-ct-static-content.s3.amazonaws.com\/utfpr.curitiba.br\/wp-content\/uploads\/sites\/99\/2023\/06\/Rosa-Noir-Giulia-Daflon-300x123.png 300w, https:\/\/utfpr-ct-static-content.s3.amazonaws.com\/utfpr.curitiba.br\/wp-content\/uploads\/sites\/99\/2023\/06\/Rosa-Noir-Giulia-Daflon-1024x420.png 1024w, https:\/\/utfpr-ct-static-content.s3.amazonaws.com\/utfpr.curitiba.br\/wp-content\/uploads\/sites\/99\/2023\/06\/Rosa-Noir-Giulia-Daflon-768x315.png 768w, https:\/\/utfpr-ct-static-content.s3.amazonaws.com\/utfpr.curitiba.br\/wp-content\/uploads\/sites\/99\/2023\/06\/Rosa-Noir-Giulia-Daflon-1536x630.png 1536w\" sizes=\"(max-width: 1920px) 100vw, 1920px\" \/>                                            <\/a>\n                                        <\/div>\n                                                                                    <div class=\"post-content\">\n                                                <div class=\"content\">\n                                                    <h4 class=\"htmega-post-g-title\"><a href='https:\/\/utfpr.curitiba.br\/nucleodesignanimacao\/?p=13924'>Rosa Noir &#8211; Giulia Daflon<\/a><\/h4>                                                                                                    <\/div>\n                                            <\/div>\n                                                                                <\/div>\n                                <\/div>\n                            \n                        \n                        \n                                                                                                                                            <div class=\"htb-col-lg-4 htb-col-sm-6 htb-col-12\">\n                                    <div class=\"ht-post gradient-overlay gradient-overlay-2 mt--20\">\n                                        <div class=\"thumb\">\n                                            <a href=\"https:\/\/utfpr.curitiba.br\/nucleodesignanimacao\/?p=13913\">\n                                                <img loading=\"lazy\" decoding=\"async\" width=\"1209\" height=\"1600\" src=\"https:\/\/utfpr-ct-static-content.s3.amazonaws.com\/utfpr.curitiba.br\/wp-content\/uploads\/sites\/99\/2023\/06\/Romance-Zumbi-Carol-Cunha.png\" class=\"attachment-full size-full wp-post-image\" alt=\"\" srcset=\"https:\/\/utfpr-ct-static-content.s3.amazonaws.com\/utfpr.curitiba.br\/wp-content\/uploads\/sites\/99\/2023\/06\/Romance-Zumbi-Carol-Cunha.png 1209w, https:\/\/utfpr-ct-static-content.s3.amazonaws.com\/utfpr.curitiba.br\/wp-content\/uploads\/sites\/99\/2023\/06\/Romance-Zumbi-Carol-Cunha-227x300.png 227w, https:\/\/utfpr-ct-static-content.s3.amazonaws.com\/utfpr.curitiba.br\/wp-content\/uploads\/sites\/99\/2023\/06\/Romance-Zumbi-Carol-Cunha-774x1024.png 774w, https:\/\/utfpr-ct-static-content.s3.amazonaws.com\/utfpr.curitiba.br\/wp-content\/uploads\/sites\/99\/2023\/06\/Romance-Zumbi-Carol-Cunha-768x1016.png 768w, https:\/\/utfpr-ct-static-content.s3.amazonaws.com\/utfpr.curitiba.br\/wp-content\/uploads\/sites\/99\/2023\/06\/Romance-Zumbi-Carol-Cunha-1161x1536.png 1161w\" sizes=\"(max-width: 1209px) 100vw, 1209px\" \/>                                            <\/a>\n                                        <\/div>\n                                                                                    <div class=\"post-content\">\n                                                <div class=\"content\">\n                                                    <h4 class=\"htmega-post-g-title\"><a href='https:\/\/utfpr.curitiba.br\/nucleodesignanimacao\/?p=13913'>Romance Zumbi &#8211; Carol Cunha<\/a><\/h4>                                                                                                    <\/div>\n                                            <\/div>\n                                                                                <\/div>\n                                <\/div>\n                            \n                        \n                        \n                                                                                                                                            <div class=\"htb-col-lg-4 htb-col-sm-6 htb-col-12\">\n                                    <div class=\"ht-post gradient-overlay gradient-overlay-3 mt--20\">\n                                        <div class=\"thumb\">\n                                            <a href=\"https:\/\/utfpr.curitiba.br\/nucleodesignanimacao\/?p=13902\">\n                                                <img loading=\"lazy\" decoding=\"async\" width=\"3334\" height=\"2348\" src=\"https:\/\/utfpr-ct-static-content.s3.amazonaws.com\/utfpr.curitiba.br\/wp-content\/uploads\/sites\/99\/2023\/06\/Imagem-substituicao_Prancheta-1.png\" class=\"attachment-full size-full wp-post-image\" alt=\"\" srcset=\"https:\/\/utfpr-ct-static-content.s3.amazonaws.com\/utfpr.curitiba.br\/wp-content\/uploads\/sites\/99\/2023\/06\/Imagem-substituicao_Prancheta-1.png 3334w, https:\/\/utfpr-ct-static-content.s3.amazonaws.com\/utfpr.curitiba.br\/wp-content\/uploads\/sites\/99\/2023\/06\/Imagem-substituicao_Prancheta-1-300x211.png 300w, https:\/\/utfpr-ct-static-content.s3.amazonaws.com\/utfpr.curitiba.br\/wp-content\/uploads\/sites\/99\/2023\/06\/Imagem-substituicao_Prancheta-1-1024x721.png 1024w, https:\/\/utfpr-ct-static-content.s3.amazonaws.com\/utfpr.curitiba.br\/wp-content\/uploads\/sites\/99\/2023\/06\/Imagem-substituicao_Prancheta-1-768x541.png 768w, https:\/\/utfpr-ct-static-content.s3.amazonaws.com\/utfpr.curitiba.br\/wp-content\/uploads\/sites\/99\/2023\/06\/Imagem-substituicao_Prancheta-1-1536x1082.png 1536w, https:\/\/utfpr-ct-static-content.s3.amazonaws.com\/utfpr.curitiba.br\/wp-content\/uploads\/sites\/99\/2023\/06\/Imagem-substituicao_Prancheta-1-2048x1442.png 2048w\" sizes=\"(max-width: 3334px) 100vw, 3334px\" \/>                                            <\/a>\n                                        <\/div>\n                                                                                    <div class=\"post-content\">\n                                                <div class=\"content\">\n                                                    <h4 class=\"htmega-post-g-title\"><a href='https:\/\/utfpr.curitiba.br\/nucleodesignanimacao\/?p=13902'>Queda Livre &#8211; P\u00eau Ribeiro<\/a><\/h4>                                                                                                    <\/div>\n                                            <\/div>\n                                                                                <\/div>\n                                <\/div>\n                            \n                        \n                        \n                                                                                                                                            <div class=\"htb-col-lg-4 htb-col-sm-6 htb-col-12\">\n                                    <div class=\"ht-post gradient-overlay gradient-overlay-4 mt--20\">\n                                        <div class=\"thumb\">\n                                            <a href=\"https:\/\/utfpr.curitiba.br\/nucleodesignanimacao\/?p=13891\">\n                                                <img loading=\"lazy\" decoding=\"async\" width=\"1200\" height=\"675\" src=\"https:\/\/utfpr-ct-static-content.s3.amazonaws.com\/utfpr.curitiba.br\/wp-content\/uploads\/sites\/99\/2023\/06\/O-Reggae-do-Carrapato-Beto-Uechi.jpg\" class=\"attachment-full size-full wp-post-image\" alt=\"\" srcset=\"https:\/\/utfpr-ct-static-content.s3.amazonaws.com\/utfpr.curitiba.br\/wp-content\/uploads\/sites\/99\/2023\/06\/O-Reggae-do-Carrapato-Beto-Uechi.jpg 1200w, https:\/\/utfpr-ct-static-content.s3.amazonaws.com\/utfpr.curitiba.br\/wp-content\/uploads\/sites\/99\/2023\/06\/O-Reggae-do-Carrapato-Beto-Uechi-300x169.jpg 300w, https:\/\/utfpr-ct-static-content.s3.amazonaws.com\/utfpr.curitiba.br\/wp-content\/uploads\/sites\/99\/2023\/06\/O-Reggae-do-Carrapato-Beto-Uechi-1024x576.jpg 1024w, https:\/\/utfpr-ct-static-content.s3.amazonaws.com\/utfpr.curitiba.br\/wp-content\/uploads\/sites\/99\/2023\/06\/O-Reggae-do-Carrapato-Beto-Uechi-768x432.jpg 768w\" sizes=\"(max-width: 1200px) 100vw, 1200px\" \/>                                            <\/a>\n                                        <\/div>\n                                                                                    <div class=\"post-content\">\n                                                <div class=\"content\">\n                                                    <h4 class=\"htmega-post-g-title\"><a href='https:\/\/utfpr.curitiba.br\/nucleodesignanimacao\/?p=13891'>O Reggae do Carrapato &#8211; Beto Uechi<\/a><\/h4>                                                                                                    <\/div>\n                                            <\/div>\n                                                                                <\/div>\n                                <\/div>\n                            \n                        \n                        \n                                                                                                                                            <div class=\"htb-col-lg-4 htb-col-sm-6 htb-col-12\">\n                                    <div class=\"ht-post gradient-overlay gradient-overlay-5 mt--20\">\n                                        <div class=\"thumb\">\n                                            <a href=\"https:\/\/utfpr.curitiba.br\/nucleodesignanimacao\/?p=13880\">\n                                                <img loading=\"lazy\" decoding=\"async\" width=\"3334\" height=\"2348\" src=\"https:\/\/utfpr-ct-static-content.s3.amazonaws.com\/utfpr.curitiba.br\/wp-content\/uploads\/sites\/99\/2023\/06\/Imagem-substituicao_Prancheta-1.png\" class=\"attachment-full size-full wp-post-image\" alt=\"\" srcset=\"https:\/\/utfpr-ct-static-content.s3.amazonaws.com\/utfpr.curitiba.br\/wp-content\/uploads\/sites\/99\/2023\/06\/Imagem-substituicao_Prancheta-1.png 3334w, https:\/\/utfpr-ct-static-content.s3.amazonaws.com\/utfpr.curitiba.br\/wp-content\/uploads\/sites\/99\/2023\/06\/Imagem-substituicao_Prancheta-1-300x211.png 300w, https:\/\/utfpr-ct-static-content.s3.amazonaws.com\/utfpr.curitiba.br\/wp-content\/uploads\/sites\/99\/2023\/06\/Imagem-substituicao_Prancheta-1-1024x721.png 1024w, https:\/\/utfpr-ct-static-content.s3.amazonaws.com\/utfpr.curitiba.br\/wp-content\/uploads\/sites\/99\/2023\/06\/Imagem-substituicao_Prancheta-1-768x541.png 768w, https:\/\/utfpr-ct-static-content.s3.amazonaws.com\/utfpr.curitiba.br\/wp-content\/uploads\/sites\/99\/2023\/06\/Imagem-substituicao_Prancheta-1-1536x1082.png 1536w, https:\/\/utfpr-ct-static-content.s3.amazonaws.com\/utfpr.curitiba.br\/wp-content\/uploads\/sites\/99\/2023\/06\/Imagem-substituicao_Prancheta-1-2048x1442.png 2048w\" sizes=\"(max-width: 3334px) 100vw, 3334px\" \/>                                            <\/a>\n                                        <\/div>\n                                                                                    <div class=\"post-content\">\n                                                <div class=\"content\">\n                                                    <h4 class=\"htmega-post-g-title\"><a href='https:\/\/utfpr.curitiba.br\/nucleodesignanimacao\/?p=13880'>O estado das coisas &#8211; Pedro Veneroso<\/a><\/h4>                                                                                                    <\/div>\n                                            <\/div>\n                                                                                <\/div>\n                                <\/div>\n                            \n                        \n                        \n                                                                                                                                            <div class=\"htb-col-lg-4 htb-col-sm-6 htb-col-12\">\n                                    <div class=\"ht-post gradient-overlay gradient-overlay-6 mt--20\">\n                                        <div class=\"thumb\">\n                                            <a href=\"https:\/\/utfpr.curitiba.br\/nucleodesignanimacao\/?p=13869\">\n                                                <img loading=\"lazy\" decoding=\"async\" width=\"764\" height=\"1080\" src=\"https:\/\/utfpr-ct-static-content.s3.amazonaws.com\/utfpr.curitiba.br\/wp-content\/uploads\/sites\/99\/2023\/06\/O-cemiterio-de-Ella-Guilherme-Teresani.jpg\" class=\"attachment-full size-full wp-post-image\" alt=\"\" srcset=\"https:\/\/utfpr-ct-static-content.s3.amazonaws.com\/utfpr.curitiba.br\/wp-content\/uploads\/sites\/99\/2023\/06\/O-cemiterio-de-Ella-Guilherme-Teresani.jpg 764w, https:\/\/utfpr-ct-static-content.s3.amazonaws.com\/utfpr.curitiba.br\/wp-content\/uploads\/sites\/99\/2023\/06\/O-cemiterio-de-Ella-Guilherme-Teresani-212x300.jpg 212w, https:\/\/utfpr-ct-static-content.s3.amazonaws.com\/utfpr.curitiba.br\/wp-content\/uploads\/sites\/99\/2023\/06\/O-cemiterio-de-Ella-Guilherme-Teresani-724x1024.jpg 724w\" sizes=\"(max-width: 764px) 100vw, 764px\" \/>                                            <\/a>\n                                        <\/div>\n                                                                                    <div class=\"post-content\">\n                                                <div class=\"content\">\n                                                    <h4 class=\"htmega-post-g-title\"><a href='https:\/\/utfpr.curitiba.br\/nucleodesignanimacao\/?p=13869'>O cemit\u00e9rio de Ella &#8211; Guilherme Teresani<\/a><\/h4>                                                                                                    <\/div>\n                                            <\/div>\n                                                                                <\/div>\n                                <\/div>\n                            \n                        \n                        \n                                                                                                                                            <div class=\"htb-col-lg-4 htb-col-sm-6 htb-col-12\">\n                                    <div class=\"ht-post gradient-overlay gradient-overlay-1 mt--20\">\n                                        <div class=\"thumb\">\n                                            <a href=\"https:\/\/utfpr.curitiba.br\/nucleodesignanimacao\/?p=13858\">\n                                                <img loading=\"lazy\" decoding=\"async\" width=\"1920\" height=\"803\" src=\"https:\/\/utfpr-ct-static-content.s3.amazonaws.com\/utfpr.curitiba.br\/wp-content\/uploads\/sites\/99\/2023\/06\/Ninho-Deise-Oliveira.png\" class=\"attachment-full size-full wp-post-image\" alt=\"\" srcset=\"https:\/\/utfpr-ct-static-content.s3.amazonaws.com\/utfpr.curitiba.br\/wp-content\/uploads\/sites\/99\/2023\/06\/Ninho-Deise-Oliveira.png 1920w, https:\/\/utfpr-ct-static-content.s3.amazonaws.com\/utfpr.curitiba.br\/wp-content\/uploads\/sites\/99\/2023\/06\/Ninho-Deise-Oliveira-300x125.png 300w, https:\/\/utfpr-ct-static-content.s3.amazonaws.com\/utfpr.curitiba.br\/wp-content\/uploads\/sites\/99\/2023\/06\/Ninho-Deise-Oliveira-1024x428.png 1024w, https:\/\/utfpr-ct-static-content.s3.amazonaws.com\/utfpr.curitiba.br\/wp-content\/uploads\/sites\/99\/2023\/06\/Ninho-Deise-Oliveira-768x321.png 768w, https:\/\/utfpr-ct-static-content.s3.amazonaws.com\/utfpr.curitiba.br\/wp-content\/uploads\/sites\/99\/2023\/06\/Ninho-Deise-Oliveira-1536x642.png 1536w\" sizes=\"(max-width: 1920px) 100vw, 1920px\" \/>                                            <\/a>\n                                        <\/div>\n                                                                                    <div class=\"post-content\">\n                                                <div class=\"content\">\n                                                    <h4 class=\"htmega-post-g-title\"><a href='https:\/\/utfpr.curitiba.br\/nucleodesignanimacao\/?p=13858'>Ninho &#8211; Deise Oliveira<\/a><\/h4>                                                                                                    <\/div>\n                                            <\/div>\n                                                                                <\/div>\n                                <\/div>\n                            \n                        \n                        \n                                                                                                                                            <div class=\"htb-col-lg-4 htb-col-sm-6 htb-col-12\">\n                                    <div class=\"ht-post gradient-overlay gradient-overlay-2 mt--20\">\n                                        <div class=\"thumb\">\n                                            <a href=\"https:\/\/utfpr.curitiba.br\/nucleodesignanimacao\/?p=13847\">\n                                                <img loading=\"lazy\" decoding=\"async\" width=\"1920\" height=\"712\" src=\"https:\/\/utfpr-ct-static-content.s3.amazonaws.com\/utfpr.curitiba.br\/wp-content\/uploads\/sites\/99\/2023\/06\/Negativo-Larissa-Lisboa.png\" class=\"attachment-full size-full wp-post-image\" alt=\"\" srcset=\"https:\/\/utfpr-ct-static-content.s3.amazonaws.com\/utfpr.curitiba.br\/wp-content\/uploads\/sites\/99\/2023\/06\/Negativo-Larissa-Lisboa.png 1920w, https:\/\/utfpr-ct-static-content.s3.amazonaws.com\/utfpr.curitiba.br\/wp-content\/uploads\/sites\/99\/2023\/06\/Negativo-Larissa-Lisboa-300x111.png 300w, https:\/\/utfpr-ct-static-content.s3.amazonaws.com\/utfpr.curitiba.br\/wp-content\/uploads\/sites\/99\/2023\/06\/Negativo-Larissa-Lisboa-1024x380.png 1024w, https:\/\/utfpr-ct-static-content.s3.amazonaws.com\/utfpr.curitiba.br\/wp-content\/uploads\/sites\/99\/2023\/06\/Negativo-Larissa-Lisboa-768x285.png 768w, https:\/\/utfpr-ct-static-content.s3.amazonaws.com\/utfpr.curitiba.br\/wp-content\/uploads\/sites\/99\/2023\/06\/Negativo-Larissa-Lisboa-1536x570.png 1536w\" sizes=\"(max-width: 1920px) 100vw, 1920px\" \/>                                            <\/a>\n                                        <\/div>\n                                                                                    <div class=\"post-content\">\n                                                <div class=\"content\">\n                                                    <h4 class=\"htmega-post-g-title\"><a href='https:\/\/utfpr.curitiba.br\/nucleodesignanimacao\/?p=13847'>Negativo &#8211; Larissa Lisboa<\/a><\/h4>                                                                                                    <\/div>\n                                            <\/div>\n                                                                                <\/div>\n                                <\/div>\n                            \n                        \n                        \n                                                                                                                                            <div class=\"htb-col-lg-4 htb-col-sm-6 htb-col-12\">\n                                    <div class=\"ht-post gradient-overlay gradient-overlay-3 mt--20\">\n                                        <div class=\"thumb\">\n                                            <a href=\"https:\/\/utfpr.curitiba.br\/nucleodesignanimacao\/?p=13836\">\n                                                <img loading=\"lazy\" decoding=\"async\" width=\"3334\" height=\"2348\" src=\"https:\/\/utfpr-ct-static-content.s3.amazonaws.com\/utfpr.curitiba.br\/wp-content\/uploads\/sites\/99\/2023\/06\/Imagem-substituicao_Prancheta-1.png\" class=\"attachment-full size-full wp-post-image\" alt=\"\" srcset=\"https:\/\/utfpr-ct-static-content.s3.amazonaws.com\/utfpr.curitiba.br\/wp-content\/uploads\/sites\/99\/2023\/06\/Imagem-substituicao_Prancheta-1.png 3334w, https:\/\/utfpr-ct-static-content.s3.amazonaws.com\/utfpr.curitiba.br\/wp-content\/uploads\/sites\/99\/2023\/06\/Imagem-substituicao_Prancheta-1-300x211.png 300w, https:\/\/utfpr-ct-static-content.s3.amazonaws.com\/utfpr.curitiba.br\/wp-content\/uploads\/sites\/99\/2023\/06\/Imagem-substituicao_Prancheta-1-1024x721.png 1024w, https:\/\/utfpr-ct-static-content.s3.amazonaws.com\/utfpr.curitiba.br\/wp-content\/uploads\/sites\/99\/2023\/06\/Imagem-substituicao_Prancheta-1-768x541.png 768w, https:\/\/utfpr-ct-static-content.s3.amazonaws.com\/utfpr.curitiba.br\/wp-content\/uploads\/sites\/99\/2023\/06\/Imagem-substituicao_Prancheta-1-1536x1082.png 1536w, https:\/\/utfpr-ct-static-content.s3.amazonaws.com\/utfpr.curitiba.br\/wp-content\/uploads\/sites\/99\/2023\/06\/Imagem-substituicao_Prancheta-1-2048x1442.png 2048w\" sizes=\"(max-width: 3334px) 100vw, 3334px\" \/>                                            <\/a>\n                                        <\/div>\n                                                                                    <div class=\"post-content\">\n                                                <div class=\"content\">\n                                                    <h4 class=\"htmega-post-g-title\"><a href='https:\/\/utfpr.curitiba.br\/nucleodesignanimacao\/?p=13836'>Moncarube &#8211; F\u00e1bio Purper<\/a><\/h4>                                                                                                    <\/div>\n                                            <\/div>\n                                                                                <\/div>\n                                <\/div>\n                            \n                        \n                        \n                                                                                                                                            <div class=\"htb-col-lg-4 htb-col-sm-6 htb-col-12\">\n                                    <div class=\"ht-post gradient-overlay gradient-overlay-4 mt--20\">\n                                        <div class=\"thumb\">\n                                            <a href=\"https:\/\/utfpr.curitiba.br\/nucleodesignanimacao\/?p=13825\">\n                                                <img loading=\"lazy\" decoding=\"async\" width=\"3334\" height=\"2348\" src=\"https:\/\/utfpr-ct-static-content.s3.amazonaws.com\/utfpr.curitiba.br\/wp-content\/uploads\/sites\/99\/2023\/06\/Imagem-substituicao_Prancheta-1.png\" class=\"attachment-full size-full wp-post-image\" alt=\"\" srcset=\"https:\/\/utfpr-ct-static-content.s3.amazonaws.com\/utfpr.curitiba.br\/wp-content\/uploads\/sites\/99\/2023\/06\/Imagem-substituicao_Prancheta-1.png 3334w, https:\/\/utfpr-ct-static-content.s3.amazonaws.com\/utfpr.curitiba.br\/wp-content\/uploads\/sites\/99\/2023\/06\/Imagem-substituicao_Prancheta-1-300x211.png 300w, https:\/\/utfpr-ct-static-content.s3.amazonaws.com\/utfpr.curitiba.br\/wp-content\/uploads\/sites\/99\/2023\/06\/Imagem-substituicao_Prancheta-1-1024x721.png 1024w, https:\/\/utfpr-ct-static-content.s3.amazonaws.com\/utfpr.curitiba.br\/wp-content\/uploads\/sites\/99\/2023\/06\/Imagem-substituicao_Prancheta-1-768x541.png 768w, https:\/\/utfpr-ct-static-content.s3.amazonaws.com\/utfpr.curitiba.br\/wp-content\/uploads\/sites\/99\/2023\/06\/Imagem-substituicao_Prancheta-1-1536x1082.png 1536w, https:\/\/utfpr-ct-static-content.s3.amazonaws.com\/utfpr.curitiba.br\/wp-content\/uploads\/sites\/99\/2023\/06\/Imagem-substituicao_Prancheta-1-2048x1442.png 2048w\" sizes=\"(max-width: 3334px) 100vw, 3334px\" \/>                                            <\/a>\n                                        <\/div>\n                                                                                    <div class=\"post-content\">\n                                                <div class=\"content\">\n                                                    <h4 class=\"htmega-post-g-title\"><a href='https:\/\/utfpr.curitiba.br\/nucleodesignanimacao\/?p=13825'>Minha Vida na Fazenda &#8211; Fernando Duarte de Ara\u00fajo Silva<\/a><\/h4>                                                                                                    <\/div>\n                                            <\/div>\n                                                                                <\/div>\n                                <\/div>\n                            \n                        \n                        \n                                                                                                                                            <div class=\"htb-col-lg-4 htb-col-sm-6 htb-col-12\">\n                                    <div class=\"ht-post gradient-overlay gradient-overlay-5 mt--20\">\n                                        <div class=\"thumb\">\n                                            <a href=\"https:\/\/utfpr.curitiba.br\/nucleodesignanimacao\/?p=13814\">\n                                                <img loading=\"lazy\" decoding=\"async\" width=\"1920\" height=\"784\" src=\"https:\/\/utfpr-ct-static-content.s3.amazonaws.com\/utfpr.curitiba.br\/wp-content\/uploads\/sites\/99\/2023\/06\/Minha-Primeira-Memoria-Lara-Mendes-Salsa.png\" class=\"attachment-full size-full wp-post-image\" alt=\"\" srcset=\"https:\/\/utfpr-ct-static-content.s3.amazonaws.com\/utfpr.curitiba.br\/wp-content\/uploads\/sites\/99\/2023\/06\/Minha-Primeira-Memoria-Lara-Mendes-Salsa.png 1920w, https:\/\/utfpr-ct-static-content.s3.amazonaws.com\/utfpr.curitiba.br\/wp-content\/uploads\/sites\/99\/2023\/06\/Minha-Primeira-Memoria-Lara-Mendes-Salsa-300x123.png 300w, https:\/\/utfpr-ct-static-content.s3.amazonaws.com\/utfpr.curitiba.br\/wp-content\/uploads\/sites\/99\/2023\/06\/Minha-Primeira-Memoria-Lara-Mendes-Salsa-1024x418.png 1024w, https:\/\/utfpr-ct-static-content.s3.amazonaws.com\/utfpr.curitiba.br\/wp-content\/uploads\/sites\/99\/2023\/06\/Minha-Primeira-Memoria-Lara-Mendes-Salsa-768x314.png 768w, https:\/\/utfpr-ct-static-content.s3.amazonaws.com\/utfpr.curitiba.br\/wp-content\/uploads\/sites\/99\/2023\/06\/Minha-Primeira-Memoria-Lara-Mendes-Salsa-1536x627.png 1536w\" sizes=\"(max-width: 1920px) 100vw, 1920px\" \/>                                            <\/a>\n                                        <\/div>\n                                                                                    <div class=\"post-content\">\n                                                <div class=\"content\">\n                                                    <h4 class=\"htmega-post-g-title\"><a href='https:\/\/utfpr.curitiba.br\/nucleodesignanimacao\/?p=13814'>Minha Primeira Mem\u00f3ria &#8211; Lara Mendes Salsa<\/a><\/h4>                                                                                                    <\/div>\n                                            <\/div>\n                                                                                <\/div>\n                                <\/div>\n                            \n                        \n                        \n                                                                                                                                            <div class=\"htb-col-lg-4 htb-col-sm-6 htb-col-12\">\n                                    <div class=\"ht-post gradient-overlay gradient-overlay-6 mt--20\">\n                                        <div class=\"thumb\">\n                                            <a href=\"https:\/\/utfpr.curitiba.br\/nucleodesignanimacao\/?p=13803\">\n                                                <img loading=\"lazy\" decoding=\"async\" width=\"1716\" height=\"712\" src=\"https:\/\/utfpr-ct-static-content.s3.amazonaws.com\/utfpr.curitiba.br\/wp-content\/uploads\/sites\/99\/2023\/06\/Mensagem-de-uma-noite-sem-fim-Tiago-Minamisawa-e-Barcabogante.png\" class=\"attachment-full size-full wp-post-image\" alt=\"\" srcset=\"https:\/\/utfpr-ct-static-content.s3.amazonaws.com\/utfpr.curitiba.br\/wp-content\/uploads\/sites\/99\/2023\/06\/Mensagem-de-uma-noite-sem-fim-Tiago-Minamisawa-e-Barcabogante.png 1716w, https:\/\/utfpr-ct-static-content.s3.amazonaws.com\/utfpr.curitiba.br\/wp-content\/uploads\/sites\/99\/2023\/06\/Mensagem-de-uma-noite-sem-fim-Tiago-Minamisawa-e-Barcabogante-300x124.png 300w, https:\/\/utfpr-ct-static-content.s3.amazonaws.com\/utfpr.curitiba.br\/wp-content\/uploads\/sites\/99\/2023\/06\/Mensagem-de-uma-noite-sem-fim-Tiago-Minamisawa-e-Barcabogante-1024x425.png 1024w, https:\/\/utfpr-ct-static-content.s3.amazonaws.com\/utfpr.curitiba.br\/wp-content\/uploads\/sites\/99\/2023\/06\/Mensagem-de-uma-noite-sem-fim-Tiago-Minamisawa-e-Barcabogante-768x319.png 768w, https:\/\/utfpr-ct-static-content.s3.amazonaws.com\/utfpr.curitiba.br\/wp-content\/uploads\/sites\/99\/2023\/06\/Mensagem-de-uma-noite-sem-fim-Tiago-Minamisawa-e-Barcabogante-1536x637.png 1536w\" sizes=\"(max-width: 1716px) 100vw, 1716px\" \/>                                            <\/a>\n                                        <\/div>\n                                                                                    <div class=\"post-content\">\n                                                <div class=\"content\">\n                                                    <h4 class=\"htmega-post-g-title\"><a href='https:\/\/utfpr.curitiba.br\/nucleodesignanimacao\/?p=13803'>Mensagem de uma noite sem fim &#8211; Tiago Minamisawa e Barcabogante<\/a><\/h4>                                                                                                    <\/div>\n                                            <\/div>\n                                                                                <\/div>\n                                <\/div>\n                            \n                        \n                        \n                                                                                                                                            <div class=\"htb-col-lg-4 htb-col-sm-6 htb-col-12\">\n                                    <div class=\"ht-post gradient-overlay gradient-overlay-1 mt--20\">\n                                        <div class=\"thumb\">\n                                            <a href=\"https:\/\/utfpr.curitiba.br\/nucleodesignanimacao\/?p=13792\">\n                                                <img loading=\"lazy\" decoding=\"async\" width=\"3334\" height=\"2348\" src=\"https:\/\/utfpr-ct-static-content.s3.amazonaws.com\/utfpr.curitiba.br\/wp-content\/uploads\/sites\/99\/2023\/06\/Imagem-substituicao_Prancheta-1.png\" class=\"attachment-full size-full wp-post-image\" alt=\"\" srcset=\"https:\/\/utfpr-ct-static-content.s3.amazonaws.com\/utfpr.curitiba.br\/wp-content\/uploads\/sites\/99\/2023\/06\/Imagem-substituicao_Prancheta-1.png 3334w, https:\/\/utfpr-ct-static-content.s3.amazonaws.com\/utfpr.curitiba.br\/wp-content\/uploads\/sites\/99\/2023\/06\/Imagem-substituicao_Prancheta-1-300x211.png 300w, https:\/\/utfpr-ct-static-content.s3.amazonaws.com\/utfpr.curitiba.br\/wp-content\/uploads\/sites\/99\/2023\/06\/Imagem-substituicao_Prancheta-1-1024x721.png 1024w, https:\/\/utfpr-ct-static-content.s3.amazonaws.com\/utfpr.curitiba.br\/wp-content\/uploads\/sites\/99\/2023\/06\/Imagem-substituicao_Prancheta-1-768x541.png 768w, https:\/\/utfpr-ct-static-content.s3.amazonaws.com\/utfpr.curitiba.br\/wp-content\/uploads\/sites\/99\/2023\/06\/Imagem-substituicao_Prancheta-1-1536x1082.png 1536w, https:\/\/utfpr-ct-static-content.s3.amazonaws.com\/utfpr.curitiba.br\/wp-content\/uploads\/sites\/99\/2023\/06\/Imagem-substituicao_Prancheta-1-2048x1442.png 2048w\" sizes=\"(max-width: 3334px) 100vw, 3334px\" \/>                                            <\/a>\n                                        <\/div>\n                                                                                    <div class=\"post-content\">\n                                                <div class=\"content\">\n                                                    <h4 class=\"htmega-post-g-title\"><a href='https:\/\/utfpr.curitiba.br\/nucleodesignanimacao\/?p=13792'>Mata T\u00e2ntrica &#8211; ONZE: Gabriela Monnnerat e Rodrigo Amim<\/a><\/h4>                                                                                                    <\/div>\n                                            <\/div>\n                                                                                <\/div>\n                                <\/div>\n                            \n                        \n                        \n                                                                                                                                            <div class=\"htb-col-lg-4 htb-col-sm-6 htb-col-12\">\n                                    <div class=\"ht-post gradient-overlay gradient-overlay-2 mt--20\">\n                                        <div class=\"thumb\">\n                                            <a href=\"https:\/\/utfpr.curitiba.br\/nucleodesignanimacao\/?p=13781\">\n                                                <img loading=\"lazy\" decoding=\"async\" width=\"1920\" height=\"865\" src=\"https:\/\/utfpr-ct-static-content.s3.amazonaws.com\/utfpr.curitiba.br\/wp-content\/uploads\/sites\/99\/2023\/06\/Madrugada-Amor-Carlon-Hardt.png\" class=\"attachment-full size-full wp-post-image\" alt=\"\" srcset=\"https:\/\/utfpr-ct-static-content.s3.amazonaws.com\/utfpr.curitiba.br\/wp-content\/uploads\/sites\/99\/2023\/06\/Madrugada-Amor-Carlon-Hardt.png 1920w, https:\/\/utfpr-ct-static-content.s3.amazonaws.com\/utfpr.curitiba.br\/wp-content\/uploads\/sites\/99\/2023\/06\/Madrugada-Amor-Carlon-Hardt-300x135.png 300w, https:\/\/utfpr-ct-static-content.s3.amazonaws.com\/utfpr.curitiba.br\/wp-content\/uploads\/sites\/99\/2023\/06\/Madrugada-Amor-Carlon-Hardt-1024x461.png 1024w, https:\/\/utfpr-ct-static-content.s3.amazonaws.com\/utfpr.curitiba.br\/wp-content\/uploads\/sites\/99\/2023\/06\/Madrugada-Amor-Carlon-Hardt-768x346.png 768w, https:\/\/utfpr-ct-static-content.s3.amazonaws.com\/utfpr.curitiba.br\/wp-content\/uploads\/sites\/99\/2023\/06\/Madrugada-Amor-Carlon-Hardt-1536x692.png 1536w\" sizes=\"(max-width: 1920px) 100vw, 1920px\" \/>                                            <\/a>\n                                        <\/div>\n                                                                                    <div class=\"post-content\">\n                                                <div class=\"content\">\n                                                    <h4 class=\"htmega-post-g-title\"><a href='https:\/\/utfpr.curitiba.br\/nucleodesignanimacao\/?p=13781'>Madrugada &amp; Amor &#8211; Carlon Hardt<\/a><\/h4>                                                                                                    <\/div>\n                                            <\/div>\n                                                                                <\/div>\n                                <\/div>\n                            \n                        \n                        \n                                                                                                                                            <div class=\"htb-col-lg-4 htb-col-sm-6 htb-col-12\">\n                                    <div class=\"ht-post gradient-overlay gradient-overlay-3 mt--20\">\n                                        <div class=\"thumb\">\n                                            <a href=\"https:\/\/utfpr.curitiba.br\/nucleodesignanimacao\/?p=13770\">\n                                                <img loading=\"lazy\" decoding=\"async\" width=\"1200\" height=\"675\" src=\"https:\/\/utfpr-ct-static-content.s3.amazonaws.com\/utfpr.curitiba.br\/wp-content\/uploads\/sites\/99\/2023\/06\/Livre-se-Matheus-Lopes-e-Vinicius-de-Lima.jpg\" class=\"attachment-full size-full wp-post-image\" alt=\"\" srcset=\"https:\/\/utfpr-ct-static-content.s3.amazonaws.com\/utfpr.curitiba.br\/wp-content\/uploads\/sites\/99\/2023\/06\/Livre-se-Matheus-Lopes-e-Vinicius-de-Lima.jpg 1200w, https:\/\/utfpr-ct-static-content.s3.amazonaws.com\/utfpr.curitiba.br\/wp-content\/uploads\/sites\/99\/2023\/06\/Livre-se-Matheus-Lopes-e-Vinicius-de-Lima-300x169.jpg 300w, https:\/\/utfpr-ct-static-content.s3.amazonaws.com\/utfpr.curitiba.br\/wp-content\/uploads\/sites\/99\/2023\/06\/Livre-se-Matheus-Lopes-e-Vinicius-de-Lima-1024x576.jpg 1024w, https:\/\/utfpr-ct-static-content.s3.amazonaws.com\/utfpr.curitiba.br\/wp-content\/uploads\/sites\/99\/2023\/06\/Livre-se-Matheus-Lopes-e-Vinicius-de-Lima-768x432.jpg 768w\" sizes=\"(max-width: 1200px) 100vw, 1200px\" \/>                                            <\/a>\n                                        <\/div>\n                                                                                    <div class=\"post-content\">\n                                                <div class=\"content\">\n                                                    <h4 class=\"htmega-post-g-title\"><a href='https:\/\/utfpr.curitiba.br\/nucleodesignanimacao\/?p=13770'>Livre-se &#8211; Matheus Lopes e Vin\u00edcius de Lima<\/a><\/h4>                                                                                                    <\/div>\n                                            <\/div>\n                                                                                <\/div>\n                                <\/div>\n                            \n                        \n                        \n                                                                                                                                            <div class=\"htb-col-lg-4 htb-col-sm-6 htb-col-12\">\n                                    <div class=\"ht-post gradient-overlay gradient-overlay-4 mt--20\">\n                                        <div class=\"thumb\">\n                                            <a href=\"https:\/\/utfpr.curitiba.br\/nucleodesignanimacao\/?p=13759\">\n                                                <img loading=\"lazy\" decoding=\"async\" width=\"1739\" height=\"868\" src=\"https:\/\/utfpr-ct-static-content.s3.amazonaws.com\/utfpr.curitiba.br\/wp-content\/uploads\/sites\/99\/2023\/06\/Inflaveis-Gunga-Guerra.png\" class=\"attachment-full size-full wp-post-image\" alt=\"\" srcset=\"https:\/\/utfpr-ct-static-content.s3.amazonaws.com\/utfpr.curitiba.br\/wp-content\/uploads\/sites\/99\/2023\/06\/Inflaveis-Gunga-Guerra.png 1739w, https:\/\/utfpr-ct-static-content.s3.amazonaws.com\/utfpr.curitiba.br\/wp-content\/uploads\/sites\/99\/2023\/06\/Inflaveis-Gunga-Guerra-300x150.png 300w, https:\/\/utfpr-ct-static-content.s3.amazonaws.com\/utfpr.curitiba.br\/wp-content\/uploads\/sites\/99\/2023\/06\/Inflaveis-Gunga-Guerra-1024x511.png 1024w, https:\/\/utfpr-ct-static-content.s3.amazonaws.com\/utfpr.curitiba.br\/wp-content\/uploads\/sites\/99\/2023\/06\/Inflaveis-Gunga-Guerra-768x383.png 768w, https:\/\/utfpr-ct-static-content.s3.amazonaws.com\/utfpr.curitiba.br\/wp-content\/uploads\/sites\/99\/2023\/06\/Inflaveis-Gunga-Guerra-1536x767.png 1536w\" sizes=\"(max-width: 1739px) 100vw, 1739px\" \/>                                            <\/a>\n                                        <\/div>\n                                                                                    <div class=\"post-content\">\n                                                <div class=\"content\">\n                                                    <h4 class=\"htmega-post-g-title\"><a href='https:\/\/utfpr.curitiba.br\/nucleodesignanimacao\/?p=13759'>Infl\u00e1veis &#8211; Gunga Guerra<\/a><\/h4>                                                                                                    <\/div>\n                                            <\/div>\n                                                                                <\/div>\n                                <\/div>\n                            \n                        \n                        \n                                                                                                                                            <div class=\"htb-col-lg-4 htb-col-sm-6 htb-col-12\">\n                                    <div class=\"ht-post gradient-overlay gradient-overlay-5 mt--20\">\n                                        <div class=\"thumb\">\n                                            <a href=\"https:\/\/utfpr.curitiba.br\/nucleodesignanimacao\/?p=13748\">\n                                                <img loading=\"lazy\" decoding=\"async\" width=\"1916\" height=\"820\" src=\"https:\/\/utfpr-ct-static-content.s3.amazonaws.com\/utfpr.curitiba.br\/wp-content\/uploads\/sites\/99\/2023\/06\/Indefinido-Larissa-Lisboa.png\" class=\"attachment-full size-full wp-post-image\" alt=\"\" srcset=\"https:\/\/utfpr-ct-static-content.s3.amazonaws.com\/utfpr.curitiba.br\/wp-content\/uploads\/sites\/99\/2023\/06\/Indefinido-Larissa-Lisboa.png 1916w, https:\/\/utfpr-ct-static-content.s3.amazonaws.com\/utfpr.curitiba.br\/wp-content\/uploads\/sites\/99\/2023\/06\/Indefinido-Larissa-Lisboa-300x128.png 300w, https:\/\/utfpr-ct-static-content.s3.amazonaws.com\/utfpr.curitiba.br\/wp-content\/uploads\/sites\/99\/2023\/06\/Indefinido-Larissa-Lisboa-1024x438.png 1024w, https:\/\/utfpr-ct-static-content.s3.amazonaws.com\/utfpr.curitiba.br\/wp-content\/uploads\/sites\/99\/2023\/06\/Indefinido-Larissa-Lisboa-768x329.png 768w, https:\/\/utfpr-ct-static-content.s3.amazonaws.com\/utfpr.curitiba.br\/wp-content\/uploads\/sites\/99\/2023\/06\/Indefinido-Larissa-Lisboa-1536x657.png 1536w\" sizes=\"(max-width: 1916px) 100vw, 1916px\" \/>                                            <\/a>\n                                        <\/div>\n                                                                                    <div class=\"post-content\">\n                                                <div class=\"content\">\n                                                    <h4 class=\"htmega-post-g-title\"><a href='https:\/\/utfpr.curitiba.br\/nucleodesignanimacao\/?p=13748'>Indefinido &#8211; Larissa Lisboa<\/a><\/h4>                                                                                                    <\/div>\n                                            <\/div>\n                                                                                <\/div>\n                                <\/div>\n                            \n                        \n                        \n                                                                                                                                            <div class=\"htb-col-lg-4 htb-col-sm-6 htb-col-12\">\n                                    <div class=\"ht-post gradient-overlay gradient-overlay-6 mt--20\">\n                                        <div class=\"thumb\">\n                                            <a href=\"https:\/\/utfpr.curitiba.br\/nucleodesignanimacao\/?p=13737\">\n                                                <img loading=\"lazy\" decoding=\"async\" width=\"1648\" height=\"821\" src=\"https:\/\/utfpr-ct-static-content.s3.amazonaws.com\/utfpr.curitiba.br\/wp-content\/uploads\/sites\/99\/2023\/06\/i-subemprego-Rodrigo-EBA.png\" class=\"attachment-full size-full wp-post-image\" alt=\"\" srcset=\"https:\/\/utfpr-ct-static-content.s3.amazonaws.com\/utfpr.curitiba.br\/wp-content\/uploads\/sites\/99\/2023\/06\/i-subemprego-Rodrigo-EBA.png 1648w, https:\/\/utfpr-ct-static-content.s3.amazonaws.com\/utfpr.curitiba.br\/wp-content\/uploads\/sites\/99\/2023\/06\/i-subemprego-Rodrigo-EBA-300x149.png 300w, https:\/\/utfpr-ct-static-content.s3.amazonaws.com\/utfpr.curitiba.br\/wp-content\/uploads\/sites\/99\/2023\/06\/i-subemprego-Rodrigo-EBA-1024x510.png 1024w, https:\/\/utfpr-ct-static-content.s3.amazonaws.com\/utfpr.curitiba.br\/wp-content\/uploads\/sites\/99\/2023\/06\/i-subemprego-Rodrigo-EBA-768x383.png 768w, https:\/\/utfpr-ct-static-content.s3.amazonaws.com\/utfpr.curitiba.br\/wp-content\/uploads\/sites\/99\/2023\/06\/i-subemprego-Rodrigo-EBA-1536x765.png 1536w\" sizes=\"(max-width: 1648px) 100vw, 1648px\" \/>                                            <\/a>\n                                        <\/div>\n                                                                                    <div class=\"post-content\">\n                                                <div class=\"content\">\n                                                    <h4 class=\"htmega-post-g-title\"><a href='https:\/\/utfpr.curitiba.br\/nucleodesignanimacao\/?p=13737'>i-subemprego &#8211; Rodrigo EBA!<\/a><\/h4>                                                                                                    <\/div>\n                                            <\/div>\n                                                                                <\/div>\n                                <\/div>\n                            \n                        \n                        \n                                                                                                                                            <div class=\"htb-col-lg-4 htb-col-sm-6 htb-col-12\">\n                                    <div class=\"ht-post gradient-overlay gradient-overlay-1 mt--20\">\n                                        <div class=\"thumb\">\n                                            <a href=\"https:\/\/utfpr.curitiba.br\/nucleodesignanimacao\/?p=13726\">\n                                                <img loading=\"lazy\" decoding=\"async\" width=\"1920\" height=\"838\" src=\"https:\/\/utfpr-ct-static-content.s3.amazonaws.com\/utfpr.curitiba.br\/wp-content\/uploads\/sites\/99\/2023\/06\/How-Bad-Do-You-Want-Daniel-Kano-e-Jannerson-Xavier.png\" class=\"attachment-full size-full wp-post-image\" alt=\"\" srcset=\"https:\/\/utfpr-ct-static-content.s3.amazonaws.com\/utfpr.curitiba.br\/wp-content\/uploads\/sites\/99\/2023\/06\/How-Bad-Do-You-Want-Daniel-Kano-e-Jannerson-Xavier.png 1920w, https:\/\/utfpr-ct-static-content.s3.amazonaws.com\/utfpr.curitiba.br\/wp-content\/uploads\/sites\/99\/2023\/06\/How-Bad-Do-You-Want-Daniel-Kano-e-Jannerson-Xavier-300x131.png 300w, https:\/\/utfpr-ct-static-content.s3.amazonaws.com\/utfpr.curitiba.br\/wp-content\/uploads\/sites\/99\/2023\/06\/How-Bad-Do-You-Want-Daniel-Kano-e-Jannerson-Xavier-1024x447.png 1024w, https:\/\/utfpr-ct-static-content.s3.amazonaws.com\/utfpr.curitiba.br\/wp-content\/uploads\/sites\/99\/2023\/06\/How-Bad-Do-You-Want-Daniel-Kano-e-Jannerson-Xavier-768x335.png 768w, https:\/\/utfpr-ct-static-content.s3.amazonaws.com\/utfpr.curitiba.br\/wp-content\/uploads\/sites\/99\/2023\/06\/How-Bad-Do-You-Want-Daniel-Kano-e-Jannerson-Xavier-1536x670.png 1536w\" sizes=\"(max-width: 1920px) 100vw, 1920px\" \/>                                            <\/a>\n                                        <\/div>\n                                                                                    <div class=\"post-content\">\n                                                <div class=\"content\">\n                                                    <h4 class=\"htmega-post-g-title\"><a href='https:\/\/utfpr.curitiba.br\/nucleodesignanimacao\/?p=13726'>How Bad Do You Want &#8211; Daniel Kano e Jannerson Xavier<\/a><\/h4>                                                                                                    <\/div>\n                                            <\/div>\n                                                                                <\/div>\n                                <\/div>\n                            \n                        \n                        \n                                                                                                                                            <div class=\"htb-col-lg-4 htb-col-sm-6 htb-col-12\">\n                                    <div class=\"ht-post gradient-overlay gradient-overlay-2 mt--20\">\n                                        <div class=\"thumb\">\n                                            <a href=\"https:\/\/utfpr.curitiba.br\/nucleodesignanimacao\/?p=13715\">\n                                                <img loading=\"lazy\" decoding=\"async\" width=\"1920\" height=\"870\" src=\"https:\/\/utfpr-ct-static-content.s3.amazonaws.com\/utfpr.curitiba.br\/wp-content\/uploads\/sites\/99\/2023\/06\/Flamlet-Estudio-Escola-de-Animacao.png\" class=\"attachment-full size-full wp-post-image\" alt=\"\" srcset=\"https:\/\/utfpr-ct-static-content.s3.amazonaws.com\/utfpr.curitiba.br\/wp-content\/uploads\/sites\/99\/2023\/06\/Flamlet-Estudio-Escola-de-Animacao.png 1920w, https:\/\/utfpr-ct-static-content.s3.amazonaws.com\/utfpr.curitiba.br\/wp-content\/uploads\/sites\/99\/2023\/06\/Flamlet-Estudio-Escola-de-Animacao-300x136.png 300w, https:\/\/utfpr-ct-static-content.s3.amazonaws.com\/utfpr.curitiba.br\/wp-content\/uploads\/sites\/99\/2023\/06\/Flamlet-Estudio-Escola-de-Animacao-1024x464.png 1024w, https:\/\/utfpr-ct-static-content.s3.amazonaws.com\/utfpr.curitiba.br\/wp-content\/uploads\/sites\/99\/2023\/06\/Flamlet-Estudio-Escola-de-Animacao-768x348.png 768w, https:\/\/utfpr-ct-static-content.s3.amazonaws.com\/utfpr.curitiba.br\/wp-content\/uploads\/sites\/99\/2023\/06\/Flamlet-Estudio-Escola-de-Animacao-1536x696.png 1536w\" sizes=\"(max-width: 1920px) 100vw, 1920px\" \/>                                            <\/a>\n                                        <\/div>\n                                                                                    <div class=\"post-content\">\n                                                <div class=\"content\">\n                                                    <h4 class=\"htmega-post-g-title\"><a href='https:\/\/utfpr.curitiba.br\/nucleodesignanimacao\/?p=13715'>Flamlet &#8211; Est\u00fadio Escola de Anima\u00e7\u00e3o<\/a><\/h4>                                                                                                    <\/div>\n                                            <\/div>\n                                                                                <\/div>\n                                <\/div>\n                            \n                        \n                        \n                                                                                                                                            <div class=\"htb-col-lg-4 htb-col-sm-6 htb-col-12\">\n                                    <div class=\"ht-post gradient-overlay gradient-overlay-3 mt--20\">\n                                        <div class=\"thumb\">\n                                            <a href=\"https:\/\/utfpr.curitiba.br\/nucleodesignanimacao\/?p=13704\">\n                                                <img loading=\"lazy\" decoding=\"async\" width=\"1915\" height=\"808\" src=\"https:\/\/utfpr-ct-static-content.s3.amazonaws.com\/utfpr.curitiba.br\/wp-content\/uploads\/sites\/99\/2023\/06\/Eternidade-Lara-Mendes-Salsa.png\" class=\"attachment-full size-full wp-post-image\" alt=\"\" srcset=\"https:\/\/utfpr-ct-static-content.s3.amazonaws.com\/utfpr.curitiba.br\/wp-content\/uploads\/sites\/99\/2023\/06\/Eternidade-Lara-Mendes-Salsa.png 1915w, https:\/\/utfpr-ct-static-content.s3.amazonaws.com\/utfpr.curitiba.br\/wp-content\/uploads\/sites\/99\/2023\/06\/Eternidade-Lara-Mendes-Salsa-300x127.png 300w, https:\/\/utfpr-ct-static-content.s3.amazonaws.com\/utfpr.curitiba.br\/wp-content\/uploads\/sites\/99\/2023\/06\/Eternidade-Lara-Mendes-Salsa-1024x432.png 1024w, https:\/\/utfpr-ct-static-content.s3.amazonaws.com\/utfpr.curitiba.br\/wp-content\/uploads\/sites\/99\/2023\/06\/Eternidade-Lara-Mendes-Salsa-768x324.png 768w, https:\/\/utfpr-ct-static-content.s3.amazonaws.com\/utfpr.curitiba.br\/wp-content\/uploads\/sites\/99\/2023\/06\/Eternidade-Lara-Mendes-Salsa-1536x648.png 1536w\" sizes=\"(max-width: 1915px) 100vw, 1915px\" \/>                                            <\/a>\n                                        <\/div>\n                                                                                    <div class=\"post-content\">\n                                                <div class=\"content\">\n                                                    <h4 class=\"htmega-post-g-title\"><a href='https:\/\/utfpr.curitiba.br\/nucleodesignanimacao\/?p=13704'>Eternidade &#8211; Lara Mendes Salsa<\/a><\/h4>                                                                                                    <\/div>\n                                            <\/div>\n                                                                                <\/div>\n                                <\/div>\n                            \n                        \n                        \n                                                                                                                                            <div class=\"htb-col-lg-4 htb-col-sm-6 htb-col-12\">\n                                    <div class=\"ht-post gradient-overlay gradient-overlay-4 mt--20\">\n                                        <div class=\"thumb\">\n                                            <a href=\"https:\/\/utfpr.curitiba.br\/nucleodesignanimacao\/?p=13693\">\n                                                <img loading=\"lazy\" decoding=\"async\" width=\"3334\" height=\"2348\" src=\"https:\/\/utfpr-ct-static-content.s3.amazonaws.com\/utfpr.curitiba.br\/wp-content\/uploads\/sites\/99\/2023\/06\/Imagem-substituicao_Prancheta-1.png\" class=\"attachment-full size-full wp-post-image\" alt=\"\" srcset=\"https:\/\/utfpr-ct-static-content.s3.amazonaws.com\/utfpr.curitiba.br\/wp-content\/uploads\/sites\/99\/2023\/06\/Imagem-substituicao_Prancheta-1.png 3334w, https:\/\/utfpr-ct-static-content.s3.amazonaws.com\/utfpr.curitiba.br\/wp-content\/uploads\/sites\/99\/2023\/06\/Imagem-substituicao_Prancheta-1-300x211.png 300w, https:\/\/utfpr-ct-static-content.s3.amazonaws.com\/utfpr.curitiba.br\/wp-content\/uploads\/sites\/99\/2023\/06\/Imagem-substituicao_Prancheta-1-1024x721.png 1024w, https:\/\/utfpr-ct-static-content.s3.amazonaws.com\/utfpr.curitiba.br\/wp-content\/uploads\/sites\/99\/2023\/06\/Imagem-substituicao_Prancheta-1-768x541.png 768w, https:\/\/utfpr-ct-static-content.s3.amazonaws.com\/utfpr.curitiba.br\/wp-content\/uploads\/sites\/99\/2023\/06\/Imagem-substituicao_Prancheta-1-1536x1082.png 1536w, https:\/\/utfpr-ct-static-content.s3.amazonaws.com\/utfpr.curitiba.br\/wp-content\/uploads\/sites\/99\/2023\/06\/Imagem-substituicao_Prancheta-1-2048x1442.png 2048w\" sizes=\"(max-width: 3334px) 100vw, 3334px\" \/>                                            <\/a>\n                                        <\/div>\n                                                                                    <div class=\"post-content\">\n                                                <div class=\"content\">\n                                                    <h4 class=\"htmega-post-g-title\"><a href='https:\/\/utfpr.curitiba.br\/nucleodesignanimacao\/?p=13693'>Esperan\u00e7a &#8211; Carlos Gustavo<\/a><\/h4>                                                                                                    <\/div>\n                                            <\/div>\n                                                                                <\/div>\n                                <\/div>\n                            \n                        \n                        \n                                                                                                                                            <div class=\"htb-col-lg-4 htb-col-sm-6 htb-col-12\">\n                                    <div class=\"ht-post gradient-overlay gradient-overlay-5 mt--20\">\n                                        <div class=\"thumb\">\n                                            <a href=\"https:\/\/utfpr.curitiba.br\/nucleodesignanimacao\/?p=13671\">\n                                                <img loading=\"lazy\" decoding=\"async\" width=\"711\" height=\"603\" src=\"https:\/\/utfpr-ct-static-content.s3.amazonaws.com\/utfpr.curitiba.br\/wp-content\/uploads\/sites\/99\/2023\/06\/Diario-de-Pilar-Bruno-Bask-e-Humberto-Avelar.png\" class=\"attachment-full size-full wp-post-image\" alt=\"\" srcset=\"https:\/\/utfpr-ct-static-content.s3.amazonaws.com\/utfpr.curitiba.br\/wp-content\/uploads\/sites\/99\/2023\/06\/Diario-de-Pilar-Bruno-Bask-e-Humberto-Avelar.png 711w, https:\/\/utfpr-ct-static-content.s3.amazonaws.com\/utfpr.curitiba.br\/wp-content\/uploads\/sites\/99\/2023\/06\/Diario-de-Pilar-Bruno-Bask-e-Humberto-Avelar-300x254.png 300w\" sizes=\"(max-width: 711px) 100vw, 711px\" \/>                                            <\/a>\n                                        <\/div>\n                                                                                    <div class=\"post-content\">\n                                                <div class=\"content\">\n                                                    <h4 class=\"htmega-post-g-title\"><a href='https:\/\/utfpr.curitiba.br\/nucleodesignanimacao\/?p=13671'>Di\u00e1rio de Pilar &#8211; Bruno Bask e Humberto Avelar<\/a><\/h4>                                                                                                    <\/div>\n                                            <\/div>\n                                                                                <\/div>\n                                <\/div>\n                            \n                        \n                        \n                                                                                                                                            <div class=\"htb-col-lg-4 htb-col-sm-6 htb-col-12\">\n                                    <div class=\"ht-post gradient-overlay gradient-overlay-6 mt--20\">\n                                        <div class=\"thumb\">\n                                            <a href=\"https:\/\/utfpr.curitiba.br\/nucleodesignanimacao\/?p=13660\">\n                                                <img loading=\"lazy\" decoding=\"async\" width=\"3334\" height=\"2348\" src=\"https:\/\/utfpr-ct-static-content.s3.amazonaws.com\/utfpr.curitiba.br\/wp-content\/uploads\/sites\/99\/2023\/06\/Imagem-substituicao_Prancheta-1.png\" class=\"attachment-full size-full wp-post-image\" alt=\"\" srcset=\"https:\/\/utfpr-ct-static-content.s3.amazonaws.com\/utfpr.curitiba.br\/wp-content\/uploads\/sites\/99\/2023\/06\/Imagem-substituicao_Prancheta-1.png 3334w, https:\/\/utfpr-ct-static-content.s3.amazonaws.com\/utfpr.curitiba.br\/wp-content\/uploads\/sites\/99\/2023\/06\/Imagem-substituicao_Prancheta-1-300x211.png 300w, https:\/\/utfpr-ct-static-content.s3.amazonaws.com\/utfpr.curitiba.br\/wp-content\/uploads\/sites\/99\/2023\/06\/Imagem-substituicao_Prancheta-1-1024x721.png 1024w, https:\/\/utfpr-ct-static-content.s3.amazonaws.com\/utfpr.curitiba.br\/wp-content\/uploads\/sites\/99\/2023\/06\/Imagem-substituicao_Prancheta-1-768x541.png 768w, https:\/\/utfpr-ct-static-content.s3.amazonaws.com\/utfpr.curitiba.br\/wp-content\/uploads\/sites\/99\/2023\/06\/Imagem-substituicao_Prancheta-1-1536x1082.png 1536w, https:\/\/utfpr-ct-static-content.s3.amazonaws.com\/utfpr.curitiba.br\/wp-content\/uploads\/sites\/99\/2023\/06\/Imagem-substituicao_Prancheta-1-2048x1442.png 2048w\" sizes=\"(max-width: 3334px) 100vw, 3334px\" \/>                                            <\/a>\n                                        <\/div>\n                                                                                    <div class=\"post-content\">\n                                                <div class=\"content\">\n                                                    <h4 class=\"htmega-post-g-title\"><a href='https:\/\/utfpr.curitiba.br\/nucleodesignanimacao\/?p=13660'>De onde v\u00eam os drag\u00f5es &#8211; Grace Luzz<\/a><\/h4>                                                                                                    <\/div>\n                                            <\/div>\n                                                                                <\/div>\n                                <\/div>\n                            \n                        \n                        \n                                                                                                                                            <div class=\"htb-col-lg-4 htb-col-sm-6 htb-col-12\">\n                                    <div class=\"ht-post gradient-overlay gradient-overlay-1 mt--20\">\n                                        <div class=\"thumb\">\n                                            <a href=\"https:\/\/utfpr.curitiba.br\/nucleodesignanimacao\/?p=13649\">\n                                                <img loading=\"lazy\" decoding=\"async\" width=\"1920\" height=\"815\" src=\"https:\/\/utfpr-ct-static-content.s3.amazonaws.com\/utfpr.curitiba.br\/wp-content\/uploads\/sites\/99\/2023\/06\/De-deu-em-deu-dois-ao-leu-Guilherme-PAM-e-Jeanne-Kieffer.png\" class=\"attachment-full size-full wp-post-image\" alt=\"\" srcset=\"https:\/\/utfpr-ct-static-content.s3.amazonaws.com\/utfpr.curitiba.br\/wp-content\/uploads\/sites\/99\/2023\/06\/De-deu-em-deu-dois-ao-leu-Guilherme-PAM-e-Jeanne-Kieffer.png 1920w, https:\/\/utfpr-ct-static-content.s3.amazonaws.com\/utfpr.curitiba.br\/wp-content\/uploads\/sites\/99\/2023\/06\/De-deu-em-deu-dois-ao-leu-Guilherme-PAM-e-Jeanne-Kieffer-300x127.png 300w, https:\/\/utfpr-ct-static-content.s3.amazonaws.com\/utfpr.curitiba.br\/wp-content\/uploads\/sites\/99\/2023\/06\/De-deu-em-deu-dois-ao-leu-Guilherme-PAM-e-Jeanne-Kieffer-1024x435.png 1024w, https:\/\/utfpr-ct-static-content.s3.amazonaws.com\/utfpr.curitiba.br\/wp-content\/uploads\/sites\/99\/2023\/06\/De-deu-em-deu-dois-ao-leu-Guilherme-PAM-e-Jeanne-Kieffer-768x326.png 768w, https:\/\/utfpr-ct-static-content.s3.amazonaws.com\/utfpr.curitiba.br\/wp-content\/uploads\/sites\/99\/2023\/06\/De-deu-em-deu-dois-ao-leu-Guilherme-PAM-e-Jeanne-Kieffer-1536x652.png 1536w\" sizes=\"(max-width: 1920px) 100vw, 1920px\" \/>                                            <\/a>\n                                        <\/div>\n                                                                                    <div class=\"post-content\">\n                                                <div class=\"content\">\n                                                    <h4 class=\"htmega-post-g-title\"><a href='https:\/\/utfpr.curitiba.br\/nucleodesignanimacao\/?p=13649'>De d\u00e9u em d\u00e9u, dois ao l\u00e9u &#8211; Guilherme PAM e Jeanne Kieffer<\/a><\/h4>                                                                                                    <\/div>\n                                            <\/div>\n                                                                                <\/div>\n                                <\/div>\n                            \n                        \n                        \n                                                                                                                                            <div class=\"htb-col-lg-4 htb-col-sm-6 htb-col-12\">\n                                    <div class=\"ht-post gradient-overlay gradient-overlay-2 mt--20\">\n                                        <div class=\"thumb\">\n                                            <a href=\"https:\/\/utfpr.curitiba.br\/nucleodesignanimacao\/?p=13638\">\n                                                <img loading=\"lazy\" decoding=\"async\" width=\"3334\" height=\"2348\" src=\"https:\/\/utfpr-ct-static-content.s3.amazonaws.com\/utfpr.curitiba.br\/wp-content\/uploads\/sites\/99\/2023\/06\/Imagem-substituicao_Prancheta-1.png\" class=\"attachment-full size-full wp-post-image\" alt=\"\" srcset=\"https:\/\/utfpr-ct-static-content.s3.amazonaws.com\/utfpr.curitiba.br\/wp-content\/uploads\/sites\/99\/2023\/06\/Imagem-substituicao_Prancheta-1.png 3334w, https:\/\/utfpr-ct-static-content.s3.amazonaws.com\/utfpr.curitiba.br\/wp-content\/uploads\/sites\/99\/2023\/06\/Imagem-substituicao_Prancheta-1-300x211.png 300w, https:\/\/utfpr-ct-static-content.s3.amazonaws.com\/utfpr.curitiba.br\/wp-content\/uploads\/sites\/99\/2023\/06\/Imagem-substituicao_Prancheta-1-1024x721.png 1024w, https:\/\/utfpr-ct-static-content.s3.amazonaws.com\/utfpr.curitiba.br\/wp-content\/uploads\/sites\/99\/2023\/06\/Imagem-substituicao_Prancheta-1-768x541.png 768w, https:\/\/utfpr-ct-static-content.s3.amazonaws.com\/utfpr.curitiba.br\/wp-content\/uploads\/sites\/99\/2023\/06\/Imagem-substituicao_Prancheta-1-1536x1082.png 1536w, https:\/\/utfpr-ct-static-content.s3.amazonaws.com\/utfpr.curitiba.br\/wp-content\/uploads\/sites\/99\/2023\/06\/Imagem-substituicao_Prancheta-1-2048x1442.png 2048w\" sizes=\"(max-width: 3334px) 100vw, 3334px\" \/>                                            <\/a>\n                                        <\/div>\n                                                                                    <div class=\"post-content\">\n                                                <div class=\"content\">\n                                                    <h4 class=\"htmega-post-g-title\"><a href='https:\/\/utfpr.curitiba.br\/nucleodesignanimacao\/?p=13638'>Cidad\u00e3o de Bem &#8211; Elo\u00e1 Goulart Fernandes<\/a><\/h4>                                                                                                    <\/div>\n                                            <\/div>\n                                                                                <\/div>\n                                <\/div>\n                            \n                        \n                        \n                                                                                                                                            <div class=\"htb-col-lg-4 htb-col-sm-6 htb-col-12\">\n                                    <div class=\"ht-post gradient-overlay gradient-overlay-3 mt--20\">\n                                        <div class=\"thumb\">\n                                            <a href=\"https:\/\/utfpr.curitiba.br\/nucleodesignanimacao\/?p=13627\">\n                                                <img loading=\"lazy\" decoding=\"async\" width=\"1920\" height=\"841\" src=\"https:\/\/utfpr-ct-static-content.s3.amazonaws.com\/utfpr.curitiba.br\/wp-content\/uploads\/sites\/99\/2023\/06\/Chance-Leandro-Ferra.png\" class=\"attachment-full size-full wp-post-image\" alt=\"\" srcset=\"https:\/\/utfpr-ct-static-content.s3.amazonaws.com\/utfpr.curitiba.br\/wp-content\/uploads\/sites\/99\/2023\/06\/Chance-Leandro-Ferra.png 1920w, https:\/\/utfpr-ct-static-content.s3.amazonaws.com\/utfpr.curitiba.br\/wp-content\/uploads\/sites\/99\/2023\/06\/Chance-Leandro-Ferra-300x131.png 300w, https:\/\/utfpr-ct-static-content.s3.amazonaws.com\/utfpr.curitiba.br\/wp-content\/uploads\/sites\/99\/2023\/06\/Chance-Leandro-Ferra-1024x449.png 1024w, https:\/\/utfpr-ct-static-content.s3.amazonaws.com\/utfpr.curitiba.br\/wp-content\/uploads\/sites\/99\/2023\/06\/Chance-Leandro-Ferra-768x336.png 768w, https:\/\/utfpr-ct-static-content.s3.amazonaws.com\/utfpr.curitiba.br\/wp-content\/uploads\/sites\/99\/2023\/06\/Chance-Leandro-Ferra-1536x673.png 1536w\" sizes=\"(max-width: 1920px) 100vw, 1920px\" \/>                                            <\/a>\n                                        <\/div>\n                                                                                    <div class=\"post-content\">\n                                                <div class=\"content\">\n                                                    <h4 class=\"htmega-post-g-title\"><a href='https:\/\/utfpr.curitiba.br\/nucleodesignanimacao\/?p=13627'>Chance &#8211; Leandro Ferra<\/a><\/h4>                                                                                                    <\/div>\n                                            <\/div>\n                                                                                <\/div>\n                                <\/div>\n                            \n                        \n                        \n                                                                                                                                            <div class=\"htb-col-lg-4 htb-col-sm-6 htb-col-12\">\n                                    <div class=\"ht-post gradient-overlay gradient-overlay-4 mt--20\">\n                                        <div class=\"thumb\">\n                                            <a href=\"https:\/\/utfpr.curitiba.br\/nucleodesignanimacao\/?p=13616\">\n                                                <img loading=\"lazy\" decoding=\"async\" width=\"1920\" height=\"858\" src=\"https:\/\/utfpr-ct-static-content.s3.amazonaws.com\/utfpr.curitiba.br\/wp-content\/uploads\/sites\/99\/2023\/06\/Cecropia-com-Cercospora-Bruno-Cabus.png\" class=\"attachment-full size-full wp-post-image\" alt=\"\" srcset=\"https:\/\/utfpr-ct-static-content.s3.amazonaws.com\/utfpr.curitiba.br\/wp-content\/uploads\/sites\/99\/2023\/06\/Cecropia-com-Cercospora-Bruno-Cabus.png 1920w, https:\/\/utfpr-ct-static-content.s3.amazonaws.com\/utfpr.curitiba.br\/wp-content\/uploads\/sites\/99\/2023\/06\/Cecropia-com-Cercospora-Bruno-Cabus-300x134.png 300w, https:\/\/utfpr-ct-static-content.s3.amazonaws.com\/utfpr.curitiba.br\/wp-content\/uploads\/sites\/99\/2023\/06\/Cecropia-com-Cercospora-Bruno-Cabus-1024x458.png 1024w, https:\/\/utfpr-ct-static-content.s3.amazonaws.com\/utfpr.curitiba.br\/wp-content\/uploads\/sites\/99\/2023\/06\/Cecropia-com-Cercospora-Bruno-Cabus-768x343.png 768w, https:\/\/utfpr-ct-static-content.s3.amazonaws.com\/utfpr.curitiba.br\/wp-content\/uploads\/sites\/99\/2023\/06\/Cecropia-com-Cercospora-Bruno-Cabus-1536x686.png 1536w\" sizes=\"(max-width: 1920px) 100vw, 1920px\" \/>                                            <\/a>\n                                        <\/div>\n                                                                                    <div class=\"post-content\">\n                                                <div class=\"content\">\n                                                    <h4 class=\"htmega-post-g-title\"><a href='https:\/\/utfpr.curitiba.br\/nucleodesignanimacao\/?p=13616'>Cecr\u00f3pia com Cerc\u00f3spora &#8211; Bruno Cab\u00fas<\/a><\/h4>                                                                                                    <\/div>\n                                            <\/div>\n                                                                                <\/div>\n                                <\/div>\n                            \n                        \n                        \n                                                                                                                                            <div class=\"htb-col-lg-4 htb-col-sm-6 htb-col-12\">\n                                    <div class=\"ht-post gradient-overlay gradient-overlay-5 mt--20\">\n                                        <div class=\"thumb\">\n                                            <a href=\"https:\/\/utfpr.curitiba.br\/nucleodesignanimacao\/?p=13605\">\n                                                <img loading=\"lazy\" decoding=\"async\" width=\"3334\" height=\"2348\" src=\"https:\/\/utfpr-ct-static-content.s3.amazonaws.com\/utfpr.curitiba.br\/wp-content\/uploads\/sites\/99\/2023\/06\/Imagem-substituicao_Prancheta-1.png\" class=\"attachment-full size-full wp-post-image\" alt=\"\" srcset=\"https:\/\/utfpr-ct-static-content.s3.amazonaws.com\/utfpr.curitiba.br\/wp-content\/uploads\/sites\/99\/2023\/06\/Imagem-substituicao_Prancheta-1.png 3334w, https:\/\/utfpr-ct-static-content.s3.amazonaws.com\/utfpr.curitiba.br\/wp-content\/uploads\/sites\/99\/2023\/06\/Imagem-substituicao_Prancheta-1-300x211.png 300w, https:\/\/utfpr-ct-static-content.s3.amazonaws.com\/utfpr.curitiba.br\/wp-content\/uploads\/sites\/99\/2023\/06\/Imagem-substituicao_Prancheta-1-1024x721.png 1024w, https:\/\/utfpr-ct-static-content.s3.amazonaws.com\/utfpr.curitiba.br\/wp-content\/uploads\/sites\/99\/2023\/06\/Imagem-substituicao_Prancheta-1-768x541.png 768w, https:\/\/utfpr-ct-static-content.s3.amazonaws.com\/utfpr.curitiba.br\/wp-content\/uploads\/sites\/99\/2023\/06\/Imagem-substituicao_Prancheta-1-1536x1082.png 1536w, https:\/\/utfpr-ct-static-content.s3.amazonaws.com\/utfpr.curitiba.br\/wp-content\/uploads\/sites\/99\/2023\/06\/Imagem-substituicao_Prancheta-1-2048x1442.png 2048w\" sizes=\"(max-width: 3334px) 100vw, 3334px\" \/>                                            <\/a>\n                                        <\/div>\n                                                                                    <div class=\"post-content\">\n                                                <div class=\"content\">\n                                                    <h4 class=\"htmega-post-g-title\"><a href='https:\/\/utfpr.curitiba.br\/nucleodesignanimacao\/?p=13605'>Cecilia &#8211; Daniel Veloso<\/a><\/h4>                                                                                                    <\/div>\n                                            <\/div>\n                                                                                <\/div>\n                                <\/div>\n                            \n                        \n                        \n                                                                                                                                            <div class=\"htb-col-lg-4 htb-col-sm-6 htb-col-12\">\n                                    <div class=\"ht-post gradient-overlay gradient-overlay-6 mt--20\">\n                                        <div class=\"thumb\">\n                                            <a href=\"https:\/\/utfpr.curitiba.br\/nucleodesignanimacao\/?p=13593\">\n                                                <img loading=\"lazy\" decoding=\"async\" width=\"1920\" height=\"854\" src=\"https:\/\/utfpr-ct-static-content.s3.amazonaws.com\/utfpr.curitiba.br\/wp-content\/uploads\/sites\/99\/2023\/06\/Antes-Tarde-Estudio-Escola-de-Animacao.png\" class=\"attachment-full size-full wp-post-image\" alt=\"\" srcset=\"https:\/\/utfpr-ct-static-content.s3.amazonaws.com\/utfpr.curitiba.br\/wp-content\/uploads\/sites\/99\/2023\/06\/Antes-Tarde-Estudio-Escola-de-Animacao.png 1920w, https:\/\/utfpr-ct-static-content.s3.amazonaws.com\/utfpr.curitiba.br\/wp-content\/uploads\/sites\/99\/2023\/06\/Antes-Tarde-Estudio-Escola-de-Animacao-300x133.png 300w, https:\/\/utfpr-ct-static-content.s3.amazonaws.com\/utfpr.curitiba.br\/wp-content\/uploads\/sites\/99\/2023\/06\/Antes-Tarde-Estudio-Escola-de-Animacao-1024x455.png 1024w, https:\/\/utfpr-ct-static-content.s3.amazonaws.com\/utfpr.curitiba.br\/wp-content\/uploads\/sites\/99\/2023\/06\/Antes-Tarde-Estudio-Escola-de-Animacao-768x342.png 768w, https:\/\/utfpr-ct-static-content.s3.amazonaws.com\/utfpr.curitiba.br\/wp-content\/uploads\/sites\/99\/2023\/06\/Antes-Tarde-Estudio-Escola-de-Animacao-1536x683.png 1536w\" sizes=\"(max-width: 1920px) 100vw, 1920px\" \/>                                            <\/a>\n                                        <\/div>\n                                                                                    <div class=\"post-content\">\n                                                <div class=\"content\">\n                                                    <h4 class=\"htmega-post-g-title\"><a href='https:\/\/utfpr.curitiba.br\/nucleodesignanimacao\/?p=13593'>Antes Tarde &#8211; Est\u00fadio Escola de Anima\u00e7\u00e3o<\/a><\/h4>                                                                                                    <\/div>\n                                            <\/div>\n                                                                                <\/div>\n                                <\/div>\n                            \n                        \n                        \n                                                                                                                                            <div class=\"htb-col-lg-4 htb-col-sm-6 htb-col-12\">\n                                    <div class=\"ht-post gradient-overlay gradient-overlay-1 mt--20\">\n                                        <div class=\"thumb\">\n                                            <a href=\"https:\/\/utfpr.curitiba.br\/nucleodesignanimacao\/?p=13582\">\n                                                <img loading=\"lazy\" decoding=\"async\" width=\"1920\" height=\"809\" src=\"https:\/\/utfpr-ct-static-content.s3.amazonaws.com\/utfpr.curitiba.br\/wp-content\/uploads\/sites\/99\/2023\/06\/Alo-Vizin-Loosetanos-Valu-Vasconcelos.png\" class=\"attachment-full size-full wp-post-image\" alt=\"\" srcset=\"https:\/\/utfpr-ct-static-content.s3.amazonaws.com\/utfpr.curitiba.br\/wp-content\/uploads\/sites\/99\/2023\/06\/Alo-Vizin-Loosetanos-Valu-Vasconcelos.png 1920w, https:\/\/utfpr-ct-static-content.s3.amazonaws.com\/utfpr.curitiba.br\/wp-content\/uploads\/sites\/99\/2023\/06\/Alo-Vizin-Loosetanos-Valu-Vasconcelos-300x126.png 300w, https:\/\/utfpr-ct-static-content.s3.amazonaws.com\/utfpr.curitiba.br\/wp-content\/uploads\/sites\/99\/2023\/06\/Alo-Vizin-Loosetanos-Valu-Vasconcelos-1024x431.png 1024w, https:\/\/utfpr-ct-static-content.s3.amazonaws.com\/utfpr.curitiba.br\/wp-content\/uploads\/sites\/99\/2023\/06\/Alo-Vizin-Loosetanos-Valu-Vasconcelos-768x324.png 768w, https:\/\/utfpr-ct-static-content.s3.amazonaws.com\/utfpr.curitiba.br\/wp-content\/uploads\/sites\/99\/2023\/06\/Alo-Vizin-Loosetanos-Valu-Vasconcelos-1536x647.png 1536w\" sizes=\"(max-width: 1920px) 100vw, 1920px\" \/>                                            <\/a>\n                                        <\/div>\n                                                                                    <div class=\"post-content\">\n                                                <div class=\"content\">\n                                                    <h4 class=\"htmega-post-g-title\"><a href='https:\/\/utfpr.curitiba.br\/nucleodesignanimacao\/?p=13582'>Al\u00f4 Vizin &#8211; Loosetanos &#8211; Valu Vasconcelo<\/a><\/h4>                                                                                                    <\/div>\n                                            <\/div>\n                                                                                <\/div>\n                                <\/div>\n                            \n                        \n                        \n                                                                                                                                            <div class=\"htb-col-lg-4 htb-col-sm-6 htb-col-12\">\n                                    <div class=\"ht-post gradient-overlay gradient-overlay-2 mt--20\">\n                                        <div class=\"thumb\">\n                                            <a href=\"https:\/\/utfpr.curitiba.br\/nucleodesignanimacao\/?p=13571\">\n                                                <img loading=\"lazy\" decoding=\"async\" width=\"3334\" height=\"2348\" src=\"https:\/\/utfpr-ct-static-content.s3.amazonaws.com\/utfpr.curitiba.br\/wp-content\/uploads\/sites\/99\/2023\/06\/Imagem-substituicao_Prancheta-1.png\" class=\"attachment-full size-full wp-post-image\" alt=\"\" srcset=\"https:\/\/utfpr-ct-static-content.s3.amazonaws.com\/utfpr.curitiba.br\/wp-content\/uploads\/sites\/99\/2023\/06\/Imagem-substituicao_Prancheta-1.png 3334w, https:\/\/utfpr-ct-static-content.s3.amazonaws.com\/utfpr.curitiba.br\/wp-content\/uploads\/sites\/99\/2023\/06\/Imagem-substituicao_Prancheta-1-300x211.png 300w, https:\/\/utfpr-ct-static-content.s3.amazonaws.com\/utfpr.curitiba.br\/wp-content\/uploads\/sites\/99\/2023\/06\/Imagem-substituicao_Prancheta-1-1024x721.png 1024w, https:\/\/utfpr-ct-static-content.s3.amazonaws.com\/utfpr.curitiba.br\/wp-content\/uploads\/sites\/99\/2023\/06\/Imagem-substituicao_Prancheta-1-768x541.png 768w, https:\/\/utfpr-ct-static-content.s3.amazonaws.com\/utfpr.curitiba.br\/wp-content\/uploads\/sites\/99\/2023\/06\/Imagem-substituicao_Prancheta-1-1536x1082.png 1536w, https:\/\/utfpr-ct-static-content.s3.amazonaws.com\/utfpr.curitiba.br\/wp-content\/uploads\/sites\/99\/2023\/06\/Imagem-substituicao_Prancheta-1-2048x1442.png 2048w\" sizes=\"(max-width: 3334px) 100vw, 3334px\" \/>                                            <\/a>\n                                        <\/div>\n                                                                                    <div class=\"post-content\">\n                                                <div class=\"content\">\n                                                    <h4 class=\"htmega-post-g-title\"><a href='https:\/\/utfpr.curitiba.br\/nucleodesignanimacao\/?p=13571'>\u00c1gua e Futuro &#8211; Ana Beatriz Moura e Roberta Filizola<\/a><\/h4>                                                                                                    <\/div>\n                                            <\/div>\n                                                                                <\/div>\n                                <\/div>\n                            \n                        \n                        \n                                                                                                                                            <div class=\"htb-col-lg-4 htb-col-sm-6 htb-col-12\">\n                                    <div class=\"ht-post gradient-overlay gradient-overlay-3 mt--20\">\n                                        <div class=\"thumb\">\n                                            <a href=\"https:\/\/utfpr.curitiba.br\/nucleodesignanimacao\/?p=13560\">\n                                                <img loading=\"lazy\" decoding=\"async\" width=\"1830\" height=\"900\" src=\"https:\/\/utfpr-ct-static-content.s3.amazonaws.com\/utfpr.curitiba.br\/wp-content\/uploads\/sites\/99\/2023\/06\/Abalos-Sismocos-Gabriela-Gaia-Meirelles-Maria-Flexa-Pedro-Magalhaes-Victor-Jobim.png\" class=\"attachment-full size-full wp-post-image\" alt=\"\" srcset=\"https:\/\/utfpr-ct-static-content.s3.amazonaws.com\/utfpr.curitiba.br\/wp-content\/uploads\/sites\/99\/2023\/06\/Abalos-Sismocos-Gabriela-Gaia-Meirelles-Maria-Flexa-Pedro-Magalhaes-Victor-Jobim.png 1830w, https:\/\/utfpr-ct-static-content.s3.amazonaws.com\/utfpr.curitiba.br\/wp-content\/uploads\/sites\/99\/2023\/06\/Abalos-Sismocos-Gabriela-Gaia-Meirelles-Maria-Flexa-Pedro-Magalhaes-Victor-Jobim-300x148.png 300w, https:\/\/utfpr-ct-static-content.s3.amazonaws.com\/utfpr.curitiba.br\/wp-content\/uploads\/sites\/99\/2023\/06\/Abalos-Sismocos-Gabriela-Gaia-Meirelles-Maria-Flexa-Pedro-Magalhaes-Victor-Jobim-1024x504.png 1024w, https:\/\/utfpr-ct-static-content.s3.amazonaws.com\/utfpr.curitiba.br\/wp-content\/uploads\/sites\/99\/2023\/06\/Abalos-Sismocos-Gabriela-Gaia-Meirelles-Maria-Flexa-Pedro-Magalhaes-Victor-Jobim-768x378.png 768w, https:\/\/utfpr-ct-static-content.s3.amazonaws.com\/utfpr.curitiba.br\/wp-content\/uploads\/sites\/99\/2023\/06\/Abalos-Sismocos-Gabriela-Gaia-Meirelles-Maria-Flexa-Pedro-Magalhaes-Victor-Jobim-1536x755.png 1536w\" sizes=\"(max-width: 1830px) 100vw, 1830px\" \/>                                            <\/a>\n                                        <\/div>\n                                                                                    <div class=\"post-content\">\n                                                <div class=\"content\">\n                                                    <h4 class=\"htmega-post-g-title\"><a href='https:\/\/utfpr.curitiba.br\/nucleodesignanimacao\/?p=13560'>Abalos S\u00edsmocos &#8211; Gabriela Gaia Meirelles, Maria Flexa, Pedro Magalh\u00e3es, Victor Jobim<\/a><\/h4>                                                                                                    <\/div>\n                                            <\/div>\n                                                                                <\/div>\n                                <\/div>\n                            \n                        \n                        \n                                                                                                                                            <div class=\"htb-col-lg-4 htb-col-sm-6 htb-col-12\">\n                                    <div class=\"ht-post gradient-overlay gradient-overlay-4 mt--20\">\n                                        <div class=\"thumb\">\n                                            <a href=\"https:\/\/utfpr.curitiba.br\/nucleodesignanimacao\/?p=13549\">\n                                                <img loading=\"lazy\" decoding=\"async\" width=\"1920\" height=\"865\" src=\"https:\/\/utfpr-ct-static-content.s3.amazonaws.com\/utfpr.curitiba.br\/wp-content\/uploads\/sites\/99\/2023\/06\/A-primeira-vez-de-Luke-Alan-Nobrega.png\" class=\"attachment-full size-full wp-post-image\" alt=\"\" srcset=\"https:\/\/utfpr-ct-static-content.s3.amazonaws.com\/utfpr.curitiba.br\/wp-content\/uploads\/sites\/99\/2023\/06\/A-primeira-vez-de-Luke-Alan-Nobrega.png 1920w, https:\/\/utfpr-ct-static-content.s3.amazonaws.com\/utfpr.curitiba.br\/wp-content\/uploads\/sites\/99\/2023\/06\/A-primeira-vez-de-Luke-Alan-Nobrega-300x135.png 300w, https:\/\/utfpr-ct-static-content.s3.amazonaws.com\/utfpr.curitiba.br\/wp-content\/uploads\/sites\/99\/2023\/06\/A-primeira-vez-de-Luke-Alan-Nobrega-1024x461.png 1024w, https:\/\/utfpr-ct-static-content.s3.amazonaws.com\/utfpr.curitiba.br\/wp-content\/uploads\/sites\/99\/2023\/06\/A-primeira-vez-de-Luke-Alan-Nobrega-768x346.png 768w, https:\/\/utfpr-ct-static-content.s3.amazonaws.com\/utfpr.curitiba.br\/wp-content\/uploads\/sites\/99\/2023\/06\/A-primeira-vez-de-Luke-Alan-Nobrega-1536x692.png 1536w\" sizes=\"(max-width: 1920px) 100vw, 1920px\" \/>                                            <\/a>\n                                        <\/div>\n                                                                                    <div class=\"post-content\">\n                                                <div class=\"content\">\n                                                    <h4 class=\"htmega-post-g-title\"><a href='https:\/\/utfpr.curitiba.br\/nucleodesignanimacao\/?p=13549'>A primeira vez de Luke &#8211; Alan N\u00f3brega<\/a><\/h4>                                                                                                    <\/div>\n                                            <\/div>\n                                                                                <\/div>\n                                <\/div>\n                            \n                        \n                        \n                                                                                                                                            <div class=\"htb-col-lg-4 htb-col-sm-6 htb-col-12\">\n                                    <div class=\"ht-post gradient-overlay gradient-overlay-5 mt--20\">\n                                        <div class=\"thumb\">\n                                            <a href=\"https:\/\/utfpr.curitiba.br\/nucleodesignanimacao\/?p=13538\">\n                                                <img loading=\"lazy\" decoding=\"async\" width=\"1920\" height=\"872\" src=\"https:\/\/utfpr-ct-static-content.s3.amazonaws.com\/utfpr.curitiba.br\/wp-content\/uploads\/sites\/99\/2023\/06\/A-Casa-e-O-Medo-Eduardo-Aliberti-Henrique-Truffi-e-Valentina.png\" class=\"attachment-full size-full wp-post-image\" alt=\"\" srcset=\"https:\/\/utfpr-ct-static-content.s3.amazonaws.com\/utfpr.curitiba.br\/wp-content\/uploads\/sites\/99\/2023\/06\/A-Casa-e-O-Medo-Eduardo-Aliberti-Henrique-Truffi-e-Valentina.png 1920w, https:\/\/utfpr-ct-static-content.s3.amazonaws.com\/utfpr.curitiba.br\/wp-content\/uploads\/sites\/99\/2023\/06\/A-Casa-e-O-Medo-Eduardo-Aliberti-Henrique-Truffi-e-Valentina-300x136.png 300w, https:\/\/utfpr-ct-static-content.s3.amazonaws.com\/utfpr.curitiba.br\/wp-content\/uploads\/sites\/99\/2023\/06\/A-Casa-e-O-Medo-Eduardo-Aliberti-Henrique-Truffi-e-Valentina-1024x465.png 1024w, https:\/\/utfpr-ct-static-content.s3.amazonaws.com\/utfpr.curitiba.br\/wp-content\/uploads\/sites\/99\/2023\/06\/A-Casa-e-O-Medo-Eduardo-Aliberti-Henrique-Truffi-e-Valentina-768x349.png 768w, https:\/\/utfpr-ct-static-content.s3.amazonaws.com\/utfpr.curitiba.br\/wp-content\/uploads\/sites\/99\/2023\/06\/A-Casa-e-O-Medo-Eduardo-Aliberti-Henrique-Truffi-e-Valentina-1536x698.png 1536w\" sizes=\"(max-width: 1920px) 100vw, 1920px\" \/>                                            <\/a>\n                                        <\/div>\n                                                                                    <div class=\"post-content\">\n                                                <div class=\"content\">\n                                                    <h4 class=\"htmega-post-g-title\"><a href='https:\/\/utfpr.curitiba.br\/nucleodesignanimacao\/?p=13538'>A Casa e O Medo &#8211; Eduardo Aliberti, Henrique Truffi e Valentina<\/a><\/h4>                                                                                                    <\/div>\n                                            <\/div>\n                                                                                <\/div>\n                                <\/div>\n                            \n                        \n                        \n                                                                                                                                            <div class=\"htb-col-lg-4 htb-col-sm-6 htb-col-12\">\n                                    <div class=\"ht-post gradient-overlay gradient-overlay-6 mt--20\">\n                                        <div class=\"thumb\">\n                                            <a href=\"https:\/\/utfpr.curitiba.br\/nucleodesignanimacao\/?p=13527\">\n                                                <img loading=\"lazy\" decoding=\"async\" width=\"1920\" height=\"875\" src=\"https:\/\/utfpr-ct-static-content.s3.amazonaws.com\/utfpr.curitiba.br\/wp-content\/uploads\/sites\/99\/2023\/06\/Nimbus-Marcos-Buccini.png\" class=\"attachment-full size-full wp-post-image\" alt=\"\" srcset=\"https:\/\/utfpr-ct-static-content.s3.amazonaws.com\/utfpr.curitiba.br\/wp-content\/uploads\/sites\/99\/2023\/06\/Nimbus-Marcos-Buccini.png 1920w, https:\/\/utfpr-ct-static-content.s3.amazonaws.com\/utfpr.curitiba.br\/wp-content\/uploads\/sites\/99\/2023\/06\/Nimbus-Marcos-Buccini-300x137.png 300w, https:\/\/utfpr-ct-static-content.s3.amazonaws.com\/utfpr.curitiba.br\/wp-content\/uploads\/sites\/99\/2023\/06\/Nimbus-Marcos-Buccini-1024x467.png 1024w, https:\/\/utfpr-ct-static-content.s3.amazonaws.com\/utfpr.curitiba.br\/wp-content\/uploads\/sites\/99\/2023\/06\/Nimbus-Marcos-Buccini-768x350.png 768w, https:\/\/utfpr-ct-static-content.s3.amazonaws.com\/utfpr.curitiba.br\/wp-content\/uploads\/sites\/99\/2023\/06\/Nimbus-Marcos-Buccini-1536x700.png 1536w\" sizes=\"(max-width: 1920px) 100vw, 1920px\" \/>                                            <\/a>\n                                        <\/div>\n                                                                                    <div class=\"post-content\">\n                                                <div class=\"content\">\n                                                    <h4 class=\"htmega-post-g-title\"><a href='https:\/\/utfpr.curitiba.br\/nucleodesignanimacao\/?p=13527'>Nimbus &#8211; Marcos Buccini<\/a><\/h4>                                                                                                    <\/div>\n                                            <\/div>\n                                                                                <\/div>\n                                <\/div>\n                            \n                        \n                        \n                                                                                                                                            <div class=\"htb-col-lg-4 htb-col-sm-6 htb-col-12\">\n                                    <div class=\"ht-post gradient-overlay gradient-overlay-1 mt--20\">\n                                        <div class=\"thumb\">\n                                            <a href=\"https:\/\/utfpr.curitiba.br\/nucleodesignanimacao\/?p=13516\">\n                                                <img loading=\"lazy\" decoding=\"async\" width=\"829\" height=\"327\" src=\"https:\/\/utfpr-ct-static-content.s3.amazonaws.com\/utfpr.curitiba.br\/wp-content\/uploads\/sites\/99\/2023\/06\/O-homem-das-gavetas-Duda-Rodrigues.png\" class=\"attachment-full size-full wp-post-image\" alt=\"\" srcset=\"https:\/\/utfpr-ct-static-content.s3.amazonaws.com\/utfpr.curitiba.br\/wp-content\/uploads\/sites\/99\/2023\/06\/O-homem-das-gavetas-Duda-Rodrigues.png 829w, https:\/\/utfpr-ct-static-content.s3.amazonaws.com\/utfpr.curitiba.br\/wp-content\/uploads\/sites\/99\/2023\/06\/O-homem-das-gavetas-Duda-Rodrigues-300x118.png 300w, https:\/\/utfpr-ct-static-content.s3.amazonaws.com\/utfpr.curitiba.br\/wp-content\/uploads\/sites\/99\/2023\/06\/O-homem-das-gavetas-Duda-Rodrigues-768x303.png 768w\" sizes=\"(max-width: 829px) 100vw, 829px\" \/>                                            <\/a>\n                                        <\/div>\n                                                                                    <div class=\"post-content\">\n                                                <div class=\"content\">\n                                                    <h4 class=\"htmega-post-g-title\"><a href='https:\/\/utfpr.curitiba.br\/nucleodesignanimacao\/?p=13516'>O homem das gavetas &#8211; Duda Rodrigues<\/a><\/h4>                                                                                                    <\/div>\n                                            <\/div>\n                                                                                <\/div>\n                                <\/div>\n                            \n                        \n                        \n                                                                                                                                            <div class=\"htb-col-lg-4 htb-col-sm-6 htb-col-12\">\n                                    <div class=\"ht-post gradient-overlay gradient-overlay-2 mt--20\">\n                                        <div class=\"thumb\">\n                                            <a href=\"https:\/\/utfpr.curitiba.br\/nucleodesignanimacao\/?p=13505\">\n                                                <img loading=\"lazy\" decoding=\"async\" width=\"1920\" height=\"802\" src=\"https:\/\/utfpr-ct-static-content.s3.amazonaws.com\/utfpr.curitiba.br\/wp-content\/uploads\/sites\/99\/2023\/06\/Quarks-Leptons-Mauricio-Squarisi.png\" class=\"attachment-full size-full wp-post-image\" alt=\"\" srcset=\"https:\/\/utfpr-ct-static-content.s3.amazonaws.com\/utfpr.curitiba.br\/wp-content\/uploads\/sites\/99\/2023\/06\/Quarks-Leptons-Mauricio-Squarisi.png 1920w, https:\/\/utfpr-ct-static-content.s3.amazonaws.com\/utfpr.curitiba.br\/wp-content\/uploads\/sites\/99\/2023\/06\/Quarks-Leptons-Mauricio-Squarisi-300x125.png 300w, https:\/\/utfpr-ct-static-content.s3.amazonaws.com\/utfpr.curitiba.br\/wp-content\/uploads\/sites\/99\/2023\/06\/Quarks-Leptons-Mauricio-Squarisi-1024x428.png 1024w, https:\/\/utfpr-ct-static-content.s3.amazonaws.com\/utfpr.curitiba.br\/wp-content\/uploads\/sites\/99\/2023\/06\/Quarks-Leptons-Mauricio-Squarisi-768x321.png 768w, https:\/\/utfpr-ct-static-content.s3.amazonaws.com\/utfpr.curitiba.br\/wp-content\/uploads\/sites\/99\/2023\/06\/Quarks-Leptons-Mauricio-Squarisi-1536x642.png 1536w\" sizes=\"(max-width: 1920px) 100vw, 1920px\" \/>                                            <\/a>\n                                        <\/div>\n                                                                                    <div class=\"post-content\">\n                                                <div class=\"content\">\n                                                    <h4 class=\"htmega-post-g-title\"><a href='https:\/\/utfpr.curitiba.br\/nucleodesignanimacao\/?p=13505'>Quarks &amp; L\u00e9ptons &#8211; Maur\u00edcio Squarisi<\/a><\/h4>                                                                                                    <\/div>\n                                            <\/div>\n                                                                                <\/div>\n                                <\/div>\n                            \n                        \n                        \n                                                                                                                                            <div class=\"htb-col-lg-4 htb-col-sm-6 htb-col-12\">\n                                    <div class=\"ht-post gradient-overlay gradient-overlay-3 mt--20\">\n                                        <div class=\"thumb\">\n                                            <a href=\"https:\/\/utfpr.curitiba.br\/nucleodesignanimacao\/?p=13494\">\n                                                <img loading=\"lazy\" decoding=\"async\" width=\"3334\" height=\"2348\" src=\"https:\/\/utfpr-ct-static-content.s3.amazonaws.com\/utfpr.curitiba.br\/wp-content\/uploads\/sites\/99\/2023\/04\/Imagem-substituicao_Prancheta-1.png\" class=\"attachment-full size-full wp-post-image\" alt=\"\" srcset=\"https:\/\/utfpr-ct-static-content.s3.amazonaws.com\/utfpr.curitiba.br\/wp-content\/uploads\/sites\/99\/2023\/04\/Imagem-substituicao_Prancheta-1.png 3334w, https:\/\/utfpr-ct-static-content.s3.amazonaws.com\/utfpr.curitiba.br\/wp-content\/uploads\/sites\/99\/2023\/04\/Imagem-substituicao_Prancheta-1-300x211.png 300w, https:\/\/utfpr-ct-static-content.s3.amazonaws.com\/utfpr.curitiba.br\/wp-content\/uploads\/sites\/99\/2023\/04\/Imagem-substituicao_Prancheta-1-1024x721.png 1024w, https:\/\/utfpr-ct-static-content.s3.amazonaws.com\/utfpr.curitiba.br\/wp-content\/uploads\/sites\/99\/2023\/04\/Imagem-substituicao_Prancheta-1-768x541.png 768w, https:\/\/utfpr-ct-static-content.s3.amazonaws.com\/utfpr.curitiba.br\/wp-content\/uploads\/sites\/99\/2023\/04\/Imagem-substituicao_Prancheta-1-1536x1082.png 1536w, https:\/\/utfpr-ct-static-content.s3.amazonaws.com\/utfpr.curitiba.br\/wp-content\/uploads\/sites\/99\/2023\/04\/Imagem-substituicao_Prancheta-1-2048x1442.png 2048w\" sizes=\"(max-width: 3334px) 100vw, 3334px\" \/>                                            <\/a>\n                                        <\/div>\n                                                                                    <div class=\"post-content\">\n                                                <div class=\"content\">\n                                                    <h4 class=\"htmega-post-g-title\"><a href='https:\/\/utfpr.curitiba.br\/nucleodesignanimacao\/?p=13494'>Comer bem te d\u00e1 asas &#8211; Sheila Rodrigues e Sidneia Silva<\/a><\/h4>                                                                                                    <\/div>\n                                            <\/div>\n                                                                                <\/div>\n                                <\/div>\n                            \n                        \n                        \n                                                                                                                                            <div class=\"htb-col-lg-4 htb-col-sm-6 htb-col-12\">\n                                    <div class=\"ht-post gradient-overlay gradient-overlay-4 mt--20\">\n                                        <div class=\"thumb\">\n                                            <a href=\"https:\/\/utfpr.curitiba.br\/nucleodesignanimacao\/?p=13460\">\n                                                <img loading=\"lazy\" decoding=\"async\" width=\"3334\" height=\"2348\" src=\"https:\/\/utfpr-ct-static-content.s3.amazonaws.com\/utfpr.curitiba.br\/wp-content\/uploads\/sites\/99\/2023\/04\/Imagem-substituicao_Prancheta-1.png\" class=\"attachment-full size-full wp-post-image\" alt=\"\" srcset=\"https:\/\/utfpr-ct-static-content.s3.amazonaws.com\/utfpr.curitiba.br\/wp-content\/uploads\/sites\/99\/2023\/04\/Imagem-substituicao_Prancheta-1.png 3334w, https:\/\/utfpr-ct-static-content.s3.amazonaws.com\/utfpr.curitiba.br\/wp-content\/uploads\/sites\/99\/2023\/04\/Imagem-substituicao_Prancheta-1-300x211.png 300w, https:\/\/utfpr-ct-static-content.s3.amazonaws.com\/utfpr.curitiba.br\/wp-content\/uploads\/sites\/99\/2023\/04\/Imagem-substituicao_Prancheta-1-1024x721.png 1024w, https:\/\/utfpr-ct-static-content.s3.amazonaws.com\/utfpr.curitiba.br\/wp-content\/uploads\/sites\/99\/2023\/04\/Imagem-substituicao_Prancheta-1-768x541.png 768w, https:\/\/utfpr-ct-static-content.s3.amazonaws.com\/utfpr.curitiba.br\/wp-content\/uploads\/sites\/99\/2023\/04\/Imagem-substituicao_Prancheta-1-1536x1082.png 1536w, https:\/\/utfpr-ct-static-content.s3.amazonaws.com\/utfpr.curitiba.br\/wp-content\/uploads\/sites\/99\/2023\/04\/Imagem-substituicao_Prancheta-1-2048x1442.png 2048w\" sizes=\"(max-width: 3334px) 100vw, 3334px\" \/>                                            <\/a>\n                                        <\/div>\n                                                                                    <div class=\"post-content\">\n                                                <div class=\"content\">\n                                                    <h4 class=\"htmega-post-g-title\"><a href='https:\/\/utfpr.curitiba.br\/nucleodesignanimacao\/?p=13460'>R\u00fatilo Caut\u00e9rio &#8211; Rodrigo Faustini &amp; jpedrinho9<\/a><\/h4>                                                                                                    <\/div>\n                                            <\/div>\n                                                                                <\/div>\n                                <\/div>\n                            \n                        \n                        \n                                                                                                                                            <div class=\"htb-col-lg-4 htb-col-sm-6 htb-col-12\">\n                                    <div class=\"ht-post gradient-overlay gradient-overlay-5 mt--20\">\n                                        <div class=\"thumb\">\n                                            <a href=\"https:\/\/utfpr.curitiba.br\/nucleodesignanimacao\/?p=13440\">\n                                                <img loading=\"lazy\" decoding=\"async\" width=\"1200\" height=\"675\" src=\"https:\/\/utfpr-ct-static-content.s3.amazonaws.com\/utfpr.curitiba.br\/wp-content\/uploads\/sites\/99\/2023\/06\/O-silencio-la-de-baixo-Pamella-Emilia-de-Queiroz-Araujo.jpg\" class=\"attachment-full size-full wp-post-image\" alt=\"\" srcset=\"https:\/\/utfpr-ct-static-content.s3.amazonaws.com\/utfpr.curitiba.br\/wp-content\/uploads\/sites\/99\/2023\/06\/O-silencio-la-de-baixo-Pamella-Emilia-de-Queiroz-Araujo.jpg 1200w, https:\/\/utfpr-ct-static-content.s3.amazonaws.com\/utfpr.curitiba.br\/wp-content\/uploads\/sites\/99\/2023\/06\/O-silencio-la-de-baixo-Pamella-Emilia-de-Queiroz-Araujo-300x169.jpg 300w, https:\/\/utfpr-ct-static-content.s3.amazonaws.com\/utfpr.curitiba.br\/wp-content\/uploads\/sites\/99\/2023\/06\/O-silencio-la-de-baixo-Pamella-Emilia-de-Queiroz-Araujo-1024x576.jpg 1024w, https:\/\/utfpr-ct-static-content.s3.amazonaws.com\/utfpr.curitiba.br\/wp-content\/uploads\/sites\/99\/2023\/06\/O-silencio-la-de-baixo-Pamella-Emilia-de-Queiroz-Araujo-768x432.jpg 768w\" sizes=\"(max-width: 1200px) 100vw, 1200px\" \/>                                            <\/a>\n                                        <\/div>\n                                                                                    <div class=\"post-content\">\n                                                <div class=\"content\">\n                                                    <h4 class=\"htmega-post-g-title\"><a href='https:\/\/utfpr.curitiba.br\/nucleodesignanimacao\/?p=13440'>O sil\u00eancio l\u00e1 de baixo &#8211; Pamella Em\u00edlia de Queiroz Ara\u00fajo<\/a><\/h4>                                                                                                    <\/div>\n                                            <\/div>\n                                                                                <\/div>\n                                <\/div>\n                            \n                        \n                        \n                                                                                                                                            <div class=\"htb-col-lg-4 htb-col-sm-6 htb-col-12\">\n                                    <div class=\"ht-post gradient-overlay gradient-overlay-6 mt--20\">\n                                        <div class=\"thumb\">\n                                            <a href=\"https:\/\/utfpr.curitiba.br\/nucleodesignanimacao\/?p=13429\">\n                                                <img loading=\"lazy\" decoding=\"async\" width=\"1920\" height=\"779\" src=\"https:\/\/utfpr-ct-static-content.s3.amazonaws.com\/utfpr.curitiba.br\/wp-content\/uploads\/sites\/99\/2023\/06\/Apneia-Carol-Sakura-Walkir-Fernandes.png\" class=\"attachment-full size-full wp-post-image\" alt=\"\" srcset=\"https:\/\/utfpr-ct-static-content.s3.amazonaws.com\/utfpr.curitiba.br\/wp-content\/uploads\/sites\/99\/2023\/06\/Apneia-Carol-Sakura-Walkir-Fernandes.png 1920w, https:\/\/utfpr-ct-static-content.s3.amazonaws.com\/utfpr.curitiba.br\/wp-content\/uploads\/sites\/99\/2023\/06\/Apneia-Carol-Sakura-Walkir-Fernandes-300x122.png 300w, https:\/\/utfpr-ct-static-content.s3.amazonaws.com\/utfpr.curitiba.br\/wp-content\/uploads\/sites\/99\/2023\/06\/Apneia-Carol-Sakura-Walkir-Fernandes-1024x415.png 1024w, https:\/\/utfpr-ct-static-content.s3.amazonaws.com\/utfpr.curitiba.br\/wp-content\/uploads\/sites\/99\/2023\/06\/Apneia-Carol-Sakura-Walkir-Fernandes-768x312.png 768w, https:\/\/utfpr-ct-static-content.s3.amazonaws.com\/utfpr.curitiba.br\/wp-content\/uploads\/sites\/99\/2023\/06\/Apneia-Carol-Sakura-Walkir-Fernandes-1536x623.png 1536w\" sizes=\"(max-width: 1920px) 100vw, 1920px\" \/>                                            <\/a>\n                                        <\/div>\n                                                                                    <div class=\"post-content\">\n                                                <div class=\"content\">\n                                                    <h4 class=\"htmega-post-g-title\"><a href='https:\/\/utfpr.curitiba.br\/nucleodesignanimacao\/?p=13429'>Apneia &#8211; Carol Sakura &amp; Walkir Fernandes<\/a><\/h4>                                                                                                    <\/div>\n                                            <\/div>\n                                                                                <\/div>\n                                <\/div>\n                            \n                        \n                        \n                                                                                                                                            <div class=\"htb-col-lg-4 htb-col-sm-6 htb-col-12\">\n                                    <div class=\"ht-post gradient-overlay gradient-overlay-1 mt--20\">\n                                        <div class=\"thumb\">\n                                            <a href=\"https:\/\/utfpr.curitiba.br\/nucleodesignanimacao\/?p=13418\">\n                                                <img loading=\"lazy\" decoding=\"async\" width=\"1920\" height=\"789\" src=\"https:\/\/utfpr-ct-static-content.s3.amazonaws.com\/utfpr.curitiba.br\/wp-content\/uploads\/sites\/99\/2023\/06\/Sonhos-da-Isah-O-bau-do-papai-Joao-Ricardo-Costa.png\" class=\"attachment-full size-full wp-post-image\" alt=\"\" srcset=\"https:\/\/utfpr-ct-static-content.s3.amazonaws.com\/utfpr.curitiba.br\/wp-content\/uploads\/sites\/99\/2023\/06\/Sonhos-da-Isah-O-bau-do-papai-Joao-Ricardo-Costa.png 1920w, https:\/\/utfpr-ct-static-content.s3.amazonaws.com\/utfpr.curitiba.br\/wp-content\/uploads\/sites\/99\/2023\/06\/Sonhos-da-Isah-O-bau-do-papai-Joao-Ricardo-Costa-300x123.png 300w, https:\/\/utfpr-ct-static-content.s3.amazonaws.com\/utfpr.curitiba.br\/wp-content\/uploads\/sites\/99\/2023\/06\/Sonhos-da-Isah-O-bau-do-papai-Joao-Ricardo-Costa-1024x421.png 1024w, https:\/\/utfpr-ct-static-content.s3.amazonaws.com\/utfpr.curitiba.br\/wp-content\/uploads\/sites\/99\/2023\/06\/Sonhos-da-Isah-O-bau-do-papai-Joao-Ricardo-Costa-768x316.png 768w, https:\/\/utfpr-ct-static-content.s3.amazonaws.com\/utfpr.curitiba.br\/wp-content\/uploads\/sites\/99\/2023\/06\/Sonhos-da-Isah-O-bau-do-papai-Joao-Ricardo-Costa-1536x631.png 1536w\" sizes=\"(max-width: 1920px) 100vw, 1920px\" \/>                                            <\/a>\n                                        <\/div>\n                                                                                    <div class=\"post-content\">\n                                                <div class=\"content\">\n                                                    <h4 class=\"htmega-post-g-title\"><a href='https:\/\/utfpr.curitiba.br\/nucleodesignanimacao\/?p=13418'>Sonhos da Isah O bau do papai &#8211; Joao Ricardo Costa<\/a><\/h4>                                                                                                    <\/div>\n                                            <\/div>\n                                                                                <\/div>\n                                <\/div>\n                            \n                        \n                        \n                                                                                                                                            <div class=\"htb-col-lg-4 htb-col-sm-6 htb-col-12\">\n                                    <div class=\"ht-post gradient-overlay gradient-overlay-2 mt--20\">\n                                        <div class=\"thumb\">\n                                            <a href=\"https:\/\/utfpr.curitiba.br\/nucleodesignanimacao\/?p=13407\">\n                                                <img loading=\"lazy\" decoding=\"async\" width=\"3334\" height=\"2348\" src=\"https:\/\/utfpr-ct-static-content.s3.amazonaws.com\/utfpr.curitiba.br\/wp-content\/uploads\/sites\/99\/2023\/04\/Imagem-substituicao_Prancheta-1.png\" class=\"attachment-full size-full wp-post-image\" alt=\"\" srcset=\"https:\/\/utfpr-ct-static-content.s3.amazonaws.com\/utfpr.curitiba.br\/wp-content\/uploads\/sites\/99\/2023\/04\/Imagem-substituicao_Prancheta-1.png 3334w, https:\/\/utfpr-ct-static-content.s3.amazonaws.com\/utfpr.curitiba.br\/wp-content\/uploads\/sites\/99\/2023\/04\/Imagem-substituicao_Prancheta-1-300x211.png 300w, https:\/\/utfpr-ct-static-content.s3.amazonaws.com\/utfpr.curitiba.br\/wp-content\/uploads\/sites\/99\/2023\/04\/Imagem-substituicao_Prancheta-1-1024x721.png 1024w, https:\/\/utfpr-ct-static-content.s3.amazonaws.com\/utfpr.curitiba.br\/wp-content\/uploads\/sites\/99\/2023\/04\/Imagem-substituicao_Prancheta-1-768x541.png 768w, https:\/\/utfpr-ct-static-content.s3.amazonaws.com\/utfpr.curitiba.br\/wp-content\/uploads\/sites\/99\/2023\/04\/Imagem-substituicao_Prancheta-1-1536x1082.png 1536w, https:\/\/utfpr-ct-static-content.s3.amazonaws.com\/utfpr.curitiba.br\/wp-content\/uploads\/sites\/99\/2023\/04\/Imagem-substituicao_Prancheta-1-2048x1442.png 2048w\" sizes=\"(max-width: 3334px) 100vw, 3334px\" \/>                                            <\/a>\n                                        <\/div>\n                                                                                    <div class=\"post-content\">\n                                                <div class=\"content\">\n                                                    <h4 class=\"htmega-post-g-title\"><a href='https:\/\/utfpr.curitiba.br\/nucleodesignanimacao\/?p=13407'>Zeitkrankheit &#8211; Mariana Machado e Renato Megali<\/a><\/h4>                                                                                                    <\/div>\n                                            <\/div>\n                                                                                <\/div>\n                                <\/div>\n                            \n                        \n                        \n                                                                                                                                            <div class=\"htb-col-lg-4 htb-col-sm-6 htb-col-12\">\n                                    <div class=\"ht-post gradient-overlay gradient-overlay-3 mt--20\">\n                                        <div class=\"thumb\">\n                                            <a href=\"https:\/\/utfpr.curitiba.br\/nucleodesignanimacao\/?p=13396\">\n                                                <img loading=\"lazy\" decoding=\"async\" width=\"1450\" height=\"916\" src=\"https:\/\/utfpr-ct-static-content.s3.amazonaws.com\/utfpr.curitiba.br\/wp-content\/uploads\/sites\/99\/2023\/06\/Viagens-de-Papel-Mauricio-Gino.png\" class=\"attachment-full size-full wp-post-image\" alt=\"\" srcset=\"https:\/\/utfpr-ct-static-content.s3.amazonaws.com\/utfpr.curitiba.br\/wp-content\/uploads\/sites\/99\/2023\/06\/Viagens-de-Papel-Mauricio-Gino.png 1450w, https:\/\/utfpr-ct-static-content.s3.amazonaws.com\/utfpr.curitiba.br\/wp-content\/uploads\/sites\/99\/2023\/06\/Viagens-de-Papel-Mauricio-Gino-300x190.png 300w, https:\/\/utfpr-ct-static-content.s3.amazonaws.com\/utfpr.curitiba.br\/wp-content\/uploads\/sites\/99\/2023\/06\/Viagens-de-Papel-Mauricio-Gino-1024x647.png 1024w, https:\/\/utfpr-ct-static-content.s3.amazonaws.com\/utfpr.curitiba.br\/wp-content\/uploads\/sites\/99\/2023\/06\/Viagens-de-Papel-Mauricio-Gino-768x485.png 768w\" sizes=\"(max-width: 1450px) 100vw, 1450px\" \/>                                            <\/a>\n                                        <\/div>\n                                                                                    <div class=\"post-content\">\n                                                <div class=\"content\">\n                                                    <h4 class=\"htmega-post-g-title\"><a href='https:\/\/utfpr.curitiba.br\/nucleodesignanimacao\/?p=13396'>Viagens de Papel &#8211; Maur\u00edcio Gino<\/a><\/h4>                                                                                                    <\/div>\n                                            <\/div>\n                                                                                <\/div>\n                                <\/div>\n                            \n                        \n                        \n                                                                                                                                            <div class=\"htb-col-lg-4 htb-col-sm-6 htb-col-12\">\n                                    <div class=\"ht-post gradient-overlay gradient-overlay-4 mt--20\">\n                                        <div class=\"thumb\">\n                                            <a href=\"https:\/\/utfpr.curitiba.br\/nucleodesignanimacao\/?p=13385\">\n                                                <img loading=\"lazy\" decoding=\"async\" width=\"1918\" height=\"748\" src=\"https:\/\/utfpr-ct-static-content.s3.amazonaws.com\/utfpr.curitiba.br\/wp-content\/uploads\/sites\/99\/2023\/06\/Uma-Volta-pela-Praca-Roberta-Filizola.png\" class=\"attachment-full size-full wp-post-image\" alt=\"\" srcset=\"https:\/\/utfpr-ct-static-content.s3.amazonaws.com\/utfpr.curitiba.br\/wp-content\/uploads\/sites\/99\/2023\/06\/Uma-Volta-pela-Praca-Roberta-Filizola.png 1918w, https:\/\/utfpr-ct-static-content.s3.amazonaws.com\/utfpr.curitiba.br\/wp-content\/uploads\/sites\/99\/2023\/06\/Uma-Volta-pela-Praca-Roberta-Filizola-300x117.png 300w, https:\/\/utfpr-ct-static-content.s3.amazonaws.com\/utfpr.curitiba.br\/wp-content\/uploads\/sites\/99\/2023\/06\/Uma-Volta-pela-Praca-Roberta-Filizola-1024x399.png 1024w, https:\/\/utfpr-ct-static-content.s3.amazonaws.com\/utfpr.curitiba.br\/wp-content\/uploads\/sites\/99\/2023\/06\/Uma-Volta-pela-Praca-Roberta-Filizola-768x300.png 768w, https:\/\/utfpr-ct-static-content.s3.amazonaws.com\/utfpr.curitiba.br\/wp-content\/uploads\/sites\/99\/2023\/06\/Uma-Volta-pela-Praca-Roberta-Filizola-1536x599.png 1536w\" sizes=\"(max-width: 1918px) 100vw, 1918px\" \/>                                            <\/a>\n                                        <\/div>\n                                                                                    <div class=\"post-content\">\n                                                <div class=\"content\">\n                                                    <h4 class=\"htmega-post-g-title\"><a href='https:\/\/utfpr.curitiba.br\/nucleodesignanimacao\/?p=13385'>Uma Volta pela Pra\u00e7a &#8211; Roberta Filizola<\/a><\/h4>                                                                                                    <\/div>\n                                            <\/div>\n                                                                                <\/div>\n                                <\/div>\n                            \n                        \n                        \n                                                                                                                                            <div class=\"htb-col-lg-4 htb-col-sm-6 htb-col-12\">\n                                    <div class=\"ht-post gradient-overlay gradient-overlay-5 mt--20\">\n                                        <div class=\"thumb\">\n                                            <a href=\"https:\/\/utfpr.curitiba.br\/nucleodesignanimacao\/?p=13374\">\n                                                <img loading=\"lazy\" decoding=\"async\" width=\"3334\" height=\"2348\" src=\"https:\/\/utfpr-ct-static-content.s3.amazonaws.com\/utfpr.curitiba.br\/wp-content\/uploads\/sites\/99\/2023\/04\/Imagem-substituicao_Prancheta-1.png\" class=\"attachment-full size-full wp-post-image\" alt=\"\" srcset=\"https:\/\/utfpr-ct-static-content.s3.amazonaws.com\/utfpr.curitiba.br\/wp-content\/uploads\/sites\/99\/2023\/04\/Imagem-substituicao_Prancheta-1.png 3334w, https:\/\/utfpr-ct-static-content.s3.amazonaws.com\/utfpr.curitiba.br\/wp-content\/uploads\/sites\/99\/2023\/04\/Imagem-substituicao_Prancheta-1-300x211.png 300w, https:\/\/utfpr-ct-static-content.s3.amazonaws.com\/utfpr.curitiba.br\/wp-content\/uploads\/sites\/99\/2023\/04\/Imagem-substituicao_Prancheta-1-1024x721.png 1024w, https:\/\/utfpr-ct-static-content.s3.amazonaws.com\/utfpr.curitiba.br\/wp-content\/uploads\/sites\/99\/2023\/04\/Imagem-substituicao_Prancheta-1-768x541.png 768w, https:\/\/utfpr-ct-static-content.s3.amazonaws.com\/utfpr.curitiba.br\/wp-content\/uploads\/sites\/99\/2023\/04\/Imagem-substituicao_Prancheta-1-1536x1082.png 1536w, https:\/\/utfpr-ct-static-content.s3.amazonaws.com\/utfpr.curitiba.br\/wp-content\/uploads\/sites\/99\/2023\/04\/Imagem-substituicao_Prancheta-1-2048x1442.png 2048w\" sizes=\"(max-width: 3334px) 100vw, 3334px\" \/>                                            <\/a>\n                                        <\/div>\n                                                                                    <div class=\"post-content\">\n                                                <div class=\"content\">\n                                                    <h4 class=\"htmega-post-g-title\"><a href='https:\/\/utfpr.curitiba.br\/nucleodesignanimacao\/?p=13374'>Um fuguete &#8211; JJ Ribeiro<\/a><\/h4>                                                                                                    <\/div>\n                                            <\/div>\n                                                                                <\/div>\n                                <\/div>\n                            \n                        \n                        \n                                                                                                                                            <div class=\"htb-col-lg-4 htb-col-sm-6 htb-col-12\">\n                                    <div class=\"ht-post gradient-overlay gradient-overlay-6 mt--20\">\n                                        <div class=\"thumb\">\n                                            <a href=\"https:\/\/utfpr.curitiba.br\/nucleodesignanimacao\/?p=13363\">\n                                                <img loading=\"lazy\" decoding=\"async\" width=\"3334\" height=\"2348\" src=\"https:\/\/utfpr-ct-static-content.s3.amazonaws.com\/utfpr.curitiba.br\/wp-content\/uploads\/sites\/99\/2023\/04\/Imagem-substituicao_Prancheta-1.png\" class=\"attachment-full size-full wp-post-image\" alt=\"\" srcset=\"https:\/\/utfpr-ct-static-content.s3.amazonaws.com\/utfpr.curitiba.br\/wp-content\/uploads\/sites\/99\/2023\/04\/Imagem-substituicao_Prancheta-1.png 3334w, https:\/\/utfpr-ct-static-content.s3.amazonaws.com\/utfpr.curitiba.br\/wp-content\/uploads\/sites\/99\/2023\/04\/Imagem-substituicao_Prancheta-1-300x211.png 300w, https:\/\/utfpr-ct-static-content.s3.amazonaws.com\/utfpr.curitiba.br\/wp-content\/uploads\/sites\/99\/2023\/04\/Imagem-substituicao_Prancheta-1-1024x721.png 1024w, https:\/\/utfpr-ct-static-content.s3.amazonaws.com\/utfpr.curitiba.br\/wp-content\/uploads\/sites\/99\/2023\/04\/Imagem-substituicao_Prancheta-1-768x541.png 768w, https:\/\/utfpr-ct-static-content.s3.amazonaws.com\/utfpr.curitiba.br\/wp-content\/uploads\/sites\/99\/2023\/04\/Imagem-substituicao_Prancheta-1-1536x1082.png 1536w, https:\/\/utfpr-ct-static-content.s3.amazonaws.com\/utfpr.curitiba.br\/wp-content\/uploads\/sites\/99\/2023\/04\/Imagem-substituicao_Prancheta-1-2048x1442.png 2048w\" sizes=\"(max-width: 3334px) 100vw, 3334px\" \/>                                            <\/a>\n                                        <\/div>\n                                                                                    <div class=\"post-content\">\n                                                <div class=\"content\">\n                                                    <h4 class=\"htmega-post-g-title\"><a href='https:\/\/utfpr.curitiba.br\/nucleodesignanimacao\/?p=13363'>Superultramegafluuu &#8211; \u00c9rika Machado e Filipa Bastos<\/a><\/h4>                                                                                                    <\/div>\n                                            <\/div>\n                                                                                <\/div>\n                                <\/div>\n                            \n                        \n                        \n                                                                                                                                            <div class=\"htb-col-lg-4 htb-col-sm-6 htb-col-12\">\n                                    <div class=\"ht-post gradient-overlay gradient-overlay-1 mt--20\">\n                                        <div class=\"thumb\">\n                                            <a href=\"https:\/\/utfpr.curitiba.br\/nucleodesignanimacao\/?p=13352\">\n                                                <img loading=\"lazy\" decoding=\"async\" width=\"1920\" height=\"1005\" src=\"https:\/\/utfpr-ct-static-content.s3.amazonaws.com\/utfpr.curitiba.br\/wp-content\/uploads\/sites\/99\/2023\/06\/Subsolo-Erica-Maradona-e-Otto-Guerra.png\" class=\"attachment-full size-full wp-post-image\" alt=\"\" srcset=\"https:\/\/utfpr-ct-static-content.s3.amazonaws.com\/utfpr.curitiba.br\/wp-content\/uploads\/sites\/99\/2023\/06\/Subsolo-Erica-Maradona-e-Otto-Guerra.png 1920w, https:\/\/utfpr-ct-static-content.s3.amazonaws.com\/utfpr.curitiba.br\/wp-content\/uploads\/sites\/99\/2023\/06\/Subsolo-Erica-Maradona-e-Otto-Guerra-300x157.png 300w, https:\/\/utfpr-ct-static-content.s3.amazonaws.com\/utfpr.curitiba.br\/wp-content\/uploads\/sites\/99\/2023\/06\/Subsolo-Erica-Maradona-e-Otto-Guerra-1024x536.png 1024w, https:\/\/utfpr-ct-static-content.s3.amazonaws.com\/utfpr.curitiba.br\/wp-content\/uploads\/sites\/99\/2023\/06\/Subsolo-Erica-Maradona-e-Otto-Guerra-768x402.png 768w, https:\/\/utfpr-ct-static-content.s3.amazonaws.com\/utfpr.curitiba.br\/wp-content\/uploads\/sites\/99\/2023\/06\/Subsolo-Erica-Maradona-e-Otto-Guerra-1536x804.png 1536w\" sizes=\"(max-width: 1920px) 100vw, 1920px\" \/>                                            <\/a>\n                                        <\/div>\n                                                                                    <div class=\"post-content\">\n                                                <div class=\"content\">\n                                                    <h4 class=\"htmega-post-g-title\"><a href='https:\/\/utfpr.curitiba.br\/nucleodesignanimacao\/?p=13352'>Subsolo &#8211; Erica Maradona e Otto Guerra<\/a><\/h4>                                                                                                    <\/div>\n                                            <\/div>\n                                                                                <\/div>\n                                <\/div>\n                            \n                        \n                        \n                                                                                                                                            <div class=\"htb-col-lg-4 htb-col-sm-6 htb-col-12\">\n                                    <div class=\"ht-post gradient-overlay gradient-overlay-2 mt--20\">\n                                        <div class=\"thumb\">\n                                            <a href=\"https:\/\/utfpr.curitiba.br\/nucleodesignanimacao\/?p=13341\">\n                                                <img loading=\"lazy\" decoding=\"async\" width=\"1920\" height=\"900\" src=\"https:\/\/utfpr-ct-static-content.s3.amazonaws.com\/utfpr.curitiba.br\/wp-content\/uploads\/sites\/99\/2023\/06\/Soluvel-Diego-Akel.png\" class=\"attachment-full size-full wp-post-image\" alt=\"\" srcset=\"https:\/\/utfpr-ct-static-content.s3.amazonaws.com\/utfpr.curitiba.br\/wp-content\/uploads\/sites\/99\/2023\/06\/Soluvel-Diego-Akel.png 1920w, https:\/\/utfpr-ct-static-content.s3.amazonaws.com\/utfpr.curitiba.br\/wp-content\/uploads\/sites\/99\/2023\/06\/Soluvel-Diego-Akel-300x141.png 300w, https:\/\/utfpr-ct-static-content.s3.amazonaws.com\/utfpr.curitiba.br\/wp-content\/uploads\/sites\/99\/2023\/06\/Soluvel-Diego-Akel-1024x480.png 1024w, https:\/\/utfpr-ct-static-content.s3.amazonaws.com\/utfpr.curitiba.br\/wp-content\/uploads\/sites\/99\/2023\/06\/Soluvel-Diego-Akel-768x360.png 768w, https:\/\/utfpr-ct-static-content.s3.amazonaws.com\/utfpr.curitiba.br\/wp-content\/uploads\/sites\/99\/2023\/06\/Soluvel-Diego-Akel-1536x720.png 1536w\" sizes=\"(max-width: 1920px) 100vw, 1920px\" \/>                                            <\/a>\n                                        <\/div>\n                                                                                    <div class=\"post-content\">\n                                                <div class=\"content\">\n                                                    <h4 class=\"htmega-post-g-title\"><a href='https:\/\/utfpr.curitiba.br\/nucleodesignanimacao\/?p=13341'>Sol\u00favel &#8211; Diego Akel<\/a><\/h4>                                                                                                    <\/div>\n                                            <\/div>\n                                                                                <\/div>\n                                <\/div>\n                            \n                        \n                        \n                                                                                                                                            <div class=\"htb-col-lg-4 htb-col-sm-6 htb-col-12\">\n                                    <div class=\"ht-post gradient-overlay gradient-overlay-3 mt--20\">\n                                        <div class=\"thumb\">\n                                            <a href=\"https:\/\/utfpr.curitiba.br\/nucleodesignanimacao\/?p=13330\">\n                                                <img loading=\"lazy\" decoding=\"async\" width=\"1918\" height=\"830\" src=\"https:\/\/utfpr-ct-static-content.s3.amazonaws.com\/utfpr.curitiba.br\/wp-content\/uploads\/sites\/99\/2023\/06\/So-sei-que-foi-assim-Giovanna-Muzel.png\" class=\"attachment-full size-full wp-post-image\" alt=\"\" srcset=\"https:\/\/utfpr-ct-static-content.s3.amazonaws.com\/utfpr.curitiba.br\/wp-content\/uploads\/sites\/99\/2023\/06\/So-sei-que-foi-assim-Giovanna-Muzel.png 1918w, https:\/\/utfpr-ct-static-content.s3.amazonaws.com\/utfpr.curitiba.br\/wp-content\/uploads\/sites\/99\/2023\/06\/So-sei-que-foi-assim-Giovanna-Muzel-300x130.png 300w, https:\/\/utfpr-ct-static-content.s3.amazonaws.com\/utfpr.curitiba.br\/wp-content\/uploads\/sites\/99\/2023\/06\/So-sei-que-foi-assim-Giovanna-Muzel-1024x443.png 1024w, https:\/\/utfpr-ct-static-content.s3.amazonaws.com\/utfpr.curitiba.br\/wp-content\/uploads\/sites\/99\/2023\/06\/So-sei-que-foi-assim-Giovanna-Muzel-768x332.png 768w, https:\/\/utfpr-ct-static-content.s3.amazonaws.com\/utfpr.curitiba.br\/wp-content\/uploads\/sites\/99\/2023\/06\/So-sei-que-foi-assim-Giovanna-Muzel-1536x665.png 1536w\" sizes=\"(max-width: 1918px) 100vw, 1918px\" \/>                                            <\/a>\n                                        <\/div>\n                                                                                    <div class=\"post-content\">\n                                                <div class=\"content\">\n                                                    <h4 class=\"htmega-post-g-title\"><a href='https:\/\/utfpr.curitiba.br\/nucleodesignanimacao\/?p=13330'>S\u00f3 sei que foi assim &#8211; Giovanna Muzel<\/a><\/h4>                                                                                                    <\/div>\n                                            <\/div>\n                                                                                <\/div>\n                                <\/div>\n                            \n                        \n                        \n                                                                                                                                            <div class=\"htb-col-lg-4 htb-col-sm-6 htb-col-12\">\n                                    <div class=\"ht-post gradient-overlay gradient-overlay-4 mt--20\">\n                                        <div class=\"thumb\">\n                                            <a href=\"https:\/\/utfpr.curitiba.br\/nucleodesignanimacao\/?p=13319\">\n                                                <img loading=\"lazy\" decoding=\"async\" width=\"3334\" height=\"2348\" src=\"https:\/\/utfpr-ct-static-content.s3.amazonaws.com\/utfpr.curitiba.br\/wp-content\/uploads\/sites\/99\/2023\/04\/Imagem-substituicao_Prancheta-1.png\" class=\"attachment-full size-full wp-post-image\" alt=\"\" srcset=\"https:\/\/utfpr-ct-static-content.s3.amazonaws.com\/utfpr.curitiba.br\/wp-content\/uploads\/sites\/99\/2023\/04\/Imagem-substituicao_Prancheta-1.png 3334w, https:\/\/utfpr-ct-static-content.s3.amazonaws.com\/utfpr.curitiba.br\/wp-content\/uploads\/sites\/99\/2023\/04\/Imagem-substituicao_Prancheta-1-300x211.png 300w, https:\/\/utfpr-ct-static-content.s3.amazonaws.com\/utfpr.curitiba.br\/wp-content\/uploads\/sites\/99\/2023\/04\/Imagem-substituicao_Prancheta-1-1024x721.png 1024w, https:\/\/utfpr-ct-static-content.s3.amazonaws.com\/utfpr.curitiba.br\/wp-content\/uploads\/sites\/99\/2023\/04\/Imagem-substituicao_Prancheta-1-768x541.png 768w, https:\/\/utfpr-ct-static-content.s3.amazonaws.com\/utfpr.curitiba.br\/wp-content\/uploads\/sites\/99\/2023\/04\/Imagem-substituicao_Prancheta-1-1536x1082.png 1536w, https:\/\/utfpr-ct-static-content.s3.amazonaws.com\/utfpr.curitiba.br\/wp-content\/uploads\/sites\/99\/2023\/04\/Imagem-substituicao_Prancheta-1-2048x1442.png 2048w\" sizes=\"(max-width: 3334px) 100vw, 3334px\" \/>                                            <\/a>\n                                        <\/div>\n                                                                                    <div class=\"post-content\">\n                                                <div class=\"content\">\n                                                    <h4 class=\"htmega-post-g-title\"><a href='https:\/\/utfpr.curitiba.br\/nucleodesignanimacao\/?p=13319'>Siren &#8211; Aline dos Santos<\/a><\/h4>                                                                                                    <\/div>\n                                            <\/div>\n                                                                                <\/div>\n                                <\/div>\n                            \n                        \n                        \n                                                                                                                                            <div class=\"htb-col-lg-4 htb-col-sm-6 htb-col-12\">\n                                    <div class=\"ht-post gradient-overlay gradient-overlay-5 mt--20\">\n                                        <div class=\"thumb\">\n                                            <a href=\"https:\/\/utfpr.curitiba.br\/nucleodesignanimacao\/?p=13308\">\n                                                <img loading=\"lazy\" decoding=\"async\" width=\"3334\" height=\"2348\" src=\"https:\/\/utfpr-ct-static-content.s3.amazonaws.com\/utfpr.curitiba.br\/wp-content\/uploads\/sites\/99\/2023\/04\/Imagem-substituicao_Prancheta-1.png\" class=\"attachment-full size-full wp-post-image\" alt=\"\" srcset=\"https:\/\/utfpr-ct-static-content.s3.amazonaws.com\/utfpr.curitiba.br\/wp-content\/uploads\/sites\/99\/2023\/04\/Imagem-substituicao_Prancheta-1.png 3334w, https:\/\/utfpr-ct-static-content.s3.amazonaws.com\/utfpr.curitiba.br\/wp-content\/uploads\/sites\/99\/2023\/04\/Imagem-substituicao_Prancheta-1-300x211.png 300w, https:\/\/utfpr-ct-static-content.s3.amazonaws.com\/utfpr.curitiba.br\/wp-content\/uploads\/sites\/99\/2023\/04\/Imagem-substituicao_Prancheta-1-1024x721.png 1024w, https:\/\/utfpr-ct-static-content.s3.amazonaws.com\/utfpr.curitiba.br\/wp-content\/uploads\/sites\/99\/2023\/04\/Imagem-substituicao_Prancheta-1-768x541.png 768w, https:\/\/utfpr-ct-static-content.s3.amazonaws.com\/utfpr.curitiba.br\/wp-content\/uploads\/sites\/99\/2023\/04\/Imagem-substituicao_Prancheta-1-1536x1082.png 1536w, https:\/\/utfpr-ct-static-content.s3.amazonaws.com\/utfpr.curitiba.br\/wp-content\/uploads\/sites\/99\/2023\/04\/Imagem-substituicao_Prancheta-1-2048x1442.png 2048w\" sizes=\"(max-width: 3334px) 100vw, 3334px\" \/>                                            <\/a>\n                                        <\/div>\n                                                                                    <div class=\"post-content\">\n                                                <div class=\"content\">\n                                                    <h4 class=\"htmega-post-g-title\"><a href='https:\/\/utfpr.curitiba.br\/nucleodesignanimacao\/?p=13308'>SeuB\u00f4la encontrando os N\u00f4uras &#8211; Bruno de Castro<\/a><\/h4>                                                                                                    <\/div>\n                                            <\/div>\n                                                                                <\/div>\n                                <\/div>\n                            \n                        \n                        \n                                                                                                                                            <div class=\"htb-col-lg-4 htb-col-sm-6 htb-col-12\">\n                                    <div class=\"ht-post gradient-overlay gradient-overlay-6 mt--20\">\n                                        <div class=\"thumb\">\n                                            <a href=\"https:\/\/utfpr.curitiba.br\/nucleodesignanimacao\/?p=13297\">\n                                                <img loading=\"lazy\" decoding=\"async\" width=\"1920\" height=\"858\" src=\"https:\/\/utfpr-ct-static-content.s3.amazonaws.com\/utfpr.curitiba.br\/wp-content\/uploads\/sites\/99\/2023\/06\/Sapo-Brothers-em-Aventuras-em-outra-dimensao-Rafael-Dourado.png\" class=\"attachment-full size-full wp-post-image\" alt=\"\" srcset=\"https:\/\/utfpr-ct-static-content.s3.amazonaws.com\/utfpr.curitiba.br\/wp-content\/uploads\/sites\/99\/2023\/06\/Sapo-Brothers-em-Aventuras-em-outra-dimensao-Rafael-Dourado.png 1920w, https:\/\/utfpr-ct-static-content.s3.amazonaws.com\/utfpr.curitiba.br\/wp-content\/uploads\/sites\/99\/2023\/06\/Sapo-Brothers-em-Aventuras-em-outra-dimensao-Rafael-Dourado-300x134.png 300w, https:\/\/utfpr-ct-static-content.s3.amazonaws.com\/utfpr.curitiba.br\/wp-content\/uploads\/sites\/99\/2023\/06\/Sapo-Brothers-em-Aventuras-em-outra-dimensao-Rafael-Dourado-1024x458.png 1024w, https:\/\/utfpr-ct-static-content.s3.amazonaws.com\/utfpr.curitiba.br\/wp-content\/uploads\/sites\/99\/2023\/06\/Sapo-Brothers-em-Aventuras-em-outra-dimensao-Rafael-Dourado-768x343.png 768w, https:\/\/utfpr-ct-static-content.s3.amazonaws.com\/utfpr.curitiba.br\/wp-content\/uploads\/sites\/99\/2023\/06\/Sapo-Brothers-em-Aventuras-em-outra-dimensao-Rafael-Dourado-1536x686.png 1536w\" sizes=\"(max-width: 1920px) 100vw, 1920px\" \/>                                            <\/a>\n                                        <\/div>\n                                                                                    <div class=\"post-content\">\n                                                <div class=\"content\">\n                                                    <h4 class=\"htmega-post-g-title\"><a href='https:\/\/utfpr.curitiba.br\/nucleodesignanimacao\/?p=13297'>Sapo Brothers em: Aventuras em outra dimens\u00e3o &#8211; Rafael Dourado<\/a><\/h4>                                                                                                    <\/div>\n                                            <\/div>\n                                                                                <\/div>\n                                <\/div>\n                            \n                        \n                        \n                                                                                                                                            <div class=\"htb-col-lg-4 htb-col-sm-6 htb-col-12\">\n                                    <div class=\"ht-post gradient-overlay gradient-overlay-1 mt--20\">\n                                        <div class=\"thumb\">\n                                            <a href=\"https:\/\/utfpr.curitiba.br\/nucleodesignanimacao\/?p=13286\">\n                                                <img loading=\"lazy\" decoding=\"async\" width=\"3334\" height=\"2348\" src=\"https:\/\/utfpr-ct-static-content.s3.amazonaws.com\/utfpr.curitiba.br\/wp-content\/uploads\/sites\/99\/2023\/04\/Imagem-substituicao_Prancheta-1.png\" class=\"attachment-full size-full wp-post-image\" alt=\"\" srcset=\"https:\/\/utfpr-ct-static-content.s3.amazonaws.com\/utfpr.curitiba.br\/wp-content\/uploads\/sites\/99\/2023\/04\/Imagem-substituicao_Prancheta-1.png 3334w, https:\/\/utfpr-ct-static-content.s3.amazonaws.com\/utfpr.curitiba.br\/wp-content\/uploads\/sites\/99\/2023\/04\/Imagem-substituicao_Prancheta-1-300x211.png 300w, https:\/\/utfpr-ct-static-content.s3.amazonaws.com\/utfpr.curitiba.br\/wp-content\/uploads\/sites\/99\/2023\/04\/Imagem-substituicao_Prancheta-1-1024x721.png 1024w, https:\/\/utfpr-ct-static-content.s3.amazonaws.com\/utfpr.curitiba.br\/wp-content\/uploads\/sites\/99\/2023\/04\/Imagem-substituicao_Prancheta-1-768x541.png 768w, https:\/\/utfpr-ct-static-content.s3.amazonaws.com\/utfpr.curitiba.br\/wp-content\/uploads\/sites\/99\/2023\/04\/Imagem-substituicao_Prancheta-1-1536x1082.png 1536w, https:\/\/utfpr-ct-static-content.s3.amazonaws.com\/utfpr.curitiba.br\/wp-content\/uploads\/sites\/99\/2023\/04\/Imagem-substituicao_Prancheta-1-2048x1442.png 2048w\" sizes=\"(max-width: 3334px) 100vw, 3334px\" \/>                                            <\/a>\n                                        <\/div>\n                                                                                    <div class=\"post-content\">\n                                                <div class=\"content\">\n                                                    <h4 class=\"htmega-post-g-title\"><a href='https:\/\/utfpr.curitiba.br\/nucleodesignanimacao\/?p=13286'>Roteiro rel\u00e9 &#8211; R\u00fabia Gonzaga<\/a><\/h4>                                                                                                    <\/div>\n                                            <\/div>\n                                                                                <\/div>\n                                <\/div>\n                            \n                        \n                        \n                                                                                                                                            <div class=\"htb-col-lg-4 htb-col-sm-6 htb-col-12\">\n                                    <div class=\"ht-post gradient-overlay gradient-overlay-2 mt--20\">\n                                        <div class=\"thumb\">\n                                            <a href=\"https:\/\/utfpr.curitiba.br\/nucleodesignanimacao\/?p=13275\">\n                                                <img loading=\"lazy\" decoding=\"async\" width=\"1834\" height=\"926\" src=\"https:\/\/utfpr-ct-static-content.s3.amazonaws.com\/utfpr.curitiba.br\/wp-content\/uploads\/sites\/99\/2023\/06\/Quindins-David-Mussel-e-Giuliana-Danza.png\" class=\"attachment-full size-full wp-post-image\" alt=\"\" srcset=\"https:\/\/utfpr-ct-static-content.s3.amazonaws.com\/utfpr.curitiba.br\/wp-content\/uploads\/sites\/99\/2023\/06\/Quindins-David-Mussel-e-Giuliana-Danza.png 1834w, https:\/\/utfpr-ct-static-content.s3.amazonaws.com\/utfpr.curitiba.br\/wp-content\/uploads\/sites\/99\/2023\/06\/Quindins-David-Mussel-e-Giuliana-Danza-300x151.png 300w, https:\/\/utfpr-ct-static-content.s3.amazonaws.com\/utfpr.curitiba.br\/wp-content\/uploads\/sites\/99\/2023\/06\/Quindins-David-Mussel-e-Giuliana-Danza-1024x517.png 1024w, https:\/\/utfpr-ct-static-content.s3.amazonaws.com\/utfpr.curitiba.br\/wp-content\/uploads\/sites\/99\/2023\/06\/Quindins-David-Mussel-e-Giuliana-Danza-768x388.png 768w, https:\/\/utfpr-ct-static-content.s3.amazonaws.com\/utfpr.curitiba.br\/wp-content\/uploads\/sites\/99\/2023\/06\/Quindins-David-Mussel-e-Giuliana-Danza-1536x776.png 1536w, https:\/\/utfpr-ct-static-content.s3.amazonaws.com\/utfpr.curitiba.br\/wp-content\/uploads\/sites\/99\/2023\/06\/Quindins-David-Mussel-e-Giuliana-Danza-585x295.png 585w\" sizes=\"(max-width: 1834px) 100vw, 1834px\" \/>                                            <\/a>\n                                        <\/div>\n                                                                                    <div class=\"post-content\">\n                                                <div class=\"content\">\n                                                    <h4 class=\"htmega-post-g-title\"><a href='https:\/\/utfpr.curitiba.br\/nucleodesignanimacao\/?p=13275'>Quindins &#8211; David Mussel e Giuliana Danza<\/a><\/h4>                                                                                                    <\/div>\n                                            <\/div>\n                                                                                <\/div>\n                                <\/div>\n                            \n                        \n                        \n                                                                                                                                            <div class=\"htb-col-lg-4 htb-col-sm-6 htb-col-12\">\n                                    <div class=\"ht-post gradient-overlay gradient-overlay-3 mt--20\">\n                                        <div class=\"thumb\">\n                                            <a href=\"https:\/\/utfpr.curitiba.br\/nucleodesignanimacao\/?p=13264\">\n                                                <img loading=\"lazy\" decoding=\"async\" width=\"764\" height=\"1080\" src=\"https:\/\/utfpr-ct-static-content.s3.amazonaws.com\/utfpr.curitiba.br\/wp-content\/uploads\/sites\/99\/2023\/06\/PSYCHO-Emerson-Wiskow.jpg\" class=\"attachment-full size-full wp-post-image\" alt=\"\" srcset=\"https:\/\/utfpr-ct-static-content.s3.amazonaws.com\/utfpr.curitiba.br\/wp-content\/uploads\/sites\/99\/2023\/06\/PSYCHO-Emerson-Wiskow.jpg 764w, https:\/\/utfpr-ct-static-content.s3.amazonaws.com\/utfpr.curitiba.br\/wp-content\/uploads\/sites\/99\/2023\/06\/PSYCHO-Emerson-Wiskow-212x300.jpg 212w, https:\/\/utfpr-ct-static-content.s3.amazonaws.com\/utfpr.curitiba.br\/wp-content\/uploads\/sites\/99\/2023\/06\/PSYCHO-Emerson-Wiskow-724x1024.jpg 724w\" sizes=\"(max-width: 764px) 100vw, 764px\" \/>                                            <\/a>\n                                        <\/div>\n                                                                                    <div class=\"post-content\">\n                                                <div class=\"content\">\n                                                    <h4 class=\"htmega-post-g-title\"><a href='https:\/\/utfpr.curitiba.br\/nucleodesignanimacao\/?p=13264'>PSYCHO &#8211; Emerson Wiskow<\/a><\/h4>                                                                                                    <\/div>\n                                            <\/div>\n                                                                                <\/div>\n                                <\/div>\n                            \n                        \n                        \n                                                                                                                                            <div class=\"htb-col-lg-4 htb-col-sm-6 htb-col-12\">\n                                    <div class=\"ht-post gradient-overlay gradient-overlay-4 mt--20\">\n                                        <div class=\"thumb\">\n                                            <a href=\"https:\/\/utfpr.curitiba.br\/nucleodesignanimacao\/?p=13253\">\n                                                <img loading=\"lazy\" decoding=\"async\" width=\"1432\" height=\"743\" src=\"https:\/\/utfpr-ct-static-content.s3.amazonaws.com\/utfpr.curitiba.br\/wp-content\/uploads\/sites\/99\/2023\/06\/Preta-Prata-Desali.png\" class=\"attachment-full size-full wp-post-image\" alt=\"\" srcset=\"https:\/\/utfpr-ct-static-content.s3.amazonaws.com\/utfpr.curitiba.br\/wp-content\/uploads\/sites\/99\/2023\/06\/Preta-Prata-Desali.png 1432w, https:\/\/utfpr-ct-static-content.s3.amazonaws.com\/utfpr.curitiba.br\/wp-content\/uploads\/sites\/99\/2023\/06\/Preta-Prata-Desali-300x156.png 300w, https:\/\/utfpr-ct-static-content.s3.amazonaws.com\/utfpr.curitiba.br\/wp-content\/uploads\/sites\/99\/2023\/06\/Preta-Prata-Desali-1024x531.png 1024w, https:\/\/utfpr-ct-static-content.s3.amazonaws.com\/utfpr.curitiba.br\/wp-content\/uploads\/sites\/99\/2023\/06\/Preta-Prata-Desali-768x398.png 768w\" sizes=\"(max-width: 1432px) 100vw, 1432px\" \/>                                            <\/a>\n                                        <\/div>\n                                                                                    <div class=\"post-content\">\n                                                <div class=\"content\">\n                                                    <h4 class=\"htmega-post-g-title\"><a href='https:\/\/utfpr.curitiba.br\/nucleodesignanimacao\/?p=13253'>Preta Prata &#8211; Desali<\/a><\/h4>                                                                                                    <\/div>\n                                            <\/div>\n                                                                                <\/div>\n                                <\/div>\n                            \n                        \n                        \n                                                                                                                                            <div class=\"htb-col-lg-4 htb-col-sm-6 htb-col-12\">\n                                    <div class=\"ht-post gradient-overlay gradient-overlay-5 mt--20\">\n                                        <div class=\"thumb\">\n                                            <a href=\"https:\/\/utfpr.curitiba.br\/nucleodesignanimacao\/?p=13241\">\n                                                <img loading=\"lazy\" decoding=\"async\" width=\"737\" height=\"415\" src=\"https:\/\/utfpr-ct-static-content.s3.amazonaws.com\/utfpr.curitiba.br\/wp-content\/uploads\/sites\/99\/2023\/06\/Ponto-de-Passagem-Larissa-Lisboa.png\" class=\"attachment-full size-full wp-post-image\" alt=\"\" srcset=\"https:\/\/utfpr-ct-static-content.s3.amazonaws.com\/utfpr.curitiba.br\/wp-content\/uploads\/sites\/99\/2023\/06\/Ponto-de-Passagem-Larissa-Lisboa.png 737w, https:\/\/utfpr-ct-static-content.s3.amazonaws.com\/utfpr.curitiba.br\/wp-content\/uploads\/sites\/99\/2023\/06\/Ponto-de-Passagem-Larissa-Lisboa-300x169.png 300w\" sizes=\"(max-width: 737px) 100vw, 737px\" \/>                                            <\/a>\n                                        <\/div>\n                                                                                    <div class=\"post-content\">\n                                                <div class=\"content\">\n                                                    <h4 class=\"htmega-post-g-title\"><a href='https:\/\/utfpr.curitiba.br\/nucleodesignanimacao\/?p=13241'>Ponto de Passagem &#8211; Larissa Lisboa<\/a><\/h4>                                                                                                    <\/div>\n                                            <\/div>\n                                                                                <\/div>\n                                <\/div>\n                            \n                        \n                        \n                                                                                                                                            <div class=\"htb-col-lg-4 htb-col-sm-6 htb-col-12\">\n                                    <div class=\"ht-post gradient-overlay gradient-overlay-6 mt--20\">\n                                        <div class=\"thumb\">\n                                            <a href=\"https:\/\/utfpr.curitiba.br\/nucleodesignanimacao\/?p=13230\">\n                                                <img loading=\"lazy\" decoding=\"async\" width=\"1920\" height=\"900\" src=\"https:\/\/utfpr-ct-static-content.s3.amazonaws.com\/utfpr.curitiba.br\/wp-content\/uploads\/sites\/99\/2023\/06\/Pila-Pilao-Giuliana-Danza.png\" class=\"attachment-full size-full wp-post-image\" alt=\"\" srcset=\"https:\/\/utfpr-ct-static-content.s3.amazonaws.com\/utfpr.curitiba.br\/wp-content\/uploads\/sites\/99\/2023\/06\/Pila-Pilao-Giuliana-Danza.png 1920w, https:\/\/utfpr-ct-static-content.s3.amazonaws.com\/utfpr.curitiba.br\/wp-content\/uploads\/sites\/99\/2023\/06\/Pila-Pilao-Giuliana-Danza-300x141.png 300w, https:\/\/utfpr-ct-static-content.s3.amazonaws.com\/utfpr.curitiba.br\/wp-content\/uploads\/sites\/99\/2023\/06\/Pila-Pilao-Giuliana-Danza-1024x480.png 1024w, https:\/\/utfpr-ct-static-content.s3.amazonaws.com\/utfpr.curitiba.br\/wp-content\/uploads\/sites\/99\/2023\/06\/Pila-Pilao-Giuliana-Danza-768x360.png 768w, https:\/\/utfpr-ct-static-content.s3.amazonaws.com\/utfpr.curitiba.br\/wp-content\/uploads\/sites\/99\/2023\/06\/Pila-Pilao-Giuliana-Danza-1536x720.png 1536w\" sizes=\"(max-width: 1920px) 100vw, 1920px\" \/>                                            <\/a>\n                                        <\/div>\n                                                                                    <div class=\"post-content\">\n                                                <div class=\"content\">\n                                                    <h4 class=\"htmega-post-g-title\"><a href='https:\/\/utfpr.curitiba.br\/nucleodesignanimacao\/?p=13230'>Pila Pil\u00e3o &#8211; Giuliana Danza<\/a><\/h4>                                                                                                    <\/div>\n                                            <\/div>\n                                                                                <\/div>\n                                <\/div>\n                            \n                        \n                        \n                                                                                                                                            <div class=\"htb-col-lg-4 htb-col-sm-6 htb-col-12\">\n                                    <div class=\"ht-post gradient-overlay gradient-overlay-1 mt--20\">\n                                        <div class=\"thumb\">\n                                            <a href=\"https:\/\/utfpr.curitiba.br\/nucleodesignanimacao\/?p=13219\">\n                                                <img loading=\"lazy\" decoding=\"async\" width=\"3334\" height=\"2348\" src=\"https:\/\/utfpr-ct-static-content.s3.amazonaws.com\/utfpr.curitiba.br\/wp-content\/uploads\/sites\/99\/2023\/04\/Imagem-substituicao_Prancheta-1.png\" class=\"attachment-full size-full wp-post-image\" alt=\"\" srcset=\"https:\/\/utfpr-ct-static-content.s3.amazonaws.com\/utfpr.curitiba.br\/wp-content\/uploads\/sites\/99\/2023\/04\/Imagem-substituicao_Prancheta-1.png 3334w, https:\/\/utfpr-ct-static-content.s3.amazonaws.com\/utfpr.curitiba.br\/wp-content\/uploads\/sites\/99\/2023\/04\/Imagem-substituicao_Prancheta-1-300x211.png 300w, https:\/\/utfpr-ct-static-content.s3.amazonaws.com\/utfpr.curitiba.br\/wp-content\/uploads\/sites\/99\/2023\/04\/Imagem-substituicao_Prancheta-1-1024x721.png 1024w, https:\/\/utfpr-ct-static-content.s3.amazonaws.com\/utfpr.curitiba.br\/wp-content\/uploads\/sites\/99\/2023\/04\/Imagem-substituicao_Prancheta-1-768x541.png 768w, https:\/\/utfpr-ct-static-content.s3.amazonaws.com\/utfpr.curitiba.br\/wp-content\/uploads\/sites\/99\/2023\/04\/Imagem-substituicao_Prancheta-1-1536x1082.png 1536w, https:\/\/utfpr-ct-static-content.s3.amazonaws.com\/utfpr.curitiba.br\/wp-content\/uploads\/sites\/99\/2023\/04\/Imagem-substituicao_Prancheta-1-2048x1442.png 2048w\" sizes=\"(max-width: 3334px) 100vw, 3334px\" \/>                                            <\/a>\n                                        <\/div>\n                                                                                    <div class=\"post-content\">\n                                                <div class=\"content\">\n                                                    <h4 class=\"htmega-post-g-title\"><a href='https:\/\/utfpr.curitiba.br\/nucleodesignanimacao\/?p=13219'>Penislong &#8211; Carolina Diniz &amp; Luhan Dias<\/a><\/h4>                                                                                                    <\/div>\n                                            <\/div>\n                                                                                <\/div>\n                                <\/div>\n                            \n                        \n                        \n                                                                                                                                            <div class=\"htb-col-lg-4 htb-col-sm-6 htb-col-12\">\n                                    <div class=\"ht-post gradient-overlay gradient-overlay-2 mt--20\">\n                                        <div class=\"thumb\">\n                                            <a href=\"https:\/\/utfpr.curitiba.br\/nucleodesignanimacao\/?p=13208\">\n                                                <img loading=\"lazy\" decoding=\"async\" width=\"921\" height=\"915\" src=\"https:\/\/utfpr-ct-static-content.s3.amazonaws.com\/utfpr.curitiba.br\/wp-content\/uploads\/sites\/99\/2023\/06\/Pantufas-Luiza-Ishikawa.png\" class=\"attachment-full size-full wp-post-image\" alt=\"\" srcset=\"https:\/\/utfpr-ct-static-content.s3.amazonaws.com\/utfpr.curitiba.br\/wp-content\/uploads\/sites\/99\/2023\/06\/Pantufas-Luiza-Ishikawa.png 921w, https:\/\/utfpr-ct-static-content.s3.amazonaws.com\/utfpr.curitiba.br\/wp-content\/uploads\/sites\/99\/2023\/06\/Pantufas-Luiza-Ishikawa-300x298.png 300w, https:\/\/utfpr-ct-static-content.s3.amazonaws.com\/utfpr.curitiba.br\/wp-content\/uploads\/sites\/99\/2023\/06\/Pantufas-Luiza-Ishikawa-150x150.png 150w, https:\/\/utfpr-ct-static-content.s3.amazonaws.com\/utfpr.curitiba.br\/wp-content\/uploads\/sites\/99\/2023\/06\/Pantufas-Luiza-Ishikawa-768x763.png 768w\" sizes=\"(max-width: 921px) 100vw, 921px\" \/>                                            <\/a>\n                                        <\/div>\n                                                                                    <div class=\"post-content\">\n                                                <div class=\"content\">\n                                                    <h4 class=\"htmega-post-g-title\"><a href='https:\/\/utfpr.curitiba.br\/nucleodesignanimacao\/?p=13208'>Pantufas &#8211; Lu\u00edza Ishikawa<\/a><\/h4>                                                                                                    <\/div>\n                                            <\/div>\n                                                                                <\/div>\n                                <\/div>\n                            \n                        \n                        \n                                                                                                                                            <div class=\"htb-col-lg-4 htb-col-sm-6 htb-col-12\">\n                                    <div class=\"ht-post gradient-overlay gradient-overlay-3 mt--20\">\n                                        <div class=\"thumb\">\n                                            <a href=\"https:\/\/utfpr.curitiba.br\/nucleodesignanimacao\/?p=13197\">\n                                                <img loading=\"lazy\" decoding=\"async\" width=\"3334\" height=\"2348\" src=\"https:\/\/utfpr-ct-static-content.s3.amazonaws.com\/utfpr.curitiba.br\/wp-content\/uploads\/sites\/99\/2023\/04\/Imagem-substituicao_Prancheta-1.png\" class=\"attachment-full size-full wp-post-image\" alt=\"\" srcset=\"https:\/\/utfpr-ct-static-content.s3.amazonaws.com\/utfpr.curitiba.br\/wp-content\/uploads\/sites\/99\/2023\/04\/Imagem-substituicao_Prancheta-1.png 3334w, https:\/\/utfpr-ct-static-content.s3.amazonaws.com\/utfpr.curitiba.br\/wp-content\/uploads\/sites\/99\/2023\/04\/Imagem-substituicao_Prancheta-1-300x211.png 300w, https:\/\/utfpr-ct-static-content.s3.amazonaws.com\/utfpr.curitiba.br\/wp-content\/uploads\/sites\/99\/2023\/04\/Imagem-substituicao_Prancheta-1-1024x721.png 1024w, https:\/\/utfpr-ct-static-content.s3.amazonaws.com\/utfpr.curitiba.br\/wp-content\/uploads\/sites\/99\/2023\/04\/Imagem-substituicao_Prancheta-1-768x541.png 768w, https:\/\/utfpr-ct-static-content.s3.amazonaws.com\/utfpr.curitiba.br\/wp-content\/uploads\/sites\/99\/2023\/04\/Imagem-substituicao_Prancheta-1-1536x1082.png 1536w, https:\/\/utfpr-ct-static-content.s3.amazonaws.com\/utfpr.curitiba.br\/wp-content\/uploads\/sites\/99\/2023\/04\/Imagem-substituicao_Prancheta-1-2048x1442.png 2048w\" sizes=\"(max-width: 3334px) 100vw, 3334px\" \/>                                            <\/a>\n                                        <\/div>\n                                                                                    <div class=\"post-content\">\n                                                <div class=\"content\">\n                                                    <h4 class=\"htmega-post-g-title\"><a href='https:\/\/utfpr.curitiba.br\/nucleodesignanimacao\/?p=13197'>Ou\u00e7a o Riso &#8211; Pablo Augusto Carvalho Reis e Luan Marcos Rodrigues<\/a><\/h4>                                                                                                    <\/div>\n                                            <\/div>\n                                                                                <\/div>\n                                <\/div>\n                            \n                        \n                        \n                                                                                                                                            <div class=\"htb-col-lg-4 htb-col-sm-6 htb-col-12\">\n                                    <div class=\"ht-post gradient-overlay gradient-overlay-4 mt--20\">\n                                        <div class=\"thumb\">\n                                            <a href=\"https:\/\/utfpr.curitiba.br\/nucleodesignanimacao\/?p=13186\">\n                                                <img loading=\"lazy\" decoding=\"async\" width=\"3334\" height=\"2348\" src=\"https:\/\/utfpr-ct-static-content.s3.amazonaws.com\/utfpr.curitiba.br\/wp-content\/uploads\/sites\/99\/2023\/04\/Imagem-substituicao_Prancheta-1.png\" class=\"attachment-full size-full wp-post-image\" alt=\"\" srcset=\"https:\/\/utfpr-ct-static-content.s3.amazonaws.com\/utfpr.curitiba.br\/wp-content\/uploads\/sites\/99\/2023\/04\/Imagem-substituicao_Prancheta-1.png 3334w, https:\/\/utfpr-ct-static-content.s3.amazonaws.com\/utfpr.curitiba.br\/wp-content\/uploads\/sites\/99\/2023\/04\/Imagem-substituicao_Prancheta-1-300x211.png 300w, https:\/\/utfpr-ct-static-content.s3.amazonaws.com\/utfpr.curitiba.br\/wp-content\/uploads\/sites\/99\/2023\/04\/Imagem-substituicao_Prancheta-1-1024x721.png 1024w, https:\/\/utfpr-ct-static-content.s3.amazonaws.com\/utfpr.curitiba.br\/wp-content\/uploads\/sites\/99\/2023\/04\/Imagem-substituicao_Prancheta-1-768x541.png 768w, https:\/\/utfpr-ct-static-content.s3.amazonaws.com\/utfpr.curitiba.br\/wp-content\/uploads\/sites\/99\/2023\/04\/Imagem-substituicao_Prancheta-1-1536x1082.png 1536w, https:\/\/utfpr-ct-static-content.s3.amazonaws.com\/utfpr.curitiba.br\/wp-content\/uploads\/sites\/99\/2023\/04\/Imagem-substituicao_Prancheta-1-2048x1442.png 2048w\" sizes=\"(max-width: 3334px) 100vw, 3334px\" \/>                                            <\/a>\n                                        <\/div>\n                                                                                    <div class=\"post-content\">\n                                                <div class=\"content\">\n                                                    <h4 class=\"htmega-post-g-title\"><a href='https:\/\/utfpr.curitiba.br\/nucleodesignanimacao\/?p=13186'>Ok Cupid &#8211; Beatriz Sampaio &amp; Luhan Dias<\/a><\/h4>                                                                                                    <\/div>\n                                            <\/div>\n                                                                                <\/div>\n                                <\/div>\n                            \n                        \n                        \n                                                                                                                                            <div class=\"htb-col-lg-4 htb-col-sm-6 htb-col-12\">\n                                    <div class=\"ht-post gradient-overlay gradient-overlay-5 mt--20\">\n                                        <div class=\"thumb\">\n                                            <a href=\"https:\/\/utfpr.curitiba.br\/nucleodesignanimacao\/?p=13175\">\n                                                <img loading=\"lazy\" decoding=\"async\" width=\"1920\" height=\"819\" src=\"https:\/\/utfpr-ct-static-content.s3.amazonaws.com\/utfpr.curitiba.br\/wp-content\/uploads\/sites\/99\/2023\/06\/O-Celaticomus-Marcelo-Tannure.png\" class=\"attachment-full size-full wp-post-image\" alt=\"\" srcset=\"https:\/\/utfpr-ct-static-content.s3.amazonaws.com\/utfpr.curitiba.br\/wp-content\/uploads\/sites\/99\/2023\/06\/O-Celaticomus-Marcelo-Tannure.png 1920w, https:\/\/utfpr-ct-static-content.s3.amazonaws.com\/utfpr.curitiba.br\/wp-content\/uploads\/sites\/99\/2023\/06\/O-Celaticomus-Marcelo-Tannure-300x128.png 300w, https:\/\/utfpr-ct-static-content.s3.amazonaws.com\/utfpr.curitiba.br\/wp-content\/uploads\/sites\/99\/2023\/06\/O-Celaticomus-Marcelo-Tannure-1024x437.png 1024w, https:\/\/utfpr-ct-static-content.s3.amazonaws.com\/utfpr.curitiba.br\/wp-content\/uploads\/sites\/99\/2023\/06\/O-Celaticomus-Marcelo-Tannure-768x328.png 768w, https:\/\/utfpr-ct-static-content.s3.amazonaws.com\/utfpr.curitiba.br\/wp-content\/uploads\/sites\/99\/2023\/06\/O-Celaticomus-Marcelo-Tannure-1536x655.png 1536w\" sizes=\"(max-width: 1920px) 100vw, 1920px\" \/>                                            <\/a>\n                                        <\/div>\n                                                                                    <div class=\"post-content\">\n                                                <div class=\"content\">\n                                                    <h4 class=\"htmega-post-g-title\"><a href='https:\/\/utfpr.curitiba.br\/nucleodesignanimacao\/?p=13175'>O Celaticomus &#8211; Marcelo Tannure<\/a><\/h4>                                                                                                    <\/div>\n                                            <\/div>\n                                                                                <\/div>\n                                <\/div>\n                            \n                        \n                        \n                                                                                                                                            <div class=\"htb-col-lg-4 htb-col-sm-6 htb-col-12\">\n                                    <div class=\"ht-post gradient-overlay gradient-overlay-6 mt--20\">\n                                        <div class=\"thumb\">\n                                            <a href=\"https:\/\/utfpr.curitiba.br\/nucleodesignanimacao\/?p=13164\">\n                                                <img loading=\"lazy\" decoding=\"async\" width=\"825\" height=\"335\" src=\"https:\/\/utfpr-ct-static-content.s3.amazonaws.com\/utfpr.curitiba.br\/wp-content\/uploads\/sites\/99\/2023\/06\/O-bloqueio-Claudio-de-Oliveira.png\" class=\"attachment-full size-full wp-post-image\" alt=\"\" srcset=\"https:\/\/utfpr-ct-static-content.s3.amazonaws.com\/utfpr.curitiba.br\/wp-content\/uploads\/sites\/99\/2023\/06\/O-bloqueio-Claudio-de-Oliveira.png 825w, https:\/\/utfpr-ct-static-content.s3.amazonaws.com\/utfpr.curitiba.br\/wp-content\/uploads\/sites\/99\/2023\/06\/O-bloqueio-Claudio-de-Oliveira-300x122.png 300w, https:\/\/utfpr-ct-static-content.s3.amazonaws.com\/utfpr.curitiba.br\/wp-content\/uploads\/sites\/99\/2023\/06\/O-bloqueio-Claudio-de-Oliveira-768x312.png 768w\" sizes=\"(max-width: 825px) 100vw, 825px\" \/>                                            <\/a>\n                                        <\/div>\n                                                                                    <div class=\"post-content\">\n                                                <div class=\"content\">\n                                                    <h4 class=\"htmega-post-g-title\"><a href='https:\/\/utfpr.curitiba.br\/nucleodesignanimacao\/?p=13164'>O bloqueio &#8211; Cl\u00e1udio de Oliveira<\/a><\/h4>                                                                                                    <\/div>\n                                            <\/div>\n                                                                                <\/div>\n                                <\/div>\n                            \n                        \n                        \n                                                                                                                                            <div class=\"htb-col-lg-4 htb-col-sm-6 htb-col-12\">\n                                    <div class=\"ht-post gradient-overlay gradient-overlay-1 mt--20\">\n                                        <div class=\"thumb\">\n                                            <a href=\"https:\/\/utfpr.curitiba.br\/nucleodesignanimacao\/?p=13153\">\n                                                <img loading=\"lazy\" decoding=\"async\" width=\"1607\" height=\"917\" src=\"https:\/\/utfpr-ct-static-content.s3.amazonaws.com\/utfpr.curitiba.br\/wp-content\/uploads\/sites\/99\/2023\/06\/No-Meio-do-Caminho-Tinha-Uma-Pedra-Eduardo-Santos-e-Simon-Brethe.png\" class=\"attachment-full size-full wp-post-image\" alt=\"\" srcset=\"https:\/\/utfpr-ct-static-content.s3.amazonaws.com\/utfpr.curitiba.br\/wp-content\/uploads\/sites\/99\/2023\/06\/No-Meio-do-Caminho-Tinha-Uma-Pedra-Eduardo-Santos-e-Simon-Brethe.png 1607w, https:\/\/utfpr-ct-static-content.s3.amazonaws.com\/utfpr.curitiba.br\/wp-content\/uploads\/sites\/99\/2023\/06\/No-Meio-do-Caminho-Tinha-Uma-Pedra-Eduardo-Santos-e-Simon-Brethe-300x171.png 300w, https:\/\/utfpr-ct-static-content.s3.amazonaws.com\/utfpr.curitiba.br\/wp-content\/uploads\/sites\/99\/2023\/06\/No-Meio-do-Caminho-Tinha-Uma-Pedra-Eduardo-Santos-e-Simon-Brethe-1024x584.png 1024w, https:\/\/utfpr-ct-static-content.s3.amazonaws.com\/utfpr.curitiba.br\/wp-content\/uploads\/sites\/99\/2023\/06\/No-Meio-do-Caminho-Tinha-Uma-Pedra-Eduardo-Santos-e-Simon-Brethe-768x438.png 768w, https:\/\/utfpr-ct-static-content.s3.amazonaws.com\/utfpr.curitiba.br\/wp-content\/uploads\/sites\/99\/2023\/06\/No-Meio-do-Caminho-Tinha-Uma-Pedra-Eduardo-Santos-e-Simon-Brethe-1536x876.png 1536w\" sizes=\"(max-width: 1607px) 100vw, 1607px\" \/>                                            <\/a>\n                                        <\/div>\n                                                                                    <div class=\"post-content\">\n                                                <div class=\"content\">\n                                                    <h4 class=\"htmega-post-g-title\"><a href='https:\/\/utfpr.curitiba.br\/nucleodesignanimacao\/?p=13153'>No Meio do Caminho Tinha Uma Pedra &#8211; Eduardo Santos e Simon Breth\u00e9<\/a><\/h4>                                                                                                    <\/div>\n                                            <\/div>\n                                                                                <\/div>\n                                <\/div>\n                            \n                        \n                        \n                                                                                                                                            <div class=\"htb-col-lg-4 htb-col-sm-6 htb-col-12\">\n                                    <div class=\"ht-post gradient-overlay gradient-overlay-2 mt--20\">\n                                        <div class=\"thumb\">\n                                            <a href=\"https:\/\/utfpr.curitiba.br\/nucleodesignanimacao\/?p=13142\">\n                                                <img loading=\"lazy\" decoding=\"async\" width=\"1920\" height=\"765\" src=\"https:\/\/utfpr-ct-static-content.s3.amazonaws.com\/utfpr.curitiba.br\/wp-content\/uploads\/sites\/99\/2023\/06\/Navegar-e-Preciso-Emerson-Wiskow.png\" class=\"attachment-full size-full wp-post-image\" alt=\"\" srcset=\"https:\/\/utfpr-ct-static-content.s3.amazonaws.com\/utfpr.curitiba.br\/wp-content\/uploads\/sites\/99\/2023\/06\/Navegar-e-Preciso-Emerson-Wiskow.png 1920w, https:\/\/utfpr-ct-static-content.s3.amazonaws.com\/utfpr.curitiba.br\/wp-content\/uploads\/sites\/99\/2023\/06\/Navegar-e-Preciso-Emerson-Wiskow-300x120.png 300w, https:\/\/utfpr-ct-static-content.s3.amazonaws.com\/utfpr.curitiba.br\/wp-content\/uploads\/sites\/99\/2023\/06\/Navegar-e-Preciso-Emerson-Wiskow-1024x408.png 1024w, https:\/\/utfpr-ct-static-content.s3.amazonaws.com\/utfpr.curitiba.br\/wp-content\/uploads\/sites\/99\/2023\/06\/Navegar-e-Preciso-Emerson-Wiskow-768x306.png 768w, https:\/\/utfpr-ct-static-content.s3.amazonaws.com\/utfpr.curitiba.br\/wp-content\/uploads\/sites\/99\/2023\/06\/Navegar-e-Preciso-Emerson-Wiskow-1536x612.png 1536w\" sizes=\"(max-width: 1920px) 100vw, 1920px\" \/>                                            <\/a>\n                                        <\/div>\n                                                                                    <div class=\"post-content\">\n                                                <div class=\"content\">\n                                                    <h4 class=\"htmega-post-g-title\"><a href='https:\/\/utfpr.curitiba.br\/nucleodesignanimacao\/?p=13142'>Navegar \u00e9 Preciso &#8211; Emerson Wiskow<\/a><\/h4>                                                                                                    <\/div>\n                                            <\/div>\n                                                                                <\/div>\n                                <\/div>\n                            \n                        \n                        \n                                                                                                                                            <div class=\"htb-col-lg-4 htb-col-sm-6 htb-col-12\">\n                                    <div class=\"ht-post gradient-overlay gradient-overlay-3 mt--20\">\n                                        <div class=\"thumb\">\n                                            <a href=\"https:\/\/utfpr.curitiba.br\/nucleodesignanimacao\/?p=13131\">\n                                                <img loading=\"lazy\" decoding=\"async\" width=\"1720\" height=\"878\" src=\"https:\/\/utfpr-ct-static-content.s3.amazonaws.com\/utfpr.curitiba.br\/wp-content\/uploads\/sites\/99\/2023\/06\/Mysha-Constantin-de-Tugny.png\" class=\"attachment-full size-full wp-post-image\" alt=\"\" srcset=\"https:\/\/utfpr-ct-static-content.s3.amazonaws.com\/utfpr.curitiba.br\/wp-content\/uploads\/sites\/99\/2023\/06\/Mysha-Constantin-de-Tugny.png 1720w, https:\/\/utfpr-ct-static-content.s3.amazonaws.com\/utfpr.curitiba.br\/wp-content\/uploads\/sites\/99\/2023\/06\/Mysha-Constantin-de-Tugny-300x153.png 300w, https:\/\/utfpr-ct-static-content.s3.amazonaws.com\/utfpr.curitiba.br\/wp-content\/uploads\/sites\/99\/2023\/06\/Mysha-Constantin-de-Tugny-1024x523.png 1024w, https:\/\/utfpr-ct-static-content.s3.amazonaws.com\/utfpr.curitiba.br\/wp-content\/uploads\/sites\/99\/2023\/06\/Mysha-Constantin-de-Tugny-768x392.png 768w, https:\/\/utfpr-ct-static-content.s3.amazonaws.com\/utfpr.curitiba.br\/wp-content\/uploads\/sites\/99\/2023\/06\/Mysha-Constantin-de-Tugny-1536x784.png 1536w\" sizes=\"(max-width: 1720px) 100vw, 1720px\" \/>                                            <\/a>\n                                        <\/div>\n                                                                                    <div class=\"post-content\">\n                                                <div class=\"content\">\n                                                    <h4 class=\"htmega-post-g-title\"><a href='https:\/\/utfpr.curitiba.br\/nucleodesignanimacao\/?p=13131'>Mysha &#8211; Constantin de Tugny<\/a><\/h4>                                                                                                    <\/div>\n                                            <\/div>\n                                                                                <\/div>\n                                <\/div>\n                            \n                        \n                        \n                                                                                                                                            <div class=\"htb-col-lg-4 htb-col-sm-6 htb-col-12\">\n                                    <div class=\"ht-post gradient-overlay gradient-overlay-4 mt--20\">\n                                        <div class=\"thumb\">\n                                            <a href=\"https:\/\/utfpr.curitiba.br\/nucleodesignanimacao\/?p=13120\">\n                                                <img loading=\"lazy\" decoding=\"async\" width=\"1757\" height=\"715\" src=\"https:\/\/utfpr-ct-static-content.s3.amazonaws.com\/utfpr.curitiba.br\/wp-content\/uploads\/sites\/99\/2023\/06\/Mirmecofaga-Yohana-Lazarova.png\" class=\"attachment-full size-full wp-post-image\" alt=\"\" srcset=\"https:\/\/utfpr-ct-static-content.s3.amazonaws.com\/utfpr.curitiba.br\/wp-content\/uploads\/sites\/99\/2023\/06\/Mirmecofaga-Yohana-Lazarova.png 1757w, https:\/\/utfpr-ct-static-content.s3.amazonaws.com\/utfpr.curitiba.br\/wp-content\/uploads\/sites\/99\/2023\/06\/Mirmecofaga-Yohana-Lazarova-300x122.png 300w, https:\/\/utfpr-ct-static-content.s3.amazonaws.com\/utfpr.curitiba.br\/wp-content\/uploads\/sites\/99\/2023\/06\/Mirmecofaga-Yohana-Lazarova-1024x417.png 1024w, https:\/\/utfpr-ct-static-content.s3.amazonaws.com\/utfpr.curitiba.br\/wp-content\/uploads\/sites\/99\/2023\/06\/Mirmecofaga-Yohana-Lazarova-768x313.png 768w, https:\/\/utfpr-ct-static-content.s3.amazonaws.com\/utfpr.curitiba.br\/wp-content\/uploads\/sites\/99\/2023\/06\/Mirmecofaga-Yohana-Lazarova-1536x625.png 1536w\" sizes=\"(max-width: 1757px) 100vw, 1757px\" \/>                                            <\/a>\n                                        <\/div>\n                                                                                    <div class=\"post-content\">\n                                                <div class=\"content\">\n                                                    <h4 class=\"htmega-post-g-title\"><a href='https:\/\/utfpr.curitiba.br\/nucleodesignanimacao\/?p=13120'>Mirmecofaga &#8211; Yohana Lazarova<\/a><\/h4>                                                                                                    <\/div>\n                                            <\/div>\n                                                                                <\/div>\n                                <\/div>\n                            \n                        \n                        \n                                                                                                                                            <div class=\"htb-col-lg-4 htb-col-sm-6 htb-col-12\">\n                                    <div class=\"ht-post gradient-overlay gradient-overlay-5 mt--20\">\n                                        <div class=\"thumb\">\n                                            <a href=\"https:\/\/utfpr.curitiba.br\/nucleodesignanimacao\/?p=13109\">\n                                                <img loading=\"lazy\" decoding=\"async\" width=\"1424\" height=\"728\" src=\"https:\/\/utfpr-ct-static-content.s3.amazonaws.com\/utfpr.curitiba.br\/wp-content\/uploads\/sites\/99\/2023\/06\/Mirar-Larissa-Lisboa.png\" class=\"attachment-full size-full wp-post-image\" alt=\"\" srcset=\"https:\/\/utfpr-ct-static-content.s3.amazonaws.com\/utfpr.curitiba.br\/wp-content\/uploads\/sites\/99\/2023\/06\/Mirar-Larissa-Lisboa.png 1424w, https:\/\/utfpr-ct-static-content.s3.amazonaws.com\/utfpr.curitiba.br\/wp-content\/uploads\/sites\/99\/2023\/06\/Mirar-Larissa-Lisboa-300x153.png 300w, https:\/\/utfpr-ct-static-content.s3.amazonaws.com\/utfpr.curitiba.br\/wp-content\/uploads\/sites\/99\/2023\/06\/Mirar-Larissa-Lisboa-1024x524.png 1024w, https:\/\/utfpr-ct-static-content.s3.amazonaws.com\/utfpr.curitiba.br\/wp-content\/uploads\/sites\/99\/2023\/06\/Mirar-Larissa-Lisboa-768x393.png 768w\" sizes=\"(max-width: 1424px) 100vw, 1424px\" \/>                                            <\/a>\n                                        <\/div>\n                                                                                    <div class=\"post-content\">\n                                                <div class=\"content\">\n                                                    <h4 class=\"htmega-post-g-title\"><a href='https:\/\/utfpr.curitiba.br\/nucleodesignanimacao\/?p=13109'>Mirar &#8211; Larissa Lisboa<\/a><\/h4>                                                                                                    <\/div>\n                                            <\/div>\n                                                                                <\/div>\n                                <\/div>\n                            \n                        \n                        \n                                                                                                                                            <div class=\"htb-col-lg-4 htb-col-sm-6 htb-col-12\">\n                                    <div class=\"ht-post gradient-overlay gradient-overlay-6 mt--20\">\n                                        <div class=\"thumb\">\n                                            <a href=\"https:\/\/utfpr.curitiba.br\/nucleodesignanimacao\/?p=13098\">\n                                                <img loading=\"lazy\" decoding=\"async\" width=\"1852\" height=\"759\" src=\"https:\/\/utfpr-ct-static-content.s3.amazonaws.com\/utfpr.curitiba.br\/wp-content\/uploads\/sites\/99\/2023\/06\/Medo-Luisa-Bacelar.png\" class=\"attachment-full size-full wp-post-image\" alt=\"\" srcset=\"https:\/\/utfpr-ct-static-content.s3.amazonaws.com\/utfpr.curitiba.br\/wp-content\/uploads\/sites\/99\/2023\/06\/Medo-Luisa-Bacelar.png 1852w, https:\/\/utfpr-ct-static-content.s3.amazonaws.com\/utfpr.curitiba.br\/wp-content\/uploads\/sites\/99\/2023\/06\/Medo-Luisa-Bacelar-300x123.png 300w, https:\/\/utfpr-ct-static-content.s3.amazonaws.com\/utfpr.curitiba.br\/wp-content\/uploads\/sites\/99\/2023\/06\/Medo-Luisa-Bacelar-1024x420.png 1024w, https:\/\/utfpr-ct-static-content.s3.amazonaws.com\/utfpr.curitiba.br\/wp-content\/uploads\/sites\/99\/2023\/06\/Medo-Luisa-Bacelar-768x315.png 768w, https:\/\/utfpr-ct-static-content.s3.amazonaws.com\/utfpr.curitiba.br\/wp-content\/uploads\/sites\/99\/2023\/06\/Medo-Luisa-Bacelar-1536x629.png 1536w\" sizes=\"(max-width: 1852px) 100vw, 1852px\" \/>                                            <\/a>\n                                        <\/div>\n                                                                                    <div class=\"post-content\">\n                                                <div class=\"content\">\n                                                    <h4 class=\"htmega-post-g-title\"><a href='https:\/\/utfpr.curitiba.br\/nucleodesignanimacao\/?p=13098'>Medo &#8211; Lu\u00edsa Bacelar<\/a><\/h4>                                                                                                    <\/div>\n                                            <\/div>\n                                                                                <\/div>\n                                <\/div>\n                            \n                        \n                        \n                                                                                                                                            <div class=\"htb-col-lg-4 htb-col-sm-6 htb-col-12\">\n                                    <div class=\"ht-post gradient-overlay gradient-overlay-1 mt--20\">\n                                        <div class=\"thumb\">\n                                            <a href=\"https:\/\/utfpr.curitiba.br\/nucleodesignanimacao\/?p=13087\">\n                                                <img loading=\"lazy\" decoding=\"async\" width=\"3334\" height=\"2348\" src=\"https:\/\/utfpr-ct-static-content.s3.amazonaws.com\/utfpr.curitiba.br\/wp-content\/uploads\/sites\/99\/2023\/04\/Imagem-substituicao_Prancheta-1.png\" class=\"attachment-full size-full wp-post-image\" alt=\"\" srcset=\"https:\/\/utfpr-ct-static-content.s3.amazonaws.com\/utfpr.curitiba.br\/wp-content\/uploads\/sites\/99\/2023\/04\/Imagem-substituicao_Prancheta-1.png 3334w, https:\/\/utfpr-ct-static-content.s3.amazonaws.com\/utfpr.curitiba.br\/wp-content\/uploads\/sites\/99\/2023\/04\/Imagem-substituicao_Prancheta-1-300x211.png 300w, https:\/\/utfpr-ct-static-content.s3.amazonaws.com\/utfpr.curitiba.br\/wp-content\/uploads\/sites\/99\/2023\/04\/Imagem-substituicao_Prancheta-1-1024x721.png 1024w, https:\/\/utfpr-ct-static-content.s3.amazonaws.com\/utfpr.curitiba.br\/wp-content\/uploads\/sites\/99\/2023\/04\/Imagem-substituicao_Prancheta-1-768x541.png 768w, https:\/\/utfpr-ct-static-content.s3.amazonaws.com\/utfpr.curitiba.br\/wp-content\/uploads\/sites\/99\/2023\/04\/Imagem-substituicao_Prancheta-1-1536x1082.png 1536w, https:\/\/utfpr-ct-static-content.s3.amazonaws.com\/utfpr.curitiba.br\/wp-content\/uploads\/sites\/99\/2023\/04\/Imagem-substituicao_Prancheta-1-2048x1442.png 2048w\" sizes=\"(max-width: 3334px) 100vw, 3334px\" \/>                                            <\/a>\n                                        <\/div>\n                                                                                    <div class=\"post-content\">\n                                                <div class=\"content\">\n                                                    <h4 class=\"htmega-post-g-title\"><a href='https:\/\/utfpr.curitiba.br\/nucleodesignanimacao\/?p=13087'>Matiz &#8211; Loic Ronsse<\/a><\/h4>                                                                                                    <\/div>\n                                            <\/div>\n                                                                                <\/div>\n                                <\/div>\n                            \n                        \n                        \n                                                                                                                                            <div class=\"htb-col-lg-4 htb-col-sm-6 htb-col-12\">\n                                    <div class=\"ht-post gradient-overlay gradient-overlay-2 mt--20\">\n                                        <div class=\"thumb\">\n                                            <a href=\"https:\/\/utfpr.curitiba.br\/nucleodesignanimacao\/?p=13076\">\n                                                <img loading=\"lazy\" decoding=\"async\" width=\"1650\" height=\"954\" src=\"https:\/\/utfpr-ct-static-content.s3.amazonaws.com\/utfpr.curitiba.br\/wp-content\/uploads\/sites\/99\/2023\/06\/Maos-Ivanildo-Soares.png\" class=\"attachment-full size-full wp-post-image\" alt=\"\" srcset=\"https:\/\/utfpr-ct-static-content.s3.amazonaws.com\/utfpr.curitiba.br\/wp-content\/uploads\/sites\/99\/2023\/06\/Maos-Ivanildo-Soares.png 1650w, https:\/\/utfpr-ct-static-content.s3.amazonaws.com\/utfpr.curitiba.br\/wp-content\/uploads\/sites\/99\/2023\/06\/Maos-Ivanildo-Soares-300x173.png 300w, https:\/\/utfpr-ct-static-content.s3.amazonaws.com\/utfpr.curitiba.br\/wp-content\/uploads\/sites\/99\/2023\/06\/Maos-Ivanildo-Soares-1024x592.png 1024w, https:\/\/utfpr-ct-static-content.s3.amazonaws.com\/utfpr.curitiba.br\/wp-content\/uploads\/sites\/99\/2023\/06\/Maos-Ivanildo-Soares-768x444.png 768w, https:\/\/utfpr-ct-static-content.s3.amazonaws.com\/utfpr.curitiba.br\/wp-content\/uploads\/sites\/99\/2023\/06\/Maos-Ivanildo-Soares-1536x888.png 1536w\" sizes=\"(max-width: 1650px) 100vw, 1650px\" \/>                                            <\/a>\n                                        <\/div>\n                                                                                    <div class=\"post-content\">\n                                                <div class=\"content\">\n                                                    <h4 class=\"htmega-post-g-title\"><a href='https:\/\/utfpr.curitiba.br\/nucleodesignanimacao\/?p=13076'>M\u00e3os &#8211; Ivanildo Soares<\/a><\/h4>                                                                                                    <\/div>\n                                            <\/div>\n                                                                                <\/div>\n                                <\/div>\n                            \n                        \n                        \n                                                                                                                                            <div class=\"htb-col-lg-4 htb-col-sm-6 htb-col-12\">\n                                    <div class=\"ht-post gradient-overlay gradient-overlay-3 mt--20\">\n                                        <div class=\"thumb\">\n                                            <a href=\"https:\/\/utfpr.curitiba.br\/nucleodesignanimacao\/?p=13065\">\n                                                <img loading=\"lazy\" decoding=\"async\" width=\"1464\" height=\"837\" src=\"https:\/\/utfpr-ct-static-content.s3.amazonaws.com\/utfpr.curitiba.br\/wp-content\/uploads\/sites\/99\/2023\/06\/Macacos-Me-Mordam-Savio-Leite-e-Cesar-Mauricio.png\" class=\"attachment-full size-full wp-post-image\" alt=\"\" srcset=\"https:\/\/utfpr-ct-static-content.s3.amazonaws.com\/utfpr.curitiba.br\/wp-content\/uploads\/sites\/99\/2023\/06\/Macacos-Me-Mordam-Savio-Leite-e-Cesar-Mauricio.png 1464w, https:\/\/utfpr-ct-static-content.s3.amazonaws.com\/utfpr.curitiba.br\/wp-content\/uploads\/sites\/99\/2023\/06\/Macacos-Me-Mordam-Savio-Leite-e-Cesar-Mauricio-300x172.png 300w, https:\/\/utfpr-ct-static-content.s3.amazonaws.com\/utfpr.curitiba.br\/wp-content\/uploads\/sites\/99\/2023\/06\/Macacos-Me-Mordam-Savio-Leite-e-Cesar-Mauricio-1024x585.png 1024w, https:\/\/utfpr-ct-static-content.s3.amazonaws.com\/utfpr.curitiba.br\/wp-content\/uploads\/sites\/99\/2023\/06\/Macacos-Me-Mordam-Savio-Leite-e-Cesar-Mauricio-768x439.png 768w\" sizes=\"(max-width: 1464px) 100vw, 1464px\" \/>                                            <\/a>\n                                        <\/div>\n                                                                                    <div class=\"post-content\">\n                                                <div class=\"content\">\n                                                    <h4 class=\"htmega-post-g-title\"><a href='https:\/\/utfpr.curitiba.br\/nucleodesignanimacao\/?p=13065'>Macacos Me Mordam &#8211; S\u00e1vio Leite e C\u00e9sar Maur\u00edcio<\/a><\/h4>                                                                                                    <\/div>\n                                            <\/div>\n                                                                                <\/div>\n                                <\/div>\n                            \n                        \n                        \n                                                                                                                                            <div class=\"htb-col-lg-4 htb-col-sm-6 htb-col-12\">\n                                    <div class=\"ht-post gradient-overlay gradient-overlay-4 mt--20\">\n                                        <div class=\"thumb\">\n                                            <a href=\"https:\/\/utfpr.curitiba.br\/nucleodesignanimacao\/?p=13054\">\n                                                <img loading=\"lazy\" decoding=\"async\" width=\"3334\" height=\"2348\" src=\"https:\/\/utfpr-ct-static-content.s3.amazonaws.com\/utfpr.curitiba.br\/wp-content\/uploads\/sites\/99\/2023\/04\/Imagem-substituicao_Prancheta-1.png\" class=\"attachment-full size-full wp-post-image\" alt=\"\" srcset=\"https:\/\/utfpr-ct-static-content.s3.amazonaws.com\/utfpr.curitiba.br\/wp-content\/uploads\/sites\/99\/2023\/04\/Imagem-substituicao_Prancheta-1.png 3334w, https:\/\/utfpr-ct-static-content.s3.amazonaws.com\/utfpr.curitiba.br\/wp-content\/uploads\/sites\/99\/2023\/04\/Imagem-substituicao_Prancheta-1-300x211.png 300w, https:\/\/utfpr-ct-static-content.s3.amazonaws.com\/utfpr.curitiba.br\/wp-content\/uploads\/sites\/99\/2023\/04\/Imagem-substituicao_Prancheta-1-1024x721.png 1024w, https:\/\/utfpr-ct-static-content.s3.amazonaws.com\/utfpr.curitiba.br\/wp-content\/uploads\/sites\/99\/2023\/04\/Imagem-substituicao_Prancheta-1-768x541.png 768w, https:\/\/utfpr-ct-static-content.s3.amazonaws.com\/utfpr.curitiba.br\/wp-content\/uploads\/sites\/99\/2023\/04\/Imagem-substituicao_Prancheta-1-1536x1082.png 1536w, https:\/\/utfpr-ct-static-content.s3.amazonaws.com\/utfpr.curitiba.br\/wp-content\/uploads\/sites\/99\/2023\/04\/Imagem-substituicao_Prancheta-1-2048x1442.png 2048w\" sizes=\"(max-width: 3334px) 100vw, 3334px\" \/>                                            <\/a>\n                                        <\/div>\n                                                                                    <div class=\"post-content\">\n                                                <div class=\"content\">\n                                                    <h4 class=\"htmega-post-g-title\"><a href='https:\/\/utfpr.curitiba.br\/nucleodesignanimacao\/?p=13054'>Grey e Balldog em: a fome de balldog &#8211; Alexandre Augusto<\/a><\/h4>                                                                                                    <\/div>\n                                            <\/div>\n                                                                                <\/div>\n                                <\/div>\n                            \n                        \n                        \n                                                                                                                                            <div class=\"htb-col-lg-4 htb-col-sm-6 htb-col-12\">\n                                    <div class=\"ht-post gradient-overlay gradient-overlay-5 mt--20\">\n                                        <div class=\"thumb\">\n                                            <a href=\"https:\/\/utfpr.curitiba.br\/nucleodesignanimacao\/?p=13043\">\n                                                <img loading=\"lazy\" decoding=\"async\" width=\"1920\" height=\"890\" src=\"https:\/\/utfpr-ct-static-content.s3.amazonaws.com\/utfpr.curitiba.br\/wp-content\/uploads\/sites\/99\/2023\/06\/Fase-Ruim-Juliana-Prates-Mota-Luhan-Dias.png\" class=\"attachment-full size-full wp-post-image\" alt=\"\" srcset=\"https:\/\/utfpr-ct-static-content.s3.amazonaws.com\/utfpr.curitiba.br\/wp-content\/uploads\/sites\/99\/2023\/06\/Fase-Ruim-Juliana-Prates-Mota-Luhan-Dias.png 1920w, https:\/\/utfpr-ct-static-content.s3.amazonaws.com\/utfpr.curitiba.br\/wp-content\/uploads\/sites\/99\/2023\/06\/Fase-Ruim-Juliana-Prates-Mota-Luhan-Dias-300x139.png 300w, https:\/\/utfpr-ct-static-content.s3.amazonaws.com\/utfpr.curitiba.br\/wp-content\/uploads\/sites\/99\/2023\/06\/Fase-Ruim-Juliana-Prates-Mota-Luhan-Dias-1024x475.png 1024w, https:\/\/utfpr-ct-static-content.s3.amazonaws.com\/utfpr.curitiba.br\/wp-content\/uploads\/sites\/99\/2023\/06\/Fase-Ruim-Juliana-Prates-Mota-Luhan-Dias-768x356.png 768w, https:\/\/utfpr-ct-static-content.s3.amazonaws.com\/utfpr.curitiba.br\/wp-content\/uploads\/sites\/99\/2023\/06\/Fase-Ruim-Juliana-Prates-Mota-Luhan-Dias-1536x712.png 1536w\" sizes=\"(max-width: 1920px) 100vw, 1920px\" \/>                                            <\/a>\n                                        <\/div>\n                                                                                    <div class=\"post-content\">\n                                                <div class=\"content\">\n                                                    <h4 class=\"htmega-post-g-title\"><a href='https:\/\/utfpr.curitiba.br\/nucleodesignanimacao\/?p=13043'>Fase Ruim &#8211; Juliana Prates Mota &amp; Luhan Dias<\/a><\/h4>                                                                                                    <\/div>\n                                            <\/div>\n                                                                                <\/div>\n                                <\/div>\n                            \n                        \n                        \n                                                                                                                                            <div class=\"htb-col-lg-4 htb-col-sm-6 htb-col-12\">\n                                    <div class=\"ht-post gradient-overlay gradient-overlay-6 mt--20\">\n                                        <div class=\"thumb\">\n                                            <a href=\"https:\/\/utfpr.curitiba.br\/nucleodesignanimacao\/?p=13032\">\n                                                <img loading=\"lazy\" decoding=\"async\" width=\"3334\" height=\"2348\" src=\"https:\/\/utfpr-ct-static-content.s3.amazonaws.com\/utfpr.curitiba.br\/wp-content\/uploads\/sites\/99\/2023\/04\/Imagem-substituicao_Prancheta-1.png\" class=\"attachment-full size-full wp-post-image\" alt=\"\" srcset=\"https:\/\/utfpr-ct-static-content.s3.amazonaws.com\/utfpr.curitiba.br\/wp-content\/uploads\/sites\/99\/2023\/04\/Imagem-substituicao_Prancheta-1.png 3334w, https:\/\/utfpr-ct-static-content.s3.amazonaws.com\/utfpr.curitiba.br\/wp-content\/uploads\/sites\/99\/2023\/04\/Imagem-substituicao_Prancheta-1-300x211.png 300w, https:\/\/utfpr-ct-static-content.s3.amazonaws.com\/utfpr.curitiba.br\/wp-content\/uploads\/sites\/99\/2023\/04\/Imagem-substituicao_Prancheta-1-1024x721.png 1024w, https:\/\/utfpr-ct-static-content.s3.amazonaws.com\/utfpr.curitiba.br\/wp-content\/uploads\/sites\/99\/2023\/04\/Imagem-substituicao_Prancheta-1-768x541.png 768w, https:\/\/utfpr-ct-static-content.s3.amazonaws.com\/utfpr.curitiba.br\/wp-content\/uploads\/sites\/99\/2023\/04\/Imagem-substituicao_Prancheta-1-1536x1082.png 1536w, https:\/\/utfpr-ct-static-content.s3.amazonaws.com\/utfpr.curitiba.br\/wp-content\/uploads\/sites\/99\/2023\/04\/Imagem-substituicao_Prancheta-1-2048x1442.png 2048w\" sizes=\"(max-width: 3334px) 100vw, 3334px\" \/>                                            <\/a>\n                                        <\/div>\n                                                                                    <div class=\"post-content\">\n                                                <div class=\"content\">\n                                                    <h4 class=\"htmega-post-g-title\"><a href='https:\/\/utfpr.curitiba.br\/nucleodesignanimacao\/?p=13032'>Cor &#8211; JJ Ribeiro<\/a><\/h4>                                                                                                    <\/div>\n                                            <\/div>\n                                                                                <\/div>\n                                <\/div>\n                            \n                        \n                        \n                                                                                                                                            <div class=\"htb-col-lg-4 htb-col-sm-6 htb-col-12\">\n                                    <div class=\"ht-post gradient-overlay gradient-overlay-1 mt--20\">\n                                        <div class=\"thumb\">\n                                            <a href=\"https:\/\/utfpr.curitiba.br\/nucleodesignanimacao\/?p=13021\">\n                                                <img loading=\"lazy\" decoding=\"async\" width=\"3334\" height=\"2348\" src=\"https:\/\/utfpr-ct-static-content.s3.amazonaws.com\/utfpr.curitiba.br\/wp-content\/uploads\/sites\/99\/2023\/04\/Imagem-substituicao_Prancheta-1.png\" class=\"attachment-full size-full wp-post-image\" alt=\"\" srcset=\"https:\/\/utfpr-ct-static-content.s3.amazonaws.com\/utfpr.curitiba.br\/wp-content\/uploads\/sites\/99\/2023\/04\/Imagem-substituicao_Prancheta-1.png 3334w, https:\/\/utfpr-ct-static-content.s3.amazonaws.com\/utfpr.curitiba.br\/wp-content\/uploads\/sites\/99\/2023\/04\/Imagem-substituicao_Prancheta-1-300x211.png 300w, https:\/\/utfpr-ct-static-content.s3.amazonaws.com\/utfpr.curitiba.br\/wp-content\/uploads\/sites\/99\/2023\/04\/Imagem-substituicao_Prancheta-1-1024x721.png 1024w, https:\/\/utfpr-ct-static-content.s3.amazonaws.com\/utfpr.curitiba.br\/wp-content\/uploads\/sites\/99\/2023\/04\/Imagem-substituicao_Prancheta-1-768x541.png 768w, https:\/\/utfpr-ct-static-content.s3.amazonaws.com\/utfpr.curitiba.br\/wp-content\/uploads\/sites\/99\/2023\/04\/Imagem-substituicao_Prancheta-1-1536x1082.png 1536w, https:\/\/utfpr-ct-static-content.s3.amazonaws.com\/utfpr.curitiba.br\/wp-content\/uploads\/sites\/99\/2023\/04\/Imagem-substituicao_Prancheta-1-2048x1442.png 2048w\" sizes=\"(max-width: 3334px) 100vw, 3334px\" \/>                                            <\/a>\n                                        <\/div>\n                                                                                    <div class=\"post-content\">\n                                                <div class=\"content\">\n                                                    <h4 class=\"htmega-post-g-title\"><a href='https:\/\/utfpr.curitiba.br\/nucleodesignanimacao\/?p=13021'>Conto de L\u00e1grimas &#8211; M\u00edrian Rolim<\/a><\/h4>                                                                                                    <\/div>\n                                            <\/div>\n                                                                                <\/div>\n                                <\/div>\n                            \n                        \n                        \n                                                                                                                                            <div class=\"htb-col-lg-4 htb-col-sm-6 htb-col-12\">\n                                    <div class=\"ht-post gradient-overlay gradient-overlay-2 mt--20\">\n                                        <div class=\"thumb\">\n                                            <a href=\"https:\/\/utfpr.curitiba.br\/nucleodesignanimacao\/?p=13010\">\n                                                <img loading=\"lazy\" decoding=\"async\" width=\"1920\" height=\"747\" src=\"https:\/\/utfpr-ct-static-content.s3.amazonaws.com\/utfpr.curitiba.br\/wp-content\/uploads\/sites\/99\/2023\/06\/Caleidoscopia-Bruno-Cabus-Laura-Dornelles.png\" class=\"attachment-full size-full wp-post-image\" alt=\"\" srcset=\"https:\/\/utfpr-ct-static-content.s3.amazonaws.com\/utfpr.curitiba.br\/wp-content\/uploads\/sites\/99\/2023\/06\/Caleidoscopia-Bruno-Cabus-Laura-Dornelles.png 1920w, https:\/\/utfpr-ct-static-content.s3.amazonaws.com\/utfpr.curitiba.br\/wp-content\/uploads\/sites\/99\/2023\/06\/Caleidoscopia-Bruno-Cabus-Laura-Dornelles-300x117.png 300w, https:\/\/utfpr-ct-static-content.s3.amazonaws.com\/utfpr.curitiba.br\/wp-content\/uploads\/sites\/99\/2023\/06\/Caleidoscopia-Bruno-Cabus-Laura-Dornelles-1024x398.png 1024w, https:\/\/utfpr-ct-static-content.s3.amazonaws.com\/utfpr.curitiba.br\/wp-content\/uploads\/sites\/99\/2023\/06\/Caleidoscopia-Bruno-Cabus-Laura-Dornelles-768x299.png 768w, https:\/\/utfpr-ct-static-content.s3.amazonaws.com\/utfpr.curitiba.br\/wp-content\/uploads\/sites\/99\/2023\/06\/Caleidoscopia-Bruno-Cabus-Laura-Dornelles-1536x598.png 1536w\" sizes=\"(max-width: 1920px) 100vw, 1920px\" \/>                                            <\/a>\n                                        <\/div>\n                                                                                    <div class=\"post-content\">\n                                                <div class=\"content\">\n                                                    <h4 class=\"htmega-post-g-title\"><a href='https:\/\/utfpr.curitiba.br\/nucleodesignanimacao\/?p=13010'>Caleidosc\u00f3pia &#8211; Bruno Cab\u00fas, Laura Dornelles<\/a><\/h4>                                                                                                    <\/div>\n                                            <\/div>\n                                                                                <\/div>\n                                <\/div>\n                            \n                        \n                        \n                                                                                                                                            <div class=\"htb-col-lg-4 htb-col-sm-6 htb-col-12\">\n                                    <div class=\"ht-post gradient-overlay gradient-overlay-3 mt--20\">\n                                        <div class=\"thumb\">\n                                            <a href=\"https:\/\/utfpr.curitiba.br\/nucleodesignanimacao\/?p=12999\">\n                                                <img loading=\"lazy\" decoding=\"async\" width=\"1918\" height=\"770\" src=\"https:\/\/utfpr-ct-static-content.s3.amazonaws.com\/utfpr.curitiba.br\/wp-content\/uploads\/sites\/99\/2023\/06\/Batepapo-Camila-Felix-Souza-Luhan-Dias.png\" class=\"attachment-full size-full wp-post-image\" alt=\"\" srcset=\"https:\/\/utfpr-ct-static-content.s3.amazonaws.com\/utfpr.curitiba.br\/wp-content\/uploads\/sites\/99\/2023\/06\/Batepapo-Camila-Felix-Souza-Luhan-Dias.png 1918w, https:\/\/utfpr-ct-static-content.s3.amazonaws.com\/utfpr.curitiba.br\/wp-content\/uploads\/sites\/99\/2023\/06\/Batepapo-Camila-Felix-Souza-Luhan-Dias-300x120.png 300w, https:\/\/utfpr-ct-static-content.s3.amazonaws.com\/utfpr.curitiba.br\/wp-content\/uploads\/sites\/99\/2023\/06\/Batepapo-Camila-Felix-Souza-Luhan-Dias-1024x411.png 1024w, https:\/\/utfpr-ct-static-content.s3.amazonaws.com\/utfpr.curitiba.br\/wp-content\/uploads\/sites\/99\/2023\/06\/Batepapo-Camila-Felix-Souza-Luhan-Dias-768x308.png 768w, https:\/\/utfpr-ct-static-content.s3.amazonaws.com\/utfpr.curitiba.br\/wp-content\/uploads\/sites\/99\/2023\/06\/Batepapo-Camila-Felix-Souza-Luhan-Dias-1536x617.png 1536w\" sizes=\"(max-width: 1918px) 100vw, 1918px\" \/>                                            <\/a>\n                                        <\/div>\n                                                                                    <div class=\"post-content\">\n                                                <div class=\"content\">\n                                                    <h4 class=\"htmega-post-g-title\"><a href='https:\/\/utfpr.curitiba.br\/nucleodesignanimacao\/?p=12999'>Batepapo &#8211; Camila F\u00e9lix Souza &amp; Luhan Dias<\/a><\/h4>                                                                                                    <\/div>\n                                            <\/div>\n                                                                                <\/div>\n                                <\/div>\n                            \n                        \n                        \n                                                                                                                                            <div class=\"htb-col-lg-4 htb-col-sm-6 htb-col-12\">\n                                    <div class=\"ht-post gradient-overlay gradient-overlay-4 mt--20\">\n                                        <div class=\"thumb\">\n                                            <a href=\"https:\/\/utfpr.curitiba.br\/nucleodesignanimacao\/?p=12987\">\n                                                <img loading=\"lazy\" decoding=\"async\" width=\"3334\" height=\"2348\" src=\"https:\/\/utfpr-ct-static-content.s3.amazonaws.com\/utfpr.curitiba.br\/wp-content\/uploads\/sites\/99\/2023\/04\/Imagem-substituicao_Prancheta-1.png\" class=\"attachment-full size-full wp-post-image\" alt=\"\" srcset=\"https:\/\/utfpr-ct-static-content.s3.amazonaws.com\/utfpr.curitiba.br\/wp-content\/uploads\/sites\/99\/2023\/04\/Imagem-substituicao_Prancheta-1.png 3334w, https:\/\/utfpr-ct-static-content.s3.amazonaws.com\/utfpr.curitiba.br\/wp-content\/uploads\/sites\/99\/2023\/04\/Imagem-substituicao_Prancheta-1-300x211.png 300w, https:\/\/utfpr-ct-static-content.s3.amazonaws.com\/utfpr.curitiba.br\/wp-content\/uploads\/sites\/99\/2023\/04\/Imagem-substituicao_Prancheta-1-1024x721.png 1024w, https:\/\/utfpr-ct-static-content.s3.amazonaws.com\/utfpr.curitiba.br\/wp-content\/uploads\/sites\/99\/2023\/04\/Imagem-substituicao_Prancheta-1-768x541.png 768w, https:\/\/utfpr-ct-static-content.s3.amazonaws.com\/utfpr.curitiba.br\/wp-content\/uploads\/sites\/99\/2023\/04\/Imagem-substituicao_Prancheta-1-1536x1082.png 1536w, https:\/\/utfpr-ct-static-content.s3.amazonaws.com\/utfpr.curitiba.br\/wp-content\/uploads\/sites\/99\/2023\/04\/Imagem-substituicao_Prancheta-1-2048x1442.png 2048w\" sizes=\"(max-width: 3334px) 100vw, 3334px\" \/>                                            <\/a>\n                                        <\/div>\n                                                                                    <div class=\"post-content\">\n                                                <div class=\"content\">\n                                                    <h4 class=\"htmega-post-g-title\"><a href='https:\/\/utfpr.curitiba.br\/nucleodesignanimacao\/?p=12987'>Ataque Binaural &#8211; Dire\u00e7\u00e3o Coletiva<\/a><\/h4>                                                                                                    <\/div>\n                                            <\/div>\n                                                                                <\/div>\n                                <\/div>\n                            \n                        \n                        \n                                                                                                                                            <div class=\"htb-col-lg-4 htb-col-sm-6 htb-col-12\">\n                                    <div class=\"ht-post gradient-overlay gradient-overlay-5 mt--20\">\n                                        <div class=\"thumb\">\n                                            <a href=\"https:\/\/utfpr.curitiba.br\/nucleodesignanimacao\/?p=12976\">\n                                                <img loading=\"lazy\" decoding=\"async\" width=\"1920\" height=\"787\" src=\"https:\/\/utfpr-ct-static-content.s3.amazonaws.com\/utfpr.curitiba.br\/wp-content\/uploads\/sites\/99\/2023\/06\/Alvaro-em-Vespera-Paulo-Camargos.png\" class=\"attachment-full size-full wp-post-image\" alt=\"\" srcset=\"https:\/\/utfpr-ct-static-content.s3.amazonaws.com\/utfpr.curitiba.br\/wp-content\/uploads\/sites\/99\/2023\/06\/Alvaro-em-Vespera-Paulo-Camargos.png 1920w, https:\/\/utfpr-ct-static-content.s3.amazonaws.com\/utfpr.curitiba.br\/wp-content\/uploads\/sites\/99\/2023\/06\/Alvaro-em-Vespera-Paulo-Camargos-300x123.png 300w, https:\/\/utfpr-ct-static-content.s3.amazonaws.com\/utfpr.curitiba.br\/wp-content\/uploads\/sites\/99\/2023\/06\/Alvaro-em-Vespera-Paulo-Camargos-1024x420.png 1024w, https:\/\/utfpr-ct-static-content.s3.amazonaws.com\/utfpr.curitiba.br\/wp-content\/uploads\/sites\/99\/2023\/06\/Alvaro-em-Vespera-Paulo-Camargos-768x315.png 768w, https:\/\/utfpr-ct-static-content.s3.amazonaws.com\/utfpr.curitiba.br\/wp-content\/uploads\/sites\/99\/2023\/06\/Alvaro-em-Vespera-Paulo-Camargos-1536x630.png 1536w\" sizes=\"(max-width: 1920px) 100vw, 1920px\" \/>                                            <\/a>\n                                        <\/div>\n                                                                                    <div class=\"post-content\">\n                                                <div class=\"content\">\n                                                    <h4 class=\"htmega-post-g-title\"><a href='https:\/\/utfpr.curitiba.br\/nucleodesignanimacao\/?p=12976'>\u00c1lvaro em V\u00e9spera &#8211; Paulo Camargos<\/a><\/h4>                                                                                                    <\/div>\n                                            <\/div>\n                                                                                <\/div>\n                                <\/div>\n                            \n                        \n                        \n                                                                                                                                            <div class=\"htb-col-lg-4 htb-col-sm-6 htb-col-12\">\n                                    <div class=\"ht-post gradient-overlay gradient-overlay-6 mt--20\">\n                                        <div class=\"thumb\">\n                                            <a href=\"https:\/\/utfpr.curitiba.br\/nucleodesignanimacao\/?p=12965\">\n                                                <img loading=\"lazy\" decoding=\"async\" width=\"3334\" height=\"2348\" src=\"https:\/\/utfpr-ct-static-content.s3.amazonaws.com\/utfpr.curitiba.br\/wp-content\/uploads\/sites\/99\/2023\/04\/Imagem-substituicao_Prancheta-1.png\" class=\"attachment-full size-full wp-post-image\" alt=\"\" srcset=\"https:\/\/utfpr-ct-static-content.s3.amazonaws.com\/utfpr.curitiba.br\/wp-content\/uploads\/sites\/99\/2023\/04\/Imagem-substituicao_Prancheta-1.png 3334w, https:\/\/utfpr-ct-static-content.s3.amazonaws.com\/utfpr.curitiba.br\/wp-content\/uploads\/sites\/99\/2023\/04\/Imagem-substituicao_Prancheta-1-300x211.png 300w, https:\/\/utfpr-ct-static-content.s3.amazonaws.com\/utfpr.curitiba.br\/wp-content\/uploads\/sites\/99\/2023\/04\/Imagem-substituicao_Prancheta-1-1024x721.png 1024w, https:\/\/utfpr-ct-static-content.s3.amazonaws.com\/utfpr.curitiba.br\/wp-content\/uploads\/sites\/99\/2023\/04\/Imagem-substituicao_Prancheta-1-768x541.png 768w, https:\/\/utfpr-ct-static-content.s3.amazonaws.com\/utfpr.curitiba.br\/wp-content\/uploads\/sites\/99\/2023\/04\/Imagem-substituicao_Prancheta-1-1536x1082.png 1536w, https:\/\/utfpr-ct-static-content.s3.amazonaws.com\/utfpr.curitiba.br\/wp-content\/uploads\/sites\/99\/2023\/04\/Imagem-substituicao_Prancheta-1-2048x1442.png 2048w\" sizes=\"(max-width: 3334px) 100vw, 3334px\" \/>                                            <\/a>\n                                        <\/div>\n                                                                                    <div class=\"post-content\">\n                                                <div class=\"content\">\n                                                    <h4 class=\"htmega-post-g-title\"><a href='https:\/\/utfpr.curitiba.br\/nucleodesignanimacao\/?p=12965'>A Vassoura da Bruxa &#8211; J\u00f4nathas David Dotta<\/a><\/h4>                                                                                                    <\/div>\n                                            <\/div>\n                                                                                <\/div>\n                                <\/div>\n                            \n                        \n                        \n                                                                                                                                            <div class=\"htb-col-lg-4 htb-col-sm-6 htb-col-12\">\n                                    <div class=\"ht-post gradient-overlay gradient-overlay-1 mt--20\">\n                                        <div class=\"thumb\">\n                                            <a href=\"https:\/\/utfpr.curitiba.br\/nucleodesignanimacao\/?p=12954\">\n                                                <img loading=\"lazy\" decoding=\"async\" width=\"1920\" height=\"697\" src=\"https:\/\/utfpr-ct-static-content.s3.amazonaws.com\/utfpr.curitiba.br\/wp-content\/uploads\/sites\/99\/2023\/06\/A-Primeira-Flauta-Simon-Brethe-e-Ricardo-Poeira.png\" class=\"attachment-full size-full wp-post-image\" alt=\"\" srcset=\"https:\/\/utfpr-ct-static-content.s3.amazonaws.com\/utfpr.curitiba.br\/wp-content\/uploads\/sites\/99\/2023\/06\/A-Primeira-Flauta-Simon-Brethe-e-Ricardo-Poeira.png 1920w, https:\/\/utfpr-ct-static-content.s3.amazonaws.com\/utfpr.curitiba.br\/wp-content\/uploads\/sites\/99\/2023\/06\/A-Primeira-Flauta-Simon-Brethe-e-Ricardo-Poeira-300x109.png 300w, https:\/\/utfpr-ct-static-content.s3.amazonaws.com\/utfpr.curitiba.br\/wp-content\/uploads\/sites\/99\/2023\/06\/A-Primeira-Flauta-Simon-Brethe-e-Ricardo-Poeira-1024x372.png 1024w, https:\/\/utfpr-ct-static-content.s3.amazonaws.com\/utfpr.curitiba.br\/wp-content\/uploads\/sites\/99\/2023\/06\/A-Primeira-Flauta-Simon-Brethe-e-Ricardo-Poeira-768x279.png 768w, https:\/\/utfpr-ct-static-content.s3.amazonaws.com\/utfpr.curitiba.br\/wp-content\/uploads\/sites\/99\/2023\/06\/A-Primeira-Flauta-Simon-Brethe-e-Ricardo-Poeira-1536x558.png 1536w\" sizes=\"(max-width: 1920px) 100vw, 1920px\" \/>                                            <\/a>\n                                        <\/div>\n                                                                                    <div class=\"post-content\">\n                                                <div class=\"content\">\n                                                    <h4 class=\"htmega-post-g-title\"><a href='https:\/\/utfpr.curitiba.br\/nucleodesignanimacao\/?p=12954'>A Primeira Flauta &#8211; Simon Breth\u00e9 e Ricardo Poeira<\/a><\/h4>                                                                                                    <\/div>\n                                            <\/div>\n                                                                                <\/div>\n                                <\/div>\n                            \n                        \n                        \n                                                                                                                                            <div class=\"htb-col-lg-4 htb-col-sm-6 htb-col-12\">\n                                    <div class=\"ht-post gradient-overlay gradient-overlay-2 mt--20\">\n                                        <div class=\"thumb\">\n                                            <a href=\"https:\/\/utfpr.curitiba.br\/nucleodesignanimacao\/?p=12943\">\n                                                <img loading=\"lazy\" decoding=\"async\" width=\"1428\" height=\"706\" src=\"https:\/\/utfpr-ct-static-content.s3.amazonaws.com\/utfpr.curitiba.br\/wp-content\/uploads\/sites\/99\/2023\/06\/A-Doida-Svetlana-Filippova.png\" class=\"attachment-full size-full wp-post-image\" alt=\"\" srcset=\"https:\/\/utfpr-ct-static-content.s3.amazonaws.com\/utfpr.curitiba.br\/wp-content\/uploads\/sites\/99\/2023\/06\/A-Doida-Svetlana-Filippova.png 1428w, https:\/\/utfpr-ct-static-content.s3.amazonaws.com\/utfpr.curitiba.br\/wp-content\/uploads\/sites\/99\/2023\/06\/A-Doida-Svetlana-Filippova-300x148.png 300w, https:\/\/utfpr-ct-static-content.s3.amazonaws.com\/utfpr.curitiba.br\/wp-content\/uploads\/sites\/99\/2023\/06\/A-Doida-Svetlana-Filippova-1024x506.png 1024w, https:\/\/utfpr-ct-static-content.s3.amazonaws.com\/utfpr.curitiba.br\/wp-content\/uploads\/sites\/99\/2023\/06\/A-Doida-Svetlana-Filippova-768x380.png 768w\" sizes=\"(max-width: 1428px) 100vw, 1428px\" \/>                                            <\/a>\n                                        <\/div>\n                                                                                    <div class=\"post-content\">\n                                                <div class=\"content\">\n                                                    <h4 class=\"htmega-post-g-title\"><a href='https:\/\/utfpr.curitiba.br\/nucleodesignanimacao\/?p=12943'>A Doida &#8211; Svetlana Filippova<\/a><\/h4>                                                                                                    <\/div>\n                                            <\/div>\n                                                                                <\/div>\n                                <\/div>\n                            \n                        \n                        \n                                                                                                                                            <div class=\"htb-col-lg-4 htb-col-sm-6 htb-col-12\">\n                                    <div class=\"ht-post gradient-overlay gradient-overlay-3 mt--20\">\n                                        <div class=\"thumb\">\n                                            <a href=\"https:\/\/utfpr.curitiba.br\/nucleodesignanimacao\/?p=12932\">\n                                                <img loading=\"lazy\" decoding=\"async\" width=\"1200\" height=\"900\" src=\"https:\/\/utfpr-ct-static-content.s3.amazonaws.com\/utfpr.curitiba.br\/wp-content\/uploads\/sites\/99\/2023\/06\/1-peixe-para-2-Chia-Beloto.jpg\" class=\"attachment-full size-full wp-post-image\" alt=\"\" srcset=\"https:\/\/utfpr-ct-static-content.s3.amazonaws.com\/utfpr.curitiba.br\/wp-content\/uploads\/sites\/99\/2023\/06\/1-peixe-para-2-Chia-Beloto.jpg 1200w, https:\/\/utfpr-ct-static-content.s3.amazonaws.com\/utfpr.curitiba.br\/wp-content\/uploads\/sites\/99\/2023\/06\/1-peixe-para-2-Chia-Beloto-300x225.jpg 300w, https:\/\/utfpr-ct-static-content.s3.amazonaws.com\/utfpr.curitiba.br\/wp-content\/uploads\/sites\/99\/2023\/06\/1-peixe-para-2-Chia-Beloto-1024x768.jpg 1024w, https:\/\/utfpr-ct-static-content.s3.amazonaws.com\/utfpr.curitiba.br\/wp-content\/uploads\/sites\/99\/2023\/06\/1-peixe-para-2-Chia-Beloto-768x576.jpg 768w\" sizes=\"(max-width: 1200px) 100vw, 1200px\" \/>                                            <\/a>\n                                        <\/div>\n                                                                                    <div class=\"post-content\">\n                                                <div class=\"content\">\n                                                    <h4 class=\"htmega-post-g-title\"><a href='https:\/\/utfpr.curitiba.br\/nucleodesignanimacao\/?p=12932'>1 peixe para 2 &#8211; Chia Beloto<\/a><\/h4>                                                                                                    <\/div>\n                                            <\/div>\n                                                                                <\/div>\n                                <\/div>\n                            \n                        \n                        \n                                                                                                                                            <div class=\"htb-col-lg-4 htb-col-sm-6 htb-col-12\">\n                                    <div class=\"ht-post gradient-overlay gradient-overlay-4 mt--20\">\n                                        <div class=\"thumb\">\n                                            <a href=\"https:\/\/utfpr.curitiba.br\/nucleodesignanimacao\/?p=12921\">\n                                                <img loading=\"lazy\" decoding=\"async\" width=\"535\" height=\"252\" src=\"https:\/\/utfpr-ct-static-content.s3.amazonaws.com\/utfpr.curitiba.br\/wp-content\/uploads\/sites\/99\/2023\/06\/metamorfoses.png\" class=\"attachment-full size-full wp-post-image\" alt=\"\" srcset=\"https:\/\/utfpr-ct-static-content.s3.amazonaws.com\/utfpr.curitiba.br\/wp-content\/uploads\/sites\/99\/2023\/06\/metamorfoses.png 535w, https:\/\/utfpr-ct-static-content.s3.amazonaws.com\/utfpr.curitiba.br\/wp-content\/uploads\/sites\/99\/2023\/06\/metamorfoses-300x141.png 300w\" sizes=\"(max-width: 535px) 100vw, 535px\" \/>                                            <\/a>\n                                        <\/div>\n                                                                                    <div class=\"post-content\">\n                                                <div class=\"content\">\n                                                    <h4 class=\"htmega-post-g-title\"><a href='https:\/\/utfpr.curitiba.br\/nucleodesignanimacao\/?p=12921'>Metamorfoses\u00a0&#8211; Cl\u00e1udio Roberto Lima Guimar\u00e3es<\/a><\/h4>                                                                                                    <\/div>\n                                            <\/div>\n                                                                                <\/div>\n                                <\/div>\n                            \n                        \n                        \n                                                                                                                                            <div class=\"htb-col-lg-4 htb-col-sm-6 htb-col-12\">\n                                    <div class=\"ht-post gradient-overlay gradient-overlay-5 mt--20\">\n                                        <div class=\"thumb\">\n                                            <a href=\"https:\/\/utfpr.curitiba.br\/nucleodesignanimacao\/?p=12910\">\n                                                <img loading=\"lazy\" decoding=\"async\" width=\"617\" height=\"282\" src=\"https:\/\/utfpr-ct-static-content.s3.amazonaws.com\/utfpr.curitiba.br\/wp-content\/uploads\/sites\/99\/2023\/05\/Mae-Eliane-Muniz-Gordeeff.png\" class=\"attachment-full size-full wp-post-image\" alt=\"\" srcset=\"https:\/\/utfpr-ct-static-content.s3.amazonaws.com\/utfpr.curitiba.br\/wp-content\/uploads\/sites\/99\/2023\/05\/Mae-Eliane-Muniz-Gordeeff.png 617w, https:\/\/utfpr-ct-static-content.s3.amazonaws.com\/utfpr.curitiba.br\/wp-content\/uploads\/sites\/99\/2023\/05\/Mae-Eliane-Muniz-Gordeeff-300x137.png 300w\" sizes=\"(max-width: 617px) 100vw, 617px\" \/>                                            <\/a>\n                                        <\/div>\n                                                                                    <div class=\"post-content\">\n                                                <div class=\"content\">\n                                                    <h4 class=\"htmega-post-g-title\"><a href='https:\/\/utfpr.curitiba.br\/nucleodesignanimacao\/?p=12910'>M\u00e3e &#8211; Eliane Muniz Gordeeff<\/a><\/h4>                                                                                                    <\/div>\n                                            <\/div>\n                                                                                <\/div>\n                                <\/div>\n                            \n                        \n                        \n                                                                                                                                            <div class=\"htb-col-lg-4 htb-col-sm-6 htb-col-12\">\n                                    <div class=\"ht-post gradient-overlay gradient-overlay-6 mt--20\">\n                                        <div class=\"thumb\">\n                                            <a href=\"https:\/\/utfpr.curitiba.br\/nucleodesignanimacao\/?p=12899\">\n                                                <img loading=\"lazy\" decoding=\"async\" width=\"1920\" height=\"747\" src=\"https:\/\/utfpr-ct-static-content.s3.amazonaws.com\/utfpr.curitiba.br\/wp-content\/uploads\/sites\/99\/2023\/05\/Uma-Aventura-na-Caatinga-Laercio-Filho.png\" class=\"attachment-full size-full wp-post-image\" alt=\"\" srcset=\"https:\/\/utfpr-ct-static-content.s3.amazonaws.com\/utfpr.curitiba.br\/wp-content\/uploads\/sites\/99\/2023\/05\/Uma-Aventura-na-Caatinga-Laercio-Filho.png 1920w, https:\/\/utfpr-ct-static-content.s3.amazonaws.com\/utfpr.curitiba.br\/wp-content\/uploads\/sites\/99\/2023\/05\/Uma-Aventura-na-Caatinga-Laercio-Filho-300x117.png 300w, https:\/\/utfpr-ct-static-content.s3.amazonaws.com\/utfpr.curitiba.br\/wp-content\/uploads\/sites\/99\/2023\/05\/Uma-Aventura-na-Caatinga-Laercio-Filho-1024x398.png 1024w, https:\/\/utfpr-ct-static-content.s3.amazonaws.com\/utfpr.curitiba.br\/wp-content\/uploads\/sites\/99\/2023\/05\/Uma-Aventura-na-Caatinga-Laercio-Filho-768x299.png 768w, https:\/\/utfpr-ct-static-content.s3.amazonaws.com\/utfpr.curitiba.br\/wp-content\/uploads\/sites\/99\/2023\/05\/Uma-Aventura-na-Caatinga-Laercio-Filho-1536x598.png 1536w\" sizes=\"(max-width: 1920px) 100vw, 1920px\" \/>                                            <\/a>\n                                        <\/div>\n                                                                                    <div class=\"post-content\">\n                                                <div class=\"content\">\n                                                    <h4 class=\"htmega-post-g-title\"><a href='https:\/\/utfpr.curitiba.br\/nucleodesignanimacao\/?p=12899'>Uma Aventura na Caatinga &#8211; Laercio Filho<\/a><\/h4>                                                                                                    <\/div>\n                                            <\/div>\n                                                                                <\/div>\n                                <\/div>\n                            \n                        \n                        \n                                                                                                                                            <div class=\"htb-col-lg-4 htb-col-sm-6 htb-col-12\">\n                                    <div class=\"ht-post gradient-overlay gradient-overlay-1 mt--20\">\n                                        <div class=\"thumb\">\n                                            <a href=\"https:\/\/utfpr.curitiba.br\/nucleodesignanimacao\/?p=12888\">\n                                                <img loading=\"lazy\" decoding=\"async\" width=\"1920\" height=\"1080\" src=\"https:\/\/utfpr-ct-static-content.s3.amazonaws.com\/utfpr.curitiba.br\/wp-content\/uploads\/sites\/99\/2023\/05\/Redundancia-Wayner-Tristao.jpg\" class=\"attachment-full size-full wp-post-image\" alt=\"\" srcset=\"https:\/\/utfpr-ct-static-content.s3.amazonaws.com\/utfpr.curitiba.br\/wp-content\/uploads\/sites\/99\/2023\/05\/Redundancia-Wayner-Tristao.jpg 1920w, https:\/\/utfpr-ct-static-content.s3.amazonaws.com\/utfpr.curitiba.br\/wp-content\/uploads\/sites\/99\/2023\/05\/Redundancia-Wayner-Tristao-300x169.jpg 300w, https:\/\/utfpr-ct-static-content.s3.amazonaws.com\/utfpr.curitiba.br\/wp-content\/uploads\/sites\/99\/2023\/05\/Redundancia-Wayner-Tristao-1024x576.jpg 1024w, https:\/\/utfpr-ct-static-content.s3.amazonaws.com\/utfpr.curitiba.br\/wp-content\/uploads\/sites\/99\/2023\/05\/Redundancia-Wayner-Tristao-768x432.jpg 768w, https:\/\/utfpr-ct-static-content.s3.amazonaws.com\/utfpr.curitiba.br\/wp-content\/uploads\/sites\/99\/2023\/05\/Redundancia-Wayner-Tristao-1536x864.jpg 1536w\" sizes=\"(max-width: 1920px) 100vw, 1920px\" \/>                                            <\/a>\n                                        <\/div>\n                                                                                    <div class=\"post-content\">\n                                                <div class=\"content\">\n                                                    <h4 class=\"htmega-post-g-title\"><a href='https:\/\/utfpr.curitiba.br\/nucleodesignanimacao\/?p=12888'>Redund\u00e2ncia &#8211; Wayner Tristao<\/a><\/h4>                                                                                                    <\/div>\n                                            <\/div>\n                                                                                <\/div>\n                                <\/div>\n                            \n                        \n                        \n                                                                                                                                            <div class=\"htb-col-lg-4 htb-col-sm-6 htb-col-12\">\n                                    <div class=\"ht-post gradient-overlay gradient-overlay-2 mt--20\">\n                                        <div class=\"thumb\">\n                                            <a href=\"https:\/\/utfpr.curitiba.br\/nucleodesignanimacao\/?p=12877\">\n                                                <img loading=\"lazy\" decoding=\"async\" width=\"1889\" height=\"839\" src=\"https:\/\/utfpr-ct-static-content.s3.amazonaws.com\/utfpr.curitiba.br\/wp-content\/uploads\/sites\/99\/2023\/05\/Manatag-A-Encantada-Shawara-Maxakali-Chaves-Bicalho.png\" class=\"attachment-full size-full wp-post-image\" alt=\"\" srcset=\"https:\/\/utfpr-ct-static-content.s3.amazonaws.com\/utfpr.curitiba.br\/wp-content\/uploads\/sites\/99\/2023\/05\/Manatag-A-Encantada-Shawara-Maxakali-Chaves-Bicalho.png 1889w, https:\/\/utfpr-ct-static-content.s3.amazonaws.com\/utfpr.curitiba.br\/wp-content\/uploads\/sites\/99\/2023\/05\/Manatag-A-Encantada-Shawara-Maxakali-Chaves-Bicalho-300x133.png 300w, https:\/\/utfpr-ct-static-content.s3.amazonaws.com\/utfpr.curitiba.br\/wp-content\/uploads\/sites\/99\/2023\/05\/Manatag-A-Encantada-Shawara-Maxakali-Chaves-Bicalho-1024x455.png 1024w, https:\/\/utfpr-ct-static-content.s3.amazonaws.com\/utfpr.curitiba.br\/wp-content\/uploads\/sites\/99\/2023\/05\/Manatag-A-Encantada-Shawara-Maxakali-Chaves-Bicalho-768x341.png 768w, https:\/\/utfpr-ct-static-content.s3.amazonaws.com\/utfpr.curitiba.br\/wp-content\/uploads\/sites\/99\/2023\/05\/Manatag-A-Encantada-Shawara-Maxakali-Chaves-Bicalho-1536x682.png 1536w\" sizes=\"(max-width: 1889px) 100vw, 1889px\" \/>                                            <\/a>\n                                        <\/div>\n                                                                                    <div class=\"post-content\">\n                                                <div class=\"content\">\n                                                    <h4 class=\"htmega-post-g-title\"><a href='https:\/\/utfpr.curitiba.br\/nucleodesignanimacao\/?p=12877'>M\u00e3n\u00e3t\u00e3g, A Encantada &#8211; Shawara Maxakali, Chaves Bicalho<\/a><\/h4>                                                                                                    <\/div>\n                                            <\/div>\n                                                                                <\/div>\n                                <\/div>\n                            \n                        \n                        \n                                                                                                                                            <div class=\"htb-col-lg-4 htb-col-sm-6 htb-col-12\">\n                                    <div class=\"ht-post gradient-overlay gradient-overlay-3 mt--20\">\n                                        <div class=\"thumb\">\n                                            <a href=\"https:\/\/utfpr.curitiba.br\/nucleodesignanimacao\/?p=12866\">\n                                                <img loading=\"lazy\" decoding=\"async\" width=\"1920\" height=\"865\" src=\"https:\/\/utfpr-ct-static-content.s3.amazonaws.com\/utfpr.curitiba.br\/wp-content\/uploads\/sites\/99\/2023\/05\/Gravidade-Amir-Admoni.png\" class=\"attachment-full size-full wp-post-image\" alt=\"\" srcset=\"https:\/\/utfpr-ct-static-content.s3.amazonaws.com\/utfpr.curitiba.br\/wp-content\/uploads\/sites\/99\/2023\/05\/Gravidade-Amir-Admoni.png 1920w, https:\/\/utfpr-ct-static-content.s3.amazonaws.com\/utfpr.curitiba.br\/wp-content\/uploads\/sites\/99\/2023\/05\/Gravidade-Amir-Admoni-300x135.png 300w, https:\/\/utfpr-ct-static-content.s3.amazonaws.com\/utfpr.curitiba.br\/wp-content\/uploads\/sites\/99\/2023\/05\/Gravidade-Amir-Admoni-1024x461.png 1024w, https:\/\/utfpr-ct-static-content.s3.amazonaws.com\/utfpr.curitiba.br\/wp-content\/uploads\/sites\/99\/2023\/05\/Gravidade-Amir-Admoni-768x346.png 768w, https:\/\/utfpr-ct-static-content.s3.amazonaws.com\/utfpr.curitiba.br\/wp-content\/uploads\/sites\/99\/2023\/05\/Gravidade-Amir-Admoni-1536x692.png 1536w\" sizes=\"(max-width: 1920px) 100vw, 1920px\" \/>                                            <\/a>\n                                        <\/div>\n                                                                                    <div class=\"post-content\">\n                                                <div class=\"content\">\n                                                    <h4 class=\"htmega-post-g-title\"><a href='https:\/\/utfpr.curitiba.br\/nucleodesignanimacao\/?p=12866'>Gravidade &#8211; Amir Admoni<\/a><\/h4>                                                                                                    <\/div>\n                                            <\/div>\n                                                                                <\/div>\n                                <\/div>\n                            \n                        \n                        \n                                                                                                                                            <div class=\"htb-col-lg-4 htb-col-sm-6 htb-col-12\">\n                                    <div class=\"ht-post gradient-overlay gradient-overlay-4 mt--20\">\n                                        <div class=\"thumb\">\n                                            <a href=\"https:\/\/utfpr.curitiba.br\/nucleodesignanimacao\/?p=12855\">\n                                                <img loading=\"lazy\" decoding=\"async\" width=\"1920\" height=\"800\" src=\"https:\/\/utfpr-ct-static-content.s3.amazonaws.com\/utfpr.curitiba.br\/wp-content\/uploads\/sites\/99\/2023\/05\/Gabi-Claudio-Furton.png\" class=\"attachment-full size-full wp-post-image\" alt=\"\" srcset=\"https:\/\/utfpr-ct-static-content.s3.amazonaws.com\/utfpr.curitiba.br\/wp-content\/uploads\/sites\/99\/2023\/05\/Gabi-Claudio-Furton.png 1920w, https:\/\/utfpr-ct-static-content.s3.amazonaws.com\/utfpr.curitiba.br\/wp-content\/uploads\/sites\/99\/2023\/05\/Gabi-Claudio-Furton-300x125.png 300w, https:\/\/utfpr-ct-static-content.s3.amazonaws.com\/utfpr.curitiba.br\/wp-content\/uploads\/sites\/99\/2023\/05\/Gabi-Claudio-Furton-1024x427.png 1024w, https:\/\/utfpr-ct-static-content.s3.amazonaws.com\/utfpr.curitiba.br\/wp-content\/uploads\/sites\/99\/2023\/05\/Gabi-Claudio-Furton-768x320.png 768w, https:\/\/utfpr-ct-static-content.s3.amazonaws.com\/utfpr.curitiba.br\/wp-content\/uploads\/sites\/99\/2023\/05\/Gabi-Claudio-Furton-1536x640.png 1536w\" sizes=\"(max-width: 1920px) 100vw, 1920px\" \/>                                            <\/a>\n                                        <\/div>\n                                                                                    <div class=\"post-content\">\n                                                <div class=\"content\">\n                                                    <h4 class=\"htmega-post-g-title\"><a href='https:\/\/utfpr.curitiba.br\/nucleodesignanimacao\/?p=12855'>Gabi &#8211; Claudio Furton<\/a><\/h4>                                                                                                    <\/div>\n                                            <\/div>\n                                                                                <\/div>\n                                <\/div>\n                            \n                        \n                        \n                                                                                                                                            <div class=\"htb-col-lg-4 htb-col-sm-6 htb-col-12\">\n                                    <div class=\"ht-post gradient-overlay gradient-overlay-5 mt--20\">\n                                        <div class=\"thumb\">\n                                            <a href=\"https:\/\/utfpr.curitiba.br\/nucleodesignanimacao\/?p=12844\">\n                                                <img loading=\"lazy\" decoding=\"async\" width=\"1874\" height=\"659\" src=\"https:\/\/utfpr-ct-static-content.s3.amazonaws.com\/utfpr.curitiba.br\/wp-content\/uploads\/sites\/99\/2023\/05\/Deleterio-Marciel-Conrado.png\" class=\"attachment-full size-full wp-post-image\" alt=\"\" srcset=\"https:\/\/utfpr-ct-static-content.s3.amazonaws.com\/utfpr.curitiba.br\/wp-content\/uploads\/sites\/99\/2023\/05\/Deleterio-Marciel-Conrado.png 1874w, https:\/\/utfpr-ct-static-content.s3.amazonaws.com\/utfpr.curitiba.br\/wp-content\/uploads\/sites\/99\/2023\/05\/Deleterio-Marciel-Conrado-300x105.png 300w, https:\/\/utfpr-ct-static-content.s3.amazonaws.com\/utfpr.curitiba.br\/wp-content\/uploads\/sites\/99\/2023\/05\/Deleterio-Marciel-Conrado-1024x360.png 1024w, https:\/\/utfpr-ct-static-content.s3.amazonaws.com\/utfpr.curitiba.br\/wp-content\/uploads\/sites\/99\/2023\/05\/Deleterio-Marciel-Conrado-768x270.png 768w, https:\/\/utfpr-ct-static-content.s3.amazonaws.com\/utfpr.curitiba.br\/wp-content\/uploads\/sites\/99\/2023\/05\/Deleterio-Marciel-Conrado-1536x540.png 1536w\" sizes=\"(max-width: 1874px) 100vw, 1874px\" \/>                                            <\/a>\n                                        <\/div>\n                                                                                    <div class=\"post-content\">\n                                                <div class=\"content\">\n                                                    <h4 class=\"htmega-post-g-title\"><a href='https:\/\/utfpr.curitiba.br\/nucleodesignanimacao\/?p=12844'>Delet\u00e9rio &#8211; Marciel Conrado<\/a><\/h4>                                                                                                    <\/div>\n                                            <\/div>\n                                                                                <\/div>\n                                <\/div>\n                            \n                        \n                        \n                                                                                                                                            <div class=\"htb-col-lg-4 htb-col-sm-6 htb-col-12\">\n                                    <div class=\"ht-post gradient-overlay gradient-overlay-6 mt--20\">\n                                        <div class=\"thumb\">\n                                            <a href=\"https:\/\/utfpr.curitiba.br\/nucleodesignanimacao\/?p=12833\">\n                                                <img loading=\"lazy\" decoding=\"async\" width=\"3334\" height=\"2348\" src=\"https:\/\/utfpr-ct-static-content.s3.amazonaws.com\/utfpr.curitiba.br\/wp-content\/uploads\/sites\/99\/2023\/04\/Imagem-substituicao_Prancheta-1.png\" class=\"attachment-full size-full wp-post-image\" alt=\"\" srcset=\"https:\/\/utfpr-ct-static-content.s3.amazonaws.com\/utfpr.curitiba.br\/wp-content\/uploads\/sites\/99\/2023\/04\/Imagem-substituicao_Prancheta-1.png 3334w, https:\/\/utfpr-ct-static-content.s3.amazonaws.com\/utfpr.curitiba.br\/wp-content\/uploads\/sites\/99\/2023\/04\/Imagem-substituicao_Prancheta-1-300x211.png 300w, https:\/\/utfpr-ct-static-content.s3.amazonaws.com\/utfpr.curitiba.br\/wp-content\/uploads\/sites\/99\/2023\/04\/Imagem-substituicao_Prancheta-1-1024x721.png 1024w, https:\/\/utfpr-ct-static-content.s3.amazonaws.com\/utfpr.curitiba.br\/wp-content\/uploads\/sites\/99\/2023\/04\/Imagem-substituicao_Prancheta-1-768x541.png 768w, https:\/\/utfpr-ct-static-content.s3.amazonaws.com\/utfpr.curitiba.br\/wp-content\/uploads\/sites\/99\/2023\/04\/Imagem-substituicao_Prancheta-1-1536x1082.png 1536w, https:\/\/utfpr-ct-static-content.s3.amazonaws.com\/utfpr.curitiba.br\/wp-content\/uploads\/sites\/99\/2023\/04\/Imagem-substituicao_Prancheta-1-2048x1442.png 2048w\" sizes=\"(max-width: 3334px) 100vw, 3334px\" \/>                                            <\/a>\n                                        <\/div>\n                                                                                    <div class=\"post-content\">\n                                                <div class=\"content\">\n                                                    <h4 class=\"htmega-post-g-title\"><a href='https:\/\/utfpr.curitiba.br\/nucleodesignanimacao\/?p=12833'>Bog &#8211; Rog\u00e9rio Franck da Silveira<\/a><\/h4>                                                                                                    <\/div>\n                                            <\/div>\n                                                                                <\/div>\n                                <\/div>\n                            \n                        \n                        \n                                                                                                                                            <div class=\"htb-col-lg-4 htb-col-sm-6 htb-col-12\">\n                                    <div class=\"ht-post gradient-overlay gradient-overlay-1 mt--20\">\n                                        <div class=\"thumb\">\n                                            <a href=\"https:\/\/utfpr.curitiba.br\/nucleodesignanimacao\/?p=12822\">\n                                                <img loading=\"lazy\" decoding=\"async\" width=\"1920\" height=\"836\" src=\"https:\/\/utfpr-ct-static-content.s3.amazonaws.com\/utfpr.curitiba.br\/wp-content\/uploads\/sites\/99\/2023\/05\/A-Ultima-Encruzilhada-na-Terra-Fabricio-Rodrigues.png\" class=\"attachment-full size-full wp-post-image\" alt=\"\" srcset=\"https:\/\/utfpr-ct-static-content.s3.amazonaws.com\/utfpr.curitiba.br\/wp-content\/uploads\/sites\/99\/2023\/05\/A-Ultima-Encruzilhada-na-Terra-Fabricio-Rodrigues.png 1920w, https:\/\/utfpr-ct-static-content.s3.amazonaws.com\/utfpr.curitiba.br\/wp-content\/uploads\/sites\/99\/2023\/05\/A-Ultima-Encruzilhada-na-Terra-Fabricio-Rodrigues-300x131.png 300w, https:\/\/utfpr-ct-static-content.s3.amazonaws.com\/utfpr.curitiba.br\/wp-content\/uploads\/sites\/99\/2023\/05\/A-Ultima-Encruzilhada-na-Terra-Fabricio-Rodrigues-1024x446.png 1024w, https:\/\/utfpr-ct-static-content.s3.amazonaws.com\/utfpr.curitiba.br\/wp-content\/uploads\/sites\/99\/2023\/05\/A-Ultima-Encruzilhada-na-Terra-Fabricio-Rodrigues-768x334.png 768w, https:\/\/utfpr-ct-static-content.s3.amazonaws.com\/utfpr.curitiba.br\/wp-content\/uploads\/sites\/99\/2023\/05\/A-Ultima-Encruzilhada-na-Terra-Fabricio-Rodrigues-1536x669.png 1536w\" sizes=\"(max-width: 1920px) 100vw, 1920px\" \/>                                            <\/a>\n                                        <\/div>\n                                                                                    <div class=\"post-content\">\n                                                <div class=\"content\">\n                                                    <h4 class=\"htmega-post-g-title\"><a href='https:\/\/utfpr.curitiba.br\/nucleodesignanimacao\/?p=12822'>A \u00daltima Encruzilhada na Terra &#8211; Fabr\u00edcio Rodrigues<\/a><\/h4>                                                                                                    <\/div>\n                                            <\/div>\n                                                                                <\/div>\n                                <\/div>\n                            \n                        \n                        \n                                                                                                                                            <div class=\"htb-col-lg-4 htb-col-sm-6 htb-col-12\">\n                                    <div class=\"ht-post gradient-overlay gradient-overlay-2 mt--20\">\n                                        <div class=\"thumb\">\n                                            <a href=\"https:\/\/utfpr.curitiba.br\/nucleodesignanimacao\/?p=12811\">\n                                                <img loading=\"lazy\" decoding=\"async\" width=\"3334\" height=\"2348\" src=\"https:\/\/utfpr-ct-static-content.s3.amazonaws.com\/utfpr.curitiba.br\/wp-content\/uploads\/sites\/99\/2023\/04\/Imagem-substituicao_Prancheta-1.png\" class=\"attachment-full size-full wp-post-image\" alt=\"\" srcset=\"https:\/\/utfpr-ct-static-content.s3.amazonaws.com\/utfpr.curitiba.br\/wp-content\/uploads\/sites\/99\/2023\/04\/Imagem-substituicao_Prancheta-1.png 3334w, https:\/\/utfpr-ct-static-content.s3.amazonaws.com\/utfpr.curitiba.br\/wp-content\/uploads\/sites\/99\/2023\/04\/Imagem-substituicao_Prancheta-1-300x211.png 300w, https:\/\/utfpr-ct-static-content.s3.amazonaws.com\/utfpr.curitiba.br\/wp-content\/uploads\/sites\/99\/2023\/04\/Imagem-substituicao_Prancheta-1-1024x721.png 1024w, https:\/\/utfpr-ct-static-content.s3.amazonaws.com\/utfpr.curitiba.br\/wp-content\/uploads\/sites\/99\/2023\/04\/Imagem-substituicao_Prancheta-1-768x541.png 768w, https:\/\/utfpr-ct-static-content.s3.amazonaws.com\/utfpr.curitiba.br\/wp-content\/uploads\/sites\/99\/2023\/04\/Imagem-substituicao_Prancheta-1-1536x1082.png 1536w, https:\/\/utfpr-ct-static-content.s3.amazonaws.com\/utfpr.curitiba.br\/wp-content\/uploads\/sites\/99\/2023\/04\/Imagem-substituicao_Prancheta-1-2048x1442.png 2048w\" sizes=\"(max-width: 3334px) 100vw, 3334px\" \/>                                            <\/a>\n                                        <\/div>\n                                                                                    <div class=\"post-content\">\n                                                <div class=\"content\">\n                                                    <h4 class=\"htmega-post-g-title\"><a href='https:\/\/utfpr.curitiba.br\/nucleodesignanimacao\/?p=12811'>A Bolinha Azul que est\u00e1 constantemente triste &#8211; Eduardo Wahrhaftig<\/a><\/h4>                                                                                                    <\/div>\n                                            <\/div>\n                                                                                <\/div>\n                                <\/div>\n                            \n                        \n                        \n                                                                                                                                            <div class=\"htb-col-lg-4 htb-col-sm-6 htb-col-12\">\n                                    <div class=\"ht-post gradient-overlay gradient-overlay-3 mt--20\">\n                                        <div class=\"thumb\">\n                                            <a href=\"https:\/\/utfpr.curitiba.br\/nucleodesignanimacao\/?p=12800\">\n                                                <img loading=\"lazy\" decoding=\"async\" width=\"1915\" height=\"823\" src=\"https:\/\/utfpr-ct-static-content.s3.amazonaws.com\/utfpr.curitiba.br\/wp-content\/uploads\/sites\/99\/2023\/05\/Turismo_Selvagem-coletiva-de-alunos-Oficina-de-Animacao-Triunfo-CineSesi-Cultural.png\" class=\"attachment-full size-full wp-post-image\" alt=\"\" srcset=\"https:\/\/utfpr-ct-static-content.s3.amazonaws.com\/utfpr.curitiba.br\/wp-content\/uploads\/sites\/99\/2023\/05\/Turismo_Selvagem-coletiva-de-alunos-Oficina-de-Animacao-Triunfo-CineSesi-Cultural.png 1915w, https:\/\/utfpr-ct-static-content.s3.amazonaws.com\/utfpr.curitiba.br\/wp-content\/uploads\/sites\/99\/2023\/05\/Turismo_Selvagem-coletiva-de-alunos-Oficina-de-Animacao-Triunfo-CineSesi-Cultural-300x129.png 300w, https:\/\/utfpr-ct-static-content.s3.amazonaws.com\/utfpr.curitiba.br\/wp-content\/uploads\/sites\/99\/2023\/05\/Turismo_Selvagem-coletiva-de-alunos-Oficina-de-Animacao-Triunfo-CineSesi-Cultural-1024x440.png 1024w, https:\/\/utfpr-ct-static-content.s3.amazonaws.com\/utfpr.curitiba.br\/wp-content\/uploads\/sites\/99\/2023\/05\/Turismo_Selvagem-coletiva-de-alunos-Oficina-de-Animacao-Triunfo-CineSesi-Cultural-768x330.png 768w, https:\/\/utfpr-ct-static-content.s3.amazonaws.com\/utfpr.curitiba.br\/wp-content\/uploads\/sites\/99\/2023\/05\/Turismo_Selvagem-coletiva-de-alunos-Oficina-de-Animacao-Triunfo-CineSesi-Cultural-1536x660.png 1536w\" sizes=\"(max-width: 1915px) 100vw, 1915px\" \/>                                            <\/a>\n                                        <\/div>\n                                                                                    <div class=\"post-content\">\n                                                <div class=\"content\">\n                                                    <h4 class=\"htmega-post-g-title\"><a href='https:\/\/utfpr.curitiba.br\/nucleodesignanimacao\/?p=12800'>Turismo_Selvagem &#8211; coletiva de alunos Oficina de Anima\u00e7\u00e3o Triunfo CineSesi Cultural<\/a><\/h4>                                                                                                    <\/div>\n                                            <\/div>\n                                                                                <\/div>\n                                <\/div>\n                            \n                        \n                        \n                                                                                                                                            <div class=\"htb-col-lg-4 htb-col-sm-6 htb-col-12\">\n                                    <div class=\"ht-post gradient-overlay gradient-overlay-4 mt--20\">\n                                        <div class=\"thumb\">\n                                            <a href=\"https:\/\/utfpr.curitiba.br\/nucleodesignanimacao\/?p=12789\">\n                                                <img loading=\"lazy\" decoding=\"async\" width=\"1911\" height=\"807\" src=\"https:\/\/utfpr-ct-static-content.s3.amazonaws.com\/utfpr.curitiba.br\/wp-content\/uploads\/sites\/99\/2023\/05\/Contra-file-Pedro-Iua.png\" class=\"attachment-full size-full wp-post-image\" alt=\"\" srcset=\"https:\/\/utfpr-ct-static-content.s3.amazonaws.com\/utfpr.curitiba.br\/wp-content\/uploads\/sites\/99\/2023\/05\/Contra-file-Pedro-Iua.png 1911w, https:\/\/utfpr-ct-static-content.s3.amazonaws.com\/utfpr.curitiba.br\/wp-content\/uploads\/sites\/99\/2023\/05\/Contra-file-Pedro-Iua-300x127.png 300w, https:\/\/utfpr-ct-static-content.s3.amazonaws.com\/utfpr.curitiba.br\/wp-content\/uploads\/sites\/99\/2023\/05\/Contra-file-Pedro-Iua-1024x432.png 1024w, https:\/\/utfpr-ct-static-content.s3.amazonaws.com\/utfpr.curitiba.br\/wp-content\/uploads\/sites\/99\/2023\/05\/Contra-file-Pedro-Iua-768x324.png 768w, https:\/\/utfpr-ct-static-content.s3.amazonaws.com\/utfpr.curitiba.br\/wp-content\/uploads\/sites\/99\/2023\/05\/Contra-file-Pedro-Iua-1536x649.png 1536w\" sizes=\"(max-width: 1911px) 100vw, 1911px\" \/>                                            <\/a>\n                                        <\/div>\n                                                                                    <div class=\"post-content\">\n                                                <div class=\"content\">\n                                                    <h4 class=\"htmega-post-g-title\"><a href='https:\/\/utfpr.curitiba.br\/nucleodesignanimacao\/?p=12789'>Contra-fil\u00e9 &#8211; Pedro Iu\u00e1<\/a><\/h4>                                                                                                    <\/div>\n                                            <\/div>\n                                                                                <\/div>\n                                <\/div>\n                            \n                        \n                        \n                                                                                                                                            <div class=\"htb-col-lg-4 htb-col-sm-6 htb-col-12\">\n                                    <div class=\"ht-post gradient-overlay gradient-overlay-5 mt--20\">\n                                        <div class=\"thumb\">\n                                            <a href=\"https:\/\/utfpr.curitiba.br\/nucleodesignanimacao\/?p=12775\">\n                                                <img loading=\"lazy\" decoding=\"async\" width=\"1854\" height=\"813\" src=\"https:\/\/utfpr-ct-static-content.s3.amazonaws.com\/utfpr.curitiba.br\/wp-content\/uploads\/sites\/99\/2023\/05\/Viagem-na-Chuva-Wesley-Rodrigues.png\" class=\"attachment-full size-full wp-post-image\" alt=\"\" srcset=\"https:\/\/utfpr-ct-static-content.s3.amazonaws.com\/utfpr.curitiba.br\/wp-content\/uploads\/sites\/99\/2023\/05\/Viagem-na-Chuva-Wesley-Rodrigues.png 1854w, https:\/\/utfpr-ct-static-content.s3.amazonaws.com\/utfpr.curitiba.br\/wp-content\/uploads\/sites\/99\/2023\/05\/Viagem-na-Chuva-Wesley-Rodrigues-300x132.png 300w, https:\/\/utfpr-ct-static-content.s3.amazonaws.com\/utfpr.curitiba.br\/wp-content\/uploads\/sites\/99\/2023\/05\/Viagem-na-Chuva-Wesley-Rodrigues-1024x449.png 1024w, https:\/\/utfpr-ct-static-content.s3.amazonaws.com\/utfpr.curitiba.br\/wp-content\/uploads\/sites\/99\/2023\/05\/Viagem-na-Chuva-Wesley-Rodrigues-768x337.png 768w, https:\/\/utfpr-ct-static-content.s3.amazonaws.com\/utfpr.curitiba.br\/wp-content\/uploads\/sites\/99\/2023\/05\/Viagem-na-Chuva-Wesley-Rodrigues-1536x674.png 1536w\" sizes=\"(max-width: 1854px) 100vw, 1854px\" \/>                                            <\/a>\n                                        <\/div>\n                                                                                    <div class=\"post-content\">\n                                                <div class=\"content\">\n                                                    <h4 class=\"htmega-post-g-title\"><a href='https:\/\/utfpr.curitiba.br\/nucleodesignanimacao\/?p=12775'>Viagem na Chuva &#8211; Wesley Rodrigues<\/a><\/h4>                                                                                                    <\/div>\n                                            <\/div>\n                                                                                <\/div>\n                                <\/div>\n                            \n                        \n                        \n                                                                                                                                            <div class=\"htb-col-lg-4 htb-col-sm-6 htb-col-12\">\n                                    <div class=\"ht-post gradient-overlay gradient-overlay-6 mt--20\">\n                                        <div class=\"thumb\">\n                                            <a href=\"https:\/\/utfpr.curitiba.br\/nucleodesignanimacao\/?p=12764\">\n                                                <img loading=\"lazy\" decoding=\"async\" width=\"1918\" height=\"940\" src=\"https:\/\/utfpr-ct-static-content.s3.amazonaws.com\/utfpr.curitiba.br\/wp-content\/uploads\/sites\/99\/2023\/05\/Claudete-e-o-Bolo-Fadhia-Salomao.png\" class=\"attachment-full size-full wp-post-image\" alt=\"\" srcset=\"https:\/\/utfpr-ct-static-content.s3.amazonaws.com\/utfpr.curitiba.br\/wp-content\/uploads\/sites\/99\/2023\/05\/Claudete-e-o-Bolo-Fadhia-Salomao.png 1918w, https:\/\/utfpr-ct-static-content.s3.amazonaws.com\/utfpr.curitiba.br\/wp-content\/uploads\/sites\/99\/2023\/05\/Claudete-e-o-Bolo-Fadhia-Salomao-300x147.png 300w, https:\/\/utfpr-ct-static-content.s3.amazonaws.com\/utfpr.curitiba.br\/wp-content\/uploads\/sites\/99\/2023\/05\/Claudete-e-o-Bolo-Fadhia-Salomao-1024x502.png 1024w, https:\/\/utfpr-ct-static-content.s3.amazonaws.com\/utfpr.curitiba.br\/wp-content\/uploads\/sites\/99\/2023\/05\/Claudete-e-o-Bolo-Fadhia-Salomao-768x376.png 768w, https:\/\/utfpr-ct-static-content.s3.amazonaws.com\/utfpr.curitiba.br\/wp-content\/uploads\/sites\/99\/2023\/05\/Claudete-e-o-Bolo-Fadhia-Salomao-1536x753.png 1536w\" sizes=\"(max-width: 1918px) 100vw, 1918px\" \/>                                            <\/a>\n                                        <\/div>\n                                                                                    <div class=\"post-content\">\n                                                <div class=\"content\">\n                                                    <h4 class=\"htmega-post-g-title\"><a href='https:\/\/utfpr.curitiba.br\/nucleodesignanimacao\/?p=12764'>Claudete e o Bolo &#8211; F\u00e1dhia Salom\u00e3o<\/a><\/h4>                                                                                                    <\/div>\n                                            <\/div>\n                                                                                <\/div>\n                                <\/div>\n                            \n                        \n                        \n                                                                                                                                            <div class=\"htb-col-lg-4 htb-col-sm-6 htb-col-12\">\n                                    <div class=\"ht-post gradient-overlay gradient-overlay-1 mt--20\">\n                                        <div class=\"thumb\">\n                                            <a href=\"https:\/\/utfpr.curitiba.br\/nucleodesignanimacao\/?p=12753\">\n                                                <img loading=\"lazy\" decoding=\"async\" width=\"1920\" height=\"719\" src=\"https:\/\/utfpr-ct-static-content.s3.amazonaws.com\/utfpr.curitiba.br\/wp-content\/uploads\/sites\/99\/2023\/05\/Opara-de-Osun-quando-tudo-nasce-Pamela-Peregrino.png\" class=\"attachment-full size-full wp-post-image\" alt=\"\" srcset=\"https:\/\/utfpr-ct-static-content.s3.amazonaws.com\/utfpr.curitiba.br\/wp-content\/uploads\/sites\/99\/2023\/05\/Opara-de-Osun-quando-tudo-nasce-Pamela-Peregrino.png 1920w, https:\/\/utfpr-ct-static-content.s3.amazonaws.com\/utfpr.curitiba.br\/wp-content\/uploads\/sites\/99\/2023\/05\/Opara-de-Osun-quando-tudo-nasce-Pamela-Peregrino-300x112.png 300w, https:\/\/utfpr-ct-static-content.s3.amazonaws.com\/utfpr.curitiba.br\/wp-content\/uploads\/sites\/99\/2023\/05\/Opara-de-Osun-quando-tudo-nasce-Pamela-Peregrino-1024x383.png 1024w, https:\/\/utfpr-ct-static-content.s3.amazonaws.com\/utfpr.curitiba.br\/wp-content\/uploads\/sites\/99\/2023\/05\/Opara-de-Osun-quando-tudo-nasce-Pamela-Peregrino-768x288.png 768w, https:\/\/utfpr-ct-static-content.s3.amazonaws.com\/utfpr.curitiba.br\/wp-content\/uploads\/sites\/99\/2023\/05\/Opara-de-Osun-quando-tudo-nasce-Pamela-Peregrino-1536x575.png 1536w\" sizes=\"(max-width: 1920px) 100vw, 1920px\" \/>                                            <\/a>\n                                        <\/div>\n                                                                                    <div class=\"post-content\">\n                                                <div class=\"content\">\n                                                    <h4 class=\"htmega-post-g-title\"><a href='https:\/\/utfpr.curitiba.br\/nucleodesignanimacao\/?p=12753'>\u00d2p\u00e1r\u00e1 de \u00d2s\u00fan: quando tudo nasce &#8211; P\u00e2mela Peregrino<\/a><\/h4>                                                                                                    <\/div>\n                                            <\/div>\n                                                                                <\/div>\n                                <\/div>\n                            \n                        \n                        \n                                                                                                                                            <div class=\"htb-col-lg-4 htb-col-sm-6 htb-col-12\">\n                                    <div class=\"ht-post gradient-overlay gradient-overlay-2 mt--20\">\n                                        <div class=\"thumb\">\n                                            <a href=\"https:\/\/utfpr.curitiba.br\/nucleodesignanimacao\/?p=12742\">\n                                                <img loading=\"lazy\" decoding=\"async\" width=\"1872\" height=\"730\" src=\"https:\/\/utfpr-ct-static-content.s3.amazonaws.com\/utfpr.curitiba.br\/wp-content\/uploads\/sites\/99\/2023\/05\/Tandem-Vivian-Altman.png\" class=\"attachment-full size-full wp-post-image\" alt=\"\" srcset=\"https:\/\/utfpr-ct-static-content.s3.amazonaws.com\/utfpr.curitiba.br\/wp-content\/uploads\/sites\/99\/2023\/05\/Tandem-Vivian-Altman.png 1872w, https:\/\/utfpr-ct-static-content.s3.amazonaws.com\/utfpr.curitiba.br\/wp-content\/uploads\/sites\/99\/2023\/05\/Tandem-Vivian-Altman-300x117.png 300w, https:\/\/utfpr-ct-static-content.s3.amazonaws.com\/utfpr.curitiba.br\/wp-content\/uploads\/sites\/99\/2023\/05\/Tandem-Vivian-Altman-1024x399.png 1024w, https:\/\/utfpr-ct-static-content.s3.amazonaws.com\/utfpr.curitiba.br\/wp-content\/uploads\/sites\/99\/2023\/05\/Tandem-Vivian-Altman-768x299.png 768w, https:\/\/utfpr-ct-static-content.s3.amazonaws.com\/utfpr.curitiba.br\/wp-content\/uploads\/sites\/99\/2023\/05\/Tandem-Vivian-Altman-1536x599.png 1536w\" sizes=\"(max-width: 1872px) 100vw, 1872px\" \/>                                            <\/a>\n                                        <\/div>\n                                                                                    <div class=\"post-content\">\n                                                <div class=\"content\">\n                                                    <h4 class=\"htmega-post-g-title\"><a href='https:\/\/utfpr.curitiba.br\/nucleodesignanimacao\/?p=12742'>Tandem &#8211; Vivian Altman<\/a><\/h4>                                                                                                    <\/div>\n                                            <\/div>\n                                                                                <\/div>\n                                <\/div>\n                            \n                        \n                        \n                                                                                                                                            <div class=\"htb-col-lg-4 htb-col-sm-6 htb-col-12\">\n                                    <div class=\"ht-post gradient-overlay gradient-overlay-3 mt--20\">\n                                        <div class=\"thumb\">\n                                            <a href=\"https:\/\/utfpr.curitiba.br\/nucleodesignanimacao\/?p=12731\">\n                                                <img loading=\"lazy\" decoding=\"async\" width=\"1890\" height=\"807\" src=\"https:\/\/utfpr-ct-static-content.s3.amazonaws.com\/utfpr.curitiba.br\/wp-content\/uploads\/sites\/99\/2023\/05\/O-Explorador-de-Saturno-Iuri-Araujo-e-Guilherme-Araujo.png\" class=\"attachment-full size-full wp-post-image\" alt=\"\" srcset=\"https:\/\/utfpr-ct-static-content.s3.amazonaws.com\/utfpr.curitiba.br\/wp-content\/uploads\/sites\/99\/2023\/05\/O-Explorador-de-Saturno-Iuri-Araujo-e-Guilherme-Araujo.png 1890w, https:\/\/utfpr-ct-static-content.s3.amazonaws.com\/utfpr.curitiba.br\/wp-content\/uploads\/sites\/99\/2023\/05\/O-Explorador-de-Saturno-Iuri-Araujo-e-Guilherme-Araujo-300x128.png 300w, https:\/\/utfpr-ct-static-content.s3.amazonaws.com\/utfpr.curitiba.br\/wp-content\/uploads\/sites\/99\/2023\/05\/O-Explorador-de-Saturno-Iuri-Araujo-e-Guilherme-Araujo-1024x437.png 1024w, https:\/\/utfpr-ct-static-content.s3.amazonaws.com\/utfpr.curitiba.br\/wp-content\/uploads\/sites\/99\/2023\/05\/O-Explorador-de-Saturno-Iuri-Araujo-e-Guilherme-Araujo-768x328.png 768w, https:\/\/utfpr-ct-static-content.s3.amazonaws.com\/utfpr.curitiba.br\/wp-content\/uploads\/sites\/99\/2023\/05\/O-Explorador-de-Saturno-Iuri-Araujo-e-Guilherme-Araujo-1536x656.png 1536w\" sizes=\"(max-width: 1890px) 100vw, 1890px\" \/>                                            <\/a>\n                                        <\/div>\n                                                                                    <div class=\"post-content\">\n                                                <div class=\"content\">\n                                                    <h4 class=\"htmega-post-g-title\"><a href='https:\/\/utfpr.curitiba.br\/nucleodesignanimacao\/?p=12731'>O Explorador de Saturno &#8211; Iuri Ara\u00fajo e Guilherme Ara\u00fajo<\/a><\/h4>                                                                                                    <\/div>\n                                            <\/div>\n                                                                                <\/div>\n                                <\/div>\n                            \n                        \n                        \n                                                                                                                                            <div class=\"htb-col-lg-4 htb-col-sm-6 htb-col-12\">\n                                    <div class=\"ht-post gradient-overlay gradient-overlay-4 mt--20\">\n                                        <div class=\"thumb\">\n                                            <a href=\"https:\/\/utfpr.curitiba.br\/nucleodesignanimacao\/?p=12720\">\n                                                <img loading=\"lazy\" decoding=\"async\" width=\"1915\" height=\"835\" src=\"https:\/\/utfpr-ct-static-content.s3.amazonaws.com\/utfpr.curitiba.br\/wp-content\/uploads\/sites\/99\/2023\/05\/Muralzinho-Amarelinha-no-Mural-Paulo-Miranda.png\" class=\"attachment-full size-full wp-post-image\" alt=\"\" srcset=\"https:\/\/utfpr-ct-static-content.s3.amazonaws.com\/utfpr.curitiba.br\/wp-content\/uploads\/sites\/99\/2023\/05\/Muralzinho-Amarelinha-no-Mural-Paulo-Miranda.png 1915w, https:\/\/utfpr-ct-static-content.s3.amazonaws.com\/utfpr.curitiba.br\/wp-content\/uploads\/sites\/99\/2023\/05\/Muralzinho-Amarelinha-no-Mural-Paulo-Miranda-300x131.png 300w, https:\/\/utfpr-ct-static-content.s3.amazonaws.com\/utfpr.curitiba.br\/wp-content\/uploads\/sites\/99\/2023\/05\/Muralzinho-Amarelinha-no-Mural-Paulo-Miranda-1024x446.png 1024w, https:\/\/utfpr-ct-static-content.s3.amazonaws.com\/utfpr.curitiba.br\/wp-content\/uploads\/sites\/99\/2023\/05\/Muralzinho-Amarelinha-no-Mural-Paulo-Miranda-768x335.png 768w, https:\/\/utfpr-ct-static-content.s3.amazonaws.com\/utfpr.curitiba.br\/wp-content\/uploads\/sites\/99\/2023\/05\/Muralzinho-Amarelinha-no-Mural-Paulo-Miranda-1536x670.png 1536w\" sizes=\"(max-width: 1915px) 100vw, 1915px\" \/>                                            <\/a>\n                                        <\/div>\n                                                                                    <div class=\"post-content\">\n                                                <div class=\"content\">\n                                                    <h4 class=\"htmega-post-g-title\"><a href='https:\/\/utfpr.curitiba.br\/nucleodesignanimacao\/?p=12720'>Muralzinho: Amarelinha no Mural! &#8211; Paulo Miranda<\/a><\/h4>                                                                                                    <\/div>\n                                            <\/div>\n                                                                                <\/div>\n                                <\/div>\n                            \n                        \n                        \n                                                                                                                                            <div class=\"htb-col-lg-4 htb-col-sm-6 htb-col-12\">\n                                    <div class=\"ht-post gradient-overlay gradient-overlay-5 mt--20\">\n                                        <div class=\"thumb\">\n                                            <a href=\"https:\/\/utfpr.curitiba.br\/nucleodesignanimacao\/?p=12709\">\n                                                <img loading=\"lazy\" decoding=\"async\" width=\"3334\" height=\"2348\" src=\"https:\/\/utfpr-ct-static-content.s3.amazonaws.com\/utfpr.curitiba.br\/wp-content\/uploads\/sites\/99\/2023\/04\/Imagem-substituicao_Prancheta-1.png\" class=\"attachment-full size-full wp-post-image\" alt=\"\" srcset=\"https:\/\/utfpr-ct-static-content.s3.amazonaws.com\/utfpr.curitiba.br\/wp-content\/uploads\/sites\/99\/2023\/04\/Imagem-substituicao_Prancheta-1.png 3334w, https:\/\/utfpr-ct-static-content.s3.amazonaws.com\/utfpr.curitiba.br\/wp-content\/uploads\/sites\/99\/2023\/04\/Imagem-substituicao_Prancheta-1-300x211.png 300w, https:\/\/utfpr-ct-static-content.s3.amazonaws.com\/utfpr.curitiba.br\/wp-content\/uploads\/sites\/99\/2023\/04\/Imagem-substituicao_Prancheta-1-1024x721.png 1024w, https:\/\/utfpr-ct-static-content.s3.amazonaws.com\/utfpr.curitiba.br\/wp-content\/uploads\/sites\/99\/2023\/04\/Imagem-substituicao_Prancheta-1-768x541.png 768w, https:\/\/utfpr-ct-static-content.s3.amazonaws.com\/utfpr.curitiba.br\/wp-content\/uploads\/sites\/99\/2023\/04\/Imagem-substituicao_Prancheta-1-1536x1082.png 1536w, https:\/\/utfpr-ct-static-content.s3.amazonaws.com\/utfpr.curitiba.br\/wp-content\/uploads\/sites\/99\/2023\/04\/Imagem-substituicao_Prancheta-1-2048x1442.png 2048w\" sizes=\"(max-width: 3334px) 100vw, 3334px\" \/>                                            <\/a>\n                                        <\/div>\n                                                                                    <div class=\"post-content\">\n                                                <div class=\"content\">\n                                                    <h4 class=\"htmega-post-g-title\"><a href='https:\/\/utfpr.curitiba.br\/nucleodesignanimacao\/?p=12709'>Gabi &#8211; Felipe Ferreira<\/a><\/h4>                                                                                                    <\/div>\n                                            <\/div>\n                                                                                <\/div>\n                                <\/div>\n                            \n                        \n                        \n                                                                                                                                            <div class=\"htb-col-lg-4 htb-col-sm-6 htb-col-12\">\n                                    <div class=\"ht-post gradient-overlay gradient-overlay-6 mt--20\">\n                                        <div class=\"thumb\">\n                                            <a href=\"https:\/\/utfpr.curitiba.br\/nucleodesignanimacao\/?p=12698\">\n                                                <img loading=\"lazy\" decoding=\"async\" width=\"3334\" height=\"2348\" src=\"https:\/\/utfpr-ct-static-content.s3.amazonaws.com\/utfpr.curitiba.br\/wp-content\/uploads\/sites\/99\/2023\/04\/Imagem-substituicao_Prancheta-1.png\" class=\"attachment-full size-full wp-post-image\" alt=\"\" srcset=\"https:\/\/utfpr-ct-static-content.s3.amazonaws.com\/utfpr.curitiba.br\/wp-content\/uploads\/sites\/99\/2023\/04\/Imagem-substituicao_Prancheta-1.png 3334w, https:\/\/utfpr-ct-static-content.s3.amazonaws.com\/utfpr.curitiba.br\/wp-content\/uploads\/sites\/99\/2023\/04\/Imagem-substituicao_Prancheta-1-300x211.png 300w, https:\/\/utfpr-ct-static-content.s3.amazonaws.com\/utfpr.curitiba.br\/wp-content\/uploads\/sites\/99\/2023\/04\/Imagem-substituicao_Prancheta-1-1024x721.png 1024w, https:\/\/utfpr-ct-static-content.s3.amazonaws.com\/utfpr.curitiba.br\/wp-content\/uploads\/sites\/99\/2023\/04\/Imagem-substituicao_Prancheta-1-768x541.png 768w, https:\/\/utfpr-ct-static-content.s3.amazonaws.com\/utfpr.curitiba.br\/wp-content\/uploads\/sites\/99\/2023\/04\/Imagem-substituicao_Prancheta-1-1536x1082.png 1536w, https:\/\/utfpr-ct-static-content.s3.amazonaws.com\/utfpr.curitiba.br\/wp-content\/uploads\/sites\/99\/2023\/04\/Imagem-substituicao_Prancheta-1-2048x1442.png 2048w\" sizes=\"(max-width: 3334px) 100vw, 3334px\" \/>                                            <\/a>\n                                        <\/div>\n                                                                                    <div class=\"post-content\">\n                                                <div class=\"content\">\n                                                    <h4 class=\"htmega-post-g-title\"><a href='https:\/\/utfpr.curitiba.br\/nucleodesignanimacao\/?p=12698'>Antenor, o homem da cabe\u00e7a de papel\u00e3o &#8211; Al\u00e9xia Carina<\/a><\/h4>                                                                                                    <\/div>\n                                            <\/div>\n                                                                                <\/div>\n                                <\/div>\n                            \n                        \n                        \n                                                                                                                                            <div class=\"htb-col-lg-4 htb-col-sm-6 htb-col-12\">\n                                    <div class=\"ht-post gradient-overlay gradient-overlay-1 mt--20\">\n                                        <div class=\"thumb\">\n                                            <a href=\"https:\/\/utfpr.curitiba.br\/nucleodesignanimacao\/?p=12687\">\n                                                <img loading=\"lazy\" decoding=\"async\" width=\"477\" height=\"735\" src=\"https:\/\/utfpr-ct-static-content.s3.amazonaws.com\/utfpr.curitiba.br\/wp-content\/uploads\/sites\/99\/2023\/05\/31-de-Marco-Brazil.-Emerson-Rodrigues.png\" class=\"attachment-full size-full wp-post-image\" alt=\"\" srcset=\"https:\/\/utfpr-ct-static-content.s3.amazonaws.com\/utfpr.curitiba.br\/wp-content\/uploads\/sites\/99\/2023\/05\/31-de-Marco-Brazil.-Emerson-Rodrigues.png 477w, https:\/\/utfpr-ct-static-content.s3.amazonaws.com\/utfpr.curitiba.br\/wp-content\/uploads\/sites\/99\/2023\/05\/31-de-Marco-Brazil.-Emerson-Rodrigues-195x300.png 195w\" sizes=\"(max-width: 477px) 100vw, 477px\" \/>                                            <\/a>\n                                        <\/div>\n                                                                                    <div class=\"post-content\">\n                                                <div class=\"content\">\n                                                    <h4 class=\"htmega-post-g-title\"><a href='https:\/\/utfpr.curitiba.br\/nucleodesignanimacao\/?p=12687'>31 de Mar\u00e7o, Brazil. &#8211; Emerson Rodrigues<\/a><\/h4>                                                                                                    <\/div>\n                                            <\/div>\n                                                                                <\/div>\n                                <\/div>\n                            \n                        \n                        \n                                                                                                                                            <div class=\"htb-col-lg-4 htb-col-sm-6 htb-col-12\">\n                                    <div class=\"ht-post gradient-overlay gradient-overlay-2 mt--20\">\n                                        <div class=\"thumb\">\n                                            <a href=\"https:\/\/utfpr.curitiba.br\/nucleodesignanimacao\/?p=12676\">\n                                                <img loading=\"lazy\" decoding=\"async\" width=\"1920\" height=\"682\" src=\"https:\/\/utfpr-ct-static-content.s3.amazonaws.com\/utfpr.curitiba.br\/wp-content\/uploads\/sites\/99\/2023\/05\/O-Evangelho-segundo-Tauba-e-Primal-Marcia-Deretti-e-Marcio-Junior.png\" class=\"attachment-full size-full wp-post-image\" alt=\"\" srcset=\"https:\/\/utfpr-ct-static-content.s3.amazonaws.com\/utfpr.curitiba.br\/wp-content\/uploads\/sites\/99\/2023\/05\/O-Evangelho-segundo-Tauba-e-Primal-Marcia-Deretti-e-Marcio-Junior.png 1920w, https:\/\/utfpr-ct-static-content.s3.amazonaws.com\/utfpr.curitiba.br\/wp-content\/uploads\/sites\/99\/2023\/05\/O-Evangelho-segundo-Tauba-e-Primal-Marcia-Deretti-e-Marcio-Junior-300x107.png 300w, https:\/\/utfpr-ct-static-content.s3.amazonaws.com\/utfpr.curitiba.br\/wp-content\/uploads\/sites\/99\/2023\/05\/O-Evangelho-segundo-Tauba-e-Primal-Marcia-Deretti-e-Marcio-Junior-1024x364.png 1024w, https:\/\/utfpr-ct-static-content.s3.amazonaws.com\/utfpr.curitiba.br\/wp-content\/uploads\/sites\/99\/2023\/05\/O-Evangelho-segundo-Tauba-e-Primal-Marcia-Deretti-e-Marcio-Junior-768x273.png 768w, https:\/\/utfpr-ct-static-content.s3.amazonaws.com\/utfpr.curitiba.br\/wp-content\/uploads\/sites\/99\/2023\/05\/O-Evangelho-segundo-Tauba-e-Primal-Marcia-Deretti-e-Marcio-Junior-1536x546.png 1536w\" sizes=\"(max-width: 1920px) 100vw, 1920px\" \/>                                            <\/a>\n                                        <\/div>\n                                                                                    <div class=\"post-content\">\n                                                <div class=\"content\">\n                                                    <h4 class=\"htmega-post-g-title\"><a href='https:\/\/utfpr.curitiba.br\/nucleodesignanimacao\/?p=12676'>O Evangelho segundo Tauba e Primal &#8211; M\u00e1rcia Deretti e M\u00e1rcio J\u00fanior<\/a><\/h4>                                                                                                    <\/div>\n                                            <\/div>\n                                                                                <\/div>\n                                <\/div>\n                            \n                        \n                        \n                                                                                                                                            <div class=\"htb-col-lg-4 htb-col-sm-6 htb-col-12\">\n                                    <div class=\"ht-post gradient-overlay gradient-overlay-3 mt--20\">\n                                        <div class=\"thumb\">\n                                            <a href=\"https:\/\/utfpr.curitiba.br\/nucleodesignanimacao\/?p=12664\">\n                                                <img loading=\"lazy\" decoding=\"async\" width=\"1918\" height=\"763\" src=\"https:\/\/utfpr-ct-static-content.s3.amazonaws.com\/utfpr.curitiba.br\/wp-content\/uploads\/sites\/99\/2023\/05\/O-Malabarista-Iuri-Moreno.png\" class=\"attachment-full size-full wp-post-image\" alt=\"\" srcset=\"https:\/\/utfpr-ct-static-content.s3.amazonaws.com\/utfpr.curitiba.br\/wp-content\/uploads\/sites\/99\/2023\/05\/O-Malabarista-Iuri-Moreno.png 1918w, https:\/\/utfpr-ct-static-content.s3.amazonaws.com\/utfpr.curitiba.br\/wp-content\/uploads\/sites\/99\/2023\/05\/O-Malabarista-Iuri-Moreno-300x119.png 300w, https:\/\/utfpr-ct-static-content.s3.amazonaws.com\/utfpr.curitiba.br\/wp-content\/uploads\/sites\/99\/2023\/05\/O-Malabarista-Iuri-Moreno-1024x407.png 1024w, https:\/\/utfpr-ct-static-content.s3.amazonaws.com\/utfpr.curitiba.br\/wp-content\/uploads\/sites\/99\/2023\/05\/O-Malabarista-Iuri-Moreno-768x306.png 768w, https:\/\/utfpr-ct-static-content.s3.amazonaws.com\/utfpr.curitiba.br\/wp-content\/uploads\/sites\/99\/2023\/05\/O-Malabarista-Iuri-Moreno-1536x611.png 1536w\" sizes=\"(max-width: 1918px) 100vw, 1918px\" \/>                                            <\/a>\n                                        <\/div>\n                                                                                    <div class=\"post-content\">\n                                                <div class=\"content\">\n                                                    <h4 class=\"htmega-post-g-title\"><a href='https:\/\/utfpr.curitiba.br\/nucleodesignanimacao\/?p=12664'>O Malabarista &#8211; Iuri Moreno<\/a><\/h4>                                                                                                    <\/div>\n                                            <\/div>\n                                                                                <\/div>\n                                <\/div>\n                            \n                        \n                        \n                                                                                                                                            <div class=\"htb-col-lg-4 htb-col-sm-6 htb-col-12\">\n                                    <div class=\"ht-post gradient-overlay gradient-overlay-4 mt--20\">\n                                        <div class=\"thumb\">\n                                            <a href=\"https:\/\/utfpr.curitiba.br\/nucleodesignanimacao\/?p=12653\">\n                                                <img loading=\"lazy\" decoding=\"async\" width=\"1919\" height=\"830\" src=\"https:\/\/utfpr-ct-static-content.s3.amazonaws.com\/utfpr.curitiba.br\/wp-content\/uploads\/sites\/99\/2023\/05\/Quando-a-chuva-vem-Jefferson-Batista.png\" class=\"attachment-full size-full wp-post-image\" alt=\"\" srcset=\"https:\/\/utfpr-ct-static-content.s3.amazonaws.com\/utfpr.curitiba.br\/wp-content\/uploads\/sites\/99\/2023\/05\/Quando-a-chuva-vem-Jefferson-Batista.png 1919w, https:\/\/utfpr-ct-static-content.s3.amazonaws.com\/utfpr.curitiba.br\/wp-content\/uploads\/sites\/99\/2023\/05\/Quando-a-chuva-vem-Jefferson-Batista-300x130.png 300w, https:\/\/utfpr-ct-static-content.s3.amazonaws.com\/utfpr.curitiba.br\/wp-content\/uploads\/sites\/99\/2023\/05\/Quando-a-chuva-vem-Jefferson-Batista-1024x443.png 1024w, https:\/\/utfpr-ct-static-content.s3.amazonaws.com\/utfpr.curitiba.br\/wp-content\/uploads\/sites\/99\/2023\/05\/Quando-a-chuva-vem-Jefferson-Batista-768x332.png 768w, https:\/\/utfpr-ct-static-content.s3.amazonaws.com\/utfpr.curitiba.br\/wp-content\/uploads\/sites\/99\/2023\/05\/Quando-a-chuva-vem-Jefferson-Batista-1536x664.png 1536w\" sizes=\"(max-width: 1919px) 100vw, 1919px\" \/>                                            <\/a>\n                                        <\/div>\n                                                                                    <div class=\"post-content\">\n                                                <div class=\"content\">\n                                                    <h4 class=\"htmega-post-g-title\"><a href='https:\/\/utfpr.curitiba.br\/nucleodesignanimacao\/?p=12653'>Quando a chuva vem? &#8211; Jefferson Batista<\/a><\/h4>                                                                                                    <\/div>\n                                            <\/div>\n                                                                                <\/div>\n                                <\/div>\n                            \n                        \n                        \n                                                                                                                                            <div class=\"htb-col-lg-4 htb-col-sm-6 htb-col-12\">\n                                    <div class=\"ht-post gradient-overlay gradient-overlay-5 mt--20\">\n                                        <div class=\"thumb\">\n                                            <a href=\"https:\/\/utfpr.curitiba.br\/nucleodesignanimacao\/?p=12642\">\n                                                <img loading=\"lazy\" decoding=\"async\" width=\"1920\" height=\"721\" src=\"https:\/\/utfpr-ct-static-content.s3.amazonaws.com\/utfpr.curitiba.br\/wp-content\/uploads\/sites\/99\/2023\/05\/Oriki-Pamela-Peregrino.png\" class=\"attachment-full size-full wp-post-image\" alt=\"\" srcset=\"https:\/\/utfpr-ct-static-content.s3.amazonaws.com\/utfpr.curitiba.br\/wp-content\/uploads\/sites\/99\/2023\/05\/Oriki-Pamela-Peregrino.png 1920w, https:\/\/utfpr-ct-static-content.s3.amazonaws.com\/utfpr.curitiba.br\/wp-content\/uploads\/sites\/99\/2023\/05\/Oriki-Pamela-Peregrino-300x113.png 300w, https:\/\/utfpr-ct-static-content.s3.amazonaws.com\/utfpr.curitiba.br\/wp-content\/uploads\/sites\/99\/2023\/05\/Oriki-Pamela-Peregrino-1024x385.png 1024w, https:\/\/utfpr-ct-static-content.s3.amazonaws.com\/utfpr.curitiba.br\/wp-content\/uploads\/sites\/99\/2023\/05\/Oriki-Pamela-Peregrino-768x288.png 768w, https:\/\/utfpr-ct-static-content.s3.amazonaws.com\/utfpr.curitiba.br\/wp-content\/uploads\/sites\/99\/2023\/05\/Oriki-Pamela-Peregrino-1536x577.png 1536w\" sizes=\"(max-width: 1920px) 100vw, 1920px\" \/>                                            <\/a>\n                                        <\/div>\n                                                                                    <div class=\"post-content\">\n                                                <div class=\"content\">\n                                                    <h4 class=\"htmega-post-g-title\"><a href='https:\/\/utfpr.curitiba.br\/nucleodesignanimacao\/?p=12642'>Oriki &#8211; P\u00e2mela Peregrino<\/a><\/h4>                                                                                                    <\/div>\n                                            <\/div>\n                                                                                <\/div>\n                                <\/div>\n                            \n                        \n                        \n                                                                                                                                            <div class=\"htb-col-lg-4 htb-col-sm-6 htb-col-12\">\n                                    <div class=\"ht-post gradient-overlay gradient-overlay-6 mt--20\">\n                                        <div class=\"thumb\">\n                                            <a href=\"https:\/\/utfpr.curitiba.br\/nucleodesignanimacao\/?p=12630\">\n                                                <img loading=\"lazy\" decoding=\"async\" width=\"1920\" height=\"875\" src=\"https:\/\/utfpr-ct-static-content.s3.amazonaws.com\/utfpr.curitiba.br\/wp-content\/uploads\/sites\/99\/2023\/05\/Almirante-Negro-Anderson-Cruz.png\" class=\"attachment-full size-full wp-post-image\" alt=\"\" srcset=\"https:\/\/utfpr-ct-static-content.s3.amazonaws.com\/utfpr.curitiba.br\/wp-content\/uploads\/sites\/99\/2023\/05\/Almirante-Negro-Anderson-Cruz.png 1920w, https:\/\/utfpr-ct-static-content.s3.amazonaws.com\/utfpr.curitiba.br\/wp-content\/uploads\/sites\/99\/2023\/05\/Almirante-Negro-Anderson-Cruz-300x137.png 300w, https:\/\/utfpr-ct-static-content.s3.amazonaws.com\/utfpr.curitiba.br\/wp-content\/uploads\/sites\/99\/2023\/05\/Almirante-Negro-Anderson-Cruz-1024x467.png 1024w, https:\/\/utfpr-ct-static-content.s3.amazonaws.com\/utfpr.curitiba.br\/wp-content\/uploads\/sites\/99\/2023\/05\/Almirante-Negro-Anderson-Cruz-768x350.png 768w, https:\/\/utfpr-ct-static-content.s3.amazonaws.com\/utfpr.curitiba.br\/wp-content\/uploads\/sites\/99\/2023\/05\/Almirante-Negro-Anderson-Cruz-1536x700.png 1536w\" sizes=\"(max-width: 1920px) 100vw, 1920px\" \/>                                            <\/a>\n                                        <\/div>\n                                                                                    <div class=\"post-content\">\n                                                <div class=\"content\">\n                                                    <h4 class=\"htmega-post-g-title\"><a href='https:\/\/utfpr.curitiba.br\/nucleodesignanimacao\/?p=12630'>Almirante Negro &#8211; Anderson Cruz<\/a><\/h4>                                                                                                    <\/div>\n                                            <\/div>\n                                                                                <\/div>\n                                <\/div>\n                            \n                        \n                        \n                                                                                                                                            <div class=\"htb-col-lg-4 htb-col-sm-6 htb-col-12\">\n                                    <div class=\"ht-post gradient-overlay gradient-overlay-1 mt--20\">\n                                        <div class=\"thumb\">\n                                            <a href=\"https:\/\/utfpr.curitiba.br\/nucleodesignanimacao\/?p=12619\">\n                                                <img loading=\"lazy\" decoding=\"async\" width=\"1080\" height=\"1581\" src=\"https:\/\/utfpr-ct-static-content.s3.amazonaws.com\/utfpr.curitiba.br\/wp-content\/uploads\/sites\/99\/2023\/05\/Reflexo-Suspeito-Paolo-Conti.png\" class=\"attachment-full size-full wp-post-image\" alt=\"\" srcset=\"https:\/\/utfpr-ct-static-content.s3.amazonaws.com\/utfpr.curitiba.br\/wp-content\/uploads\/sites\/99\/2023\/05\/Reflexo-Suspeito-Paolo-Conti.png 1080w, https:\/\/utfpr-ct-static-content.s3.amazonaws.com\/utfpr.curitiba.br\/wp-content\/uploads\/sites\/99\/2023\/05\/Reflexo-Suspeito-Paolo-Conti-205x300.png 205w, https:\/\/utfpr-ct-static-content.s3.amazonaws.com\/utfpr.curitiba.br\/wp-content\/uploads\/sites\/99\/2023\/05\/Reflexo-Suspeito-Paolo-Conti-700x1024.png 700w, https:\/\/utfpr-ct-static-content.s3.amazonaws.com\/utfpr.curitiba.br\/wp-content\/uploads\/sites\/99\/2023\/05\/Reflexo-Suspeito-Paolo-Conti-768x1124.png 768w, https:\/\/utfpr-ct-static-content.s3.amazonaws.com\/utfpr.curitiba.br\/wp-content\/uploads\/sites\/99\/2023\/05\/Reflexo-Suspeito-Paolo-Conti-1049x1536.png 1049w\" sizes=\"(max-width: 1080px) 100vw, 1080px\" \/>                                            <\/a>\n                                        <\/div>\n                                                                                    <div class=\"post-content\">\n                                                <div class=\"content\">\n                                                    <h4 class=\"htmega-post-g-title\"><a href='https:\/\/utfpr.curitiba.br\/nucleodesignanimacao\/?p=12619'>Reflexo Suspeito &#8211; Paolo Conti<\/a><\/h4>                                                                                                    <\/div>\n                                            <\/div>\n                                                                                <\/div>\n                                <\/div>\n                            \n                        \n                        \n                                                                                                                                            <div class=\"htb-col-lg-4 htb-col-sm-6 htb-col-12\">\n                                    <div class=\"ht-post gradient-overlay gradient-overlay-2 mt--20\">\n                                        <div class=\"thumb\">\n                                            <a href=\"https:\/\/utfpr.curitiba.br\/nucleodesignanimacao\/?p=12608\">\n                                                <img loading=\"lazy\" decoding=\"async\" width=\"1920\" height=\"776\" src=\"https:\/\/utfpr-ct-static-content.s3.amazonaws.com\/utfpr.curitiba.br\/wp-content\/uploads\/sites\/99\/2023\/05\/MYTIKAH-O-Livro-dos-Herois-Hygor-Amorim-e-Jonas-Brandao.png\" class=\"attachment-full size-full wp-post-image\" alt=\"\" srcset=\"https:\/\/utfpr-ct-static-content.s3.amazonaws.com\/utfpr.curitiba.br\/wp-content\/uploads\/sites\/99\/2023\/05\/MYTIKAH-O-Livro-dos-Herois-Hygor-Amorim-e-Jonas-Brandao.png 1920w, https:\/\/utfpr-ct-static-content.s3.amazonaws.com\/utfpr.curitiba.br\/wp-content\/uploads\/sites\/99\/2023\/05\/MYTIKAH-O-Livro-dos-Herois-Hygor-Amorim-e-Jonas-Brandao-300x121.png 300w, https:\/\/utfpr-ct-static-content.s3.amazonaws.com\/utfpr.curitiba.br\/wp-content\/uploads\/sites\/99\/2023\/05\/MYTIKAH-O-Livro-dos-Herois-Hygor-Amorim-e-Jonas-Brandao-1024x414.png 1024w, https:\/\/utfpr-ct-static-content.s3.amazonaws.com\/utfpr.curitiba.br\/wp-content\/uploads\/sites\/99\/2023\/05\/MYTIKAH-O-Livro-dos-Herois-Hygor-Amorim-e-Jonas-Brandao-768x310.png 768w, https:\/\/utfpr-ct-static-content.s3.amazonaws.com\/utfpr.curitiba.br\/wp-content\/uploads\/sites\/99\/2023\/05\/MYTIKAH-O-Livro-dos-Herois-Hygor-Amorim-e-Jonas-Brandao-1536x621.png 1536w\" sizes=\"(max-width: 1920px) 100vw, 1920px\" \/>                                            <\/a>\n                                        <\/div>\n                                                                                    <div class=\"post-content\">\n                                                <div class=\"content\">\n                                                    <h4 class=\"htmega-post-g-title\"><a href='https:\/\/utfpr.curitiba.br\/nucleodesignanimacao\/?p=12608'>MYTIKAH &#8211; O Livro dos Her\u00f3is &#8211; Hygor Amorim e Jonas Brand\u00e3o<\/a><\/h4>                                                                                                    <\/div>\n                                            <\/div>\n                                                                                <\/div>\n                                <\/div>\n                            \n                        \n                        \n                                                                                                                                            <div class=\"htb-col-lg-4 htb-col-sm-6 htb-col-12\">\n                                    <div class=\"ht-post gradient-overlay gradient-overlay-3 mt--20\">\n                                        <div class=\"thumb\">\n                                            <a href=\"https:\/\/utfpr.curitiba.br\/nucleodesignanimacao\/?p=12597\">\n                                                <img loading=\"lazy\" decoding=\"async\" width=\"1920\" height=\"851\" src=\"https:\/\/utfpr-ct-static-content.s3.amazonaws.com\/utfpr.curitiba.br\/wp-content\/uploads\/sites\/99\/2023\/05\/Knock-em-out-the-box-Vinicius-Kahan.png\" class=\"attachment-full size-full wp-post-image\" alt=\"\" srcset=\"https:\/\/utfpr-ct-static-content.s3.amazonaws.com\/utfpr.curitiba.br\/wp-content\/uploads\/sites\/99\/2023\/05\/Knock-em-out-the-box-Vinicius-Kahan.png 1920w, https:\/\/utfpr-ct-static-content.s3.amazonaws.com\/utfpr.curitiba.br\/wp-content\/uploads\/sites\/99\/2023\/05\/Knock-em-out-the-box-Vinicius-Kahan-300x133.png 300w, https:\/\/utfpr-ct-static-content.s3.amazonaws.com\/utfpr.curitiba.br\/wp-content\/uploads\/sites\/99\/2023\/05\/Knock-em-out-the-box-Vinicius-Kahan-1024x454.png 1024w, https:\/\/utfpr-ct-static-content.s3.amazonaws.com\/utfpr.curitiba.br\/wp-content\/uploads\/sites\/99\/2023\/05\/Knock-em-out-the-box-Vinicius-Kahan-768x340.png 768w, https:\/\/utfpr-ct-static-content.s3.amazonaws.com\/utfpr.curitiba.br\/wp-content\/uploads\/sites\/99\/2023\/05\/Knock-em-out-the-box-Vinicius-Kahan-1536x681.png 1536w\" sizes=\"(max-width: 1920px) 100vw, 1920px\" \/>                                            <\/a>\n                                        <\/div>\n                                                                                    <div class=\"post-content\">\n                                                <div class=\"content\">\n                                                    <h4 class=\"htmega-post-g-title\"><a href='https:\/\/utfpr.curitiba.br\/nucleodesignanimacao\/?p=12597'>Knock em out the box &#8211; Vinicius Kahan<\/a><\/h4>                                                                                                    <\/div>\n                                            <\/div>\n                                                                                <\/div>\n                                <\/div>\n                            \n                        \n                        \n                                                                                                                                            <div class=\"htb-col-lg-4 htb-col-sm-6 htb-col-12\">\n                                    <div class=\"ht-post gradient-overlay gradient-overlay-4 mt--20\">\n                                        <div class=\"thumb\">\n                                            <a href=\"https:\/\/utfpr.curitiba.br\/nucleodesignanimacao\/?p=12586\">\n                                                <img loading=\"lazy\" decoding=\"async\" width=\"232\" height=\"130\" src=\"https:\/\/utfpr-ct-static-content.s3.amazonaws.com\/utfpr.curitiba.br\/wp-content\/uploads\/sites\/99\/2023\/05\/Isso-e-Mundo-Cao-Rodrigo-EBA.jpg\" class=\"attachment-full size-full wp-post-image\" alt=\"\" \/>                                            <\/a>\n                                        <\/div>\n                                                                                    <div class=\"post-content\">\n                                                <div class=\"content\">\n                                                    <h4 class=\"htmega-post-g-title\"><a href='https:\/\/utfpr.curitiba.br\/nucleodesignanimacao\/?p=12586'>Isso \u00e9 Mundo C\u00e3o &#8211; Rodrigo EBA<\/a><\/h4>                                                                                                    <\/div>\n                                            <\/div>\n                                                                                <\/div>\n                                <\/div>\n                            \n                        \n                        \n                                                                                                                                            <div class=\"htb-col-lg-4 htb-col-sm-6 htb-col-12\">\n                                    <div class=\"ht-post gradient-overlay gradient-overlay-5 mt--20\">\n                                        <div class=\"thumb\">\n                                            <a href=\"https:\/\/utfpr.curitiba.br\/nucleodesignanimacao\/?p=12575\">\n                                                <img loading=\"lazy\" decoding=\"async\" width=\"1920\" height=\"876\" src=\"https:\/\/utfpr-ct-static-content.s3.amazonaws.com\/utfpr.curitiba.br\/wp-content\/uploads\/sites\/99\/2023\/05\/8-Patas-Fabricio-Rabachim-Gabriel-Barbosa-e-Pietro-Nicolodi.png\" class=\"attachment-full size-full wp-post-image\" alt=\"\" srcset=\"https:\/\/utfpr-ct-static-content.s3.amazonaws.com\/utfpr.curitiba.br\/wp-content\/uploads\/sites\/99\/2023\/05\/8-Patas-Fabricio-Rabachim-Gabriel-Barbosa-e-Pietro-Nicolodi.png 1920w, https:\/\/utfpr-ct-static-content.s3.amazonaws.com\/utfpr.curitiba.br\/wp-content\/uploads\/sites\/99\/2023\/05\/8-Patas-Fabricio-Rabachim-Gabriel-Barbosa-e-Pietro-Nicolodi-300x137.png 300w, https:\/\/utfpr-ct-static-content.s3.amazonaws.com\/utfpr.curitiba.br\/wp-content\/uploads\/sites\/99\/2023\/05\/8-Patas-Fabricio-Rabachim-Gabriel-Barbosa-e-Pietro-Nicolodi-1024x467.png 1024w, https:\/\/utfpr-ct-static-content.s3.amazonaws.com\/utfpr.curitiba.br\/wp-content\/uploads\/sites\/99\/2023\/05\/8-Patas-Fabricio-Rabachim-Gabriel-Barbosa-e-Pietro-Nicolodi-768x350.png 768w, https:\/\/utfpr-ct-static-content.s3.amazonaws.com\/utfpr.curitiba.br\/wp-content\/uploads\/sites\/99\/2023\/05\/8-Patas-Fabricio-Rabachim-Gabriel-Barbosa-e-Pietro-Nicolodi-1536x701.png 1536w\" sizes=\"(max-width: 1920px) 100vw, 1920px\" \/>                                            <\/a>\n                                        <\/div>\n                                                                                    <div class=\"post-content\">\n                                                <div class=\"content\">\n                                                    <h4 class=\"htmega-post-g-title\"><a href='https:\/\/utfpr.curitiba.br\/nucleodesignanimacao\/?p=12575'>8 Patas &#8211; Fabr\u00edcio Rabachim, Gabriel Barbosa e Pietro Nicolodi<\/a><\/h4>                                                                                                    <\/div>\n                                            <\/div>\n                                                                                <\/div>\n                                <\/div>\n                            \n                        \n                        \n                                                                                                                                            <div class=\"htb-col-lg-4 htb-col-sm-6 htb-col-12\">\n                                    <div class=\"ht-post gradient-overlay gradient-overlay-6 mt--20\">\n                                        <div class=\"thumb\">\n                                            <a href=\"https:\/\/utfpr.curitiba.br\/nucleodesignanimacao\/?p=12561\">\n                                                <img loading=\"lazy\" decoding=\"async\" width=\"1920\" height=\"794\" src=\"https:\/\/utfpr-ct-static-content.s3.amazonaws.com\/utfpr.curitiba.br\/wp-content\/uploads\/sites\/99\/2023\/05\/Aurora-A-Rua-que-queria-ser-rio-Radhi-Meron.png\" class=\"attachment-full size-full wp-post-image\" alt=\"\" srcset=\"https:\/\/utfpr-ct-static-content.s3.amazonaws.com\/utfpr.curitiba.br\/wp-content\/uploads\/sites\/99\/2023\/05\/Aurora-A-Rua-que-queria-ser-rio-Radhi-Meron.png 1920w, https:\/\/utfpr-ct-static-content.s3.amazonaws.com\/utfpr.curitiba.br\/wp-content\/uploads\/sites\/99\/2023\/05\/Aurora-A-Rua-que-queria-ser-rio-Radhi-Meron-300x124.png 300w, https:\/\/utfpr-ct-static-content.s3.amazonaws.com\/utfpr.curitiba.br\/wp-content\/uploads\/sites\/99\/2023\/05\/Aurora-A-Rua-que-queria-ser-rio-Radhi-Meron-1024x423.png 1024w, https:\/\/utfpr-ct-static-content.s3.amazonaws.com\/utfpr.curitiba.br\/wp-content\/uploads\/sites\/99\/2023\/05\/Aurora-A-Rua-que-queria-ser-rio-Radhi-Meron-768x318.png 768w, https:\/\/utfpr-ct-static-content.s3.amazonaws.com\/utfpr.curitiba.br\/wp-content\/uploads\/sites\/99\/2023\/05\/Aurora-A-Rua-que-queria-ser-rio-Radhi-Meron-1536x635.png 1536w\" sizes=\"(max-width: 1920px) 100vw, 1920px\" \/>                                            <\/a>\n                                        <\/div>\n                                                                                    <div class=\"post-content\">\n                                                <div class=\"content\">\n                                                    <h4 class=\"htmega-post-g-title\"><a href='https:\/\/utfpr.curitiba.br\/nucleodesignanimacao\/?p=12561'>Aurora &#8211; A Rua que queria ser rio &#8211; Radhi Meron<\/a><\/h4>                                                                                                    <\/div>\n                                            <\/div>\n                                                                                <\/div>\n                                <\/div>\n                            \n                        \n                        \n                                                                                                                                            <div class=\"htb-col-lg-4 htb-col-sm-6 htb-col-12\">\n                                    <div class=\"ht-post gradient-overlay gradient-overlay-1 mt--20\">\n                                        <div class=\"thumb\">\n                                            <a href=\"https:\/\/utfpr.curitiba.br\/nucleodesignanimacao\/?p=12550\">\n                                                <img loading=\"lazy\" decoding=\"async\" width=\"350\" height=\"197\" src=\"https:\/\/utfpr-ct-static-content.s3.amazonaws.com\/utfpr.curitiba.br\/wp-content\/uploads\/sites\/99\/2023\/05\/Dia-do-Manguezal-Criancas-do-Centro-Municipal-de-Ensino-Infantil-CmeiJacyntha-Ferreira-de-Souza-Simoes-ES-Instituto-Marlin-Azul.jpg\" class=\"attachment-full size-full wp-post-image\" alt=\"\" srcset=\"https:\/\/utfpr-ct-static-content.s3.amazonaws.com\/utfpr.curitiba.br\/wp-content\/uploads\/sites\/99\/2023\/05\/Dia-do-Manguezal-Criancas-do-Centro-Municipal-de-Ensino-Infantil-CmeiJacyntha-Ferreira-de-Souza-Simoes-ES-Instituto-Marlin-Azul.jpg 350w, https:\/\/utfpr-ct-static-content.s3.amazonaws.com\/utfpr.curitiba.br\/wp-content\/uploads\/sites\/99\/2023\/05\/Dia-do-Manguezal-Criancas-do-Centro-Municipal-de-Ensino-Infantil-CmeiJacyntha-Ferreira-de-Souza-Simoes-ES-Instituto-Marlin-Azul-300x169.jpg 300w\" sizes=\"(max-width: 350px) 100vw, 350px\" \/>                                            <\/a>\n                                        <\/div>\n                                                                                    <div class=\"post-content\">\n                                                <div class=\"content\">\n                                                    <h4 class=\"htmega-post-g-title\"><a href='https:\/\/utfpr.curitiba.br\/nucleodesignanimacao\/?p=12550'>Dia do Manguezal &#8211; Crian\u00e7as do Centro Municipal de Ensino Infantil (Cmei) Jacyntha<\/a><\/h4>                                                                                                    <\/div>\n                                            <\/div>\n                                                                                <\/div>\n                                <\/div>\n                            \n                        \n                        \n                                                                                                                                            <div class=\"htb-col-lg-4 htb-col-sm-6 htb-col-12\">\n                                    <div class=\"ht-post gradient-overlay gradient-overlay-2 mt--20\">\n                                        <div class=\"thumb\">\n                                            <a href=\"https:\/\/utfpr.curitiba.br\/nucleodesignanimacao\/?p=12539\">\n                                                <img loading=\"lazy\" decoding=\"async\" width=\"1920\" height=\"850\" src=\"https:\/\/utfpr-ct-static-content.s3.amazonaws.com\/utfpr.curitiba.br\/wp-content\/uploads\/sites\/99\/2023\/05\/Napo-Gustavo-Ribeiro.png\" class=\"attachment-full size-full wp-post-image\" alt=\"\" srcset=\"https:\/\/utfpr-ct-static-content.s3.amazonaws.com\/utfpr.curitiba.br\/wp-content\/uploads\/sites\/99\/2023\/05\/Napo-Gustavo-Ribeiro.png 1920w, https:\/\/utfpr-ct-static-content.s3.amazonaws.com\/utfpr.curitiba.br\/wp-content\/uploads\/sites\/99\/2023\/05\/Napo-Gustavo-Ribeiro-300x133.png 300w, https:\/\/utfpr-ct-static-content.s3.amazonaws.com\/utfpr.curitiba.br\/wp-content\/uploads\/sites\/99\/2023\/05\/Napo-Gustavo-Ribeiro-1024x453.png 1024w, https:\/\/utfpr-ct-static-content.s3.amazonaws.com\/utfpr.curitiba.br\/wp-content\/uploads\/sites\/99\/2023\/05\/Napo-Gustavo-Ribeiro-768x340.png 768w, https:\/\/utfpr-ct-static-content.s3.amazonaws.com\/utfpr.curitiba.br\/wp-content\/uploads\/sites\/99\/2023\/05\/Napo-Gustavo-Ribeiro-1536x680.png 1536w\" sizes=\"(max-width: 1920px) 100vw, 1920px\" \/>                                            <\/a>\n                                        <\/div>\n                                                                                    <div class=\"post-content\">\n                                                <div class=\"content\">\n                                                    <h4 class=\"htmega-post-g-title\"><a href='https:\/\/utfpr.curitiba.br\/nucleodesignanimacao\/?p=12539'>Napo &#8211; Gustavo Ribeiro<\/a><\/h4>                                                                                                    <\/div>\n                                            <\/div>\n                                                                                <\/div>\n                                <\/div>\n                            \n                        \n                        \n                                                                                                                                            <div class=\"htb-col-lg-4 htb-col-sm-6 htb-col-12\">\n                                    <div class=\"ht-post gradient-overlay gradient-overlay-3 mt--20\">\n                                        <div class=\"thumb\">\n                                            <a href=\"https:\/\/utfpr.curitiba.br\/nucleodesignanimacao\/?p=12528\">\n                                                <img loading=\"lazy\" decoding=\"async\" width=\"3334\" height=\"2348\" src=\"https:\/\/utfpr-ct-static-content.s3.amazonaws.com\/utfpr.curitiba.br\/wp-content\/uploads\/sites\/99\/2023\/04\/Imagem-substituicao_Prancheta-1.png\" class=\"attachment-full size-full wp-post-image\" alt=\"\" srcset=\"https:\/\/utfpr-ct-static-content.s3.amazonaws.com\/utfpr.curitiba.br\/wp-content\/uploads\/sites\/99\/2023\/04\/Imagem-substituicao_Prancheta-1.png 3334w, https:\/\/utfpr-ct-static-content.s3.amazonaws.com\/utfpr.curitiba.br\/wp-content\/uploads\/sites\/99\/2023\/04\/Imagem-substituicao_Prancheta-1-300x211.png 300w, https:\/\/utfpr-ct-static-content.s3.amazonaws.com\/utfpr.curitiba.br\/wp-content\/uploads\/sites\/99\/2023\/04\/Imagem-substituicao_Prancheta-1-1024x721.png 1024w, https:\/\/utfpr-ct-static-content.s3.amazonaws.com\/utfpr.curitiba.br\/wp-content\/uploads\/sites\/99\/2023\/04\/Imagem-substituicao_Prancheta-1-768x541.png 768w, https:\/\/utfpr-ct-static-content.s3.amazonaws.com\/utfpr.curitiba.br\/wp-content\/uploads\/sites\/99\/2023\/04\/Imagem-substituicao_Prancheta-1-1536x1082.png 1536w, https:\/\/utfpr-ct-static-content.s3.amazonaws.com\/utfpr.curitiba.br\/wp-content\/uploads\/sites\/99\/2023\/04\/Imagem-substituicao_Prancheta-1-2048x1442.png 2048w\" sizes=\"(max-width: 3334px) 100vw, 3334px\" \/>                                            <\/a>\n                                        <\/div>\n                                                                                    <div class=\"post-content\">\n                                                <div class=\"content\">\n                                                    <h4 class=\"htmega-post-g-title\"><a href='https:\/\/utfpr.curitiba.br\/nucleodesignanimacao\/?p=12528'>Um conto ind\u00edgena<\/a><\/h4>                                                                                                    <\/div>\n                                            <\/div>\n                                                                                <\/div>\n                                <\/div>\n                            \n                        \n                        \n                                                                                                                                            <div class=\"htb-col-lg-4 htb-col-sm-6 htb-col-12\">\n                                    <div class=\"ht-post gradient-overlay gradient-overlay-4 mt--20\">\n                                        <div class=\"thumb\">\n                                            <a href=\"https:\/\/utfpr.curitiba.br\/nucleodesignanimacao\/?p=12517\">\n                                                <img loading=\"lazy\" decoding=\"async\" width=\"512\" height=\"640\" src=\"https:\/\/utfpr-ct-static-content.s3.amazonaws.com\/utfpr.curitiba.br\/wp-content\/uploads\/sites\/99\/2023\/05\/Tig-e-Papy-em-O-Cafe-da-Manha-.jpg\" class=\"attachment-full size-full wp-post-image\" alt=\"\" srcset=\"https:\/\/utfpr-ct-static-content.s3.amazonaws.com\/utfpr.curitiba.br\/wp-content\/uploads\/sites\/99\/2023\/05\/Tig-e-Papy-em-O-Cafe-da-Manha-.jpg 512w, https:\/\/utfpr-ct-static-content.s3.amazonaws.com\/utfpr.curitiba.br\/wp-content\/uploads\/sites\/99\/2023\/05\/Tig-e-Papy-em-O-Cafe-da-Manha--240x300.jpg 240w\" sizes=\"(max-width: 512px) 100vw, 512px\" \/>                                            <\/a>\n                                        <\/div>\n                                                                                    <div class=\"post-content\">\n                                                <div class=\"content\">\n                                                    <h4 class=\"htmega-post-g-title\"><a href='https:\/\/utfpr.curitiba.br\/nucleodesignanimacao\/?p=12517'>Tig e Papy em O Caf\u00e9 da Manh\u00e3 &#8211; S\u00e9rgio Martinelli<\/a><\/h4>                                                                                                    <\/div>\n                                            <\/div>\n                                                                                <\/div>\n                                <\/div>\n                            \n                        \n                        \n                                                                                                                                            <div class=\"htb-col-lg-4 htb-col-sm-6 htb-col-12\">\n                                    <div class=\"ht-post gradient-overlay gradient-overlay-5 mt--20\">\n                                        <div class=\"thumb\">\n                                            <a href=\"https:\/\/utfpr.curitiba.br\/nucleodesignanimacao\/?p=12506\">\n                                                <img loading=\"lazy\" decoding=\"async\" width=\"1880\" height=\"839\" src=\"https:\/\/utfpr-ct-static-content.s3.amazonaws.com\/utfpr.curitiba.br\/wp-content\/uploads\/sites\/99\/2023\/05\/The-Extraordinary-Story-of-Bruna-Marc-Riba-Anna-Solanas.png\" class=\"attachment-full size-full wp-post-image\" alt=\"\" srcset=\"https:\/\/utfpr-ct-static-content.s3.amazonaws.com\/utfpr.curitiba.br\/wp-content\/uploads\/sites\/99\/2023\/05\/The-Extraordinary-Story-of-Bruna-Marc-Riba-Anna-Solanas.png 1880w, https:\/\/utfpr-ct-static-content.s3.amazonaws.com\/utfpr.curitiba.br\/wp-content\/uploads\/sites\/99\/2023\/05\/The-Extraordinary-Story-of-Bruna-Marc-Riba-Anna-Solanas-300x134.png 300w, https:\/\/utfpr-ct-static-content.s3.amazonaws.com\/utfpr.curitiba.br\/wp-content\/uploads\/sites\/99\/2023\/05\/The-Extraordinary-Story-of-Bruna-Marc-Riba-Anna-Solanas-1024x457.png 1024w, https:\/\/utfpr-ct-static-content.s3.amazonaws.com\/utfpr.curitiba.br\/wp-content\/uploads\/sites\/99\/2023\/05\/The-Extraordinary-Story-of-Bruna-Marc-Riba-Anna-Solanas-768x343.png 768w, https:\/\/utfpr-ct-static-content.s3.amazonaws.com\/utfpr.curitiba.br\/wp-content\/uploads\/sites\/99\/2023\/05\/The-Extraordinary-Story-of-Bruna-Marc-Riba-Anna-Solanas-1536x685.png 1536w\" sizes=\"(max-width: 1880px) 100vw, 1880px\" \/>                                            <\/a>\n                                        <\/div>\n                                                                                    <div class=\"post-content\">\n                                                <div class=\"content\">\n                                                    <h4 class=\"htmega-post-g-title\"><a href='https:\/\/utfpr.curitiba.br\/nucleodesignanimacao\/?p=12506'>The Extraordinary Story of Bruna &#8211; Marc Riba &amp; Anna Solanas<\/a><\/h4>                                                                                                    <\/div>\n                                            <\/div>\n                                                                                <\/div>\n                                <\/div>\n                            \n                        \n                        \n                                                                                                                                            <div class=\"htb-col-lg-4 htb-col-sm-6 htb-col-12\">\n                                    <div class=\"ht-post gradient-overlay gradient-overlay-6 mt--20\">\n                                        <div class=\"thumb\">\n                                            <a href=\"https:\/\/utfpr.curitiba.br\/nucleodesignanimacao\/?p=12495\">\n                                                <img loading=\"lazy\" decoding=\"async\" width=\"3334\" height=\"2348\" src=\"https:\/\/utfpr-ct-static-content.s3.amazonaws.com\/utfpr.curitiba.br\/wp-content\/uploads\/sites\/99\/2023\/04\/Imagem-substituicao_Prancheta-1.png\" class=\"attachment-full size-full wp-post-image\" alt=\"\" srcset=\"https:\/\/utfpr-ct-static-content.s3.amazonaws.com\/utfpr.curitiba.br\/wp-content\/uploads\/sites\/99\/2023\/04\/Imagem-substituicao_Prancheta-1.png 3334w, https:\/\/utfpr-ct-static-content.s3.amazonaws.com\/utfpr.curitiba.br\/wp-content\/uploads\/sites\/99\/2023\/04\/Imagem-substituicao_Prancheta-1-300x211.png 300w, https:\/\/utfpr-ct-static-content.s3.amazonaws.com\/utfpr.curitiba.br\/wp-content\/uploads\/sites\/99\/2023\/04\/Imagem-substituicao_Prancheta-1-1024x721.png 1024w, https:\/\/utfpr-ct-static-content.s3.amazonaws.com\/utfpr.curitiba.br\/wp-content\/uploads\/sites\/99\/2023\/04\/Imagem-substituicao_Prancheta-1-768x541.png 768w, https:\/\/utfpr-ct-static-content.s3.amazonaws.com\/utfpr.curitiba.br\/wp-content\/uploads\/sites\/99\/2023\/04\/Imagem-substituicao_Prancheta-1-1536x1082.png 1536w, https:\/\/utfpr-ct-static-content.s3.amazonaws.com\/utfpr.curitiba.br\/wp-content\/uploads\/sites\/99\/2023\/04\/Imagem-substituicao_Prancheta-1-2048x1442.png 2048w\" sizes=\"(max-width: 3334px) 100vw, 3334px\" \/>                                            <\/a>\n                                        <\/div>\n                                                                                    <div class=\"post-content\">\n                                                <div class=\"content\">\n                                                    <h4 class=\"htmega-post-g-title\"><a href='https:\/\/utfpr.curitiba.br\/nucleodesignanimacao\/?p=12495'>The Ducks<\/a><\/h4>                                                                                                    <\/div>\n                                            <\/div>\n                                                                                <\/div>\n                                <\/div>\n                            \n                        \n                        \n                                                                                                                                            <div class=\"htb-col-lg-4 htb-col-sm-6 htb-col-12\">\n                                    <div class=\"ht-post gradient-overlay gradient-overlay-1 mt--20\">\n                                        <div class=\"thumb\">\n                                            <a href=\"https:\/\/utfpr.curitiba.br\/nucleodesignanimacao\/?p=12484\">\n                                                <img loading=\"lazy\" decoding=\"async\" width=\"1283\" height=\"654\" src=\"https:\/\/utfpr-ct-static-content.s3.amazonaws.com\/utfpr.curitiba.br\/wp-content\/uploads\/sites\/99\/2023\/05\/Sobre-a-Gente-Analucia-Godoi.png\" class=\"attachment-full size-full wp-post-image\" alt=\"\" srcset=\"https:\/\/utfpr-ct-static-content.s3.amazonaws.com\/utfpr.curitiba.br\/wp-content\/uploads\/sites\/99\/2023\/05\/Sobre-a-Gente-Analucia-Godoi.png 1283w, https:\/\/utfpr-ct-static-content.s3.amazonaws.com\/utfpr.curitiba.br\/wp-content\/uploads\/sites\/99\/2023\/05\/Sobre-a-Gente-Analucia-Godoi-300x153.png 300w, https:\/\/utfpr-ct-static-content.s3.amazonaws.com\/utfpr.curitiba.br\/wp-content\/uploads\/sites\/99\/2023\/05\/Sobre-a-Gente-Analucia-Godoi-1024x522.png 1024w, https:\/\/utfpr-ct-static-content.s3.amazonaws.com\/utfpr.curitiba.br\/wp-content\/uploads\/sites\/99\/2023\/05\/Sobre-a-Gente-Analucia-Godoi-768x391.png 768w\" sizes=\"(max-width: 1283px) 100vw, 1283px\" \/>                                            <\/a>\n                                        <\/div>\n                                                                                    <div class=\"post-content\">\n                                                <div class=\"content\">\n                                                    <h4 class=\"htmega-post-g-title\"><a href='https:\/\/utfpr.curitiba.br\/nucleodesignanimacao\/?p=12484'>Sobre a Gente &#8211; Analucia Godoi<\/a><\/h4>                                                                                                    <\/div>\n                                            <\/div>\n                                                                                <\/div>\n                                <\/div>\n                            \n                        \n                        \n                                                                                                                                            <div class=\"htb-col-lg-4 htb-col-sm-6 htb-col-12\">\n                                    <div class=\"ht-post gradient-overlay gradient-overlay-2 mt--20\">\n                                        <div class=\"thumb\">\n                                            <a href=\"https:\/\/utfpr.curitiba.br\/nucleodesignanimacao\/?p=12473\">\n                                                <img loading=\"lazy\" decoding=\"async\" width=\"3334\" height=\"2348\" src=\"https:\/\/utfpr-ct-static-content.s3.amazonaws.com\/utfpr.curitiba.br\/wp-content\/uploads\/sites\/99\/2023\/04\/Imagem-substituicao_Prancheta-1.png\" class=\"attachment-full size-full wp-post-image\" alt=\"\" srcset=\"https:\/\/utfpr-ct-static-content.s3.amazonaws.com\/utfpr.curitiba.br\/wp-content\/uploads\/sites\/99\/2023\/04\/Imagem-substituicao_Prancheta-1.png 3334w, https:\/\/utfpr-ct-static-content.s3.amazonaws.com\/utfpr.curitiba.br\/wp-content\/uploads\/sites\/99\/2023\/04\/Imagem-substituicao_Prancheta-1-300x211.png 300w, https:\/\/utfpr-ct-static-content.s3.amazonaws.com\/utfpr.curitiba.br\/wp-content\/uploads\/sites\/99\/2023\/04\/Imagem-substituicao_Prancheta-1-1024x721.png 1024w, https:\/\/utfpr-ct-static-content.s3.amazonaws.com\/utfpr.curitiba.br\/wp-content\/uploads\/sites\/99\/2023\/04\/Imagem-substituicao_Prancheta-1-768x541.png 768w, https:\/\/utfpr-ct-static-content.s3.amazonaws.com\/utfpr.curitiba.br\/wp-content\/uploads\/sites\/99\/2023\/04\/Imagem-substituicao_Prancheta-1-1536x1082.png 1536w, https:\/\/utfpr-ct-static-content.s3.amazonaws.com\/utfpr.curitiba.br\/wp-content\/uploads\/sites\/99\/2023\/04\/Imagem-substituicao_Prancheta-1-2048x1442.png 2048w\" sizes=\"(max-width: 3334px) 100vw, 3334px\" \/>                                            <\/a>\n                                        <\/div>\n                                                                                    <div class=\"post-content\">\n                                                <div class=\"content\">\n                                                    <h4 class=\"htmega-post-g-title\"><a href='https:\/\/utfpr.curitiba.br\/nucleodesignanimacao\/?p=12473'>Sapo Xul\u00e9<\/a><\/h4>                                                                                                    <\/div>\n                                            <\/div>\n                                                                                <\/div>\n                                <\/div>\n                            \n                        \n                        \n                                                                                                                                            <div class=\"htb-col-lg-4 htb-col-sm-6 htb-col-12\">\n                                    <div class=\"ht-post gradient-overlay gradient-overlay-3 mt--20\">\n                                        <div class=\"thumb\">\n                                            <a href=\"https:\/\/utfpr.curitiba.br\/nucleodesignanimacao\/?p=12462\">\n                                                <img loading=\"lazy\" decoding=\"async\" width=\"3334\" height=\"2348\" src=\"https:\/\/utfpr-ct-static-content.s3.amazonaws.com\/utfpr.curitiba.br\/wp-content\/uploads\/sites\/99\/2023\/04\/Imagem-substituicao_Prancheta-1.png\" class=\"attachment-full size-full wp-post-image\" alt=\"\" srcset=\"https:\/\/utfpr-ct-static-content.s3.amazonaws.com\/utfpr.curitiba.br\/wp-content\/uploads\/sites\/99\/2023\/04\/Imagem-substituicao_Prancheta-1.png 3334w, https:\/\/utfpr-ct-static-content.s3.amazonaws.com\/utfpr.curitiba.br\/wp-content\/uploads\/sites\/99\/2023\/04\/Imagem-substituicao_Prancheta-1-300x211.png 300w, https:\/\/utfpr-ct-static-content.s3.amazonaws.com\/utfpr.curitiba.br\/wp-content\/uploads\/sites\/99\/2023\/04\/Imagem-substituicao_Prancheta-1-1024x721.png 1024w, https:\/\/utfpr-ct-static-content.s3.amazonaws.com\/utfpr.curitiba.br\/wp-content\/uploads\/sites\/99\/2023\/04\/Imagem-substituicao_Prancheta-1-768x541.png 768w, https:\/\/utfpr-ct-static-content.s3.amazonaws.com\/utfpr.curitiba.br\/wp-content\/uploads\/sites\/99\/2023\/04\/Imagem-substituicao_Prancheta-1-1536x1082.png 1536w, https:\/\/utfpr-ct-static-content.s3.amazonaws.com\/utfpr.curitiba.br\/wp-content\/uploads\/sites\/99\/2023\/04\/Imagem-substituicao_Prancheta-1-2048x1442.png 2048w\" sizes=\"(max-width: 3334px) 100vw, 3334px\" \/>                                            <\/a>\n                                        <\/div>\n                                                                                    <div class=\"post-content\">\n                                                <div class=\"content\">\n                                                    <h4 class=\"htmega-post-g-title\"><a href='https:\/\/utfpr.curitiba.br\/nucleodesignanimacao\/?p=12462'>Raone<\/a><\/h4>                                                                                                    <\/div>\n                                            <\/div>\n                                                                                <\/div>\n                                <\/div>\n                            \n                        \n                        \n                                                                                                                                            <div class=\"htb-col-lg-4 htb-col-sm-6 htb-col-12\">\n                                    <div class=\"ht-post gradient-overlay gradient-overlay-4 mt--20\">\n                                        <div class=\"thumb\">\n                                            <a href=\"https:\/\/utfpr.curitiba.br\/nucleodesignanimacao\/?p=12451\">\n                                                <img loading=\"lazy\" decoding=\"async\" width=\"1865\" height=\"986\" src=\"https:\/\/utfpr-ct-static-content.s3.amazonaws.com\/utfpr.curitiba.br\/wp-content\/uploads\/sites\/99\/2023\/05\/Pinguinics-O-Ataque-vem-do-Polo-Sergio-Martinelli.png\" class=\"attachment-full size-full wp-post-image\" alt=\"\" srcset=\"https:\/\/utfpr-ct-static-content.s3.amazonaws.com\/utfpr.curitiba.br\/wp-content\/uploads\/sites\/99\/2023\/05\/Pinguinics-O-Ataque-vem-do-Polo-Sergio-Martinelli.png 1865w, https:\/\/utfpr-ct-static-content.s3.amazonaws.com\/utfpr.curitiba.br\/wp-content\/uploads\/sites\/99\/2023\/05\/Pinguinics-O-Ataque-vem-do-Polo-Sergio-Martinelli-300x159.png 300w, https:\/\/utfpr-ct-static-content.s3.amazonaws.com\/utfpr.curitiba.br\/wp-content\/uploads\/sites\/99\/2023\/05\/Pinguinics-O-Ataque-vem-do-Polo-Sergio-Martinelli-1024x541.png 1024w, https:\/\/utfpr-ct-static-content.s3.amazonaws.com\/utfpr.curitiba.br\/wp-content\/uploads\/sites\/99\/2023\/05\/Pinguinics-O-Ataque-vem-do-Polo-Sergio-Martinelli-768x406.png 768w, https:\/\/utfpr-ct-static-content.s3.amazonaws.com\/utfpr.curitiba.br\/wp-content\/uploads\/sites\/99\/2023\/05\/Pinguinics-O-Ataque-vem-do-Polo-Sergio-Martinelli-1536x812.png 1536w\" sizes=\"(max-width: 1865px) 100vw, 1865px\" \/>                                            <\/a>\n                                        <\/div>\n                                                                                    <div class=\"post-content\">\n                                                <div class=\"content\">\n                                                    <h4 class=\"htmega-post-g-title\"><a href='https:\/\/utfpr.curitiba.br\/nucleodesignanimacao\/?p=12451'>Pinguinics: O Ataque vem do Polo &#8211; Sergio Martinelli<\/a><\/h4>                                                                                                    <\/div>\n                                            <\/div>\n                                                                                <\/div>\n                                <\/div>\n                            \n                        \n                        \n                                                                                                                                            <div class=\"htb-col-lg-4 htb-col-sm-6 htb-col-12\">\n                                    <div class=\"ht-post gradient-overlay gradient-overlay-5 mt--20\">\n                                        <div class=\"thumb\">\n                                            <a href=\"https:\/\/utfpr.curitiba.br\/nucleodesignanimacao\/?p=12439\">\n                                                <img loading=\"lazy\" decoding=\"async\" width=\"3334\" height=\"2348\" src=\"https:\/\/utfpr-ct-static-content.s3.amazonaws.com\/utfpr.curitiba.br\/wp-content\/uploads\/sites\/99\/2023\/04\/Imagem-substituicao_Prancheta-1.png\" class=\"attachment-full size-full wp-post-image\" alt=\"\" srcset=\"https:\/\/utfpr-ct-static-content.s3.amazonaws.com\/utfpr.curitiba.br\/wp-content\/uploads\/sites\/99\/2023\/04\/Imagem-substituicao_Prancheta-1.png 3334w, https:\/\/utfpr-ct-static-content.s3.amazonaws.com\/utfpr.curitiba.br\/wp-content\/uploads\/sites\/99\/2023\/04\/Imagem-substituicao_Prancheta-1-300x211.png 300w, https:\/\/utfpr-ct-static-content.s3.amazonaws.com\/utfpr.curitiba.br\/wp-content\/uploads\/sites\/99\/2023\/04\/Imagem-substituicao_Prancheta-1-1024x721.png 1024w, https:\/\/utfpr-ct-static-content.s3.amazonaws.com\/utfpr.curitiba.br\/wp-content\/uploads\/sites\/99\/2023\/04\/Imagem-substituicao_Prancheta-1-768x541.png 768w, https:\/\/utfpr-ct-static-content.s3.amazonaws.com\/utfpr.curitiba.br\/wp-content\/uploads\/sites\/99\/2023\/04\/Imagem-substituicao_Prancheta-1-1536x1082.png 1536w, https:\/\/utfpr-ct-static-content.s3.amazonaws.com\/utfpr.curitiba.br\/wp-content\/uploads\/sites\/99\/2023\/04\/Imagem-substituicao_Prancheta-1-2048x1442.png 2048w\" sizes=\"(max-width: 3334px) 100vw, 3334px\" \/>                                            <\/a>\n                                        <\/div>\n                                                                                    <div class=\"post-content\">\n                                                <div class=\"content\">\n                                                    <h4 class=\"htmega-post-g-title\"><a href='https:\/\/utfpr.curitiba.br\/nucleodesignanimacao\/?p=12439'>Piccolino, Uma Aventura na Cidade<\/a><\/h4>                                                                                                    <\/div>\n                                            <\/div>\n                                                                                <\/div>\n                                <\/div>\n                            \n                        \n                        \n                                                                                                                                            <div class=\"htb-col-lg-4 htb-col-sm-6 htb-col-12\">\n                                    <div class=\"ht-post gradient-overlay gradient-overlay-6 mt--20\">\n                                        <div class=\"thumb\">\n                                            <a href=\"https:\/\/utfpr.curitiba.br\/nucleodesignanimacao\/?p=12428\">\n                                                <img loading=\"lazy\" decoding=\"async\" width=\"3334\" height=\"2348\" src=\"https:\/\/utfpr-ct-static-content.s3.amazonaws.com\/utfpr.curitiba.br\/wp-content\/uploads\/sites\/99\/2023\/04\/Imagem-substituicao_Prancheta-1.png\" class=\"attachment-full size-full wp-post-image\" alt=\"\" srcset=\"https:\/\/utfpr-ct-static-content.s3.amazonaws.com\/utfpr.curitiba.br\/wp-content\/uploads\/sites\/99\/2023\/04\/Imagem-substituicao_Prancheta-1.png 3334w, https:\/\/utfpr-ct-static-content.s3.amazonaws.com\/utfpr.curitiba.br\/wp-content\/uploads\/sites\/99\/2023\/04\/Imagem-substituicao_Prancheta-1-300x211.png 300w, https:\/\/utfpr-ct-static-content.s3.amazonaws.com\/utfpr.curitiba.br\/wp-content\/uploads\/sites\/99\/2023\/04\/Imagem-substituicao_Prancheta-1-1024x721.png 1024w, https:\/\/utfpr-ct-static-content.s3.amazonaws.com\/utfpr.curitiba.br\/wp-content\/uploads\/sites\/99\/2023\/04\/Imagem-substituicao_Prancheta-1-768x541.png 768w, https:\/\/utfpr-ct-static-content.s3.amazonaws.com\/utfpr.curitiba.br\/wp-content\/uploads\/sites\/99\/2023\/04\/Imagem-substituicao_Prancheta-1-1536x1082.png 1536w, https:\/\/utfpr-ct-static-content.s3.amazonaws.com\/utfpr.curitiba.br\/wp-content\/uploads\/sites\/99\/2023\/04\/Imagem-substituicao_Prancheta-1-2048x1442.png 2048w\" sizes=\"(max-width: 3334px) 100vw, 3334px\" \/>                                            <\/a>\n                                        <\/div>\n                                                                                    <div class=\"post-content\">\n                                                <div class=\"content\">\n                                                    <h4 class=\"htmega-post-g-title\"><a href='https:\/\/utfpr.curitiba.br\/nucleodesignanimacao\/?p=12428'>Panapan\u00e1<\/a><\/h4>                                                                                                    <\/div>\n                                            <\/div>\n                                                                                <\/div>\n                                <\/div>\n                            \n                        \n                        \n                                                                                                                                            <div class=\"htb-col-lg-4 htb-col-sm-6 htb-col-12\">\n                                    <div class=\"ht-post gradient-overlay gradient-overlay-1 mt--20\">\n                                        <div class=\"thumb\">\n                                            <a href=\"https:\/\/utfpr.curitiba.br\/nucleodesignanimacao\/?p=12417\">\n                                                <img loading=\"lazy\" decoding=\"async\" width=\"3334\" height=\"2348\" src=\"https:\/\/utfpr-ct-static-content.s3.amazonaws.com\/utfpr.curitiba.br\/wp-content\/uploads\/sites\/99\/2023\/04\/Imagem-substituicao_Prancheta-1.png\" class=\"attachment-full size-full wp-post-image\" alt=\"\" srcset=\"https:\/\/utfpr-ct-static-content.s3.amazonaws.com\/utfpr.curitiba.br\/wp-content\/uploads\/sites\/99\/2023\/04\/Imagem-substituicao_Prancheta-1.png 3334w, https:\/\/utfpr-ct-static-content.s3.amazonaws.com\/utfpr.curitiba.br\/wp-content\/uploads\/sites\/99\/2023\/04\/Imagem-substituicao_Prancheta-1-300x211.png 300w, https:\/\/utfpr-ct-static-content.s3.amazonaws.com\/utfpr.curitiba.br\/wp-content\/uploads\/sites\/99\/2023\/04\/Imagem-substituicao_Prancheta-1-1024x721.png 1024w, https:\/\/utfpr-ct-static-content.s3.amazonaws.com\/utfpr.curitiba.br\/wp-content\/uploads\/sites\/99\/2023\/04\/Imagem-substituicao_Prancheta-1-768x541.png 768w, https:\/\/utfpr-ct-static-content.s3.amazonaws.com\/utfpr.curitiba.br\/wp-content\/uploads\/sites\/99\/2023\/04\/Imagem-substituicao_Prancheta-1-1536x1082.png 1536w, https:\/\/utfpr-ct-static-content.s3.amazonaws.com\/utfpr.curitiba.br\/wp-content\/uploads\/sites\/99\/2023\/04\/Imagem-substituicao_Prancheta-1-2048x1442.png 2048w\" sizes=\"(max-width: 3334px) 100vw, 3334px\" \/>                                            <\/a>\n                                        <\/div>\n                                                                                    <div class=\"post-content\">\n                                                <div class=\"content\">\n                                                    <h4 class=\"htmega-post-g-title\"><a href='https:\/\/utfpr.curitiba.br\/nucleodesignanimacao\/?p=12417'>Paglia City &#8211; Bem me Quer<\/a><\/h4>                                                                                                    <\/div>\n                                            <\/div>\n                                                                                <\/div>\n                                <\/div>\n                            \n                        \n                        \n                                                                                                                                            <div class=\"htb-col-lg-4 htb-col-sm-6 htb-col-12\">\n                                    <div class=\"ht-post gradient-overlay gradient-overlay-2 mt--20\">\n                                        <div class=\"thumb\">\n                                            <a href=\"https:\/\/utfpr.curitiba.br\/nucleodesignanimacao\/?p=12409\">\n                                                <img loading=\"lazy\" decoding=\"async\" width=\"3334\" height=\"2348\" src=\"https:\/\/utfpr-ct-static-content.s3.amazonaws.com\/utfpr.curitiba.br\/wp-content\/uploads\/sites\/99\/2023\/04\/Imagem-substituicao_Prancheta-1.png\" class=\"attachment-full size-full wp-post-image\" alt=\"\" srcset=\"https:\/\/utfpr-ct-static-content.s3.amazonaws.com\/utfpr.curitiba.br\/wp-content\/uploads\/sites\/99\/2023\/04\/Imagem-substituicao_Prancheta-1.png 3334w, https:\/\/utfpr-ct-static-content.s3.amazonaws.com\/utfpr.curitiba.br\/wp-content\/uploads\/sites\/99\/2023\/04\/Imagem-substituicao_Prancheta-1-300x211.png 300w, https:\/\/utfpr-ct-static-content.s3.amazonaws.com\/utfpr.curitiba.br\/wp-content\/uploads\/sites\/99\/2023\/04\/Imagem-substituicao_Prancheta-1-1024x721.png 1024w, https:\/\/utfpr-ct-static-content.s3.amazonaws.com\/utfpr.curitiba.br\/wp-content\/uploads\/sites\/99\/2023\/04\/Imagem-substituicao_Prancheta-1-768x541.png 768w, https:\/\/utfpr-ct-static-content.s3.amazonaws.com\/utfpr.curitiba.br\/wp-content\/uploads\/sites\/99\/2023\/04\/Imagem-substituicao_Prancheta-1-1536x1082.png 1536w, https:\/\/utfpr-ct-static-content.s3.amazonaws.com\/utfpr.curitiba.br\/wp-content\/uploads\/sites\/99\/2023\/04\/Imagem-substituicao_Prancheta-1-2048x1442.png 2048w\" sizes=\"(max-width: 3334px) 100vw, 3334px\" \/>                                            <\/a>\n                                        <\/div>\n                                                                                    <div class=\"post-content\">\n                                                <div class=\"content\">\n                                                    <h4 class=\"htmega-post-g-title\"><a href='https:\/\/utfpr.curitiba.br\/nucleodesignanimacao\/?p=12409'>Os Ibejis Enganam a Morte<\/a><\/h4>                                                                                                    <\/div>\n                                            <\/div>\n                                                                                <\/div>\n                                <\/div>\n                            \n                        \n                        \n                                                                                                                                            <div class=\"htb-col-lg-4 htb-col-sm-6 htb-col-12\">\n                                    <div class=\"ht-post gradient-overlay gradient-overlay-3 mt--20\">\n                                        <div class=\"thumb\">\n                                            <a href=\"https:\/\/utfpr.curitiba.br\/nucleodesignanimacao\/?p=12398\">\n                                                <img loading=\"lazy\" decoding=\"async\" width=\"1080\" height=\"1350\" src=\"https:\/\/utfpr-ct-static-content.s3.amazonaws.com\/utfpr.curitiba.br\/wp-content\/uploads\/sites\/99\/2023\/05\/O-sonho-de-Zezinho-Edmundo-Lacerda-Campos.jpg\" class=\"attachment-full size-full wp-post-image\" alt=\"\" srcset=\"https:\/\/utfpr-ct-static-content.s3.amazonaws.com\/utfpr.curitiba.br\/wp-content\/uploads\/sites\/99\/2023\/05\/O-sonho-de-Zezinho-Edmundo-Lacerda-Campos.jpg 1080w, https:\/\/utfpr-ct-static-content.s3.amazonaws.com\/utfpr.curitiba.br\/wp-content\/uploads\/sites\/99\/2023\/05\/O-sonho-de-Zezinho-Edmundo-Lacerda-Campos-240x300.jpg 240w, https:\/\/utfpr-ct-static-content.s3.amazonaws.com\/utfpr.curitiba.br\/wp-content\/uploads\/sites\/99\/2023\/05\/O-sonho-de-Zezinho-Edmundo-Lacerda-Campos-819x1024.jpg 819w, https:\/\/utfpr-ct-static-content.s3.amazonaws.com\/utfpr.curitiba.br\/wp-content\/uploads\/sites\/99\/2023\/05\/O-sonho-de-Zezinho-Edmundo-Lacerda-Campos-768x960.jpg 768w\" sizes=\"(max-width: 1080px) 100vw, 1080px\" \/>                                            <\/a>\n                                        <\/div>\n                                                                                    <div class=\"post-content\">\n                                                <div class=\"content\">\n                                                    <h4 class=\"htmega-post-g-title\"><a href='https:\/\/utfpr.curitiba.br\/nucleodesignanimacao\/?p=12398'>O sonho de Zezinho &#8211; Edmundo Lacerda Campos<\/a><\/h4>                                                                                                    <\/div>\n                                            <\/div>\n                                                                                <\/div>\n                                <\/div>\n                            \n                        \n                        \n                                                                                                                                            <div class=\"htb-col-lg-4 htb-col-sm-6 htb-col-12\">\n                                    <div class=\"ht-post gradient-overlay gradient-overlay-4 mt--20\">\n                                        <div class=\"thumb\">\n                                            <a href=\"https:\/\/utfpr.curitiba.br\/nucleodesignanimacao\/?p=12387\">\n                                                <img loading=\"lazy\" decoding=\"async\" width=\"3334\" height=\"2348\" src=\"https:\/\/utfpr-ct-static-content.s3.amazonaws.com\/utfpr.curitiba.br\/wp-content\/uploads\/sites\/99\/2023\/04\/Imagem-substituicao_Prancheta-1.png\" class=\"attachment-full size-full wp-post-image\" alt=\"\" srcset=\"https:\/\/utfpr-ct-static-content.s3.amazonaws.com\/utfpr.curitiba.br\/wp-content\/uploads\/sites\/99\/2023\/04\/Imagem-substituicao_Prancheta-1.png 3334w, https:\/\/utfpr-ct-static-content.s3.amazonaws.com\/utfpr.curitiba.br\/wp-content\/uploads\/sites\/99\/2023\/04\/Imagem-substituicao_Prancheta-1-300x211.png 300w, https:\/\/utfpr-ct-static-content.s3.amazonaws.com\/utfpr.curitiba.br\/wp-content\/uploads\/sites\/99\/2023\/04\/Imagem-substituicao_Prancheta-1-1024x721.png 1024w, https:\/\/utfpr-ct-static-content.s3.amazonaws.com\/utfpr.curitiba.br\/wp-content\/uploads\/sites\/99\/2023\/04\/Imagem-substituicao_Prancheta-1-768x541.png 768w, https:\/\/utfpr-ct-static-content.s3.amazonaws.com\/utfpr.curitiba.br\/wp-content\/uploads\/sites\/99\/2023\/04\/Imagem-substituicao_Prancheta-1-1536x1082.png 1536w, https:\/\/utfpr-ct-static-content.s3.amazonaws.com\/utfpr.curitiba.br\/wp-content\/uploads\/sites\/99\/2023\/04\/Imagem-substituicao_Prancheta-1-2048x1442.png 2048w\" sizes=\"(max-width: 3334px) 100vw, 3334px\" \/>                                            <\/a>\n                                        <\/div>\n                                                                                    <div class=\"post-content\">\n                                                <div class=\"content\">\n                                                    <h4 class=\"htmega-post-g-title\"><a href='https:\/\/utfpr.curitiba.br\/nucleodesignanimacao\/?p=12387'>O reino do Chocolate<\/a><\/h4>                                                                                                    <\/div>\n                                            <\/div>\n                                                                                <\/div>\n                                <\/div>\n                            \n                        \n                        \n                                                                                                                                            <div class=\"htb-col-lg-4 htb-col-sm-6 htb-col-12\">\n                                    <div class=\"ht-post gradient-overlay gradient-overlay-5 mt--20\">\n                                        <div class=\"thumb\">\n                                            <a href=\"https:\/\/utfpr.curitiba.br\/nucleodesignanimacao\/?p=12376\">\n                                                <img loading=\"lazy\" decoding=\"async\" width=\"1372\" height=\"700\" src=\"https:\/\/utfpr-ct-static-content.s3.amazonaws.com\/utfpr.curitiba.br\/wp-content\/uploads\/sites\/99\/2023\/05\/O-Fim-da-Fila-William-Cogo.png\" class=\"attachment-full size-full wp-post-image\" alt=\"\" srcset=\"https:\/\/utfpr-ct-static-content.s3.amazonaws.com\/utfpr.curitiba.br\/wp-content\/uploads\/sites\/99\/2023\/05\/O-Fim-da-Fila-William-Cogo.png 1372w, https:\/\/utfpr-ct-static-content.s3.amazonaws.com\/utfpr.curitiba.br\/wp-content\/uploads\/sites\/99\/2023\/05\/O-Fim-da-Fila-William-Cogo-300x153.png 300w, https:\/\/utfpr-ct-static-content.s3.amazonaws.com\/utfpr.curitiba.br\/wp-content\/uploads\/sites\/99\/2023\/05\/O-Fim-da-Fila-William-Cogo-1024x522.png 1024w, https:\/\/utfpr-ct-static-content.s3.amazonaws.com\/utfpr.curitiba.br\/wp-content\/uploads\/sites\/99\/2023\/05\/O-Fim-da-Fila-William-Cogo-768x392.png 768w\" sizes=\"(max-width: 1372px) 100vw, 1372px\" \/>                                            <\/a>\n                                        <\/div>\n                                                                                    <div class=\"post-content\">\n                                                <div class=\"content\">\n                                                    <h4 class=\"htmega-post-g-title\"><a href='https:\/\/utfpr.curitiba.br\/nucleodesignanimacao\/?p=12376'>O Fim da Fila &#8211; William C\u00f4go<\/a><\/h4>                                                                                                    <\/div>\n                                            <\/div>\n                                                                                <\/div>\n                                <\/div>\n                            \n                        \n                        \n                                                                                                                                            <div class=\"htb-col-lg-4 htb-col-sm-6 htb-col-12\">\n                                    <div class=\"ht-post gradient-overlay gradient-overlay-6 mt--20\">\n                                        <div class=\"thumb\">\n                                            <a href=\"https:\/\/utfpr.curitiba.br\/nucleodesignanimacao\/?p=12364\">\n                                                <img loading=\"lazy\" decoding=\"async\" width=\"1895\" height=\"765\" src=\"https:\/\/utfpr-ct-static-content.s3.amazonaws.com\/utfpr.curitiba.br\/wp-content\/uploads\/sites\/99\/2023\/05\/No-Caminho-da-Escola-Rosaria-Moreira.png\" class=\"attachment-full size-full wp-post-image\" alt=\"\" srcset=\"https:\/\/utfpr-ct-static-content.s3.amazonaws.com\/utfpr.curitiba.br\/wp-content\/uploads\/sites\/99\/2023\/05\/No-Caminho-da-Escola-Rosaria-Moreira.png 1895w, https:\/\/utfpr-ct-static-content.s3.amazonaws.com\/utfpr.curitiba.br\/wp-content\/uploads\/sites\/99\/2023\/05\/No-Caminho-da-Escola-Rosaria-Moreira-300x121.png 300w, https:\/\/utfpr-ct-static-content.s3.amazonaws.com\/utfpr.curitiba.br\/wp-content\/uploads\/sites\/99\/2023\/05\/No-Caminho-da-Escola-Rosaria-Moreira-1024x413.png 1024w, https:\/\/utfpr-ct-static-content.s3.amazonaws.com\/utfpr.curitiba.br\/wp-content\/uploads\/sites\/99\/2023\/05\/No-Caminho-da-Escola-Rosaria-Moreira-768x310.png 768w, https:\/\/utfpr-ct-static-content.s3.amazonaws.com\/utfpr.curitiba.br\/wp-content\/uploads\/sites\/99\/2023\/05\/No-Caminho-da-Escola-Rosaria-Moreira-1536x620.png 1536w\" sizes=\"(max-width: 1895px) 100vw, 1895px\" \/>                                            <\/a>\n                                        <\/div>\n                                                                                    <div class=\"post-content\">\n                                                <div class=\"content\">\n                                                    <h4 class=\"htmega-post-g-title\"><a href='https:\/\/utfpr.curitiba.br\/nucleodesignanimacao\/?p=12364'>No Caminho da Escola &#8211; Rosaria Moreira<\/a><\/h4>                                                                                                    <\/div>\n                                            <\/div>\n                                                                                <\/div>\n                                <\/div>\n                            \n                        \n                        \n                                                                                                                                            <div class=\"htb-col-lg-4 htb-col-sm-6 htb-col-12\">\n                                    <div class=\"ht-post gradient-overlay gradient-overlay-1 mt--20\">\n                                        <div class=\"thumb\">\n                                            <a href=\"https:\/\/utfpr.curitiba.br\/nucleodesignanimacao\/?p=12353\">\n                                                <img loading=\"lazy\" decoding=\"async\" width=\"1478\" height=\"536\" src=\"https:\/\/utfpr-ct-static-content.s3.amazonaws.com\/utfpr.curitiba.br\/wp-content\/uploads\/sites\/99\/2023\/05\/Mamifera-Tato-T.png\" class=\"attachment-full size-full wp-post-image\" alt=\"\" srcset=\"https:\/\/utfpr-ct-static-content.s3.amazonaws.com\/utfpr.curitiba.br\/wp-content\/uploads\/sites\/99\/2023\/05\/Mamifera-Tato-T.png 1478w, https:\/\/utfpr-ct-static-content.s3.amazonaws.com\/utfpr.curitiba.br\/wp-content\/uploads\/sites\/99\/2023\/05\/Mamifera-Tato-T-300x109.png 300w, https:\/\/utfpr-ct-static-content.s3.amazonaws.com\/utfpr.curitiba.br\/wp-content\/uploads\/sites\/99\/2023\/05\/Mamifera-Tato-T-1024x371.png 1024w, https:\/\/utfpr-ct-static-content.s3.amazonaws.com\/utfpr.curitiba.br\/wp-content\/uploads\/sites\/99\/2023\/05\/Mamifera-Tato-T-768x279.png 768w\" sizes=\"(max-width: 1478px) 100vw, 1478px\" \/>                                            <\/a>\n                                        <\/div>\n                                                                                    <div class=\"post-content\">\n                                                <div class=\"content\">\n                                                    <h4 class=\"htmega-post-g-title\"><a href='https:\/\/utfpr.curitiba.br\/nucleodesignanimacao\/?p=12353'>Mam\u00edfera &#8211; Tato T<\/a><\/h4>                                                                                                    <\/div>\n                                            <\/div>\n                                                                                <\/div>\n                                <\/div>\n                            \n                        \n                        \n                                                                                                                                            <div class=\"htb-col-lg-4 htb-col-sm-6 htb-col-12\">\n                                    <div class=\"ht-post gradient-overlay gradient-overlay-2 mt--20\">\n                                        <div class=\"thumb\">\n                                            <a href=\"https:\/\/utfpr.curitiba.br\/nucleodesignanimacao\/?p=12343\">\n                                                <img loading=\"lazy\" decoding=\"async\" width=\"1200\" height=\"1680\" src=\"https:\/\/utfpr-ct-static-content.s3.amazonaws.com\/utfpr.curitiba.br\/wp-content\/uploads\/sites\/99\/2023\/05\/La-Caja-de-Mis-Memorias.jpg\" class=\"attachment-full size-full wp-post-image\" alt=\"\" srcset=\"https:\/\/utfpr-ct-static-content.s3.amazonaws.com\/utfpr.curitiba.br\/wp-content\/uploads\/sites\/99\/2023\/05\/La-Caja-de-Mis-Memorias.jpg 1200w, https:\/\/utfpr-ct-static-content.s3.amazonaws.com\/utfpr.curitiba.br\/wp-content\/uploads\/sites\/99\/2023\/05\/La-Caja-de-Mis-Memorias-214x300.jpg 214w, https:\/\/utfpr-ct-static-content.s3.amazonaws.com\/utfpr.curitiba.br\/wp-content\/uploads\/sites\/99\/2023\/05\/La-Caja-de-Mis-Memorias-731x1024.jpg 731w, https:\/\/utfpr-ct-static-content.s3.amazonaws.com\/utfpr.curitiba.br\/wp-content\/uploads\/sites\/99\/2023\/05\/La-Caja-de-Mis-Memorias-768x1075.jpg 768w, https:\/\/utfpr-ct-static-content.s3.amazonaws.com\/utfpr.curitiba.br\/wp-content\/uploads\/sites\/99\/2023\/05\/La-Caja-de-Mis-Memorias-1097x1536.jpg 1097w\" sizes=\"(max-width: 1200px) 100vw, 1200px\" \/>                                            <\/a>\n                                        <\/div>\n                                                                                    <div class=\"post-content\">\n                                                <div class=\"content\">\n                                                    <h4 class=\"htmega-post-g-title\"><a href='https:\/\/utfpr.curitiba.br\/nucleodesignanimacao\/?p=12343'>La Caja de Mis Mem\u00f3rias\u00a0&#8211; Camila Ortega<\/a><\/h4>                                                                                                    <\/div>\n                                            <\/div>\n                                                                                <\/div>\n                                <\/div>\n                            \n                        \n                        \n                                                                                                                                            <div class=\"htb-col-lg-4 htb-col-sm-6 htb-col-12\">\n                                    <div class=\"ht-post gradient-overlay gradient-overlay-3 mt--20\">\n                                        <div class=\"thumb\">\n                                            <a href=\"https:\/\/utfpr.curitiba.br\/nucleodesignanimacao\/?p=12332\">\n                                                <img loading=\"lazy\" decoding=\"async\" width=\"3334\" height=\"2348\" src=\"https:\/\/utfpr-ct-static-content.s3.amazonaws.com\/utfpr.curitiba.br\/wp-content\/uploads\/sites\/99\/2023\/04\/Imagem-substituicao_Prancheta-1.png\" class=\"attachment-full size-full wp-post-image\" alt=\"\" srcset=\"https:\/\/utfpr-ct-static-content.s3.amazonaws.com\/utfpr.curitiba.br\/wp-content\/uploads\/sites\/99\/2023\/04\/Imagem-substituicao_Prancheta-1.png 3334w, https:\/\/utfpr-ct-static-content.s3.amazonaws.com\/utfpr.curitiba.br\/wp-content\/uploads\/sites\/99\/2023\/04\/Imagem-substituicao_Prancheta-1-300x211.png 300w, https:\/\/utfpr-ct-static-content.s3.amazonaws.com\/utfpr.curitiba.br\/wp-content\/uploads\/sites\/99\/2023\/04\/Imagem-substituicao_Prancheta-1-1024x721.png 1024w, https:\/\/utfpr-ct-static-content.s3.amazonaws.com\/utfpr.curitiba.br\/wp-content\/uploads\/sites\/99\/2023\/04\/Imagem-substituicao_Prancheta-1-768x541.png 768w, https:\/\/utfpr-ct-static-content.s3.amazonaws.com\/utfpr.curitiba.br\/wp-content\/uploads\/sites\/99\/2023\/04\/Imagem-substituicao_Prancheta-1-1536x1082.png 1536w, https:\/\/utfpr-ct-static-content.s3.amazonaws.com\/utfpr.curitiba.br\/wp-content\/uploads\/sites\/99\/2023\/04\/Imagem-substituicao_Prancheta-1-2048x1442.png 2048w\" sizes=\"(max-width: 3334px) 100vw, 3334px\" \/>                                            <\/a>\n                                        <\/div>\n                                                                                    <div class=\"post-content\">\n                                                <div class=\"content\">\n                                                    <h4 class=\"htmega-post-g-title\"><a href='https:\/\/utfpr.curitiba.br\/nucleodesignanimacao\/?p=12332'>La Burbuja<\/a><\/h4>                                                                                                    <\/div>\n                                            <\/div>\n                                                                                <\/div>\n                                <\/div>\n                            \n                        \n                        \n                                                                                                                                            <div class=\"htb-col-lg-4 htb-col-sm-6 htb-col-12\">\n                                    <div class=\"ht-post gradient-overlay gradient-overlay-4 mt--20\">\n                                        <div class=\"thumb\">\n                                            <a href=\"https:\/\/utfpr.curitiba.br\/nucleodesignanimacao\/?p=12321\">\n                                                <img loading=\"lazy\" decoding=\"async\" width=\"3334\" height=\"2348\" src=\"https:\/\/utfpr-ct-static-content.s3.amazonaws.com\/utfpr.curitiba.br\/wp-content\/uploads\/sites\/99\/2023\/04\/Imagem-substituicao_Prancheta-1.png\" class=\"attachment-full size-full wp-post-image\" alt=\"\" srcset=\"https:\/\/utfpr-ct-static-content.s3.amazonaws.com\/utfpr.curitiba.br\/wp-content\/uploads\/sites\/99\/2023\/04\/Imagem-substituicao_Prancheta-1.png 3334w, https:\/\/utfpr-ct-static-content.s3.amazonaws.com\/utfpr.curitiba.br\/wp-content\/uploads\/sites\/99\/2023\/04\/Imagem-substituicao_Prancheta-1-300x211.png 300w, https:\/\/utfpr-ct-static-content.s3.amazonaws.com\/utfpr.curitiba.br\/wp-content\/uploads\/sites\/99\/2023\/04\/Imagem-substituicao_Prancheta-1-1024x721.png 1024w, https:\/\/utfpr-ct-static-content.s3.amazonaws.com\/utfpr.curitiba.br\/wp-content\/uploads\/sites\/99\/2023\/04\/Imagem-substituicao_Prancheta-1-768x541.png 768w, https:\/\/utfpr-ct-static-content.s3.amazonaws.com\/utfpr.curitiba.br\/wp-content\/uploads\/sites\/99\/2023\/04\/Imagem-substituicao_Prancheta-1-1536x1082.png 1536w, https:\/\/utfpr-ct-static-content.s3.amazonaws.com\/utfpr.curitiba.br\/wp-content\/uploads\/sites\/99\/2023\/04\/Imagem-substituicao_Prancheta-1-2048x1442.png 2048w\" sizes=\"(max-width: 3334px) 100vw, 3334px\" \/>                                            <\/a>\n                                        <\/div>\n                                                                                    <div class=\"post-content\">\n                                                <div class=\"content\">\n                                                    <h4 class=\"htmega-post-g-title\"><a href='https:\/\/utfpr.curitiba.br\/nucleodesignanimacao\/?p=12321'>Good Night Spa<\/a><\/h4>                                                                                                    <\/div>\n                                            <\/div>\n                                                                                <\/div>\n                                <\/div>\n                            \n                        \n                        \n                                                                                                                                            <div class=\"htb-col-lg-4 htb-col-sm-6 htb-col-12\">\n                                    <div class=\"ht-post gradient-overlay gradient-overlay-5 mt--20\">\n                                        <div class=\"thumb\">\n                                            <a href=\"https:\/\/utfpr.curitiba.br\/nucleodesignanimacao\/?p=12310\">\n                                                <img loading=\"lazy\" decoding=\"async\" width=\"3334\" height=\"2348\" src=\"https:\/\/utfpr-ct-static-content.s3.amazonaws.com\/utfpr.curitiba.br\/wp-content\/uploads\/sites\/99\/2023\/04\/Imagem-substituicao_Prancheta-1.png\" class=\"attachment-full size-full wp-post-image\" alt=\"\" srcset=\"https:\/\/utfpr-ct-static-content.s3.amazonaws.com\/utfpr.curitiba.br\/wp-content\/uploads\/sites\/99\/2023\/04\/Imagem-substituicao_Prancheta-1.png 3334w, https:\/\/utfpr-ct-static-content.s3.amazonaws.com\/utfpr.curitiba.br\/wp-content\/uploads\/sites\/99\/2023\/04\/Imagem-substituicao_Prancheta-1-300x211.png 300w, https:\/\/utfpr-ct-static-content.s3.amazonaws.com\/utfpr.curitiba.br\/wp-content\/uploads\/sites\/99\/2023\/04\/Imagem-substituicao_Prancheta-1-1024x721.png 1024w, https:\/\/utfpr-ct-static-content.s3.amazonaws.com\/utfpr.curitiba.br\/wp-content\/uploads\/sites\/99\/2023\/04\/Imagem-substituicao_Prancheta-1-768x541.png 768w, https:\/\/utfpr-ct-static-content.s3.amazonaws.com\/utfpr.curitiba.br\/wp-content\/uploads\/sites\/99\/2023\/04\/Imagem-substituicao_Prancheta-1-1536x1082.png 1536w, https:\/\/utfpr-ct-static-content.s3.amazonaws.com\/utfpr.curitiba.br\/wp-content\/uploads\/sites\/99\/2023\/04\/Imagem-substituicao_Prancheta-1-2048x1442.png 2048w\" sizes=\"(max-width: 3334px) 100vw, 3334px\" \/>                                            <\/a>\n                                        <\/div>\n                                                                                    <div class=\"post-content\">\n                                                <div class=\"content\">\n                                                    <h4 class=\"htmega-post-g-title\"><a href='https:\/\/utfpr.curitiba.br\/nucleodesignanimacao\/?p=12310'>Galchenok<\/a><\/h4>                                                                                                    <\/div>\n                                            <\/div>\n                                                                                <\/div>\n                                <\/div>\n                            \n                        \n                        \n                                                                                                                                            <div class=\"htb-col-lg-4 htb-col-sm-6 htb-col-12\">\n                                    <div class=\"ht-post gradient-overlay gradient-overlay-6 mt--20\">\n                                        <div class=\"thumb\">\n                                            <a href=\"https:\/\/utfpr.curitiba.br\/nucleodesignanimacao\/?p=12296\">\n                                                <img loading=\"lazy\" decoding=\"async\" width=\"3334\" height=\"2348\" src=\"https:\/\/utfpr-ct-static-content.s3.amazonaws.com\/utfpr.curitiba.br\/wp-content\/uploads\/sites\/99\/2023\/04\/Imagem-substituicao_Prancheta-1.png\" class=\"attachment-full size-full wp-post-image\" alt=\"\" srcset=\"https:\/\/utfpr-ct-static-content.s3.amazonaws.com\/utfpr.curitiba.br\/wp-content\/uploads\/sites\/99\/2023\/04\/Imagem-substituicao_Prancheta-1.png 3334w, https:\/\/utfpr-ct-static-content.s3.amazonaws.com\/utfpr.curitiba.br\/wp-content\/uploads\/sites\/99\/2023\/04\/Imagem-substituicao_Prancheta-1-300x211.png 300w, https:\/\/utfpr-ct-static-content.s3.amazonaws.com\/utfpr.curitiba.br\/wp-content\/uploads\/sites\/99\/2023\/04\/Imagem-substituicao_Prancheta-1-1024x721.png 1024w, https:\/\/utfpr-ct-static-content.s3.amazonaws.com\/utfpr.curitiba.br\/wp-content\/uploads\/sites\/99\/2023\/04\/Imagem-substituicao_Prancheta-1-768x541.png 768w, https:\/\/utfpr-ct-static-content.s3.amazonaws.com\/utfpr.curitiba.br\/wp-content\/uploads\/sites\/99\/2023\/04\/Imagem-substituicao_Prancheta-1-1536x1082.png 1536w, https:\/\/utfpr-ct-static-content.s3.amazonaws.com\/utfpr.curitiba.br\/wp-content\/uploads\/sites\/99\/2023\/04\/Imagem-substituicao_Prancheta-1-2048x1442.png 2048w\" sizes=\"(max-width: 3334px) 100vw, 3334px\" \/>                                            <\/a>\n                                        <\/div>\n                                                                                    <div class=\"post-content\">\n                                                <div class=\"content\">\n                                                    <h4 class=\"htmega-post-g-title\"><a href='https:\/\/utfpr.curitiba.br\/nucleodesignanimacao\/?p=12296'>Gabi<\/a><\/h4>                                                                                                    <\/div>\n                                            <\/div>\n                                                                                <\/div>\n                                <\/div>\n                            \n                        \n                        \n                                                                                                                                            <div class=\"htb-col-lg-4 htb-col-sm-6 htb-col-12\">\n                                    <div class=\"ht-post gradient-overlay gradient-overlay-1 mt--20\">\n                                        <div class=\"thumb\">\n                                            <a href=\"https:\/\/utfpr.curitiba.br\/nucleodesignanimacao\/?p=12284\">\n                                                <img loading=\"lazy\" decoding=\"async\" width=\"1350\" height=\"583\" src=\"https:\/\/utfpr-ct-static-content.s3.amazonaws.com\/utfpr.curitiba.br\/wp-content\/uploads\/sites\/99\/2023\/05\/Dalivincasso-Marcelo-Castro-e-Marlon-Amorim-Tenorio.png\" class=\"attachment-full size-full wp-post-image\" alt=\"\" srcset=\"https:\/\/utfpr-ct-static-content.s3.amazonaws.com\/utfpr.curitiba.br\/wp-content\/uploads\/sites\/99\/2023\/05\/Dalivincasso-Marcelo-Castro-e-Marlon-Amorim-Tenorio.png 1350w, https:\/\/utfpr-ct-static-content.s3.amazonaws.com\/utfpr.curitiba.br\/wp-content\/uploads\/sites\/99\/2023\/05\/Dalivincasso-Marcelo-Castro-e-Marlon-Amorim-Tenorio-300x130.png 300w, https:\/\/utfpr-ct-static-content.s3.amazonaws.com\/utfpr.curitiba.br\/wp-content\/uploads\/sites\/99\/2023\/05\/Dalivincasso-Marcelo-Castro-e-Marlon-Amorim-Tenorio-1024x442.png 1024w, https:\/\/utfpr-ct-static-content.s3.amazonaws.com\/utfpr.curitiba.br\/wp-content\/uploads\/sites\/99\/2023\/05\/Dalivincasso-Marcelo-Castro-e-Marlon-Amorim-Tenorio-768x332.png 768w\" sizes=\"(max-width: 1350px) 100vw, 1350px\" \/>                                            <\/a>\n                                        <\/div>\n                                                                                    <div class=\"post-content\">\n                                                <div class=\"content\">\n                                                    <h4 class=\"htmega-post-g-title\"><a href='https:\/\/utfpr.curitiba.br\/nucleodesignanimacao\/?p=12284'>Dalivincasso &#8211; Marcelo Castro e Marlon Amorim Ten\u00f3rio<\/a><\/h4>                                                                                                    <\/div>\n                                            <\/div>\n                                                                                <\/div>\n                                <\/div>\n                            \n                        \n                        \n                                                                                                                                            <div class=\"htb-col-lg-4 htb-col-sm-6 htb-col-12\">\n                                    <div class=\"ht-post gradient-overlay gradient-overlay-2 mt--20\">\n                                        <div class=\"thumb\">\n                                            <a href=\"https:\/\/utfpr.curitiba.br\/nucleodesignanimacao\/?p=12273\">\n                                                <img loading=\"lazy\" decoding=\"async\" width=\"600\" height=\"800\" src=\"https:\/\/utfpr-ct-static-content.s3.amazonaws.com\/utfpr.curitiba.br\/wp-content\/uploads\/sites\/99\/2023\/05\/Cinzas-do-Pantanal-Mariana-Marques.jpg\" class=\"attachment-full size-full wp-post-image\" alt=\"\" srcset=\"https:\/\/utfpr-ct-static-content.s3.amazonaws.com\/utfpr.curitiba.br\/wp-content\/uploads\/sites\/99\/2023\/05\/Cinzas-do-Pantanal-Mariana-Marques.jpg 600w, https:\/\/utfpr-ct-static-content.s3.amazonaws.com\/utfpr.curitiba.br\/wp-content\/uploads\/sites\/99\/2023\/05\/Cinzas-do-Pantanal-Mariana-Marques-225x300.jpg 225w\" sizes=\"(max-width: 600px) 100vw, 600px\" \/>                                            <\/a>\n                                        <\/div>\n                                                                                    <div class=\"post-content\">\n                                                <div class=\"content\">\n                                                    <h4 class=\"htmega-post-g-title\"><a href='https:\/\/utfpr.curitiba.br\/nucleodesignanimacao\/?p=12273'>Cinzas do Pantanal &#8211; Mariana Marques<\/a><\/h4>                                                                                                    <\/div>\n                                            <\/div>\n                                                                                <\/div>\n                                <\/div>\n                            \n                        \n                        \n                                                                                                                                            <div class=\"htb-col-lg-4 htb-col-sm-6 htb-col-12\">\n                                    <div class=\"ht-post gradient-overlay gradient-overlay-3 mt--20\">\n                                        <div class=\"thumb\">\n                                            <a href=\"https:\/\/utfpr.curitiba.br\/nucleodesignanimacao\/?p=12262\">\n                                                <img loading=\"lazy\" decoding=\"async\" width=\"1200\" height=\"675\" src=\"https:\/\/utfpr-ct-static-content.s3.amazonaws.com\/utfpr.curitiba.br\/wp-content\/uploads\/sites\/99\/2023\/05\/Berry-and-Doll-4-The-moon-beetle.jpg\" class=\"attachment-full size-full wp-post-image\" alt=\"\" srcset=\"https:\/\/utfpr-ct-static-content.s3.amazonaws.com\/utfpr.curitiba.br\/wp-content\/uploads\/sites\/99\/2023\/05\/Berry-and-Doll-4-The-moon-beetle.jpg 1200w, https:\/\/utfpr-ct-static-content.s3.amazonaws.com\/utfpr.curitiba.br\/wp-content\/uploads\/sites\/99\/2023\/05\/Berry-and-Doll-4-The-moon-beetle-300x169.jpg 300w, https:\/\/utfpr-ct-static-content.s3.amazonaws.com\/utfpr.curitiba.br\/wp-content\/uploads\/sites\/99\/2023\/05\/Berry-and-Doll-4-The-moon-beetle-1024x576.jpg 1024w, https:\/\/utfpr-ct-static-content.s3.amazonaws.com\/utfpr.curitiba.br\/wp-content\/uploads\/sites\/99\/2023\/05\/Berry-and-Doll-4-The-moon-beetle-768x432.jpg 768w\" sizes=\"(max-width: 1200px) 100vw, 1200px\" \/>                                            <\/a>\n                                        <\/div>\n                                                                                    <div class=\"post-content\">\n                                                <div class=\"content\">\n                                                    <h4 class=\"htmega-post-g-title\"><a href='https:\/\/utfpr.curitiba.br\/nucleodesignanimacao\/?p=12262'>Berry and Doll 4: The moon beetle animarte &#8211; Antonin Krizsanics, G\u00e9za M.<\/a><\/h4>                                                                                                    <\/div>\n                                            <\/div>\n                                                                                <\/div>\n                                <\/div>\n                            \n                        \n                        \n                                                                                                                                            <div class=\"htb-col-lg-4 htb-col-sm-6 htb-col-12\">\n                                    <div class=\"ht-post gradient-overlay gradient-overlay-4 mt--20\">\n                                        <div class=\"thumb\">\n                                            <a href=\"https:\/\/utfpr.curitiba.br\/nucleodesignanimacao\/?p=12251\">\n                                                <img loading=\"lazy\" decoding=\"async\" width=\"3334\" height=\"2348\" src=\"https:\/\/utfpr-ct-static-content.s3.amazonaws.com\/utfpr.curitiba.br\/wp-content\/uploads\/sites\/99\/2023\/04\/Imagem-substituicao_Prancheta-1.png\" class=\"attachment-full size-full wp-post-image\" alt=\"\" srcset=\"https:\/\/utfpr-ct-static-content.s3.amazonaws.com\/utfpr.curitiba.br\/wp-content\/uploads\/sites\/99\/2023\/04\/Imagem-substituicao_Prancheta-1.png 3334w, https:\/\/utfpr-ct-static-content.s3.amazonaws.com\/utfpr.curitiba.br\/wp-content\/uploads\/sites\/99\/2023\/04\/Imagem-substituicao_Prancheta-1-300x211.png 300w, https:\/\/utfpr-ct-static-content.s3.amazonaws.com\/utfpr.curitiba.br\/wp-content\/uploads\/sites\/99\/2023\/04\/Imagem-substituicao_Prancheta-1-1024x721.png 1024w, https:\/\/utfpr-ct-static-content.s3.amazonaws.com\/utfpr.curitiba.br\/wp-content\/uploads\/sites\/99\/2023\/04\/Imagem-substituicao_Prancheta-1-768x541.png 768w, https:\/\/utfpr-ct-static-content.s3.amazonaws.com\/utfpr.curitiba.br\/wp-content\/uploads\/sites\/99\/2023\/04\/Imagem-substituicao_Prancheta-1-1536x1082.png 1536w, https:\/\/utfpr-ct-static-content.s3.amazonaws.com\/utfpr.curitiba.br\/wp-content\/uploads\/sites\/99\/2023\/04\/Imagem-substituicao_Prancheta-1-2048x1442.png 2048w\" sizes=\"(max-width: 3334px) 100vw, 3334px\" \/>                                            <\/a>\n                                        <\/div>\n                                                                                    <div class=\"post-content\">\n                                                <div class=\"content\">\n                                                    <h4 class=\"htmega-post-g-title\"><a href='https:\/\/utfpr.curitiba.br\/nucleodesignanimacao\/?p=12251'>Art contest<\/a><\/h4>                                                                                                    <\/div>\n                                            <\/div>\n                                                                                <\/div>\n                                <\/div>\n                            \n                        \n                        \n                                                                                                                                            <div class=\"htb-col-lg-4 htb-col-sm-6 htb-col-12\">\n                                    <div class=\"ht-post gradient-overlay gradient-overlay-5 mt--20\">\n                                        <div class=\"thumb\">\n                                            <a href=\"https:\/\/utfpr.curitiba.br\/nucleodesignanimacao\/?p=12240\">\n                                                <img loading=\"lazy\" decoding=\"async\" width=\"1231\" height=\"563\" src=\"https:\/\/utfpr-ct-static-content.s3.amazonaws.com\/utfpr.curitiba.br\/wp-content\/uploads\/sites\/99\/2023\/05\/Alma-Carioca-William-Cogo.png\" class=\"attachment-full size-full wp-post-image\" alt=\"\" srcset=\"https:\/\/utfpr-ct-static-content.s3.amazonaws.com\/utfpr.curitiba.br\/wp-content\/uploads\/sites\/99\/2023\/05\/Alma-Carioca-William-Cogo.png 1231w, https:\/\/utfpr-ct-static-content.s3.amazonaws.com\/utfpr.curitiba.br\/wp-content\/uploads\/sites\/99\/2023\/05\/Alma-Carioca-William-Cogo-300x137.png 300w, https:\/\/utfpr-ct-static-content.s3.amazonaws.com\/utfpr.curitiba.br\/wp-content\/uploads\/sites\/99\/2023\/05\/Alma-Carioca-William-Cogo-1024x468.png 1024w, https:\/\/utfpr-ct-static-content.s3.amazonaws.com\/utfpr.curitiba.br\/wp-content\/uploads\/sites\/99\/2023\/05\/Alma-Carioca-William-Cogo-768x351.png 768w, https:\/\/utfpr-ct-static-content.s3.amazonaws.com\/utfpr.curitiba.br\/wp-content\/uploads\/sites\/99\/2023\/05\/Alma-Carioca-William-Cogo-1170x536.png 1170w\" sizes=\"(max-width: 1231px) 100vw, 1231px\" \/>                                            <\/a>\n                                        <\/div>\n                                                                                    <div class=\"post-content\">\n                                                <div class=\"content\">\n                                                    <h4 class=\"htmega-post-g-title\"><a href='https:\/\/utfpr.curitiba.br\/nucleodesignanimacao\/?p=12240'>Alma Carioca &#8211; William C\u00f4go<\/a><\/h4>                                                                                                    <\/div>\n                                            <\/div>\n                                                                                <\/div>\n                                <\/div>\n                            \n                        \n                        \n                                                                                                                                            <div class=\"htb-col-lg-4 htb-col-sm-6 htb-col-12\">\n                                    <div class=\"ht-post gradient-overlay gradient-overlay-6 mt--20\">\n                                        <div class=\"thumb\">\n                                            <a href=\"https:\/\/utfpr.curitiba.br\/nucleodesignanimacao\/?p=12228\">\n                                                <img loading=\"lazy\" decoding=\"async\" width=\"3334\" height=\"2348\" src=\"https:\/\/utfpr-ct-static-content.s3.amazonaws.com\/utfpr.curitiba.br\/wp-content\/uploads\/sites\/99\/2023\/04\/Imagem-substituicao_Prancheta-1.png\" class=\"attachment-full size-full wp-post-image\" alt=\"\" srcset=\"https:\/\/utfpr-ct-static-content.s3.amazonaws.com\/utfpr.curitiba.br\/wp-content\/uploads\/sites\/99\/2023\/04\/Imagem-substituicao_Prancheta-1.png 3334w, https:\/\/utfpr-ct-static-content.s3.amazonaws.com\/utfpr.curitiba.br\/wp-content\/uploads\/sites\/99\/2023\/04\/Imagem-substituicao_Prancheta-1-300x211.png 300w, https:\/\/utfpr-ct-static-content.s3.amazonaws.com\/utfpr.curitiba.br\/wp-content\/uploads\/sites\/99\/2023\/04\/Imagem-substituicao_Prancheta-1-1024x721.png 1024w, https:\/\/utfpr-ct-static-content.s3.amazonaws.com\/utfpr.curitiba.br\/wp-content\/uploads\/sites\/99\/2023\/04\/Imagem-substituicao_Prancheta-1-768x541.png 768w, https:\/\/utfpr-ct-static-content.s3.amazonaws.com\/utfpr.curitiba.br\/wp-content\/uploads\/sites\/99\/2023\/04\/Imagem-substituicao_Prancheta-1-1536x1082.png 1536w, https:\/\/utfpr-ct-static-content.s3.amazonaws.com\/utfpr.curitiba.br\/wp-content\/uploads\/sites\/99\/2023\/04\/Imagem-substituicao_Prancheta-1-2048x1442.png 2048w\" sizes=\"(max-width: 3334px) 100vw, 3334px\" \/>                                            <\/a>\n                                        <\/div>\n                                                                                    <div class=\"post-content\">\n                                                <div class=\"content\">\n                                                    <h4 class=\"htmega-post-g-title\"><a href='https:\/\/utfpr.curitiba.br\/nucleodesignanimacao\/?p=12228'>A Gincana das Cenouras<\/a><\/h4>                                                                                                    <\/div>\n                                            <\/div>\n                                                                                <\/div>\n                                <\/div>\n                            \n                        \n                        \n                                                                                                                                            <div class=\"htb-col-lg-4 htb-col-sm-6 htb-col-12\">\n                                    <div class=\"ht-post gradient-overlay gradient-overlay-1 mt--20\">\n                                        <div class=\"thumb\">\n                                            <a href=\"https:\/\/utfpr.curitiba.br\/nucleodesignanimacao\/?p=12217\">\n                                                <img loading=\"lazy\" decoding=\"async\" width=\"1916\" height=\"764\" src=\"https:\/\/utfpr-ct-static-content.s3.amazonaws.com\/utfpr.curitiba.br\/wp-content\/uploads\/sites\/99\/2023\/05\/Fofinhos-Aventureiros-e-a-Espada-Magica-Presa-na-Pedra-Rafael-Dourado.png\" class=\"attachment-full size-full wp-post-image\" alt=\"\" srcset=\"https:\/\/utfpr-ct-static-content.s3.amazonaws.com\/utfpr.curitiba.br\/wp-content\/uploads\/sites\/99\/2023\/05\/Fofinhos-Aventureiros-e-a-Espada-Magica-Presa-na-Pedra-Rafael-Dourado.png 1916w, https:\/\/utfpr-ct-static-content.s3.amazonaws.com\/utfpr.curitiba.br\/wp-content\/uploads\/sites\/99\/2023\/05\/Fofinhos-Aventureiros-e-a-Espada-Magica-Presa-na-Pedra-Rafael-Dourado-300x120.png 300w, https:\/\/utfpr-ct-static-content.s3.amazonaws.com\/utfpr.curitiba.br\/wp-content\/uploads\/sites\/99\/2023\/05\/Fofinhos-Aventureiros-e-a-Espada-Magica-Presa-na-Pedra-Rafael-Dourado-1024x408.png 1024w, https:\/\/utfpr-ct-static-content.s3.amazonaws.com\/utfpr.curitiba.br\/wp-content\/uploads\/sites\/99\/2023\/05\/Fofinhos-Aventureiros-e-a-Espada-Magica-Presa-na-Pedra-Rafael-Dourado-768x306.png 768w, https:\/\/utfpr-ct-static-content.s3.amazonaws.com\/utfpr.curitiba.br\/wp-content\/uploads\/sites\/99\/2023\/05\/Fofinhos-Aventureiros-e-a-Espada-Magica-Presa-na-Pedra-Rafael-Dourado-1536x612.png 1536w\" sizes=\"(max-width: 1916px) 100vw, 1916px\" \/>                                            <\/a>\n                                        <\/div>\n                                                                                    <div class=\"post-content\">\n                                                <div class=\"content\">\n                                                    <h4 class=\"htmega-post-g-title\"><a href='https:\/\/utfpr.curitiba.br\/nucleodesignanimacao\/?p=12217'>A Espada M\u00e1gica Presa na Pedra &#8211; Rafael Dourado<\/a><\/h4>                                                                                                    <\/div>\n                                            <\/div>\n                                                                                <\/div>\n                                <\/div>\n                            \n                        \n                        \n                                                                                                                                            <div class=\"htb-col-lg-4 htb-col-sm-6 htb-col-12\">\n                                    <div class=\"ht-post gradient-overlay gradient-overlay-2 mt--20\">\n                                        <div class=\"thumb\">\n                                            <a href=\"https:\/\/utfpr.curitiba.br\/nucleodesignanimacao\/?p=12206\">\n                                                <img loading=\"lazy\" decoding=\"async\" width=\"1865\" height=\"813\" src=\"https:\/\/utfpr-ct-static-content.s3.amazonaws.com\/utfpr.curitiba.br\/wp-content\/uploads\/sites\/99\/2023\/05\/Venus-Filo-a-fadinha-lesbica-Savio-Leite.png\" class=\"attachment-full size-full wp-post-image\" alt=\"\" srcset=\"https:\/\/utfpr-ct-static-content.s3.amazonaws.com\/utfpr.curitiba.br\/wp-content\/uploads\/sites\/99\/2023\/05\/Venus-Filo-a-fadinha-lesbica-Savio-Leite.png 1865w, https:\/\/utfpr-ct-static-content.s3.amazonaws.com\/utfpr.curitiba.br\/wp-content\/uploads\/sites\/99\/2023\/05\/Venus-Filo-a-fadinha-lesbica-Savio-Leite-300x131.png 300w, https:\/\/utfpr-ct-static-content.s3.amazonaws.com\/utfpr.curitiba.br\/wp-content\/uploads\/sites\/99\/2023\/05\/Venus-Filo-a-fadinha-lesbica-Savio-Leite-1024x446.png 1024w, https:\/\/utfpr-ct-static-content.s3.amazonaws.com\/utfpr.curitiba.br\/wp-content\/uploads\/sites\/99\/2023\/05\/Venus-Filo-a-fadinha-lesbica-Savio-Leite-768x335.png 768w, https:\/\/utfpr-ct-static-content.s3.amazonaws.com\/utfpr.curitiba.br\/wp-content\/uploads\/sites\/99\/2023\/05\/Venus-Filo-a-fadinha-lesbica-Savio-Leite-1536x670.png 1536w\" sizes=\"(max-width: 1865px) 100vw, 1865px\" \/>                                            <\/a>\n                                        <\/div>\n                                                                                    <div class=\"post-content\">\n                                                <div class=\"content\">\n                                                    <h4 class=\"htmega-post-g-title\"><a href='https:\/\/utfpr.curitiba.br\/nucleodesignanimacao\/?p=12206'>V\u00eanus: Fil\u00f3, a fadinha l\u00e9sbica &#8211; S\u00e1vio Leite<\/a><\/h4>                                                                                                    <\/div>\n                                            <\/div>\n                                                                                <\/div>\n                                <\/div>\n                            \n                        \n                        \n                                                                                                                                            <div class=\"htb-col-lg-4 htb-col-sm-6 htb-col-12\">\n                                    <div class=\"ht-post gradient-overlay gradient-overlay-3 mt--20\">\n                                        <div class=\"thumb\">\n                                            <a href=\"https:\/\/utfpr.curitiba.br\/nucleodesignanimacao\/?p=12195\">\n                                                <img loading=\"lazy\" decoding=\"async\" width=\"1861\" height=\"806\" src=\"https:\/\/utfpr-ct-static-content.s3.amazonaws.com\/utfpr.curitiba.br\/wp-content\/uploads\/sites\/99\/2023\/05\/Torre-Nadia-Mangolini.png\" class=\"attachment-full size-full wp-post-image\" alt=\"\" srcset=\"https:\/\/utfpr-ct-static-content.s3.amazonaws.com\/utfpr.curitiba.br\/wp-content\/uploads\/sites\/99\/2023\/05\/Torre-Nadia-Mangolini.png 1861w, https:\/\/utfpr-ct-static-content.s3.amazonaws.com\/utfpr.curitiba.br\/wp-content\/uploads\/sites\/99\/2023\/05\/Torre-Nadia-Mangolini-300x130.png 300w, https:\/\/utfpr-ct-static-content.s3.amazonaws.com\/utfpr.curitiba.br\/wp-content\/uploads\/sites\/99\/2023\/05\/Torre-Nadia-Mangolini-1024x443.png 1024w, https:\/\/utfpr-ct-static-content.s3.amazonaws.com\/utfpr.curitiba.br\/wp-content\/uploads\/sites\/99\/2023\/05\/Torre-Nadia-Mangolini-768x333.png 768w, https:\/\/utfpr-ct-static-content.s3.amazonaws.com\/utfpr.curitiba.br\/wp-content\/uploads\/sites\/99\/2023\/05\/Torre-Nadia-Mangolini-1536x665.png 1536w\" sizes=\"(max-width: 1861px) 100vw, 1861px\" \/>                                            <\/a>\n                                        <\/div>\n                                                                                    <div class=\"post-content\">\n                                                <div class=\"content\">\n                                                    <h4 class=\"htmega-post-g-title\"><a href='https:\/\/utfpr.curitiba.br\/nucleodesignanimacao\/?p=12195'>Torre &#8211; N\u00e1dia Mangolini<\/a><\/h4>                                                                                                    <\/div>\n                                            <\/div>\n                                                                                <\/div>\n                                <\/div>\n                            \n                        \n                        \n                                                                                                                                            <div class=\"htb-col-lg-4 htb-col-sm-6 htb-col-12\">\n                                    <div class=\"ht-post gradient-overlay gradient-overlay-4 mt--20\">\n                                        <div class=\"thumb\">\n                                            <a href=\"https:\/\/utfpr.curitiba.br\/nucleodesignanimacao\/?p=12184\">\n                                                <img loading=\"lazy\" decoding=\"async\" width=\"1861\" height=\"706\" src=\"https:\/\/utfpr-ct-static-content.s3.amazonaws.com\/utfpr.curitiba.br\/wp-content\/uploads\/sites\/99\/2023\/05\/Tailor-Cali-dos-Anjos.png\" class=\"attachment-full size-full wp-post-image\" alt=\"\" srcset=\"https:\/\/utfpr-ct-static-content.s3.amazonaws.com\/utfpr.curitiba.br\/wp-content\/uploads\/sites\/99\/2023\/05\/Tailor-Cali-dos-Anjos.png 1861w, https:\/\/utfpr-ct-static-content.s3.amazonaws.com\/utfpr.curitiba.br\/wp-content\/uploads\/sites\/99\/2023\/05\/Tailor-Cali-dos-Anjos-300x114.png 300w, https:\/\/utfpr-ct-static-content.s3.amazonaws.com\/utfpr.curitiba.br\/wp-content\/uploads\/sites\/99\/2023\/05\/Tailor-Cali-dos-Anjos-1024x388.png 1024w, https:\/\/utfpr-ct-static-content.s3.amazonaws.com\/utfpr.curitiba.br\/wp-content\/uploads\/sites\/99\/2023\/05\/Tailor-Cali-dos-Anjos-768x291.png 768w, https:\/\/utfpr-ct-static-content.s3.amazonaws.com\/utfpr.curitiba.br\/wp-content\/uploads\/sites\/99\/2023\/05\/Tailor-Cali-dos-Anjos-1536x583.png 1536w\" sizes=\"(max-width: 1861px) 100vw, 1861px\" \/>                                            <\/a>\n                                        <\/div>\n                                                                                    <div class=\"post-content\">\n                                                <div class=\"content\">\n                                                    <h4 class=\"htmega-post-g-title\"><a href='https:\/\/utfpr.curitiba.br\/nucleodesignanimacao\/?p=12184'>Tailor &#8211; Cal\u00ed dos Anjos<\/a><\/h4>                                                                                                    <\/div>\n                                            <\/div>\n                                                                                <\/div>\n                                <\/div>\n                            \n                        \n                        \n                                                                                                                                            <div class=\"htb-col-lg-4 htb-col-sm-6 htb-col-12\">\n                                    <div class=\"ht-post gradient-overlay gradient-overlay-5 mt--20\">\n                                        <div class=\"thumb\">\n                                            <a href=\"https:\/\/utfpr.curitiba.br\/nucleodesignanimacao\/?p=12173\">\n                                                <img loading=\"lazy\" decoding=\"async\" width=\"3334\" height=\"2348\" src=\"https:\/\/utfpr-ct-static-content.s3.amazonaws.com\/utfpr.curitiba.br\/wp-content\/uploads\/sites\/99\/2023\/04\/Imagem-substituicao_Prancheta-1.png\" class=\"attachment-full size-full wp-post-image\" alt=\"\" srcset=\"https:\/\/utfpr-ct-static-content.s3.amazonaws.com\/utfpr.curitiba.br\/wp-content\/uploads\/sites\/99\/2023\/04\/Imagem-substituicao_Prancheta-1.png 3334w, https:\/\/utfpr-ct-static-content.s3.amazonaws.com\/utfpr.curitiba.br\/wp-content\/uploads\/sites\/99\/2023\/04\/Imagem-substituicao_Prancheta-1-300x211.png 300w, https:\/\/utfpr-ct-static-content.s3.amazonaws.com\/utfpr.curitiba.br\/wp-content\/uploads\/sites\/99\/2023\/04\/Imagem-substituicao_Prancheta-1-1024x721.png 1024w, https:\/\/utfpr-ct-static-content.s3.amazonaws.com\/utfpr.curitiba.br\/wp-content\/uploads\/sites\/99\/2023\/04\/Imagem-substituicao_Prancheta-1-768x541.png 768w, https:\/\/utfpr-ct-static-content.s3.amazonaws.com\/utfpr.curitiba.br\/wp-content\/uploads\/sites\/99\/2023\/04\/Imagem-substituicao_Prancheta-1-1536x1082.png 1536w, https:\/\/utfpr-ct-static-content.s3.amazonaws.com\/utfpr.curitiba.br\/wp-content\/uploads\/sites\/99\/2023\/04\/Imagem-substituicao_Prancheta-1-2048x1442.png 2048w\" sizes=\"(max-width: 3334px) 100vw, 3334px\" \/>                                            <\/a>\n                                        <\/div>\n                                                                                    <div class=\"post-content\">\n                                                <div class=\"content\">\n                                                    <h4 class=\"htmega-post-g-title\"><a href='https:\/\/utfpr.curitiba.br\/nucleodesignanimacao\/?p=12173'>S\u00fabito &#8211; Ayod\u00ea Fran\u00e7a<\/a><\/h4>                                                                                                    <\/div>\n                                            <\/div>\n                                                                                <\/div>\n                                <\/div>\n                            \n                        \n                        \n                                                                                                                                            <div class=\"htb-col-lg-4 htb-col-sm-6 htb-col-12\">\n                                    <div class=\"ht-post gradient-overlay gradient-overlay-6 mt--20\">\n                                        <div class=\"thumb\">\n                                            <a href=\"https:\/\/utfpr.curitiba.br\/nucleodesignanimacao\/?p=12162\">\n                                                <img loading=\"lazy\" decoding=\"async\" width=\"1420\" height=\"978\" src=\"https:\/\/utfpr-ct-static-content.s3.amazonaws.com\/utfpr.curitiba.br\/wp-content\/uploads\/sites\/99\/2023\/05\/Sob-o-veu-da-vida-oceanica-Quico-Meirelles.png\" class=\"attachment-full size-full wp-post-image\" alt=\"\" srcset=\"https:\/\/utfpr-ct-static-content.s3.amazonaws.com\/utfpr.curitiba.br\/wp-content\/uploads\/sites\/99\/2023\/05\/Sob-o-veu-da-vida-oceanica-Quico-Meirelles.png 1420w, https:\/\/utfpr-ct-static-content.s3.amazonaws.com\/utfpr.curitiba.br\/wp-content\/uploads\/sites\/99\/2023\/05\/Sob-o-veu-da-vida-oceanica-Quico-Meirelles-300x207.png 300w, https:\/\/utfpr-ct-static-content.s3.amazonaws.com\/utfpr.curitiba.br\/wp-content\/uploads\/sites\/99\/2023\/05\/Sob-o-veu-da-vida-oceanica-Quico-Meirelles-1024x705.png 1024w, https:\/\/utfpr-ct-static-content.s3.amazonaws.com\/utfpr.curitiba.br\/wp-content\/uploads\/sites\/99\/2023\/05\/Sob-o-veu-da-vida-oceanica-Quico-Meirelles-768x529.png 768w\" sizes=\"(max-width: 1420px) 100vw, 1420px\" \/>                                            <\/a>\n                                        <\/div>\n                                                                                    <div class=\"post-content\">\n                                                <div class=\"content\">\n                                                    <h4 class=\"htmega-post-g-title\"><a href='https:\/\/utfpr.curitiba.br\/nucleodesignanimacao\/?p=12162'>Sob o v\u00e9u da vida oce\u00e2nica &#8211; Quico Meirelles<\/a><\/h4>                                                                                                    <\/div>\n                                            <\/div>\n                                                                                <\/div>\n                                <\/div>\n                            \n                        \n                        \n                                                                                                                                            <div class=\"htb-col-lg-4 htb-col-sm-6 htb-col-12\">\n                                    <div class=\"ht-post gradient-overlay gradient-overlay-1 mt--20\">\n                                        <div class=\"thumb\">\n                                            <a href=\"https:\/\/utfpr.curitiba.br\/nucleodesignanimacao\/?p=12151\">\n                                                <img loading=\"lazy\" decoding=\"async\" width=\"1916\" height=\"856\" src=\"https:\/\/utfpr-ct-static-content.s3.amazonaws.com\/utfpr.curitiba.br\/wp-content\/uploads\/sites\/99\/2023\/05\/Quando-os-dias-eram-eternos-Marcus-Vinicius-Vasconcelos.png\" class=\"attachment-full size-full wp-post-image\" alt=\"\" srcset=\"https:\/\/utfpr-ct-static-content.s3.amazonaws.com\/utfpr.curitiba.br\/wp-content\/uploads\/sites\/99\/2023\/05\/Quando-os-dias-eram-eternos-Marcus-Vinicius-Vasconcelos.png 1916w, https:\/\/utfpr-ct-static-content.s3.amazonaws.com\/utfpr.curitiba.br\/wp-content\/uploads\/sites\/99\/2023\/05\/Quando-os-dias-eram-eternos-Marcus-Vinicius-Vasconcelos-300x134.png 300w, https:\/\/utfpr-ct-static-content.s3.amazonaws.com\/utfpr.curitiba.br\/wp-content\/uploads\/sites\/99\/2023\/05\/Quando-os-dias-eram-eternos-Marcus-Vinicius-Vasconcelos-1024x457.png 1024w, https:\/\/utfpr-ct-static-content.s3.amazonaws.com\/utfpr.curitiba.br\/wp-content\/uploads\/sites\/99\/2023\/05\/Quando-os-dias-eram-eternos-Marcus-Vinicius-Vasconcelos-768x343.png 768w, https:\/\/utfpr-ct-static-content.s3.amazonaws.com\/utfpr.curitiba.br\/wp-content\/uploads\/sites\/99\/2023\/05\/Quando-os-dias-eram-eternos-Marcus-Vinicius-Vasconcelos-1536x686.png 1536w\" sizes=\"(max-width: 1916px) 100vw, 1916px\" \/>                                            <\/a>\n                                        <\/div>\n                                                                                    <div class=\"post-content\">\n                                                <div class=\"content\">\n                                                    <h4 class=\"htmega-post-g-title\"><a href='https:\/\/utfpr.curitiba.br\/nucleodesignanimacao\/?p=12151'>Quando os dias eram eternos &#8211; Marcus Vinicius Vasconcelos<\/a><\/h4>                                                                                                    <\/div>\n                                            <\/div>\n                                                                                <\/div>\n                                <\/div>\n                            \n                        \n                        \n                                                                                                                                            <div class=\"htb-col-lg-4 htb-col-sm-6 htb-col-12\">\n                                    <div class=\"ht-post gradient-overlay gradient-overlay-2 mt--20\">\n                                        <div class=\"thumb\">\n                                            <a href=\"https:\/\/utfpr.curitiba.br\/nucleodesignanimacao\/?p=12140\">\n                                                <img loading=\"lazy\" decoding=\"async\" width=\"1913\" height=\"950\" src=\"https:\/\/utfpr-ct-static-content.s3.amazonaws.com\/utfpr.curitiba.br\/wp-content\/uploads\/sites\/99\/2023\/05\/Oceano-Renato-Duque.png\" class=\"attachment-full size-full wp-post-image\" alt=\"\" srcset=\"https:\/\/utfpr-ct-static-content.s3.amazonaws.com\/utfpr.curitiba.br\/wp-content\/uploads\/sites\/99\/2023\/05\/Oceano-Renato-Duque.png 1913w, https:\/\/utfpr-ct-static-content.s3.amazonaws.com\/utfpr.curitiba.br\/wp-content\/uploads\/sites\/99\/2023\/05\/Oceano-Renato-Duque-300x149.png 300w, https:\/\/utfpr-ct-static-content.s3.amazonaws.com\/utfpr.curitiba.br\/wp-content\/uploads\/sites\/99\/2023\/05\/Oceano-Renato-Duque-1024x509.png 1024w, https:\/\/utfpr-ct-static-content.s3.amazonaws.com\/utfpr.curitiba.br\/wp-content\/uploads\/sites\/99\/2023\/05\/Oceano-Renato-Duque-768x381.png 768w, https:\/\/utfpr-ct-static-content.s3.amazonaws.com\/utfpr.curitiba.br\/wp-content\/uploads\/sites\/99\/2023\/05\/Oceano-Renato-Duque-1536x763.png 1536w\" sizes=\"(max-width: 1913px) 100vw, 1913px\" \/>                                            <\/a>\n                                        <\/div>\n                                                                                    <div class=\"post-content\">\n                                                <div class=\"content\">\n                                                    <h4 class=\"htmega-post-g-title\"><a href='https:\/\/utfpr.curitiba.br\/nucleodesignanimacao\/?p=12140'>Oceano &#8211; Renato Duque<\/a><\/h4>                                                                                                    <\/div>\n                                            <\/div>\n                                                                                <\/div>\n                                <\/div>\n                            \n                        \n                        \n                                                                                                                                            <div class=\"htb-col-lg-4 htb-col-sm-6 htb-col-12\">\n                                    <div class=\"ht-post gradient-overlay gradient-overlay-3 mt--20\">\n                                        <div class=\"thumb\">\n                                            <a href=\"https:\/\/utfpr.curitiba.br\/nucleodesignanimacao\/?p=12129\">\n                                                <img loading=\"lazy\" decoding=\"async\" width=\"1835\" height=\"888\" src=\"https:\/\/utfpr-ct-static-content.s3.amazonaws.com\/utfpr.curitiba.br\/wp-content\/uploads\/sites\/99\/2023\/05\/O-ex-magico-Mauricio-Nunes-e-Olimpio-Costa.png\" class=\"attachment-full size-full wp-post-image\" alt=\"\" srcset=\"https:\/\/utfpr-ct-static-content.s3.amazonaws.com\/utfpr.curitiba.br\/wp-content\/uploads\/sites\/99\/2023\/05\/O-ex-magico-Mauricio-Nunes-e-Olimpio-Costa.png 1835w, https:\/\/utfpr-ct-static-content.s3.amazonaws.com\/utfpr.curitiba.br\/wp-content\/uploads\/sites\/99\/2023\/05\/O-ex-magico-Mauricio-Nunes-e-Olimpio-Costa-300x145.png 300w, https:\/\/utfpr-ct-static-content.s3.amazonaws.com\/utfpr.curitiba.br\/wp-content\/uploads\/sites\/99\/2023\/05\/O-ex-magico-Mauricio-Nunes-e-Olimpio-Costa-1024x496.png 1024w, https:\/\/utfpr-ct-static-content.s3.amazonaws.com\/utfpr.curitiba.br\/wp-content\/uploads\/sites\/99\/2023\/05\/O-ex-magico-Mauricio-Nunes-e-Olimpio-Costa-768x372.png 768w, https:\/\/utfpr-ct-static-content.s3.amazonaws.com\/utfpr.curitiba.br\/wp-content\/uploads\/sites\/99\/2023\/05\/O-ex-magico-Mauricio-Nunes-e-Olimpio-Costa-1536x743.png 1536w\" sizes=\"(max-width: 1835px) 100vw, 1835px\" \/>                                            <\/a>\n                                        <\/div>\n                                                                                    <div class=\"post-content\">\n                                                <div class=\"content\">\n                                                    <h4 class=\"htmega-post-g-title\"><a href='https:\/\/utfpr.curitiba.br\/nucleodesignanimacao\/?p=12129'>O ex-m\u00e1gico &#8211; Mauricio Nunes e Olimpio Costa<\/a><\/h4>                                                                                                    <\/div>\n                                            <\/div>\n                                                                                <\/div>\n                                <\/div>\n                            \n                        \n                        \n                                                                                                                                            <div class=\"htb-col-lg-4 htb-col-sm-6 htb-col-12\">\n                                    <div class=\"ht-post gradient-overlay gradient-overlay-4 mt--20\">\n                                        <div class=\"thumb\">\n                                            <a href=\"https:\/\/utfpr.curitiba.br\/nucleodesignanimacao\/?p=12117\">\n                                                <img loading=\"lazy\" decoding=\"async\" width=\"1920\" height=\"836\" src=\"https:\/\/utfpr-ct-static-content.s3.amazonaws.com\/utfpr.curitiba.br\/wp-content\/uploads\/sites\/99\/2023\/05\/Nimbus-o-cacador-de-Nuvens-Marco-Nick.png\" class=\"attachment-full size-full wp-post-image\" alt=\"\" srcset=\"https:\/\/utfpr-ct-static-content.s3.amazonaws.com\/utfpr.curitiba.br\/wp-content\/uploads\/sites\/99\/2023\/05\/Nimbus-o-cacador-de-Nuvens-Marco-Nick.png 1920w, https:\/\/utfpr-ct-static-content.s3.amazonaws.com\/utfpr.curitiba.br\/wp-content\/uploads\/sites\/99\/2023\/05\/Nimbus-o-cacador-de-Nuvens-Marco-Nick-300x131.png 300w, https:\/\/utfpr-ct-static-content.s3.amazonaws.com\/utfpr.curitiba.br\/wp-content\/uploads\/sites\/99\/2023\/05\/Nimbus-o-cacador-de-Nuvens-Marco-Nick-1024x446.png 1024w, https:\/\/utfpr-ct-static-content.s3.amazonaws.com\/utfpr.curitiba.br\/wp-content\/uploads\/sites\/99\/2023\/05\/Nimbus-o-cacador-de-Nuvens-Marco-Nick-768x334.png 768w, https:\/\/utfpr-ct-static-content.s3.amazonaws.com\/utfpr.curitiba.br\/wp-content\/uploads\/sites\/99\/2023\/05\/Nimbus-o-cacador-de-Nuvens-Marco-Nick-1536x669.png 1536w\" sizes=\"(max-width: 1920px) 100vw, 1920px\" \/>                                            <\/a>\n                                        <\/div>\n                                                                                    <div class=\"post-content\">\n                                                <div class=\"content\">\n                                                    <h4 class=\"htmega-post-g-title\"><a href='https:\/\/utfpr.curitiba.br\/nucleodesignanimacao\/?p=12117'>Nimbus: o ca\u00e7ador de Nuvens &#8211; Marco Nick<\/a><\/h4>                                                                                                    <\/div>\n                                            <\/div>\n                                                                                <\/div>\n                                <\/div>\n                            \n                        \n                        \n                                                                                                                                            <div class=\"htb-col-lg-4 htb-col-sm-6 htb-col-12\">\n                                    <div class=\"ht-post gradient-overlay gradient-overlay-5 mt--20\">\n                                        <div class=\"thumb\">\n                                            <a href=\"https:\/\/utfpr.curitiba.br\/nucleodesignanimacao\/?p=12106\">\n                                                <img loading=\"lazy\" decoding=\"async\" width=\"1920\" height=\"822\" src=\"https:\/\/utfpr-ct-static-content.s3.amazonaws.com\/utfpr.curitiba.br\/wp-content\/uploads\/sites\/99\/2023\/05\/Nao-moro-mais-aqui-Laura-de-Araujo.png\" class=\"attachment-full size-full wp-post-image\" alt=\"\" srcset=\"https:\/\/utfpr-ct-static-content.s3.amazonaws.com\/utfpr.curitiba.br\/wp-content\/uploads\/sites\/99\/2023\/05\/Nao-moro-mais-aqui-Laura-de-Araujo.png 1920w, https:\/\/utfpr-ct-static-content.s3.amazonaws.com\/utfpr.curitiba.br\/wp-content\/uploads\/sites\/99\/2023\/05\/Nao-moro-mais-aqui-Laura-de-Araujo-300x128.png 300w, https:\/\/utfpr-ct-static-content.s3.amazonaws.com\/utfpr.curitiba.br\/wp-content\/uploads\/sites\/99\/2023\/05\/Nao-moro-mais-aqui-Laura-de-Araujo-1024x438.png 1024w, https:\/\/utfpr-ct-static-content.s3.amazonaws.com\/utfpr.curitiba.br\/wp-content\/uploads\/sites\/99\/2023\/05\/Nao-moro-mais-aqui-Laura-de-Araujo-768x329.png 768w, https:\/\/utfpr-ct-static-content.s3.amazonaws.com\/utfpr.curitiba.br\/wp-content\/uploads\/sites\/99\/2023\/05\/Nao-moro-mais-aqui-Laura-de-Araujo-1536x658.png 1536w\" sizes=\"(max-width: 1920px) 100vw, 1920px\" \/>                                            <\/a>\n                                        <\/div>\n                                                                                    <div class=\"post-content\">\n                                                <div class=\"content\">\n                                                    <h4 class=\"htmega-post-g-title\"><a href='https:\/\/utfpr.curitiba.br\/nucleodesignanimacao\/?p=12106'>N\u00e3o moro mais aqui &#8211; Laura de Ara\u00fajo<\/a><\/h4>                                                                                                    <\/div>\n                                            <\/div>\n                                                                                <\/div>\n                                <\/div>\n                            \n                        \n                        \n                                                                                                                                            <div class=\"htb-col-lg-4 htb-col-sm-6 htb-col-12\">\n                                    <div class=\"ht-post gradient-overlay gradient-overlay-6 mt--20\">\n                                        <div class=\"thumb\">\n                                            <a href=\"https:\/\/utfpr.curitiba.br\/nucleodesignanimacao\/?p=12095\">\n                                                <img loading=\"lazy\" decoding=\"async\" width=\"1920\" height=\"748\" src=\"https:\/\/utfpr-ct-static-content.s3.amazonaws.com\/utfpr.curitiba.br\/wp-content\/uploads\/sites\/99\/2023\/05\/Guaxuma-Nara-Normande.png\" class=\"attachment-full size-full wp-post-image\" alt=\"\" srcset=\"https:\/\/utfpr-ct-static-content.s3.amazonaws.com\/utfpr.curitiba.br\/wp-content\/uploads\/sites\/99\/2023\/05\/Guaxuma-Nara-Normande.png 1920w, https:\/\/utfpr-ct-static-content.s3.amazonaws.com\/utfpr.curitiba.br\/wp-content\/uploads\/sites\/99\/2023\/05\/Guaxuma-Nara-Normande-300x117.png 300w, https:\/\/utfpr-ct-static-content.s3.amazonaws.com\/utfpr.curitiba.br\/wp-content\/uploads\/sites\/99\/2023\/05\/Guaxuma-Nara-Normande-1024x399.png 1024w, https:\/\/utfpr-ct-static-content.s3.amazonaws.com\/utfpr.curitiba.br\/wp-content\/uploads\/sites\/99\/2023\/05\/Guaxuma-Nara-Normande-768x299.png 768w, https:\/\/utfpr-ct-static-content.s3.amazonaws.com\/utfpr.curitiba.br\/wp-content\/uploads\/sites\/99\/2023\/05\/Guaxuma-Nara-Normande-1536x598.png 1536w\" sizes=\"(max-width: 1920px) 100vw, 1920px\" \/>                                            <\/a>\n                                        <\/div>\n                                                                                    <div class=\"post-content\">\n                                                <div class=\"content\">\n                                                    <h4 class=\"htmega-post-g-title\"><a href='https:\/\/utfpr.curitiba.br\/nucleodesignanimacao\/?p=12095'>Guaxuma &#8211; Nara Normande<\/a><\/h4>                                                                                                    <\/div>\n                                            <\/div>\n                                                                                <\/div>\n                                <\/div>\n                            \n                        \n                        \n                                                                                                                                            <div class=\"htb-col-lg-4 htb-col-sm-6 htb-col-12\">\n                                    <div class=\"ht-post gradient-overlay gradient-overlay-1 mt--20\">\n                                        <div class=\"thumb\">\n                                            <a href=\"https:\/\/utfpr.curitiba.br\/nucleodesignanimacao\/?p=12084\">\n                                                <img loading=\"lazy\" decoding=\"async\" width=\"1920\" height=\"799\" src=\"https:\/\/utfpr-ct-static-content.s3.amazonaws.com\/utfpr.curitiba.br\/wp-content\/uploads\/sites\/99\/2023\/05\/Fazenda-Rosa-Chia-Beloto.png\" class=\"attachment-full size-full wp-post-image\" alt=\"\" srcset=\"https:\/\/utfpr-ct-static-content.s3.amazonaws.com\/utfpr.curitiba.br\/wp-content\/uploads\/sites\/99\/2023\/05\/Fazenda-Rosa-Chia-Beloto.png 1920w, https:\/\/utfpr-ct-static-content.s3.amazonaws.com\/utfpr.curitiba.br\/wp-content\/uploads\/sites\/99\/2023\/05\/Fazenda-Rosa-Chia-Beloto-300x125.png 300w, https:\/\/utfpr-ct-static-content.s3.amazonaws.com\/utfpr.curitiba.br\/wp-content\/uploads\/sites\/99\/2023\/05\/Fazenda-Rosa-Chia-Beloto-1024x426.png 1024w, https:\/\/utfpr-ct-static-content.s3.amazonaws.com\/utfpr.curitiba.br\/wp-content\/uploads\/sites\/99\/2023\/05\/Fazenda-Rosa-Chia-Beloto-768x320.png 768w, https:\/\/utfpr-ct-static-content.s3.amazonaws.com\/utfpr.curitiba.br\/wp-content\/uploads\/sites\/99\/2023\/05\/Fazenda-Rosa-Chia-Beloto-1536x639.png 1536w\" sizes=\"(max-width: 1920px) 100vw, 1920px\" \/>                                            <\/a>\n                                        <\/div>\n                                                                                    <div class=\"post-content\">\n                                                <div class=\"content\">\n                                                    <h4 class=\"htmega-post-g-title\"><a href='https:\/\/utfpr.curitiba.br\/nucleodesignanimacao\/?p=12084'>Fazenda Rosa &#8211; Chia Beloto<\/a><\/h4>                                                                                                    <\/div>\n                                            <\/div>\n                                                                                <\/div>\n                                <\/div>\n                            \n                        \n                        \n                                                                                                                                            <div class=\"htb-col-lg-4 htb-col-sm-6 htb-col-12\">\n                                    <div class=\"ht-post gradient-overlay gradient-overlay-2 mt--20\">\n                                        <div class=\"thumb\">\n                                            <a href=\"https:\/\/utfpr.curitiba.br\/nucleodesignanimacao\/?p=12073\">\n                                                <img loading=\"lazy\" decoding=\"async\" width=\"1357\" height=\"574\" src=\"https:\/\/utfpr-ct-static-content.s3.amazonaws.com\/utfpr.curitiba.br\/wp-content\/uploads\/sites\/99\/2023\/05\/Eu-o-declaro-meu-inimigo-Marcos-Buccini-e-Tiago-Delacio.png\" class=\"attachment-full size-full wp-post-image\" alt=\"\" srcset=\"https:\/\/utfpr-ct-static-content.s3.amazonaws.com\/utfpr.curitiba.br\/wp-content\/uploads\/sites\/99\/2023\/05\/Eu-o-declaro-meu-inimigo-Marcos-Buccini-e-Tiago-Delacio.png 1357w, https:\/\/utfpr-ct-static-content.s3.amazonaws.com\/utfpr.curitiba.br\/wp-content\/uploads\/sites\/99\/2023\/05\/Eu-o-declaro-meu-inimigo-Marcos-Buccini-e-Tiago-Delacio-300x127.png 300w, https:\/\/utfpr-ct-static-content.s3.amazonaws.com\/utfpr.curitiba.br\/wp-content\/uploads\/sites\/99\/2023\/05\/Eu-o-declaro-meu-inimigo-Marcos-Buccini-e-Tiago-Delacio-1024x433.png 1024w, https:\/\/utfpr-ct-static-content.s3.amazonaws.com\/utfpr.curitiba.br\/wp-content\/uploads\/sites\/99\/2023\/05\/Eu-o-declaro-meu-inimigo-Marcos-Buccini-e-Tiago-Delacio-768x325.png 768w\" sizes=\"(max-width: 1357px) 100vw, 1357px\" \/>                                            <\/a>\n                                        <\/div>\n                                                                                    <div class=\"post-content\">\n                                                <div class=\"content\">\n                                                    <h4 class=\"htmega-post-g-title\"><a href='https:\/\/utfpr.curitiba.br\/nucleodesignanimacao\/?p=12073'>Eu o declaro meu inimigo &#8211; Marcos Buccini e Tiago Del\u00e1cio<\/a><\/h4>                                                                                                    <\/div>\n                                            <\/div>\n                                                                                <\/div>\n                                <\/div>\n                            \n                        \n                        \n                                                                                                                                            <div class=\"htb-col-lg-4 htb-col-sm-6 htb-col-12\">\n                                    <div class=\"ht-post gradient-overlay gradient-overlay-3 mt--20\">\n                                        <div class=\"thumb\">\n                                            <a href=\"https:\/\/utfpr.curitiba.br\/nucleodesignanimacao\/?p=12062\">\n                                                <img loading=\"lazy\" decoding=\"async\" width=\"1080\" height=\"675\" src=\"https:\/\/utfpr-ct-static-content.s3.amazonaws.com\/utfpr.curitiba.br\/wp-content\/uploads\/sites\/99\/2023\/05\/Em-crise-Amir-Admoni-e-Paula-Rocha.jpg\" class=\"attachment-full size-full wp-post-image\" alt=\"\" srcset=\"https:\/\/utfpr-ct-static-content.s3.amazonaws.com\/utfpr.curitiba.br\/wp-content\/uploads\/sites\/99\/2023\/05\/Em-crise-Amir-Admoni-e-Paula-Rocha.jpg 1080w, https:\/\/utfpr-ct-static-content.s3.amazonaws.com\/utfpr.curitiba.br\/wp-content\/uploads\/sites\/99\/2023\/05\/Em-crise-Amir-Admoni-e-Paula-Rocha-300x188.jpg 300w, https:\/\/utfpr-ct-static-content.s3.amazonaws.com\/utfpr.curitiba.br\/wp-content\/uploads\/sites\/99\/2023\/05\/Em-crise-Amir-Admoni-e-Paula-Rocha-1024x640.jpg 1024w, https:\/\/utfpr-ct-static-content.s3.amazonaws.com\/utfpr.curitiba.br\/wp-content\/uploads\/sites\/99\/2023\/05\/Em-crise-Amir-Admoni-e-Paula-Rocha-768x480.jpg 768w\" sizes=\"(max-width: 1080px) 100vw, 1080px\" \/>                                            <\/a>\n                                        <\/div>\n                                                                                    <div class=\"post-content\">\n                                                <div class=\"content\">\n                                                    <h4 class=\"htmega-post-g-title\"><a href='https:\/\/utfpr.curitiba.br\/nucleodesignanimacao\/?p=12062'>Em crise &#8211; Amir Admoni e Paula Rocha<\/a><\/h4>                                                                                                    <\/div>\n                                            <\/div>\n                                                                                <\/div>\n                                <\/div>\n                            \n                        \n                        \n                                                                                                                                            <div class=\"htb-col-lg-4 htb-col-sm-6 htb-col-12\">\n                                    <div class=\"ht-post gradient-overlay gradient-overlay-4 mt--20\">\n                                        <div class=\"thumb\">\n                                            <a href=\"https:\/\/utfpr.curitiba.br\/nucleodesignanimacao\/?p=12050\">\n                                                <img loading=\"lazy\" decoding=\"async\" width=\"1376\" height=\"562\" src=\"https:\/\/utfpr-ct-static-content.s3.amazonaws.com\/utfpr.curitiba.br\/wp-content\/uploads\/sites\/99\/2023\/05\/Disexta-Andre-Catoto.png\" class=\"attachment-full size-full wp-post-image\" alt=\"\" srcset=\"https:\/\/utfpr-ct-static-content.s3.amazonaws.com\/utfpr.curitiba.br\/wp-content\/uploads\/sites\/99\/2023\/05\/Disexta-Andre-Catoto.png 1376w, https:\/\/utfpr-ct-static-content.s3.amazonaws.com\/utfpr.curitiba.br\/wp-content\/uploads\/sites\/99\/2023\/05\/Disexta-Andre-Catoto-300x123.png 300w, https:\/\/utfpr-ct-static-content.s3.amazonaws.com\/utfpr.curitiba.br\/wp-content\/uploads\/sites\/99\/2023\/05\/Disexta-Andre-Catoto-1024x418.png 1024w, https:\/\/utfpr-ct-static-content.s3.amazonaws.com\/utfpr.curitiba.br\/wp-content\/uploads\/sites\/99\/2023\/05\/Disexta-Andre-Catoto-768x314.png 768w\" sizes=\"(max-width: 1376px) 100vw, 1376px\" \/>                                            <\/a>\n                                        <\/div>\n                                                                                    <div class=\"post-content\">\n                                                <div class=\"content\">\n                                                    <h4 class=\"htmega-post-g-title\"><a href='https:\/\/utfpr.curitiba.br\/nucleodesignanimacao\/?p=12050'>Disexta\u00a0&#8211; Andr\u00e9 Catoto<\/a><\/h4>                                                                                                    <\/div>\n                                            <\/div>\n                                                                                <\/div>\n                                <\/div>\n                            \n                        \n                        \n                                                                                                                                            <div class=\"htb-col-lg-4 htb-col-sm-6 htb-col-12\">\n                                    <div class=\"ht-post gradient-overlay gradient-overlay-5 mt--20\">\n                                        <div class=\"thumb\">\n                                            <a href=\"https:\/\/utfpr.curitiba.br\/nucleodesignanimacao\/?p=12038\">\n                                                <img loading=\"lazy\" decoding=\"async\" width=\"1606\" height=\"612\" src=\"https:\/\/utfpr-ct-static-content.s3.amazonaws.com\/utfpr.curitiba.br\/wp-content\/uploads\/sites\/99\/2023\/05\/Caminho-dos-gigantes-Alois-Di-Leo.png\" class=\"attachment-full size-full wp-post-image\" alt=\"\" srcset=\"https:\/\/utfpr-ct-static-content.s3.amazonaws.com\/utfpr.curitiba.br\/wp-content\/uploads\/sites\/99\/2023\/05\/Caminho-dos-gigantes-Alois-Di-Leo.png 1606w, https:\/\/utfpr-ct-static-content.s3.amazonaws.com\/utfpr.curitiba.br\/wp-content\/uploads\/sites\/99\/2023\/05\/Caminho-dos-gigantes-Alois-Di-Leo-300x114.png 300w, https:\/\/utfpr-ct-static-content.s3.amazonaws.com\/utfpr.curitiba.br\/wp-content\/uploads\/sites\/99\/2023\/05\/Caminho-dos-gigantes-Alois-Di-Leo-1024x390.png 1024w, https:\/\/utfpr-ct-static-content.s3.amazonaws.com\/utfpr.curitiba.br\/wp-content\/uploads\/sites\/99\/2023\/05\/Caminho-dos-gigantes-Alois-Di-Leo-768x293.png 768w, https:\/\/utfpr-ct-static-content.s3.amazonaws.com\/utfpr.curitiba.br\/wp-content\/uploads\/sites\/99\/2023\/05\/Caminho-dos-gigantes-Alois-Di-Leo-1536x585.png 1536w\" sizes=\"(max-width: 1606px) 100vw, 1606px\" \/>                                            <\/a>\n                                        <\/div>\n                                                                                    <div class=\"post-content\">\n                                                <div class=\"content\">\n                                                    <h4 class=\"htmega-post-g-title\"><a href='https:\/\/utfpr.curitiba.br\/nucleodesignanimacao\/?p=12038'>Caminho dos gigantes &#8211; Alois Di Leo<\/a><\/h4>                                                                                                    <\/div>\n                                            <\/div>\n                                                                                <\/div>\n                                <\/div>\n                            \n                        \n                        \n                                                                                                                                            <div class=\"htb-col-lg-4 htb-col-sm-6 htb-col-12\">\n                                    <div class=\"ht-post gradient-overlay gradient-overlay-6 mt--20\">\n                                        <div class=\"thumb\">\n                                            <a href=\"https:\/\/utfpr.curitiba.br\/nucleodesignanimacao\/?p=12027\">\n                                                <img loading=\"lazy\" decoding=\"async\" width=\"882\" height=\"411\" src=\"https:\/\/utfpr-ct-static-content.s3.amazonaws.com\/utfpr.curitiba.br\/wp-content\/uploads\/sites\/99\/2023\/05\/Um-Artista-da-Fome-Moises-Pantolfi-da-Silva.png\" class=\"attachment-full size-full wp-post-image\" alt=\"\" srcset=\"https:\/\/utfpr-ct-static-content.s3.amazonaws.com\/utfpr.curitiba.br\/wp-content\/uploads\/sites\/99\/2023\/05\/Um-Artista-da-Fome-Moises-Pantolfi-da-Silva.png 882w, https:\/\/utfpr-ct-static-content.s3.amazonaws.com\/utfpr.curitiba.br\/wp-content\/uploads\/sites\/99\/2023\/05\/Um-Artista-da-Fome-Moises-Pantolfi-da-Silva-300x140.png 300w, https:\/\/utfpr-ct-static-content.s3.amazonaws.com\/utfpr.curitiba.br\/wp-content\/uploads\/sites\/99\/2023\/05\/Um-Artista-da-Fome-Moises-Pantolfi-da-Silva-768x358.png 768w\" sizes=\"(max-width: 882px) 100vw, 882px\" \/>                                            <\/a>\n                                        <\/div>\n                                                                                    <div class=\"post-content\">\n                                                <div class=\"content\">\n                                                    <h4 class=\"htmega-post-g-title\"><a href='https:\/\/utfpr.curitiba.br\/nucleodesignanimacao\/?p=12027'>Um Artista da Fome &#8211; Moises Pantolfi da Silva<\/a><\/h4>                                                                                                    <\/div>\n                                            <\/div>\n                                                                                <\/div>\n                                <\/div>\n                            \n                        \n                        \n                                                                                                                                            <div class=\"htb-col-lg-4 htb-col-sm-6 htb-col-12\">\n                                    <div class=\"ht-post gradient-overlay gradient-overlay-1 mt--20\">\n                                        <div class=\"thumb\">\n                                            <a href=\"https:\/\/utfpr.curitiba.br\/nucleodesignanimacao\/?p=12014\">\n                                                <img loading=\"lazy\" decoding=\"async\" width=\"899\" height=\"423\" src=\"https:\/\/utfpr-ct-static-content.s3.amazonaws.com\/utfpr.curitiba.br\/wp-content\/uploads\/sites\/99\/2023\/05\/Tripp-Maria-Antonia-Amaral-Petrassi.png\" class=\"attachment-full size-full wp-post-image\" alt=\"\" srcset=\"https:\/\/utfpr-ct-static-content.s3.amazonaws.com\/utfpr.curitiba.br\/wp-content\/uploads\/sites\/99\/2023\/05\/Tripp-Maria-Antonia-Amaral-Petrassi.png 899w, https:\/\/utfpr-ct-static-content.s3.amazonaws.com\/utfpr.curitiba.br\/wp-content\/uploads\/sites\/99\/2023\/05\/Tripp-Maria-Antonia-Amaral-Petrassi-300x141.png 300w, https:\/\/utfpr-ct-static-content.s3.amazonaws.com\/utfpr.curitiba.br\/wp-content\/uploads\/sites\/99\/2023\/05\/Tripp-Maria-Antonia-Amaral-Petrassi-768x361.png 768w\" sizes=\"(max-width: 899px) 100vw, 899px\" \/>                                            <\/a>\n                                        <\/div>\n                                                                                    <div class=\"post-content\">\n                                                <div class=\"content\">\n                                                    <h4 class=\"htmega-post-g-title\"><a href='https:\/\/utfpr.curitiba.br\/nucleodesignanimacao\/?p=12014'>Tripp &#8211; Maria Ant\u00f4nia Amaral Petrassi<\/a><\/h4>                                                                                                    <\/div>\n                                            <\/div>\n                                                                                <\/div>\n                                <\/div>\n                            \n                        \n                        \n                                                                                                                                            <div class=\"htb-col-lg-4 htb-col-sm-6 htb-col-12\">\n                                    <div class=\"ht-post gradient-overlay gradient-overlay-2 mt--20\">\n                                        <div class=\"thumb\">\n                                            <a href=\"https:\/\/utfpr.curitiba.br\/nucleodesignanimacao\/?p=12003\">\n                                                <img loading=\"lazy\" decoding=\"async\" width=\"895\" height=\"418\" src=\"https:\/\/utfpr-ct-static-content.s3.amazonaws.com\/utfpr.curitiba.br\/wp-content\/uploads\/sites\/99\/2023\/05\/The-trip-Heloisa-da-Rosa-Schroeder-e-Lucca-Schopf.png\" class=\"attachment-full size-full wp-post-image\" alt=\"\" srcset=\"https:\/\/utfpr-ct-static-content.s3.amazonaws.com\/utfpr.curitiba.br\/wp-content\/uploads\/sites\/99\/2023\/05\/The-trip-Heloisa-da-Rosa-Schroeder-e-Lucca-Schopf.png 895w, https:\/\/utfpr-ct-static-content.s3.amazonaws.com\/utfpr.curitiba.br\/wp-content\/uploads\/sites\/99\/2023\/05\/The-trip-Heloisa-da-Rosa-Schroeder-e-Lucca-Schopf-300x140.png 300w, https:\/\/utfpr-ct-static-content.s3.amazonaws.com\/utfpr.curitiba.br\/wp-content\/uploads\/sites\/99\/2023\/05\/The-trip-Heloisa-da-Rosa-Schroeder-e-Lucca-Schopf-768x359.png 768w\" sizes=\"(max-width: 895px) 100vw, 895px\" \/>                                            <\/a>\n                                        <\/div>\n                                                                                    <div class=\"post-content\">\n                                                <div class=\"content\">\n                                                    <h4 class=\"htmega-post-g-title\"><a href='https:\/\/utfpr.curitiba.br\/nucleodesignanimacao\/?p=12003'>The trip &#8211; Heloisa da Rosa Schroeder e Lucca Sch\u00f6pf<\/a><\/h4>                                                                                                    <\/div>\n                                            <\/div>\n                                                                                <\/div>\n                                <\/div>\n                            \n                        \n                        \n                                                                                                                                            <div class=\"htb-col-lg-4 htb-col-sm-6 htb-col-12\">\n                                    <div class=\"ht-post gradient-overlay gradient-overlay-3 mt--20\">\n                                        <div class=\"thumb\">\n                                            <a href=\"https:\/\/utfpr.curitiba.br\/nucleodesignanimacao\/?p=11992\">\n                                                <img loading=\"lazy\" decoding=\"async\" width=\"894\" height=\"422\" src=\"https:\/\/utfpr-ct-static-content.s3.amazonaws.com\/utfpr.curitiba.br\/wp-content\/uploads\/sites\/99\/2023\/05\/The-star-Vitoria-Imai-Amorim.png\" class=\"attachment-full size-full wp-post-image\" alt=\"\" srcset=\"https:\/\/utfpr-ct-static-content.s3.amazonaws.com\/utfpr.curitiba.br\/wp-content\/uploads\/sites\/99\/2023\/05\/The-star-Vitoria-Imai-Amorim.png 894w, https:\/\/utfpr-ct-static-content.s3.amazonaws.com\/utfpr.curitiba.br\/wp-content\/uploads\/sites\/99\/2023\/05\/The-star-Vitoria-Imai-Amorim-300x142.png 300w, https:\/\/utfpr-ct-static-content.s3.amazonaws.com\/utfpr.curitiba.br\/wp-content\/uploads\/sites\/99\/2023\/05\/The-star-Vitoria-Imai-Amorim-768x363.png 768w\" sizes=\"(max-width: 894px) 100vw, 894px\" \/>                                            <\/a>\n                                        <\/div>\n                                                                                    <div class=\"post-content\">\n                                                <div class=\"content\">\n                                                    <h4 class=\"htmega-post-g-title\"><a href='https:\/\/utfpr.curitiba.br\/nucleodesignanimacao\/?p=11992'>The star &#8211; Vit\u00f3ria Imai Amorim<\/a><\/h4>                                                                                                    <\/div>\n                                            <\/div>\n                                                                                <\/div>\n                                <\/div>\n                            \n                        \n                        \n                                                                                                                                            <div class=\"htb-col-lg-4 htb-col-sm-6 htb-col-12\">\n                                    <div class=\"ht-post gradient-overlay gradient-overlay-4 mt--20\">\n                                        <div class=\"thumb\">\n                                            <a href=\"https:\/\/utfpr.curitiba.br\/nucleodesignanimacao\/?p=11978\">\n                                                <img loading=\"lazy\" decoding=\"async\" width=\"890\" height=\"420\" src=\"https:\/\/utfpr-ct-static-content.s3.amazonaws.com\/utfpr.curitiba.br\/wp-content\/uploads\/sites\/99\/2023\/05\/Rabisco-Tamires-Maria-Dos-Anjos.png\" class=\"attachment-full size-full wp-post-image\" alt=\"\" srcset=\"https:\/\/utfpr-ct-static-content.s3.amazonaws.com\/utfpr.curitiba.br\/wp-content\/uploads\/sites\/99\/2023\/05\/Rabisco-Tamires-Maria-Dos-Anjos.png 890w, https:\/\/utfpr-ct-static-content.s3.amazonaws.com\/utfpr.curitiba.br\/wp-content\/uploads\/sites\/99\/2023\/05\/Rabisco-Tamires-Maria-Dos-Anjos-300x142.png 300w, https:\/\/utfpr-ct-static-content.s3.amazonaws.com\/utfpr.curitiba.br\/wp-content\/uploads\/sites\/99\/2023\/05\/Rabisco-Tamires-Maria-Dos-Anjos-768x362.png 768w\" sizes=\"(max-width: 890px) 100vw, 890px\" \/>                                            <\/a>\n                                        <\/div>\n                                                                                    <div class=\"post-content\">\n                                                <div class=\"content\">\n                                                    <h4 class=\"htmega-post-g-title\"><a href='https:\/\/utfpr.curitiba.br\/nucleodesignanimacao\/?p=11978'>Rabisco &#8211; Tamires Maria Dos Anjos<\/a><\/h4>                                                                                                    <\/div>\n                                            <\/div>\n                                                                                <\/div>\n                                <\/div>\n                            \n                        \n                        \n                                                                                                                                            <div class=\"htb-col-lg-4 htb-col-sm-6 htb-col-12\">\n                                    <div class=\"ht-post gradient-overlay gradient-overlay-5 mt--20\">\n                                        <div class=\"thumb\">\n                                            <a href=\"https:\/\/utfpr.curitiba.br\/nucleodesignanimacao\/?p=11967\">\n                                                <img loading=\"lazy\" decoding=\"async\" width=\"866\" height=\"430\" src=\"https:\/\/utfpr-ct-static-content.s3.amazonaws.com\/utfpr.curitiba.br\/wp-content\/uploads\/sites\/99\/2023\/05\/Precisamos-Respirar-Samuel-Mariani-Camila-Kater.png\" class=\"attachment-full size-full wp-post-image\" alt=\"\" srcset=\"https:\/\/utfpr-ct-static-content.s3.amazonaws.com\/utfpr.curitiba.br\/wp-content\/uploads\/sites\/99\/2023\/05\/Precisamos-Respirar-Samuel-Mariani-Camila-Kater.png 866w, https:\/\/utfpr-ct-static-content.s3.amazonaws.com\/utfpr.curitiba.br\/wp-content\/uploads\/sites\/99\/2023\/05\/Precisamos-Respirar-Samuel-Mariani-Camila-Kater-300x149.png 300w, https:\/\/utfpr-ct-static-content.s3.amazonaws.com\/utfpr.curitiba.br\/wp-content\/uploads\/sites\/99\/2023\/05\/Precisamos-Respirar-Samuel-Mariani-Camila-Kater-768x381.png 768w\" sizes=\"(max-width: 866px) 100vw, 866px\" \/>                                            <\/a>\n                                        <\/div>\n                                                                                    <div class=\"post-content\">\n                                                <div class=\"content\">\n                                                    <h4 class=\"htmega-post-g-title\"><a href='https:\/\/utfpr.curitiba.br\/nucleodesignanimacao\/?p=11967'>Precisamos Respirar &#8211; Samuel Mariani &amp; Camila Kater<\/a><\/h4>                                                                                                    <\/div>\n                                            <\/div>\n                                                                                <\/div>\n                                <\/div>\n                            \n                        \n                        \n                                                                                                                                            <div class=\"htb-col-lg-4 htb-col-sm-6 htb-col-12\">\n                                    <div class=\"ht-post gradient-overlay gradient-overlay-6 mt--20\">\n                                        <div class=\"thumb\">\n                                            <a href=\"https:\/\/utfpr.curitiba.br\/nucleodesignanimacao\/?p=11956\">\n                                                <img loading=\"lazy\" decoding=\"async\" width=\"891\" height=\"424\" src=\"https:\/\/utfpr-ct-static-content.s3.amazonaws.com\/utfpr.curitiba.br\/wp-content\/uploads\/sites\/99\/2023\/05\/PONTOS-DE-VISTA-V2-Fabio-Yamaji.png\" class=\"attachment-full size-full wp-post-image\" alt=\"\" srcset=\"https:\/\/utfpr-ct-static-content.s3.amazonaws.com\/utfpr.curitiba.br\/wp-content\/uploads\/sites\/99\/2023\/05\/PONTOS-DE-VISTA-V2-Fabio-Yamaji.png 891w, https:\/\/utfpr-ct-static-content.s3.amazonaws.com\/utfpr.curitiba.br\/wp-content\/uploads\/sites\/99\/2023\/05\/PONTOS-DE-VISTA-V2-Fabio-Yamaji-300x143.png 300w, https:\/\/utfpr-ct-static-content.s3.amazonaws.com\/utfpr.curitiba.br\/wp-content\/uploads\/sites\/99\/2023\/05\/PONTOS-DE-VISTA-V2-Fabio-Yamaji-768x365.png 768w\" sizes=\"(max-width: 891px) 100vw, 891px\" \/>                                            <\/a>\n                                        <\/div>\n                                                                                    <div class=\"post-content\">\n                                                <div class=\"content\">\n                                                    <h4 class=\"htmega-post-g-title\"><a href='https:\/\/utfpr.curitiba.br\/nucleodesignanimacao\/?p=11956'>PONTOS DE VISTA V2 &#8211; F\u00e1bio Yamaji<\/a><\/h4>                                                                                                    <\/div>\n                                            <\/div>\n                                                                                <\/div>\n                                <\/div>\n                            \n                        \n                        \n                                                                                                                                            <div class=\"htb-col-lg-4 htb-col-sm-6 htb-col-12\">\n                                    <div class=\"ht-post gradient-overlay gradient-overlay-1 mt--20\">\n                                        <div class=\"thumb\">\n                                            <a href=\"https:\/\/utfpr.curitiba.br\/nucleodesignanimacao\/?p=11943\">\n                                                <img loading=\"lazy\" decoding=\"async\" width=\"890\" height=\"419\" src=\"https:\/\/utfpr-ct-static-content.s3.amazonaws.com\/utfpr.curitiba.br\/wp-content\/uploads\/sites\/99\/2023\/05\/Poema-Visivel-Leila-Monsegur.png\" class=\"attachment-full size-full wp-post-image\" alt=\"\" srcset=\"https:\/\/utfpr-ct-static-content.s3.amazonaws.com\/utfpr.curitiba.br\/wp-content\/uploads\/sites\/99\/2023\/05\/Poema-Visivel-Leila-Monsegur.png 890w, https:\/\/utfpr-ct-static-content.s3.amazonaws.com\/utfpr.curitiba.br\/wp-content\/uploads\/sites\/99\/2023\/05\/Poema-Visivel-Leila-Monsegur-300x141.png 300w, https:\/\/utfpr-ct-static-content.s3.amazonaws.com\/utfpr.curitiba.br\/wp-content\/uploads\/sites\/99\/2023\/05\/Poema-Visivel-Leila-Monsegur-768x362.png 768w\" sizes=\"(max-width: 890px) 100vw, 890px\" \/>                                            <\/a>\n                                        <\/div>\n                                                                                    <div class=\"post-content\">\n                                                <div class=\"content\">\n                                                    <h4 class=\"htmega-post-g-title\"><a href='https:\/\/utfpr.curitiba.br\/nucleodesignanimacao\/?p=11943'>Poema Vis\u00edvel &#8211; Leila Monsegur<\/a><\/h4>                                                                                                    <\/div>\n                                            <\/div>\n                                                                                <\/div>\n                                <\/div>\n                            \n                        \n                        \n                                                                                                                                            <div class=\"htb-col-lg-4 htb-col-sm-6 htb-col-12\">\n                                    <div class=\"ht-post gradient-overlay gradient-overlay-2 mt--20\">\n                                        <div class=\"thumb\">\n                                            <a href=\"https:\/\/utfpr.curitiba.br\/nucleodesignanimacao\/?p=11931\">\n                                                <img loading=\"lazy\" decoding=\"async\" width=\"895\" height=\"425\" src=\"https:\/\/utfpr-ct-static-content.s3.amazonaws.com\/utfpr.curitiba.br\/wp-content\/uploads\/sites\/99\/2023\/05\/Planeta-desconhecido-Sheila-Rodrigues.png\" class=\"attachment-full size-full wp-post-image\" alt=\"\" srcset=\"https:\/\/utfpr-ct-static-content.s3.amazonaws.com\/utfpr.curitiba.br\/wp-content\/uploads\/sites\/99\/2023\/05\/Planeta-desconhecido-Sheila-Rodrigues.png 895w, https:\/\/utfpr-ct-static-content.s3.amazonaws.com\/utfpr.curitiba.br\/wp-content\/uploads\/sites\/99\/2023\/05\/Planeta-desconhecido-Sheila-Rodrigues-300x142.png 300w, https:\/\/utfpr-ct-static-content.s3.amazonaws.com\/utfpr.curitiba.br\/wp-content\/uploads\/sites\/99\/2023\/05\/Planeta-desconhecido-Sheila-Rodrigues-768x365.png 768w\" sizes=\"(max-width: 895px) 100vw, 895px\" \/>                                            <\/a>\n                                        <\/div>\n                                                                                    <div class=\"post-content\">\n                                                <div class=\"content\">\n                                                    <h4 class=\"htmega-post-g-title\"><a href='https:\/\/utfpr.curitiba.br\/nucleodesignanimacao\/?p=11931'>Planeta desconhecido &#8211; Sheila Rodrigues<\/a><\/h4>                                                                                                    <\/div>\n                                            <\/div>\n                                                                                <\/div>\n                                <\/div>\n                            \n                        \n                        \n                                                                                                                                            <div class=\"htb-col-lg-4 htb-col-sm-6 htb-col-12\">\n                                    <div class=\"ht-post gradient-overlay gradient-overlay-3 mt--20\">\n                                        <div class=\"thumb\">\n                                            <a href=\"https:\/\/utfpr.curitiba.br\/nucleodesignanimacao\/?p=11920\">\n                                                <img loading=\"lazy\" decoding=\"async\" width=\"896\" height=\"424\" src=\"https:\/\/utfpr-ct-static-content.s3.amazonaws.com\/utfpr.curitiba.br\/wp-content\/uploads\/sites\/99\/2023\/05\/One-Night-at-Mount-Hat-Episode-2-Phenomenon-Jeniffer-Siebeneichler.png\" class=\"attachment-full size-full wp-post-image\" alt=\"\" srcset=\"https:\/\/utfpr-ct-static-content.s3.amazonaws.com\/utfpr.curitiba.br\/wp-content\/uploads\/sites\/99\/2023\/05\/One-Night-at-Mount-Hat-Episode-2-Phenomenon-Jeniffer-Siebeneichler.png 896w, https:\/\/utfpr-ct-static-content.s3.amazonaws.com\/utfpr.curitiba.br\/wp-content\/uploads\/sites\/99\/2023\/05\/One-Night-at-Mount-Hat-Episode-2-Phenomenon-Jeniffer-Siebeneichler-300x142.png 300w, https:\/\/utfpr-ct-static-content.s3.amazonaws.com\/utfpr.curitiba.br\/wp-content\/uploads\/sites\/99\/2023\/05\/One-Night-at-Mount-Hat-Episode-2-Phenomenon-Jeniffer-Siebeneichler-768x363.png 768w\" sizes=\"(max-width: 896px) 100vw, 896px\" \/>                                            <\/a>\n                                        <\/div>\n                                                                                    <div class=\"post-content\">\n                                                <div class=\"content\">\n                                                    <h4 class=\"htmega-post-g-title\"><a href='https:\/\/utfpr.curitiba.br\/nucleodesignanimacao\/?p=11920'>One Night at Mount Hat &#8211; Episode 2: Phenomenon &#8211; Jeniffer Siebeneichler<\/a><\/h4>                                                                                                    <\/div>\n                                            <\/div>\n                                                                                <\/div>\n                                <\/div>\n                            \n                        \n                        \n                                                                                                                                            <div class=\"htb-col-lg-4 htb-col-sm-6 htb-col-12\">\n                                    <div class=\"ht-post gradient-overlay gradient-overlay-4 mt--20\">\n                                        <div class=\"thumb\">\n                                            <a href=\"https:\/\/utfpr.curitiba.br\/nucleodesignanimacao\/?p=11909\">\n                                                <img loading=\"lazy\" decoding=\"async\" width=\"896\" height=\"421\" src=\"https:\/\/utfpr-ct-static-content.s3.amazonaws.com\/utfpr.curitiba.br\/wp-content\/uploads\/sites\/99\/2023\/05\/Mindfulness-Bruno-Azzani-Luiz-Knopki-Karoline-Marques-e-Gabriel-Prado.png\" class=\"attachment-full size-full wp-post-image\" alt=\"\" srcset=\"https:\/\/utfpr-ct-static-content.s3.amazonaws.com\/utfpr.curitiba.br\/wp-content\/uploads\/sites\/99\/2023\/05\/Mindfulness-Bruno-Azzani-Luiz-Knopki-Karoline-Marques-e-Gabriel-Prado.png 896w, https:\/\/utfpr-ct-static-content.s3.amazonaws.com\/utfpr.curitiba.br\/wp-content\/uploads\/sites\/99\/2023\/05\/Mindfulness-Bruno-Azzani-Luiz-Knopki-Karoline-Marques-e-Gabriel-Prado-300x141.png 300w, https:\/\/utfpr-ct-static-content.s3.amazonaws.com\/utfpr.curitiba.br\/wp-content\/uploads\/sites\/99\/2023\/05\/Mindfulness-Bruno-Azzani-Luiz-Knopki-Karoline-Marques-e-Gabriel-Prado-768x361.png 768w\" sizes=\"(max-width: 896px) 100vw, 896px\" \/>                                            <\/a>\n                                        <\/div>\n                                                                                    <div class=\"post-content\">\n                                                <div class=\"content\">\n                                                    <h4 class=\"htmega-post-g-title\"><a href='https:\/\/utfpr.curitiba.br\/nucleodesignanimacao\/?p=11909'>Mindfulness &#8211; Bruno Azzani, Luiz Knopki, Karoline Marques e Gabriel Prado<\/a><\/h4>                                                                                                    <\/div>\n                                            <\/div>\n                                                                                <\/div>\n                                <\/div>\n                            \n                        \n                        \n                                                                                                                                            <div class=\"htb-col-lg-4 htb-col-sm-6 htb-col-12\">\n                                    <div class=\"ht-post gradient-overlay gradient-overlay-5 mt--20\">\n                                        <div class=\"thumb\">\n                                            <a href=\"https:\/\/utfpr.curitiba.br\/nucleodesignanimacao\/?p=11898\">\n                                                <img loading=\"lazy\" decoding=\"async\" width=\"900\" height=\"413\" src=\"https:\/\/utfpr-ct-static-content.s3.amazonaws.com\/utfpr.curitiba.br\/wp-content\/uploads\/sites\/99\/2023\/05\/Logradouros-Gean-Carlos-Almeida-dos-Santos.png\" class=\"attachment-full size-full wp-post-image\" alt=\"\" srcset=\"https:\/\/utfpr-ct-static-content.s3.amazonaws.com\/utfpr.curitiba.br\/wp-content\/uploads\/sites\/99\/2023\/05\/Logradouros-Gean-Carlos-Almeida-dos-Santos.png 900w, https:\/\/utfpr-ct-static-content.s3.amazonaws.com\/utfpr.curitiba.br\/wp-content\/uploads\/sites\/99\/2023\/05\/Logradouros-Gean-Carlos-Almeida-dos-Santos-300x138.png 300w, https:\/\/utfpr-ct-static-content.s3.amazonaws.com\/utfpr.curitiba.br\/wp-content\/uploads\/sites\/99\/2023\/05\/Logradouros-Gean-Carlos-Almeida-dos-Santos-768x352.png 768w\" sizes=\"(max-width: 900px) 100vw, 900px\" \/>                                            <\/a>\n                                        <\/div>\n                                                                                    <div class=\"post-content\">\n                                                <div class=\"content\">\n                                                    <h4 class=\"htmega-post-g-title\"><a href='https:\/\/utfpr.curitiba.br\/nucleodesignanimacao\/?p=11898'>Menino do morro &#8211; Sheila Rodrigues e Nicollas Martins e Guilherme Caetano<\/a><\/h4>                                                                                                    <\/div>\n                                            <\/div>\n                                                                                <\/div>\n                                <\/div>\n                            \n                        \n                        \n                                                                                                                                            <div class=\"htb-col-lg-4 htb-col-sm-6 htb-col-12\">\n                                    <div class=\"ht-post gradient-overlay gradient-overlay-6 mt--20\">\n                                        <div class=\"thumb\">\n                                            <a href=\"https:\/\/utfpr.curitiba.br\/nucleodesignanimacao\/?p=11887\">\n                                                <img loading=\"lazy\" decoding=\"async\" width=\"900\" height=\"413\" src=\"https:\/\/utfpr-ct-static-content.s3.amazonaws.com\/utfpr.curitiba.br\/wp-content\/uploads\/sites\/99\/2023\/05\/Logradouros-Gean-Carlos-Almeida-dos-Santos.png\" class=\"attachment-full size-full wp-post-image\" alt=\"\" srcset=\"https:\/\/utfpr-ct-static-content.s3.amazonaws.com\/utfpr.curitiba.br\/wp-content\/uploads\/sites\/99\/2023\/05\/Logradouros-Gean-Carlos-Almeida-dos-Santos.png 900w, https:\/\/utfpr-ct-static-content.s3.amazonaws.com\/utfpr.curitiba.br\/wp-content\/uploads\/sites\/99\/2023\/05\/Logradouros-Gean-Carlos-Almeida-dos-Santos-300x138.png 300w, https:\/\/utfpr-ct-static-content.s3.amazonaws.com\/utfpr.curitiba.br\/wp-content\/uploads\/sites\/99\/2023\/05\/Logradouros-Gean-Carlos-Almeida-dos-Santos-768x352.png 768w\" sizes=\"(max-width: 900px) 100vw, 900px\" \/>                                            <\/a>\n                                        <\/div>\n                                                                                    <div class=\"post-content\">\n                                                <div class=\"content\">\n                                                    <h4 class=\"htmega-post-g-title\"><a href='https:\/\/utfpr.curitiba.br\/nucleodesignanimacao\/?p=11887'>Logradouros &#8211; Gean Carlos Almeida dos Santos<\/a><\/h4>                                                                                                    <\/div>\n                                            <\/div>\n                                                                                <\/div>\n                                <\/div>\n                            \n                        \n                        \n                                                                                                                                            <div class=\"htb-col-lg-4 htb-col-sm-6 htb-col-12\">\n                                    <div class=\"ht-post gradient-overlay gradient-overlay-1 mt--20\">\n                                        <div class=\"thumb\">\n                                            <a href=\"https:\/\/utfpr.curitiba.br\/nucleodesignanimacao\/?p=11875\">\n                                                <img loading=\"lazy\" decoding=\"async\" width=\"890\" height=\"420\" src=\"https:\/\/utfpr-ct-static-content.s3.amazonaws.com\/utfpr.curitiba.br\/wp-content\/uploads\/sites\/99\/2023\/05\/Liga-da-Desordem-Gustavo-Teixeira.png\" class=\"attachment-full size-full wp-post-image\" alt=\"\" srcset=\"https:\/\/utfpr-ct-static-content.s3.amazonaws.com\/utfpr.curitiba.br\/wp-content\/uploads\/sites\/99\/2023\/05\/Liga-da-Desordem-Gustavo-Teixeira.png 890w, https:\/\/utfpr-ct-static-content.s3.amazonaws.com\/utfpr.curitiba.br\/wp-content\/uploads\/sites\/99\/2023\/05\/Liga-da-Desordem-Gustavo-Teixeira-300x142.png 300w, https:\/\/utfpr-ct-static-content.s3.amazonaws.com\/utfpr.curitiba.br\/wp-content\/uploads\/sites\/99\/2023\/05\/Liga-da-Desordem-Gustavo-Teixeira-768x362.png 768w\" sizes=\"(max-width: 890px) 100vw, 890px\" \/>                                            <\/a>\n                                        <\/div>\n                                                                                    <div class=\"post-content\">\n                                                <div class=\"content\">\n                                                    <h4 class=\"htmega-post-g-title\"><a href='https:\/\/utfpr.curitiba.br\/nucleodesignanimacao\/?p=11875'>Liga da Desordem &#8211; Gustavo Teixeira<\/a><\/h4>                                                                                                    <\/div>\n                                            <\/div>\n                                                                                <\/div>\n                                <\/div>\n                            \n                        \n                        \n                                                                                                                                            <div class=\"htb-col-lg-4 htb-col-sm-6 htb-col-12\">\n                                    <div class=\"ht-post gradient-overlay gradient-overlay-2 mt--20\">\n                                        <div class=\"thumb\">\n                                            <a href=\"https:\/\/utfpr.curitiba.br\/nucleodesignanimacao\/?p=11864\">\n                                                <img loading=\"lazy\" decoding=\"async\" width=\"900\" height=\"425\" src=\"https:\/\/utfpr-ct-static-content.s3.amazonaws.com\/utfpr.curitiba.br\/wp-content\/uploads\/sites\/99\/2023\/05\/Jardim-Encantado-Sheila-Rodrigues-e-Keven-Jonathan.png\" class=\"attachment-full size-full wp-post-image\" alt=\"\" srcset=\"https:\/\/utfpr-ct-static-content.s3.amazonaws.com\/utfpr.curitiba.br\/wp-content\/uploads\/sites\/99\/2023\/05\/Jardim-Encantado-Sheila-Rodrigues-e-Keven-Jonathan.png 900w, https:\/\/utfpr-ct-static-content.s3.amazonaws.com\/utfpr.curitiba.br\/wp-content\/uploads\/sites\/99\/2023\/05\/Jardim-Encantado-Sheila-Rodrigues-e-Keven-Jonathan-300x142.png 300w, https:\/\/utfpr-ct-static-content.s3.amazonaws.com\/utfpr.curitiba.br\/wp-content\/uploads\/sites\/99\/2023\/05\/Jardim-Encantado-Sheila-Rodrigues-e-Keven-Jonathan-768x363.png 768w\" sizes=\"(max-width: 900px) 100vw, 900px\" \/>                                            <\/a>\n                                        <\/div>\n                                                                                    <div class=\"post-content\">\n                                                <div class=\"content\">\n                                                    <h4 class=\"htmega-post-g-title\"><a href='https:\/\/utfpr.curitiba.br\/nucleodesignanimacao\/?p=11864'>Jardim Encantado &#8211; Sheila Rodrigues e Keven Jonathan<\/a><\/h4>                                                                                                    <\/div>\n                                            <\/div>\n                                                                                <\/div>\n                                <\/div>\n                            \n                        \n                        \n                                                                                                                                            <div class=\"htb-col-lg-4 htb-col-sm-6 htb-col-12\">\n                                    <div class=\"ht-post gradient-overlay gradient-overlay-3 mt--20\">\n                                        <div class=\"thumb\">\n                                            <a href=\"https:\/\/utfpr.curitiba.br\/nucleodesignanimacao\/?p=11853\">\n                                                <img loading=\"lazy\" decoding=\"async\" width=\"885\" height=\"431\" src=\"https:\/\/utfpr-ct-static-content.s3.amazonaws.com\/utfpr.curitiba.br\/wp-content\/uploads\/sites\/99\/2023\/05\/I-love-cats-Rachel-Hoppe-e-Raquel-Sales.png\" class=\"attachment-full size-full wp-post-image\" alt=\"\" srcset=\"https:\/\/utfpr-ct-static-content.s3.amazonaws.com\/utfpr.curitiba.br\/wp-content\/uploads\/sites\/99\/2023\/05\/I-love-cats-Rachel-Hoppe-e-Raquel-Sales.png 885w, https:\/\/utfpr-ct-static-content.s3.amazonaws.com\/utfpr.curitiba.br\/wp-content\/uploads\/sites\/99\/2023\/05\/I-love-cats-Rachel-Hoppe-e-Raquel-Sales-300x146.png 300w, https:\/\/utfpr-ct-static-content.s3.amazonaws.com\/utfpr.curitiba.br\/wp-content\/uploads\/sites\/99\/2023\/05\/I-love-cats-Rachel-Hoppe-e-Raquel-Sales-768x374.png 768w\" sizes=\"(max-width: 885px) 100vw, 885px\" \/>                                            <\/a>\n                                        <\/div>\n                                                                                    <div class=\"post-content\">\n                                                <div class=\"content\">\n                                                    <h4 class=\"htmega-post-g-title\"><a href='https:\/\/utfpr.curitiba.br\/nucleodesignanimacao\/?p=11853'>I love cats &#8211; Rachel Hoppe e Raquel Sales<\/a><\/h4>                                                                                                    <\/div>\n                                            <\/div>\n                                                                                <\/div>\n                                <\/div>\n                            \n                        \n                        \n                                                                                                                                            <div class=\"htb-col-lg-4 htb-col-sm-6 htb-col-12\">\n                                    <div class=\"ht-post gradient-overlay gradient-overlay-4 mt--20\">\n                                        <div class=\"thumb\">\n                                            <a href=\"https:\/\/utfpr.curitiba.br\/nucleodesignanimacao\/?p=11842\">\n                                                <img loading=\"lazy\" decoding=\"async\" width=\"3334\" height=\"2348\" src=\"https:\/\/utfpr-ct-static-content.s3.amazonaws.com\/utfpr.curitiba.br\/wp-content\/uploads\/sites\/99\/2023\/04\/Imagem-substituicao_Prancheta-1.png\" class=\"attachment-full size-full wp-post-image\" alt=\"\" srcset=\"https:\/\/utfpr-ct-static-content.s3.amazonaws.com\/utfpr.curitiba.br\/wp-content\/uploads\/sites\/99\/2023\/04\/Imagem-substituicao_Prancheta-1.png 3334w, https:\/\/utfpr-ct-static-content.s3.amazonaws.com\/utfpr.curitiba.br\/wp-content\/uploads\/sites\/99\/2023\/04\/Imagem-substituicao_Prancheta-1-300x211.png 300w, https:\/\/utfpr-ct-static-content.s3.amazonaws.com\/utfpr.curitiba.br\/wp-content\/uploads\/sites\/99\/2023\/04\/Imagem-substituicao_Prancheta-1-1024x721.png 1024w, https:\/\/utfpr-ct-static-content.s3.amazonaws.com\/utfpr.curitiba.br\/wp-content\/uploads\/sites\/99\/2023\/04\/Imagem-substituicao_Prancheta-1-768x541.png 768w, https:\/\/utfpr-ct-static-content.s3.amazonaws.com\/utfpr.curitiba.br\/wp-content\/uploads\/sites\/99\/2023\/04\/Imagem-substituicao_Prancheta-1-1536x1082.png 1536w, https:\/\/utfpr-ct-static-content.s3.amazonaws.com\/utfpr.curitiba.br\/wp-content\/uploads\/sites\/99\/2023\/04\/Imagem-substituicao_Prancheta-1-2048x1442.png 2048w\" sizes=\"(max-width: 3334px) 100vw, 3334px\" \/>                                            <\/a>\n                                        <\/div>\n                                                                                    <div class=\"post-content\">\n                                                <div class=\"content\">\n                                                    <h4 class=\"htmega-post-g-title\"><a href='https:\/\/utfpr.curitiba.br\/nucleodesignanimacao\/?p=11842'>Her\u00f3is Debaixo da \u00c1gua &#8211; Jos\u00e9 Francisco Peligrino Xavier (Chicolam)<\/a><\/h4>                                                                                                    <\/div>\n                                            <\/div>\n                                                                                <\/div>\n                                <\/div>\n                            \n                        \n                        \n                                                                                                                                            <div class=\"htb-col-lg-4 htb-col-sm-6 htb-col-12\">\n                                    <div class=\"ht-post gradient-overlay gradient-overlay-5 mt--20\">\n                                        <div class=\"thumb\">\n                                            <a href=\"https:\/\/utfpr.curitiba.br\/nucleodesignanimacao\/?p=11820\">\n                                                <img loading=\"lazy\" decoding=\"async\" width=\"3334\" height=\"2348\" src=\"https:\/\/utfpr-ct-static-content.s3.amazonaws.com\/utfpr.curitiba.br\/wp-content\/uploads\/sites\/99\/2023\/04\/Imagem-substituicao_Prancheta-1.png\" class=\"attachment-full size-full wp-post-image\" alt=\"\" srcset=\"https:\/\/utfpr-ct-static-content.s3.amazonaws.com\/utfpr.curitiba.br\/wp-content\/uploads\/sites\/99\/2023\/04\/Imagem-substituicao_Prancheta-1.png 3334w, https:\/\/utfpr-ct-static-content.s3.amazonaws.com\/utfpr.curitiba.br\/wp-content\/uploads\/sites\/99\/2023\/04\/Imagem-substituicao_Prancheta-1-300x211.png 300w, https:\/\/utfpr-ct-static-content.s3.amazonaws.com\/utfpr.curitiba.br\/wp-content\/uploads\/sites\/99\/2023\/04\/Imagem-substituicao_Prancheta-1-1024x721.png 1024w, https:\/\/utfpr-ct-static-content.s3.amazonaws.com\/utfpr.curitiba.br\/wp-content\/uploads\/sites\/99\/2023\/04\/Imagem-substituicao_Prancheta-1-768x541.png 768w, https:\/\/utfpr-ct-static-content.s3.amazonaws.com\/utfpr.curitiba.br\/wp-content\/uploads\/sites\/99\/2023\/04\/Imagem-substituicao_Prancheta-1-1536x1082.png 1536w, https:\/\/utfpr-ct-static-content.s3.amazonaws.com\/utfpr.curitiba.br\/wp-content\/uploads\/sites\/99\/2023\/04\/Imagem-substituicao_Prancheta-1-2048x1442.png 2048w\" sizes=\"(max-width: 3334px) 100vw, 3334px\" \/>                                            <\/a>\n                                        <\/div>\n                                                                                    <div class=\"post-content\">\n                                                <div class=\"content\">\n                                                    <h4 class=\"htmega-post-g-title\"><a href='https:\/\/utfpr.curitiba.br\/nucleodesignanimacao\/?p=11820'>Gatob\u00f4 the space cat voc\u00ea consegue achar? &#8211; Nicole Lia R\u00eago da Silva<\/a><\/h4>                                                                                                    <\/div>\n                                            <\/div>\n                                                                                <\/div>\n                                <\/div>\n                            \n                        \n                        \n                                                                                                                                            <div class=\"htb-col-lg-4 htb-col-sm-6 htb-col-12\">\n                                    <div class=\"ht-post gradient-overlay gradient-overlay-6 mt--20\">\n                                        <div class=\"thumb\">\n                                            <a href=\"https:\/\/utfpr.curitiba.br\/nucleodesignanimacao\/?p=11809\">\n                                                <img loading=\"lazy\" decoding=\"async\" width=\"3334\" height=\"2348\" src=\"https:\/\/utfpr-ct-static-content.s3.amazonaws.com\/utfpr.curitiba.br\/wp-content\/uploads\/sites\/99\/2023\/04\/Imagem-substituicao_Prancheta-1.png\" class=\"attachment-full size-full wp-post-image\" alt=\"\" srcset=\"https:\/\/utfpr-ct-static-content.s3.amazonaws.com\/utfpr.curitiba.br\/wp-content\/uploads\/sites\/99\/2023\/04\/Imagem-substituicao_Prancheta-1.png 3334w, https:\/\/utfpr-ct-static-content.s3.amazonaws.com\/utfpr.curitiba.br\/wp-content\/uploads\/sites\/99\/2023\/04\/Imagem-substituicao_Prancheta-1-300x211.png 300w, https:\/\/utfpr-ct-static-content.s3.amazonaws.com\/utfpr.curitiba.br\/wp-content\/uploads\/sites\/99\/2023\/04\/Imagem-substituicao_Prancheta-1-1024x721.png 1024w, https:\/\/utfpr-ct-static-content.s3.amazonaws.com\/utfpr.curitiba.br\/wp-content\/uploads\/sites\/99\/2023\/04\/Imagem-substituicao_Prancheta-1-768x541.png 768w, https:\/\/utfpr-ct-static-content.s3.amazonaws.com\/utfpr.curitiba.br\/wp-content\/uploads\/sites\/99\/2023\/04\/Imagem-substituicao_Prancheta-1-1536x1082.png 1536w, https:\/\/utfpr-ct-static-content.s3.amazonaws.com\/utfpr.curitiba.br\/wp-content\/uploads\/sites\/99\/2023\/04\/Imagem-substituicao_Prancheta-1-2048x1442.png 2048w\" sizes=\"(max-width: 3334px) 100vw, 3334px\" \/>                                            <\/a>\n                                        <\/div>\n                                                                                    <div class=\"post-content\">\n                                                <div class=\"content\">\n                                                    <h4 class=\"htmega-post-g-title\"><a href='https:\/\/utfpr.curitiba.br\/nucleodesignanimacao\/?p=11809'>Flautistas de Contagem &#8211; Sheila Rodrigues e Ryan Pierre<\/a><\/h4>                                                                                                    <\/div>\n                                            <\/div>\n                                                                                <\/div>\n                                <\/div>\n                            \n                        \n                        \n                                                                                                                                            <div class=\"htb-col-lg-4 htb-col-sm-6 htb-col-12\">\n                                    <div class=\"ht-post gradient-overlay gradient-overlay-1 mt--20\">\n                                        <div class=\"thumb\">\n                                            <a href=\"https:\/\/utfpr.curitiba.br\/nucleodesignanimacao\/?p=11798\">\n                                                <img loading=\"lazy\" decoding=\"async\" width=\"3334\" height=\"2348\" src=\"https:\/\/utfpr-ct-static-content.s3.amazonaws.com\/utfpr.curitiba.br\/wp-content\/uploads\/sites\/99\/2023\/04\/Imagem-substituicao_Prancheta-1.png\" class=\"attachment-full size-full wp-post-image\" alt=\"\" srcset=\"https:\/\/utfpr-ct-static-content.s3.amazonaws.com\/utfpr.curitiba.br\/wp-content\/uploads\/sites\/99\/2023\/04\/Imagem-substituicao_Prancheta-1.png 3334w, https:\/\/utfpr-ct-static-content.s3.amazonaws.com\/utfpr.curitiba.br\/wp-content\/uploads\/sites\/99\/2023\/04\/Imagem-substituicao_Prancheta-1-300x211.png 300w, https:\/\/utfpr-ct-static-content.s3.amazonaws.com\/utfpr.curitiba.br\/wp-content\/uploads\/sites\/99\/2023\/04\/Imagem-substituicao_Prancheta-1-1024x721.png 1024w, https:\/\/utfpr-ct-static-content.s3.amazonaws.com\/utfpr.curitiba.br\/wp-content\/uploads\/sites\/99\/2023\/04\/Imagem-substituicao_Prancheta-1-768x541.png 768w, https:\/\/utfpr-ct-static-content.s3.amazonaws.com\/utfpr.curitiba.br\/wp-content\/uploads\/sites\/99\/2023\/04\/Imagem-substituicao_Prancheta-1-1536x1082.png 1536w, https:\/\/utfpr-ct-static-content.s3.amazonaws.com\/utfpr.curitiba.br\/wp-content\/uploads\/sites\/99\/2023\/04\/Imagem-substituicao_Prancheta-1-2048x1442.png 2048w\" sizes=\"(max-width: 3334px) 100vw, 3334px\" \/>                                            <\/a>\n                                        <\/div>\n                                                                                    <div class=\"post-content\">\n                                                <div class=\"content\">\n                                                    <h4 class=\"htmega-post-g-title\"><a href='https:\/\/utfpr.curitiba.br\/nucleodesignanimacao\/?p=11798'>Exp_02 &#8211; Vict\u00f3ria Correa Silva<\/a><\/h4>                                                                                                    <\/div>\n                                            <\/div>\n                                                                                <\/div>\n                                <\/div>\n                            \n                        \n                        \n                                                                                                                                            <div class=\"htb-col-lg-4 htb-col-sm-6 htb-col-12\">\n                                    <div class=\"ht-post gradient-overlay gradient-overlay-2 mt--20\">\n                                        <div class=\"thumb\">\n                                            <a href=\"https:\/\/utfpr.curitiba.br\/nucleodesignanimacao\/?p=11786\">\n                                                <img loading=\"lazy\" decoding=\"async\" width=\"3334\" height=\"2348\" src=\"https:\/\/utfpr-ct-static-content.s3.amazonaws.com\/utfpr.curitiba.br\/wp-content\/uploads\/sites\/99\/2023\/04\/Imagem-substituicao_Prancheta-1.png\" class=\"attachment-full size-full wp-post-image\" alt=\"\" srcset=\"https:\/\/utfpr-ct-static-content.s3.amazonaws.com\/utfpr.curitiba.br\/wp-content\/uploads\/sites\/99\/2023\/04\/Imagem-substituicao_Prancheta-1.png 3334w, https:\/\/utfpr-ct-static-content.s3.amazonaws.com\/utfpr.curitiba.br\/wp-content\/uploads\/sites\/99\/2023\/04\/Imagem-substituicao_Prancheta-1-300x211.png 300w, https:\/\/utfpr-ct-static-content.s3.amazonaws.com\/utfpr.curitiba.br\/wp-content\/uploads\/sites\/99\/2023\/04\/Imagem-substituicao_Prancheta-1-1024x721.png 1024w, https:\/\/utfpr-ct-static-content.s3.amazonaws.com\/utfpr.curitiba.br\/wp-content\/uploads\/sites\/99\/2023\/04\/Imagem-substituicao_Prancheta-1-768x541.png 768w, https:\/\/utfpr-ct-static-content.s3.amazonaws.com\/utfpr.curitiba.br\/wp-content\/uploads\/sites\/99\/2023\/04\/Imagem-substituicao_Prancheta-1-1536x1082.png 1536w, https:\/\/utfpr-ct-static-content.s3.amazonaws.com\/utfpr.curitiba.br\/wp-content\/uploads\/sites\/99\/2023\/04\/Imagem-substituicao_Prancheta-1-2048x1442.png 2048w\" sizes=\"(max-width: 3334px) 100vw, 3334px\" \/>                                            <\/a>\n                                        <\/div>\n                                                                                    <div class=\"post-content\">\n                                                <div class=\"content\">\n                                                    <h4 class=\"htmega-post-g-title\"><a href='https:\/\/utfpr.curitiba.br\/nucleodesignanimacao\/?p=11786'>EVE &#8211; Gustavo Alves da Silva<\/a><\/h4>                                                                                                    <\/div>\n                                            <\/div>\n                                                                                <\/div>\n                                <\/div>\n                            \n                        \n                        \n                                                                                                                                            <div class=\"htb-col-lg-4 htb-col-sm-6 htb-col-12\">\n                                    <div class=\"ht-post gradient-overlay gradient-overlay-3 mt--20\">\n                                        <div class=\"thumb\">\n                                            <a href=\"https:\/\/utfpr.curitiba.br\/nucleodesignanimacao\/?p=11775\">\n                                                <img loading=\"lazy\" decoding=\"async\" width=\"1772\" height=\"888\" src=\"https:\/\/utfpr-ct-static-content.s3.amazonaws.com\/utfpr.curitiba.br\/wp-content\/uploads\/sites\/99\/2023\/05\/Estudo-de-Cor-e-Gesto-Tetsuya-Maruyama.png\" class=\"attachment-full size-full wp-post-image\" alt=\"\" srcset=\"https:\/\/utfpr-ct-static-content.s3.amazonaws.com\/utfpr.curitiba.br\/wp-content\/uploads\/sites\/99\/2023\/05\/Estudo-de-Cor-e-Gesto-Tetsuya-Maruyama.png 1772w, https:\/\/utfpr-ct-static-content.s3.amazonaws.com\/utfpr.curitiba.br\/wp-content\/uploads\/sites\/99\/2023\/05\/Estudo-de-Cor-e-Gesto-Tetsuya-Maruyama-300x150.png 300w, https:\/\/utfpr-ct-static-content.s3.amazonaws.com\/utfpr.curitiba.br\/wp-content\/uploads\/sites\/99\/2023\/05\/Estudo-de-Cor-e-Gesto-Tetsuya-Maruyama-1024x513.png 1024w, https:\/\/utfpr-ct-static-content.s3.amazonaws.com\/utfpr.curitiba.br\/wp-content\/uploads\/sites\/99\/2023\/05\/Estudo-de-Cor-e-Gesto-Tetsuya-Maruyama-768x385.png 768w, https:\/\/utfpr-ct-static-content.s3.amazonaws.com\/utfpr.curitiba.br\/wp-content\/uploads\/sites\/99\/2023\/05\/Estudo-de-Cor-e-Gesto-Tetsuya-Maruyama-1536x770.png 1536w\" sizes=\"(max-width: 1772px) 100vw, 1772px\" \/>                                            <\/a>\n                                        <\/div>\n                                                                                    <div class=\"post-content\">\n                                                <div class=\"content\">\n                                                    <h4 class=\"htmega-post-g-title\"><a href='https:\/\/utfpr.curitiba.br\/nucleodesignanimacao\/?p=11775'>Estudo de Cor e Gesto &#8211; Tetsuya Maruyama<\/a><\/h4>                                                                                                    <\/div>\n                                            <\/div>\n                                                                                <\/div>\n                                <\/div>\n                            \n                        \n                        \n                                                                                                                                            <div class=\"htb-col-lg-4 htb-col-sm-6 htb-col-12\">\n                                    <div class=\"ht-post gradient-overlay gradient-overlay-4 mt--20\">\n                                        <div class=\"thumb\">\n                                            <a href=\"https:\/\/utfpr.curitiba.br\/nucleodesignanimacao\/?p=11764\">\n                                                <img loading=\"lazy\" decoding=\"async\" width=\"1231\" height=\"654\" src=\"https:\/\/utfpr-ct-static-content.s3.amazonaws.com\/utfpr.curitiba.br\/wp-content\/uploads\/sites\/99\/2023\/05\/E-Tudo-Culpa-Minha-Mila-Milanesa.png\" class=\"attachment-full size-full wp-post-image\" alt=\"\" srcset=\"https:\/\/utfpr-ct-static-content.s3.amazonaws.com\/utfpr.curitiba.br\/wp-content\/uploads\/sites\/99\/2023\/05\/E-Tudo-Culpa-Minha-Mila-Milanesa.png 1231w, https:\/\/utfpr-ct-static-content.s3.amazonaws.com\/utfpr.curitiba.br\/wp-content\/uploads\/sites\/99\/2023\/05\/E-Tudo-Culpa-Minha-Mila-Milanesa-300x159.png 300w, https:\/\/utfpr-ct-static-content.s3.amazonaws.com\/utfpr.curitiba.br\/wp-content\/uploads\/sites\/99\/2023\/05\/E-Tudo-Culpa-Minha-Mila-Milanesa-1024x544.png 1024w, https:\/\/utfpr-ct-static-content.s3.amazonaws.com\/utfpr.curitiba.br\/wp-content\/uploads\/sites\/99\/2023\/05\/E-Tudo-Culpa-Minha-Mila-Milanesa-768x408.png 768w\" sizes=\"(max-width: 1231px) 100vw, 1231px\" \/>                                            <\/a>\n                                        <\/div>\n                                                                                    <div class=\"post-content\">\n                                                <div class=\"content\">\n                                                    <h4 class=\"htmega-post-g-title\"><a href='https:\/\/utfpr.curitiba.br\/nucleodesignanimacao\/?p=11764'>\u00c9 Tudo Culpa Minha &#8211; Mila Milanesa<\/a><\/h4>                                                                                                    <\/div>\n                                            <\/div>\n                                                                                <\/div>\n                                <\/div>\n                            \n                        \n                        \n                                                                                                                                            <div class=\"htb-col-lg-4 htb-col-sm-6 htb-col-12\">\n                                    <div class=\"ht-post gradient-overlay gradient-overlay-5 mt--20\">\n                                        <div class=\"thumb\">\n                                            <a href=\"https:\/\/utfpr.curitiba.br\/nucleodesignanimacao\/?p=11752\">\n                                                <img loading=\"lazy\" decoding=\"async\" width=\"3334\" height=\"2348\" src=\"https:\/\/utfpr-ct-static-content.s3.amazonaws.com\/utfpr.curitiba.br\/wp-content\/uploads\/sites\/99\/2023\/04\/Imagem-substituicao_Prancheta-1.png\" class=\"attachment-full size-full wp-post-image\" alt=\"\" srcset=\"https:\/\/utfpr-ct-static-content.s3.amazonaws.com\/utfpr.curitiba.br\/wp-content\/uploads\/sites\/99\/2023\/04\/Imagem-substituicao_Prancheta-1.png 3334w, https:\/\/utfpr-ct-static-content.s3.amazonaws.com\/utfpr.curitiba.br\/wp-content\/uploads\/sites\/99\/2023\/04\/Imagem-substituicao_Prancheta-1-300x211.png 300w, https:\/\/utfpr-ct-static-content.s3.amazonaws.com\/utfpr.curitiba.br\/wp-content\/uploads\/sites\/99\/2023\/04\/Imagem-substituicao_Prancheta-1-1024x721.png 1024w, https:\/\/utfpr-ct-static-content.s3.amazonaws.com\/utfpr.curitiba.br\/wp-content\/uploads\/sites\/99\/2023\/04\/Imagem-substituicao_Prancheta-1-768x541.png 768w, https:\/\/utfpr-ct-static-content.s3.amazonaws.com\/utfpr.curitiba.br\/wp-content\/uploads\/sites\/99\/2023\/04\/Imagem-substituicao_Prancheta-1-1536x1082.png 1536w, https:\/\/utfpr-ct-static-content.s3.amazonaws.com\/utfpr.curitiba.br\/wp-content\/uploads\/sites\/99\/2023\/04\/Imagem-substituicao_Prancheta-1-2048x1442.png 2048w\" sizes=\"(max-width: 3334px) 100vw, 3334px\" \/>                                            <\/a>\n                                        <\/div>\n                                                                                    <div class=\"post-content\">\n                                                <div class=\"content\">\n                                                    <h4 class=\"htmega-post-g-title\"><a href='https:\/\/utfpr.curitiba.br\/nucleodesignanimacao\/?p=11752'>Ditados Populares &#8211; Ana Julia Olivier Rocha<\/a><\/h4>                                                                                                    <\/div>\n                                            <\/div>\n                                                                                <\/div>\n                                <\/div>\n                            \n                        \n                        \n                                                                                                                                            <div class=\"htb-col-lg-4 htb-col-sm-6 htb-col-12\">\n                                    <div class=\"ht-post gradient-overlay gradient-overlay-6 mt--20\">\n                                        <div class=\"thumb\">\n                                            <a href=\"https:\/\/utfpr.curitiba.br\/nucleodesignanimacao\/?p=11740\">\n                                                <img loading=\"lazy\" decoding=\"async\" width=\"3334\" height=\"2348\" src=\"https:\/\/utfpr-ct-static-content.s3.amazonaws.com\/utfpr.curitiba.br\/wp-content\/uploads\/sites\/99\/2023\/04\/Imagem-substituicao_Prancheta-1.png\" class=\"attachment-full size-full wp-post-image\" alt=\"\" srcset=\"https:\/\/utfpr-ct-static-content.s3.amazonaws.com\/utfpr.curitiba.br\/wp-content\/uploads\/sites\/99\/2023\/04\/Imagem-substituicao_Prancheta-1.png 3334w, https:\/\/utfpr-ct-static-content.s3.amazonaws.com\/utfpr.curitiba.br\/wp-content\/uploads\/sites\/99\/2023\/04\/Imagem-substituicao_Prancheta-1-300x211.png 300w, https:\/\/utfpr-ct-static-content.s3.amazonaws.com\/utfpr.curitiba.br\/wp-content\/uploads\/sites\/99\/2023\/04\/Imagem-substituicao_Prancheta-1-1024x721.png 1024w, https:\/\/utfpr-ct-static-content.s3.amazonaws.com\/utfpr.curitiba.br\/wp-content\/uploads\/sites\/99\/2023\/04\/Imagem-substituicao_Prancheta-1-768x541.png 768w, https:\/\/utfpr-ct-static-content.s3.amazonaws.com\/utfpr.curitiba.br\/wp-content\/uploads\/sites\/99\/2023\/04\/Imagem-substituicao_Prancheta-1-1536x1082.png 1536w, https:\/\/utfpr-ct-static-content.s3.amazonaws.com\/utfpr.curitiba.br\/wp-content\/uploads\/sites\/99\/2023\/04\/Imagem-substituicao_Prancheta-1-2048x1442.png 2048w\" sizes=\"(max-width: 3334px) 100vw, 3334px\" \/>                                            <\/a>\n                                        <\/div>\n                                                                                    <div class=\"post-content\">\n                                                <div class=\"content\">\n                                                    <h4 class=\"htmega-post-g-title\"><a href='https:\/\/utfpr.curitiba.br\/nucleodesignanimacao\/?p=11740'>Dia de Chuva &#8211; Sheila Rodrigues e Alexandre Augusto<\/a><\/h4>                                                                                                    <\/div>\n                                            <\/div>\n                                                                                <\/div>\n                                <\/div>\n                            \n                        \n                        \n                                                                                                                                            <div class=\"htb-col-lg-4 htb-col-sm-6 htb-col-12\">\n                                    <div class=\"ht-post gradient-overlay gradient-overlay-1 mt--20\">\n                                        <div class=\"thumb\">\n                                            <a href=\"https:\/\/utfpr.curitiba.br\/nucleodesignanimacao\/?p=11729\">\n                                                <img loading=\"lazy\" decoding=\"async\" width=\"3334\" height=\"2348\" src=\"https:\/\/utfpr-ct-static-content.s3.amazonaws.com\/utfpr.curitiba.br\/wp-content\/uploads\/sites\/99\/2023\/04\/Imagem-substituicao_Prancheta-1.png\" class=\"attachment-full size-full wp-post-image\" alt=\"\" srcset=\"https:\/\/utfpr-ct-static-content.s3.amazonaws.com\/utfpr.curitiba.br\/wp-content\/uploads\/sites\/99\/2023\/04\/Imagem-substituicao_Prancheta-1.png 3334w, https:\/\/utfpr-ct-static-content.s3.amazonaws.com\/utfpr.curitiba.br\/wp-content\/uploads\/sites\/99\/2023\/04\/Imagem-substituicao_Prancheta-1-300x211.png 300w, https:\/\/utfpr-ct-static-content.s3.amazonaws.com\/utfpr.curitiba.br\/wp-content\/uploads\/sites\/99\/2023\/04\/Imagem-substituicao_Prancheta-1-1024x721.png 1024w, https:\/\/utfpr-ct-static-content.s3.amazonaws.com\/utfpr.curitiba.br\/wp-content\/uploads\/sites\/99\/2023\/04\/Imagem-substituicao_Prancheta-1-768x541.png 768w, https:\/\/utfpr-ct-static-content.s3.amazonaws.com\/utfpr.curitiba.br\/wp-content\/uploads\/sites\/99\/2023\/04\/Imagem-substituicao_Prancheta-1-1536x1082.png 1536w, https:\/\/utfpr-ct-static-content.s3.amazonaws.com\/utfpr.curitiba.br\/wp-content\/uploads\/sites\/99\/2023\/04\/Imagem-substituicao_Prancheta-1-2048x1442.png 2048w\" sizes=\"(max-width: 3334px) 100vw, 3334px\" \/>                                            <\/a>\n                                        <\/div>\n                                                                                    <div class=\"post-content\">\n                                                <div class=\"content\">\n                                                    <h4 class=\"htmega-post-g-title\"><a href='https:\/\/utfpr.curitiba.br\/nucleodesignanimacao\/?p=11729'>De repente o tempo mudou\u2026 &#8211; Viviane Japiass\u00fa Viana<\/a><\/h4>                                                                                                    <\/div>\n                                            <\/div>\n                                                                                <\/div>\n                                <\/div>\n                            \n                        \n                        \n                                                                                                                                            <div class=\"htb-col-lg-4 htb-col-sm-6 htb-col-12\">\n                                    <div class=\"ht-post gradient-overlay gradient-overlay-2 mt--20\">\n                                        <div class=\"thumb\">\n                                            <a href=\"https:\/\/utfpr.curitiba.br\/nucleodesignanimacao\/?p=11718\">\n                                                <img loading=\"lazy\" decoding=\"async\" width=\"3334\" height=\"2348\" src=\"https:\/\/utfpr-ct-static-content.s3.amazonaws.com\/utfpr.curitiba.br\/wp-content\/uploads\/sites\/99\/2023\/04\/Imagem-substituicao_Prancheta-1.png\" class=\"attachment-full size-full wp-post-image\" alt=\"\" srcset=\"https:\/\/utfpr-ct-static-content.s3.amazonaws.com\/utfpr.curitiba.br\/wp-content\/uploads\/sites\/99\/2023\/04\/Imagem-substituicao_Prancheta-1.png 3334w, https:\/\/utfpr-ct-static-content.s3.amazonaws.com\/utfpr.curitiba.br\/wp-content\/uploads\/sites\/99\/2023\/04\/Imagem-substituicao_Prancheta-1-300x211.png 300w, https:\/\/utfpr-ct-static-content.s3.amazonaws.com\/utfpr.curitiba.br\/wp-content\/uploads\/sites\/99\/2023\/04\/Imagem-substituicao_Prancheta-1-1024x721.png 1024w, https:\/\/utfpr-ct-static-content.s3.amazonaws.com\/utfpr.curitiba.br\/wp-content\/uploads\/sites\/99\/2023\/04\/Imagem-substituicao_Prancheta-1-768x541.png 768w, https:\/\/utfpr-ct-static-content.s3.amazonaws.com\/utfpr.curitiba.br\/wp-content\/uploads\/sites\/99\/2023\/04\/Imagem-substituicao_Prancheta-1-1536x1082.png 1536w, https:\/\/utfpr-ct-static-content.s3.amazonaws.com\/utfpr.curitiba.br\/wp-content\/uploads\/sites\/99\/2023\/04\/Imagem-substituicao_Prancheta-1-2048x1442.png 2048w\" sizes=\"(max-width: 3334px) 100vw, 3334px\" \/>                                            <\/a>\n                                        <\/div>\n                                                                                    <div class=\"post-content\">\n                                                <div class=\"content\">\n                                                    <h4 class=\"htmega-post-g-title\"><a href='https:\/\/utfpr.curitiba.br\/nucleodesignanimacao\/?p=11718'>Chapeuzinho Vermelho &#8211; Sheila Rodrigues e J\u00falia Nascimento<\/a><\/h4>                                                                                                    <\/div>\n                                            <\/div>\n                                                                                <\/div>\n                                <\/div>\n                            \n                        \n                        \n                                                                                                                                            <div class=\"htb-col-lg-4 htb-col-sm-6 htb-col-12\">\n                                    <div class=\"ht-post gradient-overlay gradient-overlay-3 mt--20\">\n                                        <div class=\"thumb\">\n                                            <a href=\"https:\/\/utfpr.curitiba.br\/nucleodesignanimacao\/?p=11707\">\n                                                <img loading=\"lazy\" decoding=\"async\" width=\"3334\" height=\"2348\" src=\"https:\/\/utfpr-ct-static-content.s3.amazonaws.com\/utfpr.curitiba.br\/wp-content\/uploads\/sites\/99\/2023\/04\/Imagem-substituicao_Prancheta-1.png\" class=\"attachment-full size-full wp-post-image\" alt=\"\" srcset=\"https:\/\/utfpr-ct-static-content.s3.amazonaws.com\/utfpr.curitiba.br\/wp-content\/uploads\/sites\/99\/2023\/04\/Imagem-substituicao_Prancheta-1.png 3334w, https:\/\/utfpr-ct-static-content.s3.amazonaws.com\/utfpr.curitiba.br\/wp-content\/uploads\/sites\/99\/2023\/04\/Imagem-substituicao_Prancheta-1-300x211.png 300w, https:\/\/utfpr-ct-static-content.s3.amazonaws.com\/utfpr.curitiba.br\/wp-content\/uploads\/sites\/99\/2023\/04\/Imagem-substituicao_Prancheta-1-1024x721.png 1024w, https:\/\/utfpr-ct-static-content.s3.amazonaws.com\/utfpr.curitiba.br\/wp-content\/uploads\/sites\/99\/2023\/04\/Imagem-substituicao_Prancheta-1-768x541.png 768w, https:\/\/utfpr-ct-static-content.s3.amazonaws.com\/utfpr.curitiba.br\/wp-content\/uploads\/sites\/99\/2023\/04\/Imagem-substituicao_Prancheta-1-1536x1082.png 1536w, https:\/\/utfpr-ct-static-content.s3.amazonaws.com\/utfpr.curitiba.br\/wp-content\/uploads\/sites\/99\/2023\/04\/Imagem-substituicao_Prancheta-1-2048x1442.png 2048w\" sizes=\"(max-width: 3334px) 100vw, 3334px\" \/>                                            <\/a>\n                                        <\/div>\n                                                                                    <div class=\"post-content\">\n                                                <div class=\"content\">\n                                                    <h4 class=\"htmega-post-g-title\"><a href='https:\/\/utfpr.curitiba.br\/nucleodesignanimacao\/?p=11707'>Cam\u00e9lias por Shiki &#8211; Pedro Vilo<\/a><\/h4>                                                                                                    <\/div>\n                                            <\/div>\n                                                                                <\/div>\n                                <\/div>\n                            \n                        \n                        \n                                                                                                                                            <div class=\"htb-col-lg-4 htb-col-sm-6 htb-col-12\">\n                                    <div class=\"ht-post gradient-overlay gradient-overlay-4 mt--20\">\n                                        <div class=\"thumb\">\n                                            <a href=\"https:\/\/utfpr.curitiba.br\/nucleodesignanimacao\/?p=11696\">\n                                                <img loading=\"lazy\" decoding=\"async\" width=\"3334\" height=\"2348\" src=\"https:\/\/utfpr-ct-static-content.s3.amazonaws.com\/utfpr.curitiba.br\/wp-content\/uploads\/sites\/99\/2023\/04\/Imagem-substituicao_Prancheta-1.png\" class=\"attachment-full size-full wp-post-image\" alt=\"\" srcset=\"https:\/\/utfpr-ct-static-content.s3.amazonaws.com\/utfpr.curitiba.br\/wp-content\/uploads\/sites\/99\/2023\/04\/Imagem-substituicao_Prancheta-1.png 3334w, https:\/\/utfpr-ct-static-content.s3.amazonaws.com\/utfpr.curitiba.br\/wp-content\/uploads\/sites\/99\/2023\/04\/Imagem-substituicao_Prancheta-1-300x211.png 300w, https:\/\/utfpr-ct-static-content.s3.amazonaws.com\/utfpr.curitiba.br\/wp-content\/uploads\/sites\/99\/2023\/04\/Imagem-substituicao_Prancheta-1-1024x721.png 1024w, https:\/\/utfpr-ct-static-content.s3.amazonaws.com\/utfpr.curitiba.br\/wp-content\/uploads\/sites\/99\/2023\/04\/Imagem-substituicao_Prancheta-1-768x541.png 768w, https:\/\/utfpr-ct-static-content.s3.amazonaws.com\/utfpr.curitiba.br\/wp-content\/uploads\/sites\/99\/2023\/04\/Imagem-substituicao_Prancheta-1-1536x1082.png 1536w, https:\/\/utfpr-ct-static-content.s3.amazonaws.com\/utfpr.curitiba.br\/wp-content\/uploads\/sites\/99\/2023\/04\/Imagem-substituicao_Prancheta-1-2048x1442.png 2048w\" sizes=\"(max-width: 3334px) 100vw, 3334px\" \/>                                            <\/a>\n                                        <\/div>\n                                                                                    <div class=\"post-content\">\n                                                <div class=\"content\">\n                                                    <h4 class=\"htmega-post-g-title\"><a href='https:\/\/utfpr.curitiba.br\/nucleodesignanimacao\/?p=11696'>Cabrummmmmm &#8211; Sheila Rodrigues e Thais Telles<\/a><\/h4>                                                                                                    <\/div>\n                                            <\/div>\n                                                                                <\/div>\n                                <\/div>\n                            \n                        \n                        \n                                                                                                                                            <div class=\"htb-col-lg-4 htb-col-sm-6 htb-col-12\">\n                                    <div class=\"ht-post gradient-overlay gradient-overlay-5 mt--20\">\n                                        <div class=\"thumb\">\n                                            <a href=\"https:\/\/utfpr.curitiba.br\/nucleodesignanimacao\/?p=11684\">\n                                                <img loading=\"lazy\" decoding=\"async\" width=\"3334\" height=\"2348\" src=\"https:\/\/utfpr-ct-static-content.s3.amazonaws.com\/utfpr.curitiba.br\/wp-content\/uploads\/sites\/99\/2023\/04\/Imagem-substituicao_Prancheta-1.png\" class=\"attachment-full size-full wp-post-image\" alt=\"\" srcset=\"https:\/\/utfpr-ct-static-content.s3.amazonaws.com\/utfpr.curitiba.br\/wp-content\/uploads\/sites\/99\/2023\/04\/Imagem-substituicao_Prancheta-1.png 3334w, https:\/\/utfpr-ct-static-content.s3.amazonaws.com\/utfpr.curitiba.br\/wp-content\/uploads\/sites\/99\/2023\/04\/Imagem-substituicao_Prancheta-1-300x211.png 300w, https:\/\/utfpr-ct-static-content.s3.amazonaws.com\/utfpr.curitiba.br\/wp-content\/uploads\/sites\/99\/2023\/04\/Imagem-substituicao_Prancheta-1-1024x721.png 1024w, https:\/\/utfpr-ct-static-content.s3.amazonaws.com\/utfpr.curitiba.br\/wp-content\/uploads\/sites\/99\/2023\/04\/Imagem-substituicao_Prancheta-1-768x541.png 768w, https:\/\/utfpr-ct-static-content.s3.amazonaws.com\/utfpr.curitiba.br\/wp-content\/uploads\/sites\/99\/2023\/04\/Imagem-substituicao_Prancheta-1-1536x1082.png 1536w, https:\/\/utfpr-ct-static-content.s3.amazonaws.com\/utfpr.curitiba.br\/wp-content\/uploads\/sites\/99\/2023\/04\/Imagem-substituicao_Prancheta-1-2048x1442.png 2048w\" sizes=\"(max-width: 3334px) 100vw, 3334px\" \/>                                            <\/a>\n                                        <\/div>\n                                                                                    <div class=\"post-content\">\n                                                <div class=\"content\">\n                                                    <h4 class=\"htmega-post-g-title\"><a href='https:\/\/utfpr.curitiba.br\/nucleodesignanimacao\/?p=11684'>Asfixia Social &#8211; William Alexsander e Isabela Mezini<\/a><\/h4>                                                                                                    <\/div>\n                                            <\/div>\n                                                                                <\/div>\n                                <\/div>\n                            \n                        \n                        \n                                                                                                                                            <div class=\"htb-col-lg-4 htb-col-sm-6 htb-col-12\">\n                                    <div class=\"ht-post gradient-overlay gradient-overlay-6 mt--20\">\n                                        <div class=\"thumb\">\n                                            <a href=\"https:\/\/utfpr.curitiba.br\/nucleodesignanimacao\/?p=11670\">\n                                                <img loading=\"lazy\" decoding=\"async\" width=\"3334\" height=\"2348\" src=\"https:\/\/utfpr-ct-static-content.s3.amazonaws.com\/utfpr.curitiba.br\/wp-content\/uploads\/sites\/99\/2023\/04\/Imagem-substituicao_Prancheta-1.png\" class=\"attachment-full size-full wp-post-image\" alt=\"\" srcset=\"https:\/\/utfpr-ct-static-content.s3.amazonaws.com\/utfpr.curitiba.br\/wp-content\/uploads\/sites\/99\/2023\/04\/Imagem-substituicao_Prancheta-1.png 3334w, https:\/\/utfpr-ct-static-content.s3.amazonaws.com\/utfpr.curitiba.br\/wp-content\/uploads\/sites\/99\/2023\/04\/Imagem-substituicao_Prancheta-1-300x211.png 300w, https:\/\/utfpr-ct-static-content.s3.amazonaws.com\/utfpr.curitiba.br\/wp-content\/uploads\/sites\/99\/2023\/04\/Imagem-substituicao_Prancheta-1-1024x721.png 1024w, https:\/\/utfpr-ct-static-content.s3.amazonaws.com\/utfpr.curitiba.br\/wp-content\/uploads\/sites\/99\/2023\/04\/Imagem-substituicao_Prancheta-1-768x541.png 768w, https:\/\/utfpr-ct-static-content.s3.amazonaws.com\/utfpr.curitiba.br\/wp-content\/uploads\/sites\/99\/2023\/04\/Imagem-substituicao_Prancheta-1-1536x1082.png 1536w, https:\/\/utfpr-ct-static-content.s3.amazonaws.com\/utfpr.curitiba.br\/wp-content\/uploads\/sites\/99\/2023\/04\/Imagem-substituicao_Prancheta-1-2048x1442.png 2048w\" sizes=\"(max-width: 3334px) 100vw, 3334px\" \/>                                            <\/a>\n                                        <\/div>\n                                                                                    <div class=\"post-content\">\n                                                <div class=\"content\">\n                                                    <h4 class=\"htmega-post-g-title\"><a href='https:\/\/utfpr.curitiba.br\/nucleodesignanimacao\/?p=11670'>A1&#8217;s journey &#8211; Yasmin Tedeschi Pineze Pereira<\/a><\/h4>                                                                                                    <\/div>\n                                            <\/div>\n                                                                                <\/div>\n                                <\/div>\n                            \n                        \n                        \n                                                                                                                                            <div class=\"htb-col-lg-4 htb-col-sm-6 htb-col-12\">\n                                    <div class=\"ht-post gradient-overlay gradient-overlay-1 mt--20\">\n                                        <div class=\"thumb\">\n                                            <a href=\"https:\/\/utfpr.curitiba.br\/nucleodesignanimacao\/?p=11659\">\n                                                <img loading=\"lazy\" decoding=\"async\" width=\"628\" height=\"552\" src=\"https:\/\/utfpr-ct-static-content.s3.amazonaws.com\/utfpr.curitiba.br\/wp-content\/uploads\/sites\/99\/2023\/05\/A-raiz-de-um-Pedro-Henrique-Lima.png\" class=\"attachment-full size-full wp-post-image\" alt=\"\" srcset=\"https:\/\/utfpr-ct-static-content.s3.amazonaws.com\/utfpr.curitiba.br\/wp-content\/uploads\/sites\/99\/2023\/05\/A-raiz-de-um-Pedro-Henrique-Lima.png 628w, https:\/\/utfpr-ct-static-content.s3.amazonaws.com\/utfpr.curitiba.br\/wp-content\/uploads\/sites\/99\/2023\/05\/A-raiz-de-um-Pedro-Henrique-Lima-300x264.png 300w\" sizes=\"(max-width: 628px) 100vw, 628px\" \/>                                            <\/a>\n                                        <\/div>\n                                                                                    <div class=\"post-content\">\n                                                <div class=\"content\">\n                                                    <h4 class=\"htmega-post-g-title\"><a href='https:\/\/utfpr.curitiba.br\/nucleodesignanimacao\/?p=11659'>A raiz de um &#8211; Pedro Henrique Lima<\/a><\/h4>                                                                                                    <\/div>\n                                            <\/div>\n                                                                                <\/div>\n                                <\/div>\n                            \n                        \n                        \n                                                                                                                                            <div class=\"htb-col-lg-4 htb-col-sm-6 htb-col-12\">\n                                    <div class=\"ht-post gradient-overlay gradient-overlay-2 mt--20\">\n                                        <div class=\"thumb\">\n                                            <a href=\"https:\/\/utfpr.curitiba.br\/nucleodesignanimacao\/?p=11645\">\n                                                <img loading=\"lazy\" decoding=\"async\" width=\"3334\" height=\"2348\" src=\"https:\/\/utfpr-ct-static-content.s3.amazonaws.com\/utfpr.curitiba.br\/wp-content\/uploads\/sites\/99\/2023\/04\/Imagem-substituicao_Prancheta-1.png\" class=\"attachment-full size-full wp-post-image\" alt=\"\" srcset=\"https:\/\/utfpr-ct-static-content.s3.amazonaws.com\/utfpr.curitiba.br\/wp-content\/uploads\/sites\/99\/2023\/04\/Imagem-substituicao_Prancheta-1.png 3334w, https:\/\/utfpr-ct-static-content.s3.amazonaws.com\/utfpr.curitiba.br\/wp-content\/uploads\/sites\/99\/2023\/04\/Imagem-substituicao_Prancheta-1-300x211.png 300w, https:\/\/utfpr-ct-static-content.s3.amazonaws.com\/utfpr.curitiba.br\/wp-content\/uploads\/sites\/99\/2023\/04\/Imagem-substituicao_Prancheta-1-1024x721.png 1024w, https:\/\/utfpr-ct-static-content.s3.amazonaws.com\/utfpr.curitiba.br\/wp-content\/uploads\/sites\/99\/2023\/04\/Imagem-substituicao_Prancheta-1-768x541.png 768w, https:\/\/utfpr-ct-static-content.s3.amazonaws.com\/utfpr.curitiba.br\/wp-content\/uploads\/sites\/99\/2023\/04\/Imagem-substituicao_Prancheta-1-1536x1082.png 1536w, https:\/\/utfpr-ct-static-content.s3.amazonaws.com\/utfpr.curitiba.br\/wp-content\/uploads\/sites\/99\/2023\/04\/Imagem-substituicao_Prancheta-1-2048x1442.png 2048w\" sizes=\"(max-width: 3334px) 100vw, 3334px\" \/>                                            <\/a>\n                                        <\/div>\n                                                                                    <div class=\"post-content\">\n                                                <div class=\"content\">\n                                                    <h4 class=\"htmega-post-g-title\"><a href='https:\/\/utfpr.curitiba.br\/nucleodesignanimacao\/?p=11645'>Torturuga &#8211; Gustavo Souza Pereira<\/a><\/h4>                                                                                                    <\/div>\n                                            <\/div>\n                                                                                <\/div>\n                                <\/div>\n                            \n                        \n                        \n                                                                                                                                            <div class=\"htb-col-lg-4 htb-col-sm-6 htb-col-12\">\n                                    <div class=\"ht-post gradient-overlay gradient-overlay-3 mt--20\">\n                                        <div class=\"thumb\">\n                                            <a href=\"https:\/\/utfpr.curitiba.br\/nucleodesignanimacao\/?p=11631\">\n                                                <img loading=\"lazy\" decoding=\"async\" width=\"3334\" height=\"2348\" src=\"https:\/\/utfpr-ct-static-content.s3.amazonaws.com\/utfpr.curitiba.br\/wp-content\/uploads\/sites\/99\/2023\/04\/Imagem-substituicao_Prancheta-1.png\" class=\"attachment-full size-full wp-post-image\" alt=\"\" srcset=\"https:\/\/utfpr-ct-static-content.s3.amazonaws.com\/utfpr.curitiba.br\/wp-content\/uploads\/sites\/99\/2023\/04\/Imagem-substituicao_Prancheta-1.png 3334w, https:\/\/utfpr-ct-static-content.s3.amazonaws.com\/utfpr.curitiba.br\/wp-content\/uploads\/sites\/99\/2023\/04\/Imagem-substituicao_Prancheta-1-300x211.png 300w, https:\/\/utfpr-ct-static-content.s3.amazonaws.com\/utfpr.curitiba.br\/wp-content\/uploads\/sites\/99\/2023\/04\/Imagem-substituicao_Prancheta-1-1024x721.png 1024w, https:\/\/utfpr-ct-static-content.s3.amazonaws.com\/utfpr.curitiba.br\/wp-content\/uploads\/sites\/99\/2023\/04\/Imagem-substituicao_Prancheta-1-768x541.png 768w, https:\/\/utfpr-ct-static-content.s3.amazonaws.com\/utfpr.curitiba.br\/wp-content\/uploads\/sites\/99\/2023\/04\/Imagem-substituicao_Prancheta-1-1536x1082.png 1536w, https:\/\/utfpr-ct-static-content.s3.amazonaws.com\/utfpr.curitiba.br\/wp-content\/uploads\/sites\/99\/2023\/04\/Imagem-substituicao_Prancheta-1-2048x1442.png 2048w\" sizes=\"(max-width: 3334px) 100vw, 3334px\" \/>                                            <\/a>\n                                        <\/div>\n                                                                                    <div class=\"post-content\">\n                                                <div class=\"content\">\n                                                    <h4 class=\"htmega-post-g-title\"><a href='https:\/\/utfpr.curitiba.br\/nucleodesignanimacao\/?p=11631'>Todo Dia &#8211; Raquel Sales<\/a><\/h4>                                                                                                    <\/div>\n                                            <\/div>\n                                                                                <\/div>\n                                <\/div>\n                            \n                        \n                        \n                                                                                                                                            <div class=\"htb-col-lg-4 htb-col-sm-6 htb-col-12\">\n                                    <div class=\"ht-post gradient-overlay gradient-overlay-4 mt--20\">\n                                        <div class=\"thumb\">\n                                            <a href=\"https:\/\/utfpr.curitiba.br\/nucleodesignanimacao\/?p=11620\">\n                                                <img loading=\"lazy\" decoding=\"async\" width=\"865\" height=\"488\" src=\"https:\/\/utfpr-ct-static-content.s3.amazonaws.com\/utfpr.curitiba.br\/wp-content\/uploads\/sites\/99\/2023\/05\/The-Unexpected-Tales-Bruno-Azzani-Braga.png\" class=\"attachment-full size-full wp-post-image\" alt=\"\" srcset=\"https:\/\/utfpr-ct-static-content.s3.amazonaws.com\/utfpr.curitiba.br\/wp-content\/uploads\/sites\/99\/2023\/05\/The-Unexpected-Tales-Bruno-Azzani-Braga.png 865w, https:\/\/utfpr-ct-static-content.s3.amazonaws.com\/utfpr.curitiba.br\/wp-content\/uploads\/sites\/99\/2023\/05\/The-Unexpected-Tales-Bruno-Azzani-Braga-300x169.png 300w, https:\/\/utfpr-ct-static-content.s3.amazonaws.com\/utfpr.curitiba.br\/wp-content\/uploads\/sites\/99\/2023\/05\/The-Unexpected-Tales-Bruno-Azzani-Braga-768x433.png 768w\" sizes=\"(max-width: 865px) 100vw, 865px\" \/>                                            <\/a>\n                                        <\/div>\n                                                                                    <div class=\"post-content\">\n                                                <div class=\"content\">\n                                                    <h4 class=\"htmega-post-g-title\"><a href='https:\/\/utfpr.curitiba.br\/nucleodesignanimacao\/?p=11620'>The Unexpected Tales &#8211; Bruno Azzani Braga<\/a><\/h4>                                                                                                    <\/div>\n                                            <\/div>\n                                                                                <\/div>\n                                <\/div>\n                            \n                        \n                        \n                                                                                                                                            <div class=\"htb-col-lg-4 htb-col-sm-6 htb-col-12\">\n                                    <div class=\"ht-post gradient-overlay gradient-overlay-5 mt--20\">\n                                        <div class=\"thumb\">\n                                            <a href=\"https:\/\/utfpr.curitiba.br\/nucleodesignanimacao\/?p=11608\">\n                                                <img loading=\"lazy\" decoding=\"async\" width=\"1908\" height=\"795\" src=\"https:\/\/utfpr-ct-static-content.s3.amazonaws.com\/utfpr.curitiba.br\/wp-content\/uploads\/sites\/99\/2023\/05\/rpgzao-dos-brothers-Jenniffer-Siebeneichler-Igor-A.-Belles.png\" class=\"attachment-full size-full wp-post-image\" alt=\"\" srcset=\"https:\/\/utfpr-ct-static-content.s3.amazonaws.com\/utfpr.curitiba.br\/wp-content\/uploads\/sites\/99\/2023\/05\/rpgzao-dos-brothers-Jenniffer-Siebeneichler-Igor-A.-Belles.png 1908w, https:\/\/utfpr-ct-static-content.s3.amazonaws.com\/utfpr.curitiba.br\/wp-content\/uploads\/sites\/99\/2023\/05\/rpgzao-dos-brothers-Jenniffer-Siebeneichler-Igor-A.-Belles-300x125.png 300w, https:\/\/utfpr-ct-static-content.s3.amazonaws.com\/utfpr.curitiba.br\/wp-content\/uploads\/sites\/99\/2023\/05\/rpgzao-dos-brothers-Jenniffer-Siebeneichler-Igor-A.-Belles-1024x427.png 1024w, https:\/\/utfpr-ct-static-content.s3.amazonaws.com\/utfpr.curitiba.br\/wp-content\/uploads\/sites\/99\/2023\/05\/rpgzao-dos-brothers-Jenniffer-Siebeneichler-Igor-A.-Belles-768x320.png 768w, https:\/\/utfpr-ct-static-content.s3.amazonaws.com\/utfpr.curitiba.br\/wp-content\/uploads\/sites\/99\/2023\/05\/rpgzao-dos-brothers-Jenniffer-Siebeneichler-Igor-A.-Belles-1536x640.png 1536w\" sizes=\"(max-width: 1908px) 100vw, 1908px\" \/>                                            <\/a>\n                                        <\/div>\n                                                                                    <div class=\"post-content\">\n                                                <div class=\"content\">\n                                                    <h4 class=\"htmega-post-g-title\"><a href='https:\/\/utfpr.curitiba.br\/nucleodesignanimacao\/?p=11608'>Rpgz\u00e3o dos brothers &#8211; Jenniffer Siebeneichler &amp; Igor A. Belles<\/a><\/h4>                                                                                                    <\/div>\n                                            <\/div>\n                                                                                <\/div>\n                                <\/div>\n                            \n                        \n                        \n                                                                                                                                            <div class=\"htb-col-lg-4 htb-col-sm-6 htb-col-12\">\n                                    <div class=\"ht-post gradient-overlay gradient-overlay-6 mt--20\">\n                                        <div class=\"thumb\">\n                                            <a href=\"https:\/\/utfpr.curitiba.br\/nucleodesignanimacao\/?p=11597\">\n                                                <img loading=\"lazy\" decoding=\"async\" width=\"3334\" height=\"2348\" src=\"https:\/\/utfpr-ct-static-content.s3.amazonaws.com\/utfpr.curitiba.br\/wp-content\/uploads\/sites\/99\/2023\/04\/Imagem-substituicao_Prancheta-1.png\" class=\"attachment-full size-full wp-post-image\" alt=\"\" srcset=\"https:\/\/utfpr-ct-static-content.s3.amazonaws.com\/utfpr.curitiba.br\/wp-content\/uploads\/sites\/99\/2023\/04\/Imagem-substituicao_Prancheta-1.png 3334w, https:\/\/utfpr-ct-static-content.s3.amazonaws.com\/utfpr.curitiba.br\/wp-content\/uploads\/sites\/99\/2023\/04\/Imagem-substituicao_Prancheta-1-300x211.png 300w, https:\/\/utfpr-ct-static-content.s3.amazonaws.com\/utfpr.curitiba.br\/wp-content\/uploads\/sites\/99\/2023\/04\/Imagem-substituicao_Prancheta-1-1024x721.png 1024w, https:\/\/utfpr-ct-static-content.s3.amazonaws.com\/utfpr.curitiba.br\/wp-content\/uploads\/sites\/99\/2023\/04\/Imagem-substituicao_Prancheta-1-768x541.png 768w, https:\/\/utfpr-ct-static-content.s3.amazonaws.com\/utfpr.curitiba.br\/wp-content\/uploads\/sites\/99\/2023\/04\/Imagem-substituicao_Prancheta-1-1536x1082.png 1536w, https:\/\/utfpr-ct-static-content.s3.amazonaws.com\/utfpr.curitiba.br\/wp-content\/uploads\/sites\/99\/2023\/04\/Imagem-substituicao_Prancheta-1-2048x1442.png 2048w\" sizes=\"(max-width: 3334px) 100vw, 3334px\" \/>                                            <\/a>\n                                        <\/div>\n                                                                                    <div class=\"post-content\">\n                                                <div class=\"content\">\n                                                    <h4 class=\"htmega-post-g-title\"><a href='https:\/\/utfpr.curitiba.br\/nucleodesignanimacao\/?p=11597'>Quero Caf\u00e9 Patrick &#8211; Jos\u00e9 Buchner<\/a><\/h4>                                                                                                    <\/div>\n                                            <\/div>\n                                                                                <\/div>\n                                <\/div>\n                            \n                        \n                        \n                                                                                                                                            <div class=\"htb-col-lg-4 htb-col-sm-6 htb-col-12\">\n                                    <div class=\"ht-post gradient-overlay gradient-overlay-1 mt--20\">\n                                        <div class=\"thumb\">\n                                            <a href=\"https:\/\/utfpr.curitiba.br\/nucleodesignanimacao\/?p=11586\">\n                                                <img loading=\"lazy\" decoding=\"async\" width=\"1252\" height=\"800\" src=\"https:\/\/utfpr-ct-static-content.s3.amazonaws.com\/utfpr.curitiba.br\/wp-content\/uploads\/sites\/99\/2023\/05\/Pintainho-Espacial-Jenniffer-Siebeneichler.png\" class=\"attachment-full size-full wp-post-image\" alt=\"\" srcset=\"https:\/\/utfpr-ct-static-content.s3.amazonaws.com\/utfpr.curitiba.br\/wp-content\/uploads\/sites\/99\/2023\/05\/Pintainho-Espacial-Jenniffer-Siebeneichler.png 1252w, https:\/\/utfpr-ct-static-content.s3.amazonaws.com\/utfpr.curitiba.br\/wp-content\/uploads\/sites\/99\/2023\/05\/Pintainho-Espacial-Jenniffer-Siebeneichler-300x192.png 300w, https:\/\/utfpr-ct-static-content.s3.amazonaws.com\/utfpr.curitiba.br\/wp-content\/uploads\/sites\/99\/2023\/05\/Pintainho-Espacial-Jenniffer-Siebeneichler-1024x654.png 1024w, https:\/\/utfpr-ct-static-content.s3.amazonaws.com\/utfpr.curitiba.br\/wp-content\/uploads\/sites\/99\/2023\/05\/Pintainho-Espacial-Jenniffer-Siebeneichler-768x491.png 768w\" sizes=\"(max-width: 1252px) 100vw, 1252px\" \/>                                            <\/a>\n                                        <\/div>\n                                                                                    <div class=\"post-content\">\n                                                <div class=\"content\">\n                                                    <h4 class=\"htmega-post-g-title\"><a href='https:\/\/utfpr.curitiba.br\/nucleodesignanimacao\/?p=11586'>Pintainho Espacial &#8211; Jenniffer Siebeneichler<\/a><\/h4>                                                                                                    <\/div>\n                                            <\/div>\n                                                                                <\/div>\n                                <\/div>\n                            \n                        \n                        \n                                                                                                                                            <div class=\"htb-col-lg-4 htb-col-sm-6 htb-col-12\">\n                                    <div class=\"ht-post gradient-overlay gradient-overlay-2 mt--20\">\n                                        <div class=\"thumb\">\n                                            <a href=\"https:\/\/utfpr.curitiba.br\/nucleodesignanimacao\/?p=11575\">\n                                                <img loading=\"lazy\" decoding=\"async\" width=\"1900\" height=\"824\" src=\"https:\/\/utfpr-ct-static-content.s3.amazonaws.com\/utfpr.curitiba.br\/wp-content\/uploads\/sites\/99\/2023\/05\/Phasing-Loops-Rodrigo-Stromberg-Guinski.png\" class=\"attachment-full size-full wp-post-image\" alt=\"\" srcset=\"https:\/\/utfpr-ct-static-content.s3.amazonaws.com\/utfpr.curitiba.br\/wp-content\/uploads\/sites\/99\/2023\/05\/Phasing-Loops-Rodrigo-Stromberg-Guinski.png 1900w, https:\/\/utfpr-ct-static-content.s3.amazonaws.com\/utfpr.curitiba.br\/wp-content\/uploads\/sites\/99\/2023\/05\/Phasing-Loops-Rodrigo-Stromberg-Guinski-300x130.png 300w, https:\/\/utfpr-ct-static-content.s3.amazonaws.com\/utfpr.curitiba.br\/wp-content\/uploads\/sites\/99\/2023\/05\/Phasing-Loops-Rodrigo-Stromberg-Guinski-1024x444.png 1024w, https:\/\/utfpr-ct-static-content.s3.amazonaws.com\/utfpr.curitiba.br\/wp-content\/uploads\/sites\/99\/2023\/05\/Phasing-Loops-Rodrigo-Stromberg-Guinski-768x333.png 768w, https:\/\/utfpr-ct-static-content.s3.amazonaws.com\/utfpr.curitiba.br\/wp-content\/uploads\/sites\/99\/2023\/05\/Phasing-Loops-Rodrigo-Stromberg-Guinski-1536x666.png 1536w\" sizes=\"(max-width: 1900px) 100vw, 1900px\" \/>                                            <\/a>\n                                        <\/div>\n                                                                                    <div class=\"post-content\">\n                                                <div class=\"content\">\n                                                    <h4 class=\"htmega-post-g-title\"><a href='https:\/\/utfpr.curitiba.br\/nucleodesignanimacao\/?p=11575'>Phasing Loops &#8211; Rodrigo Stromberg Guinski<\/a><\/h4>                                                                                                    <\/div>\n                                            <\/div>\n                                                                                <\/div>\n                                <\/div>\n                            \n                        \n                        \n                                                                                                                                            <div class=\"htb-col-lg-4 htb-col-sm-6 htb-col-12\">\n                                    <div class=\"ht-post gradient-overlay gradient-overlay-3 mt--20\">\n                                        <div class=\"thumb\">\n                                            <a href=\"https:\/\/utfpr.curitiba.br\/nucleodesignanimacao\/?p=11564\">\n                                                <img loading=\"lazy\" decoding=\"async\" width=\"1920\" height=\"886\" src=\"https:\/\/utfpr-ct-static-content.s3.amazonaws.com\/utfpr.curitiba.br\/wp-content\/uploads\/sites\/99\/2023\/05\/One-Night-at-Mount-Hat-Episode-1-Fireflies-Jenniffer-Siebeneichler.png\" class=\"attachment-full size-full wp-post-image\" alt=\"\" srcset=\"https:\/\/utfpr-ct-static-content.s3.amazonaws.com\/utfpr.curitiba.br\/wp-content\/uploads\/sites\/99\/2023\/05\/One-Night-at-Mount-Hat-Episode-1-Fireflies-Jenniffer-Siebeneichler.png 1920w, https:\/\/utfpr-ct-static-content.s3.amazonaws.com\/utfpr.curitiba.br\/wp-content\/uploads\/sites\/99\/2023\/05\/One-Night-at-Mount-Hat-Episode-1-Fireflies-Jenniffer-Siebeneichler-300x138.png 300w, https:\/\/utfpr-ct-static-content.s3.amazonaws.com\/utfpr.curitiba.br\/wp-content\/uploads\/sites\/99\/2023\/05\/One-Night-at-Mount-Hat-Episode-1-Fireflies-Jenniffer-Siebeneichler-1024x473.png 1024w, https:\/\/utfpr-ct-static-content.s3.amazonaws.com\/utfpr.curitiba.br\/wp-content\/uploads\/sites\/99\/2023\/05\/One-Night-at-Mount-Hat-Episode-1-Fireflies-Jenniffer-Siebeneichler-768x354.png 768w, https:\/\/utfpr-ct-static-content.s3.amazonaws.com\/utfpr.curitiba.br\/wp-content\/uploads\/sites\/99\/2023\/05\/One-Night-at-Mount-Hat-Episode-1-Fireflies-Jenniffer-Siebeneichler-1536x709.png 1536w\" sizes=\"(max-width: 1920px) 100vw, 1920px\" \/>                                            <\/a>\n                                        <\/div>\n                                                                                    <div class=\"post-content\">\n                                                <div class=\"content\">\n                                                    <h4 class=\"htmega-post-g-title\"><a href='https:\/\/utfpr.curitiba.br\/nucleodesignanimacao\/?p=11564'>One Night at Mount Hat &#8211; Episode 1: Fireflies &#8211; Jenniffer Siebeneichler<\/a><\/h4>                                                                                                    <\/div>\n                                            <\/div>\n                                                                                <\/div>\n                                <\/div>\n                            \n                        \n                        \n                                                                                                                                            <div class=\"htb-col-lg-4 htb-col-sm-6 htb-col-12\">\n                                    <div class=\"ht-post gradient-overlay gradient-overlay-4 mt--20\">\n                                        <div class=\"thumb\">\n                                            <a href=\"https:\/\/utfpr.curitiba.br\/nucleodesignanimacao\/?p=11550\">\n                                                <img loading=\"lazy\" decoding=\"async\" width=\"3334\" height=\"2348\" src=\"https:\/\/utfpr-ct-static-content.s3.amazonaws.com\/utfpr.curitiba.br\/wp-content\/uploads\/sites\/99\/2023\/04\/Imagem-substituicao_Prancheta-1.png\" class=\"attachment-full size-full wp-post-image\" alt=\"\" srcset=\"https:\/\/utfpr-ct-static-content.s3.amazonaws.com\/utfpr.curitiba.br\/wp-content\/uploads\/sites\/99\/2023\/04\/Imagem-substituicao_Prancheta-1.png 3334w, https:\/\/utfpr-ct-static-content.s3.amazonaws.com\/utfpr.curitiba.br\/wp-content\/uploads\/sites\/99\/2023\/04\/Imagem-substituicao_Prancheta-1-300x211.png 300w, https:\/\/utfpr-ct-static-content.s3.amazonaws.com\/utfpr.curitiba.br\/wp-content\/uploads\/sites\/99\/2023\/04\/Imagem-substituicao_Prancheta-1-1024x721.png 1024w, https:\/\/utfpr-ct-static-content.s3.amazonaws.com\/utfpr.curitiba.br\/wp-content\/uploads\/sites\/99\/2023\/04\/Imagem-substituicao_Prancheta-1-768x541.png 768w, https:\/\/utfpr-ct-static-content.s3.amazonaws.com\/utfpr.curitiba.br\/wp-content\/uploads\/sites\/99\/2023\/04\/Imagem-substituicao_Prancheta-1-1536x1082.png 1536w, https:\/\/utfpr-ct-static-content.s3.amazonaws.com\/utfpr.curitiba.br\/wp-content\/uploads\/sites\/99\/2023\/04\/Imagem-substituicao_Prancheta-1-2048x1442.png 2048w\" sizes=\"(max-width: 3334px) 100vw, 3334px\" \/>                                            <\/a>\n                                        <\/div>\n                                                                                    <div class=\"post-content\">\n                                                <div class=\"content\">\n                                                    <h4 class=\"htmega-post-g-title\"><a href='https:\/\/utfpr.curitiba.br\/nucleodesignanimacao\/?p=11550'>Me &#8211; Adriana do Prado Lisb\u00f4a<\/a><\/h4>                                                                                                    <\/div>\n                                            <\/div>\n                                                                                <\/div>\n                                <\/div>\n                            \n                        \n                        \n                                                                                                                                            <div class=\"htb-col-lg-4 htb-col-sm-6 htb-col-12\">\n                                    <div class=\"ht-post gradient-overlay gradient-overlay-5 mt--20\">\n                                        <div class=\"thumb\">\n                                            <a href=\"https:\/\/utfpr.curitiba.br\/nucleodesignanimacao\/?p=11539\">\n                                                <img loading=\"lazy\" decoding=\"async\" width=\"3334\" height=\"2348\" src=\"https:\/\/utfpr-ct-static-content.s3.amazonaws.com\/utfpr.curitiba.br\/wp-content\/uploads\/sites\/99\/2023\/04\/Imagem-substituicao_Prancheta-1.png\" class=\"attachment-full size-full wp-post-image\" alt=\"\" srcset=\"https:\/\/utfpr-ct-static-content.s3.amazonaws.com\/utfpr.curitiba.br\/wp-content\/uploads\/sites\/99\/2023\/04\/Imagem-substituicao_Prancheta-1.png 3334w, https:\/\/utfpr-ct-static-content.s3.amazonaws.com\/utfpr.curitiba.br\/wp-content\/uploads\/sites\/99\/2023\/04\/Imagem-substituicao_Prancheta-1-300x211.png 300w, https:\/\/utfpr-ct-static-content.s3.amazonaws.com\/utfpr.curitiba.br\/wp-content\/uploads\/sites\/99\/2023\/04\/Imagem-substituicao_Prancheta-1-1024x721.png 1024w, https:\/\/utfpr-ct-static-content.s3.amazonaws.com\/utfpr.curitiba.br\/wp-content\/uploads\/sites\/99\/2023\/04\/Imagem-substituicao_Prancheta-1-768x541.png 768w, https:\/\/utfpr-ct-static-content.s3.amazonaws.com\/utfpr.curitiba.br\/wp-content\/uploads\/sites\/99\/2023\/04\/Imagem-substituicao_Prancheta-1-1536x1082.png 1536w, https:\/\/utfpr-ct-static-content.s3.amazonaws.com\/utfpr.curitiba.br\/wp-content\/uploads\/sites\/99\/2023\/04\/Imagem-substituicao_Prancheta-1-2048x1442.png 2048w\" sizes=\"(max-width: 3334px) 100vw, 3334px\" \/>                                            <\/a>\n                                        <\/div>\n                                                                                    <div class=\"post-content\">\n                                                <div class=\"content\">\n                                                    <h4 class=\"htmega-post-g-title\"><a href='https:\/\/utfpr.curitiba.br\/nucleodesignanimacao\/?p=11539'>Mais do que um Bronzer &#8211; J\u00falia Biavatti Rocha &amp; Patrick Jos\u00e9 Buchner<\/a><\/h4>                                                                                                    <\/div>\n                                            <\/div>\n                                                                                <\/div>\n                                <\/div>\n                            \n                        \n                        \n                                                                                                                                            <div class=\"htb-col-lg-4 htb-col-sm-6 htb-col-12\">\n                                    <div class=\"ht-post gradient-overlay gradient-overlay-6 mt--20\">\n                                        <div class=\"thumb\">\n                                            <a href=\"https:\/\/utfpr.curitiba.br\/nucleodesignanimacao\/?p=11525\">\n                                                <img loading=\"lazy\" decoding=\"async\" width=\"3334\" height=\"2348\" src=\"https:\/\/utfpr-ct-static-content.s3.amazonaws.com\/utfpr.curitiba.br\/wp-content\/uploads\/sites\/99\/2023\/04\/Imagem-substituicao_Prancheta-1.png\" class=\"attachment-full size-full wp-post-image\" alt=\"\" srcset=\"https:\/\/utfpr-ct-static-content.s3.amazonaws.com\/utfpr.curitiba.br\/wp-content\/uploads\/sites\/99\/2023\/04\/Imagem-substituicao_Prancheta-1.png 3334w, https:\/\/utfpr-ct-static-content.s3.amazonaws.com\/utfpr.curitiba.br\/wp-content\/uploads\/sites\/99\/2023\/04\/Imagem-substituicao_Prancheta-1-300x211.png 300w, https:\/\/utfpr-ct-static-content.s3.amazonaws.com\/utfpr.curitiba.br\/wp-content\/uploads\/sites\/99\/2023\/04\/Imagem-substituicao_Prancheta-1-1024x721.png 1024w, https:\/\/utfpr-ct-static-content.s3.amazonaws.com\/utfpr.curitiba.br\/wp-content\/uploads\/sites\/99\/2023\/04\/Imagem-substituicao_Prancheta-1-768x541.png 768w, https:\/\/utfpr-ct-static-content.s3.amazonaws.com\/utfpr.curitiba.br\/wp-content\/uploads\/sites\/99\/2023\/04\/Imagem-substituicao_Prancheta-1-1536x1082.png 1536w, https:\/\/utfpr-ct-static-content.s3.amazonaws.com\/utfpr.curitiba.br\/wp-content\/uploads\/sites\/99\/2023\/04\/Imagem-substituicao_Prancheta-1-2048x1442.png 2048w\" sizes=\"(max-width: 3334px) 100vw, 3334px\" \/>                                            <\/a>\n                                        <\/div>\n                                                                                    <div class=\"post-content\">\n                                                <div class=\"content\">\n                                                    <h4 class=\"htmega-post-g-title\"><a href='https:\/\/utfpr.curitiba.br\/nucleodesignanimacao\/?p=11525'>Free to Play &#8211; Sabrina Favarin dos Santos<\/a><\/h4>                                                                                                    <\/div>\n                                            <\/div>\n                                                                                <\/div>\n                                <\/div>\n                            \n                        \n                        \n                                                                                                                                            <div class=\"htb-col-lg-4 htb-col-sm-6 htb-col-12\">\n                                    <div class=\"ht-post gradient-overlay gradient-overlay-1 mt--20\">\n                                        <div class=\"thumb\">\n                                            <a href=\"https:\/\/utfpr.curitiba.br\/nucleodesignanimacao\/?p=11514\">\n                                                <img loading=\"lazy\" decoding=\"async\" width=\"3334\" height=\"2348\" src=\"https:\/\/utfpr-ct-static-content.s3.amazonaws.com\/utfpr.curitiba.br\/wp-content\/uploads\/sites\/99\/2023\/04\/Imagem-substituicao_Prancheta-1.png\" class=\"attachment-full size-full wp-post-image\" alt=\"\" srcset=\"https:\/\/utfpr-ct-static-content.s3.amazonaws.com\/utfpr.curitiba.br\/wp-content\/uploads\/sites\/99\/2023\/04\/Imagem-substituicao_Prancheta-1.png 3334w, https:\/\/utfpr-ct-static-content.s3.amazonaws.com\/utfpr.curitiba.br\/wp-content\/uploads\/sites\/99\/2023\/04\/Imagem-substituicao_Prancheta-1-300x211.png 300w, https:\/\/utfpr-ct-static-content.s3.amazonaws.com\/utfpr.curitiba.br\/wp-content\/uploads\/sites\/99\/2023\/04\/Imagem-substituicao_Prancheta-1-1024x721.png 1024w, https:\/\/utfpr-ct-static-content.s3.amazonaws.com\/utfpr.curitiba.br\/wp-content\/uploads\/sites\/99\/2023\/04\/Imagem-substituicao_Prancheta-1-768x541.png 768w, https:\/\/utfpr-ct-static-content.s3.amazonaws.com\/utfpr.curitiba.br\/wp-content\/uploads\/sites\/99\/2023\/04\/Imagem-substituicao_Prancheta-1-1536x1082.png 1536w, https:\/\/utfpr-ct-static-content.s3.amazonaws.com\/utfpr.curitiba.br\/wp-content\/uploads\/sites\/99\/2023\/04\/Imagem-substituicao_Prancheta-1-2048x1442.png 2048w\" sizes=\"(max-width: 3334px) 100vw, 3334px\" \/>                                            <\/a>\n                                        <\/div>\n                                                                                    <div class=\"post-content\">\n                                                <div class=\"content\">\n                                                    <h4 class=\"htmega-post-g-title\"><a href='https:\/\/utfpr.curitiba.br\/nucleodesignanimacao\/?p=11514'>Fiend eclipse &#8211; Patrick Jos\u00e9 Buchner<\/a><\/h4>                                                                                                    <\/div>\n                                            <\/div>\n                                                                                <\/div>\n                                <\/div>\n                            \n                        \n                        \n                                                                                                                                            <div class=\"htb-col-lg-4 htb-col-sm-6 htb-col-12\">\n                                    <div class=\"ht-post gradient-overlay gradient-overlay-2 mt--20\">\n                                        <div class=\"thumb\">\n                                            <a href=\"https:\/\/utfpr.curitiba.br\/nucleodesignanimacao\/?p=11500\">\n                                                <img loading=\"lazy\" decoding=\"async\" width=\"3334\" height=\"2348\" src=\"https:\/\/utfpr-ct-static-content.s3.amazonaws.com\/utfpr.curitiba.br\/wp-content\/uploads\/sites\/99\/2023\/04\/Imagem-substituicao_Prancheta-1.png\" class=\"attachment-full size-full wp-post-image\" alt=\"\" srcset=\"https:\/\/utfpr-ct-static-content.s3.amazonaws.com\/utfpr.curitiba.br\/wp-content\/uploads\/sites\/99\/2023\/04\/Imagem-substituicao_Prancheta-1.png 3334w, https:\/\/utfpr-ct-static-content.s3.amazonaws.com\/utfpr.curitiba.br\/wp-content\/uploads\/sites\/99\/2023\/04\/Imagem-substituicao_Prancheta-1-300x211.png 300w, https:\/\/utfpr-ct-static-content.s3.amazonaws.com\/utfpr.curitiba.br\/wp-content\/uploads\/sites\/99\/2023\/04\/Imagem-substituicao_Prancheta-1-1024x721.png 1024w, https:\/\/utfpr-ct-static-content.s3.amazonaws.com\/utfpr.curitiba.br\/wp-content\/uploads\/sites\/99\/2023\/04\/Imagem-substituicao_Prancheta-1-768x541.png 768w, https:\/\/utfpr-ct-static-content.s3.amazonaws.com\/utfpr.curitiba.br\/wp-content\/uploads\/sites\/99\/2023\/04\/Imagem-substituicao_Prancheta-1-1536x1082.png 1536w, https:\/\/utfpr-ct-static-content.s3.amazonaws.com\/utfpr.curitiba.br\/wp-content\/uploads\/sites\/99\/2023\/04\/Imagem-substituicao_Prancheta-1-2048x1442.png 2048w\" sizes=\"(max-width: 3334px) 100vw, 3334px\" \/>                                            <\/a>\n                                        <\/div>\n                                                                                    <div class=\"post-content\">\n                                                <div class=\"content\">\n                                                    <h4 class=\"htmega-post-g-title\"><a href='https:\/\/utfpr.curitiba.br\/nucleodesignanimacao\/?p=11500'>Expresso &#8211; Paulo Leonardo<\/a><\/h4>                                                                                                    <\/div>\n                                            <\/div>\n                                                                                <\/div>\n                                <\/div>\n                            \n                        \n                        \n                                                                                                                                            <div class=\"htb-col-lg-4 htb-col-sm-6 htb-col-12\">\n                                    <div class=\"ht-post gradient-overlay gradient-overlay-3 mt--20\">\n                                        <div class=\"thumb\">\n                                            <a href=\"https:\/\/utfpr.curitiba.br\/nucleodesignanimacao\/?p=11489\">\n                                                <img loading=\"lazy\" decoding=\"async\" width=\"3334\" height=\"2348\" src=\"https:\/\/utfpr-ct-static-content.s3.amazonaws.com\/utfpr.curitiba.br\/wp-content\/uploads\/sites\/99\/2023\/04\/Imagem-substituicao_Prancheta-1.png\" class=\"attachment-full size-full wp-post-image\" alt=\"\" srcset=\"https:\/\/utfpr-ct-static-content.s3.amazonaws.com\/utfpr.curitiba.br\/wp-content\/uploads\/sites\/99\/2023\/04\/Imagem-substituicao_Prancheta-1.png 3334w, https:\/\/utfpr-ct-static-content.s3.amazonaws.com\/utfpr.curitiba.br\/wp-content\/uploads\/sites\/99\/2023\/04\/Imagem-substituicao_Prancheta-1-300x211.png 300w, https:\/\/utfpr-ct-static-content.s3.amazonaws.com\/utfpr.curitiba.br\/wp-content\/uploads\/sites\/99\/2023\/04\/Imagem-substituicao_Prancheta-1-1024x721.png 1024w, https:\/\/utfpr-ct-static-content.s3.amazonaws.com\/utfpr.curitiba.br\/wp-content\/uploads\/sites\/99\/2023\/04\/Imagem-substituicao_Prancheta-1-768x541.png 768w, https:\/\/utfpr-ct-static-content.s3.amazonaws.com\/utfpr.curitiba.br\/wp-content\/uploads\/sites\/99\/2023\/04\/Imagem-substituicao_Prancheta-1-1536x1082.png 1536w, https:\/\/utfpr-ct-static-content.s3.amazonaws.com\/utfpr.curitiba.br\/wp-content\/uploads\/sites\/99\/2023\/04\/Imagem-substituicao_Prancheta-1-2048x1442.png 2048w\" sizes=\"(max-width: 3334px) 100vw, 3334px\" \/>                                            <\/a>\n                                        <\/div>\n                                                                                    <div class=\"post-content\">\n                                                <div class=\"content\">\n                                                    <h4 class=\"htmega-post-g-title\"><a href='https:\/\/utfpr.curitiba.br\/nucleodesignanimacao\/?p=11489'>Espelho &#8211; Thiago das Merc\u00eas Andrade<\/a><\/h4>                                                                                                    <\/div>\n                                            <\/div>\n                                                                                <\/div>\n                                <\/div>\n                            \n                        \n                        \n                                                                                                                                            <div class=\"htb-col-lg-4 htb-col-sm-6 htb-col-12\">\n                                    <div class=\"ht-post gradient-overlay gradient-overlay-4 mt--20\">\n                                        <div class=\"thumb\">\n                                            <a href=\"https:\/\/utfpr.curitiba.br\/nucleodesignanimacao\/?p=11475\">\n                                                <img loading=\"lazy\" decoding=\"async\" width=\"1415\" height=\"916\" src=\"https:\/\/utfpr-ct-static-content.s3.amazonaws.com\/utfpr.curitiba.br\/wp-content\/uploads\/sites\/99\/2023\/05\/Astro-Gato-Bruno-Orsolon.png\" class=\"attachment-full size-full wp-post-image\" alt=\"\" srcset=\"https:\/\/utfpr-ct-static-content.s3.amazonaws.com\/utfpr.curitiba.br\/wp-content\/uploads\/sites\/99\/2023\/05\/Astro-Gato-Bruno-Orsolon.png 1415w, https:\/\/utfpr-ct-static-content.s3.amazonaws.com\/utfpr.curitiba.br\/wp-content\/uploads\/sites\/99\/2023\/05\/Astro-Gato-Bruno-Orsolon-300x194.png 300w, https:\/\/utfpr-ct-static-content.s3.amazonaws.com\/utfpr.curitiba.br\/wp-content\/uploads\/sites\/99\/2023\/05\/Astro-Gato-Bruno-Orsolon-1024x663.png 1024w, https:\/\/utfpr-ct-static-content.s3.amazonaws.com\/utfpr.curitiba.br\/wp-content\/uploads\/sites\/99\/2023\/05\/Astro-Gato-Bruno-Orsolon-768x497.png 768w\" sizes=\"(max-width: 1415px) 100vw, 1415px\" \/>                                            <\/a>\n                                        <\/div>\n                                                                                    <div class=\"post-content\">\n                                                <div class=\"content\">\n                                                    <h4 class=\"htmega-post-g-title\"><a href='https:\/\/utfpr.curitiba.br\/nucleodesignanimacao\/?p=11475'>Astro Gato &#8211; Bruno Orsolon<\/a><\/h4>                                                                                                    <\/div>\n                                            <\/div>\n                                                                                <\/div>\n                                <\/div>\n                            \n                        \n                        \n                                                                                                                                            <div class=\"htb-col-lg-4 htb-col-sm-6 htb-col-12\">\n                                    <div class=\"ht-post gradient-overlay gradient-overlay-5 mt--20\">\n                                        <div class=\"thumb\">\n                                            <a href=\"https:\/\/utfpr.curitiba.br\/nucleodesignanimacao\/?p=11463\">\n                                                <img loading=\"lazy\" decoding=\"async\" width=\"3334\" height=\"2348\" src=\"https:\/\/utfpr-ct-static-content.s3.amazonaws.com\/utfpr.curitiba.br\/wp-content\/uploads\/sites\/99\/2023\/04\/Imagem-substituicao_Prancheta-1.png\" class=\"attachment-full size-full wp-post-image\" alt=\"\" srcset=\"https:\/\/utfpr-ct-static-content.s3.amazonaws.com\/utfpr.curitiba.br\/wp-content\/uploads\/sites\/99\/2023\/04\/Imagem-substituicao_Prancheta-1.png 3334w, https:\/\/utfpr-ct-static-content.s3.amazonaws.com\/utfpr.curitiba.br\/wp-content\/uploads\/sites\/99\/2023\/04\/Imagem-substituicao_Prancheta-1-300x211.png 300w, https:\/\/utfpr-ct-static-content.s3.amazonaws.com\/utfpr.curitiba.br\/wp-content\/uploads\/sites\/99\/2023\/04\/Imagem-substituicao_Prancheta-1-1024x721.png 1024w, https:\/\/utfpr-ct-static-content.s3.amazonaws.com\/utfpr.curitiba.br\/wp-content\/uploads\/sites\/99\/2023\/04\/Imagem-substituicao_Prancheta-1-768x541.png 768w, https:\/\/utfpr-ct-static-content.s3.amazonaws.com\/utfpr.curitiba.br\/wp-content\/uploads\/sites\/99\/2023\/04\/Imagem-substituicao_Prancheta-1-1536x1082.png 1536w, https:\/\/utfpr-ct-static-content.s3.amazonaws.com\/utfpr.curitiba.br\/wp-content\/uploads\/sites\/99\/2023\/04\/Imagem-substituicao_Prancheta-1-2048x1442.png 2048w\" sizes=\"(max-width: 3334px) 100vw, 3334px\" \/>                                            <\/a>\n                                        <\/div>\n                                                                                    <div class=\"post-content\">\n                                                <div class=\"content\">\n                                                    <h4 class=\"htmega-post-g-title\"><a href='https:\/\/utfpr.curitiba.br\/nucleodesignanimacao\/?p=11463'>A diferen\u00e7a entre publicidade e propaganda &#8211; Patrick Jos\u00e9 Buchner<\/a><\/h4>                                                                                                    <\/div>\n                                            <\/div>\n                                                                                <\/div>\n                                <\/div>\n                            \n                        \n                        \n                                                                                                                                            <div class=\"htb-col-lg-4 htb-col-sm-6 htb-col-12\">\n                                    <div class=\"ht-post gradient-overlay gradient-overlay-6 mt--20\">\n                                        <div class=\"thumb\">\n                                            <a href=\"https:\/\/utfpr.curitiba.br\/nucleodesignanimacao\/?p=11452\">\n                                                <img loading=\"lazy\" decoding=\"async\" width=\"543\" height=\"797\" src=\"https:\/\/utfpr-ct-static-content.s3.amazonaws.com\/utfpr.curitiba.br\/wp-content\/uploads\/sites\/99\/2023\/05\/Nodulo-Leandro-Ferra.png\" class=\"attachment-full size-full wp-post-image\" alt=\"\" srcset=\"https:\/\/utfpr-ct-static-content.s3.amazonaws.com\/utfpr.curitiba.br\/wp-content\/uploads\/sites\/99\/2023\/05\/Nodulo-Leandro-Ferra.png 543w, https:\/\/utfpr-ct-static-content.s3.amazonaws.com\/utfpr.curitiba.br\/wp-content\/uploads\/sites\/99\/2023\/05\/Nodulo-Leandro-Ferra-204x300.png 204w\" sizes=\"(max-width: 543px) 100vw, 543px\" \/>                                            <\/a>\n                                        <\/div>\n                                                                                    <div class=\"post-content\">\n                                                <div class=\"content\">\n                                                    <h4 class=\"htmega-post-g-title\"><a href='https:\/\/utfpr.curitiba.br\/nucleodesignanimacao\/?p=11452'>N\u00f3dulo &#8211; Leandro Ferra<\/a><\/h4>                                                                                                    <\/div>\n                                            <\/div>\n                                                                                <\/div>\n                                <\/div>\n                            \n                        \n                        \n                                                                                                                                            <div class=\"htb-col-lg-4 htb-col-sm-6 htb-col-12\">\n                                    <div class=\"ht-post gradient-overlay gradient-overlay-1 mt--20\">\n                                        <div class=\"thumb\">\n                                            <a href=\"https:\/\/utfpr.curitiba.br\/nucleodesignanimacao\/?p=11441\">\n                                                <img loading=\"lazy\" decoding=\"async\" width=\"1639\" height=\"763\" src=\"https:\/\/utfpr-ct-static-content.s3.amazonaws.com\/utfpr.curitiba.br\/wp-content\/uploads\/sites\/99\/2023\/05\/Hornzz-Lena-Franzz.png\" class=\"attachment-full size-full wp-post-image\" alt=\"\" srcset=\"https:\/\/utfpr-ct-static-content.s3.amazonaws.com\/utfpr.curitiba.br\/wp-content\/uploads\/sites\/99\/2023\/05\/Hornzz-Lena-Franzz.png 1639w, https:\/\/utfpr-ct-static-content.s3.amazonaws.com\/utfpr.curitiba.br\/wp-content\/uploads\/sites\/99\/2023\/05\/Hornzz-Lena-Franzz-300x140.png 300w, https:\/\/utfpr-ct-static-content.s3.amazonaws.com\/utfpr.curitiba.br\/wp-content\/uploads\/sites\/99\/2023\/05\/Hornzz-Lena-Franzz-1024x477.png 1024w, https:\/\/utfpr-ct-static-content.s3.amazonaws.com\/utfpr.curitiba.br\/wp-content\/uploads\/sites\/99\/2023\/05\/Hornzz-Lena-Franzz-768x358.png 768w, https:\/\/utfpr-ct-static-content.s3.amazonaws.com\/utfpr.curitiba.br\/wp-content\/uploads\/sites\/99\/2023\/05\/Hornzz-Lena-Franzz-1536x715.png 1536w\" sizes=\"(max-width: 1639px) 100vw, 1639px\" \/>                                            <\/a>\n                                        <\/div>\n                                                                                    <div class=\"post-content\">\n                                                <div class=\"content\">\n                                                    <h4 class=\"htmega-post-g-title\"><a href='https:\/\/utfpr.curitiba.br\/nucleodesignanimacao\/?p=11441'>Hornzz &#8211; Lena Franzz<\/a><\/h4>                                                                                                    <\/div>\n                                            <\/div>\n                                                                                <\/div>\n                                <\/div>\n                            \n                        \n                        \n                                                                                                                                            <div class=\"htb-col-lg-4 htb-col-sm-6 htb-col-12\">\n                                    <div class=\"ht-post gradient-overlay gradient-overlay-2 mt--20\">\n                                        <div class=\"thumb\">\n                                            <a href=\"https:\/\/utfpr.curitiba.br\/nucleodesignanimacao\/?p=11430\">\n                                                <img loading=\"lazy\" decoding=\"async\" width=\"1919\" height=\"853\" src=\"https:\/\/utfpr-ct-static-content.s3.amazonaws.com\/utfpr.curitiba.br\/wp-content\/uploads\/sites\/99\/2023\/05\/UPGRADE-Karina-A.-Andre.png\" class=\"attachment-full size-full wp-post-image\" alt=\"\" srcset=\"https:\/\/utfpr-ct-static-content.s3.amazonaws.com\/utfpr.curitiba.br\/wp-content\/uploads\/sites\/99\/2023\/05\/UPGRADE-Karina-A.-Andre.png 1919w, https:\/\/utfpr-ct-static-content.s3.amazonaws.com\/utfpr.curitiba.br\/wp-content\/uploads\/sites\/99\/2023\/05\/UPGRADE-Karina-A.-Andre-300x133.png 300w, https:\/\/utfpr-ct-static-content.s3.amazonaws.com\/utfpr.curitiba.br\/wp-content\/uploads\/sites\/99\/2023\/05\/UPGRADE-Karina-A.-Andre-1024x455.png 1024w, https:\/\/utfpr-ct-static-content.s3.amazonaws.com\/utfpr.curitiba.br\/wp-content\/uploads\/sites\/99\/2023\/05\/UPGRADE-Karina-A.-Andre-768x341.png 768w, https:\/\/utfpr-ct-static-content.s3.amazonaws.com\/utfpr.curitiba.br\/wp-content\/uploads\/sites\/99\/2023\/05\/UPGRADE-Karina-A.-Andre-1536x683.png 1536w\" sizes=\"(max-width: 1919px) 100vw, 1919px\" \/>                                            <\/a>\n                                        <\/div>\n                                                                                    <div class=\"post-content\">\n                                                <div class=\"content\">\n                                                    <h4 class=\"htmega-post-g-title\"><a href='https:\/\/utfpr.curitiba.br\/nucleodesignanimacao\/?p=11430'>UPGRADE &#8211; Karina A. Andr\u00e9<\/a><\/h4>                                                                                                    <\/div>\n                                            <\/div>\n                                                                                <\/div>\n                                <\/div>\n                            \n                        \n                        \n                                                                                                                                            <div class=\"htb-col-lg-4 htb-col-sm-6 htb-col-12\">\n                                    <div class=\"ht-post gradient-overlay gradient-overlay-3 mt--20\">\n                                        <div class=\"thumb\">\n                                            <a href=\"https:\/\/utfpr.curitiba.br\/nucleodesignanimacao\/?p=11419\">\n                                                <img loading=\"lazy\" decoding=\"async\" width=\"1920\" height=\"810\" src=\"https:\/\/utfpr-ct-static-content.s3.amazonaws.com\/utfpr.curitiba.br\/wp-content\/uploads\/sites\/99\/2023\/05\/O-Carreiro-Anselmo-Rosa-Berardo.png\" class=\"attachment-full size-full wp-post-image\" alt=\"\" srcset=\"https:\/\/utfpr-ct-static-content.s3.amazonaws.com\/utfpr.curitiba.br\/wp-content\/uploads\/sites\/99\/2023\/05\/O-Carreiro-Anselmo-Rosa-Berardo.png 1920w, https:\/\/utfpr-ct-static-content.s3.amazonaws.com\/utfpr.curitiba.br\/wp-content\/uploads\/sites\/99\/2023\/05\/O-Carreiro-Anselmo-Rosa-Berardo-300x127.png 300w, https:\/\/utfpr-ct-static-content.s3.amazonaws.com\/utfpr.curitiba.br\/wp-content\/uploads\/sites\/99\/2023\/05\/O-Carreiro-Anselmo-Rosa-Berardo-1024x432.png 1024w, https:\/\/utfpr-ct-static-content.s3.amazonaws.com\/utfpr.curitiba.br\/wp-content\/uploads\/sites\/99\/2023\/05\/O-Carreiro-Anselmo-Rosa-Berardo-768x324.png 768w, https:\/\/utfpr-ct-static-content.s3.amazonaws.com\/utfpr.curitiba.br\/wp-content\/uploads\/sites\/99\/2023\/05\/O-Carreiro-Anselmo-Rosa-Berardo-1536x648.png 1536w\" sizes=\"(max-width: 1920px) 100vw, 1920px\" \/>                                            <\/a>\n                                        <\/div>\n                                                                                    <div class=\"post-content\">\n                                                <div class=\"content\">\n                                                    <h4 class=\"htmega-post-g-title\"><a href='https:\/\/utfpr.curitiba.br\/nucleodesignanimacao\/?p=11419'>O Carreiro Anselmo &#8211; Rosa Berardo<\/a><\/h4>                                                                                                    <\/div>\n                                            <\/div>\n                                                                                <\/div>\n                                <\/div>\n                            \n                        \n                        \n                                                                                                                                            <div class=\"htb-col-lg-4 htb-col-sm-6 htb-col-12\">\n                                    <div class=\"ht-post gradient-overlay gradient-overlay-4 mt--20\">\n                                        <div class=\"thumb\">\n                                            <a href=\"https:\/\/utfpr.curitiba.br\/nucleodesignanimacao\/?p=11407\">\n                                                <img loading=\"lazy\" decoding=\"async\" width=\"1441\" height=\"524\" src=\"https:\/\/utfpr-ct-static-content.s3.amazonaws.com\/utfpr.curitiba.br\/wp-content\/uploads\/sites\/99\/2023\/05\/JAM-Heloisa-Marques.png\" class=\"attachment-full size-full wp-post-image\" alt=\"\" srcset=\"https:\/\/utfpr-ct-static-content.s3.amazonaws.com\/utfpr.curitiba.br\/wp-content\/uploads\/sites\/99\/2023\/05\/JAM-Heloisa-Marques.png 1441w, https:\/\/utfpr-ct-static-content.s3.amazonaws.com\/utfpr.curitiba.br\/wp-content\/uploads\/sites\/99\/2023\/05\/JAM-Heloisa-Marques-300x109.png 300w, https:\/\/utfpr-ct-static-content.s3.amazonaws.com\/utfpr.curitiba.br\/wp-content\/uploads\/sites\/99\/2023\/05\/JAM-Heloisa-Marques-1024x372.png 1024w, https:\/\/utfpr-ct-static-content.s3.amazonaws.com\/utfpr.curitiba.br\/wp-content\/uploads\/sites\/99\/2023\/05\/JAM-Heloisa-Marques-768x279.png 768w\" sizes=\"(max-width: 1441px) 100vw, 1441px\" \/>                                            <\/a>\n                                        <\/div>\n                                                                                    <div class=\"post-content\">\n                                                <div class=\"content\">\n                                                    <h4 class=\"htmega-post-g-title\"><a href='https:\/\/utfpr.curitiba.br\/nucleodesignanimacao\/?p=11407'>JAM &#8211; Heloisa Marques<\/a><\/h4>                                                                                                    <\/div>\n                                            <\/div>\n                                                                                <\/div>\n                                <\/div>\n                            \n                        \n                        \n                                                                                                                                            <div class=\"htb-col-lg-4 htb-col-sm-6 htb-col-12\">\n                                    <div class=\"ht-post gradient-overlay gradient-overlay-5 mt--20\">\n                                        <div class=\"thumb\">\n                                            <a href=\"https:\/\/utfpr.curitiba.br\/nucleodesignanimacao\/?p=11396\">\n                                                <img loading=\"lazy\" decoding=\"async\" width=\"3334\" height=\"2348\" src=\"https:\/\/utfpr-ct-static-content.s3.amazonaws.com\/utfpr.curitiba.br\/wp-content\/uploads\/sites\/99\/2023\/04\/Imagem-substituicao_Prancheta-1.png\" class=\"attachment-full size-full wp-post-image\" alt=\"\" srcset=\"https:\/\/utfpr-ct-static-content.s3.amazonaws.com\/utfpr.curitiba.br\/wp-content\/uploads\/sites\/99\/2023\/04\/Imagem-substituicao_Prancheta-1.png 3334w, https:\/\/utfpr-ct-static-content.s3.amazonaws.com\/utfpr.curitiba.br\/wp-content\/uploads\/sites\/99\/2023\/04\/Imagem-substituicao_Prancheta-1-300x211.png 300w, https:\/\/utfpr-ct-static-content.s3.amazonaws.com\/utfpr.curitiba.br\/wp-content\/uploads\/sites\/99\/2023\/04\/Imagem-substituicao_Prancheta-1-1024x721.png 1024w, https:\/\/utfpr-ct-static-content.s3.amazonaws.com\/utfpr.curitiba.br\/wp-content\/uploads\/sites\/99\/2023\/04\/Imagem-substituicao_Prancheta-1-768x541.png 768w, https:\/\/utfpr-ct-static-content.s3.amazonaws.com\/utfpr.curitiba.br\/wp-content\/uploads\/sites\/99\/2023\/04\/Imagem-substituicao_Prancheta-1-1536x1082.png 1536w, https:\/\/utfpr-ct-static-content.s3.amazonaws.com\/utfpr.curitiba.br\/wp-content\/uploads\/sites\/99\/2023\/04\/Imagem-substituicao_Prancheta-1-2048x1442.png 2048w\" sizes=\"(max-width: 3334px) 100vw, 3334px\" \/>                                            <\/a>\n                                        <\/div>\n                                                                                    <div class=\"post-content\">\n                                                <div class=\"content\">\n                                                    <h4 class=\"htmega-post-g-title\"><a href='https:\/\/utfpr.curitiba.br\/nucleodesignanimacao\/?p=11396'>Hospital Grimm &#8211; Bruno Jordani<\/a><\/h4>                                                                                                    <\/div>\n                                            <\/div>\n                                                                                <\/div>\n                                <\/div>\n                            \n                        \n                        \n                                                                                                                                            <div class=\"htb-col-lg-4 htb-col-sm-6 htb-col-12\">\n                                    <div class=\"ht-post gradient-overlay gradient-overlay-6 mt--20\">\n                                        <div class=\"thumb\">\n                                            <a href=\"https:\/\/utfpr.curitiba.br\/nucleodesignanimacao\/?p=11384\">\n                                                <img loading=\"lazy\" decoding=\"async\" width=\"3334\" height=\"2348\" src=\"https:\/\/utfpr-ct-static-content.s3.amazonaws.com\/utfpr.curitiba.br\/wp-content\/uploads\/sites\/99\/2023\/04\/Imagem-substituicao_Prancheta-1.png\" class=\"attachment-full size-full wp-post-image\" alt=\"\" srcset=\"https:\/\/utfpr-ct-static-content.s3.amazonaws.com\/utfpr.curitiba.br\/wp-content\/uploads\/sites\/99\/2023\/04\/Imagem-substituicao_Prancheta-1.png 3334w, https:\/\/utfpr-ct-static-content.s3.amazonaws.com\/utfpr.curitiba.br\/wp-content\/uploads\/sites\/99\/2023\/04\/Imagem-substituicao_Prancheta-1-300x211.png 300w, https:\/\/utfpr-ct-static-content.s3.amazonaws.com\/utfpr.curitiba.br\/wp-content\/uploads\/sites\/99\/2023\/04\/Imagem-substituicao_Prancheta-1-1024x721.png 1024w, https:\/\/utfpr-ct-static-content.s3.amazonaws.com\/utfpr.curitiba.br\/wp-content\/uploads\/sites\/99\/2023\/04\/Imagem-substituicao_Prancheta-1-768x541.png 768w, https:\/\/utfpr-ct-static-content.s3.amazonaws.com\/utfpr.curitiba.br\/wp-content\/uploads\/sites\/99\/2023\/04\/Imagem-substituicao_Prancheta-1-1536x1082.png 1536w, https:\/\/utfpr-ct-static-content.s3.amazonaws.com\/utfpr.curitiba.br\/wp-content\/uploads\/sites\/99\/2023\/04\/Imagem-substituicao_Prancheta-1-2048x1442.png 2048w\" sizes=\"(max-width: 3334px) 100vw, 3334px\" \/>                                            <\/a>\n                                        <\/div>\n                                                                                    <div class=\"post-content\">\n                                                <div class=\"content\">\n                                                    <h4 class=\"htmega-post-g-title\"><a href='https:\/\/utfpr.curitiba.br\/nucleodesignanimacao\/?p=11384'>Heritage &#8211; Alef Lury Siqueira Ferreira, Ana Maria Silva da Cruz<\/a><\/h4>                                                                                                    <\/div>\n                                            <\/div>\n                                                                                <\/div>\n                                <\/div>\n                            \n                        \n                        \n                                                                                                                                            <div class=\"htb-col-lg-4 htb-col-sm-6 htb-col-12\">\n                                    <div class=\"ht-post gradient-overlay gradient-overlay-1 mt--20\">\n                                        <div class=\"thumb\">\n                                            <a href=\"https:\/\/utfpr.curitiba.br\/nucleodesignanimacao\/?p=11372\">\n                                                <img loading=\"lazy\" decoding=\"async\" width=\"3334\" height=\"2348\" src=\"https:\/\/utfpr-ct-static-content.s3.amazonaws.com\/utfpr.curitiba.br\/wp-content\/uploads\/sites\/99\/2023\/04\/Imagem-substituicao_Prancheta-1.png\" class=\"attachment-full size-full wp-post-image\" alt=\"\" srcset=\"https:\/\/utfpr-ct-static-content.s3.amazonaws.com\/utfpr.curitiba.br\/wp-content\/uploads\/sites\/99\/2023\/04\/Imagem-substituicao_Prancheta-1.png 3334w, https:\/\/utfpr-ct-static-content.s3.amazonaws.com\/utfpr.curitiba.br\/wp-content\/uploads\/sites\/99\/2023\/04\/Imagem-substituicao_Prancheta-1-300x211.png 300w, https:\/\/utfpr-ct-static-content.s3.amazonaws.com\/utfpr.curitiba.br\/wp-content\/uploads\/sites\/99\/2023\/04\/Imagem-substituicao_Prancheta-1-1024x721.png 1024w, https:\/\/utfpr-ct-static-content.s3.amazonaws.com\/utfpr.curitiba.br\/wp-content\/uploads\/sites\/99\/2023\/04\/Imagem-substituicao_Prancheta-1-768x541.png 768w, https:\/\/utfpr-ct-static-content.s3.amazonaws.com\/utfpr.curitiba.br\/wp-content\/uploads\/sites\/99\/2023\/04\/Imagem-substituicao_Prancheta-1-1536x1082.png 1536w, https:\/\/utfpr-ct-static-content.s3.amazonaws.com\/utfpr.curitiba.br\/wp-content\/uploads\/sites\/99\/2023\/04\/Imagem-substituicao_Prancheta-1-2048x1442.png 2048w\" sizes=\"(max-width: 3334px) 100vw, 3334px\" \/>                                            <\/a>\n                                        <\/div>\n                                                                                    <div class=\"post-content\">\n                                                <div class=\"content\">\n                                                    <h4 class=\"htmega-post-g-title\"><a href='https:\/\/utfpr.curitiba.br\/nucleodesignanimacao\/?p=11372'>Fish Tales &#8211; Amanda Veloso<\/a><\/h4>                                                                                                    <\/div>\n                                            <\/div>\n                                                                                <\/div>\n                                <\/div>\n                            \n                        \n                        \n                                                                                                                                            <div class=\"htb-col-lg-4 htb-col-sm-6 htb-col-12\">\n                                    <div class=\"ht-post gradient-overlay gradient-overlay-2 mt--20\">\n                                        <div class=\"thumb\">\n                                            <a href=\"https:\/\/utfpr.curitiba.br\/nucleodesignanimacao\/?p=11361\">\n                                                <img loading=\"lazy\" decoding=\"async\" width=\"1912\" height=\"578\" src=\"https:\/\/utfpr-ct-static-content.s3.amazonaws.com\/utfpr.curitiba.br\/wp-content\/uploads\/sites\/99\/2023\/05\/Coffee-Bot-Laise-Mendes-Renato-Guerra-Alan-Bomfim-Bianca-Souza.png\" class=\"attachment-full size-full wp-post-image\" alt=\"\" srcset=\"https:\/\/utfpr-ct-static-content.s3.amazonaws.com\/utfpr.curitiba.br\/wp-content\/uploads\/sites\/99\/2023\/05\/Coffee-Bot-Laise-Mendes-Renato-Guerra-Alan-Bomfim-Bianca-Souza.png 1912w, https:\/\/utfpr-ct-static-content.s3.amazonaws.com\/utfpr.curitiba.br\/wp-content\/uploads\/sites\/99\/2023\/05\/Coffee-Bot-Laise-Mendes-Renato-Guerra-Alan-Bomfim-Bianca-Souza-300x91.png 300w, https:\/\/utfpr-ct-static-content.s3.amazonaws.com\/utfpr.curitiba.br\/wp-content\/uploads\/sites\/99\/2023\/05\/Coffee-Bot-Laise-Mendes-Renato-Guerra-Alan-Bomfim-Bianca-Souza-1024x310.png 1024w, https:\/\/utfpr-ct-static-content.s3.amazonaws.com\/utfpr.curitiba.br\/wp-content\/uploads\/sites\/99\/2023\/05\/Coffee-Bot-Laise-Mendes-Renato-Guerra-Alan-Bomfim-Bianca-Souza-768x232.png 768w\" sizes=\"(max-width: 1912px) 100vw, 1912px\" \/>                                            <\/a>\n                                        <\/div>\n                                                                                    <div class=\"post-content\">\n                                                <div class=\"content\">\n                                                    <h4 class=\"htmega-post-g-title\"><a href='https:\/\/utfpr.curitiba.br\/nucleodesignanimacao\/?p=11361'>Coffee Bot &#8211; Laise Mendes, Renato Guerra, Alan Bomfim, Bianca Souza<\/a><\/h4>                                                                                                    <\/div>\n                                            <\/div>\n                                                                                <\/div>\n                                <\/div>\n                            \n                        \n                        \n                                                                                                                                            <div class=\"htb-col-lg-4 htb-col-sm-6 htb-col-12\">\n                                    <div class=\"ht-post gradient-overlay gradient-overlay-3 mt--20\">\n                                        <div class=\"thumb\">\n                                            <a href=\"https:\/\/utfpr.curitiba.br\/nucleodesignanimacao\/?p=11349\">\n                                                <img loading=\"lazy\" decoding=\"async\" width=\"1913\" height=\"863\" src=\"https:\/\/utfpr-ct-static-content.s3.amazonaws.com\/utfpr.curitiba.br\/wp-content\/uploads\/sites\/99\/2023\/05\/Barbara-Balaclava-Thiago-Martins-de-Melo.png\" class=\"attachment-full size-full wp-post-image\" alt=\"\" srcset=\"https:\/\/utfpr-ct-static-content.s3.amazonaws.com\/utfpr.curitiba.br\/wp-content\/uploads\/sites\/99\/2023\/05\/Barbara-Balaclava-Thiago-Martins-de-Melo.png 1913w, https:\/\/utfpr-ct-static-content.s3.amazonaws.com\/utfpr.curitiba.br\/wp-content\/uploads\/sites\/99\/2023\/05\/Barbara-Balaclava-Thiago-Martins-de-Melo-300x135.png 300w, https:\/\/utfpr-ct-static-content.s3.amazonaws.com\/utfpr.curitiba.br\/wp-content\/uploads\/sites\/99\/2023\/05\/Barbara-Balaclava-Thiago-Martins-de-Melo-1024x462.png 1024w, https:\/\/utfpr-ct-static-content.s3.amazonaws.com\/utfpr.curitiba.br\/wp-content\/uploads\/sites\/99\/2023\/05\/Barbara-Balaclava-Thiago-Martins-de-Melo-768x346.png 768w, https:\/\/utfpr-ct-static-content.s3.amazonaws.com\/utfpr.curitiba.br\/wp-content\/uploads\/sites\/99\/2023\/05\/Barbara-Balaclava-Thiago-Martins-de-Melo-1536x693.png 1536w\" sizes=\"(max-width: 1913px) 100vw, 1913px\" \/>                                            <\/a>\n                                        <\/div>\n                                                                                    <div class=\"post-content\">\n                                                <div class=\"content\">\n                                                    <h4 class=\"htmega-post-g-title\"><a href='https:\/\/utfpr.curitiba.br\/nucleodesignanimacao\/?p=11349'>Barbara Balaclava &#8211; Thiago Martins de Melo<\/a><\/h4>                                                                                                    <\/div>\n                                            <\/div>\n                                                                                <\/div>\n                                <\/div>\n                            \n                        \n                        \n                                                                                                                                            <div class=\"htb-col-lg-4 htb-col-sm-6 htb-col-12\">\n                                    <div class=\"ht-post gradient-overlay gradient-overlay-4 mt--20\">\n                                        <div class=\"thumb\">\n                                            <a href=\"https:\/\/utfpr.curitiba.br\/nucleodesignanimacao\/?p=11338\">\n                                                <img loading=\"lazy\" decoding=\"async\" width=\"3334\" height=\"2348\" src=\"https:\/\/utfpr-ct-static-content.s3.amazonaws.com\/utfpr.curitiba.br\/wp-content\/uploads\/sites\/99\/2023\/04\/Imagem-substituicao_Prancheta-1.png\" class=\"attachment-full size-full wp-post-image\" alt=\"\" srcset=\"https:\/\/utfpr-ct-static-content.s3.amazonaws.com\/utfpr.curitiba.br\/wp-content\/uploads\/sites\/99\/2023\/04\/Imagem-substituicao_Prancheta-1.png 3334w, https:\/\/utfpr-ct-static-content.s3.amazonaws.com\/utfpr.curitiba.br\/wp-content\/uploads\/sites\/99\/2023\/04\/Imagem-substituicao_Prancheta-1-300x211.png 300w, https:\/\/utfpr-ct-static-content.s3.amazonaws.com\/utfpr.curitiba.br\/wp-content\/uploads\/sites\/99\/2023\/04\/Imagem-substituicao_Prancheta-1-1024x721.png 1024w, https:\/\/utfpr-ct-static-content.s3.amazonaws.com\/utfpr.curitiba.br\/wp-content\/uploads\/sites\/99\/2023\/04\/Imagem-substituicao_Prancheta-1-768x541.png 768w, https:\/\/utfpr-ct-static-content.s3.amazonaws.com\/utfpr.curitiba.br\/wp-content\/uploads\/sites\/99\/2023\/04\/Imagem-substituicao_Prancheta-1-1536x1082.png 1536w, https:\/\/utfpr-ct-static-content.s3.amazonaws.com\/utfpr.curitiba.br\/wp-content\/uploads\/sites\/99\/2023\/04\/Imagem-substituicao_Prancheta-1-2048x1442.png 2048w\" sizes=\"(max-width: 3334px) 100vw, 3334px\" \/>                                            <\/a>\n                                        <\/div>\n                                                                                    <div class=\"post-content\">\n                                                <div class=\"content\">\n                                                    <h4 class=\"htmega-post-g-title\"><a href='https:\/\/utfpr.curitiba.br\/nucleodesignanimacao\/?p=11338'>As aventuras da investigadora ana &#8211; Lucas Santos Monteiro e Caio Bras Costa<\/a><\/h4>                                                                                                    <\/div>\n                                            <\/div>\n                                                                                <\/div>\n                                <\/div>\n                            \n                        \n                        \n                                                                                                                                            <div class=\"htb-col-lg-4 htb-col-sm-6 htb-col-12\">\n                                    <div class=\"ht-post gradient-overlay gradient-overlay-5 mt--20\">\n                                        <div class=\"thumb\">\n                                            <a href=\"https:\/\/utfpr.curitiba.br\/nucleodesignanimacao\/?p=11326\">\n                                                <img loading=\"lazy\" decoding=\"async\" width=\"628\" height=\"640\" src=\"https:\/\/utfpr-ct-static-content.s3.amazonaws.com\/utfpr.curitiba.br\/wp-content\/uploads\/sites\/99\/2023\/05\/INFinituim-Ciberpaje-Edgar-Franco-Luiz-Fers-Luiz-Carlos-Ferreira-da-Silva-Amante-de-Heresia-Leo-Pimentel-Souto.jpg\" class=\"attachment-full size-full wp-post-image\" alt=\"\" srcset=\"https:\/\/utfpr-ct-static-content.s3.amazonaws.com\/utfpr.curitiba.br\/wp-content\/uploads\/sites\/99\/2023\/05\/INFinituim-Ciberpaje-Edgar-Franco-Luiz-Fers-Luiz-Carlos-Ferreira-da-Silva-Amante-de-Heresia-Leo-Pimentel-Souto.jpg 628w, https:\/\/utfpr-ct-static-content.s3.amazonaws.com\/utfpr.curitiba.br\/wp-content\/uploads\/sites\/99\/2023\/05\/INFinituim-Ciberpaje-Edgar-Franco-Luiz-Fers-Luiz-Carlos-Ferreira-da-Silva-Amante-de-Heresia-Leo-Pimentel-Souto-294x300.jpg 294w\" sizes=\"(max-width: 628px) 100vw, 628px\" \/>                                            <\/a>\n                                        <\/div>\n                                                                                    <div class=\"post-content\">\n                                                <div class=\"content\">\n                                                    <h4 class=\"htmega-post-g-title\"><a href='https:\/\/utfpr.curitiba.br\/nucleodesignanimacao\/?p=11326'>(IN)Finituim &#8211; Ciberpaj\u00e9 (Edgar Franco), Luiz Fers (Luiz Carlos Ferreira da Silva), Amante<\/a><\/h4>                                                                                                    <\/div>\n                                            <\/div>\n                                                                                <\/div>\n                                <\/div>\n                            \n                        \n                        \n                                                                                                                                            <div class=\"htb-col-lg-4 htb-col-sm-6 htb-col-12\">\n                                    <div class=\"ht-post gradient-overlay gradient-overlay-6 mt--20\">\n                                        <div class=\"thumb\">\n                                            <a href=\"https:\/\/utfpr.curitiba.br\/nucleodesignanimacao\/?p=11314\">\n                                                <img loading=\"lazy\" decoding=\"async\" width=\"1399\" height=\"718\" src=\"https:\/\/utfpr-ct-static-content.s3.amazonaws.com\/utfpr.curitiba.br\/wp-content\/uploads\/sites\/99\/2023\/05\/rubinata-Mauricio-Squarisi.png\" class=\"attachment-full size-full wp-post-image\" alt=\"\" srcset=\"https:\/\/utfpr-ct-static-content.s3.amazonaws.com\/utfpr.curitiba.br\/wp-content\/uploads\/sites\/99\/2023\/05\/rubinata-Mauricio-Squarisi.png 1399w, https:\/\/utfpr-ct-static-content.s3.amazonaws.com\/utfpr.curitiba.br\/wp-content\/uploads\/sites\/99\/2023\/05\/rubinata-Mauricio-Squarisi-300x154.png 300w, https:\/\/utfpr-ct-static-content.s3.amazonaws.com\/utfpr.curitiba.br\/wp-content\/uploads\/sites\/99\/2023\/05\/rubinata-Mauricio-Squarisi-1024x526.png 1024w, https:\/\/utfpr-ct-static-content.s3.amazonaws.com\/utfpr.curitiba.br\/wp-content\/uploads\/sites\/99\/2023\/05\/rubinata-Mauricio-Squarisi-768x394.png 768w\" sizes=\"(max-width: 1399px) 100vw, 1399px\" \/>                                            <\/a>\n                                        <\/div>\n                                                                                    <div class=\"post-content\">\n                                                <div class=\"content\">\n                                                    <h4 class=\"htmega-post-g-title\"><a href='https:\/\/utfpr.curitiba.br\/nucleodesignanimacao\/?p=11314'>Rubinata &#8211; Maur\u00edcio Squarisi<\/a><\/h4>                                                                                                    <\/div>\n                                            <\/div>\n                                                                                <\/div>\n                                <\/div>\n                            \n                        \n                        \n                                                                                                                                            <div class=\"htb-col-lg-4 htb-col-sm-6 htb-col-12\">\n                                    <div class=\"ht-post gradient-overlay gradient-overlay-1 mt--20\">\n                                        <div class=\"thumb\">\n                                            <a href=\"https:\/\/utfpr.curitiba.br\/nucleodesignanimacao\/?p=11300\">\n                                                <img loading=\"lazy\" decoding=\"async\" width=\"3334\" height=\"2348\" src=\"https:\/\/utfpr-ct-static-content.s3.amazonaws.com\/utfpr.curitiba.br\/wp-content\/uploads\/sites\/99\/2023\/04\/Imagem-substituicao_Prancheta-1.png\" class=\"attachment-full size-full wp-post-image\" alt=\"\" srcset=\"https:\/\/utfpr-ct-static-content.s3.amazonaws.com\/utfpr.curitiba.br\/wp-content\/uploads\/sites\/99\/2023\/04\/Imagem-substituicao_Prancheta-1.png 3334w, https:\/\/utfpr-ct-static-content.s3.amazonaws.com\/utfpr.curitiba.br\/wp-content\/uploads\/sites\/99\/2023\/04\/Imagem-substituicao_Prancheta-1-300x211.png 300w, https:\/\/utfpr-ct-static-content.s3.amazonaws.com\/utfpr.curitiba.br\/wp-content\/uploads\/sites\/99\/2023\/04\/Imagem-substituicao_Prancheta-1-1024x721.png 1024w, https:\/\/utfpr-ct-static-content.s3.amazonaws.com\/utfpr.curitiba.br\/wp-content\/uploads\/sites\/99\/2023\/04\/Imagem-substituicao_Prancheta-1-768x541.png 768w, https:\/\/utfpr-ct-static-content.s3.amazonaws.com\/utfpr.curitiba.br\/wp-content\/uploads\/sites\/99\/2023\/04\/Imagem-substituicao_Prancheta-1-1536x1082.png 1536w, https:\/\/utfpr-ct-static-content.s3.amazonaws.com\/utfpr.curitiba.br\/wp-content\/uploads\/sites\/99\/2023\/04\/Imagem-substituicao_Prancheta-1-2048x1442.png 2048w\" sizes=\"(max-width: 3334px) 100vw, 3334px\" \/>                                            <\/a>\n                                        <\/div>\n                                                                                    <div class=\"post-content\">\n                                                <div class=\"content\">\n                                                    <h4 class=\"htmega-post-g-title\"><a href='https:\/\/utfpr.curitiba.br\/nucleodesignanimacao\/?p=11300'>ChaOsVID &#8211; Alessandro Dri\u00ea<\/a><\/h4>                                                                                                    <\/div>\n                                            <\/div>\n                                                                                <\/div>\n                                <\/div>\n                            \n                        \n                        \n                                                                                                                                            <div class=\"htb-col-lg-4 htb-col-sm-6 htb-col-12\">\n                                    <div class=\"ht-post gradient-overlay gradient-overlay-2 mt--20\">\n                                        <div class=\"thumb\">\n                                            <a href=\"https:\/\/utfpr.curitiba.br\/nucleodesignanimacao\/?p=11289\">\n                                                <img loading=\"lazy\" decoding=\"async\" width=\"1919\" height=\"723\" src=\"https:\/\/utfpr-ct-static-content.s3.amazonaws.com\/utfpr.curitiba.br\/wp-content\/uploads\/sites\/99\/2023\/05\/SEED-Fabricio-Rabachim-e-Flavia-Rabachim.png\" class=\"attachment-full size-full wp-post-image\" alt=\"\" srcset=\"https:\/\/utfpr-ct-static-content.s3.amazonaws.com\/utfpr.curitiba.br\/wp-content\/uploads\/sites\/99\/2023\/05\/SEED-Fabricio-Rabachim-e-Flavia-Rabachim.png 1919w, https:\/\/utfpr-ct-static-content.s3.amazonaws.com\/utfpr.curitiba.br\/wp-content\/uploads\/sites\/99\/2023\/05\/SEED-Fabricio-Rabachim-e-Flavia-Rabachim-300x113.png 300w, https:\/\/utfpr-ct-static-content.s3.amazonaws.com\/utfpr.curitiba.br\/wp-content\/uploads\/sites\/99\/2023\/05\/SEED-Fabricio-Rabachim-e-Flavia-Rabachim-1024x386.png 1024w, https:\/\/utfpr-ct-static-content.s3.amazonaws.com\/utfpr.curitiba.br\/wp-content\/uploads\/sites\/99\/2023\/05\/SEED-Fabricio-Rabachim-e-Flavia-Rabachim-768x289.png 768w, https:\/\/utfpr-ct-static-content.s3.amazonaws.com\/utfpr.curitiba.br\/wp-content\/uploads\/sites\/99\/2023\/05\/SEED-Fabricio-Rabachim-e-Flavia-Rabachim-1536x579.png 1536w\" sizes=\"(max-width: 1919px) 100vw, 1919px\" \/>                                            <\/a>\n                                        <\/div>\n                                                                                    <div class=\"post-content\">\n                                                <div class=\"content\">\n                                                    <h4 class=\"htmega-post-g-title\"><a href='https:\/\/utfpr.curitiba.br\/nucleodesignanimacao\/?p=11289'>SEED &#8211; Fabr\u00edcio Rabachim e Fl\u00e1via Rabachim<\/a><\/h4>                                                                                                    <\/div>\n                                            <\/div>\n                                                                                <\/div>\n                                <\/div>\n                            \n                        \n                        \n                                                                                                                                            <div class=\"htb-col-lg-4 htb-col-sm-6 htb-col-12\">\n                                    <div class=\"ht-post gradient-overlay gradient-overlay-3 mt--20\">\n                                        <div class=\"thumb\">\n                                            <a href=\"https:\/\/utfpr.curitiba.br\/nucleodesignanimacao\/?p=11276\">\n                                                <img loading=\"lazy\" decoding=\"async\" width=\"1280\" height=\"720\" src=\"https:\/\/utfpr-ct-static-content.s3.amazonaws.com\/utfpr.curitiba.br\/wp-content\/uploads\/sites\/99\/2023\/05\/Jurassic-Palco-Alunos-do-Estudio-Escola-da-Animacao.jpg\" class=\"attachment-full size-full wp-post-image\" alt=\"\" srcset=\"https:\/\/utfpr-ct-static-content.s3.amazonaws.com\/utfpr.curitiba.br\/wp-content\/uploads\/sites\/99\/2023\/05\/Jurassic-Palco-Alunos-do-Estudio-Escola-da-Animacao.jpg 1280w, https:\/\/utfpr-ct-static-content.s3.amazonaws.com\/utfpr.curitiba.br\/wp-content\/uploads\/sites\/99\/2023\/05\/Jurassic-Palco-Alunos-do-Estudio-Escola-da-Animacao-300x169.jpg 300w, https:\/\/utfpr-ct-static-content.s3.amazonaws.com\/utfpr.curitiba.br\/wp-content\/uploads\/sites\/99\/2023\/05\/Jurassic-Palco-Alunos-do-Estudio-Escola-da-Animacao-1024x576.jpg 1024w, https:\/\/utfpr-ct-static-content.s3.amazonaws.com\/utfpr.curitiba.br\/wp-content\/uploads\/sites\/99\/2023\/05\/Jurassic-Palco-Alunos-do-Estudio-Escola-da-Animacao-768x432.jpg 768w\" sizes=\"(max-width: 1280px) 100vw, 1280px\" \/>                                            <\/a>\n                                        <\/div>\n                                                                                    <div class=\"post-content\">\n                                                <div class=\"content\">\n                                                    <h4 class=\"htmega-post-g-title\"><a href='https:\/\/utfpr.curitiba.br\/nucleodesignanimacao\/?p=11276'>Jurassic Palco &#8211; Alunos do Est\u00fadio Escola De Anima\u00e7\u00e3o<\/a><\/h4>                                                                                                    <\/div>\n                                            <\/div>\n                                                                                <\/div>\n                                <\/div>\n                            \n                        \n                        \n                                                                                                                                            <div class=\"htb-col-lg-4 htb-col-sm-6 htb-col-12\">\n                                    <div class=\"ht-post gradient-overlay gradient-overlay-4 mt--20\">\n                                        <div class=\"thumb\">\n                                            <a href=\"https:\/\/utfpr.curitiba.br\/nucleodesignanimacao\/?p=11265\">\n                                                <img loading=\"lazy\" decoding=\"async\" width=\"1920\" height=\"823\" src=\"https:\/\/utfpr-ct-static-content.s3.amazonaws.com\/utfpr.curitiba.br\/wp-content\/uploads\/sites\/99\/2023\/05\/Enterrada-Fatal-Alunos-do-Estudio-Escola-da-Animacao.png\" class=\"attachment-full size-full wp-post-image\" alt=\"\" srcset=\"https:\/\/utfpr-ct-static-content.s3.amazonaws.com\/utfpr.curitiba.br\/wp-content\/uploads\/sites\/99\/2023\/05\/Enterrada-Fatal-Alunos-do-Estudio-Escola-da-Animacao.png 1920w, https:\/\/utfpr-ct-static-content.s3.amazonaws.com\/utfpr.curitiba.br\/wp-content\/uploads\/sites\/99\/2023\/05\/Enterrada-Fatal-Alunos-do-Estudio-Escola-da-Animacao-300x129.png 300w, https:\/\/utfpr-ct-static-content.s3.amazonaws.com\/utfpr.curitiba.br\/wp-content\/uploads\/sites\/99\/2023\/05\/Enterrada-Fatal-Alunos-do-Estudio-Escola-da-Animacao-1024x439.png 1024w, https:\/\/utfpr-ct-static-content.s3.amazonaws.com\/utfpr.curitiba.br\/wp-content\/uploads\/sites\/99\/2023\/05\/Enterrada-Fatal-Alunos-do-Estudio-Escola-da-Animacao-768x329.png 768w, https:\/\/utfpr-ct-static-content.s3.amazonaws.com\/utfpr.curitiba.br\/wp-content\/uploads\/sites\/99\/2023\/05\/Enterrada-Fatal-Alunos-do-Estudio-Escola-da-Animacao-1536x658.png 1536w\" sizes=\"(max-width: 1920px) 100vw, 1920px\" \/>                                            <\/a>\n                                        <\/div>\n                                                                                    <div class=\"post-content\">\n                                                <div class=\"content\">\n                                                    <h4 class=\"htmega-post-g-title\"><a href='https:\/\/utfpr.curitiba.br\/nucleodesignanimacao\/?p=11265'>Enterrada Fatal &#8211; Alunos do Est\u00fadio Escola De Anima\u00e7\u00e3o<\/a><\/h4>                                                                                                    <\/div>\n                                            <\/div>\n                                                                                <\/div>\n                                <\/div>\n                            \n                        \n                        \n                                                                                                                                            <div class=\"htb-col-lg-4 htb-col-sm-6 htb-col-12\">\n                                    <div class=\"ht-post gradient-overlay gradient-overlay-5 mt--20\">\n                                        <div class=\"thumb\">\n                                            <a href=\"https:\/\/utfpr.curitiba.br\/nucleodesignanimacao\/?p=11254\">\n                                                <img loading=\"lazy\" decoding=\"async\" width=\"1920\" height=\"900\" src=\"https:\/\/utfpr-ct-static-content.s3.amazonaws.com\/utfpr.curitiba.br\/wp-content\/uploads\/sites\/99\/2023\/05\/As-Novas-Aventuras-do-Kaiser-Marcos-Magalhaes.png\" class=\"attachment-full size-full wp-post-image\" alt=\"\" srcset=\"https:\/\/utfpr-ct-static-content.s3.amazonaws.com\/utfpr.curitiba.br\/wp-content\/uploads\/sites\/99\/2023\/05\/As-Novas-Aventuras-do-Kaiser-Marcos-Magalhaes.png 1920w, https:\/\/utfpr-ct-static-content.s3.amazonaws.com\/utfpr.curitiba.br\/wp-content\/uploads\/sites\/99\/2023\/05\/As-Novas-Aventuras-do-Kaiser-Marcos-Magalhaes-300x141.png 300w, https:\/\/utfpr-ct-static-content.s3.amazonaws.com\/utfpr.curitiba.br\/wp-content\/uploads\/sites\/99\/2023\/05\/As-Novas-Aventuras-do-Kaiser-Marcos-Magalhaes-1024x480.png 1024w, https:\/\/utfpr-ct-static-content.s3.amazonaws.com\/utfpr.curitiba.br\/wp-content\/uploads\/sites\/99\/2023\/05\/As-Novas-Aventuras-do-Kaiser-Marcos-Magalhaes-768x360.png 768w, https:\/\/utfpr-ct-static-content.s3.amazonaws.com\/utfpr.curitiba.br\/wp-content\/uploads\/sites\/99\/2023\/05\/As-Novas-Aventuras-do-Kaiser-Marcos-Magalhaes-1536x720.png 1536w\" sizes=\"(max-width: 1920px) 100vw, 1920px\" \/>                                            <\/a>\n                                        <\/div>\n                                                                                    <div class=\"post-content\">\n                                                <div class=\"content\">\n                                                    <h4 class=\"htmega-post-g-title\"><a href='https:\/\/utfpr.curitiba.br\/nucleodesignanimacao\/?p=11254'>As Novas Aventuras do Kaiser &#8211; Marcos Magalh\u00e3es<\/a><\/h4>                                                                                                    <\/div>\n                                            <\/div>\n                                                                                <\/div>\n                                <\/div>\n                            \n                        \n                        \n                                                                                                                                            <div class=\"htb-col-lg-4 htb-col-sm-6 htb-col-12\">\n                                    <div class=\"ht-post gradient-overlay gradient-overlay-6 mt--20\">\n                                        <div class=\"thumb\">\n                                            <a href=\"https:\/\/utfpr.curitiba.br\/nucleodesignanimacao\/?p=11243\">\n                                                <img loading=\"lazy\" decoding=\"async\" width=\"1919\" height=\"825\" src=\"https:\/\/utfpr-ct-static-content.s3.amazonaws.com\/utfpr.curitiba.br\/wp-content\/uploads\/sites\/99\/2023\/05\/O-papagaio-e-a-pipa-Tiago-Mal.png\" class=\"attachment-full size-full wp-post-image\" alt=\"\" srcset=\"https:\/\/utfpr-ct-static-content.s3.amazonaws.com\/utfpr.curitiba.br\/wp-content\/uploads\/sites\/99\/2023\/05\/O-papagaio-e-a-pipa-Tiago-Mal.png 1919w, https:\/\/utfpr-ct-static-content.s3.amazonaws.com\/utfpr.curitiba.br\/wp-content\/uploads\/sites\/99\/2023\/05\/O-papagaio-e-a-pipa-Tiago-Mal-300x129.png 300w, https:\/\/utfpr-ct-static-content.s3.amazonaws.com\/utfpr.curitiba.br\/wp-content\/uploads\/sites\/99\/2023\/05\/O-papagaio-e-a-pipa-Tiago-Mal-1024x440.png 1024w, https:\/\/utfpr-ct-static-content.s3.amazonaws.com\/utfpr.curitiba.br\/wp-content\/uploads\/sites\/99\/2023\/05\/O-papagaio-e-a-pipa-Tiago-Mal-768x330.png 768w, https:\/\/utfpr-ct-static-content.s3.amazonaws.com\/utfpr.curitiba.br\/wp-content\/uploads\/sites\/99\/2023\/05\/O-papagaio-e-a-pipa-Tiago-Mal-1536x660.png 1536w\" sizes=\"(max-width: 1919px) 100vw, 1919px\" \/>                                            <\/a>\n                                        <\/div>\n                                                                                    <div class=\"post-content\">\n                                                <div class=\"content\">\n                                                    <h4 class=\"htmega-post-g-title\"><a href='https:\/\/utfpr.curitiba.br\/nucleodesignanimacao\/?p=11243'>O Papagaio e a Pipa &#8211; Tiago Mal<\/a><\/h4>                                                                                                    <\/div>\n                                            <\/div>\n                                                                                <\/div>\n                                <\/div>\n                            \n                        \n                        \n                                                                                                                                            <div class=\"htb-col-lg-4 htb-col-sm-6 htb-col-12\">\n                                    <div class=\"ht-post gradient-overlay gradient-overlay-1 mt--20\">\n                                        <div class=\"thumb\">\n                                            <a href=\"https:\/\/utfpr.curitiba.br\/nucleodesignanimacao\/?p=11232\">\n                                                <img loading=\"lazy\" decoding=\"async\" width=\"1920\" height=\"621\" src=\"https:\/\/utfpr-ct-static-content.s3.amazonaws.com\/utfpr.curitiba.br\/wp-content\/uploads\/sites\/99\/2023\/05\/Missao-Berco-Esplendido-Joel-Caetano.png\" class=\"attachment-full size-full wp-post-image\" alt=\"\" srcset=\"https:\/\/utfpr-ct-static-content.s3.amazonaws.com\/utfpr.curitiba.br\/wp-content\/uploads\/sites\/99\/2023\/05\/Missao-Berco-Esplendido-Joel-Caetano.png 1920w, https:\/\/utfpr-ct-static-content.s3.amazonaws.com\/utfpr.curitiba.br\/wp-content\/uploads\/sites\/99\/2023\/05\/Missao-Berco-Esplendido-Joel-Caetano-300x97.png 300w, https:\/\/utfpr-ct-static-content.s3.amazonaws.com\/utfpr.curitiba.br\/wp-content\/uploads\/sites\/99\/2023\/05\/Missao-Berco-Esplendido-Joel-Caetano-1024x331.png 1024w, https:\/\/utfpr-ct-static-content.s3.amazonaws.com\/utfpr.curitiba.br\/wp-content\/uploads\/sites\/99\/2023\/05\/Missao-Berco-Esplendido-Joel-Caetano-768x248.png 768w, https:\/\/utfpr-ct-static-content.s3.amazonaws.com\/utfpr.curitiba.br\/wp-content\/uploads\/sites\/99\/2023\/05\/Missao-Berco-Esplendido-Joel-Caetano-1536x497.png 1536w\" sizes=\"(max-width: 1920px) 100vw, 1920px\" \/>                                            <\/a>\n                                        <\/div>\n                                                                                    <div class=\"post-content\">\n                                                <div class=\"content\">\n                                                    <h4 class=\"htmega-post-g-title\"><a href='https:\/\/utfpr.curitiba.br\/nucleodesignanimacao\/?p=11232'>Miss\u00e3o Ber\u00e7o Espl\u00eandido &#8211; Joel Caetano<\/a><\/h4>                                                                                                    <\/div>\n                                            <\/div>\n                                                                                <\/div>\n                                <\/div>\n                            \n                        \n                        \n                                                                                                                                            <div class=\"htb-col-lg-4 htb-col-sm-6 htb-col-12\">\n                                    <div class=\"ht-post gradient-overlay gradient-overlay-2 mt--20\">\n                                        <div class=\"thumb\">\n                                            <a href=\"https:\/\/utfpr.curitiba.br\/nucleodesignanimacao\/?p=11209\">\n                                                <img loading=\"lazy\" decoding=\"async\" width=\"1920\" height=\"670\" src=\"https:\/\/utfpr-ct-static-content.s3.amazonaws.com\/utfpr.curitiba.br\/wp-content\/uploads\/sites\/99\/2023\/05\/Sebastiana-Claudio-Martins.png\" class=\"attachment-full size-full wp-post-image\" alt=\"\" srcset=\"https:\/\/utfpr-ct-static-content.s3.amazonaws.com\/utfpr.curitiba.br\/wp-content\/uploads\/sites\/99\/2023\/05\/Sebastiana-Claudio-Martins.png 1920w, https:\/\/utfpr-ct-static-content.s3.amazonaws.com\/utfpr.curitiba.br\/wp-content\/uploads\/sites\/99\/2023\/05\/Sebastiana-Claudio-Martins-300x105.png 300w, https:\/\/utfpr-ct-static-content.s3.amazonaws.com\/utfpr.curitiba.br\/wp-content\/uploads\/sites\/99\/2023\/05\/Sebastiana-Claudio-Martins-1024x357.png 1024w, https:\/\/utfpr-ct-static-content.s3.amazonaws.com\/utfpr.curitiba.br\/wp-content\/uploads\/sites\/99\/2023\/05\/Sebastiana-Claudio-Martins-768x268.png 768w, https:\/\/utfpr-ct-static-content.s3.amazonaws.com\/utfpr.curitiba.br\/wp-content\/uploads\/sites\/99\/2023\/05\/Sebastiana-Claudio-Martins-1536x536.png 1536w\" sizes=\"(max-width: 1920px) 100vw, 1920px\" \/>                                            <\/a>\n                                        <\/div>\n                                                                                    <div class=\"post-content\">\n                                                <div class=\"content\">\n                                                    <h4 class=\"htmega-post-g-title\"><a href='https:\/\/utfpr.curitiba.br\/nucleodesignanimacao\/?p=11209'>Sebastiana &#8211; Claudio Martins<\/a><\/h4>                                                                                                    <\/div>\n                                            <\/div>\n                                                                                <\/div>\n                                <\/div>\n                            \n                        \n                        \n                                                                                                                                            <div class=\"htb-col-lg-4 htb-col-sm-6 htb-col-12\">\n                                    <div class=\"ht-post gradient-overlay gradient-overlay-3 mt--20\">\n                                        <div class=\"thumb\">\n                                            <a href=\"https:\/\/utfpr.curitiba.br\/nucleodesignanimacao\/?p=11198\">\n                                                <img loading=\"lazy\" decoding=\"async\" width=\"3334\" height=\"2348\" src=\"https:\/\/utfpr-ct-static-content.s3.amazonaws.com\/utfpr.curitiba.br\/wp-content\/uploads\/sites\/99\/2023\/04\/Imagem-substituicao_Prancheta-1.png\" class=\"attachment-full size-full wp-post-image\" alt=\"\" srcset=\"https:\/\/utfpr-ct-static-content.s3.amazonaws.com\/utfpr.curitiba.br\/wp-content\/uploads\/sites\/99\/2023\/04\/Imagem-substituicao_Prancheta-1.png 3334w, https:\/\/utfpr-ct-static-content.s3.amazonaws.com\/utfpr.curitiba.br\/wp-content\/uploads\/sites\/99\/2023\/04\/Imagem-substituicao_Prancheta-1-300x211.png 300w, https:\/\/utfpr-ct-static-content.s3.amazonaws.com\/utfpr.curitiba.br\/wp-content\/uploads\/sites\/99\/2023\/04\/Imagem-substituicao_Prancheta-1-1024x721.png 1024w, https:\/\/utfpr-ct-static-content.s3.amazonaws.com\/utfpr.curitiba.br\/wp-content\/uploads\/sites\/99\/2023\/04\/Imagem-substituicao_Prancheta-1-768x541.png 768w, https:\/\/utfpr-ct-static-content.s3.amazonaws.com\/utfpr.curitiba.br\/wp-content\/uploads\/sites\/99\/2023\/04\/Imagem-substituicao_Prancheta-1-1536x1082.png 1536w, https:\/\/utfpr-ct-static-content.s3.amazonaws.com\/utfpr.curitiba.br\/wp-content\/uploads\/sites\/99\/2023\/04\/Imagem-substituicao_Prancheta-1-2048x1442.png 2048w\" sizes=\"(max-width: 3334px) 100vw, 3334px\" \/>                                            <\/a>\n                                        <\/div>\n                                                                                    <div class=\"post-content\">\n                                                <div class=\"content\">\n                                                    <h4 class=\"htmega-post-g-title\"><a href='https:\/\/utfpr.curitiba.br\/nucleodesignanimacao\/?p=11198'>Vi &amp; Trolla &#8211; Felippe Sponton Peres<\/a><\/h4>                                                                                                    <\/div>\n                                            <\/div>\n                                                                                <\/div>\n                                <\/div>\n                            \n                        \n                        \n                                                                                                                                            <div class=\"htb-col-lg-4 htb-col-sm-6 htb-col-12\">\n                                    <div class=\"ht-post gradient-overlay gradient-overlay-4 mt--20\">\n                                        <div class=\"thumb\">\n                                            <a href=\"https:\/\/utfpr.curitiba.br\/nucleodesignanimacao\/?p=11187\">\n                                                <img loading=\"lazy\" decoding=\"async\" width=\"1920\" height=\"846\" src=\"https:\/\/utfpr-ct-static-content.s3.amazonaws.com\/utfpr.curitiba.br\/wp-content\/uploads\/sites\/99\/2023\/05\/Taina-e-a-chuva-Luisa-Copetti.png\" class=\"attachment-full size-full wp-post-image\" alt=\"\" srcset=\"https:\/\/utfpr-ct-static-content.s3.amazonaws.com\/utfpr.curitiba.br\/wp-content\/uploads\/sites\/99\/2023\/05\/Taina-e-a-chuva-Luisa-Copetti.png 1920w, https:\/\/utfpr-ct-static-content.s3.amazonaws.com\/utfpr.curitiba.br\/wp-content\/uploads\/sites\/99\/2023\/05\/Taina-e-a-chuva-Luisa-Copetti-300x132.png 300w, https:\/\/utfpr-ct-static-content.s3.amazonaws.com\/utfpr.curitiba.br\/wp-content\/uploads\/sites\/99\/2023\/05\/Taina-e-a-chuva-Luisa-Copetti-1024x451.png 1024w, https:\/\/utfpr-ct-static-content.s3.amazonaws.com\/utfpr.curitiba.br\/wp-content\/uploads\/sites\/99\/2023\/05\/Taina-e-a-chuva-Luisa-Copetti-768x338.png 768w, https:\/\/utfpr-ct-static-content.s3.amazonaws.com\/utfpr.curitiba.br\/wp-content\/uploads\/sites\/99\/2023\/05\/Taina-e-a-chuva-Luisa-Copetti-1536x677.png 1536w\" sizes=\"(max-width: 1920px) 100vw, 1920px\" \/>                                            <\/a>\n                                        <\/div>\n                                                                                    <div class=\"post-content\">\n                                                <div class=\"content\">\n                                                    <h4 class=\"htmega-post-g-title\"><a href='https:\/\/utfpr.curitiba.br\/nucleodesignanimacao\/?p=11187'>Tain\u00e1 e a Chuva &#8211; Lu\u00edsa Copetti<\/a><\/h4>                                                                                                    <\/div>\n                                            <\/div>\n                                                                                <\/div>\n                                <\/div>\n                            \n                        \n                        \n                                                                                                                                            <div class=\"htb-col-lg-4 htb-col-sm-6 htb-col-12\">\n                                    <div class=\"ht-post gradient-overlay gradient-overlay-5 mt--20\">\n                                        <div class=\"thumb\">\n                                            <a href=\"https:\/\/utfpr.curitiba.br\/nucleodesignanimacao\/?p=11175\">\n                                                <img loading=\"lazy\" decoding=\"async\" width=\"1920\" height=\"686\" src=\"https:\/\/utfpr-ct-static-content.s3.amazonaws.com\/utfpr.curitiba.br\/wp-content\/uploads\/sites\/99\/2023\/05\/O-Pequeno-Servo-do-Tempo-Larissa-Otiai-Matheus-Neilor-e-Renata-Haddad.png\" class=\"attachment-full size-full wp-post-image\" alt=\"\" srcset=\"https:\/\/utfpr-ct-static-content.s3.amazonaws.com\/utfpr.curitiba.br\/wp-content\/uploads\/sites\/99\/2023\/05\/O-Pequeno-Servo-do-Tempo-Larissa-Otiai-Matheus-Neilor-e-Renata-Haddad.png 1920w, https:\/\/utfpr-ct-static-content.s3.amazonaws.com\/utfpr.curitiba.br\/wp-content\/uploads\/sites\/99\/2023\/05\/O-Pequeno-Servo-do-Tempo-Larissa-Otiai-Matheus-Neilor-e-Renata-Haddad-300x107.png 300w, https:\/\/utfpr-ct-static-content.s3.amazonaws.com\/utfpr.curitiba.br\/wp-content\/uploads\/sites\/99\/2023\/05\/O-Pequeno-Servo-do-Tempo-Larissa-Otiai-Matheus-Neilor-e-Renata-Haddad-1024x366.png 1024w, https:\/\/utfpr-ct-static-content.s3.amazonaws.com\/utfpr.curitiba.br\/wp-content\/uploads\/sites\/99\/2023\/05\/O-Pequeno-Servo-do-Tempo-Larissa-Otiai-Matheus-Neilor-e-Renata-Haddad-768x274.png 768w, https:\/\/utfpr-ct-static-content.s3.amazonaws.com\/utfpr.curitiba.br\/wp-content\/uploads\/sites\/99\/2023\/05\/O-Pequeno-Servo-do-Tempo-Larissa-Otiai-Matheus-Neilor-e-Renata-Haddad-1536x549.png 1536w\" sizes=\"(max-width: 1920px) 100vw, 1920px\" \/>                                            <\/a>\n                                        <\/div>\n                                                                                    <div class=\"post-content\">\n                                                <div class=\"content\">\n                                                    <h4 class=\"htmega-post-g-title\"><a href='https:\/\/utfpr.curitiba.br\/nucleodesignanimacao\/?p=11175'>O Pequeno Servo do Tempo &#8211; Larissa Otiai, Matheus Neilor e Renata Haddad<\/a><\/h4>                                                                                                    <\/div>\n                                            <\/div>\n                                                                                <\/div>\n                                <\/div>\n                            \n                        \n                        \n                                                                                                                                            <div class=\"htb-col-lg-4 htb-col-sm-6 htb-col-12\">\n                                    <div class=\"ht-post gradient-overlay gradient-overlay-6 mt--20\">\n                                        <div class=\"thumb\">\n                                            <a href=\"https:\/\/utfpr.curitiba.br\/nucleodesignanimacao\/?p=11164\">\n                                                <img loading=\"lazy\" decoding=\"async\" width=\"3334\" height=\"2348\" src=\"https:\/\/utfpr-ct-static-content.s3.amazonaws.com\/utfpr.curitiba.br\/wp-content\/uploads\/sites\/99\/2023\/04\/Imagem-substituicao_Prancheta-1.png\" class=\"attachment-full size-full wp-post-image\" alt=\"\" srcset=\"https:\/\/utfpr-ct-static-content.s3.amazonaws.com\/utfpr.curitiba.br\/wp-content\/uploads\/sites\/99\/2023\/04\/Imagem-substituicao_Prancheta-1.png 3334w, https:\/\/utfpr-ct-static-content.s3.amazonaws.com\/utfpr.curitiba.br\/wp-content\/uploads\/sites\/99\/2023\/04\/Imagem-substituicao_Prancheta-1-300x211.png 300w, https:\/\/utfpr-ct-static-content.s3.amazonaws.com\/utfpr.curitiba.br\/wp-content\/uploads\/sites\/99\/2023\/04\/Imagem-substituicao_Prancheta-1-1024x721.png 1024w, https:\/\/utfpr-ct-static-content.s3.amazonaws.com\/utfpr.curitiba.br\/wp-content\/uploads\/sites\/99\/2023\/04\/Imagem-substituicao_Prancheta-1-768x541.png 768w, https:\/\/utfpr-ct-static-content.s3.amazonaws.com\/utfpr.curitiba.br\/wp-content\/uploads\/sites\/99\/2023\/04\/Imagem-substituicao_Prancheta-1-1536x1082.png 1536w, https:\/\/utfpr-ct-static-content.s3.amazonaws.com\/utfpr.curitiba.br\/wp-content\/uploads\/sites\/99\/2023\/04\/Imagem-substituicao_Prancheta-1-2048x1442.png 2048w\" sizes=\"(max-width: 3334px) 100vw, 3334px\" \/>                                            <\/a>\n                                        <\/div>\n                                                                                    <div class=\"post-content\">\n                                                <div class=\"content\">\n                                                    <h4 class=\"htmega-post-g-title\"><a href='https:\/\/utfpr.curitiba.br\/nucleodesignanimacao\/?p=11164'>O Morcego &#8211; Gabriel Horn<\/a><\/h4>                                                                                                    <\/div>\n                                            <\/div>\n                                                                                <\/div>\n                                <\/div>\n                            \n                        \n                        \n                                                                                                                                            <div class=\"htb-col-lg-4 htb-col-sm-6 htb-col-12\">\n                                    <div class=\"ht-post gradient-overlay gradient-overlay-1 mt--20\">\n                                        <div class=\"thumb\">\n                                            <a href=\"https:\/\/utfpr.curitiba.br\/nucleodesignanimacao\/?p=11152\">\n                                                <img loading=\"lazy\" decoding=\"async\" width=\"1652\" height=\"629\" src=\"https:\/\/utfpr-ct-static-content.s3.amazonaws.com\/utfpr.curitiba.br\/wp-content\/uploads\/sites\/99\/2023\/05\/O-Menino-e-o-Jazz-Flavio-dos-Santos.png\" class=\"attachment-full size-full wp-post-image\" alt=\"\" srcset=\"https:\/\/utfpr-ct-static-content.s3.amazonaws.com\/utfpr.curitiba.br\/wp-content\/uploads\/sites\/99\/2023\/05\/O-Menino-e-o-Jazz-Flavio-dos-Santos.png 1652w, https:\/\/utfpr-ct-static-content.s3.amazonaws.com\/utfpr.curitiba.br\/wp-content\/uploads\/sites\/99\/2023\/05\/O-Menino-e-o-Jazz-Flavio-dos-Santos-300x114.png 300w, https:\/\/utfpr-ct-static-content.s3.amazonaws.com\/utfpr.curitiba.br\/wp-content\/uploads\/sites\/99\/2023\/05\/O-Menino-e-o-Jazz-Flavio-dos-Santos-1024x390.png 1024w, https:\/\/utfpr-ct-static-content.s3.amazonaws.com\/utfpr.curitiba.br\/wp-content\/uploads\/sites\/99\/2023\/05\/O-Menino-e-o-Jazz-Flavio-dos-Santos-768x292.png 768w, https:\/\/utfpr-ct-static-content.s3.amazonaws.com\/utfpr.curitiba.br\/wp-content\/uploads\/sites\/99\/2023\/05\/O-Menino-e-o-Jazz-Flavio-dos-Santos-1536x585.png 1536w\" sizes=\"(max-width: 1652px) 100vw, 1652px\" \/>                                            <\/a>\n                                        <\/div>\n                                                                                    <div class=\"post-content\">\n                                                <div class=\"content\">\n                                                    <h4 class=\"htmega-post-g-title\"><a href='https:\/\/utfpr.curitiba.br\/nucleodesignanimacao\/?p=11152'>O Menino e o Jazz &#8211; Flavio dos Santos<\/a><\/h4>                                                                                                    <\/div>\n                                            <\/div>\n                                                                                <\/div>\n                                <\/div>\n                            \n                        \n                        \n                                                                                                                                            <div class=\"htb-col-lg-4 htb-col-sm-6 htb-col-12\">\n                                    <div class=\"ht-post gradient-overlay gradient-overlay-2 mt--20\">\n                                        <div class=\"thumb\">\n                                            <a href=\"https:\/\/utfpr.curitiba.br\/nucleodesignanimacao\/?p=11141\">\n                                                <img loading=\"lazy\" decoding=\"async\" width=\"1920\" height=\"832\" src=\"https:\/\/utfpr-ct-static-content.s3.amazonaws.com\/utfpr.curitiba.br\/wp-content\/uploads\/sites\/99\/2023\/05\/No-Tempo-do-Vovo-Neil-Armstrong.png\" class=\"attachment-full size-full wp-post-image\" alt=\"\" srcset=\"https:\/\/utfpr-ct-static-content.s3.amazonaws.com\/utfpr.curitiba.br\/wp-content\/uploads\/sites\/99\/2023\/05\/No-Tempo-do-Vovo-Neil-Armstrong.png 1920w, https:\/\/utfpr-ct-static-content.s3.amazonaws.com\/utfpr.curitiba.br\/wp-content\/uploads\/sites\/99\/2023\/05\/No-Tempo-do-Vovo-Neil-Armstrong-300x130.png 300w, https:\/\/utfpr-ct-static-content.s3.amazonaws.com\/utfpr.curitiba.br\/wp-content\/uploads\/sites\/99\/2023\/05\/No-Tempo-do-Vovo-Neil-Armstrong-1024x444.png 1024w, https:\/\/utfpr-ct-static-content.s3.amazonaws.com\/utfpr.curitiba.br\/wp-content\/uploads\/sites\/99\/2023\/05\/No-Tempo-do-Vovo-Neil-Armstrong-768x333.png 768w, https:\/\/utfpr-ct-static-content.s3.amazonaws.com\/utfpr.curitiba.br\/wp-content\/uploads\/sites\/99\/2023\/05\/No-Tempo-do-Vovo-Neil-Armstrong-1536x666.png 1536w\" sizes=\"(max-width: 1920px) 100vw, 1920px\" \/>                                            <\/a>\n                                        <\/div>\n                                                                                    <div class=\"post-content\">\n                                                <div class=\"content\">\n                                                    <h4 class=\"htmega-post-g-title\"><a href='https:\/\/utfpr.curitiba.br\/nucleodesignanimacao\/?p=11141'>No Tempo do Vov\u00f4 &#8211; Neil Armstrong<\/a><\/h4>                                                                                                    <\/div>\n                                            <\/div>\n                                                                                <\/div>\n                                <\/div>\n                            \n                        \n                        \n                                                                                                                                            <div class=\"htb-col-lg-4 htb-col-sm-6 htb-col-12\">\n                                    <div class=\"ht-post gradient-overlay gradient-overlay-3 mt--20\">\n                                        <div class=\"thumb\">\n                                            <a href=\"https:\/\/utfpr.curitiba.br\/nucleodesignanimacao\/?p=11130\">\n                                                <img loading=\"lazy\" decoding=\"async\" width=\"1920\" height=\"650\" src=\"https:\/\/utfpr-ct-static-content.s3.amazonaws.com\/utfpr.curitiba.br\/wp-content\/uploads\/sites\/99\/2023\/05\/Introverso-Barbara-Lesiv-Vamille-Kaiser-e-Nicole-Andrade.png\" class=\"attachment-full size-full wp-post-image\" alt=\"\" srcset=\"https:\/\/utfpr-ct-static-content.s3.amazonaws.com\/utfpr.curitiba.br\/wp-content\/uploads\/sites\/99\/2023\/05\/Introverso-Barbara-Lesiv-Vamille-Kaiser-e-Nicole-Andrade.png 1920w, https:\/\/utfpr-ct-static-content.s3.amazonaws.com\/utfpr.curitiba.br\/wp-content\/uploads\/sites\/99\/2023\/05\/Introverso-Barbara-Lesiv-Vamille-Kaiser-e-Nicole-Andrade-300x102.png 300w, https:\/\/utfpr-ct-static-content.s3.amazonaws.com\/utfpr.curitiba.br\/wp-content\/uploads\/sites\/99\/2023\/05\/Introverso-Barbara-Lesiv-Vamille-Kaiser-e-Nicole-Andrade-1024x347.png 1024w, https:\/\/utfpr-ct-static-content.s3.amazonaws.com\/utfpr.curitiba.br\/wp-content\/uploads\/sites\/99\/2023\/05\/Introverso-Barbara-Lesiv-Vamille-Kaiser-e-Nicole-Andrade-768x260.png 768w, https:\/\/utfpr-ct-static-content.s3.amazonaws.com\/utfpr.curitiba.br\/wp-content\/uploads\/sites\/99\/2023\/05\/Introverso-Barbara-Lesiv-Vamille-Kaiser-e-Nicole-Andrade-1536x520.png 1536w\" sizes=\"(max-width: 1920px) 100vw, 1920px\" \/>                                            <\/a>\n                                        <\/div>\n                                                                                    <div class=\"post-content\">\n                                                <div class=\"content\">\n                                                    <h4 class=\"htmega-post-g-title\"><a href='https:\/\/utfpr.curitiba.br\/nucleodesignanimacao\/?p=11130'>Introverso &#8211; Barbara Lesiv, Camille Kaiser e Nicole Andrade<\/a><\/h4>                                                                                                    <\/div>\n                                            <\/div>\n                                                                                <\/div>\n                                <\/div>\n                            \n                        \n                        \n                                                                                                                                            <div class=\"htb-col-lg-4 htb-col-sm-6 htb-col-12\">\n                                    <div class=\"ht-post gradient-overlay gradient-overlay-4 mt--20\">\n                                        <div class=\"thumb\">\n                                            <a href=\"https:\/\/utfpr.curitiba.br\/nucleodesignanimacao\/?p=11119\">\n                                                <img loading=\"lazy\" decoding=\"async\" width=\"3334\" height=\"2348\" src=\"https:\/\/utfpr-ct-static-content.s3.amazonaws.com\/utfpr.curitiba.br\/wp-content\/uploads\/sites\/99\/2023\/04\/Imagem-substituicao_Prancheta-1.png\" class=\"attachment-full size-full wp-post-image\" alt=\"\" srcset=\"https:\/\/utfpr-ct-static-content.s3.amazonaws.com\/utfpr.curitiba.br\/wp-content\/uploads\/sites\/99\/2023\/04\/Imagem-substituicao_Prancheta-1.png 3334w, https:\/\/utfpr-ct-static-content.s3.amazonaws.com\/utfpr.curitiba.br\/wp-content\/uploads\/sites\/99\/2023\/04\/Imagem-substituicao_Prancheta-1-300x211.png 300w, https:\/\/utfpr-ct-static-content.s3.amazonaws.com\/utfpr.curitiba.br\/wp-content\/uploads\/sites\/99\/2023\/04\/Imagem-substituicao_Prancheta-1-1024x721.png 1024w, https:\/\/utfpr-ct-static-content.s3.amazonaws.com\/utfpr.curitiba.br\/wp-content\/uploads\/sites\/99\/2023\/04\/Imagem-substituicao_Prancheta-1-768x541.png 768w, https:\/\/utfpr-ct-static-content.s3.amazonaws.com\/utfpr.curitiba.br\/wp-content\/uploads\/sites\/99\/2023\/04\/Imagem-substituicao_Prancheta-1-1536x1082.png 1536w, https:\/\/utfpr-ct-static-content.s3.amazonaws.com\/utfpr.curitiba.br\/wp-content\/uploads\/sites\/99\/2023\/04\/Imagem-substituicao_Prancheta-1-2048x1442.png 2048w\" sizes=\"(max-width: 3334px) 100vw, 3334px\" \/>                                            <\/a>\n                                        <\/div>\n                                                                                    <div class=\"post-content\">\n                                                <div class=\"content\">\n                                                    <h4 class=\"htmega-post-g-title\"><a href='https:\/\/utfpr.curitiba.br\/nucleodesignanimacao\/?p=11119'>Georgina &#8211; Carolina Batista<\/a><\/h4>                                                                                                    <\/div>\n                                            <\/div>\n                                                                                <\/div>\n                                <\/div>\n                            \n                        \n                        \n                                                                                                                                            <div class=\"htb-col-lg-4 htb-col-sm-6 htb-col-12\">\n                                    <div class=\"ht-post gradient-overlay gradient-overlay-5 mt--20\">\n                                        <div class=\"thumb\">\n                                            <a href=\"https:\/\/utfpr.curitiba.br\/nucleodesignanimacao\/?p=11108\">\n                                                <img loading=\"lazy\" decoding=\"async\" width=\"1864\" height=\"882\" src=\"https:\/\/utfpr-ct-static-content.s3.amazonaws.com\/utfpr.curitiba.br\/wp-content\/uploads\/sites\/99\/2023\/05\/Footsteps-On-The-Wind-Maya-Sanbar-Gustavo-Leal-e-Faga-Melo.png\" class=\"attachment-full size-full wp-post-image\" alt=\"\" srcset=\"https:\/\/utfpr-ct-static-content.s3.amazonaws.com\/utfpr.curitiba.br\/wp-content\/uploads\/sites\/99\/2023\/05\/Footsteps-On-The-Wind-Maya-Sanbar-Gustavo-Leal-e-Faga-Melo.png 1864w, https:\/\/utfpr-ct-static-content.s3.amazonaws.com\/utfpr.curitiba.br\/wp-content\/uploads\/sites\/99\/2023\/05\/Footsteps-On-The-Wind-Maya-Sanbar-Gustavo-Leal-e-Faga-Melo-300x142.png 300w, https:\/\/utfpr-ct-static-content.s3.amazonaws.com\/utfpr.curitiba.br\/wp-content\/uploads\/sites\/99\/2023\/05\/Footsteps-On-The-Wind-Maya-Sanbar-Gustavo-Leal-e-Faga-Melo-1024x485.png 1024w, https:\/\/utfpr-ct-static-content.s3.amazonaws.com\/utfpr.curitiba.br\/wp-content\/uploads\/sites\/99\/2023\/05\/Footsteps-On-The-Wind-Maya-Sanbar-Gustavo-Leal-e-Faga-Melo-768x363.png 768w, https:\/\/utfpr-ct-static-content.s3.amazonaws.com\/utfpr.curitiba.br\/wp-content\/uploads\/sites\/99\/2023\/05\/Footsteps-On-The-Wind-Maya-Sanbar-Gustavo-Leal-e-Faga-Melo-1536x727.png 1536w\" sizes=\"(max-width: 1864px) 100vw, 1864px\" \/>                                            <\/a>\n                                        <\/div>\n                                                                                    <div class=\"post-content\">\n                                                <div class=\"content\">\n                                                    <h4 class=\"htmega-post-g-title\"><a href='https:\/\/utfpr.curitiba.br\/nucleodesignanimacao\/?p=11108'>Footsteps On The Wind &#8211; Maya Sanbar, Gustavo Leal e Faga Melo<\/a><\/h4>                                                                                                    <\/div>\n                                            <\/div>\n                                                                                <\/div>\n                                <\/div>\n                            \n                        \n                        \n                                                                                                                                            <div class=\"htb-col-lg-4 htb-col-sm-6 htb-col-12\">\n                                    <div class=\"ht-post gradient-overlay gradient-overlay-6 mt--20\">\n                                        <div class=\"thumb\">\n                                            <a href=\"https:\/\/utfpr.curitiba.br\/nucleodesignanimacao\/?p=11096\">\n                                                <img loading=\"lazy\" decoding=\"async\" width=\"566\" height=\"800\" src=\"https:\/\/utfpr-ct-static-content.s3.amazonaws.com\/utfpr.curitiba.br\/wp-content\/uploads\/sites\/99\/2023\/05\/Cripty-in-CryptoCoaster-Paulo-Henrique-Rodrigues.jpg\" class=\"attachment-full size-full wp-post-image\" alt=\"\" srcset=\"https:\/\/utfpr-ct-static-content.s3.amazonaws.com\/utfpr.curitiba.br\/wp-content\/uploads\/sites\/99\/2023\/05\/Cripty-in-CryptoCoaster-Paulo-Henrique-Rodrigues.jpg 566w, https:\/\/utfpr-ct-static-content.s3.amazonaws.com\/utfpr.curitiba.br\/wp-content\/uploads\/sites\/99\/2023\/05\/Cripty-in-CryptoCoaster-Paulo-Henrique-Rodrigues-212x300.jpg 212w\" sizes=\"(max-width: 566px) 100vw, 566px\" \/>                                            <\/a>\n                                        <\/div>\n                                                                                    <div class=\"post-content\">\n                                                <div class=\"content\">\n                                                    <h4 class=\"htmega-post-g-title\"><a href='https:\/\/utfpr.curitiba.br\/nucleodesignanimacao\/?p=11096'>Cripty in CryptoCoaster &#8211; Paulo Henrique Rodrigues<\/a><\/h4>                                                                                                    <\/div>\n                                            <\/div>\n                                                                                <\/div>\n                                <\/div>\n                            \n                        \n                        \n                                                                                                                                            <div class=\"htb-col-lg-4 htb-col-sm-6 htb-col-12\">\n                                    <div class=\"ht-post gradient-overlay gradient-overlay-1 mt--20\">\n                                        <div class=\"thumb\">\n                                            <a href=\"https:\/\/utfpr.curitiba.br\/nucleodesignanimacao\/?p=11085\">\n                                                <img loading=\"lazy\" decoding=\"async\" width=\"961\" height=\"523\" src=\"https:\/\/utfpr-ct-static-content.s3.amazonaws.com\/utfpr.curitiba.br\/wp-content\/uploads\/sites\/99\/2023\/05\/Calmaria-Joao-Marcos-Nascimento-e-Pedro-C.-Almeida.png\" class=\"attachment-full size-full wp-post-image\" alt=\"\" srcset=\"https:\/\/utfpr-ct-static-content.s3.amazonaws.com\/utfpr.curitiba.br\/wp-content\/uploads\/sites\/99\/2023\/05\/Calmaria-Joao-Marcos-Nascimento-e-Pedro-C.-Almeida.png 961w, https:\/\/utfpr-ct-static-content.s3.amazonaws.com\/utfpr.curitiba.br\/wp-content\/uploads\/sites\/99\/2023\/05\/Calmaria-Joao-Marcos-Nascimento-e-Pedro-C.-Almeida-300x163.png 300w, https:\/\/utfpr-ct-static-content.s3.amazonaws.com\/utfpr.curitiba.br\/wp-content\/uploads\/sites\/99\/2023\/05\/Calmaria-Joao-Marcos-Nascimento-e-Pedro-C.-Almeida-768x418.png 768w\" sizes=\"(max-width: 961px) 100vw, 961px\" \/>                                            <\/a>\n                                        <\/div>\n                                                                                    <div class=\"post-content\">\n                                                <div class=\"content\">\n                                                    <h4 class=\"htmega-post-g-title\"><a href='https:\/\/utfpr.curitiba.br\/nucleodesignanimacao\/?p=11085'>Calmaria &#8211; Jo\u00e3o Marcos Nascimento e Pedro C. Almeida<\/a><\/h4>                                                                                                    <\/div>\n                                            <\/div>\n                                                                                <\/div>\n                                <\/div>\n                            \n                        \n                        \n                                                                                                                                            <div class=\"htb-col-lg-4 htb-col-sm-6 htb-col-12\">\n                                    <div class=\"ht-post gradient-overlay gradient-overlay-2 mt--20\">\n                                        <div class=\"thumb\">\n                                            <a href=\"https:\/\/utfpr.curitiba.br\/nucleodesignanimacao\/?p=11073\">\n                                                <img loading=\"lazy\" decoding=\"async\" width=\"1918\" height=\"770\" src=\"https:\/\/utfpr-ct-static-content.s3.amazonaws.com\/utfpr.curitiba.br\/wp-content\/uploads\/sites\/99\/2023\/05\/Tom-Felippe-Steffens.png\" class=\"attachment-full size-full wp-post-image\" alt=\"\" srcset=\"https:\/\/utfpr-ct-static-content.s3.amazonaws.com\/utfpr.curitiba.br\/wp-content\/uploads\/sites\/99\/2023\/05\/Tom-Felippe-Steffens.png 1918w, https:\/\/utfpr-ct-static-content.s3.amazonaws.com\/utfpr.curitiba.br\/wp-content\/uploads\/sites\/99\/2023\/05\/Tom-Felippe-Steffens-300x120.png 300w, https:\/\/utfpr-ct-static-content.s3.amazonaws.com\/utfpr.curitiba.br\/wp-content\/uploads\/sites\/99\/2023\/05\/Tom-Felippe-Steffens-1024x411.png 1024w, https:\/\/utfpr-ct-static-content.s3.amazonaws.com\/utfpr.curitiba.br\/wp-content\/uploads\/sites\/99\/2023\/05\/Tom-Felippe-Steffens-768x308.png 768w, https:\/\/utfpr-ct-static-content.s3.amazonaws.com\/utfpr.curitiba.br\/wp-content\/uploads\/sites\/99\/2023\/05\/Tom-Felippe-Steffens-1536x617.png 1536w\" sizes=\"(max-width: 1918px) 100vw, 1918px\" \/>                                            <\/a>\n                                        <\/div>\n                                                                                    <div class=\"post-content\">\n                                                <div class=\"content\">\n                                                    <h4 class=\"htmega-post-g-title\"><a href='https:\/\/utfpr.curitiba.br\/nucleodesignanimacao\/?p=11073'>Tom &#8211; Felippe Steffens<\/a><\/h4>                                                                                                    <\/div>\n                                            <\/div>\n                                                                                <\/div>\n                                <\/div>\n                            \n                        \n                        \n                                                                                                                                            <div class=\"htb-col-lg-4 htb-col-sm-6 htb-col-12\">\n                                    <div class=\"ht-post gradient-overlay gradient-overlay-3 mt--20\">\n                                        <div class=\"thumb\">\n                                            <a href=\"https:\/\/utfpr.curitiba.br\/nucleodesignanimacao\/?p=11062\">\n                                                <img loading=\"lazy\" decoding=\"async\" width=\"1920\" height=\"871\" src=\"https:\/\/utfpr-ct-static-content.s3.amazonaws.com\/utfpr.curitiba.br\/wp-content\/uploads\/sites\/99\/2023\/05\/Gato-the-Cat-\u2013-O-Gato-sem-Botas-Paula-de-Abreu.png\" class=\"attachment-full size-full wp-post-image\" alt=\"\" srcset=\"https:\/\/utfpr-ct-static-content.s3.amazonaws.com\/utfpr.curitiba.br\/wp-content\/uploads\/sites\/99\/2023\/05\/Gato-the-Cat-\u2013-O-Gato-sem-Botas-Paula-de-Abreu.png 1920w, https:\/\/utfpr-ct-static-content.s3.amazonaws.com\/utfpr.curitiba.br\/wp-content\/uploads\/sites\/99\/2023\/05\/Gato-the-Cat-\u2013-O-Gato-sem-Botas-Paula-de-Abreu-300x136.png 300w, https:\/\/utfpr-ct-static-content.s3.amazonaws.com\/utfpr.curitiba.br\/wp-content\/uploads\/sites\/99\/2023\/05\/Gato-the-Cat-\u2013-O-Gato-sem-Botas-Paula-de-Abreu-1024x465.png 1024w, https:\/\/utfpr-ct-static-content.s3.amazonaws.com\/utfpr.curitiba.br\/wp-content\/uploads\/sites\/99\/2023\/05\/Gato-the-Cat-\u2013-O-Gato-sem-Botas-Paula-de-Abreu-768x348.png 768w, https:\/\/utfpr-ct-static-content.s3.amazonaws.com\/utfpr.curitiba.br\/wp-content\/uploads\/sites\/99\/2023\/05\/Gato-the-Cat-\u2013-O-Gato-sem-Botas-Paula-de-Abreu-1536x697.png 1536w\" sizes=\"(max-width: 1920px) 100vw, 1920px\" \/>                                            <\/a>\n                                        <\/div>\n                                                                                    <div class=\"post-content\">\n                                                <div class=\"content\">\n                                                    <h4 class=\"htmega-post-g-title\"><a href='https:\/\/utfpr.curitiba.br\/nucleodesignanimacao\/?p=11062'>Gato the Cat \u2013 O Gato sem Botas &#8211; Paula de Abreu<\/a><\/h4>                                                                                                    <\/div>\n                                            <\/div>\n                                                                                <\/div>\n                                <\/div>\n                            \n                        \n                        \n                                                                                                                                            <div class=\"htb-col-lg-4 htb-col-sm-6 htb-col-12\">\n                                    <div class=\"ht-post gradient-overlay gradient-overlay-4 mt--20\">\n                                        <div class=\"thumb\">\n                                            <a href=\"https:\/\/utfpr.curitiba.br\/nucleodesignanimacao\/?p=11051\">\n                                                <img loading=\"lazy\" decoding=\"async\" width=\"1920\" height=\"862\" src=\"https:\/\/utfpr-ct-static-content.s3.amazonaws.com\/utfpr.curitiba.br\/wp-content\/uploads\/sites\/99\/2023\/05\/Contrastes-Impressoes-de-Israel-Jackson-Abacatu.png\" class=\"attachment-full size-full wp-post-image\" alt=\"\" srcset=\"https:\/\/utfpr-ct-static-content.s3.amazonaws.com\/utfpr.curitiba.br\/wp-content\/uploads\/sites\/99\/2023\/05\/Contrastes-Impressoes-de-Israel-Jackson-Abacatu.png 1920w, https:\/\/utfpr-ct-static-content.s3.amazonaws.com\/utfpr.curitiba.br\/wp-content\/uploads\/sites\/99\/2023\/05\/Contrastes-Impressoes-de-Israel-Jackson-Abacatu-300x135.png 300w, https:\/\/utfpr-ct-static-content.s3.amazonaws.com\/utfpr.curitiba.br\/wp-content\/uploads\/sites\/99\/2023\/05\/Contrastes-Impressoes-de-Israel-Jackson-Abacatu-1024x460.png 1024w, https:\/\/utfpr-ct-static-content.s3.amazonaws.com\/utfpr.curitiba.br\/wp-content\/uploads\/sites\/99\/2023\/05\/Contrastes-Impressoes-de-Israel-Jackson-Abacatu-768x345.png 768w, https:\/\/utfpr-ct-static-content.s3.amazonaws.com\/utfpr.curitiba.br\/wp-content\/uploads\/sites\/99\/2023\/05\/Contrastes-Impressoes-de-Israel-Jackson-Abacatu-1536x690.png 1536w\" sizes=\"(max-width: 1920px) 100vw, 1920px\" \/>                                            <\/a>\n                                        <\/div>\n                                                                                    <div class=\"post-content\">\n                                                <div class=\"content\">\n                                                    <h4 class=\"htmega-post-g-title\"><a href='https:\/\/utfpr.curitiba.br\/nucleodesignanimacao\/?p=11051'>Contrastes: Impress\u00f5es de Israel &#8211; Jackson Abacatu<\/a><\/h4>                                                                                                    <\/div>\n                                            <\/div>\n                                                                                <\/div>\n                                <\/div>\n                            \n                        \n                        \n                                                                                                                                            <div class=\"htb-col-lg-4 htb-col-sm-6 htb-col-12\">\n                                    <div class=\"ht-post gradient-overlay gradient-overlay-5 mt--20\">\n                                        <div class=\"thumb\">\n                                            <a href=\"https:\/\/utfpr.curitiba.br\/nucleodesignanimacao\/?p=11039\">\n                                                <img loading=\"lazy\" decoding=\"async\" width=\"1920\" height=\"932\" src=\"https:\/\/utfpr-ct-static-content.s3.amazonaws.com\/utfpr.curitiba.br\/wp-content\/uploads\/sites\/99\/2023\/05\/Atual-Auto-retrato-Moises-Pantolfi.png\" class=\"attachment-full size-full wp-post-image\" alt=\"\" srcset=\"https:\/\/utfpr-ct-static-content.s3.amazonaws.com\/utfpr.curitiba.br\/wp-content\/uploads\/sites\/99\/2023\/05\/Atual-Auto-retrato-Moises-Pantolfi.png 1920w, https:\/\/utfpr-ct-static-content.s3.amazonaws.com\/utfpr.curitiba.br\/wp-content\/uploads\/sites\/99\/2023\/05\/Atual-Auto-retrato-Moises-Pantolfi-300x146.png 300w, https:\/\/utfpr-ct-static-content.s3.amazonaws.com\/utfpr.curitiba.br\/wp-content\/uploads\/sites\/99\/2023\/05\/Atual-Auto-retrato-Moises-Pantolfi-1024x497.png 1024w, https:\/\/utfpr-ct-static-content.s3.amazonaws.com\/utfpr.curitiba.br\/wp-content\/uploads\/sites\/99\/2023\/05\/Atual-Auto-retrato-Moises-Pantolfi-768x373.png 768w, https:\/\/utfpr-ct-static-content.s3.amazonaws.com\/utfpr.curitiba.br\/wp-content\/uploads\/sites\/99\/2023\/05\/Atual-Auto-retrato-Moises-Pantolfi-1536x746.png 1536w\" sizes=\"(max-width: 1920px) 100vw, 1920px\" \/>                                            <\/a>\n                                        <\/div>\n                                                                                    <div class=\"post-content\">\n                                                <div class=\"content\">\n                                                    <h4 class=\"htmega-post-g-title\"><a href='https:\/\/utfpr.curitiba.br\/nucleodesignanimacao\/?p=11039'>Atual Auto-retrato &#8211; Mois\u00e9s Pantolfi<\/a><\/h4>                                                                                                    <\/div>\n                                            <\/div>\n                                                                                <\/div>\n                                <\/div>\n                            \n                        \n                        \n                                                                                                                                            <div class=\"htb-col-lg-4 htb-col-sm-6 htb-col-12\">\n                                    <div class=\"ht-post gradient-overlay gradient-overlay-6 mt--20\">\n                                        <div class=\"thumb\">\n                                            <a href=\"https:\/\/utfpr.curitiba.br\/nucleodesignanimacao\/?p=11011\">\n                                                <img loading=\"lazy\" decoding=\"async\" width=\"1920\" height=\"851\" src=\"https:\/\/utfpr-ct-static-content.s3.amazonaws.com\/utfpr.curitiba.br\/wp-content\/uploads\/sites\/99\/2023\/05\/Poetica-de-Barro-Giuliana-Danza.png\" class=\"attachment-full size-full wp-post-image\" alt=\"\" srcset=\"https:\/\/utfpr-ct-static-content.s3.amazonaws.com\/utfpr.curitiba.br\/wp-content\/uploads\/sites\/99\/2023\/05\/Poetica-de-Barro-Giuliana-Danza.png 1920w, https:\/\/utfpr-ct-static-content.s3.amazonaws.com\/utfpr.curitiba.br\/wp-content\/uploads\/sites\/99\/2023\/05\/Poetica-de-Barro-Giuliana-Danza-300x133.png 300w, https:\/\/utfpr-ct-static-content.s3.amazonaws.com\/utfpr.curitiba.br\/wp-content\/uploads\/sites\/99\/2023\/05\/Poetica-de-Barro-Giuliana-Danza-1024x454.png 1024w, https:\/\/utfpr-ct-static-content.s3.amazonaws.com\/utfpr.curitiba.br\/wp-content\/uploads\/sites\/99\/2023\/05\/Poetica-de-Barro-Giuliana-Danza-768x340.png 768w, https:\/\/utfpr-ct-static-content.s3.amazonaws.com\/utfpr.curitiba.br\/wp-content\/uploads\/sites\/99\/2023\/05\/Poetica-de-Barro-Giuliana-Danza-1536x681.png 1536w\" sizes=\"(max-width: 1920px) 100vw, 1920px\" \/>                                            <\/a>\n                                        <\/div>\n                                                                                    <div class=\"post-content\">\n                                                <div class=\"content\">\n                                                    <h4 class=\"htmega-post-g-title\"><a href='https:\/\/utfpr.curitiba.br\/nucleodesignanimacao\/?p=11011'>Po\u00e9tica de Barro &#8211; Giuliana Danza<\/a><\/h4>                                                                                                    <\/div>\n                                            <\/div>\n                                                                                <\/div>\n                                <\/div>\n                            \n                        \n                        \n                                                                                                                                            <div class=\"htb-col-lg-4 htb-col-sm-6 htb-col-12\">\n                                    <div class=\"ht-post gradient-overlay gradient-overlay-1 mt--20\">\n                                        <div class=\"thumb\">\n                                            <a href=\"https:\/\/utfpr.curitiba.br\/nucleodesignanimacao\/?p=10999\">\n                                                <img loading=\"lazy\" decoding=\"async\" width=\"1909\" height=\"557\" src=\"https:\/\/utfpr-ct-static-content.s3.amazonaws.com\/utfpr.curitiba.br\/wp-content\/uploads\/sites\/99\/2023\/05\/Caronte-Vida-de-inferno-Ivan-Bustingorri-e-Mauricio-Priori.png\" class=\"attachment-full size-full wp-post-image\" alt=\"\" srcset=\"https:\/\/utfpr-ct-static-content.s3.amazonaws.com\/utfpr.curitiba.br\/wp-content\/uploads\/sites\/99\/2023\/05\/Caronte-Vida-de-inferno-Ivan-Bustingorri-e-Mauricio-Priori.png 1909w, https:\/\/utfpr-ct-static-content.s3.amazonaws.com\/utfpr.curitiba.br\/wp-content\/uploads\/sites\/99\/2023\/05\/Caronte-Vida-de-inferno-Ivan-Bustingorri-e-Mauricio-Priori-300x88.png 300w, https:\/\/utfpr-ct-static-content.s3.amazonaws.com\/utfpr.curitiba.br\/wp-content\/uploads\/sites\/99\/2023\/05\/Caronte-Vida-de-inferno-Ivan-Bustingorri-e-Mauricio-Priori-1024x299.png 1024w, https:\/\/utfpr-ct-static-content.s3.amazonaws.com\/utfpr.curitiba.br\/wp-content\/uploads\/sites\/99\/2023\/05\/Caronte-Vida-de-inferno-Ivan-Bustingorri-e-Mauricio-Priori-768x224.png 768w, https:\/\/utfpr-ct-static-content.s3.amazonaws.com\/utfpr.curitiba.br\/wp-content\/uploads\/sites\/99\/2023\/05\/Caronte-Vida-de-inferno-Ivan-Bustingorri-e-Mauricio-Priori-1536x448.png 1536w\" sizes=\"(max-width: 1909px) 100vw, 1909px\" \/>                                            <\/a>\n                                        <\/div>\n                                                                                    <div class=\"post-content\">\n                                                <div class=\"content\">\n                                                    <h4 class=\"htmega-post-g-title\"><a href='https:\/\/utfpr.curitiba.br\/nucleodesignanimacao\/?p=10999'>Caronte: Vida de inferno\u00a0&#8211; Iv\u00e1n Bustingorri e Maur\u00edcio Priori<\/a><\/h4>                                                                                                    <\/div>\n                                            <\/div>\n                                                                                <\/div>\n                                <\/div>\n                            \n                        \n                        \n                                                                                                                                            <div class=\"htb-col-lg-4 htb-col-sm-6 htb-col-12\">\n                                    <div class=\"ht-post gradient-overlay gradient-overlay-2 mt--20\">\n                                        <div class=\"thumb\">\n                                            <a href=\"https:\/\/utfpr.curitiba.br\/nucleodesignanimacao\/?p=10985\">\n                                                <img loading=\"lazy\" decoding=\"async\" width=\"3334\" height=\"2348\" src=\"https:\/\/utfpr-ct-static-content.s3.amazonaws.com\/utfpr.curitiba.br\/wp-content\/uploads\/sites\/99\/2023\/04\/Imagem-substituicao_Prancheta-1.png\" class=\"attachment-full size-full wp-post-image\" alt=\"\" srcset=\"https:\/\/utfpr-ct-static-content.s3.amazonaws.com\/utfpr.curitiba.br\/wp-content\/uploads\/sites\/99\/2023\/04\/Imagem-substituicao_Prancheta-1.png 3334w, https:\/\/utfpr-ct-static-content.s3.amazonaws.com\/utfpr.curitiba.br\/wp-content\/uploads\/sites\/99\/2023\/04\/Imagem-substituicao_Prancheta-1-300x211.png 300w, https:\/\/utfpr-ct-static-content.s3.amazonaws.com\/utfpr.curitiba.br\/wp-content\/uploads\/sites\/99\/2023\/04\/Imagem-substituicao_Prancheta-1-1024x721.png 1024w, https:\/\/utfpr-ct-static-content.s3.amazonaws.com\/utfpr.curitiba.br\/wp-content\/uploads\/sites\/99\/2023\/04\/Imagem-substituicao_Prancheta-1-768x541.png 768w, https:\/\/utfpr-ct-static-content.s3.amazonaws.com\/utfpr.curitiba.br\/wp-content\/uploads\/sites\/99\/2023\/04\/Imagem-substituicao_Prancheta-1-1536x1082.png 1536w, https:\/\/utfpr-ct-static-content.s3.amazonaws.com\/utfpr.curitiba.br\/wp-content\/uploads\/sites\/99\/2023\/04\/Imagem-substituicao_Prancheta-1-2048x1442.png 2048w\" sizes=\"(max-width: 3334px) 100vw, 3334px\" \/>                                            <\/a>\n                                        <\/div>\n                                                                                    <div class=\"post-content\">\n                                                <div class=\"content\">\n                                                    <h4 class=\"htmega-post-g-title\"><a href='https:\/\/utfpr.curitiba.br\/nucleodesignanimacao\/?p=10985'>Day-to-day &#8211; Sak Miranda<\/a><\/h4>                                                                                                    <\/div>\n                                            <\/div>\n                                                                                <\/div>\n                                <\/div>\n                            \n                        \n                        \n                                                                                                                                            <div class=\"htb-col-lg-4 htb-col-sm-6 htb-col-12\">\n                                    <div class=\"ht-post gradient-overlay gradient-overlay-3 mt--20\">\n                                        <div class=\"thumb\">\n                                            <a href=\"https:\/\/utfpr.curitiba.br\/nucleodesignanimacao\/?p=10973\">\n                                                <img loading=\"lazy\" decoding=\"async\" width=\"1914\" height=\"781\" src=\"https:\/\/utfpr-ct-static-content.s3.amazonaws.com\/utfpr.curitiba.br\/wp-content\/uploads\/sites\/99\/2023\/05\/O-muro-era-muito-alto-Marao.png\" class=\"attachment-full size-full wp-post-image\" alt=\"\" srcset=\"https:\/\/utfpr-ct-static-content.s3.amazonaws.com\/utfpr.curitiba.br\/wp-content\/uploads\/sites\/99\/2023\/05\/O-muro-era-muito-alto-Marao.png 1914w, https:\/\/utfpr-ct-static-content.s3.amazonaws.com\/utfpr.curitiba.br\/wp-content\/uploads\/sites\/99\/2023\/05\/O-muro-era-muito-alto-Marao-300x122.png 300w, https:\/\/utfpr-ct-static-content.s3.amazonaws.com\/utfpr.curitiba.br\/wp-content\/uploads\/sites\/99\/2023\/05\/O-muro-era-muito-alto-Marao-1024x418.png 1024w, https:\/\/utfpr-ct-static-content.s3.amazonaws.com\/utfpr.curitiba.br\/wp-content\/uploads\/sites\/99\/2023\/05\/O-muro-era-muito-alto-Marao-768x313.png 768w, https:\/\/utfpr-ct-static-content.s3.amazonaws.com\/utfpr.curitiba.br\/wp-content\/uploads\/sites\/99\/2023\/05\/O-muro-era-muito-alto-Marao-1536x627.png 1536w\" sizes=\"(max-width: 1914px) 100vw, 1914px\" \/>                                            <\/a>\n                                        <\/div>\n                                                                                    <div class=\"post-content\">\n                                                <div class=\"content\">\n                                                    <h4 class=\"htmega-post-g-title\"><a href='https:\/\/utfpr.curitiba.br\/nucleodesignanimacao\/?p=10973'>O Muro Era Muito Alto &#8211; Mar\u00e3o<\/a><\/h4>                                                                                                    <\/div>\n                                            <\/div>\n                                                                                <\/div>\n                                <\/div>\n                            \n                        \n                        \n                                                                                                                                            <div class=\"htb-col-lg-4 htb-col-sm-6 htb-col-12\">\n                                    <div class=\"ht-post gradient-overlay gradient-overlay-4 mt--20\">\n                                        <div class=\"thumb\">\n                                            <a href=\"https:\/\/utfpr.curitiba.br\/nucleodesignanimacao\/?p=10962\">\n                                                <img loading=\"lazy\" decoding=\"async\" width=\"1919\" height=\"802\" src=\"https:\/\/utfpr-ct-static-content.s3.amazonaws.com\/utfpr.curitiba.br\/wp-content\/uploads\/sites\/99\/2023\/05\/We-are-one-Jannerson-Xavier.png\" class=\"attachment-full size-full wp-post-image\" alt=\"\" srcset=\"https:\/\/utfpr-ct-static-content.s3.amazonaws.com\/utfpr.curitiba.br\/wp-content\/uploads\/sites\/99\/2023\/05\/We-are-one-Jannerson-Xavier.png 1919w, https:\/\/utfpr-ct-static-content.s3.amazonaws.com\/utfpr.curitiba.br\/wp-content\/uploads\/sites\/99\/2023\/05\/We-are-one-Jannerson-Xavier-300x125.png 300w, https:\/\/utfpr-ct-static-content.s3.amazonaws.com\/utfpr.curitiba.br\/wp-content\/uploads\/sites\/99\/2023\/05\/We-are-one-Jannerson-Xavier-1024x428.png 1024w, https:\/\/utfpr-ct-static-content.s3.amazonaws.com\/utfpr.curitiba.br\/wp-content\/uploads\/sites\/99\/2023\/05\/We-are-one-Jannerson-Xavier-768x321.png 768w, https:\/\/utfpr-ct-static-content.s3.amazonaws.com\/utfpr.curitiba.br\/wp-content\/uploads\/sites\/99\/2023\/05\/We-are-one-Jannerson-Xavier-1536x642.png 1536w\" sizes=\"(max-width: 1919px) 100vw, 1919px\" \/>                                            <\/a>\n                                        <\/div>\n                                                                                    <div class=\"post-content\">\n                                                <div class=\"content\">\n                                                    <h4 class=\"htmega-post-g-title\"><a href='https:\/\/utfpr.curitiba.br\/nucleodesignanimacao\/?p=10962'>We are one &#8211; Jannerson Xavier<\/a><\/h4>                                                                                                    <\/div>\n                                            <\/div>\n                                                                                <\/div>\n                                <\/div>\n                            \n                        \n                        \n                                                                                                                                            <div class=\"htb-col-lg-4 htb-col-sm-6 htb-col-12\">\n                                    <div class=\"ht-post gradient-overlay gradient-overlay-5 mt--20\">\n                                        <div class=\"thumb\">\n                                            <a href=\"https:\/\/utfpr.curitiba.br\/nucleodesignanimacao\/?p=10951\">\n                                                <img loading=\"lazy\" decoding=\"async\" width=\"3334\" height=\"2348\" src=\"https:\/\/utfpr-ct-static-content.s3.amazonaws.com\/utfpr.curitiba.br\/wp-content\/uploads\/sites\/99\/2023\/04\/Imagem-substituicao_Prancheta-1.png\" class=\"attachment-full size-full wp-post-image\" alt=\"\" srcset=\"https:\/\/utfpr-ct-static-content.s3.amazonaws.com\/utfpr.curitiba.br\/wp-content\/uploads\/sites\/99\/2023\/04\/Imagem-substituicao_Prancheta-1.png 3334w, https:\/\/utfpr-ct-static-content.s3.amazonaws.com\/utfpr.curitiba.br\/wp-content\/uploads\/sites\/99\/2023\/04\/Imagem-substituicao_Prancheta-1-300x211.png 300w, https:\/\/utfpr-ct-static-content.s3.amazonaws.com\/utfpr.curitiba.br\/wp-content\/uploads\/sites\/99\/2023\/04\/Imagem-substituicao_Prancheta-1-1024x721.png 1024w, https:\/\/utfpr-ct-static-content.s3.amazonaws.com\/utfpr.curitiba.br\/wp-content\/uploads\/sites\/99\/2023\/04\/Imagem-substituicao_Prancheta-1-768x541.png 768w, https:\/\/utfpr-ct-static-content.s3.amazonaws.com\/utfpr.curitiba.br\/wp-content\/uploads\/sites\/99\/2023\/04\/Imagem-substituicao_Prancheta-1-1536x1082.png 1536w, https:\/\/utfpr-ct-static-content.s3.amazonaws.com\/utfpr.curitiba.br\/wp-content\/uploads\/sites\/99\/2023\/04\/Imagem-substituicao_Prancheta-1-2048x1442.png 2048w\" sizes=\"(max-width: 3334px) 100vw, 3334px\" \/>                                            <\/a>\n                                        <\/div>\n                                                                                    <div class=\"post-content\">\n                                                <div class=\"content\">\n                                                    <h4 class=\"htmega-post-g-title\"><a href='https:\/\/utfpr.curitiba.br\/nucleodesignanimacao\/?p=10951'>Vivi lobo e a sala m\u00e1gica &#8211; Isabelle Santos e Edu MZ Camargo<\/a><\/h4>                                                                                                    <\/div>\n                                            <\/div>\n                                                                                <\/div>\n                                <\/div>\n                            \n                        \n                        \n                                                                                                                                            <div class=\"htb-col-lg-4 htb-col-sm-6 htb-col-12\">\n                                    <div class=\"ht-post gradient-overlay gradient-overlay-6 mt--20\">\n                                        <div class=\"thumb\">\n                                            <a href=\"https:\/\/utfpr.curitiba.br\/nucleodesignanimacao\/?p=10935\">\n                                                <img loading=\"lazy\" decoding=\"async\" width=\"3334\" height=\"2348\" src=\"https:\/\/utfpr-ct-static-content.s3.amazonaws.com\/utfpr.curitiba.br\/wp-content\/uploads\/sites\/99\/2023\/04\/Imagem-substituicao_Prancheta-1.png\" class=\"attachment-full size-full wp-post-image\" alt=\"\" srcset=\"https:\/\/utfpr-ct-static-content.s3.amazonaws.com\/utfpr.curitiba.br\/wp-content\/uploads\/sites\/99\/2023\/04\/Imagem-substituicao_Prancheta-1.png 3334w, https:\/\/utfpr-ct-static-content.s3.amazonaws.com\/utfpr.curitiba.br\/wp-content\/uploads\/sites\/99\/2023\/04\/Imagem-substituicao_Prancheta-1-300x211.png 300w, https:\/\/utfpr-ct-static-content.s3.amazonaws.com\/utfpr.curitiba.br\/wp-content\/uploads\/sites\/99\/2023\/04\/Imagem-substituicao_Prancheta-1-1024x721.png 1024w, https:\/\/utfpr-ct-static-content.s3.amazonaws.com\/utfpr.curitiba.br\/wp-content\/uploads\/sites\/99\/2023\/04\/Imagem-substituicao_Prancheta-1-768x541.png 768w, https:\/\/utfpr-ct-static-content.s3.amazonaws.com\/utfpr.curitiba.br\/wp-content\/uploads\/sites\/99\/2023\/04\/Imagem-substituicao_Prancheta-1-1536x1082.png 1536w, https:\/\/utfpr-ct-static-content.s3.amazonaws.com\/utfpr.curitiba.br\/wp-content\/uploads\/sites\/99\/2023\/04\/Imagem-substituicao_Prancheta-1-2048x1442.png 2048w\" sizes=\"(max-width: 3334px) 100vw, 3334px\" \/>                                            <\/a>\n                                        <\/div>\n                                                                                    <div class=\"post-content\">\n                                                <div class=\"content\">\n                                                    <h4 class=\"htmega-post-g-title\"><a href='https:\/\/utfpr.curitiba.br\/nucleodesignanimacao\/?p=10935'>Um lar distante &#8211; Rafael Castro Lopes<\/a><\/h4>                                                                                                    <\/div>\n                                            <\/div>\n                                                                                <\/div>\n                                <\/div>\n                            \n                        \n                        \n                                                                                                                                            <div class=\"htb-col-lg-4 htb-col-sm-6 htb-col-12\">\n                                    <div class=\"ht-post gradient-overlay gradient-overlay-1 mt--20\">\n                                        <div class=\"thumb\">\n                                            <a href=\"https:\/\/utfpr.curitiba.br\/nucleodesignanimacao\/?p=10924\">\n                                                <img loading=\"lazy\" decoding=\"async\" width=\"3334\" height=\"2348\" src=\"https:\/\/utfpr-ct-static-content.s3.amazonaws.com\/utfpr.curitiba.br\/wp-content\/uploads\/sites\/99\/2023\/04\/Imagem-substituicao_Prancheta-1.png\" class=\"attachment-full size-full wp-post-image\" alt=\"\" srcset=\"https:\/\/utfpr-ct-static-content.s3.amazonaws.com\/utfpr.curitiba.br\/wp-content\/uploads\/sites\/99\/2023\/04\/Imagem-substituicao_Prancheta-1.png 3334w, https:\/\/utfpr-ct-static-content.s3.amazonaws.com\/utfpr.curitiba.br\/wp-content\/uploads\/sites\/99\/2023\/04\/Imagem-substituicao_Prancheta-1-300x211.png 300w, https:\/\/utfpr-ct-static-content.s3.amazonaws.com\/utfpr.curitiba.br\/wp-content\/uploads\/sites\/99\/2023\/04\/Imagem-substituicao_Prancheta-1-1024x721.png 1024w, https:\/\/utfpr-ct-static-content.s3.amazonaws.com\/utfpr.curitiba.br\/wp-content\/uploads\/sites\/99\/2023\/04\/Imagem-substituicao_Prancheta-1-768x541.png 768w, https:\/\/utfpr-ct-static-content.s3.amazonaws.com\/utfpr.curitiba.br\/wp-content\/uploads\/sites\/99\/2023\/04\/Imagem-substituicao_Prancheta-1-1536x1082.png 1536w, https:\/\/utfpr-ct-static-content.s3.amazonaws.com\/utfpr.curitiba.br\/wp-content\/uploads\/sites\/99\/2023\/04\/Imagem-substituicao_Prancheta-1-2048x1442.png 2048w\" sizes=\"(max-width: 3334px) 100vw, 3334px\" \/>                                            <\/a>\n                                        <\/div>\n                                                                                    <div class=\"post-content\">\n                                                <div class=\"content\">\n                                                    <h4 class=\"htmega-post-g-title\"><a href='https:\/\/utfpr.curitiba.br\/nucleodesignanimacao\/?p=10924'>Time of metamorphosis &#8211; Andreas Ewels<\/a><\/h4>                                                                                                    <\/div>\n                                            <\/div>\n                                                                                <\/div>\n                                <\/div>\n                            \n                        \n                        \n                                                                                                                                            <div class=\"htb-col-lg-4 htb-col-sm-6 htb-col-12\">\n                                    <div class=\"ht-post gradient-overlay gradient-overlay-2 mt--20\">\n                                        <div class=\"thumb\">\n                                            <a href=\"https:\/\/utfpr.curitiba.br\/nucleodesignanimacao\/?p=10911\">\n                                                <img loading=\"lazy\" decoding=\"async\" width=\"3334\" height=\"2348\" src=\"https:\/\/utfpr-ct-static-content.s3.amazonaws.com\/utfpr.curitiba.br\/wp-content\/uploads\/sites\/99\/2023\/04\/Imagem-substituicao_Prancheta-1.png\" class=\"attachment-full size-full wp-post-image\" alt=\"\" srcset=\"https:\/\/utfpr-ct-static-content.s3.amazonaws.com\/utfpr.curitiba.br\/wp-content\/uploads\/sites\/99\/2023\/04\/Imagem-substituicao_Prancheta-1.png 3334w, https:\/\/utfpr-ct-static-content.s3.amazonaws.com\/utfpr.curitiba.br\/wp-content\/uploads\/sites\/99\/2023\/04\/Imagem-substituicao_Prancheta-1-300x211.png 300w, https:\/\/utfpr-ct-static-content.s3.amazonaws.com\/utfpr.curitiba.br\/wp-content\/uploads\/sites\/99\/2023\/04\/Imagem-substituicao_Prancheta-1-1024x721.png 1024w, https:\/\/utfpr-ct-static-content.s3.amazonaws.com\/utfpr.curitiba.br\/wp-content\/uploads\/sites\/99\/2023\/04\/Imagem-substituicao_Prancheta-1-768x541.png 768w, https:\/\/utfpr-ct-static-content.s3.amazonaws.com\/utfpr.curitiba.br\/wp-content\/uploads\/sites\/99\/2023\/04\/Imagem-substituicao_Prancheta-1-1536x1082.png 1536w, https:\/\/utfpr-ct-static-content.s3.amazonaws.com\/utfpr.curitiba.br\/wp-content\/uploads\/sites\/99\/2023\/04\/Imagem-substituicao_Prancheta-1-2048x1442.png 2048w\" sizes=\"(max-width: 3334px) 100vw, 3334px\" \/>                                            <\/a>\n                                        <\/div>\n                                                                                    <div class=\"post-content\">\n                                                <div class=\"content\">\n                                                    <h4 class=\"htmega-post-g-title\"><a href='https:\/\/utfpr.curitiba.br\/nucleodesignanimacao\/?p=10911'>Super &#8211; Gabriela Camargo Roumeliotis, Jos\u00e9 Francisco Ferrari, Lucas Galvagni Benelli<\/a><\/h4>                                                                                                    <\/div>\n                                            <\/div>\n                                                                                <\/div>\n                                <\/div>\n                            \n                        \n                        \n                                                                                                                                            <div class=\"htb-col-lg-4 htb-col-sm-6 htb-col-12\">\n                                    <div class=\"ht-post gradient-overlay gradient-overlay-3 mt--20\">\n                                        <div class=\"thumb\">\n                                            <a href=\"https:\/\/utfpr.curitiba.br\/nucleodesignanimacao\/?p=10900\">\n                                                <img loading=\"lazy\" decoding=\"async\" width=\"1920\" height=\"781\" src=\"https:\/\/utfpr-ct-static-content.s3.amazonaws.com\/utfpr.curitiba.br\/wp-content\/uploads\/sites\/99\/2023\/05\/Sparkblade-Joao-Antunes-Jr..png\" class=\"attachment-full size-full wp-post-image\" alt=\"\" srcset=\"https:\/\/utfpr-ct-static-content.s3.amazonaws.com\/utfpr.curitiba.br\/wp-content\/uploads\/sites\/99\/2023\/05\/Sparkblade-Joao-Antunes-Jr..png 1920w, https:\/\/utfpr-ct-static-content.s3.amazonaws.com\/utfpr.curitiba.br\/wp-content\/uploads\/sites\/99\/2023\/05\/Sparkblade-Joao-Antunes-Jr.-300x122.png 300w, https:\/\/utfpr-ct-static-content.s3.amazonaws.com\/utfpr.curitiba.br\/wp-content\/uploads\/sites\/99\/2023\/05\/Sparkblade-Joao-Antunes-Jr.-1024x417.png 1024w, https:\/\/utfpr-ct-static-content.s3.amazonaws.com\/utfpr.curitiba.br\/wp-content\/uploads\/sites\/99\/2023\/05\/Sparkblade-Joao-Antunes-Jr.-768x312.png 768w, https:\/\/utfpr-ct-static-content.s3.amazonaws.com\/utfpr.curitiba.br\/wp-content\/uploads\/sites\/99\/2023\/05\/Sparkblade-Joao-Antunes-Jr.-1536x625.png 1536w\" sizes=\"(max-width: 1920px) 100vw, 1920px\" \/>                                            <\/a>\n                                        <\/div>\n                                                                                    <div class=\"post-content\">\n                                                <div class=\"content\">\n                                                    <h4 class=\"htmega-post-g-title\"><a href='https:\/\/utfpr.curitiba.br\/nucleodesignanimacao\/?p=10900'>Sparkblade &#8211; Jo\u00e3o Antunes Jr.<\/a><\/h4>                                                                                                    <\/div>\n                                            <\/div>\n                                                                                <\/div>\n                                <\/div>\n                            \n                        \n                        \n                                                                                                                                            <div class=\"htb-col-lg-4 htb-col-sm-6 htb-col-12\">\n                                    <div class=\"ht-post gradient-overlay gradient-overlay-4 mt--20\">\n                                        <div class=\"thumb\">\n                                            <a href=\"https:\/\/utfpr.curitiba.br\/nucleodesignanimacao\/?p=10889\">\n                                                <img loading=\"lazy\" decoding=\"async\" width=\"3334\" height=\"2348\" src=\"https:\/\/utfpr-ct-static-content.s3.amazonaws.com\/utfpr.curitiba.br\/wp-content\/uploads\/sites\/99\/2023\/04\/Imagem-substituicao_Prancheta-1.png\" class=\"attachment-full size-full wp-post-image\" alt=\"\" srcset=\"https:\/\/utfpr-ct-static-content.s3.amazonaws.com\/utfpr.curitiba.br\/wp-content\/uploads\/sites\/99\/2023\/04\/Imagem-substituicao_Prancheta-1.png 3334w, https:\/\/utfpr-ct-static-content.s3.amazonaws.com\/utfpr.curitiba.br\/wp-content\/uploads\/sites\/99\/2023\/04\/Imagem-substituicao_Prancheta-1-300x211.png 300w, https:\/\/utfpr-ct-static-content.s3.amazonaws.com\/utfpr.curitiba.br\/wp-content\/uploads\/sites\/99\/2023\/04\/Imagem-substituicao_Prancheta-1-1024x721.png 1024w, https:\/\/utfpr-ct-static-content.s3.amazonaws.com\/utfpr.curitiba.br\/wp-content\/uploads\/sites\/99\/2023\/04\/Imagem-substituicao_Prancheta-1-768x541.png 768w, https:\/\/utfpr-ct-static-content.s3.amazonaws.com\/utfpr.curitiba.br\/wp-content\/uploads\/sites\/99\/2023\/04\/Imagem-substituicao_Prancheta-1-1536x1082.png 1536w, https:\/\/utfpr-ct-static-content.s3.amazonaws.com\/utfpr.curitiba.br\/wp-content\/uploads\/sites\/99\/2023\/04\/Imagem-substituicao_Prancheta-1-2048x1442.png 2048w\" sizes=\"(max-width: 3334px) 100vw, 3334px\" \/>                                            <\/a>\n                                        <\/div>\n                                                                                    <div class=\"post-content\">\n                                                <div class=\"content\">\n                                                    <h4 class=\"htmega-post-g-title\"><a href='https:\/\/utfpr.curitiba.br\/nucleodesignanimacao\/?p=10889'>Se tivesse come\u00e7ado antes dava tempo &#8211; Luiza Moreira Heinzelmann<\/a><\/h4>                                                                                                    <\/div>\n                                            <\/div>\n                                                                                <\/div>\n                                <\/div>\n                            \n                        \n                        \n                                                                                                                                            <div class=\"htb-col-lg-4 htb-col-sm-6 htb-col-12\">\n                                    <div class=\"ht-post gradient-overlay gradient-overlay-5 mt--20\">\n                                        <div class=\"thumb\">\n                                            <a href=\"https:\/\/utfpr.curitiba.br\/nucleodesignanimacao\/?p=10878\">\n                                                <img loading=\"lazy\" decoding=\"async\" width=\"1920\" height=\"540\" src=\"https:\/\/utfpr-ct-static-content.s3.amazonaws.com\/utfpr.curitiba.br\/wp-content\/uploads\/sites\/99\/2023\/05\/Retina-Victor-Rosalino.png\" class=\"attachment-full size-full wp-post-image\" alt=\"\" srcset=\"https:\/\/utfpr-ct-static-content.s3.amazonaws.com\/utfpr.curitiba.br\/wp-content\/uploads\/sites\/99\/2023\/05\/Retina-Victor-Rosalino.png 1920w, https:\/\/utfpr-ct-static-content.s3.amazonaws.com\/utfpr.curitiba.br\/wp-content\/uploads\/sites\/99\/2023\/05\/Retina-Victor-Rosalino-300x84.png 300w, https:\/\/utfpr-ct-static-content.s3.amazonaws.com\/utfpr.curitiba.br\/wp-content\/uploads\/sites\/99\/2023\/05\/Retina-Victor-Rosalino-1024x288.png 1024w, https:\/\/utfpr-ct-static-content.s3.amazonaws.com\/utfpr.curitiba.br\/wp-content\/uploads\/sites\/99\/2023\/05\/Retina-Victor-Rosalino-768x216.png 768w, https:\/\/utfpr-ct-static-content.s3.amazonaws.com\/utfpr.curitiba.br\/wp-content\/uploads\/sites\/99\/2023\/05\/Retina-Victor-Rosalino-1536x432.png 1536w\" sizes=\"(max-width: 1920px) 100vw, 1920px\" \/>                                            <\/a>\n                                        <\/div>\n                                                                                    <div class=\"post-content\">\n                                                <div class=\"content\">\n                                                    <h4 class=\"htmega-post-g-title\"><a href='https:\/\/utfpr.curitiba.br\/nucleodesignanimacao\/?p=10878'>Retina &#8211; Victor Rosalino<\/a><\/h4>                                                                                                    <\/div>\n                                            <\/div>\n                                                                                <\/div>\n                                <\/div>\n                            \n                        \n                        \n                                                                                                                                            <div class=\"htb-col-lg-4 htb-col-sm-6 htb-col-12\">\n                                    <div class=\"ht-post gradient-overlay gradient-overlay-6 mt--20\">\n                                        <div class=\"thumb\">\n                                            <a href=\"https:\/\/utfpr.curitiba.br\/nucleodesignanimacao\/?p=10865\">\n                                                <img loading=\"lazy\" decoding=\"async\" width=\"1920\" height=\"678\" src=\"https:\/\/utfpr-ct-static-content.s3.amazonaws.com\/utfpr.curitiba.br\/wp-content\/uploads\/sites\/99\/2023\/05\/Reflexion-Alan-Bidard.png\" class=\"attachment-full size-full wp-post-image\" alt=\"\" srcset=\"https:\/\/utfpr-ct-static-content.s3.amazonaws.com\/utfpr.curitiba.br\/wp-content\/uploads\/sites\/99\/2023\/05\/Reflexion-Alan-Bidard.png 1920w, https:\/\/utfpr-ct-static-content.s3.amazonaws.com\/utfpr.curitiba.br\/wp-content\/uploads\/sites\/99\/2023\/05\/Reflexion-Alan-Bidard-300x106.png 300w, https:\/\/utfpr-ct-static-content.s3.amazonaws.com\/utfpr.curitiba.br\/wp-content\/uploads\/sites\/99\/2023\/05\/Reflexion-Alan-Bidard-1024x362.png 1024w, https:\/\/utfpr-ct-static-content.s3.amazonaws.com\/utfpr.curitiba.br\/wp-content\/uploads\/sites\/99\/2023\/05\/Reflexion-Alan-Bidard-768x271.png 768w, https:\/\/utfpr-ct-static-content.s3.amazonaws.com\/utfpr.curitiba.br\/wp-content\/uploads\/sites\/99\/2023\/05\/Reflexion-Alan-Bidard-1536x542.png 1536w\" sizes=\"(max-width: 1920px) 100vw, 1920px\" \/>                                            <\/a>\n                                        <\/div>\n                                                                                    <div class=\"post-content\">\n                                                <div class=\"content\">\n                                                    <h4 class=\"htmega-post-g-title\"><a href='https:\/\/utfpr.curitiba.br\/nucleodesignanimacao\/?p=10865'>Reflexion &#8211; Alan Bidard<\/a><\/h4>                                                                                                    <\/div>\n                                            <\/div>\n                                                                                <\/div>\n                                <\/div>\n                            \n                        \n                        \n                                                                                                                                            <div class=\"htb-col-lg-4 htb-col-sm-6 htb-col-12\">\n                                    <div class=\"ht-post gradient-overlay gradient-overlay-1 mt--20\">\n                                        <div class=\"thumb\">\n                                            <a href=\"https:\/\/utfpr.curitiba.br\/nucleodesignanimacao\/?p=10854\">\n                                                <img loading=\"lazy\" decoding=\"async\" width=\"565\" height=\"800\" src=\"https:\/\/utfpr-ct-static-content.s3.amazonaws.com\/utfpr.curitiba.br\/wp-content\/uploads\/sites\/99\/2023\/05\/Peixinho-Edson-Germinio.png\" class=\"attachment-full size-full wp-post-image\" alt=\"\" srcset=\"https:\/\/utfpr-ct-static-content.s3.amazonaws.com\/utfpr.curitiba.br\/wp-content\/uploads\/sites\/99\/2023\/05\/Peixinho-Edson-Germinio.png 565w, https:\/\/utfpr-ct-static-content.s3.amazonaws.com\/utfpr.curitiba.br\/wp-content\/uploads\/sites\/99\/2023\/05\/Peixinho-Edson-Germinio-212x300.png 212w\" sizes=\"(max-width: 565px) 100vw, 565px\" \/>                                            <\/a>\n                                        <\/div>\n                                                                                    <div class=\"post-content\">\n                                                <div class=\"content\">\n                                                    <h4 class=\"htmega-post-g-title\"><a href='https:\/\/utfpr.curitiba.br\/nucleodesignanimacao\/?p=10854'>Peixinho &#8211; Edson Germinio<\/a><\/h4>                                                                                                    <\/div>\n                                            <\/div>\n                                                                                <\/div>\n                                <\/div>\n                            \n                        \n                        \n                                                                                                                                            <div class=\"htb-col-lg-4 htb-col-sm-6 htb-col-12\">\n                                    <div class=\"ht-post gradient-overlay gradient-overlay-2 mt--20\">\n                                        <div class=\"thumb\">\n                                            <a href=\"https:\/\/utfpr.curitiba.br\/nucleodesignanimacao\/?p=10843\">\n                                                <img loading=\"lazy\" decoding=\"async\" width=\"3334\" height=\"2348\" src=\"https:\/\/utfpr-ct-static-content.s3.amazonaws.com\/utfpr.curitiba.br\/wp-content\/uploads\/sites\/99\/2023\/04\/Imagem-substituicao_Prancheta-1.png\" class=\"attachment-full size-full wp-post-image\" alt=\"\" srcset=\"https:\/\/utfpr-ct-static-content.s3.amazonaws.com\/utfpr.curitiba.br\/wp-content\/uploads\/sites\/99\/2023\/04\/Imagem-substituicao_Prancheta-1.png 3334w, https:\/\/utfpr-ct-static-content.s3.amazonaws.com\/utfpr.curitiba.br\/wp-content\/uploads\/sites\/99\/2023\/04\/Imagem-substituicao_Prancheta-1-300x211.png 300w, https:\/\/utfpr-ct-static-content.s3.amazonaws.com\/utfpr.curitiba.br\/wp-content\/uploads\/sites\/99\/2023\/04\/Imagem-substituicao_Prancheta-1-1024x721.png 1024w, https:\/\/utfpr-ct-static-content.s3.amazonaws.com\/utfpr.curitiba.br\/wp-content\/uploads\/sites\/99\/2023\/04\/Imagem-substituicao_Prancheta-1-768x541.png 768w, https:\/\/utfpr-ct-static-content.s3.amazonaws.com\/utfpr.curitiba.br\/wp-content\/uploads\/sites\/99\/2023\/04\/Imagem-substituicao_Prancheta-1-1536x1082.png 1536w, https:\/\/utfpr-ct-static-content.s3.amazonaws.com\/utfpr.curitiba.br\/wp-content\/uploads\/sites\/99\/2023\/04\/Imagem-substituicao_Prancheta-1-2048x1442.png 2048w\" sizes=\"(max-width: 3334px) 100vw, 3334px\" \/>                                            <\/a>\n                                        <\/div>\n                                                                                    <div class=\"post-content\">\n                                                <div class=\"content\">\n                                                    <h4 class=\"htmega-post-g-title\"><a href='https:\/\/utfpr.curitiba.br\/nucleodesignanimacao\/?p=10843'>Olho D&#8217;\u00e1gua &#8211; Laura Mazzottini Serra<\/a><\/h4>                                                                                                    <\/div>\n                                            <\/div>\n                                                                                <\/div>\n                                <\/div>\n                            \n                        \n                        \n                                                                                                                                            <div class=\"htb-col-lg-4 htb-col-sm-6 htb-col-12\">\n                                    <div class=\"ht-post gradient-overlay gradient-overlay-3 mt--20\">\n                                        <div class=\"thumb\">\n                                            <a href=\"https:\/\/utfpr.curitiba.br\/nucleodesignanimacao\/?p=10831\">\n                                                <img loading=\"lazy\" decoding=\"async\" width=\"1920\" height=\"677\" src=\"https:\/\/utfpr-ct-static-content.s3.amazonaws.com\/utfpr.curitiba.br\/wp-content\/uploads\/sites\/99\/2023\/05\/O-ciclo-Mauricio-Ramos-Marques.png\" class=\"attachment-full size-full wp-post-image\" alt=\"\" srcset=\"https:\/\/utfpr-ct-static-content.s3.amazonaws.com\/utfpr.curitiba.br\/wp-content\/uploads\/sites\/99\/2023\/05\/O-ciclo-Mauricio-Ramos-Marques.png 1920w, https:\/\/utfpr-ct-static-content.s3.amazonaws.com\/utfpr.curitiba.br\/wp-content\/uploads\/sites\/99\/2023\/05\/O-ciclo-Mauricio-Ramos-Marques-300x106.png 300w, https:\/\/utfpr-ct-static-content.s3.amazonaws.com\/utfpr.curitiba.br\/wp-content\/uploads\/sites\/99\/2023\/05\/O-ciclo-Mauricio-Ramos-Marques-1024x361.png 1024w, https:\/\/utfpr-ct-static-content.s3.amazonaws.com\/utfpr.curitiba.br\/wp-content\/uploads\/sites\/99\/2023\/05\/O-ciclo-Mauricio-Ramos-Marques-768x271.png 768w, https:\/\/utfpr-ct-static-content.s3.amazonaws.com\/utfpr.curitiba.br\/wp-content\/uploads\/sites\/99\/2023\/05\/O-ciclo-Mauricio-Ramos-Marques-1536x542.png 1536w\" sizes=\"(max-width: 1920px) 100vw, 1920px\" \/>                                            <\/a>\n                                        <\/div>\n                                                                                    <div class=\"post-content\">\n                                                <div class=\"content\">\n                                                    <h4 class=\"htmega-post-g-title\"><a href='https:\/\/utfpr.curitiba.br\/nucleodesignanimacao\/?p=10831'>O ciclo &#8211; Maur\u00edcio Ramos Marques<\/a><\/h4>                                                                                                    <\/div>\n                                            <\/div>\n                                                                                <\/div>\n                                <\/div>\n                            \n                        \n                        \n                                                                                                                                            <div class=\"htb-col-lg-4 htb-col-sm-6 htb-col-12\">\n                                    <div class=\"ht-post gradient-overlay gradient-overlay-4 mt--20\">\n                                        <div class=\"thumb\">\n                                            <a href=\"https:\/\/utfpr.curitiba.br\/nucleodesignanimacao\/?p=10820\">\n                                                <img loading=\"lazy\" decoding=\"async\" width=\"310\" height=\"420\" src=\"https:\/\/utfpr-ct-static-content.s3.amazonaws.com\/utfpr.curitiba.br\/wp-content\/uploads\/sites\/99\/2023\/05\/O-CACADOR-DE-ARVORES-GIGANTES-Anttonio-Pereira.jpg\" class=\"attachment-full size-full wp-post-image\" alt=\"\" srcset=\"https:\/\/utfpr-ct-static-content.s3.amazonaws.com\/utfpr.curitiba.br\/wp-content\/uploads\/sites\/99\/2023\/05\/O-CACADOR-DE-ARVORES-GIGANTES-Anttonio-Pereira.jpg 310w, https:\/\/utfpr-ct-static-content.s3.amazonaws.com\/utfpr.curitiba.br\/wp-content\/uploads\/sites\/99\/2023\/05\/O-CACADOR-DE-ARVORES-GIGANTES-Anttonio-Pereira-221x300.jpg 221w\" sizes=\"(max-width: 310px) 100vw, 310px\" \/>                                            <\/a>\n                                        <\/div>\n                                                                                    <div class=\"post-content\">\n                                                <div class=\"content\">\n                                                    <h4 class=\"htmega-post-g-title\"><a href='https:\/\/utfpr.curitiba.br\/nucleodesignanimacao\/?p=10820'>O ca\u00e7ador de \u00e1rvores gigantes &#8211; Anttonio Pereira<\/a><\/h4>                                                                                                    <\/div>\n                                            <\/div>\n                                                                                <\/div>\n                                <\/div>\n                            \n                        \n                        \n                                                                                                                                            <div class=\"htb-col-lg-4 htb-col-sm-6 htb-col-12\">\n                                    <div class=\"ht-post gradient-overlay gradient-overlay-5 mt--20\">\n                                        <div class=\"thumb\">\n                                            <a href=\"https:\/\/utfpr.curitiba.br\/nucleodesignanimacao\/?p=10809\">\n                                                <img loading=\"lazy\" decoding=\"async\" width=\"3334\" height=\"2348\" src=\"https:\/\/utfpr-ct-static-content.s3.amazonaws.com\/utfpr.curitiba.br\/wp-content\/uploads\/sites\/99\/2023\/04\/Imagem-substituicao_Prancheta-1.png\" class=\"attachment-full size-full wp-post-image\" alt=\"\" srcset=\"https:\/\/utfpr-ct-static-content.s3.amazonaws.com\/utfpr.curitiba.br\/wp-content\/uploads\/sites\/99\/2023\/04\/Imagem-substituicao_Prancheta-1.png 3334w, https:\/\/utfpr-ct-static-content.s3.amazonaws.com\/utfpr.curitiba.br\/wp-content\/uploads\/sites\/99\/2023\/04\/Imagem-substituicao_Prancheta-1-300x211.png 300w, https:\/\/utfpr-ct-static-content.s3.amazonaws.com\/utfpr.curitiba.br\/wp-content\/uploads\/sites\/99\/2023\/04\/Imagem-substituicao_Prancheta-1-1024x721.png 1024w, https:\/\/utfpr-ct-static-content.s3.amazonaws.com\/utfpr.curitiba.br\/wp-content\/uploads\/sites\/99\/2023\/04\/Imagem-substituicao_Prancheta-1-768x541.png 768w, https:\/\/utfpr-ct-static-content.s3.amazonaws.com\/utfpr.curitiba.br\/wp-content\/uploads\/sites\/99\/2023\/04\/Imagem-substituicao_Prancheta-1-1536x1082.png 1536w, https:\/\/utfpr-ct-static-content.s3.amazonaws.com\/utfpr.curitiba.br\/wp-content\/uploads\/sites\/99\/2023\/04\/Imagem-substituicao_Prancheta-1-2048x1442.png 2048w\" sizes=\"(max-width: 3334px) 100vw, 3334px\" \/>                                            <\/a>\n                                        <\/div>\n                                                                                    <div class=\"post-content\">\n                                                <div class=\"content\">\n                                                    <h4 class=\"htmega-post-g-title\"><a href='https:\/\/utfpr.curitiba.br\/nucleodesignanimacao\/?p=10809'>Lapa &#8211; Aline Santos<\/a><\/h4>                                                                                                    <\/div>\n                                            <\/div>\n                                                                                <\/div>\n                                <\/div>\n                            \n                        \n                        \n                                                                                                                                            <div class=\"htb-col-lg-4 htb-col-sm-6 htb-col-12\">\n                                    <div class=\"ht-post gradient-overlay gradient-overlay-6 mt--20\">\n                                        <div class=\"thumb\">\n                                            <a href=\"https:\/\/utfpr.curitiba.br\/nucleodesignanimacao\/?p=10794\">\n                                                <img loading=\"lazy\" decoding=\"async\" width=\"1920\" height=\"699\" src=\"https:\/\/utfpr-ct-static-content.s3.amazonaws.com\/utfpr.curitiba.br\/wp-content\/uploads\/sites\/99\/2023\/05\/Kuleshov-e-o-vi\u0301rus-Gunga-Guerra.png\" class=\"attachment-full size-full wp-post-image\" alt=\"\" srcset=\"https:\/\/utfpr-ct-static-content.s3.amazonaws.com\/utfpr.curitiba.br\/wp-content\/uploads\/sites\/99\/2023\/05\/Kuleshov-e-o-vi\u0301rus-Gunga-Guerra.png 1920w, https:\/\/utfpr-ct-static-content.s3.amazonaws.com\/utfpr.curitiba.br\/wp-content\/uploads\/sites\/99\/2023\/05\/Kuleshov-e-o-vi\u0301rus-Gunga-Guerra-300x109.png 300w, https:\/\/utfpr-ct-static-content.s3.amazonaws.com\/utfpr.curitiba.br\/wp-content\/uploads\/sites\/99\/2023\/05\/Kuleshov-e-o-vi\u0301rus-Gunga-Guerra-1024x373.png 1024w, https:\/\/utfpr-ct-static-content.s3.amazonaws.com\/utfpr.curitiba.br\/wp-content\/uploads\/sites\/99\/2023\/05\/Kuleshov-e-o-vi\u0301rus-Gunga-Guerra-768x280.png 768w, https:\/\/utfpr-ct-static-content.s3.amazonaws.com\/utfpr.curitiba.br\/wp-content\/uploads\/sites\/99\/2023\/05\/Kuleshov-e-o-vi\u0301rus-Gunga-Guerra-1536x559.png 1536w\" sizes=\"(max-width: 1920px) 100vw, 1920px\" \/>                                            <\/a>\n                                        <\/div>\n                                                                                    <div class=\"post-content\">\n                                                <div class=\"content\">\n                                                    <h4 class=\"htmega-post-g-title\"><a href='https:\/\/utfpr.curitiba.br\/nucleodesignanimacao\/?p=10794'>Kuleshov e o v\u00edrus &#8211; Gunga Guerra<\/a><\/h4>                                                                                                    <\/div>\n                                            <\/div>\n                                                                                <\/div>\n                                <\/div>\n                            \n                        \n                        \n                                                                                                                                            <div class=\"htb-col-lg-4 htb-col-sm-6 htb-col-12\">\n                                    <div class=\"ht-post gradient-overlay gradient-overlay-1 mt--20\">\n                                        <div class=\"thumb\">\n                                            <a href=\"https:\/\/utfpr.curitiba.br\/nucleodesignanimacao\/?p=10783\">\n                                                <img loading=\"lazy\" decoding=\"async\" width=\"600\" height=\"800\" src=\"https:\/\/utfpr-ct-static-content.s3.amazonaws.com\/utfpr.curitiba.br\/wp-content\/uploads\/sites\/99\/2023\/05\/I-LOVE-YOU-WITH-ALL-MY-BRAIN-Giuseppe-Barao-Fumagalli.jpg\" class=\"attachment-full size-full wp-post-image\" alt=\"\" srcset=\"https:\/\/utfpr-ct-static-content.s3.amazonaws.com\/utfpr.curitiba.br\/wp-content\/uploads\/sites\/99\/2023\/05\/I-LOVE-YOU-WITH-ALL-MY-BRAIN-Giuseppe-Barao-Fumagalli.jpg 600w, https:\/\/utfpr-ct-static-content.s3.amazonaws.com\/utfpr.curitiba.br\/wp-content\/uploads\/sites\/99\/2023\/05\/I-LOVE-YOU-WITH-ALL-MY-BRAIN-Giuseppe-Barao-Fumagalli-225x300.jpg 225w\" sizes=\"(max-width: 600px) 100vw, 600px\" \/>                                            <\/a>\n                                        <\/div>\n                                                                                    <div class=\"post-content\">\n                                                <div class=\"content\">\n                                                    <h4 class=\"htmega-post-g-title\"><a href='https:\/\/utfpr.curitiba.br\/nucleodesignanimacao\/?p=10783'>I Love You With All My Brain &#8211; Giuseppe Bar\u00e3o Fumagalli<\/a><\/h4>                                                                                                    <\/div>\n                                            <\/div>\n                                                                                <\/div>\n                                <\/div>\n                            \n                        \n                        \n                                                                                                                                            <div class=\"htb-col-lg-4 htb-col-sm-6 htb-col-12\">\n                                    <div class=\"ht-post gradient-overlay gradient-overlay-2 mt--20\">\n                                        <div class=\"thumb\">\n                                            <a href=\"https:\/\/utfpr.curitiba.br\/nucleodesignanimacao\/?p=10769\">\n                                                <img loading=\"lazy\" decoding=\"async\" width=\"1920\" height=\"786\" src=\"https:\/\/utfpr-ct-static-content.s3.amazonaws.com\/utfpr.curitiba.br\/wp-content\/uploads\/sites\/99\/2023\/05\/ENCO-Ale-Mulek.png\" class=\"attachment-full size-full wp-post-image\" alt=\"\" srcset=\"https:\/\/utfpr-ct-static-content.s3.amazonaws.com\/utfpr.curitiba.br\/wp-content\/uploads\/sites\/99\/2023\/05\/ENCO-Ale-Mulek.png 1920w, https:\/\/utfpr-ct-static-content.s3.amazonaws.com\/utfpr.curitiba.br\/wp-content\/uploads\/sites\/99\/2023\/05\/ENCO-Ale-Mulek-300x123.png 300w, https:\/\/utfpr-ct-static-content.s3.amazonaws.com\/utfpr.curitiba.br\/wp-content\/uploads\/sites\/99\/2023\/05\/ENCO-Ale-Mulek-1024x419.png 1024w, https:\/\/utfpr-ct-static-content.s3.amazonaws.com\/utfpr.curitiba.br\/wp-content\/uploads\/sites\/99\/2023\/05\/ENCO-Ale-Mulek-768x314.png 768w, https:\/\/utfpr-ct-static-content.s3.amazonaws.com\/utfpr.curitiba.br\/wp-content\/uploads\/sites\/99\/2023\/05\/ENCO-Ale-Mulek-1536x629.png 1536w\" sizes=\"(max-width: 1920px) 100vw, 1920px\" \/>                                            <\/a>\n                                        <\/div>\n                                                                                    <div class=\"post-content\">\n                                                <div class=\"content\">\n                                                    <h4 class=\"htmega-post-g-title\"><a href='https:\/\/utfpr.curitiba.br\/nucleodesignanimacao\/?p=10769'>ENCO &#8211; Ale Mulek<\/a><\/h4>                                                                                                    <\/div>\n                                            <\/div>\n                                                                                <\/div>\n                                <\/div>\n                            \n                        \n                        \n                                                                                                                                            <div class=\"htb-col-lg-4 htb-col-sm-6 htb-col-12\">\n                                    <div class=\"ht-post gradient-overlay gradient-overlay-3 mt--20\">\n                                        <div class=\"thumb\">\n                                            <a href=\"https:\/\/utfpr.curitiba.br\/nucleodesignanimacao\/?p=10757\">\n                                                <img loading=\"lazy\" decoding=\"async\" width=\"1920\" height=\"562\" src=\"https:\/\/utfpr-ct-static-content.s3.amazonaws.com\/utfpr.curitiba.br\/wp-content\/uploads\/sites\/99\/2023\/05\/Covid-19-Zeitgeist-20-Eddie-Silva.png\" class=\"attachment-full size-full wp-post-image\" alt=\"\" srcset=\"https:\/\/utfpr-ct-static-content.s3.amazonaws.com\/utfpr.curitiba.br\/wp-content\/uploads\/sites\/99\/2023\/05\/Covid-19-Zeitgeist-20-Eddie-Silva.png 1920w, https:\/\/utfpr-ct-static-content.s3.amazonaws.com\/utfpr.curitiba.br\/wp-content\/uploads\/sites\/99\/2023\/05\/Covid-19-Zeitgeist-20-Eddie-Silva-300x88.png 300w, https:\/\/utfpr-ct-static-content.s3.amazonaws.com\/utfpr.curitiba.br\/wp-content\/uploads\/sites\/99\/2023\/05\/Covid-19-Zeitgeist-20-Eddie-Silva-1024x300.png 1024w, https:\/\/utfpr-ct-static-content.s3.amazonaws.com\/utfpr.curitiba.br\/wp-content\/uploads\/sites\/99\/2023\/05\/Covid-19-Zeitgeist-20-Eddie-Silva-768x225.png 768w, https:\/\/utfpr-ct-static-content.s3.amazonaws.com\/utfpr.curitiba.br\/wp-content\/uploads\/sites\/99\/2023\/05\/Covid-19-Zeitgeist-20-Eddie-Silva-1536x450.png 1536w\" sizes=\"(max-width: 1920px) 100vw, 1920px\" \/>                                            <\/a>\n                                        <\/div>\n                                                                                    <div class=\"post-content\">\n                                                <div class=\"content\">\n                                                    <h4 class=\"htmega-post-g-title\"><a href='https:\/\/utfpr.curitiba.br\/nucleodesignanimacao\/?p=10757'>Covid 19 Zeitgeist 20 &#8211; Eddie Silva<\/a><\/h4>                                                                                                    <\/div>\n                                            <\/div>\n                                                                                <\/div>\n                                <\/div>\n                            \n                        \n                        \n                                                                                                                                            <div class=\"htb-col-lg-4 htb-col-sm-6 htb-col-12\">\n                                    <div class=\"ht-post gradient-overlay gradient-overlay-4 mt--20\">\n                                        <div class=\"thumb\">\n                                            <a href=\"https:\/\/utfpr.curitiba.br\/nucleodesignanimacao\/?p=10746\">\n                                                <img loading=\"lazy\" decoding=\"async\" width=\"1920\" height=\"720\" src=\"https:\/\/utfpr-ct-static-content.s3.amazonaws.com\/utfpr.curitiba.br\/wp-content\/uploads\/sites\/99\/2023\/05\/briga-de-galo-leonardo-jose-mancini.png\" class=\"attachment-full size-full wp-post-image\" alt=\"\" srcset=\"https:\/\/utfpr-ct-static-content.s3.amazonaws.com\/utfpr.curitiba.br\/wp-content\/uploads\/sites\/99\/2023\/05\/briga-de-galo-leonardo-jose-mancini.png 1920w, https:\/\/utfpr-ct-static-content.s3.amazonaws.com\/utfpr.curitiba.br\/wp-content\/uploads\/sites\/99\/2023\/05\/briga-de-galo-leonardo-jose-mancini-300x113.png 300w, https:\/\/utfpr-ct-static-content.s3.amazonaws.com\/utfpr.curitiba.br\/wp-content\/uploads\/sites\/99\/2023\/05\/briga-de-galo-leonardo-jose-mancini-1024x384.png 1024w, https:\/\/utfpr-ct-static-content.s3.amazonaws.com\/utfpr.curitiba.br\/wp-content\/uploads\/sites\/99\/2023\/05\/briga-de-galo-leonardo-jose-mancini-768x288.png 768w, https:\/\/utfpr-ct-static-content.s3.amazonaws.com\/utfpr.curitiba.br\/wp-content\/uploads\/sites\/99\/2023\/05\/briga-de-galo-leonardo-jose-mancini-1536x576.png 1536w\" sizes=\"(max-width: 1920px) 100vw, 1920px\" \/>                                            <\/a>\n                                        <\/div>\n                                                                                    <div class=\"post-content\">\n                                                <div class=\"content\">\n                                                    <h4 class=\"htmega-post-g-title\"><a href='https:\/\/utfpr.curitiba.br\/nucleodesignanimacao\/?p=10746'>Briga de Galo &#8211; Leonardo Jos\u00e9 Mancini<\/a><\/h4>                                                                                                    <\/div>\n                                            <\/div>\n                                                                                <\/div>\n                                <\/div>\n                            \n                        \n                        \n                                                                                                                                            <div class=\"htb-col-lg-4 htb-col-sm-6 htb-col-12\">\n                                    <div class=\"ht-post gradient-overlay gradient-overlay-5 mt--20\">\n                                        <div class=\"thumb\">\n                                            <a href=\"https:\/\/utfpr.curitiba.br\/nucleodesignanimacao\/?p=10735\">\n                                                <img loading=\"lazy\" decoding=\"async\" width=\"3334\" height=\"2348\" src=\"https:\/\/utfpr-ct-static-content.s3.amazonaws.com\/utfpr.curitiba.br\/wp-content\/uploads\/sites\/99\/2023\/04\/Imagem-substituicao_Prancheta-1.png\" class=\"attachment-full size-full wp-post-image\" alt=\"\" srcset=\"https:\/\/utfpr-ct-static-content.s3.amazonaws.com\/utfpr.curitiba.br\/wp-content\/uploads\/sites\/99\/2023\/04\/Imagem-substituicao_Prancheta-1.png 3334w, https:\/\/utfpr-ct-static-content.s3.amazonaws.com\/utfpr.curitiba.br\/wp-content\/uploads\/sites\/99\/2023\/04\/Imagem-substituicao_Prancheta-1-300x211.png 300w, https:\/\/utfpr-ct-static-content.s3.amazonaws.com\/utfpr.curitiba.br\/wp-content\/uploads\/sites\/99\/2023\/04\/Imagem-substituicao_Prancheta-1-1024x721.png 1024w, https:\/\/utfpr-ct-static-content.s3.amazonaws.com\/utfpr.curitiba.br\/wp-content\/uploads\/sites\/99\/2023\/04\/Imagem-substituicao_Prancheta-1-768x541.png 768w, https:\/\/utfpr-ct-static-content.s3.amazonaws.com\/utfpr.curitiba.br\/wp-content\/uploads\/sites\/99\/2023\/04\/Imagem-substituicao_Prancheta-1-1536x1082.png 1536w, https:\/\/utfpr-ct-static-content.s3.amazonaws.com\/utfpr.curitiba.br\/wp-content\/uploads\/sites\/99\/2023\/04\/Imagem-substituicao_Prancheta-1-2048x1442.png 2048w\" sizes=\"(max-width: 3334px) 100vw, 3334px\" \/>                                            <\/a>\n                                        <\/div>\n                                                                                    <div class=\"post-content\">\n                                                <div class=\"content\">\n                                                    <h4 class=\"htmega-post-g-title\"><a href='https:\/\/utfpr.curitiba.br\/nucleodesignanimacao\/?p=10735'>As aventuras de uma m\u00e1quina de lavar roupas &#8211; Almir Correia<\/a><\/h4>                                                                                                    <\/div>\n                                            <\/div>\n                                                                                <\/div>\n                                <\/div>\n                            \n                        \n                        \n                                                                                                                                            <div class=\"htb-col-lg-4 htb-col-sm-6 htb-col-12\">\n                                    <div class=\"ht-post gradient-overlay gradient-overlay-6 mt--20\">\n                                        <div class=\"thumb\">\n                                            <a href=\"https:\/\/utfpr.curitiba.br\/nucleodesignanimacao\/?p=10724\">\n                                                <img loading=\"lazy\" decoding=\"async\" width=\"1920\" height=\"844\" src=\"https:\/\/utfpr-ct-static-content.s3.amazonaws.com\/utfpr.curitiba.br\/wp-content\/uploads\/sites\/99\/2023\/05\/Ate-a-China-Marcelo-Marao.png\" class=\"attachment-full size-full wp-post-image\" alt=\"\" srcset=\"https:\/\/utfpr-ct-static-content.s3.amazonaws.com\/utfpr.curitiba.br\/wp-content\/uploads\/sites\/99\/2023\/05\/Ate-a-China-Marcelo-Marao.png 1920w, https:\/\/utfpr-ct-static-content.s3.amazonaws.com\/utfpr.curitiba.br\/wp-content\/uploads\/sites\/99\/2023\/05\/Ate-a-China-Marcelo-Marao-300x132.png 300w, https:\/\/utfpr-ct-static-content.s3.amazonaws.com\/utfpr.curitiba.br\/wp-content\/uploads\/sites\/99\/2023\/05\/Ate-a-China-Marcelo-Marao-1024x450.png 1024w, https:\/\/utfpr-ct-static-content.s3.amazonaws.com\/utfpr.curitiba.br\/wp-content\/uploads\/sites\/99\/2023\/05\/Ate-a-China-Marcelo-Marao-768x338.png 768w, https:\/\/utfpr-ct-static-content.s3.amazonaws.com\/utfpr.curitiba.br\/wp-content\/uploads\/sites\/99\/2023\/05\/Ate-a-China-Marcelo-Marao-1536x675.png 1536w\" sizes=\"(max-width: 1920px) 100vw, 1920px\" \/>                                            <\/a>\n                                        <\/div>\n                                                                                    <div class=\"post-content\">\n                                                <div class=\"content\">\n                                                    <h4 class=\"htmega-post-g-title\"><a href='https:\/\/utfpr.curitiba.br\/nucleodesignanimacao\/?p=10724'>At\u00e9 a China &#8211; Marcelo Mar\u00e3o<\/a><\/h4>                                                                                                    <\/div>\n                                            <\/div>\n                                                                                <\/div>\n                                <\/div>\n                            \n                        \n                        \n                                                                                                                                            <div class=\"htb-col-lg-4 htb-col-sm-6 htb-col-12\">\n                                    <div class=\"ht-post gradient-overlay gradient-overlay-1 mt--20\">\n                                        <div class=\"thumb\">\n                                            <a href=\"https:\/\/utfpr.curitiba.br\/nucleodesignanimacao\/?p=10710\">\n                                                <img loading=\"lazy\" decoding=\"async\" width=\"1920\" height=\"864\" src=\"https:\/\/utfpr-ct-static-content.s3.amazonaws.com\/utfpr.curitiba.br\/wp-content\/uploads\/sites\/99\/2023\/05\/O-Violeiro-Fantasma-Wesley-Rodrigues.png\" class=\"attachment-full size-full wp-post-image\" alt=\"\" srcset=\"https:\/\/utfpr-ct-static-content.s3.amazonaws.com\/utfpr.curitiba.br\/wp-content\/uploads\/sites\/99\/2023\/05\/O-Violeiro-Fantasma-Wesley-Rodrigues.png 1920w, https:\/\/utfpr-ct-static-content.s3.amazonaws.com\/utfpr.curitiba.br\/wp-content\/uploads\/sites\/99\/2023\/05\/O-Violeiro-Fantasma-Wesley-Rodrigues-300x135.png 300w, https:\/\/utfpr-ct-static-content.s3.amazonaws.com\/utfpr.curitiba.br\/wp-content\/uploads\/sites\/99\/2023\/05\/O-Violeiro-Fantasma-Wesley-Rodrigues-1024x461.png 1024w, https:\/\/utfpr-ct-static-content.s3.amazonaws.com\/utfpr.curitiba.br\/wp-content\/uploads\/sites\/99\/2023\/05\/O-Violeiro-Fantasma-Wesley-Rodrigues-768x346.png 768w, https:\/\/utfpr-ct-static-content.s3.amazonaws.com\/utfpr.curitiba.br\/wp-content\/uploads\/sites\/99\/2023\/05\/O-Violeiro-Fantasma-Wesley-Rodrigues-1536x691.png 1536w\" sizes=\"(max-width: 1920px) 100vw, 1920px\" \/>                                            <\/a>\n                                        <\/div>\n                                                                                    <div class=\"post-content\">\n                                                <div class=\"content\">\n                                                    <h4 class=\"htmega-post-g-title\"><a href='https:\/\/utfpr.curitiba.br\/nucleodesignanimacao\/?p=10710'>O Violeiro Fantasma &#8211; Wesley Rodrigues<\/a><\/h4>                                                                                                    <\/div>\n                                            <\/div>\n                                                                                <\/div>\n                                <\/div>\n                            \n                        \n                        \n                                                                                                                                            <div class=\"htb-col-lg-4 htb-col-sm-6 htb-col-12\">\n                                    <div class=\"ht-post gradient-overlay gradient-overlay-2 mt--20\">\n                                        <div class=\"thumb\">\n                                            <a href=\"https:\/\/utfpr.curitiba.br\/nucleodesignanimacao\/?p=10696\">\n                                                <img loading=\"lazy\" decoding=\"async\" width=\"3334\" height=\"2348\" src=\"https:\/\/utfpr-ct-static-content.s3.amazonaws.com\/utfpr.curitiba.br\/wp-content\/uploads\/sites\/99\/2023\/04\/Imagem-substituicao_Prancheta-1.png\" class=\"attachment-full size-full wp-post-image\" alt=\"\" srcset=\"https:\/\/utfpr-ct-static-content.s3.amazonaws.com\/utfpr.curitiba.br\/wp-content\/uploads\/sites\/99\/2023\/04\/Imagem-substituicao_Prancheta-1.png 3334w, https:\/\/utfpr-ct-static-content.s3.amazonaws.com\/utfpr.curitiba.br\/wp-content\/uploads\/sites\/99\/2023\/04\/Imagem-substituicao_Prancheta-1-300x211.png 300w, https:\/\/utfpr-ct-static-content.s3.amazonaws.com\/utfpr.curitiba.br\/wp-content\/uploads\/sites\/99\/2023\/04\/Imagem-substituicao_Prancheta-1-1024x721.png 1024w, https:\/\/utfpr-ct-static-content.s3.amazonaws.com\/utfpr.curitiba.br\/wp-content\/uploads\/sites\/99\/2023\/04\/Imagem-substituicao_Prancheta-1-768x541.png 768w, https:\/\/utfpr-ct-static-content.s3.amazonaws.com\/utfpr.curitiba.br\/wp-content\/uploads\/sites\/99\/2023\/04\/Imagem-substituicao_Prancheta-1-1536x1082.png 1536w, https:\/\/utfpr-ct-static-content.s3.amazonaws.com\/utfpr.curitiba.br\/wp-content\/uploads\/sites\/99\/2023\/04\/Imagem-substituicao_Prancheta-1-2048x1442.png 2048w\" sizes=\"(max-width: 3334px) 100vw, 3334px\" \/>                                            <\/a>\n                                        <\/div>\n                                                                                    <div class=\"post-content\">\n                                                <div class=\"content\">\n                                                    <h4 class=\"htmega-post-g-title\"><a href='https:\/\/utfpr.curitiba.br\/nucleodesignanimacao\/?p=10696'>Ritos de Passagem<\/a><\/h4>                                                                                                    <\/div>\n                                            <\/div>\n                                                                                <\/div>\n                                <\/div>\n                            \n                        \n                        \n                                                                                                                                            <div class=\"htb-col-lg-4 htb-col-sm-6 htb-col-12\">\n                                    <div class=\"ht-post gradient-overlay gradient-overlay-3 mt--20\">\n                                        <div class=\"thumb\">\n                                            <a href=\"https:\/\/utfpr.curitiba.br\/nucleodesignanimacao\/?p=10684\">\n                                                <img loading=\"lazy\" decoding=\"async\" width=\"3334\" height=\"2348\" src=\"https:\/\/utfpr-ct-static-content.s3.amazonaws.com\/utfpr.curitiba.br\/wp-content\/uploads\/sites\/99\/2023\/04\/Imagem-substituicao_Prancheta-1.png\" class=\"attachment-full size-full wp-post-image\" alt=\"\" srcset=\"https:\/\/utfpr-ct-static-content.s3.amazonaws.com\/utfpr.curitiba.br\/wp-content\/uploads\/sites\/99\/2023\/04\/Imagem-substituicao_Prancheta-1.png 3334w, https:\/\/utfpr-ct-static-content.s3.amazonaws.com\/utfpr.curitiba.br\/wp-content\/uploads\/sites\/99\/2023\/04\/Imagem-substituicao_Prancheta-1-300x211.png 300w, https:\/\/utfpr-ct-static-content.s3.amazonaws.com\/utfpr.curitiba.br\/wp-content\/uploads\/sites\/99\/2023\/04\/Imagem-substituicao_Prancheta-1-1024x721.png 1024w, https:\/\/utfpr-ct-static-content.s3.amazonaws.com\/utfpr.curitiba.br\/wp-content\/uploads\/sites\/99\/2023\/04\/Imagem-substituicao_Prancheta-1-768x541.png 768w, https:\/\/utfpr-ct-static-content.s3.amazonaws.com\/utfpr.curitiba.br\/wp-content\/uploads\/sites\/99\/2023\/04\/Imagem-substituicao_Prancheta-1-1536x1082.png 1536w, https:\/\/utfpr-ct-static-content.s3.amazonaws.com\/utfpr.curitiba.br\/wp-content\/uploads\/sites\/99\/2023\/04\/Imagem-substituicao_Prancheta-1-2048x1442.png 2048w\" sizes=\"(max-width: 3334px) 100vw, 3334px\" \/>                                            <\/a>\n                                        <\/div>\n                                                                                    <div class=\"post-content\">\n                                                <div class=\"content\">\n                                                    <h4 class=\"htmega-post-g-title\"><a href='https:\/\/utfpr.curitiba.br\/nucleodesignanimacao\/?p=10684'>PIXCODELICS<\/a><\/h4>                                                                                                    <\/div>\n                                            <\/div>\n                                                                                <\/div>\n                                <\/div>\n                            \n                        \n                        \n                                                                                                                                            <div class=\"htb-col-lg-4 htb-col-sm-6 htb-col-12\">\n                                    <div class=\"ht-post gradient-overlay gradient-overlay-4 mt--20\">\n                                        <div class=\"thumb\">\n                                            <a href=\"https:\/\/utfpr.curitiba.br\/nucleodesignanimacao\/?p=10671\">\n                                                <img loading=\"lazy\" decoding=\"async\" width=\"1920\" height=\"678\" src=\"https:\/\/utfpr-ct-static-content.s3.amazonaws.com\/utfpr.curitiba.br\/wp-content\/uploads\/sites\/99\/2023\/05\/O-Menino-Cabeca-de-Flor-Vanessa-Heeger.png\" class=\"attachment-full size-full wp-post-image\" alt=\"\" srcset=\"https:\/\/utfpr-ct-static-content.s3.amazonaws.com\/utfpr.curitiba.br\/wp-content\/uploads\/sites\/99\/2023\/05\/O-Menino-Cabeca-de-Flor-Vanessa-Heeger.png 1920w, https:\/\/utfpr-ct-static-content.s3.amazonaws.com\/utfpr.curitiba.br\/wp-content\/uploads\/sites\/99\/2023\/05\/O-Menino-Cabeca-de-Flor-Vanessa-Heeger-300x106.png 300w, https:\/\/utfpr-ct-static-content.s3.amazonaws.com\/utfpr.curitiba.br\/wp-content\/uploads\/sites\/99\/2023\/05\/O-Menino-Cabeca-de-Flor-Vanessa-Heeger-1024x362.png 1024w, https:\/\/utfpr-ct-static-content.s3.amazonaws.com\/utfpr.curitiba.br\/wp-content\/uploads\/sites\/99\/2023\/05\/O-Menino-Cabeca-de-Flor-Vanessa-Heeger-768x271.png 768w, https:\/\/utfpr-ct-static-content.s3.amazonaws.com\/utfpr.curitiba.br\/wp-content\/uploads\/sites\/99\/2023\/05\/O-Menino-Cabeca-de-Flor-Vanessa-Heeger-1536x542.png 1536w\" sizes=\"(max-width: 1920px) 100vw, 1920px\" \/>                                            <\/a>\n                                        <\/div>\n                                                                                    <div class=\"post-content\">\n                                                <div class=\"content\">\n                                                    <h4 class=\"htmega-post-g-title\"><a href='https:\/\/utfpr.curitiba.br\/nucleodesignanimacao\/?p=10671'>O Menino Cabeca de Flor &#8211; Vanessa Heeger<\/a><\/h4>                                                                                                    <\/div>\n                                            <\/div>\n                                                                                <\/div>\n                                <\/div>\n                            \n                        \n                        \n                                                                                                                                            <div class=\"htb-col-lg-4 htb-col-sm-6 htb-col-12\">\n                                    <div class=\"ht-post gradient-overlay gradient-overlay-5 mt--20\">\n                                        <div class=\"thumb\">\n                                            <a href=\"https:\/\/utfpr.curitiba.br\/nucleodesignanimacao\/?p=10659\">\n                                                <img loading=\"lazy\" decoding=\"async\" width=\"1895\" height=\"846\" src=\"https:\/\/utfpr-ct-static-content.s3.amazonaws.com\/utfpr.curitiba.br\/wp-content\/uploads\/sites\/99\/2023\/05\/Nana-Nilo-na-Cidade-Verde.png\" class=\"attachment-full size-full wp-post-image\" alt=\"\" srcset=\"https:\/\/utfpr-ct-static-content.s3.amazonaws.com\/utfpr.curitiba.br\/wp-content\/uploads\/sites\/99\/2023\/05\/Nana-Nilo-na-Cidade-Verde.png 1895w, https:\/\/utfpr-ct-static-content.s3.amazonaws.com\/utfpr.curitiba.br\/wp-content\/uploads\/sites\/99\/2023\/05\/Nana-Nilo-na-Cidade-Verde-300x134.png 300w, https:\/\/utfpr-ct-static-content.s3.amazonaws.com\/utfpr.curitiba.br\/wp-content\/uploads\/sites\/99\/2023\/05\/Nana-Nilo-na-Cidade-Verde-1024x457.png 1024w, https:\/\/utfpr-ct-static-content.s3.amazonaws.com\/utfpr.curitiba.br\/wp-content\/uploads\/sites\/99\/2023\/05\/Nana-Nilo-na-Cidade-Verde-768x343.png 768w, https:\/\/utfpr-ct-static-content.s3.amazonaws.com\/utfpr.curitiba.br\/wp-content\/uploads\/sites\/99\/2023\/05\/Nana-Nilo-na-Cidade-Verde-1536x686.png 1536w\" sizes=\"(max-width: 1895px) 100vw, 1895px\" \/>                                            <\/a>\n                                        <\/div>\n                                                                                    <div class=\"post-content\">\n                                                <div class=\"content\">\n                                                    <h4 class=\"htmega-post-g-title\"><a href='https:\/\/utfpr.curitiba.br\/nucleodesignanimacao\/?p=10659'>Nana &amp; Nilo na Cidade Verde<\/a><\/h4>                                                                                                    <\/div>\n                                            <\/div>\n                                                                                <\/div>\n                                <\/div>\n                            \n                        \n                        \n                                                                                                                                            <div class=\"htb-col-lg-4 htb-col-sm-6 htb-col-12\">\n                                    <div class=\"ht-post gradient-overlay gradient-overlay-6 mt--20\">\n                                        <div class=\"thumb\">\n                                            <a href=\"https:\/\/utfpr.curitiba.br\/nucleodesignanimacao\/?p=10646\">\n                                                <img loading=\"lazy\" decoding=\"async\" width=\"1920\" height=\"694\" src=\"https:\/\/utfpr-ct-static-content.s3.amazonaws.com\/utfpr.curitiba.br\/wp-content\/uploads\/sites\/99\/2023\/05\/Mitos-Indigenas-em-Travessia-Julia-Vellutini-e-Wesley-Rodrigues.png\" class=\"attachment-full size-full wp-post-image\" alt=\"\" srcset=\"https:\/\/utfpr-ct-static-content.s3.amazonaws.com\/utfpr.curitiba.br\/wp-content\/uploads\/sites\/99\/2023\/05\/Mitos-Indigenas-em-Travessia-Julia-Vellutini-e-Wesley-Rodrigues.png 1920w, https:\/\/utfpr-ct-static-content.s3.amazonaws.com\/utfpr.curitiba.br\/wp-content\/uploads\/sites\/99\/2023\/05\/Mitos-Indigenas-em-Travessia-Julia-Vellutini-e-Wesley-Rodrigues-300x108.png 300w, https:\/\/utfpr-ct-static-content.s3.amazonaws.com\/utfpr.curitiba.br\/wp-content\/uploads\/sites\/99\/2023\/05\/Mitos-Indigenas-em-Travessia-Julia-Vellutini-e-Wesley-Rodrigues-1024x370.png 1024w, https:\/\/utfpr-ct-static-content.s3.amazonaws.com\/utfpr.curitiba.br\/wp-content\/uploads\/sites\/99\/2023\/05\/Mitos-Indigenas-em-Travessia-Julia-Vellutini-e-Wesley-Rodrigues-768x278.png 768w, https:\/\/utfpr-ct-static-content.s3.amazonaws.com\/utfpr.curitiba.br\/wp-content\/uploads\/sites\/99\/2023\/05\/Mitos-Indigenas-em-Travessia-Julia-Vellutini-e-Wesley-Rodrigues-1536x555.png 1536w\" sizes=\"(max-width: 1920px) 100vw, 1920px\" \/>                                            <\/a>\n                                        <\/div>\n                                                                                    <div class=\"post-content\">\n                                                <div class=\"content\">\n                                                    <h4 class=\"htmega-post-g-title\"><a href='https:\/\/utfpr.curitiba.br\/nucleodesignanimacao\/?p=10646'>Mitos Ind\u00edgenas em Travessia &#8211; Julia Vellutini y Wesley Rodrigues<\/a><\/h4>                                                                                                    <\/div>\n                                            <\/div>\n                                                                                <\/div>\n                                <\/div>\n                            \n                        \n                        \n                                                                                                                                            <div class=\"htb-col-lg-4 htb-col-sm-6 htb-col-12\">\n                                    <div class=\"ht-post gradient-overlay gradient-overlay-1 mt--20\">\n                                        <div class=\"thumb\">\n                                            <a href=\"https:\/\/utfpr.curitiba.br\/nucleodesignanimacao\/?p=10634\">\n                                                <img loading=\"lazy\" decoding=\"async\" width=\"1912\" height=\"801\" src=\"https:\/\/utfpr-ct-static-content.s3.amazonaws.com\/utfpr.curitiba.br\/wp-content\/uploads\/sites\/99\/2023\/05\/Icamiabas-na-Cidade-Amazonica.png\" class=\"attachment-full size-full wp-post-image\" alt=\"\" srcset=\"https:\/\/utfpr-ct-static-content.s3.amazonaws.com\/utfpr.curitiba.br\/wp-content\/uploads\/sites\/99\/2023\/05\/Icamiabas-na-Cidade-Amazonica.png 1912w, https:\/\/utfpr-ct-static-content.s3.amazonaws.com\/utfpr.curitiba.br\/wp-content\/uploads\/sites\/99\/2023\/05\/Icamiabas-na-Cidade-Amazonica-300x126.png 300w, https:\/\/utfpr-ct-static-content.s3.amazonaws.com\/utfpr.curitiba.br\/wp-content\/uploads\/sites\/99\/2023\/05\/Icamiabas-na-Cidade-Amazonica-1024x429.png 1024w, https:\/\/utfpr-ct-static-content.s3.amazonaws.com\/utfpr.curitiba.br\/wp-content\/uploads\/sites\/99\/2023\/05\/Icamiabas-na-Cidade-Amazonica-768x322.png 768w, https:\/\/utfpr-ct-static-content.s3.amazonaws.com\/utfpr.curitiba.br\/wp-content\/uploads\/sites\/99\/2023\/05\/Icamiabas-na-Cidade-Amazonica-1536x643.png 1536w\" sizes=\"(max-width: 1912px) 100vw, 1912px\" \/>                                            <\/a>\n                                        <\/div>\n                                                                                    <div class=\"post-content\">\n                                                <div class=\"content\">\n                                                    <h4 class=\"htmega-post-g-title\"><a href='https:\/\/utfpr.curitiba.br\/nucleodesignanimacao\/?p=10634'>Icamiabas na Cidade Amaz\u00f4nica<\/a><\/h4>                                                                                                    <\/div>\n                                            <\/div>\n                                                                                <\/div>\n                                <\/div>\n                            \n                        \n                        \n                                                                                                                                            <div class=\"htb-col-lg-4 htb-col-sm-6 htb-col-12\">\n                                    <div class=\"ht-post gradient-overlay gradient-overlay-2 mt--20\">\n                                        <div class=\"thumb\">\n                                            <a href=\"https:\/\/utfpr.curitiba.br\/nucleodesignanimacao\/?p=10621\">\n                                                <img loading=\"lazy\" decoding=\"async\" width=\"3334\" height=\"2348\" src=\"https:\/\/utfpr-ct-static-content.s3.amazonaws.com\/utfpr.curitiba.br\/wp-content\/uploads\/sites\/99\/2023\/04\/Imagem-substituicao_Prancheta-1.png\" class=\"attachment-full size-full wp-post-image\" alt=\"\" srcset=\"https:\/\/utfpr-ct-static-content.s3.amazonaws.com\/utfpr.curitiba.br\/wp-content\/uploads\/sites\/99\/2023\/04\/Imagem-substituicao_Prancheta-1.png 3334w, https:\/\/utfpr-ct-static-content.s3.amazonaws.com\/utfpr.curitiba.br\/wp-content\/uploads\/sites\/99\/2023\/04\/Imagem-substituicao_Prancheta-1-300x211.png 300w, https:\/\/utfpr-ct-static-content.s3.amazonaws.com\/utfpr.curitiba.br\/wp-content\/uploads\/sites\/99\/2023\/04\/Imagem-substituicao_Prancheta-1-1024x721.png 1024w, https:\/\/utfpr-ct-static-content.s3.amazonaws.com\/utfpr.curitiba.br\/wp-content\/uploads\/sites\/99\/2023\/04\/Imagem-substituicao_Prancheta-1-768x541.png 768w, https:\/\/utfpr-ct-static-content.s3.amazonaws.com\/utfpr.curitiba.br\/wp-content\/uploads\/sites\/99\/2023\/04\/Imagem-substituicao_Prancheta-1-1536x1082.png 1536w, https:\/\/utfpr-ct-static-content.s3.amazonaws.com\/utfpr.curitiba.br\/wp-content\/uploads\/sites\/99\/2023\/04\/Imagem-substituicao_Prancheta-1-2048x1442.png 2048w\" sizes=\"(max-width: 3334px) 100vw, 3334px\" \/>                                            <\/a>\n                                        <\/div>\n                                                                                    <div class=\"post-content\">\n                                                <div class=\"content\">\n                                                    <h4 class=\"htmega-post-g-title\"><a href='https:\/\/utfpr.curitiba.br\/nucleodesignanimacao\/?p=10621'>@disexta<\/a><\/h4>                                                                                                    <\/div>\n                                            <\/div>\n                                                                                <\/div>\n                                <\/div>\n                            \n                        \n                        \n                                                                                                                                            <div class=\"htb-col-lg-4 htb-col-sm-6 htb-col-12\">\n                                    <div class=\"ht-post gradient-overlay gradient-overlay-3 mt--20\">\n                                        <div class=\"thumb\">\n                                            <a href=\"https:\/\/utfpr.curitiba.br\/nucleodesignanimacao\/?p=10609\">\n                                                <img loading=\"lazy\" decoding=\"async\" width=\"1920\" height=\"835\" src=\"https:\/\/utfpr-ct-static-content.s3.amazonaws.com\/utfpr.curitiba.br\/wp-content\/uploads\/sites\/99\/2023\/05\/Sangro-Tiago-Minamisawa-Bruno-H-Castro-Guto-BR-codirecao.png\" class=\"attachment-full size-full wp-post-image\" alt=\"\" srcset=\"https:\/\/utfpr-ct-static-content.s3.amazonaws.com\/utfpr.curitiba.br\/wp-content\/uploads\/sites\/99\/2023\/05\/Sangro-Tiago-Minamisawa-Bruno-H-Castro-Guto-BR-codirecao.png 1920w, https:\/\/utfpr-ct-static-content.s3.amazonaws.com\/utfpr.curitiba.br\/wp-content\/uploads\/sites\/99\/2023\/05\/Sangro-Tiago-Minamisawa-Bruno-H-Castro-Guto-BR-codirecao-300x130.png 300w, https:\/\/utfpr-ct-static-content.s3.amazonaws.com\/utfpr.curitiba.br\/wp-content\/uploads\/sites\/99\/2023\/05\/Sangro-Tiago-Minamisawa-Bruno-H-Castro-Guto-BR-codirecao-1024x445.png 1024w, https:\/\/utfpr-ct-static-content.s3.amazonaws.com\/utfpr.curitiba.br\/wp-content\/uploads\/sites\/99\/2023\/05\/Sangro-Tiago-Minamisawa-Bruno-H-Castro-Guto-BR-codirecao-768x334.png 768w, https:\/\/utfpr-ct-static-content.s3.amazonaws.com\/utfpr.curitiba.br\/wp-content\/uploads\/sites\/99\/2023\/05\/Sangro-Tiago-Minamisawa-Bruno-H-Castro-Guto-BR-codirecao-1536x668.png 1536w\" sizes=\"(max-width: 1920px) 100vw, 1920px\" \/>                                            <\/a>\n                                        <\/div>\n                                                                                    <div class=\"post-content\">\n                                                <div class=\"content\">\n                                                    <h4 class=\"htmega-post-g-title\"><a href='https:\/\/utfpr.curitiba.br\/nucleodesignanimacao\/?p=10609'>Sangro &#8211; Tiago Minamisawa, Bruno H Castro, Guto BR (codire\u00e7\u00e3o)<\/a><\/h4>                                                                                                    <\/div>\n                                            <\/div>\n                                                                                <\/div>\n                                <\/div>\n                            \n                        \n                        \n                                                                                                                                            <div class=\"htb-col-lg-4 htb-col-sm-6 htb-col-12\">\n                                    <div class=\"ht-post gradient-overlay gradient-overlay-4 mt--20\">\n                                        <div class=\"thumb\">\n                                            <a href=\"https:\/\/utfpr.curitiba.br\/nucleodesignanimacao\/?p=10594\">\n                                                <img loading=\"lazy\" decoding=\"async\" width=\"1920\" height=\"893\" src=\"https:\/\/utfpr-ct-static-content.s3.amazonaws.com\/utfpr.curitiba.br\/wp-content\/uploads\/sites\/99\/2023\/05\/Barbas-de-Molho-Eduardo-Padrao-Leanndro-Amorim.png\" class=\"attachment-full size-full wp-post-image\" alt=\"\" srcset=\"https:\/\/utfpr-ct-static-content.s3.amazonaws.com\/utfpr.curitiba.br\/wp-content\/uploads\/sites\/99\/2023\/05\/Barbas-de-Molho-Eduardo-Padrao-Leanndro-Amorim.png 1920w, https:\/\/utfpr-ct-static-content.s3.amazonaws.com\/utfpr.curitiba.br\/wp-content\/uploads\/sites\/99\/2023\/05\/Barbas-de-Molho-Eduardo-Padrao-Leanndro-Amorim-300x140.png 300w, https:\/\/utfpr-ct-static-content.s3.amazonaws.com\/utfpr.curitiba.br\/wp-content\/uploads\/sites\/99\/2023\/05\/Barbas-de-Molho-Eduardo-Padrao-Leanndro-Amorim-1024x476.png 1024w, https:\/\/utfpr-ct-static-content.s3.amazonaws.com\/utfpr.curitiba.br\/wp-content\/uploads\/sites\/99\/2023\/05\/Barbas-de-Molho-Eduardo-Padrao-Leanndro-Amorim-768x357.png 768w, https:\/\/utfpr-ct-static-content.s3.amazonaws.com\/utfpr.curitiba.br\/wp-content\/uploads\/sites\/99\/2023\/05\/Barbas-de-Molho-Eduardo-Padrao-Leanndro-Amorim-1536x714.png 1536w\" sizes=\"(max-width: 1920px) 100vw, 1920px\" \/>                                            <\/a>\n                                        <\/div>\n                                                                                    <div class=\"post-content\">\n                                                <div class=\"content\">\n                                                    <h4 class=\"htmega-post-g-title\"><a href='https:\/\/utfpr.curitiba.br\/nucleodesignanimacao\/?p=10594'>Barbas de Molho &#8211; Eduardo Padr\u00e3o e Leanndro Amorim<\/a><\/h4>                                                                                                    <\/div>\n                                            <\/div>\n                                                                                <\/div>\n                                <\/div>\n                            \n                        \n                        \n                                                                                                                                            <div class=\"htb-col-lg-4 htb-col-sm-6 htb-col-12\">\n                                    <div class=\"ht-post gradient-overlay gradient-overlay-5 mt--20\">\n                                        <div class=\"thumb\">\n                                            <a href=\"https:\/\/utfpr.curitiba.br\/nucleodesignanimacao\/?p=10581\">\n                                                <img loading=\"lazy\" decoding=\"async\" width=\"1920\" height=\"881\" src=\"https:\/\/utfpr-ct-static-content.s3.amazonaws.com\/utfpr.curitiba.br\/wp-content\/uploads\/sites\/99\/2023\/05\/Vento-Viajante-Analucia-Godoi-e-Os-alunos.png\" class=\"attachment-full size-full wp-post-image\" alt=\"\" srcset=\"https:\/\/utfpr-ct-static-content.s3.amazonaws.com\/utfpr.curitiba.br\/wp-content\/uploads\/sites\/99\/2023\/05\/Vento-Viajante-Analucia-Godoi-e-Os-alunos.png 1920w, https:\/\/utfpr-ct-static-content.s3.amazonaws.com\/utfpr.curitiba.br\/wp-content\/uploads\/sites\/99\/2023\/05\/Vento-Viajante-Analucia-Godoi-e-Os-alunos-300x138.png 300w, https:\/\/utfpr-ct-static-content.s3.amazonaws.com\/utfpr.curitiba.br\/wp-content\/uploads\/sites\/99\/2023\/05\/Vento-Viajante-Analucia-Godoi-e-Os-alunos-1024x470.png 1024w, https:\/\/utfpr-ct-static-content.s3.amazonaws.com\/utfpr.curitiba.br\/wp-content\/uploads\/sites\/99\/2023\/05\/Vento-Viajante-Analucia-Godoi-e-Os-alunos-768x352.png 768w, https:\/\/utfpr-ct-static-content.s3.amazonaws.com\/utfpr.curitiba.br\/wp-content\/uploads\/sites\/99\/2023\/05\/Vento-Viajante-Analucia-Godoi-e-Os-alunos-1536x705.png 1536w, https:\/\/utfpr-ct-static-content.s3.amazonaws.com\/utfpr.curitiba.br\/wp-content\/uploads\/sites\/99\/2023\/05\/Vento-Viajante-Analucia-Godoi-e-Os-alunos-1170x536.png 1170w\" sizes=\"(max-width: 1920px) 100vw, 1920px\" \/>                                            <\/a>\n                                        <\/div>\n                                                                                    <div class=\"post-content\">\n                                                <div class=\"content\">\n                                                    <h4 class=\"htmega-post-g-title\"><a href='https:\/\/utfpr.curitiba.br\/nucleodesignanimacao\/?p=10581'>Vento Viajante &#8211; Anal\u00facia Godoi y estudiantes<\/a><\/h4>                                                                                                    <\/div>\n                                            <\/div>\n                                                                                <\/div>\n                                <\/div>\n                            \n                        \n                        \n                                                                                                                                            <div class=\"htb-col-lg-4 htb-col-sm-6 htb-col-12\">\n                                    <div class=\"ht-post gradient-overlay gradient-overlay-6 mt--20\">\n                                        <div class=\"thumb\">\n                                            <a href=\"https:\/\/utfpr.curitiba.br\/nucleodesignanimacao\/?p=10568\">\n                                                <img loading=\"lazy\" decoding=\"async\" width=\"1920\" height=\"783\" src=\"https:\/\/utfpr-ct-static-content.s3.amazonaws.com\/utfpr.curitiba.br\/wp-content\/uploads\/sites\/99\/2023\/05\/Le-com-Cre-Cassandra-Reis.png\" class=\"attachment-full size-full wp-post-image\" alt=\"\" srcset=\"https:\/\/utfpr-ct-static-content.s3.amazonaws.com\/utfpr.curitiba.br\/wp-content\/uploads\/sites\/99\/2023\/05\/Le-com-Cre-Cassandra-Reis.png 1920w, https:\/\/utfpr-ct-static-content.s3.amazonaws.com\/utfpr.curitiba.br\/wp-content\/uploads\/sites\/99\/2023\/05\/Le-com-Cre-Cassandra-Reis-300x122.png 300w, https:\/\/utfpr-ct-static-content.s3.amazonaws.com\/utfpr.curitiba.br\/wp-content\/uploads\/sites\/99\/2023\/05\/Le-com-Cre-Cassandra-Reis-1024x418.png 1024w, https:\/\/utfpr-ct-static-content.s3.amazonaws.com\/utfpr.curitiba.br\/wp-content\/uploads\/sites\/99\/2023\/05\/Le-com-Cre-Cassandra-Reis-768x313.png 768w, https:\/\/utfpr-ct-static-content.s3.amazonaws.com\/utfpr.curitiba.br\/wp-content\/uploads\/sites\/99\/2023\/05\/Le-com-Cre-Cassandra-Reis-1536x626.png 1536w\" sizes=\"(max-width: 1920px) 100vw, 1920px\" \/>                                            <\/a>\n                                        <\/div>\n                                                                                    <div class=\"post-content\">\n                                                <div class=\"content\">\n                                                    <h4 class=\"htmega-post-g-title\"><a href='https:\/\/utfpr.curitiba.br\/nucleodesignanimacao\/?p=10568'>L\u00e9 com Cr\u00e9 &#8211; Cassandra Reis<\/a><\/h4>                                                                                                    <\/div>\n                                            <\/div>\n                                                                                <\/div>\n                                <\/div>\n                            \n                        \n                        \n                                                                                                                                            <div class=\"htb-col-lg-4 htb-col-sm-6 htb-col-12\">\n                                    <div class=\"ht-post gradient-overlay gradient-overlay-1 mt--20\">\n                                        <div class=\"thumb\">\n                                            <a href=\"https:\/\/utfpr.curitiba.br\/nucleodesignanimacao\/?p=10556\">\n                                                <img loading=\"lazy\" decoding=\"async\" width=\"1238\" height=\"699\" src=\"https:\/\/utfpr-ct-static-content.s3.amazonaws.com\/utfpr.curitiba.br\/wp-content\/uploads\/sites\/99\/2023\/05\/Walter-Tournier-Savio-Leite-e-Silva.png\" class=\"attachment-full size-full wp-post-image\" alt=\"\" srcset=\"https:\/\/utfpr-ct-static-content.s3.amazonaws.com\/utfpr.curitiba.br\/wp-content\/uploads\/sites\/99\/2023\/05\/Walter-Tournier-Savio-Leite-e-Silva.png 1238w, https:\/\/utfpr-ct-static-content.s3.amazonaws.com\/utfpr.curitiba.br\/wp-content\/uploads\/sites\/99\/2023\/05\/Walter-Tournier-Savio-Leite-e-Silva-300x169.png 300w, https:\/\/utfpr-ct-static-content.s3.amazonaws.com\/utfpr.curitiba.br\/wp-content\/uploads\/sites\/99\/2023\/05\/Walter-Tournier-Savio-Leite-e-Silva-1024x578.png 1024w, https:\/\/utfpr-ct-static-content.s3.amazonaws.com\/utfpr.curitiba.br\/wp-content\/uploads\/sites\/99\/2023\/05\/Walter-Tournier-Savio-Leite-e-Silva-768x434.png 768w\" sizes=\"(max-width: 1238px) 100vw, 1238px\" \/>                                            <\/a>\n                                        <\/div>\n                                                                                    <div class=\"post-content\">\n                                                <div class=\"content\">\n                                                    <h4 class=\"htmega-post-g-title\"><a href='https:\/\/utfpr.curitiba.br\/nucleodesignanimacao\/?p=10556'>Walter Tournier &#8211; S\u00e1vio Leite e Silva<\/a><\/h4>                                                                                                    <\/div>\n                                            <\/div>\n                                                                                <\/div>\n                                <\/div>\n                            \n                        \n                        \n                                                                                                                                            <div class=\"htb-col-lg-4 htb-col-sm-6 htb-col-12\">\n                                    <div class=\"ht-post gradient-overlay gradient-overlay-2 mt--20\">\n                                        <div class=\"thumb\">\n                                            <a href=\"https:\/\/utfpr.curitiba.br\/nucleodesignanimacao\/?p=10544\">\n                                                <img loading=\"lazy\" decoding=\"async\" width=\"1920\" height=\"719\" src=\"https:\/\/utfpr-ct-static-content.s3.amazonaws.com\/utfpr.curitiba.br\/wp-content\/uploads\/sites\/99\/2023\/05\/Coracoes-Encouracados-Jamile-Coelho.png\" class=\"attachment-full size-full wp-post-image\" alt=\"\" srcset=\"https:\/\/utfpr-ct-static-content.s3.amazonaws.com\/utfpr.curitiba.br\/wp-content\/uploads\/sites\/99\/2023\/05\/Coracoes-Encouracados-Jamile-Coelho.png 1920w, https:\/\/utfpr-ct-static-content.s3.amazonaws.com\/utfpr.curitiba.br\/wp-content\/uploads\/sites\/99\/2023\/05\/Coracoes-Encouracados-Jamile-Coelho-300x112.png 300w, https:\/\/utfpr-ct-static-content.s3.amazonaws.com\/utfpr.curitiba.br\/wp-content\/uploads\/sites\/99\/2023\/05\/Coracoes-Encouracados-Jamile-Coelho-1024x383.png 1024w, https:\/\/utfpr-ct-static-content.s3.amazonaws.com\/utfpr.curitiba.br\/wp-content\/uploads\/sites\/99\/2023\/05\/Coracoes-Encouracados-Jamile-Coelho-768x288.png 768w, https:\/\/utfpr-ct-static-content.s3.amazonaws.com\/utfpr.curitiba.br\/wp-content\/uploads\/sites\/99\/2023\/05\/Coracoes-Encouracados-Jamile-Coelho-1536x575.png 1536w\" sizes=\"(max-width: 1920px) 100vw, 1920px\" \/>                                            <\/a>\n                                        <\/div>\n                                                                                    <div class=\"post-content\">\n                                                <div class=\"content\">\n                                                    <h4 class=\"htmega-post-g-title\"><a href='https:\/\/utfpr.curitiba.br\/nucleodesignanimacao\/?p=10544'>Cora\u00e7\u00f5es Encoura\u00e7ados &#8211; Jamile Coelho e Cintia Maria<\/a><\/h4>                                                                                                    <\/div>\n                                            <\/div>\n                                                                                <\/div>\n                                <\/div>\n                            \n                        \n                        \n                                                                                                                                            <div class=\"htb-col-lg-4 htb-col-sm-6 htb-col-12\">\n                                    <div class=\"ht-post gradient-overlay gradient-overlay-3 mt--20\">\n                                        <div class=\"thumb\">\n                                            <a href=\"https:\/\/utfpr.curitiba.br\/nucleodesignanimacao\/?p=10531\">\n                                                <img loading=\"lazy\" decoding=\"async\" width=\"680\" height=\"380\" src=\"https:\/\/utfpr-ct-static-content.s3.amazonaws.com\/utfpr.curitiba.br\/wp-content\/uploads\/sites\/99\/2023\/05\/TripTreasure-Alunos-do-Estudio-Escola-de-Animacao.png\" class=\"attachment-full size-full wp-post-image\" alt=\"\" srcset=\"https:\/\/utfpr-ct-static-content.s3.amazonaws.com\/utfpr.curitiba.br\/wp-content\/uploads\/sites\/99\/2023\/05\/TripTreasure-Alunos-do-Estudio-Escola-de-Animacao.png 680w, https:\/\/utfpr-ct-static-content.s3.amazonaws.com\/utfpr.curitiba.br\/wp-content\/uploads\/sites\/99\/2023\/05\/TripTreasure-Alunos-do-Estudio-Escola-de-Animacao-300x168.png 300w\" sizes=\"(max-width: 680px) 100vw, 680px\" \/>                                            <\/a>\n                                        <\/div>\n                                                                                    <div class=\"post-content\">\n                                                <div class=\"content\">\n                                                    <h4 class=\"htmega-post-g-title\"><a href='https:\/\/utfpr.curitiba.br\/nucleodesignanimacao\/?p=10531'>Trip &amp; Treasure &#8211; Estudiantes del Est\u00fadio Escola de Anima\u00e7\u00e3o<\/a><\/h4>                                                                                                    <\/div>\n                                            <\/div>\n                                                                                <\/div>\n                                <\/div>\n                            \n                        \n                        \n                                                                                                                                            <div class=\"htb-col-lg-4 htb-col-sm-6 htb-col-12\">\n                                    <div class=\"ht-post gradient-overlay gradient-overlay-4 mt--20\">\n                                        <div class=\"thumb\">\n                                            <a href=\"https:\/\/utfpr.curitiba.br\/nucleodesignanimacao\/?p=10518\">\n                                                <img loading=\"lazy\" decoding=\"async\" width=\"1920\" height=\"1080\" src=\"https:\/\/utfpr-ct-static-content.s3.amazonaws.com\/utfpr.curitiba.br\/wp-content\/uploads\/sites\/99\/2023\/05\/o-mundo-de-clara-ayode-franca.png\" class=\"attachment-full size-full wp-post-image\" alt=\"\" srcset=\"https:\/\/utfpr-ct-static-content.s3.amazonaws.com\/utfpr.curitiba.br\/wp-content\/uploads\/sites\/99\/2023\/05\/o-mundo-de-clara-ayode-franca.png 1920w, https:\/\/utfpr-ct-static-content.s3.amazonaws.com\/utfpr.curitiba.br\/wp-content\/uploads\/sites\/99\/2023\/05\/o-mundo-de-clara-ayode-franca-300x169.png 300w, https:\/\/utfpr-ct-static-content.s3.amazonaws.com\/utfpr.curitiba.br\/wp-content\/uploads\/sites\/99\/2023\/05\/o-mundo-de-clara-ayode-franca-1024x576.png 1024w, https:\/\/utfpr-ct-static-content.s3.amazonaws.com\/utfpr.curitiba.br\/wp-content\/uploads\/sites\/99\/2023\/05\/o-mundo-de-clara-ayode-franca-768x432.png 768w, https:\/\/utfpr-ct-static-content.s3.amazonaws.com\/utfpr.curitiba.br\/wp-content\/uploads\/sites\/99\/2023\/05\/o-mundo-de-clara-ayode-franca-1536x864.png 1536w\" sizes=\"(max-width: 1920px) 100vw, 1920px\" \/>                                            <\/a>\n                                        <\/div>\n                                                                                    <div class=\"post-content\">\n                                                <div class=\"content\">\n                                                    <h4 class=\"htmega-post-g-title\"><a href='https:\/\/utfpr.curitiba.br\/nucleodesignanimacao\/?p=10518'>O Mundo de Clara &#8211; Ayod\u00ea Fran\u00e7a<\/a><\/h4>                                                                                                    <\/div>\n                                            <\/div>\n                                                                                <\/div>\n                                <\/div>\n                            \n                        \n                        \n                                                                                                                                            <div class=\"htb-col-lg-4 htb-col-sm-6 htb-col-12\">\n                                    <div class=\"ht-post gradient-overlay gradient-overlay-5 mt--20\">\n                                        <div class=\"thumb\">\n                                            <a href=\"https:\/\/utfpr.curitiba.br\/nucleodesignanimacao\/?p=10501\">\n                                                <img loading=\"lazy\" decoding=\"async\" width=\"1200\" height=\"675\" src=\"https:\/\/utfpr-ct-static-content.s3.amazonaws.com\/utfpr.curitiba.br\/wp-content\/uploads\/sites\/99\/2023\/05\/O-Brasil-de-Tuhu-Felipe-Grosso-e-Odirlei-Seixas.jpg\" class=\"attachment-full size-full wp-post-image\" alt=\"\" srcset=\"https:\/\/utfpr-ct-static-content.s3.amazonaws.com\/utfpr.curitiba.br\/wp-content\/uploads\/sites\/99\/2023\/05\/O-Brasil-de-Tuhu-Felipe-Grosso-e-Odirlei-Seixas.jpg 1200w, https:\/\/utfpr-ct-static-content.s3.amazonaws.com\/utfpr.curitiba.br\/wp-content\/uploads\/sites\/99\/2023\/05\/O-Brasil-de-Tuhu-Felipe-Grosso-e-Odirlei-Seixas-300x169.jpg 300w, https:\/\/utfpr-ct-static-content.s3.amazonaws.com\/utfpr.curitiba.br\/wp-content\/uploads\/sites\/99\/2023\/05\/O-Brasil-de-Tuhu-Felipe-Grosso-e-Odirlei-Seixas-1024x576.jpg 1024w, https:\/\/utfpr-ct-static-content.s3.amazonaws.com\/utfpr.curitiba.br\/wp-content\/uploads\/sites\/99\/2023\/05\/O-Brasil-de-Tuhu-Felipe-Grosso-e-Odirlei-Seixas-768x432.jpg 768w\" sizes=\"(max-width: 1200px) 100vw, 1200px\" \/>                                            <\/a>\n                                        <\/div>\n                                                                                    <div class=\"post-content\">\n                                                <div class=\"content\">\n                                                    <h4 class=\"htmega-post-g-title\"><a href='https:\/\/utfpr.curitiba.br\/nucleodesignanimacao\/?p=10501'>O Brasil de Tuhu &#8211; Felipe Grosso e Odirlei Seixas<\/a><\/h4>                                                                                                    <\/div>\n                                            <\/div>\n                                                                                <\/div>\n                                <\/div>\n                            \n                        \n                        \n                                                                                                                                            <div class=\"htb-col-lg-4 htb-col-sm-6 htb-col-12\">\n                                    <div class=\"ht-post gradient-overlay gradient-overlay-6 mt--20\">\n                                        <div class=\"thumb\">\n                                            <a href=\"https:\/\/utfpr.curitiba.br\/nucleodesignanimacao\/?p=10490\">\n                                                <img loading=\"lazy\" decoding=\"async\" width=\"1708\" height=\"2560\" src=\"https:\/\/utfpr-ct-static-content.s3.amazonaws.com\/utfpr.curitiba.br\/wp-content\/uploads\/sites\/99\/2023\/05\/Na-Trilha-das-Borboletas-Azuis-Vini-Wolf-scaled.jpg\" class=\"attachment-full size-full wp-post-image\" alt=\"\" srcset=\"https:\/\/utfpr-ct-static-content.s3.amazonaws.com\/utfpr.curitiba.br\/wp-content\/uploads\/sites\/99\/2023\/05\/Na-Trilha-das-Borboletas-Azuis-Vini-Wolf-scaled.jpg 1708w, https:\/\/utfpr-ct-static-content.s3.amazonaws.com\/utfpr.curitiba.br\/wp-content\/uploads\/sites\/99\/2023\/05\/Na-Trilha-das-Borboletas-Azuis-Vini-Wolf-200x300.jpg 200w, https:\/\/utfpr-ct-static-content.s3.amazonaws.com\/utfpr.curitiba.br\/wp-content\/uploads\/sites\/99\/2023\/05\/Na-Trilha-das-Borboletas-Azuis-Vini-Wolf-683x1024.jpg 683w, https:\/\/utfpr-ct-static-content.s3.amazonaws.com\/utfpr.curitiba.br\/wp-content\/uploads\/sites\/99\/2023\/05\/Na-Trilha-das-Borboletas-Azuis-Vini-Wolf-768x1151.jpg 768w, https:\/\/utfpr-ct-static-content.s3.amazonaws.com\/utfpr.curitiba.br\/wp-content\/uploads\/sites\/99\/2023\/05\/Na-Trilha-das-Borboletas-Azuis-Vini-Wolf-1025x1536.jpg 1025w, https:\/\/utfpr-ct-static-content.s3.amazonaws.com\/utfpr.curitiba.br\/wp-content\/uploads\/sites\/99\/2023\/05\/Na-Trilha-das-Borboletas-Azuis-Vini-Wolf-1366x2048.jpg 1366w\" sizes=\"(max-width: 1708px) 100vw, 1708px\" \/>                                            <\/a>\n                                        <\/div>\n                                                                                    <div class=\"post-content\">\n                                                <div class=\"content\">\n                                                    <h4 class=\"htmega-post-g-title\"><a href='https:\/\/utfpr.curitiba.br\/nucleodesignanimacao\/?p=10490'>Na Trilha das Borboletas Azuis &#8211; Vini Wolf<\/a><\/h4>                                                                                                    <\/div>\n                                            <\/div>\n                                                                                <\/div>\n                                <\/div>\n                            \n                        \n                        \n                                                                                                                                            <div class=\"htb-col-lg-4 htb-col-sm-6 htb-col-12\">\n                                    <div class=\"ht-post gradient-overlay gradient-overlay-1 mt--20\">\n                                        <div class=\"thumb\">\n                                            <a href=\"https:\/\/utfpr.curitiba.br\/nucleodesignanimacao\/?p=10478\">\n                                                <img loading=\"lazy\" decoding=\"async\" width=\"1279\" height=\"717\" src=\"https:\/\/utfpr-ct-static-content.s3.amazonaws.com\/utfpr.curitiba.br\/wp-content\/uploads\/sites\/99\/2023\/05\/Mitologia-Nordestina-Alisson-Pereira-Flor.jpg\" class=\"attachment-full size-full wp-post-image\" alt=\"\" srcset=\"https:\/\/utfpr-ct-static-content.s3.amazonaws.com\/utfpr.curitiba.br\/wp-content\/uploads\/sites\/99\/2023\/05\/Mitologia-Nordestina-Alisson-Pereira-Flor.jpg 1279w, https:\/\/utfpr-ct-static-content.s3.amazonaws.com\/utfpr.curitiba.br\/wp-content\/uploads\/sites\/99\/2023\/05\/Mitologia-Nordestina-Alisson-Pereira-Flor-300x168.jpg 300w, https:\/\/utfpr-ct-static-content.s3.amazonaws.com\/utfpr.curitiba.br\/wp-content\/uploads\/sites\/99\/2023\/05\/Mitologia-Nordestina-Alisson-Pereira-Flor-1024x574.jpg 1024w, https:\/\/utfpr-ct-static-content.s3.amazonaws.com\/utfpr.curitiba.br\/wp-content\/uploads\/sites\/99\/2023\/05\/Mitologia-Nordestina-Alisson-Pereira-Flor-768x431.jpg 768w\" sizes=\"(max-width: 1279px) 100vw, 1279px\" \/>                                            <\/a>\n                                        <\/div>\n                                                                                    <div class=\"post-content\">\n                                                <div class=\"content\">\n                                                    <h4 class=\"htmega-post-g-title\"><a href='https:\/\/utfpr.curitiba.br\/nucleodesignanimacao\/?p=10478'>Mitologia Nordestina &#8211; Alisson Pereira Flor<\/a><\/h4>                                                                                                    <\/div>\n                                            <\/div>\n                                                                                <\/div>\n                                <\/div>\n                            \n                        \n                        \n                                                                                                                                            <div class=\"htb-col-lg-4 htb-col-sm-6 htb-col-12\">\n                                    <div class=\"ht-post gradient-overlay gradient-overlay-2 mt--20\">\n                                        <div class=\"thumb\">\n                                            <a href=\"https:\/\/utfpr.curitiba.br\/nucleodesignanimacao\/?p=10465\">\n                                                <img loading=\"lazy\" decoding=\"async\" width=\"1920\" height=\"877\" src=\"https:\/\/utfpr-ct-static-content.s3.amazonaws.com\/utfpr.curitiba.br\/wp-content\/uploads\/sites\/99\/2023\/05\/Jacob-Collier-Daniel-Bruson.png\" class=\"attachment-full size-full wp-post-image\" alt=\"\" srcset=\"https:\/\/utfpr-ct-static-content.s3.amazonaws.com\/utfpr.curitiba.br\/wp-content\/uploads\/sites\/99\/2023\/05\/Jacob-Collier-Daniel-Bruson.png 1920w, https:\/\/utfpr-ct-static-content.s3.amazonaws.com\/utfpr.curitiba.br\/wp-content\/uploads\/sites\/99\/2023\/05\/Jacob-Collier-Daniel-Bruson-300x137.png 300w, https:\/\/utfpr-ct-static-content.s3.amazonaws.com\/utfpr.curitiba.br\/wp-content\/uploads\/sites\/99\/2023\/05\/Jacob-Collier-Daniel-Bruson-1024x468.png 1024w, https:\/\/utfpr-ct-static-content.s3.amazonaws.com\/utfpr.curitiba.br\/wp-content\/uploads\/sites\/99\/2023\/05\/Jacob-Collier-Daniel-Bruson-768x351.png 768w, https:\/\/utfpr-ct-static-content.s3.amazonaws.com\/utfpr.curitiba.br\/wp-content\/uploads\/sites\/99\/2023\/05\/Jacob-Collier-Daniel-Bruson-1536x702.png 1536w\" sizes=\"(max-width: 1920px) 100vw, 1920px\" \/>                                            <\/a>\n                                        <\/div>\n                                                                                    <div class=\"post-content\">\n                                                <div class=\"content\">\n                                                    <h4 class=\"htmega-post-g-title\"><a href='https:\/\/utfpr.curitiba.br\/nucleodesignanimacao\/?p=10465'>Jacob Collier &#8211; Daniel Bruson<\/a><\/h4>                                                                                                    <\/div>\n                                            <\/div>\n                                                                                <\/div>\n                                <\/div>\n                            \n                        \n                        \n                                                                                                                                            <div class=\"htb-col-lg-4 htb-col-sm-6 htb-col-12\">\n                                    <div class=\"ht-post gradient-overlay gradient-overlay-3 mt--20\">\n                                        <div class=\"thumb\">\n                                            <a href=\"https:\/\/utfpr.curitiba.br\/nucleodesignanimacao\/?p=10450\">\n                                                <img loading=\"lazy\" decoding=\"async\" width=\"3334\" height=\"2348\" src=\"https:\/\/utfpr-ct-static-content.s3.amazonaws.com\/utfpr.curitiba.br\/wp-content\/uploads\/sites\/99\/2023\/04\/Imagem-substituicao_Prancheta-1.png\" class=\"attachment-full size-full wp-post-image\" alt=\"\" srcset=\"https:\/\/utfpr-ct-static-content.s3.amazonaws.com\/utfpr.curitiba.br\/wp-content\/uploads\/sites\/99\/2023\/04\/Imagem-substituicao_Prancheta-1.png 3334w, https:\/\/utfpr-ct-static-content.s3.amazonaws.com\/utfpr.curitiba.br\/wp-content\/uploads\/sites\/99\/2023\/04\/Imagem-substituicao_Prancheta-1-300x211.png 300w, https:\/\/utfpr-ct-static-content.s3.amazonaws.com\/utfpr.curitiba.br\/wp-content\/uploads\/sites\/99\/2023\/04\/Imagem-substituicao_Prancheta-1-1024x721.png 1024w, https:\/\/utfpr-ct-static-content.s3.amazonaws.com\/utfpr.curitiba.br\/wp-content\/uploads\/sites\/99\/2023\/04\/Imagem-substituicao_Prancheta-1-768x541.png 768w, https:\/\/utfpr-ct-static-content.s3.amazonaws.com\/utfpr.curitiba.br\/wp-content\/uploads\/sites\/99\/2023\/04\/Imagem-substituicao_Prancheta-1-1536x1082.png 1536w, https:\/\/utfpr-ct-static-content.s3.amazonaws.com\/utfpr.curitiba.br\/wp-content\/uploads\/sites\/99\/2023\/04\/Imagem-substituicao_Prancheta-1-2048x1442.png 2048w\" sizes=\"(max-width: 3334px) 100vw, 3334px\" \/>                                            <\/a>\n                                        <\/div>\n                                                                                    <div class=\"post-content\">\n                                                <div class=\"content\">\n                                                    <h4 class=\"htmega-post-g-title\"><a href='https:\/\/utfpr.curitiba.br\/nucleodesignanimacao\/?p=10450'>Estou mais velha longe de casa &#8211; Jana\u00edna Lacerda<\/a><\/h4>                                                                                                    <\/div>\n                                            <\/div>\n                                                                                <\/div>\n                                <\/div>\n                            \n                        \n                        \n                                                                                                                                            <div class=\"htb-col-lg-4 htb-col-sm-6 htb-col-12\">\n                                    <div class=\"ht-post gradient-overlay gradient-overlay-4 mt--20\">\n                                        <div class=\"thumb\">\n                                            <a href=\"https:\/\/utfpr.curitiba.br\/nucleodesignanimacao\/?p=10433\">\n                                                <img loading=\"lazy\" decoding=\"async\" width=\"1280\" height=\"1896\" src=\"https:\/\/utfpr-ct-static-content.s3.amazonaws.com\/utfpr.curitiba.br\/wp-content\/uploads\/sites\/99\/2023\/05\/Almofada-de-Penas-Joseph-Specker-Nys.jpg\" class=\"attachment-full size-full wp-post-image\" alt=\"\" srcset=\"https:\/\/utfpr-ct-static-content.s3.amazonaws.com\/utfpr.curitiba.br\/wp-content\/uploads\/sites\/99\/2023\/05\/Almofada-de-Penas-Joseph-Specker-Nys.jpg 1280w, https:\/\/utfpr-ct-static-content.s3.amazonaws.com\/utfpr.curitiba.br\/wp-content\/uploads\/sites\/99\/2023\/05\/Almofada-de-Penas-Joseph-Specker-Nys-203x300.jpg 203w, https:\/\/utfpr-ct-static-content.s3.amazonaws.com\/utfpr.curitiba.br\/wp-content\/uploads\/sites\/99\/2023\/05\/Almofada-de-Penas-Joseph-Specker-Nys-691x1024.jpg 691w, https:\/\/utfpr-ct-static-content.s3.amazonaws.com\/utfpr.curitiba.br\/wp-content\/uploads\/sites\/99\/2023\/05\/Almofada-de-Penas-Joseph-Specker-Nys-768x1138.jpg 768w, https:\/\/utfpr-ct-static-content.s3.amazonaws.com\/utfpr.curitiba.br\/wp-content\/uploads\/sites\/99\/2023\/05\/Almofada-de-Penas-Joseph-Specker-Nys-1037x1536.jpg 1037w\" sizes=\"(max-width: 1280px) 100vw, 1280px\" \/>                                            <\/a>\n                                        <\/div>\n                                                                                    <div class=\"post-content\">\n                                                <div class=\"content\">\n                                                    <h4 class=\"htmega-post-g-title\"><a href='https:\/\/utfpr.curitiba.br\/nucleodesignanimacao\/?p=10433'>Almofada de Penas &#8211; Joseph Specker Nys<\/a><\/h4>                                                                                                    <\/div>\n                                            <\/div>\n                                                                                <\/div>\n                                <\/div>\n                            \n                        \n                        \n                                                                                                                                            <div class=\"htb-col-lg-4 htb-col-sm-6 htb-col-12\">\n                                    <div class=\"ht-post gradient-overlay gradient-overlay-5 mt--20\">\n                                        <div class=\"thumb\">\n                                            <a href=\"https:\/\/utfpr.curitiba.br\/nucleodesignanimacao\/?p=10420\">\n                                                <img loading=\"lazy\" decoding=\"async\" width=\"1920\" height=\"852\" src=\"https:\/\/utfpr-ct-static-content.s3.amazonaws.com\/utfpr.curitiba.br\/wp-content\/uploads\/sites\/99\/2023\/05\/Lumen-Paulo-Niza.png\" class=\"attachment-full size-full wp-post-image\" alt=\"\" srcset=\"https:\/\/utfpr-ct-static-content.s3.amazonaws.com\/utfpr.curitiba.br\/wp-content\/uploads\/sites\/99\/2023\/05\/Lumen-Paulo-Niza.png 1920w, https:\/\/utfpr-ct-static-content.s3.amazonaws.com\/utfpr.curitiba.br\/wp-content\/uploads\/sites\/99\/2023\/05\/Lumen-Paulo-Niza-300x133.png 300w, https:\/\/utfpr-ct-static-content.s3.amazonaws.com\/utfpr.curitiba.br\/wp-content\/uploads\/sites\/99\/2023\/05\/Lumen-Paulo-Niza-1024x454.png 1024w, https:\/\/utfpr-ct-static-content.s3.amazonaws.com\/utfpr.curitiba.br\/wp-content\/uploads\/sites\/99\/2023\/05\/Lumen-Paulo-Niza-768x341.png 768w, https:\/\/utfpr-ct-static-content.s3.amazonaws.com\/utfpr.curitiba.br\/wp-content\/uploads\/sites\/99\/2023\/05\/Lumen-Paulo-Niza-1536x682.png 1536w\" sizes=\"(max-width: 1920px) 100vw, 1920px\" \/>                                            <\/a>\n                                        <\/div>\n                                                                                    <div class=\"post-content\">\n                                                <div class=\"content\">\n                                                    <h4 class=\"htmega-post-g-title\"><a href='https:\/\/utfpr.curitiba.br\/nucleodesignanimacao\/?p=10420'>Lumen &#8211; Paulo Niza<\/a><\/h4>                                                                                                    <\/div>\n                                            <\/div>\n                                                                                <\/div>\n                                <\/div>\n                            \n                        \n                        \n                                                                                                                                            <div class=\"htb-col-lg-4 htb-col-sm-6 htb-col-12\">\n                                    <div class=\"ht-post gradient-overlay gradient-overlay-6 mt--20\">\n                                        <div class=\"thumb\">\n                                            <a href=\"https:\/\/utfpr.curitiba.br\/nucleodesignanimacao\/?p=10406\">\n                                                <img loading=\"lazy\" decoding=\"async\" width=\"1920\" height=\"871\" src=\"https:\/\/utfpr-ct-static-content.s3.amazonaws.com\/utfpr.curitiba.br\/wp-content\/uploads\/sites\/99\/2023\/05\/Nana-e-Nilo-em-Dia-de-Sol-e-Chuva-Sandro-Lopes.png\" class=\"attachment-full size-full wp-post-image\" alt=\"\" srcset=\"https:\/\/utfpr-ct-static-content.s3.amazonaws.com\/utfpr.curitiba.br\/wp-content\/uploads\/sites\/99\/2023\/05\/Nana-e-Nilo-em-Dia-de-Sol-e-Chuva-Sandro-Lopes.png 1920w, https:\/\/utfpr-ct-static-content.s3.amazonaws.com\/utfpr.curitiba.br\/wp-content\/uploads\/sites\/99\/2023\/05\/Nana-e-Nilo-em-Dia-de-Sol-e-Chuva-Sandro-Lopes-300x136.png 300w, https:\/\/utfpr-ct-static-content.s3.amazonaws.com\/utfpr.curitiba.br\/wp-content\/uploads\/sites\/99\/2023\/05\/Nana-e-Nilo-em-Dia-de-Sol-e-Chuva-Sandro-Lopes-1024x465.png 1024w, https:\/\/utfpr-ct-static-content.s3.amazonaws.com\/utfpr.curitiba.br\/wp-content\/uploads\/sites\/99\/2023\/05\/Nana-e-Nilo-em-Dia-de-Sol-e-Chuva-Sandro-Lopes-768x348.png 768w, https:\/\/utfpr-ct-static-content.s3.amazonaws.com\/utfpr.curitiba.br\/wp-content\/uploads\/sites\/99\/2023\/05\/Nana-e-Nilo-em-Dia-de-Sol-e-Chuva-Sandro-Lopes-1536x697.png 1536w\" sizes=\"(max-width: 1920px) 100vw, 1920px\" \/>                                            <\/a>\n                                        <\/div>\n                                                                                    <div class=\"post-content\">\n                                                <div class=\"content\">\n                                                    <h4 class=\"htmega-post-g-title\"><a href='https:\/\/utfpr.curitiba.br\/nucleodesignanimacao\/?p=10406'>Nana e Nilo em Dia de Sol e Chuva &#8211; Sandro Lopes<\/a><\/h4>                                                                                                    <\/div>\n                                            <\/div>\n                                                                                <\/div>\n                                <\/div>\n                            \n                        \n                        \n                                                                                                                                            <div class=\"htb-col-lg-4 htb-col-sm-6 htb-col-12\">\n                                    <div class=\"ht-post gradient-overlay gradient-overlay-1 mt--20\">\n                                        <div class=\"thumb\">\n                                            <a href=\"https:\/\/utfpr.curitiba.br\/nucleodesignanimacao\/?p=10393\">\n                                                <img loading=\"lazy\" decoding=\"async\" width=\"616\" height=\"922\" src=\"https:\/\/utfpr-ct-static-content.s3.amazonaws.com\/utfpr.curitiba.br\/wp-content\/uploads\/sites\/99\/2023\/05\/Nomad-Gabriel-Aleluia-Gabriel-Zanferrari-Nikollas-Candido-e-Victor-Kuroiwa.png\" class=\"attachment-full size-full wp-post-image\" alt=\"\" srcset=\"https:\/\/utfpr-ct-static-content.s3.amazonaws.com\/utfpr.curitiba.br\/wp-content\/uploads\/sites\/99\/2023\/05\/Nomad-Gabriel-Aleluia-Gabriel-Zanferrari-Nikollas-Candido-e-Victor-Kuroiwa.png 616w, https:\/\/utfpr-ct-static-content.s3.amazonaws.com\/utfpr.curitiba.br\/wp-content\/uploads\/sites\/99\/2023\/05\/Nomad-Gabriel-Aleluia-Gabriel-Zanferrari-Nikollas-Candido-e-Victor-Kuroiwa-200x300.png 200w\" sizes=\"(max-width: 616px) 100vw, 616px\" \/>                                            <\/a>\n                                        <\/div>\n                                                                                    <div class=\"post-content\">\n                                                <div class=\"content\">\n                                                    <h4 class=\"htmega-post-g-title\"><a href='https:\/\/utfpr.curitiba.br\/nucleodesignanimacao\/?p=10393'>Nomad &#8211; Gabriel Aleluia, Gabriel Zanferrari, Nikollas Candido e Victor Kuroiwa<\/a><\/h4>                                                                                                    <\/div>\n                                            <\/div>\n                                                                                <\/div>\n                                <\/div>\n                            \n                        \n                        \n                                                                                                                                            <div class=\"htb-col-lg-4 htb-col-sm-6 htb-col-12\">\n                                    <div class=\"ht-post gradient-overlay gradient-overlay-2 mt--20\">\n                                        <div class=\"thumb\">\n                                            <a href=\"https:\/\/utfpr.curitiba.br\/nucleodesignanimacao\/?p=10380\">\n                                                <img loading=\"lazy\" decoding=\"async\" width=\"3334\" height=\"2348\" src=\"https:\/\/utfpr-ct-static-content.s3.amazonaws.com\/utfpr.curitiba.br\/wp-content\/uploads\/sites\/99\/2023\/04\/Imagem-substituicao_Prancheta-1.png\" class=\"attachment-full size-full wp-post-image\" alt=\"\" srcset=\"https:\/\/utfpr-ct-static-content.s3.amazonaws.com\/utfpr.curitiba.br\/wp-content\/uploads\/sites\/99\/2023\/04\/Imagem-substituicao_Prancheta-1.png 3334w, https:\/\/utfpr-ct-static-content.s3.amazonaws.com\/utfpr.curitiba.br\/wp-content\/uploads\/sites\/99\/2023\/04\/Imagem-substituicao_Prancheta-1-300x211.png 300w, https:\/\/utfpr-ct-static-content.s3.amazonaws.com\/utfpr.curitiba.br\/wp-content\/uploads\/sites\/99\/2023\/04\/Imagem-substituicao_Prancheta-1-1024x721.png 1024w, https:\/\/utfpr-ct-static-content.s3.amazonaws.com\/utfpr.curitiba.br\/wp-content\/uploads\/sites\/99\/2023\/04\/Imagem-substituicao_Prancheta-1-768x541.png 768w, https:\/\/utfpr-ct-static-content.s3.amazonaws.com\/utfpr.curitiba.br\/wp-content\/uploads\/sites\/99\/2023\/04\/Imagem-substituicao_Prancheta-1-1536x1082.png 1536w, https:\/\/utfpr-ct-static-content.s3.amazonaws.com\/utfpr.curitiba.br\/wp-content\/uploads\/sites\/99\/2023\/04\/Imagem-substituicao_Prancheta-1-2048x1442.png 2048w\" sizes=\"(max-width: 3334px) 100vw, 3334px\" \/>                                            <\/a>\n                                        <\/div>\n                                                                                    <div class=\"post-content\">\n                                                <div class=\"content\">\n                                                    <h4 class=\"htmega-post-g-title\"><a href='https:\/\/utfpr.curitiba.br\/nucleodesignanimacao\/?p=10380'>Ilus\u00e3o &#8211; Iv\u00e1n Alexis Bustingorri e Marcos Vinicius Gon\u00e7alves<\/a><\/h4>                                                                                                    <\/div>\n                                            <\/div>\n                                                                                <\/div>\n                                <\/div>\n                            \n                        \n                        \n                                                                                                                                            <div class=\"htb-col-lg-4 htb-col-sm-6 htb-col-12\">\n                                    <div class=\"ht-post gradient-overlay gradient-overlay-3 mt--20\">\n                                        <div class=\"thumb\">\n                                            <a href=\"https:\/\/utfpr.curitiba.br\/nucleodesignanimacao\/?p=10368\">\n                                                <img loading=\"lazy\" decoding=\"async\" width=\"3334\" height=\"2348\" src=\"https:\/\/utfpr-ct-static-content.s3.amazonaws.com\/utfpr.curitiba.br\/wp-content\/uploads\/sites\/99\/2023\/04\/Imagem-substituicao_Prancheta-1.png\" class=\"attachment-full size-full wp-post-image\" alt=\"\" srcset=\"https:\/\/utfpr-ct-static-content.s3.amazonaws.com\/utfpr.curitiba.br\/wp-content\/uploads\/sites\/99\/2023\/04\/Imagem-substituicao_Prancheta-1.png 3334w, https:\/\/utfpr-ct-static-content.s3.amazonaws.com\/utfpr.curitiba.br\/wp-content\/uploads\/sites\/99\/2023\/04\/Imagem-substituicao_Prancheta-1-300x211.png 300w, https:\/\/utfpr-ct-static-content.s3.amazonaws.com\/utfpr.curitiba.br\/wp-content\/uploads\/sites\/99\/2023\/04\/Imagem-substituicao_Prancheta-1-1024x721.png 1024w, https:\/\/utfpr-ct-static-content.s3.amazonaws.com\/utfpr.curitiba.br\/wp-content\/uploads\/sites\/99\/2023\/04\/Imagem-substituicao_Prancheta-1-768x541.png 768w, https:\/\/utfpr-ct-static-content.s3.amazonaws.com\/utfpr.curitiba.br\/wp-content\/uploads\/sites\/99\/2023\/04\/Imagem-substituicao_Prancheta-1-1536x1082.png 1536w, https:\/\/utfpr-ct-static-content.s3.amazonaws.com\/utfpr.curitiba.br\/wp-content\/uploads\/sites\/99\/2023\/04\/Imagem-substituicao_Prancheta-1-2048x1442.png 2048w\" sizes=\"(max-width: 3334px) 100vw, 3334px\" \/>                                            <\/a>\n                                        <\/div>\n                                                                                    <div class=\"post-content\">\n                                                <div class=\"content\">\n                                                    <h4 class=\"htmega-post-g-title\"><a href='https:\/\/utfpr.curitiba.br\/nucleodesignanimacao\/?p=10368'>Fora da lei-bre &#8211; Alunos do Est\u00fadio Escola de Anima\u00e7\u00e3o<\/a><\/h4>                                                                                                    <\/div>\n                                            <\/div>\n                                                                                <\/div>\n                                <\/div>\n                            \n                        \n                        \n                                                                                                                                            <div class=\"htb-col-lg-4 htb-col-sm-6 htb-col-12\">\n                                    <div class=\"ht-post gradient-overlay gradient-overlay-4 mt--20\">\n                                        <div class=\"thumb\">\n                                            <a href=\"https:\/\/utfpr.curitiba.br\/nucleodesignanimacao\/?p=10356\">\n                                                <img loading=\"lazy\" decoding=\"async\" width=\"1920\" height=\"1033\" src=\"https:\/\/utfpr-ct-static-content.s3.amazonaws.com\/utfpr.curitiba.br\/wp-content\/uploads\/sites\/99\/2023\/05\/File-Miau-Alunos-do-Estudio-Escola-de-Animacao.png\" class=\"attachment-full size-full wp-post-image\" alt=\"\" srcset=\"https:\/\/utfpr-ct-static-content.s3.amazonaws.com\/utfpr.curitiba.br\/wp-content\/uploads\/sites\/99\/2023\/05\/File-Miau-Alunos-do-Estudio-Escola-de-Animacao.png 1920w, https:\/\/utfpr-ct-static-content.s3.amazonaws.com\/utfpr.curitiba.br\/wp-content\/uploads\/sites\/99\/2023\/05\/File-Miau-Alunos-do-Estudio-Escola-de-Animacao-300x161.png 300w, https:\/\/utfpr-ct-static-content.s3.amazonaws.com\/utfpr.curitiba.br\/wp-content\/uploads\/sites\/99\/2023\/05\/File-Miau-Alunos-do-Estudio-Escola-de-Animacao-1024x551.png 1024w, https:\/\/utfpr-ct-static-content.s3.amazonaws.com\/utfpr.curitiba.br\/wp-content\/uploads\/sites\/99\/2023\/05\/File-Miau-Alunos-do-Estudio-Escola-de-Animacao-768x413.png 768w, https:\/\/utfpr-ct-static-content.s3.amazonaws.com\/utfpr.curitiba.br\/wp-content\/uploads\/sites\/99\/2023\/05\/File-Miau-Alunos-do-Estudio-Escola-de-Animacao-1536x826.png 1536w\" sizes=\"(max-width: 1920px) 100vw, 1920px\" \/>                                            <\/a>\n                                        <\/div>\n                                                                                    <div class=\"post-content\">\n                                                <div class=\"content\">\n                                                    <h4 class=\"htmega-post-g-title\"><a href='https:\/\/utfpr.curitiba.br\/nucleodesignanimacao\/?p=10356'>Fil\u00e9 Miau &#8211; Alunos do Est\u00fadio Escola de Anima\u00e7\u00e3o<\/a><\/h4>                                                                                                    <\/div>\n                                            <\/div>\n                                                                                <\/div>\n                                <\/div>\n                            \n                        \n                        \n                                                                                                                                            <div class=\"htb-col-lg-4 htb-col-sm-6 htb-col-12\">\n                                    <div class=\"ht-post gradient-overlay gradient-overlay-5 mt--20\">\n                                        <div class=\"thumb\">\n                                            <a href=\"https:\/\/utfpr.curitiba.br\/nucleodesignanimacao\/?p=10327\">\n                                                <img loading=\"lazy\" decoding=\"async\" width=\"1919\" height=\"782\" src=\"https:\/\/utfpr-ct-static-content.s3.amazonaws.com\/utfpr.curitiba.br\/wp-content\/uploads\/sites\/99\/2023\/05\/Desmatamento-Gunga-Guerra.png\" class=\"attachment-full size-full wp-post-image\" alt=\"\" srcset=\"https:\/\/utfpr-ct-static-content.s3.amazonaws.com\/utfpr.curitiba.br\/wp-content\/uploads\/sites\/99\/2023\/05\/Desmatamento-Gunga-Guerra.png 1919w, https:\/\/utfpr-ct-static-content.s3.amazonaws.com\/utfpr.curitiba.br\/wp-content\/uploads\/sites\/99\/2023\/05\/Desmatamento-Gunga-Guerra-300x122.png 300w, https:\/\/utfpr-ct-static-content.s3.amazonaws.com\/utfpr.curitiba.br\/wp-content\/uploads\/sites\/99\/2023\/05\/Desmatamento-Gunga-Guerra-1024x417.png 1024w, https:\/\/utfpr-ct-static-content.s3.amazonaws.com\/utfpr.curitiba.br\/wp-content\/uploads\/sites\/99\/2023\/05\/Desmatamento-Gunga-Guerra-768x313.png 768w, https:\/\/utfpr-ct-static-content.s3.amazonaws.com\/utfpr.curitiba.br\/wp-content\/uploads\/sites\/99\/2023\/05\/Desmatamento-Gunga-Guerra-1536x626.png 1536w\" sizes=\"(max-width: 1919px) 100vw, 1919px\" \/>                                            <\/a>\n                                        <\/div>\n                                                                                    <div class=\"post-content\">\n                                                <div class=\"content\">\n                                                    <h4 class=\"htmega-post-g-title\"><a href='https:\/\/utfpr.curitiba.br\/nucleodesignanimacao\/?p=10327'>(Des)matamento &#8211; Gunga Guerra<\/a><\/h4>                                                                                                    <\/div>\n                                            <\/div>\n                                                                                <\/div>\n                                <\/div>\n                            \n                        \n                        \n                                                                                                                                            <div class=\"htb-col-lg-4 htb-col-sm-6 htb-col-12\">\n                                    <div class=\"ht-post gradient-overlay gradient-overlay-6 mt--20\">\n                                        <div class=\"thumb\">\n                                            <a href=\"https:\/\/utfpr.curitiba.br\/nucleodesignanimacao\/?p=10315\">\n                                                <img loading=\"lazy\" decoding=\"async\" width=\"3334\" height=\"2348\" src=\"https:\/\/utfpr-ct-static-content.s3.amazonaws.com\/utfpr.curitiba.br\/wp-content\/uploads\/sites\/99\/2023\/04\/Imagem-substituicao_Prancheta-1.png\" class=\"attachment-full size-full wp-post-image\" alt=\"\" srcset=\"https:\/\/utfpr-ct-static-content.s3.amazonaws.com\/utfpr.curitiba.br\/wp-content\/uploads\/sites\/99\/2023\/04\/Imagem-substituicao_Prancheta-1.png 3334w, https:\/\/utfpr-ct-static-content.s3.amazonaws.com\/utfpr.curitiba.br\/wp-content\/uploads\/sites\/99\/2023\/04\/Imagem-substituicao_Prancheta-1-300x211.png 300w, https:\/\/utfpr-ct-static-content.s3.amazonaws.com\/utfpr.curitiba.br\/wp-content\/uploads\/sites\/99\/2023\/04\/Imagem-substituicao_Prancheta-1-1024x721.png 1024w, https:\/\/utfpr-ct-static-content.s3.amazonaws.com\/utfpr.curitiba.br\/wp-content\/uploads\/sites\/99\/2023\/04\/Imagem-substituicao_Prancheta-1-768x541.png 768w, https:\/\/utfpr-ct-static-content.s3.amazonaws.com\/utfpr.curitiba.br\/wp-content\/uploads\/sites\/99\/2023\/04\/Imagem-substituicao_Prancheta-1-1536x1082.png 1536w, https:\/\/utfpr-ct-static-content.s3.amazonaws.com\/utfpr.curitiba.br\/wp-content\/uploads\/sites\/99\/2023\/04\/Imagem-substituicao_Prancheta-1-2048x1442.png 2048w\" sizes=\"(max-width: 3334px) 100vw, 3334px\" \/>                                            <\/a>\n                                        <\/div>\n                                                                                    <div class=\"post-content\">\n                                                <div class=\"content\">\n                                                    <h4 class=\"htmega-post-g-title\"><a href='https:\/\/utfpr.curitiba.br\/nucleodesignanimacao\/?p=10315'>T\u00e1 Foda &#8211; Aline Golart, Fernanda Maciel, Denis Souza, Icaro Castello, L\u00edgia Torres<\/a><\/h4>                                                                                                    <\/div>\n                                            <\/div>\n                                                                                <\/div>\n                                <\/div>\n                            \n                        \n                        \n                                                                                                                                            <div class=\"htb-col-lg-4 htb-col-sm-6 htb-col-12\">\n                                    <div class=\"ht-post gradient-overlay gradient-overlay-1 mt--20\">\n                                        <div class=\"thumb\">\n                                            <a href=\"https:\/\/utfpr.curitiba.br\/nucleodesignanimacao\/?p=10297\">\n                                                <img loading=\"lazy\" decoding=\"async\" width=\"1200\" height=\"675\" src=\"https:\/\/utfpr-ct-static-content.s3.amazonaws.com\/utfpr.curitiba.br\/wp-content\/uploads\/sites\/99\/2023\/05\/Mariquinha-no-Mundo-da-Imaginacao-Tina-Xavier-e-Alunos.jpg\" class=\"attachment-full size-full wp-post-image\" alt=\"\" srcset=\"https:\/\/utfpr-ct-static-content.s3.amazonaws.com\/utfpr.curitiba.br\/wp-content\/uploads\/sites\/99\/2023\/05\/Mariquinha-no-Mundo-da-Imaginacao-Tina-Xavier-e-Alunos.jpg 1200w, https:\/\/utfpr-ct-static-content.s3.amazonaws.com\/utfpr.curitiba.br\/wp-content\/uploads\/sites\/99\/2023\/05\/Mariquinha-no-Mundo-da-Imaginacao-Tina-Xavier-e-Alunos-300x169.jpg 300w, https:\/\/utfpr-ct-static-content.s3.amazonaws.com\/utfpr.curitiba.br\/wp-content\/uploads\/sites\/99\/2023\/05\/Mariquinha-no-Mundo-da-Imaginacao-Tina-Xavier-e-Alunos-1024x576.jpg 1024w, https:\/\/utfpr-ct-static-content.s3.amazonaws.com\/utfpr.curitiba.br\/wp-content\/uploads\/sites\/99\/2023\/05\/Mariquinha-no-Mundo-da-Imaginacao-Tina-Xavier-e-Alunos-768x432.jpg 768w\" sizes=\"(max-width: 1200px) 100vw, 1200px\" \/>                                            <\/a>\n                                        <\/div>\n                                                                                    <div class=\"post-content\">\n                                                <div class=\"content\">\n                                                    <h4 class=\"htmega-post-g-title\"><a href='https:\/\/utfpr.curitiba.br\/nucleodesignanimacao\/?p=10297'>Mariquinha no Mundo da Imagina\u00e7\u00e3o &#8211; Tina Xavier e Alunos<\/a><\/h4>                                                                                                    <\/div>\n                                            <\/div>\n                                                                                <\/div>\n                                <\/div>\n                            \n                        \n                        \n                                                                                                                                            <div class=\"htb-col-lg-4 htb-col-sm-6 htb-col-12\">\n                                    <div class=\"ht-post gradient-overlay gradient-overlay-2 mt--20\">\n                                        <div class=\"thumb\">\n                                            <a href=\"https:\/\/utfpr.curitiba.br\/nucleodesignanimacao\/?p=10281\">\n                                                <img loading=\"lazy\" decoding=\"async\" width=\"1919\" height=\"902\" src=\"https:\/\/utfpr-ct-static-content.s3.amazonaws.com\/utfpr.curitiba.br\/wp-content\/uploads\/sites\/99\/2023\/05\/Afogado-Wayner-Tristao.png\" class=\"attachment-full size-full wp-post-image\" alt=\"\" srcset=\"https:\/\/utfpr-ct-static-content.s3.amazonaws.com\/utfpr.curitiba.br\/wp-content\/uploads\/sites\/99\/2023\/05\/Afogado-Wayner-Tristao.png 1919w, https:\/\/utfpr-ct-static-content.s3.amazonaws.com\/utfpr.curitiba.br\/wp-content\/uploads\/sites\/99\/2023\/05\/Afogado-Wayner-Tristao-300x141.png 300w, https:\/\/utfpr-ct-static-content.s3.amazonaws.com\/utfpr.curitiba.br\/wp-content\/uploads\/sites\/99\/2023\/05\/Afogado-Wayner-Tristao-1024x481.png 1024w, https:\/\/utfpr-ct-static-content.s3.amazonaws.com\/utfpr.curitiba.br\/wp-content\/uploads\/sites\/99\/2023\/05\/Afogado-Wayner-Tristao-768x361.png 768w, https:\/\/utfpr-ct-static-content.s3.amazonaws.com\/utfpr.curitiba.br\/wp-content\/uploads\/sites\/99\/2023\/05\/Afogado-Wayner-Tristao-1536x722.png 1536w\" sizes=\"(max-width: 1919px) 100vw, 1919px\" \/>                                            <\/a>\n                                        <\/div>\n                                                                                    <div class=\"post-content\">\n                                                <div class=\"content\">\n                                                    <h4 class=\"htmega-post-g-title\"><a href='https:\/\/utfpr.curitiba.br\/nucleodesignanimacao\/?p=10281'>Afogado &#8211; Wayner Tristao<\/a><\/h4>                                                                                                    <\/div>\n                                            <\/div>\n                                                                                <\/div>\n                                <\/div>\n                            \n                        \n                        \n                                                                                                                                            <div class=\"htb-col-lg-4 htb-col-sm-6 htb-col-12\">\n                                    <div class=\"ht-post gradient-overlay gradient-overlay-3 mt--20\">\n                                        <div class=\"thumb\">\n                                            <a href=\"https:\/\/utfpr.curitiba.br\/nucleodesignanimacao\/?p=10268\">\n                                                <img loading=\"lazy\" decoding=\"async\" width=\"1920\" height=\"908\" src=\"https:\/\/utfpr-ct-static-content.s3.amazonaws.com\/utfpr.curitiba.br\/wp-content\/uploads\/sites\/99\/2023\/05\/Meu-Melhor-Amigo-Laly-Cataguases.png\" class=\"attachment-full size-full wp-post-image\" alt=\"\" srcset=\"https:\/\/utfpr-ct-static-content.s3.amazonaws.com\/utfpr.curitiba.br\/wp-content\/uploads\/sites\/99\/2023\/05\/Meu-Melhor-Amigo-Laly-Cataguases.png 1920w, https:\/\/utfpr-ct-static-content.s3.amazonaws.com\/utfpr.curitiba.br\/wp-content\/uploads\/sites\/99\/2023\/05\/Meu-Melhor-Amigo-Laly-Cataguases-300x142.png 300w, https:\/\/utfpr-ct-static-content.s3.amazonaws.com\/utfpr.curitiba.br\/wp-content\/uploads\/sites\/99\/2023\/05\/Meu-Melhor-Amigo-Laly-Cataguases-1024x484.png 1024w, https:\/\/utfpr-ct-static-content.s3.amazonaws.com\/utfpr.curitiba.br\/wp-content\/uploads\/sites\/99\/2023\/05\/Meu-Melhor-Amigo-Laly-Cataguases-768x363.png 768w, https:\/\/utfpr-ct-static-content.s3.amazonaws.com\/utfpr.curitiba.br\/wp-content\/uploads\/sites\/99\/2023\/05\/Meu-Melhor-Amigo-Laly-Cataguases-1536x726.png 1536w\" sizes=\"(max-width: 1920px) 100vw, 1920px\" \/>                                            <\/a>\n                                        <\/div>\n                                                                                    <div class=\"post-content\">\n                                                <div class=\"content\">\n                                                    <h4 class=\"htmega-post-g-title\"><a href='https:\/\/utfpr.curitiba.br\/nucleodesignanimacao\/?p=10268'>Meu Melhor Amigo &#8211; Laly Cataguases<\/a><\/h4>                                                                                                    <\/div>\n                                            <\/div>\n                                                                                <\/div>\n                                <\/div>\n                            \n                        \n                        \n                                                                                                                                            <div class=\"htb-col-lg-4 htb-col-sm-6 htb-col-12\">\n                                    <div class=\"ht-post gradient-overlay gradient-overlay-4 mt--20\">\n                                        <div class=\"thumb\">\n                                            <a href=\"https:\/\/utfpr.curitiba.br\/nucleodesignanimacao\/?p=10256\">\n                                                <img loading=\"lazy\" decoding=\"async\" width=\"1863\" height=\"966\" src=\"https:\/\/utfpr-ct-static-content.s3.amazonaws.com\/utfpr.curitiba.br\/wp-content\/uploads\/sites\/99\/2023\/05\/Exterminador-Gabriel-Palmieri-Gustavo-Hikaru.png\" class=\"attachment-full size-full wp-post-image\" alt=\"\" srcset=\"https:\/\/utfpr-ct-static-content.s3.amazonaws.com\/utfpr.curitiba.br\/wp-content\/uploads\/sites\/99\/2023\/05\/Exterminador-Gabriel-Palmieri-Gustavo-Hikaru.png 1863w, https:\/\/utfpr-ct-static-content.s3.amazonaws.com\/utfpr.curitiba.br\/wp-content\/uploads\/sites\/99\/2023\/05\/Exterminador-Gabriel-Palmieri-Gustavo-Hikaru-300x156.png 300w, https:\/\/utfpr-ct-static-content.s3.amazonaws.com\/utfpr.curitiba.br\/wp-content\/uploads\/sites\/99\/2023\/05\/Exterminador-Gabriel-Palmieri-Gustavo-Hikaru-1024x531.png 1024w, https:\/\/utfpr-ct-static-content.s3.amazonaws.com\/utfpr.curitiba.br\/wp-content\/uploads\/sites\/99\/2023\/05\/Exterminador-Gabriel-Palmieri-Gustavo-Hikaru-768x398.png 768w, https:\/\/utfpr-ct-static-content.s3.amazonaws.com\/utfpr.curitiba.br\/wp-content\/uploads\/sites\/99\/2023\/05\/Exterminador-Gabriel-Palmieri-Gustavo-Hikaru-1536x796.png 1536w\" sizes=\"(max-width: 1863px) 100vw, 1863px\" \/>                                            <\/a>\n                                        <\/div>\n                                                                                    <div class=\"post-content\">\n                                                <div class=\"content\">\n                                                    <h4 class=\"htmega-post-g-title\"><a href='https:\/\/utfpr.curitiba.br\/nucleodesignanimacao\/?p=10256'>Exterminador &#8211; Gabriel Palmieri e Gustavo Hikaru<\/a><\/h4>                                                                                                    <\/div>\n                                            <\/div>\n                                                                                <\/div>\n                                <\/div>\n                            \n                        \n                        \n                                                                                                                                            <div class=\"htb-col-lg-4 htb-col-sm-6 htb-col-12\">\n                                    <div class=\"ht-post gradient-overlay gradient-overlay-5 mt--20\">\n                                        <div class=\"thumb\">\n                                            <a href=\"https:\/\/utfpr.curitiba.br\/nucleodesignanimacao\/?p=10254\">\n                                                <img loading=\"lazy\" decoding=\"async\" width=\"1863\" height=\"966\" src=\"https:\/\/utfpr-ct-static-content.s3.amazonaws.com\/utfpr.curitiba.br\/wp-content\/uploads\/sites\/99\/2023\/05\/Exterminador-Gabriel-Palmieri-Gustavo-Hikaru.png\" class=\"attachment-full size-full wp-post-image\" alt=\"\" srcset=\"https:\/\/utfpr-ct-static-content.s3.amazonaws.com\/utfpr.curitiba.br\/wp-content\/uploads\/sites\/99\/2023\/05\/Exterminador-Gabriel-Palmieri-Gustavo-Hikaru.png 1863w, https:\/\/utfpr-ct-static-content.s3.amazonaws.com\/utfpr.curitiba.br\/wp-content\/uploads\/sites\/99\/2023\/05\/Exterminador-Gabriel-Palmieri-Gustavo-Hikaru-300x156.png 300w, https:\/\/utfpr-ct-static-content.s3.amazonaws.com\/utfpr.curitiba.br\/wp-content\/uploads\/sites\/99\/2023\/05\/Exterminador-Gabriel-Palmieri-Gustavo-Hikaru-1024x531.png 1024w, https:\/\/utfpr-ct-static-content.s3.amazonaws.com\/utfpr.curitiba.br\/wp-content\/uploads\/sites\/99\/2023\/05\/Exterminador-Gabriel-Palmieri-Gustavo-Hikaru-768x398.png 768w, https:\/\/utfpr-ct-static-content.s3.amazonaws.com\/utfpr.curitiba.br\/wp-content\/uploads\/sites\/99\/2023\/05\/Exterminador-Gabriel-Palmieri-Gustavo-Hikaru-1536x796.png 1536w\" sizes=\"(max-width: 1863px) 100vw, 1863px\" \/>                                            <\/a>\n                                        <\/div>\n                                                                                    <div class=\"post-content\">\n                                                <div class=\"content\">\n                                                    <h4 class=\"htmega-post-g-title\"><a href='https:\/\/utfpr.curitiba.br\/nucleodesignanimacao\/?p=10254'>Exterminador &#8211; Gabriel Palmieri e Gustavo Hikaru<\/a><\/h4>                                                                                                    <\/div>\n                                            <\/div>\n                                                                                <\/div>\n                                <\/div>\n                            \n                        \n                        \n                                                                                                                                            <div class=\"htb-col-lg-4 htb-col-sm-6 htb-col-12\">\n                                    <div class=\"ht-post gradient-overlay gradient-overlay-6 mt--20\">\n                                        <div class=\"thumb\">\n                                            <a href=\"https:\/\/utfpr.curitiba.br\/nucleodesignanimacao\/?p=10241\">\n                                                <img loading=\"lazy\" decoding=\"async\" width=\"1920\" height=\"822\" src=\"https:\/\/utfpr-ct-static-content.s3.amazonaws.com\/utfpr.curitiba.br\/wp-content\/uploads\/sites\/99\/2023\/05\/maria-quiteria-honra-e-gloria-antonio-jesus-da-silva.png\" class=\"attachment-full size-full wp-post-image\" alt=\"\" srcset=\"https:\/\/utfpr-ct-static-content.s3.amazonaws.com\/utfpr.curitiba.br\/wp-content\/uploads\/sites\/99\/2023\/05\/maria-quiteria-honra-e-gloria-antonio-jesus-da-silva.png 1920w, https:\/\/utfpr-ct-static-content.s3.amazonaws.com\/utfpr.curitiba.br\/wp-content\/uploads\/sites\/99\/2023\/05\/maria-quiteria-honra-e-gloria-antonio-jesus-da-silva-300x128.png 300w, https:\/\/utfpr-ct-static-content.s3.amazonaws.com\/utfpr.curitiba.br\/wp-content\/uploads\/sites\/99\/2023\/05\/maria-quiteria-honra-e-gloria-antonio-jesus-da-silva-1024x438.png 1024w, https:\/\/utfpr-ct-static-content.s3.amazonaws.com\/utfpr.curitiba.br\/wp-content\/uploads\/sites\/99\/2023\/05\/maria-quiteria-honra-e-gloria-antonio-jesus-da-silva-768x329.png 768w, https:\/\/utfpr-ct-static-content.s3.amazonaws.com\/utfpr.curitiba.br\/wp-content\/uploads\/sites\/99\/2023\/05\/maria-quiteria-honra-e-gloria-antonio-jesus-da-silva-1536x658.png 1536w\" sizes=\"(max-width: 1920px) 100vw, 1920px\" \/>                                            <\/a>\n                                        <\/div>\n                                                                                    <div class=\"post-content\">\n                                                <div class=\"content\">\n                                                    <h4 class=\"htmega-post-g-title\"><a href='https:\/\/utfpr.curitiba.br\/nucleodesignanimacao\/?p=10241'>Maria Quit\u00e9ria Honra e Gl\u00f3ria &#8211; Antonio Jesus da Silva<\/a><\/h4>                                                                                                    <\/div>\n                                            <\/div>\n                                                                                <\/div>\n                                <\/div>\n                            \n                        \n                        \n                                                                                                                                            <div class=\"htb-col-lg-4 htb-col-sm-6 htb-col-12\">\n                                    <div class=\"ht-post gradient-overlay gradient-overlay-1 mt--20\">\n                                        <div class=\"thumb\">\n                                            <a href=\"https:\/\/utfpr.curitiba.br\/nucleodesignanimacao\/?p=10223\">\n                                                <img loading=\"lazy\" decoding=\"async\" width=\"1920\" height=\"883\" src=\"https:\/\/utfpr-ct-static-content.s3.amazonaws.com\/utfpr.curitiba.br\/wp-content\/uploads\/sites\/99\/2023\/05\/Nos-David-Francisco-dos-Santos.png\" class=\"attachment-full size-full wp-post-image\" alt=\"\" srcset=\"https:\/\/utfpr-ct-static-content.s3.amazonaws.com\/utfpr.curitiba.br\/wp-content\/uploads\/sites\/99\/2023\/05\/Nos-David-Francisco-dos-Santos.png 1920w, https:\/\/utfpr-ct-static-content.s3.amazonaws.com\/utfpr.curitiba.br\/wp-content\/uploads\/sites\/99\/2023\/05\/Nos-David-Francisco-dos-Santos-300x138.png 300w, https:\/\/utfpr-ct-static-content.s3.amazonaws.com\/utfpr.curitiba.br\/wp-content\/uploads\/sites\/99\/2023\/05\/Nos-David-Francisco-dos-Santos-1024x471.png 1024w, https:\/\/utfpr-ct-static-content.s3.amazonaws.com\/utfpr.curitiba.br\/wp-content\/uploads\/sites\/99\/2023\/05\/Nos-David-Francisco-dos-Santos-768x353.png 768w, https:\/\/utfpr-ct-static-content.s3.amazonaws.com\/utfpr.curitiba.br\/wp-content\/uploads\/sites\/99\/2023\/05\/Nos-David-Francisco-dos-Santos-1536x706.png 1536w\" sizes=\"(max-width: 1920px) 100vw, 1920px\" \/>                                            <\/a>\n                                        <\/div>\n                                                                                    <div class=\"post-content\">\n                                                <div class=\"content\">\n                                                    <h4 class=\"htmega-post-g-title\"><a href='https:\/\/utfpr.curitiba.br\/nucleodesignanimacao\/?p=10223'>N\u00f3s &#8211; David Francisco dos Santos<\/a><\/h4>                                                                                                    <\/div>\n                                            <\/div>\n                                                                                <\/div>\n                                <\/div>\n                            \n                        \n                        \n                                                                                                                                            <div class=\"htb-col-lg-4 htb-col-sm-6 htb-col-12\">\n                                    <div class=\"ht-post gradient-overlay gradient-overlay-2 mt--20\">\n                                        <div class=\"thumb\">\n                                            <a href=\"https:\/\/utfpr.curitiba.br\/nucleodesignanimacao\/?p=10207\">\n                                                <img loading=\"lazy\" decoding=\"async\" width=\"1920\" height=\"894\" src=\"https:\/\/utfpr-ct-static-content.s3.amazonaws.com\/utfpr.curitiba.br\/wp-content\/uploads\/sites\/99\/2023\/05\/Assum-Preto-Bako-Machado.png\" class=\"attachment-full size-full wp-post-image\" alt=\"\" srcset=\"https:\/\/utfpr-ct-static-content.s3.amazonaws.com\/utfpr.curitiba.br\/wp-content\/uploads\/sites\/99\/2023\/05\/Assum-Preto-Bako-Machado.png 1920w, https:\/\/utfpr-ct-static-content.s3.amazonaws.com\/utfpr.curitiba.br\/wp-content\/uploads\/sites\/99\/2023\/05\/Assum-Preto-Bako-Machado-300x140.png 300w, https:\/\/utfpr-ct-static-content.s3.amazonaws.com\/utfpr.curitiba.br\/wp-content\/uploads\/sites\/99\/2023\/05\/Assum-Preto-Bako-Machado-1024x477.png 1024w, https:\/\/utfpr-ct-static-content.s3.amazonaws.com\/utfpr.curitiba.br\/wp-content\/uploads\/sites\/99\/2023\/05\/Assum-Preto-Bako-Machado-768x358.png 768w, https:\/\/utfpr-ct-static-content.s3.amazonaws.com\/utfpr.curitiba.br\/wp-content\/uploads\/sites\/99\/2023\/05\/Assum-Preto-Bako-Machado-1536x715.png 1536w\" sizes=\"(max-width: 1920px) 100vw, 1920px\" \/>                                            <\/a>\n                                        <\/div>\n                                                                                    <div class=\"post-content\">\n                                                <div class=\"content\">\n                                                    <h4 class=\"htmega-post-g-title\"><a href='https:\/\/utfpr.curitiba.br\/nucleodesignanimacao\/?p=10207'>Assum Preto &#8211; Bako Machado<\/a><\/h4>                                                                                                    <\/div>\n                                            <\/div>\n                                                                                <\/div>\n                                <\/div>\n                            \n                        \n                        \n                                                                                                                                            <div class=\"htb-col-lg-4 htb-col-sm-6 htb-col-12\">\n                                    <div class=\"ht-post gradient-overlay gradient-overlay-3 mt--20\">\n                                        <div class=\"thumb\">\n                                            <a href=\"https:\/\/utfpr.curitiba.br\/nucleodesignanimacao\/?p=10192\">\n                                                <img loading=\"lazy\" decoding=\"async\" width=\"1920\" height=\"905\" src=\"https:\/\/utfpr-ct-static-content.s3.amazonaws.com\/utfpr.curitiba.br\/wp-content\/uploads\/sites\/99\/2023\/05\/A-chave-Para-um-Jardim-Ricardo-Silva-de-Araujo.png\" class=\"attachment-full size-full wp-post-image\" alt=\"\" srcset=\"https:\/\/utfpr-ct-static-content.s3.amazonaws.com\/utfpr.curitiba.br\/wp-content\/uploads\/sites\/99\/2023\/05\/A-chave-Para-um-Jardim-Ricardo-Silva-de-Araujo.png 1920w, https:\/\/utfpr-ct-static-content.s3.amazonaws.com\/utfpr.curitiba.br\/wp-content\/uploads\/sites\/99\/2023\/05\/A-chave-Para-um-Jardim-Ricardo-Silva-de-Araujo-300x141.png 300w, https:\/\/utfpr-ct-static-content.s3.amazonaws.com\/utfpr.curitiba.br\/wp-content\/uploads\/sites\/99\/2023\/05\/A-chave-Para-um-Jardim-Ricardo-Silva-de-Araujo-1024x483.png 1024w, https:\/\/utfpr-ct-static-content.s3.amazonaws.com\/utfpr.curitiba.br\/wp-content\/uploads\/sites\/99\/2023\/05\/A-chave-Para-um-Jardim-Ricardo-Silva-de-Araujo-768x362.png 768w, https:\/\/utfpr-ct-static-content.s3.amazonaws.com\/utfpr.curitiba.br\/wp-content\/uploads\/sites\/99\/2023\/05\/A-chave-Para-um-Jardim-Ricardo-Silva-de-Araujo-1536x724.png 1536w\" sizes=\"(max-width: 1920px) 100vw, 1920px\" \/>                                            <\/a>\n                                        <\/div>\n                                                                                    <div class=\"post-content\">\n                                                <div class=\"content\">\n                                                    <h4 class=\"htmega-post-g-title\"><a href='https:\/\/utfpr.curitiba.br\/nucleodesignanimacao\/?p=10192'>A chave para um jardim &#8211; Ricardo Silva de Araujo<\/a><\/h4>                                                                                                    <\/div>\n                                            <\/div>\n                                                                                <\/div>\n                                <\/div>\n                            \n                        \n                        \n                                                                                                                                            <div class=\"htb-col-lg-4 htb-col-sm-6 htb-col-12\">\n                                    <div class=\"ht-post gradient-overlay gradient-overlay-4 mt--20\">\n                                        <div class=\"thumb\">\n                                            <a href=\"https:\/\/utfpr.curitiba.br\/nucleodesignanimacao\/?p=10178\">\n                                                <img loading=\"lazy\" decoding=\"async\" width=\"1920\" height=\"1049\" src=\"https:\/\/utfpr-ct-static-content.s3.amazonaws.com\/utfpr.curitiba.br\/wp-content\/uploads\/sites\/99\/2023\/05\/Muda-Isabella-Pannain.png\" class=\"attachment-full size-full wp-post-image\" alt=\"\" srcset=\"https:\/\/utfpr-ct-static-content.s3.amazonaws.com\/utfpr.curitiba.br\/wp-content\/uploads\/sites\/99\/2023\/05\/Muda-Isabella-Pannain.png 1920w, https:\/\/utfpr-ct-static-content.s3.amazonaws.com\/utfpr.curitiba.br\/wp-content\/uploads\/sites\/99\/2023\/05\/Muda-Isabella-Pannain-300x164.png 300w, https:\/\/utfpr-ct-static-content.s3.amazonaws.com\/utfpr.curitiba.br\/wp-content\/uploads\/sites\/99\/2023\/05\/Muda-Isabella-Pannain-1024x559.png 1024w, https:\/\/utfpr-ct-static-content.s3.amazonaws.com\/utfpr.curitiba.br\/wp-content\/uploads\/sites\/99\/2023\/05\/Muda-Isabella-Pannain-768x420.png 768w, https:\/\/utfpr-ct-static-content.s3.amazonaws.com\/utfpr.curitiba.br\/wp-content\/uploads\/sites\/99\/2023\/05\/Muda-Isabella-Pannain-1536x839.png 1536w\" sizes=\"(max-width: 1920px) 100vw, 1920px\" \/>                                            <\/a>\n                                        <\/div>\n                                                                                    <div class=\"post-content\">\n                                                <div class=\"content\">\n                                                    <h4 class=\"htmega-post-g-title\"><a href='https:\/\/utfpr.curitiba.br\/nucleodesignanimacao\/?p=10178'>Muda &#8211; Isabella Pannain<\/a><\/h4>                                                                                                    <\/div>\n                                            <\/div>\n                                                                                <\/div>\n                                <\/div>\n                            \n                        \n                        \n                                                                                                                                            <div class=\"htb-col-lg-4 htb-col-sm-6 htb-col-12\">\n                                    <div class=\"ht-post gradient-overlay gradient-overlay-5 mt--20\">\n                                        <div class=\"thumb\">\n                                            <a href=\"https:\/\/utfpr.curitiba.br\/nucleodesignanimacao\/?p=10163\">\n                                                <img loading=\"lazy\" decoding=\"async\" width=\"945\" height=\"546\" src=\"https:\/\/utfpr-ct-static-content.s3.amazonaws.com\/utfpr.curitiba.br\/wp-content\/uploads\/sites\/99\/2023\/05\/Tzinga-Giuliana-Danza.png\" class=\"attachment-full size-full wp-post-image\" alt=\"\" srcset=\"https:\/\/utfpr-ct-static-content.s3.amazonaws.com\/utfpr.curitiba.br\/wp-content\/uploads\/sites\/99\/2023\/05\/Tzinga-Giuliana-Danza.png 945w, https:\/\/utfpr-ct-static-content.s3.amazonaws.com\/utfpr.curitiba.br\/wp-content\/uploads\/sites\/99\/2023\/05\/Tzinga-Giuliana-Danza-300x173.png 300w, https:\/\/utfpr-ct-static-content.s3.amazonaws.com\/utfpr.curitiba.br\/wp-content\/uploads\/sites\/99\/2023\/05\/Tzinga-Giuliana-Danza-768x444.png 768w\" sizes=\"(max-width: 945px) 100vw, 945px\" \/>                                            <\/a>\n                                        <\/div>\n                                                                                    <div class=\"post-content\">\n                                                <div class=\"content\">\n                                                    <h4 class=\"htmega-post-g-title\"><a href='https:\/\/utfpr.curitiba.br\/nucleodesignanimacao\/?p=10163'>Tzinga &#8211; Giuliana Danza<\/a><\/h4>                                                                                                    <\/div>\n                                            <\/div>\n                                                                                <\/div>\n                                <\/div>\n                            \n                        \n                        \n                                                                                                                                            <div class=\"htb-col-lg-4 htb-col-sm-6 htb-col-12\">\n                                    <div class=\"ht-post gradient-overlay gradient-overlay-6 mt--20\">\n                                        <div class=\"thumb\">\n                                            <a href=\"https:\/\/utfpr.curitiba.br\/nucleodesignanimacao\/?p=10145\">\n                                                <img loading=\"lazy\" decoding=\"async\" width=\"1920\" height=\"951\" src=\"https:\/\/utfpr-ct-static-content.s3.amazonaws.com\/utfpr.curitiba.br\/wp-content\/uploads\/sites\/99\/2023\/05\/Faisca-de-Po-Isabella-Bretz.png\" class=\"attachment-full size-full wp-post-image\" alt=\"\" srcset=\"https:\/\/utfpr-ct-static-content.s3.amazonaws.com\/utfpr.curitiba.br\/wp-content\/uploads\/sites\/99\/2023\/05\/Faisca-de-Po-Isabella-Bretz.png 1920w, https:\/\/utfpr-ct-static-content.s3.amazonaws.com\/utfpr.curitiba.br\/wp-content\/uploads\/sites\/99\/2023\/05\/Faisca-de-Po-Isabella-Bretz-300x149.png 300w, https:\/\/utfpr-ct-static-content.s3.amazonaws.com\/utfpr.curitiba.br\/wp-content\/uploads\/sites\/99\/2023\/05\/Faisca-de-Po-Isabella-Bretz-1024x507.png 1024w, https:\/\/utfpr-ct-static-content.s3.amazonaws.com\/utfpr.curitiba.br\/wp-content\/uploads\/sites\/99\/2023\/05\/Faisca-de-Po-Isabella-Bretz-768x380.png 768w, https:\/\/utfpr-ct-static-content.s3.amazonaws.com\/utfpr.curitiba.br\/wp-content\/uploads\/sites\/99\/2023\/05\/Faisca-de-Po-Isabella-Bretz-1536x761.png 1536w\" sizes=\"(max-width: 1920px) 100vw, 1920px\" \/>                                            <\/a>\n                                        <\/div>\n                                                                                    <div class=\"post-content\">\n                                                <div class=\"content\">\n                                                    <h4 class=\"htmega-post-g-title\"><a href='https:\/\/utfpr.curitiba.br\/nucleodesignanimacao\/?p=10145'>Fa\u00edsca de P\u00f3 &#8211; Jackson Abacatu<\/a><\/h4>                                                                                                    <\/div>\n                                            <\/div>\n                                                                                <\/div>\n                                <\/div>\n                            \n                        \n                        \n                                                                                                                                            <div class=\"htb-col-lg-4 htb-col-sm-6 htb-col-12\">\n                                    <div class=\"ht-post gradient-overlay gradient-overlay-1 mt--20\">\n                                        <div class=\"thumb\">\n                                            <a href=\"https:\/\/utfpr.curitiba.br\/nucleodesignanimacao\/?p=10123\">\n                                                <img loading=\"lazy\" decoding=\"async\" width=\"723\" height=\"903\" src=\"https:\/\/utfpr-ct-static-content.s3.amazonaws.com\/utfpr.curitiba.br\/wp-content\/uploads\/sites\/99\/2023\/05\/Baiacu-Luiza-Mayumi-Ishikawa-Shigemori.png\" class=\"attachment-full size-full wp-post-image\" alt=\"\" srcset=\"https:\/\/utfpr-ct-static-content.s3.amazonaws.com\/utfpr.curitiba.br\/wp-content\/uploads\/sites\/99\/2023\/05\/Baiacu-Luiza-Mayumi-Ishikawa-Shigemori.png 723w, https:\/\/utfpr-ct-static-content.s3.amazonaws.com\/utfpr.curitiba.br\/wp-content\/uploads\/sites\/99\/2023\/05\/Baiacu-Luiza-Mayumi-Ishikawa-Shigemori-240x300.png 240w\" sizes=\"(max-width: 723px) 100vw, 723px\" \/>                                            <\/a>\n                                        <\/div>\n                                                                                    <div class=\"post-content\">\n                                                <div class=\"content\">\n                                                    <h4 class=\"htmega-post-g-title\"><a href='https:\/\/utfpr.curitiba.br\/nucleodesignanimacao\/?p=10123'>Baiacu &#8211; Lu\u00edza Mayumi Ishikawa Shigemori<\/a><\/h4>                                                                                                    <\/div>\n                                            <\/div>\n                                                                                <\/div>\n                                <\/div>\n                            \n                        \n                        \n                                                                                                                                            <div class=\"htb-col-lg-4 htb-col-sm-6 htb-col-12\">\n                                    <div class=\"ht-post gradient-overlay gradient-overlay-2 mt--20\">\n                                        <div class=\"thumb\">\n                                            <a href=\"https:\/\/utfpr.curitiba.br\/nucleodesignanimacao\/?p=10108\">\n                                                <img loading=\"lazy\" decoding=\"async\" width=\"1908\" height=\"791\" src=\"https:\/\/utfpr-ct-static-content.s3.amazonaws.com\/utfpr.curitiba.br\/wp-content\/uploads\/sites\/99\/2023\/05\/Porto-e-Raiz-Pamela-Peregrino.jpg\" class=\"attachment-full size-full wp-post-image\" alt=\"\" srcset=\"https:\/\/utfpr-ct-static-content.s3.amazonaws.com\/utfpr.curitiba.br\/wp-content\/uploads\/sites\/99\/2023\/05\/Porto-e-Raiz-Pamela-Peregrino.jpg 1908w, https:\/\/utfpr-ct-static-content.s3.amazonaws.com\/utfpr.curitiba.br\/wp-content\/uploads\/sites\/99\/2023\/05\/Porto-e-Raiz-Pamela-Peregrino-300x124.jpg 300w, https:\/\/utfpr-ct-static-content.s3.amazonaws.com\/utfpr.curitiba.br\/wp-content\/uploads\/sites\/99\/2023\/05\/Porto-e-Raiz-Pamela-Peregrino-1024x425.jpg 1024w, https:\/\/utfpr-ct-static-content.s3.amazonaws.com\/utfpr.curitiba.br\/wp-content\/uploads\/sites\/99\/2023\/05\/Porto-e-Raiz-Pamela-Peregrino-768x318.jpg 768w, https:\/\/utfpr-ct-static-content.s3.amazonaws.com\/utfpr.curitiba.br\/wp-content\/uploads\/sites\/99\/2023\/05\/Porto-e-Raiz-Pamela-Peregrino-1536x637.jpg 1536w\" sizes=\"(max-width: 1908px) 100vw, 1908px\" \/>                                            <\/a>\n                                        <\/div>\n                                                                                    <div class=\"post-content\">\n                                                <div class=\"content\">\n                                                    <h4 class=\"htmega-post-g-title\"><a href='https:\/\/utfpr.curitiba.br\/nucleodesignanimacao\/?p=10108'>Porto e Raiz &#8211; P\u00e2mela Peregrino<\/a><\/h4>                                                                                                    <\/div>\n                                            <\/div>\n                                                                                <\/div>\n                                <\/div>\n                            \n                        \n                        \n                                                                                                                                            <div class=\"htb-col-lg-4 htb-col-sm-6 htb-col-12\">\n                                    <div class=\"ht-post gradient-overlay gradient-overlay-3 mt--20\">\n                                        <div class=\"thumb\">\n                                            <a href=\"https:\/\/utfpr.curitiba.br\/nucleodesignanimacao\/?p=10065\">\n                                                <img loading=\"lazy\" decoding=\"async\" width=\"666\" height=\"441\" src=\"https:\/\/utfpr-ct-static-content.s3.amazonaws.com\/utfpr.curitiba.br\/wp-content\/uploads\/sites\/99\/2023\/05\/Traco-Fernando-Gutierrez.png\" class=\"attachment-full size-full wp-post-image\" alt=\"\" srcset=\"https:\/\/utfpr-ct-static-content.s3.amazonaws.com\/utfpr.curitiba.br\/wp-content\/uploads\/sites\/99\/2023\/05\/Traco-Fernando-Gutierrez.png 666w, https:\/\/utfpr-ct-static-content.s3.amazonaws.com\/utfpr.curitiba.br\/wp-content\/uploads\/sites\/99\/2023\/05\/Traco-Fernando-Gutierrez-300x199.png 300w\" sizes=\"(max-width: 666px) 100vw, 666px\" \/>                                            <\/a>\n                                        <\/div>\n                                                                                    <div class=\"post-content\">\n                                                <div class=\"content\">\n                                                    <h4 class=\"htmega-post-g-title\"><a href='https:\/\/utfpr.curitiba.br\/nucleodesignanimacao\/?p=10065'>Tra\u00e7o &#8211; Fernando Guti\u00e9rrez<\/a><\/h4>                                                                                                    <\/div>\n                                            <\/div>\n                                                                                <\/div>\n                                <\/div>\n                            \n                        \n                        \n                                                                                                                                            <div class=\"htb-col-lg-4 htb-col-sm-6 htb-col-12\">\n                                    <div class=\"ht-post gradient-overlay gradient-overlay-4 mt--20\">\n                                        <div class=\"thumb\">\n                                            <a href=\"https:\/\/utfpr.curitiba.br\/nucleodesignanimacao\/?p=10059\">\n                                                <img loading=\"lazy\" decoding=\"async\" width=\"1920\" height=\"899\" src=\"https:\/\/utfpr-ct-static-content.s3.amazonaws.com\/utfpr.curitiba.br\/wp-content\/uploads\/sites\/99\/2023\/05\/PIZZA-Ivan-Bustingorri.png\" class=\"attachment-full size-full wp-post-image\" alt=\"\" srcset=\"https:\/\/utfpr-ct-static-content.s3.amazonaws.com\/utfpr.curitiba.br\/wp-content\/uploads\/sites\/99\/2023\/05\/PIZZA-Ivan-Bustingorri.png 1920w, https:\/\/utfpr-ct-static-content.s3.amazonaws.com\/utfpr.curitiba.br\/wp-content\/uploads\/sites\/99\/2023\/05\/PIZZA-Ivan-Bustingorri-300x140.png 300w, https:\/\/utfpr-ct-static-content.s3.amazonaws.com\/utfpr.curitiba.br\/wp-content\/uploads\/sites\/99\/2023\/05\/PIZZA-Ivan-Bustingorri-1024x479.png 1024w, https:\/\/utfpr-ct-static-content.s3.amazonaws.com\/utfpr.curitiba.br\/wp-content\/uploads\/sites\/99\/2023\/05\/PIZZA-Ivan-Bustingorri-768x360.png 768w, https:\/\/utfpr-ct-static-content.s3.amazonaws.com\/utfpr.curitiba.br\/wp-content\/uploads\/sites\/99\/2023\/05\/PIZZA-Ivan-Bustingorri-1536x719.png 1536w\" sizes=\"(max-width: 1920px) 100vw, 1920px\" \/>                                            <\/a>\n                                        <\/div>\n                                                                                    <div class=\"post-content\">\n                                                <div class=\"content\">\n                                                    <h4 class=\"htmega-post-g-title\"><a href='https:\/\/utfpr.curitiba.br\/nucleodesignanimacao\/?p=10059'>PIZZA &#8211; Iv\u00e1n Bustingorri<\/a><\/h4>                                                                                                    <\/div>\n                                            <\/div>\n                                                                                <\/div>\n                                <\/div>\n                            \n                        \n                        \n                                                                                                                                            <div class=\"htb-col-lg-4 htb-col-sm-6 htb-col-12\">\n                                    <div class=\"ht-post gradient-overlay gradient-overlay-5 mt--20\">\n                                        <div class=\"thumb\">\n                                            <a href=\"https:\/\/utfpr.curitiba.br\/nucleodesignanimacao\/?p=10052\">\n                                                <img loading=\"lazy\" decoding=\"async\" width=\"1018\" height=\"570\" src=\"https:\/\/utfpr-ct-static-content.s3.amazonaws.com\/utfpr.curitiba.br\/wp-content\/uploads\/sites\/99\/2023\/05\/Girassol-Gabriela-Costa-de-Souza-Carolina-Nathalia-Rosa-Nicolletti.png\" class=\"attachment-full size-full wp-post-image\" alt=\"\" srcset=\"https:\/\/utfpr-ct-static-content.s3.amazonaws.com\/utfpr.curitiba.br\/wp-content\/uploads\/sites\/99\/2023\/05\/Girassol-Gabriela-Costa-de-Souza-Carolina-Nathalia-Rosa-Nicolletti.png 1018w, https:\/\/utfpr-ct-static-content.s3.amazonaws.com\/utfpr.curitiba.br\/wp-content\/uploads\/sites\/99\/2023\/05\/Girassol-Gabriela-Costa-de-Souza-Carolina-Nathalia-Rosa-Nicolletti-300x168.png 300w, https:\/\/utfpr-ct-static-content.s3.amazonaws.com\/utfpr.curitiba.br\/wp-content\/uploads\/sites\/99\/2023\/05\/Girassol-Gabriela-Costa-de-Souza-Carolina-Nathalia-Rosa-Nicolletti-768x430.png 768w\" sizes=\"(max-width: 1018px) 100vw, 1018px\" \/>                                            <\/a>\n                                        <\/div>\n                                                                                    <div class=\"post-content\">\n                                                <div class=\"content\">\n                                                    <h4 class=\"htmega-post-g-title\"><a href='https:\/\/utfpr.curitiba.br\/nucleodesignanimacao\/?p=10052'>Girassol &#8211; Gabriela Costa de Souza e Carolina Nathalia Rosa Nicolletti<\/a><\/h4>                                                                                                    <\/div>\n                                            <\/div>\n                                                                                <\/div>\n                                <\/div>\n                            \n                        \n                        \n                                                                                                                                            <div class=\"htb-col-lg-4 htb-col-sm-6 htb-col-12\">\n                                    <div class=\"ht-post gradient-overlay gradient-overlay-6 mt--20\">\n                                        <div class=\"thumb\">\n                                            <a href=\"https:\/\/utfpr.curitiba.br\/nucleodesignanimacao\/?p=10046\">\n                                                <img loading=\"lazy\" decoding=\"async\" width=\"1920\" height=\"858\" src=\"https:\/\/utfpr-ct-static-content.s3.amazonaws.com\/utfpr.curitiba.br\/wp-content\/uploads\/sites\/99\/2023\/05\/Abismo.png\" class=\"attachment-full size-full wp-post-image\" alt=\"\" srcset=\"https:\/\/utfpr-ct-static-content.s3.amazonaws.com\/utfpr.curitiba.br\/wp-content\/uploads\/sites\/99\/2023\/05\/Abismo.png 1920w, https:\/\/utfpr-ct-static-content.s3.amazonaws.com\/utfpr.curitiba.br\/wp-content\/uploads\/sites\/99\/2023\/05\/Abismo-300x134.png 300w, https:\/\/utfpr-ct-static-content.s3.amazonaws.com\/utfpr.curitiba.br\/wp-content\/uploads\/sites\/99\/2023\/05\/Abismo-1024x458.png 1024w, https:\/\/utfpr-ct-static-content.s3.amazonaws.com\/utfpr.curitiba.br\/wp-content\/uploads\/sites\/99\/2023\/05\/Abismo-768x343.png 768w, https:\/\/utfpr-ct-static-content.s3.amazonaws.com\/utfpr.curitiba.br\/wp-content\/uploads\/sites\/99\/2023\/05\/Abismo-1536x686.png 1536w\" sizes=\"(max-width: 1920px) 100vw, 1920px\" \/>                                            <\/a>\n                                        <\/div>\n                                                                                    <div class=\"post-content\">\n                                                <div class=\"content\">\n                                                    <h4 class=\"htmega-post-g-title\"><a href='https:\/\/utfpr.curitiba.br\/nucleodesignanimacao\/?p=10046'>Abismo &#8211; Lucas Manfredini Pra\u00e7a eBreno Bullo<\/a><\/h4>                                                                                                    <\/div>\n                                            <\/div>\n                                                                                <\/div>\n                                <\/div>\n                            \n                        \n                        \n                                                                                                                                            <div class=\"htb-col-lg-4 htb-col-sm-6 htb-col-12\">\n                                    <div class=\"ht-post gradient-overlay gradient-overlay-1 mt--20\">\n                                        <div class=\"thumb\">\n                                            <a href=\"https:\/\/utfpr.curitiba.br\/nucleodesignanimacao\/?p=10040\">\n                                                <img loading=\"lazy\" decoding=\"async\" width=\"1920\" height=\"903\" src=\"https:\/\/utfpr-ct-static-content.s3.amazonaws.com\/utfpr.curitiba.br\/wp-content\/uploads\/sites\/99\/2023\/05\/Um-dia-frio-Victor-Percy.png\" class=\"attachment-full size-full wp-post-image\" alt=\"\" srcset=\"https:\/\/utfpr-ct-static-content.s3.amazonaws.com\/utfpr.curitiba.br\/wp-content\/uploads\/sites\/99\/2023\/05\/Um-dia-frio-Victor-Percy.png 1920w, https:\/\/utfpr-ct-static-content.s3.amazonaws.com\/utfpr.curitiba.br\/wp-content\/uploads\/sites\/99\/2023\/05\/Um-dia-frio-Victor-Percy-300x141.png 300w, https:\/\/utfpr-ct-static-content.s3.amazonaws.com\/utfpr.curitiba.br\/wp-content\/uploads\/sites\/99\/2023\/05\/Um-dia-frio-Victor-Percy-1024x482.png 1024w, https:\/\/utfpr-ct-static-content.s3.amazonaws.com\/utfpr.curitiba.br\/wp-content\/uploads\/sites\/99\/2023\/05\/Um-dia-frio-Victor-Percy-768x361.png 768w, https:\/\/utfpr-ct-static-content.s3.amazonaws.com\/utfpr.curitiba.br\/wp-content\/uploads\/sites\/99\/2023\/05\/Um-dia-frio-Victor-Percy-1536x722.png 1536w\" sizes=\"(max-width: 1920px) 100vw, 1920px\" \/>                                            <\/a>\n                                        <\/div>\n                                                                                    <div class=\"post-content\">\n                                                <div class=\"content\">\n                                                    <h4 class=\"htmega-post-g-title\"><a href='https:\/\/utfpr.curitiba.br\/nucleodesignanimacao\/?p=10040'>Um dia frio &#8211; Victor Percy<\/a><\/h4>                                                                                                    <\/div>\n                                            <\/div>\n                                                                                <\/div>\n                                <\/div>\n                            \n                        \n                        \n                                                                                                                                            <div class=\"htb-col-lg-4 htb-col-sm-6 htb-col-12\">\n                                    <div class=\"ht-post gradient-overlay gradient-overlay-2 mt--20\">\n                                        <div class=\"thumb\">\n                                            <a href=\"https:\/\/utfpr.curitiba.br\/nucleodesignanimacao\/?p=10032\">\n                                                <img loading=\"lazy\" decoding=\"async\" width=\"395\" height=\"553\" src=\"https:\/\/utfpr-ct-static-content.s3.amazonaws.com\/utfpr.curitiba.br\/wp-content\/uploads\/sites\/99\/2023\/05\/O-Homem-Atras-da-Janela-Naum-Roberto-Gomes.png\" class=\"attachment-full size-full wp-post-image\" alt=\"\" srcset=\"https:\/\/utfpr-ct-static-content.s3.amazonaws.com\/utfpr.curitiba.br\/wp-content\/uploads\/sites\/99\/2023\/05\/O-Homem-Atras-da-Janela-Naum-Roberto-Gomes.png 395w, https:\/\/utfpr-ct-static-content.s3.amazonaws.com\/utfpr.curitiba.br\/wp-content\/uploads\/sites\/99\/2023\/05\/O-Homem-Atras-da-Janela-Naum-Roberto-Gomes-214x300.png 214w\" sizes=\"(max-width: 395px) 100vw, 395px\" \/>                                            <\/a>\n                                        <\/div>\n                                                                                    <div class=\"post-content\">\n                                                <div class=\"content\">\n                                                    <h4 class=\"htmega-post-g-title\"><a href='https:\/\/utfpr.curitiba.br\/nucleodesignanimacao\/?p=10032'>O Homem Atr\u00e1s da Janela &#8211; Naum Roberto Gomes<\/a><\/h4>                                                                                                    <\/div>\n                                            <\/div>\n                                                                                <\/div>\n                                <\/div>\n                            \n                        \n                        \n                                                                                                                                            <div class=\"htb-col-lg-4 htb-col-sm-6 htb-col-12\">\n                                    <div class=\"ht-post gradient-overlay gradient-overlay-3 mt--20\">\n                                        <div class=\"thumb\">\n                                            <a href=\"https:\/\/utfpr.curitiba.br\/nucleodesignanimacao\/?p=10026\">\n                                                <img loading=\"lazy\" decoding=\"async\" width=\"1824\" height=\"985\" src=\"https:\/\/utfpr-ct-static-content.s3.amazonaws.com\/utfpr.curitiba.br\/wp-content\/uploads\/sites\/99\/2023\/05\/Sonhos-Douglas-Alves-Ferreira.png\" class=\"attachment-full size-full wp-post-image\" alt=\"\" srcset=\"https:\/\/utfpr-ct-static-content.s3.amazonaws.com\/utfpr.curitiba.br\/wp-content\/uploads\/sites\/99\/2023\/05\/Sonhos-Douglas-Alves-Ferreira.png 1824w, https:\/\/utfpr-ct-static-content.s3.amazonaws.com\/utfpr.curitiba.br\/wp-content\/uploads\/sites\/99\/2023\/05\/Sonhos-Douglas-Alves-Ferreira-300x162.png 300w, https:\/\/utfpr-ct-static-content.s3.amazonaws.com\/utfpr.curitiba.br\/wp-content\/uploads\/sites\/99\/2023\/05\/Sonhos-Douglas-Alves-Ferreira-1024x553.png 1024w, https:\/\/utfpr-ct-static-content.s3.amazonaws.com\/utfpr.curitiba.br\/wp-content\/uploads\/sites\/99\/2023\/05\/Sonhos-Douglas-Alves-Ferreira-768x415.png 768w, https:\/\/utfpr-ct-static-content.s3.amazonaws.com\/utfpr.curitiba.br\/wp-content\/uploads\/sites\/99\/2023\/05\/Sonhos-Douglas-Alves-Ferreira-1536x829.png 1536w\" sizes=\"(max-width: 1824px) 100vw, 1824px\" \/>                                            <\/a>\n                                        <\/div>\n                                                                                    <div class=\"post-content\">\n                                                <div class=\"content\">\n                                                    <h4 class=\"htmega-post-g-title\"><a href='https:\/\/utfpr.curitiba.br\/nucleodesignanimacao\/?p=10026'>Sonhos &#8211; Douglas Alves Ferreira<\/a><\/h4>                                                                                                    <\/div>\n                                            <\/div>\n                                                                                <\/div>\n                                <\/div>\n                            \n                        \n                        \n                                                                                                                                            <div class=\"htb-col-lg-4 htb-col-sm-6 htb-col-12\">\n                                    <div class=\"ht-post gradient-overlay gradient-overlay-4 mt--20\">\n                                        <div class=\"thumb\">\n                                            <a href=\"https:\/\/utfpr.curitiba.br\/nucleodesignanimacao\/?p=10017\">\n                                                <img loading=\"lazy\" decoding=\"async\" width=\"1920\" height=\"1080\" src=\"https:\/\/utfpr-ct-static-content.s3.amazonaws.com\/utfpr.curitiba.br\/wp-content\/uploads\/sites\/99\/2023\/05\/Paloma-Alex-Reis-1.png\" class=\"attachment-full size-full wp-post-image\" alt=\"\" srcset=\"https:\/\/utfpr-ct-static-content.s3.amazonaws.com\/utfpr.curitiba.br\/wp-content\/uploads\/sites\/99\/2023\/05\/Paloma-Alex-Reis-1.png 1920w, https:\/\/utfpr-ct-static-content.s3.amazonaws.com\/utfpr.curitiba.br\/wp-content\/uploads\/sites\/99\/2023\/05\/Paloma-Alex-Reis-1-300x169.png 300w, https:\/\/utfpr-ct-static-content.s3.amazonaws.com\/utfpr.curitiba.br\/wp-content\/uploads\/sites\/99\/2023\/05\/Paloma-Alex-Reis-1-1024x576.png 1024w, https:\/\/utfpr-ct-static-content.s3.amazonaws.com\/utfpr.curitiba.br\/wp-content\/uploads\/sites\/99\/2023\/05\/Paloma-Alex-Reis-1-768x432.png 768w, https:\/\/utfpr-ct-static-content.s3.amazonaws.com\/utfpr.curitiba.br\/wp-content\/uploads\/sites\/99\/2023\/05\/Paloma-Alex-Reis-1-1536x864.png 1536w\" sizes=\"(max-width: 1920px) 100vw, 1920px\" \/>                                            <\/a>\n                                        <\/div>\n                                                                                    <div class=\"post-content\">\n                                                <div class=\"content\">\n                                                    <h4 class=\"htmega-post-g-title\"><a href='https:\/\/utfpr.curitiba.br\/nucleodesignanimacao\/?p=10017'>Paloma &#8211; Alex Reis<\/a><\/h4>                                                                                                    <\/div>\n                                            <\/div>\n                                                                                <\/div>\n                                <\/div>\n                            \n                        \n                        \n                                                                                                                                            <div class=\"htb-col-lg-4 htb-col-sm-6 htb-col-12\">\n                                    <div class=\"ht-post gradient-overlay gradient-overlay-5 mt--20\">\n                                        <div class=\"thumb\">\n                                            <a href=\"https:\/\/utfpr.curitiba.br\/nucleodesignanimacao\/?p=10011\">\n                                                <img loading=\"lazy\" decoding=\"async\" width=\"3334\" height=\"2348\" src=\"https:\/\/utfpr-ct-static-content.s3.amazonaws.com\/utfpr.curitiba.br\/wp-content\/uploads\/sites\/99\/2023\/04\/Imagem-substituicao_Prancheta-1.png\" class=\"attachment-full size-full wp-post-image\" alt=\"\" srcset=\"https:\/\/utfpr-ct-static-content.s3.amazonaws.com\/utfpr.curitiba.br\/wp-content\/uploads\/sites\/99\/2023\/04\/Imagem-substituicao_Prancheta-1.png 3334w, https:\/\/utfpr-ct-static-content.s3.amazonaws.com\/utfpr.curitiba.br\/wp-content\/uploads\/sites\/99\/2023\/04\/Imagem-substituicao_Prancheta-1-300x211.png 300w, https:\/\/utfpr-ct-static-content.s3.amazonaws.com\/utfpr.curitiba.br\/wp-content\/uploads\/sites\/99\/2023\/04\/Imagem-substituicao_Prancheta-1-1024x721.png 1024w, https:\/\/utfpr-ct-static-content.s3.amazonaws.com\/utfpr.curitiba.br\/wp-content\/uploads\/sites\/99\/2023\/04\/Imagem-substituicao_Prancheta-1-768x541.png 768w, https:\/\/utfpr-ct-static-content.s3.amazonaws.com\/utfpr.curitiba.br\/wp-content\/uploads\/sites\/99\/2023\/04\/Imagem-substituicao_Prancheta-1-1536x1082.png 1536w, https:\/\/utfpr-ct-static-content.s3.amazonaws.com\/utfpr.curitiba.br\/wp-content\/uploads\/sites\/99\/2023\/04\/Imagem-substituicao_Prancheta-1-2048x1442.png 2048w\" sizes=\"(max-width: 3334px) 100vw, 3334px\" \/>                                            <\/a>\n                                        <\/div>\n                                                                                    <div class=\"post-content\">\n                                                <div class=\"content\">\n                                                    <h4 class=\"htmega-post-g-title\"><a href='https:\/\/utfpr.curitiba.br\/nucleodesignanimacao\/?p=10011'>Os Retratos &#8211; Amanda J. Campos, Juliana Naomi Eda, Vit Duarte<\/a><\/h4>                                                                                                    <\/div>\n                                            <\/div>\n                                                                                <\/div>\n                                <\/div>\n                            \n                        \n                        \n                                                                                                                                            <div class=\"htb-col-lg-4 htb-col-sm-6 htb-col-12\">\n                                    <div class=\"ht-post gradient-overlay gradient-overlay-6 mt--20\">\n                                        <div class=\"thumb\">\n                                            <a href=\"https:\/\/utfpr.curitiba.br\/nucleodesignanimacao\/?p=10005\">\n                                                <img loading=\"lazy\" decoding=\"async\" width=\"3334\" height=\"2348\" src=\"https:\/\/utfpr-ct-static-content.s3.amazonaws.com\/utfpr.curitiba.br\/wp-content\/uploads\/sites\/99\/2023\/04\/Imagem-substituicao_Prancheta-1.png\" class=\"attachment-full size-full wp-post-image\" alt=\"\" srcset=\"https:\/\/utfpr-ct-static-content.s3.amazonaws.com\/utfpr.curitiba.br\/wp-content\/uploads\/sites\/99\/2023\/04\/Imagem-substituicao_Prancheta-1.png 3334w, https:\/\/utfpr-ct-static-content.s3.amazonaws.com\/utfpr.curitiba.br\/wp-content\/uploads\/sites\/99\/2023\/04\/Imagem-substituicao_Prancheta-1-300x211.png 300w, https:\/\/utfpr-ct-static-content.s3.amazonaws.com\/utfpr.curitiba.br\/wp-content\/uploads\/sites\/99\/2023\/04\/Imagem-substituicao_Prancheta-1-1024x721.png 1024w, https:\/\/utfpr-ct-static-content.s3.amazonaws.com\/utfpr.curitiba.br\/wp-content\/uploads\/sites\/99\/2023\/04\/Imagem-substituicao_Prancheta-1-768x541.png 768w, https:\/\/utfpr-ct-static-content.s3.amazonaws.com\/utfpr.curitiba.br\/wp-content\/uploads\/sites\/99\/2023\/04\/Imagem-substituicao_Prancheta-1-1536x1082.png 1536w, https:\/\/utfpr-ct-static-content.s3.amazonaws.com\/utfpr.curitiba.br\/wp-content\/uploads\/sites\/99\/2023\/04\/Imagem-substituicao_Prancheta-1-2048x1442.png 2048w\" sizes=\"(max-width: 3334px) 100vw, 3334px\" \/>                                            <\/a>\n                                        <\/div>\n                                                                                    <div class=\"post-content\">\n                                                <div class=\"content\">\n                                                    <h4 class=\"htmega-post-g-title\"><a href='https:\/\/utfpr.curitiba.br\/nucleodesignanimacao\/?p=10005'>Mollie &#8211; Thaciana de Paula Oliveira<\/a><\/h4>                                                                                                    <\/div>\n                                            <\/div>\n                                                                                <\/div>\n                                <\/div>\n                            \n                        \n                        \n                                                                                                                                            <div class=\"htb-col-lg-4 htb-col-sm-6 htb-col-12\">\n                                    <div class=\"ht-post gradient-overlay gradient-overlay-1 mt--20\">\n                                        <div class=\"thumb\">\n                                            <a href=\"https:\/\/utfpr.curitiba.br\/nucleodesignanimacao\/?p=9999\">\n                                                <img loading=\"lazy\" decoding=\"async\" width=\"625\" height=\"879\" src=\"https:\/\/utfpr-ct-static-content.s3.amazonaws.com\/utfpr.curitiba.br\/wp-content\/uploads\/sites\/99\/2023\/05\/Jeitinho-Brasileiro-Lincoln-Fortes.png\" class=\"attachment-full size-full wp-post-image\" alt=\"\" srcset=\"https:\/\/utfpr-ct-static-content.s3.amazonaws.com\/utfpr.curitiba.br\/wp-content\/uploads\/sites\/99\/2023\/05\/Jeitinho-Brasileiro-Lincoln-Fortes.png 625w, https:\/\/utfpr-ct-static-content.s3.amazonaws.com\/utfpr.curitiba.br\/wp-content\/uploads\/sites\/99\/2023\/05\/Jeitinho-Brasileiro-Lincoln-Fortes-213x300.png 213w\" sizes=\"(max-width: 625px) 100vw, 625px\" \/>                                            <\/a>\n                                        <\/div>\n                                                                                    <div class=\"post-content\">\n                                                <div class=\"content\">\n                                                    <h4 class=\"htmega-post-g-title\"><a href='https:\/\/utfpr.curitiba.br\/nucleodesignanimacao\/?p=9999'>Jeitinho Brasileiro &#8211; Lincoln Fortes<\/a><\/h4>                                                                                                    <\/div>\n                                            <\/div>\n                                                                                <\/div>\n                                <\/div>\n                            \n                        \n                        \n                                                                                                                                            <div class=\"htb-col-lg-4 htb-col-sm-6 htb-col-12\">\n                                    <div class=\"ht-post gradient-overlay gradient-overlay-2 mt--20\">\n                                        <div class=\"thumb\">\n                                            <a href=\"https:\/\/utfpr.curitiba.br\/nucleodesignanimacao\/?p=9993\">\n                                                <img loading=\"lazy\" decoding=\"async\" width=\"1920\" height=\"915\" src=\"https:\/\/utfpr-ct-static-content.s3.amazonaws.com\/utfpr.curitiba.br\/wp-content\/uploads\/sites\/99\/2023\/05\/efugio-Rilary-Wallace-Duarte-Silva.png\" class=\"attachment-full size-full wp-post-image\" alt=\"\" srcset=\"https:\/\/utfpr-ct-static-content.s3.amazonaws.com\/utfpr.curitiba.br\/wp-content\/uploads\/sites\/99\/2023\/05\/efugio-Rilary-Wallace-Duarte-Silva.png 1920w, https:\/\/utfpr-ct-static-content.s3.amazonaws.com\/utfpr.curitiba.br\/wp-content\/uploads\/sites\/99\/2023\/05\/efugio-Rilary-Wallace-Duarte-Silva-300x143.png 300w, https:\/\/utfpr-ct-static-content.s3.amazonaws.com\/utfpr.curitiba.br\/wp-content\/uploads\/sites\/99\/2023\/05\/efugio-Rilary-Wallace-Duarte-Silva-1024x488.png 1024w, https:\/\/utfpr-ct-static-content.s3.amazonaws.com\/utfpr.curitiba.br\/wp-content\/uploads\/sites\/99\/2023\/05\/efugio-Rilary-Wallace-Duarte-Silva-768x366.png 768w, https:\/\/utfpr-ct-static-content.s3.amazonaws.com\/utfpr.curitiba.br\/wp-content\/uploads\/sites\/99\/2023\/05\/efugio-Rilary-Wallace-Duarte-Silva-1536x732.png 1536w\" sizes=\"(max-width: 1920px) 100vw, 1920px\" \/>                                            <\/a>\n                                        <\/div>\n                                                                                    <div class=\"post-content\">\n                                                <div class=\"content\">\n                                                    <h4 class=\"htmega-post-g-title\"><a href='https:\/\/utfpr.curitiba.br\/nucleodesignanimacao\/?p=9993'>Ef\u00fagio &#8211; Rilary Wallace Duarte Silva<\/a><\/h4>                                                                                                    <\/div>\n                                            <\/div>\n                                                                                <\/div>\n                                <\/div>\n                            \n                        \n                        \n                                                                                                                                            <div class=\"htb-col-lg-4 htb-col-sm-6 htb-col-12\">\n                                    <div class=\"ht-post gradient-overlay gradient-overlay-3 mt--20\">\n                                        <div class=\"thumb\">\n                                            <a href=\"https:\/\/utfpr.curitiba.br\/nucleodesignanimacao\/?p=9986\">\n                                                <img loading=\"lazy\" decoding=\"async\" width=\"1920\" height=\"914\" src=\"https:\/\/utfpr-ct-static-content.s3.amazonaws.com\/utfpr.curitiba.br\/wp-content\/uploads\/sites\/99\/2023\/05\/As-moscas-Wayner-Tristao.png\" class=\"attachment-full size-full wp-post-image\" alt=\"\" srcset=\"https:\/\/utfpr-ct-static-content.s3.amazonaws.com\/utfpr.curitiba.br\/wp-content\/uploads\/sites\/99\/2023\/05\/As-moscas-Wayner-Tristao.png 1920w, https:\/\/utfpr-ct-static-content.s3.amazonaws.com\/utfpr.curitiba.br\/wp-content\/uploads\/sites\/99\/2023\/05\/As-moscas-Wayner-Tristao-300x143.png 300w, https:\/\/utfpr-ct-static-content.s3.amazonaws.com\/utfpr.curitiba.br\/wp-content\/uploads\/sites\/99\/2023\/05\/As-moscas-Wayner-Tristao-1024x487.png 1024w, https:\/\/utfpr-ct-static-content.s3.amazonaws.com\/utfpr.curitiba.br\/wp-content\/uploads\/sites\/99\/2023\/05\/As-moscas-Wayner-Tristao-768x366.png 768w, https:\/\/utfpr-ct-static-content.s3.amazonaws.com\/utfpr.curitiba.br\/wp-content\/uploads\/sites\/99\/2023\/05\/As-moscas-Wayner-Tristao-1536x731.png 1536w\" sizes=\"(max-width: 1920px) 100vw, 1920px\" \/>                                            <\/a>\n                                        <\/div>\n                                                                                    <div class=\"post-content\">\n                                                <div class=\"content\">\n                                                    <h4 class=\"htmega-post-g-title\"><a href='https:\/\/utfpr.curitiba.br\/nucleodesignanimacao\/?p=9986'>As moscas &#8211; Wayner Trist\u00e3o<\/a><\/h4>                                                                                                    <\/div>\n                                            <\/div>\n                                                                                <\/div>\n                                <\/div>\n                            \n                        \n                        \n                                                                                                                                            <div class=\"htb-col-lg-4 htb-col-sm-6 htb-col-12\">\n                                    <div class=\"ht-post gradient-overlay gradient-overlay-4 mt--20\">\n                                        <div class=\"thumb\">\n                                            <a href=\"https:\/\/utfpr.curitiba.br\/nucleodesignanimacao\/?p=9980\">\n                                                <img loading=\"lazy\" decoding=\"async\" width=\"1920\" height=\"862\" src=\"https:\/\/utfpr-ct-static-content.s3.amazonaws.com\/utfpr.curitiba.br\/wp-content\/uploads\/sites\/99\/2023\/05\/Agaria-Yasmin-Sawtchuk.png\" class=\"attachment-full size-full wp-post-image\" alt=\"\" srcset=\"https:\/\/utfpr-ct-static-content.s3.amazonaws.com\/utfpr.curitiba.br\/wp-content\/uploads\/sites\/99\/2023\/05\/Agaria-Yasmin-Sawtchuk.png 1920w, https:\/\/utfpr-ct-static-content.s3.amazonaws.com\/utfpr.curitiba.br\/wp-content\/uploads\/sites\/99\/2023\/05\/Agaria-Yasmin-Sawtchuk-300x135.png 300w, https:\/\/utfpr-ct-static-content.s3.amazonaws.com\/utfpr.curitiba.br\/wp-content\/uploads\/sites\/99\/2023\/05\/Agaria-Yasmin-Sawtchuk-1024x460.png 1024w, https:\/\/utfpr-ct-static-content.s3.amazonaws.com\/utfpr.curitiba.br\/wp-content\/uploads\/sites\/99\/2023\/05\/Agaria-Yasmin-Sawtchuk-768x345.png 768w, https:\/\/utfpr-ct-static-content.s3.amazonaws.com\/utfpr.curitiba.br\/wp-content\/uploads\/sites\/99\/2023\/05\/Agaria-Yasmin-Sawtchuk-1536x690.png 1536w\" sizes=\"(max-width: 1920px) 100vw, 1920px\" \/>                                            <\/a>\n                                        <\/div>\n                                                                                    <div class=\"post-content\">\n                                                <div class=\"content\">\n                                                    <h4 class=\"htmega-post-g-title\"><a href='https:\/\/utfpr.curitiba.br\/nucleodesignanimacao\/?p=9980'>Ag\u00e1ria &#8211; Yasmin Sawtchuk<\/a><\/h4>                                                                                                    <\/div>\n                                            <\/div>\n                                                                                <\/div>\n                                <\/div>\n                            \n                        \n                        \n                                                                                                                                            <div class=\"htb-col-lg-4 htb-col-sm-6 htb-col-12\">\n                                    <div class=\"ht-post gradient-overlay gradient-overlay-5 mt--20\">\n                                        <div class=\"thumb\">\n                                            <a href=\"https:\/\/utfpr.curitiba.br\/nucleodesignanimacao\/?p=9974\">\n                                                <img loading=\"lazy\" decoding=\"async\" width=\"1920\" height=\"942\" src=\"https:\/\/utfpr-ct-static-content.s3.amazonaws.com\/utfpr.curitiba.br\/wp-content\/uploads\/sites\/99\/2023\/05\/A-Bruxinha-e-o-Chapeu-Carlos-Oliveira.png\" class=\"attachment-full size-full wp-post-image\" alt=\"\" srcset=\"https:\/\/utfpr-ct-static-content.s3.amazonaws.com\/utfpr.curitiba.br\/wp-content\/uploads\/sites\/99\/2023\/05\/A-Bruxinha-e-o-Chapeu-Carlos-Oliveira.png 1920w, https:\/\/utfpr-ct-static-content.s3.amazonaws.com\/utfpr.curitiba.br\/wp-content\/uploads\/sites\/99\/2023\/05\/A-Bruxinha-e-o-Chapeu-Carlos-Oliveira-300x147.png 300w, https:\/\/utfpr-ct-static-content.s3.amazonaws.com\/utfpr.curitiba.br\/wp-content\/uploads\/sites\/99\/2023\/05\/A-Bruxinha-e-o-Chapeu-Carlos-Oliveira-1024x502.png 1024w, https:\/\/utfpr-ct-static-content.s3.amazonaws.com\/utfpr.curitiba.br\/wp-content\/uploads\/sites\/99\/2023\/05\/A-Bruxinha-e-o-Chapeu-Carlos-Oliveira-768x377.png 768w, https:\/\/utfpr-ct-static-content.s3.amazonaws.com\/utfpr.curitiba.br\/wp-content\/uploads\/sites\/99\/2023\/05\/A-Bruxinha-e-o-Chapeu-Carlos-Oliveira-1536x754.png 1536w\" sizes=\"(max-width: 1920px) 100vw, 1920px\" \/>                                            <\/a>\n                                        <\/div>\n                                                                                    <div class=\"post-content\">\n                                                <div class=\"content\">\n                                                    <h4 class=\"htmega-post-g-title\"><a href='https:\/\/utfpr.curitiba.br\/nucleodesignanimacao\/?p=9974'>A Bruxinha e o Chap\u00e9u &#8211; Carlos Oliveira<\/a><\/h4>                                                                                                    <\/div>\n                                            <\/div>\n                                                                                <\/div>\n                                <\/div>\n                            \n                        \n                        \n                                                                                                                                            <div class=\"htb-col-lg-4 htb-col-sm-6 htb-col-12\">\n                                    <div class=\"ht-post gradient-overlay gradient-overlay-6 mt--20\">\n                                        <div class=\"thumb\">\n                                            <a href=\"https:\/\/utfpr.curitiba.br\/nucleodesignanimacao\/?p=9967\">\n                                                <img loading=\"lazy\" decoding=\"async\" width=\"3334\" height=\"2348\" src=\"https:\/\/utfpr-ct-static-content.s3.amazonaws.com\/utfpr.curitiba.br\/wp-content\/uploads\/sites\/99\/2023\/04\/Imagem-substituicao_Prancheta-1.png\" class=\"attachment-full size-full wp-post-image\" alt=\"\" srcset=\"https:\/\/utfpr-ct-static-content.s3.amazonaws.com\/utfpr.curitiba.br\/wp-content\/uploads\/sites\/99\/2023\/04\/Imagem-substituicao_Prancheta-1.png 3334w, https:\/\/utfpr-ct-static-content.s3.amazonaws.com\/utfpr.curitiba.br\/wp-content\/uploads\/sites\/99\/2023\/04\/Imagem-substituicao_Prancheta-1-300x211.png 300w, https:\/\/utfpr-ct-static-content.s3.amazonaws.com\/utfpr.curitiba.br\/wp-content\/uploads\/sites\/99\/2023\/04\/Imagem-substituicao_Prancheta-1-1024x721.png 1024w, https:\/\/utfpr-ct-static-content.s3.amazonaws.com\/utfpr.curitiba.br\/wp-content\/uploads\/sites\/99\/2023\/04\/Imagem-substituicao_Prancheta-1-768x541.png 768w, https:\/\/utfpr-ct-static-content.s3.amazonaws.com\/utfpr.curitiba.br\/wp-content\/uploads\/sites\/99\/2023\/04\/Imagem-substituicao_Prancheta-1-1536x1082.png 1536w, https:\/\/utfpr-ct-static-content.s3.amazonaws.com\/utfpr.curitiba.br\/wp-content\/uploads\/sites\/99\/2023\/04\/Imagem-substituicao_Prancheta-1-2048x1442.png 2048w\" sizes=\"(max-width: 3334px) 100vw, 3334px\" \/>                                            <\/a>\n                                        <\/div>\n                                                                                    <div class=\"post-content\">\n                                                <div class=\"content\">\n                                                    <h4 class=\"htmega-post-g-title\"><a href='https:\/\/utfpr.curitiba.br\/nucleodesignanimacao\/?p=9967'>Hist\u00f3rias Migrat\u00f3rias &#8211; Camila Santos e Erika Claudia Mamani Copa<\/a><\/h4>                                                                                                    <\/div>\n                                            <\/div>\n                                                                                <\/div>\n                                <\/div>\n                            \n                        \n                        \n                                                                                                                                            <div class=\"htb-col-lg-4 htb-col-sm-6 htb-col-12\">\n                                    <div class=\"ht-post gradient-overlay gradient-overlay-1 mt--20\">\n                                        <div class=\"thumb\">\n                                            <a href=\"https:\/\/utfpr.curitiba.br\/nucleodesignanimacao\/?p=9961\">\n                                                <img loading=\"lazy\" decoding=\"async\" width=\"3334\" height=\"2348\" src=\"https:\/\/utfpr-ct-static-content.s3.amazonaws.com\/utfpr.curitiba.br\/wp-content\/uploads\/sites\/99\/2023\/04\/Imagem-substituicao_Prancheta-1.png\" class=\"attachment-full size-full wp-post-image\" alt=\"\" srcset=\"https:\/\/utfpr-ct-static-content.s3.amazonaws.com\/utfpr.curitiba.br\/wp-content\/uploads\/sites\/99\/2023\/04\/Imagem-substituicao_Prancheta-1.png 3334w, https:\/\/utfpr-ct-static-content.s3.amazonaws.com\/utfpr.curitiba.br\/wp-content\/uploads\/sites\/99\/2023\/04\/Imagem-substituicao_Prancheta-1-300x211.png 300w, https:\/\/utfpr-ct-static-content.s3.amazonaws.com\/utfpr.curitiba.br\/wp-content\/uploads\/sites\/99\/2023\/04\/Imagem-substituicao_Prancheta-1-1024x721.png 1024w, https:\/\/utfpr-ct-static-content.s3.amazonaws.com\/utfpr.curitiba.br\/wp-content\/uploads\/sites\/99\/2023\/04\/Imagem-substituicao_Prancheta-1-768x541.png 768w, https:\/\/utfpr-ct-static-content.s3.amazonaws.com\/utfpr.curitiba.br\/wp-content\/uploads\/sites\/99\/2023\/04\/Imagem-substituicao_Prancheta-1-1536x1082.png 1536w, https:\/\/utfpr-ct-static-content.s3.amazonaws.com\/utfpr.curitiba.br\/wp-content\/uploads\/sites\/99\/2023\/04\/Imagem-substituicao_Prancheta-1-2048x1442.png 2048w\" sizes=\"(max-width: 3334px) 100vw, 3334px\" \/>                                            <\/a>\n                                        <\/div>\n                                                                                    <div class=\"post-content\">\n                                                <div class=\"content\">\n                                                    <h4 class=\"htmega-post-g-title\"><a href='https:\/\/utfpr.curitiba.br\/nucleodesignanimacao\/?p=9961'>Un &#8211; Paulo Leonardo<\/a><\/h4>                                                                                                    <\/div>\n                                            <\/div>\n                                                                                <\/div>\n                                <\/div>\n                            \n                        \n                        \n                                                                                                                                            <div class=\"htb-col-lg-4 htb-col-sm-6 htb-col-12\">\n                                    <div class=\"ht-post gradient-overlay gradient-overlay-2 mt--20\">\n                                        <div class=\"thumb\">\n                                            <a href=\"https:\/\/utfpr.curitiba.br\/nucleodesignanimacao\/?p=9955\">\n                                                <img loading=\"lazy\" decoding=\"async\" width=\"1920\" height=\"1006\" src=\"https:\/\/utfpr-ct-static-content.s3.amazonaws.com\/utfpr.curitiba.br\/wp-content\/uploads\/sites\/99\/2023\/05\/Uma-menina-e-sua-sombra-Vanessa-Heeger.png\" class=\"attachment-full size-full wp-post-image\" alt=\"\" srcset=\"https:\/\/utfpr-ct-static-content.s3.amazonaws.com\/utfpr.curitiba.br\/wp-content\/uploads\/sites\/99\/2023\/05\/Uma-menina-e-sua-sombra-Vanessa-Heeger.png 1920w, https:\/\/utfpr-ct-static-content.s3.amazonaws.com\/utfpr.curitiba.br\/wp-content\/uploads\/sites\/99\/2023\/05\/Uma-menina-e-sua-sombra-Vanessa-Heeger-300x157.png 300w, https:\/\/utfpr-ct-static-content.s3.amazonaws.com\/utfpr.curitiba.br\/wp-content\/uploads\/sites\/99\/2023\/05\/Uma-menina-e-sua-sombra-Vanessa-Heeger-1024x537.png 1024w, https:\/\/utfpr-ct-static-content.s3.amazonaws.com\/utfpr.curitiba.br\/wp-content\/uploads\/sites\/99\/2023\/05\/Uma-menina-e-sua-sombra-Vanessa-Heeger-768x402.png 768w, https:\/\/utfpr-ct-static-content.s3.amazonaws.com\/utfpr.curitiba.br\/wp-content\/uploads\/sites\/99\/2023\/05\/Uma-menina-e-sua-sombra-Vanessa-Heeger-1536x805.png 1536w\" sizes=\"(max-width: 1920px) 100vw, 1920px\" \/>                                            <\/a>\n                                        <\/div>\n                                                                                    <div class=\"post-content\">\n                                                <div class=\"content\">\n                                                    <h4 class=\"htmega-post-g-title\"><a href='https:\/\/utfpr.curitiba.br\/nucleodesignanimacao\/?p=9955'>Uma Menina e sua Sombra &#8211; Vanessa Heeger<\/a><\/h4>                                                                                                    <\/div>\n                                            <\/div>\n                                                                                <\/div>\n                                <\/div>\n                            \n                        \n                        \n                                                                                                                                            <div class=\"htb-col-lg-4 htb-col-sm-6 htb-col-12\">\n                                    <div class=\"ht-post gradient-overlay gradient-overlay-3 mt--20\">\n                                        <div class=\"thumb\">\n                                            <a href=\"https:\/\/utfpr.curitiba.br\/nucleodesignanimacao\/?p=9949\">\n                                                <img loading=\"lazy\" decoding=\"async\" width=\"3334\" height=\"2348\" src=\"https:\/\/utfpr-ct-static-content.s3.amazonaws.com\/utfpr.curitiba.br\/wp-content\/uploads\/sites\/99\/2023\/04\/Imagem-substituicao_Prancheta-1.png\" class=\"attachment-full size-full wp-post-image\" alt=\"\" srcset=\"https:\/\/utfpr-ct-static-content.s3.amazonaws.com\/utfpr.curitiba.br\/wp-content\/uploads\/sites\/99\/2023\/04\/Imagem-substituicao_Prancheta-1.png 3334w, https:\/\/utfpr-ct-static-content.s3.amazonaws.com\/utfpr.curitiba.br\/wp-content\/uploads\/sites\/99\/2023\/04\/Imagem-substituicao_Prancheta-1-300x211.png 300w, https:\/\/utfpr-ct-static-content.s3.amazonaws.com\/utfpr.curitiba.br\/wp-content\/uploads\/sites\/99\/2023\/04\/Imagem-substituicao_Prancheta-1-1024x721.png 1024w, https:\/\/utfpr-ct-static-content.s3.amazonaws.com\/utfpr.curitiba.br\/wp-content\/uploads\/sites\/99\/2023\/04\/Imagem-substituicao_Prancheta-1-768x541.png 768w, https:\/\/utfpr-ct-static-content.s3.amazonaws.com\/utfpr.curitiba.br\/wp-content\/uploads\/sites\/99\/2023\/04\/Imagem-substituicao_Prancheta-1-1536x1082.png 1536w, https:\/\/utfpr-ct-static-content.s3.amazonaws.com\/utfpr.curitiba.br\/wp-content\/uploads\/sites\/99\/2023\/04\/Imagem-substituicao_Prancheta-1-2048x1442.png 2048w\" sizes=\"(max-width: 3334px) 100vw, 3334px\" \/>                                            <\/a>\n                                        <\/div>\n                                                                                    <div class=\"post-content\">\n                                                <div class=\"content\">\n                                                    <h4 class=\"htmega-post-g-title\"><a href='https:\/\/utfpr.curitiba.br\/nucleodesignanimacao\/?p=9949'>The Bike Ride &#8211; Patrick Weaver<\/a><\/h4>                                                                                                    <\/div>\n                                            <\/div>\n                                                                                <\/div>\n                                <\/div>\n                            \n                        \n                        \n                                                                                                                                            <div class=\"htb-col-lg-4 htb-col-sm-6 htb-col-12\">\n                                    <div class=\"ht-post gradient-overlay gradient-overlay-4 mt--20\">\n                                        <div class=\"thumb\">\n                                            <a href=\"https:\/\/utfpr.curitiba.br\/nucleodesignanimacao\/?p=9943\">\n                                                <img loading=\"lazy\" decoding=\"async\" width=\"1913\" height=\"914\" src=\"https:\/\/utfpr-ct-static-content.s3.amazonaws.com\/utfpr.curitiba.br\/wp-content\/uploads\/sites\/99\/2023\/05\/sobre-ela-Wagner-Cinelli.png\" class=\"attachment-full size-full wp-post-image\" alt=\"\" srcset=\"https:\/\/utfpr-ct-static-content.s3.amazonaws.com\/utfpr.curitiba.br\/wp-content\/uploads\/sites\/99\/2023\/05\/sobre-ela-Wagner-Cinelli.png 1913w, https:\/\/utfpr-ct-static-content.s3.amazonaws.com\/utfpr.curitiba.br\/wp-content\/uploads\/sites\/99\/2023\/05\/sobre-ela-Wagner-Cinelli-300x143.png 300w, https:\/\/utfpr-ct-static-content.s3.amazonaws.com\/utfpr.curitiba.br\/wp-content\/uploads\/sites\/99\/2023\/05\/sobre-ela-Wagner-Cinelli-1024x489.png 1024w, https:\/\/utfpr-ct-static-content.s3.amazonaws.com\/utfpr.curitiba.br\/wp-content\/uploads\/sites\/99\/2023\/05\/sobre-ela-Wagner-Cinelli-768x367.png 768w, https:\/\/utfpr-ct-static-content.s3.amazonaws.com\/utfpr.curitiba.br\/wp-content\/uploads\/sites\/99\/2023\/05\/sobre-ela-Wagner-Cinelli-1536x734.png 1536w\" sizes=\"(max-width: 1913px) 100vw, 1913px\" \/>                                            <\/a>\n                                        <\/div>\n                                                                                    <div class=\"post-content\">\n                                                <div class=\"content\">\n                                                    <h4 class=\"htmega-post-g-title\"><a href='https:\/\/utfpr.curitiba.br\/nucleodesignanimacao\/?p=9943'>Sobre Ela &#8211; Wagner Cinelli<\/a><\/h4>                                                                                                    <\/div>\n                                            <\/div>\n                                                                                <\/div>\n                                <\/div>\n                            \n                        \n                        \n                                                                                                                                            <div class=\"htb-col-lg-4 htb-col-sm-6 htb-col-12\">\n                                    <div class=\"ht-post gradient-overlay gradient-overlay-5 mt--20\">\n                                        <div class=\"thumb\">\n                                            <a href=\"https:\/\/utfpr.curitiba.br\/nucleodesignanimacao\/?p=9937\">\n                                                <img loading=\"lazy\" decoding=\"async\" width=\"1435\" height=\"999\" src=\"https:\/\/utfpr-ct-static-content.s3.amazonaws.com\/utfpr.curitiba.br\/wp-content\/uploads\/sites\/99\/2023\/05\/SERF-Ramon-Faria.png\" class=\"attachment-full size-full wp-post-image\" alt=\"\" srcset=\"https:\/\/utfpr-ct-static-content.s3.amazonaws.com\/utfpr.curitiba.br\/wp-content\/uploads\/sites\/99\/2023\/05\/SERF-Ramon-Faria.png 1435w, https:\/\/utfpr-ct-static-content.s3.amazonaws.com\/utfpr.curitiba.br\/wp-content\/uploads\/sites\/99\/2023\/05\/SERF-Ramon-Faria-300x209.png 300w, https:\/\/utfpr-ct-static-content.s3.amazonaws.com\/utfpr.curitiba.br\/wp-content\/uploads\/sites\/99\/2023\/05\/SERF-Ramon-Faria-1024x713.png 1024w, https:\/\/utfpr-ct-static-content.s3.amazonaws.com\/utfpr.curitiba.br\/wp-content\/uploads\/sites\/99\/2023\/05\/SERF-Ramon-Faria-768x535.png 768w\" sizes=\"(max-width: 1435px) 100vw, 1435px\" \/>                                            <\/a>\n                                        <\/div>\n                                                                                    <div class=\"post-content\">\n                                                <div class=\"content\">\n                                                    <h4 class=\"htmega-post-g-title\"><a href='https:\/\/utfpr.curitiba.br\/nucleodesignanimacao\/?p=9937'>SERF &#8211; Ramon Faria<\/a><\/h4>                                                                                                    <\/div>\n                                            <\/div>\n                                                                                <\/div>\n                                <\/div>\n                            \n                        \n                        \n                                                                                                                                            <div class=\"htb-col-lg-4 htb-col-sm-6 htb-col-12\">\n                                    <div class=\"ht-post gradient-overlay gradient-overlay-6 mt--20\">\n                                        <div class=\"thumb\">\n                                            <a href=\"https:\/\/utfpr.curitiba.br\/nucleodesignanimacao\/?p=9931\">\n                                                <img loading=\"lazy\" decoding=\"async\" width=\"3334\" height=\"2348\" src=\"https:\/\/utfpr-ct-static-content.s3.amazonaws.com\/utfpr.curitiba.br\/wp-content\/uploads\/sites\/99\/2023\/04\/Imagem-substituicao_Prancheta-1.png\" class=\"attachment-full size-full wp-post-image\" alt=\"\" srcset=\"https:\/\/utfpr-ct-static-content.s3.amazonaws.com\/utfpr.curitiba.br\/wp-content\/uploads\/sites\/99\/2023\/04\/Imagem-substituicao_Prancheta-1.png 3334w, https:\/\/utfpr-ct-static-content.s3.amazonaws.com\/utfpr.curitiba.br\/wp-content\/uploads\/sites\/99\/2023\/04\/Imagem-substituicao_Prancheta-1-300x211.png 300w, https:\/\/utfpr-ct-static-content.s3.amazonaws.com\/utfpr.curitiba.br\/wp-content\/uploads\/sites\/99\/2023\/04\/Imagem-substituicao_Prancheta-1-1024x721.png 1024w, https:\/\/utfpr-ct-static-content.s3.amazonaws.com\/utfpr.curitiba.br\/wp-content\/uploads\/sites\/99\/2023\/04\/Imagem-substituicao_Prancheta-1-768x541.png 768w, https:\/\/utfpr-ct-static-content.s3.amazonaws.com\/utfpr.curitiba.br\/wp-content\/uploads\/sites\/99\/2023\/04\/Imagem-substituicao_Prancheta-1-1536x1082.png 1536w, https:\/\/utfpr-ct-static-content.s3.amazonaws.com\/utfpr.curitiba.br\/wp-content\/uploads\/sites\/99\/2023\/04\/Imagem-substituicao_Prancheta-1-2048x1442.png 2048w\" sizes=\"(max-width: 3334px) 100vw, 3334px\" \/>                                            <\/a>\n                                        <\/div>\n                                                                                    <div class=\"post-content\">\n                                                <div class=\"content\">\n                                                    <h4 class=\"htmega-post-g-title\"><a href='https:\/\/utfpr.curitiba.br\/nucleodesignanimacao\/?p=9931'>P\u00e9rola Negra &#8211; Gustavo Santana, Luiz Clemente e Marcio Peixoto<\/a><\/h4>                                                                                                    <\/div>\n                                            <\/div>\n                                                                                <\/div>\n                                <\/div>\n                            \n                        \n                        \n                                                                                                                                            <div class=\"htb-col-lg-4 htb-col-sm-6 htb-col-12\">\n                                    <div class=\"ht-post gradient-overlay gradient-overlay-1 mt--20\">\n                                        <div class=\"thumb\">\n                                            <a href=\"https:\/\/utfpr.curitiba.br\/nucleodesignanimacao\/?p=9925\">\n                                                <img loading=\"lazy\" decoding=\"async\" width=\"700\" height=\"450\" src=\"https:\/\/utfpr-ct-static-content.s3.amazonaws.com\/utfpr.curitiba.br\/wp-content\/uploads\/sites\/99\/2023\/05\/Olho-de-Palha-Jonas-Santos.jpg\" class=\"attachment-full size-full wp-post-image\" alt=\"\" srcset=\"https:\/\/utfpr-ct-static-content.s3.amazonaws.com\/utfpr.curitiba.br\/wp-content\/uploads\/sites\/99\/2023\/05\/Olho-de-Palha-Jonas-Santos.jpg 700w, https:\/\/utfpr-ct-static-content.s3.amazonaws.com\/utfpr.curitiba.br\/wp-content\/uploads\/sites\/99\/2023\/05\/Olho-de-Palha-Jonas-Santos-300x193.jpg 300w\" sizes=\"(max-width: 700px) 100vw, 700px\" \/>                                            <\/a>\n                                        <\/div>\n                                                                                    <div class=\"post-content\">\n                                                <div class=\"content\">\n                                                    <h4 class=\"htmega-post-g-title\"><a href='https:\/\/utfpr.curitiba.br\/nucleodesignanimacao\/?p=9925'>Olho de palha &#8211; Jonas Santos<\/a><\/h4>                                                                                                    <\/div>\n                                            <\/div>\n                                                                                <\/div>\n                                <\/div>\n                            \n                        \n                        \n                                                                                                                                            <div class=\"htb-col-lg-4 htb-col-sm-6 htb-col-12\">\n                                    <div class=\"ht-post gradient-overlay gradient-overlay-2 mt--20\">\n                                        <div class=\"thumb\">\n                                            <a href=\"https:\/\/utfpr.curitiba.br\/nucleodesignanimacao\/?p=9919\">\n                                                <img loading=\"lazy\" decoding=\"async\" width=\"3334\" height=\"2348\" src=\"https:\/\/utfpr-ct-static-content.s3.amazonaws.com\/utfpr.curitiba.br\/wp-content\/uploads\/sites\/99\/2023\/04\/Imagem-substituicao_Prancheta-1.png\" class=\"attachment-full size-full wp-post-image\" alt=\"\" srcset=\"https:\/\/utfpr-ct-static-content.s3.amazonaws.com\/utfpr.curitiba.br\/wp-content\/uploads\/sites\/99\/2023\/04\/Imagem-substituicao_Prancheta-1.png 3334w, https:\/\/utfpr-ct-static-content.s3.amazonaws.com\/utfpr.curitiba.br\/wp-content\/uploads\/sites\/99\/2023\/04\/Imagem-substituicao_Prancheta-1-300x211.png 300w, https:\/\/utfpr-ct-static-content.s3.amazonaws.com\/utfpr.curitiba.br\/wp-content\/uploads\/sites\/99\/2023\/04\/Imagem-substituicao_Prancheta-1-1024x721.png 1024w, https:\/\/utfpr-ct-static-content.s3.amazonaws.com\/utfpr.curitiba.br\/wp-content\/uploads\/sites\/99\/2023\/04\/Imagem-substituicao_Prancheta-1-768x541.png 768w, https:\/\/utfpr-ct-static-content.s3.amazonaws.com\/utfpr.curitiba.br\/wp-content\/uploads\/sites\/99\/2023\/04\/Imagem-substituicao_Prancheta-1-1536x1082.png 1536w, https:\/\/utfpr-ct-static-content.s3.amazonaws.com\/utfpr.curitiba.br\/wp-content\/uploads\/sites\/99\/2023\/04\/Imagem-substituicao_Prancheta-1-2048x1442.png 2048w\" sizes=\"(max-width: 3334px) 100vw, 3334px\" \/>                                            <\/a>\n                                        <\/div>\n                                                                                    <div class=\"post-content\">\n                                                <div class=\"content\">\n                                                    <h4 class=\"htmega-post-g-title\"><a href='https:\/\/utfpr.curitiba.br\/nucleodesignanimacao\/?p=9919'>O Ba\u00fa da Vov\u00f3 &#8211; Kau\u00e3 Jos\u00e9 da Silva<\/a><\/h4>                                                                                                    <\/div>\n                                            <\/div>\n                                                                                <\/div>\n                                <\/div>\n                            \n                        \n                        \n                                                                                                                                            <div class=\"htb-col-lg-4 htb-col-sm-6 htb-col-12\">\n                                    <div class=\"ht-post gradient-overlay gradient-overlay-3 mt--20\">\n                                        <div class=\"thumb\">\n                                            <a href=\"https:\/\/utfpr.curitiba.br\/nucleodesignanimacao\/?p=9913\">\n                                                <img loading=\"lazy\" decoding=\"async\" width=\"3334\" height=\"2348\" src=\"https:\/\/utfpr-ct-static-content.s3.amazonaws.com\/utfpr.curitiba.br\/wp-content\/uploads\/sites\/99\/2023\/04\/Imagem-substituicao_Prancheta-1.png\" class=\"attachment-full size-full wp-post-image\" alt=\"\" srcset=\"https:\/\/utfpr-ct-static-content.s3.amazonaws.com\/utfpr.curitiba.br\/wp-content\/uploads\/sites\/99\/2023\/04\/Imagem-substituicao_Prancheta-1.png 3334w, https:\/\/utfpr-ct-static-content.s3.amazonaws.com\/utfpr.curitiba.br\/wp-content\/uploads\/sites\/99\/2023\/04\/Imagem-substituicao_Prancheta-1-300x211.png 300w, https:\/\/utfpr-ct-static-content.s3.amazonaws.com\/utfpr.curitiba.br\/wp-content\/uploads\/sites\/99\/2023\/04\/Imagem-substituicao_Prancheta-1-1024x721.png 1024w, https:\/\/utfpr-ct-static-content.s3.amazonaws.com\/utfpr.curitiba.br\/wp-content\/uploads\/sites\/99\/2023\/04\/Imagem-substituicao_Prancheta-1-768x541.png 768w, https:\/\/utfpr-ct-static-content.s3.amazonaws.com\/utfpr.curitiba.br\/wp-content\/uploads\/sites\/99\/2023\/04\/Imagem-substituicao_Prancheta-1-1536x1082.png 1536w, https:\/\/utfpr-ct-static-content.s3.amazonaws.com\/utfpr.curitiba.br\/wp-content\/uploads\/sites\/99\/2023\/04\/Imagem-substituicao_Prancheta-1-2048x1442.png 2048w\" sizes=\"(max-width: 3334px) 100vw, 3334px\" \/>                                            <\/a>\n                                        <\/div>\n                                                                                    <div class=\"post-content\">\n                                                <div class=\"content\">\n                                                    <h4 class=\"htmega-post-g-title\"><a href='https:\/\/utfpr.curitiba.br\/nucleodesignanimacao\/?p=9913'>Nas Alturas &#8211; Lucas Pereira e Marcus Vinicius<\/a><\/h4>                                                                                                    <\/div>\n                                            <\/div>\n                                                                                <\/div>\n                                <\/div>\n                            \n                        \n                        \n                                                                                                                                            <div class=\"htb-col-lg-4 htb-col-sm-6 htb-col-12\">\n                                    <div class=\"ht-post gradient-overlay gradient-overlay-4 mt--20\">\n                                        <div class=\"thumb\">\n                                            <a href=\"https:\/\/utfpr.curitiba.br\/nucleodesignanimacao\/?p=9907\">\n                                                <img loading=\"lazy\" decoding=\"async\" width=\"1920\" height=\"916\" src=\"https:\/\/utfpr-ct-static-content.s3.amazonaws.com\/utfpr.curitiba.br\/wp-content\/uploads\/sites\/99\/2023\/05\/Mofyah-Dada-Yute-Vinicius-Kahan-Marco-Souza.png\" class=\"attachment-full size-full wp-post-image\" alt=\"\" srcset=\"https:\/\/utfpr-ct-static-content.s3.amazonaws.com\/utfpr.curitiba.br\/wp-content\/uploads\/sites\/99\/2023\/05\/Mofyah-Dada-Yute-Vinicius-Kahan-Marco-Souza.png 1920w, https:\/\/utfpr-ct-static-content.s3.amazonaws.com\/utfpr.curitiba.br\/wp-content\/uploads\/sites\/99\/2023\/05\/Mofyah-Dada-Yute-Vinicius-Kahan-Marco-Souza-300x143.png 300w, https:\/\/utfpr-ct-static-content.s3.amazonaws.com\/utfpr.curitiba.br\/wp-content\/uploads\/sites\/99\/2023\/05\/Mofyah-Dada-Yute-Vinicius-Kahan-Marco-Souza-1024x489.png 1024w, https:\/\/utfpr-ct-static-content.s3.amazonaws.com\/utfpr.curitiba.br\/wp-content\/uploads\/sites\/99\/2023\/05\/Mofyah-Dada-Yute-Vinicius-Kahan-Marco-Souza-768x366.png 768w, https:\/\/utfpr-ct-static-content.s3.amazonaws.com\/utfpr.curitiba.br\/wp-content\/uploads\/sites\/99\/2023\/05\/Mofyah-Dada-Yute-Vinicius-Kahan-Marco-Souza-1536x733.png 1536w\" sizes=\"(max-width: 1920px) 100vw, 1920px\" \/>                                            <\/a>\n                                        <\/div>\n                                                                                    <div class=\"post-content\">\n                                                <div class=\"content\">\n                                                    <h4 class=\"htmega-post-g-title\"><a href='https:\/\/utfpr.curitiba.br\/nucleodesignanimacao\/?p=9907'>Mofyah &#8211; Dada Yute &#8211; Vinicius Kahan e Marco Souza<\/a><\/h4>                                                                                                    <\/div>\n                                            <\/div>\n                                                                                <\/div>\n                                <\/div>\n                            \n                        \n                        \n                                                                                                                                            <div class=\"htb-col-lg-4 htb-col-sm-6 htb-col-12\">\n                                    <div class=\"ht-post gradient-overlay gradient-overlay-5 mt--20\">\n                                        <div class=\"thumb\">\n                                            <a href=\"https:\/\/utfpr.curitiba.br\/nucleodesignanimacao\/?p=9901\">\n                                                <img loading=\"lazy\" decoding=\"async\" width=\"1616\" height=\"877\" src=\"https:\/\/utfpr-ct-static-content.s3.amazonaws.com\/utfpr.curitiba.br\/wp-content\/uploads\/sites\/99\/2023\/05\/MODAIS-Nicolas-de-Sousa.png\" class=\"attachment-full size-full wp-post-image\" alt=\"\" srcset=\"https:\/\/utfpr-ct-static-content.s3.amazonaws.com\/utfpr.curitiba.br\/wp-content\/uploads\/sites\/99\/2023\/05\/MODAIS-Nicolas-de-Sousa.png 1616w, https:\/\/utfpr-ct-static-content.s3.amazonaws.com\/utfpr.curitiba.br\/wp-content\/uploads\/sites\/99\/2023\/05\/MODAIS-Nicolas-de-Sousa-300x163.png 300w, https:\/\/utfpr-ct-static-content.s3.amazonaws.com\/utfpr.curitiba.br\/wp-content\/uploads\/sites\/99\/2023\/05\/MODAIS-Nicolas-de-Sousa-1024x556.png 1024w, https:\/\/utfpr-ct-static-content.s3.amazonaws.com\/utfpr.curitiba.br\/wp-content\/uploads\/sites\/99\/2023\/05\/MODAIS-Nicolas-de-Sousa-768x417.png 768w, https:\/\/utfpr-ct-static-content.s3.amazonaws.com\/utfpr.curitiba.br\/wp-content\/uploads\/sites\/99\/2023\/05\/MODAIS-Nicolas-de-Sousa-1536x834.png 1536w\" sizes=\"(max-width: 1616px) 100vw, 1616px\" \/>                                            <\/a>\n                                        <\/div>\n                                                                                    <div class=\"post-content\">\n                                                <div class=\"content\">\n                                                    <h4 class=\"htmega-post-g-title\"><a href='https:\/\/utfpr.curitiba.br\/nucleodesignanimacao\/?p=9901'>MODAIS &#8211; N\u00edcolas de Sousa<\/a><\/h4>                                                                                                    <\/div>\n                                            <\/div>\n                                                                                <\/div>\n                                <\/div>\n                            \n                        \n                        \n                                                                                                                                            <div class=\"htb-col-lg-4 htb-col-sm-6 htb-col-12\">\n                                    <div class=\"ht-post gradient-overlay gradient-overlay-6 mt--20\">\n                                        <div class=\"thumb\">\n                                            <a href=\"https:\/\/utfpr.curitiba.br\/nucleodesignanimacao\/?p=9895\">\n                                                <img loading=\"lazy\" decoding=\"async\" width=\"1920\" height=\"930\" src=\"https:\/\/utfpr-ct-static-content.s3.amazonaws.com\/utfpr.curitiba.br\/wp-content\/uploads\/sites\/99\/2023\/05\/miado-victoria-silvestre.png\" class=\"attachment-full size-full wp-post-image\" alt=\"\" srcset=\"https:\/\/utfpr-ct-static-content.s3.amazonaws.com\/utfpr.curitiba.br\/wp-content\/uploads\/sites\/99\/2023\/05\/miado-victoria-silvestre.png 1920w, https:\/\/utfpr-ct-static-content.s3.amazonaws.com\/utfpr.curitiba.br\/wp-content\/uploads\/sites\/99\/2023\/05\/miado-victoria-silvestre-300x145.png 300w, https:\/\/utfpr-ct-static-content.s3.amazonaws.com\/utfpr.curitiba.br\/wp-content\/uploads\/sites\/99\/2023\/05\/miado-victoria-silvestre-1024x496.png 1024w, https:\/\/utfpr-ct-static-content.s3.amazonaws.com\/utfpr.curitiba.br\/wp-content\/uploads\/sites\/99\/2023\/05\/miado-victoria-silvestre-768x372.png 768w, https:\/\/utfpr-ct-static-content.s3.amazonaws.com\/utfpr.curitiba.br\/wp-content\/uploads\/sites\/99\/2023\/05\/miado-victoria-silvestre-1536x744.png 1536w\" sizes=\"(max-width: 1920px) 100vw, 1920px\" \/>                                            <\/a>\n                                        <\/div>\n                                                                                    <div class=\"post-content\">\n                                                <div class=\"content\">\n                                                    <h4 class=\"htmega-post-g-title\"><a href='https:\/\/utfpr.curitiba.br\/nucleodesignanimacao\/?p=9895'>Miado &#8211; Vict\u00f3ria Silvestre<\/a><\/h4>                                                                                                    <\/div>\n                                            <\/div>\n                                                                                <\/div>\n                                <\/div>\n                            \n                        \n                        \n                                                                                                                                            <div class=\"htb-col-lg-4 htb-col-sm-6 htb-col-12\">\n                                    <div class=\"ht-post gradient-overlay gradient-overlay-1 mt--20\">\n                                        <div class=\"thumb\">\n                                            <a href=\"https:\/\/utfpr.curitiba.br\/nucleodesignanimacao\/?p=9889\">\n                                                <img loading=\"lazy\" decoding=\"async\" width=\"1887\" height=\"821\" src=\"https:\/\/utfpr-ct-static-content.s3.amazonaws.com\/utfpr.curitiba.br\/wp-content\/uploads\/sites\/99\/2023\/05\/Mata-Ian-Campos-da-Cunha-Chaves.png\" class=\"attachment-full size-full wp-post-image\" alt=\"\" srcset=\"https:\/\/utfpr-ct-static-content.s3.amazonaws.com\/utfpr.curitiba.br\/wp-content\/uploads\/sites\/99\/2023\/05\/Mata-Ian-Campos-da-Cunha-Chaves.png 1887w, https:\/\/utfpr-ct-static-content.s3.amazonaws.com\/utfpr.curitiba.br\/wp-content\/uploads\/sites\/99\/2023\/05\/Mata-Ian-Campos-da-Cunha-Chaves-300x131.png 300w, https:\/\/utfpr-ct-static-content.s3.amazonaws.com\/utfpr.curitiba.br\/wp-content\/uploads\/sites\/99\/2023\/05\/Mata-Ian-Campos-da-Cunha-Chaves-1024x446.png 1024w, https:\/\/utfpr-ct-static-content.s3.amazonaws.com\/utfpr.curitiba.br\/wp-content\/uploads\/sites\/99\/2023\/05\/Mata-Ian-Campos-da-Cunha-Chaves-768x334.png 768w, https:\/\/utfpr-ct-static-content.s3.amazonaws.com\/utfpr.curitiba.br\/wp-content\/uploads\/sites\/99\/2023\/05\/Mata-Ian-Campos-da-Cunha-Chaves-1536x668.png 1536w\" sizes=\"(max-width: 1887px) 100vw, 1887px\" \/>                                            <\/a>\n                                        <\/div>\n                                                                                    <div class=\"post-content\">\n                                                <div class=\"content\">\n                                                    <h4 class=\"htmega-post-g-title\"><a href='https:\/\/utfpr.curitiba.br\/nucleodesignanimacao\/?p=9889'>MATA &#8211; Ian Campos da Cunha Chaves<\/a><\/h4>                                                                                                    <\/div>\n                                            <\/div>\n                                                                                <\/div>\n                                <\/div>\n                            \n                        \n                        \n                                                                                                                                            <div class=\"htb-col-lg-4 htb-col-sm-6 htb-col-12\">\n                                    <div class=\"ht-post gradient-overlay gradient-overlay-2 mt--20\">\n                                        <div class=\"thumb\">\n                                            <a href=\"https:\/\/utfpr.curitiba.br\/nucleodesignanimacao\/?p=9883\">\n                                                <img loading=\"lazy\" decoding=\"async\" width=\"3334\" height=\"2348\" src=\"https:\/\/utfpr-ct-static-content.s3.amazonaws.com\/utfpr.curitiba.br\/wp-content\/uploads\/sites\/99\/2023\/04\/Imagem-substituicao_Prancheta-1.png\" class=\"attachment-full size-full wp-post-image\" alt=\"\" srcset=\"https:\/\/utfpr-ct-static-content.s3.amazonaws.com\/utfpr.curitiba.br\/wp-content\/uploads\/sites\/99\/2023\/04\/Imagem-substituicao_Prancheta-1.png 3334w, https:\/\/utfpr-ct-static-content.s3.amazonaws.com\/utfpr.curitiba.br\/wp-content\/uploads\/sites\/99\/2023\/04\/Imagem-substituicao_Prancheta-1-300x211.png 300w, https:\/\/utfpr-ct-static-content.s3.amazonaws.com\/utfpr.curitiba.br\/wp-content\/uploads\/sites\/99\/2023\/04\/Imagem-substituicao_Prancheta-1-1024x721.png 1024w, https:\/\/utfpr-ct-static-content.s3.amazonaws.com\/utfpr.curitiba.br\/wp-content\/uploads\/sites\/99\/2023\/04\/Imagem-substituicao_Prancheta-1-768x541.png 768w, https:\/\/utfpr-ct-static-content.s3.amazonaws.com\/utfpr.curitiba.br\/wp-content\/uploads\/sites\/99\/2023\/04\/Imagem-substituicao_Prancheta-1-1536x1082.png 1536w, https:\/\/utfpr-ct-static-content.s3.amazonaws.com\/utfpr.curitiba.br\/wp-content\/uploads\/sites\/99\/2023\/04\/Imagem-substituicao_Prancheta-1-2048x1442.png 2048w\" sizes=\"(max-width: 3334px) 100vw, 3334px\" \/>                                            <\/a>\n                                        <\/div>\n                                                                                    <div class=\"post-content\">\n                                                <div class=\"content\">\n                                                    <h4 class=\"htmega-post-g-title\"><a href='https:\/\/utfpr.curitiba.br\/nucleodesignanimacao\/?p=9883'>Masks &#8211; Leo Meyer Meirelles<\/a><\/h4>                                                                                                    <\/div>\n                                            <\/div>\n                                                                                <\/div>\n                                <\/div>\n                            \n                        \n                        \n                                                                                                                                            <div class=\"htb-col-lg-4 htb-col-sm-6 htb-col-12\">\n                                    <div class=\"ht-post gradient-overlay gradient-overlay-3 mt--20\">\n                                        <div class=\"thumb\">\n                                            <a href=\"https:\/\/utfpr.curitiba.br\/nucleodesignanimacao\/?p=9877\">\n                                                <img loading=\"lazy\" decoding=\"async\" width=\"1920\" height=\"1080\" src=\"https:\/\/utfpr-ct-static-content.s3.amazonaws.com\/utfpr.curitiba.br\/wp-content\/uploads\/sites\/99\/2023\/05\/Maratonista-de-Quarentena-Eduardo-Tosta-Karol-Azeved.png\" class=\"attachment-full size-full wp-post-image\" alt=\"\" srcset=\"https:\/\/utfpr-ct-static-content.s3.amazonaws.com\/utfpr.curitiba.br\/wp-content\/uploads\/sites\/99\/2023\/05\/Maratonista-de-Quarentena-Eduardo-Tosta-Karol-Azeved.png 1920w, https:\/\/utfpr-ct-static-content.s3.amazonaws.com\/utfpr.curitiba.br\/wp-content\/uploads\/sites\/99\/2023\/05\/Maratonista-de-Quarentena-Eduardo-Tosta-Karol-Azeved-300x169.png 300w, https:\/\/utfpr-ct-static-content.s3.amazonaws.com\/utfpr.curitiba.br\/wp-content\/uploads\/sites\/99\/2023\/05\/Maratonista-de-Quarentena-Eduardo-Tosta-Karol-Azeved-1024x576.png 1024w, https:\/\/utfpr-ct-static-content.s3.amazonaws.com\/utfpr.curitiba.br\/wp-content\/uploads\/sites\/99\/2023\/05\/Maratonista-de-Quarentena-Eduardo-Tosta-Karol-Azeved-768x432.png 768w, https:\/\/utfpr-ct-static-content.s3.amazonaws.com\/utfpr.curitiba.br\/wp-content\/uploads\/sites\/99\/2023\/05\/Maratonista-de-Quarentena-Eduardo-Tosta-Karol-Azeved-1536x864.png 1536w\" sizes=\"(max-width: 1920px) 100vw, 1920px\" \/>                                            <\/a>\n                                        <\/div>\n                                                                                    <div class=\"post-content\">\n                                                <div class=\"content\">\n                                                    <h4 class=\"htmega-post-g-title\"><a href='https:\/\/utfpr.curitiba.br\/nucleodesignanimacao\/?p=9877'>Maratonista de Quarentena &#8211; Eduardo Tosta, Karol Azevedo e Ant\u00f4nio Eduardo de Freitas<\/a><\/h4>                                                                                                    <\/div>\n                                            <\/div>\n                                                                                <\/div>\n                                <\/div>\n                            \n                        \n                        \n                                                                                                                                            <div class=\"htb-col-lg-4 htb-col-sm-6 htb-col-12\">\n                                    <div class=\"ht-post gradient-overlay gradient-overlay-4 mt--20\">\n                                        <div class=\"thumb\">\n                                            <a href=\"https:\/\/utfpr.curitiba.br\/nucleodesignanimacao\/?p=9872\">\n                                                <img loading=\"lazy\" decoding=\"async\" width=\"1920\" height=\"1080\" src=\"https:\/\/utfpr-ct-static-content.s3.amazonaws.com\/utfpr.curitiba.br\/wp-content\/uploads\/sites\/99\/2023\/05\/Kekere-Axel-Sande.png\" class=\"attachment-full size-full wp-post-image\" alt=\"\" srcset=\"https:\/\/utfpr-ct-static-content.s3.amazonaws.com\/utfpr.curitiba.br\/wp-content\/uploads\/sites\/99\/2023\/05\/Kekere-Axel-Sande.png 1920w, https:\/\/utfpr-ct-static-content.s3.amazonaws.com\/utfpr.curitiba.br\/wp-content\/uploads\/sites\/99\/2023\/05\/Kekere-Axel-Sande-300x169.png 300w, https:\/\/utfpr-ct-static-content.s3.amazonaws.com\/utfpr.curitiba.br\/wp-content\/uploads\/sites\/99\/2023\/05\/Kekere-Axel-Sande-1024x576.png 1024w, https:\/\/utfpr-ct-static-content.s3.amazonaws.com\/utfpr.curitiba.br\/wp-content\/uploads\/sites\/99\/2023\/05\/Kekere-Axel-Sande-768x432.png 768w, https:\/\/utfpr-ct-static-content.s3.amazonaws.com\/utfpr.curitiba.br\/wp-content\/uploads\/sites\/99\/2023\/05\/Kekere-Axel-Sande-1536x864.png 1536w\" sizes=\"(max-width: 1920px) 100vw, 1920px\" \/>                                            <\/a>\n                                        <\/div>\n                                                                                    <div class=\"post-content\">\n                                                <div class=\"content\">\n                                                    <h4 class=\"htmega-post-g-title\"><a href='https:\/\/utfpr.curitiba.br\/nucleodesignanimacao\/?p=9872'>Keker\u00ea &#8211; Axel Sande<\/a><\/h4>                                                                                                    <\/div>\n                                            <\/div>\n                                                                                <\/div>\n                                <\/div>\n                            \n                        \n                        \n                                                                                                                                            <div class=\"htb-col-lg-4 htb-col-sm-6 htb-col-12\">\n                                    <div class=\"ht-post gradient-overlay gradient-overlay-5 mt--20\">\n                                        <div class=\"thumb\">\n                                            <a href=\"https:\/\/utfpr.curitiba.br\/nucleodesignanimacao\/?p=9867\">\n                                                <img loading=\"lazy\" decoding=\"async\" width=\"1810\" height=\"2560\" src=\"https:\/\/utfpr-ct-static-content.s3.amazonaws.com\/utfpr.curitiba.br\/wp-content\/uploads\/sites\/99\/2023\/05\/fragil-Ramon-Faria-scaled.jpg\" class=\"attachment-full size-full wp-post-image\" alt=\"\" srcset=\"https:\/\/utfpr-ct-static-content.s3.amazonaws.com\/utfpr.curitiba.br\/wp-content\/uploads\/sites\/99\/2023\/05\/fragil-Ramon-Faria-scaled.jpg 1810w, https:\/\/utfpr-ct-static-content.s3.amazonaws.com\/utfpr.curitiba.br\/wp-content\/uploads\/sites\/99\/2023\/05\/fragil-Ramon-Faria-212x300.jpg 212w, https:\/\/utfpr-ct-static-content.s3.amazonaws.com\/utfpr.curitiba.br\/wp-content\/uploads\/sites\/99\/2023\/05\/fragil-Ramon-Faria-724x1024.jpg 724w, https:\/\/utfpr-ct-static-content.s3.amazonaws.com\/utfpr.curitiba.br\/wp-content\/uploads\/sites\/99\/2023\/05\/fragil-Ramon-Faria-768x1086.jpg 768w, https:\/\/utfpr-ct-static-content.s3.amazonaws.com\/utfpr.curitiba.br\/wp-content\/uploads\/sites\/99\/2023\/05\/fragil-Ramon-Faria-1086x1536.jpg 1086w, https:\/\/utfpr-ct-static-content.s3.amazonaws.com\/utfpr.curitiba.br\/wp-content\/uploads\/sites\/99\/2023\/05\/fragil-Ramon-Faria-1448x2048.jpg 1448w\" sizes=\"(max-width: 1810px) 100vw, 1810px\" \/>                                            <\/a>\n                                        <\/div>\n                                                                                    <div class=\"post-content\">\n                                                <div class=\"content\">\n                                                    <h4 class=\"htmega-post-g-title\"><a href='https:\/\/utfpr.curitiba.br\/nucleodesignanimacao\/?p=9867'>Fr\u00e1gil &#8211; Ramon Faria<\/a><\/h4>                                                                                                    <\/div>\n                                            <\/div>\n                                                                                <\/div>\n                                <\/div>\n                            \n                        \n                        \n                                                                                                                                            <div class=\"htb-col-lg-4 htb-col-sm-6 htb-col-12\">\n                                    <div class=\"ht-post gradient-overlay gradient-overlay-6 mt--20\">\n                                        <div class=\"thumb\">\n                                            <a href=\"https:\/\/utfpr.curitiba.br\/nucleodesignanimacao\/?p=9861\">\n                                                <img loading=\"lazy\" decoding=\"async\" width=\"1265\" height=\"665\" src=\"https:\/\/utfpr-ct-static-content.s3.amazonaws.com\/utfpr.curitiba.br\/wp-content\/uploads\/sites\/99\/2023\/04\/Exodo-XXI-Rachel-Aranha.png\" class=\"attachment-full size-full wp-post-image\" alt=\"\" srcset=\"https:\/\/utfpr-ct-static-content.s3.amazonaws.com\/utfpr.curitiba.br\/wp-content\/uploads\/sites\/99\/2023\/04\/Exodo-XXI-Rachel-Aranha.png 1265w, https:\/\/utfpr-ct-static-content.s3.amazonaws.com\/utfpr.curitiba.br\/wp-content\/uploads\/sites\/99\/2023\/04\/Exodo-XXI-Rachel-Aranha-300x158.png 300w, https:\/\/utfpr-ct-static-content.s3.amazonaws.com\/utfpr.curitiba.br\/wp-content\/uploads\/sites\/99\/2023\/04\/Exodo-XXI-Rachel-Aranha-1024x538.png 1024w, https:\/\/utfpr-ct-static-content.s3.amazonaws.com\/utfpr.curitiba.br\/wp-content\/uploads\/sites\/99\/2023\/04\/Exodo-XXI-Rachel-Aranha-768x404.png 768w\" sizes=\"(max-width: 1265px) 100vw, 1265px\" \/>                                            <\/a>\n                                        <\/div>\n                                                                                    <div class=\"post-content\">\n                                                <div class=\"content\">\n                                                    <h4 class=\"htmega-post-g-title\"><a href='https:\/\/utfpr.curitiba.br\/nucleodesignanimacao\/?p=9861'>\u00caxodo XXI &#8211; Rachel Aranha<\/a><\/h4>                                                                                                    <\/div>\n                                            <\/div>\n                                                                                <\/div>\n                                <\/div>\n                            \n                        \n                        \n                                                                                                                                            <div class=\"htb-col-lg-4 htb-col-sm-6 htb-col-12\">\n                                    <div class=\"ht-post gradient-overlay gradient-overlay-1 mt--20\">\n                                        <div class=\"thumb\">\n                                            <a href=\"https:\/\/utfpr.curitiba.br\/nucleodesignanimacao\/?p=9856\">\n                                                <img loading=\"lazy\" decoding=\"async\" width=\"1279\" height=\"602\" src=\"https:\/\/utfpr-ct-static-content.s3.amazonaws.com\/utfpr.curitiba.br\/wp-content\/uploads\/sites\/99\/2023\/04\/Enctruzile-Cire-da-Virgens.png\" class=\"attachment-full size-full wp-post-image\" alt=\"\" srcset=\"https:\/\/utfpr-ct-static-content.s3.amazonaws.com\/utfpr.curitiba.br\/wp-content\/uploads\/sites\/99\/2023\/04\/Enctruzile-Cire-da-Virgens.png 1279w, https:\/\/utfpr-ct-static-content.s3.amazonaws.com\/utfpr.curitiba.br\/wp-content\/uploads\/sites\/99\/2023\/04\/Enctruzile-Cire-da-Virgens-300x141.png 300w, https:\/\/utfpr-ct-static-content.s3.amazonaws.com\/utfpr.curitiba.br\/wp-content\/uploads\/sites\/99\/2023\/04\/Enctruzile-Cire-da-Virgens-1024x482.png 1024w, https:\/\/utfpr-ct-static-content.s3.amazonaws.com\/utfpr.curitiba.br\/wp-content\/uploads\/sites\/99\/2023\/04\/Enctruzile-Cire-da-Virgens-768x361.png 768w\" sizes=\"(max-width: 1279px) 100vw, 1279px\" \/>                                            <\/a>\n                                        <\/div>\n                                                                                    <div class=\"post-content\">\n                                                <div class=\"content\">\n                                                    <h4 class=\"htmega-post-g-title\"><a href='https:\/\/utfpr.curitiba.br\/nucleodesignanimacao\/?p=9856'>EncruZil\u00e8 &#8211; O poder da Reza &#8211; Cire da Virgens<\/a><\/h4>                                                                                                    <\/div>\n                                            <\/div>\n                                                                                <\/div>\n                                <\/div>\n                            \n                        \n                        \n                                                                                                                                            <div class=\"htb-col-lg-4 htb-col-sm-6 htb-col-12\">\n                                    <div class=\"ht-post gradient-overlay gradient-overlay-2 mt--20\">\n                                        <div class=\"thumb\">\n                                            <a href=\"https:\/\/utfpr.curitiba.br\/nucleodesignanimacao\/?p=9851\">\n                                                <img loading=\"lazy\" decoding=\"async\" width=\"1274\" height=\"665\" src=\"https:\/\/utfpr-ct-static-content.s3.amazonaws.com\/utfpr.curitiba.br\/wp-content\/uploads\/sites\/99\/2023\/04\/el-churro-alunos-do-estudio-escola-da-animacao.png\" class=\"attachment-full size-full wp-post-image\" alt=\"\" srcset=\"https:\/\/utfpr-ct-static-content.s3.amazonaws.com\/utfpr.curitiba.br\/wp-content\/uploads\/sites\/99\/2023\/04\/el-churro-alunos-do-estudio-escola-da-animacao.png 1274w, https:\/\/utfpr-ct-static-content.s3.amazonaws.com\/utfpr.curitiba.br\/wp-content\/uploads\/sites\/99\/2023\/04\/el-churro-alunos-do-estudio-escola-da-animacao-300x157.png 300w, https:\/\/utfpr-ct-static-content.s3.amazonaws.com\/utfpr.curitiba.br\/wp-content\/uploads\/sites\/99\/2023\/04\/el-churro-alunos-do-estudio-escola-da-animacao-1024x535.png 1024w, https:\/\/utfpr-ct-static-content.s3.amazonaws.com\/utfpr.curitiba.br\/wp-content\/uploads\/sites\/99\/2023\/04\/el-churro-alunos-do-estudio-escola-da-animacao-768x401.png 768w\" sizes=\"(max-width: 1274px) 100vw, 1274px\" \/>                                            <\/a>\n                                        <\/div>\n                                                                                    <div class=\"post-content\">\n                                                <div class=\"content\">\n                                                    <h4 class=\"htmega-post-g-title\"><a href='https:\/\/utfpr.curitiba.br\/nucleodesignanimacao\/?p=9851'>El Churro &#8211; Alunos do Est\u00fadio Escola de Anima\u00e7\u00e3o<\/a><\/h4>                                                                                                    <\/div>\n                                            <\/div>\n                                                                                <\/div>\n                                <\/div>\n                            \n                        \n                        \n                                                                                                                                            <div class=\"htb-col-lg-4 htb-col-sm-6 htb-col-12\">\n                                    <div class=\"ht-post gradient-overlay gradient-overlay-3 mt--20\">\n                                        <div class=\"thumb\">\n                                            <a href=\"https:\/\/utfpr.curitiba.br\/nucleodesignanimacao\/?p=9846\">\n                                                <img loading=\"lazy\" decoding=\"async\" width=\"1277\" height=\"667\" src=\"https:\/\/utfpr-ct-static-content.s3.amazonaws.com\/utfpr.curitiba.br\/wp-content\/uploads\/sites\/99\/2023\/04\/Dispare-Notas-Musicais-Lucas-Chewie.png\" class=\"attachment-full size-full wp-post-image\" alt=\"\" srcset=\"https:\/\/utfpr-ct-static-content.s3.amazonaws.com\/utfpr.curitiba.br\/wp-content\/uploads\/sites\/99\/2023\/04\/Dispare-Notas-Musicais-Lucas-Chewie.png 1277w, https:\/\/utfpr-ct-static-content.s3.amazonaws.com\/utfpr.curitiba.br\/wp-content\/uploads\/sites\/99\/2023\/04\/Dispare-Notas-Musicais-Lucas-Chewie-300x157.png 300w, https:\/\/utfpr-ct-static-content.s3.amazonaws.com\/utfpr.curitiba.br\/wp-content\/uploads\/sites\/99\/2023\/04\/Dispare-Notas-Musicais-Lucas-Chewie-1024x535.png 1024w, https:\/\/utfpr-ct-static-content.s3.amazonaws.com\/utfpr.curitiba.br\/wp-content\/uploads\/sites\/99\/2023\/04\/Dispare-Notas-Musicais-Lucas-Chewie-768x401.png 768w\" sizes=\"(max-width: 1277px) 100vw, 1277px\" \/>                                            <\/a>\n                                        <\/div>\n                                                                                    <div class=\"post-content\">\n                                                <div class=\"content\">\n                                                    <h4 class=\"htmega-post-g-title\"><a href='https:\/\/utfpr.curitiba.br\/nucleodesignanimacao\/?p=9846'>Dispare Notas Musicais &#8211; Lucas Chewie<\/a><\/h4>                                                                                                    <\/div>\n                                            <\/div>\n                                                                                <\/div>\n                                <\/div>\n                            \n                        \n                        \n                                                                                                                                            <div class=\"htb-col-lg-4 htb-col-sm-6 htb-col-12\">\n                                    <div class=\"ht-post gradient-overlay gradient-overlay-4 mt--20\">\n                                        <div class=\"thumb\">\n                                            <a href=\"https:\/\/utfpr.curitiba.br\/nucleodesignanimacao\/?p=9841\">\n                                                <img loading=\"lazy\" decoding=\"async\" width=\"1264\" height=\"636\" src=\"https:\/\/utfpr-ct-static-content.s3.amazonaws.com\/utfpr.curitiba.br\/wp-content\/uploads\/sites\/99\/2023\/04\/DirtyPaws-Luiza-de-Almeida-Cardoso.png\" class=\"attachment-full size-full wp-post-image\" alt=\"\" srcset=\"https:\/\/utfpr-ct-static-content.s3.amazonaws.com\/utfpr.curitiba.br\/wp-content\/uploads\/sites\/99\/2023\/04\/DirtyPaws-Luiza-de-Almeida-Cardoso.png 1264w, https:\/\/utfpr-ct-static-content.s3.amazonaws.com\/utfpr.curitiba.br\/wp-content\/uploads\/sites\/99\/2023\/04\/DirtyPaws-Luiza-de-Almeida-Cardoso-300x151.png 300w, https:\/\/utfpr-ct-static-content.s3.amazonaws.com\/utfpr.curitiba.br\/wp-content\/uploads\/sites\/99\/2023\/04\/DirtyPaws-Luiza-de-Almeida-Cardoso-1024x515.png 1024w, https:\/\/utfpr-ct-static-content.s3.amazonaws.com\/utfpr.curitiba.br\/wp-content\/uploads\/sites\/99\/2023\/04\/DirtyPaws-Luiza-de-Almeida-Cardoso-768x386.png 768w, https:\/\/utfpr-ct-static-content.s3.amazonaws.com\/utfpr.curitiba.br\/wp-content\/uploads\/sites\/99\/2023\/04\/DirtyPaws-Luiza-de-Almeida-Cardoso-585x295.png 585w\" sizes=\"(max-width: 1264px) 100vw, 1264px\" \/>                                            <\/a>\n                                        <\/div>\n                                                                                    <div class=\"post-content\">\n                                                <div class=\"content\">\n                                                    <h4 class=\"htmega-post-g-title\"><a href='https:\/\/utfpr.curitiba.br\/nucleodesignanimacao\/?p=9841'>Dirty Paws &#8211; Lu\u00edza de Almeida Cardoso<\/a><\/h4>                                                                                                    <\/div>\n                                            <\/div>\n                                                                                <\/div>\n                                <\/div>\n                            \n                        \n                        \n                                                                                                                                            <div class=\"htb-col-lg-4 htb-col-sm-6 htb-col-12\">\n                                    <div class=\"ht-post gradient-overlay gradient-overlay-5 mt--20\">\n                                        <div class=\"thumb\">\n                                            <a href=\"https:\/\/utfpr.curitiba.br\/nucleodesignanimacao\/?p=9836\">\n                                                <img loading=\"lazy\" decoding=\"async\" width=\"1918\" height=\"979\" src=\"https:\/\/utfpr-ct-static-content.s3.amazonaws.com\/utfpr.curitiba.br\/wp-content\/uploads\/sites\/99\/2023\/04\/Contramao-Lucas-Chewie.png\" class=\"attachment-full size-full wp-post-image\" alt=\"\" srcset=\"https:\/\/utfpr-ct-static-content.s3.amazonaws.com\/utfpr.curitiba.br\/wp-content\/uploads\/sites\/99\/2023\/04\/Contramao-Lucas-Chewie.png 1918w, https:\/\/utfpr-ct-static-content.s3.amazonaws.com\/utfpr.curitiba.br\/wp-content\/uploads\/sites\/99\/2023\/04\/Contramao-Lucas-Chewie-300x153.png 300w, https:\/\/utfpr-ct-static-content.s3.amazonaws.com\/utfpr.curitiba.br\/wp-content\/uploads\/sites\/99\/2023\/04\/Contramao-Lucas-Chewie-1024x523.png 1024w, https:\/\/utfpr-ct-static-content.s3.amazonaws.com\/utfpr.curitiba.br\/wp-content\/uploads\/sites\/99\/2023\/04\/Contramao-Lucas-Chewie-768x392.png 768w, https:\/\/utfpr-ct-static-content.s3.amazonaws.com\/utfpr.curitiba.br\/wp-content\/uploads\/sites\/99\/2023\/04\/Contramao-Lucas-Chewie-1536x784.png 1536w\" sizes=\"(max-width: 1918px) 100vw, 1918px\" \/>                                            <\/a>\n                                        <\/div>\n                                                                                    <div class=\"post-content\">\n                                                <div class=\"content\">\n                                                    <h4 class=\"htmega-post-g-title\"><a href='https:\/\/utfpr.curitiba.br\/nucleodesignanimacao\/?p=9836'>Contram\u00e3o &#8211; Lucas Chewie<\/a><\/h4>                                                                                                    <\/div>\n                                            <\/div>\n                                                                                <\/div>\n                                <\/div>\n                            \n                        \n                        \n                                                                                                                                            <div class=\"htb-col-lg-4 htb-col-sm-6 htb-col-12\">\n                                    <div class=\"ht-post gradient-overlay gradient-overlay-6 mt--20\">\n                                        <div class=\"thumb\">\n                                            <a href=\"https:\/\/utfpr.curitiba.br\/nucleodesignanimacao\/?p=9831\">\n                                                <img loading=\"lazy\" decoding=\"async\" width=\"854\" height=\"439\" src=\"https:\/\/utfpr-ct-static-content.s3.amazonaws.com\/utfpr.curitiba.br\/wp-content\/uploads\/sites\/99\/2023\/04\/Cogumelo-MateusAmerico.png\" class=\"attachment-full size-full wp-post-image\" alt=\"\" srcset=\"https:\/\/utfpr-ct-static-content.s3.amazonaws.com\/utfpr.curitiba.br\/wp-content\/uploads\/sites\/99\/2023\/04\/Cogumelo-MateusAmerico.png 854w, https:\/\/utfpr-ct-static-content.s3.amazonaws.com\/utfpr.curitiba.br\/wp-content\/uploads\/sites\/99\/2023\/04\/Cogumelo-MateusAmerico-300x154.png 300w, https:\/\/utfpr-ct-static-content.s3.amazonaws.com\/utfpr.curitiba.br\/wp-content\/uploads\/sites\/99\/2023\/04\/Cogumelo-MateusAmerico-768x395.png 768w\" sizes=\"(max-width: 854px) 100vw, 854px\" \/>                                            <\/a>\n                                        <\/div>\n                                                                                    <div class=\"post-content\">\n                                                <div class=\"content\">\n                                                    <h4 class=\"htmega-post-g-title\"><a href='https:\/\/utfpr.curitiba.br\/nucleodesignanimacao\/?p=9831'>Cogumelo &#8211; Matheus Am\u00e9rico<\/a><\/h4>                                                                                                    <\/div>\n                                            <\/div>\n                                                                                <\/div>\n                                <\/div>\n                            \n                        \n                        \n                                                                                                                                            <div class=\"htb-col-lg-4 htb-col-sm-6 htb-col-12\">\n                                    <div class=\"ht-post gradient-overlay gradient-overlay-1 mt--20\">\n                                        <div class=\"thumb\">\n                                            <a href=\"https:\/\/utfpr.curitiba.br\/nucleodesignanimacao\/?p=9826\">\n                                                <img loading=\"lazy\" decoding=\"async\" width=\"1446\" height=\"875\" src=\"https:\/\/utfpr-ct-static-content.s3.amazonaws.com\/utfpr.curitiba.br\/wp-content\/uploads\/sites\/99\/2023\/04\/Cenas-da-Infancia-Kimberly-Palermo.png\" class=\"attachment-full size-full wp-post-image\" alt=\"\" srcset=\"https:\/\/utfpr-ct-static-content.s3.amazonaws.com\/utfpr.curitiba.br\/wp-content\/uploads\/sites\/99\/2023\/04\/Cenas-da-Infancia-Kimberly-Palermo.png 1446w, https:\/\/utfpr-ct-static-content.s3.amazonaws.com\/utfpr.curitiba.br\/wp-content\/uploads\/sites\/99\/2023\/04\/Cenas-da-Infancia-Kimberly-Palermo-300x182.png 300w, https:\/\/utfpr-ct-static-content.s3.amazonaws.com\/utfpr.curitiba.br\/wp-content\/uploads\/sites\/99\/2023\/04\/Cenas-da-Infancia-Kimberly-Palermo-1024x620.png 1024w, https:\/\/utfpr-ct-static-content.s3.amazonaws.com\/utfpr.curitiba.br\/wp-content\/uploads\/sites\/99\/2023\/04\/Cenas-da-Infancia-Kimberly-Palermo-768x465.png 768w\" sizes=\"(max-width: 1446px) 100vw, 1446px\" \/>                                            <\/a>\n                                        <\/div>\n                                                                                    <div class=\"post-content\">\n                                                <div class=\"content\">\n                                                    <h4 class=\"htmega-post-g-title\"><a href='https:\/\/utfpr.curitiba.br\/nucleodesignanimacao\/?p=9826'>Cenas da Inf\u00e2ncia &#8211; Kimberly Palermo<\/a><\/h4>                                                                                                    <\/div>\n                                            <\/div>\n                                                                                <\/div>\n                                <\/div>\n                            \n                        \n                        \n                                                                                                                                            <div class=\"htb-col-lg-4 htb-col-sm-6 htb-col-12\">\n                                    <div class=\"ht-post gradient-overlay gradient-overlay-2 mt--20\">\n                                        <div class=\"thumb\">\n                                            <a href=\"https:\/\/utfpr.curitiba.br\/nucleodesignanimacao\/?p=9821\">\n                                                <img loading=\"lazy\" decoding=\"async\" width=\"1366\" height=\"768\" src=\"https:\/\/utfpr-ct-static-content.s3.amazonaws.com\/utfpr.curitiba.br\/wp-content\/uploads\/sites\/99\/2023\/04\/Caracol-CybelleMendes.png\" class=\"attachment-full size-full wp-post-image\" alt=\"\" srcset=\"https:\/\/utfpr-ct-static-content.s3.amazonaws.com\/utfpr.curitiba.br\/wp-content\/uploads\/sites\/99\/2023\/04\/Caracol-CybelleMendes.png 1366w, https:\/\/utfpr-ct-static-content.s3.amazonaws.com\/utfpr.curitiba.br\/wp-content\/uploads\/sites\/99\/2023\/04\/Caracol-CybelleMendes-300x169.png 300w, https:\/\/utfpr-ct-static-content.s3.amazonaws.com\/utfpr.curitiba.br\/wp-content\/uploads\/sites\/99\/2023\/04\/Caracol-CybelleMendes-1024x576.png 1024w, https:\/\/utfpr-ct-static-content.s3.amazonaws.com\/utfpr.curitiba.br\/wp-content\/uploads\/sites\/99\/2023\/04\/Caracol-CybelleMendes-768x432.png 768w\" sizes=\"(max-width: 1366px) 100vw, 1366px\" \/>                                            <\/a>\n                                        <\/div>\n                                                                                    <div class=\"post-content\">\n                                                <div class=\"content\">\n                                                    <h4 class=\"htmega-post-g-title\"><a href='https:\/\/utfpr.curitiba.br\/nucleodesignanimacao\/?p=9821'>Caracol &#8211; Cybelle Mendes<\/a><\/h4>                                                                                                    <\/div>\n                                            <\/div>\n                                                                                <\/div>\n                                <\/div>\n                            \n                        \n                        \n                                                                                                                                            <div class=\"htb-col-lg-4 htb-col-sm-6 htb-col-12\">\n                                    <div class=\"ht-post gradient-overlay gradient-overlay-3 mt--20\">\n                                        <div class=\"thumb\">\n                                            <a href=\"https:\/\/utfpr.curitiba.br\/nucleodesignanimacao\/?p=9815\">\n                                                <img loading=\"lazy\" decoding=\"async\" width=\"720\" height=\"720\" src=\"https:\/\/utfpr-ct-static-content.s3.amazonaws.com\/utfpr.curitiba.br\/wp-content\/uploads\/sites\/99\/2023\/04\/cadevoceVitti-Ugo-Peter-the-Moon.jpg\" class=\"attachment-full size-full wp-post-image\" alt=\"\" srcset=\"https:\/\/utfpr-ct-static-content.s3.amazonaws.com\/utfpr.curitiba.br\/wp-content\/uploads\/sites\/99\/2023\/04\/cadevoceVitti-Ugo-Peter-the-Moon.jpg 720w, https:\/\/utfpr-ct-static-content.s3.amazonaws.com\/utfpr.curitiba.br\/wp-content\/uploads\/sites\/99\/2023\/04\/cadevoceVitti-Ugo-Peter-the-Moon-300x300.jpg 300w, https:\/\/utfpr-ct-static-content.s3.amazonaws.com\/utfpr.curitiba.br\/wp-content\/uploads\/sites\/99\/2023\/04\/cadevoceVitti-Ugo-Peter-the-Moon-150x150.jpg 150w\" sizes=\"(max-width: 720px) 100vw, 720px\" \/>                                            <\/a>\n                                        <\/div>\n                                                                                    <div class=\"post-content\">\n                                                <div class=\"content\">\n                                                    <h4 class=\"htmega-post-g-title\"><a href='https:\/\/utfpr.curitiba.br\/nucleodesignanimacao\/?p=9815'>Cad\u00ea Voc\u00ea &#8211; Vitti Ugo, Peter the Moon<\/a><\/h4>                                                                                                    <\/div>\n                                            <\/div>\n                                                                                <\/div>\n                                <\/div>\n                            \n                        \n                        \n                                                                                                                                            <div class=\"htb-col-lg-4 htb-col-sm-6 htb-col-12\">\n                                    <div class=\"ht-post gradient-overlay gradient-overlay-4 mt--20\">\n                                        <div class=\"thumb\">\n                                            <a href=\"https:\/\/utfpr.curitiba.br\/nucleodesignanimacao\/?p=9809\">\n                                                <img loading=\"lazy\" decoding=\"async\" width=\"1280\" height=\"664\" src=\"https:\/\/utfpr-ct-static-content.s3.amazonaws.com\/utfpr.curitiba.br\/wp-content\/uploads\/sites\/99\/2023\/04\/atrocityexhibition.png\" class=\"attachment-full size-full wp-post-image\" alt=\"\" srcset=\"https:\/\/utfpr-ct-static-content.s3.amazonaws.com\/utfpr.curitiba.br\/wp-content\/uploads\/sites\/99\/2023\/04\/atrocityexhibition.png 1280w, https:\/\/utfpr-ct-static-content.s3.amazonaws.com\/utfpr.curitiba.br\/wp-content\/uploads\/sites\/99\/2023\/04\/atrocityexhibition-300x156.png 300w, https:\/\/utfpr-ct-static-content.s3.amazonaws.com\/utfpr.curitiba.br\/wp-content\/uploads\/sites\/99\/2023\/04\/atrocityexhibition-1024x531.png 1024w, https:\/\/utfpr-ct-static-content.s3.amazonaws.com\/utfpr.curitiba.br\/wp-content\/uploads\/sites\/99\/2023\/04\/atrocityexhibition-768x398.png 768w\" sizes=\"(max-width: 1280px) 100vw, 1280px\" \/>                                            <\/a>\n                                        <\/div>\n                                                                                    <div class=\"post-content\">\n                                                <div class=\"content\">\n                                                    <h4 class=\"htmega-post-g-title\"><a href='https:\/\/utfpr.curitiba.br\/nucleodesignanimacao\/?p=9809'>Atrocity Exhibition &#8211; Theda Maxa<\/a><\/h4>                                                                                                    <\/div>\n                                            <\/div>\n                                                                                <\/div>\n                                <\/div>\n                            \n                        \n                        \n                                                                                                                                            <div class=\"htb-col-lg-4 htb-col-sm-6 htb-col-12\">\n                                    <div class=\"ht-post gradient-overlay gradient-overlay-5 mt--20\">\n                                        <div class=\"thumb\">\n                                            <a href=\"https:\/\/utfpr.curitiba.br\/nucleodesignanimacao\/?p=9804\">\n                                                <img loading=\"lazy\" decoding=\"async\" width=\"872\" height=\"864\" src=\"https:\/\/utfpr-ct-static-content.s3.amazonaws.com\/utfpr.curitiba.br\/wp-content\/uploads\/sites\/99\/2023\/04\/as-aventudas-de-zaninja-2020.png\" class=\"attachment-full size-full wp-post-image\" alt=\"\" srcset=\"https:\/\/utfpr-ct-static-content.s3.amazonaws.com\/utfpr.curitiba.br\/wp-content\/uploads\/sites\/99\/2023\/04\/as-aventudas-de-zaninja-2020.png 872w, https:\/\/utfpr-ct-static-content.s3.amazonaws.com\/utfpr.curitiba.br\/wp-content\/uploads\/sites\/99\/2023\/04\/as-aventudas-de-zaninja-2020-300x297.png 300w, https:\/\/utfpr-ct-static-content.s3.amazonaws.com\/utfpr.curitiba.br\/wp-content\/uploads\/sites\/99\/2023\/04\/as-aventudas-de-zaninja-2020-150x150.png 150w, https:\/\/utfpr-ct-static-content.s3.amazonaws.com\/utfpr.curitiba.br\/wp-content\/uploads\/sites\/99\/2023\/04\/as-aventudas-de-zaninja-2020-768x761.png 768w\" sizes=\"(max-width: 872px) 100vw, 872px\" \/>                                            <\/a>\n                                        <\/div>\n                                                                                    <div class=\"post-content\">\n                                                <div class=\"content\">\n                                                    <h4 class=\"htmega-post-g-title\"><a href='https:\/\/utfpr.curitiba.br\/nucleodesignanimacao\/?p=9804'>As Aventuras de Zaninja &#8211; Lu\u00edza de Moraes<\/a><\/h4>                                                                                                    <\/div>\n                                            <\/div>\n                                                                                <\/div>\n                                <\/div>\n                            \n                        \n                        \n                                                                                                                                            <div class=\"htb-col-lg-4 htb-col-sm-6 htb-col-12\">\n                                    <div class=\"ht-post gradient-overlay gradient-overlay-6 mt--20\">\n                                        <div class=\"thumb\">\n                                            <a href=\"https:\/\/utfpr.curitiba.br\/nucleodesignanimacao\/?p=4131\">\n                                                <img loading=\"lazy\" decoding=\"async\" width=\"843\" height=\"451\" src=\"https:\/\/utfpr-ct-static-content.s3.amazonaws.com\/utfpr.curitiba.br\/wp-content\/uploads\/sites\/99\/2023\/05\/animail-alunos-do-estudio-escola-da-animacao.png\" class=\"attachment-full size-full wp-post-image\" alt=\"\" srcset=\"https:\/\/utfpr-ct-static-content.s3.amazonaws.com\/utfpr.curitiba.br\/wp-content\/uploads\/sites\/99\/2023\/05\/animail-alunos-do-estudio-escola-da-animacao.png 843w, https:\/\/utfpr-ct-static-content.s3.amazonaws.com\/utfpr.curitiba.br\/wp-content\/uploads\/sites\/99\/2023\/05\/animail-alunos-do-estudio-escola-da-animacao-300x160.png 300w, https:\/\/utfpr-ct-static-content.s3.amazonaws.com\/utfpr.curitiba.br\/wp-content\/uploads\/sites\/99\/2023\/05\/animail-alunos-do-estudio-escola-da-animacao-768x411.png 768w\" sizes=\"(max-width: 843px) 100vw, 843px\" \/>                                            <\/a>\n                                        <\/div>\n                                                                                    <div class=\"post-content\">\n                                                <div class=\"content\">\n                                                    <h4 class=\"htmega-post-g-title\"><a href='https:\/\/utfpr.curitiba.br\/nucleodesignanimacao\/?p=4131'>Animail \u2013 Alunos do Est\u00fadio Escola de Anima\u00e7\u00e3o<\/a><\/h4>                                                                                                    <\/div>\n                                            <\/div>\n                                                                                <\/div>\n                                <\/div>\n                            \n                        \n                        \n                                                                                                                                            <div class=\"htb-col-lg-4 htb-col-sm-6 htb-col-12\">\n                                    <div class=\"ht-post gradient-overlay gradient-overlay-1 mt--20\">\n                                        <div class=\"thumb\">\n                                            <a href=\"https:\/\/utfpr.curitiba.br\/nucleodesignanimacao\/?p=4018\">\n                                                <img loading=\"lazy\" decoding=\"async\" width=\"1400\" height=\"757\" src=\"https:\/\/utfpr-ct-static-content.s3.amazonaws.com\/utfpr.curitiba.br\/wp-content\/uploads\/sites\/99\/2023\/05\/ALTCELL.png\" class=\"attachment-full size-full wp-post-image\" alt=\"\" srcset=\"https:\/\/utfpr-ct-static-content.s3.amazonaws.com\/utfpr.curitiba.br\/wp-content\/uploads\/sites\/99\/2023\/05\/ALTCELL.png 1400w, https:\/\/utfpr-ct-static-content.s3.amazonaws.com\/utfpr.curitiba.br\/wp-content\/uploads\/sites\/99\/2023\/05\/ALTCELL-300x162.png 300w, https:\/\/utfpr-ct-static-content.s3.amazonaws.com\/utfpr.curitiba.br\/wp-content\/uploads\/sites\/99\/2023\/05\/ALTCELL-1024x554.png 1024w, https:\/\/utfpr-ct-static-content.s3.amazonaws.com\/utfpr.curitiba.br\/wp-content\/uploads\/sites\/99\/2023\/05\/ALTCELL-768x415.png 768w\" sizes=\"(max-width: 1400px) 100vw, 1400px\" \/>                                            <\/a>\n                                        <\/div>\n                                                                                    <div class=\"post-content\">\n                                                <div class=\"content\">\n                                                    <h4 class=\"htmega-post-g-title\"><a href='https:\/\/utfpr.curitiba.br\/nucleodesignanimacao\/?p=4018'>ALTCELL &#8211; Matheus Galv\u00e3o, Erik Fischer Guimar\u00e3es, Renata Boury<\/a><\/h4>                                                                                                    <\/div>\n                                            <\/div>\n                                                                                <\/div>\n                                <\/div>\n                            \n                        \n                        \n                                                                                                                                            <div class=\"htb-col-lg-4 htb-col-sm-6 htb-col-12\">\n                                    <div class=\"ht-post gradient-overlay gradient-overlay-2 mt--20\">\n                                        <div class=\"thumb\">\n                                            <a href=\"https:\/\/utfpr.curitiba.br\/nucleodesignanimacao\/?p=3819\">\n                                                <img loading=\"lazy\" decoding=\"async\" width=\"1856\" height=\"1004\" src=\"https:\/\/utfpr-ct-static-content.s3.amazonaws.com\/utfpr.curitiba.br\/wp-content\/uploads\/sites\/99\/2023\/04\/A-Torre-das-Baterias-Victor-Mendes-2.png\" class=\"attachment-full size-full wp-post-image\" alt=\"\" srcset=\"https:\/\/utfpr-ct-static-content.s3.amazonaws.com\/utfpr.curitiba.br\/wp-content\/uploads\/sites\/99\/2023\/04\/A-Torre-das-Baterias-Victor-Mendes-2.png 1856w, https:\/\/utfpr-ct-static-content.s3.amazonaws.com\/utfpr.curitiba.br\/wp-content\/uploads\/sites\/99\/2023\/04\/A-Torre-das-Baterias-Victor-Mendes-2-300x162.png 300w, https:\/\/utfpr-ct-static-content.s3.amazonaws.com\/utfpr.curitiba.br\/wp-content\/uploads\/sites\/99\/2023\/04\/A-Torre-das-Baterias-Victor-Mendes-2-1024x554.png 1024w, https:\/\/utfpr-ct-static-content.s3.amazonaws.com\/utfpr.curitiba.br\/wp-content\/uploads\/sites\/99\/2023\/04\/A-Torre-das-Baterias-Victor-Mendes-2-768x415.png 768w, https:\/\/utfpr-ct-static-content.s3.amazonaws.com\/utfpr.curitiba.br\/wp-content\/uploads\/sites\/99\/2023\/04\/A-Torre-das-Baterias-Victor-Mendes-2-1536x831.png 1536w\" sizes=\"(max-width: 1856px) 100vw, 1856px\" \/>                                            <\/a>\n                                        <\/div>\n                                                                                    <div class=\"post-content\">\n                                                <div class=\"content\">\n                                                    <h4 class=\"htmega-post-g-title\"><a href='https:\/\/utfpr.curitiba.br\/nucleodesignanimacao\/?p=3819'>A Torre das Baterias &#8211; Victor Mendes<\/a><\/h4>                                                                                                    <\/div>\n                                            <\/div>\n                                                                                <\/div>\n                                <\/div>\n                            \n                        \n                        \n                                                                                                                                            <div class=\"htb-col-lg-4 htb-col-sm-6 htb-col-12\">\n                                    <div class=\"ht-post gradient-overlay gradient-overlay-3 mt--20\">\n                                        <div class=\"thumb\">\n                                            <a href=\"https:\/\/utfpr.curitiba.br\/nucleodesignanimacao\/?p=3754\">\n                                                <img loading=\"lazy\" decoding=\"async\" width=\"716\" height=\"389\" src=\"https:\/\/utfpr-ct-static-content.s3.amazonaws.com\/utfpr.curitiba.br\/wp-content\/uploads\/sites\/99\/2023\/04\/A-Lenda-do-Sol-e-da-Tempestade-Hugo-Tortul-Ferriolli-Victor-Laildher-do-Amaral-1.png\" class=\"attachment-full size-full wp-post-image\" alt=\"\" srcset=\"https:\/\/utfpr-ct-static-content.s3.amazonaws.com\/utfpr.curitiba.br\/wp-content\/uploads\/sites\/99\/2023\/04\/A-Lenda-do-Sol-e-da-Tempestade-Hugo-Tortul-Ferriolli-Victor-Laildher-do-Amaral-1.png 716w, https:\/\/utfpr-ct-static-content.s3.amazonaws.com\/utfpr.curitiba.br\/wp-content\/uploads\/sites\/99\/2023\/04\/A-Lenda-do-Sol-e-da-Tempestade-Hugo-Tortul-Ferriolli-Victor-Laildher-do-Amaral-1-300x163.png 300w\" sizes=\"(max-width: 716px) 100vw, 716px\" \/>                                            <\/a>\n                                        <\/div>\n                                                                                    <div class=\"post-content\">\n                                                <div class=\"content\">\n                                                    <h4 class=\"htmega-post-g-title\"><a href='https:\/\/utfpr.curitiba.br\/nucleodesignanimacao\/?p=3754'>A Lenda do Sol e da Tempestade &#8211; Hugo Tortul Ferriolli e Victor<\/a><\/h4>                                                                                                    <\/div>\n                                            <\/div>\n                                                                                <\/div>\n                                <\/div>\n                            \n                        \n                        \n                                                                                                                                            <div class=\"htb-col-lg-4 htb-col-sm-6 htb-col-12\">\n                                    <div class=\"ht-post gradient-overlay gradient-overlay-4 mt--20\">\n                                        <div class=\"thumb\">\n                                            <a href=\"https:\/\/utfpr.curitiba.br\/nucleodesignanimacao\/?p=3462\">\n                                                <img loading=\"lazy\" decoding=\"async\" width=\"284\" height=\"152\" src=\"https:\/\/utfpr-ct-static-content.s3.amazonaws.com\/utfpr.curitiba.br\/wp-content\/uploads\/sites\/99\/2023\/03\/acaixinhademusica.png\" class=\"attachment-full size-full wp-post-image\" alt=\"\" \/>                                            <\/a>\n                                        <\/div>\n                                                                                    <div class=\"post-content\">\n                                                <div class=\"content\">\n                                                    <h4 class=\"htmega-post-g-title\"><a href='https:\/\/utfpr.curitiba.br\/nucleodesignanimacao\/?p=3462'>A Caixinha de M\u00fasica &#8211; Ana Carolina do Monte<\/a><\/h4>                                                                                                    <\/div>\n                                            <\/div>\n                                                                                <\/div>\n                                <\/div>\n                            \n                        \n                                        <\/div>\n            <\/div>\n        <\/div>\n\n        \t\t\t\t<\/div>\n\t\t\t\t<\/div>\n\t\t\t\t\t<\/div>\n\t\t<\/div>\n\t\t\t\t\t<\/div>\n\t\t<\/section>\n\t\t\t\t<section class=\"elementor-section elementor-top-section elementor-element elementor-element-38dcbfd elementor-section-boxed elementor-section-height-default elementor-section-height-default\" data-id=\"38dcbfd\" data-element_type=\"section\" data-e-type=\"section\">\n\t\t\t\t\t\t<div class=\"elementor-container elementor-column-gap-default\">\n\t\t\t\t\t<div class=\"elementor-column elementor-col-100 elementor-top-column elementor-element elementor-element-11a942c2\" data-id=\"11a942c2\" data-element_type=\"column\" data-e-type=\"column\">\n\t\t\t<div class=\"elementor-widget-wrap elementor-element-populated\">\n\t\t\t\t\t\t<div class=\"elementor-element elementor-element-338bc76f elementor-widget elementor-widget-spacer\" data-id=\"338bc76f\" data-element_type=\"widget\" data-e-type=\"widget\" data-widget_type=\"spacer.default\">\n\t\t\t\t<div class=\"elementor-widget-container\">\n\t\t\t\t\t\t\t<div class=\"elementor-spacer\">\n\t\t\t<div class=\"elementor-spacer-inner\"><\/div>\n\t\t<\/div>\n\t\t\t\t\t\t<\/div>\n\t\t\t\t<\/div>\n\t\t\t\t\t<\/div>\n\t\t<\/div>\n\t\t\t\t\t<\/div>\n\t\t<\/section>\n\t\t\t\t<section class=\"elementor-section elementor-top-section elementor-element elementor-element-578fc74 elementor-section-boxed elementor-section-height-default elementor-section-height-default\" data-id=\"578fc74\" data-element_type=\"section\" data-e-type=\"section\">\n\t\t\t\t\t\t<div class=\"elementor-container elementor-column-gap-default\">\n\t\t\t\t\t<div class=\"elementor-column elementor-col-100 elementor-top-column elementor-element elementor-element-9a79e65\" data-id=\"9a79e65\" data-element_type=\"column\" data-e-type=\"column\">\n\t\t\t<div class=\"elementor-widget-wrap elementor-element-populated\">\n\t\t\t\t\t\t<div class=\"elementor-element elementor-element-e193cc5 elementor-widget elementor-widget-spacer\" data-id=\"e193cc5\" data-element_type=\"widget\" data-e-type=\"widget\" data-widget_type=\"spacer.default\">\n\t\t\t\t<div class=\"elementor-widget-container\">\n\t\t\t\t\t\t\t<div class=\"elementor-spacer\">\n\t\t\t<div class=\"elementor-spacer-inner\"><\/div>\n\t\t<\/div>\n\t\t\t\t\t\t<\/div>\n\t\t\t\t<\/div>\n\t\t\t\t\t<\/div>\n\t\t<\/div>\n\t\t\t\t\t<\/div>\n\t\t<\/section>\n\t\t\t\t<section class=\"elementor-section elementor-top-section elementor-element elementor-element-3b0175c5 elementor-section-boxed elementor-section-height-default elementor-section-height-default\" data-id=\"3b0175c5\" data-element_type=\"section\" data-e-type=\"section\">\n\t\t\t\t\t\t<div class=\"elementor-container elementor-column-gap-default\">\n\t\t\t\t\t<div class=\"elementor-column elementor-col-100 elementor-top-column elementor-element elementor-element-565d6a62\" data-id=\"565d6a62\" data-element_type=\"column\" data-e-type=\"column\">\n\t\t\t<div class=\"elementor-widget-wrap\">\n\t\t\t\t\t\t\t<\/div>\n\t\t<\/div>\n\t\t\t\t\t<\/div>\n\t\t<\/section>\n\t\t\t\t<section class=\"elementor-section elementor-top-section elementor-element elementor-element-76c9c3f8 elementor-section-content-middle elementor-section-boxed elementor-section-height-default elementor-section-height-default\" data-id=\"76c9c3f8\" data-element_type=\"section\" data-e-type=\"section\" data-settings=\"{&quot;background_background&quot;:&quot;video&quot;}\">\n\t\t\t\t\t\t<div class=\"elementor-container elementor-column-gap-default\">\n\t\t\t\t\t<div class=\"elementor-column elementor-col-33 elementor-top-column elementor-element elementor-element-132e00e8\" data-id=\"132e00e8\" data-element_type=\"column\" data-e-type=\"column\">\n\t\t\t<div class=\"elementor-widget-wrap elementor-element-populated\">\n\t\t\t\t\t\t<div class=\"elementor-element elementor-element-639b77b0 elementor-widget elementor-widget-image\" data-id=\"639b77b0\" data-element_type=\"widget\" data-e-type=\"widget\" data-widget_type=\"image.default\">\n\t\t\t\t<div class=\"elementor-widget-container\">\n\t\t\t\t\t\t\t\t\t\t\t\t\t\t\t<img loading=\"lazy\" decoding=\"async\" width=\"800\" height=\"297\" src=\"https:\/\/utfpr-ct-static-content.s3.amazonaws.com\/utfpr.curitiba.br\/wp-content\/uploads\/sites\/99\/2023\/04\/utfpr1.png\" class=\"attachment-large size-large wp-image-3531\" alt=\"\" srcset=\"https:\/\/utfpr-ct-static-content.s3.amazonaws.com\/utfpr.curitiba.br\/wp-content\/uploads\/sites\/99\/2023\/04\/utfpr1.png 877w, https:\/\/utfpr-ct-static-content.s3.amazonaws.com\/utfpr.curitiba.br\/wp-content\/uploads\/sites\/99\/2023\/04\/utfpr1-300x112.png 300w, https:\/\/utfpr-ct-static-content.s3.amazonaws.com\/utfpr.curitiba.br\/wp-content\/uploads\/sites\/99\/2023\/04\/utfpr1-768x285.png 768w\" sizes=\"(max-width: 800px) 100vw, 800px\" \/>\t\t\t\t\t\t\t\t\t\t\t\t\t\t\t<\/div>\n\t\t\t\t<\/div>\n\t\t\t\t\t<\/div>\n\t\t<\/div>\n\t\t\t\t<div class=\"elementor-column elementor-col-33 elementor-top-column elementor-element elementor-element-764d21f7\" data-id=\"764d21f7\" data-element_type=\"column\" data-e-type=\"column\">\n\t\t\t<div class=\"elementor-widget-wrap elementor-element-populated\">\n\t\t\t\t\t\t<div class=\"elementor-element elementor-element-12741573 elementor-widget elementor-widget-image\" data-id=\"12741573\" data-element_type=\"widget\" data-e-type=\"widget\" data-widget_type=\"image.default\">\n\t\t\t\t<div class=\"elementor-widget-container\">\n\t\t\t\t\t\t\t\t\t\t\t\t\t\t\t<img loading=\"lazy\" decoding=\"async\" width=\"230\" height=\"230\" src=\"https:\/\/utfpr-ct-static-content.s3.amazonaws.com\/utfpr.curitiba.br\/wp-content\/uploads\/sites\/99\/2023\/04\/dadinlogo.png\" class=\"attachment-medium size-medium wp-image-3532\" alt=\"\" srcset=\"https:\/\/utfpr-ct-static-content.s3.amazonaws.com\/utfpr.curitiba.br\/wp-content\/uploads\/sites\/99\/2023\/04\/dadinlogo.png 230w, https:\/\/utfpr-ct-static-content.s3.amazonaws.com\/utfpr.curitiba.br\/wp-content\/uploads\/sites\/99\/2023\/04\/dadinlogo-150x150.png 150w\" sizes=\"(max-width: 230px) 100vw, 230px\" \/>\t\t\t\t\t\t\t\t\t\t\t\t\t\t\t<\/div>\n\t\t\t\t<\/div>\n\t\t\t\t\t<\/div>\n\t\t<\/div>\n\t\t\t\t<div class=\"elementor-column elementor-col-33 elementor-top-column elementor-element elementor-element-4abded5c\" data-id=\"4abded5c\" data-element_type=\"column\" data-e-type=\"column\">\n\t\t\t<div class=\"elementor-widget-wrap elementor-element-populated\">\n\t\t\t\t\t\t<div class=\"elementor-element elementor-element-3e4cc3ed elementor-widget elementor-widget-image\" data-id=\"3e4cc3ed\" data-element_type=\"widget\" data-e-type=\"widget\" data-widget_type=\"image.default\">\n\t\t\t\t<div class=\"elementor-widget-container\">\n\t\t\t\t\t\t\t\t\t\t\t\t\t\t\t<img loading=\"lazy\" decoding=\"async\" width=\"800\" height=\"473\" src=\"https:\/\/utfpr-ct-static-content.s3.amazonaws.com\/utfpr.curitiba.br\/wp-content\/uploads\/sites\/99\/2020\/11\/cropped-logo-nucleo-branco-1024x606.png\" class=\"attachment-large size-large wp-image-3079\" alt=\"\" srcset=\"https:\/\/utfpr-ct-static-content.s3.amazonaws.com\/utfpr.curitiba.br\/wp-content\/uploads\/sites\/99\/2020\/11\/cropped-logo-nucleo-branco-1024x606.png 1024w, https:\/\/utfpr-ct-static-content.s3.amazonaws.com\/utfpr.curitiba.br\/wp-content\/uploads\/sites\/99\/2020\/11\/cropped-logo-nucleo-branco-300x177.png 300w, https:\/\/utfpr-ct-static-content.s3.amazonaws.com\/utfpr.curitiba.br\/wp-content\/uploads\/sites\/99\/2020\/11\/cropped-logo-nucleo-branco-768x454.png 768w, https:\/\/utfpr-ct-static-content.s3.amazonaws.com\/utfpr.curitiba.br\/wp-content\/uploads\/sites\/99\/2020\/11\/cropped-logo-nucleo-branco.png 1087w\" sizes=\"(max-width: 800px) 100vw, 800px\" \/>\t\t\t\t\t\t\t\t\t\t\t\t\t\t\t<\/div>\n\t\t\t\t<\/div>\n\t\t\t\t\t<\/div>\n\t\t<\/div>\n\t\t\t\t\t<\/div>\n\t\t<\/section>\n\t\t\t\t<\/div>\n\t\t","protected":false},"excerpt":{"rendered":"<p>Festivales La iniciativa Colecci\u00f3n completa X \/*! elementor &#8211; v3.15.0 &#8211; 20-08-2023 *\/ .elementor-widget-image{text-align:center}.elementor-widget-image a{display:inline-block}.elementor-widget-image a img[src$=&#8221;.svg&#8221;]{width:48px}.elementor-widget-image img{vertical-align:middle;display:inline-block} \/*! elementor &#8211; v3.15.0 &#8211; 20-08-2023 *\/ .elementor-column .elementor-spacer-inner{height:var(&#8211;spacer-size)}.e-con{&#8211;container-widget-width:100%}.e-con-inner&gt;.elementor-widget-spacer,.e-con&gt;.elementor-widget-spacer{width:var(&#8211;container-widget-width,var(&#8211;spacer-size));&#8211;align-self:var(&#8211;container-widget-align-self,initial);&#8211;flex-shrink:0}.e-con-inner&gt;.elementor-widget-spacer&gt;.elementor-widget-container,.e-con-inner&gt;.elementor-widget-spacer&gt;.elementor-widget-container&gt;.elementor-spacer,.e-con&gt;.elementor-widget-spacer&gt;.elementor-widget-container,.e-con&gt;.elementor-widget-spacer&gt;.elementor-widget-container&gt;.elementor-spacer{height:100%}.e-con-inner&gt;.elementor-widget-spacer&gt;.elementor-widget-container&gt;.elementor-spacer&gt;.elementor-spacer-inner,.e-con&gt;.elementor-widget-spacer&gt;.elementor-widget-container&gt;.elementor-spacer&gt;.elementor-spacer-inner{height:var(&#8211;container-widget-height,var(&#8211;spacer-size))} \/*! elementor &#8211; v3.15.0 &#8211; 20-08-2023 *\/ .elementor-heading-title{padding:0;margin:0;line-height:1}.elementor-widget-heading .elementor-heading-title[class*=elementor-size-]&gt;a{color:inherit;font-size:inherit;line-height:inherit}.elementor-widget-heading .elementor-heading-title.elementor-size-small{font-size:15px}.elementor-widget-heading .elementor-heading-title.elementor-size-medium{font-size:19px}.elementor-widget-heading .elementor-heading-title.elementor-size-large{font-size:29px}.elementor-widget-heading .elementor-heading-title.elementor-size-xl{font-size:39px}.elementor-widget-heading .elementor-heading-title.elementor-size-xxl{font-size:59px} Colecci\u00f3n completa Qualquer filme pra mim t\u00e1 \u00f3timo: Condena\u00e7\u00e3o M\u00e1xima &#8211; Beto Gomez e [&hellip;]<\/p>\n","protected":false},"author":174,"featured_media":0,"parent":0,"menu_order":0,"comment_status":"closed","ping_status":"closed","template":"elementor_canvas","meta":{"footnotes":""},"ano_festival":[],"ano_producao":[],"tecnica":[],"genero":[],"disponivel_online":[],"festival":[],"categoria_concorrente":[],"local":[],"available_online":[],"class_list":["post-3788","page","type-page","status-publish","hentry"],"_links":{"self":[{"href":"https:\/\/utfpr.curitiba.br\/nucleodesignanimacao\/index.php?rest_route=\/wp\/v2\/pages\/3788","targetHints":{"allow":["GET"]}}],"collection":[{"href":"https:\/\/utfpr.curitiba.br\/nucleodesignanimacao\/index.php?rest_route=\/wp\/v2\/pages"}],"about":[{"href":"https:\/\/utfpr.curitiba.br\/nucleodesignanimacao\/index.php?rest_route=\/wp\/v2\/types\/page"}],"author":[{"embeddable":true,"href":"https:\/\/utfpr.curitiba.br\/nucleodesignanimacao\/index.php?rest_route=\/wp\/v2\/users\/174"}],"replies":[{"embeddable":true,"href":"https:\/\/utfpr.curitiba.br\/nucleodesignanimacao\/index.php?rest_route=%2Fwp%2Fv2%2Fcomments&post=3788"}],"version-history":[{"count":21,"href":"https:\/\/utfpr.curitiba.br\/nucleodesignanimacao\/index.php?rest_route=\/wp\/v2\/pages\/3788\/revisions"}],"predecessor-version":[{"id":15637,"href":"https:\/\/utfpr.curitiba.br\/nucleodesignanimacao\/index.php?rest_route=\/wp\/v2\/pages\/3788\/revisions\/15637"}],"wp:attachment":[{"href":"https:\/\/utfpr.curitiba.br\/nucleodesignanimacao\/index.php?rest_route=%2Fwp%2Fv2%2Fmedia&parent=3788"}],"wp:term":[{"taxonomy":"ano_festival","embeddable":true,"href":"https:\/\/utfpr.curitiba.br\/nucleodesignanimacao\/index.php?rest_route=%2Fwp%2Fv2%2Fano_festival&post=3788"},{"taxonomy":"ano_producao","embeddable":true,"href":"https:\/\/utfpr.curitiba.br\/nucleodesignanimacao\/index.php?rest_route=%2Fwp%2Fv2%2Fano_producao&post=3788"},{"taxonomy":"tecnica","embeddable":true,"href":"https:\/\/utfpr.curitiba.br\/nucleodesignanimacao\/index.php?rest_route=%2Fwp%2Fv2%2Ftecnica&post=3788"},{"taxonomy":"genero","embeddable":true,"href":"https:\/\/utfpr.curitiba.br\/nucleodesignanimacao\/index.php?rest_route=%2Fwp%2Fv2%2Fgenero&post=3788"},{"taxonomy":"disponivel_online","embeddable":true,"href":"https:\/\/utfpr.curitiba.br\/nucleodesignanimacao\/index.php?rest_route=%2Fwp%2Fv2%2Fdisponivel_online&post=3788"},{"taxonomy":"festival","embeddable":true,"href":"https:\/\/utfpr.curitiba.br\/nucleodesignanimacao\/index.php?rest_route=%2Fwp%2Fv2%2Ffestival&post=3788"},{"taxonomy":"categoria_concorrente","embeddable":true,"href":"https:\/\/utfpr.curitiba.br\/nucleodesignanimacao\/index.php?rest_route=%2Fwp%2Fv2%2Fcategoria_concorrente&post=3788"},{"taxonomy":"local","embeddable":true,"href":"https:\/\/utfpr.curitiba.br\/nucleodesignanimacao\/index.php?rest_route=%2Fwp%2Fv2%2Flocal&post=3788"},{"taxonomy":"available_online","embeddable":true,"href":"https:\/\/utfpr.curitiba.br\/nucleodesignanimacao\/index.php?rest_route=%2Fwp%2Fv2%2Favailable_online&post=3788"}],"curies":[{"name":"wp","href":"https:\/\/api.w.org\/{rel}","templated":true}]}}