{"id":395,"date":"2022-06-27T16:38:14","date_gmt":"2022-06-27T19:38:14","guid":{"rendered":"https:\/\/utfpr.curitiba.br\/manualmoodle\/?post_type=docs&#038;p=395"},"modified":"2023-03-28T20:02:10","modified_gmt":"2023-03-28T23:02:10","password":"","slug":"10-criar-grupos","status":"publish","type":"docs","link":"https:\/\/utfpr.curitiba.br\/manualmoodle\/docs\/10-criar-grupos\/","title":{"rendered":"10. Criar grupos"},"content":{"rendered":"\n<p id=\"yui_3_17_2_1_1656358688245_32\">Essa ferramenta serve para o professor realizar atividades em grupos na sua disciplina\/curso. Este op\u00e7\u00e3o permite que uma turma de alunos seja dividida em pequenos ou grandes grupos, sendo que cada grupo poder\u00e1 ter acesso a um f\u00f3rum ou a uma sala de bate-papo exclusivo para os participantes do grupo. Para criar ou editar os grupos acesse o painel Administra\u00e7\u00e3o do curso =&gt; Usu\u00e1rios =&gt; Grupos:<\/p>\n\n\n\n<figure class=\"wp-block-image size-large\"><img fetchpriority=\"high\" decoding=\"async\" width=\"1024\" height=\"469\" src=\"https:\/\/utfpr-ct-static-content.s3.amazonaws.com\/utfpr.curitiba.br\/wp-content\/uploads\/sites\/121\/2023\/03\/tela-1-2-1024x469.png\" alt=\"\" class=\"wp-image-1092\" srcset=\"https:\/\/utfpr-ct-static-content.s3.amazonaws.com\/utfpr.curitiba.br\/wp-content\/uploads\/sites\/121\/2023\/03\/tela-1-2-1024x469.png 1024w, https:\/\/utfpr-ct-static-content.s3.amazonaws.com\/utfpr.curitiba.br\/wp-content\/uploads\/sites\/121\/2023\/03\/tela-1-2-300x137.png 300w, https:\/\/utfpr-ct-static-content.s3.amazonaws.com\/utfpr.curitiba.br\/wp-content\/uploads\/sites\/121\/2023\/03\/tela-1-2-768x352.png 768w, https:\/\/utfpr-ct-static-content.s3.amazonaws.com\/utfpr.curitiba.br\/wp-content\/uploads\/sites\/121\/2023\/03\/tela-1-2-1536x704.png 1536w, https:\/\/utfpr-ct-static-content.s3.amazonaws.com\/utfpr.curitiba.br\/wp-content\/uploads\/sites\/121\/2023\/03\/tela-1-2.png 1936w\" sizes=\"(max-width: 1024px) 100vw, 1024px\" \/><\/figure>\n\n\n\n<p>Selecionando esta op\u00e7\u00e3o, o professor ser\u00e1 carregado para uma nova p\u00e1gina na qual ser\u00e1 poss\u00edvel iniciar a cria\u00e7\u00e3o dos grupos (Figura abaixo):<\/p>\n\n\n\n<figure class=\"wp-block-image size-large\"><img decoding=\"async\" width=\"1024\" height=\"552\" src=\"https:\/\/utfpr-ct-static-content.s3.amazonaws.com\/utfpr.curitiba.br\/wp-content\/uploads\/sites\/121\/2023\/03\/tela-2-1-1024x552.png\" alt=\"\" class=\"wp-image-1093\" srcset=\"https:\/\/utfpr-ct-static-content.s3.amazonaws.com\/utfpr.curitiba.br\/wp-content\/uploads\/sites\/121\/2023\/03\/tela-2-1-1024x552.png 1024w, https:\/\/utfpr-ct-static-content.s3.amazonaws.com\/utfpr.curitiba.br\/wp-content\/uploads\/sites\/121\/2023\/03\/tela-2-1-300x162.png 300w, https:\/\/utfpr-ct-static-content.s3.amazonaws.com\/utfpr.curitiba.br\/wp-content\/uploads\/sites\/121\/2023\/03\/tela-2-1-768x414.png 768w, https:\/\/utfpr-ct-static-content.s3.amazonaws.com\/utfpr.curitiba.br\/wp-content\/uploads\/sites\/121\/2023\/03\/tela-2-1-1536x828.png 1536w, https:\/\/utfpr-ct-static-content.s3.amazonaws.com\/utfpr.curitiba.br\/wp-content\/uploads\/sites\/121\/2023\/03\/tela-2-1.png 1908w\" sizes=\"(max-width: 1024px) 100vw, 1024px\" \/><\/figure>\n\n\n\n<p>Para iniciar a cria\u00e7\u00e3o de grupos de trabalho, clique no link CRIAR GRUPO para ir \u00e0 seguinte p\u00e1gina (Figura abaixo):<\/p>\n\n\n\n<figure class=\"wp-block-image size-large\"><img decoding=\"async\" width=\"1024\" height=\"767\" src=\"https:\/\/utfpr-ct-static-content.s3.amazonaws.com\/utfpr.curitiba.br\/wp-content\/uploads\/sites\/121\/2023\/03\/tela-3-1-1024x767.png\" alt=\"\" class=\"wp-image-1095\" srcset=\"https:\/\/utfpr-ct-static-content.s3.amazonaws.com\/utfpr.curitiba.br\/wp-content\/uploads\/sites\/121\/2023\/03\/tela-3-1-1024x767.png 1024w, https:\/\/utfpr-ct-static-content.s3.amazonaws.com\/utfpr.curitiba.br\/wp-content\/uploads\/sites\/121\/2023\/03\/tela-3-1-300x225.png 300w, https:\/\/utfpr-ct-static-content.s3.amazonaws.com\/utfpr.curitiba.br\/wp-content\/uploads\/sites\/121\/2023\/03\/tela-3-1-768x575.png 768w, https:\/\/utfpr-ct-static-content.s3.amazonaws.com\/utfpr.curitiba.br\/wp-content\/uploads\/sites\/121\/2023\/03\/tela-3-1-1536x1151.png 1536w, https:\/\/utfpr-ct-static-content.s3.amazonaws.com\/utfpr.curitiba.br\/wp-content\/uploads\/sites\/121\/2023\/03\/tela-3-1.png 1555w\" sizes=\"(max-width: 1024px) 100vw, 1024px\" \/><\/figure>\n\n\n\n<p>Ap\u00f3s o preenchimento dos dados (obrigat\u00f3rio o preenchimento do nome do Grupo), pressione na op\u00e7\u00e3o SALVAR MUDAN\u00c7AS, e pronto, o grupo estar\u00e1 criado, por\u00e9m ainda n\u00e3o ter\u00e1 nenhum aluno inclu\u00eddo.<\/p>\n\n\n\n<p>Para incluir participante, clique sobre o nome do grupo e logo ap\u00f3s na op\u00e7\u00e3o ADICIONAR\/REMOVER USU\u00c1RIOS, como mostra a figura abaixo:<\/p>\n\n\n\n<figure class=\"wp-block-image size-large\"><img loading=\"lazy\" decoding=\"async\" width=\"1024\" height=\"553\" src=\"https:\/\/utfpr-ct-static-content.s3.amazonaws.com\/utfpr.curitiba.br\/wp-content\/uploads\/sites\/121\/2023\/03\/tela-4-1024x553.png\" alt=\"\" class=\"wp-image-1096\" srcset=\"https:\/\/utfpr-ct-static-content.s3.amazonaws.com\/utfpr.curitiba.br\/wp-content\/uploads\/sites\/121\/2023\/03\/tela-4-1024x553.png 1024w, https:\/\/utfpr-ct-static-content.s3.amazonaws.com\/utfpr.curitiba.br\/wp-content\/uploads\/sites\/121\/2023\/03\/tela-4-300x162.png 300w, https:\/\/utfpr-ct-static-content.s3.amazonaws.com\/utfpr.curitiba.br\/wp-content\/uploads\/sites\/121\/2023\/03\/tela-4-768x415.png 768w, https:\/\/utfpr-ct-static-content.s3.amazonaws.com\/utfpr.curitiba.br\/wp-content\/uploads\/sites\/121\/2023\/03\/tela-4-1536x830.png 1536w, https:\/\/utfpr-ct-static-content.s3.amazonaws.com\/utfpr.curitiba.br\/wp-content\/uploads\/sites\/121\/2023\/03\/tela-4.png 1914w\" sizes=\"(max-width: 1024px) 100vw, 1024px\" \/><\/figure>\n\n\n\n<p>A seguinte tela ser\u00e1 carregada:<\/p>\n\n\n\n<figure class=\"wp-block-image size-large\"><img loading=\"lazy\" decoding=\"async\" width=\"1024\" height=\"551\" src=\"https:\/\/utfpr-ct-static-content.s3.amazonaws.com\/utfpr.curitiba.br\/wp-content\/uploads\/sites\/121\/2023\/03\/tela-5-1-1024x551.png\" alt=\"\" class=\"wp-image-1098\" srcset=\"https:\/\/utfpr-ct-static-content.s3.amazonaws.com\/utfpr.curitiba.br\/wp-content\/uploads\/sites\/121\/2023\/03\/tela-5-1-1024x551.png 1024w, https:\/\/utfpr-ct-static-content.s3.amazonaws.com\/utfpr.curitiba.br\/wp-content\/uploads\/sites\/121\/2023\/03\/tela-5-1-300x161.png 300w, https:\/\/utfpr-ct-static-content.s3.amazonaws.com\/utfpr.curitiba.br\/wp-content\/uploads\/sites\/121\/2023\/03\/tela-5-1-768x413.png 768w, https:\/\/utfpr-ct-static-content.s3.amazonaws.com\/utfpr.curitiba.br\/wp-content\/uploads\/sites\/121\/2023\/03\/tela-5-1-1536x826.png 1536w, https:\/\/utfpr-ct-static-content.s3.amazonaws.com\/utfpr.curitiba.br\/wp-content\/uploads\/sites\/121\/2023\/03\/tela-5-1.png 1908w\" sizes=\"(max-width: 1024px) 100vw, 1024px\" \/><\/figure>\n\n\n\n<p>Na caixa da direita estar\u00e3o listados os alunos da disciplina. Para inclu\u00ed-los no grupo selecione o nome desejado e clique na op\u00e7\u00e3o ADICIONAR. Os nomes passam a aparecer na caixa da esquerda, com isso j\u00e1 est\u00e3o inclu\u00eddos no grupo. O professor poder\u00e1 criar grupos, dessa forma personalizada, como apresentamos at\u00e9 o momento ou poder\u00e1 optar pela cria\u00e7\u00e3o de v\u00e1rios grupos. Para isso basta pressionar o bot\u00e3o CRIAR V\u00c1RIOS GRUPOS, localizado tamb\u00e9m na ferramenta Grupos.<\/p>\n\n\n\n<figure class=\"wp-block-image size-large\"><img loading=\"lazy\" decoding=\"async\" width=\"1024\" height=\"552\" src=\"https:\/\/utfpr-ct-static-content.s3.amazonaws.com\/utfpr.curitiba.br\/wp-content\/uploads\/sites\/121\/2023\/03\/TELA-6-1024x552.png\" alt=\"\" class=\"wp-image-1100\" srcset=\"https:\/\/utfpr-ct-static-content.s3.amazonaws.com\/utfpr.curitiba.br\/wp-content\/uploads\/sites\/121\/2023\/03\/TELA-6-1024x552.png 1024w, https:\/\/utfpr-ct-static-content.s3.amazonaws.com\/utfpr.curitiba.br\/wp-content\/uploads\/sites\/121\/2023\/03\/TELA-6-300x162.png 300w, https:\/\/utfpr-ct-static-content.s3.amazonaws.com\/utfpr.curitiba.br\/wp-content\/uploads\/sites\/121\/2023\/03\/TELA-6-768x414.png 768w, https:\/\/utfpr-ct-static-content.s3.amazonaws.com\/utfpr.curitiba.br\/wp-content\/uploads\/sites\/121\/2023\/03\/TELA-6-1536x827.png 1536w, https:\/\/utfpr-ct-static-content.s3.amazonaws.com\/utfpr.curitiba.br\/wp-content\/uploads\/sites\/121\/2023\/03\/TELA-6.png 1918w\" sizes=\"(max-width: 1024px) 100vw, 1024px\" \/><\/figure>\n\n\n\n<p>Clicando sobre ele a seguinte p\u00e1gina carregar\u00e1:<\/p>\n\n\n\n<figure class=\"wp-block-image size-large\"><img loading=\"lazy\" decoding=\"async\" width=\"1024\" height=\"555\" src=\"https:\/\/utfpr-ct-static-content.s3.amazonaws.com\/utfpr.curitiba.br\/wp-content\/uploads\/sites\/121\/2023\/03\/TELA-7-1024x555.png\" alt=\"\" class=\"wp-image-1101\" srcset=\"https:\/\/utfpr-ct-static-content.s3.amazonaws.com\/utfpr.curitiba.br\/wp-content\/uploads\/sites\/121\/2023\/03\/TELA-7-1024x555.png 1024w, https:\/\/utfpr-ct-static-content.s3.amazonaws.com\/utfpr.curitiba.br\/wp-content\/uploads\/sites\/121\/2023\/03\/TELA-7-300x163.png 300w, https:\/\/utfpr-ct-static-content.s3.amazonaws.com\/utfpr.curitiba.br\/wp-content\/uploads\/sites\/121\/2023\/03\/TELA-7-768x417.png 768w, https:\/\/utfpr-ct-static-content.s3.amazonaws.com\/utfpr.curitiba.br\/wp-content\/uploads\/sites\/121\/2023\/03\/TELA-7-1536x833.png 1536w, https:\/\/utfpr-ct-static-content.s3.amazonaws.com\/utfpr.curitiba.br\/wp-content\/uploads\/sites\/121\/2023\/03\/TELA-7.png 1910w\" sizes=\"(max-width: 1024px) 100vw, 1024px\" \/><\/figure>\n\n\n\n<p class=\"has-text-align-center\"><strong>BLOCO GERAL<\/strong><\/p>\n\n\n\n<ul class=\"wp-block-list\"><li><strong>Esquema de nomes<\/strong>: <strong>Grupo @ <\/strong>vai ordenar os grupos por letras (Grupo A, Grupo B, etc). <strong>Grupo #<\/strong> vai ordenar os grupos por n\u00fameros (Grupo 1, Grupo 2, etc).<\/li><li><strong>Crit\u00e9rio para defini\u00e7\u00e3o dos grupos<\/strong>: o professor pode usar o crit\u00e9rio de defini\u00e7\u00e3o por <strong>n\u00famero de grupos<\/strong> ou por <strong>n\u00famero de membros por grupo<\/strong>.<\/li><li><strong>N\u00famero de grupos\/membros<\/strong>: \u00e9 um campo obrigat\u00f3rio. O professor define a quantidade de grupos ou membros, conforme a escolha anterior (crit\u00e9rio para defini\u00e7\u00e3o dos grupos).<\/li><li><strong>Mensagens de grupo<\/strong>: se ativada, os membros do grupo podem enviar mensagens para os outros membros do grupo por meio da gaveta de mensagens.<\/li><\/ul>\n\n\n\n<p class=\"has-text-align-center\"><strong>BLOCO MEMBROS DO GRUPO<\/strong><\/p>\n\n\n\n<ul class=\"wp-block-list\"><li><strong>Selecionar apenas membros com papel<\/strong>: o professor selecionar\u00e1 o tipo de membro que o grupo ter\u00e1, por exemplo: alunos, tutores, entre outros.<\/li><li><strong>Selecionar apenas membros do grupo<\/strong>: se o professor deixar a op\u00e7\u00e3o &#8220;nenhum&#8221; selecionada, todos os participantes do curso (dentro do papel escolhido) ser\u00e3o alocados nos grupos, conforme classifica\u00e7\u00e3o ocorrida no &#8220;Bloco Geral&#8221;.<\/li><li><strong>Distribuir membros<\/strong>: o professor escolhe o crit\u00e9rio de distribui\u00e7\u00e3o, se aleatoriamente ou por uma das op\u00e7\u00f5es dispon\u00edveis alfabeticamente.<\/li><li><strong>Evitar o \u00faltimo grupo pequeno<\/strong>: se marcar essa caixa de di\u00e1logo, o professor evita que algum grupo fique com apenas um membro, por exemplo.<\/li><li><strong>Ignorar usu\u00e1rios j\u00e1 inscritos em grupos<\/strong>: ao deixar sem sele\u00e7\u00e3o esta caixa de di\u00e1logo, o professor ir\u00e1 distribuir todos os alunos nos v\u00e1rios grupos, mesmo aqueles que j\u00e1 fa\u00e7am parte de um grupo teste, por exemplo.<\/li><li><strong>Incluir matr\u00edculas \u00fanica ativas<\/strong>: se ativado, os usu\u00e1rios suspensos n\u00e3o ser\u00e3o inclu\u00eddos em grupos.<\/li><\/ul>\n\n\n\n<p><\/p>\n\n\n\n<p>Neste tipo de configura\u00e7\u00e3o de grupo n\u00e3o h\u00e1 a possibilidade de escolher qual participante ficar\u00e1 em qual grupo. Ap\u00f3s esse preenchimento, clique sobre a op\u00e7\u00e3o ENVIAR. Pronto os grupos j\u00e1 estar\u00e3o criados e com participantes inclusos em cada um!<\/p>\n\n\n\n<p>Depois de criar grupos, j\u00e1 \u00e9 poss\u00edvel criar atividades separadas por grupos. Para isso, selecione alguma atividade j\u00e1 criada ou crie uma nova.<\/p>\n\n\n\n<p>Abaixo, temos as telas das seguintes op\u00e7\u00f5es: a turma possui 5 alunos, sendo que foi solicitado formar grupos com 2 alunos e sem deixar um grupo pequeno (com apenas um indiv\u00edduo). Observe que antes de criar os v\u00e1rios grupos (no exemplo apenas o Grupo A e o Grupo B), foi feito um Grupo Teste, com um aluno. Como nas op\u00e7\u00f5es informou-se que deveriam usar todos os alunos, mesmo aquele alocado no Grupo Teste fez parte da distribui\u00e7\u00e3o dos dois grupo.<\/p>\n\n\n\n<p class=\"has-text-align-center\"><strong>Grupo Teste<\/strong><\/p>\n\n\n\n<figure class=\"wp-block-image size-large\"><img loading=\"lazy\" decoding=\"async\" width=\"1024\" height=\"543\" src=\"https:\/\/utfpr-ct-static-content.s3.amazonaws.com\/utfpr.curitiba.br\/wp-content\/uploads\/sites\/121\/2023\/03\/tela-8-1-1024x543.png\" alt=\"\" class=\"wp-image-1113\" srcset=\"https:\/\/utfpr-ct-static-content.s3.amazonaws.com\/utfpr.curitiba.br\/wp-content\/uploads\/sites\/121\/2023\/03\/tela-8-1-1024x543.png 1024w, https:\/\/utfpr-ct-static-content.s3.amazonaws.com\/utfpr.curitiba.br\/wp-content\/uploads\/sites\/121\/2023\/03\/tela-8-1-300x159.png 300w, https:\/\/utfpr-ct-static-content.s3.amazonaws.com\/utfpr.curitiba.br\/wp-content\/uploads\/sites\/121\/2023\/03\/tela-8-1-768x407.png 768w, https:\/\/utfpr-ct-static-content.s3.amazonaws.com\/utfpr.curitiba.br\/wp-content\/uploads\/sites\/121\/2023\/03\/tela-8-1-1536x814.png 1536w, https:\/\/utfpr-ct-static-content.s3.amazonaws.com\/utfpr.curitiba.br\/wp-content\/uploads\/sites\/121\/2023\/03\/tela-8-1.png 1913w\" sizes=\"(max-width: 1024px) 100vw, 1024px\" \/><\/figure>\n\n\n\n<p><\/p>\n\n\n\n<p class=\"has-text-align-center\"><strong>Grupo A<\/strong><\/p>\n\n\n\n<figure class=\"wp-block-image size-large\"><img loading=\"lazy\" decoding=\"async\" width=\"1024\" height=\"554\" src=\"https:\/\/utfpr-ct-static-content.s3.amazonaws.com\/utfpr.curitiba.br\/wp-content\/uploads\/sites\/121\/2023\/03\/tela-9-1024x554.png\" alt=\"\" class=\"wp-image-1112\" srcset=\"https:\/\/utfpr-ct-static-content.s3.amazonaws.com\/utfpr.curitiba.br\/wp-content\/uploads\/sites\/121\/2023\/03\/tela-9-1024x554.png 1024w, https:\/\/utfpr-ct-static-content.s3.amazonaws.com\/utfpr.curitiba.br\/wp-content\/uploads\/sites\/121\/2023\/03\/tela-9-300x162.png 300w, https:\/\/utfpr-ct-static-content.s3.amazonaws.com\/utfpr.curitiba.br\/wp-content\/uploads\/sites\/121\/2023\/03\/tela-9-768x415.png 768w, https:\/\/utfpr-ct-static-content.s3.amazonaws.com\/utfpr.curitiba.br\/wp-content\/uploads\/sites\/121\/2023\/03\/tela-9-1536x831.png 1536w, https:\/\/utfpr-ct-static-content.s3.amazonaws.com\/utfpr.curitiba.br\/wp-content\/uploads\/sites\/121\/2023\/03\/tela-9.png 1915w\" sizes=\"(max-width: 1024px) 100vw, 1024px\" \/><\/figure>\n\n\n\n<p><\/p>\n\n\n\n<p>Ainda na op\u00e7\u00e3o Grupos, o professor poder\u00e1 optar pela cria\u00e7\u00e3o de AGRUPAMENTOS, conforme veremos no pr\u00f3ximo t\u00f3pico.<\/p>\n","protected":false},"excerpt":{"rendered":"<p>Essa ferramenta serve para o professor realizar atividades em grupos na sua disciplina\/curso. Este op\u00e7\u00e3o permite que uma turma de alunos seja dividida em pequenos ou grandes grupos, sendo que cada grupo poder\u00e1 ter acesso a um f\u00f3rum ou a uma sala de bate-papo exclusivo para os participantes do grupo. Para criar ou editar os [&hellip;]<\/p>\n","protected":false},"author":85,"featured_media":0,"comment_status":"closed","ping_status":"closed","template":"","meta":{"site-sidebar-layout":"default","site-content-layout":"","ast-site-content-layout":"default","site-content-style":"default","site-sidebar-style":"default","ast-global-header-display":"","ast-banner-title-visibility":"","ast-main-header-display":"","ast-hfb-above-header-display":"","ast-hfb-below-header-display":"","ast-hfb-mobile-header-display":"","site-post-title":"","ast-breadcrumbs-content":"","ast-featured-img":"","footer-sml-layout":"","ast-disable-related-posts":"","theme-transparent-header-meta":"","adv-header-id-meta":"","stick-header-meta":"","header-above-stick-meta":"","header-main-stick-meta":"","header-below-stick-meta":"","astra-migrate-meta-layouts":"default","ast-page-background-enabled":"default","ast-page-background-meta":{"desktop":{"background-color":"var(--ast-global-color-4)","background-image":"","background-repeat":"repeat","background-position":"center center","background-size":"auto","background-attachment":"scroll","background-type":"","background-media":"","overlay-type":"","overlay-color":"","overlay-opacity":"","overlay-gradient":""},"tablet":{"background-color":"","background-image":"","background-repeat":"repeat","background-position":"center center","background-size":"auto","background-attachment":"scroll","background-type":"","background-media":"","overlay-type":"","overlay-color":"","overlay-opacity":"","overlay-gradient":""},"mobile":{"background-color":"","background-image":"","background-repeat":"repeat","background-position":"center center","background-size":"auto","background-attachment":"scroll","background-type":"","background-media":"","overlay-type":"","overlay-color":"","overlay-opacity":"","overlay-gradient":""}},"ast-content-background-meta":{"desktop":{"background-color":"var(--ast-global-color-5)","background-image":"","background-repeat":"repeat","background-position":"center center","background-size":"auto","background-attachment":"scroll","background-type":"","background-media":"","overlay-type":"","overlay-color":"","overlay-opacity":"","overlay-gradient":""},"tablet":{"background-color":"var(--ast-global-color-5)","background-image":"","background-repeat":"repeat","background-position":"center center","background-size":"auto","background-attachment":"scroll","background-type":"","background-media":"","overlay-type":"","overlay-color":"","overlay-opacity":"","overlay-gradient":""},"mobile":{"background-color":"var(--ast-global-color-5)","background-image":"","background-repeat":"repeat","background-position":"center center","background-size":"auto","background-attachment":"scroll","background-type":"","background-media":"","overlay-type":"","overlay-color":"","overlay-opacity":"","overlay-gradient":""}},"footnotes":""},"doc_category":[5],"doc_tag":[],"class_list":["post-395","docs","type-docs","status-publish","hentry","doc_category-manual-do-professor"],"year_month":"2026-04","word_count":731,"total_views":0,"reactions":{"happy":0,"normal":0,"sad":0},"author_info":{"name":"VINICIUS SOLTOWSKY","author_nicename":"a1674277","author_url":"https:\/\/utfpr.curitiba.br\/manualmoodle\/author\/a1674277\/"},"doc_category_info":[{"term_name":"Manual do Professor","term_url":"https:\/\/utfpr.curitiba.br\/manualmoodle\/manuais\/manual-do-professor\/"}],"doc_tag_info":[],"yoast_head":"<!-- This site is optimized with the Yoast SEO plugin v27.4 - https:\/\/yoast.com\/product\/yoast-seo-wordpress\/ -->\n<title>10. Criar grupos - Manual Moodle UTFPR<\/title>\n<meta name=\"robots\" content=\"index, follow, max-snippet:-1, max-image-preview:large, max-video-preview:-1\" \/>\n<link rel=\"canonical\" href=\"https:\/\/utfpr.curitiba.br\/manualmoodle\/docs\/10-criar-grupos\/\" \/>\n<meta property=\"og:locale\" content=\"pt_BR\" \/>\n<meta property=\"og:type\" content=\"article\" \/>\n<meta property=\"og:title\" content=\"10. Criar grupos - Manual Moodle UTFPR\" \/>\n<meta property=\"og:description\" content=\"Essa ferramenta serve para o professor realizar atividades em grupos na sua disciplina\/curso. Este op\u00e7\u00e3o permite que uma turma de alunos seja dividida em pequenos ou grandes grupos, sendo que cada grupo poder\u00e1 ter acesso a um f\u00f3rum ou a uma sala de bate-papo exclusivo para os participantes do grupo. Para criar ou editar os [&hellip;]\" \/>\n<meta property=\"og:url\" content=\"https:\/\/utfpr.curitiba.br\/manualmoodle\/docs\/10-criar-grupos\/\" \/>\n<meta property=\"og:site_name\" content=\"Manual Moodle UTFPR\" \/>\n<meta property=\"article:modified_time\" content=\"2023-03-28T23:02:10+00:00\" \/>\n<meta property=\"og:image\" content=\"https:\/\/utfpr-ct-static-content.s3.amazonaws.com\/utfpr.curitiba.br\/wp-content\/uploads\/sites\/121\/2023\/03\/tela-1-2.png\" \/>\n\t<meta property=\"og:image:width\" content=\"1936\" \/>\n\t<meta property=\"og:image:height\" content=\"887\" \/>\n\t<meta property=\"og:image:type\" content=\"image\/png\" \/>\n<meta name=\"twitter:card\" content=\"summary_large_image\" \/>\n<meta name=\"twitter:label1\" content=\"Est. reading time\" \/>\n\t<meta name=\"twitter:data1\" content=\"4 minutos\" \/>\n<script type=\"application\/ld+json\" class=\"yoast-schema-graph\">{\"@context\":\"https:\\\/\\\/schema.org\",\"@graph\":[{\"@type\":\"WebPage\",\"@id\":\"https:\\\/\\\/utfpr.curitiba.br\\\/manualmoodle\\\/docs\\\/10-criar-grupos\\\/\",\"url\":\"https:\\\/\\\/utfpr.curitiba.br\\\/manualmoodle\\\/docs\\\/10-criar-grupos\\\/\",\"name\":\"10. Criar grupos - Manual Moodle UTFPR\",\"isPartOf\":{\"@id\":\"https:\\\/\\\/utfpr.curitiba.br\\\/manualmoodle\\\/#website\"},\"primaryImageOfPage\":{\"@id\":\"https:\\\/\\\/utfpr.curitiba.br\\\/manualmoodle\\\/docs\\\/10-criar-grupos\\\/#primaryimage\"},\"image\":{\"@id\":\"https:\\\/\\\/utfpr.curitiba.br\\\/manualmoodle\\\/docs\\\/10-criar-grupos\\\/#primaryimage\"},\"thumbnailUrl\":\"https:\\\/\\\/utfpr-ct-static-content.s3.amazonaws.com\\\/utfpr.curitiba.br\\\/wp-content\\\/uploads\\\/sites\\\/121\\\/2023\\\/03\\\/tela-1-2-1024x469.png\",\"datePublished\":\"2022-06-27T19:38:14+00:00\",\"dateModified\":\"2023-03-28T23:02:10+00:00\",\"breadcrumb\":{\"@id\":\"https:\\\/\\\/utfpr.curitiba.br\\\/manualmoodle\\\/docs\\\/10-criar-grupos\\\/#breadcrumb\"},\"inLanguage\":\"pt-BR\",\"potentialAction\":[{\"@type\":\"ReadAction\",\"target\":[\"https:\\\/\\\/utfpr.curitiba.br\\\/manualmoodle\\\/docs\\\/10-criar-grupos\\\/\"]}]},{\"@type\":\"ImageObject\",\"inLanguage\":\"pt-BR\",\"@id\":\"https:\\\/\\\/utfpr.curitiba.br\\\/manualmoodle\\\/docs\\\/10-criar-grupos\\\/#primaryimage\",\"url\":\"https:\\\/\\\/utfpr-ct-static-content.s3.amazonaws.com\\\/utfpr.curitiba.br\\\/wp-content\\\/uploads\\\/sites\\\/121\\\/2023\\\/03\\\/tela-1-2-1024x469.png\",\"contentUrl\":\"https:\\\/\\\/utfpr-ct-static-content.s3.amazonaws.com\\\/utfpr.curitiba.br\\\/wp-content\\\/uploads\\\/sites\\\/121\\\/2023\\\/03\\\/tela-1-2-1024x469.png\"},{\"@type\":\"BreadcrumbList\",\"@id\":\"https:\\\/\\\/utfpr.curitiba.br\\\/manualmoodle\\\/docs\\\/10-criar-grupos\\\/#breadcrumb\",\"itemListElement\":[{\"@type\":\"ListItem\",\"position\":1,\"name\":\"Home\",\"item\":\"https:\\\/\\\/utfpr.curitiba.br\\\/manualmoodle\\\/\"},{\"@type\":\"ListItem\",\"position\":2,\"name\":\"Manual Moodle UTFPR\",\"item\":\"https:\\\/\\\/utfpr.curitiba.br\\\/manualmoodle\\\/repositorio\\\/\"},{\"@type\":\"ListItem\",\"position\":3,\"name\":\"10. Criar grupos\"}]},{\"@type\":\"WebSite\",\"@id\":\"https:\\\/\\\/utfpr.curitiba.br\\\/manualmoodle\\\/#website\",\"url\":\"https:\\\/\\\/utfpr.curitiba.br\\\/manualmoodle\\\/\",\"name\":\"Manual Moodle UTFPR\",\"description\":\"ajuda moodle Universidade tecnol\u00f3gica federal do paran\u00e1\",\"publisher\":{\"@id\":\"https:\\\/\\\/utfpr.curitiba.br\\\/manualmoodle\\\/#organization\"},\"potentialAction\":[{\"@type\":\"SearchAction\",\"target\":{\"@type\":\"EntryPoint\",\"urlTemplate\":\"https:\\\/\\\/utfpr.curitiba.br\\\/manualmoodle\\\/?s={search_term_string}\"},\"query-input\":{\"@type\":\"PropertyValueSpecification\",\"valueRequired\":true,\"valueName\":\"search_term_string\"}}],\"inLanguage\":\"pt-BR\"},{\"@type\":\"Organization\",\"@id\":\"https:\\\/\\\/utfpr.curitiba.br\\\/manualmoodle\\\/#organization\",\"name\":\"Manual Moodle criado pela UTFPR\",\"alternateName\":\"manual utiliza\u00e7ao cria\u00e7ao moodle utfpr\",\"url\":\"https:\\\/\\\/utfpr.curitiba.br\\\/manualmoodle\\\/\",\"logo\":{\"@type\":\"ImageObject\",\"inLanguage\":\"pt-BR\",\"@id\":\"https:\\\/\\\/utfpr.curitiba.br\\\/manualmoodle\\\/#\\\/schema\\\/logo\\\/image\\\/\",\"url\":\"https:\\\/\\\/utfpr-ct-static-content.s3.amazonaws.com\\\/utfpr.curitiba.br\\\/wp-content\\\/uploads\\\/sites\\\/121\\\/2022\\\/06\\\/LogotipoManualMoodle-4.svg\",\"contentUrl\":\"https:\\\/\\\/utfpr-ct-static-content.s3.amazonaws.com\\\/utfpr.curitiba.br\\\/wp-content\\\/uploads\\\/sites\\\/121\\\/2022\\\/06\\\/LogotipoManualMoodle-4.svg\",\"width\":740,\"height\":98,\"caption\":\"Manual Moodle criado pela UTFPR\"},\"image\":{\"@id\":\"https:\\\/\\\/utfpr.curitiba.br\\\/manualmoodle\\\/#\\\/schema\\\/logo\\\/image\\\/\"}}]}<\/script>\n<!-- \/ Yoast SEO plugin. -->","yoast_head_json":{"title":"10. Criar grupos - Manual Moodle UTFPR","robots":{"index":"index","follow":"follow","max-snippet":"max-snippet:-1","max-image-preview":"max-image-preview:large","max-video-preview":"max-video-preview:-1"},"canonical":"https:\/\/utfpr.curitiba.br\/manualmoodle\/docs\/10-criar-grupos\/","og_locale":"pt_BR","og_type":"article","og_title":"10. Criar grupos - Manual Moodle UTFPR","og_description":"Essa ferramenta serve para o professor realizar atividades em grupos na sua disciplina\/curso. Este op\u00e7\u00e3o permite que uma turma de alunos seja dividida em pequenos ou grandes grupos, sendo que cada grupo poder\u00e1 ter acesso a um f\u00f3rum ou a uma sala de bate-papo exclusivo para os participantes do grupo. Para criar ou editar os [&hellip;]","og_url":"https:\/\/utfpr.curitiba.br\/manualmoodle\/docs\/10-criar-grupos\/","og_site_name":"Manual Moodle UTFPR","article_modified_time":"2023-03-28T23:02:10+00:00","og_image":[{"width":1936,"height":887,"url":"https:\/\/utfpr-ct-static-content.s3.amazonaws.com\/utfpr.curitiba.br\/wp-content\/uploads\/sites\/121\/2023\/03\/tela-1-2.png","type":"image\/png"}],"twitter_card":"summary_large_image","twitter_misc":{"Est. reading time":"4 minutos"},"schema":{"@context":"https:\/\/schema.org","@graph":[{"@type":"WebPage","@id":"https:\/\/utfpr.curitiba.br\/manualmoodle\/docs\/10-criar-grupos\/","url":"https:\/\/utfpr.curitiba.br\/manualmoodle\/docs\/10-criar-grupos\/","name":"10. Criar grupos - Manual Moodle UTFPR","isPartOf":{"@id":"https:\/\/utfpr.curitiba.br\/manualmoodle\/#website"},"primaryImageOfPage":{"@id":"https:\/\/utfpr.curitiba.br\/manualmoodle\/docs\/10-criar-grupos\/#primaryimage"},"image":{"@id":"https:\/\/utfpr.curitiba.br\/manualmoodle\/docs\/10-criar-grupos\/#primaryimage"},"thumbnailUrl":"https:\/\/utfpr-ct-static-content.s3.amazonaws.com\/utfpr.curitiba.br\/wp-content\/uploads\/sites\/121\/2023\/03\/tela-1-2-1024x469.png","datePublished":"2022-06-27T19:38:14+00:00","dateModified":"2023-03-28T23:02:10+00:00","breadcrumb":{"@id":"https:\/\/utfpr.curitiba.br\/manualmoodle\/docs\/10-criar-grupos\/#breadcrumb"},"inLanguage":"pt-BR","potentialAction":[{"@type":"ReadAction","target":["https:\/\/utfpr.curitiba.br\/manualmoodle\/docs\/10-criar-grupos\/"]}]},{"@type":"ImageObject","inLanguage":"pt-BR","@id":"https:\/\/utfpr.curitiba.br\/manualmoodle\/docs\/10-criar-grupos\/#primaryimage","url":"https:\/\/utfpr-ct-static-content.s3.amazonaws.com\/utfpr.curitiba.br\/wp-content\/uploads\/sites\/121\/2023\/03\/tela-1-2-1024x469.png","contentUrl":"https:\/\/utfpr-ct-static-content.s3.amazonaws.com\/utfpr.curitiba.br\/wp-content\/uploads\/sites\/121\/2023\/03\/tela-1-2-1024x469.png"},{"@type":"BreadcrumbList","@id":"https:\/\/utfpr.curitiba.br\/manualmoodle\/docs\/10-criar-grupos\/#breadcrumb","itemListElement":[{"@type":"ListItem","position":1,"name":"Home","item":"https:\/\/utfpr.curitiba.br\/manualmoodle\/"},{"@type":"ListItem","position":2,"name":"Manual Moodle UTFPR","item":"https:\/\/utfpr.curitiba.br\/manualmoodle\/repositorio\/"},{"@type":"ListItem","position":3,"name":"10. Criar grupos"}]},{"@type":"WebSite","@id":"https:\/\/utfpr.curitiba.br\/manualmoodle\/#website","url":"https:\/\/utfpr.curitiba.br\/manualmoodle\/","name":"Manual Moodle UTFPR","description":"ajuda moodle Universidade tecnol\u00f3gica federal do paran\u00e1","publisher":{"@id":"https:\/\/utfpr.curitiba.br\/manualmoodle\/#organization"},"potentialAction":[{"@type":"SearchAction","target":{"@type":"EntryPoint","urlTemplate":"https:\/\/utfpr.curitiba.br\/manualmoodle\/?s={search_term_string}"},"query-input":{"@type":"PropertyValueSpecification","valueRequired":true,"valueName":"search_term_string"}}],"inLanguage":"pt-BR"},{"@type":"Organization","@id":"https:\/\/utfpr.curitiba.br\/manualmoodle\/#organization","name":"Manual Moodle criado pela UTFPR","alternateName":"manual utiliza\u00e7ao cria\u00e7ao moodle utfpr","url":"https:\/\/utfpr.curitiba.br\/manualmoodle\/","logo":{"@type":"ImageObject","inLanguage":"pt-BR","@id":"https:\/\/utfpr.curitiba.br\/manualmoodle\/#\/schema\/logo\/image\/","url":"https:\/\/utfpr-ct-static-content.s3.amazonaws.com\/utfpr.curitiba.br\/wp-content\/uploads\/sites\/121\/2022\/06\/LogotipoManualMoodle-4.svg","contentUrl":"https:\/\/utfpr-ct-static-content.s3.amazonaws.com\/utfpr.curitiba.br\/wp-content\/uploads\/sites\/121\/2022\/06\/LogotipoManualMoodle-4.svg","width":740,"height":98,"caption":"Manual Moodle criado pela UTFPR"},"image":{"@id":"https:\/\/utfpr.curitiba.br\/manualmoodle\/#\/schema\/logo\/image\/"}}]}},"_links":{"self":[{"href":"https:\/\/utfpr.curitiba.br\/manualmoodle\/wp-json\/wp\/v2\/docs\/395","targetHints":{"allow":["GET"]}}],"collection":[{"href":"https:\/\/utfpr.curitiba.br\/manualmoodle\/wp-json\/wp\/v2\/docs"}],"about":[{"href":"https:\/\/utfpr.curitiba.br\/manualmoodle\/wp-json\/wp\/v2\/types\/docs"}],"author":[{"embeddable":true,"href":"https:\/\/utfpr.curitiba.br\/manualmoodle\/wp-json\/wp\/v2\/users\/85"}],"replies":[{"embeddable":true,"href":"https:\/\/utfpr.curitiba.br\/manualmoodle\/wp-json\/wp\/v2\/comments?post=395"}],"version-history":[{"count":15,"href":"https:\/\/utfpr.curitiba.br\/manualmoodle\/wp-json\/wp\/v2\/docs\/395\/revisions"}],"predecessor-version":[{"id":1114,"href":"https:\/\/utfpr.curitiba.br\/manualmoodle\/wp-json\/wp\/v2\/docs\/395\/revisions\/1114"}],"wp:attachment":[{"href":"https:\/\/utfpr.curitiba.br\/manualmoodle\/wp-json\/wp\/v2\/media?parent=395"}],"wp:term":[{"taxonomy":"doc_category","embeddable":true,"href":"https:\/\/utfpr.curitiba.br\/manualmoodle\/wp-json\/wp\/v2\/doc_category?post=395"},{"taxonomy":"doc_tag","embeddable":true,"href":"https:\/\/utfpr.curitiba.br\/manualmoodle\/wp-json\/wp\/v2\/doc_tag?post=395"}],"curies":[{"name":"wp","href":"https:\/\/api.w.org\/{rel}","templated":true}]}}