{"id":391,"date":"2022-06-27T16:37:12","date_gmt":"2022-06-27T19:37:12","guid":{"rendered":"https:\/\/utfpr.curitiba.br\/manualmoodle\/?post_type=docs&#038;p=391"},"modified":"2023-04-05T13:40:15","modified_gmt":"2023-04-05T16:40:15","password":"","slug":"8-notas","status":"publish","type":"docs","link":"https:\/\/utfpr.curitiba.br\/manualmoodle\/docs\/8-notas\/","title":{"rendered":"8. Notas"},"content":{"rendered":"\n<p>Todas as atividades que o professor definir como avaliativas (atribui\u00e7\u00e3o de pontos ou conceito), em um curso\/disciplina, ficam registradas no RELAT\u00d3RIO DE NOTAS. Esse recurso possibilita ao aluno a visualiza\u00e7\u00e3o do seu desempenho nas atividades de aula de forma individual. Somente o professor e os tutores visualizam a nota da turma, em geral.<\/p>\n\n\n\n<p>No Moodle existem oito tipos de agrega\u00e7\u00e3o de notas, que s\u00e3o as estrat\u00e9gias utilizadas para o c\u00e1lculo da nota final. Os mais utilizados s\u00e3o:<\/p>\n\n\n\n<p><strong>M\u00e9dia das notas<\/strong>: Somam-se todas as notas dividindo pelo n\u00famero total de notas existentes.<\/p>\n\n\n\n<p>Exemplo: 60\/100 30\/100 50\/100 (0.6+0.3+0.5)\/3 =<\/p>\n\n\n\n<p><strong>M\u00e9dia ponderada simples<\/strong>: O peso da atividade \u00e9 a nota m\u00e1xima configurada na atividade. Uma tarefa de 100 pontos tem peso 100 e uma de 10 pontos tem peso 10.<\/p>\n\n\n\n<p>Exemplo: Atividade 1= 60\/100 (peso 100 est\u00e1 definido como nota m\u00e1xima) Atividade 2= 30\/30 (peso 30 est\u00e1 definido como nota m\u00e1xima) Atividade 3 = 50\/40 (peso 40 est\u00e1 definido como nota m\u00e1xima) (0.6\u00d7100) + (0.3\u00d730) + (0.5\u00d740) \/170 =<\/p>\n\n\n\n<p><strong>M\u00e9dia ponderada<\/strong>: Para cada atividade \u00e9 atribu\u00eddo um peso diferente, conforme escolha do professor, independente da nota m\u00e1xima configurada.<\/p>\n\n\n\n<p>Exemplo: Atividade 1= 60\/100 peso 30 Atividade 2= 30\/100 peso 30 Atividade 3 = 50\/100 peso 40<\/p>\n\n\n\n<p>O recurso Notas est\u00e1 dispon\u00edvel na Navega\u00e7\u00e3o do curso, (Figura abaixo):<\/p>\n\n\n\n<figure class=\"wp-block-image size-large\"><img fetchpriority=\"high\" decoding=\"async\" width=\"1024\" height=\"556\" src=\"https:\/\/utfpr-ct-static-content.s3.amazonaws.com\/utfpr.curitiba.br\/wp-content\/uploads\/sites\/121\/2023\/04\/tela-1-2-1024x556.png\" alt=\"\" class=\"wp-image-1145\" srcset=\"https:\/\/utfpr-ct-static-content.s3.amazonaws.com\/utfpr.curitiba.br\/wp-content\/uploads\/sites\/121\/2023\/04\/tela-1-2-1024x556.png 1024w, https:\/\/utfpr-ct-static-content.s3.amazonaws.com\/utfpr.curitiba.br\/wp-content\/uploads\/sites\/121\/2023\/04\/tela-1-2-300x163.png 300w, https:\/\/utfpr-ct-static-content.s3.amazonaws.com\/utfpr.curitiba.br\/wp-content\/uploads\/sites\/121\/2023\/04\/tela-1-2-768x417.png 768w, https:\/\/utfpr-ct-static-content.s3.amazonaws.com\/utfpr.curitiba.br\/wp-content\/uploads\/sites\/121\/2023\/04\/tela-1-2-1536x834.png 1536w, https:\/\/utfpr-ct-static-content.s3.amazonaws.com\/utfpr.curitiba.br\/wp-content\/uploads\/sites\/121\/2023\/04\/tela-1-2.png 1906w\" sizes=\"(max-width: 1024px) 100vw, 1024px\" \/><\/figure>\n\n\n\n<p><\/p>\n\n\n\n<p>A seguir, ser\u00e1 detalhado o funcionamento de cada uma das op\u00e7\u00f5es:<\/p>\n\n\n\n<ul class=\"wp-block-list\"><li><strong>Relat\u00f3rio de notas<\/strong>: Ao selecionar esta op\u00e7\u00e3o, ser\u00e1 visualizada a planilha de notas geral (padr\u00e3o) com a nota dos alunos em cada uma das atividades, configuradas como avaliativas. A planilha com as notas pode ser ordenada pelo nome, sobrenome ou e-mail do aluno. <\/li><li><strong>Relat\u00f3rio geral<\/strong>: \u00c9 um relat\u00f3rio em que s\u00e3o listadas todas as disciplinas\/cursos que determinado aluno est\u00e1 cursando ou j\u00e1 cursou, apresentando a nota do aluno (quando j\u00e1 lan\u00e7adas pelo professor).<\/li><li><strong>Relat\u00f3rio do usu\u00e1rio<\/strong>: Esta op\u00e7\u00e3o apresenta o quadro de notas contendo todas as atividades avaliativas do curso\/disciplina e o professor possui a op\u00e7\u00e3o de visualiza\u00e7\u00e3o das notas de um \u00fanico aluno em todas as atividades (escolher na caixa de di\u00e1logo &#8220;Ver todos ou apenas um usu\u00e1rio&#8221;). <\/li><\/ul>\n\n\n\n<p><\/p>\n\n\n\n<figure class=\"wp-block-image size-large\"><img decoding=\"async\" width=\"1024\" height=\"549\" src=\"https:\/\/utfpr-ct-static-content.s3.amazonaws.com\/utfpr.curitiba.br\/wp-content\/uploads\/sites\/121\/2023\/04\/tela-2-1-1024x549.png\" alt=\"\" class=\"wp-image-1147\" srcset=\"https:\/\/utfpr-ct-static-content.s3.amazonaws.com\/utfpr.curitiba.br\/wp-content\/uploads\/sites\/121\/2023\/04\/tela-2-1-1024x549.png 1024w, https:\/\/utfpr-ct-static-content.s3.amazonaws.com\/utfpr.curitiba.br\/wp-content\/uploads\/sites\/121\/2023\/04\/tela-2-1-300x161.png 300w, https:\/\/utfpr-ct-static-content.s3.amazonaws.com\/utfpr.curitiba.br\/wp-content\/uploads\/sites\/121\/2023\/04\/tela-2-1-768x411.png 768w, https:\/\/utfpr-ct-static-content.s3.amazonaws.com\/utfpr.curitiba.br\/wp-content\/uploads\/sites\/121\/2023\/04\/tela-2-1-1536x823.png 1536w, https:\/\/utfpr-ct-static-content.s3.amazonaws.com\/utfpr.curitiba.br\/wp-content\/uploads\/sites\/121\/2023\/04\/tela-2-1.png 1904w\" sizes=\"(max-width: 1024px) 100vw, 1024px\" \/><\/figure>\n\n\n\n<p><\/p>\n\n\n\n<figure class=\"wp-block-image size-large\"><img decoding=\"async\" width=\"1024\" height=\"476\" src=\"https:\/\/utfpr-ct-static-content.s3.amazonaws.com\/utfpr.curitiba.br\/wp-content\/uploads\/sites\/121\/2023\/04\/tela-3-1024x476.png\" alt=\"\" class=\"wp-image-1149\" srcset=\"https:\/\/utfpr-ct-static-content.s3.amazonaws.com\/utfpr.curitiba.br\/wp-content\/uploads\/sites\/121\/2023\/04\/tela-3-1024x476.png 1024w, https:\/\/utfpr-ct-static-content.s3.amazonaws.com\/utfpr.curitiba.br\/wp-content\/uploads\/sites\/121\/2023\/04\/tela-3-300x140.png 300w, https:\/\/utfpr-ct-static-content.s3.amazonaws.com\/utfpr.curitiba.br\/wp-content\/uploads\/sites\/121\/2023\/04\/tela-3-768x357.png 768w, https:\/\/utfpr-ct-static-content.s3.amazonaws.com\/utfpr.curitiba.br\/wp-content\/uploads\/sites\/121\/2023\/04\/tela-3-1536x715.png 1536w, https:\/\/utfpr-ct-static-content.s3.amazonaws.com\/utfpr.curitiba.br\/wp-content\/uploads\/sites\/121\/2023\/04\/tela-3.png 1915w\" sizes=\"(max-width: 1024px) 100vw, 1024px\" \/><\/figure>\n\n\n\n<p><\/p>\n\n\n\n<figure class=\"wp-block-image size-large\"><img loading=\"lazy\" decoding=\"async\" width=\"1024\" height=\"550\" src=\"https:\/\/utfpr-ct-static-content.s3.amazonaws.com\/utfpr.curitiba.br\/wp-content\/uploads\/sites\/121\/2023\/04\/tela-4-1024x550.png\" alt=\"\" class=\"wp-image-1150\" srcset=\"https:\/\/utfpr-ct-static-content.s3.amazonaws.com\/utfpr.curitiba.br\/wp-content\/uploads\/sites\/121\/2023\/04\/tela-4-1024x550.png 1024w, https:\/\/utfpr-ct-static-content.s3.amazonaws.com\/utfpr.curitiba.br\/wp-content\/uploads\/sites\/121\/2023\/04\/tela-4-300x161.png 300w, https:\/\/utfpr-ct-static-content.s3.amazonaws.com\/utfpr.curitiba.br\/wp-content\/uploads\/sites\/121\/2023\/04\/tela-4-768x412.png 768w, https:\/\/utfpr-ct-static-content.s3.amazonaws.com\/utfpr.curitiba.br\/wp-content\/uploads\/sites\/121\/2023\/04\/tela-4-1536x824.png 1536w, https:\/\/utfpr-ct-static-content.s3.amazonaws.com\/utfpr.curitiba.br\/wp-content\/uploads\/sites\/121\/2023\/04\/tela-4.png 1904w\" sizes=\"(max-width: 1024px) 100vw, 1024px\" \/><\/figure>\n\n\n\n<p><\/p>\n\n\n\n<p class=\"has-text-align-center\"><strong>Configura\u00e7\u00e3o do Livro de Notas<\/strong><\/p>\n\n\n\n<p>Nesta p\u00e1gina voc\u00ea ter\u00e1 acesso \u00e0s configura\u00e7\u00f5es da planilha de notas (figura abaixo).<\/p>\n\n\n\n<figure class=\"wp-block-image size-large\"><img loading=\"lazy\" decoding=\"async\" width=\"1024\" height=\"999\" src=\"https:\/\/utfpr-ct-static-content.s3.amazonaws.com\/utfpr.curitiba.br\/wp-content\/uploads\/sites\/121\/2023\/04\/tela-5-1024x999.png\" alt=\"\" class=\"wp-image-1152\" srcset=\"https:\/\/utfpr-ct-static-content.s3.amazonaws.com\/utfpr.curitiba.br\/wp-content\/uploads\/sites\/121\/2023\/04\/tela-5-1024x999.png 1024w, https:\/\/utfpr-ct-static-content.s3.amazonaws.com\/utfpr.curitiba.br\/wp-content\/uploads\/sites\/121\/2023\/04\/tela-5-300x293.png 300w, https:\/\/utfpr-ct-static-content.s3.amazonaws.com\/utfpr.curitiba.br\/wp-content\/uploads\/sites\/121\/2023\/04\/tela-5-768x749.png 768w, https:\/\/utfpr-ct-static-content.s3.amazonaws.com\/utfpr.curitiba.br\/wp-content\/uploads\/sites\/121\/2023\/04\/tela-5-1536x1498.png 1536w, https:\/\/utfpr-ct-static-content.s3.amazonaws.com\/utfpr.curitiba.br\/wp-content\/uploads\/sites\/121\/2023\/04\/tela-5.png 1652w\" sizes=\"(max-width: 1024px) 100vw, 1024px\" \/><\/figure>\n\n\n\n<p><\/p>\n\n\n\n<p>Esta op\u00e7\u00e3o apresenta algumas alternativas de configura\u00e7\u00e3o das atividades avaliativas, como editar, ocultar ou travar. Al\u00e9m dessas op\u00e7\u00f5es, o professor pode \u201cAdicionar categoria\u201d e \u201cAdicionar item de nota\u201d \u00e0s atividades criadas na sua disciplina\/curso, organizar a visualiza\u00e7\u00e3o destes itens no quadro de notas (mover) e configurar o peso para calcular a m\u00e9dia final de seus alunos. Criar uma nova categoria (ver pr\u00f3ximo t\u00f3pico deste manual) possibilita organizar os itens de notas de um curso\/disciplina em blocos. Ap\u00f3s realizar as configura\u00e7\u00f5es, \u00e9 preciso clicar no Link SALVAR MUDAN\u00c7AS para que as altera\u00e7\u00f5es sejam registradas.<\/p>\n\n\n\n<figure class=\"wp-block-image size-large\"><img loading=\"lazy\" decoding=\"async\" width=\"1024\" height=\"999\" src=\"https:\/\/utfpr-ct-static-content.s3.amazonaws.com\/utfpr.curitiba.br\/wp-content\/uploads\/sites\/121\/2023\/04\/tela-6-1024x999.png\" alt=\"\" class=\"wp-image-1154\" srcset=\"https:\/\/utfpr-ct-static-content.s3.amazonaws.com\/utfpr.curitiba.br\/wp-content\/uploads\/sites\/121\/2023\/04\/tela-6-1024x999.png 1024w, https:\/\/utfpr-ct-static-content.s3.amazonaws.com\/utfpr.curitiba.br\/wp-content\/uploads\/sites\/121\/2023\/04\/tela-6-300x293.png 300w, https:\/\/utfpr-ct-static-content.s3.amazonaws.com\/utfpr.curitiba.br\/wp-content\/uploads\/sites\/121\/2023\/04\/tela-6-768x749.png 768w, https:\/\/utfpr-ct-static-content.s3.amazonaws.com\/utfpr.curitiba.br\/wp-content\/uploads\/sites\/121\/2023\/04\/tela-6-1536x1498.png 1536w, https:\/\/utfpr-ct-static-content.s3.amazonaws.com\/utfpr.curitiba.br\/wp-content\/uploads\/sites\/121\/2023\/04\/tela-6.png 1652w\" sizes=\"(max-width: 1024px) 100vw, 1024px\" \/><\/figure>\n\n\n\n<p><\/p>\n\n\n\n<p>Por exemplo, em uma \u00e1rea de um curso\/disciplina em que s\u00e3o ministrados, dois ou tr\u00eas, m\u00f3dulos diferentes, \u00e9 poss\u00edvel organizar os itens de avalia\u00e7\u00e3o de cada um separadamente e ao final som\u00e1-los para obter a m\u00e9dia final do curso\/disciplina. J\u00e1 um item de nota representa uma tarefa do tipo offline, que pode ser criada diretamente no quadro de notas, sem ter sido configurada em adicionar atividades nos t\u00f3picos da \u00e1rea de trabalho de um curso\/disciplina. \u00c9 muito utilizado para atribuir nota para atividades de participa\u00e7\u00e3o em encontros presenciais, no qual n\u00e3o h\u00e1 envio de arquivo online.<\/p>\n\n\n\n<p><strong>Escalas<\/strong>: Nesta op\u00e7\u00e3o, o professor pode definir crit\u00e9rios de avalia\u00e7\u00e3o para as atividades que pretende desenvolver durante o seu curso\/disciplina, podendo definir as Escalas personalizadas por conceitos, crit\u00e9rios ou valores num\u00e9ricos.<\/p>\n\n\n\n<p>As escalas de conceito mais utilizadas s\u00e3o:<\/p>\n\n\n\n<ul class=\"wp-block-list\"><li>Escala de conceito: A, B, C, D e FF<\/li><li>Escala numeral: de 1 a 100<\/li><\/ul>\n\n\n\n<p>O Moodle possui uma s\u00e9rie de escalas pr\u00e9-definidas, mas o professor pode personalizar uma escala clicando no link ADICIONAR NOVA ESCALA<\/p>\n\n\n\n<figure class=\"wp-block-image size-large\"><img loading=\"lazy\" decoding=\"async\" width=\"1024\" height=\"594\" src=\"https:\/\/utfpr-ct-static-content.s3.amazonaws.com\/utfpr.curitiba.br\/wp-content\/uploads\/sites\/121\/2023\/04\/tela-7-1024x594.png\" alt=\"\" class=\"wp-image-1156\" srcset=\"https:\/\/utfpr-ct-static-content.s3.amazonaws.com\/utfpr.curitiba.br\/wp-content\/uploads\/sites\/121\/2023\/04\/tela-7-1024x594.png 1024w, https:\/\/utfpr-ct-static-content.s3.amazonaws.com\/utfpr.curitiba.br\/wp-content\/uploads\/sites\/121\/2023\/04\/tela-7-300x174.png 300w, https:\/\/utfpr-ct-static-content.s3.amazonaws.com\/utfpr.curitiba.br\/wp-content\/uploads\/sites\/121\/2023\/04\/tela-7-768x446.png 768w, https:\/\/utfpr-ct-static-content.s3.amazonaws.com\/utfpr.curitiba.br\/wp-content\/uploads\/sites\/121\/2023\/04\/tela-7-1536x892.png 1536w, https:\/\/utfpr-ct-static-content.s3.amazonaws.com\/utfpr.curitiba.br\/wp-content\/uploads\/sites\/121\/2023\/04\/tela-7.png 1652w\" sizes=\"(max-width: 1024px) 100vw, 1024px\" \/><\/figure>\n\n\n\n<p>Os campos a serem configurados para a cria\u00e7\u00e3o de uma escala personalizada ser\u00e3o descritos a seguir:<\/p>\n\n\n\n<figure class=\"wp-block-image size-large\"><img loading=\"lazy\" decoding=\"async\" width=\"1024\" height=\"525\" src=\"https:\/\/utfpr-ct-static-content.s3.amazonaws.com\/utfpr.curitiba.br\/wp-content\/uploads\/sites\/121\/2023\/04\/tela-8-1024x525.png\" alt=\"\" class=\"wp-image-1157\" srcset=\"https:\/\/utfpr-ct-static-content.s3.amazonaws.com\/utfpr.curitiba.br\/wp-content\/uploads\/sites\/121\/2023\/04\/tela-8-1024x525.png 1024w, https:\/\/utfpr-ct-static-content.s3.amazonaws.com\/utfpr.curitiba.br\/wp-content\/uploads\/sites\/121\/2023\/04\/tela-8-300x154.png 300w, https:\/\/utfpr-ct-static-content.s3.amazonaws.com\/utfpr.curitiba.br\/wp-content\/uploads\/sites\/121\/2023\/04\/tela-8-768x393.png 768w, https:\/\/utfpr-ct-static-content.s3.amazonaws.com\/utfpr.curitiba.br\/wp-content\/uploads\/sites\/121\/2023\/04\/tela-8-1536x787.png 1536w, https:\/\/utfpr-ct-static-content.s3.amazonaws.com\/utfpr.curitiba.br\/wp-content\/uploads\/sites\/121\/2023\/04\/tela-8.png 1911w\" sizes=\"(max-width: 1024px) 100vw, 1024px\" \/><\/figure>\n\n\n\n<ul class=\"wp-block-list\"><li><strong>Nome<\/strong>: Campo para inser\u00e7\u00e3o do nome ou o t\u00edtulo da sua escala. Este nome ou t\u00edtulo ser\u00e1 visualizado nas configura\u00e7\u00f5es da atividade, ap\u00f3s definir o tipo de avalia\u00e7\u00e3o a ser utilizado.<\/li><li><strong>Escala padr\u00e3o<\/strong>: Selecionando esta op\u00e7\u00e3o, o professor determina que a escala que est\u00e1 sendo criada fique dispon\u00edvel para todos os cursos que fizer parte como professor.<\/li><li>&nbsp;<strong>Escala<\/strong>: Insira a escala a ser utilizada, separando os termos entre v\u00edrgulas, do pior para o melhor. Exemplo: ruim, bom, muito bom, \u00f3timo.<\/li><li><strong>Descri\u00e7\u00e3o<\/strong>: As escalas devem incluir uma boa descri\u00e7\u00e3o dos crit\u00e9rios e de como deve ser utilizada. Esta descri\u00e7\u00e3o \u00e9 visualizada nas p\u00e1ginas de ajuda correspondentes. Realizados esses procedimentos, clique no link SALVAR MUDAN\u00c7AS.<\/li><\/ul>\n\n\n\n<p><\/p>\n\n\n\n<p><strong>Letras<\/strong>: Nesta op\u00e7\u00e3o, o professor tem a possibilidade de atribuir as notas por conceito (formato de letras) para as atividades realizadas no seu curso\/disciplina. Para editar um valor, clique no link EDITAR.<\/p>\n\n\n\n<figure class=\"wp-block-image size-large\"><img loading=\"lazy\" decoding=\"async\" width=\"1024\" height=\"529\" src=\"https:\/\/utfpr-ct-static-content.s3.amazonaws.com\/utfpr.curitiba.br\/wp-content\/uploads\/sites\/121\/2023\/04\/tela-9-1-1024x529.png\" alt=\"\" class=\"wp-image-1161\" srcset=\"https:\/\/utfpr-ct-static-content.s3.amazonaws.com\/utfpr.curitiba.br\/wp-content\/uploads\/sites\/121\/2023\/04\/tela-9-1-1024x529.png 1024w, https:\/\/utfpr-ct-static-content.s3.amazonaws.com\/utfpr.curitiba.br\/wp-content\/uploads\/sites\/121\/2023\/04\/tela-9-1-300x155.png 300w, https:\/\/utfpr-ct-static-content.s3.amazonaws.com\/utfpr.curitiba.br\/wp-content\/uploads\/sites\/121\/2023\/04\/tela-9-1-768x397.png 768w, https:\/\/utfpr-ct-static-content.s3.amazonaws.com\/utfpr.curitiba.br\/wp-content\/uploads\/sites\/121\/2023\/04\/tela-9-1-1536x793.png 1536w, https:\/\/utfpr-ct-static-content.s3.amazonaws.com\/utfpr.curitiba.br\/wp-content\/uploads\/sites\/121\/2023\/04\/tela-9-1.png 1909w\" sizes=\"(max-width: 1024px) 100vw, 1024px\" \/><\/figure>\n\n\n\n<p><\/p>\n\n\n\n<p><strong>Importar<\/strong>: Possibilita importar dados para a planilha de notas. Para isto, preencha os campos indicados (Figura abaixo) e clique em ENVIAR NOTAS:<\/p>\n\n\n\n<figure class=\"wp-block-image size-large\"><img loading=\"lazy\" decoding=\"async\" width=\"1024\" height=\"554\" src=\"https:\/\/utfpr-ct-static-content.s3.amazonaws.com\/utfpr.curitiba.br\/wp-content\/uploads\/sites\/121\/2023\/04\/tela-10-1024x554.png\" alt=\"\" class=\"wp-image-1164\" srcset=\"https:\/\/utfpr-ct-static-content.s3.amazonaws.com\/utfpr.curitiba.br\/wp-content\/uploads\/sites\/121\/2023\/04\/tela-10-1024x554.png 1024w, https:\/\/utfpr-ct-static-content.s3.amazonaws.com\/utfpr.curitiba.br\/wp-content\/uploads\/sites\/121\/2023\/04\/tela-10-300x162.png 300w, https:\/\/utfpr-ct-static-content.s3.amazonaws.com\/utfpr.curitiba.br\/wp-content\/uploads\/sites\/121\/2023\/04\/tela-10-768x416.png 768w, https:\/\/utfpr-ct-static-content.s3.amazonaws.com\/utfpr.curitiba.br\/wp-content\/uploads\/sites\/121\/2023\/04\/tela-10-1536x831.png 1536w, https:\/\/utfpr-ct-static-content.s3.amazonaws.com\/utfpr.curitiba.br\/wp-content\/uploads\/sites\/121\/2023\/04\/tela-10.png 1911w\" sizes=\"(max-width: 1024px) 100vw, 1024px\" \/><\/figure>\n\n\n\n<p><strong>Exportar<\/strong>: Possibilita exportar a planilha de notas do seu curso\/disciplina, no formato: Planilha ODS \u2013 Open Document, Excel, arquivo de texto e XML.<\/p>\n\n\n\n<figure class=\"wp-block-image size-large\"><img loading=\"lazy\" decoding=\"async\" width=\"1024\" height=\"777\" src=\"https:\/\/utfpr-ct-static-content.s3.amazonaws.com\/utfpr.curitiba.br\/wp-content\/uploads\/sites\/121\/2023\/04\/tela-11-1024x777.png\" alt=\"\" class=\"wp-image-1165\" srcset=\"https:\/\/utfpr-ct-static-content.s3.amazonaws.com\/utfpr.curitiba.br\/wp-content\/uploads\/sites\/121\/2023\/04\/tela-11-1024x777.png 1024w, https:\/\/utfpr-ct-static-content.s3.amazonaws.com\/utfpr.curitiba.br\/wp-content\/uploads\/sites\/121\/2023\/04\/tela-11-300x228.png 300w, https:\/\/utfpr-ct-static-content.s3.amazonaws.com\/utfpr.curitiba.br\/wp-content\/uploads\/sites\/121\/2023\/04\/tela-11-768x583.png 768w, https:\/\/utfpr-ct-static-content.s3.amazonaws.com\/utfpr.curitiba.br\/wp-content\/uploads\/sites\/121\/2023\/04\/tela-11-1536x1165.png 1536w, https:\/\/utfpr-ct-static-content.s3.amazonaws.com\/utfpr.curitiba.br\/wp-content\/uploads\/sites\/121\/2023\/04\/tela-11.png 1687w\" sizes=\"(max-width: 1024px) 100vw, 1024px\" \/><\/figure>\n","protected":false},"excerpt":{"rendered":"<p>Todas as atividades que o professor definir como avaliativas (atribui\u00e7\u00e3o de pontos ou conceito), em um curso\/disciplina, ficam registradas no RELAT\u00d3RIO DE NOTAS. Esse recurso possibilita ao aluno a visualiza\u00e7\u00e3o do seu desempenho nas atividades de aula de forma individual. Somente o professor e os tutores visualizam a nota da turma, em geral. No Moodle [&hellip;]<\/p>\n","protected":false},"author":85,"featured_media":0,"comment_status":"closed","ping_status":"closed","template":"","meta":{"site-sidebar-layout":"default","site-content-layout":"","ast-site-content-layout":"default","site-content-style":"default","site-sidebar-style":"default","ast-global-header-display":"","ast-banner-title-visibility":"","ast-main-header-display":"","ast-hfb-above-header-display":"","ast-hfb-below-header-display":"","ast-hfb-mobile-header-display":"","site-post-title":"","ast-breadcrumbs-content":"","ast-featured-img":"","footer-sml-layout":"","ast-disable-related-posts":"","theme-transparent-header-meta":"","adv-header-id-meta":"","stick-header-meta":"","header-above-stick-meta":"","header-main-stick-meta":"","header-below-stick-meta":"","astra-migrate-meta-layouts":"default","ast-page-background-enabled":"default","ast-page-background-meta":{"desktop":{"background-color":"var(--ast-global-color-4)","background-image":"","background-repeat":"repeat","background-position":"center center","background-size":"auto","background-attachment":"scroll","background-type":"","background-media":"","overlay-type":"","overlay-color":"","overlay-opacity":"","overlay-gradient":""},"tablet":{"background-color":"","background-image":"","background-repeat":"repeat","background-position":"center center","background-size":"auto","background-attachment":"scroll","background-type":"","background-media":"","overlay-type":"","overlay-color":"","overlay-opacity":"","overlay-gradient":""},"mobile":{"background-color":"","background-image":"","background-repeat":"repeat","background-position":"center center","background-size":"auto","background-attachment":"scroll","background-type":"","background-media":"","overlay-type":"","overlay-color":"","overlay-opacity":"","overlay-gradient":""}},"ast-content-background-meta":{"desktop":{"background-color":"var(--ast-global-color-5)","background-image":"","background-repeat":"repeat","background-position":"center center","background-size":"auto","background-attachment":"scroll","background-type":"","background-media":"","overlay-type":"","overlay-color":"","overlay-opacity":"","overlay-gradient":""},"tablet":{"background-color":"var(--ast-global-color-5)","background-image":"","background-repeat":"repeat","background-position":"center center","background-size":"auto","background-attachment":"scroll","background-type":"","background-media":"","overlay-type":"","overlay-color":"","overlay-opacity":"","overlay-gradient":""},"mobile":{"background-color":"var(--ast-global-color-5)","background-image":"","background-repeat":"repeat","background-position":"center center","background-size":"auto","background-attachment":"scroll","background-type":"","background-media":"","overlay-type":"","overlay-color":"","overlay-opacity":"","overlay-gradient":""}},"footnotes":""},"doc_category":[5],"doc_tag":[],"class_list":["post-391","docs","type-docs","status-publish","hentry","doc_category-manual-do-professor"],"year_month":"2026-04","word_count":882,"total_views":0,"reactions":{"happy":0,"normal":0,"sad":0},"author_info":{"name":"VINICIUS SOLTOWSKY","author_nicename":"a1674277","author_url":"https:\/\/utfpr.curitiba.br\/manualmoodle\/author\/a1674277\/"},"doc_category_info":[{"term_name":"Manual do Professor","term_url":"https:\/\/utfpr.curitiba.br\/manualmoodle\/manuais\/manual-do-professor\/"}],"doc_tag_info":[],"yoast_head":"<!-- This site is optimized with the Yoast SEO plugin v27.4 - https:\/\/yoast.com\/product\/yoast-seo-wordpress\/ -->\n<title>8. Notas - Manual Moodle UTFPR<\/title>\n<meta name=\"robots\" content=\"index, follow, max-snippet:-1, max-image-preview:large, max-video-preview:-1\" \/>\n<link rel=\"canonical\" href=\"https:\/\/utfpr.curitiba.br\/manualmoodle\/docs\/8-notas\/\" \/>\n<meta property=\"og:locale\" content=\"pt_BR\" \/>\n<meta property=\"og:type\" content=\"article\" \/>\n<meta property=\"og:title\" content=\"8. Notas - Manual Moodle UTFPR\" \/>\n<meta property=\"og:description\" content=\"Todas as atividades que o professor definir como avaliativas (atribui\u00e7\u00e3o de pontos ou conceito), em um curso\/disciplina, ficam registradas no RELAT\u00d3RIO DE NOTAS. Esse recurso possibilita ao aluno a visualiza\u00e7\u00e3o do seu desempenho nas atividades de aula de forma individual. Somente o professor e os tutores visualizam a nota da turma, em geral. No Moodle [&hellip;]\" \/>\n<meta property=\"og:url\" content=\"https:\/\/utfpr.curitiba.br\/manualmoodle\/docs\/8-notas\/\" \/>\n<meta property=\"og:site_name\" content=\"Manual Moodle UTFPR\" \/>\n<meta property=\"article:modified_time\" content=\"2023-04-05T16:40:15+00:00\" \/>\n<meta property=\"og:image\" content=\"https:\/\/utfpr-ct-static-content.s3.amazonaws.com\/utfpr.curitiba.br\/wp-content\/uploads\/sites\/121\/2023\/04\/tela-1-2.png\" \/>\n\t<meta property=\"og:image:width\" content=\"1906\" \/>\n\t<meta property=\"og:image:height\" content=\"1035\" \/>\n\t<meta property=\"og:image:type\" content=\"image\/png\" \/>\n<meta name=\"twitter:card\" content=\"summary_large_image\" \/>\n<meta name=\"twitter:label1\" content=\"Est. reading time\" \/>\n\t<meta name=\"twitter:data1\" content=\"4 minutos\" \/>\n<script type=\"application\/ld+json\" class=\"yoast-schema-graph\">{\"@context\":\"https:\\\/\\\/schema.org\",\"@graph\":[{\"@type\":\"WebPage\",\"@id\":\"https:\\\/\\\/utfpr.curitiba.br\\\/manualmoodle\\\/docs\\\/8-notas\\\/\",\"url\":\"https:\\\/\\\/utfpr.curitiba.br\\\/manualmoodle\\\/docs\\\/8-notas\\\/\",\"name\":\"8. Notas - Manual Moodle UTFPR\",\"isPartOf\":{\"@id\":\"https:\\\/\\\/utfpr.curitiba.br\\\/manualmoodle\\\/#website\"},\"primaryImageOfPage\":{\"@id\":\"https:\\\/\\\/utfpr.curitiba.br\\\/manualmoodle\\\/docs\\\/8-notas\\\/#primaryimage\"},\"image\":{\"@id\":\"https:\\\/\\\/utfpr.curitiba.br\\\/manualmoodle\\\/docs\\\/8-notas\\\/#primaryimage\"},\"thumbnailUrl\":\"https:\\\/\\\/utfpr-ct-static-content.s3.amazonaws.com\\\/utfpr.curitiba.br\\\/wp-content\\\/uploads\\\/sites\\\/121\\\/2023\\\/04\\\/tela-1-2-1024x556.png\",\"datePublished\":\"2022-06-27T19:37:12+00:00\",\"dateModified\":\"2023-04-05T16:40:15+00:00\",\"breadcrumb\":{\"@id\":\"https:\\\/\\\/utfpr.curitiba.br\\\/manualmoodle\\\/docs\\\/8-notas\\\/#breadcrumb\"},\"inLanguage\":\"pt-BR\",\"potentialAction\":[{\"@type\":\"ReadAction\",\"target\":[\"https:\\\/\\\/utfpr.curitiba.br\\\/manualmoodle\\\/docs\\\/8-notas\\\/\"]}]},{\"@type\":\"ImageObject\",\"inLanguage\":\"pt-BR\",\"@id\":\"https:\\\/\\\/utfpr.curitiba.br\\\/manualmoodle\\\/docs\\\/8-notas\\\/#primaryimage\",\"url\":\"https:\\\/\\\/utfpr-ct-static-content.s3.amazonaws.com\\\/utfpr.curitiba.br\\\/wp-content\\\/uploads\\\/sites\\\/121\\\/2023\\\/04\\\/tela-1-2-1024x556.png\",\"contentUrl\":\"https:\\\/\\\/utfpr-ct-static-content.s3.amazonaws.com\\\/utfpr.curitiba.br\\\/wp-content\\\/uploads\\\/sites\\\/121\\\/2023\\\/04\\\/tela-1-2-1024x556.png\"},{\"@type\":\"BreadcrumbList\",\"@id\":\"https:\\\/\\\/utfpr.curitiba.br\\\/manualmoodle\\\/docs\\\/8-notas\\\/#breadcrumb\",\"itemListElement\":[{\"@type\":\"ListItem\",\"position\":1,\"name\":\"Home\",\"item\":\"https:\\\/\\\/utfpr.curitiba.br\\\/manualmoodle\\\/\"},{\"@type\":\"ListItem\",\"position\":2,\"name\":\"Manual Moodle UTFPR\",\"item\":\"https:\\\/\\\/utfpr.curitiba.br\\\/manualmoodle\\\/repositorio\\\/\"},{\"@type\":\"ListItem\",\"position\":3,\"name\":\"8. Notas\"}]},{\"@type\":\"WebSite\",\"@id\":\"https:\\\/\\\/utfpr.curitiba.br\\\/manualmoodle\\\/#website\",\"url\":\"https:\\\/\\\/utfpr.curitiba.br\\\/manualmoodle\\\/\",\"name\":\"Manual Moodle UTFPR\",\"description\":\"ajuda moodle Universidade tecnol\u00f3gica federal do paran\u00e1\",\"publisher\":{\"@id\":\"https:\\\/\\\/utfpr.curitiba.br\\\/manualmoodle\\\/#organization\"},\"potentialAction\":[{\"@type\":\"SearchAction\",\"target\":{\"@type\":\"EntryPoint\",\"urlTemplate\":\"https:\\\/\\\/utfpr.curitiba.br\\\/manualmoodle\\\/?s={search_term_string}\"},\"query-input\":{\"@type\":\"PropertyValueSpecification\",\"valueRequired\":true,\"valueName\":\"search_term_string\"}}],\"inLanguage\":\"pt-BR\"},{\"@type\":\"Organization\",\"@id\":\"https:\\\/\\\/utfpr.curitiba.br\\\/manualmoodle\\\/#organization\",\"name\":\"Manual Moodle criado pela UTFPR\",\"alternateName\":\"manual utiliza\u00e7ao cria\u00e7ao moodle utfpr\",\"url\":\"https:\\\/\\\/utfpr.curitiba.br\\\/manualmoodle\\\/\",\"logo\":{\"@type\":\"ImageObject\",\"inLanguage\":\"pt-BR\",\"@id\":\"https:\\\/\\\/utfpr.curitiba.br\\\/manualmoodle\\\/#\\\/schema\\\/logo\\\/image\\\/\",\"url\":\"https:\\\/\\\/utfpr-ct-static-content.s3.amazonaws.com\\\/utfpr.curitiba.br\\\/wp-content\\\/uploads\\\/sites\\\/121\\\/2022\\\/06\\\/LogotipoManualMoodle-4.svg\",\"contentUrl\":\"https:\\\/\\\/utfpr-ct-static-content.s3.amazonaws.com\\\/utfpr.curitiba.br\\\/wp-content\\\/uploads\\\/sites\\\/121\\\/2022\\\/06\\\/LogotipoManualMoodle-4.svg\",\"width\":740,\"height\":98,\"caption\":\"Manual Moodle criado pela UTFPR\"},\"image\":{\"@id\":\"https:\\\/\\\/utfpr.curitiba.br\\\/manualmoodle\\\/#\\\/schema\\\/logo\\\/image\\\/\"}}]}<\/script>\n<!-- \/ Yoast SEO plugin. -->","yoast_head_json":{"title":"8. Notas - Manual Moodle UTFPR","robots":{"index":"index","follow":"follow","max-snippet":"max-snippet:-1","max-image-preview":"max-image-preview:large","max-video-preview":"max-video-preview:-1"},"canonical":"https:\/\/utfpr.curitiba.br\/manualmoodle\/docs\/8-notas\/","og_locale":"pt_BR","og_type":"article","og_title":"8. Notas - Manual Moodle UTFPR","og_description":"Todas as atividades que o professor definir como avaliativas (atribui\u00e7\u00e3o de pontos ou conceito), em um curso\/disciplina, ficam registradas no RELAT\u00d3RIO DE NOTAS. Esse recurso possibilita ao aluno a visualiza\u00e7\u00e3o do seu desempenho nas atividades de aula de forma individual. Somente o professor e os tutores visualizam a nota da turma, em geral. No Moodle [&hellip;]","og_url":"https:\/\/utfpr.curitiba.br\/manualmoodle\/docs\/8-notas\/","og_site_name":"Manual Moodle UTFPR","article_modified_time":"2023-04-05T16:40:15+00:00","og_image":[{"width":1906,"height":1035,"url":"https:\/\/utfpr-ct-static-content.s3.amazonaws.com\/utfpr.curitiba.br\/wp-content\/uploads\/sites\/121\/2023\/04\/tela-1-2.png","type":"image\/png"}],"twitter_card":"summary_large_image","twitter_misc":{"Est. reading time":"4 minutos"},"schema":{"@context":"https:\/\/schema.org","@graph":[{"@type":"WebPage","@id":"https:\/\/utfpr.curitiba.br\/manualmoodle\/docs\/8-notas\/","url":"https:\/\/utfpr.curitiba.br\/manualmoodle\/docs\/8-notas\/","name":"8. Notas - Manual Moodle UTFPR","isPartOf":{"@id":"https:\/\/utfpr.curitiba.br\/manualmoodle\/#website"},"primaryImageOfPage":{"@id":"https:\/\/utfpr.curitiba.br\/manualmoodle\/docs\/8-notas\/#primaryimage"},"image":{"@id":"https:\/\/utfpr.curitiba.br\/manualmoodle\/docs\/8-notas\/#primaryimage"},"thumbnailUrl":"https:\/\/utfpr-ct-static-content.s3.amazonaws.com\/utfpr.curitiba.br\/wp-content\/uploads\/sites\/121\/2023\/04\/tela-1-2-1024x556.png","datePublished":"2022-06-27T19:37:12+00:00","dateModified":"2023-04-05T16:40:15+00:00","breadcrumb":{"@id":"https:\/\/utfpr.curitiba.br\/manualmoodle\/docs\/8-notas\/#breadcrumb"},"inLanguage":"pt-BR","potentialAction":[{"@type":"ReadAction","target":["https:\/\/utfpr.curitiba.br\/manualmoodle\/docs\/8-notas\/"]}]},{"@type":"ImageObject","inLanguage":"pt-BR","@id":"https:\/\/utfpr.curitiba.br\/manualmoodle\/docs\/8-notas\/#primaryimage","url":"https:\/\/utfpr-ct-static-content.s3.amazonaws.com\/utfpr.curitiba.br\/wp-content\/uploads\/sites\/121\/2023\/04\/tela-1-2-1024x556.png","contentUrl":"https:\/\/utfpr-ct-static-content.s3.amazonaws.com\/utfpr.curitiba.br\/wp-content\/uploads\/sites\/121\/2023\/04\/tela-1-2-1024x556.png"},{"@type":"BreadcrumbList","@id":"https:\/\/utfpr.curitiba.br\/manualmoodle\/docs\/8-notas\/#breadcrumb","itemListElement":[{"@type":"ListItem","position":1,"name":"Home","item":"https:\/\/utfpr.curitiba.br\/manualmoodle\/"},{"@type":"ListItem","position":2,"name":"Manual Moodle UTFPR","item":"https:\/\/utfpr.curitiba.br\/manualmoodle\/repositorio\/"},{"@type":"ListItem","position":3,"name":"8. Notas"}]},{"@type":"WebSite","@id":"https:\/\/utfpr.curitiba.br\/manualmoodle\/#website","url":"https:\/\/utfpr.curitiba.br\/manualmoodle\/","name":"Manual Moodle UTFPR","description":"ajuda moodle Universidade tecnol\u00f3gica federal do paran\u00e1","publisher":{"@id":"https:\/\/utfpr.curitiba.br\/manualmoodle\/#organization"},"potentialAction":[{"@type":"SearchAction","target":{"@type":"EntryPoint","urlTemplate":"https:\/\/utfpr.curitiba.br\/manualmoodle\/?s={search_term_string}"},"query-input":{"@type":"PropertyValueSpecification","valueRequired":true,"valueName":"search_term_string"}}],"inLanguage":"pt-BR"},{"@type":"Organization","@id":"https:\/\/utfpr.curitiba.br\/manualmoodle\/#organization","name":"Manual Moodle criado pela UTFPR","alternateName":"manual utiliza\u00e7ao cria\u00e7ao moodle utfpr","url":"https:\/\/utfpr.curitiba.br\/manualmoodle\/","logo":{"@type":"ImageObject","inLanguage":"pt-BR","@id":"https:\/\/utfpr.curitiba.br\/manualmoodle\/#\/schema\/logo\/image\/","url":"https:\/\/utfpr-ct-static-content.s3.amazonaws.com\/utfpr.curitiba.br\/wp-content\/uploads\/sites\/121\/2022\/06\/LogotipoManualMoodle-4.svg","contentUrl":"https:\/\/utfpr-ct-static-content.s3.amazonaws.com\/utfpr.curitiba.br\/wp-content\/uploads\/sites\/121\/2022\/06\/LogotipoManualMoodle-4.svg","width":740,"height":98,"caption":"Manual Moodle criado pela UTFPR"},"image":{"@id":"https:\/\/utfpr.curitiba.br\/manualmoodle\/#\/schema\/logo\/image\/"}}]}},"_links":{"self":[{"href":"https:\/\/utfpr.curitiba.br\/manualmoodle\/wp-json\/wp\/v2\/docs\/391","targetHints":{"allow":["GET"]}}],"collection":[{"href":"https:\/\/utfpr.curitiba.br\/manualmoodle\/wp-json\/wp\/v2\/docs"}],"about":[{"href":"https:\/\/utfpr.curitiba.br\/manualmoodle\/wp-json\/wp\/v2\/types\/docs"}],"author":[{"embeddable":true,"href":"https:\/\/utfpr.curitiba.br\/manualmoodle\/wp-json\/wp\/v2\/users\/85"}],"replies":[{"embeddable":true,"href":"https:\/\/utfpr.curitiba.br\/manualmoodle\/wp-json\/wp\/v2\/comments?post=391"}],"version-history":[{"count":10,"href":"https:\/\/utfpr.curitiba.br\/manualmoodle\/wp-json\/wp\/v2\/docs\/391\/revisions"}],"predecessor-version":[{"id":1166,"href":"https:\/\/utfpr.curitiba.br\/manualmoodle\/wp-json\/wp\/v2\/docs\/391\/revisions\/1166"}],"wp:attachment":[{"href":"https:\/\/utfpr.curitiba.br\/manualmoodle\/wp-json\/wp\/v2\/media?parent=391"}],"wp:term":[{"taxonomy":"doc_category","embeddable":true,"href":"https:\/\/utfpr.curitiba.br\/manualmoodle\/wp-json\/wp\/v2\/doc_category?post=391"},{"taxonomy":"doc_tag","embeddable":true,"href":"https:\/\/utfpr.curitiba.br\/manualmoodle\/wp-json\/wp\/v2\/doc_tag?post=391"}],"curies":[{"name":"wp","href":"https:\/\/api.w.org\/{rel}","templated":true}]}}