{"id":200,"date":"2022-06-27T14:24:13","date_gmt":"2022-06-27T17:24:13","guid":{"rendered":"https:\/\/utfpr.curitiba.br\/manualmoodle\/?post_type=docs&#038;p=200"},"modified":"2023-04-14T10:08:17","modified_gmt":"2023-04-14T13:08:17","password":"","slug":"4-configurando-o-curso","status":"publish","type":"docs","link":"https:\/\/utfpr.curitiba.br\/manualmoodle\/docs\/4-configurando-o-curso\/","title":{"rendered":"4. Configurando o curso"},"content":{"rendered":"\n<p>Ao iniciar uma disciplina ou um curso no Moodle, o ideal \u00e9 que o professor configure de acordo com suas necessidades. Para isso, o primeiro passo \u00e9 estar no bloco de navega\u00e7\u00e3o com o curso selecionado (meus cursos) e clicar na op\u00e7\u00e3o  CONFIGURA\u00c7\u00d5ES, localizado no bloco ADMINISTRA\u00c7\u00c3O.<\/p>\n\n\n\n<figure class=\"wp-block-image size-large\"><img fetchpriority=\"high\" decoding=\"async\" width=\"1024\" height=\"555\" src=\"https:\/\/utfpr-ct-static-content.s3.amazonaws.com\/utfpr.curitiba.br\/wp-content\/uploads\/sites\/121\/2023\/04\/tela-1-6-1024x555.png\" alt=\"\" class=\"wp-image-1218\" srcset=\"https:\/\/utfpr-ct-static-content.s3.amazonaws.com\/utfpr.curitiba.br\/wp-content\/uploads\/sites\/121\/2023\/04\/tela-1-6-1024x555.png 1024w, https:\/\/utfpr-ct-static-content.s3.amazonaws.com\/utfpr.curitiba.br\/wp-content\/uploads\/sites\/121\/2023\/04\/tela-1-6-300x163.png 300w, https:\/\/utfpr-ct-static-content.s3.amazonaws.com\/utfpr.curitiba.br\/wp-content\/uploads\/sites\/121\/2023\/04\/tela-1-6-768x417.png 768w, https:\/\/utfpr-ct-static-content.s3.amazonaws.com\/utfpr.curitiba.br\/wp-content\/uploads\/sites\/121\/2023\/04\/tela-1-6-1536x833.png 1536w, https:\/\/utfpr-ct-static-content.s3.amazonaws.com\/utfpr.curitiba.br\/wp-content\/uploads\/sites\/121\/2023\/04\/tela-1-6.png 1910w\" sizes=\"(max-width: 1024px) 100vw, 1024px\" \/><\/figure>\n\n\n\n<p>Ao ser direcionado para a edi\u00e7\u00e3o de configura\u00e7\u00f5es da disciplina\/curso, o professor ir\u00e1 visualizar uma tela semelhante \u00e0 imagem abaixo. Nela, o professor poder\u00e1 definir ou alterar alguns dados da sua disciplina\/curso. Logo ap\u00f3s a imagem, veremos os blocos com os itens de cada um, com um breve detalhamento.<\/p>\n\n\n\n<figure class=\"wp-block-image size-large\"><img decoding=\"async\" width=\"916\" height=\"1024\" src=\"https:\/\/utfpr-ct-static-content.s3.amazonaws.com\/utfpr.curitiba.br\/wp-content\/uploads\/sites\/121\/2023\/04\/tela-2-5-916x1024.png\" alt=\"\" class=\"wp-image-1219\" srcset=\"https:\/\/utfpr-ct-static-content.s3.amazonaws.com\/utfpr.curitiba.br\/wp-content\/uploads\/sites\/121\/2023\/04\/tela-2-5-916x1024.png 916w, https:\/\/utfpr-ct-static-content.s3.amazonaws.com\/utfpr.curitiba.br\/wp-content\/uploads\/sites\/121\/2023\/04\/tela-2-5-268x300.png 268w, https:\/\/utfpr-ct-static-content.s3.amazonaws.com\/utfpr.curitiba.br\/wp-content\/uploads\/sites\/121\/2023\/04\/tela-2-5-768x859.png 768w, https:\/\/utfpr-ct-static-content.s3.amazonaws.com\/utfpr.curitiba.br\/wp-content\/uploads\/sites\/121\/2023\/04\/tela-2-5-1374x1536.png 1374w, https:\/\/utfpr-ct-static-content.s3.amazonaws.com\/utfpr.curitiba.br\/wp-content\/uploads\/sites\/121\/2023\/04\/tela-2-5.png 1652w\" sizes=\"(max-width: 916px) 100vw, 916px\" \/><\/figure>\n\n\n\n<p><\/p>\n\n\n\n<p class=\"has-text-align-center\"><strong>BLOCO GERAL<\/strong><\/p>\n\n\n\n<ul class=\"wp-block-list\"><li><strong>Nome completo<\/strong> <strong>do curso<\/strong>: Nome criado no momento do cadastramento do curso\/disciplina.<\/li><li><strong>Nome breve do curso<\/strong>: Este nome breve \u00e9 utilizado no ambiente da disciplina\/curso, em substitui\u00e7\u00e3o ao nome completo (por exemplo: na descri\u00e7\u00e3o do assunto nas mensagens de e-mail).<\/li><li><strong>Categoria do curso<\/strong>: Sele\u00e7\u00e3o das categorias de cursos pr\u00e9-configurados no sistema.<\/li><li><strong>Visibilidade<\/strong> <strong>do curso<\/strong>: Deixar vis\u00edvel o curso na lista de cursos dos alunos ou n\u00e3o.<\/li><li><strong>Permitir baixar o conte\u00fado do curso<\/strong>: Esta configura\u00e7\u00e3o determina se o conte\u00fado do curso pode ser baixado.<\/li><li><strong>Data de in\u00edcio do curso<\/strong>: Determinar a data de in\u00edcio do curso.<\/li><li><strong>Data de t\u00e9rmino do curso<\/strong>: Determina a data de finaliza\u00e7\u00e3o do curso.<\/li><li><strong>N\u00famero de identifica\u00e7\u00e3o do curso<\/strong>: n\u00famero de identifica\u00e7\u00e3o que \u00e9 usado apenas nos processos de comunica\u00e7\u00e3o com sistemas externos (exemplo: integra\u00e7\u00e3o com sistema acad\u00eamico).<\/li><\/ul>\n\n\n\n<p><\/p>\n\n\n\n<p class=\"has-text-align-center\"><strong>BLOCO DESCRI\u00c7\u00c3O<\/strong><\/p>\n\n\n\n<ul class=\"wp-block-list\"><li><strong>Sum\u00e1rio do curso<\/strong>: Nesse espa\u00e7o o professor pode registrar uma breve descri\u00e7\u00e3o de seu curso\/disciplina, que ser\u00e1 visualizada na lista de cursos na p\u00e1gina inicial do Moodle, por qualquer participante cadastrado no ambiente MOODLE.<\/li><li><strong>Imagem do curso<\/strong>: Neste campo, o professor poder\u00e1 inserir arquivos de imagem (.jpg, .gif, .png) relacionados ao curso. Esta imagem \u00e9 exibida na lista de cursos juntamente com o resumo.<\/li><\/ul>\n\n\n\n<p><\/p>\n\n\n\n<p class=\"has-text-align-center\"><strong>BLOCO FORMATO DE CURSO<\/strong><\/p>\n\n\n\n<ul class=\"wp-block-list\"><li><strong>Formato<\/strong>: existem algumas op\u00e7\u00f5es de formato que o professor poder\u00e1 utilizar em seu curso, tais como:<\/li><\/ul>\n\n\n\n<ol class=\"wp-block-list\"><li><strong>Formato atividade \u00fanica<\/strong>\u00a0&#8211; Para mostrar apenas uma atividade ou recurso (como um Quiz ou um pacote SCORM) na p\u00e1gina do curso.<\/li><li><strong>Formato Social<\/strong>\u00a0&#8211; Este formato \u00e9 articulado em torno de um f\u00f3rum principal que corresponde \u00e0 p\u00e1gina principal do curso. \u00c9 um formato mais livre que pode ser usado, tamb\u00e9m, em contextos que n\u00e3o s\u00e3o cursos como, por exemplo, o quadro de avisos do departamento.<\/li><li><strong>Formato Tiles<\/strong> &#8211; \u00c9 o formato em blocos e visualmente \u00e9 mais agrad\u00e1vel a navega\u00e7\u00e3o.<\/li><li><strong>Formato T\u00f3picos<\/strong>\u00a0&#8211; Este \u00e9 o formato padr\u00e3o do Moodle. \u00c9 muito parecido com o formato semanal, mas as unidades l\u00f3gicas s\u00e3o assuntos ou temas. Al\u00e9m disso, os t\u00f3picos n\u00e3o t\u00eam limite de tempo.<\/li><li><strong>Formato Semanal<\/strong>\u00a0&#8211; O curso \u00e9 organizado em unidades correspondentes a semanas, com datas de in\u00edcio e fim bem definidas.<\/li><\/ol>\n\n\n\n<ul class=\"wp-block-list\"><li><strong>Se\u00e7\u00f5es escondidas<\/strong>: Estas op\u00e7\u00f5es permitem que o professor decida como se\u00e7\u00f5es ocultas no seu curso ser\u00e3o exibidas para os alunos. A op\u00e7\u00e3o padr\u00e3o define que as se\u00e7\u00f5es aparecer\u00e3o aos alunos com a \u00e1rea das atividades contra\u00edda e com a cor da se\u00e7\u00e3o alterada. A se\u00e7\u00e3o \u00e9 visualizada, mas os conte\u00fados da se\u00e7\u00e3o ficam ocultos. Isto pode ser \u00fatil em cursos com o formato semanal, para indicar semanas de f\u00e9rias, por exemplo. Se o professor escolher a outra op\u00e7\u00e3o, \u201cse\u00e7\u00f5es ocultas s\u00e3o completamente invis\u00edveis\u201d, as se\u00e7\u00f5es n\u00e3o ser\u00e3o visualizadas enquanto forem marcadas como ocultas.<\/li><li><strong>Layout do curso<\/strong>: Esta defini\u00e7\u00e3o determina se os t\u00f3picos do curso\/disciplina ser\u00e3o exibidos para os participantes em uma p\u00e1gina \u00fanica ou um t\u00f3pico por p\u00e1gina.<\/li><\/ul>\n\n\n\n<p><\/p>\n\n\n\n<figure class=\"wp-block-image size-large\"><img decoding=\"async\" width=\"708\" height=\"1024\" src=\"https:\/\/utfpr-ct-static-content.s3.amazonaws.com\/utfpr.curitiba.br\/wp-content\/uploads\/sites\/121\/2023\/04\/tela-3-4-708x1024.png\" alt=\"\" class=\"wp-image-1223\" srcset=\"https:\/\/utfpr-ct-static-content.s3.amazonaws.com\/utfpr.curitiba.br\/wp-content\/uploads\/sites\/121\/2023\/04\/tela-3-4-708x1024.png 708w, https:\/\/utfpr-ct-static-content.s3.amazonaws.com\/utfpr.curitiba.br\/wp-content\/uploads\/sites\/121\/2023\/04\/tela-3-4-207x300.png 207w, https:\/\/utfpr-ct-static-content.s3.amazonaws.com\/utfpr.curitiba.br\/wp-content\/uploads\/sites\/121\/2023\/04\/tela-3-4-768x1112.png 768w, https:\/\/utfpr-ct-static-content.s3.amazonaws.com\/utfpr.curitiba.br\/wp-content\/uploads\/sites\/121\/2023\/04\/tela-3-4-1061x1536.png 1061w, https:\/\/utfpr-ct-static-content.s3.amazonaws.com\/utfpr.curitiba.br\/wp-content\/uploads\/sites\/121\/2023\/04\/tela-3-4-1415x2048.png 1415w, https:\/\/utfpr-ct-static-content.s3.amazonaws.com\/utfpr.curitiba.br\/wp-content\/uploads\/sites\/121\/2023\/04\/tela-3-4.png 1652w\" sizes=\"(max-width: 708px) 100vw, 708px\" \/><\/figure>\n\n\n\n<p class=\"has-text-align-center\"><strong>BLOCO APAR\u00caNCIA<\/strong><\/p>\n\n\n\n<ul class=\"wp-block-list\"><li><strong>For\u00e7ar Tema<\/strong>: Tem a op\u00e7\u00e3o de n\u00e3o for\u00e7ar o tema ou escolher dentre tr\u00eas op\u00e7\u00f5es: <em>adaptable<\/em>, <em>boost <\/em>ou <em>cl\u00e1ssico<\/em>.<\/li><li><strong>For\u00e7ar idioma<\/strong>: O professor pode definir apenas um idioma para leitura da tela (portugu\u00eas, ingl\u00eas ou alem\u00e3o). Se optar por n\u00e3o for\u00e7ar, ser\u00e1 o participante que definir\u00e1 em que idioma o Moodle funcionar\u00e1 para ele.<\/li><li><strong>N\u00famero de avisos<\/strong>\u00a0&#8211; Esta configura\u00e7\u00e3o define o n\u00famero de not\u00edcias recentes que ser\u00e3o visualizadas na p\u00e1gina principal do curso, no bloco &#8220;\u00daltimas Not\u00edcias&#8221;. Se o professor definir o valor como &#8220;0 itens&#8221; o bloco &#8220;\u00daltimas Not\u00edcias&#8221; n\u00e3o ser\u00e1 visualizado.<\/li><li><strong>Mostrar livro de notas aos estudantes<\/strong>: Muitas atividades do Moodle podem ser avaliadas mediante atribui\u00e7\u00e3o de notas. Os resultados das avalia\u00e7\u00f5es s\u00e3o consultados pelos alunos na p\u00e1gina de Relat\u00f3rio de Notas. Para restringir o acesso ao Relat\u00f3rio de Notas apenas aos professores, \u00e9 necess\u00e1rio desabilitar a visualiza\u00e7\u00e3o no painel de configura\u00e7\u00e3o do curso. Este procedimento \u00e9 \u00fatil tamb\u00e9m nos casos em que o curso n\u00e3o prev\u00ea o uso de atividades com avalia\u00e7\u00e3o correspondente. Isto n\u00e3o impede que atividades individuais utilizem ou atribuam notas, apenas desativa a exibi\u00e7\u00e3o da p\u00e1gina de relat\u00f3rio para os alunos.<\/li><li><strong>Mostrar relat\u00f3rio das atividades<\/strong>: Esta configura\u00e7\u00e3o determina se um aluno pode ver os seus pr\u00f3prios relat\u00f3rios de atividade atrav\u00e9s da sua p\u00e1gina de perfil.<\/li><li><strong>Mostrar as datas da atividade<\/strong>: Esta configura\u00e7\u00e3o determina quando as datas da atividade ser\u00e3o mostradas abaixo de cada atividade na p\u00e1gina do curso.<\/li><\/ul>\n\n\n\n<p><\/p>\n\n\n\n<p class=\"has-text-align-center\"><strong>BLOCO ARQUIVOS E UPLOADS<\/strong><\/p>\n\n\n\n<ul class=\"wp-block-list\"><li><strong>Tamanho m\u00e1ximo de upload<\/strong>: A capacidade m\u00e1xima por arquivo no Moodle \u00e9 especificada por padr\u00e3o, mas o professor poder\u00e1 optar por deixar um tamanho inferior.<\/li><\/ul>\n\n\n\n<p><\/p>\n\n\n\n<p class=\"has-text-align-center\"><strong>BLOCO ACOMPANHAMENTO DE CONCLUS\u00c3O<\/strong><\/p>\n\n\n\n<ul class=\"wp-block-list\"><li><strong>Ativar rastreamento de conclus\u00e3o<\/strong>\u00a0&#8211; Uma vez ativado, as configura\u00e7\u00f5es de rastreamento de conclus\u00e3o s\u00e3o exibidas na p\u00e1gina de acompanhamento da conclus\u00e3o, e nas defini\u00e7\u00f5es de atividade.<\/li><li><strong>Mostrar condi\u00e7\u00f5es de conclus\u00e3o da atividade<\/strong>: Esta configura\u00e7\u00e3o determina se as condi\u00e7\u00f5es de conclus\u00e3o da atividade ser\u00e3o mostradas abaixo de cada atividade na p\u00e1gina do curso.<\/li><\/ul>\n\n\n\n<p><\/p>\n\n\n\n<p class=\"has-text-align-center\"><strong>BLOCO GRUPOS<\/strong><\/p>\n\n\n\n<ul class=\"wp-block-list\"><li><strong>Modalidade grupo<\/strong>&nbsp;&#8211; Esta configura\u00e7\u00e3o possui 3 op\u00e7\u00f5es:<\/li><\/ul>\n\n\n\n<ol class=\"wp-block-list\"><li><strong>Nenhum grupo<\/strong> &#8211; N\u00e3o h\u00e1 sub-grupos, todos fazem parte de uma grande comunidade<\/li><li><strong>Grupos separados<\/strong> &#8211; Cada membro de grupo pode ver apenas seu pr\u00f3prio grupo, os outros s\u00e3o invis\u00edveis<\/li><li><strong>Grupos vis\u00edveis<\/strong> &#8211; Cada membro do grupo trabalha no seu pr\u00f3prio grupo mas pode tamb\u00e9m ver outros grupos<\/li><\/ol>\n\n\n\n<ul class=\"wp-block-list\"><li><strong>For\u00e7ar modalidade grupo<\/strong>: O tipo de grupo definido neste espa\u00e7o ser\u00e1 o padr\u00e3o para todas as atividades do curso. Cada atividade que suporta grupos pode tamb\u00e9m definir seu pr\u00f3prio tipo de grupo, mas se o tipo de grupo \u00e9 for\u00e7ado no n\u00edvel do curso, o tipo de grupo para cada atividade \u00e9 ignorado.<\/li><li><strong>Agrupamento padr\u00e3o<\/strong>: O professor pode optar por nenhum agrupamento, ou ent\u00e3o selecionar um agrupamento j\u00e1 existente.<\/li><\/ul>\n\n\n\n<p><\/p>\n\n\n\n<p class=\"has-text-align-center\"><strong>BLOCO RENOMEAR PAPEL<\/strong><\/p>\n\n\n\n<p>Esta configura\u00e7\u00e3o permite alterar os nomes&nbsp; dos pap\u00e9is exibidos no curso. Apenas o nome exibido \u00e9 alterado &#8211; permiss\u00f5es do papel n\u00e3o s\u00e3o afetadas.<\/p>\n\n\n\n<p class=\"has-text-align-center\"><strong>BLOCO MARCADORES<\/strong><\/p>\n\n\n\n<p>Uso de Tags no curso para relacionar o curso com outras tags similares.<\/p>\n","protected":false},"excerpt":{"rendered":"<p>Ao iniciar uma disciplina ou um curso no Moodle, o ideal \u00e9 que o professor configure de acordo com suas necessidades. Para isso, o primeiro passo \u00e9 estar no bloco de navega\u00e7\u00e3o com o curso selecionado (meus cursos) e clicar na op\u00e7\u00e3o CONFIGURA\u00c7\u00d5ES, localizado no bloco ADMINISTRA\u00c7\u00c3O. Ao ser direcionado para a edi\u00e7\u00e3o de configura\u00e7\u00f5es [&hellip;]<\/p>\n","protected":false},"author":85,"featured_media":0,"comment_status":"open","ping_status":"closed","template":"","meta":{"site-sidebar-layout":"default","site-content-layout":"","ast-site-content-layout":"default","site-content-style":"default","site-sidebar-style":"default","ast-global-header-display":"","ast-banner-title-visibility":"","ast-main-header-display":"","ast-hfb-above-header-display":"","ast-hfb-below-header-display":"","ast-hfb-mobile-header-display":"","site-post-title":"","ast-breadcrumbs-content":"","ast-featured-img":"","footer-sml-layout":"","ast-disable-related-posts":"","theme-transparent-header-meta":"","adv-header-id-meta":"","stick-header-meta":"","header-above-stick-meta":"","header-main-stick-meta":"","header-below-stick-meta":"","astra-migrate-meta-layouts":"default","ast-page-background-enabled":"default","ast-page-background-meta":{"desktop":{"background-color":"var(--ast-global-color-4)","background-image":"","background-repeat":"repeat","background-position":"center center","background-size":"auto","background-attachment":"scroll","background-type":"","background-media":"","overlay-type":"","overlay-color":"","overlay-opacity":"","overlay-gradient":""},"tablet":{"background-color":"","background-image":"","background-repeat":"repeat","background-position":"center center","background-size":"auto","background-attachment":"scroll","background-type":"","background-media":"","overlay-type":"","overlay-color":"","overlay-opacity":"","overlay-gradient":""},"mobile":{"background-color":"","background-image":"","background-repeat":"repeat","background-position":"center center","background-size":"auto","background-attachment":"scroll","background-type":"","background-media":"","overlay-type":"","overlay-color":"","overlay-opacity":"","overlay-gradient":""}},"ast-content-background-meta":{"desktop":{"background-color":"var(--ast-global-color-5)","background-image":"","background-repeat":"repeat","background-position":"center center","background-size":"auto","background-attachment":"scroll","background-type":"","background-media":"","overlay-type":"","overlay-color":"","overlay-opacity":"","overlay-gradient":""},"tablet":{"background-color":"var(--ast-global-color-5)","background-image":"","background-repeat":"repeat","background-position":"center center","background-size":"auto","background-attachment":"scroll","background-type":"","background-media":"","overlay-type":"","overlay-color":"","overlay-opacity":"","overlay-gradient":""},"mobile":{"background-color":"var(--ast-global-color-5)","background-image":"","background-repeat":"repeat","background-position":"center center","background-size":"auto","background-attachment":"scroll","background-type":"","background-media":"","overlay-type":"","overlay-color":"","overlay-opacity":"","overlay-gradient":""}},"footnotes":""},"doc_category":[5],"doc_tag":[],"class_list":["post-200","docs","type-docs","status-publish","hentry","doc_category-manual-do-professor"],"year_month":"2026-04","word_count":1210,"total_views":0,"reactions":{"happy":0,"normal":0,"sad":0},"author_info":{"name":"VINICIUS SOLTOWSKY","author_nicename":"a1674277","author_url":"https:\/\/utfpr.curitiba.br\/manualmoodle\/author\/a1674277\/"},"doc_category_info":[{"term_name":"Manual do Professor","term_url":"https:\/\/utfpr.curitiba.br\/manualmoodle\/manuais\/manual-do-professor\/"}],"doc_tag_info":[],"yoast_head":"<!-- This site is optimized with the Yoast SEO plugin v27.4 - https:\/\/yoast.com\/product\/yoast-seo-wordpress\/ -->\n<title>4. Configurando o curso - Manual Moodle UTFPR<\/title>\n<meta name=\"robots\" content=\"index, follow, max-snippet:-1, max-image-preview:large, max-video-preview:-1\" \/>\n<link rel=\"canonical\" href=\"https:\/\/utfpr.curitiba.br\/manualmoodle\/docs\/4-configurando-o-curso\/\" \/>\n<meta property=\"og:locale\" content=\"pt_BR\" \/>\n<meta property=\"og:type\" content=\"article\" \/>\n<meta property=\"og:title\" content=\"4. Configurando o curso - Manual Moodle UTFPR\" \/>\n<meta property=\"og:description\" content=\"Ao iniciar uma disciplina ou um curso no Moodle, o ideal \u00e9 que o professor configure de acordo com suas necessidades. Para isso, o primeiro passo \u00e9 estar no bloco de navega\u00e7\u00e3o com o curso selecionado (meus cursos) e clicar na op\u00e7\u00e3o CONFIGURA\u00c7\u00d5ES, localizado no bloco ADMINISTRA\u00c7\u00c3O. Ao ser direcionado para a edi\u00e7\u00e3o de configura\u00e7\u00f5es [&hellip;]\" \/>\n<meta property=\"og:url\" content=\"https:\/\/utfpr.curitiba.br\/manualmoodle\/docs\/4-configurando-o-curso\/\" \/>\n<meta property=\"og:site_name\" content=\"Manual Moodle UTFPR\" \/>\n<meta property=\"article:modified_time\" content=\"2023-04-14T13:08:17+00:00\" \/>\n<meta property=\"og:image\" content=\"https:\/\/utfpr-ct-static-content.s3.amazonaws.com\/utfpr.curitiba.br\/wp-content\/uploads\/sites\/121\/2023\/04\/tela-1-6.png\" \/>\n\t<meta property=\"og:image:width\" content=\"1910\" \/>\n\t<meta property=\"og:image:height\" content=\"1036\" \/>\n\t<meta property=\"og:image:type\" content=\"image\/png\" \/>\n<meta name=\"twitter:card\" content=\"summary_large_image\" \/>\n<meta name=\"twitter:label1\" content=\"Est. reading time\" \/>\n\t<meta name=\"twitter:data1\" content=\"6 minutos\" \/>\n<script type=\"application\/ld+json\" class=\"yoast-schema-graph\">{\"@context\":\"https:\\\/\\\/schema.org\",\"@graph\":[{\"@type\":\"WebPage\",\"@id\":\"https:\\\/\\\/utfpr.curitiba.br\\\/manualmoodle\\\/docs\\\/4-configurando-o-curso\\\/\",\"url\":\"https:\\\/\\\/utfpr.curitiba.br\\\/manualmoodle\\\/docs\\\/4-configurando-o-curso\\\/\",\"name\":\"4. Configurando o curso - Manual Moodle UTFPR\",\"isPartOf\":{\"@id\":\"https:\\\/\\\/utfpr.curitiba.br\\\/manualmoodle\\\/#website\"},\"primaryImageOfPage\":{\"@id\":\"https:\\\/\\\/utfpr.curitiba.br\\\/manualmoodle\\\/docs\\\/4-configurando-o-curso\\\/#primaryimage\"},\"image\":{\"@id\":\"https:\\\/\\\/utfpr.curitiba.br\\\/manualmoodle\\\/docs\\\/4-configurando-o-curso\\\/#primaryimage\"},\"thumbnailUrl\":\"https:\\\/\\\/utfpr-ct-static-content.s3.amazonaws.com\\\/utfpr.curitiba.br\\\/wp-content\\\/uploads\\\/sites\\\/121\\\/2023\\\/04\\\/tela-1-6-1024x555.png\",\"datePublished\":\"2022-06-27T17:24:13+00:00\",\"dateModified\":\"2023-04-14T13:08:17+00:00\",\"breadcrumb\":{\"@id\":\"https:\\\/\\\/utfpr.curitiba.br\\\/manualmoodle\\\/docs\\\/4-configurando-o-curso\\\/#breadcrumb\"},\"inLanguage\":\"pt-BR\",\"potentialAction\":[{\"@type\":\"ReadAction\",\"target\":[\"https:\\\/\\\/utfpr.curitiba.br\\\/manualmoodle\\\/docs\\\/4-configurando-o-curso\\\/\"]}]},{\"@type\":\"ImageObject\",\"inLanguage\":\"pt-BR\",\"@id\":\"https:\\\/\\\/utfpr.curitiba.br\\\/manualmoodle\\\/docs\\\/4-configurando-o-curso\\\/#primaryimage\",\"url\":\"https:\\\/\\\/utfpr-ct-static-content.s3.amazonaws.com\\\/utfpr.curitiba.br\\\/wp-content\\\/uploads\\\/sites\\\/121\\\/2023\\\/04\\\/tela-1-6-1024x555.png\",\"contentUrl\":\"https:\\\/\\\/utfpr-ct-static-content.s3.amazonaws.com\\\/utfpr.curitiba.br\\\/wp-content\\\/uploads\\\/sites\\\/121\\\/2023\\\/04\\\/tela-1-6-1024x555.png\"},{\"@type\":\"BreadcrumbList\",\"@id\":\"https:\\\/\\\/utfpr.curitiba.br\\\/manualmoodle\\\/docs\\\/4-configurando-o-curso\\\/#breadcrumb\",\"itemListElement\":[{\"@type\":\"ListItem\",\"position\":1,\"name\":\"Home\",\"item\":\"https:\\\/\\\/utfpr.curitiba.br\\\/manualmoodle\\\/\"},{\"@type\":\"ListItem\",\"position\":2,\"name\":\"Manual Moodle UTFPR\",\"item\":\"https:\\\/\\\/utfpr.curitiba.br\\\/manualmoodle\\\/repositorio\\\/\"},{\"@type\":\"ListItem\",\"position\":3,\"name\":\"4. Configurando o curso\"}]},{\"@type\":\"WebSite\",\"@id\":\"https:\\\/\\\/utfpr.curitiba.br\\\/manualmoodle\\\/#website\",\"url\":\"https:\\\/\\\/utfpr.curitiba.br\\\/manualmoodle\\\/\",\"name\":\"Manual Moodle UTFPR\",\"description\":\"ajuda moodle Universidade tecnol\u00f3gica federal do paran\u00e1\",\"publisher\":{\"@id\":\"https:\\\/\\\/utfpr.curitiba.br\\\/manualmoodle\\\/#organization\"},\"potentialAction\":[{\"@type\":\"SearchAction\",\"target\":{\"@type\":\"EntryPoint\",\"urlTemplate\":\"https:\\\/\\\/utfpr.curitiba.br\\\/manualmoodle\\\/?s={search_term_string}\"},\"query-input\":{\"@type\":\"PropertyValueSpecification\",\"valueRequired\":true,\"valueName\":\"search_term_string\"}}],\"inLanguage\":\"pt-BR\"},{\"@type\":\"Organization\",\"@id\":\"https:\\\/\\\/utfpr.curitiba.br\\\/manualmoodle\\\/#organization\",\"name\":\"Manual Moodle criado pela UTFPR\",\"alternateName\":\"manual utiliza\u00e7ao cria\u00e7ao moodle utfpr\",\"url\":\"https:\\\/\\\/utfpr.curitiba.br\\\/manualmoodle\\\/\",\"logo\":{\"@type\":\"ImageObject\",\"inLanguage\":\"pt-BR\",\"@id\":\"https:\\\/\\\/utfpr.curitiba.br\\\/manualmoodle\\\/#\\\/schema\\\/logo\\\/image\\\/\",\"url\":\"https:\\\/\\\/utfpr-ct-static-content.s3.amazonaws.com\\\/utfpr.curitiba.br\\\/wp-content\\\/uploads\\\/sites\\\/121\\\/2022\\\/06\\\/LogotipoManualMoodle-4.svg\",\"contentUrl\":\"https:\\\/\\\/utfpr-ct-static-content.s3.amazonaws.com\\\/utfpr.curitiba.br\\\/wp-content\\\/uploads\\\/sites\\\/121\\\/2022\\\/06\\\/LogotipoManualMoodle-4.svg\",\"width\":740,\"height\":98,\"caption\":\"Manual Moodle criado pela UTFPR\"},\"image\":{\"@id\":\"https:\\\/\\\/utfpr.curitiba.br\\\/manualmoodle\\\/#\\\/schema\\\/logo\\\/image\\\/\"}}]}<\/script>\n<!-- \/ Yoast SEO plugin. -->","yoast_head_json":{"title":"4. Configurando o curso - Manual Moodle UTFPR","robots":{"index":"index","follow":"follow","max-snippet":"max-snippet:-1","max-image-preview":"max-image-preview:large","max-video-preview":"max-video-preview:-1"},"canonical":"https:\/\/utfpr.curitiba.br\/manualmoodle\/docs\/4-configurando-o-curso\/","og_locale":"pt_BR","og_type":"article","og_title":"4. Configurando o curso - Manual Moodle UTFPR","og_description":"Ao iniciar uma disciplina ou um curso no Moodle, o ideal \u00e9 que o professor configure de acordo com suas necessidades. Para isso, o primeiro passo \u00e9 estar no bloco de navega\u00e7\u00e3o com o curso selecionado (meus cursos) e clicar na op\u00e7\u00e3o CONFIGURA\u00c7\u00d5ES, localizado no bloco ADMINISTRA\u00c7\u00c3O. Ao ser direcionado para a edi\u00e7\u00e3o de configura\u00e7\u00f5es [&hellip;]","og_url":"https:\/\/utfpr.curitiba.br\/manualmoodle\/docs\/4-configurando-o-curso\/","og_site_name":"Manual Moodle UTFPR","article_modified_time":"2023-04-14T13:08:17+00:00","og_image":[{"width":1910,"height":1036,"url":"https:\/\/utfpr-ct-static-content.s3.amazonaws.com\/utfpr.curitiba.br\/wp-content\/uploads\/sites\/121\/2023\/04\/tela-1-6.png","type":"image\/png"}],"twitter_card":"summary_large_image","twitter_misc":{"Est. reading time":"6 minutos"},"schema":{"@context":"https:\/\/schema.org","@graph":[{"@type":"WebPage","@id":"https:\/\/utfpr.curitiba.br\/manualmoodle\/docs\/4-configurando-o-curso\/","url":"https:\/\/utfpr.curitiba.br\/manualmoodle\/docs\/4-configurando-o-curso\/","name":"4. Configurando o curso - Manual Moodle UTFPR","isPartOf":{"@id":"https:\/\/utfpr.curitiba.br\/manualmoodle\/#website"},"primaryImageOfPage":{"@id":"https:\/\/utfpr.curitiba.br\/manualmoodle\/docs\/4-configurando-o-curso\/#primaryimage"},"image":{"@id":"https:\/\/utfpr.curitiba.br\/manualmoodle\/docs\/4-configurando-o-curso\/#primaryimage"},"thumbnailUrl":"https:\/\/utfpr-ct-static-content.s3.amazonaws.com\/utfpr.curitiba.br\/wp-content\/uploads\/sites\/121\/2023\/04\/tela-1-6-1024x555.png","datePublished":"2022-06-27T17:24:13+00:00","dateModified":"2023-04-14T13:08:17+00:00","breadcrumb":{"@id":"https:\/\/utfpr.curitiba.br\/manualmoodle\/docs\/4-configurando-o-curso\/#breadcrumb"},"inLanguage":"pt-BR","potentialAction":[{"@type":"ReadAction","target":["https:\/\/utfpr.curitiba.br\/manualmoodle\/docs\/4-configurando-o-curso\/"]}]},{"@type":"ImageObject","inLanguage":"pt-BR","@id":"https:\/\/utfpr.curitiba.br\/manualmoodle\/docs\/4-configurando-o-curso\/#primaryimage","url":"https:\/\/utfpr-ct-static-content.s3.amazonaws.com\/utfpr.curitiba.br\/wp-content\/uploads\/sites\/121\/2023\/04\/tela-1-6-1024x555.png","contentUrl":"https:\/\/utfpr-ct-static-content.s3.amazonaws.com\/utfpr.curitiba.br\/wp-content\/uploads\/sites\/121\/2023\/04\/tela-1-6-1024x555.png"},{"@type":"BreadcrumbList","@id":"https:\/\/utfpr.curitiba.br\/manualmoodle\/docs\/4-configurando-o-curso\/#breadcrumb","itemListElement":[{"@type":"ListItem","position":1,"name":"Home","item":"https:\/\/utfpr.curitiba.br\/manualmoodle\/"},{"@type":"ListItem","position":2,"name":"Manual Moodle UTFPR","item":"https:\/\/utfpr.curitiba.br\/manualmoodle\/repositorio\/"},{"@type":"ListItem","position":3,"name":"4. Configurando o curso"}]},{"@type":"WebSite","@id":"https:\/\/utfpr.curitiba.br\/manualmoodle\/#website","url":"https:\/\/utfpr.curitiba.br\/manualmoodle\/","name":"Manual Moodle UTFPR","description":"ajuda moodle Universidade tecnol\u00f3gica federal do paran\u00e1","publisher":{"@id":"https:\/\/utfpr.curitiba.br\/manualmoodle\/#organization"},"potentialAction":[{"@type":"SearchAction","target":{"@type":"EntryPoint","urlTemplate":"https:\/\/utfpr.curitiba.br\/manualmoodle\/?s={search_term_string}"},"query-input":{"@type":"PropertyValueSpecification","valueRequired":true,"valueName":"search_term_string"}}],"inLanguage":"pt-BR"},{"@type":"Organization","@id":"https:\/\/utfpr.curitiba.br\/manualmoodle\/#organization","name":"Manual Moodle criado pela UTFPR","alternateName":"manual utiliza\u00e7ao cria\u00e7ao moodle utfpr","url":"https:\/\/utfpr.curitiba.br\/manualmoodle\/","logo":{"@type":"ImageObject","inLanguage":"pt-BR","@id":"https:\/\/utfpr.curitiba.br\/manualmoodle\/#\/schema\/logo\/image\/","url":"https:\/\/utfpr-ct-static-content.s3.amazonaws.com\/utfpr.curitiba.br\/wp-content\/uploads\/sites\/121\/2022\/06\/LogotipoManualMoodle-4.svg","contentUrl":"https:\/\/utfpr-ct-static-content.s3.amazonaws.com\/utfpr.curitiba.br\/wp-content\/uploads\/sites\/121\/2022\/06\/LogotipoManualMoodle-4.svg","width":740,"height":98,"caption":"Manual Moodle criado pela UTFPR"},"image":{"@id":"https:\/\/utfpr.curitiba.br\/manualmoodle\/#\/schema\/logo\/image\/"}}]}},"_links":{"self":[{"href":"https:\/\/utfpr.curitiba.br\/manualmoodle\/wp-json\/wp\/v2\/docs\/200","targetHints":{"allow":["GET"]}}],"collection":[{"href":"https:\/\/utfpr.curitiba.br\/manualmoodle\/wp-json\/wp\/v2\/docs"}],"about":[{"href":"https:\/\/utfpr.curitiba.br\/manualmoodle\/wp-json\/wp\/v2\/types\/docs"}],"author":[{"embeddable":true,"href":"https:\/\/utfpr.curitiba.br\/manualmoodle\/wp-json\/wp\/v2\/users\/85"}],"replies":[{"embeddable":true,"href":"https:\/\/utfpr.curitiba.br\/manualmoodle\/wp-json\/wp\/v2\/comments?post=200"}],"version-history":[{"count":9,"href":"https:\/\/utfpr.curitiba.br\/manualmoodle\/wp-json\/wp\/v2\/docs\/200\/revisions"}],"predecessor-version":[{"id":1226,"href":"https:\/\/utfpr.curitiba.br\/manualmoodle\/wp-json\/wp\/v2\/docs\/200\/revisions\/1226"}],"wp:attachment":[{"href":"https:\/\/utfpr.curitiba.br\/manualmoodle\/wp-json\/wp\/v2\/media?parent=200"}],"wp:term":[{"taxonomy":"doc_category","embeddable":true,"href":"https:\/\/utfpr.curitiba.br\/manualmoodle\/wp-json\/wp\/v2\/doc_category?post=200"},{"taxonomy":"doc_tag","embeddable":true,"href":"https:\/\/utfpr.curitiba.br\/manualmoodle\/wp-json\/wp\/v2\/doc_tag?post=200"}],"curies":[{"name":"wp","href":"https:\/\/api.w.org\/{rel}","templated":true}]}}