{"id":518,"date":"2019-10-22T17:14:54","date_gmt":"2019-10-22T20:14:54","guid":{"rendered":"http:\/\/labtutor.ct.utfpr.edu.br\/?page_id=518"},"modified":"2020-04-03T09:52:51","modified_gmt":"2020-04-03T12:52:51","slug":"material-de-apoio","status":"publish","type":"page","link":"https:\/\/utfpr.curitiba.br\/labtutor\/index.php\/material-de-apoio\/","title":{"rendered":"Testes sobre orienta\u00e7\u00e3o profissional e planejamento de carreira"},"content":{"rendered":"\n<p style=\"text-align:left\"><img decoding=\"async\" width=\"150\" height=\"53\" class=\"wp-image-536\" style=\"width: 150px;\" src=\"http:\/\/utfpr-ct-static-content.s3.amazonaws.com\/utfpr.curitiba.br\/wp-content\/uploads\/sites\/87\/2019\/10\/banner-campanha-orientese-1920.jpg\" alt=\"\" srcset=\"https:\/\/utfpr-ct-static-content.s3.amazonaws.com\/utfpr.curitiba.br\/wp-content\/uploads\/sites\/87\/2019\/10\/banner-campanha-orientese-1920.jpg 1920w, https:\/\/utfpr-ct-static-content.s3.amazonaws.com\/utfpr.curitiba.br\/wp-content\/uploads\/sites\/87\/2019\/10\/banner-campanha-orientese-1920-300x106.jpg 300w, https:\/\/utfpr-ct-static-content.s3.amazonaws.com\/utfpr.curitiba.br\/wp-content\/uploads\/sites\/87\/2019\/10\/banner-campanha-orientese-1920-768x272.jpg 768w, https:\/\/utfpr-ct-static-content.s3.amazonaws.com\/utfpr.curitiba.br\/wp-content\/uploads\/sites\/87\/2019\/10\/banner-campanha-orientese-1920-1024x363.jpg 1024w\" sizes=\"(max-width: 150px) 100vw, 150px\" \/><a href=\"http:\/\/utfpr-ct-static-content.s3.amazonaws.com\/utfpr.curitiba.br\/wp-content\/uploads\/sites\/87\/2019\/10\/Cartilha.pdf\">Clicando aqui<\/a>  voc\u00ea pode baixar um arquivo da Associa\u00e7\u00e3o Brasileira de Orienta\u00e7\u00e3o Profissional e se informar sobre orienta\u00e7\u00e3o profissional !<\/p>\n\n\n\n<div class=\"wp-block-file\"><a href=\"http:\/\/utfpr-ct-static-content.s3.amazonaws.com\/utfpr.curitiba.br\/wp-content\/uploads\/sites\/87\/2019\/10\/Minha-Hist\u00f3ria-de-Carreira-MHC-portugu\u00eas-Brasil-1.pdf\"><img decoding=\"async\" width=\"150\" height=\"100\" class=\"wp-image-789\" style=\"width: 150px;\" src=\"http:\/\/utfpr-ct-static-content.s3.amazonaws.com\/utfpr.curitiba.br\/wp-content\/uploads\/sites\/87\/2020\/03\/freestocks-OfaDD5o8hpk-unsplash.jpg\" alt=\"\" srcset=\"https:\/\/utfpr-ct-static-content.s3.amazonaws.com\/utfpr.curitiba.br\/wp-content\/uploads\/sites\/87\/2020\/03\/freestocks-OfaDD5o8hpk-unsplash.jpg 5020w, https:\/\/utfpr-ct-static-content.s3.amazonaws.com\/utfpr.curitiba.br\/wp-content\/uploads\/sites\/87\/2020\/03\/freestocks-OfaDD5o8hpk-unsplash-300x200.jpg 300w, https:\/\/utfpr-ct-static-content.s3.amazonaws.com\/utfpr.curitiba.br\/wp-content\/uploads\/sites\/87\/2020\/03\/freestocks-OfaDD5o8hpk-unsplash-768x512.jpg 768w, https:\/\/utfpr-ct-static-content.s3.amazonaws.com\/utfpr.curitiba.br\/wp-content\/uploads\/sites\/87\/2020\/03\/freestocks-OfaDD5o8hpk-unsplash-1024x683.jpg 1024w\" sizes=\"(max-width: 150px) 100vw, 150px\" \/>Exerc\u00edcio autobiogr\u00e1fico para o planejamento de vida e de carreira<\/a><a href=\"http:\/\/utfpr-ct-static-content.s3.amazonaws.com\/utfpr.curitiba.br\/wp-content\/uploads\/sites\/87\/2019\/10\/Minha-Hist\u00f3ria-de-Carreira-MHC-portugu\u00eas-Brasil-1.pdf\" class=\"wp-block-file__button\" download>Baixar<\/a><\/div>\n\n\n\n<div class=\"wp-block-file\"><a href=\"http:\/\/utfpr-ct-static-content.s3.amazonaws.com\/utfpr.curitiba.br\/wp-content\/uploads\/sites\/87\/2020\/02\/EXERC\u00cdCIO-3-\u00c2NCORAS-DE-CARREIRA-MANUAL-POC.pdf\"><img decoding=\"async\" width=\"150\" height=\"100\" class=\"wp-image-790\" style=\"width: 150px;\" src=\"http:\/\/utfpr-ct-static-content.s3.amazonaws.com\/utfpr.curitiba.br\/wp-content\/uploads\/sites\/87\/2020\/03\/joyce-mccown-boR7SuyzB7Q-unsplash.jpg\" alt=\"\" srcset=\"https:\/\/utfpr-ct-static-content.s3.amazonaws.com\/utfpr.curitiba.br\/wp-content\/uploads\/sites\/87\/2020\/03\/joyce-mccown-boR7SuyzB7Q-unsplash.jpg 5184w, https:\/\/utfpr-ct-static-content.s3.amazonaws.com\/utfpr.curitiba.br\/wp-content\/uploads\/sites\/87\/2020\/03\/joyce-mccown-boR7SuyzB7Q-unsplash-300x200.jpg 300w, https:\/\/utfpr-ct-static-content.s3.amazonaws.com\/utfpr.curitiba.br\/wp-content\/uploads\/sites\/87\/2020\/03\/joyce-mccown-boR7SuyzB7Q-unsplash-768x512.jpg 768w, https:\/\/utfpr-ct-static-content.s3.amazonaws.com\/utfpr.curitiba.br\/wp-content\/uploads\/sites\/87\/2020\/03\/joyce-mccown-boR7SuyzB7Q-unsplash-1024x683.jpg 1024w\" sizes=\"(max-width: 150px) 100vw, 150px\" \/>Exerc\u00edcio de \u00c2ncoras de Carreira &#8211; Manual POC<\/a><a href=\"http:\/\/utfpr-ct-static-content.s3.amazonaws.com\/utfpr.curitiba.br\/wp-content\/uploads\/sites\/87\/2020\/02\/EXERC\u00cdCIO-3-\u00c2NCORAS-DE-CARREIRA-MANUAL-POC.pdf\" class=\"wp-block-file__button\" download>Baixar<\/a><\/div>\n\n\n\n<div class=\"wp-block-file\"><a href=\"http:\/\/utfpr-ct-static-content.s3.amazonaws.com\/utfpr.curitiba.br\/wp-content\/uploads\/sites\/87\/2020\/03\/446946640-Qual-a-cor-do-seu-paraquedas-1208ejp-pdf.pdf.pdf\"><img loading=\"lazy\" decoding=\"async\" width=\"150\" height=\"225\" class=\"wp-image-792\" style=\"width: 150px;\" src=\"http:\/\/utfpr-ct-static-content.s3.amazonaws.com\/utfpr.curitiba.br\/wp-content\/uploads\/sites\/87\/2020\/03\/ciprian-boiciuc-4jLRW2v7LRE-unsplash.jpg\" alt=\"\" srcset=\"https:\/\/utfpr-ct-static-content.s3.amazonaws.com\/utfpr.curitiba.br\/wp-content\/uploads\/sites\/87\/2020\/03\/ciprian-boiciuc-4jLRW2v7LRE-unsplash.jpg 3264w, https:\/\/utfpr-ct-static-content.s3.amazonaws.com\/utfpr.curitiba.br\/wp-content\/uploads\/sites\/87\/2020\/03\/ciprian-boiciuc-4jLRW2v7LRE-unsplash-200x300.jpg 200w, https:\/\/utfpr-ct-static-content.s3.amazonaws.com\/utfpr.curitiba.br\/wp-content\/uploads\/sites\/87\/2020\/03\/ciprian-boiciuc-4jLRW2v7LRE-unsplash-768x1152.jpg 768w, https:\/\/utfpr-ct-static-content.s3.amazonaws.com\/utfpr.curitiba.br\/wp-content\/uploads\/sites\/87\/2020\/03\/ciprian-boiciuc-4jLRW2v7LRE-unsplash-683x1024.jpg 683w\" sizes=\"(max-width: 150px) 100vw, 150px\" \/>Qual a cor do seu paraquedas?<\/a><a href=\"http:\/\/utfpr-ct-static-content.s3.amazonaws.com\/utfpr.curitiba.br\/wp-content\/uploads\/sites\/87\/2020\/03\/446946640-Qual-a-cor-do-seu-paraquedas-1208ejp-pdf.pdf.pdf\" class=\"wp-block-file__button\" download>Baixar<\/a><\/div>\n","protected":false},"excerpt":{"rendered":"<p>Clicando aqui voc\u00ea pode baixar um arquivo da Associa\u00e7\u00e3o Brasileira de Orienta\u00e7\u00e3o Profissional e se informar sobre orienta\u00e7\u00e3o profissional !<\/p>\n","protected":false},"author":17,"featured_media":787,"parent":0,"menu_order":8,"comment_status":"closed","ping_status":"closed","template":"","meta":{"footnotes":""},"class_list":["post-518","page","type-page","status-publish","has-post-thumbnail","hentry"],"_links":{"self":[{"href":"https:\/\/utfpr.curitiba.br\/labtutor\/index.php\/wp-json\/wp\/v2\/pages\/518","targetHints":{"allow":["GET"]}}],"collection":[{"href":"https:\/\/utfpr.curitiba.br\/labtutor\/index.php\/wp-json\/wp\/v2\/pages"}],"about":[{"href":"https:\/\/utfpr.curitiba.br\/labtutor\/index.php\/wp-json\/wp\/v2\/types\/page"}],"author":[{"embeddable":true,"href":"https:\/\/utfpr.curitiba.br\/labtutor\/index.php\/wp-json\/wp\/v2\/users\/17"}],"replies":[{"embeddable":true,"href":"https:\/\/utfpr.curitiba.br\/labtutor\/index.php\/wp-json\/wp\/v2\/comments?post=518"}],"version-history":[{"count":28,"href":"https:\/\/utfpr.curitiba.br\/labtutor\/index.php\/wp-json\/wp\/v2\/pages\/518\/revisions"}],"predecessor-version":[{"id":848,"href":"https:\/\/utfpr.curitiba.br\/labtutor\/index.php\/wp-json\/wp\/v2\/pages\/518\/revisions\/848"}],"wp:featuredmedia":[{"embeddable":true,"href":"https:\/\/utfpr.curitiba.br\/labtutor\/index.php\/wp-json\/wp\/v2\/media\/787"}],"wp:attachment":[{"href":"https:\/\/utfpr.curitiba.br\/labtutor\/index.php\/wp-json\/wp\/v2\/media?parent=518"}],"curies":[{"name":"wp","href":"https:\/\/api.w.org\/{rel}","templated":true}]}}