{"id":576,"date":"2023-07-13T02:05:54","date_gmt":"2023-07-13T05:05:54","guid":{"rendered":"https:\/\/utfpr.lsda.online\/?page_id=82"},"modified":"2026-04-15T09:16:42","modified_gmt":"2026-04-15T12:16:42","slug":"inscreva-se","status":"publish","type":"page","link":"https:\/\/utfpr.curitiba.br\/iaaplicada\/inscreva-se\/","title":{"rendered":"Inscreva-se"},"content":{"rendered":"\t\t<div data-elementor-type=\"wp-page\" data-elementor-id=\"576\" class=\"elementor elementor-576\">\n\t\t\t\t\t\t<section class=\"elementor-section elementor-top-section elementor-element elementor-element-2dd6db6 elementor-section-boxed elementor-section-height-default elementor-section-height-default\" data-id=\"2dd6db6\" data-element_type=\"section\" data-e-type=\"section\">\n\t\t\t\t\t\t<div class=\"elementor-container elementor-column-gap-default\">\n\t\t\t\t\t<div class=\"elementor-column elementor-col-100 elementor-top-column elementor-element elementor-element-1adb52e\" data-id=\"1adb52e\" data-element_type=\"column\" data-e-type=\"column\">\n\t\t\t<div class=\"elementor-widget-wrap\">\n\t\t\t\t\t\t\t<\/div>\n\t\t<\/div>\n\t\t\t\t\t<\/div>\n\t\t<\/section>\n\t\t\t\t<section class=\"elementor-section elementor-top-section elementor-element elementor-element-adba240 elementor-section-boxed elementor-section-height-default elementor-section-height-default\" data-id=\"adba240\" data-element_type=\"section\" data-e-type=\"section\">\n\t\t\t\t\t\t<div class=\"elementor-container elementor-column-gap-default\">\n\t\t\t\t\t<div class=\"elementor-column elementor-col-100 elementor-top-column elementor-element elementor-element-c84fc82\" data-id=\"c84fc82\" data-element_type=\"column\" data-e-type=\"column\">\n\t\t\t<div class=\"elementor-widget-wrap elementor-element-populated\">\n\t\t\t\t\t\t<div class=\"elementor-element elementor-element-abac7e7 elementor-widget elementor-widget-text-editor\" data-id=\"abac7e7\" data-element_type=\"widget\" data-e-type=\"widget\" data-widget_type=\"text-editor.default\">\n\t\t\t\t\t\t\t\t\t<h2><strong>TURMA 2026<\/strong><\/h2>\t\t\t\t\t\t\t\t<\/div>\n\t\t\t\t<div class=\"elementor-element elementor-element-77db510 elementor-widget elementor-widget-text-editor\" data-id=\"77db510\" data-element_type=\"widget\" data-e-type=\"widget\" data-widget_type=\"text-editor.default\">\n\t\t\t\t\t\t\t\t\t<p style=\"font-weight: 400\">Per\u00edodo de Inscri\u00e7\u00e3o 06\/04\/2026 \u00e0 07\/08\/2026<\/p><p style=\"font-weight: 400\">Resultado da Classifica\u00e7\u00e3o 11\/08\/2026<\/p><p style=\"font-weight: 400\">Interposi\u00e7\u00e3o de Recurso 11\/08\/2026 e 12\/08\/2026<\/p><p style=\"font-weight: 400\">Per\u00edodo de Matr\u00edcula 11\/08\/2026 \u00e0 14\/08\/2026<\/p><p style=\"font-weight: 400\">Segunda Chamada para Matr\u00edcula 17\/08\/2026 \u00e0 19\/08\/2026<\/p><p style=\"font-weight: 400\">Terceira Chamada para Matr\u00edcula 20\/08\/2026 e 21\/08\/2026<\/p><p style=\"font-weight: 400\">Quarta Chamada para Matr\u00edcula 24\/08\/2026 e 25\/08\/2026<\/p><p style=\"font-weight: 400\">Quinta Chamada para Matr\u00edcula 26\/08\/2026<\/p><p style=\"font-weight: 400\"><strong>Inicio das Atividades\u00a0 11\/09\/2026<\/strong><\/p>\t\t\t\t\t\t\t\t<\/div>\n\t\t\t\t<div class=\"elementor-element elementor-element-203a09c elementor-align-center elementor-widget elementor-widget-button\" data-id=\"203a09c\" data-element_type=\"widget\" data-e-type=\"widget\" data-widget_type=\"button.default\">\n\t\t\t\t\t\t\t\t\t\t<a class=\"elementor-button elementor-button-link elementor-size-sm\" href=\"https:\/\/funtefpr.conveniar.com.br\/Eventos\/Forms\/Servicos\/EventoDados.aspx?action=2177\" target=\"_blank\">\n\t\t\t\t\t\t<span class=\"elementor-button-content-wrapper\">\n\t\t\t\t\t\t\t\t\t<span class=\"elementor-button-text\">INSCREVA-SE<\/span>\n\t\t\t\t\t<\/span>\n\t\t\t\t\t<\/a>\n\t\t\t\t\t\t\t\t<\/div>\n\t\t\t\t\t<\/div>\n\t\t<\/div>\n\t\t\t\t\t<\/div>\n\t\t<\/section>\n\t\t\t\t<section class=\"elementor-section elementor-top-section elementor-element elementor-element-cf8602d elementor-section-boxed elementor-section-height-default elementor-section-height-default\" data-id=\"cf8602d\" data-element_type=\"section\" data-e-type=\"section\">\n\t\t\t\t\t\t<div class=\"elementor-container elementor-column-gap-default\">\n\t\t\t\t\t<div class=\"elementor-column elementor-col-100 elementor-top-column elementor-element elementor-element-6af7703\" data-id=\"6af7703\" data-element_type=\"column\" data-e-type=\"column\">\n\t\t\t<div class=\"elementor-widget-wrap\">\n\t\t\t\t\t\t\t<\/div>\n\t\t<\/div>\n\t\t\t\t\t<\/div>\n\t\t<\/section>\n\t\t\t\t<\/div>\n\t\t","protected":false},"excerpt":{"rendered":"<p>TURMA 2026 Per\u00edodo de Inscri\u00e7\u00e3o 06\/04\/2026 \u00e0 07\/08\/2026 Resultado da Classifica\u00e7\u00e3o 11\/08\/2026 Interposi\u00e7\u00e3o de Recurso 11\/08\/2026 e 12\/08\/2026 Per\u00edodo de Matr\u00edcula 11\/08\/2026 \u00e0 14\/08\/2026 Segunda Chamada para Matr\u00edcula 17\/08\/2026 \u00e0 19\/08\/2026 Terceira Chamada para Matr\u00edcula 20\/08\/2026 e 21\/08\/2026 Quarta Chamada para Matr\u00edcula 24\/08\/2026 e 25\/08\/2026 Quinta Chamada para Matr\u00edcula 26\/08\/2026 Inicio das Atividades\u00a0 11\/09\/2026 INSCREVA-SE<\/p>\n","protected":false},"author":24,"featured_media":0,"parent":0,"menu_order":0,"comment_status":"closed","ping_status":"closed","template":"","meta":{"footnotes":""},"class_list":["post-576","page","type-page","status-publish","hentry"],"_links":{"self":[{"href":"https:\/\/utfpr.curitiba.br\/iaaplicada\/wp-json\/wp\/v2\/pages\/576","targetHints":{"allow":["GET"]}}],"collection":[{"href":"https:\/\/utfpr.curitiba.br\/iaaplicada\/wp-json\/wp\/v2\/pages"}],"about":[{"href":"https:\/\/utfpr.curitiba.br\/iaaplicada\/wp-json\/wp\/v2\/types\/page"}],"author":[{"embeddable":true,"href":"https:\/\/utfpr.curitiba.br\/iaaplicada\/wp-json\/wp\/v2\/users\/24"}],"replies":[{"embeddable":true,"href":"https:\/\/utfpr.curitiba.br\/iaaplicada\/wp-json\/wp\/v2\/comments?post=576"}],"version-history":[{"count":21,"href":"https:\/\/utfpr.curitiba.br\/iaaplicada\/wp-json\/wp\/v2\/pages\/576\/revisions"}],"predecessor-version":[{"id":2874,"href":"https:\/\/utfpr.curitiba.br\/iaaplicada\/wp-json\/wp\/v2\/pages\/576\/revisions\/2874"}],"wp:attachment":[{"href":"https:\/\/utfpr.curitiba.br\/iaaplicada\/wp-json\/wp\/v2\/media?parent=576"}],"curies":[{"name":"wp","href":"https:\/\/api.w.org\/{rel}","templated":true}]}}