{"id":67,"date":"2015-08-12T22:30:59","date_gmt":"2015-08-12T22:30:59","guid":{"rendered":"https:\/\/discordgrupo.wordpress.com\/?page_id=67"},"modified":"2020-05-11T20:41:11","modified_gmt":"2020-05-11T20:41:11","slug":"integrantes","status":"publish","type":"page","link":"https:\/\/utfpr.curitiba.br\/grupodiscord\/discord-2-2\/integrantes\/","title":{"rendered":"Pesquisadores"},"content":{"rendered":"<h4><strong>Coordena\u00e7\u00e3o<\/strong><\/h4>\n<p>Edna Miola<br \/>\n<a href=\"http:\/\/buscatextual.cnpq.br\/buscatextual\/visualizacv.do?id=T077948\" target=\"_blank\" rel=\"noopener noreferrer\">Curr\u00edculo Lattes<\/a><\/p>\n<p>Francisco Paulo Jamil Marques<br \/>\n<a href=\"http:\/\/buscatextual.cnpq.br\/buscatextual\/visualizacv.do?id=P667675\" target=\"_blank\" rel=\"noopener noreferrer\">Curr\u00edculo Lattes<\/a><\/p>\n<h4>Pesquisadores doutores<\/h4>\n<p>Camila Mont&#8217;Alverne<br \/>\n<a href=\"http:\/\/lattes.cnpq.br\/5286545648773440\">Curr\u00edculo Lattes<\/a><\/p>\n<p>Isabele Mitozo<br \/>\n<a href=\"http:\/\/lattes.cnpq.br\/3829158068953337\">Curr\u00edculo Lattes<\/a><\/p>\n<p>Fernanda Cavassana de Carvalho<br \/>\n<a href=\"http:\/\/lattes.cnpq.br\/3407738332416687\">Curr\u00edculo Lattes<\/a><\/p>\n<h4>Pesquisadores em forma\u00e7\u00e3o<\/h4>\n<p>Daniele Solana Minozzo &#8211; Doutoranda<br \/>\n<a href=\"http:\/\/lattes.cnpq.br\/5621311608647606\">Curr\u00edculo Lattes<\/a><\/p>\n<p>Fl\u00e1vio Rosendo dos Santos &#8211; Doutorando<br \/>\n<a href=\"http:\/\/lattes.cnpq.br\/8760690204977508\">Curr\u00edculo Lattes<\/a><\/p>\n<p>Let\u00edcia Codagnone Ferreira Raymundo &#8211; Mestranda<br \/>\n<a href=\"http:\/\/lattes.cnpq.br\/3961440490421573\">Curr\u00edculo Lattes<\/a><\/p>\n<p>Rodrigo Alves Novinski &#8211; Mestrando<br \/>\n<a href=\"http:\/\/lattes.cnpq.br\/7295277858143875\">Curr\u00edculo Lattes<\/a><\/p>\n<p>Nayane Pantoja Cardoso &#8211; Mestranda<br \/>\n<a href=\"http:\/\/lattes.cnpq.br\/6416272858303162\">Curr\u00edculo Lattes<\/a><\/p>\n<p>Francisco Camolezi Melo &#8211; Graduando<br \/>\n<a href=\"http:\/\/lattes.cnpq.br\/2381576213811215\">Curr\u00edculo Lattes<\/a><\/p>\n<p>Gabriel Abreu &#8211; Graduando<br \/>\n<a href=\"http:\/\/lattes.cnpq.br\/4592933385416354\">Curr\u00edculo Lattes<\/a><\/p>\n<p>Luiz Prendin &#8211; Graduando<br \/>\n<a href=\"http:\/\/lattes.cnpq.br\/1235248818299297\">Curr\u00edculo Lattes<\/a><\/p>\n","protected":false},"excerpt":{"rendered":"<p>Coordena\u00e7\u00e3o Edna Miola Curr\u00edculo Lattes Francisco Paulo Jamil Marques Curr\u00edculo Lattes Pesquisadores doutores Camila Mont&#8217;Alverne Curr\u00edculo Lattes Isabele Mitozo Curr\u00edculo Lattes Fernanda Cavassana de Carvalho Curr\u00edculo Lattes Pesquisadores em forma\u00e7\u00e3o Daniele Solana Minozzo &#8211; Doutoranda Curr\u00edculo Lattes Fl\u00e1vio Rosendo dos &hellip; <a href=\"https:\/\/utfpr.curitiba.br\/grupodiscord\/discord-2-2\/integrantes\/\">Continue lendo <span class=\"meta-nav\">&rarr;<\/span><\/a><\/p>\n","protected":false},"author":5,"featured_media":0,"parent":70,"menu_order":0,"comment_status":"closed","ping_status":"closed","template":"","meta":{"footnotes":""},"class_list":["post-67","page","type-page","status-publish","hentry"],"_links":{"self":[{"href":"https:\/\/utfpr.curitiba.br\/grupodiscord\/wp-json\/wp\/v2\/pages\/67","targetHints":{"allow":["GET"]}}],"collection":[{"href":"https:\/\/utfpr.curitiba.br\/grupodiscord\/wp-json\/wp\/v2\/pages"}],"about":[{"href":"https:\/\/utfpr.curitiba.br\/grupodiscord\/wp-json\/wp\/v2\/types\/page"}],"author":[{"embeddable":true,"href":"https:\/\/utfpr.curitiba.br\/grupodiscord\/wp-json\/wp\/v2\/users\/5"}],"replies":[{"embeddable":true,"href":"https:\/\/utfpr.curitiba.br\/grupodiscord\/wp-json\/wp\/v2\/comments?post=67"}],"version-history":[{"count":5,"href":"https:\/\/utfpr.curitiba.br\/grupodiscord\/wp-json\/wp\/v2\/pages\/67\/revisions"}],"predecessor-version":[{"id":320,"href":"https:\/\/utfpr.curitiba.br\/grupodiscord\/wp-json\/wp\/v2\/pages\/67\/revisions\/320"}],"up":[{"embeddable":true,"href":"https:\/\/utfpr.curitiba.br\/grupodiscord\/wp-json\/wp\/v2\/pages\/70"}],"wp:attachment":[{"href":"https:\/\/utfpr.curitiba.br\/grupodiscord\/wp-json\/wp\/v2\/media?parent=67"}],"curies":[{"name":"wp","href":"https:\/\/api.w.org\/{rel}","templated":true}]}}