{"id":179,"date":"2022-06-07T16:32:53","date_gmt":"2022-06-07T19:32:53","guid":{"rendered":"https:\/\/utfpr.curitiba.br\/geduci\/?page_id=179"},"modified":"2023-08-27T15:58:39","modified_gmt":"2023-08-27T18:58:39","slug":"professores","status":"publish","type":"page","link":"https:\/\/utfpr.curitiba.br\/geduci\/professores\/","title":{"rendered":"Professores"},"content":{"rendered":"\t\t<div data-elementor-type=\"wp-page\" data-elementor-id=\"179\" class=\"elementor elementor-179\">\n\t\t\t\t\t\t<section class=\"elementor-section elementor-top-section elementor-element elementor-element-fc14a66 elementor-section-boxed elementor-section-height-default elementor-section-height-default wpr-particle-no wpr-jarallax-no wpr-parallax-no wpr-sticky-section-no wpr-equal-height-no\" data-id=\"fc14a66\" data-element_type=\"section\" data-e-type=\"section\">\n\t\t\t\t\t\t<div class=\"elementor-container elementor-column-gap-default\">\n\t\t\t\t\t<div class=\"elementor-column elementor-col-100 elementor-top-column elementor-element elementor-element-7a02097\" data-id=\"7a02097\" data-element_type=\"column\" data-e-type=\"column\">\n\t\t\t<div class=\"elementor-widget-wrap elementor-element-populated\">\n\t\t\t\t\t\t<div class=\"elementor-element elementor-element-f65b8ce elementor-widget elementor-widget-spacer\" data-id=\"f65b8ce\" data-element_type=\"widget\" data-e-type=\"widget\" data-widget_type=\"spacer.default\">\n\t\t\t\t<div class=\"elementor-widget-container\">\n\t\t\t\t\t\t\t<div class=\"elementor-spacer\">\n\t\t\t<div class=\"elementor-spacer-inner\"><\/div>\n\t\t<\/div>\n\t\t\t\t\t\t<\/div>\n\t\t\t\t<\/div>\n\t\t\t\t<div class=\"elementor-element elementor-element-28dd967 elementor-widget elementor-widget-heading\" data-id=\"28dd967\" data-element_type=\"widget\" data-e-type=\"widget\" data-widget_type=\"heading.default\">\n\t\t\t\t<div class=\"elementor-widget-container\">\n\t\t\t\t\t<h2 class=\"elementor-heading-title elementor-size-default\">Corpo docente GEDUCI 2023<\/h2>\t\t\t\t<\/div>\n\t\t\t\t<\/div>\n\t\t\t\t\t<\/div>\n\t\t<\/div>\n\t\t\t\t\t<\/div>\n\t\t<\/section>\n\t\t\t\t<section class=\"elementor-section elementor-top-section elementor-element elementor-element-8a6bce3 elementor-section-boxed elementor-section-height-default elementor-section-height-default wpr-particle-no wpr-jarallax-no wpr-parallax-no wpr-sticky-section-no wpr-equal-height-no\" data-id=\"8a6bce3\" data-element_type=\"section\" data-e-type=\"section\">\n\t\t\t\t\t\t<div class=\"elementor-container elementor-column-gap-default\">\n\t\t\t\t\t<div class=\"elementor-column elementor-col-33 elementor-top-column elementor-element elementor-element-329bbf2\" data-id=\"329bbf2\" data-element_type=\"column\" data-e-type=\"column\">\n\t\t\t<div class=\"elementor-widget-wrap elementor-element-populated\">\n\t\t\t\t\t\t<div class=\"elementor-element elementor-element-c3d3509 elementor-widget elementor-widget-image\" data-id=\"c3d3509\" data-element_type=\"widget\" data-e-type=\"widget\" data-widget_type=\"image.default\">\n\t\t\t\t<div class=\"elementor-widget-container\">\n\t\t\t\t\t\t\t\t\t\t\t\t<figure class=\"wp-caption\">\n\t\t\t\t\t\t\t\t\t\t<img fetchpriority=\"high\" decoding=\"async\" width=\"300\" height=\"300\" src=\"https:\/\/utfpr-ct-static-content.s3.amazonaws.com\/utfpr.curitiba.br\/wp-content\/uploads\/sites\/158\/2023\/07\/1-300x300.png\" class=\"attachment-medium size-medium wp-image-1291\" alt=\"\" srcset=\"https:\/\/utfpr-ct-static-content.s3.amazonaws.com\/utfpr.curitiba.br\/wp-content\/uploads\/sites\/158\/2023\/07\/1-300x300.png 300w, https:\/\/utfpr-ct-static-content.s3.amazonaws.com\/utfpr.curitiba.br\/wp-content\/uploads\/sites\/158\/2023\/07\/1-150x150.png 150w, https:\/\/utfpr-ct-static-content.s3.amazonaws.com\/utfpr.curitiba.br\/wp-content\/uploads\/sites\/158\/2023\/07\/1-768x768.png 768w, https:\/\/utfpr-ct-static-content.s3.amazonaws.com\/utfpr.curitiba.br\/wp-content\/uploads\/sites\/158\/2023\/07\/1.png 800w\" sizes=\"(max-width: 300px) 100vw, 300px\" \/>\t\t\t\t\t\t\t\t\t\t\t<figcaption class=\"widget-image-caption wp-caption-text\">Ant\u00f4nio Gon\u00e7alves de Oliveira<\/figcaption>\n\t\t\t\t\t\t\t\t\t\t<\/figure>\n\t\t\t\t\t\t\t\t\t<\/div>\n\t\t\t\t<\/div>\n\t\t\t\t<div class=\"elementor-element elementor-element-05ed731 elementor-align-center elementor-widget elementor-widget-button\" data-id=\"05ed731\" data-element_type=\"widget\" data-e-type=\"widget\" data-settings=\"{&quot;_animation&quot;:&quot;none&quot;}\" data-widget_type=\"button.default\">\n\t\t\t\t<div class=\"elementor-widget-container\">\n\t\t\t\t\t\t\t\t\t<div class=\"elementor-button-wrapper\">\n\t\t\t\t\t<a class=\"elementor-button elementor-button-link elementor-size-xs\" href=\"http:\/\/lattes.cnpq.br\/1924420693381374\" target=\"_blank\">\n\t\t\t\t\t\t<span class=\"elementor-button-content-wrapper\">\n\t\t\t\t\t\t\t\t\t<span class=\"elementor-button-text\">Curr\u00edculo Lattes<\/span>\n\t\t\t\t\t<\/span>\n\t\t\t\t\t<\/a>\n\t\t\t\t<\/div>\n\t\t\t\t\t\t\t\t<\/div>\n\t\t\t\t<\/div>\n\t\t\t\t\t<\/div>\n\t\t<\/div>\n\t\t\t\t<div class=\"elementor-column elementor-col-66 elementor-top-column elementor-element elementor-element-e65272b\" data-id=\"e65272b\" data-element_type=\"column\" data-e-type=\"column\">\n\t\t\t<div class=\"elementor-widget-wrap elementor-element-populated\">\n\t\t\t\t\t\t<div class=\"elementor-element elementor-element-380d514 elementor-widget elementor-widget-text-editor\" data-id=\"380d514\" data-element_type=\"widget\" data-e-type=\"widget\" data-widget_type=\"text-editor.default\">\n\t\t\t\t<div class=\"elementor-widget-container\">\n\t\t\t\t\t\t\t\t\t<p>Contador, Advogado, Mestre em Administra\u00e7\u00e3o de Empresas e Doutor em Engenharia de Produ\u00e7\u00e3o. Atualmente \u00e9 Professor Associado na Universidade Tecnol\u00f3gica Federal do Paran\u00e1 (UTFPR)\/ Departamento Acad\u00eamico de Gest\u00e3o e Economia (DAGEE) vinculado \u00e0 Gradua\u00e7\u00e3o e \u00e0 P\u00f3s- Gradua\u00e7\u00e3o &#8211; Programa de Mestrado e Doutorado em Planejamento e Governan\u00e7a P\u00fablica (PPGPGP). L\u00edder do Grupo de Pesquisa: Governan\u00e7a P\u00fablica e Desenvolvimento. Tutor do Programa de Educa\u00e7\u00e3o Tutorial em Pol\u00edticas P\u00fablicas (PET-PP). Acad\u00eamico da Academia de Ci\u00eancias Cont\u00e1beis do Paran\u00e1 &#8211; ACCPR &#8211; titular da Cadeira 26. Atuou como: Pr\u00f3-Reitor Acad\u00eamico; coordenador de cursos de gradua\u00e7\u00e3o e p\u00f3s-gradua\u00e7\u00e3o; Secret\u00e1rio Geral; Editor Adjunto da Revista Brasileira de Planejamento e Desenvolvimento; e como Consultor Ad hoc e Membro de Comit\u00eas de Assessoramento de \u00c1rea na CAPES (\u00c1rea de Ci\u00eancias sociais Aplicadas\/PUR-D) e Funda\u00e7\u00e3o Arauc\u00e1ria (CAAs\/CSA). Possui experi\u00eancia profissional com atua\u00e7\u00e3o em organiza\u00e7\u00f5es empresariais e institui\u00e7\u00f5es de ensino superior, principalmente nos seguintes temas: gest\u00e3o financeira, controladoria, sistema de informa\u00e7\u00f5es, gest\u00e3o educacional (acad\u00eamico_financeira_patrimonial), curr\u00edculos e avalia\u00e7\u00e3o da Educa\u00e7\u00e3o Superior (institucional e de cursos de gradua\u00e7\u00e3o).<\/p>\t\t\t\t\t\t\t\t<\/div>\n\t\t\t\t<\/div>\n\t\t\t\t\t<\/div>\n\t\t<\/div>\n\t\t\t\t\t<\/div>\n\t\t<\/section>\n\t\t\t\t<section class=\"elementor-section elementor-top-section elementor-element elementor-element-1b40643 elementor-section-boxed elementor-section-height-default elementor-section-height-default wpr-particle-no wpr-jarallax-no wpr-parallax-no wpr-sticky-section-no wpr-equal-height-no\" data-id=\"1b40643\" data-element_type=\"section\" data-e-type=\"section\">\n\t\t\t\t\t\t<div class=\"elementor-container elementor-column-gap-default\">\n\t\t\t\t\t<div class=\"elementor-column elementor-col-100 elementor-top-column elementor-element elementor-element-a3cddcf\" data-id=\"a3cddcf\" data-element_type=\"column\" data-e-type=\"column\">\n\t\t\t<div class=\"elementor-widget-wrap elementor-element-populated\">\n\t\t\t\t\t\t<div class=\"elementor-element elementor-element-b9954ea elementor-widget-divider--view-line elementor-widget elementor-widget-divider\" data-id=\"b9954ea\" data-element_type=\"widget\" data-e-type=\"widget\" data-widget_type=\"divider.default\">\n\t\t\t\t<div class=\"elementor-widget-container\">\n\t\t\t\t\t\t\t<div class=\"elementor-divider\">\n\t\t\t<span class=\"elementor-divider-separator\">\n\t\t\t\t\t\t<\/span>\n\t\t<\/div>\n\t\t\t\t\t\t<\/div>\n\t\t\t\t<\/div>\n\t\t\t\t\t<\/div>\n\t\t<\/div>\n\t\t\t\t\t<\/div>\n\t\t<\/section>\n\t\t\t\t<section class=\"elementor-section elementor-top-section elementor-element elementor-element-b3d072f elementor-section-boxed elementor-section-height-default elementor-section-height-default wpr-particle-no wpr-jarallax-no wpr-parallax-no wpr-sticky-section-no wpr-equal-height-no\" data-id=\"b3d072f\" data-element_type=\"section\" data-e-type=\"section\">\n\t\t\t\t\t\t<div class=\"elementor-container elementor-column-gap-default\">\n\t\t\t\t\t<div class=\"elementor-column elementor-col-33 elementor-top-column elementor-element elementor-element-96f9bec\" data-id=\"96f9bec\" data-element_type=\"column\" data-e-type=\"column\">\n\t\t\t<div class=\"elementor-widget-wrap elementor-element-populated\">\n\t\t\t\t\t\t<div class=\"elementor-element elementor-element-06e2744 elementor-widget elementor-widget-image\" data-id=\"06e2744\" data-element_type=\"widget\" data-e-type=\"widget\" data-widget_type=\"image.default\">\n\t\t\t\t<div class=\"elementor-widget-container\">\n\t\t\t\t\t\t\t\t\t\t\t\t<figure class=\"wp-caption\">\n\t\t\t\t\t\t\t\t\t\t<img decoding=\"async\" width=\"300\" height=\"300\" src=\"https:\/\/utfpr-ct-static-content.s3.amazonaws.com\/utfpr.curitiba.br\/wp-content\/uploads\/sites\/158\/2023\/07\/Docentes-GEDUCI-300x300.png\" class=\"attachment-medium size-medium wp-image-1299\" alt=\"\" srcset=\"https:\/\/utfpr-ct-static-content.s3.amazonaws.com\/utfpr.curitiba.br\/wp-content\/uploads\/sites\/158\/2023\/07\/Docentes-GEDUCI-300x300.png 300w, https:\/\/utfpr-ct-static-content.s3.amazonaws.com\/utfpr.curitiba.br\/wp-content\/uploads\/sites\/158\/2023\/07\/Docentes-GEDUCI-150x150.png 150w, https:\/\/utfpr-ct-static-content.s3.amazonaws.com\/utfpr.curitiba.br\/wp-content\/uploads\/sites\/158\/2023\/07\/Docentes-GEDUCI-768x768.png 768w, https:\/\/utfpr-ct-static-content.s3.amazonaws.com\/utfpr.curitiba.br\/wp-content\/uploads\/sites\/158\/2023\/07\/Docentes-GEDUCI.png 800w\" sizes=\"(max-width: 300px) 100vw, 300px\" \/>\t\t\t\t\t\t\t\t\t\t\t<figcaption class=\"widget-image-caption wp-caption-text\">Aurea Cristina Magalh\u00e3es Niada<\/figcaption>\n\t\t\t\t\t\t\t\t\t\t<\/figure>\n\t\t\t\t\t\t\t\t\t<\/div>\n\t\t\t\t<\/div>\n\t\t\t\t<div class=\"elementor-element elementor-element-777685c elementor-align-center elementor-widget elementor-widget-button\" data-id=\"777685c\" data-element_type=\"widget\" data-e-type=\"widget\" data-settings=\"{&quot;_animation&quot;:&quot;none&quot;}\" data-widget_type=\"button.default\">\n\t\t\t\t<div class=\"elementor-widget-container\">\n\t\t\t\t\t\t\t\t\t<div class=\"elementor-button-wrapper\">\n\t\t\t\t\t<a class=\"elementor-button elementor-button-link elementor-size-xs\" href=\"http:\/\/lattes.cnpq.br\/5109556637447626\" target=\"_blank\">\n\t\t\t\t\t\t<span class=\"elementor-button-content-wrapper\">\n\t\t\t\t\t\t\t\t\t<span class=\"elementor-button-text\">Curr\u00edculo Lattes<\/span>\n\t\t\t\t\t<\/span>\n\t\t\t\t\t<\/a>\n\t\t\t\t<\/div>\n\t\t\t\t\t\t\t\t<\/div>\n\t\t\t\t<\/div>\n\t\t\t\t\t<\/div>\n\t\t<\/div>\n\t\t\t\t<div class=\"elementor-column elementor-col-66 elementor-top-column elementor-element elementor-element-9c49a3d\" data-id=\"9c49a3d\" data-element_type=\"column\" data-e-type=\"column\">\n\t\t\t<div class=\"elementor-widget-wrap elementor-element-populated\">\n\t\t\t\t\t\t<div class=\"elementor-element elementor-element-5a53216 elementor-widget elementor-widget-text-editor\" data-id=\"5a53216\" data-element_type=\"widget\" data-e-type=\"widget\" data-widget_type=\"text-editor.default\">\n\t\t\t\t<div class=\"elementor-widget-container\">\n\t\t\t\t\t\t\t\t\t<p>Professora adjunta na Universidade Tecnol\u00f3gica Federal do Paran\u00e1, campus Curitiba, lecionando disciplinas de marketing em cursos de gradua\u00e7\u00e3o e especializa\u00e7\u00e3o.\u00c9 mestre e doutora em Administra\u00e7\u00e3o pela UFPR, linha de pesquisa em Estrat\u00e9gia de Marketing e Comportamento do consumidor. Atuou na gest\u00e3o da gradua\u00e7\u00e3o como coordenadora do curso de bacharelado em Administra\u00e7\u00e3o, Diretora de Gradua\u00e7\u00e3o no campus Curitiba e Diretora de Gradua\u00e7\u00e3o da UTFPR. Tem experi\u00eancia na \u00e1rea de pesquisa de marketing. Tem interesse nos temas: Estrat\u00e9gias de Marketing; Comportamento do Consumidor; Marketing Digital.<\/p>\t\t\t\t\t\t\t\t<\/div>\n\t\t\t\t<\/div>\n\t\t\t\t\t<\/div>\n\t\t<\/div>\n\t\t\t\t\t<\/div>\n\t\t<\/section>\n\t\t\t\t<section class=\"elementor-section elementor-top-section elementor-element elementor-element-b1f5143 elementor-section-boxed elementor-section-height-default elementor-section-height-default wpr-particle-no wpr-jarallax-no wpr-parallax-no wpr-sticky-section-no wpr-equal-height-no\" data-id=\"b1f5143\" data-element_type=\"section\" data-e-type=\"section\">\n\t\t\t\t\t\t<div class=\"elementor-container elementor-column-gap-default\">\n\t\t\t\t\t<div class=\"elementor-column elementor-col-100 elementor-top-column elementor-element elementor-element-032e494\" data-id=\"032e494\" data-element_type=\"column\" data-e-type=\"column\">\n\t\t\t<div class=\"elementor-widget-wrap elementor-element-populated\">\n\t\t\t\t\t\t<div class=\"elementor-element elementor-element-69e649b elementor-widget-divider--view-line elementor-widget elementor-widget-divider\" data-id=\"69e649b\" data-element_type=\"widget\" data-e-type=\"widget\" data-widget_type=\"divider.default\">\n\t\t\t\t<div class=\"elementor-widget-container\">\n\t\t\t\t\t\t\t<div class=\"elementor-divider\">\n\t\t\t<span class=\"elementor-divider-separator\">\n\t\t\t\t\t\t<\/span>\n\t\t<\/div>\n\t\t\t\t\t\t<\/div>\n\t\t\t\t<\/div>\n\t\t\t\t\t<\/div>\n\t\t<\/div>\n\t\t\t\t\t<\/div>\n\t\t<\/section>\n\t\t\t\t<section class=\"elementor-section elementor-top-section elementor-element elementor-element-1e19274 elementor-section-boxed elementor-section-height-default elementor-section-height-default wpr-particle-no wpr-jarallax-no wpr-parallax-no wpr-sticky-section-no wpr-equal-height-no\" data-id=\"1e19274\" data-element_type=\"section\" data-e-type=\"section\">\n\t\t\t\t\t\t<div class=\"elementor-container elementor-column-gap-default\">\n\t\t\t\t\t<div class=\"elementor-column elementor-col-33 elementor-top-column elementor-element elementor-element-6f377c1\" data-id=\"6f377c1\" data-element_type=\"column\" data-e-type=\"column\">\n\t\t\t<div class=\"elementor-widget-wrap elementor-element-populated\">\n\t\t\t\t\t\t<div class=\"elementor-element elementor-element-0896a5b elementor-widget elementor-widget-image\" data-id=\"0896a5b\" data-element_type=\"widget\" data-e-type=\"widget\" data-widget_type=\"image.default\">\n\t\t\t\t<div class=\"elementor-widget-container\">\n\t\t\t\t\t\t\t\t\t\t\t\t<figure class=\"wp-caption\">\n\t\t\t\t\t\t\t\t\t\t<img decoding=\"async\" width=\"300\" height=\"300\" src=\"https:\/\/utfpr-ct-static-content.s3.amazonaws.com\/utfpr.curitiba.br\/wp-content\/uploads\/sites\/158\/2023\/07\/Docentes-GEDUCI-3-300x300.png\" class=\"attachment-medium size-medium wp-image-1318\" alt=\"\" srcset=\"https:\/\/utfpr-ct-static-content.s3.amazonaws.com\/utfpr.curitiba.br\/wp-content\/uploads\/sites\/158\/2023\/07\/Docentes-GEDUCI-3-300x300.png 300w, https:\/\/utfpr-ct-static-content.s3.amazonaws.com\/utfpr.curitiba.br\/wp-content\/uploads\/sites\/158\/2023\/07\/Docentes-GEDUCI-3-150x150.png 150w, https:\/\/utfpr-ct-static-content.s3.amazonaws.com\/utfpr.curitiba.br\/wp-content\/uploads\/sites\/158\/2023\/07\/Docentes-GEDUCI-3-768x768.png 768w, https:\/\/utfpr-ct-static-content.s3.amazonaws.com\/utfpr.curitiba.br\/wp-content\/uploads\/sites\/158\/2023\/07\/Docentes-GEDUCI-3.png 800w\" sizes=\"(max-width: 300px) 100vw, 300px\" \/>\t\t\t\t\t\t\t\t\t\t\t<figcaption class=\"widget-image-caption wp-caption-text\">Jamile Ajub Brid<\/figcaption>\n\t\t\t\t\t\t\t\t\t\t<\/figure>\n\t\t\t\t\t\t\t\t\t<\/div>\n\t\t\t\t<\/div>\n\t\t\t\t<div class=\"elementor-element elementor-element-6369424 elementor-align-center elementor-widget elementor-widget-button\" data-id=\"6369424\" data-element_type=\"widget\" data-e-type=\"widget\" data-settings=\"{&quot;_animation&quot;:&quot;none&quot;}\" data-widget_type=\"button.default\">\n\t\t\t\t<div class=\"elementor-widget-container\">\n\t\t\t\t\t\t\t\t\t<div class=\"elementor-button-wrapper\">\n\t\t\t\t\t<a class=\"elementor-button elementor-button-link elementor-size-xs\" href=\"http:\/\/lattes.cnpq.br\/8109231043071979\" target=\"_blank\">\n\t\t\t\t\t\t<span class=\"elementor-button-content-wrapper\">\n\t\t\t\t\t\t\t\t\t<span class=\"elementor-button-text\">Curr\u00edculo Lattes<\/span>\n\t\t\t\t\t<\/span>\n\t\t\t\t\t<\/a>\n\t\t\t\t<\/div>\n\t\t\t\t\t\t\t\t<\/div>\n\t\t\t\t<\/div>\n\t\t\t\t\t<\/div>\n\t\t<\/div>\n\t\t\t\t<div class=\"elementor-column elementor-col-66 elementor-top-column elementor-element elementor-element-c451c71\" data-id=\"c451c71\" data-element_type=\"column\" data-e-type=\"column\">\n\t\t\t<div class=\"elementor-widget-wrap elementor-element-populated\">\n\t\t\t\t\t\t<div class=\"elementor-element elementor-element-cf08bd4 elementor-widget elementor-widget-text-editor\" data-id=\"cf08bd4\" data-element_type=\"widget\" data-e-type=\"widget\" data-widget_type=\"text-editor.default\">\n\t\t\t\t<div class=\"elementor-widget-container\">\n\t\t\t\t\t\t\t\t\t<p>Possui gradua\u00e7\u00e3o em Pedagogia pela Universidade Estadual de Campinas (2000), mestrado em educa\u00e7\u00e3o pela Universidade Estadual de Campinas (2004) e Doutorado em Educa\u00e7\u00e3o pela Universidade Estadual de Campinas (2010). Atualmente atua como Pedagoga na Universidade Tecnol\u00f3gica Federal do Paran\u00e1 e como Professora do Magist\u00e9rio do Ensino Superior no Instituto Superior de Educa\u00e7\u00e3o . Pesquisadora do Grupo de Pesquisa sobre Desenvolvimento Profissional Docente. Membro do Comit\u00ea Editorial da Revista Transmutare. Atuou como docente no ensino superior em institui\u00e7\u00f5es p\u00fablicas e particulares e em cursos a dist\u00e2ncia de forma\u00e7\u00e3o inicial e continuada. Tem experi\u00eancia na \u00e1rea de Educa\u00e7\u00e3o, com \u00eanfase em Educa\u00e7\u00e3o, atuando principalmente nos seguintes temas: gradua\u00e7\u00e3o, estudantes, forma\u00e7\u00e3o acad\u00eamica, profissionaliza\u00e7\u00e3o docente, universidade e curr\u00edculo.<\/p>\t\t\t\t\t\t\t\t<\/div>\n\t\t\t\t<\/div>\n\t\t\t\t\t<\/div>\n\t\t<\/div>\n\t\t\t\t\t<\/div>\n\t\t<\/section>\n\t\t\t\t<section class=\"elementor-section elementor-top-section elementor-element elementor-element-7dce9a8 elementor-section-boxed elementor-section-height-default elementor-section-height-default wpr-particle-no wpr-jarallax-no wpr-parallax-no wpr-sticky-section-no wpr-equal-height-no\" data-id=\"7dce9a8\" data-element_type=\"section\" data-e-type=\"section\">\n\t\t\t\t\t\t<div class=\"elementor-container elementor-column-gap-default\">\n\t\t\t\t\t<div class=\"elementor-column elementor-col-100 elementor-top-column elementor-element elementor-element-ebb6a62\" data-id=\"ebb6a62\" data-element_type=\"column\" data-e-type=\"column\">\n\t\t\t<div class=\"elementor-widget-wrap elementor-element-populated\">\n\t\t\t\t\t\t<div class=\"elementor-element elementor-element-bac0405 elementor-widget-divider--view-line elementor-widget elementor-widget-divider\" data-id=\"bac0405\" data-element_type=\"widget\" data-e-type=\"widget\" data-widget_type=\"divider.default\">\n\t\t\t\t<div class=\"elementor-widget-container\">\n\t\t\t\t\t\t\t<div class=\"elementor-divider\">\n\t\t\t<span class=\"elementor-divider-separator\">\n\t\t\t\t\t\t<\/span>\n\t\t<\/div>\n\t\t\t\t\t\t<\/div>\n\t\t\t\t<\/div>\n\t\t\t\t\t<\/div>\n\t\t<\/div>\n\t\t\t\t\t<\/div>\n\t\t<\/section>\n\t\t\t\t<section class=\"elementor-section elementor-top-section elementor-element elementor-element-fa9c46d elementor-section-boxed elementor-section-height-default elementor-section-height-default wpr-particle-no wpr-jarallax-no wpr-parallax-no wpr-sticky-section-no wpr-equal-height-no\" data-id=\"fa9c46d\" data-element_type=\"section\" data-e-type=\"section\">\n\t\t\t\t\t\t<div class=\"elementor-container elementor-column-gap-default\">\n\t\t\t\t\t<div class=\"elementor-column elementor-col-33 elementor-top-column elementor-element elementor-element-1a16ec3\" data-id=\"1a16ec3\" data-element_type=\"column\" data-e-type=\"column\">\n\t\t\t<div class=\"elementor-widget-wrap elementor-element-populated\">\n\t\t\t\t\t\t<div class=\"elementor-element elementor-element-2574998 elementor-widget elementor-widget-image\" data-id=\"2574998\" data-element_type=\"widget\" data-e-type=\"widget\" data-widget_type=\"image.default\">\n\t\t\t\t<div class=\"elementor-widget-container\">\n\t\t\t\t\t\t\t\t\t\t\t\t<figure class=\"wp-caption\">\n\t\t\t\t\t\t\t\t\t\t<img loading=\"lazy\" decoding=\"async\" width=\"300\" height=\"300\" src=\"https:\/\/utfpr-ct-static-content.s3.amazonaws.com\/utfpr.curitiba.br\/wp-content\/uploads\/sites\/158\/2023\/07\/Docentes-GEDUCI-1-300x300.png\" class=\"attachment-medium size-medium wp-image-1301\" alt=\"\" srcset=\"https:\/\/utfpr-ct-static-content.s3.amazonaws.com\/utfpr.curitiba.br\/wp-content\/uploads\/sites\/158\/2023\/07\/Docentes-GEDUCI-1-300x300.png 300w, https:\/\/utfpr-ct-static-content.s3.amazonaws.com\/utfpr.curitiba.br\/wp-content\/uploads\/sites\/158\/2023\/07\/Docentes-GEDUCI-1-150x150.png 150w, https:\/\/utfpr-ct-static-content.s3.amazonaws.com\/utfpr.curitiba.br\/wp-content\/uploads\/sites\/158\/2023\/07\/Docentes-GEDUCI-1-768x768.png 768w, https:\/\/utfpr-ct-static-content.s3.amazonaws.com\/utfpr.curitiba.br\/wp-content\/uploads\/sites\/158\/2023\/07\/Docentes-GEDUCI-1.png 800w\" sizes=\"(max-width: 300px) 100vw, 300px\" \/>\t\t\t\t\t\t\t\t\t\t\t<figcaption class=\"widget-image-caption wp-caption-text\">Jo\u00e3o Carlos Pereira de Moraes<\/figcaption>\n\t\t\t\t\t\t\t\t\t\t<\/figure>\n\t\t\t\t\t\t\t\t\t<\/div>\n\t\t\t\t<\/div>\n\t\t\t\t<div class=\"elementor-element elementor-element-1dd33a4 elementor-align-center elementor-widget elementor-widget-button\" data-id=\"1dd33a4\" data-element_type=\"widget\" data-e-type=\"widget\" data-settings=\"{&quot;_animation&quot;:&quot;none&quot;}\" data-widget_type=\"button.default\">\n\t\t\t\t<div class=\"elementor-widget-container\">\n\t\t\t\t\t\t\t\t\t<div class=\"elementor-button-wrapper\">\n\t\t\t\t\t<a class=\"elementor-button elementor-button-link elementor-size-xs\" href=\"http:\/\/lattes.cnpq.br\/5624816456388130\" target=\"_blank\">\n\t\t\t\t\t\t<span class=\"elementor-button-content-wrapper\">\n\t\t\t\t\t\t\t\t\t<span class=\"elementor-button-text\">Curr\u00edculo Lattes<\/span>\n\t\t\t\t\t<\/span>\n\t\t\t\t\t<\/a>\n\t\t\t\t<\/div>\n\t\t\t\t\t\t\t\t<\/div>\n\t\t\t\t<\/div>\n\t\t\t\t\t<\/div>\n\t\t<\/div>\n\t\t\t\t<div class=\"elementor-column elementor-col-66 elementor-top-column elementor-element elementor-element-a4386d3\" data-id=\"a4386d3\" data-element_type=\"column\" data-e-type=\"column\">\n\t\t\t<div class=\"elementor-widget-wrap elementor-element-populated\">\n\t\t\t\t\t\t<div class=\"elementor-element elementor-element-d32e6cd elementor-widget elementor-widget-text-editor\" data-id=\"d32e6cd\" data-element_type=\"widget\" data-e-type=\"widget\" data-widget_type=\"text-editor.default\">\n\t\t\t\t<div class=\"elementor-widget-container\">\n\t\t\t\t\t\t\t\t\t<p>Professor da Universidade Tecnol\u00f3gica Federal do Paran\u00e1 &#8211; UTFPR, campus Curitiba. Doutor em Educa\u00e7\u00e3o pela Universidade de S\u00e3o Paulo (USP), Mestre em Educa\u00e7\u00e3o Cient\u00edfica e Tecnol\u00f3gica (UFSC), Licenciado em Matem\u00e1tica (UENP- campus Jacarezinho) e Pedagogia (UEM) . Atuou por doze anos na Educa\u00e7\u00e3o B\u00e1sica da Prefeitura Municipal de Ourinhos\/SP, exercendo a fun\u00e7\u00e3o de Professor dos Anos Iniciais, Supervisor T\u00e9cnico-Pedag\u00f3gico, Formador de Matem\u00e1tica e Professor de Matem\u00e1tica. No ensino privado, lecionou como Professor da Faculdade Est\u00e1cio de S\u00e1 de Ourinhos (2015-2019), atuando em disciplinas no campo da Pedagogia, do Ensino de Ci\u00eancias e de Educa\u00e7\u00e3o Matem\u00e1tica, bem como disciplinas de est\u00e1gio supervisionado. Atualmente \u00e9 vice-l\u00edder do Grupo de Doc\u00eancias, Forma\u00e7\u00e3o e Educa\u00e7\u00e3o Matem\u00e1tica &#8211; GDFEM. Al\u00e9m disso, participa como pesquisador do GEPPE &#8211; Grupo de Estudo e Pesquisa em Pol\u00edticas Educacionais e Forma\u00e7\u00e3o de Professores (CNPq\/UEPG), no qual realizou est\u00e1gio P\u00f3s-Doutoral em Educa\u00e7\u00e3o, discutindo pol\u00edticas p\u00fablicas de forma\u00e7\u00e3o de professores que ensinam Matem\u00e1tica e a BNCC. Atua, ainda, como avaliador do Sistema BASis do INEP, bem como parecerista ad hoc de peri\u00f3dicos cient\u00edficos na \u00e1rea de Educa\u00e7\u00e3o Matem\u00e1tica. Participa como membro do GT01 e da Comiss\u00e3o Nacional Editorial da Sociedade Brasileira de Educa\u00e7\u00e3o Matem\u00e1tica &#8211; SBEM. Exerceu a fun\u00e7\u00e3o de Coordenador do PPGEdu\/UNIPAMPA (2021-2022). Atualmente, ainda, \u00e9 Editor-Chefe da Revista Transmutare. Possui interesses no campo da Educa\u00e7\u00e3o Matem\u00e1tica, Ensino de Ci\u00eancias e Tecnologias Sociais, priorizando discuss\u00f5es: 1- Matem\u00e1tica ou Ci\u00eancias na Educa\u00e7\u00e3o B\u00e1sica e\/ou forma\u00e7\u00e3o do professor; 2- Quest\u00f5es did\u00e1ticas em Matem\u00e1tica, Ci\u00eancias e Tecnologias (planejamento, curr\u00edculo e avalia\u00e7\u00e3o); 3- Inf\u00e2ncia(s) e Tecnologias Sociais (redes sociais, artefatos infanto-tecnol\u00f3gicos, produ\u00e7\u00f5es tecnol\u00f3gicas infantis).<\/p>\t\t\t\t\t\t\t\t<\/div>\n\t\t\t\t<\/div>\n\t\t\t\t\t<\/div>\n\t\t<\/div>\n\t\t\t\t\t<\/div>\n\t\t<\/section>\n\t\t\t\t<section class=\"elementor-section elementor-top-section elementor-element elementor-element-a8d09ac elementor-section-boxed elementor-section-height-default elementor-section-height-default wpr-particle-no wpr-jarallax-no wpr-parallax-no wpr-sticky-section-no wpr-equal-height-no\" data-id=\"a8d09ac\" data-element_type=\"section\" data-e-type=\"section\">\n\t\t\t\t\t\t<div class=\"elementor-container elementor-column-gap-default\">\n\t\t\t\t\t<div class=\"elementor-column elementor-col-100 elementor-top-column elementor-element elementor-element-440b3b1\" data-id=\"440b3b1\" data-element_type=\"column\" data-e-type=\"column\">\n\t\t\t<div class=\"elementor-widget-wrap elementor-element-populated\">\n\t\t\t\t\t\t<div class=\"elementor-element elementor-element-4f40074 elementor-widget-divider--view-line elementor-widget elementor-widget-divider\" data-id=\"4f40074\" data-element_type=\"widget\" data-e-type=\"widget\" data-widget_type=\"divider.default\">\n\t\t\t\t<div class=\"elementor-widget-container\">\n\t\t\t\t\t\t\t<div class=\"elementor-divider\">\n\t\t\t<span class=\"elementor-divider-separator\">\n\t\t\t\t\t\t<\/span>\n\t\t<\/div>\n\t\t\t\t\t\t<\/div>\n\t\t\t\t<\/div>\n\t\t\t\t\t<\/div>\n\t\t<\/div>\n\t\t\t\t\t<\/div>\n\t\t<\/section>\n\t\t\t\t<section class=\"elementor-section elementor-top-section elementor-element elementor-element-84bb7ec elementor-section-boxed elementor-section-height-default elementor-section-height-default wpr-particle-no wpr-jarallax-no wpr-parallax-no wpr-sticky-section-no wpr-equal-height-no\" data-id=\"84bb7ec\" data-element_type=\"section\" data-e-type=\"section\">\n\t\t\t\t\t\t<div class=\"elementor-container elementor-column-gap-default\">\n\t\t\t\t\t<div class=\"elementor-column elementor-col-33 elementor-top-column elementor-element elementor-element-03cf411\" data-id=\"03cf411\" data-element_type=\"column\" data-e-type=\"column\">\n\t\t\t<div class=\"elementor-widget-wrap elementor-element-populated\">\n\t\t\t\t\t\t<div class=\"elementor-element elementor-element-ac03317 elementor-widget elementor-widget-image\" data-id=\"ac03317\" data-element_type=\"widget\" data-e-type=\"widget\" data-widget_type=\"image.default\">\n\t\t\t\t<div class=\"elementor-widget-container\">\n\t\t\t\t\t\t\t\t\t\t\t\t<figure class=\"wp-caption\">\n\t\t\t\t\t\t\t\t\t\t<img loading=\"lazy\" decoding=\"async\" width=\"150\" height=\"150\" src=\"https:\/\/utfpr-ct-static-content.s3.amazonaws.com\/utfpr.curitiba.br\/wp-content\/uploads\/sites\/158\/2022\/06\/MarceloSouza2.jpg\" class=\"attachment-medium size-medium wp-image-212\" alt=\"\" \/>\t\t\t\t\t\t\t\t\t\t\t<figcaption class=\"widget-image-caption wp-caption-text\">Marcelo Souza Motta<\/figcaption>\n\t\t\t\t\t\t\t\t\t\t<\/figure>\n\t\t\t\t\t\t\t\t\t<\/div>\n\t\t\t\t<\/div>\n\t\t\t\t<div class=\"elementor-element elementor-element-019dd13 elementor-align-center elementor-widget elementor-widget-button\" data-id=\"019dd13\" data-element_type=\"widget\" data-e-type=\"widget\" data-settings=\"{&quot;_animation&quot;:&quot;none&quot;}\" data-widget_type=\"button.default\">\n\t\t\t\t<div class=\"elementor-widget-container\">\n\t\t\t\t\t\t\t\t\t<div class=\"elementor-button-wrapper\">\n\t\t\t\t\t<a class=\"elementor-button elementor-button-link elementor-size-xs\" href=\"http:\/\/lattes.cnpq.br\/7243162229308335\" target=\"_blank\">\n\t\t\t\t\t\t<span class=\"elementor-button-content-wrapper\">\n\t\t\t\t\t\t\t\t\t<span class=\"elementor-button-text\">Curr\u00edculo Lattes<\/span>\n\t\t\t\t\t<\/span>\n\t\t\t\t\t<\/a>\n\t\t\t\t<\/div>\n\t\t\t\t\t\t\t\t<\/div>\n\t\t\t\t<\/div>\n\t\t\t\t\t<\/div>\n\t\t<\/div>\n\t\t\t\t<div class=\"elementor-column elementor-col-66 elementor-top-column elementor-element elementor-element-79f33bc\" data-id=\"79f33bc\" data-element_type=\"column\" data-e-type=\"column\">\n\t\t\t<div class=\"elementor-widget-wrap elementor-element-populated\">\n\t\t\t\t\t\t<div class=\"elementor-element elementor-element-e8f6bd2 elementor-widget elementor-widget-text-editor\" data-id=\"e8f6bd2\" data-element_type=\"widget\" data-e-type=\"widget\" data-widget_type=\"text-editor.default\">\n\t\t\t\t<div class=\"elementor-widget-container\">\n\t\t\t\t\t\t\t\t\t<p>Doutor em Ensino de Ci\u00eancias e Matem\u00e1tica pela UNICSUL, mestre em Ensino de Ci\u00eancias e Matem\u00e1tica pela PUCMG e gradua\u00e7\u00e3o em Matem\u00e1tica pela UFES. Atualmente \u00e9 professor adjunto da UTFPR, coordenador da Especializa\u00e7\u00e3o em Inova\u00e7\u00e3o e Tecnologias na Educa\u00e7\u00e3o (INTEDUC) e membro do corpo docente do Programa de P\u00f3s-gradua\u00e7\u00e3o em Forma\u00e7\u00e3o Cient\u00edfica, Educacional e Tecnol\u00f3gica (PPGFCET) da UTFPR e do Programa de P\u00f3s-gradua\u00e7\u00e3o em Educa\u00e7\u00e3o em Ci\u00eancias e em Matem\u00e1tica (PPGECM) da UFPR. L\u00edder do Grupo de Pesquisa em Inova\u00e7\u00e3o e Tecnologias na Educa\u00e7\u00e3o (GPINTEDUC). Possui interesses de pesquisas relacionadas em: Tecnologias Digitais no Ensino de Ci\u00eancias e Matem\u00e1tica; Objetos de aprendizagem; pensamento computacional; programa\u00e7\u00e3o visual (intuitiva); aplicativos educacionais m\u00f3veis; jogos digitais; forma\u00e7\u00e3o de professores para o uso de tecnologias digitais no ensino de Ci\u00eancias e Matem\u00e1tica; metodologias ativas no ensino-aprendizagem de Ci\u00eancias e Matem\u00e1tica; MOOCs; Educa\u00e7\u00e3o Aberta e a Dist\u00e2ncia; Recursos Educacionais Abertos; Ambientes Virtuais de Aprendizagem.<\/p>\t\t\t\t\t\t\t\t<\/div>\n\t\t\t\t<\/div>\n\t\t\t\t\t<\/div>\n\t\t<\/div>\n\t\t\t\t\t<\/div>\n\t\t<\/section>\n\t\t\t\t<section class=\"elementor-section elementor-top-section elementor-element elementor-element-cc23074 elementor-section-boxed elementor-section-height-default elementor-section-height-default wpr-particle-no wpr-jarallax-no wpr-parallax-no wpr-sticky-section-no wpr-equal-height-no\" data-id=\"cc23074\" data-element_type=\"section\" data-e-type=\"section\">\n\t\t\t\t\t\t<div class=\"elementor-container elementor-column-gap-default\">\n\t\t\t\t\t<div class=\"elementor-column elementor-col-100 elementor-top-column elementor-element elementor-element-b037b69\" data-id=\"b037b69\" data-element_type=\"column\" data-e-type=\"column\">\n\t\t\t<div class=\"elementor-widget-wrap elementor-element-populated\">\n\t\t\t\t\t\t<div class=\"elementor-element elementor-element-249eb6b elementor-widget-divider--view-line elementor-widget elementor-widget-divider\" data-id=\"249eb6b\" data-element_type=\"widget\" data-e-type=\"widget\" data-widget_type=\"divider.default\">\n\t\t\t\t<div class=\"elementor-widget-container\">\n\t\t\t\t\t\t\t<div class=\"elementor-divider\">\n\t\t\t<span class=\"elementor-divider-separator\">\n\t\t\t\t\t\t<\/span>\n\t\t<\/div>\n\t\t\t\t\t\t<\/div>\n\t\t\t\t<\/div>\n\t\t\t\t\t<\/div>\n\t\t<\/div>\n\t\t\t\t\t<\/div>\n\t\t<\/section>\n\t\t\t\t<section class=\"elementor-section elementor-top-section elementor-element elementor-element-990b313 elementor-section-boxed elementor-section-height-default elementor-section-height-default wpr-particle-no wpr-jarallax-no wpr-parallax-no wpr-sticky-section-no wpr-equal-height-no\" data-id=\"990b313\" data-element_type=\"section\" data-e-type=\"section\">\n\t\t\t\t\t\t<div class=\"elementor-container elementor-column-gap-default\">\n\t\t\t\t\t<div class=\"elementor-column elementor-col-33 elementor-top-column elementor-element elementor-element-7af0bdc\" data-id=\"7af0bdc\" data-element_type=\"column\" data-e-type=\"column\">\n\t\t\t<div class=\"elementor-widget-wrap elementor-element-populated\">\n\t\t\t\t\t\t<div class=\"elementor-element elementor-element-16038be elementor-widget elementor-widget-image\" data-id=\"16038be\" data-element_type=\"widget\" data-e-type=\"widget\" data-widget_type=\"image.default\">\n\t\t\t\t<div class=\"elementor-widget-container\">\n\t\t\t\t\t\t\t\t\t\t\t\t<figure class=\"wp-caption\">\n\t\t\t\t\t\t\t\t\t\t<img loading=\"lazy\" decoding=\"async\" width=\"300\" height=\"300\" src=\"https:\/\/utfpr-ct-static-content.s3.amazonaws.com\/utfpr.curitiba.br\/wp-content\/uploads\/sites\/158\/2023\/07\/4-300x300.png\" class=\"attachment-medium size-medium wp-image-1293\" alt=\"\" srcset=\"https:\/\/utfpr-ct-static-content.s3.amazonaws.com\/utfpr.curitiba.br\/wp-content\/uploads\/sites\/158\/2023\/07\/4-300x300.png 300w, https:\/\/utfpr-ct-static-content.s3.amazonaws.com\/utfpr.curitiba.br\/wp-content\/uploads\/sites\/158\/2023\/07\/4-150x150.png 150w, https:\/\/utfpr-ct-static-content.s3.amazonaws.com\/utfpr.curitiba.br\/wp-content\/uploads\/sites\/158\/2023\/07\/4-768x768.png 768w, https:\/\/utfpr-ct-static-content.s3.amazonaws.com\/utfpr.curitiba.br\/wp-content\/uploads\/sites\/158\/2023\/07\/4.png 800w\" sizes=\"(max-width: 300px) 100vw, 300px\" \/>\t\t\t\t\t\t\t\t\t\t\t<figcaption class=\"widget-image-caption wp-caption-text\">Marta Rejane Proen\u00e7a Filietaz<\/figcaption>\n\t\t\t\t\t\t\t\t\t\t<\/figure>\n\t\t\t\t\t\t\t\t\t<\/div>\n\t\t\t\t<\/div>\n\t\t\t\t<div class=\"elementor-element elementor-element-318668b elementor-align-center elementor-widget elementor-widget-button\" data-id=\"318668b\" data-element_type=\"widget\" data-e-type=\"widget\" data-settings=\"{&quot;_animation&quot;:&quot;none&quot;}\" data-widget_type=\"button.default\">\n\t\t\t\t<div class=\"elementor-widget-container\">\n\t\t\t\t\t\t\t\t\t<div class=\"elementor-button-wrapper\">\n\t\t\t\t\t<a class=\"elementor-button elementor-button-link elementor-size-xs\" href=\"http:\/\/lattes.cnpq.br\/0722420835937534\" target=\"_blank\">\n\t\t\t\t\t\t<span class=\"elementor-button-content-wrapper\">\n\t\t\t\t\t\t\t\t\t<span class=\"elementor-button-text\">Curr\u00edculo Lattes<\/span>\n\t\t\t\t\t<\/span>\n\t\t\t\t\t<\/a>\n\t\t\t\t<\/div>\n\t\t\t\t\t\t\t\t<\/div>\n\t\t\t\t<\/div>\n\t\t\t\t\t<\/div>\n\t\t<\/div>\n\t\t\t\t<div class=\"elementor-column elementor-col-66 elementor-top-column elementor-element elementor-element-1ac7047\" data-id=\"1ac7047\" data-element_type=\"column\" data-e-type=\"column\">\n\t\t\t<div class=\"elementor-widget-wrap elementor-element-populated\">\n\t\t\t\t\t\t<div class=\"elementor-element elementor-element-178c9c7 elementor-widget elementor-widget-text-editor\" data-id=\"178c9c7\" data-element_type=\"widget\" data-e-type=\"widget\" data-widget_type=\"text-editor.default\">\n\t\t\t\t<div class=\"elementor-widget-container\">\n\t\t\t\t\t\t\t\t\t<p>Professora da Universidade Tecnol\u00f3gica Federal do Paran\u00e1 (UTFPR) no Departamento de Educa\u00e7\u00e3o &#8211; DEPED\/ Campus Curitiba. Possui Doutorado em Dist\u00farbios da Comunica\u00e7\u00e3o (Universidade Tuiuti do Paran\u00e1-UTP\/2016), Mestrado em Educa\u00e7\u00e3o (2006), P\u00f3s- Gradua\u00e7\u00e3o Lato Sensu em Psicopedagogia (2002), Educa\u00e7\u00e3o Bil\u00edngue Libras\/ L\u00edngua Portuguesa (2007) e Educa\u00e7\u00e3o Profissional e Tecnol\u00f3gica Inclusiva (Instituto Federal do Tri\u00e2ngulo Mineiro &#8211; lFTM (2020), gradua\u00e7\u00e3o em Pedagogia (1999). Pesquisador no Grupo de Pesquisa sobre Desenvolvimento Profissional Docente (UTFPR). Participante da Rede de Pesquisadores em Forma\u00e7\u00e3o de Professores (RIPEFOR). membro da comiss\u00e3o Editorial da Revista Transmutare (peri\u00f3dico online do Departamento de Educa\u00e7\u00e3o da UTFPR\/Curitiba). Tem experi\u00eancia na \u00e1rea de Educa\u00e7\u00e3o, com \u00eanfase em Educa\u00e7\u00e3o Inclusiva, atuando principalmente nos seguintes temas: Processo de ensino e aprendizagem, Desenvolvimento Profissional Docente, Pol\u00edticas P\u00fablicas de Educa\u00e7\u00e3o Inclusiva, Educa\u00e7\u00e3o de Surdos, Aquisi\u00e7\u00e3o da L\u00edngua de Sinais e Tradutor e Int\u00e9rprete de Libras\/L\u00edngua Portuguesa.<\/p>\t\t\t\t\t\t\t\t<\/div>\n\t\t\t\t<\/div>\n\t\t\t\t\t<\/div>\n\t\t<\/div>\n\t\t\t\t\t<\/div>\n\t\t<\/section>\n\t\t\t\t<section class=\"elementor-section elementor-top-section elementor-element elementor-element-33bde39 elementor-section-boxed elementor-section-height-default elementor-section-height-default wpr-particle-no wpr-jarallax-no wpr-parallax-no wpr-sticky-section-no wpr-equal-height-no\" data-id=\"33bde39\" data-element_type=\"section\" data-e-type=\"section\">\n\t\t\t\t\t\t<div class=\"elementor-container elementor-column-gap-default\">\n\t\t\t\t\t<div class=\"elementor-column elementor-col-100 elementor-top-column elementor-element elementor-element-729f532\" data-id=\"729f532\" data-element_type=\"column\" data-e-type=\"column\">\n\t\t\t<div class=\"elementor-widget-wrap elementor-element-populated\">\n\t\t\t\t\t\t<div class=\"elementor-element elementor-element-aec051d elementor-widget-divider--view-line elementor-widget elementor-widget-divider\" data-id=\"aec051d\" data-element_type=\"widget\" data-e-type=\"widget\" data-widget_type=\"divider.default\">\n\t\t\t\t<div class=\"elementor-widget-container\">\n\t\t\t\t\t\t\t<div class=\"elementor-divider\">\n\t\t\t<span class=\"elementor-divider-separator\">\n\t\t\t\t\t\t<\/span>\n\t\t<\/div>\n\t\t\t\t\t\t<\/div>\n\t\t\t\t<\/div>\n\t\t\t\t\t<\/div>\n\t\t<\/div>\n\t\t\t\t\t<\/div>\n\t\t<\/section>\n\t\t\t\t<section class=\"elementor-section elementor-top-section elementor-element elementor-element-d908ba5 elementor-section-boxed elementor-section-height-default elementor-section-height-default wpr-particle-no wpr-jarallax-no wpr-parallax-no wpr-sticky-section-no wpr-equal-height-no\" data-id=\"d908ba5\" data-element_type=\"section\" data-e-type=\"section\">\n\t\t\t\t\t\t<div class=\"elementor-container elementor-column-gap-default\">\n\t\t\t\t\t<div class=\"elementor-column elementor-col-33 elementor-top-column elementor-element elementor-element-bcde7a1\" data-id=\"bcde7a1\" data-element_type=\"column\" data-e-type=\"column\">\n\t\t\t<div class=\"elementor-widget-wrap elementor-element-populated\">\n\t\t\t\t\t\t<div class=\"elementor-element elementor-element-561f206 elementor-widget elementor-widget-image\" data-id=\"561f206\" data-element_type=\"widget\" data-e-type=\"widget\" data-widget_type=\"image.default\">\n\t\t\t\t<div class=\"elementor-widget-container\">\n\t\t\t\t\t\t\t\t\t\t\t\t<figure class=\"wp-caption\">\n\t\t\t\t\t\t\t\t\t\t<img loading=\"lazy\" decoding=\"async\" width=\"300\" height=\"300\" src=\"https:\/\/utfpr-ct-static-content.s3.amazonaws.com\/utfpr.curitiba.br\/wp-content\/uploads\/sites\/158\/2023\/07\/5-300x300.png\" class=\"attachment-medium size-medium wp-image-1294\" alt=\"\" srcset=\"https:\/\/utfpr-ct-static-content.s3.amazonaws.com\/utfpr.curitiba.br\/wp-content\/uploads\/sites\/158\/2023\/07\/5-300x300.png 300w, https:\/\/utfpr-ct-static-content.s3.amazonaws.com\/utfpr.curitiba.br\/wp-content\/uploads\/sites\/158\/2023\/07\/5-150x150.png 150w, https:\/\/utfpr-ct-static-content.s3.amazonaws.com\/utfpr.curitiba.br\/wp-content\/uploads\/sites\/158\/2023\/07\/5-768x768.png 768w, https:\/\/utfpr-ct-static-content.s3.amazonaws.com\/utfpr.curitiba.br\/wp-content\/uploads\/sites\/158\/2023\/07\/5.png 800w\" sizes=\"(max-width: 300px) 100vw, 300px\" \/>\t\t\t\t\t\t\t\t\t\t\t<figcaption class=\"widget-image-caption wp-caption-text\">Silvana Stremel<\/figcaption>\n\t\t\t\t\t\t\t\t\t\t<\/figure>\n\t\t\t\t\t\t\t\t\t<\/div>\n\t\t\t\t<\/div>\n\t\t\t\t<div class=\"elementor-element elementor-element-69902d0 elementor-align-center elementor-widget elementor-widget-button\" data-id=\"69902d0\" data-element_type=\"widget\" data-e-type=\"widget\" data-settings=\"{&quot;_animation&quot;:&quot;none&quot;}\" data-widget_type=\"button.default\">\n\t\t\t\t<div class=\"elementor-widget-container\">\n\t\t\t\t\t\t\t\t\t<div class=\"elementor-button-wrapper\">\n\t\t\t\t\t<a class=\"elementor-button elementor-button-link elementor-size-xs\" href=\"http:\/\/lattes.cnpq.br\/2733319637396093\" target=\"_blank\">\n\t\t\t\t\t\t<span class=\"elementor-button-content-wrapper\">\n\t\t\t\t\t\t\t\t\t<span class=\"elementor-button-text\">Curr\u00edculo Lattes<\/span>\n\t\t\t\t\t<\/span>\n\t\t\t\t\t<\/a>\n\t\t\t\t<\/div>\n\t\t\t\t\t\t\t\t<\/div>\n\t\t\t\t<\/div>\n\t\t\t\t\t<\/div>\n\t\t<\/div>\n\t\t\t\t<div class=\"elementor-column elementor-col-66 elementor-top-column elementor-element elementor-element-5929e8c\" data-id=\"5929e8c\" data-element_type=\"column\" data-e-type=\"column\">\n\t\t\t<div class=\"elementor-widget-wrap elementor-element-populated\">\n\t\t\t\t\t\t<div class=\"elementor-element elementor-element-6c41b8b elementor-widget elementor-widget-text-editor\" data-id=\"6c41b8b\" data-element_type=\"widget\" data-e-type=\"widget\" data-widget_type=\"text-editor.default\">\n\t\t\t\t<div class=\"elementor-widget-container\">\n\t\t\t\t\t\t\t\t\t<p>Doutora em Educa\u00e7\u00e3o pela Universidade Estadual de Ponta Grossa &#8211; UEPG (2016). Mestre em Educa\u00e7\u00e3o pela UEPG (2011). Licenciada em Pedagogia pela UEPG (2008). Atualmente \u00e9 professora do Departamento de Educa\u00e7\u00e3o da Universidade Tecnol\u00f3gica Federal do Paran\u00e1 (UTFPR), colaboradora da Red de Estudios Te\u00f3ricos y Epistemol\u00f3gicos en Pol\u00edtica Educativa (ReLePe), integra a equipe editorial da Revista Pr\u00e1xis Educativa e da Revista de Estudios Te\u00f3ricos y Epistemol\u00f3gicos en Pol\u00edtica Educativa, membro do Conselho Editorial da Editora UTFPR (representa a \u00e1rea de Educa\u00e7\u00e3o), foi editora-adjunta e editora-chefe da Revista Transmutare (2017-2022), \u00e9 vice-l\u00edder do Grupo de Pesquisa Pol\u00edticas Educacionais e Pr\u00e1ticas Educativas &#8211; GPPEPE (UEPG). Professora colaboradora credenciada no Programa de P\u00f3s-Gradua\u00e7\u00e3o em Educa\u00e7\u00e3o da Universidade Federal do Paran\u00e1 (UFPR).<\/p>\t\t\t\t\t\t\t\t<\/div>\n\t\t\t\t<\/div>\n\t\t\t\t\t<\/div>\n\t\t<\/div>\n\t\t\t\t\t<\/div>\n\t\t<\/section>\n\t\t\t\t<section class=\"elementor-section elementor-top-section elementor-element elementor-element-11bd47f elementor-section-boxed elementor-section-height-default elementor-section-height-default wpr-particle-no wpr-jarallax-no wpr-parallax-no wpr-sticky-section-no wpr-equal-height-no\" data-id=\"11bd47f\" data-element_type=\"section\" data-e-type=\"section\">\n\t\t\t\t\t\t<div class=\"elementor-container elementor-column-gap-default\">\n\t\t\t\t\t<div class=\"elementor-column elementor-col-100 elementor-top-column elementor-element elementor-element-e196f3c\" data-id=\"e196f3c\" data-element_type=\"column\" data-e-type=\"column\">\n\t\t\t<div class=\"elementor-widget-wrap elementor-element-populated\">\n\t\t\t\t\t\t<div class=\"elementor-element elementor-element-e3b4742 elementor-widget-divider--view-line elementor-widget elementor-widget-divider\" data-id=\"e3b4742\" data-element_type=\"widget\" data-e-type=\"widget\" data-widget_type=\"divider.default\">\n\t\t\t\t<div class=\"elementor-widget-container\">\n\t\t\t\t\t\t\t<div class=\"elementor-divider\">\n\t\t\t<span class=\"elementor-divider-separator\">\n\t\t\t\t\t\t<\/span>\n\t\t<\/div>\n\t\t\t\t\t\t<\/div>\n\t\t\t\t<\/div>\n\t\t\t\t\t<\/div>\n\t\t<\/div>\n\t\t\t\t\t<\/div>\n\t\t<\/section>\n\t\t\t\t<section class=\"elementor-section elementor-top-section elementor-element elementor-element-0714e1d elementor-section-boxed elementor-section-height-default elementor-section-height-default wpr-particle-no wpr-jarallax-no wpr-parallax-no wpr-sticky-section-no wpr-equal-height-no\" data-id=\"0714e1d\" data-element_type=\"section\" data-e-type=\"section\">\n\t\t\t\t\t\t<div class=\"elementor-container elementor-column-gap-default\">\n\t\t\t\t\t<div class=\"elementor-column elementor-col-33 elementor-top-column elementor-element elementor-element-d777ebe\" data-id=\"d777ebe\" data-element_type=\"column\" data-e-type=\"column\">\n\t\t\t<div class=\"elementor-widget-wrap elementor-element-populated\">\n\t\t\t\t\t\t<div class=\"elementor-element elementor-element-72bc57a elementor-widget elementor-widget-image\" data-id=\"72bc57a\" data-element_type=\"widget\" data-e-type=\"widget\" data-widget_type=\"image.default\">\n\t\t\t\t<div class=\"elementor-widget-container\">\n\t\t\t\t\t\t\t\t\t\t\t\t<figure class=\"wp-caption\">\n\t\t\t\t\t\t\t\t\t\t<img loading=\"lazy\" decoding=\"async\" width=\"150\" height=\"150\" src=\"https:\/\/utfpr-ct-static-content.s3.amazonaws.com\/utfpr.curitiba.br\/wp-content\/uploads\/sites\/158\/2022\/06\/Taniele2-150x150-1.jpg\" class=\"attachment-medium size-medium wp-image-219\" alt=\"\" \/>\t\t\t\t\t\t\t\t\t\t\t<figcaption class=\"widget-image-caption wp-caption-text\">Taniele Loss<\/figcaption>\n\t\t\t\t\t\t\t\t\t\t<\/figure>\n\t\t\t\t\t\t\t\t\t<\/div>\n\t\t\t\t<\/div>\n\t\t\t\t<div class=\"elementor-element elementor-element-e9f65a3 elementor-align-center elementor-widget elementor-widget-button\" data-id=\"e9f65a3\" data-element_type=\"widget\" data-e-type=\"widget\" data-settings=\"{&quot;_animation&quot;:&quot;none&quot;}\" data-widget_type=\"button.default\">\n\t\t\t\t<div class=\"elementor-widget-container\">\n\t\t\t\t\t\t\t\t\t<div class=\"elementor-button-wrapper\">\n\t\t\t\t\t<a class=\"elementor-button elementor-button-link elementor-size-xs\" href=\"http:\/\/lattes.cnpq.br\/7070636266942990\" target=\"_blank\">\n\t\t\t\t\t\t<span class=\"elementor-button-content-wrapper\">\n\t\t\t\t\t\t\t\t\t<span class=\"elementor-button-text\">Curr\u00edculo Lattes<\/span>\n\t\t\t\t\t<\/span>\n\t\t\t\t\t<\/a>\n\t\t\t\t<\/div>\n\t\t\t\t\t\t\t\t<\/div>\n\t\t\t\t<\/div>\n\t\t\t\t\t<\/div>\n\t\t<\/div>\n\t\t\t\t<div class=\"elementor-column elementor-col-66 elementor-top-column elementor-element elementor-element-bb92b4e\" data-id=\"bb92b4e\" data-element_type=\"column\" data-e-type=\"column\">\n\t\t\t<div class=\"elementor-widget-wrap elementor-element-populated\">\n\t\t\t\t\t\t<div class=\"elementor-element elementor-element-9008f44 elementor-widget elementor-widget-text-editor\" data-id=\"9008f44\" data-element_type=\"widget\" data-e-type=\"widget\" data-widget_type=\"text-editor.default\">\n\t\t\t\t<div class=\"elementor-widget-container\">\n\t\t\t\t\t\t\t\t\t<p>Doutoranda no Programa de P\u00f3s-Gradua\u00e7\u00e3o em Forma\u00e7\u00e3o Cient\u00edfica, Educacional e Tecnol\u00f3gica (PPGFCET) da Universidade Tecnol\u00f3gica Federal do Paran\u00e1 (UTFPR); Mestre em Ensino de Ci\u00eancias e Matem\u00e1tica pela UTFPR (2018); Especialista em Metodologia do Ensino de Matem\u00e1tica pela Faculdade de Administra\u00e7\u00e3o, Ci\u00eancias, Educa\u00e7\u00e3o e Letras (2011). Formada em Pedagogia pelo Centro Universit\u00e1rio Internacional Uninter (2020) e em Licenciatura em Matem\u00e1tica pelo Centro Federal de Educa\u00e7\u00e3o Tecnol\u00f3gica do Paran\u00e1 (CEFETPR, 2002). \u00c9 membro do Grupo de Pesquisa sobre Inova\u00e7\u00f5es e Tecnologias na Educa\u00e7\u00e3o (GPINTEDUC) e do Grupo de Pesquisa em Tecnologias na Educa\u00e7\u00e3o Matem\u00e1tica (GPTEM). Tem experi\u00eancia na Educa\u00e7\u00e3o B\u00e1sica e no Ensino Superior na modalidade presencial, mista e EAD. Atualmente \u00e9 professora de Matem\u00e1tica do Ensino Fundamental II pela Secretaria Municipal da Educa\u00e7\u00e3o de Curitiba e acad\u00eamica bolsista da UTFPR no Departamento\u00a0Coordena\u00e7\u00e3o de Tecnologia na Educa\u00e7\u00e3o.<\/p>\t\t\t\t\t\t\t\t<\/div>\n\t\t\t\t<\/div>\n\t\t\t\t\t<\/div>\n\t\t<\/div>\n\t\t\t\t\t<\/div>\n\t\t<\/section>\n\t\t\t\t<section class=\"elementor-section elementor-top-section elementor-element elementor-element-c0f76ce elementor-section-boxed elementor-section-height-default elementor-section-height-default wpr-particle-no wpr-jarallax-no wpr-parallax-no wpr-sticky-section-no wpr-equal-height-no\" data-id=\"c0f76ce\" data-element_type=\"section\" data-e-type=\"section\">\n\t\t\t\t\t\t<div class=\"elementor-container elementor-column-gap-default\">\n\t\t\t\t\t<div class=\"elementor-column elementor-col-100 elementor-top-column elementor-element elementor-element-15bc80b\" data-id=\"15bc80b\" data-element_type=\"column\" data-e-type=\"column\">\n\t\t\t<div class=\"elementor-widget-wrap elementor-element-populated\">\n\t\t\t\t\t\t<div class=\"elementor-element elementor-element-8d35ecb elementor-widget-divider--view-line elementor-widget elementor-widget-divider\" data-id=\"8d35ecb\" data-element_type=\"widget\" data-e-type=\"widget\" data-widget_type=\"divider.default\">\n\t\t\t\t<div class=\"elementor-widget-container\">\n\t\t\t\t\t\t\t<div class=\"elementor-divider\">\n\t\t\t<span class=\"elementor-divider-separator\">\n\t\t\t\t\t\t<\/span>\n\t\t<\/div>\n\t\t\t\t\t\t<\/div>\n\t\t\t\t<\/div>\n\t\t\t\t\t<\/div>\n\t\t<\/div>\n\t\t\t\t\t<\/div>\n\t\t<\/section>\n\t\t\t\t<section class=\"elementor-section elementor-top-section elementor-element elementor-element-517301c elementor-section-boxed elementor-section-height-default elementor-section-height-default wpr-particle-no wpr-jarallax-no wpr-parallax-no wpr-sticky-section-no wpr-equal-height-no\" data-id=\"517301c\" data-element_type=\"section\" data-e-type=\"section\">\n\t\t\t\t\t\t<div class=\"elementor-container elementor-column-gap-default\">\n\t\t\t\t\t<div class=\"elementor-column elementor-col-33 elementor-top-column elementor-element elementor-element-c693cb9\" data-id=\"c693cb9\" data-element_type=\"column\" data-e-type=\"column\">\n\t\t\t<div class=\"elementor-widget-wrap elementor-element-populated\">\n\t\t\t\t\t\t<div class=\"elementor-element elementor-element-1840291 elementor-widget elementor-widget-image\" data-id=\"1840291\" data-element_type=\"widget\" data-e-type=\"widget\" data-widget_type=\"image.default\">\n\t\t\t\t<div class=\"elementor-widget-container\">\n\t\t\t\t\t\t\t\t\t\t\t\t<figure class=\"wp-caption\">\n\t\t\t\t\t\t\t\t\t\t<img loading=\"lazy\" decoding=\"async\" width=\"300\" height=\"300\" src=\"https:\/\/utfpr-ct-static-content.s3.amazonaws.com\/utfpr.curitiba.br\/wp-content\/uploads\/sites\/158\/2023\/07\/Docentes-GEDUCI-2-300x300.png\" class=\"attachment-medium size-medium wp-image-1306\" alt=\"\" srcset=\"https:\/\/utfpr-ct-static-content.s3.amazonaws.com\/utfpr.curitiba.br\/wp-content\/uploads\/sites\/158\/2023\/07\/Docentes-GEDUCI-2-300x300.png 300w, https:\/\/utfpr-ct-static-content.s3.amazonaws.com\/utfpr.curitiba.br\/wp-content\/uploads\/sites\/158\/2023\/07\/Docentes-GEDUCI-2-150x150.png 150w, https:\/\/utfpr-ct-static-content.s3.amazonaws.com\/utfpr.curitiba.br\/wp-content\/uploads\/sites\/158\/2023\/07\/Docentes-GEDUCI-2-768x768.png 768w, https:\/\/utfpr-ct-static-content.s3.amazonaws.com\/utfpr.curitiba.br\/wp-content\/uploads\/sites\/158\/2023\/07\/Docentes-GEDUCI-2.png 800w\" sizes=\"(max-width: 300px) 100vw, 300px\" \/>\t\t\t\t\t\t\t\t\t\t\t<figcaption class=\"widget-image-caption wp-caption-text\">Tarliz Liao<\/figcaption>\n\t\t\t\t\t\t\t\t\t\t<\/figure>\n\t\t\t\t\t\t\t\t\t<\/div>\n\t\t\t\t<\/div>\n\t\t\t\t<div class=\"elementor-element elementor-element-4d82852 elementor-align-center elementor-widget elementor-widget-button\" data-id=\"4d82852\" data-element_type=\"widget\" data-e-type=\"widget\" data-settings=\"{&quot;_animation&quot;:&quot;none&quot;}\" data-widget_type=\"button.default\">\n\t\t\t\t<div class=\"elementor-widget-container\">\n\t\t\t\t\t\t\t\t\t<div class=\"elementor-button-wrapper\">\n\t\t\t\t\t<a class=\"elementor-button elementor-button-link elementor-size-xs\" href=\"http:\/\/lattes.cnpq.br\/2314358346768400\" target=\"_blank\">\n\t\t\t\t\t\t<span class=\"elementor-button-content-wrapper\">\n\t\t\t\t\t\t\t\t\t<span class=\"elementor-button-text\">Curr\u00edculo Lattes<\/span>\n\t\t\t\t\t<\/span>\n\t\t\t\t\t<\/a>\n\t\t\t\t<\/div>\n\t\t\t\t\t\t\t\t<\/div>\n\t\t\t\t<\/div>\n\t\t\t\t\t<\/div>\n\t\t<\/div>\n\t\t\t\t<div class=\"elementor-column elementor-col-66 elementor-top-column elementor-element elementor-element-3dc404d\" data-id=\"3dc404d\" data-element_type=\"column\" data-e-type=\"column\">\n\t\t\t<div class=\"elementor-widget-wrap elementor-element-populated\">\n\t\t\t\t\t\t<div class=\"elementor-element elementor-element-ee14453 elementor-widget elementor-widget-text-editor\" data-id=\"ee14453\" data-element_type=\"widget\" data-e-type=\"widget\" data-widget_type=\"text-editor.default\">\n\t\t\t\t<div class=\"elementor-widget-container\">\n\t\t\t\t\t\t\t\t\t<p>P\u00f3s-doutor em Tecnologias Digitais e Forma\u00e7\u00e3o Docente pelo PPGAV\/UFRGS (2021) Doutor em Educa\u00e7\u00e3o na linha de Educa\u00e7\u00e3o Matem\u00e1tica (2014, UFES). L\u00edder do GEPETEC UNIRIO &#8211; Grupo de Estudos e Pesquisas em Ensino, Tecnologias Digitais e Forma\u00e7\u00e3o Docente. Pesquisador e Professor Adjunto C3 no Departamento de Didatica da Unirio (desde mar\u00e7o \/2019) Professor Permamente do PPCTE\/ CEFET RJ e Colaborador no NIDES UFRJ. Professor colaborador no programa de P\u00f3s-gradua\u00e7\u00e3o em Inova\u00e7\u00e3o e Tecnologias na Educa\u00e7\u00e3o da UTFPR. Elaborador e revisor para itens do SAEB\/ INEP\/MEC. em 2007 e 2020. Vencedor por duas edi\u00e7\u00f5es das Olimp\u00edadas de Jogos Digitais da Educa\u00e7\u00e3o -Seeduc\/RJ. Atuou como professor de Ensino Superior da rede privada, Ensino Fundamental e M\u00e9dio nas redes p\u00fablicas do RJ. Tem larga experi\u00eancia na \u00e1rea de Ensino de Matem\u00e1tica e pesquisa sobre Tecnologias Digitais.<\/p>\t\t\t\t\t\t\t\t<\/div>\n\t\t\t\t<\/div>\n\t\t\t\t\t<\/div>\n\t\t<\/div>\n\t\t\t\t\t<\/div>\n\t\t<\/section>\n\t\t\t\t<section class=\"elementor-section elementor-top-section elementor-element elementor-element-237429f elementor-section-boxed elementor-section-height-default elementor-section-height-default wpr-particle-no wpr-jarallax-no wpr-parallax-no wpr-sticky-section-no wpr-equal-height-no\" data-id=\"237429f\" data-element_type=\"section\" data-e-type=\"section\">\n\t\t\t\t\t\t<div class=\"elementor-container elementor-column-gap-default\">\n\t\t\t\t\t<div class=\"elementor-column elementor-col-100 elementor-top-column elementor-element elementor-element-c6b0c86\" data-id=\"c6b0c86\" data-element_type=\"column\" data-e-type=\"column\">\n\t\t\t<div class=\"elementor-widget-wrap\">\n\t\t\t\t\t\t\t<\/div>\n\t\t<\/div>\n\t\t\t\t\t<\/div>\n\t\t<\/section>\n\t\t\t\t<\/div>\n\t\t","protected":false},"excerpt":{"rendered":"<p>\/*! elementor &#8211; v3.15.0 &#8211; 20-08-2023 *\/ .elementor-column .elementor-spacer-inner{height:var(&#8211;spacer-size)}.e-con{&#8211;container-widget-width:100%}.e-con-inner&gt;.elementor-widget-spacer,.e-con&gt;.elementor-widget-spacer{width:var(&#8211;container-widget-width,var(&#8211;spacer-size));&#8211;align-self:var(&#8211;container-widget-align-self,initial);&#8211;flex-shrink:0}.e-con-inner&gt;.elementor-widget-spacer&gt;.elementor-widget-container,.e-con-inner&gt;.elementor-widget-spacer&gt;.elementor-widget-container&gt;.elementor-spacer,.e-con&gt;.elementor-widget-spacer&gt;.elementor-widget-container,.e-con&gt;.elementor-widget-spacer&gt;.elementor-widget-container&gt;.elementor-spacer{height:100%}.e-con-inner&gt;.elementor-widget-spacer&gt;.elementor-widget-container&gt;.elementor-spacer&gt;.elementor-spacer-inner,.e-con&gt;.elementor-widget-spacer&gt;.elementor-widget-container&gt;.elementor-spacer&gt;.elementor-spacer-inner{height:var(&#8211;container-widget-height,var(&#8211;spacer-size))} \/*! elementor &#8211; v3.15.0 &#8211; 20-08-2023 *\/ .elementor-heading-title{padding:0;margin:0;line-height:1}.elementor-widget-heading .elementor-heading-title[class*=elementor-size-]&gt;a{color:inherit;font-size:inherit;line-height:inherit}.elementor-widget-heading .elementor-heading-title.elementor-size-small{font-size:15px}.elementor-widget-heading .elementor-heading-title.elementor-size-medium{font-size:19px}.elementor-widget-heading .elementor-heading-title.elementor-size-large{font-size:29px}.elementor-widget-heading .elementor-heading-title.elementor-size-xl{font-size:39px}.elementor-widget-heading .elementor-heading-title.elementor-size-xxl{font-size:59px} Corpo docente GEDUCI 2023 \/*! elementor &#8211; v3.15.0 &#8211; 20-08-2023 *\/ .elementor-widget-image{text-align:center}.elementor-widget-image a{display:inline-block}.elementor-widget-image a img[src$=&#8221;.svg&#8221;]{width:48px}.elementor-widget-image img{vertical-align:middle;display:inline-block} Ant\u00f4nio Gon\u00e7alves de Oliveira Curr\u00edculo Lattes Contador, Advogado, Mestre em Administra\u00e7\u00e3o de Empresas e Doutor em Engenharia de Produ\u00e7\u00e3o. Atualmente \u00e9 Professor Associado na Universidade Tecnol\u00f3gica Federal do Paran\u00e1 (UTFPR)\/ Departamento Acad\u00eamico de Gest\u00e3o e Economia (DAGEE) vinculado \u00e0 Gradua\u00e7\u00e3o e \u00e0 P\u00f3s- Gradua\u00e7\u00e3o &#8211; Programa de Mestrado e Doutorado em Planejamento e Governan\u00e7a P\u00fablica (PPGPGP). L\u00edder do Grupo de Pesquisa: Governan\u00e7a P\u00fablica e Desenvolvimento. Tutor do Programa de Educa\u00e7\u00e3o Tutorial em Pol\u00edticas P\u00fablicas (PET-PP). Acad\u00eamico da Academia de Ci\u00eancias Cont\u00e1beis do Paran\u00e1 &#8211; ACCPR &#8211; titular da Cadeira 26. Atuou como: Pr\u00f3-Reitor Acad\u00eamico; coordenador de cursos de gradua\u00e7\u00e3o e p\u00f3s-gradua\u00e7\u00e3o; Secret\u00e1rio Geral; Editor Adjunto da Revista Brasileira de Planejamento e Desenvolvimento; e como Consultor Ad hoc e Membro de Comit\u00eas de Assessoramento de \u00c1rea na CAPES (\u00c1rea de Ci\u00eancias sociais Aplicadas\/PUR-D) e Funda\u00e7\u00e3o Arauc\u00e1ria (CAAs\/CSA). Possui experi\u00eancia profissional com atua\u00e7\u00e3o em organiza\u00e7\u00f5es empresariais e institui\u00e7\u00f5es de ensino superior, principalmente nos seguintes temas: gest\u00e3o financeira, controladoria, sistema de informa\u00e7\u00f5es, gest\u00e3o educacional (acad\u00eamico_financeira_patrimonial), curr\u00edculos e avalia\u00e7\u00e3o da Educa\u00e7\u00e3o Superior (institucional e de cursos de gradua\u00e7\u00e3o). \/*! elementor &#8211; v3.15.0 &#8211; 20-08-2023 *\/ .elementor-widget-divider{&#8211;divider-border-style:none;&#8211;divider-border-width:1px;&#8211;divider-color:#0c0d0e;&#8211;divider-icon-size:20px;&#8211;divider-element-spacing:10px;&#8211;divider-pattern-height:24px;&#8211;divider-pattern-size:20px;&#8211;divider-pattern-url:none;&#8211;divider-pattern-repeat:repeat-x}.elementor-widget-divider .elementor-divider{display:flex}.elementor-widget-divider .elementor-divider__text{font-size:15px;line-height:1;max-width:95%}.elementor-widget-divider .elementor-divider__element{margin:0 var(&#8211;divider-element-spacing);flex-shrink:0}.elementor-widget-divider .elementor-icon{font-size:var(&#8211;divider-icon-size)}.elementor-widget-divider .elementor-divider-separator{display:flex;margin:0;direction:ltr}.elementor-widget-divider&#8211;view-line_icon .elementor-divider-separator,.elementor-widget-divider&#8211;view-line_text .elementor-divider-separator{align-items:center}.elementor-widget-divider&#8211;view-line_icon .elementor-divider-separator:after,.elementor-widget-divider&#8211;view-line_icon .elementor-divider-separator:before,.elementor-widget-divider&#8211;view-line_text .elementor-divider-separator:after,.elementor-widget-divider&#8211;view-line_text .elementor-divider-separator:before{display:block;content:&#8221;&#8221;;border-bottom:0;flex-grow:1;border-top:var(&#8211;divider-border-width) var(&#8211;divider-border-style) var(&#8211;divider-color)}.elementor-widget-divider&#8211;element-align-left .elementor-divider .elementor-divider-separator&gt;.elementor-divider__svg:first-of-type{flex-grow:0;flex-shrink:100}.elementor-widget-divider&#8211;element-align-left .elementor-divider-separator:before{content:none}.elementor-widget-divider&#8211;element-align-left .elementor-divider__element{margin-left:0}.elementor-widget-divider&#8211;element-align-right .elementor-divider .elementor-divider-separator&gt;.elementor-divider__svg:last-of-type{flex-grow:0;flex-shrink:100}.elementor-widget-divider&#8211;element-align-right .elementor-divider-separator:after{content:none}.elementor-widget-divider&#8211;element-align-right .elementor-divider__element{margin-right:0}.elementor-widget-divider:not(.elementor-widget-divider&#8211;view-line_text):not(.elementor-widget-divider&#8211;view-line_icon) .elementor-divider-separator{border-top:var(&#8211;divider-border-width) var(&#8211;divider-border-style) var(&#8211;divider-color)}.elementor-widget-divider&#8211;separator-type-pattern{&#8211;divider-border-style:none}.elementor-widget-divider&#8211;separator-type-pattern.elementor-widget-divider&#8211;view-line .elementor-divider-separator,.elementor-widget-divider&#8211;separator-type-pattern:not(.elementor-widget-divider&#8211;view-line) .elementor-divider-separator:after,.elementor-widget-divider&#8211;separator-type-pattern:not(.elementor-widget-divider&#8211;view-line) .elementor-divider-separator:before,.elementor-widget-divider&#8211;separator-type-pattern:not([class*=elementor-widget-divider&#8211;view]) .elementor-divider-separator{width:100%;min-height:var(&#8211;divider-pattern-height);-webkit-mask-size:var(&#8211;divider-pattern-size) 100%;mask-size:var(&#8211;divider-pattern-size) 100%;-webkit-mask-repeat:var(&#8211;divider-pattern-repeat);mask-repeat:var(&#8211;divider-pattern-repeat);background-color:var(&#8211;divider-color);-webkit-mask-image:var(&#8211;divider-pattern-url);mask-image:var(&#8211;divider-pattern-url)}.elementor-widget-divider&#8211;no-spacing{&#8211;divider-pattern-size:auto}.elementor-widget-divider&#8211;bg-round{&#8211;divider-pattern-repeat:round}.rtl .elementor-widget-divider .elementor-divider__text{direction:rtl}.e-con-inner&gt;.elementor-widget-divider,.e-con&gt;.elementor-widget-divider{width:var(&#8211;container-widget-width,100%);&#8211;flex-grow:var(&#8211;container-widget-flex-grow)} Aurea Cristina Magalh\u00e3es Niada Curr\u00edculo Lattes Professora adjunta na Universidade Tecnol\u00f3gica Federal do Paran\u00e1, campus Curitiba, lecionando disciplinas de marketing em cursos de gradua\u00e7\u00e3o e especializa\u00e7\u00e3o.\u00c9 mestre e doutora em Administra\u00e7\u00e3o pela UFPR, linha de pesquisa em Estrat\u00e9gia de Marketing e Comportamento do consumidor. Atuou na gest\u00e3o da gradua\u00e7\u00e3o como coordenadora do curso de bacharelado em Administra\u00e7\u00e3o, Diretora de Gradua\u00e7\u00e3o no campus Curitiba e Diretora de Gradua\u00e7\u00e3o da UTFPR. Tem experi\u00eancia na \u00e1rea de pesquisa de marketing. Tem interesse nos temas: Estrat\u00e9gias de Marketing; Comportamento do Consumidor; Marketing Digital. Jamile Ajub Brid Curr\u00edculo Lattes Possui gradua\u00e7\u00e3o em Pedagogia pela Universidade Estadual de Campinas (2000), mestrado em educa\u00e7\u00e3o pela Universidade Estadual de Campinas (2004) e Doutorado em Educa\u00e7\u00e3o pela Universidade Estadual de Campinas (2010). Atualmente atua como Pedagoga na Universidade Tecnol\u00f3gica Federal do Paran\u00e1 e como Professora do Magist\u00e9rio do Ensino Superior no Instituto Superior de Educa\u00e7\u00e3o . Pesquisadora do Grupo de Pesquisa sobre Desenvolvimento Profissional Docente. Membro do Comit\u00ea Editorial da Revista Transmutare. Atuou como docente no ensino superior em institui\u00e7\u00f5es p\u00fablicas e particulares e em cursos a dist\u00e2ncia de forma\u00e7\u00e3o inicial e continuada. Tem experi\u00eancia na \u00e1rea de Educa\u00e7\u00e3o, com \u00eanfase em Educa\u00e7\u00e3o, atuando principalmente nos seguintes temas: gradua\u00e7\u00e3o, estudantes, forma\u00e7\u00e3o acad\u00eamica, profissionaliza\u00e7\u00e3o docente, universidade e curr\u00edculo. Jo\u00e3o Carlos Pereira de Moraes Curr\u00edculo Lattes Professor da Universidade Tecnol\u00f3gica Federal do Paran\u00e1 &#8211; UTFPR, campus Curitiba. Doutor em Educa\u00e7\u00e3o pela Universidade de S\u00e3o Paulo (USP), Mestre em Educa\u00e7\u00e3o Cient\u00edfica e Tecnol\u00f3gica (UFSC), Licenciado em Matem\u00e1tica (UENP- campus Jacarezinho) e Pedagogia (UEM) . Atuou por doze anos na Educa\u00e7\u00e3o B\u00e1sica da Prefeitura Municipal de Ourinhos\/SP, exercendo a fun\u00e7\u00e3o de Professor dos Anos Iniciais, Supervisor T\u00e9cnico-Pedag\u00f3gico, Formador de Matem\u00e1tica e Professor de Matem\u00e1tica. No ensino privado, lecionou como Professor da Faculdade Est\u00e1cio de S\u00e1 de Ourinhos (2015-2019), atuando em disciplinas no campo da Pedagogia, do Ensino de Ci\u00eancias e de Educa\u00e7\u00e3o Matem\u00e1tica, bem como disciplinas de est\u00e1gio supervisionado. Atualmente \u00e9 vice-l\u00edder do Grupo de Doc\u00eancias, Forma\u00e7\u00e3o e Educa\u00e7\u00e3o Matem\u00e1tica &#8211; GDFEM. Al\u00e9m disso, participa como pesquisador do GEPPE &#8211; Grupo de Estudo e Pesquisa em Pol\u00edticas Educacionais e Forma\u00e7\u00e3o de Professores (CNPq\/UEPG), no qual realizou est\u00e1gio P\u00f3s-Doutoral em Educa\u00e7\u00e3o, discutindo pol\u00edticas p\u00fablicas de forma\u00e7\u00e3o de professores que ensinam Matem\u00e1tica e a BNCC. Atua, ainda, como avaliador do Sistema BASis do INEP, bem como parecerista ad hoc de peri\u00f3dicos cient\u00edficos na \u00e1rea de Educa\u00e7\u00e3o Matem\u00e1tica. Participa como membro do GT01 e da Comiss\u00e3o Nacional Editorial da Sociedade Brasileira de Educa\u00e7\u00e3o Matem\u00e1tica &#8211; SBEM. Exerceu a fun\u00e7\u00e3o de Coordenador do PPGEdu\/UNIPAMPA (2021-2022). Atualmente, ainda, \u00e9 Editor-Chefe da Revista Transmutare. Possui interesses no campo da Educa\u00e7\u00e3o Matem\u00e1tica, Ensino de Ci\u00eancias e Tecnologias Sociais, priorizando discuss\u00f5es: 1- Matem\u00e1tica ou Ci\u00eancias na Educa\u00e7\u00e3o B\u00e1sica e\/ou forma\u00e7\u00e3o do professor; 2- Quest\u00f5es did\u00e1ticas em Matem\u00e1tica, Ci\u00eancias e Tecnologias (planejamento, curr\u00edculo e avalia\u00e7\u00e3o); 3- Inf\u00e2ncia(s) e Tecnologias Sociais (redes sociais, artefatos infanto-tecnol\u00f3gicos, produ\u00e7\u00f5es tecnol\u00f3gicas infantis). Marcelo Souza Motta Curr\u00edculo Lattes Doutor em Ensino de Ci\u00eancias e Matem\u00e1tica pela UNICSUL, mestre em Ensino de Ci\u00eancias e Matem\u00e1tica pela PUCMG e gradua\u00e7\u00e3o em Matem\u00e1tica pela UFES. Atualmente \u00e9 professor adjunto da UTFPR, coordenador da Especializa\u00e7\u00e3o em Inova\u00e7\u00e3o e Tecnologias na Educa\u00e7\u00e3o (INTEDUC) e membro do corpo docente do Programa de P\u00f3s-gradua\u00e7\u00e3o em Forma\u00e7\u00e3o Cient\u00edfica, Educacional e Tecnol\u00f3gica (PPGFCET) da UTFPR e do Programa de P\u00f3s-gradua\u00e7\u00e3o em Educa\u00e7\u00e3o em Ci\u00eancias e em Matem\u00e1tica (PPGECM) da UFPR. L\u00edder do Grupo de Pesquisa em Inova\u00e7\u00e3o e Tecnologias na Educa\u00e7\u00e3o (GPINTEDUC). Possui interesses de pesquisas relacionadas em: Tecnologias Digitais no Ensino de Ci\u00eancias e Matem\u00e1tica; Objetos de aprendizagem; pensamento computacional; programa\u00e7\u00e3o visual (intuitiva); aplicativos educacionais m\u00f3veis; jogos digitais; forma\u00e7\u00e3o de professores para o uso de tecnologias digitais no ensino de Ci\u00eancias e Matem\u00e1tica; metodologias ativas no ensino-aprendizagem de Ci\u00eancias e Matem\u00e1tica; MOOCs; Educa\u00e7\u00e3o Aberta e a Dist\u00e2ncia; Recursos Educacionais Abertos; Ambientes Virtuais de Aprendizagem. Marta Rejane Proen\u00e7a Filietaz Curr\u00edculo Lattes Professora da Universidade Tecnol\u00f3gica Federal do Paran\u00e1 (UTFPR) no Departamento de Educa\u00e7\u00e3o &#8211; DEPED\/ Campus Curitiba. Possui Doutorado em Dist\u00farbios da Comunica\u00e7\u00e3o (Universidade Tuiuti do Paran\u00e1-UTP\/2016), Mestrado em Educa\u00e7\u00e3o (2006), P\u00f3s- Gradua\u00e7\u00e3o Lato Sensu em Psicopedagogia (2002), Educa\u00e7\u00e3o Bil\u00edngue Libras\/ L\u00edngua Portuguesa (2007) e Educa\u00e7\u00e3o Profissional e Tecnol\u00f3gica Inclusiva (Instituto Federal do Tri\u00e2ngulo Mineiro &#8211; lFTM (2020), gradua\u00e7\u00e3o em Pedagogia (1999). Pesquisador no Grupo de Pesquisa sobre Desenvolvimento Profissional Docente (UTFPR). Participante da Rede de Pesquisadores em Forma\u00e7\u00e3o de Professores (RIPEFOR). membro da comiss\u00e3o Editorial da Revista Transmutare (peri\u00f3dico online do Departamento de Educa\u00e7\u00e3o da UTFPR\/Curitiba). Tem experi\u00eancia na \u00e1rea de Educa\u00e7\u00e3o, com \u00eanfase em Educa\u00e7\u00e3o Inclusiva, atuando principalmente nos seguintes<\/p>\n","protected":false},"author":85,"featured_media":0,"parent":0,"menu_order":2,"comment_status":"closed","ping_status":"closed","template":"","meta":{"site-sidebar-layout":"no-sidebar","site-content-layout":"page-builder","ast-site-content-layout":"default","site-content-style":"default","site-sidebar-style":"default","ast-global-header-display":"","ast-banner-title-visibility":"","ast-main-header-display":"","ast-hfb-above-header-display":"","ast-hfb-below-header-display":"","ast-hfb-mobile-header-display":"","site-post-title":"disabled","ast-breadcrumbs-content":"","ast-featured-img":"disabled","footer-sml-layout":"","ast-disable-related-posts":"","theme-transparent-header-meta":"","adv-header-id-meta":"","stick-header-meta":"","header-above-stick-meta":"","header-main-stick-meta":"","header-below-stick-meta":"","astra-migrate-meta-layouts":"default","ast-page-background-enabled":"default","ast-page-background-meta":{"desktop":{"background-color":"var(--ast-global-color-4)","background-image":"","background-repeat":"repeat","background-position":"center center","background-size":"auto","background-attachment":"scroll","background-type":"","background-media":"","overlay-type":"","overlay-color":"","overlay-opacity":"","overlay-gradient":""},"tablet":{"background-color":"","background-image":"","background-repeat":"repeat","background-position":"center center","background-size":"auto","background-attachment":"scroll","background-type":"","background-media":"","overlay-type":"","overlay-color":"","overlay-opacity":"","overlay-gradient":""},"mobile":{"background-color":"","background-image":"","background-repeat":"repeat","background-position":"center center","background-size":"auto","background-attachment":"scroll","background-type":"","background-media":"","overlay-type":"","overlay-color":"","overlay-opacity":"","overlay-gradient":""}},"ast-content-background-meta":{"desktop":{"background-color":"var(--ast-global-color-5)","background-image":"","background-repeat":"repeat","background-position":"center center","background-size":"auto","background-attachment":"scroll","background-type":"","background-media":"","overlay-type":"","overlay-color":"","overlay-opacity":"","overlay-gradient":""},"tablet":{"background-color":"var(--ast-global-color-5)","background-image":"","background-repeat":"repeat","background-position":"center center","background-size":"auto","background-attachment":"scroll","background-type":"","background-media":"","overlay-type":"","overlay-color":"","overlay-opacity":"","overlay-gradient":""},"mobile":{"background-color":"var(--ast-global-color-5)","background-image":"","background-repeat":"repeat","background-position":"center center","background-size":"auto","background-attachment":"scroll","background-type":"","background-media":"","overlay-type":"","overlay-color":"","overlay-opacity":"","overlay-gradient":""}},"footnotes":""},"class_list":["post-179","page","type-page","status-publish","hentry"],"yoast_head":"<!-- This site is optimized with the Yoast SEO plugin v27.4 - https:\/\/yoast.com\/product\/yoast-seo-wordpress\/ -->\n<title>Professores - GEDUCI<\/title>\n<meta name=\"robots\" content=\"index, follow, max-snippet:-1, max-image-preview:large, max-video-preview:-1\" \/>\n<link rel=\"canonical\" href=\"https:\/\/utfpr.curitiba.br\/geduci\/professores\/\" \/>\n<meta property=\"og:locale\" content=\"pt_BR\" \/>\n<meta property=\"og:type\" content=\"article\" \/>\n<meta property=\"og:title\" content=\"Professores - GEDUCI\" \/>\n<meta property=\"og:description\" content=\"\/*! elementor &#8211; v3.15.0 &#8211; 20-08-2023 *\/ .elementor-column .elementor-spacer-inner{height:var(&#8211;spacer-size)}.e-con{&#8211;container-widget-width:100%}.e-con-inner&gt;.elementor-widget-spacer,.e-con&gt;.elementor-widget-spacer{width:var(&#8211;container-widget-width,var(&#8211;spacer-size));&#8211;align-self:var(&#8211;container-widget-align-self,initial);&#8211;flex-shrink:0}.e-con-inner&gt;.elementor-widget-spacer&gt;.elementor-widget-container,.e-con-inner&gt;.elementor-widget-spacer&gt;.elementor-widget-container&gt;.elementor-spacer,.e-con&gt;.elementor-widget-spacer&gt;.elementor-widget-container,.e-con&gt;.elementor-widget-spacer&gt;.elementor-widget-container&gt;.elementor-spacer{height:100%}.e-con-inner&gt;.elementor-widget-spacer&gt;.elementor-widget-container&gt;.elementor-spacer&gt;.elementor-spacer-inner,.e-con&gt;.elementor-widget-spacer&gt;.elementor-widget-container&gt;.elementor-spacer&gt;.elementor-spacer-inner{height:var(&#8211;container-widget-height,var(&#8211;spacer-size))} \/*! elementor &#8211; v3.15.0 &#8211; 20-08-2023 *\/ .elementor-heading-title{padding:0;margin:0;line-height:1}.elementor-widget-heading .elementor-heading-title[class*=elementor-size-]&gt;a{color:inherit;font-size:inherit;line-height:inherit}.elementor-widget-heading .elementor-heading-title.elementor-size-small{font-size:15px}.elementor-widget-heading .elementor-heading-title.elementor-size-medium{font-size:19px}.elementor-widget-heading .elementor-heading-title.elementor-size-large{font-size:29px}.elementor-widget-heading .elementor-heading-title.elementor-size-xl{font-size:39px}.elementor-widget-heading .elementor-heading-title.elementor-size-xxl{font-size:59px} Corpo docente GEDUCI 2023 \/*! elementor &#8211; v3.15.0 &#8211; 20-08-2023 *\/ .elementor-widget-image{text-align:center}.elementor-widget-image a{display:inline-block}.elementor-widget-image a img[src$=&#8221;.svg&#8221;]{width:48px}.elementor-widget-image img{vertical-align:middle;display:inline-block} Ant\u00f4nio Gon\u00e7alves de Oliveira Curr\u00edculo Lattes Contador, Advogado, Mestre em Administra\u00e7\u00e3o de Empresas e Doutor em Engenharia de Produ\u00e7\u00e3o. Atualmente \u00e9 Professor Associado na Universidade Tecnol\u00f3gica Federal do Paran\u00e1 (UTFPR)\/ Departamento Acad\u00eamico de Gest\u00e3o e Economia (DAGEE) vinculado \u00e0 Gradua\u00e7\u00e3o e \u00e0 P\u00f3s- Gradua\u00e7\u00e3o &#8211; Programa de Mestrado e Doutorado em Planejamento e Governan\u00e7a P\u00fablica (PPGPGP). L\u00edder do Grupo de Pesquisa: Governan\u00e7a P\u00fablica e Desenvolvimento. Tutor do Programa de Educa\u00e7\u00e3o Tutorial em Pol\u00edticas P\u00fablicas (PET-PP). Acad\u00eamico da Academia de Ci\u00eancias Cont\u00e1beis do Paran\u00e1 &#8211; ACCPR &#8211; titular da Cadeira 26. Atuou como: Pr\u00f3-Reitor Acad\u00eamico; coordenador de cursos de gradua\u00e7\u00e3o e p\u00f3s-gradua\u00e7\u00e3o; Secret\u00e1rio Geral; Editor Adjunto da Revista Brasileira de Planejamento e Desenvolvimento; e como Consultor Ad hoc e Membro de Comit\u00eas de Assessoramento de \u00c1rea na CAPES (\u00c1rea de Ci\u00eancias sociais Aplicadas\/PUR-D) e Funda\u00e7\u00e3o Arauc\u00e1ria (CAAs\/CSA). Possui experi\u00eancia profissional com atua\u00e7\u00e3o em organiza\u00e7\u00f5es empresariais e institui\u00e7\u00f5es de ensino superior, principalmente nos seguintes temas: gest\u00e3o financeira, controladoria, sistema de informa\u00e7\u00f5es, gest\u00e3o educacional (acad\u00eamico_financeira_patrimonial), curr\u00edculos e avalia\u00e7\u00e3o da Educa\u00e7\u00e3o Superior (institucional e de cursos de gradua\u00e7\u00e3o). \/*! elementor &#8211; v3.15.0 &#8211; 20-08-2023 *\/ .elementor-widget-divider{&#8211;divider-border-style:none;&#8211;divider-border-width:1px;&#8211;divider-color:#0c0d0e;&#8211;divider-icon-size:20px;&#8211;divider-element-spacing:10px;&#8211;divider-pattern-height:24px;&#8211;divider-pattern-size:20px;&#8211;divider-pattern-url:none;&#8211;divider-pattern-repeat:repeat-x}.elementor-widget-divider .elementor-divider{display:flex}.elementor-widget-divider .elementor-divider__text{font-size:15px;line-height:1;max-width:95%}.elementor-widget-divider .elementor-divider__element{margin:0 var(&#8211;divider-element-spacing);flex-shrink:0}.elementor-widget-divider .elementor-icon{font-size:var(&#8211;divider-icon-size)}.elementor-widget-divider .elementor-divider-separator{display:flex;margin:0;direction:ltr}.elementor-widget-divider&#8211;view-line_icon .elementor-divider-separator,.elementor-widget-divider&#8211;view-line_text .elementor-divider-separator{align-items:center}.elementor-widget-divider&#8211;view-line_icon .elementor-divider-separator:after,.elementor-widget-divider&#8211;view-line_icon .elementor-divider-separator:before,.elementor-widget-divider&#8211;view-line_text .elementor-divider-separator:after,.elementor-widget-divider&#8211;view-line_text .elementor-divider-separator:before{display:block;content:&#8221;&#8221;;border-bottom:0;flex-grow:1;border-top:var(&#8211;divider-border-width) var(&#8211;divider-border-style) var(&#8211;divider-color)}.elementor-widget-divider&#8211;element-align-left .elementor-divider .elementor-divider-separator&gt;.elementor-divider__svg:first-of-type{flex-grow:0;flex-shrink:100}.elementor-widget-divider&#8211;element-align-left .elementor-divider-separator:before{content:none}.elementor-widget-divider&#8211;element-align-left .elementor-divider__element{margin-left:0}.elementor-widget-divider&#8211;element-align-right .elementor-divider .elementor-divider-separator&gt;.elementor-divider__svg:last-of-type{flex-grow:0;flex-shrink:100}.elementor-widget-divider&#8211;element-align-right .elementor-divider-separator:after{content:none}.elementor-widget-divider&#8211;element-align-right .elementor-divider__element{margin-right:0}.elementor-widget-divider:not(.elementor-widget-divider&#8211;view-line_text):not(.elementor-widget-divider&#8211;view-line_icon) .elementor-divider-separator{border-top:var(&#8211;divider-border-width) var(&#8211;divider-border-style) var(&#8211;divider-color)}.elementor-widget-divider&#8211;separator-type-pattern{&#8211;divider-border-style:none}.elementor-widget-divider&#8211;separator-type-pattern.elementor-widget-divider&#8211;view-line .elementor-divider-separator,.elementor-widget-divider&#8211;separator-type-pattern:not(.elementor-widget-divider&#8211;view-line) .elementor-divider-separator:after,.elementor-widget-divider&#8211;separator-type-pattern:not(.elementor-widget-divider&#8211;view-line) .elementor-divider-separator:before,.elementor-widget-divider&#8211;separator-type-pattern:not([class*=elementor-widget-divider&#8211;view]) .elementor-divider-separator{width:100%;min-height:var(&#8211;divider-pattern-height);-webkit-mask-size:var(&#8211;divider-pattern-size) 100%;mask-size:var(&#8211;divider-pattern-size) 100%;-webkit-mask-repeat:var(&#8211;divider-pattern-repeat);mask-repeat:var(&#8211;divider-pattern-repeat);background-color:var(&#8211;divider-color);-webkit-mask-image:var(&#8211;divider-pattern-url);mask-image:var(&#8211;divider-pattern-url)}.elementor-widget-divider&#8211;no-spacing{&#8211;divider-pattern-size:auto}.elementor-widget-divider&#8211;bg-round{&#8211;divider-pattern-repeat:round}.rtl .elementor-widget-divider .elementor-divider__text{direction:rtl}.e-con-inner&gt;.elementor-widget-divider,.e-con&gt;.elementor-widget-divider{width:var(&#8211;container-widget-width,100%);&#8211;flex-grow:var(&#8211;container-widget-flex-grow)} Aurea Cristina Magalh\u00e3es Niada Curr\u00edculo Lattes Professora adjunta na Universidade Tecnol\u00f3gica Federal do Paran\u00e1, campus Curitiba, lecionando disciplinas de marketing em cursos de gradua\u00e7\u00e3o e especializa\u00e7\u00e3o.\u00c9 mestre e doutora em Administra\u00e7\u00e3o pela UFPR, linha de pesquisa em Estrat\u00e9gia de Marketing e Comportamento do consumidor. Atuou na gest\u00e3o da gradua\u00e7\u00e3o como coordenadora do curso de bacharelado em Administra\u00e7\u00e3o, Diretora de Gradua\u00e7\u00e3o no campus Curitiba e Diretora de Gradua\u00e7\u00e3o da UTFPR. Tem experi\u00eancia na \u00e1rea de pesquisa de marketing. Tem interesse nos temas: Estrat\u00e9gias de Marketing; Comportamento do Consumidor; Marketing Digital. Jamile Ajub Brid Curr\u00edculo Lattes Possui gradua\u00e7\u00e3o em Pedagogia pela Universidade Estadual de Campinas (2000), mestrado em educa\u00e7\u00e3o pela Universidade Estadual de Campinas (2004) e Doutorado em Educa\u00e7\u00e3o pela Universidade Estadual de Campinas (2010). Atualmente atua como Pedagoga na Universidade Tecnol\u00f3gica Federal do Paran\u00e1 e como Professora do Magist\u00e9rio do Ensino Superior no Instituto Superior de Educa\u00e7\u00e3o . Pesquisadora do Grupo de Pesquisa sobre Desenvolvimento Profissional Docente. Membro do Comit\u00ea Editorial da Revista Transmutare. Atuou como docente no ensino superior em institui\u00e7\u00f5es p\u00fablicas e particulares e em cursos a dist\u00e2ncia de forma\u00e7\u00e3o inicial e continuada. Tem experi\u00eancia na \u00e1rea de Educa\u00e7\u00e3o, com \u00eanfase em Educa\u00e7\u00e3o, atuando principalmente nos seguintes temas: gradua\u00e7\u00e3o, estudantes, forma\u00e7\u00e3o acad\u00eamica, profissionaliza\u00e7\u00e3o docente, universidade e curr\u00edculo. Jo\u00e3o Carlos Pereira de Moraes Curr\u00edculo Lattes Professor da Universidade Tecnol\u00f3gica Federal do Paran\u00e1 &#8211; UTFPR, campus Curitiba. Doutor em Educa\u00e7\u00e3o pela Universidade de S\u00e3o Paulo (USP), Mestre em Educa\u00e7\u00e3o Cient\u00edfica e Tecnol\u00f3gica (UFSC), Licenciado em Matem\u00e1tica (UENP- campus Jacarezinho) e Pedagogia (UEM) . Atuou por doze anos na Educa\u00e7\u00e3o B\u00e1sica da Prefeitura Municipal de Ourinhos\/SP, exercendo a fun\u00e7\u00e3o de Professor dos Anos Iniciais, Supervisor T\u00e9cnico-Pedag\u00f3gico, Formador de Matem\u00e1tica e Professor de Matem\u00e1tica. No ensino privado, lecionou como Professor da Faculdade Est\u00e1cio de S\u00e1 de Ourinhos (2015-2019), atuando em disciplinas no campo da Pedagogia, do Ensino de Ci\u00eancias e de Educa\u00e7\u00e3o Matem\u00e1tica, bem como disciplinas de est\u00e1gio supervisionado. Atualmente \u00e9 vice-l\u00edder do Grupo de Doc\u00eancias, Forma\u00e7\u00e3o e Educa\u00e7\u00e3o Matem\u00e1tica &#8211; GDFEM. Al\u00e9m disso, participa como pesquisador do GEPPE &#8211; Grupo de Estudo e Pesquisa em Pol\u00edticas Educacionais e Forma\u00e7\u00e3o de Professores (CNPq\/UEPG), no qual realizou est\u00e1gio P\u00f3s-Doutoral em Educa\u00e7\u00e3o, discutindo pol\u00edticas p\u00fablicas de forma\u00e7\u00e3o de professores que ensinam Matem\u00e1tica e a BNCC. Atua, ainda, como avaliador do Sistema BASis do INEP, bem como parecerista ad hoc de peri\u00f3dicos cient\u00edficos na \u00e1rea de Educa\u00e7\u00e3o Matem\u00e1tica. Participa como membro do GT01 e da Comiss\u00e3o Nacional Editorial da Sociedade Brasileira de Educa\u00e7\u00e3o Matem\u00e1tica &#8211; SBEM. Exerceu a fun\u00e7\u00e3o de Coordenador do PPGEdu\/UNIPAMPA (2021-2022). Atualmente, ainda, \u00e9 Editor-Chefe da Revista Transmutare. Possui interesses no campo da Educa\u00e7\u00e3o Matem\u00e1tica, Ensino de Ci\u00eancias e Tecnologias Sociais, priorizando discuss\u00f5es: 1- Matem\u00e1tica ou Ci\u00eancias na Educa\u00e7\u00e3o B\u00e1sica e\/ou forma\u00e7\u00e3o do professor; 2- Quest\u00f5es did\u00e1ticas em Matem\u00e1tica, Ci\u00eancias e Tecnologias (planejamento, curr\u00edculo e avalia\u00e7\u00e3o); 3- Inf\u00e2ncia(s) e Tecnologias Sociais (redes sociais, artefatos infanto-tecnol\u00f3gicos, produ\u00e7\u00f5es tecnol\u00f3gicas infantis). Marcelo Souza Motta Curr\u00edculo Lattes Doutor em Ensino de Ci\u00eancias e Matem\u00e1tica pela UNICSUL, mestre em Ensino de Ci\u00eancias e Matem\u00e1tica pela PUCMG e gradua\u00e7\u00e3o em Matem\u00e1tica pela UFES. Atualmente \u00e9 professor adjunto da UTFPR, coordenador da Especializa\u00e7\u00e3o em Inova\u00e7\u00e3o e Tecnologias na Educa\u00e7\u00e3o (INTEDUC) e membro do corpo docente do Programa de P\u00f3s-gradua\u00e7\u00e3o em Forma\u00e7\u00e3o Cient\u00edfica, Educacional e Tecnol\u00f3gica (PPGFCET) da UTFPR e do Programa de P\u00f3s-gradua\u00e7\u00e3o em Educa\u00e7\u00e3o em Ci\u00eancias e em Matem\u00e1tica (PPGECM) da UFPR. L\u00edder do Grupo de Pesquisa em Inova\u00e7\u00e3o e Tecnologias na Educa\u00e7\u00e3o (GPINTEDUC). Possui interesses de pesquisas relacionadas em: Tecnologias Digitais no Ensino de Ci\u00eancias e Matem\u00e1tica; Objetos de aprendizagem; pensamento computacional; programa\u00e7\u00e3o visual (intuitiva); aplicativos educacionais m\u00f3veis; jogos digitais; forma\u00e7\u00e3o de professores para o uso de tecnologias digitais no ensino de Ci\u00eancias e Matem\u00e1tica; metodologias ativas no ensino-aprendizagem de Ci\u00eancias e Matem\u00e1tica; MOOCs; Educa\u00e7\u00e3o Aberta e a Dist\u00e2ncia; Recursos Educacionais Abertos; Ambientes Virtuais de Aprendizagem. Marta Rejane Proen\u00e7a Filietaz Curr\u00edculo Lattes Professora da Universidade Tecnol\u00f3gica Federal do Paran\u00e1 (UTFPR) no Departamento de Educa\u00e7\u00e3o &#8211; DEPED\/ Campus Curitiba. Possui Doutorado em Dist\u00farbios da Comunica\u00e7\u00e3o (Universidade Tuiuti do Paran\u00e1-UTP\/2016), Mestrado em Educa\u00e7\u00e3o (2006), P\u00f3s- Gradua\u00e7\u00e3o Lato Sensu em Psicopedagogia (2002), Educa\u00e7\u00e3o Bil\u00edngue Libras\/ L\u00edngua Portuguesa (2007) e Educa\u00e7\u00e3o Profissional e Tecnol\u00f3gica Inclusiva (Instituto Federal do Tri\u00e2ngulo Mineiro &#8211; lFTM (2020), gradua\u00e7\u00e3o em Pedagogia (1999). Pesquisador no Grupo de Pesquisa sobre Desenvolvimento Profissional Docente (UTFPR). Participante da Rede de Pesquisadores em Forma\u00e7\u00e3o de Professores (RIPEFOR). membro da comiss\u00e3o Editorial da Revista Transmutare (peri\u00f3dico online do Departamento de Educa\u00e7\u00e3o da UTFPR\/Curitiba). Tem experi\u00eancia na \u00e1rea de Educa\u00e7\u00e3o, com \u00eanfase em Educa\u00e7\u00e3o Inclusiva, atuando principalmente nos seguintes\" \/>\n<meta property=\"og:url\" content=\"https:\/\/utfpr.curitiba.br\/geduci\/professores\/\" \/>\n<meta property=\"og:site_name\" content=\"GEDUCI\" \/>\n<meta property=\"article:modified_time\" content=\"2023-08-27T18:58:39+00:00\" \/>\n<meta property=\"og:image\" content=\"https:\/\/utfpr-ct-static-content.s3.amazonaws.com\/utfpr.curitiba.br\/wp-content\/uploads\/sites\/158\/2023\/07\/1-300x300.png\" \/>\n<meta name=\"twitter:card\" content=\"summary_large_image\" \/>\n<meta name=\"twitter:label1\" content=\"Est. reading time\" \/>\n\t<meta name=\"twitter:data1\" content=\"10 minutos\" \/>\n<script type=\"application\/ld+json\" class=\"yoast-schema-graph\">{\"@context\":\"https:\\\/\\\/schema.org\",\"@graph\":[{\"@type\":\"WebPage\",\"@id\":\"https:\\\/\\\/utfpr.curitiba.br\\\/geduci\\\/professores\\\/\",\"url\":\"https:\\\/\\\/utfpr.curitiba.br\\\/geduci\\\/professores\\\/\",\"name\":\"Professores - GEDUCI\",\"isPartOf\":{\"@id\":\"https:\\\/\\\/utfpr.curitiba.br\\\/geduci\\\/#website\"},\"primaryImageOfPage\":{\"@id\":\"https:\\\/\\\/utfpr.curitiba.br\\\/geduci\\\/professores\\\/#primaryimage\"},\"image\":{\"@id\":\"https:\\\/\\\/utfpr.curitiba.br\\\/geduci\\\/professores\\\/#primaryimage\"},\"thumbnailUrl\":\"https:\\\/\\\/utfpr-ct-static-content.s3.amazonaws.com\\\/utfpr.curitiba.br\\\/wp-content\\\/uploads\\\/sites\\\/158\\\/2023\\\/07\\\/1-300x300.png\",\"datePublished\":\"2022-06-07T19:32:53+00:00\",\"dateModified\":\"2023-08-27T18:58:39+00:00\",\"breadcrumb\":{\"@id\":\"https:\\\/\\\/utfpr.curitiba.br\\\/geduci\\\/professores\\\/#breadcrumb\"},\"inLanguage\":\"pt-BR\",\"potentialAction\":[{\"@type\":\"ReadAction\",\"target\":[\"https:\\\/\\\/utfpr.curitiba.br\\\/geduci\\\/professores\\\/\"]}]},{\"@type\":\"ImageObject\",\"inLanguage\":\"pt-BR\",\"@id\":\"https:\\\/\\\/utfpr.curitiba.br\\\/geduci\\\/professores\\\/#primaryimage\",\"url\":\"https:\\\/\\\/utfpr-ct-static-content.s3.amazonaws.com\\\/utfpr.curitiba.br\\\/wp-content\\\/uploads\\\/sites\\\/158\\\/2023\\\/07\\\/1-300x300.png\",\"contentUrl\":\"https:\\\/\\\/utfpr-ct-static-content.s3.amazonaws.com\\\/utfpr.curitiba.br\\\/wp-content\\\/uploads\\\/sites\\\/158\\\/2023\\\/07\\\/1-300x300.png\"},{\"@type\":\"BreadcrumbList\",\"@id\":\"https:\\\/\\\/utfpr.curitiba.br\\\/geduci\\\/professores\\\/#breadcrumb\",\"itemListElement\":[{\"@type\":\"ListItem\",\"position\":1,\"name\":\"Home\",\"item\":\"https:\\\/\\\/utfpr.curitiba.br\\\/geduci\\\/\"},{\"@type\":\"ListItem\",\"position\":2,\"name\":\"Professores\"}]},{\"@type\":\"WebSite\",\"@id\":\"https:\\\/\\\/utfpr.curitiba.br\\\/geduci\\\/#website\",\"url\":\"https:\\\/\\\/utfpr.curitiba.br\\\/geduci\\\/\",\"name\":\"GEDUCI UTFPR\",\"description\":\"Curso de Especializa\u00e7\u00e3o MBA em Gest\u00e3o Educacional e Inova\u00e7\u00e3o\",\"publisher\":{\"@id\":\"https:\\\/\\\/utfpr.curitiba.br\\\/geduci\\\/#organization\"},\"potentialAction\":[{\"@type\":\"SearchAction\",\"target\":{\"@type\":\"EntryPoint\",\"urlTemplate\":\"https:\\\/\\\/utfpr.curitiba.br\\\/geduci\\\/?s={search_term_string}\"},\"query-input\":{\"@type\":\"PropertyValueSpecification\",\"valueRequired\":true,\"valueName\":\"search_term_string\"}}],\"inLanguage\":\"pt-BR\"},{\"@type\":\"Organization\",\"@id\":\"https:\\\/\\\/utfpr.curitiba.br\\\/geduci\\\/#organization\",\"name\":\"Especializa\u00e7\u00e3o MBA em Gest\u00e3o Educacional e Inova\u00e7\u00e3o\",\"url\":\"https:\\\/\\\/utfpr.curitiba.br\\\/geduci\\\/\",\"logo\":{\"@type\":\"ImageObject\",\"inLanguage\":\"pt-BR\",\"@id\":\"https:\\\/\\\/utfpr.curitiba.br\\\/geduci\\\/#\\\/schema\\\/logo\\\/image\\\/\",\"url\":\"https:\\\/\\\/utfpr-ct-static-content.s3.amazonaws.com\\\/utfpr.curitiba.br\\\/wp-content\\\/uploads\\\/sites\\\/158\\\/2023\\\/07\\\/Logo_GEDUCI_Medio.png\",\"contentUrl\":\"https:\\\/\\\/utfpr-ct-static-content.s3.amazonaws.com\\\/utfpr.curitiba.br\\\/wp-content\\\/uploads\\\/sites\\\/158\\\/2023\\\/07\\\/Logo_GEDUCI_Medio.png\",\"width\":1566,\"height\":668,\"caption\":\"Especializa\u00e7\u00e3o MBA em Gest\u00e3o Educacional e Inova\u00e7\u00e3o\"},\"image\":{\"@id\":\"https:\\\/\\\/utfpr.curitiba.br\\\/geduci\\\/#\\\/schema\\\/logo\\\/image\\\/\"}}]}<\/script>\n<!-- \/ Yoast SEO plugin. -->","yoast_head_json":{"title":"Professores - GEDUCI","robots":{"index":"index","follow":"follow","max-snippet":"max-snippet:-1","max-image-preview":"max-image-preview:large","max-video-preview":"max-video-preview:-1"},"canonical":"https:\/\/utfpr.curitiba.br\/geduci\/professores\/","og_locale":"pt_BR","og_type":"article","og_title":"Professores - GEDUCI","og_description":"\/*! elementor &#8211; v3.15.0 &#8211; 20-08-2023 *\/ .elementor-column .elementor-spacer-inner{height:var(&#8211;spacer-size)}.e-con{&#8211;container-widget-width:100%}.e-con-inner&gt;.elementor-widget-spacer,.e-con&gt;.elementor-widget-spacer{width:var(&#8211;container-widget-width,var(&#8211;spacer-size));&#8211;align-self:var(&#8211;container-widget-align-self,initial);&#8211;flex-shrink:0}.e-con-inner&gt;.elementor-widget-spacer&gt;.elementor-widget-container,.e-con-inner&gt;.elementor-widget-spacer&gt;.elementor-widget-container&gt;.elementor-spacer,.e-con&gt;.elementor-widget-spacer&gt;.elementor-widget-container,.e-con&gt;.elementor-widget-spacer&gt;.elementor-widget-container&gt;.elementor-spacer{height:100%}.e-con-inner&gt;.elementor-widget-spacer&gt;.elementor-widget-container&gt;.elementor-spacer&gt;.elementor-spacer-inner,.e-con&gt;.elementor-widget-spacer&gt;.elementor-widget-container&gt;.elementor-spacer&gt;.elementor-spacer-inner{height:var(&#8211;container-widget-height,var(&#8211;spacer-size))} \/*! elementor &#8211; v3.15.0 &#8211; 20-08-2023 *\/ .elementor-heading-title{padding:0;margin:0;line-height:1}.elementor-widget-heading .elementor-heading-title[class*=elementor-size-]&gt;a{color:inherit;font-size:inherit;line-height:inherit}.elementor-widget-heading .elementor-heading-title.elementor-size-small{font-size:15px}.elementor-widget-heading .elementor-heading-title.elementor-size-medium{font-size:19px}.elementor-widget-heading .elementor-heading-title.elementor-size-large{font-size:29px}.elementor-widget-heading .elementor-heading-title.elementor-size-xl{font-size:39px}.elementor-widget-heading .elementor-heading-title.elementor-size-xxl{font-size:59px} Corpo docente GEDUCI 2023 \/*! elementor &#8211; v3.15.0 &#8211; 20-08-2023 *\/ .elementor-widget-image{text-align:center}.elementor-widget-image a{display:inline-block}.elementor-widget-image a img[src$=&#8221;.svg&#8221;]{width:48px}.elementor-widget-image img{vertical-align:middle;display:inline-block} Ant\u00f4nio Gon\u00e7alves de Oliveira Curr\u00edculo Lattes Contador, Advogado, Mestre em Administra\u00e7\u00e3o de Empresas e Doutor em Engenharia de Produ\u00e7\u00e3o. Atualmente \u00e9 Professor Associado na Universidade Tecnol\u00f3gica Federal do Paran\u00e1 (UTFPR)\/ Departamento Acad\u00eamico de Gest\u00e3o e Economia (DAGEE) vinculado \u00e0 Gradua\u00e7\u00e3o e \u00e0 P\u00f3s- Gradua\u00e7\u00e3o &#8211; Programa de Mestrado e Doutorado em Planejamento e Governan\u00e7a P\u00fablica (PPGPGP). L\u00edder do Grupo de Pesquisa: Governan\u00e7a P\u00fablica e Desenvolvimento. Tutor do Programa de Educa\u00e7\u00e3o Tutorial em Pol\u00edticas P\u00fablicas (PET-PP). Acad\u00eamico da Academia de Ci\u00eancias Cont\u00e1beis do Paran\u00e1 &#8211; ACCPR &#8211; titular da Cadeira 26. Atuou como: Pr\u00f3-Reitor Acad\u00eamico; coordenador de cursos de gradua\u00e7\u00e3o e p\u00f3s-gradua\u00e7\u00e3o; Secret\u00e1rio Geral; Editor Adjunto da Revista Brasileira de Planejamento e Desenvolvimento; e como Consultor Ad hoc e Membro de Comit\u00eas de Assessoramento de \u00c1rea na CAPES (\u00c1rea de Ci\u00eancias sociais Aplicadas\/PUR-D) e Funda\u00e7\u00e3o Arauc\u00e1ria (CAAs\/CSA). Possui experi\u00eancia profissional com atua\u00e7\u00e3o em organiza\u00e7\u00f5es empresariais e institui\u00e7\u00f5es de ensino superior, principalmente nos seguintes temas: gest\u00e3o financeira, controladoria, sistema de informa\u00e7\u00f5es, gest\u00e3o educacional (acad\u00eamico_financeira_patrimonial), curr\u00edculos e avalia\u00e7\u00e3o da Educa\u00e7\u00e3o Superior (institucional e de cursos de gradua\u00e7\u00e3o). \/*! elementor &#8211; v3.15.0 &#8211; 20-08-2023 *\/ .elementor-widget-divider{&#8211;divider-border-style:none;&#8211;divider-border-width:1px;&#8211;divider-color:#0c0d0e;&#8211;divider-icon-size:20px;&#8211;divider-element-spacing:10px;&#8211;divider-pattern-height:24px;&#8211;divider-pattern-size:20px;&#8211;divider-pattern-url:none;&#8211;divider-pattern-repeat:repeat-x}.elementor-widget-divider .elementor-divider{display:flex}.elementor-widget-divider .elementor-divider__text{font-size:15px;line-height:1;max-width:95%}.elementor-widget-divider .elementor-divider__element{margin:0 var(&#8211;divider-element-spacing);flex-shrink:0}.elementor-widget-divider .elementor-icon{font-size:var(&#8211;divider-icon-size)}.elementor-widget-divider .elementor-divider-separator{display:flex;margin:0;direction:ltr}.elementor-widget-divider&#8211;view-line_icon .elementor-divider-separator,.elementor-widget-divider&#8211;view-line_text .elementor-divider-separator{align-items:center}.elementor-widget-divider&#8211;view-line_icon .elementor-divider-separator:after,.elementor-widget-divider&#8211;view-line_icon .elementor-divider-separator:before,.elementor-widget-divider&#8211;view-line_text .elementor-divider-separator:after,.elementor-widget-divider&#8211;view-line_text .elementor-divider-separator:before{display:block;content:&#8221;&#8221;;border-bottom:0;flex-grow:1;border-top:var(&#8211;divider-border-width) var(&#8211;divider-border-style) var(&#8211;divider-color)}.elementor-widget-divider&#8211;element-align-left .elementor-divider .elementor-divider-separator&gt;.elementor-divider__svg:first-of-type{flex-grow:0;flex-shrink:100}.elementor-widget-divider&#8211;element-align-left .elementor-divider-separator:before{content:none}.elementor-widget-divider&#8211;element-align-left .elementor-divider__element{margin-left:0}.elementor-widget-divider&#8211;element-align-right .elementor-divider .elementor-divider-separator&gt;.elementor-divider__svg:last-of-type{flex-grow:0;flex-shrink:100}.elementor-widget-divider&#8211;element-align-right .elementor-divider-separator:after{content:none}.elementor-widget-divider&#8211;element-align-right .elementor-divider__element{margin-right:0}.elementor-widget-divider:not(.elementor-widget-divider&#8211;view-line_text):not(.elementor-widget-divider&#8211;view-line_icon) .elementor-divider-separator{border-top:var(&#8211;divider-border-width) var(&#8211;divider-border-style) var(&#8211;divider-color)}.elementor-widget-divider&#8211;separator-type-pattern{&#8211;divider-border-style:none}.elementor-widget-divider&#8211;separator-type-pattern.elementor-widget-divider&#8211;view-line .elementor-divider-separator,.elementor-widget-divider&#8211;separator-type-pattern:not(.elementor-widget-divider&#8211;view-line) .elementor-divider-separator:after,.elementor-widget-divider&#8211;separator-type-pattern:not(.elementor-widget-divider&#8211;view-line) .elementor-divider-separator:before,.elementor-widget-divider&#8211;separator-type-pattern:not([class*=elementor-widget-divider&#8211;view]) .elementor-divider-separator{width:100%;min-height:var(&#8211;divider-pattern-height);-webkit-mask-size:var(&#8211;divider-pattern-size) 100%;mask-size:var(&#8211;divider-pattern-size) 100%;-webkit-mask-repeat:var(&#8211;divider-pattern-repeat);mask-repeat:var(&#8211;divider-pattern-repeat);background-color:var(&#8211;divider-color);-webkit-mask-image:var(&#8211;divider-pattern-url);mask-image:var(&#8211;divider-pattern-url)}.elementor-widget-divider&#8211;no-spacing{&#8211;divider-pattern-size:auto}.elementor-widget-divider&#8211;bg-round{&#8211;divider-pattern-repeat:round}.rtl .elementor-widget-divider .elementor-divider__text{direction:rtl}.e-con-inner&gt;.elementor-widget-divider,.e-con&gt;.elementor-widget-divider{width:var(&#8211;container-widget-width,100%);&#8211;flex-grow:var(&#8211;container-widget-flex-grow)} Aurea Cristina Magalh\u00e3es Niada Curr\u00edculo Lattes Professora adjunta na Universidade Tecnol\u00f3gica Federal do Paran\u00e1, campus Curitiba, lecionando disciplinas de marketing em cursos de gradua\u00e7\u00e3o e especializa\u00e7\u00e3o.\u00c9 mestre e doutora em Administra\u00e7\u00e3o pela UFPR, linha de pesquisa em Estrat\u00e9gia de Marketing e Comportamento do consumidor. Atuou na gest\u00e3o da gradua\u00e7\u00e3o como coordenadora do curso de bacharelado em Administra\u00e7\u00e3o, Diretora de Gradua\u00e7\u00e3o no campus Curitiba e Diretora de Gradua\u00e7\u00e3o da UTFPR. Tem experi\u00eancia na \u00e1rea de pesquisa de marketing. Tem interesse nos temas: Estrat\u00e9gias de Marketing; Comportamento do Consumidor; Marketing Digital. Jamile Ajub Brid Curr\u00edculo Lattes Possui gradua\u00e7\u00e3o em Pedagogia pela Universidade Estadual de Campinas (2000), mestrado em educa\u00e7\u00e3o pela Universidade Estadual de Campinas (2004) e Doutorado em Educa\u00e7\u00e3o pela Universidade Estadual de Campinas (2010). Atualmente atua como Pedagoga na Universidade Tecnol\u00f3gica Federal do Paran\u00e1 e como Professora do Magist\u00e9rio do Ensino Superior no Instituto Superior de Educa\u00e7\u00e3o . Pesquisadora do Grupo de Pesquisa sobre Desenvolvimento Profissional Docente. Membro do Comit\u00ea Editorial da Revista Transmutare. Atuou como docente no ensino superior em institui\u00e7\u00f5es p\u00fablicas e particulares e em cursos a dist\u00e2ncia de forma\u00e7\u00e3o inicial e continuada. Tem experi\u00eancia na \u00e1rea de Educa\u00e7\u00e3o, com \u00eanfase em Educa\u00e7\u00e3o, atuando principalmente nos seguintes temas: gradua\u00e7\u00e3o, estudantes, forma\u00e7\u00e3o acad\u00eamica, profissionaliza\u00e7\u00e3o docente, universidade e curr\u00edculo. Jo\u00e3o Carlos Pereira de Moraes Curr\u00edculo Lattes Professor da Universidade Tecnol\u00f3gica Federal do Paran\u00e1 &#8211; UTFPR, campus Curitiba. Doutor em Educa\u00e7\u00e3o pela Universidade de S\u00e3o Paulo (USP), Mestre em Educa\u00e7\u00e3o Cient\u00edfica e Tecnol\u00f3gica (UFSC), Licenciado em Matem\u00e1tica (UENP- campus Jacarezinho) e Pedagogia (UEM) . Atuou por doze anos na Educa\u00e7\u00e3o B\u00e1sica da Prefeitura Municipal de Ourinhos\/SP, exercendo a fun\u00e7\u00e3o de Professor dos Anos Iniciais, Supervisor T\u00e9cnico-Pedag\u00f3gico, Formador de Matem\u00e1tica e Professor de Matem\u00e1tica. No ensino privado, lecionou como Professor da Faculdade Est\u00e1cio de S\u00e1 de Ourinhos (2015-2019), atuando em disciplinas no campo da Pedagogia, do Ensino de Ci\u00eancias e de Educa\u00e7\u00e3o Matem\u00e1tica, bem como disciplinas de est\u00e1gio supervisionado. Atualmente \u00e9 vice-l\u00edder do Grupo de Doc\u00eancias, Forma\u00e7\u00e3o e Educa\u00e7\u00e3o Matem\u00e1tica &#8211; GDFEM. Al\u00e9m disso, participa como pesquisador do GEPPE &#8211; Grupo de Estudo e Pesquisa em Pol\u00edticas Educacionais e Forma\u00e7\u00e3o de Professores (CNPq\/UEPG), no qual realizou est\u00e1gio P\u00f3s-Doutoral em Educa\u00e7\u00e3o, discutindo pol\u00edticas p\u00fablicas de forma\u00e7\u00e3o de professores que ensinam Matem\u00e1tica e a BNCC. Atua, ainda, como avaliador do Sistema BASis do INEP, bem como parecerista ad hoc de peri\u00f3dicos cient\u00edficos na \u00e1rea de Educa\u00e7\u00e3o Matem\u00e1tica. Participa como membro do GT01 e da Comiss\u00e3o Nacional Editorial da Sociedade Brasileira de Educa\u00e7\u00e3o Matem\u00e1tica &#8211; SBEM. Exerceu a fun\u00e7\u00e3o de Coordenador do PPGEdu\/UNIPAMPA (2021-2022). Atualmente, ainda, \u00e9 Editor-Chefe da Revista Transmutare. Possui interesses no campo da Educa\u00e7\u00e3o Matem\u00e1tica, Ensino de Ci\u00eancias e Tecnologias Sociais, priorizando discuss\u00f5es: 1- Matem\u00e1tica ou Ci\u00eancias na Educa\u00e7\u00e3o B\u00e1sica e\/ou forma\u00e7\u00e3o do professor; 2- Quest\u00f5es did\u00e1ticas em Matem\u00e1tica, Ci\u00eancias e Tecnologias (planejamento, curr\u00edculo e avalia\u00e7\u00e3o); 3- Inf\u00e2ncia(s) e Tecnologias Sociais (redes sociais, artefatos infanto-tecnol\u00f3gicos, produ\u00e7\u00f5es tecnol\u00f3gicas infantis). Marcelo Souza Motta Curr\u00edculo Lattes Doutor em Ensino de Ci\u00eancias e Matem\u00e1tica pela UNICSUL, mestre em Ensino de Ci\u00eancias e Matem\u00e1tica pela PUCMG e gradua\u00e7\u00e3o em Matem\u00e1tica pela UFES. Atualmente \u00e9 professor adjunto da UTFPR, coordenador da Especializa\u00e7\u00e3o em Inova\u00e7\u00e3o e Tecnologias na Educa\u00e7\u00e3o (INTEDUC) e membro do corpo docente do Programa de P\u00f3s-gradua\u00e7\u00e3o em Forma\u00e7\u00e3o Cient\u00edfica, Educacional e Tecnol\u00f3gica (PPGFCET) da UTFPR e do Programa de P\u00f3s-gradua\u00e7\u00e3o em Educa\u00e7\u00e3o em Ci\u00eancias e em Matem\u00e1tica (PPGECM) da UFPR. L\u00edder do Grupo de Pesquisa em Inova\u00e7\u00e3o e Tecnologias na Educa\u00e7\u00e3o (GPINTEDUC). Possui interesses de pesquisas relacionadas em: Tecnologias Digitais no Ensino de Ci\u00eancias e Matem\u00e1tica; Objetos de aprendizagem; pensamento computacional; programa\u00e7\u00e3o visual (intuitiva); aplicativos educacionais m\u00f3veis; jogos digitais; forma\u00e7\u00e3o de professores para o uso de tecnologias digitais no ensino de Ci\u00eancias e Matem\u00e1tica; metodologias ativas no ensino-aprendizagem de Ci\u00eancias e Matem\u00e1tica; MOOCs; Educa\u00e7\u00e3o Aberta e a Dist\u00e2ncia; Recursos Educacionais Abertos; Ambientes Virtuais de Aprendizagem. Marta Rejane Proen\u00e7a Filietaz Curr\u00edculo Lattes Professora da Universidade Tecnol\u00f3gica Federal do Paran\u00e1 (UTFPR) no Departamento de Educa\u00e7\u00e3o &#8211; DEPED\/ Campus Curitiba. Possui Doutorado em Dist\u00farbios da Comunica\u00e7\u00e3o (Universidade Tuiuti do Paran\u00e1-UTP\/2016), Mestrado em Educa\u00e7\u00e3o (2006), P\u00f3s- Gradua\u00e7\u00e3o Lato Sensu em Psicopedagogia (2002), Educa\u00e7\u00e3o Bil\u00edngue Libras\/ L\u00edngua Portuguesa (2007) e Educa\u00e7\u00e3o Profissional e Tecnol\u00f3gica Inclusiva (Instituto Federal do Tri\u00e2ngulo Mineiro &#8211; lFTM (2020), gradua\u00e7\u00e3o em Pedagogia (1999). Pesquisador no Grupo de Pesquisa sobre Desenvolvimento Profissional Docente (UTFPR). Participante da Rede de Pesquisadores em Forma\u00e7\u00e3o de Professores (RIPEFOR). membro da comiss\u00e3o Editorial da Revista Transmutare (peri\u00f3dico online do Departamento de Educa\u00e7\u00e3o da UTFPR\/Curitiba). Tem experi\u00eancia na \u00e1rea de Educa\u00e7\u00e3o, com \u00eanfase em Educa\u00e7\u00e3o Inclusiva, atuando principalmente nos seguintes","og_url":"https:\/\/utfpr.curitiba.br\/geduci\/professores\/","og_site_name":"GEDUCI","article_modified_time":"2023-08-27T18:58:39+00:00","og_image":[{"url":"https:\/\/utfpr-ct-static-content.s3.amazonaws.com\/utfpr.curitiba.br\/wp-content\/uploads\/sites\/158\/2023\/07\/1-300x300.png","type":"","width":"","height":""}],"twitter_card":"summary_large_image","twitter_misc":{"Est. reading time":"10 minutos"},"schema":{"@context":"https:\/\/schema.org","@graph":[{"@type":"WebPage","@id":"https:\/\/utfpr.curitiba.br\/geduci\/professores\/","url":"https:\/\/utfpr.curitiba.br\/geduci\/professores\/","name":"Professores - GEDUCI","isPartOf":{"@id":"https:\/\/utfpr.curitiba.br\/geduci\/#website"},"primaryImageOfPage":{"@id":"https:\/\/utfpr.curitiba.br\/geduci\/professores\/#primaryimage"},"image":{"@id":"https:\/\/utfpr.curitiba.br\/geduci\/professores\/#primaryimage"},"thumbnailUrl":"https:\/\/utfpr-ct-static-content.s3.amazonaws.com\/utfpr.curitiba.br\/wp-content\/uploads\/sites\/158\/2023\/07\/1-300x300.png","datePublished":"2022-06-07T19:32:53+00:00","dateModified":"2023-08-27T18:58:39+00:00","breadcrumb":{"@id":"https:\/\/utfpr.curitiba.br\/geduci\/professores\/#breadcrumb"},"inLanguage":"pt-BR","potentialAction":[{"@type":"ReadAction","target":["https:\/\/utfpr.curitiba.br\/geduci\/professores\/"]}]},{"@type":"ImageObject","inLanguage":"pt-BR","@id":"https:\/\/utfpr.curitiba.br\/geduci\/professores\/#primaryimage","url":"https:\/\/utfpr-ct-static-content.s3.amazonaws.com\/utfpr.curitiba.br\/wp-content\/uploads\/sites\/158\/2023\/07\/1-300x300.png","contentUrl":"https:\/\/utfpr-ct-static-content.s3.amazonaws.com\/utfpr.curitiba.br\/wp-content\/uploads\/sites\/158\/2023\/07\/1-300x300.png"},{"@type":"BreadcrumbList","@id":"https:\/\/utfpr.curitiba.br\/geduci\/professores\/#breadcrumb","itemListElement":[{"@type":"ListItem","position":1,"name":"Home","item":"https:\/\/utfpr.curitiba.br\/geduci\/"},{"@type":"ListItem","position":2,"name":"Professores"}]},{"@type":"WebSite","@id":"https:\/\/utfpr.curitiba.br\/geduci\/#website","url":"https:\/\/utfpr.curitiba.br\/geduci\/","name":"GEDUCI UTFPR","description":"Curso de Especializa\u00e7\u00e3o MBA em Gest\u00e3o Educacional e Inova\u00e7\u00e3o","publisher":{"@id":"https:\/\/utfpr.curitiba.br\/geduci\/#organization"},"potentialAction":[{"@type":"SearchAction","target":{"@type":"EntryPoint","urlTemplate":"https:\/\/utfpr.curitiba.br\/geduci\/?s={search_term_string}"},"query-input":{"@type":"PropertyValueSpecification","valueRequired":true,"valueName":"search_term_string"}}],"inLanguage":"pt-BR"},{"@type":"Organization","@id":"https:\/\/utfpr.curitiba.br\/geduci\/#organization","name":"Especializa\u00e7\u00e3o MBA em Gest\u00e3o Educacional e Inova\u00e7\u00e3o","url":"https:\/\/utfpr.curitiba.br\/geduci\/","logo":{"@type":"ImageObject","inLanguage":"pt-BR","@id":"https:\/\/utfpr.curitiba.br\/geduci\/#\/schema\/logo\/image\/","url":"https:\/\/utfpr-ct-static-content.s3.amazonaws.com\/utfpr.curitiba.br\/wp-content\/uploads\/sites\/158\/2023\/07\/Logo_GEDUCI_Medio.png","contentUrl":"https:\/\/utfpr-ct-static-content.s3.amazonaws.com\/utfpr.curitiba.br\/wp-content\/uploads\/sites\/158\/2023\/07\/Logo_GEDUCI_Medio.png","width":1566,"height":668,"caption":"Especializa\u00e7\u00e3o MBA em Gest\u00e3o Educacional e Inova\u00e7\u00e3o"},"image":{"@id":"https:\/\/utfpr.curitiba.br\/geduci\/#\/schema\/logo\/image\/"}}]}},"_links":{"self":[{"href":"https:\/\/utfpr.curitiba.br\/geduci\/wp-json\/wp\/v2\/pages\/179","targetHints":{"allow":["GET"]}}],"collection":[{"href":"https:\/\/utfpr.curitiba.br\/geduci\/wp-json\/wp\/v2\/pages"}],"about":[{"href":"https:\/\/utfpr.curitiba.br\/geduci\/wp-json\/wp\/v2\/types\/page"}],"author":[{"embeddable":true,"href":"https:\/\/utfpr.curitiba.br\/geduci\/wp-json\/wp\/v2\/users\/85"}],"replies":[{"embeddable":true,"href":"https:\/\/utfpr.curitiba.br\/geduci\/wp-json\/wp\/v2\/comments?post=179"}],"version-history":[{"count":88,"href":"https:\/\/utfpr.curitiba.br\/geduci\/wp-json\/wp\/v2\/pages\/179\/revisions"}],"predecessor-version":[{"id":1532,"href":"https:\/\/utfpr.curitiba.br\/geduci\/wp-json\/wp\/v2\/pages\/179\/revisions\/1532"}],"wp:attachment":[{"href":"https:\/\/utfpr.curitiba.br\/geduci\/wp-json\/wp\/v2\/media?parent=179"}],"curies":[{"name":"wp","href":"https:\/\/api.w.org\/{rel}","templated":true}]}}