{"id":2152,"date":"2021-07-15T16:43:19","date_gmt":"2021-07-15T19:43:19","guid":{"rendered":"https:\/\/experimentanima.ct.utfpr.edu.br\/?page_id=2152"},"modified":"2024-06-04T15:02:59","modified_gmt":"2024-06-04T18:02:59","slug":"cadastros-realizados","status":"publish","type":"page","link":"https:\/\/utfpr.curitiba.br\/experimentanima\/?page_id=2152","title":{"rendered":"Biblioteca"},"content":{"rendered":"\t\t<div data-elementor-type=\"wp-page\" data-elementor-id=\"2152\" class=\"elementor elementor-2152\">\n\t\t\t\t\t\t<section class=\"elementor-section elementor-top-section elementor-element elementor-element-bda17aa elementor-section-boxed elementor-section-height-default elementor-section-height-default\" data-id=\"bda17aa\" data-element_type=\"section\" data-e-type=\"section\">\n\t\t\t\t\t\t<div class=\"elementor-container elementor-column-gap-default\">\n\t\t\t\t\t<div class=\"elementor-column elementor-col-100 elementor-top-column elementor-element elementor-element-9320cb1\" data-id=\"9320cb1\" data-element_type=\"column\" data-e-type=\"column\">\n\t\t\t<div class=\"elementor-widget-wrap elementor-element-populated\">\n\t\t\t\t\t\t<div class=\"elementor-element elementor-element-226886d elementor-widget elementor-widget-heading\" data-id=\"226886d\" data-element_type=\"widget\" data-e-type=\"widget\" data-widget_type=\"heading.default\">\n\t\t\t\t<div class=\"elementor-widget-container\">\n\t\t\t\t\t<h2 class=\"elementor-heading-title elementor-size-default\">Biblioteca<\/h2>\t\t\t\t<\/div>\n\t\t\t\t<\/div>\n\t\t\t\t<div class=\"elementor-element elementor-element-51e367d elementor-widget elementor-widget-text-editor\" data-id=\"51e367d\" data-element_type=\"widget\" data-e-type=\"widget\" data-widget_type=\"text-editor.default\">\n\t\t\t\t<div class=\"elementor-widget-container\">\n\t\t\t\t\t\t\t\t\t<p>Voc\u00ea j\u00e1 escreveu um trabalho t\u00e9cnico cient\u00edfico sobre anima\u00e7\u00e3o em algum momento da sua vida acad\u00eamica ou profissional? Compartilhe com a gente!<\/p><p>O espa\u00e7o Biblioteca do ExperimentAnima tem o objetivo de identificar e divulgar as produ\u00e7\u00f5es na \u00e1rea de anima\u00e7\u00e3o, incluindo os Trabalhos de Conclus\u00e3o de Curso (TCCs), monografias, disserta\u00e7\u00f5es, teses, livros, artigos, entre outros.<\/p><p>\u00c9 f\u00e1cil participar! Acesse o formul\u00e1rio do <strong><a href=\"https:\/\/docs.google.com\/forms\/d\/e\/1FAIpQLSeEiYfkC2bf6YUSK0vZclfgI8DjKdMOm7-B7qnJEdO1dxDQMQ\/viewform\" data-wplink-edit=\"true\">Cadastro Nacional de trabalhos acad\u00eamicos\/cient\u00edficos<\/a><\/strong> em anima\u00e7\u00e3o que est\u00e1 dispon\u00edvel no site do evento em Participe\/Cadastros. Preencha com suas informa\u00e7\u00f5es e envie. Pronto!<\/p><p>A biblioteca \u00e9 uma iniciativa permanente e fica ativa para consulta durante todas as edi\u00e7\u00f5es do ExperimentAnima e pode receber atualiza\u00e7\u00f5es a qualquer momento. Tornando-se assim, um cat\u00e1logo de refer\u00eancia para consultas de pesquisadores e profissionais. Por isso, n\u00e3o deixe de divulgar seu trabalho!!!<\/p>\t\t\t\t\t\t\t\t<\/div>\n\t\t\t\t<\/div>\n\t\t\t\t<section class=\"elementor-section elementor-inner-section elementor-element elementor-element-42eca44 elementor-section-boxed elementor-section-height-default elementor-section-height-default\" data-id=\"42eca44\" data-element_type=\"section\" data-e-type=\"section\">\n\t\t\t\t\t\t<div class=\"elementor-container elementor-column-gap-default\">\n\t\t\t\t\t<div class=\"elementor-column elementor-col-50 elementor-inner-column elementor-element elementor-element-db826d7\" data-id=\"db826d7\" data-element_type=\"column\" data-e-type=\"column\">\n\t\t\t<div class=\"elementor-widget-wrap elementor-element-populated\">\n\t\t\t\t\t\t<div class=\"elementor-element elementor-element-3a5e713 elementor-widget elementor-widget-toggle\" data-id=\"3a5e713\" data-element_type=\"widget\" data-e-type=\"widget\" data-widget_type=\"toggle.default\">\n\t\t\t\t<div class=\"elementor-widget-container\">\n\t\t\t\t\t\t\t<div class=\"elementor-toggle\">\n\t\t\t\t\t\t\t<div class=\"elementor-toggle-item\">\n\t\t\t\t\t<div id=\"elementor-tab-title-6121\" class=\"elementor-tab-title\" data-tab=\"1\" role=\"button\" aria-controls=\"elementor-tab-content-6121\" aria-expanded=\"false\">\n\t\t\t\t\t\t\t\t\t\t\t\t<span class=\"elementor-toggle-icon elementor-toggle-icon-left\" aria-hidden=\"true\">\n\t\t\t\t\t\t\t\t\t\t\t\t\t\t\t<span class=\"elementor-toggle-icon-closed\"><i class=\"fas fa-caret-right\"><\/i><\/span>\n\t\t\t\t\t\t\t\t<span class=\"elementor-toggle-icon-opened\"><i class=\"elementor-toggle-icon-opened fas fa-caret-up\"><\/i><\/span>\n\t\t\t\t\t\t\t\t\t\t\t\t\t<\/span>\n\t\t\t\t\t\t\t\t\t\t\t\t<a class=\"elementor-toggle-title\" tabindex=\"0\">[ES] Biblioteca<\/a>\n\t\t\t\t\t<\/div>\n\n\t\t\t\t\t<div id=\"elementor-tab-content-6121\" class=\"elementor-tab-content elementor-clearfix\" data-tab=\"1\" role=\"region\" aria-labelledby=\"elementor-tab-title-6121\"><p>\u00bfHas escrito alguna vez un trabajo t\u00e9cnico-cient\u00edfico sobre animaci\u00f3n en alg\u00fan momento de tu vida acad\u00e9mica o profesional? \u00a1Comp\u00e1rtelo con nosotros!<\/p><p>El espacio Biblioteca de ExperimentAnima tiene como objetivo identificar y promover las producciones en el campo de la animaci\u00f3n, incluyendo Tes\u00eds, monograf\u00edas, disertaciones, libros, art\u00edculos, y m\u00e1s.<\/p><p>\u00a1Es f\u00e1cil participar! Accede al formulario del <strong><a href=\"https:\/\/docs.google.com\/forms\/d\/e\/1FAIpQLSeEiYfkC2bf6YUSK0vZclfgI8DjKdMOm7-B7qnJEdO1dxDQMQ\/viewform\">Registro Nacional de trabajos acad\u00e9micos\/cient\u00edficos en animaci\u00f3n<\/a><\/strong> que est\u00e1 disponible en el sitio web del evento en Participa\/Registros. Rellena con tus informaciones y env\u00edalo. \u00a1Listo!<\/p><p>La biblioteca es una iniciativa permanente y permanece activa para consulta durante todas las ediciones de ExperimentAnima y puede recibir actualizaciones en cualquier momento. As\u00ed, se convierte en un cat\u00e1logo de referencia para consultas de investigadores y profesionales. \u00a1As\u00ed que no dejes de divulgar tu trabajo!<\/p><\/div>\n\t\t\t\t<\/div>\n\t\t\t\t\t\t\t\t<\/div>\n\t\t\t\t\t\t<\/div>\n\t\t\t\t<\/div>\n\t\t\t\t\t<\/div>\n\t\t<\/div>\n\t\t\t\t<div class=\"elementor-column elementor-col-50 elementor-inner-column elementor-element elementor-element-929a136\" data-id=\"929a136\" data-element_type=\"column\" data-e-type=\"column\">\n\t\t\t<div class=\"elementor-widget-wrap elementor-element-populated\">\n\t\t\t\t\t\t<div class=\"elementor-element elementor-element-00388e2 elementor-widget elementor-widget-toggle\" data-id=\"00388e2\" data-element_type=\"widget\" data-e-type=\"widget\" data-widget_type=\"toggle.default\">\n\t\t\t\t<div class=\"elementor-widget-container\">\n\t\t\t\t\t\t\t<div class=\"elementor-toggle\">\n\t\t\t\t\t\t\t<div class=\"elementor-toggle-item\">\n\t\t\t\t\t<div id=\"elementor-tab-title-2311\" class=\"elementor-tab-title\" data-tab=\"1\" role=\"button\" aria-controls=\"elementor-tab-content-2311\" aria-expanded=\"false\">\n\t\t\t\t\t\t\t\t\t\t\t\t<span class=\"elementor-toggle-icon elementor-toggle-icon-left\" aria-hidden=\"true\">\n\t\t\t\t\t\t\t\t\t\t\t\t\t\t\t<span class=\"elementor-toggle-icon-closed\"><i class=\"fas fa-caret-right\"><\/i><\/span>\n\t\t\t\t\t\t\t\t<span class=\"elementor-toggle-icon-opened\"><i class=\"elementor-toggle-icon-opened fas fa-caret-up\"><\/i><\/span>\n\t\t\t\t\t\t\t\t\t\t\t\t\t<\/span>\n\t\t\t\t\t\t\t\t\t\t\t\t<a class=\"elementor-toggle-title\" tabindex=\"0\">[EN] Library<\/a>\n\t\t\t\t\t<\/div>\n\n\t\t\t\t\t<div id=\"elementor-tab-content-2311\" class=\"elementor-tab-content elementor-clearfix\" data-tab=\"1\" role=\"region\" aria-labelledby=\"elementor-tab-title-2311\"><p>Have you ever written a technical-scientific paper on animation at any point in your academic or professional life? Share it with us!<\/p><p>The ExperimentAnima Library space aims to identify and promote productions in the field of animation, including undergraduate research projects, monographs, dissertations, theses, books, articles, and more.<\/p><p>It&#8217;s easy to participate! Access the <strong><a href=\"https:\/\/docs.google.com\/forms\/d\/e\/1FAIpQLSeEiYfkC2bf6YUSK0vZclfgI8DjKdMOm7-B7qnJEdO1dxDQMQ\/viewform\">National Registry form for academic\/scientific works in animation<\/a><\/strong> available on the event&#8217;s website under Participate\/Registrations. Fill in your information and send it. Done!<\/p><p>The library is a permanent initiative and remains active for consultation during all editions of ExperimentAnima and can receive updates at any time. Thus, it becomes a reference catalog for researchers and professionals. So, don\u2019t forget to share your work!!!<\/p><\/div>\n\t\t\t\t<\/div>\n\t\t\t\t\t\t\t\t<\/div>\n\t\t\t\t\t\t<\/div>\n\t\t\t\t<\/div>\n\t\t\t\t\t<\/div>\n\t\t<\/div>\n\t\t\t\t\t<\/div>\n\t\t<\/section>\n\t\t\t\t\t<\/div>\n\t\t<\/div>\n\t\t\t\t\t<\/div>\n\t\t<\/section>\n\t\t\t\t<section class=\"elementor-section elementor-top-section elementor-element elementor-element-cbb2379 elementor-section-boxed elementor-section-height-default elementor-section-height-default\" data-id=\"cbb2379\" data-element_type=\"section\" data-e-type=\"section\">\n\t\t\t\t\t\t<div class=\"elementor-container elementor-column-gap-default\">\n\t\t\t\t\t<div class=\"elementor-column elementor-col-100 elementor-top-column elementor-element elementor-element-8580b1a\" data-id=\"8580b1a\" data-element_type=\"column\" data-e-type=\"column\">\n\t\t\t<div class=\"elementor-widget-wrap elementor-element-populated\">\n\t\t\t\t\t\t<div class=\"elementor-element elementor-element-fec9a22 elementor-widget elementor-widget-heading\" data-id=\"fec9a22\" data-element_type=\"widget\" data-e-type=\"widget\" data-widget_type=\"heading.default\">\n\t\t\t\t<div class=\"elementor-widget-container\">\n\t\t\t\t\t<h2 class=\"elementor-heading-title elementor-size-default\">Cadastro Nacional de Trabalhos acad\u00eamicos\/cient\u00edficos em anima\u00e7\u00e3o<\/h2>\t\t\t\t<\/div>\n\t\t\t\t<\/div>\n\t\t\t\t<div class=\"elementor-element elementor-element-221417f elementor-widget elementor-widget-text-editor\" data-id=\"221417f\" data-element_type=\"widget\" data-e-type=\"widget\" data-widget_type=\"text-editor.default\">\n\t\t\t\t<div class=\"elementor-widget-container\">\n\t\t\t\t\t\t\t\t\tRegistro Nacional de Trabajos Acad\u00e9micos\/Cient\u00edficos en Animaci\u00f3n \/ National Registry of Academic\/Scientific Works in Animation\t\t\t\t\t\t\t\t<\/div>\n\t\t\t\t<\/div>\n\t\t\t\t<div class=\"elementor-element elementor-element-baa7304 elementor-widget elementor-widget-text-editor\" data-id=\"baa7304\" data-element_type=\"widget\" data-e-type=\"widget\" data-widget_type=\"text-editor.default\">\n\t\t\t\t<div class=\"elementor-widget-container\">\n\t\t\t\t\t\t\t\t\t<p><span style=\"font-family: Lato, sans-serif;font-size: 14px;font-style: normal;font-weight: 400\">AIUB, Fernanda.\u00a0<\/span><span style=\"font-family: Lato, sans-serif;font-size: 14px;font-style: normal;font-weight: 600\">Ensino de anima\u00e7\u00e3o 2D.<\/span><span style=\"font-family: Lato, sans-serif;font-size: 14px;font-style: normal;font-weight: 400\">\u00a02017. 43 p. Trabalho de Conclus\u00e3o de Curso (Licenciatura &#8211; Artes Visuais), Universidade Estadual Paulista Julio de Mesquita Filho, Instituto de Artes, 2017.<\/span><br style=\"font-family: Lato, sans-serif\" \/><em style=\"font-family: Lato, sans-serif;font-size: 14px;font-weight: 400\">Acesso: http:\/\/hdl.handle.net\/11449\/156589<\/em><\/p>\t\t\t\t\t\t\t\t<\/div>\n\t\t\t\t<\/div>\n\t\t\t\t<div class=\"elementor-element elementor-element-19c6ca6 elementor-widget elementor-widget-text-editor\" data-id=\"19c6ca6\" data-element_type=\"widget\" data-e-type=\"widget\" data-widget_type=\"text-editor.default\">\n\t\t\t\t<div class=\"elementor-widget-container\">\n\t\t\t\t\t\t\t\t\t<p><span style=\"font-family: Lato, sans-serif;font-size: 14px;font-style: normal;font-weight: 400\">AMARAL, Elidiany Andreia Oliveira do. <strong>Anima\u00e7\u00e3o em motion graphics para a preven\u00e7\u00e3o do bullying em escolas brasileiras.<\/strong> 2019. 95 f. Trabalho de Conclus\u00e3o de Curso (Tecnologia em Design Gr\u00e1fico) &#8211; Universidade Tecnol\u00f3gica Federal do Paran\u00e1 (UTFPR), Curitiba, 2019.<br><\/span><em style=\"font-weight: inherit;background-color: var(--ast-global-color-5);color: var(--ast-global-color-3)\">Acesso: https:\/\/repositorio.utfpr.edu.br\/jspui\/handle\/1\/13842<\/em><\/p>\t\t\t\t\t\t\t\t<\/div>\n\t\t\t\t<\/div>\n\t\t\t\t<div class=\"elementor-element elementor-element-87e60a9 elementor-widget elementor-widget-text-editor\" data-id=\"87e60a9\" data-element_type=\"widget\" data-e-type=\"widget\" data-widget_type=\"text-editor.default\">\n\t\t\t\t<div class=\"elementor-widget-container\">\n\t\t\t\t\t\t\t\t\t<p><span style=\"font-family: Lato, sans-serif;font-size: 14px;font-style: normal;font-weight: 400\">ARA\u00daJO, Pamella Em\u00edlia de Queiroz.\u00a0<\/span><span style=\"font-family: Lato, sans-serif;font-size: 14px;font-style: normal;font-weight: 600\">O sil\u00eancio l\u00e1 de baixo: autobiografia em cinema de anima\u00e7\u00e3o.<\/span><span style=\"font-family: Lato, sans-serif;font-size: 14px;font-style: normal;font-weight: 400\">\u00a02019. 175 p. Disserta\u00e7\u00e3o (Mestrado) &#8211; Universidade do Estado de Santa Catarina, Centro de Artes, Mestrado em Artes Visuais, Florian\u00f3polis, 2019.<\/span><br style=\"font-family: Lato, sans-serif\" \/><em style=\"font-family: Lato, sans-serif;font-size: 14px;font-weight: 400\">Acesso:\u00a0 pergamumweb.udesc.br\/biblioteca\/index.php?codAcervo=14575<\/em><\/p>\t\t\t\t\t\t\t\t<\/div>\n\t\t\t\t<\/div>\n\t\t\t\t<div class=\"elementor-element elementor-element-599e0ea elementor-widget elementor-widget-text-editor\" data-id=\"599e0ea\" data-element_type=\"widget\" data-e-type=\"widget\" data-widget_type=\"text-editor.default\">\n\t\t\t\t<div class=\"elementor-widget-container\">\n\t\t\t\t\t\t\t\t\t<p><span style=\"font-family: Lato, sans-serif;font-size: 14px;font-style: normal;font-weight: 400\">AUDACIO, Edneuci Denise. <strong>A hist\u00f3ria do munic\u00edpio de Londrina narrada com uso de anima\u00e7\u00e3o gr\u00e1fica &#8211; Londrix.<\/strong> 2015. 41 f. Trabalho de Conclus\u00e3o de Curso (Especializa\u00e7\u00e3o) &#8211; Universidade Federal Tecnol\u00f3gica do Paran\u00e1, Londrina,2015<br \/><em>Acesso: https:\/\/repositorio.utfpr.edu.br\/jspui\/handle\/1\/20299<\/em><\/span><\/p>\t\t\t\t\t\t\t\t<\/div>\n\t\t\t\t<\/div>\n\t\t\t\t<div class=\"elementor-element elementor-element-5351c53 elementor-widget elementor-widget-text-editor\" data-id=\"5351c53\" data-element_type=\"widget\" data-e-type=\"widget\" data-widget_type=\"text-editor.default\">\n\t\t\t\t<div class=\"elementor-widget-container\">\n\t\t\t\t\t\t\t\t\t<p><span style=\"font-family: Lato, sans-serif;font-size: 14px;font-style: normal;font-weight: 400;letter-spacing: var( --e-global-typography-f392d80-letter-spacing )\">BARROSO, Roberta Filizola Custodio.\u00a0<\/span><span style=\"font-family: Lato, sans-serif;font-size: 14px;font-style: normal;font-weight: 600;letter-spacing: var( --e-global-typography-f392d80-letter-spacing )\">Pol\u00edtica nacional de fomento ao audiovisual e o desenvolvimento do cinema de anima\u00e7\u00e3o no Cear\u00e1<\/span><span style=\"font-family: Lato, sans-serif;font-size: 14px;font-style: normal;font-weight: 400;letter-spacing: var( --e-global-typography-f392d80-letter-spacing )\">. 2019. 90 f. Monografia (Gradua\u00e7\u00e3o em Direito) &#8211; Faculdade de Direito, Universidade Federal do Cear\u00e1, Fortaleza, 2019<br \/><\/span><em style=\"font-family: Lato, sans-serif;font-size: 14px;font-weight: 400;letter-spacing: var( --e-global-typography-f392d80-letter-spacing )\">Acesso: http:\/\/repositorio.ufc.br\/handle\/riufc\/49354<\/em><\/p>\t\t\t\t\t\t\t\t<\/div>\n\t\t\t\t<\/div>\n\t\t\t\t<div class=\"elementor-element elementor-element-b0526bf elementor-widget elementor-widget-text-editor\" data-id=\"b0526bf\" data-element_type=\"widget\" data-e-type=\"widget\" data-widget_type=\"text-editor.default\">\n\t\t\t\t<div class=\"elementor-widget-container\">\n\t\t\t\t\t\t\t\t\t<p><span style=\"font-family: Lato, sans-serif;font-size: 14px;font-style: normal;font-weight: 400\">BRAGA, B. A.\u00a0<\/span><span style=\"font-family: Lato, sans-serif;font-size: 14px;font-style: normal;font-weight: 600\">The unexpected tales ou como multiplicar privil\u00e9gios para diversificar anima\u00e7\u00e3o.<\/span><span style=\"font-family: Lato, sans-serif;font-size: 14px;font-style: normal;font-weight: 400\">\u00a02020. 108 p. Trabalho de Conclus\u00e3o de Curso Superior (Tecnologia em Design Gr\u00e1fico) &#8211; Departamento de Design, Universidade Tecnol\u00f3gica Federal do Paran\u00e1 (UTFPR), Curitiba, 2020.<\/span><\/p>\t\t\t\t\t\t\t\t<\/div>\n\t\t\t\t<\/div>\n\t\t\t\t<div class=\"elementor-element elementor-element-11e4a0f elementor-widget elementor-widget-text-editor\" data-id=\"11e4a0f\" data-element_type=\"widget\" data-e-type=\"widget\" data-widget_type=\"text-editor.default\">\n\t\t\t\t<div class=\"elementor-widget-container\">\n\t\t\t\t\t\t\t\t\t<p><span style=\"font-family: Lato, sans-serif;font-size: 14px;font-style: normal;font-weight: 400\">CAMILO, Eduarda Pelizzari. <strong>A forma\u00e7\u00e3o continuada de professores dos anos iniciais: uma experi\u00eancia de pr\u00e1tica docente com o uso de stop motion em aulas de ci\u00eancias e science.<\/strong> 2022. Disserta\u00e7\u00e3o (Mestrado em Ensino de Ci\u00eancia e Tecnologia) &#8211; Universidade Tecnol\u00f3gica Federal do Paran\u00e1, Ponta Grossa, 2022.<br \/><em>Acesso: https:\/\/riut.utfpr.edu.br\/jspui\/handle\/1\/31070<\/em><\/span><\/p>\t\t\t\t\t\t\t\t<\/div>\n\t\t\t\t<\/div>\n\t\t\t\t<div class=\"elementor-element elementor-element-b8e9ed2 elementor-widget elementor-widget-text-editor\" data-id=\"b8e9ed2\" data-element_type=\"widget\" data-e-type=\"widget\" data-widget_type=\"text-editor.default\">\n\t\t\t\t<div class=\"elementor-widget-container\">\n\t\t\t\t\t\t\t\t\t<p><span style=\"font-family: Lato, sans-serif;font-size: 14px;font-style: normal;font-weight: 400;letter-spacing: var( --e-global-typography-f392d80-letter-spacing )\">CAPDEVILLE, Samantha Claret; Araripe, Thaynara Andressa Frota; PEREIRA, Marcio Ferreira Rodrigues; BARROSO, Roberta Filizola Cust\u00f3dio.\u00a0<\/span><span style=\"font-family: Lato, sans-serif;font-size: 14px;font-style: normal;font-weight: 600;letter-spacing: var( --e-global-typography-f392d80-letter-spacing )\">Pol\u00edtica nacional de fomento ao audiovisual e o desenvolvimento do cinema de anima\u00e7\u00e3o no Cear\u00e1.<\/span><span style=\"font-family: Lato, sans-serif;font-size: 14px;font-style: normal;font-weight: 400;letter-spacing: var( --e-global-typography-f392d80-letter-spacing )\">\u00a0Passagens, Fortaleza, v. 11, n. 2, 129-150, 2020.<br \/><\/span><em style=\"font-family: Lato, sans-serif;font-size: 14px;font-weight: 400;letter-spacing: var( --e-global-typography-f392d80-letter-spacing )\">Acesso:<\/em><span style=\"font-family: Lato, sans-serif;font-size: 14px;font-style: normal;font-weight: 400\">\u00a0<\/span><em style=\"font-family: Lato, sans-serif;font-size: 14px;font-weight: 400;letter-spacing: var( --e-global-typography-f392d80-letter-spacing )\"><a style=\"font-size: 14px\" href=\"http:\/\/www.periodicos.ufc.br\/passagens\/article\/view\/60813\">http:\/\/www.periodicos.ufc.br\/passagens\/article\/view\/60813<\/a><\/em><\/p>\t\t\t\t\t\t\t\t<\/div>\n\t\t\t\t<\/div>\n\t\t\t\t<div class=\"elementor-element elementor-element-b7e9a50 elementor-widget elementor-widget-text-editor\" data-id=\"b7e9a50\" data-element_type=\"widget\" data-e-type=\"widget\" data-widget_type=\"text-editor.default\">\n\t\t\t\t<div class=\"elementor-widget-container\">\n\t\t\t\t\t\t\t\t\t<p><span style=\"font-family: Lato, sans-serif;font-size: 14px;font-style: normal;font-weight: 400;letter-spacing: var( --e-global-typography-f392d80-letter-spacing )\">COSTA, Eliane Cristina de Assis Teixeira. <strong>O filme comercial de anima\u00e7\u00e3o como recurso did\u00e1tico nas aulas de ci\u00eancias.<\/strong> 2015. Trabalho de Conclus\u00e3o de Curso (Especializa\u00e7\u00e3o em Educa\u00e7\u00e3o: M\u00e9todos e T\u00e9cnicas de Ensino)- Universidade Tecnol\u00f3gica Federal do Paran\u00e1, Medianeira, 2015.<br \/><em>Acesso: http:\/\/repositorio.utfpr.edu.br\/jspui\/handle\/1\/20542<\/em><\/span><\/p>\t\t\t\t\t\t\t\t<\/div>\n\t\t\t\t<\/div>\n\t\t\t\t<div class=\"elementor-element elementor-element-fab0548 elementor-widget elementor-widget-text-editor\" data-id=\"fab0548\" data-element_type=\"widget\" data-e-type=\"widget\" data-widget_type=\"text-editor.default\">\n\t\t\t\t<div class=\"elementor-widget-container\">\n\t\t\t\t\t\t\t\t\t<p><span style=\"font-family: Lato, sans-serif;font-size: 14px;font-style: normal;font-weight: 400;letter-spacing: var( --e-global-typography-f392d80-letter-spacing )\">C\u00d4GO, William Figueiredo.\u00a0<\/span><span style=\"font-family: Lato, sans-serif;font-size: 14px;font-style: normal;font-weight: 600;letter-spacing: var( --e-global-typography-f392d80-letter-spacing )\">Das p\u00e1ginas impressas para as telas: o processo de adapta\u00e7\u00e3o de livros ilustrados para cinema de anima\u00e7\u00e3o.<\/span><span style=\"font-family: Lato, sans-serif;font-size: 14px;font-style: normal;font-weight: 400;letter-spacing: var( --e-global-typography-f392d80-letter-spacing )\">\u00a0Disserta\u00e7\u00e3o (Mestrado M\u00eddias Criativas) \u2013 Escola de Comunica\u00e7\u00e3o, Universidade Federal do Rio de Janeiro. Rio de Janeiro, 2020.<\/span><\/p>\t\t\t\t\t\t\t\t<\/div>\n\t\t\t\t<\/div>\n\t\t\t\t<div class=\"elementor-element elementor-element-4f24ab0 elementor-widget elementor-widget-text-editor\" data-id=\"4f24ab0\" data-element_type=\"widget\" data-e-type=\"widget\" data-widget_type=\"text-editor.default\">\n\t\t\t\t<div class=\"elementor-widget-container\">\n\t\t\t\t\t\t\t\t\t<p><span style=\"font-family: Lato, sans-serif;font-size: 14px;font-style: normal;font-weight: 400\">DUTRA, Leonardo R. GINO, Maur\u00edcio S.&nbsp;<\/span><span style=\"font-family: Lato, sans-serif;font-size: 14px;font-style: normal;font-weight: 600\">Evolution of spatiotemporal resolvability in the technical development of stop-motion.<\/span><span style=\"font-family: Lato, sans-serif;font-size: 14px;font-style: normal;font-weight: 400\">&nbsp;AVANCA Cinema International Conference 2019. Avanca, Portugal. Edi\u00e7\u00f5es Cineclube de Avanca, 2019. p.723- 732.<\/span><br style=\"font-family: Lato, sans-serif\"><em style=\"font-family: Lato, sans-serif;font-size: 14px;font-weight: 400\">Acesso: academia.edu\/43666418\/Evolution_of_spatiotemporal_resolvability_in_the_technical_development_of_stop-motion<\/em><\/p>\t\t\t\t\t\t\t\t<\/div>\n\t\t\t\t<\/div>\n\t\t\t\t<div class=\"elementor-element elementor-element-bece185 elementor-widget elementor-widget-text-editor\" data-id=\"bece185\" data-element_type=\"widget\" data-e-type=\"widget\" data-widget_type=\"text-editor.default\">\n\t\t\t\t<div class=\"elementor-widget-container\">\n\t\t\t\t\t\t\t\t\t<p><span style=\"font-family: Lato, sans-serif;font-size: 14px;font-style: normal;font-weight: 400\">ERNST, Priscila. <strong>Cinema e ensino: a produ\u00e7\u00e3o de cinema de anima\u00e7\u00e3o para o ensino de ci\u00eancias por meio do enfoque Ci\u00eancia, Tecnologia e Sociedade (CTS).<\/strong> 2017. 183 f. Disserta\u00e7\u00e3o (Mestrado em Ensino de Ci\u00eancia e Tecnologia) &#8211; Universidade Tecnol\u00f3gica Federal do Paran\u00e1, Ponta Grossa, 2017.<br \/><em>Acesso: https:\/\/repositorio.utfpr.edu.br\/jspui\/handle\/1\/13799<\/em><\/span><\/p>\t\t\t\t\t\t\t\t<\/div>\n\t\t\t\t<\/div>\n\t\t\t\t<div class=\"elementor-element elementor-element-5e4b551 elementor-widget elementor-widget-text-editor\" data-id=\"5e4b551\" data-element_type=\"widget\" data-e-type=\"widget\" data-widget_type=\"text-editor.default\">\n\t\t\t\t<div class=\"elementor-widget-container\">\n\t\t\t\t\t\t\t\t\t<p><span style=\"font-family: Lato, sans-serif;font-size: 14px;font-style: normal;font-weight: 400\">GORDEEFF, Eliane.\u00a0<\/span><span style=\"font-family: Lato, sans-serif;font-size: 14px;font-style: normal;font-weight: 600\">A representa\u00e7\u00e3o do imaginarium dieg\u00e9tico pela anima\u00e7\u00e3o, no cinema live-action.<\/span><span style=\"font-family: Lato, sans-serif;font-size: 14px;font-style: normal;font-weight: 400\">\u00a02018, 426f. Tese (Doutoramento em Belas-Artes, especialidade Multim\u00e9dia) &#8211; Faculdade de Belas-Artes da Universidade de Lisboa, Lisboa, 2018.<\/span><br style=\"font-family: Lato, sans-serif\" \/><em style=\"font-family: Lato, sans-serif;font-size: 14px;font-weight: 400\">Acesso:\u00a0 https:\/\/repositorio.ul.pt\/handle\/10451\/36811?locale=en<\/em><\/p>\t\t\t\t\t\t\t\t<\/div>\n\t\t\t\t<\/div>\n\t\t\t\t<div class=\"elementor-element elementor-element-dce1bcc elementor-widget elementor-widget-text-editor\" data-id=\"dce1bcc\" data-element_type=\"widget\" data-e-type=\"widget\" data-widget_type=\"text-editor.default\">\n\t\t\t\t<div class=\"elementor-widget-container\">\n\t\t\t\t\t\t\t\t\t<p><span style=\"font-family: Lato, sans-serif;font-size: 14px;font-style: normal;font-weight: 400\">GUAZZELLI FILHO, Eloar.\u00a0<\/span><span style=\"font-family: Lato, sans-serif;font-size: 14px;font-style: normal;font-weight: 600\">Yavox, uma pioneira<\/span><span style=\"font-family: Lato, sans-serif;font-size: 14px;font-style: normal;font-weight: 400\">. 2021.<\/span><\/p>\t\t\t\t\t\t\t\t<\/div>\n\t\t\t\t<\/div>\n\t\t\t\t<div class=\"elementor-element elementor-element-91cadc2 elementor-widget elementor-widget-text-editor\" data-id=\"91cadc2\" data-element_type=\"widget\" data-e-type=\"widget\" data-widget_type=\"text-editor.default\">\n\t\t\t\t<div class=\"elementor-widget-container\">\n\t\t\t\t\t\t\t\t\t<p><span style=\"font-family: Lato, sans-serif;font-size: 14px;font-style: normal;font-weight: 400\">GUSSO, Mikhael Luitgy de Araujo.\u00a0<\/span><span style=\"font-family: Lato, sans-serif;font-size: 14px;font-style: normal;font-weight: 600\">Desenvolvimento de um livro infantil multiplataforma, com recursos de realidade aumentada, direcionado para o ensino de karat\u00ea.<\/span><span style=\"font-family: Lato, sans-serif;font-size: 14px;font-style: normal;font-weight: 400\">\u00a02019. 104 f. Trabalho de Conclus\u00e3o de Curso (Tecnologia em Design Gr\u00e1fico) &#8211; Universidade Tecnol\u00f3gica Federal do Paran\u00e1 (UTFPR), Curitiba, 2019.<\/span><br style=\"font-family: Lato, sans-serif\" \/><em style=\"font-family: Lato, sans-serif;font-size: 14px;font-weight: 400\">Acesso: repositorio.roca.utfpr.edu.br\/jspui\/handle\/1\/12085<\/em><\/p>\t\t\t\t\t\t\t\t<\/div>\n\t\t\t\t<\/div>\n\t\t\t\t<div class=\"elementor-element elementor-element-0f808e9 elementor-widget elementor-widget-text-editor\" data-id=\"0f808e9\" data-element_type=\"widget\" data-e-type=\"widget\" data-widget_type=\"text-editor.default\">\n\t\t\t\t<div class=\"elementor-widget-container\">\n\t\t\t\t\t\t\t\t\t<p><span style=\"font-family: Lato, sans-serif;font-size: 14px;font-style: normal;font-weight: 400\">KUBOTA, Isabela M. <strong>Desenvolvimento de um curta metragem em stop-motion.<\/strong> 2014. 119 f. Trabalho de Conclus\u00e3o de Curso (Gradua\u00e7\u00e3o) \u2013 Universidade Tecnol\u00f3gica Federal do Paran\u00e1, Curitiba, 2014.<br \/><em>Acesso: https:\/\/repositorio.utfpr.edu.br\/jspui\/handle\/1\/7679<\/em><\/span><\/p>\t\t\t\t\t\t\t\t<\/div>\n\t\t\t\t<\/div>\n\t\t\t\t<div class=\"elementor-element elementor-element-1d42157 elementor-widget elementor-widget-text-editor\" data-id=\"1d42157\" data-element_type=\"widget\" data-e-type=\"widget\" data-widget_type=\"text-editor.default\">\n\t\t\t\t<div class=\"elementor-widget-container\">\n\t\t\t\t\t\t\t\t\t<p><span style=\"font-family: Lato, sans-serif;font-size: 14px;font-style: normal;font-weight: 400\">LEITE, E. C. P. ; GODINHO, M. R. B.\u00a0<\/span><span style=\"font-family: Lato, sans-serif;font-size: 14px;font-style: normal;font-weight: 600\">Anima\u00e7\u00e3o teatral com a pequena inf\u00e2ncia: considera\u00e7\u00f5es acerca da express\u00e3o dram\u00e1tica na forma\u00e7\u00e3o de professores<\/span><span style=\"font-family: Lato, sans-serif;font-size: 14px;font-style: normal;font-weight: 400\">. In: ANPED SUL SEMIN\u00c1RIO DE PESQUISA EM EDUCA\u00c7\u00c3O DA REGI\u00c3O SUL, IX., 2012, Caxias do Sul, RS: anais, p. 1 -11.<\/span><br style=\"font-family: Lato, sans-serif\" \/><em style=\"font-family: Lato, sans-serif;font-size: 14px;font-weight: 400\">Acesso: http:\/\/www.ucs.br\/etc\/conferencias\/index.php\/anpedsul\/9anpedsul\/paper\/viewFile\/1467\/762<\/em><\/p>\t\t\t\t\t\t\t\t<\/div>\n\t\t\t\t<\/div>\n\t\t\t\t<div class=\"elementor-element elementor-element-75238db elementor-widget elementor-widget-text-editor\" data-id=\"75238db\" data-element_type=\"widget\" data-e-type=\"widget\" data-widget_type=\"text-editor.default\">\n\t\t\t\t<div class=\"elementor-widget-container\">\n\t\t\t\t\t\t\t\t\t<p><span style=\"font-family: Lato, sans-serif;font-size: 14px;font-style: normal;font-weight: 400\">LIMA, Felipe Souza Gomes.&nbsp;<\/span><span style=\"font-family: Lato, sans-serif;font-size: 14px;font-style: normal;font-weight: 600\">Os cativantes personagens da Pixar: Um estudo sobre as t\u00e9cnicas de desenvolvimento de personagens dentro da Pixar Animation Studios.<\/span><span style=\"font-family: Lato, sans-serif;font-size: 14px;font-style: normal;font-weight: 400\">&nbsp;2017. 81 f. Monografia (Gradua\u00e7\u00e3o em Cinema e Audiovisual) &#8211; Departamento de Cinema e V\u00eddeo, Universidade Federal Fluminense, Niter\u00f3i, 2017.<\/span><em style=\"font-family: Lato, sans-serif;font-size: 14px;font-weight: 400\"><br>Acesso: app.uff.br\/riuff\/handle\/1\/5149<\/em><\/p>\t\t\t\t\t\t\t\t<\/div>\n\t\t\t\t<\/div>\n\t\t\t\t<div class=\"elementor-element elementor-element-bc62291 elementor-widget elementor-widget-text-editor\" data-id=\"bc62291\" data-element_type=\"widget\" data-e-type=\"widget\" data-widget_type=\"text-editor.default\">\n\t\t\t\t<div class=\"elementor-widget-container\">\n\t\t\t\t\t\t\t\t\t<p><span style=\"font-family: Lato, sans-serif;font-size: 14px;font-style: normal;font-weight: 400\">LINARES, Gustavo Duarte; SILVA, Denise Machado Torquato da. <strong>Anima\u00e7\u00e3o para o p\u00fablico infanto-juvenil surdo.<\/strong> 2019. 178 f. Trabalho de Conclus\u00e3o de Curso (Tecnologia em Design Gr\u00e1fico) &#8211; Universidade Tecnol\u00f3gica Federal do Paran\u00e1 (UTFPR), Curitiba, 2019.<br \/><em>Acesso: https:\/\/repositorio.utfpr.edu.br\/jspui\/handle\/1<\/em><\/span><em><span style=\"font-family: Lato, sans-serif;font-size: 14px;font-weight: 400\">\/13826<\/span><\/em><\/p>\t\t\t\t\t\t\t\t<\/div>\n\t\t\t\t<\/div>\n\t\t\t\t<div class=\"elementor-element elementor-element-8a4b1ea elementor-widget elementor-widget-text-editor\" data-id=\"8a4b1ea\" data-element_type=\"widget\" data-e-type=\"widget\" data-widget_type=\"text-editor.default\">\n\t\t\t\t<div class=\"elementor-widget-container\">\n\t\t\t\t\t\t\t\t\t<p><span style=\"font-family: Lato, sans-serif;font-size: 14px;font-style: normal;font-weight: 400\">NETTO, Mariana Passos. QUINTAL: <strong>B\u00edblia de Anima\u00e7\u00e3o para s\u00e9rie infantil inspirada na obra de Manoel de Barros.<\/strong> Orientadores: Tamires Lima e Taygoara Aguiar. 2018. 139 fls. Trabalho de Conclus\u00e3o de Curso (Gradua\u00e7\u00e3o) \u2013 Design, Colegiado de Design, Escola de Belas Artes\/UFBA, Salvador.2018.<\/span><br style=\"font-family: Lato, sans-serif\" \/><em style=\"font-family: Lato, sans-serif;font-size: 14px;font-weight: 400\">Acesso:\u00a0 http:\/\/repositorio.ufba.br\/ri\/handle\/ri\/33627<\/em><\/p>\t\t\t\t\t\t\t\t<\/div>\n\t\t\t\t<\/div>\n\t\t\t\t<div class=\"elementor-element elementor-element-15a0048 elementor-widget elementor-widget-text-editor\" data-id=\"15a0048\" data-element_type=\"widget\" data-e-type=\"widget\" data-widget_type=\"text-editor.default\">\n\t\t\t\t<div class=\"elementor-widget-container\">\n\t\t\t\t\t\t\t\t\t<p><span style=\"font-family: Lato, sans-serif;font-size: 14px;font-style: normal;font-weight: 400\">MOURA, M\u00f4nica Totini Leme de.\u00a0<\/span><span style=\"font-family: Lato, sans-serif;font-size: 14px;font-style: normal;font-weight: 600\">(OvO)<\/span><span style=\"font-family: Lato, sans-serif;font-size: 14px;font-style: normal;font-weight: 400\">. 2018. 47p. Trabalho de Conclus\u00e3o de Curso &#8211; Departamento de Artes Pl\u00e1sticas\/Escola de Comunica\u00e7\u00f5es e Artes\/USP, Universidade de S\u00e3o Paulo, S\u00e3o Paulo, 2018<\/span><\/p>\t\t\t\t\t\t\t\t<\/div>\n\t\t\t\t<\/div>\n\t\t\t\t<div class=\"elementor-element elementor-element-685df7b elementor-widget elementor-widget-text-editor\" data-id=\"685df7b\" data-element_type=\"widget\" data-e-type=\"widget\" data-widget_type=\"text-editor.default\">\n\t\t\t\t<div class=\"elementor-widget-container\">\n\t\t\t\t\t\t\t\t\t<p><span style=\"font-family: Lato, sans-serif;font-size: 14px;font-style: normal;font-weight: 400\">MOURA, M\u00f4nica Totini Leme de.\u00a0<\/span><span style=\"font-family: Lato, sans-serif;font-size: 14px;font-style: normal;font-weight: 600\">Representa\u00e7\u00e3o e Realidade \u2013Dos Dispositivos Pr\u00e9-Cinema \u00e0s Sequ\u00eancias De Imagens Digitais.<\/span><span style=\"font-family: Lato, sans-serif;font-size: 14px;font-style: normal;font-weight: 400\">\u00a0Inicia\u00e7\u00e3o Cient\u00edfica (Artes Visuais) &#8211; Departamento de Artes Pl\u00e1sticas, Escola de Comunica\u00e7\u00e3o e Artes, Universidade de S\u00e3o Paulo, S\u00e3o Paulo, 2017.65<\/span><\/p>\t\t\t\t\t\t\t\t<\/div>\n\t\t\t\t<\/div>\n\t\t\t\t<div class=\"elementor-element elementor-element-8018368 elementor-widget elementor-widget-text-editor\" data-id=\"8018368\" data-element_type=\"widget\" data-e-type=\"widget\" data-widget_type=\"text-editor.default\">\n\t\t\t\t<div class=\"elementor-widget-container\">\n\t\t\t\t\t\t\t\t\t<p><span style=\"font-family: Lato, sans-serif;font-size: 14px;font-style: normal;font-weight: 400\">MUNHOZ, P. R.\u00a0<\/span><span style=\"font-family: Lato, sans-serif;font-size: 14px;font-style: normal;font-weight: 600\">O Conceito de Mise-en-technologie.<\/span><span style=\"font-family: Lato, sans-serif;font-size: 14px;font-style: normal;font-weight: 400\">\u00a0Revista Cient\u00edfica\/FAP. Curitiba &#8211; Pr. V. 19 n. 2 p. 95-116 jul.\/dez. 2018<\/span><br style=\"font-family: Lato, sans-serif\" \/><em style=\"font-family: Lato, sans-serif;font-size: 14px;font-weight: 400\">Acesso:\u00a0 periodicos.unespar.edu.br\/index.php\/revistacientifica\/article\/<\/em><em style=\"font-family: Lato, sans-serif;font-size: 14px;font-weight: 400\">view\/2435<\/em><\/p>\t\t\t\t\t\t\t\t<\/div>\n\t\t\t\t<\/div>\n\t\t\t\t<div class=\"elementor-element elementor-element-89552ea elementor-widget elementor-widget-text-editor\" data-id=\"89552ea\" data-element_type=\"widget\" data-e-type=\"widget\" data-widget_type=\"text-editor.default\">\n\t\t\t\t<div class=\"elementor-widget-container\">\n\t\t\t\t\t\t\t\t\t<p><span style=\"font-family: Lato, sans-serif;font-size: 14px;font-style: normal;font-weight: 400\">MUNHOZ, P. R.; ARAUJO, D. C.\u00a0<\/span><span style=\"font-family: Lato, sans-serif;font-size: 14px;font-style: normal;font-weight: 600\">O QUE \u00c9 ANIMA\u00c7\u00c3O: o conceito de Grau de Controle como elemento distintivo dos campos art\u00edstico-t\u00e9cnicos da realiza\u00e7\u00e3o audiovisual.<\/span><span style=\"font-family: Lato, sans-serif;font-size: 14px;font-style: normal;font-weight: 400\">\u00a0ANIMUS &#8211; Revista Interamericana de Comunica\u00e7\u00e3o Midi\u00e1tica. E-ISSN 2175-4977. V. 18 n. 38. p. 269-286, 2019.\u00a0<\/span><br style=\"font-family: Lato, sans-serif\" \/><em style=\"font-family: Lato, sans-serif;font-size: 14px;font-weight: 400\">Acesso:\u00a0 periodicos.ufsm.br\/animus\/article\/view\/29470<\/em><span style=\"font-family: Lato, sans-serif;font-size: 14px;font-style: normal;font-weight: 400\">\u00a0<\/span><\/p>\t\t\t\t\t\t\t\t<\/div>\n\t\t\t\t<\/div>\n\t\t\t\t<div class=\"elementor-element elementor-element-afa2464 elementor-widget elementor-widget-text-editor\" data-id=\"afa2464\" data-element_type=\"widget\" data-e-type=\"widget\" data-widget_type=\"text-editor.default\">\n\t\t\t\t<div class=\"elementor-widget-container\">\n\t\t\t\t\t\t\t\t\t<p><span style=\"font-family: Lato, sans-serif;font-size: 14px;font-style: normal;font-weight: 400\">MUNHOZ, P. R.\u00a0<\/span><span style=\"font-family: Lato, sans-serif;font-size: 14px;font-style: normal;font-weight: 600\">BRICHOS: uma experi\u00eancia de realiza\u00e7\u00e3o audiovisual e constru\u00e7\u00e3o de franquia<\/span><span style=\"font-family: Lato, sans-serif;font-size: 14px;font-style: normal;font-weight: 400\">. In. SIRINO, S. P. M (org.) PINHEIRO, F. L. F (org.). CINEMA BRASILEIRO NA ESCOLA: pra come\u00e7o de conversa. ISBN: 978-85-68399-00-2. CURITIBA: UNESPAR, 2014, 248 p. CAP\u00cdTULO 18 &#8211; p. 210 a 226.<\/span><\/p>\t\t\t\t\t\t\t\t<\/div>\n\t\t\t\t<\/div>\n\t\t\t\t<div class=\"elementor-element elementor-element-dbc7a71 elementor-widget elementor-widget-text-editor\" data-id=\"dbc7a71\" data-element_type=\"widget\" data-e-type=\"widget\" data-widget_type=\"text-editor.default\">\n\t\t\t\t<div class=\"elementor-widget-container\">\n\t\t\t\t\t\t\t\t\t<p><span style=\"font-family: Lato, sans-serif;font-size: 14px;font-style: normal;font-weight: 400\">MUNHOZ, P. R.\u00a0<\/span><span style=\"font-family: Lato, sans-serif;font-size: 14px;font-style: normal;font-weight: 600\">O POETA: a realiza\u00e7\u00e3o de um filme como experi\u00eancia de constru\u00e7\u00e3o narrativa e de produ\u00e7\u00e3o tecnol\u00f3gica.<\/span><span style=\"font-family: Lato, sans-serif;font-size: 14px;font-style: normal;font-weight: 400\">\u00a0Disserta\u00e7\u00e3o de Mestrado. Programa de P\u00f3s-Gradua\u00e7\u00e3o em Tecnologia. Centro Federal de Educa\u00e7\u00e3o Tecnol\u00f3gica do Paran\u00e1. Curitiba, 2002. 148 p.<\/span><\/p>\t\t\t\t\t\t\t\t<\/div>\n\t\t\t\t<\/div>\n\t\t\t\t<div class=\"elementor-element elementor-element-399703f elementor-widget elementor-widget-text-editor\" data-id=\"399703f\" data-element_type=\"widget\" data-e-type=\"widget\" data-widget_type=\"text-editor.default\">\n\t\t\t\t<div class=\"elementor-widget-container\">\n\t\t\t\t\t\t\t\t\t<p><span style=\"font-family: Lato, sans-serif;font-size: 14px;font-style: normal;font-weight: 400\">MUNHOZ. P. R.\u00a0<\/span><span style=\"font-family: Lato, sans-serif;font-size: 14px;font-style: normal;font-weight: 600\">GRAVIDADE: da mise-en-sc\u00e8ne \u00e0 mise-en- -technologie.<\/span><span style=\"font-family: Lato, sans-serif;font-size: 14px;font-style: normal;font-weight: 400\">\u00a0Tese de Doutorado. Programa de P\u00f3s-Gradua\u00e7\u00e3o em Comunica\u00e7\u00e3o. Universidade Tuiuti do Paran\u00e1. Curitiba, 2018. 219 p.\u00a0<\/span><\/p>\t\t\t\t\t\t\t\t<\/div>\n\t\t\t\t<\/div>\n\t\t\t\t<div class=\"elementor-element elementor-element-d716df9 elementor-widget elementor-widget-text-editor\" data-id=\"d716df9\" data-element_type=\"widget\" data-e-type=\"widget\" data-widget_type=\"text-editor.default\">\n\t\t\t\t<div class=\"elementor-widget-container\">\n\t\t\t\t\t\t\t\t\t<p><span style=\"font-family: Lato, sans-serif;font-size: 14px;font-style: normal;font-weight: 400\">OLIVEIRA, Marcos Ara\u00fajo de. <strong>Possibilidades cenogr\u00e1ficas no teatro de anima\u00e7\u00e3o: desdobramentos e transforma\u00e7\u00f5es da imagem no espa\u00e7o.<\/strong> 2014. 19 f. Trabalho de Conclus\u00e3o de Curso (Especializa\u00e7\u00e3o em Cenografia) \u2013 Universidade Tecnol\u00f3gica Federal do Paran\u00e1, Curitiba, 2014.<br \/><em>Acesso: https:\/\/repositorio.utfpr.edu.br\/jspui\/handle\/1\/17194<\/em><\/span><\/p>\t\t\t\t\t\t\t\t<\/div>\n\t\t\t\t<\/div>\n\t\t\t\t<div class=\"elementor-element elementor-element-a9ae7f1 elementor-widget elementor-widget-text-editor\" data-id=\"a9ae7f1\" data-element_type=\"widget\" data-e-type=\"widget\" data-widget_type=\"text-editor.default\">\n\t\t\t\t<div class=\"elementor-widget-container\">\n\t\t\t\t\t\t\t\t\t<p><span style=\"font-family: Lato, sans-serif;font-size: 14px;font-style: normal;font-weight: 400\">PASS, Daniele Tem. Mulheres na ci\u00eancia e tecnologia: uma anima\u00e7\u00e3o em motion graphics. 2018. 182 f. Trabalho de Conclus\u00e3o de Curso (Tecnologia em Design Gr\u00e1fico) &#8211; Universidade Tecnol\u00f3gica Federal do Paran\u00e1, Curitiba, 2018.<br \/><em>Acesso: https:\/\/repositorio.utfpr.edu.br\/jspui\/handle\/1\/13817<\/em><\/span><\/p>\t\t\t\t\t\t\t\t<\/div>\n\t\t\t\t<\/div>\n\t\t\t\t<div class=\"elementor-element elementor-element-65188a1 elementor-widget elementor-widget-text-editor\" data-id=\"65188a1\" data-element_type=\"widget\" data-e-type=\"widget\" data-widget_type=\"text-editor.default\">\n\t\t\t\t<div class=\"elementor-widget-container\">\n\t\t\t\t\t\t\t\t\t<p><span style=\"font-family: Lato, sans-serif;font-size: 14px;font-style: normal;font-weight: 400\">PINTO, Gustavo Mayer. <strong>Contribui\u00e7\u00f5es para o ensino de ci\u00eancias nos anos finais do ensino fundamental atrav\u00e9s da produ\u00e7\u00e3o colaborativa de anima\u00e7\u00f5es.<\/strong> 2020. Disserta\u00e7\u00e3o (Mestrado em Forma\u00e7\u00e3o Cient\u00edfica, Educacional e Tecnol\u00f3gica) &#8211; Universidade Tecnol\u00f3gica Federal do Paran\u00e1, Curitiba, 2020.<br \/><em>Acesso: https:\/\/repositorio.utfpr.edu.br\/jspui\/handle\/1\/5109<\/em><\/span><\/p>\t\t\t\t\t\t\t\t<\/div>\n\t\t\t\t<\/div>\n\t\t\t\t<div class=\"elementor-element elementor-element-4ae90dd elementor-widget elementor-widget-text-editor\" data-id=\"4ae90dd\" data-element_type=\"widget\" data-e-type=\"widget\" data-widget_type=\"text-editor.default\">\n\t\t\t\t<div class=\"elementor-widget-container\">\n\t\t\t\t\t\t\t\t\t<p><span style=\"font-family: Lato, sans-serif;font-size: 14px;font-style: normal;font-weight: 400\">RAMALHO, Felipe C.; BELO, F\u00e1bio.\u00a0<\/span><span style=\"font-family: Lato, sans-serif;font-size: 14px;font-style: normal;font-weight: 600\">Identidade de g\u00eanero n\u00e3o- -intelig\u00edvel e o cinema de anima\u00e7\u00e3o o caso de Lenny, de O Espanta Tubar\u00f5es<\/span><span style=\"font-family: Lato, sans-serif;font-size: 14px;font-style: normal;font-weight: 400\">. Bagoas-Estudos gays: g\u00eaneros e sexualidades, v. 11, n. 16, 2017.<\/span><br style=\"font-family: Lato, sans-serif\" \/><em style=\"font-family: Lato, sans-serif;font-size: 14px;font-weight: 400\">Acesso:\u00a0 periodicos.ufrn.br\/bagoas\/article\/download\/12522\/8644\/<\/em><\/p>\t\t\t\t\t\t\t\t<\/div>\n\t\t\t\t<\/div>\n\t\t\t\t<div class=\"elementor-element elementor-element-7e23f7b elementor-widget elementor-widget-text-editor\" data-id=\"7e23f7b\" data-element_type=\"widget\" data-e-type=\"widget\" data-widget_type=\"text-editor.default\">\n\t\t\t\t<div class=\"elementor-widget-container\">\n\t\t\t\t\t\t\t\t\t<p><span style=\"font-family: Lato, sans-serif;font-size: 14px;font-style: normal;font-weight: 400\">RIBEIRO, Rafael Jo\u00e3o. <strong>Curta de anima\u00e7\u00e3o como organizador pr\u00e9vio no ensino de f\u00edsica.<\/strong> 2011. 143 f. Disserta\u00e7\u00e3o (Mestrado em Ensino de Ci\u00eancia e Tecnologia) &#8211; Universidade Tecnol\u00f3gica Federal do Paran\u00e1, Ponta Grossa, 2011.<br \/><em>Acesso: https:\/\/repositorio.utfpr.edu.br\/jspui\/handle\/1\/3517<\/em><\/span><\/p>\t\t\t\t\t\t\t\t<\/div>\n\t\t\t\t<\/div>\n\t\t\t\t<div class=\"elementor-element elementor-element-cfbc3e2 elementor-widget elementor-widget-text-editor\" data-id=\"cfbc3e2\" data-element_type=\"widget\" data-e-type=\"widget\" data-widget_type=\"text-editor.default\">\n\t\t\t\t<div class=\"elementor-widget-container\">\n\t\t\t\t\t\t\t\t\t<p><span style=\"font-family: Lato, sans-serif;font-size: 14px;font-style: normal;font-weight: 400\">SAGATIO, R. G..\u00a0<\/span><span style=\"font-family: Lato, sans-serif;font-size: 14px;font-style: normal;font-weight: 600\">A evolu\u00e7\u00e3o do motion graphics: da narrativa do cinema para a autonomia audiovisual.<\/span><span style=\"font-family: Lato, sans-serif;font-size: 14px;font-style: normal;font-weight: 400\">\u00a0DI\u00c1LOGO COM A ECONOMIA CRIATIVA, v. 4, p. 156-176, 2019.<\/span><br style=\"font-family: Lato, sans-serif\" \/><em style=\"font-family: Lato, sans-serif;font-size: 14px;font-weight: 400\">Acesso: http:\/\/dialogo.espm.br\/index.php\/revistadcec-rj\/article\/view\/211<\/em><\/p>\t\t\t\t\t\t\t\t<\/div>\n\t\t\t\t<\/div>\n\t\t\t\t<div class=\"elementor-element elementor-element-85a9494 elementor-widget elementor-widget-text-editor\" data-id=\"85a9494\" data-element_type=\"widget\" data-e-type=\"widget\" data-widget_type=\"text-editor.default\">\n\t\t\t\t<div class=\"elementor-widget-container\">\n\t\t\t\t\t\t\t\t\t<p><span style=\"font-family: Lato, sans-serif;font-size: 14px;font-style: normal;font-weight: 400\">SAGATIO, Raphael Guaran\u00e1.\u00a0<\/span><span style=\"font-family: Lato, sans-serif;font-size: 14px;font-style: normal;font-weight: 600\">A evolu\u00e7\u00e3o do motion graphics: da narrativa do cinema para a autonomia audiovisual.<\/span><span style=\"font-family: Lato, sans-serif;font-size: 14px;font-style: normal;font-weight: 400\">\u00a02018. 112 f. Disserta\u00e7\u00e3o (Mestrado em Comunica\u00e7\u00e3o) &#8211; Centro de Ci\u00eancias Humanas, Letras e Artes, Universidade Federal da Para\u00edba, Para\u00edba, 2018.<\/span><br style=\"font-family: Lato, sans-serif\" \/><em style=\"font-family: Lato, sans-serif;font-size: 14px;font-weight: 400\">Acesso: https:\/\/repositorio.ufpb.br\/jspui\/handle\/123456789\/12240<\/em><\/p>\t\t\t\t\t\t\t\t<\/div>\n\t\t\t\t<\/div>\n\t\t\t\t<div class=\"elementor-element elementor-element-2d3a16c elementor-widget elementor-widget-text-editor\" data-id=\"2d3a16c\" data-element_type=\"widget\" data-e-type=\"widget\" data-widget_type=\"text-editor.default\">\n\t\t\t\t<div class=\"elementor-widget-container\">\n\t\t\t\t\t\t\t\t\t<p><span style=\"font-family: Lato, sans-serif;font-size: 14px;font-style: normal;font-weight: 400;letter-spacing: normal;text-align: left;text-indent: 0px;text-transform: none;float: none\">SANTOS, David Francisco Viana Mendon\u00e7a dos.&nbsp;<\/span><strong style=\"margin: 0px;padding: 0px;border: 0px;line-height: inherit;vertical-align: baseline;font-family: Lato, sans-serif;font-size: 14px;font-style: normal;font-weight: 600;letter-spacing: normal;text-align: left;text-indent: 0px;text-transform: none\">An\u00e1lise de design dos personagens em &#8216;Irm\u00e3o do Jorel&#8217;.<\/strong><span style=\"font-family: Lato, sans-serif;font-size: 14px;font-style: normal;font-weight: 400;letter-spacing: normal;text-align: left;text-indent: 0px;text-transform: none;float: none\">&nbsp;GRAPHICA: XIII International Conference on Graphics Design for Arts and Design, Rio de Janeiro: Col\u00e9gio Pedro II, p. 336-347, set. 2019.<\/span><br style=\"font-family: Lato, sans-serif;font-size: 14px;font-style: normal;font-weight: 400;letter-spacing: normal;text-align: left;text-indent: 0px;text-transform: none\"><em style=\"margin: 0px;padding: 0px;border: 0px;line-height: inherit;vertical-align: baseline;font-family: Lato, sans-serif;font-size: 14px;font-style: italic;font-weight: 400;letter-spacing: normal;text-align: left;text-indent: 0px;text-transform: none\">Acesso: http:\/\/www.graphica2019.org\/assets\/doc\/Anais_Graphica_2019.pdf<\/em><br><\/p>\t\t\t\t\t\t\t\t<\/div>\n\t\t\t\t<\/div>\n\t\t\t\t<div class=\"elementor-element elementor-element-022106c elementor-widget elementor-widget-text-editor\" data-id=\"022106c\" data-element_type=\"widget\" data-e-type=\"widget\" data-widget_type=\"text-editor.default\">\n\t\t\t\t<div class=\"elementor-widget-container\">\n\t\t\t\t\t\t\t\t\t<p><span style=\"font-family: Lato, sans-serif;font-size: 14px;font-style: normal;font-weight: 400\">SANTOS, Eliana Cabral dos; BOZEK, Milena Spak. <strong>Anima\u00e7\u00e3o em Stop-motion para incentivar a utiliza\u00e7\u00e3o da bicicleta como meio de transporte.<\/strong> 2015. 101 f. Trabalho de Conclus\u00e3o de Curso (Gradua\u00e7\u00e3o) \u2013 Universidade Tecnol\u00f3gica Federal do Paran\u00e1, Curitiba, 2015.<br \/><em>Acesso: https:\/\/repositorio.utfpr.edu.br\/jspui\/handle\/1\/13885<\/em><\/span><\/p>\t\t\t\t\t\t\t\t<\/div>\n\t\t\t\t<\/div>\n\t\t\t\t<div class=\"elementor-element elementor-element-3b95ad0 elementor-widget elementor-widget-text-editor\" data-id=\"3b95ad0\" data-element_type=\"widget\" data-e-type=\"widget\" data-widget_type=\"text-editor.default\">\n\t\t\t\t<div class=\"elementor-widget-container\">\n\t\t\t\t\t\t\t\t\t<p><span style=\"font-family: Lato, sans-serif;font-size: 14px;font-style: normal;font-weight: 400\">SANTOS, S. F.\u00a0<\/span><span style=\"font-family: Lato, sans-serif;font-size: 14px;font-style: normal;font-weight: 600\">I\u2019m Fine<\/span><span style=\"font-family: Lato, sans-serif;font-size: 14px;font-style: normal;font-weight: 400\">. 2018. 51 f. Projeto Integrador IV &#8211; TCC (T\u00e9cnologo Design de Anima\u00e7\u00e3o) &#8211; Centro Universit\u00e1rio Curitiba, Curitiba, 2018.<\/span><\/p>\t\t\t\t\t\t\t\t<\/div>\n\t\t\t\t<\/div>\n\t\t\t\t<div class=\"elementor-element elementor-element-f3fe4ad elementor-widget elementor-widget-text-editor\" data-id=\"f3fe4ad\" data-element_type=\"widget\" data-e-type=\"widget\" data-widget_type=\"text-editor.default\">\n\t\t\t\t<div class=\"elementor-widget-container\">\n\t\t\t\t\t\t\t\t\t<p><span style=\"font-family: Lato, sans-serif;font-size: 14px;font-style: normal;font-weight: 400\">SANTOS, Rodrigo Faustini dos.\u00a0<\/span><span style=\"font-family: Lato, sans-serif;font-size: 14px;font-style: normal;font-weight: 600\">Materia Obscura (2009): metamorfose alqu\u00edmica e a transmigra\u00e7\u00e3o anal\u00f3gico-digital<\/span><span style=\"font-family: Lato, sans-serif;font-size: 14px;font-style: normal;font-weight: 400\">. Rebeca, S\u00e3o Paulo, v. 8, n. 1, pp.35-5<\/span><br style=\"font-family: Lato, sans-serif\" \/><em style=\"font-family: Lato, sans-serif;font-size: 14px;font-weight: 400\">Acesso: rebeca.socine.org.br\/1\/article\/view\/549\/334<\/em><\/p>\t\t\t\t\t\t\t\t<\/div>\n\t\t\t\t<\/div>\n\t\t\t\t<div class=\"elementor-element elementor-element-a9d48a8 elementor-widget elementor-widget-text-editor\" data-id=\"a9d48a8\" data-element_type=\"widget\" data-e-type=\"widget\" data-widget_type=\"text-editor.default\">\n\t\t\t\t<div class=\"elementor-widget-container\">\n\t\t\t\t\t\t\t\t\t<p>SCHIRIGATTI, Elisangela Lobo; GLORIA, Lidia. <strong>O ensino de anima\u00e7\u00e3o em nivel superior e seu impacto no mercado de trabalho: O \u201cBOOM\u201d DOS CURSOS DE ANIMA\u00c7\u00c3O NO BRASIL.<\/strong> VIII Congreso Internacional AsAECA, [s. l.], ed. 8, 28 abr. 2022. Dispon\u00edvel em: http:\/\/asaeca.org\/. Acesso em: 31 maio 2022.<\/p>\t\t\t\t\t\t\t\t<\/div>\n\t\t\t\t<\/div>\n\t\t\t\t<div class=\"elementor-element elementor-element-f1dd52e elementor-widget elementor-widget-text-editor\" data-id=\"f1dd52e\" data-element_type=\"widget\" data-e-type=\"widget\" data-widget_type=\"text-editor.default\">\n\t\t\t\t<div class=\"elementor-widget-container\">\n\t\t\t\t\t\t\t\t\t<p>SILVA, Emilly Fidelix da. <strong>PowToon e sala de aula: elementos para uma educa\u00e7\u00e3o inovadora.<\/strong> 2018. 35 f. Trabalho de Conclus\u00e3o de Curso (Especializa\u00e7\u00e3o) \u2013 Universidade Tecnol\u00f3gica Federal do Paran\u00e1, Curitiba, 2018.<br \/><em>Acesso: http:\/\/repositorio.utfpr.edu.br\/jspui\/handle\/1\/19921<\/em><\/p>\t\t\t\t\t\t\t\t<\/div>\n\t\t\t\t<\/div>\n\t\t\t\t<div class=\"elementor-element elementor-element-0a74b9f elementor-widget elementor-widget-text-editor\" data-id=\"0a74b9f\" data-element_type=\"widget\" data-e-type=\"widget\" data-widget_type=\"text-editor.default\">\n\t\t\t\t<div class=\"elementor-widget-container\">\n\t\t\t\t\t\t\t\t\t<p>SILVA, Julia Tocci. <strong>As cores de \u201cO Menino e o Mundo\u201d estudo sobre sua aplica\u00e7\u00e3o e significados.<\/strong> 2017. 92 f. Trabalho de Conclus\u00e3o de Curso (Tecnologia em Design Gr\u00e1fico) &#8211; Universidade Tecnol\u00f3gica Federal do Paran\u00e1, Curitiba, 2017.<br \/><em>Acesso: https:\/\/repositorio.utfpr.edu.br\/jspui\/handle\/1\/13828<\/em><\/p>\t\t\t\t\t\t\t\t<\/div>\n\t\t\t\t<\/div>\n\t\t\t\t<div class=\"elementor-element elementor-element-88ec84f elementor-widget elementor-widget-text-editor\" data-id=\"88ec84f\" data-element_type=\"widget\" data-e-type=\"widget\" data-widget_type=\"text-editor.default\">\n\t\t\t\t<div class=\"elementor-widget-container\">\n\t\t\t\t\t\t\t\t\t<p>SILVA,\u00a0Savio Leite e. <strong>As anima\u00e7\u00f5es subversivas de Terry Gilliam\u00a0<\/strong>Publicado em REGINATO, Eduardo. Terry Gilliam: O On\u00edrico Anarquista. 1 edi\u00e7\u00e3o. Rio de Janeiro &#8211; Produ\u00e7\u00e3o editorial: Eduardo Reginato, revis\u00e3o de textos: Danilo Crespo, capa: Rafael Coutinho, projeto gr\u00e1fico: Folha Verde Design, 2022.<br \/>Acesso: http:\/\/blgentretenimento.com.br\/terrygilliamrj\/A1dEKoAiiQ3UveM0sM<\/p>\t\t\t\t\t\t\t\t<\/div>\n\t\t\t\t<\/div>\n\t\t\t\t<div class=\"elementor-element elementor-element-a9b8bd6 elementor-widget elementor-widget-text-editor\" data-id=\"a9b8bd6\" data-element_type=\"widget\" data-e-type=\"widget\" data-widget_type=\"text-editor.default\">\n\t\t\t\t<div class=\"elementor-widget-container\">\n\t\t\t\t\t\t\t\t\t<p><span style=\"font-family: Lato, sans-serif;font-size: 14px;font-style: normal;font-weight: 400\">SOVIERZOSKI, Thomaz Costa.\u00a0<\/span><span style=\"font-family: Lato, sans-serif;font-size: 14px;font-style: normal;font-weight: 600\">O Jogo de Choronzon.<\/span><span style=\"font-family: Lato, sans-serif;font-size: 14px;font-style: normal;font-weight: 400\">\u00a02013. Tecnologia em Design Gr\u00e1fico, Universidade Tecnol\u00f3gica Federal do Paran\u00e1, Curitiba, Paran\u00e1, 2013<\/span><\/p>\t\t\t\t\t\t\t\t<\/div>\n\t\t\t\t<\/div>\n\t\t\t\t<div class=\"elementor-element elementor-element-8902cff elementor-widget elementor-widget-text-editor\" data-id=\"8902cff\" data-element_type=\"widget\" data-e-type=\"widget\" data-widget_type=\"text-editor.default\">\n\t\t\t\t<div class=\"elementor-widget-container\">\n\t\t\t\t\t\t\t\t\t<p>STDREZK, Bruno Henrique Stoco et al. <strong>Brilhante: Curta de anima\u00e7\u00e3o 2D que trata do tema de sa\u00fade mental dos jovens ao escolher sua futura carreira\u00a0<\/strong>2021<\/p>\t\t\t\t\t\t\t\t<\/div>\n\t\t\t\t<\/div>\n\t\t\t\t<div class=\"elementor-element elementor-element-154630b elementor-widget elementor-widget-text-editor\" data-id=\"154630b\" data-element_type=\"widget\" data-e-type=\"widget\" data-widget_type=\"text-editor.default\">\n\t\t\t\t<div class=\"elementor-widget-container\">\n\t\t\t\t\t\t\t\t\t<p><span style=\"font-family: Lato, sans-serif;font-size: 14px;font-style: normal;font-weight: 400\">TAVARES SOUZA, Fernanda de Jesus.\u00a0<\/span><span style=\"font-family: Lato, sans-serif;font-size: 14px;font-style: normal;font-weight: 600\">Morte\/Trem Fantasma: a bordo Val\u00eancio Xavier.<\/span><span style=\"font-family: Lato, sans-serif;font-size: 14px;font-style: normal;font-weight: 400\">\u00a02020. 69 f. Trabalho de Conclus\u00e3o de Curso de Bacharelado em Cinema e Audiovisual pela Universidade Estadual do Paran\u00e1 \u2013 Campus Curitiba II\/ Faculdade de Artes do Paran\u00e1 (FAP), Curitiba, 2020.<\/span><\/p>\t\t\t\t\t\t\t\t<\/div>\n\t\t\t\t<\/div>\n\t\t\t\t<div class=\"elementor-element elementor-element-34c425b elementor-widget elementor-widget-text-editor\" data-id=\"34c425b\" data-element_type=\"widget\" data-e-type=\"widget\" data-widget_type=\"text-editor.default\">\n\t\t\t\t<div class=\"elementor-widget-container\">\n\t\t\t\t\t\t\t\t\t<p><span style=\"font-family: Lato, sans-serif;font-size: 14px;font-style: normal;font-weight: 400\">TOWS, Giovana. Anima\u00e7\u00e3o sobre doen\u00e7a cel\u00edaca. 2018. 162 f. Trabalho de Conclus\u00e3o de Curso (Tecnologia em Design Gr\u00e1fico) &#8211; Universidade Tecnol\u00f3gica Federal do Paran\u00e1, Curitiba, 2018.<br \/><em>Acesso: https:\/\/repositorio.utfpr.edu.br\/jspui\/handle\/1\/13799<\/em><\/span><\/p>\t\t\t\t\t\t\t\t<\/div>\n\t\t\t\t<\/div>\n\t\t\t\t<div class=\"elementor-element elementor-element-281e899 elementor-widget elementor-widget-text-editor\" data-id=\"281e899\" data-element_type=\"widget\" data-e-type=\"widget\" data-widget_type=\"text-editor.default\">\n\t\t\t\t<div class=\"elementor-widget-container\">\n\t\t\t\t\t\t\t\t\t<p><span style=\"font-family: Lato, sans-serif;font-size: 14px;font-style: normal;font-weight: 400\">USSUI, Vitor Rebellato. <strong>Cola comigo: produzindo uma anima\u00e7\u00e3o que incentive a pr\u00e1tica da colagem entre adolescentes.<\/strong> 2017. 80 f. Trabalho de Conclus\u00e3o de Curso (Tecnologia em Design Gr\u00e1fico) &#8211; Universidade Tecnol\u00f3gica Federal do Paran\u00e1, Curitiba, 2017.<br \/><em>Acesso: https:\/\/repositorio.utfpr.edu.br\/jspui\/handle\/1\/13836<\/em><\/span><\/p>\t\t\t\t\t\t\t\t<\/div>\n\t\t\t\t<\/div>\n\t\t\t\t<div class=\"elementor-element elementor-element-8d795d5 elementor-widget elementor-widget-text-editor\" data-id=\"8d795d5\" data-element_type=\"widget\" data-e-type=\"widget\" data-widget_type=\"text-editor.default\">\n\t\t\t\t<div class=\"elementor-widget-container\">\n\t\t\t\t\t\t\t\t\t<p><span style=\"font-family: Lato, sans-serif;font-size: 14px;font-style: normal;font-weight: 400\">VALENTE, Barbara Carranca.&nbsp;<\/span><span style=\"font-family: Lato, sans-serif;font-size: 14px;font-style: normal;font-weight: 600\">Desenvolvimento de material instrucional sobre a constru\u00e7\u00e3o de bonecos para stop motion.<\/span><span style=\"font-family: Lato, sans-serif;font-size: 14px;font-style: normal;font-weight: 400\">&nbsp;2019. 114 f. Trabalho de Conclus\u00e3o de Curso (Tecnologia em Design Gr\u00e1fico) &#8211; Universidade Tecnol\u00f3gica Federal do Paran\u00e1 (UTFPR), Curitiba, 2019.&nbsp;<\/span><br style=\"font-family: Lato, sans-serif\"><em style=\"font-family: Lato, sans-serif;font-size: 14px;font-weight: 400\">Acesso: repositorio.roca.utfpr.edu.br\/jspui\/handle\/1\/12065<\/em><br><\/p>\t\t\t\t\t\t\t\t<\/div>\n\t\t\t\t<\/div>\n\t\t\t\t<div class=\"elementor-element elementor-element-d9732f7 elementor-widget elementor-widget-text-editor\" data-id=\"d9732f7\" data-element_type=\"widget\" data-e-type=\"widget\" data-widget_type=\"text-editor.default\">\n\t\t\t\t<div class=\"elementor-widget-container\">\n\t\t\t\t\t\t\t\t\t<p><span style=\"font-family: Lato, sans-serif;font-size: 14px;font-style: normal;font-weight: 400\">VIDAL, Julia. <strong>The Midnight Gospel e The Duncan Trussell Tamily hour: um estudo de narrativa transm\u00eddia.<\/strong> 2021. Disserta\u00e7\u00e3o (Mestrado em Estudos de Linguagens) &#8211; Universidade Tecnol\u00f3gica Federal do Paran\u00e1, Curitiba, 2021.<br \/><\/span><em>Acesso: https:\/\/repositorio.utfpr.edu.br\/jspui\/handle\/1\/25354<\/em><\/p>\t\t\t\t\t\t\t\t<\/div>\n\t\t\t\t<\/div>\n\t\t\t\t<div class=\"elementor-element elementor-element-0a52f0d elementor-widget elementor-widget-text-editor\" data-id=\"0a52f0d\" data-element_type=\"widget\" data-e-type=\"widget\" data-widget_type=\"text-editor.default\">\n\t\t\t\t<div class=\"elementor-widget-container\">\n\t\t\t\t\t\t\t\t\t<p><span style=\"font-family: Lato, sans-serif;font-size: 14px;font-style: normal;font-weight: 400\">VOSGERAU NETO, Alberto. <strong>Anima\u00e7\u00e3o digital: uma jornada napole\u00f4nica pelo mundo dos mortos eg\u00edpcio.<\/strong> 2014. 184 f. Trabalho de Conclus\u00e3o de Curso (Gradua\u00e7\u00e3o) \u2013 Universidade Tecnol\u00f3gica Federal do Paran\u00e1, Curitiba, 2014.<br \/><em>Acesso: https:\/\/repositorio.utfpr.edu.br\/jspui\/handle\/1\/7780<\/em><\/span><\/p>\t\t\t\t\t\t\t\t<\/div>\n\t\t\t\t<\/div>\n\t\t\t\t\t<\/div>\n\t\t<\/div>\n\t\t\t\t\t<\/div>\n\t\t<\/section>\n\t\t\t\t<\/div>\n\t\t","protected":false},"excerpt":{"rendered":"<p>Biblioteca Voc\u00ea j\u00e1 escreveu um trabalho t\u00e9cnico cient\u00edfico sobre anima\u00e7\u00e3o em algum momento da sua vida acad\u00eamica ou profissional? Compartilhe com a gente! O espa\u00e7o Biblioteca do ExperimentAnima tem o objetivo de identificar e divulgar as produ\u00e7\u00f5es na \u00e1rea de anima\u00e7\u00e3o, incluindo os Trabalhos de Conclus\u00e3o de Curso (TCCs), monografias, disserta\u00e7\u00f5es, teses, livros, artigos, entre [&hellip;]<\/p>\n","protected":false},"author":11,"featured_media":0,"parent":0,"menu_order":0,"comment_status":"closed","ping_status":"closed","template":"","meta":{"site-sidebar-layout":"default","site-content-layout":"","ast-site-content-layout":"default","site-content-style":"default","site-sidebar-style":"default","ast-global-header-display":"","ast-banner-title-visibility":"","ast-main-header-display":"","ast-hfb-above-header-display":"","ast-hfb-below-header-display":"","ast-hfb-mobile-header-display":"","site-post-title":"disabled","ast-breadcrumbs-content":"","ast-featured-img":"","footer-sml-layout":"","ast-disable-related-posts":"","theme-transparent-header-meta":"","adv-header-id-meta":"","stick-header-meta":"","header-above-stick-meta":"","header-main-stick-meta":"","header-below-stick-meta":"","astra-migrate-meta-layouts":"default","ast-page-background-enabled":"default","ast-page-background-meta":{"desktop":{"background-color":"var(--ast-global-color-4)","background-image":"","background-repeat":"repeat","background-position":"center center","background-size":"auto","background-attachment":"scroll","background-type":"","background-media":"","overlay-type":"","overlay-color":"","overlay-opacity":"","overlay-gradient":""},"tablet":{"background-color":"","background-image":"","background-repeat":"repeat","background-position":"center center","background-size":"auto","background-attachment":"scroll","background-type":"","background-media":"","overlay-type":"","overlay-color":"","overlay-opacity":"","overlay-gradient":""},"mobile":{"background-color":"","background-image":"","background-repeat":"repeat","background-position":"center center","background-size":"auto","background-attachment":"scroll","background-type":"","background-media":"","overlay-type":"","overlay-color":"","overlay-opacity":"","overlay-gradient":""}},"ast-content-background-meta":{"desktop":{"background-color":"var(--ast-global-color-5)","background-image":"","background-repeat":"repeat","background-position":"center center","background-size":"auto","background-attachment":"scroll","background-type":"","background-media":"","overlay-type":"","overlay-color":"","overlay-opacity":"","overlay-gradient":""},"tablet":{"background-color":"var(--ast-global-color-5)","background-image":"","background-repeat":"repeat","background-position":"center center","background-size":"auto","background-attachment":"scroll","background-type":"","background-media":"","overlay-type":"","overlay-color":"","overlay-opacity":"","overlay-gradient":""},"mobile":{"background-color":"var(--ast-global-color-5)","background-image":"","background-repeat":"repeat","background-position":"center center","background-size":"auto","background-attachment":"scroll","background-type":"","background-media":"","overlay-type":"","overlay-color":"","overlay-opacity":"","overlay-gradient":""}},"footnotes":""},"class_list":["post-2152","page","type-page","status-publish","hentry"],"_links":{"self":[{"href":"https:\/\/utfpr.curitiba.br\/experimentanima\/index.php?rest_route=\/wp\/v2\/pages\/2152","targetHints":{"allow":["GET"]}}],"collection":[{"href":"https:\/\/utfpr.curitiba.br\/experimentanima\/index.php?rest_route=\/wp\/v2\/pages"}],"about":[{"href":"https:\/\/utfpr.curitiba.br\/experimentanima\/index.php?rest_route=\/wp\/v2\/types\/page"}],"author":[{"embeddable":true,"href":"https:\/\/utfpr.curitiba.br\/experimentanima\/index.php?rest_route=\/wp\/v2\/users\/11"}],"replies":[{"embeddable":true,"href":"https:\/\/utfpr.curitiba.br\/experimentanima\/index.php?rest_route=%2Fwp%2Fv2%2Fcomments&post=2152"}],"version-history":[{"count":169,"href":"https:\/\/utfpr.curitiba.br\/experimentanima\/index.php?rest_route=\/wp\/v2\/pages\/2152\/revisions"}],"predecessor-version":[{"id":8262,"href":"https:\/\/utfpr.curitiba.br\/experimentanima\/index.php?rest_route=\/wp\/v2\/pages\/2152\/revisions\/8262"}],"wp:attachment":[{"href":"https:\/\/utfpr.curitiba.br\/experimentanima\/index.php?rest_route=%2Fwp%2Fv2%2Fmedia&parent=2152"}],"curies":[{"name":"wp","href":"https:\/\/api.w.org\/{rel}","templated":true}]}}