{"id":103,"date":"2024-06-13T14:57:10","date_gmt":"2024-06-13T17:57:10","guid":{"rendered":"https:\/\/utfpr.curitiba.br\/especializacaointeduc\/?page_id=103"},"modified":"2024-06-26T10:34:39","modified_gmt":"2024-06-26T13:34:39","slug":"nucleos-e-disciplinas","status":"publish","type":"page","link":"https:\/\/utfpr.curitiba.br\/especializacaointeduc\/nucleos-e-disciplinas\/","title":{"rendered":"N\u00facleos e Disciplinas_escondido"},"content":{"rendered":"\t\t<div data-elementor-type=\"wp-page\" data-elementor-id=\"103\" class=\"elementor elementor-103\">\n\t\t\t\t\t\t<section class=\"elementor-section elementor-top-section elementor-element elementor-element-a67a575 elementor-section-boxed elementor-section-height-default elementor-section-height-default\" data-id=\"a67a575\" data-element_type=\"section\" data-e-type=\"section\">\n\t\t\t\t\t\t<div class=\"elementor-container elementor-column-gap-default\">\n\t\t\t\t\t<div class=\"elementor-column elementor-col-100 elementor-top-column elementor-element elementor-element-20baff4\" data-id=\"20baff4\" data-element_type=\"column\" data-e-type=\"column\">\n\t\t\t<div class=\"elementor-widget-wrap elementor-element-populated\">\n\t\t\t\t\t\t<div class=\"elementor-element elementor-element-5766533 elementor-widget elementor-widget-spacer\" data-id=\"5766533\" data-element_type=\"widget\" data-e-type=\"widget\" data-widget_type=\"spacer.default\">\n\t\t\t\t<div class=\"elementor-widget-container\">\n\t\t\t\t\t\t\t<div class=\"elementor-spacer\">\n\t\t\t<div class=\"elementor-spacer-inner\"><\/div>\n\t\t<\/div>\n\t\t\t\t\t\t<\/div>\n\t\t\t\t<\/div>\n\t\t\t\t\t<\/div>\n\t\t<\/div>\n\t\t\t\t\t<\/div>\n\t\t<\/section>\n\t\t\t\t<section class=\"elementor-section elementor-top-section elementor-element elementor-element-7b53c97 elementor-section-boxed elementor-section-height-default elementor-section-height-default\" data-id=\"7b53c97\" data-element_type=\"section\" data-e-type=\"section\">\n\t\t\t\t\t\t<div class=\"elementor-container elementor-column-gap-default\">\n\t\t\t\t\t<div class=\"elementor-column elementor-col-100 elementor-top-column elementor-element elementor-element-a32922a\" data-id=\"a32922a\" data-element_type=\"column\" data-e-type=\"column\">\n\t\t\t<div class=\"elementor-widget-wrap elementor-element-populated\">\n\t\t\t\t\t\t<div class=\"elementor-element elementor-element-5188ec4 elementor-widget elementor-widget-heading\" data-id=\"5188ec4\" data-element_type=\"widget\" data-e-type=\"widget\" data-widget_type=\"heading.default\">\n\t\t\t\t<div class=\"elementor-widget-container\">\n\t\t\t\t\t<h2 class=\"elementor-heading-title elementor-size-default\">N\u00facleos e Disciplinas<\/h2>\t\t\t\t<\/div>\n\t\t\t\t<\/div>\n\t\t\t\t\t<\/div>\n\t\t<\/div>\n\t\t\t\t\t<\/div>\n\t\t<\/section>\n\t\t\t\t<section class=\"elementor-section elementor-top-section elementor-element elementor-element-5747673 elementor-section-boxed elementor-section-height-default elementor-section-height-default\" data-id=\"5747673\" data-element_type=\"section\" data-e-type=\"section\">\n\t\t\t\t\t\t<div class=\"elementor-container elementor-column-gap-default\">\n\t\t\t\t\t<div class=\"elementor-column elementor-col-100 elementor-top-column elementor-element elementor-element-6158bd7\" data-id=\"6158bd7\" data-element_type=\"column\" data-e-type=\"column\">\n\t\t\t<div class=\"elementor-widget-wrap elementor-element-populated\">\n\t\t\t\t\t\t<div class=\"elementor-element elementor-element-983f459 elementor-widget elementor-widget-spacer\" data-id=\"983f459\" data-element_type=\"widget\" data-e-type=\"widget\" data-widget_type=\"spacer.default\">\n\t\t\t\t<div class=\"elementor-widget-container\">\n\t\t\t\t\t\t\t<div class=\"elementor-spacer\">\n\t\t\t<div class=\"elementor-spacer-inner\"><\/div>\n\t\t<\/div>\n\t\t\t\t\t\t<\/div>\n\t\t\t\t<\/div>\n\t\t\t\t\t<\/div>\n\t\t<\/div>\n\t\t\t\t\t<\/div>\n\t\t<\/section>\n\t\t\t\t<section class=\"elementor-section elementor-top-section elementor-element elementor-element-d5a6f27 elementor-section-boxed elementor-section-height-default elementor-section-height-default\" data-id=\"d5a6f27\" data-element_type=\"section\" data-e-type=\"section\">\n\t\t\t\t\t\t<div class=\"elementor-container elementor-column-gap-default\">\n\t\t\t\t\t<div class=\"elementor-column elementor-col-100 elementor-top-column elementor-element elementor-element-dafd88b\" data-id=\"dafd88b\" data-element_type=\"column\" data-e-type=\"column\">\n\t\t\t<div class=\"elementor-widget-wrap elementor-element-populated\">\n\t\t\t\t\t\t<div class=\"elementor-element elementor-element-4ef1dbc elementor-widget elementor-widget-text-editor\" data-id=\"4ef1dbc\" data-element_type=\"widget\" data-e-type=\"widget\" data-widget_type=\"text-editor.default\">\n\t\t\t\t<div class=\"elementor-widget-container\">\n\t\t\t\t\t\t\t\t\t<h4 style=\"text-align: center\"><span style=\"color: #3caae7\"><strong>N\u00facleo Tem\u00e1tico: Fundamentos Te\u00f3ricos<\/strong><\/span><\/h4><p><strong>Ambienta\u00e7\u00e3o em Educa\u00e7\u00e3o a Dist\u00e2ncia<\/strong><br \/>Proporcionar ao aluno a imers\u00e3o em conceitos b\u00e1sicos sobre EAD e a capacita\u00e7\u00e3o sobre as ferramentas b\u00e1sicas do Ambiente Virtual de Aprendizagem (AVA) Moodle da UTFPR.<\/p><p><strong>Fundamentos de Inova\u00e7\u00e3o e Tecnologias na Educa\u00e7\u00e3o<\/strong><br \/>Desenvolver conceitos b\u00e1sicos de Inova\u00e7\u00e3o e Tecnologias na Educa\u00e7\u00e3o.<\/p><p><strong>Media\u00e7\u00e3o Pedag\u00f3gica e Tecnol\u00f3gica na Educa\u00e7\u00e3o<\/strong><br \/>\u00a0Apresentar conceitos b\u00e1sicos relacionados a media\u00e7\u00e3o pedag\u00f3gica com o uso de tecnologias<\/p><p><strong>M\u00eddias, Comunica\u00e7\u00e3o e Forma\u00e7\u00e3o<\/strong><br \/>Compreender a Comunica\u00e7\u00e3o apoiada pelas tecnologias digitais. Compreender as diferen\u00e7as entre m\u00eddias e tecnologias na forma\u00e7\u00e3o profissional. Identificar as diferen\u00e7as pedag\u00f3gicas entre as m\u00eddias. Desenvolver uma proposta formativa com as m\u00eddias digitais.<\/p><h4 style=\"text-align: center\"><span style=\"color: #3caae7\"><strong>N\u00facleo Tem\u00e1tico: Tecnologias Digitais na Educa\u00e7\u00e3o<\/strong><\/span><\/h4><p><strong>M-learning: Aprendizagem e mobilidade na educa\u00e7\u00e3o<br \/><\/strong>Apresentar o conceito de M-learning e suas contribui\u00e7\u00f5es em sala de aula.<\/p><p><strong>Softwares educacionais e Objetos de Aprendizagem na Educa\u00e7\u00e3o<\/strong><br \/>Apresentar as contribui\u00e7\u00f5es do uso de softwares educacionais e objetos de aprendizagem no contexto<br \/>escolar.<\/p><p><strong>Realidades, simula\u00e7\u00f5es e mundos virtuais na educa\u00e7\u00e3o<br \/><\/strong>Apresentar as possibilidades do uso de realidades, simula\u00e7\u00f5es e mundos virtuais na educa\u00e7\u00e3o.<\/p><p><strong>Produ\u00e7\u00e3o de recursos audiovisuais na educa\u00e7\u00e3o<br \/><\/strong>Possibilitar o desenvolvimento de videoaulas e podcast na educa\u00e7\u00e3o.<\/p><h4 style=\"text-align: center\"><span style=\"color: #3caae7\"><strong>N\u00facleo Tem\u00e1tico: Inova\u00e7\u00f5es Metodol\u00f3gicas na Educa\u00e7\u00e3o<\/strong><\/span><\/h4><p><strong>Metodologias ativas e Inova\u00e7\u00e3o escolar<br \/><\/strong>Contextualizar historicamente as metodologias ativas para analisar metodologias inovadoras e suas possibilidades no planejamento escolar.<\/p><p><strong>Sala de Aula Invertida e Redes de Aprendizagem<\/strong><br \/>Compreender o conceito de redes de aprendizagem. Diferenciar aprendizagem em equipe,<br \/>aprendizagem colaborativa e comunidade de aprendizagem. Conhecer a sala de aula invertida. Experienciar a<br \/>sala de aula invertida. Propor uma sequ\u00eancia Did\u00e1tica para a sala de aula invertida.<\/p><p><strong>Aprendizagem Baseada em Problemas, projetos e times<br \/><\/strong>Identificar e aplicar a aprendizagem baseadas em problemas, jogos e times.<\/p><p><strong>Aprendizagem Baseada na instru\u00e7\u00e3o pelos pares, no ensino sob medida e no Design Thinking<br \/><\/strong>Identificar e aplicar a aprendizagem baseada na instru\u00e7\u00e3o pelos pares, no ensino sob medidas e no desing thinking.<\/p><p><strong>Gamifica\u00e7\u00e3o na Educa\u00e7\u00e3o<br \/><\/strong>Identificar e aplicar a aprendizagem baseadas em jogos por meio da gamifica\u00e7\u00e3o.<\/p><h4 style=\"text-align: center\"><span style=\"color: #3caae7\"><strong>N\u00facleo Tem\u00e1tico: Possibilidades e Articula\u00e7\u00f5es Te\u00f3ricas<\/strong><\/span><\/h4><p><strong>Pesquisa em Inova\u00e7\u00e3o e Tecnologias na Educa\u00e7\u00e3o<\/strong><br \/>Conhecer as tend\u00eancias de pesquisa em inova\u00e7\u00e3o e tecnologias na educa\u00e7\u00e3o.<\/p><p><strong>Pensamento Computacional na Educa\u00e7\u00e3o<br \/><\/strong>Compreender e utilizar no\u00e7\u00f5es sobre computa\u00e7\u00e3o na produ\u00e7\u00e3o de objetos para o ensino e para a aprendizagem.<\/p><p><strong>T\u00f3picos Especiais em Inova\u00e7\u00e3o e Tecnologias na Educa\u00e7\u00e3o<br \/><\/strong>Conhecer, estudar e pesquisar os principais t\u00f3picos especiais em inova\u00e7\u00e3o e as tecnologias de modo que possam ser implementadas no contexto escolar e oferecer novas possibilidades de aprendizagem aos alunos.<\/p>\t\t\t\t\t\t\t\t<\/div>\n\t\t\t\t<\/div>\n\t\t\t\t\t<\/div>\n\t\t<\/div>\n\t\t\t\t\t<\/div>\n\t\t<\/section>\n\t\t\t\t<section class=\"elementor-section elementor-top-section elementor-element elementor-element-0ab3473 elementor-section-boxed elementor-section-height-default elementor-section-height-default\" data-id=\"0ab3473\" data-element_type=\"section\" data-e-type=\"section\">\n\t\t\t\t\t\t<div class=\"elementor-container elementor-column-gap-default\">\n\t\t\t\t\t<div class=\"elementor-column elementor-col-100 elementor-top-column elementor-element elementor-element-f32f9c0\" data-id=\"f32f9c0\" data-element_type=\"column\" data-e-type=\"column\">\n\t\t\t<div class=\"elementor-widget-wrap elementor-element-populated\">\n\t\t\t\t\t\t<div class=\"elementor-element elementor-element-c858697 elementor-widget elementor-widget-spacer\" data-id=\"c858697\" data-element_type=\"widget\" data-e-type=\"widget\" data-widget_type=\"spacer.default\">\n\t\t\t\t<div class=\"elementor-widget-container\">\n\t\t\t\t\t\t\t<div class=\"elementor-spacer\">\n\t\t\t<div class=\"elementor-spacer-inner\"><\/div>\n\t\t<\/div>\n\t\t\t\t\t\t<\/div>\n\t\t\t\t<\/div>\n\t\t\t\t\t<\/div>\n\t\t<\/div>\n\t\t\t\t\t<\/div>\n\t\t<\/section>\n\t\t\t\t<\/div>\n\t\t","protected":false},"excerpt":{"rendered":"<p>\/*! elementor &#8211; v3.15.0 &#8211; 20-08-2023 *\/ .elementor-column .elementor-spacer-inner{height:var(&#8211;spacer-size)}.e-con{&#8211;container-widget-width:100%}.e-con-inner&gt;.elementor-widget-spacer,.e-con&gt;.elementor-widget-spacer{width:var(&#8211;container-widget-width,var(&#8211;spacer-size));&#8211;align-self:var(&#8211;container-widget-align-self,initial);&#8211;flex-shrink:0}.e-con-inner&gt;.elementor-widget-spacer&gt;.elementor-widget-container,.e-con-inner&gt;.elementor-widget-spacer&gt;.elementor-widget-container&gt;.elementor-spacer,.e-con&gt;.elementor-widget-spacer&gt;.elementor-widget-container,.e-con&gt;.elementor-widget-spacer&gt;.elementor-widget-container&gt;.elementor-spacer{height:100%}.e-con-inner&gt;.elementor-widget-spacer&gt;.elementor-widget-container&gt;.elementor-spacer&gt;.elementor-spacer-inner,.e-con&gt;.elementor-widget-spacer&gt;.elementor-widget-container&gt;.elementor-spacer&gt;.elementor-spacer-inner{height:var(&#8211;container-widget-height,var(&#8211;spacer-size))} \/*! elementor &#8211; v3.15.0 &#8211; 20-08-2023 *\/ .elementor-heading-title{padding:0;margin:0;line-height:1}.elementor-widget-heading .elementor-heading-title[class*=elementor-size-]&gt;a{color:inherit;font-size:inherit;line-height:inherit}.elementor-widget-heading .elementor-heading-title.elementor-size-small{font-size:15px}.elementor-widget-heading .elementor-heading-title.elementor-size-medium{font-size:19px}.elementor-widget-heading .elementor-heading-title.elementor-size-large{font-size:29px}.elementor-widget-heading .elementor-heading-title.elementor-size-xl{font-size:39px}.elementor-widget-heading .elementor-heading-title.elementor-size-xxl{font-size:59px} N\u00facleos e Disciplinas N\u00facleo Tem\u00e1tico: Fundamentos Te\u00f3ricos Ambienta\u00e7\u00e3o em Educa\u00e7\u00e3o a Dist\u00e2nciaProporcionar ao aluno a imers\u00e3o em conceitos b\u00e1sicos sobre EAD e a capacita\u00e7\u00e3o sobre as ferramentas b\u00e1sicas do Ambiente Virtual de [&hellip;]<\/p>\n","protected":false},"author":282,"featured_media":0,"parent":0,"menu_order":0,"comment_status":"closed","ping_status":"closed","template":"","meta":{"site-sidebar-layout":"no-sidebar","site-content-layout":"page-builder","ast-site-content-layout":"default","site-content-style":"default","site-sidebar-style":"default","ast-global-header-display":"","ast-banner-title-visibility":"","ast-main-header-display":"","ast-hfb-above-header-display":"","ast-hfb-below-header-display":"","ast-hfb-mobile-header-display":"","site-post-title":"disabled","ast-breadcrumbs-content":"","ast-featured-img":"disabled","footer-sml-layout":"","ast-disable-related-posts":"","theme-transparent-header-meta":"","adv-header-id-meta":"","stick-header-meta":"","header-above-stick-meta":"","header-main-stick-meta":"","header-below-stick-meta":"","astra-migrate-meta-layouts":"default","ast-page-background-enabled":"default","ast-page-background-meta":{"desktop":{"background-color":"var(--ast-global-color-4)","background-image":"","background-repeat":"repeat","background-position":"center center","background-size":"auto","background-attachment":"scroll","background-type":"","background-media":"","overlay-type":"","overlay-color":"","overlay-opacity":"","overlay-gradient":""},"tablet":{"background-color":"","background-image":"","background-repeat":"repeat","background-position":"center center","background-size":"auto","background-attachment":"scroll","background-type":"","background-media":"","overlay-type":"","overlay-color":"","overlay-opacity":"","overlay-gradient":""},"mobile":{"background-color":"","background-image":"","background-repeat":"repeat","background-position":"center center","background-size":"auto","background-attachment":"scroll","background-type":"","background-media":"","overlay-type":"","overlay-color":"","overlay-opacity":"","overlay-gradient":""}},"ast-content-background-meta":{"desktop":{"background-color":"var(--ast-global-color-5)","background-image":"","background-repeat":"repeat","background-position":"center center","background-size":"auto","background-attachment":"scroll","background-type":"","background-media":"","overlay-type":"","overlay-color":"","overlay-opacity":"","overlay-gradient":""},"tablet":{"background-color":"var(--ast-global-color-5)","background-image":"","background-repeat":"repeat","background-position":"center center","background-size":"auto","background-attachment":"scroll","background-type":"","background-media":"","overlay-type":"","overlay-color":"","overlay-opacity":"","overlay-gradient":""},"mobile":{"background-color":"var(--ast-global-color-5)","background-image":"","background-repeat":"repeat","background-position":"center center","background-size":"auto","background-attachment":"scroll","background-type":"","background-media":"","overlay-type":"","overlay-color":"","overlay-opacity":"","overlay-gradient":""}},"footnotes":""},"class_list":["post-103","page","type-page","status-publish","hentry"],"_links":{"self":[{"href":"https:\/\/utfpr.curitiba.br\/especializacaointeduc\/wp-json\/wp\/v2\/pages\/103","targetHints":{"allow":["GET"]}}],"collection":[{"href":"https:\/\/utfpr.curitiba.br\/especializacaointeduc\/wp-json\/wp\/v2\/pages"}],"about":[{"href":"https:\/\/utfpr.curitiba.br\/especializacaointeduc\/wp-json\/wp\/v2\/types\/page"}],"author":[{"embeddable":true,"href":"https:\/\/utfpr.curitiba.br\/especializacaointeduc\/wp-json\/wp\/v2\/users\/282"}],"replies":[{"embeddable":true,"href":"https:\/\/utfpr.curitiba.br\/especializacaointeduc\/wp-json\/wp\/v2\/comments?post=103"}],"version-history":[{"count":28,"href":"https:\/\/utfpr.curitiba.br\/especializacaointeduc\/wp-json\/wp\/v2\/pages\/103\/revisions"}],"predecessor-version":[{"id":274,"href":"https:\/\/utfpr.curitiba.br\/especializacaointeduc\/wp-json\/wp\/v2\/pages\/103\/revisions\/274"}],"wp:attachment":[{"href":"https:\/\/utfpr.curitiba.br\/especializacaointeduc\/wp-json\/wp\/v2\/media?parent=103"}],"curies":[{"name":"wp","href":"https:\/\/api.w.org\/{rel}","templated":true}]}}