{"id":53,"date":"2020-09-01T19:31:10","date_gmt":"2020-09-01T22:31:10","guid":{"rendered":"https:\/\/dirplad.ct.utfpr.edu.br\/?page_id=53"},"modified":"2025-07-28T23:15:14","modified_gmt":"2025-07-29T02:15:14","slug":"sobre-a-dirplad","status":"publish","type":"page","link":"https:\/\/utfpr.curitiba.br\/dirplad\/estrutura\/sobre-a-dirplad\/","title":{"rendered":"Sobre a DIRPLAD"},"content":{"rendered":"\n<figure class=\"wp-block-image aligncenter size-large\"><img decoding=\"async\" src=\"https:\/\/utfpr-ct-static-content.s3.amazonaws.com\/utfpr.curitiba.br\/wp-content\/uploads\/sites\/27\/2020\/09\/cropped-Preto-e-Riscado-Amarelo-DJ-Aurora-Logotipo-3-1.png\" alt=\"\" \/><\/figure>\n\n\n\n<p class=\"has-text-align-left\">A DIRPLAD-CT (Diretoria de Planejamento e Administra\u00e7\u00e3o) coordena e supervisiona as a\u00e7\u00f5es referentes a or\u00e7amento, finan\u00e7as e contabilidade, manuten\u00e7\u00e3o, e produ\u00e7\u00e3o de bens para uso institucional, reformas prediais, aquisi\u00e7\u00f5es e contrata\u00e7\u00f5es de bens e servi\u00e7os, processos licitat\u00f3rios e contrata\u00e7\u00f5es, bem como, servi\u00e7os de limpeza e vigil\u00e2ncia do Campus Curitiba da UTFPR.<\/p>\n\n\n\n<p class=\"has-text-align-center has-medium-font-size\"><strong>Contato<\/strong><\/p>\n\n\n\n<p>Telefone: (41) 3310-4446 &nbsp;<\/p>\n\n\n\n<p>E-mail: dirplad-ct@utfpr.edu.br<\/p>\n\n\n\n<p class=\"has-text-align-center has-medium-font-size\"><strong>Equipe<\/strong><\/p>\n\n\n\n<div class=\"wp-block-columns is-layout-flex wp-container-core-columns-is-layout-28f84493 wp-block-columns-is-layout-flex\">\n<div class=\"wp-block-column is-layout-flow wp-block-column-is-layout-flow\" style=\"flex-basis:50%\">\n<p style=\"font-size:14px\">Diretora -Luciana Ordine Ara\u00fajo<\/p>\n\n\n\n<p style=\"font-size:14px\">Maria Joana do Nascimento<\/p>\n\n\n\n<p style=\"font-size:14px\"><\/p>\n<\/div>\n\n\n\n<div class=\"wp-block-column is-layout-flow wp-block-column-is-layout-flow\" style=\"flex-basis:25%\">\n<p style=\"font-size:14px\">(41) 3310-4547<\/p>\n\n\n\n<p style=\"font-size:14px\">(41) 3279-6809<\/p>\n\n\n\n<p style=\"font-size:14px\"><\/p>\n<\/div>\n\n\n\n<div class=\"wp-block-column is-layout-flow wp-block-column-is-layout-flow\" style=\"flex-basis:25%\">\n<p style=\"font-size:14px\">lucianaaraujo@utfpr.edu.br<\/p>\n\n\n\n<p style=\"font-size:14px\">marjoana@utfpr.edu.br<\/p>\n\n\n\n<p style=\"font-size:14px\"><\/p>\n<\/div>\n<\/div>\n\n\n\n<p class=\"has-text-align-center has-medium-font-size\"><strong>DIRPLAD-CT<\/strong><\/p>\n\n\n\n<div class=\"wp-block-columns is-layout-flex wp-container-core-columns-is-layout-28f84493 wp-block-columns-is-layout-flex\">\n<div class=\"wp-block-column is-layout-flow wp-block-column-is-layout-flow\" style=\"flex-basis:50%\">\n<p style=\"font-size:14px\">Leila Cristina Ferreira Moeckel<\/p>\n\n\n\n<p style=\"font-size:14px\">Leonice Ines Menon Amorim<\/p>\n\n\n\n<p style=\"font-size:14px\">Carlos Alexandre Becker<\/p>\n\n\n\n<p style=\"font-size:14px\">Nelson de Lima Moura<\/p>\n\n\n\n<p>Sonia Bonatto Cardozo<\/p>\n<\/div>\n\n\n\n<div class=\"wp-block-column is-layout-flow wp-block-column-is-layout-flow\" style=\"flex-basis:25%\">\n<p style=\"font-size:14px\">(41) 3310-4935<\/p>\n\n\n\n<p style=\"font-size:14px\">(41) 3310-4446<\/p>\n\n\n\n<p style=\"font-size:14px\">(41) 3279-6804<\/p>\n\n\n\n<p style=\"font-size:14px\">(41) 3279-6804<\/p>\n<\/div>\n\n\n\n<div class=\"wp-block-column is-layout-flow wp-block-column-is-layout-flow\" style=\"flex-basis:25%\">\n<p style=\"font-size:14px\">leilamoeckel@utfpr.edu.br<\/p>\n\n\n\n<p style=\"font-size:14px\">leomenon@utfpr.edu.br<\/p>\n\n\n\n<p style=\"font-size:14px\"><a href=\"mailto:carlosbecker@utfpr.edu.br\">carlosbecker@utfpr.edu.br<\/a><\/p>\n\n\n\n<p style=\"font-size:14px\"><a href=\"mailto:nelsonmoura@utfpr.edu.br\">nelsonmoura@utfpr.edu.br<\/a><\/p>\n\n\n\n<p><a href=\"mailto:soniabc@utfpr.edu.br\">soniabc@utfpr.edu.br<\/a><\/p>\n<\/div>\n<\/div>\n\n\n\n<p class=\"has-text-align-center has-medium-font-size\"><strong>DEPARTAMENTOS<\/strong><\/p>\n\n\n\n<p><a href=\"https:\/\/dirplad.ct.utfpr.edu.br\/estrutura\/departamentos\/deseg\/\" data-type=\"URL\" data-id=\"https:\/\/dirplad.ct.utfpr.edu.br\/estrutura\/departamentos\/deseg\/\">DESEG-CT<\/a><\/p>\n\n\n\n<p><a href=\"https:\/\/dirplad.ct.utfpr.edu.br\/estrutura\/departamentos\/depro\/\" data-type=\"URL\" data-id=\"https:\/\/dirplad.ct.utfpr.edu.br\/estrutura\/departamentos\/depro\/\">DEPRO-CT<\/a><\/p>\n\n\n\n<p><a href=\"https:\/\/dirplad.ct.utfpr.edu.br\/estrutura\/departamentos\/demap\/\" data-type=\"URL\" data-id=\"https:\/\/dirplad.ct.utfpr.edu.br\/estrutura\/departamentos\/demap\/\">DEMAP-CT<\/a><\/p>\n\n\n\n<p><a href=\"https:\/\/dirplad.ct.utfpr.edu.br\/estrutura\/departamentos\/deofi\/\" data-type=\"URL\" data-id=\"https:\/\/dirplad.ct.utfpr.edu.br\/estrutura\/departamentos\/deofi\/\">DEOFI-CT<\/a><\/p>\n","protected":false},"excerpt":{"rendered":"<p>A DIRPLAD-CT (Diretoria de Planejamento e Administra\u00e7\u00e3o) coordena e supervisiona as a\u00e7\u00f5es referentes a or\u00e7amento, finan\u00e7as e contabilidade, manuten\u00e7\u00e3o, e<\/p>\n","protected":false},"author":12,"featured_media":0,"parent":109,"menu_order":0,"comment_status":"closed","ping_status":"closed","template":"","meta":{"colormag_page_container_layout":"default_layout","colormag_page_sidebar_layout":"default_layout","footnotes":""},"class_list":["post-53","page","type-page","status-publish","hentry"],"_links":{"self":[{"href":"https:\/\/utfpr.curitiba.br\/dirplad\/wp-json\/wp\/v2\/pages\/53","targetHints":{"allow":["GET"]}}],"collection":[{"href":"https:\/\/utfpr.curitiba.br\/dirplad\/wp-json\/wp\/v2\/pages"}],"about":[{"href":"https:\/\/utfpr.curitiba.br\/dirplad\/wp-json\/wp\/v2\/types\/page"}],"author":[{"embeddable":true,"href":"https:\/\/utfpr.curitiba.br\/dirplad\/wp-json\/wp\/v2\/users\/12"}],"replies":[{"embeddable":true,"href":"https:\/\/utfpr.curitiba.br\/dirplad\/wp-json\/wp\/v2\/comments?post=53"}],"version-history":[{"count":36,"href":"https:\/\/utfpr.curitiba.br\/dirplad\/wp-json\/wp\/v2\/pages\/53\/revisions"}],"predecessor-version":[{"id":802,"href":"https:\/\/utfpr.curitiba.br\/dirplad\/wp-json\/wp\/v2\/pages\/53\/revisions\/802"}],"up":[{"embeddable":true,"href":"https:\/\/utfpr.curitiba.br\/dirplad\/wp-json\/wp\/v2\/pages\/109"}],"wp:attachment":[{"href":"https:\/\/utfpr.curitiba.br\/dirplad\/wp-json\/wp\/v2\/media?parent=53"}],"curies":[{"name":"wp","href":"https:\/\/api.w.org\/{rel}","templated":true}]}}