{"id":2501,"date":"2023-08-16T10:43:28","date_gmt":"2023-08-16T13:43:28","guid":{"rendered":"https:\/\/utfpr.curitiba.br\/daqbi\/?page_id=2501"},"modified":"2026-03-24T18:49:12","modified_gmt":"2026-03-24T21:49:12","slug":"licenciatura-em-quimica","status":"publish","type":"page","link":"https:\/\/utfpr.curitiba.br\/daqbi\/licenciatura-em-quimica\/","title":{"rendered":"Licenciatura em Qu\u00edmica"},"content":{"rendered":"\t\t<div data-elementor-type=\"wp-page\" data-elementor-id=\"2501\" class=\"elementor elementor-2501\">\n\t\t\t\t\t\t<section class=\"elementor-section elementor-top-section elementor-element elementor-element-7b32183 elementor-section-boxed elementor-section-height-default elementor-section-height-default wpr-particle-no wpr-jarallax-no wpr-parallax-no wpr-equal-height-no\" data-id=\"7b32183\" data-element_type=\"section\" data-e-type=\"section\" data-settings=\"{&quot;background_background&quot;:&quot;classic&quot;}\">\n\t\t\t\t\t\t\t<div class=\"elementor-background-overlay\"><\/div>\n\t\t\t\t\t\t\t<div class=\"elementor-container elementor-column-gap-default\">\n\t\t\t\t\t<div class=\"elementor-column elementor-col-100 elementor-top-column elementor-element elementor-element-0bb6a44\" data-id=\"0bb6a44\" data-element_type=\"column\" data-e-type=\"column\">\n\t\t\t<div class=\"elementor-widget-wrap elementor-element-populated\">\n\t\t\t\t\t\t<div class=\"elementor-element elementor-element-399e637 e-grid-align-right elementor-shape-rounded elementor-grid-0 elementor-widget elementor-widget-social-icons\" data-id=\"399e637\" data-element_type=\"widget\" data-e-type=\"widget\" data-widget_type=\"social-icons.default\">\n\t\t\t\t<div class=\"elementor-widget-container\">\n\t\t\t\t\t\t\t<div class=\"elementor-social-icons-wrapper elementor-grid\">\n\t\t\t\t\t\t\t<span class=\"elementor-grid-item\">\n\t\t\t\t\t<a class=\"elementor-icon elementor-social-icon elementor-social-icon-instagram elementor-animation-grow elementor-repeater-item-b73e341\" href=\"https:\/\/www.instagram.com\/licquimica.utfpr\/\" target=\"_blank\">\n\t\t\t\t\t\t<span class=\"elementor-screen-only\">Instagram<\/span>\n\t\t\t\t\t\t<i aria-hidden=\"true\" class=\"fab fa-instagram\"><\/i>\t\t\t\t\t<\/a>\n\t\t\t\t<\/span>\n\t\t\t\t\t<\/div>\n\t\t\t\t\t\t<\/div>\n\t\t\t\t<\/div>\n\t\t\t\t<div class=\"elementor-element elementor-element-5fc8dbe0 wpr-fancy-text-slide wpr-advanced-text-style-animated elementor-widget elementor-widget-wpr-advanced-text\" data-id=\"5fc8dbe0\" data-element_type=\"widget\" data-e-type=\"widget\" data-widget_type=\"wpr-advanced-text.default\">\n\t\t\t\t<div class=\"elementor-widget-container\">\n\t\t\t\t\t\n\t\t<h3 class=\"wpr-advanced-text\">\n\n\t\t\t\t\t\n\t\t\t\t\t\t\t<span class=\"wpr-advanced-text-preffix\">Licenciatura em<br><\/span>\n\t\t\t\n\t\t<span class=\"wpr-anim-text wpr-anim-text-type-slide\" data-anim-duration=\"1000,2300\" data-anim-loop=\"\">\n\t\t\t<span class=\"wpr-anim-text-inner\">\n\t\t\t\t\t\t\t\t\t<b>Qu\u00edmica<\/b>\n\t\t\t\t\t\t\t<\/span>\n\t\t\t\t\t<\/span>\n\n\t\t\t\t\n\t\t<\/h3>\n\t\t\n\t\t\t\t\t\t<\/div>\n\t\t\t\t<\/div>\n\t\t\t\t<section class=\"elementor-section elementor-inner-section elementor-element elementor-element-300a1ad elementor-section-boxed elementor-section-height-default elementor-section-height-default wpr-particle-no wpr-jarallax-no wpr-parallax-no wpr-sticky-section-no wpr-equal-height-no\" data-id=\"300a1ad\" data-element_type=\"section\" data-e-type=\"section\" data-settings=\"{&quot;background_background&quot;:&quot;classic&quot;}\">\n\t\t\t\t\t\t<div class=\"elementor-container elementor-column-gap-default\">\n\t\t\t\t\t<div class=\"elementor-column elementor-col-100 elementor-inner-column elementor-element elementor-element-14f0661\" data-id=\"14f0661\" data-element_type=\"column\" data-e-type=\"column\">\n\t\t\t<div class=\"elementor-widget-wrap elementor-element-populated\">\n\t\t\t\t\t\t<div class=\"elementor-element elementor-element-32ec1e31 elementor-align-center elementor-mobile-align-center elementor-widget elementor-widget-button\" data-id=\"32ec1e31\" data-element_type=\"widget\" data-e-type=\"widget\" data-widget_type=\"button.default\">\n\t\t\t\t<div class=\"elementor-widget-container\">\n\t\t\t\t\t\t\t\t\t<div class=\"elementor-button-wrapper\">\n\t\t\t\t\t<a class=\"elementor-button elementor-button-link elementor-size-sm\" href=\"https:\/\/portal.utfpr.edu.br\/cursos\/coordenacoes\/graduacao\/curitiba\/ct-licenciatura-em-quimica\" target=\"_blank\">\n\t\t\t\t\t\t<span class=\"elementor-button-content-wrapper\">\n\t\t\t\t\t\t\t\t\t<span class=\"elementor-button-text\">Acesse a p\u00e1gina do curso<\/span>\n\t\t\t\t\t<\/span>\n\t\t\t\t\t<\/a>\n\t\t\t\t<\/div>\n\t\t\t\t\t\t\t\t<\/div>\n\t\t\t\t<\/div>\n\t\t\t\t\t<\/div>\n\t\t<\/div>\n\t\t\t\t\t<\/div>\n\t\t<\/section>\n\t\t\t\t<div class=\"elementor-element elementor-element-e9b337d elementor-widget elementor-widget-spacer\" data-id=\"e9b337d\" data-element_type=\"widget\" data-e-type=\"widget\" data-widget_type=\"spacer.default\">\n\t\t\t\t<div class=\"elementor-widget-container\">\n\t\t\t\t\t\t\t<div class=\"elementor-spacer\">\n\t\t\t<div class=\"elementor-spacer-inner\"><\/div>\n\t\t<\/div>\n\t\t\t\t\t\t<\/div>\n\t\t\t\t<\/div>\n\t\t\t\t\t<\/div>\n\t\t<\/div>\n\t\t\t\t\t<\/div>\n\t\t<\/section>\n\t\t\t\t<section class=\"elementor-section elementor-top-section elementor-element elementor-element-d6e8261 elementor-section-boxed elementor-section-height-default elementor-section-height-default wpr-particle-no wpr-jarallax-no wpr-parallax-no wpr-sticky-section-no wpr-equal-height-no\" data-id=\"d6e8261\" data-element_type=\"section\" data-e-type=\"section\" data-settings=\"{&quot;background_background&quot;:&quot;classic&quot;,&quot;animation&quot;:&quot;none&quot;}\">\n\t\t\t\t\t\t<div class=\"elementor-container elementor-column-gap-default\">\n\t\t\t\t\t<div class=\"elementor-column elementor-col-33 elementor-top-column elementor-element elementor-element-6d5bde1\" data-id=\"6d5bde1\" data-element_type=\"column\" data-e-type=\"column\">\n\t\t\t<div class=\"elementor-widget-wrap elementor-element-populated\">\n\t\t\t\t\t\t<div class=\"elementor-element elementor-element-a140213 elementor-widget elementor-widget-text-editor\" data-id=\"a140213\" data-element_type=\"widget\" data-e-type=\"widget\" data-widget_type=\"text-editor.default\">\n\t\t\t\t<div class=\"elementor-widget-container\">\n\t\t\t\t\t\t\t\t\t<p><b>Per\u00edodo<\/b><\/p><p>Vespertino e Noturno<\/p>\t\t\t\t\t\t\t\t<\/div>\n\t\t\t\t<\/div>\n\t\t\t\t\t<\/div>\n\t\t<\/div>\n\t\t\t\t<div class=\"elementor-column elementor-col-33 elementor-top-column elementor-element elementor-element-f5471ae\" data-id=\"f5471ae\" data-element_type=\"column\" data-e-type=\"column\">\n\t\t\t<div class=\"elementor-widget-wrap elementor-element-populated\">\n\t\t\t\t\t\t<div class=\"elementor-element elementor-element-b662261 elementor-widget elementor-widget-text-editor\" data-id=\"b662261\" data-element_type=\"widget\" data-e-type=\"widget\" data-widget_type=\"text-editor.default\">\n\t\t\t\t<div class=\"elementor-widget-container\">\n\t\t\t\t\t\t\t\t\t<p><b>Dura\u00e7\u00e3o<\/b><\/p><p><span dir=\"ltr\" role=\"presentation\">8 per\u00edodos <\/span><span dir=\"ltr\" role=\"presentation\">\u2013<\/span> <span dir=\"ltr\" role=\"presentation\">4 anos<\/span><\/p>\t\t\t\t\t\t\t\t<\/div>\n\t\t\t\t<\/div>\n\t\t\t\t\t<\/div>\n\t\t<\/div>\n\t\t\t\t<div class=\"elementor-column elementor-col-33 elementor-top-column elementor-element elementor-element-167c0db\" data-id=\"167c0db\" data-element_type=\"column\" data-e-type=\"column\">\n\t\t\t<div class=\"elementor-widget-wrap elementor-element-populated\">\n\t\t\t\t\t\t<div class=\"elementor-element elementor-element-d8fddf3 elementor-widget elementor-widget-text-editor\" data-id=\"d8fddf3\" data-element_type=\"widget\" data-e-type=\"widget\" data-widget_type=\"text-editor.default\">\n\t\t\t\t<div class=\"elementor-widget-container\">\n\t\t\t\t\t\t\t\t\t<p><b>Ingresso<\/b><\/p><p>SISU ou Vestibular<\/p>\t\t\t\t\t\t\t\t<\/div>\n\t\t\t\t<\/div>\n\t\t\t\t\t<\/div>\n\t\t<\/div>\n\t\t\t\t\t<\/div>\n\t\t<\/section>\n\t\t\t\t<section class=\"elementor-section elementor-top-section elementor-element elementor-element-f7ffe6d elementor-section-boxed elementor-section-height-default elementor-section-height-default wpr-particle-no wpr-jarallax-no wpr-parallax-no wpr-sticky-section-no wpr-equal-height-no\" data-id=\"f7ffe6d\" data-element_type=\"section\" data-e-type=\"section\" data-settings=\"{&quot;background_background&quot;:&quot;classic&quot;,&quot;animation&quot;:&quot;none&quot;}\">\n\t\t\t\t\t\t<div class=\"elementor-container elementor-column-gap-default\">\n\t\t\t\t\t<div class=\"elementor-column elementor-col-100 elementor-top-column elementor-element elementor-element-0054a72\" data-id=\"0054a72\" data-element_type=\"column\" data-e-type=\"column\">\n\t\t\t<div class=\"elementor-widget-wrap elementor-element-populated\">\n\t\t\t\t\t\t<div class=\"elementor-element elementor-element-ceec01e elementor-widget elementor-widget-spacer\" data-id=\"ceec01e\" data-element_type=\"widget\" data-e-type=\"widget\" data-widget_type=\"spacer.default\">\n\t\t\t\t<div class=\"elementor-widget-container\">\n\t\t\t\t\t\t\t<div class=\"elementor-spacer\">\n\t\t\t<div class=\"elementor-spacer-inner\"><\/div>\n\t\t<\/div>\n\t\t\t\t\t\t<\/div>\n\t\t\t\t<\/div>\n\t\t\t\t<div class=\"elementor-element elementor-element-6368612 elementor-widget elementor-widget-heading\" data-id=\"6368612\" data-element_type=\"widget\" data-e-type=\"widget\" data-widget_type=\"heading.default\">\n\t\t\t\t<div class=\"elementor-widget-container\">\n\t\t\t\t\t<h4 class=\"elementor-heading-title elementor-size-default\">Sobre o curso<\/h4>\t\t\t\t<\/div>\n\t\t\t\t<\/div>\n\t\t\t\t<div class=\"elementor-element elementor-element-a3726f1 elementor-tabs-alignment-center elementor-tabs-view-horizontal elementor-widget elementor-widget-tabs\" data-id=\"a3726f1\" data-element_type=\"widget\" data-e-type=\"widget\" data-settings=\"{&quot;_animation&quot;:&quot;none&quot;}\" data-widget_type=\"tabs.default\">\n\t\t\t\t<div class=\"elementor-widget-container\">\n\t\t\t\t\t\t\t<div class=\"elementor-tabs\">\n\t\t\t<div class=\"elementor-tabs-wrapper\" role=\"tablist\" >\n\t\t\t\t\t\t\t\t\t<div id=\"elementor-tab-title-1711\" class=\"elementor-tab-title elementor-tab-desktop-title\" aria-selected=\"true\" data-tab=\"1\" role=\"tab\" tabindex=\"0\" aria-controls=\"elementor-tab-content-1711\" aria-expanded=\"false\">Objetivos<\/div>\n\t\t\t\t\t\t\t\t\t<div id=\"elementor-tab-title-1712\" class=\"elementor-tab-title elementor-tab-desktop-title\" aria-selected=\"false\" data-tab=\"2\" role=\"tab\" tabindex=\"-1\" aria-controls=\"elementor-tab-content-1712\" aria-expanded=\"false\">Perfil profissional<\/div>\n\t\t\t\t\t\t\t\t\t<div id=\"elementor-tab-title-1713\" class=\"elementor-tab-title elementor-tab-desktop-title\" aria-selected=\"false\" data-tab=\"3\" role=\"tab\" tabindex=\"-1\" aria-controls=\"elementor-tab-content-1713\" aria-expanded=\"false\">Compet\u00eancias<\/div>\n\t\t\t\t\t\t\t\t\t<div id=\"elementor-tab-title-1714\" class=\"elementor-tab-title elementor-tab-desktop-title\" aria-selected=\"false\" data-tab=\"4\" role=\"tab\" tabindex=\"-1\" aria-controls=\"elementor-tab-content-1714\" aria-expanded=\"false\">Campo de atua\u00e7\u00e3o<\/div>\n\t\t\t\t\t\t\t<\/div>\n\t\t\t<div class=\"elementor-tabs-content-wrapper\" role=\"tablist\" aria-orientation=\"vertical\">\n\t\t\t\t\t\t\t\t\t<div class=\"elementor-tab-title elementor-tab-mobile-title\" aria-selected=\"true\" data-tab=\"1\" role=\"tab\" tabindex=\"0\" aria-controls=\"elementor-tab-content-1711\" aria-expanded=\"false\">Objetivos<\/div>\n\t\t\t\t\t<div id=\"elementor-tab-content-1711\" class=\"elementor-tab-content elementor-clearfix\" data-tab=\"1\" role=\"tabpanel\" aria-labelledby=\"elementor-tab-title-1711\" tabindex=\"0\" hidden=\"false\"><p><span dir=\"ltr\" role=\"presentation\">O Curso tem como objetivo formar professores de Qu\u00edmica que possam atuar como protagonista na transforma\u00e7\u00e3o da\u00a0<\/span><span dir=\"ltr\" role=\"presentation\">sociedade <\/span><span dir=\"ltr\" role=\"presentation\">brasileira, <\/span><span dir=\"ltr\" role=\"presentation\">baseados <\/span><span dir=\"ltr\" role=\"presentation\">em <\/span><span dir=\"ltr\" role=\"presentation\">s\u00f3lidos <\/span><span dir=\"ltr\" role=\"presentation\">conhecimentos <\/span><span dir=\"ltr\" role=\"presentation\">de <\/span><span dir=\"ltr\" role=\"presentation\">Qu\u00edmica <\/span><span dir=\"ltr\" role=\"presentation\">de <\/span><span dir=\"ltr\" role=\"presentation\">form<\/span><span dir=\"ltr\" role=\"presentation\">a\u00a0<\/span><span dir=\"ltr\" role=\"presentation\">interdisciplinar e humanizadora. <\/span><\/p><\/div>\n\t\t\t\t\t\t\t\t\t<div class=\"elementor-tab-title elementor-tab-mobile-title\" aria-selected=\"false\" data-tab=\"2\" role=\"tab\" tabindex=\"-1\" aria-controls=\"elementor-tab-content-1712\" aria-expanded=\"false\">Perfil profissional<\/div>\n\t\t\t\t\t<div id=\"elementor-tab-content-1712\" class=\"elementor-tab-content elementor-clearfix\" data-tab=\"2\" role=\"tabpanel\" aria-labelledby=\"elementor-tab-title-1712\" tabindex=\"0\" hidden=\"hidden\"><p><span dir=\"ltr\" role=\"presentation\">Objetiva formar\u00a0<\/span><span dir=\"ltr\" role=\"presentation\">profissionais cr\u00edticos, com s\u00f3lido conhecimento qu\u00edmico, pedag\u00f3gico e did\u00e1tico em torno\u00a0<\/span><span dir=\"ltr\" role=\"presentation\">de como ensinar os mais variados conceitos qu\u00edmicos, os quais sejam capazes de enfrentar\u00a0<\/span><span dir=\"ltr\" role=\"presentation\">situa\u00e7\u00f5es de ensino e aprendizagem complexas e sejam <\/span> <span dir=\"ltr\" role=\"presentation\">conscientes de seu papel na\u00a0<\/span><span dir=\"ltr\" role=\"presentation\">sociedade, como docentes formadores de sujeitos plurais e \u00edmpares, que devem assumir\u00a0<\/span><span dir=\"ltr\" role=\"presentation\">seu papel aut\u00f4nomo e protagonista de forma cr\u00edtica, respeitando as rela\u00e7\u00f5es e tendo o\u00a0<\/span><span dir=\"ltr\" role=\"presentation\">compromisso <\/span><span dir=\"ltr\" role=\"presentation\">com <\/span><span dir=\"ltr\" role=\"presentation\">sua <\/span><span dir=\"ltr\" role=\"presentation\">forma\u00e7\u00e3o <\/span><span dir=\"ltr\" role=\"presentation\">permanente.<\/span><\/p><\/div>\n\t\t\t\t\t\t\t\t\t<div class=\"elementor-tab-title elementor-tab-mobile-title\" aria-selected=\"false\" data-tab=\"3\" role=\"tab\" tabindex=\"-1\" aria-controls=\"elementor-tab-content-1713\" aria-expanded=\"false\">Compet\u00eancias<\/div>\n\t\t\t\t\t<div id=\"elementor-tab-content-1713\" class=\"elementor-tab-content elementor-clearfix\" data-tab=\"3\" role=\"tabpanel\" aria-labelledby=\"elementor-tab-title-1713\" tabindex=\"0\" hidden=\"hidden\"><p><span dir=\"ltr\" role=\"presentation\">Dominar\u00a0<\/span><span dir=\"ltr\" role=\"presentation\">os objetos de\u00a0<\/span><span dir=\"ltr\" role=\"presentation\">conhecimento\u00a0<\/span><span dir=\"ltr\" role=\"presentation\">e saber como\u00a0<\/span><span dir=\"ltr\" role=\"presentation\">ensin\u00e1<\/span><span dir=\"ltr\" role=\"presentation\">&#8211;<\/span><span dir=\"ltr\" role=\"presentation\">los, demonstrar conhecimento sobre os estudantes e como eles aprendem, reconhecer os contextos, conhecer a estrutura e a governan\u00e7a dos sistemas educacionais, al\u00e9m de saber planejar a\u00e7\u00f5es de ensino que resultem em efetivas aprendizagens, criar e saber gerir ambientes de aprendizagem avaliar o desenvolvimento do educando, a aprendizagem e o ensino e conduzir as pr\u00e1ticas pedag\u00f3gicas dos objetos do conhecimento das compet\u00eancias e habilidades. <span id=\"page119R_mcid5\" class=\"markedContent\">Conhecer criticamente os problemas educacionais brasileiros, i<\/span><span id=\"page119R_mcid6\" class=\"markedContent\">dentificar no contexto da realidade escolar os fatores determinantes no processo educativo, tais como o contexto socioecon\u00f4mico, pol\u00edtico- educacional, administrativo e fatores espec\u00edficos do processo de ensino- aprendizagem de Qu\u00edmica.<\/span><\/span><\/p><\/div>\n\t\t\t\t\t\t\t\t\t<div class=\"elementor-tab-title elementor-tab-mobile-title\" aria-selected=\"false\" data-tab=\"4\" role=\"tab\" tabindex=\"-1\" aria-controls=\"elementor-tab-content-1714\" aria-expanded=\"false\">Campo de atua\u00e7\u00e3o<\/div>\n\t\t\t\t\t<div id=\"elementor-tab-content-1714\" class=\"elementor-tab-content elementor-clearfix\" data-tab=\"4\" role=\"tabpanel\" aria-labelledby=\"elementor-tab-title-1714\" tabindex=\"0\" hidden=\"hidden\"><p><span id=\"page119R_mcid11\" class=\"markedContent\"><span dir=\"ltr\" role=\"presentation\">O Licenciado em Qu\u00edmica poder\u00e1 atuar em: Institui\u00e7\u00f5es de ensino de redes p\u00fablicas e\/ou privadas; e<span id=\"page119R_mcid12\" class=\"markedContent\">ditoras e em \u00f3rg\u00e3os p\u00fablicos e privados, e<\/span><span id=\"page119R_mcid13\" class=\"markedContent\">spa\u00e7os de educa\u00e7\u00e3o n\u00e3o formal, como feiras de divulga\u00e7\u00e3o cient\u00edfica e museus, dentre outros, i<\/span><span id=\"page119R_mcid14\" class=\"markedContent\">nstitui\u00e7\u00f5es que desenvolvem pesquisas educacionais, e<\/span><span id=\"page119R_mcid15\" class=\"markedContent\">mpresas que demandem sua forma\u00e7\u00e3o espec\u00edfica ou atuar de forma aut\u00f4noma, em empresa pr\u00f3pria ou prestando consultoria a i<\/span>nstitui\u00e7\u00f5es de ensino <\/span><span dir=\"ltr\" role=\"presentation\">de redes p\u00fablicas e\/ou privadas, entre outras \u00e1reas.\u00a0<\/span><\/span><span id=\"page119R_mcid12\" class=\"markedContent\"><br \/><\/span><\/p><\/div>\n\t\t\t\t\t\t\t<\/div>\n\t\t<\/div>\n\t\t\t\t\t\t<\/div>\n\t\t\t\t<\/div>\n\t\t\t\t\t<\/div>\n\t\t<\/div>\n\t\t\t\t\t<\/div>\n\t\t<\/section>\n\t\t\t\t<section class=\"elementor-section elementor-top-section elementor-element elementor-element-2a3b94f elementor-section-boxed elementor-section-height-default elementor-section-height-default wpr-particle-no wpr-jarallax-no wpr-parallax-no wpr-sticky-section-no wpr-equal-height-no\" data-id=\"2a3b94f\" data-element_type=\"section\" data-e-type=\"section\" data-settings=\"{&quot;background_background&quot;:&quot;classic&quot;}\">\n\t\t\t\t\t\t<div class=\"elementor-container elementor-column-gap-default\">\n\t\t\t\t\t<div class=\"elementor-column elementor-col-100 elementor-top-column elementor-element elementor-element-2d680b8\" data-id=\"2d680b8\" data-element_type=\"column\" data-e-type=\"column\">\n\t\t\t<div class=\"elementor-widget-wrap elementor-element-populated\">\n\t\t\t\t\t\t<div class=\"elementor-element elementor-element-76cff69 elementor-widget elementor-widget-spacer\" data-id=\"76cff69\" data-element_type=\"widget\" data-e-type=\"widget\" data-widget_type=\"spacer.default\">\n\t\t\t\t<div class=\"elementor-widget-container\">\n\t\t\t\t\t\t\t<div class=\"elementor-spacer\">\n\t\t\t<div class=\"elementor-spacer-inner\"><\/div>\n\t\t<\/div>\n\t\t\t\t\t\t<\/div>\n\t\t\t\t<\/div>\n\t\t\t\t<div class=\"elementor-element elementor-element-7476e1b elementor-widget elementor-widget-heading\" data-id=\"7476e1b\" data-element_type=\"widget\" data-e-type=\"widget\" data-widget_type=\"heading.default\">\n\t\t\t\t<div class=\"elementor-widget-container\">\n\t\t\t\t\t<h4 class=\"elementor-heading-title elementor-size-default\">Organiza\u00e7\u00e3o Curricular - Grade vigente a partir de 02\/2023<\/h4>\t\t\t\t<\/div>\n\t\t\t\t<\/div>\n\t\t\t\t\t<\/div>\n\t\t<\/div>\n\t\t\t\t\t<\/div>\n\t\t<\/section>\n\t\t\t\t<section class=\"elementor-section elementor-top-section elementor-element elementor-element-647d036 elementor-section-boxed elementor-section-height-default elementor-section-height-default wpr-particle-no wpr-jarallax-no wpr-parallax-no wpr-sticky-section-no wpr-equal-height-no\" data-id=\"647d036\" data-element_type=\"section\" data-e-type=\"section\" data-settings=\"{&quot;background_background&quot;:&quot;classic&quot;}\">\n\t\t\t\t\t\t<div class=\"elementor-container elementor-column-gap-default\">\n\t\t\t\t\t<div class=\"elementor-column elementor-col-100 elementor-top-column elementor-element elementor-element-89cc1ed\" data-id=\"89cc1ed\" data-element_type=\"column\" data-e-type=\"column\">\n\t\t\t<div class=\"elementor-widget-wrap elementor-element-populated\">\n\t\t\t\t\t\t<div class=\"elementor-element elementor-element-d4f2e5d elementor-widget elementor-widget-spacer\" data-id=\"d4f2e5d\" data-element_type=\"widget\" data-e-type=\"widget\" data-widget_type=\"spacer.default\">\n\t\t\t\t<div class=\"elementor-widget-container\">\n\t\t\t\t\t\t\t<div class=\"elementor-spacer\">\n\t\t\t<div class=\"elementor-spacer-inner\"><\/div>\n\t\t<\/div>\n\t\t\t\t\t\t<\/div>\n\t\t\t\t<\/div>\n\t\t\t\t\t<\/div>\n\t\t<\/div>\n\t\t\t\t\t<\/div>\n\t\t<\/section>\n\t\t\t\t<section class=\"elementor-section elementor-top-section elementor-element elementor-element-ed20c8e elementor-section-boxed elementor-section-height-default elementor-section-height-default wpr-particle-no wpr-jarallax-no wpr-parallax-no wpr-sticky-section-no wpr-equal-height-no\" data-id=\"ed20c8e\" data-element_type=\"section\" data-e-type=\"section\">\n\t\t\t\t\t\t<div class=\"elementor-container elementor-column-gap-default\">\n\t\t\t\t\t<div class=\"elementor-column elementor-col-50 elementor-top-column elementor-element elementor-element-20c7632\" data-id=\"20c7632\" data-element_type=\"column\" data-e-type=\"column\" data-settings=\"{&quot;background_background&quot;:&quot;classic&quot;}\">\n\t\t\t<div class=\"elementor-widget-wrap elementor-element-populated\">\n\t\t\t\t\t\t<div class=\"elementor-element elementor-element-958be31 elementor-view-default elementor-widget elementor-widget-icon\" data-id=\"958be31\" data-element_type=\"widget\" data-e-type=\"widget\" data-widget_type=\"icon.default\">\n\t\t\t\t<div class=\"elementor-widget-container\">\n\t\t\t\t\t\t\t<div class=\"elementor-icon-wrapper\">\n\t\t\t<a class=\"elementor-icon elementor-animation-grow\" href=\"mailto:%20marcelolambach@utfpr.edu.br\">\n\t\t\t<i aria-hidden=\"true\" class=\"fas fa-chalkboard-teacher\"><\/i>\t\t\t<\/a>\n\t\t<\/div>\n\t\t\t\t\t\t<\/div>\n\t\t\t\t<\/div>\n\t\t\t\t<div class=\"elementor-element elementor-element-3656a93 elementor-widget elementor-widget-heading\" data-id=\"3656a93\" data-element_type=\"widget\" data-e-type=\"widget\" data-widget_type=\"heading.default\">\n\t\t\t\t<div class=\"elementor-widget-container\">\n\t\t\t\t\t<h5 class=\"elementor-heading-title elementor-size-default\">Coordena\u00e7\u00e3o<\/h5>\t\t\t\t<\/div>\n\t\t\t\t<\/div>\n\t\t\t\t<div class=\"elementor-element elementor-element-5f6ad85 elementor-widget elementor-widget-text-editor\" data-id=\"5f6ad85\" data-element_type=\"widget\" data-e-type=\"widget\" data-widget_type=\"text-editor.default\">\n\t\t\t\t<div class=\"elementor-widget-container\">\n\t\t\t\t\t\t\t\t\t<p>Prof. Dr. Marcelo Lambach<\/p><p><a href=\"mailto:marcelolambach@utfpr.edu.br\">marcelolambach@utfpr.edu.br<\/a><\/p><p>ou\u00a0<\/p><p><a href=\"mailto:coliq-ct@utfpr.edu.br\">coliq-ct@utfpr.edu.br<\/a><\/p>\t\t\t\t\t\t\t\t<\/div>\n\t\t\t\t<\/div>\n\t\t\t\t\t<\/div>\n\t\t<\/div>\n\t\t\t\t<div class=\"elementor-column elementor-col-50 elementor-top-column elementor-element elementor-element-8515a24\" data-id=\"8515a24\" data-element_type=\"column\" data-e-type=\"column\" data-settings=\"{&quot;background_background&quot;:&quot;classic&quot;}\">\n\t\t\t<div class=\"elementor-widget-wrap elementor-element-populated\">\n\t\t\t\t\t\t<div class=\"elementor-element elementor-element-e33f1e9 elementor-view-default elementor-widget elementor-widget-icon\" data-id=\"e33f1e9\" data-element_type=\"widget\" data-e-type=\"widget\" data-widget_type=\"icon.default\">\n\t\t\t\t<div class=\"elementor-widget-container\">\n\t\t\t\t\t\t\t<div class=\"elementor-icon-wrapper\">\n\t\t\t<a class=\"elementor-icon elementor-animation-grow\" href=\"https:\/\/portal.utfpr.edu.br\/cursos\/coordenacoes\/graduacao\/curitiba\/ct-licenciatura-em-quimica\/area-academica\/tcc\" target=\"_blank\">\n\t\t\t<i aria-hidden=\"true\" class=\"fas fa-graduation-cap\"><\/i>\t\t\t<\/a>\n\t\t<\/div>\n\t\t\t\t\t\t<\/div>\n\t\t\t\t<\/div>\n\t\t\t\t<div class=\"elementor-element elementor-element-d070671 elementor-widget elementor-widget-heading\" data-id=\"d070671\" data-element_type=\"widget\" data-e-type=\"widget\" data-widget_type=\"heading.default\">\n\t\t\t\t<div class=\"elementor-widget-container\">\n\t\t\t\t\t<h5 class=\"elementor-heading-title elementor-size-default\">TCC<\/h5>\t\t\t\t<\/div>\n\t\t\t\t<\/div>\n\t\t\t\t<div class=\"elementor-element elementor-element-108826b elementor-widget elementor-widget-text-editor\" data-id=\"108826b\" data-element_type=\"widget\" data-e-type=\"widget\" data-widget_type=\"text-editor.default\">\n\t\t\t\t<div class=\"elementor-widget-container\">\n\t\t\t\t\t\t\t\t\t<p>Profa. Dra. Cristiane Piliss\u00e3o<\/p><p><a href=\"mailto:pilissao@utfpr.edu.br\">pilissao@utfpr.edu.br<\/a><\/p>\t\t\t\t\t\t\t\t<\/div>\n\t\t\t\t<\/div>\n\t\t\t\t\t<\/div>\n\t\t<\/div>\n\t\t\t\t\t<\/div>\n\t\t<\/section>\n\t\t\t\t<section class=\"elementor-section elementor-top-section elementor-element elementor-element-d0805a8 elementor-section-boxed elementor-section-height-default elementor-section-height-default wpr-particle-no wpr-jarallax-no wpr-parallax-no wpr-sticky-section-no wpr-equal-height-no\" data-id=\"d0805a8\" data-element_type=\"section\" data-e-type=\"section\" data-settings=\"{&quot;background_background&quot;:&quot;classic&quot;}\">\n\t\t\t\t\t\t<div class=\"elementor-container elementor-column-gap-default\">\n\t\t\t\t\t<div class=\"elementor-column elementor-col-33 elementor-top-column elementor-element elementor-element-ef3b449\" data-id=\"ef3b449\" data-element_type=\"column\" data-e-type=\"column\" data-settings=\"{&quot;background_background&quot;:&quot;classic&quot;}\">\n\t\t\t<div class=\"elementor-widget-wrap elementor-element-populated\">\n\t\t\t\t\t\t<div class=\"elementor-element elementor-element-91f15ea elementor-view-default elementor-widget elementor-widget-icon\" data-id=\"91f15ea\" data-element_type=\"widget\" data-e-type=\"widget\" data-widget_type=\"icon.default\">\n\t\t\t\t<div class=\"elementor-widget-container\">\n\t\t\t\t\t\t\t<div class=\"elementor-icon-wrapper\">\n\t\t\t<a class=\"elementor-icon elementor-animation-grow\" href=\"https:\/\/portal.utfpr.edu.br\/cursos\/coordenacoes\/graduacao\/curitiba\/ct-licenciatura-em-quimica\/area-academica\/tcc\" target=\"_blank\">\n\t\t\t<i aria-hidden=\"true\" class=\"fas fa-exchange-alt\"><\/i>\t\t\t<\/a>\n\t\t<\/div>\n\t\t\t\t\t\t<\/div>\n\t\t\t\t<\/div>\n\t\t\t\t<div class=\"elementor-element elementor-element-fad8c30 elementor-widget elementor-widget-heading\" data-id=\"fad8c30\" data-element_type=\"widget\" data-e-type=\"widget\" data-widget_type=\"heading.default\">\n\t\t\t\t<div class=\"elementor-widget-container\">\n\t\t\t\t\t<h5 class=\"elementor-heading-title elementor-size-default\">Internacionaliza\u00e7\u00e3o<\/h5>\t\t\t\t<\/div>\n\t\t\t\t<\/div>\n\t\t\t\t<div class=\"elementor-element elementor-element-ad320b8 elementor-widget elementor-widget-text-editor\" data-id=\"ad320b8\" data-element_type=\"widget\" data-e-type=\"widget\" data-widget_type=\"text-editor.default\">\n\t\t\t\t<div class=\"elementor-widget-container\">\n\t\t\t\t\t\t\t\t\t<p>Profa. Dra. Maria Giovana Binder Pagnoncelli<\/p><p><a href=\"mailto:mpagnoncelli@utfpr.edu.br\">mpagnoncelli@utfpr.edu.br<\/a><\/p>\t\t\t\t\t\t\t\t<\/div>\n\t\t\t\t<\/div>\n\t\t\t\t\t<\/div>\n\t\t<\/div>\n\t\t\t\t<div class=\"elementor-column elementor-col-33 elementor-top-column elementor-element elementor-element-f56c97b\" data-id=\"f56c97b\" data-element_type=\"column\" data-e-type=\"column\">\n\t\t\t<div class=\"elementor-widget-wrap elementor-element-populated\">\n\t\t\t\t\t\t<div class=\"elementor-element elementor-element-0b319ca elementor-view-default elementor-widget elementor-widget-icon\" data-id=\"0b319ca\" data-element_type=\"widget\" data-e-type=\"widget\" data-widget_type=\"icon.default\">\n\t\t\t\t<div class=\"elementor-widget-container\">\n\t\t\t\t\t\t\t<div class=\"elementor-icon-wrapper\">\n\t\t\t<a class=\"elementor-icon elementor-animation-grow\" href=\"https:\/\/portal.utfpr.edu.br\/cursos\/coordenacoes\/graduacao\/curitiba\/ct-licenciatura-em-quimica\/area-academica\/estagio-curricular-obrigatorio\" target=\"_blank\">\n\t\t\t<i aria-hidden=\"true\" class=\"far fa-handshake\"><\/i>\t\t\t<\/a>\n\t\t<\/div>\n\t\t\t\t\t\t<\/div>\n\t\t\t\t<\/div>\n\t\t\t\t<div class=\"elementor-element elementor-element-08b788d elementor-widget elementor-widget-heading\" data-id=\"08b788d\" data-element_type=\"widget\" data-e-type=\"widget\" data-widget_type=\"heading.default\">\n\t\t\t\t<div class=\"elementor-widget-container\">\n\t\t\t\t\t<h5 class=\"elementor-heading-title elementor-size-default\">Est\u00e1gio<\/h5>\t\t\t\t<\/div>\n\t\t\t\t<\/div>\n\t\t\t\t<div class=\"elementor-element elementor-element-a20d229 elementor-widget elementor-widget-text-editor\" data-id=\"a20d229\" data-element_type=\"widget\" data-e-type=\"widget\" data-widget_type=\"text-editor.default\">\n\t\t\t\t<div class=\"elementor-widget-container\">\n\t\t\t\t\t\t\t\t\t<p>Profa. Dra. Adriane Viana do Ros\u00e1rio<\/p><p><a href=\"mailto:adrianev@utfpr.edu.br\" target=\"_blank\" rel=\"noopener\">adrianev@utfpr.edu.br<\/a><\/p>\t\t\t\t\t\t\t\t<\/div>\n\t\t\t\t<\/div>\n\t\t\t\t\t<\/div>\n\t\t<\/div>\n\t\t\t\t<div class=\"elementor-column elementor-col-33 elementor-top-column elementor-element elementor-element-7ee10f2\" data-id=\"7ee10f2\" data-element_type=\"column\" data-e-type=\"column\">\n\t\t\t<div class=\"elementor-widget-wrap elementor-element-populated\">\n\t\t\t\t\t\t<div class=\"elementor-element elementor-element-7434b75 elementor-view-default elementor-widget elementor-widget-icon\" data-id=\"7434b75\" data-element_type=\"widget\" data-e-type=\"widget\" data-widget_type=\"icon.default\">\n\t\t\t\t<div class=\"elementor-widget-container\">\n\t\t\t\t\t\t\t<div class=\"elementor-icon-wrapper\">\n\t\t\t<div class=\"elementor-icon elementor-animation-grow\">\n\t\t\t<i aria-hidden=\"true\" class=\"fas fa-expand-arrows-alt\"><\/i>\t\t\t<\/div>\n\t\t<\/div>\n\t\t\t\t\t\t<\/div>\n\t\t\t\t<\/div>\n\t\t\t\t<div class=\"elementor-element elementor-element-1a163c2 elementor-widget elementor-widget-heading\" data-id=\"1a163c2\" data-element_type=\"widget\" data-e-type=\"widget\" data-widget_type=\"heading.default\">\n\t\t\t\t<div class=\"elementor-widget-container\">\n\t\t\t\t\t<h5 class=\"elementor-heading-title elementor-size-default\">Extens\u00e3o<\/h5>\t\t\t\t<\/div>\n\t\t\t\t<\/div>\n\t\t\t\t<div class=\"elementor-element elementor-element-b6c157b elementor-widget elementor-widget-text-editor\" data-id=\"b6c157b\" data-element_type=\"widget\" data-e-type=\"widget\" data-widget_type=\"text-editor.default\">\n\t\t\t\t<div class=\"elementor-widget-container\">\n\t\t\t\t\t\t\t\t\t<p>Prof. Dr. <span style=\"font-weight: 400\">Adelmo Lowe Plestsch<\/span><\/p><p><a href=\"mailto:adelmo@utfpr.edu.br\"><span style=\"font-weight: 400\">adelmo<\/span>@utfpr.edu.br<\/a><\/p>\t\t\t\t\t\t\t\t<\/div>\n\t\t\t\t<\/div>\n\t\t\t\t\t<\/div>\n\t\t<\/div>\n\t\t\t\t\t<\/div>\n\t\t<\/section>\n\t\t\t\t<section class=\"elementor-section elementor-top-section elementor-element elementor-element-b713f07 elementor-section-boxed elementor-section-height-default elementor-section-height-default wpr-particle-no wpr-jarallax-no wpr-parallax-no wpr-sticky-section-no wpr-equal-height-no\" data-id=\"b713f07\" data-element_type=\"section\" data-e-type=\"section\">\n\t\t\t\t\t\t<div class=\"elementor-container elementor-column-gap-default\">\n\t\t\t\t\t<div class=\"elementor-column elementor-col-33 elementor-top-column elementor-element elementor-element-8f41884\" data-id=\"8f41884\" data-element_type=\"column\" data-e-type=\"column\">\n\t\t\t<div class=\"elementor-widget-wrap elementor-element-populated\">\n\t\t\t\t\t\t<div class=\"elementor-element elementor-element-64f81a8 elementor-view-default elementor-widget elementor-widget-icon\" data-id=\"64f81a8\" data-element_type=\"widget\" data-e-type=\"widget\" data-widget_type=\"icon.default\">\n\t\t\t\t<div class=\"elementor-widget-container\">\n\t\t\t\t\t\t\t<div class=\"elementor-icon-wrapper\">\n\t\t\t<a class=\"elementor-icon elementor-animation-grow\" href=\"https:\/\/portal.utfpr.edu.br\/cursos\/coordenacoes\/graduacao\/curitiba\/ct-licenciatura-em-quimica\/area-academica\/atividades-integradoras\">\n\t\t\t<i aria-hidden=\"true\" class=\"fas fa-project-diagram\"><\/i>\t\t\t<\/a>\n\t\t<\/div>\n\t\t\t\t\t\t<\/div>\n\t\t\t\t<\/div>\n\t\t\t\t<div class=\"elementor-element elementor-element-cadf7cc elementor-widget elementor-widget-heading\" data-id=\"cadf7cc\" data-element_type=\"widget\" data-e-type=\"widget\" data-widget_type=\"heading.default\">\n\t\t\t\t<div class=\"elementor-widget-container\">\n\t\t\t\t\t<h5 class=\"elementor-heading-title elementor-size-default\">Atividades Integradoras<\/h5>\t\t\t\t<\/div>\n\t\t\t\t<\/div>\n\t\t\t\t<div class=\"elementor-element elementor-element-241143c elementor-widget elementor-widget-text-editor\" data-id=\"241143c\" data-element_type=\"widget\" data-e-type=\"widget\" data-widget_type=\"text-editor.default\">\n\t\t\t\t<div class=\"elementor-widget-container\">\n\t\t\t\t\t\t\t\t\t<p>Prof. Dr. Edson Luiz Seibert<\/p><p><a href=\"mailto:eseibert@utfpr.edu.br\">eseibert@utfpr.edu.br<\/a><\/p><p><strong>Telefone:<\/strong>\u00a0(41)\u00a03279-6448<\/p>\t\t\t\t\t\t\t\t<\/div>\n\t\t\t\t<\/div>\n\t\t\t\t\t<\/div>\n\t\t<\/div>\n\t\t\t\t<div class=\"elementor-column elementor-col-33 elementor-top-column elementor-element elementor-element-e4b33b7\" data-id=\"e4b33b7\" data-element_type=\"column\" data-e-type=\"column\">\n\t\t\t<div class=\"elementor-widget-wrap elementor-element-populated\">\n\t\t\t\t\t\t<div class=\"elementor-element elementor-element-0133978 elementor-view-default elementor-widget elementor-widget-icon\" data-id=\"0133978\" data-element_type=\"widget\" data-e-type=\"widget\" data-widget_type=\"icon.default\">\n\t\t\t\t<div class=\"elementor-widget-container\">\n\t\t\t\t\t\t\t<div class=\"elementor-icon-wrapper\">\n\t\t\t<div class=\"elementor-icon elementor-animation-grow\">\n\t\t\t<i aria-hidden=\"true\" class=\"fas fa-paste\"><\/i>\t\t\t<\/div>\n\t\t<\/div>\n\t\t\t\t\t\t<\/div>\n\t\t\t\t<\/div>\n\t\t\t\t<div class=\"elementor-element elementor-element-7181e32 elementor-widget elementor-widget-heading\" data-id=\"7181e32\" data-element_type=\"widget\" data-e-type=\"widget\" data-widget_type=\"heading.default\">\n\t\t\t\t<div class=\"elementor-widget-container\">\n\t\t\t\t\t<h5 class=\"elementor-heading-title elementor-size-default\">Atividades Complementares<\/h5>\t\t\t\t<\/div>\n\t\t\t\t<\/div>\n\t\t\t\t<div class=\"elementor-element elementor-element-da70b95 elementor-widget elementor-widget-text-editor\" data-id=\"da70b95\" data-element_type=\"widget\" data-e-type=\"widget\" data-widget_type=\"text-editor.default\">\n\t\t\t\t<div class=\"elementor-widget-container\">\n\t\t\t\t\t\t\t\t\t<p>Profa. Dra. Cristiane Piliss\u00e3o<\/p><p><a href=\"mailto:pilissao@utfpr.edu.br\">pilissao@utfpr.edu.br<\/a><\/p>\t\t\t\t\t\t\t\t<\/div>\n\t\t\t\t<\/div>\n\t\t\t\t\t<\/div>\n\t\t<\/div>\n\t\t\t\t<div class=\"elementor-column elementor-col-33 elementor-top-column elementor-element elementor-element-8866228\" data-id=\"8866228\" data-element_type=\"column\" data-e-type=\"column\" data-settings=\"{&quot;background_background&quot;:&quot;classic&quot;}\">\n\t\t\t<div class=\"elementor-widget-wrap elementor-element-populated\">\n\t\t\t\t\t\t<div class=\"elementor-element elementor-element-4758852 elementor-view-default elementor-widget elementor-widget-icon\" data-id=\"4758852\" data-element_type=\"widget\" data-e-type=\"widget\" data-widget_type=\"icon.default\">\n\t\t\t\t<div class=\"elementor-widget-container\">\n\t\t\t\t\t\t\t<div class=\"elementor-icon-wrapper\">\n\t\t\t<a class=\"elementor-icon elementor-animation-grow\" href=\"https:\/\/portal.utfpr.edu.br\/cursos\/coordenacoes\/graduacao\/curitiba\/ct-licenciatura-em-quimica\/area-academica\/tcc\" target=\"_blank\">\n\t\t\t<i aria-hidden=\"true\" class=\"fas fa-universal-access\"><\/i>\t\t\t<\/a>\n\t\t<\/div>\n\t\t\t\t\t\t<\/div>\n\t\t\t\t<\/div>\n\t\t\t\t<div class=\"elementor-element elementor-element-4fa80b0 elementor-widget elementor-widget-heading\" data-id=\"4fa80b0\" data-element_type=\"widget\" data-e-type=\"widget\" data-widget_type=\"heading.default\">\n\t\t\t\t<div class=\"elementor-widget-container\">\n\t\t\t\t\t<h5 class=\"elementor-heading-title elementor-size-default\">Inclus\u00e3o<\/h5>\t\t\t\t<\/div>\n\t\t\t\t<\/div>\n\t\t\t\t<div class=\"elementor-element elementor-element-a1cd97a elementor-widget elementor-widget-text-editor\" data-id=\"a1cd97a\" data-element_type=\"widget\" data-e-type=\"widget\" data-widget_type=\"text-editor.default\">\n\t\t\t\t<div class=\"elementor-widget-container\">\n\t\t\t\t\t\t\t\t\t<p>Profa. Dra. Renata Danielle Adati<\/p><p><a href=\"mailto:renataadati@utfpr.edu.br\">renataadati@utfpr.edu.br<\/a><\/p>\t\t\t\t\t\t\t\t<\/div>\n\t\t\t\t<\/div>\n\t\t\t\t\t<\/div>\n\t\t<\/div>\n\t\t\t\t\t<\/div>\n\t\t<\/section>\n\t\t\t\t<section class=\"elementor-section elementor-top-section elementor-element elementor-element-234d820 elementor-section-boxed elementor-section-height-default elementor-section-height-default wpr-particle-no wpr-jarallax-no wpr-parallax-no wpr-sticky-section-no wpr-equal-height-no\" data-id=\"234d820\" data-element_type=\"section\" data-e-type=\"section\" data-settings=\"{&quot;background_background&quot;:&quot;classic&quot;}\">\n\t\t\t\t\t\t<div class=\"elementor-container elementor-column-gap-default\">\n\t\t\t\t\t<div class=\"elementor-column elementor-col-100 elementor-top-column elementor-element elementor-element-24c4e19\" data-id=\"24c4e19\" data-element_type=\"column\" data-e-type=\"column\">\n\t\t\t<div class=\"elementor-widget-wrap elementor-element-populated\">\n\t\t\t\t\t\t<div class=\"elementor-element elementor-element-d01e362 elementor-widget elementor-widget-heading\" data-id=\"d01e362\" data-element_type=\"widget\" data-e-type=\"widget\" data-widget_type=\"heading.default\">\n\t\t\t\t<div class=\"elementor-widget-container\">\n\t\t\t\t\t<h4 class=\"elementor-heading-title elementor-size-default\">Orienta\u00e7\u00f5es R\u00e1pidas<\/h4>\t\t\t\t<\/div>\n\t\t\t\t<\/div>\n\t\t\t\t<div class=\"elementor-element elementor-element-91310fc elementor-widget elementor-widget-text-editor\" data-id=\"91310fc\" data-element_type=\"widget\" data-e-type=\"widget\" data-widget_type=\"text-editor.default\">\n\t\t\t\t<div class=\"elementor-widget-container\">\n\t\t\t\t\t\t\t\t\t<p>Para outras d\u00favidas, entre em contato com a coordena\u00e7\u00e3o do curso.<\/p>\t\t\t\t\t\t\t\t<\/div>\n\t\t\t\t<\/div>\n\t\t\t\t\t<\/div>\n\t\t<\/div>\n\t\t\t\t\t<\/div>\n\t\t<\/section>\n\t\t\t\t<\/div>\n\t\t","protected":false},"excerpt":{"rendered":"<p>Instagram Licenciatura em Qu\u00edmica Acesse a p\u00e1gina do curso Per\u00edodo Vespertino e Noturno Dura\u00e7\u00e3o 8 per\u00edodos \u2013 4 anos Ingresso SISU ou Vestibular Sobre o curso Objetivos Perfil profissional Compet\u00eancias Campo de atua\u00e7\u00e3o Objetivos O Curso tem como objetivo formar professores de Qu\u00edmica que possam atuar como protagonista na transforma\u00e7\u00e3o da\u00a0sociedade brasileira, baseados em s\u00f3lidos conhecimentos de Qu\u00edmica de forma\u00a0interdisciplinar e humanizadora. Perfil profissional Objetiva formar\u00a0profissionais cr\u00edticos, com s\u00f3lido conhecimento qu\u00edmico, pedag\u00f3gico e did\u00e1tico em torno\u00a0de como ensinar os mais variados conceitos qu\u00edmicos, os quais sejam capazes de enfrentar\u00a0situa\u00e7\u00f5es de ensino e aprendizagem complexas e sejam conscientes de seu papel na\u00a0sociedade, como docentes formadores de sujeitos plurais e \u00edmpares, que devem assumir\u00a0seu papel aut\u00f4nomo e protagonista de forma cr\u00edtica, respeitando as rela\u00e7\u00f5es e tendo o\u00a0compromisso com sua forma\u00e7\u00e3o permanente. Compet\u00eancias Dominar\u00a0os objetos de\u00a0conhecimento\u00a0e saber como\u00a0ensin\u00e1&#8211;los, demonstrar conhecimento sobre os estudantes e como eles aprendem, reconhecer os contextos, conhecer a estrutura e a governan\u00e7a dos sistemas educacionais, al\u00e9m de saber planejar a\u00e7\u00f5es de ensino que resultem em efetivas aprendizagens, criar e saber gerir ambientes de aprendizagem avaliar o desenvolvimento do educando, a aprendizagem e o ensino e conduzir as pr\u00e1ticas pedag\u00f3gicas dos objetos do conhecimento das compet\u00eancias e habilidades. Conhecer criticamente os problemas educacionais brasileiros, identificar no contexto da realidade escolar os fatores determinantes no processo educativo, tais como o contexto socioecon\u00f4mico, pol\u00edtico- educacional, administrativo e fatores espec\u00edficos do processo de ensino- aprendizagem de Qu\u00edmica. Campo de atua\u00e7\u00e3o O Licenciado em Qu\u00edmica poder\u00e1 atuar em: Institui\u00e7\u00f5es de ensino de redes p\u00fablicas e\/ou privadas; editoras e em \u00f3rg\u00e3os p\u00fablicos e privados, espa\u00e7os de educa\u00e7\u00e3o n\u00e3o formal, como feiras de divulga\u00e7\u00e3o cient\u00edfica e museus, dentre outros, institui\u00e7\u00f5es que desenvolvem pesquisas educacionais, empresas que demandem sua forma\u00e7\u00e3o espec\u00edfica ou atuar de forma aut\u00f4noma, em empresa pr\u00f3pria ou prestando consultoria a institui\u00e7\u00f5es de ensino de redes p\u00fablicas e\/ou privadas, entre outras \u00e1reas.\u00a0 Organiza\u00e7\u00e3o Curricular &#8211; Grade vigente a partir de 02\/2023 Coordena\u00e7\u00e3o Prof. Dr. Marcelo Lambach marcelolambach@utfpr.edu.br ou\u00a0 coliq-ct@utfpr.edu.br TCC Profa. Dra. Cristiane Piliss\u00e3o pilissao@utfpr.edu.br Internacionaliza\u00e7\u00e3o Profa. Dra. Maria Giovana Binder Pagnoncelli mpagnoncelli@utfpr.edu.br Est\u00e1gio Profa. Dra. Adriane Viana do Ros\u00e1rio adrianev@utfpr.edu.br Extens\u00e3o Prof. Dr. Adelmo Lowe Plestsch adelmo@utfpr.edu.br Atividades Integradoras Prof. Dr. Edson Luiz Seibert eseibert@utfpr.edu.br Telefone:\u00a0(41)\u00a03279-6448 Atividades Complementares Profa. Dra. Cristiane Piliss\u00e3o pilissao@utfpr.edu.br Inclus\u00e3o Profa. Dra. Renata Danielle Adati renataadati@utfpr.edu.br Orienta\u00e7\u00f5es R\u00e1pidas Para outras d\u00favidas, entre em contato com a coordena\u00e7\u00e3o do curso.<\/p>\n","protected":false},"author":157,"featured_media":0,"parent":0,"menu_order":0,"comment_status":"closed","ping_status":"closed","template":"","meta":{"site-sidebar-layout":"default","site-content-layout":"","ast-site-content-layout":"default","site-content-style":"default","site-sidebar-style":"default","ast-global-header-display":"","ast-banner-title-visibility":"","ast-main-header-display":"","ast-hfb-above-header-display":"","ast-hfb-below-header-display":"","ast-hfb-mobile-header-display":"","site-post-title":"disabled","ast-breadcrumbs-content":"","ast-featured-img":"","footer-sml-layout":"","ast-disable-related-posts":"","theme-transparent-header-meta":"","adv-header-id-meta":"","stick-header-meta":"","header-above-stick-meta":"","header-main-stick-meta":"","header-below-stick-meta":"","astra-migrate-meta-layouts":"set","ast-page-background-enabled":"default","ast-page-background-meta":{"desktop":{"background-color":"var(--ast-global-color-4)","background-image":"","background-repeat":"repeat","background-position":"center center","background-size":"auto","background-attachment":"scroll","background-type":"","background-media":"","overlay-type":"","overlay-color":"","overlay-opacity":"","overlay-gradient":""},"tablet":{"background-color":"","background-image":"","background-repeat":"repeat","background-position":"center center","background-size":"auto","background-attachment":"scroll","background-type":"","background-media":"","overlay-type":"","overlay-color":"","overlay-opacity":"","overlay-gradient":""},"mobile":{"background-color":"","background-image":"","background-repeat":"repeat","background-position":"center center","background-size":"auto","background-attachment":"scroll","background-type":"","background-media":"","overlay-type":"","overlay-color":"","overlay-opacity":"","overlay-gradient":""}},"ast-content-background-meta":{"desktop":{"background-color":"var(--ast-global-color-5)","background-image":"","background-repeat":"repeat","background-position":"center center","background-size":"auto","background-attachment":"scroll","background-type":"","background-media":"","overlay-type":"","overlay-color":"","overlay-opacity":"","overlay-gradient":""},"tablet":{"background-color":"var(--ast-global-color-5)","background-image":"","background-repeat":"repeat","background-position":"center center","background-size":"auto","background-attachment":"scroll","background-type":"","background-media":"","overlay-type":"","overlay-color":"","overlay-opacity":"","overlay-gradient":""},"mobile":{"background-color":"var(--ast-global-color-5)","background-image":"","background-repeat":"repeat","background-position":"center center","background-size":"auto","background-attachment":"scroll","background-type":"","background-media":"","overlay-type":"","overlay-color":"","overlay-opacity":"","overlay-gradient":""}},"footnotes":""},"class_list":["post-2501","page","type-page","status-publish","hentry"],"yoast_head":"<!-- This site is optimized with the Yoast SEO plugin v27.4 - https:\/\/yoast.com\/product\/yoast-seo-wordpress\/ -->\n<title>Licenciatura em Qu\u00edmica - DAQBi<\/title>\n<meta name=\"robots\" content=\"index, follow, max-snippet:-1, max-image-preview:large, max-video-preview:-1\" \/>\n<link rel=\"canonical\" href=\"https:\/\/utfpr.curitiba.br\/daqbi\/licenciatura-em-quimica\/\" \/>\n<meta property=\"og:locale\" content=\"pt_BR\" \/>\n<meta property=\"og:type\" content=\"article\" \/>\n<meta property=\"og:title\" content=\"Licenciatura em Qu\u00edmica - DAQBi\" \/>\n<meta property=\"og:description\" content=\"Instagram Licenciatura em Qu\u00edmica Acesse a p\u00e1gina do curso Per\u00edodo Vespertino e Noturno Dura\u00e7\u00e3o 8 per\u00edodos \u2013 4 anos Ingresso SISU ou Vestibular Sobre o curso Objetivos Perfil profissional Compet\u00eancias Campo de atua\u00e7\u00e3o Objetivos O Curso tem como objetivo formar professores de Qu\u00edmica que possam atuar como protagonista na transforma\u00e7\u00e3o da\u00a0sociedade brasileira, baseados em s\u00f3lidos conhecimentos de Qu\u00edmica de forma\u00a0interdisciplinar e humanizadora. Perfil profissional Objetiva formar\u00a0profissionais cr\u00edticos, com s\u00f3lido conhecimento qu\u00edmico, pedag\u00f3gico e did\u00e1tico em torno\u00a0de como ensinar os mais variados conceitos qu\u00edmicos, os quais sejam capazes de enfrentar\u00a0situa\u00e7\u00f5es de ensino e aprendizagem complexas e sejam conscientes de seu papel na\u00a0sociedade, como docentes formadores de sujeitos plurais e \u00edmpares, que devem assumir\u00a0seu papel aut\u00f4nomo e protagonista de forma cr\u00edtica, respeitando as rela\u00e7\u00f5es e tendo o\u00a0compromisso com sua forma\u00e7\u00e3o permanente. Compet\u00eancias Dominar\u00a0os objetos de\u00a0conhecimento\u00a0e saber como\u00a0ensin\u00e1&#8211;los, demonstrar conhecimento sobre os estudantes e como eles aprendem, reconhecer os contextos, conhecer a estrutura e a governan\u00e7a dos sistemas educacionais, al\u00e9m de saber planejar a\u00e7\u00f5es de ensino que resultem em efetivas aprendizagens, criar e saber gerir ambientes de aprendizagem avaliar o desenvolvimento do educando, a aprendizagem e o ensino e conduzir as pr\u00e1ticas pedag\u00f3gicas dos objetos do conhecimento das compet\u00eancias e habilidades. Conhecer criticamente os problemas educacionais brasileiros, identificar no contexto da realidade escolar os fatores determinantes no processo educativo, tais como o contexto socioecon\u00f4mico, pol\u00edtico- educacional, administrativo e fatores espec\u00edficos do processo de ensino- aprendizagem de Qu\u00edmica. Campo de atua\u00e7\u00e3o O Licenciado em Qu\u00edmica poder\u00e1 atuar em: Institui\u00e7\u00f5es de ensino de redes p\u00fablicas e\/ou privadas; editoras e em \u00f3rg\u00e3os p\u00fablicos e privados, espa\u00e7os de educa\u00e7\u00e3o n\u00e3o formal, como feiras de divulga\u00e7\u00e3o cient\u00edfica e museus, dentre outros, institui\u00e7\u00f5es que desenvolvem pesquisas educacionais, empresas que demandem sua forma\u00e7\u00e3o espec\u00edfica ou atuar de forma aut\u00f4noma, em empresa pr\u00f3pria ou prestando consultoria a institui\u00e7\u00f5es de ensino de redes p\u00fablicas e\/ou privadas, entre outras \u00e1reas.\u00a0 Organiza\u00e7\u00e3o Curricular &#8211; Grade vigente a partir de 02\/2023 Coordena\u00e7\u00e3o Prof. Dr. Marcelo Lambach marcelolambach@utfpr.edu.br ou\u00a0 coliq-ct@utfpr.edu.br TCC Profa. Dra. Cristiane Piliss\u00e3o pilissao@utfpr.edu.br Internacionaliza\u00e7\u00e3o Profa. Dra. Maria Giovana Binder Pagnoncelli mpagnoncelli@utfpr.edu.br Est\u00e1gio Profa. Dra. Adriane Viana do Ros\u00e1rio adrianev@utfpr.edu.br Extens\u00e3o Prof. Dr. Adelmo Lowe Plestsch adelmo@utfpr.edu.br Atividades Integradoras Prof. Dr. Edson Luiz Seibert eseibert@utfpr.edu.br Telefone:\u00a0(41)\u00a03279-6448 Atividades Complementares Profa. Dra. Cristiane Piliss\u00e3o pilissao@utfpr.edu.br Inclus\u00e3o Profa. Dra. Renata Danielle Adati renataadati@utfpr.edu.br Orienta\u00e7\u00f5es R\u00e1pidas Para outras d\u00favidas, entre em contato com a coordena\u00e7\u00e3o do curso.\" \/>\n<meta property=\"og:url\" content=\"https:\/\/utfpr.curitiba.br\/daqbi\/licenciatura-em-quimica\/\" \/>\n<meta property=\"og:site_name\" content=\"DAQBi\" \/>\n<meta property=\"article:modified_time\" content=\"2026-03-24T21:49:12+00:00\" \/>\n<meta property=\"og:image\" content=\"https:\/\/utfpr-ct-static-content.s3.amazonaws.com\/utfpr.curitiba.br\/wp-content\/uploads\/sites\/149\/2023\/04\/daqbi_curto.png\" \/>\n\t<meta property=\"og:image:width\" content=\"600\" \/>\n\t<meta property=\"og:image:height\" content=\"261\" \/>\n\t<meta property=\"og:image:type\" content=\"image\/png\" \/>\n<meta name=\"twitter:card\" content=\"summary_large_image\" \/>\n<meta name=\"twitter:label1\" content=\"Est. reading time\" \/>\n\t<meta name=\"twitter:data1\" content=\"3 minutos\" \/>\n<script type=\"application\/ld+json\" class=\"yoast-schema-graph\">{\"@context\":\"https:\\\/\\\/schema.org\",\"@graph\":[{\"@type\":\"WebPage\",\"@id\":\"https:\\\/\\\/utfpr.curitiba.br\\\/daqbi\\\/licenciatura-em-quimica\\\/\",\"url\":\"https:\\\/\\\/utfpr.curitiba.br\\\/daqbi\\\/licenciatura-em-quimica\\\/\",\"name\":\"Licenciatura em Qu\u00edmica - DAQBi\",\"isPartOf\":{\"@id\":\"https:\\\/\\\/utfpr.curitiba.br\\\/daqbi\\\/#website\"},\"datePublished\":\"2023-08-16T13:43:28+00:00\",\"dateModified\":\"2026-03-24T21:49:12+00:00\",\"breadcrumb\":{\"@id\":\"https:\\\/\\\/utfpr.curitiba.br\\\/daqbi\\\/licenciatura-em-quimica\\\/#breadcrumb\"},\"inLanguage\":\"pt-BR\",\"potentialAction\":[{\"@type\":\"ReadAction\",\"target\":[\"https:\\\/\\\/utfpr.curitiba.br\\\/daqbi\\\/licenciatura-em-quimica\\\/\"]}]},{\"@type\":\"BreadcrumbList\",\"@id\":\"https:\\\/\\\/utfpr.curitiba.br\\\/daqbi\\\/licenciatura-em-quimica\\\/#breadcrumb\",\"itemListElement\":[{\"@type\":\"ListItem\",\"position\":1,\"name\":\"Home\",\"item\":\"https:\\\/\\\/utfpr.curitiba.br\\\/daqbi\\\/\"},{\"@type\":\"ListItem\",\"position\":2,\"name\":\"Licenciatura em Qu\u00edmica\"}]},{\"@type\":\"WebSite\",\"@id\":\"https:\\\/\\\/utfpr.curitiba.br\\\/daqbi\\\/#website\",\"url\":\"https:\\\/\\\/utfpr.curitiba.br\\\/daqbi\\\/\",\"name\":\"DAQBi\",\"description\":\"Departamento Acad\u00eamico de Qu\u00edmica e Biologia - UTFPR Campus Curitiba\",\"publisher\":{\"@id\":\"https:\\\/\\\/utfpr.curitiba.br\\\/daqbi\\\/#organization\"},\"alternateName\":\"Daqbi Curitiba - UTFPR\",\"potentialAction\":[{\"@type\":\"SearchAction\",\"target\":{\"@type\":\"EntryPoint\",\"urlTemplate\":\"https:\\\/\\\/utfpr.curitiba.br\\\/daqbi\\\/?s={search_term_string}\"},\"query-input\":{\"@type\":\"PropertyValueSpecification\",\"valueRequired\":true,\"valueName\":\"search_term_string\"}}],\"inLanguage\":\"pt-BR\"},{\"@type\":\"Organization\",\"@id\":\"https:\\\/\\\/utfpr.curitiba.br\\\/daqbi\\\/#organization\",\"name\":\"Departamento Acad\u00eamico de Qu\u00edmica e Biologia UTFPR Curitiba\",\"alternateName\":\"DAQBI curitiba - Universidade Tecnol\u00f3gica Federal do Paran\u00e1\",\"url\":\"https:\\\/\\\/utfpr.curitiba.br\\\/daqbi\\\/\",\"logo\":{\"@type\":\"ImageObject\",\"inLanguage\":\"pt-BR\",\"@id\":\"https:\\\/\\\/utfpr.curitiba.br\\\/daqbi\\\/#\\\/schema\\\/logo\\\/image\\\/\",\"url\":\"https:\\\/\\\/utfpr-ct-static-content.s3.amazonaws.com\\\/utfpr.curitiba.br\\\/wp-content\\\/uploads\\\/sites\\\/149\\\/2023\\\/04\\\/daqbi_curto.png\",\"contentUrl\":\"https:\\\/\\\/utfpr-ct-static-content.s3.amazonaws.com\\\/utfpr.curitiba.br\\\/wp-content\\\/uploads\\\/sites\\\/149\\\/2023\\\/04\\\/daqbi_curto.png\",\"width\":600,\"height\":261,\"caption\":\"Departamento Acad\u00eamico de Qu\u00edmica e Biologia UTFPR Curitiba\"},\"image\":{\"@id\":\"https:\\\/\\\/utfpr.curitiba.br\\\/daqbi\\\/#\\\/schema\\\/logo\\\/image\\\/\"}}]}<\/script>\n<!-- \/ Yoast SEO plugin. -->","yoast_head_json":{"title":"Licenciatura em Qu\u00edmica - DAQBi","robots":{"index":"index","follow":"follow","max-snippet":"max-snippet:-1","max-image-preview":"max-image-preview:large","max-video-preview":"max-video-preview:-1"},"canonical":"https:\/\/utfpr.curitiba.br\/daqbi\/licenciatura-em-quimica\/","og_locale":"pt_BR","og_type":"article","og_title":"Licenciatura em Qu\u00edmica - DAQBi","og_description":"Instagram Licenciatura em Qu\u00edmica Acesse a p\u00e1gina do curso Per\u00edodo Vespertino e Noturno Dura\u00e7\u00e3o 8 per\u00edodos \u2013 4 anos Ingresso SISU ou Vestibular Sobre o curso Objetivos Perfil profissional Compet\u00eancias Campo de atua\u00e7\u00e3o Objetivos O Curso tem como objetivo formar professores de Qu\u00edmica que possam atuar como protagonista na transforma\u00e7\u00e3o da\u00a0sociedade brasileira, baseados em s\u00f3lidos conhecimentos de Qu\u00edmica de forma\u00a0interdisciplinar e humanizadora. Perfil profissional Objetiva formar\u00a0profissionais cr\u00edticos, com s\u00f3lido conhecimento qu\u00edmico, pedag\u00f3gico e did\u00e1tico em torno\u00a0de como ensinar os mais variados conceitos qu\u00edmicos, os quais sejam capazes de enfrentar\u00a0situa\u00e7\u00f5es de ensino e aprendizagem complexas e sejam conscientes de seu papel na\u00a0sociedade, como docentes formadores de sujeitos plurais e \u00edmpares, que devem assumir\u00a0seu papel aut\u00f4nomo e protagonista de forma cr\u00edtica, respeitando as rela\u00e7\u00f5es e tendo o\u00a0compromisso com sua forma\u00e7\u00e3o permanente. Compet\u00eancias Dominar\u00a0os objetos de\u00a0conhecimento\u00a0e saber como\u00a0ensin\u00e1&#8211;los, demonstrar conhecimento sobre os estudantes e como eles aprendem, reconhecer os contextos, conhecer a estrutura e a governan\u00e7a dos sistemas educacionais, al\u00e9m de saber planejar a\u00e7\u00f5es de ensino que resultem em efetivas aprendizagens, criar e saber gerir ambientes de aprendizagem avaliar o desenvolvimento do educando, a aprendizagem e o ensino e conduzir as pr\u00e1ticas pedag\u00f3gicas dos objetos do conhecimento das compet\u00eancias e habilidades. Conhecer criticamente os problemas educacionais brasileiros, identificar no contexto da realidade escolar os fatores determinantes no processo educativo, tais como o contexto socioecon\u00f4mico, pol\u00edtico- educacional, administrativo e fatores espec\u00edficos do processo de ensino- aprendizagem de Qu\u00edmica. Campo de atua\u00e7\u00e3o O Licenciado em Qu\u00edmica poder\u00e1 atuar em: Institui\u00e7\u00f5es de ensino de redes p\u00fablicas e\/ou privadas; editoras e em \u00f3rg\u00e3os p\u00fablicos e privados, espa\u00e7os de educa\u00e7\u00e3o n\u00e3o formal, como feiras de divulga\u00e7\u00e3o cient\u00edfica e museus, dentre outros, institui\u00e7\u00f5es que desenvolvem pesquisas educacionais, empresas que demandem sua forma\u00e7\u00e3o espec\u00edfica ou atuar de forma aut\u00f4noma, em empresa pr\u00f3pria ou prestando consultoria a institui\u00e7\u00f5es de ensino de redes p\u00fablicas e\/ou privadas, entre outras \u00e1reas.\u00a0 Organiza\u00e7\u00e3o Curricular &#8211; Grade vigente a partir de 02\/2023 Coordena\u00e7\u00e3o Prof. Dr. Marcelo Lambach marcelolambach@utfpr.edu.br ou\u00a0 coliq-ct@utfpr.edu.br TCC Profa. Dra. Cristiane Piliss\u00e3o pilissao@utfpr.edu.br Internacionaliza\u00e7\u00e3o Profa. Dra. Maria Giovana Binder Pagnoncelli mpagnoncelli@utfpr.edu.br Est\u00e1gio Profa. Dra. Adriane Viana do Ros\u00e1rio adrianev@utfpr.edu.br Extens\u00e3o Prof. Dr. Adelmo Lowe Plestsch adelmo@utfpr.edu.br Atividades Integradoras Prof. Dr. Edson Luiz Seibert eseibert@utfpr.edu.br Telefone:\u00a0(41)\u00a03279-6448 Atividades Complementares Profa. Dra. Cristiane Piliss\u00e3o pilissao@utfpr.edu.br Inclus\u00e3o Profa. Dra. Renata Danielle Adati renataadati@utfpr.edu.br Orienta\u00e7\u00f5es R\u00e1pidas Para outras d\u00favidas, entre em contato com a coordena\u00e7\u00e3o do curso.","og_url":"https:\/\/utfpr.curitiba.br\/daqbi\/licenciatura-em-quimica\/","og_site_name":"DAQBi","article_modified_time":"2026-03-24T21:49:12+00:00","og_image":[{"width":600,"height":261,"url":"https:\/\/utfpr-ct-static-content.s3.amazonaws.com\/utfpr.curitiba.br\/wp-content\/uploads\/sites\/149\/2023\/04\/daqbi_curto.png","type":"image\/png"}],"twitter_card":"summary_large_image","twitter_misc":{"Est. reading time":"3 minutos"},"schema":{"@context":"https:\/\/schema.org","@graph":[{"@type":"WebPage","@id":"https:\/\/utfpr.curitiba.br\/daqbi\/licenciatura-em-quimica\/","url":"https:\/\/utfpr.curitiba.br\/daqbi\/licenciatura-em-quimica\/","name":"Licenciatura em Qu\u00edmica - DAQBi","isPartOf":{"@id":"https:\/\/utfpr.curitiba.br\/daqbi\/#website"},"datePublished":"2023-08-16T13:43:28+00:00","dateModified":"2026-03-24T21:49:12+00:00","breadcrumb":{"@id":"https:\/\/utfpr.curitiba.br\/daqbi\/licenciatura-em-quimica\/#breadcrumb"},"inLanguage":"pt-BR","potentialAction":[{"@type":"ReadAction","target":["https:\/\/utfpr.curitiba.br\/daqbi\/licenciatura-em-quimica\/"]}]},{"@type":"BreadcrumbList","@id":"https:\/\/utfpr.curitiba.br\/daqbi\/licenciatura-em-quimica\/#breadcrumb","itemListElement":[{"@type":"ListItem","position":1,"name":"Home","item":"https:\/\/utfpr.curitiba.br\/daqbi\/"},{"@type":"ListItem","position":2,"name":"Licenciatura em Qu\u00edmica"}]},{"@type":"WebSite","@id":"https:\/\/utfpr.curitiba.br\/daqbi\/#website","url":"https:\/\/utfpr.curitiba.br\/daqbi\/","name":"DAQBi","description":"Departamento Acad\u00eamico de Qu\u00edmica e Biologia - UTFPR Campus Curitiba","publisher":{"@id":"https:\/\/utfpr.curitiba.br\/daqbi\/#organization"},"alternateName":"Daqbi Curitiba - UTFPR","potentialAction":[{"@type":"SearchAction","target":{"@type":"EntryPoint","urlTemplate":"https:\/\/utfpr.curitiba.br\/daqbi\/?s={search_term_string}"},"query-input":{"@type":"PropertyValueSpecification","valueRequired":true,"valueName":"search_term_string"}}],"inLanguage":"pt-BR"},{"@type":"Organization","@id":"https:\/\/utfpr.curitiba.br\/daqbi\/#organization","name":"Departamento Acad\u00eamico de Qu\u00edmica e Biologia UTFPR Curitiba","alternateName":"DAQBI curitiba - Universidade Tecnol\u00f3gica Federal do Paran\u00e1","url":"https:\/\/utfpr.curitiba.br\/daqbi\/","logo":{"@type":"ImageObject","inLanguage":"pt-BR","@id":"https:\/\/utfpr.curitiba.br\/daqbi\/#\/schema\/logo\/image\/","url":"https:\/\/utfpr-ct-static-content.s3.amazonaws.com\/utfpr.curitiba.br\/wp-content\/uploads\/sites\/149\/2023\/04\/daqbi_curto.png","contentUrl":"https:\/\/utfpr-ct-static-content.s3.amazonaws.com\/utfpr.curitiba.br\/wp-content\/uploads\/sites\/149\/2023\/04\/daqbi_curto.png","width":600,"height":261,"caption":"Departamento Acad\u00eamico de Qu\u00edmica e Biologia UTFPR Curitiba"},"image":{"@id":"https:\/\/utfpr.curitiba.br\/daqbi\/#\/schema\/logo\/image\/"}}]}},"_links":{"self":[{"href":"https:\/\/utfpr.curitiba.br\/daqbi\/wp-json\/wp\/v2\/pages\/2501","targetHints":{"allow":["GET"]}}],"collection":[{"href":"https:\/\/utfpr.curitiba.br\/daqbi\/wp-json\/wp\/v2\/pages"}],"about":[{"href":"https:\/\/utfpr.curitiba.br\/daqbi\/wp-json\/wp\/v2\/types\/page"}],"author":[{"embeddable":true,"href":"https:\/\/utfpr.curitiba.br\/daqbi\/wp-json\/wp\/v2\/users\/157"}],"replies":[{"embeddable":true,"href":"https:\/\/utfpr.curitiba.br\/daqbi\/wp-json\/wp\/v2\/comments?post=2501"}],"version-history":[{"count":185,"href":"https:\/\/utfpr.curitiba.br\/daqbi\/wp-json\/wp\/v2\/pages\/2501\/revisions"}],"predecessor-version":[{"id":5956,"href":"https:\/\/utfpr.curitiba.br\/daqbi\/wp-json\/wp\/v2\/pages\/2501\/revisions\/5956"}],"wp:attachment":[{"href":"https:\/\/utfpr.curitiba.br\/daqbi\/wp-json\/wp\/v2\/media?parent=2501"}],"curies":[{"name":"wp","href":"https:\/\/api.w.org\/{rel}","templated":true}]}}