{"id":2499,"date":"2023-08-16T10:42:10","date_gmt":"2023-08-16T13:42:10","guid":{"rendered":"https:\/\/utfpr.curitiba.br\/daqbi\/?page_id=2499"},"modified":"2026-03-24T18:50:43","modified_gmt":"2026-03-24T21:50:43","slug":"bacharelado-em-quimica","status":"publish","type":"page","link":"https:\/\/utfpr.curitiba.br\/daqbi\/graduacao\/bacharelado-em-quimica\/","title":{"rendered":"Bacharelado em Qu\u00edmica"},"content":{"rendered":"\t\t<div data-elementor-type=\"wp-page\" data-elementor-id=\"2499\" class=\"elementor elementor-2499\">\n\t\t\t\t\t\t<section class=\"elementor-section elementor-top-section elementor-element elementor-element-7b32183 elementor-section-boxed elementor-section-height-default elementor-section-height-default wpr-particle-no wpr-jarallax-no wpr-parallax-no wpr-equal-height-no\" data-id=\"7b32183\" data-element_type=\"section\" data-e-type=\"section\" data-settings=\"{&quot;background_background&quot;:&quot;classic&quot;}\">\n\t\t\t\t\t\t\t<div class=\"elementor-background-overlay\"><\/div>\n\t\t\t\t\t\t\t<div class=\"elementor-container elementor-column-gap-default\">\n\t\t\t\t\t<div class=\"elementor-column elementor-col-100 elementor-top-column elementor-element elementor-element-0bb6a44\" data-id=\"0bb6a44\" data-element_type=\"column\" data-e-type=\"column\">\n\t\t\t<div class=\"elementor-widget-wrap elementor-element-populated\">\n\t\t\t\t\t\t<div class=\"elementor-element elementor-element-5fc8dbe0 wpr-fancy-text-slide wpr-advanced-text-style-animated elementor-widget elementor-widget-wpr-advanced-text\" data-id=\"5fc8dbe0\" data-element_type=\"widget\" data-e-type=\"widget\" data-widget_type=\"wpr-advanced-text.default\">\n\t\t\t\t<div class=\"elementor-widget-container\">\n\t\t\t\t\t\n\t\t<h3 class=\"wpr-advanced-text\">\n\n\t\t\t\t\t\n\t\t\t\t\t\t\t<span class=\"wpr-advanced-text-preffix\">Bacharelado em<br><\/span>\n\t\t\t\n\t\t<span class=\"wpr-anim-text wpr-anim-text-type-slide\" data-anim-duration=\"1000,2300\" data-anim-loop=\"\">\n\t\t\t<span class=\"wpr-anim-text-inner\">\n\t\t\t\t\t\t\t\t\t<b>Qu\u00edmica<\/b>\n\t\t\t\t\t\t\t<\/span>\n\t\t\t\t\t<\/span>\n\n\t\t\t\t\n\t\t<\/h3>\n\t\t\n\t\t\t\t\t\t<\/div>\n\t\t\t\t<\/div>\n\t\t\t\t<div class=\"elementor-element elementor-element-f9aa734 elementor-widget elementor-widget-spacer\" data-id=\"f9aa734\" data-element_type=\"widget\" data-e-type=\"widget\" data-widget_type=\"spacer.default\">\n\t\t\t\t<div class=\"elementor-widget-container\">\n\t\t\t\t\t\t\t<div class=\"elementor-spacer\">\n\t\t\t<div class=\"elementor-spacer-inner\"><\/div>\n\t\t<\/div>\n\t\t\t\t\t\t<\/div>\n\t\t\t\t<\/div>\n\t\t\t\t<section class=\"elementor-section elementor-inner-section elementor-element elementor-element-300a1ad elementor-section-boxed elementor-section-height-default elementor-section-height-default wpr-particle-no wpr-jarallax-no wpr-parallax-no wpr-sticky-section-no wpr-equal-height-no\" data-id=\"300a1ad\" data-element_type=\"section\" data-e-type=\"section\" data-settings=\"{&quot;background_background&quot;:&quot;classic&quot;}\">\n\t\t\t\t\t\t<div class=\"elementor-container elementor-column-gap-default\">\n\t\t\t\t\t<div class=\"elementor-column elementor-col-50 elementor-inner-column elementor-element elementor-element-14f0661\" data-id=\"14f0661\" data-element_type=\"column\" data-e-type=\"column\">\n\t\t\t<div class=\"elementor-widget-wrap\">\n\t\t\t\t\t\t\t<\/div>\n\t\t<\/div>\n\t\t\t\t<div class=\"elementor-column elementor-col-50 elementor-inner-column elementor-element elementor-element-f96de34\" data-id=\"f96de34\" data-element_type=\"column\" data-e-type=\"column\">\n\t\t\t<div class=\"elementor-widget-wrap elementor-element-populated\">\n\t\t\t\t\t\t<div class=\"elementor-element elementor-element-32ec1e31 elementor-align-right elementor-mobile-align-center elementor-widget elementor-widget-button\" data-id=\"32ec1e31\" data-element_type=\"widget\" data-e-type=\"widget\" data-widget_type=\"button.default\">\n\t\t\t\t<div class=\"elementor-widget-container\">\n\t\t\t\t\t\t\t\t\t<div class=\"elementor-button-wrapper\">\n\t\t\t\t\t<a class=\"elementor-button elementor-button-link elementor-size-sm\" href=\"http:\/\/www.utfpr.edu.br\/cursos\/coordenacoes\/graduacao\/curitiba\/ct-bacharelado-em-quimica\" target=\"_blank\">\n\t\t\t\t\t\t<span class=\"elementor-button-content-wrapper\">\n\t\t\t\t\t\t\t\t\t<span class=\"elementor-button-text\">Acesse a p\u00e1gina do curso<\/span>\n\t\t\t\t\t<\/span>\n\t\t\t\t\t<\/a>\n\t\t\t\t<\/div>\n\t\t\t\t\t\t\t\t<\/div>\n\t\t\t\t<\/div>\n\t\t\t\t\t<\/div>\n\t\t<\/div>\n\t\t\t\t\t<\/div>\n\t\t<\/section>\n\t\t\t\t<div class=\"elementor-element elementor-element-e9b337d elementor-widget elementor-widget-spacer\" data-id=\"e9b337d\" data-element_type=\"widget\" data-e-type=\"widget\" data-widget_type=\"spacer.default\">\n\t\t\t\t<div class=\"elementor-widget-container\">\n\t\t\t\t\t\t\t<div class=\"elementor-spacer\">\n\t\t\t<div class=\"elementor-spacer-inner\"><\/div>\n\t\t<\/div>\n\t\t\t\t\t\t<\/div>\n\t\t\t\t<\/div>\n\t\t\t\t\t<\/div>\n\t\t<\/div>\n\t\t\t\t\t<\/div>\n\t\t<\/section>\n\t\t\t\t<section class=\"elementor-section elementor-top-section elementor-element elementor-element-d6e8261 elementor-section-boxed elementor-section-height-default elementor-section-height-default wpr-particle-no wpr-jarallax-no wpr-parallax-no wpr-sticky-section-no wpr-equal-height-no\" data-id=\"d6e8261\" data-element_type=\"section\" data-e-type=\"section\" data-settings=\"{&quot;background_background&quot;:&quot;classic&quot;,&quot;animation&quot;:&quot;none&quot;}\">\n\t\t\t\t\t\t<div class=\"elementor-container elementor-column-gap-default\">\n\t\t\t\t\t<div class=\"elementor-column elementor-col-33 elementor-top-column elementor-element elementor-element-6d5bde1\" data-id=\"6d5bde1\" data-element_type=\"column\" data-e-type=\"column\">\n\t\t\t<div class=\"elementor-widget-wrap elementor-element-populated\">\n\t\t\t\t\t\t<div class=\"elementor-element elementor-element-a140213 elementor-widget elementor-widget-text-editor\" data-id=\"a140213\" data-element_type=\"widget\" data-e-type=\"widget\" data-widget_type=\"text-editor.default\">\n\t\t\t\t<div class=\"elementor-widget-container\">\n\t\t\t\t\t\t\t\t\t<p><b>Per\u00edodo<\/b><\/p><p>Integral ( Tarde e Noite)<\/p>\t\t\t\t\t\t\t\t<\/div>\n\t\t\t\t<\/div>\n\t\t\t\t\t<\/div>\n\t\t<\/div>\n\t\t\t\t<div class=\"elementor-column elementor-col-33 elementor-top-column elementor-element elementor-element-f5471ae\" data-id=\"f5471ae\" data-element_type=\"column\" data-e-type=\"column\">\n\t\t\t<div class=\"elementor-widget-wrap elementor-element-populated\">\n\t\t\t\t\t\t<div class=\"elementor-element elementor-element-b662261 elementor-widget elementor-widget-text-editor\" data-id=\"b662261\" data-element_type=\"widget\" data-e-type=\"widget\" data-widget_type=\"text-editor.default\">\n\t\t\t\t<div class=\"elementor-widget-container\">\n\t\t\t\t\t\t\t\t\t<p><b>Dura\u00e7\u00e3o<\/b><\/p><p><span dir=\"ltr\" role=\"presentation\">8 per\u00edodos <\/span><span dir=\"ltr\" role=\"presentation\">\u2013<\/span> <span dir=\"ltr\" role=\"presentation\">4 anos<\/span><\/p>\t\t\t\t\t\t\t\t<\/div>\n\t\t\t\t<\/div>\n\t\t\t\t\t<\/div>\n\t\t<\/div>\n\t\t\t\t<div class=\"elementor-column elementor-col-33 elementor-top-column elementor-element elementor-element-167c0db\" data-id=\"167c0db\" data-element_type=\"column\" data-e-type=\"column\">\n\t\t\t<div class=\"elementor-widget-wrap elementor-element-populated\">\n\t\t\t\t\t\t<div class=\"elementor-element elementor-element-d8fddf3 elementor-widget elementor-widget-text-editor\" data-id=\"d8fddf3\" data-element_type=\"widget\" data-e-type=\"widget\" data-widget_type=\"text-editor.default\">\n\t\t\t\t<div class=\"elementor-widget-container\">\n\t\t\t\t\t\t\t\t\t<p><b>Ingresso<\/b><\/p><p>SISU ou Vestibular<\/p>\t\t\t\t\t\t\t\t<\/div>\n\t\t\t\t<\/div>\n\t\t\t\t\t<\/div>\n\t\t<\/div>\n\t\t\t\t\t<\/div>\n\t\t<\/section>\n\t\t\t\t<section class=\"elementor-section elementor-top-section elementor-element elementor-element-f7ffe6d elementor-section-boxed elementor-section-height-default elementor-section-height-default wpr-particle-no wpr-jarallax-no wpr-parallax-no wpr-sticky-section-no wpr-equal-height-no\" data-id=\"f7ffe6d\" data-element_type=\"section\" data-e-type=\"section\" data-settings=\"{&quot;background_background&quot;:&quot;classic&quot;,&quot;animation&quot;:&quot;none&quot;}\">\n\t\t\t\t\t\t<div class=\"elementor-container elementor-column-gap-default\">\n\t\t\t\t\t<div class=\"elementor-column elementor-col-100 elementor-top-column elementor-element elementor-element-0054a72\" data-id=\"0054a72\" data-element_type=\"column\" data-e-type=\"column\">\n\t\t\t<div class=\"elementor-widget-wrap elementor-element-populated\">\n\t\t\t\t\t\t<div class=\"elementor-element elementor-element-ceec01e elementor-widget elementor-widget-spacer\" data-id=\"ceec01e\" data-element_type=\"widget\" data-e-type=\"widget\" data-widget_type=\"spacer.default\">\n\t\t\t\t<div class=\"elementor-widget-container\">\n\t\t\t\t\t\t\t<div class=\"elementor-spacer\">\n\t\t\t<div class=\"elementor-spacer-inner\"><\/div>\n\t\t<\/div>\n\t\t\t\t\t\t<\/div>\n\t\t\t\t<\/div>\n\t\t\t\t<div class=\"elementor-element elementor-element-6368612 elementor-widget elementor-widget-heading\" data-id=\"6368612\" data-element_type=\"widget\" data-e-type=\"widget\" data-widget_type=\"heading.default\">\n\t\t\t\t<div class=\"elementor-widget-container\">\n\t\t\t\t\t<h4 class=\"elementor-heading-title elementor-size-default\">Sobre o curso<\/h4>\t\t\t\t<\/div>\n\t\t\t\t<\/div>\n\t\t\t\t<div class=\"elementor-element elementor-element-a3726f1 elementor-tabs-alignment-center elementor-tabs-view-horizontal elementor-widget elementor-widget-tabs\" data-id=\"a3726f1\" data-element_type=\"widget\" data-e-type=\"widget\" data-settings=\"{&quot;_animation&quot;:&quot;none&quot;}\" data-widget_type=\"tabs.default\">\n\t\t\t\t<div class=\"elementor-widget-container\">\n\t\t\t\t\t\t\t<div class=\"elementor-tabs\">\n\t\t\t<div class=\"elementor-tabs-wrapper\" role=\"tablist\" >\n\t\t\t\t\t\t\t\t\t<div id=\"elementor-tab-title-1711\" class=\"elementor-tab-title elementor-tab-desktop-title\" aria-selected=\"true\" data-tab=\"1\" role=\"tab\" tabindex=\"0\" aria-controls=\"elementor-tab-content-1711\" aria-expanded=\"false\">Objetivos<\/div>\n\t\t\t\t\t\t\t\t\t<div id=\"elementor-tab-title-1712\" class=\"elementor-tab-title elementor-tab-desktop-title\" aria-selected=\"false\" data-tab=\"2\" role=\"tab\" tabindex=\"-1\" aria-controls=\"elementor-tab-content-1712\" aria-expanded=\"false\">Perfil profissional<\/div>\n\t\t\t\t\t\t\t\t\t<div id=\"elementor-tab-title-1713\" class=\"elementor-tab-title elementor-tab-desktop-title\" aria-selected=\"false\" data-tab=\"3\" role=\"tab\" tabindex=\"-1\" aria-controls=\"elementor-tab-content-1713\" aria-expanded=\"false\">Compet\u00eancias<\/div>\n\t\t\t\t\t\t\t\t\t<div id=\"elementor-tab-title-1714\" class=\"elementor-tab-title elementor-tab-desktop-title\" aria-selected=\"false\" data-tab=\"4\" role=\"tab\" tabindex=\"-1\" aria-controls=\"elementor-tab-content-1714\" aria-expanded=\"false\">Campo de atua\u00e7\u00e3o<\/div>\n\t\t\t\t\t\t\t<\/div>\n\t\t\t<div class=\"elementor-tabs-content-wrapper\" role=\"tablist\" aria-orientation=\"vertical\">\n\t\t\t\t\t\t\t\t\t<div class=\"elementor-tab-title elementor-tab-mobile-title\" aria-selected=\"true\" data-tab=\"1\" role=\"tab\" tabindex=\"0\" aria-controls=\"elementor-tab-content-1711\" aria-expanded=\"false\">Objetivos<\/div>\n\t\t\t\t\t<div id=\"elementor-tab-content-1711\" class=\"elementor-tab-content elementor-clearfix\" data-tab=\"1\" role=\"tabpanel\" aria-labelledby=\"elementor-tab-title-1711\" tabindex=\"0\" hidden=\"false\"><p><span dir=\"ltr\" role=\"presentation\">Formar profissionais extremamen<\/span><span dir=\"ltr\" role=\"presentation\">te\u00a0<\/span><span dir=\"ltr\" role=\"presentation\">flex\u00edveis e imprescind\u00edveis em v\u00e1rios segmentos socioecon\u00f4micos, principalmente\u00a0<\/span><span dir=\"ltr\" role=\"presentation\">em fun\u00e7\u00e3o dos avan\u00e7os tecnol\u00f3gicos e suas intera\u00e7\u00f5es e implica\u00e7\u00f5es no meio\u00a0<\/span><span dir=\"ltr\" role=\"presentation\">ambiente, capacitando<\/span><span dir=\"ltr\" role=\"presentation\">\u00a0o profissional para ter uma vis\u00e3o de processos sustent\u00e1veis em v\u00e1rios r<\/span><span dir=\"ltr\" role=\"presentation\">amos\u00a0<\/span><span dir=\"ltr\" role=\"presentation\">da ind\u00fastria. <\/span><\/p><\/div>\n\t\t\t\t\t\t\t\t\t<div class=\"elementor-tab-title elementor-tab-mobile-title\" aria-selected=\"false\" data-tab=\"2\" role=\"tab\" tabindex=\"-1\" aria-controls=\"elementor-tab-content-1712\" aria-expanded=\"false\">Perfil profissional<\/div>\n\t\t\t\t\t<div id=\"elementor-tab-content-1712\" class=\"elementor-tab-content elementor-clearfix\" data-tab=\"2\" role=\"tabpanel\" aria-labelledby=\"elementor-tab-title-1712\" tabindex=\"0\" hidden=\"hidden\"><p><span id=\"page99R_mcid3\" class=\"markedContent\"><span dir=\"ltr\" role=\"presentation\">A Resolu\u00e7\u00e3o Normativa CFQ <\/span> <span dir=\"ltr\" role=\"presentation\">&#8211;<\/span> <span dir=\"ltr\" role=\"presentation\">Conselho Federal de Qu\u00edmica n\u00ba 36 de\u00a0<\/span><span dir=\"ltr\" role=\"presentation\">25\/04\/74 publicad<\/span><span dir=\"ltr\" role=\"presentation\">a no DOU em 13\/05\/74 d\u00e1 atribui\u00e7\u00f5es aos profissionais da\u00a0<\/span><span dir=\"ltr\" role=\"presentation\">Qu\u00edmica e lista as atividades desses profissionais:\u00a0<\/span><\/span><span id=\"page99R_mcid4\" class=\"markedContent\"><span dir=\"ltr\" role=\"presentation\">Dire\u00e7\u00e3o, supervis\u00e3o, programa\u00e7\u00e3o, coordena\u00e7\u00e3o, orienta\u00e7\u00e3o e responsabilidade\u00a0<\/span><span dir=\"ltr\" role=\"presentation\">t\u00e9cnicas no \u00e2mbito de suas atribui\u00e7\u00f5es respectivas; a<\/span><\/span><span id=\"page99R_mcid5\" class=\"markedContent\"><span dir=\"ltr\" role=\"presentation\">ssist\u00eancia,<\/span> <span dir=\"ltr\" role=\"presentation\">assessoria, consultoria, elabora\u00e7\u00e3o de or\u00e7amentos, divulga\u00e7\u00e3o e\u00a0<\/span><span dir=\"ltr\" role=\"presentation\">comercializa\u00e7\u00e3o no \u00e2mbito das atribui\u00e7\u00f5es respectivas; v<\/span><\/span><span id=\"page99R_mcid6\" class=\"markedContent\"><span dir=\"ltr\" role=\"presentation\">istoria, per\u00edcia, avalia\u00e7\u00e3o, arbitramento de servi\u00e7os t\u00e9cnicos, elabora\u00e7\u00e3o de\u00a0<\/span><span dir=\"ltr\" role=\"presentation\">pareceres, laudos e atestados, no \u00e2mbito das atribui\u00e7\u00f5<\/span><span dir=\"ltr\" role=\"presentation\">es respectivas,<\/span><\/span><span id=\"page99R_mcid8\" class=\"markedContent\">\u00a0d<span dir=\"ltr\" role=\"presentation\">esempenho de cargos e fun\u00e7\u00f5es t\u00e9cnicas, no \u00e2mbito das atribui\u00e7\u00f5es respectivas.<\/span><\/span><span id=\"page99R_mcid9\" class=\"markedContent\"><br \/><\/span><\/p><\/div>\n\t\t\t\t\t\t\t\t\t<div class=\"elementor-tab-title elementor-tab-mobile-title\" aria-selected=\"false\" data-tab=\"3\" role=\"tab\" tabindex=\"-1\" aria-controls=\"elementor-tab-content-1713\" aria-expanded=\"false\">Compet\u00eancias<\/div>\n\t\t\t\t\t<div id=\"elementor-tab-content-1713\" class=\"elementor-tab-content elementor-clearfix\" data-tab=\"3\" role=\"tabpanel\" aria-labelledby=\"elementor-tab-title-1713\" tabindex=\"0\" hidden=\"hidden\"><p><span dir=\"ltr\" role=\"presentation\">O profissional Bacharel em Qu\u00edmica Ambiental tem fun\u00e7\u00f5es, compet\u00eancias e\u00a0<\/span><span dir=\"ltr\" role=\"presentation\">habilidades para<\/span> <span dir=\"ltr\" role=\"presentation\">o exerc\u00edcio do cargo, conforme descrito na Classifica\u00e7\u00e3o Brasileira\u00a0<\/span><span dir=\"ltr\" role=\"presentation\">de Ocupa\u00e7\u00f5es <\/span> <span dir=\"ltr\" role=\"presentation\">\u2013<\/span> <span dir=\"ltr\" role=\"presentation\">CBO 213205, com atribui\u00e7\u00f5es tais como: realizar ensaios, <\/span><span dir=\"ltr\" role=\"presentation\">an\u00e1lises\u00a0<\/span><span dir=\"ltr\" role=\"presentation\">qu\u00edmicas\u00a0<\/span><span dir=\"ltr\" role=\"presentation\">e\u00a0<\/span><span dir=\"ltr\" role=\"presentation\">f\u00edsico<\/span><span dir=\"ltr\" role=\"presentation\">&#8211;<\/span><span dir=\"ltr\" role=\"presentation\">qu\u00edmicas,\u00a0<\/span><span dir=\"ltr\" role=\"presentation\">selecionando\u00a0<\/span><span dir=\"ltr\" role=\"presentation\">metodologias,\u00a0<\/span><span dir=\"ltr\" role=\"presentation\">materiais,\u00a0<\/span><span dir=\"ltr\" role=\"presentation\">reagentes de an\u00e1lise e crit\u00e9rios de amos<\/span><span dir=\"ltr\" role=\"presentation\">tragem, homogeneizando, dimensionando\u00a0<\/span><span dir=\"ltr\" role=\"presentation\">e <\/span><span dir=\"ltr\" role=\"presentation\">solubilizando\u00a0<\/span><span dir=\"ltr\" role=\"presentation\">amostras.\u00a0<\/span><span dir=\"ltr\" role=\"presentation\">Produzir\u00a0<\/span><span dir=\"ltr\" role=\"presentation\">subst\u00e2ncias,\u00a0<\/span><span dir=\"ltr\" role=\"presentation\">desenvolver <\/span><span dir=\"ltr\" role=\"presentation\">metodologias\u00a0<\/span><span dir=\"ltr\" role=\"presentation\">anal\u00edticas, <\/span><span dir=\"ltr\" role=\"presentation\">interpretar <\/span><span dir=\"ltr\" role=\"presentation\">dados <\/span><span dir=\"ltr\" role=\"presentation\">qu\u00edmicos <\/span><span dir=\"ltr\" role=\"presentation\">e <\/span><span dir=\"ltr\" role=\"presentation\">microbiol\u00f3gicos, <\/span><span dir=\"ltr\" role=\"presentation\">monitorar <\/span><span dir=\"ltr\" role=\"presentation\">impacto\u00a0<\/span><span dir=\"ltr\" role=\"presentation\">ambiental <\/span><span dir=\"ltr\" role=\"presentation\">de <\/span><span dir=\"ltr\" role=\"presentation\">subst\u00e2ncias, <\/span><span dir=\"ltr\" role=\"presentation\">supervisionar <\/span><span dir=\"ltr\" role=\"presentation\">procedimentos <\/span><span dir=\"ltr\" role=\"presentation\">qu\u00edmicos, <\/span><span dir=\"ltr\" role=\"presentation\">coord<\/span><span dir=\"ltr\" role=\"presentation\">enar\u00a0<\/span><span dir=\"ltr\" role=\"presentation\">atividades qu\u00edmicas laboratoriais e industriais.<\/span><\/p><\/div>\n\t\t\t\t\t\t\t\t\t<div class=\"elementor-tab-title elementor-tab-mobile-title\" aria-selected=\"false\" data-tab=\"4\" role=\"tab\" tabindex=\"-1\" aria-controls=\"elementor-tab-content-1714\" aria-expanded=\"false\">Campo de atua\u00e7\u00e3o<\/div>\n\t\t\t\t\t<div id=\"elementor-tab-content-1714\" class=\"elementor-tab-content elementor-clearfix\" data-tab=\"4\" role=\"tabpanel\" aria-labelledby=\"elementor-tab-title-1714\" tabindex=\"0\" hidden=\"hidden\"><p><span dir=\"ltr\" role=\"presentation\">Com a forma\u00e7\u00e3o qualificada, o qu\u00edmico \u00e9 capaz de trabalhar em\u00a0<\/span><span dir=\"ltr\" role=\"presentation\">diversos segmentos, como na elabora\u00e7\u00e3o de projetos, planejamento e controle de <\/span><br role=\"presentation\" \/><span dir=\"ltr\" role=\"presentation\">produ\u00e7\u00e3o; desenvolvimento de produtos; opera\u00e7\u00f5es e controle de processos\u00a0<\/span><span dir=\"ltr\" role=\"presentation\">qu\u00edmicos; saneamento b\u00e1sico; trata<\/span><span dir=\"ltr\" role=\"presentation\">mento de res\u00edduos industriais; seguran\u00e7a;\u00a0<\/span><span dir=\"ltr\" role=\"presentation\">gest\u00e3o ambiental e, em alguns casos espec\u00edficos, vendas e assist\u00eancia t\u00e9cnica de\u00a0<\/span><span dir=\"ltr\" role=\"presentation\">equipamentos, planejamento industrial e at\u00e9 dire\u00e7\u00e3o de empresas.\u00a0<\/span><\/p><\/div>\n\t\t\t\t\t\t\t<\/div>\n\t\t<\/div>\n\t\t\t\t\t\t<\/div>\n\t\t\t\t<\/div>\n\t\t\t\t\t<\/div>\n\t\t<\/div>\n\t\t\t\t\t<\/div>\n\t\t<\/section>\n\t\t\t\t<section class=\"elementor-section elementor-top-section elementor-element elementor-element-2a3b94f elementor-section-boxed elementor-section-height-default elementor-section-height-default wpr-particle-no wpr-jarallax-no wpr-parallax-no wpr-sticky-section-no wpr-equal-height-no\" data-id=\"2a3b94f\" data-element_type=\"section\" data-e-type=\"section\" data-settings=\"{&quot;background_background&quot;:&quot;classic&quot;}\">\n\t\t\t\t\t\t<div class=\"elementor-container elementor-column-gap-default\">\n\t\t\t\t\t<div class=\"elementor-column elementor-col-100 elementor-top-column elementor-element elementor-element-2d680b8\" data-id=\"2d680b8\" data-element_type=\"column\" data-e-type=\"column\">\n\t\t\t<div class=\"elementor-widget-wrap elementor-element-populated\">\n\t\t\t\t\t\t<div class=\"elementor-element elementor-element-76cff69 elementor-widget elementor-widget-spacer\" data-id=\"76cff69\" data-element_type=\"widget\" data-e-type=\"widget\" data-widget_type=\"spacer.default\">\n\t\t\t\t<div class=\"elementor-widget-container\">\n\t\t\t\t\t\t\t<div class=\"elementor-spacer\">\n\t\t\t<div class=\"elementor-spacer-inner\"><\/div>\n\t\t<\/div>\n\t\t\t\t\t\t<\/div>\n\t\t\t\t<\/div>\n\t\t\t\t<div class=\"elementor-element elementor-element-7476e1b elementor-widget elementor-widget-heading\" data-id=\"7476e1b\" data-element_type=\"widget\" data-e-type=\"widget\" data-widget_type=\"heading.default\">\n\t\t\t\t<div class=\"elementor-widget-container\">\n\t\t\t\t\t<h4 class=\"elementor-heading-title elementor-size-default\">Organiza\u00e7\u00e3o Curricular - Grade vigente a partir de 02\/2023*<\/h4>\t\t\t\t<\/div>\n\t\t\t\t<\/div>\n\t\t\t\t<div class=\"elementor-element elementor-element-d93612e elementor-widget elementor-widget-text-editor\" data-id=\"d93612e\" data-element_type=\"widget\" data-e-type=\"widget\" data-widget_type=\"text-editor.default\">\n\t\t\t\t<div class=\"elementor-widget-container\">\n\t\t\t\t\t\t\t\t\t<p>* <a href=\"https:\/\/portal.utfpr.edu.br\/cursos\/coordenacoes\/graduacao\/curitiba\/ct-bacharelado-em-quimica\/documentos\/ppc_bacharelado_em_quimica_2023.pdf\/view\" target=\"_blank\" rel=\"noopener\">Clique aqui<\/a> para acessar o Projeto Pedag\u00f3gico do Curso (PPC) v\u00e1lido a partir de 2023<br \/><a href=\"https:\/\/portal.utfpr.edu.br\/cursos\/coordenacoes\/graduacao\/curitiba\/ct-bacharelado-em-quimica\/documentos\/projeto-pedagogico-do-curso-ppc.pdf\/view\" target=\"_blank\" rel=\"noopener\">Clique aqui<\/a> para acessar o Projeto Pedag\u00f3gico do Curso (PPC) v\u00e1lido at\u00e9 2022<\/p>\t\t\t\t\t\t\t\t<\/div>\n\t\t\t\t<\/div>\n\t\t\t\t\t<\/div>\n\t\t<\/div>\n\t\t\t\t\t<\/div>\n\t\t<\/section>\n\t\t\t\t<section class=\"elementor-section elementor-top-section elementor-element elementor-element-647d036 elementor-section-boxed elementor-section-height-default elementor-section-height-default wpr-particle-no wpr-jarallax-no wpr-parallax-no wpr-sticky-section-no wpr-equal-height-no\" data-id=\"647d036\" data-element_type=\"section\" data-e-type=\"section\" data-settings=\"{&quot;background_background&quot;:&quot;classic&quot;}\">\n\t\t\t\t\t\t<div class=\"elementor-container elementor-column-gap-default\">\n\t\t\t\t\t<div class=\"elementor-column elementor-col-100 elementor-top-column elementor-element elementor-element-89cc1ed\" data-id=\"89cc1ed\" data-element_type=\"column\" data-e-type=\"column\">\n\t\t\t<div class=\"elementor-widget-wrap elementor-element-populated\">\n\t\t\t\t\t\t<div class=\"elementor-element elementor-element-d4f2e5d elementor-widget elementor-widget-spacer\" data-id=\"d4f2e5d\" data-element_type=\"widget\" data-e-type=\"widget\" data-widget_type=\"spacer.default\">\n\t\t\t\t<div class=\"elementor-widget-container\">\n\t\t\t\t\t\t\t<div class=\"elementor-spacer\">\n\t\t\t<div class=\"elementor-spacer-inner\"><\/div>\n\t\t<\/div>\n\t\t\t\t\t\t<\/div>\n\t\t\t\t<\/div>\n\t\t\t\t\t<\/div>\n\t\t<\/div>\n\t\t\t\t\t<\/div>\n\t\t<\/section>\n\t\t\t\t<section class=\"elementor-section elementor-top-section elementor-element elementor-element-9cd5f0f elementor-section-boxed elementor-section-height-default elementor-section-height-default wpr-particle-no wpr-jarallax-no wpr-parallax-no wpr-sticky-section-no wpr-equal-height-no\" data-id=\"9cd5f0f\" data-element_type=\"section\" data-e-type=\"section\" data-settings=\"{&quot;background_background&quot;:&quot;classic&quot;}\">\n\t\t\t\t\t\t<div class=\"elementor-container elementor-column-gap-default\">\n\t\t\t\t\t<div class=\"elementor-column elementor-col-100 elementor-top-column elementor-element elementor-element-0730e74\" data-id=\"0730e74\" data-element_type=\"column\" data-e-type=\"column\" data-settings=\"{&quot;background_background&quot;:&quot;classic&quot;}\">\n\t\t\t<div class=\"elementor-widget-wrap elementor-element-populated\">\n\t\t\t\t\t\t<div class=\"elementor-element elementor-element-3d00614 elementor-view-default elementor-widget elementor-widget-icon\" data-id=\"3d00614\" data-element_type=\"widget\" data-e-type=\"widget\" data-widget_type=\"icon.default\">\n\t\t\t\t<div class=\"elementor-widget-container\">\n\t\t\t\t\t\t\t<div class=\"elementor-icon-wrapper\">\n\t\t\t<a class=\"elementor-icon elementor-animation-grow\" href=\"mailto:coqui-ct@utfpr.edu.br\">\n\t\t\t<i aria-hidden=\"true\" class=\"fas fa-chalkboard-teacher\"><\/i>\t\t\t<\/a>\n\t\t<\/div>\n\t\t\t\t\t\t<\/div>\n\t\t\t\t<\/div>\n\t\t\t\t<div class=\"elementor-element elementor-element-e7eb2db elementor-widget elementor-widget-heading\" data-id=\"e7eb2db\" data-element_type=\"widget\" data-e-type=\"widget\" data-widget_type=\"heading.default\">\n\t\t\t\t<div class=\"elementor-widget-container\">\n\t\t\t\t\t<h5 class=\"elementor-heading-title elementor-size-default\">Coordena\u00e7\u00e3o<\/h5>\t\t\t\t<\/div>\n\t\t\t\t<\/div>\n\t\t\t\t<div class=\"elementor-element elementor-element-4900672 elementor-widget elementor-widget-text-editor\" data-id=\"4900672\" data-element_type=\"widget\" data-e-type=\"widget\" data-widget_type=\"text-editor.default\">\n\t\t\t\t<div class=\"elementor-widget-container\">\n\t\t\t\t\t\t\t\t\t<p>Prof. Dr. <span style=\"font-weight: 400\">Edson Luiz Seibert <\/span><\/p><p><a href=\"mailto:coqui-ct@utfpr.edu.br\">coqui-ct@utfpr.edu.br<\/a><\/p><p><strong>Telefone:<\/strong>\u00a0(41) 3279-6883<\/p>\t\t\t\t\t\t\t\t<\/div>\n\t\t\t\t<\/div>\n\t\t\t\t\t<\/div>\n\t\t<\/div>\n\t\t\t\t\t<\/div>\n\t\t<\/section>\n\t\t\t\t<section class=\"elementor-section elementor-top-section elementor-element elementor-element-2bee717 elementor-section-boxed elementor-section-height-default elementor-section-height-default wpr-particle-no wpr-jarallax-no wpr-parallax-no wpr-sticky-section-no wpr-equal-height-no\" data-id=\"2bee717\" data-element_type=\"section\" data-e-type=\"section\" data-settings=\"{&quot;background_background&quot;:&quot;classic&quot;}\">\n\t\t\t\t\t\t<div class=\"elementor-container elementor-column-gap-default\">\n\t\t\t\t\t<div class=\"elementor-column elementor-col-33 elementor-top-column elementor-element elementor-element-8178baf\" data-id=\"8178baf\" data-element_type=\"column\" data-e-type=\"column\">\n\t\t\t<div class=\"elementor-widget-wrap elementor-element-populated\">\n\t\t\t\t\t\t<div class=\"elementor-element elementor-element-8ec0d46 elementor-view-default elementor-widget elementor-widget-icon\" data-id=\"8ec0d46\" data-element_type=\"widget\" data-e-type=\"widget\" data-widget_type=\"icon.default\">\n\t\t\t\t<div class=\"elementor-widget-container\">\n\t\t\t\t\t\t\t<div class=\"elementor-icon-wrapper\">\n\t\t\t<a class=\"elementor-icon elementor-animation-grow\" href=\"https:\/\/portal.utfpr.edu.br\/cursos\/coordenacoes\/graduacao\/curitiba\/ct-bacharelado-em-quimica\/area-academica\/estagio\" target=\"_blank\">\n\t\t\t<i aria-hidden=\"true\" class=\"far fa-handshake\"><\/i>\t\t\t<\/a>\n\t\t<\/div>\n\t\t\t\t\t\t<\/div>\n\t\t\t\t<\/div>\n\t\t\t\t<div class=\"elementor-element elementor-element-2f6a2d4 elementor-widget elementor-widget-heading\" data-id=\"2f6a2d4\" data-element_type=\"widget\" data-e-type=\"widget\" data-widget_type=\"heading.default\">\n\t\t\t\t<div class=\"elementor-widget-container\">\n\t\t\t\t\t<h5 class=\"elementor-heading-title elementor-size-default\">Est\u00e1gio<\/h5>\t\t\t\t<\/div>\n\t\t\t\t<\/div>\n\t\t\t\t<div class=\"elementor-element elementor-element-6482216 elementor-widget elementor-widget-text-editor\" data-id=\"6482216\" data-element_type=\"widget\" data-e-type=\"widget\" data-widget_type=\"text-editor.default\">\n\t\t\t\t<div class=\"elementor-widget-container\">\n\t\t\t\t\t\t\t\t\t<p>Prof. Dr. Paulo Roberto de Oliveira<\/p><p><a href=\"mailto:poliveira@utfpr.edu.br\" target=\"_blank\" rel=\"noopener\">poliveira@utfpr.edu.br<\/a><\/p>\t\t\t\t\t\t\t\t<\/div>\n\t\t\t\t<\/div>\n\t\t\t\t\t<\/div>\n\t\t<\/div>\n\t\t\t\t<div class=\"elementor-column elementor-col-33 elementor-top-column elementor-element elementor-element-ae39a2f\" data-id=\"ae39a2f\" data-element_type=\"column\" data-e-type=\"column\" data-settings=\"{&quot;background_background&quot;:&quot;classic&quot;}\">\n\t\t\t<div class=\"elementor-widget-wrap elementor-element-populated\">\n\t\t\t\t\t\t<div class=\"elementor-element elementor-element-2fbd9bb elementor-view-default elementor-widget elementor-widget-icon\" data-id=\"2fbd9bb\" data-element_type=\"widget\" data-e-type=\"widget\" data-widget_type=\"icon.default\">\n\t\t\t\t<div class=\"elementor-widget-container\">\n\t\t\t\t\t\t\t<div class=\"elementor-icon-wrapper\">\n\t\t\t<a class=\"elementor-icon elementor-animation-grow\" href=\"https:\/\/portal.utfpr.edu.br\/cursos\/coordenacoes\/graduacao\/curitiba\/ct-bacharelado-em-quimica\/area-academica\/tcc\" target=\"_blank\">\n\t\t\t<i aria-hidden=\"true\" class=\"fas fa-graduation-cap\"><\/i>\t\t\t<\/a>\n\t\t<\/div>\n\t\t\t\t\t\t<\/div>\n\t\t\t\t<\/div>\n\t\t\t\t<div class=\"elementor-element elementor-element-030ff2f elementor-widget elementor-widget-heading\" data-id=\"030ff2f\" data-element_type=\"widget\" data-e-type=\"widget\" data-widget_type=\"heading.default\">\n\t\t\t\t<div class=\"elementor-widget-container\">\n\t\t\t\t\t<h5 class=\"elementor-heading-title elementor-size-default\">TCC<\/h5>\t\t\t\t<\/div>\n\t\t\t\t<\/div>\n\t\t\t\t<div class=\"elementor-element elementor-element-158dc78 elementor-widget elementor-widget-text-editor\" data-id=\"158dc78\" data-element_type=\"widget\" data-e-type=\"widget\" data-widget_type=\"text-editor.default\">\n\t\t\t\t<div class=\"elementor-widget-container\">\n\t\t\t\t\t\t\t\t\t<p>Profa. Dra. <span style=\"font-weight: 400\">Cristiane Pilissao<\/span> (TCC1)<\/p><p><a href=\"mailto:pilissao@utfpr.edu.br\"><span style=\"font-weight: 400\">pilissao<\/span>@utfpr.edu.br<\/a><\/p><p>Profa. Dra. Dayane Mey Reis (TCC2)<\/p><p><a href=\"mailto:dayane@utfpr.edu.br\">dayane@utfpr.edu.br<\/a><\/p>\t\t\t\t\t\t\t\t<\/div>\n\t\t\t\t<\/div>\n\t\t\t\t\t<\/div>\n\t\t<\/div>\n\t\t\t\t<div class=\"elementor-column elementor-col-33 elementor-top-column elementor-element elementor-element-11d3f91\" data-id=\"11d3f91\" data-element_type=\"column\" data-e-type=\"column\">\n\t\t\t<div class=\"elementor-widget-wrap elementor-element-populated\">\n\t\t\t\t\t\t<div class=\"elementor-element elementor-element-ea567c7 elementor-view-default elementor-widget elementor-widget-icon\" data-id=\"ea567c7\" data-element_type=\"widget\" data-e-type=\"widget\" data-widget_type=\"icon.default\">\n\t\t\t\t<div class=\"elementor-widget-container\">\n\t\t\t\t\t\t\t<div class=\"elementor-icon-wrapper\">\n\t\t\t<a class=\"elementor-icon elementor-animation-grow\" href=\"https:\/\/www.utfpr.edu.br\/cursos\/coordenacoes\/graduacao\/curitiba\/ct-engenharia-ambiental-e-sanitaria\/area-academica\/internacionalizacao\" target=\"_blank\">\n\t\t\t<i aria-hidden=\"true\" class=\"fas fa-exchange-alt\"><\/i>\t\t\t<\/a>\n\t\t<\/div>\n\t\t\t\t\t\t<\/div>\n\t\t\t\t<\/div>\n\t\t\t\t<div class=\"elementor-element elementor-element-f75d701 elementor-widget elementor-widget-heading\" data-id=\"f75d701\" data-element_type=\"widget\" data-e-type=\"widget\" data-widget_type=\"heading.default\">\n\t\t\t\t<div class=\"elementor-widget-container\">\n\t\t\t\t\t<h5 class=\"elementor-heading-title elementor-size-default\"><span style=\"font-size: 1.33333rem\">Internacionaliza\u00e7\u00e3o<\/span><\/h5>\t\t\t\t<\/div>\n\t\t\t\t<\/div>\n\t\t\t\t<div class=\"elementor-element elementor-element-978bc51 elementor-widget elementor-widget-text-editor\" data-id=\"978bc51\" data-element_type=\"widget\" data-e-type=\"widget\" data-widget_type=\"text-editor.default\">\n\t\t\t\t<div class=\"elementor-widget-container\">\n\t\t\t\t\t\t\t\t\t<p>Profa. Dra. Maria Giovana Binder Pagnoncelli<\/p><p><a href=\"mailto:mpagnoncelli@utfpr.edu.br\">mpagnoncelli@utfpr.edu.br<\/a><\/p>\t\t\t\t\t\t\t\t<\/div>\n\t\t\t\t<\/div>\n\t\t\t\t\t<\/div>\n\t\t<\/div>\n\t\t\t\t\t<\/div>\n\t\t<\/section>\n\t\t\t\t<section class=\"elementor-section elementor-top-section elementor-element elementor-element-2bda2eb elementor-section-boxed elementor-section-height-default elementor-section-height-default wpr-particle-no wpr-jarallax-no wpr-parallax-no wpr-sticky-section-no wpr-equal-height-no\" data-id=\"2bda2eb\" data-element_type=\"section\" data-e-type=\"section\">\n\t\t\t\t\t\t<div class=\"elementor-container elementor-column-gap-default\">\n\t\t\t\t\t<div class=\"elementor-column elementor-col-33 elementor-top-column elementor-element elementor-element-20bcb29\" data-id=\"20bcb29\" data-element_type=\"column\" data-e-type=\"column\">\n\t\t\t<div class=\"elementor-widget-wrap elementor-element-populated\">\n\t\t\t\t\t\t<div class=\"elementor-element elementor-element-1036ddd elementor-view-default elementor-widget elementor-widget-icon\" data-id=\"1036ddd\" data-element_type=\"widget\" data-e-type=\"widget\" data-widget_type=\"icon.default\">\n\t\t\t\t<div class=\"elementor-widget-container\">\n\t\t\t\t\t\t\t<div class=\"elementor-icon-wrapper\">\n\t\t\t<a class=\"elementor-icon elementor-animation-grow\" href=\"http:\/\/www.utfpr.edu.br\/cursos\/coordenacoes\/graduacao\/curitiba\/ct-engenharia-ambiental-e-sanitaria\/area-academica\/estagio-curricular\" target=\"_blank\">\n\t\t\t<i aria-hidden=\"true\" class=\"fas fa-expand-arrows-alt\"><\/i>\t\t\t<\/a>\n\t\t<\/div>\n\t\t\t\t\t\t<\/div>\n\t\t\t\t<\/div>\n\t\t\t\t<div class=\"elementor-element elementor-element-f5f1e78 elementor-widget elementor-widget-heading\" data-id=\"f5f1e78\" data-element_type=\"widget\" data-e-type=\"widget\" data-widget_type=\"heading.default\">\n\t\t\t\t<div class=\"elementor-widget-container\">\n\t\t\t\t\t<h5 class=\"elementor-heading-title elementor-size-default\">Extens\u00e3o<\/h5>\t\t\t\t<\/div>\n\t\t\t\t<\/div>\n\t\t\t\t<div class=\"elementor-element elementor-element-3b7ca3b elementor-widget elementor-widget-text-editor\" data-id=\"3b7ca3b\" data-element_type=\"widget\" data-e-type=\"widget\" data-widget_type=\"text-editor.default\">\n\t\t\t\t<div class=\"elementor-widget-container\">\n\t\t\t\t\t\t\t\t\t<p>Profa. Dra. Renata Danielle Adati<\/p><p><a href=\"mailto:renataadati@utfpr.edu.br\">renataadati@utfpr.edu.br<\/a><\/p>\t\t\t\t\t\t\t\t<\/div>\n\t\t\t\t<\/div>\n\t\t\t\t\t<\/div>\n\t\t<\/div>\n\t\t\t\t<div class=\"elementor-column elementor-col-33 elementor-top-column elementor-element elementor-element-7992ca9\" data-id=\"7992ca9\" data-element_type=\"column\" data-e-type=\"column\">\n\t\t\t<div class=\"elementor-widget-wrap elementor-element-populated\">\n\t\t\t\t\t\t<div class=\"elementor-element elementor-element-c10a078 elementor-view-default elementor-widget elementor-widget-icon\" data-id=\"c10a078\" data-element_type=\"widget\" data-e-type=\"widget\" data-widget_type=\"icon.default\">\n\t\t\t\t<div class=\"elementor-widget-container\">\n\t\t\t\t\t\t\t<div class=\"elementor-icon-wrapper\">\n\t\t\t<a class=\"elementor-icon elementor-animation-grow\" href=\"https:\/\/portal.utfpr.edu.br\/cursos\/coordenacoes\/graduacao\/curitiba\/ct-bacharelado-em-quimica\/area-academica\/atividades-complementares\" target=\"_blank\">\n\t\t\t<i aria-hidden=\"true\" class=\"fas fa-paste\"><\/i>\t\t\t<\/a>\n\t\t<\/div>\n\t\t\t\t\t\t<\/div>\n\t\t\t\t<\/div>\n\t\t\t\t<div class=\"elementor-element elementor-element-569689d elementor-widget elementor-widget-heading\" data-id=\"569689d\" data-element_type=\"widget\" data-e-type=\"widget\" data-widget_type=\"heading.default\">\n\t\t\t\t<div class=\"elementor-widget-container\">\n\t\t\t\t\t<h5 class=\"elementor-heading-title elementor-size-default\">Atividades Complementares<\/h5>\t\t\t\t<\/div>\n\t\t\t\t<\/div>\n\t\t\t\t<div class=\"elementor-element elementor-element-e1478ee elementor-widget elementor-widget-text-editor\" data-id=\"e1478ee\" data-element_type=\"widget\" data-e-type=\"widget\" data-widget_type=\"text-editor.default\">\n\t\t\t\t<div class=\"elementor-widget-container\">\n\t\t\t\t\t\t\t\t\t<p>Profa. Dra. Cristiane Piliss\u00e3o<\/p><p><a href=\"mailto:pilissao@utfpr.edu.br\">pilissao@utfpr.edu.br<\/a><\/p>\t\t\t\t\t\t\t\t<\/div>\n\t\t\t\t<\/div>\n\t\t\t\t\t<\/div>\n\t\t<\/div>\n\t\t\t\t<div class=\"elementor-column elementor-col-33 elementor-top-column elementor-element elementor-element-1d8a41e\" data-id=\"1d8a41e\" data-element_type=\"column\" data-e-type=\"column\">\n\t\t\t<div class=\"elementor-widget-wrap elementor-element-populated\">\n\t\t\t\t\t\t<div class=\"elementor-element elementor-element-9590a1d elementor-view-default elementor-widget elementor-widget-icon\" data-id=\"9590a1d\" data-element_type=\"widget\" data-e-type=\"widget\" data-widget_type=\"icon.default\">\n\t\t\t\t<div class=\"elementor-widget-container\">\n\t\t\t\t\t\t\t<div class=\"elementor-icon-wrapper\">\n\t\t\t<a class=\"elementor-icon elementor-animation-grow\" href=\"http:\/\/renataadati@utfpr.edu.br\" target=\"_blank\">\n\t\t\t<i aria-hidden=\"true\" class=\"fas fa-universal-access\"><\/i>\t\t\t<\/a>\n\t\t<\/div>\n\t\t\t\t\t\t<\/div>\n\t\t\t\t<\/div>\n\t\t\t\t<div class=\"elementor-element elementor-element-e9f8eb2 elementor-widget elementor-widget-heading\" data-id=\"e9f8eb2\" data-element_type=\"widget\" data-e-type=\"widget\" data-widget_type=\"heading.default\">\n\t\t\t\t<div class=\"elementor-widget-container\">\n\t\t\t\t\t<h5 class=\"elementor-heading-title elementor-size-default\"><span style=\"font-size: 1.33333rem\">Inclus\u00e3o<\/span><\/h5>\t\t\t\t<\/div>\n\t\t\t\t<\/div>\n\t\t\t\t<div class=\"elementor-element elementor-element-021076d elementor-widget elementor-widget-text-editor\" data-id=\"021076d\" data-element_type=\"widget\" data-e-type=\"widget\" data-widget_type=\"text-editor.default\">\n\t\t\t\t<div class=\"elementor-widget-container\">\n\t\t\t\t\t\t\t\t\t<p>Profa. Dra. <span style=\"font-weight: 400\">Renata Danielle Adati<\/span><\/p><p><a href=\"mailto:renataadati@utfpr.edu.br\">renataadati@utfpr.edu.br<\/a><\/p>\t\t\t\t\t\t\t\t<\/div>\n\t\t\t\t<\/div>\n\t\t\t\t\t<\/div>\n\t\t<\/div>\n\t\t\t\t\t<\/div>\n\t\t<\/section>\n\t\t\t\t<section class=\"elementor-section elementor-top-section elementor-element elementor-element-0bb029a elementor-section-boxed elementor-section-height-default elementor-section-height-default wpr-particle-no wpr-jarallax-no wpr-parallax-no wpr-sticky-section-no wpr-equal-height-no\" data-id=\"0bb029a\" data-element_type=\"section\" data-e-type=\"section\" data-settings=\"{&quot;background_background&quot;:&quot;classic&quot;}\">\n\t\t\t\t\t\t<div class=\"elementor-container elementor-column-gap-default\">\n\t\t\t\t\t<div class=\"elementor-column elementor-col-100 elementor-top-column elementor-element elementor-element-9f4b4fa\" data-id=\"9f4b4fa\" data-element_type=\"column\" data-e-type=\"column\">\n\t\t\t<div class=\"elementor-widget-wrap elementor-element-populated\">\n\t\t\t\t\t\t<div class=\"elementor-element elementor-element-072e9d2 elementor-widget elementor-widget-heading\" data-id=\"072e9d2\" data-element_type=\"widget\" data-e-type=\"widget\" data-widget_type=\"heading.default\">\n\t\t\t\t<div class=\"elementor-widget-container\">\n\t\t\t\t\t<h4 class=\"elementor-heading-title elementor-size-default\">Orienta\u00e7\u00f5es R\u00e1pidas<\/h4>\t\t\t\t<\/div>\n\t\t\t\t<\/div>\n\t\t\t\t<div class=\"elementor-element elementor-element-fabb2d0 elementor-widget elementor-widget-text-editor\" data-id=\"fabb2d0\" data-element_type=\"widget\" data-e-type=\"widget\" data-widget_type=\"text-editor.default\">\n\t\t\t\t<div class=\"elementor-widget-container\">\n\t\t\t\t\t\t\t\t\t<p>Para outras d\u00favidas, entre em contato com a coordena\u00e7\u00e3o do curso.<\/p>\t\t\t\t\t\t\t\t<\/div>\n\t\t\t\t<\/div>\n\t\t\t\t\t<\/div>\n\t\t<\/div>\n\t\t\t\t\t<\/div>\n\t\t<\/section>\n\t\t\t\t<\/div>\n\t\t","protected":false},"excerpt":{"rendered":"<p>Bacharelado em Qu\u00edmica Acesse a p\u00e1gina do curso Per\u00edodo Integral ( Tarde e Noite) Dura\u00e7\u00e3o 8 per\u00edodos \u2013 4 anos Ingresso SISU ou Vestibular Sobre o curso Objetivos Perfil profissional Compet\u00eancias Campo de atua\u00e7\u00e3o Objetivos Formar profissionais extremamente\u00a0flex\u00edveis e imprescind\u00edveis em v\u00e1rios segmentos socioecon\u00f4micos, principalmente\u00a0em fun\u00e7\u00e3o dos avan\u00e7os tecnol\u00f3gicos e suas intera\u00e7\u00f5es e implica\u00e7\u00f5es no meio\u00a0ambiente, capacitando\u00a0o profissional para ter uma vis\u00e3o de processos sustent\u00e1veis em v\u00e1rios ramos\u00a0da ind\u00fastria. Perfil profissional A Resolu\u00e7\u00e3o Normativa CFQ &#8211; Conselho Federal de Qu\u00edmica n\u00ba 36 de\u00a025\/04\/74 publicada no DOU em 13\/05\/74 d\u00e1 atribui\u00e7\u00f5es aos profissionais da\u00a0Qu\u00edmica e lista as atividades desses profissionais:\u00a0Dire\u00e7\u00e3o, supervis\u00e3o, programa\u00e7\u00e3o, coordena\u00e7\u00e3o, orienta\u00e7\u00e3o e responsabilidade\u00a0t\u00e9cnicas no \u00e2mbito de suas atribui\u00e7\u00f5es respectivas; assist\u00eancia, assessoria, consultoria, elabora\u00e7\u00e3o de or\u00e7amentos, divulga\u00e7\u00e3o e\u00a0comercializa\u00e7\u00e3o no \u00e2mbito das atribui\u00e7\u00f5es respectivas; vistoria, per\u00edcia, avalia\u00e7\u00e3o, arbitramento de servi\u00e7os t\u00e9cnicos, elabora\u00e7\u00e3o de\u00a0pareceres, laudos e atestados, no \u00e2mbito das atribui\u00e7\u00f5es respectivas,\u00a0desempenho de cargos e fun\u00e7\u00f5es t\u00e9cnicas, no \u00e2mbito das atribui\u00e7\u00f5es respectivas. Compet\u00eancias O profissional Bacharel em Qu\u00edmica Ambiental tem fun\u00e7\u00f5es, compet\u00eancias e\u00a0habilidades para o exerc\u00edcio do cargo, conforme descrito na Classifica\u00e7\u00e3o Brasileira\u00a0de Ocupa\u00e7\u00f5es \u2013 CBO 213205, com atribui\u00e7\u00f5es tais como: realizar ensaios, an\u00e1lises\u00a0qu\u00edmicas\u00a0e\u00a0f\u00edsico&#8211;qu\u00edmicas,\u00a0selecionando\u00a0metodologias,\u00a0materiais,\u00a0reagentes de an\u00e1lise e crit\u00e9rios de amostragem, homogeneizando, dimensionando\u00a0e solubilizando\u00a0amostras.\u00a0Produzir\u00a0subst\u00e2ncias,\u00a0desenvolver metodologias\u00a0anal\u00edticas, interpretar dados qu\u00edmicos e microbiol\u00f3gicos, monitorar impacto\u00a0ambiental de subst\u00e2ncias, supervisionar procedimentos qu\u00edmicos, coordenar\u00a0atividades qu\u00edmicas laboratoriais e industriais. Campo de atua\u00e7\u00e3o Com a forma\u00e7\u00e3o qualificada, o qu\u00edmico \u00e9 capaz de trabalhar em\u00a0diversos segmentos, como na elabora\u00e7\u00e3o de projetos, planejamento e controle de produ\u00e7\u00e3o; desenvolvimento de produtos; opera\u00e7\u00f5es e controle de processos\u00a0qu\u00edmicos; saneamento b\u00e1sico; tratamento de res\u00edduos industriais; seguran\u00e7a;\u00a0gest\u00e3o ambiental e, em alguns casos espec\u00edficos, vendas e assist\u00eancia t\u00e9cnica de\u00a0equipamentos, planejamento industrial e at\u00e9 dire\u00e7\u00e3o de empresas.\u00a0 Organiza\u00e7\u00e3o Curricular &#8211; Grade vigente a partir de 02\/2023* * Clique aqui para acessar o Projeto Pedag\u00f3gico do Curso (PPC) v\u00e1lido a partir de 2023Clique aqui para acessar o Projeto Pedag\u00f3gico do Curso (PPC) v\u00e1lido at\u00e9 2022 Coordena\u00e7\u00e3o Prof. Dr. Edson Luiz Seibert coqui-ct@utfpr.edu.br Telefone:\u00a0(41) 3279-6883 Est\u00e1gio Prof. Dr. Paulo Roberto de Oliveira poliveira@utfpr.edu.br TCC Profa. Dra. Cristiane Pilissao (TCC1) pilissao@utfpr.edu.br Profa. Dra. Dayane Mey Reis (TCC2) dayane@utfpr.edu.br Internacionaliza\u00e7\u00e3o Profa. Dra. Maria Giovana Binder Pagnoncelli mpagnoncelli@utfpr.edu.br Extens\u00e3o Profa. Dra. Renata Danielle Adati renataadati@utfpr.edu.br Atividades Complementares Profa. Dra. Cristiane Piliss\u00e3o pilissao@utfpr.edu.br Inclus\u00e3o Profa. Dra. Renata Danielle Adati renataadati@utfpr.edu.br Orienta\u00e7\u00f5es R\u00e1pidas Para outras d\u00favidas, entre em contato com a coordena\u00e7\u00e3o do curso.<\/p>\n","protected":false},"author":157,"featured_media":0,"parent":117,"menu_order":0,"comment_status":"closed","ping_status":"closed","template":"","meta":{"site-sidebar-layout":"default","site-content-layout":"","ast-site-content-layout":"default","site-content-style":"default","site-sidebar-style":"default","ast-global-header-display":"","ast-banner-title-visibility":"","ast-main-header-display":"","ast-hfb-above-header-display":"","ast-hfb-below-header-display":"","ast-hfb-mobile-header-display":"","site-post-title":"disabled","ast-breadcrumbs-content":"","ast-featured-img":"","footer-sml-layout":"","ast-disable-related-posts":"","theme-transparent-header-meta":"","adv-header-id-meta":"","stick-header-meta":"","header-above-stick-meta":"","header-main-stick-meta":"","header-below-stick-meta":"","astra-migrate-meta-layouts":"default","ast-page-background-enabled":"default","ast-page-background-meta":{"desktop":{"background-color":"var(--ast-global-color-4)","background-image":"","background-repeat":"repeat","background-position":"center center","background-size":"auto","background-attachment":"scroll","background-type":"","background-media":"","overlay-type":"","overlay-color":"","overlay-opacity":"","overlay-gradient":""},"tablet":{"background-color":"","background-image":"","background-repeat":"repeat","background-position":"center center","background-size":"auto","background-attachment":"scroll","background-type":"","background-media":"","overlay-type":"","overlay-color":"","overlay-opacity":"","overlay-gradient":""},"mobile":{"background-color":"","background-image":"","background-repeat":"repeat","background-position":"center center","background-size":"auto","background-attachment":"scroll","background-type":"","background-media":"","overlay-type":"","overlay-color":"","overlay-opacity":"","overlay-gradient":""}},"ast-content-background-meta":{"desktop":{"background-color":"var(--ast-global-color-5)","background-image":"","background-repeat":"repeat","background-position":"center center","background-size":"auto","background-attachment":"scroll","background-type":"","background-media":"","overlay-type":"","overlay-color":"","overlay-opacity":"","overlay-gradient":""},"tablet":{"background-color":"var(--ast-global-color-5)","background-image":"","background-repeat":"repeat","background-position":"center center","background-size":"auto","background-attachment":"scroll","background-type":"","background-media":"","overlay-type":"","overlay-color":"","overlay-opacity":"","overlay-gradient":""},"mobile":{"background-color":"var(--ast-global-color-5)","background-image":"","background-repeat":"repeat","background-position":"center center","background-size":"auto","background-attachment":"scroll","background-type":"","background-media":"","overlay-type":"","overlay-color":"","overlay-opacity":"","overlay-gradient":""}},"footnotes":""},"class_list":["post-2499","page","type-page","status-publish","hentry"],"yoast_head":"<!-- This site is optimized with the Yoast SEO plugin v27.4 - https:\/\/yoast.com\/product\/yoast-seo-wordpress\/ -->\n<title>Bacharelado em Qu\u00edmica - DAQBi<\/title>\n<meta name=\"description\" content=\"O curso de Bacharelado em Qu\u00edmica da Universidade Tecnol\u00f3gica Federal do Paran\u00e1, UTFPR, tarde\/noite, possui 4 anos de dura\u00e7\u00e3o\" \/>\n<meta name=\"robots\" content=\"index, follow, max-snippet:-1, max-image-preview:large, max-video-preview:-1\" \/>\n<link rel=\"canonical\" href=\"https:\/\/utfpr.curitiba.br\/daqbi\/graduacao\/bacharelado-em-quimica\/\" \/>\n<meta property=\"og:locale\" content=\"pt_BR\" \/>\n<meta property=\"og:type\" content=\"article\" \/>\n<meta property=\"og:title\" content=\"Bacharelado em Qu\u00edmica - DAQBi\" \/>\n<meta property=\"og:description\" content=\"O curso de Bacharelado em Qu\u00edmica da Universidade Tecnol\u00f3gica Federal do Paran\u00e1, UTFPR, tarde\/noite, possui 4 anos de dura\u00e7\u00e3o\" \/>\n<meta property=\"og:url\" content=\"https:\/\/utfpr.curitiba.br\/daqbi\/graduacao\/bacharelado-em-quimica\/\" \/>\n<meta property=\"og:site_name\" content=\"DAQBi\" \/>\n<meta property=\"article:modified_time\" content=\"2026-03-24T21:50:43+00:00\" \/>\n<meta property=\"og:image\" content=\"https:\/\/utfpr-ct-static-content.s3.amazonaws.com\/utfpr.curitiba.br\/wp-content\/uploads\/sites\/149\/2023\/04\/daqbi_curto.png\" \/>\n\t<meta property=\"og:image:width\" content=\"600\" \/>\n\t<meta property=\"og:image:height\" content=\"261\" \/>\n\t<meta property=\"og:image:type\" content=\"image\/png\" \/>\n<meta name=\"twitter:card\" content=\"summary_large_image\" \/>\n<meta name=\"twitter:label1\" content=\"Est. reading time\" \/>\n\t<meta name=\"twitter:data1\" content=\"3 minutos\" \/>\n<script type=\"application\/ld+json\" class=\"yoast-schema-graph\">{\"@context\":\"https:\\\/\\\/schema.org\",\"@graph\":[{\"@type\":\"WebPage\",\"@id\":\"https:\\\/\\\/utfpr.curitiba.br\\\/daqbi\\\/graduacao\\\/bacharelado-em-quimica\\\/\",\"url\":\"https:\\\/\\\/utfpr.curitiba.br\\\/daqbi\\\/graduacao\\\/bacharelado-em-quimica\\\/\",\"name\":\"Bacharelado em Qu\u00edmica - DAQBi\",\"isPartOf\":{\"@id\":\"https:\\\/\\\/utfpr.curitiba.br\\\/daqbi\\\/#website\"},\"datePublished\":\"2023-08-16T13:42:10+00:00\",\"dateModified\":\"2026-03-24T21:50:43+00:00\",\"description\":\"O curso de Bacharelado em Qu\u00edmica da Universidade Tecnol\u00f3gica Federal do Paran\u00e1, UTFPR, tarde\\\/noite, possui 4 anos de dura\u00e7\u00e3o\",\"breadcrumb\":{\"@id\":\"https:\\\/\\\/utfpr.curitiba.br\\\/daqbi\\\/graduacao\\\/bacharelado-em-quimica\\\/#breadcrumb\"},\"inLanguage\":\"pt-BR\",\"potentialAction\":[{\"@type\":\"ReadAction\",\"target\":[\"https:\\\/\\\/utfpr.curitiba.br\\\/daqbi\\\/graduacao\\\/bacharelado-em-quimica\\\/\"]}]},{\"@type\":\"BreadcrumbList\",\"@id\":\"https:\\\/\\\/utfpr.curitiba.br\\\/daqbi\\\/graduacao\\\/bacharelado-em-quimica\\\/#breadcrumb\",\"itemListElement\":[{\"@type\":\"ListItem\",\"position\":1,\"name\":\"Home\",\"item\":\"https:\\\/\\\/utfpr.curitiba.br\\\/daqbi\\\/\"},{\"@type\":\"ListItem\",\"position\":2,\"name\":\"Gradua\u00e7\u00e3o\",\"item\":\"https:\\\/\\\/utfpr.curitiba.br\\\/daqbi\\\/graduacao\\\/\"},{\"@type\":\"ListItem\",\"position\":3,\"name\":\"Bacharelado em Qu\u00edmica\"}]},{\"@type\":\"WebSite\",\"@id\":\"https:\\\/\\\/utfpr.curitiba.br\\\/daqbi\\\/#website\",\"url\":\"https:\\\/\\\/utfpr.curitiba.br\\\/daqbi\\\/\",\"name\":\"DAQBi\",\"description\":\"Departamento Acad\u00eamico de Qu\u00edmica e Biologia - UTFPR Campus Curitiba\",\"publisher\":{\"@id\":\"https:\\\/\\\/utfpr.curitiba.br\\\/daqbi\\\/#organization\"},\"alternateName\":\"Daqbi Curitiba - UTFPR\",\"potentialAction\":[{\"@type\":\"SearchAction\",\"target\":{\"@type\":\"EntryPoint\",\"urlTemplate\":\"https:\\\/\\\/utfpr.curitiba.br\\\/daqbi\\\/?s={search_term_string}\"},\"query-input\":{\"@type\":\"PropertyValueSpecification\",\"valueRequired\":true,\"valueName\":\"search_term_string\"}}],\"inLanguage\":\"pt-BR\"},{\"@type\":\"Organization\",\"@id\":\"https:\\\/\\\/utfpr.curitiba.br\\\/daqbi\\\/#organization\",\"name\":\"Departamento Acad\u00eamico de Qu\u00edmica e Biologia UTFPR Curitiba\",\"alternateName\":\"DAQBI curitiba - Universidade Tecnol\u00f3gica Federal do Paran\u00e1\",\"url\":\"https:\\\/\\\/utfpr.curitiba.br\\\/daqbi\\\/\",\"logo\":{\"@type\":\"ImageObject\",\"inLanguage\":\"pt-BR\",\"@id\":\"https:\\\/\\\/utfpr.curitiba.br\\\/daqbi\\\/#\\\/schema\\\/logo\\\/image\\\/\",\"url\":\"https:\\\/\\\/utfpr-ct-static-content.s3.amazonaws.com\\\/utfpr.curitiba.br\\\/wp-content\\\/uploads\\\/sites\\\/149\\\/2023\\\/04\\\/daqbi_curto.png\",\"contentUrl\":\"https:\\\/\\\/utfpr-ct-static-content.s3.amazonaws.com\\\/utfpr.curitiba.br\\\/wp-content\\\/uploads\\\/sites\\\/149\\\/2023\\\/04\\\/daqbi_curto.png\",\"width\":600,\"height\":261,\"caption\":\"Departamento Acad\u00eamico de Qu\u00edmica e Biologia UTFPR Curitiba\"},\"image\":{\"@id\":\"https:\\\/\\\/utfpr.curitiba.br\\\/daqbi\\\/#\\\/schema\\\/logo\\\/image\\\/\"}}]}<\/script>\n<!-- \/ Yoast SEO plugin. -->","yoast_head_json":{"title":"Bacharelado em Qu\u00edmica - DAQBi","description":"O curso de Bacharelado em Qu\u00edmica da Universidade Tecnol\u00f3gica Federal do Paran\u00e1, UTFPR, tarde\/noite, possui 4 anos de dura\u00e7\u00e3o","robots":{"index":"index","follow":"follow","max-snippet":"max-snippet:-1","max-image-preview":"max-image-preview:large","max-video-preview":"max-video-preview:-1"},"canonical":"https:\/\/utfpr.curitiba.br\/daqbi\/graduacao\/bacharelado-em-quimica\/","og_locale":"pt_BR","og_type":"article","og_title":"Bacharelado em Qu\u00edmica - DAQBi","og_description":"O curso de Bacharelado em Qu\u00edmica da Universidade Tecnol\u00f3gica Federal do Paran\u00e1, UTFPR, tarde\/noite, possui 4 anos de dura\u00e7\u00e3o","og_url":"https:\/\/utfpr.curitiba.br\/daqbi\/graduacao\/bacharelado-em-quimica\/","og_site_name":"DAQBi","article_modified_time":"2026-03-24T21:50:43+00:00","og_image":[{"width":600,"height":261,"url":"https:\/\/utfpr-ct-static-content.s3.amazonaws.com\/utfpr.curitiba.br\/wp-content\/uploads\/sites\/149\/2023\/04\/daqbi_curto.png","type":"image\/png"}],"twitter_card":"summary_large_image","twitter_misc":{"Est. reading time":"3 minutos"},"schema":{"@context":"https:\/\/schema.org","@graph":[{"@type":"WebPage","@id":"https:\/\/utfpr.curitiba.br\/daqbi\/graduacao\/bacharelado-em-quimica\/","url":"https:\/\/utfpr.curitiba.br\/daqbi\/graduacao\/bacharelado-em-quimica\/","name":"Bacharelado em Qu\u00edmica - DAQBi","isPartOf":{"@id":"https:\/\/utfpr.curitiba.br\/daqbi\/#website"},"datePublished":"2023-08-16T13:42:10+00:00","dateModified":"2026-03-24T21:50:43+00:00","description":"O curso de Bacharelado em Qu\u00edmica da Universidade Tecnol\u00f3gica Federal do Paran\u00e1, UTFPR, tarde\/noite, possui 4 anos de dura\u00e7\u00e3o","breadcrumb":{"@id":"https:\/\/utfpr.curitiba.br\/daqbi\/graduacao\/bacharelado-em-quimica\/#breadcrumb"},"inLanguage":"pt-BR","potentialAction":[{"@type":"ReadAction","target":["https:\/\/utfpr.curitiba.br\/daqbi\/graduacao\/bacharelado-em-quimica\/"]}]},{"@type":"BreadcrumbList","@id":"https:\/\/utfpr.curitiba.br\/daqbi\/graduacao\/bacharelado-em-quimica\/#breadcrumb","itemListElement":[{"@type":"ListItem","position":1,"name":"Home","item":"https:\/\/utfpr.curitiba.br\/daqbi\/"},{"@type":"ListItem","position":2,"name":"Gradua\u00e7\u00e3o","item":"https:\/\/utfpr.curitiba.br\/daqbi\/graduacao\/"},{"@type":"ListItem","position":3,"name":"Bacharelado em Qu\u00edmica"}]},{"@type":"WebSite","@id":"https:\/\/utfpr.curitiba.br\/daqbi\/#website","url":"https:\/\/utfpr.curitiba.br\/daqbi\/","name":"DAQBi","description":"Departamento Acad\u00eamico de Qu\u00edmica e Biologia - UTFPR Campus Curitiba","publisher":{"@id":"https:\/\/utfpr.curitiba.br\/daqbi\/#organization"},"alternateName":"Daqbi Curitiba - UTFPR","potentialAction":[{"@type":"SearchAction","target":{"@type":"EntryPoint","urlTemplate":"https:\/\/utfpr.curitiba.br\/daqbi\/?s={search_term_string}"},"query-input":{"@type":"PropertyValueSpecification","valueRequired":true,"valueName":"search_term_string"}}],"inLanguage":"pt-BR"},{"@type":"Organization","@id":"https:\/\/utfpr.curitiba.br\/daqbi\/#organization","name":"Departamento Acad\u00eamico de Qu\u00edmica e Biologia UTFPR Curitiba","alternateName":"DAQBI curitiba - Universidade Tecnol\u00f3gica Federal do Paran\u00e1","url":"https:\/\/utfpr.curitiba.br\/daqbi\/","logo":{"@type":"ImageObject","inLanguage":"pt-BR","@id":"https:\/\/utfpr.curitiba.br\/daqbi\/#\/schema\/logo\/image\/","url":"https:\/\/utfpr-ct-static-content.s3.amazonaws.com\/utfpr.curitiba.br\/wp-content\/uploads\/sites\/149\/2023\/04\/daqbi_curto.png","contentUrl":"https:\/\/utfpr-ct-static-content.s3.amazonaws.com\/utfpr.curitiba.br\/wp-content\/uploads\/sites\/149\/2023\/04\/daqbi_curto.png","width":600,"height":261,"caption":"Departamento Acad\u00eamico de Qu\u00edmica e Biologia UTFPR Curitiba"},"image":{"@id":"https:\/\/utfpr.curitiba.br\/daqbi\/#\/schema\/logo\/image\/"}}]}},"_links":{"self":[{"href":"https:\/\/utfpr.curitiba.br\/daqbi\/wp-json\/wp\/v2\/pages\/2499","targetHints":{"allow":["GET"]}}],"collection":[{"href":"https:\/\/utfpr.curitiba.br\/daqbi\/wp-json\/wp\/v2\/pages"}],"about":[{"href":"https:\/\/utfpr.curitiba.br\/daqbi\/wp-json\/wp\/v2\/types\/page"}],"author":[{"embeddable":true,"href":"https:\/\/utfpr.curitiba.br\/daqbi\/wp-json\/wp\/v2\/users\/157"}],"replies":[{"embeddable":true,"href":"https:\/\/utfpr.curitiba.br\/daqbi\/wp-json\/wp\/v2\/comments?post=2499"}],"version-history":[{"count":214,"href":"https:\/\/utfpr.curitiba.br\/daqbi\/wp-json\/wp\/v2\/pages\/2499\/revisions"}],"predecessor-version":[{"id":5959,"href":"https:\/\/utfpr.curitiba.br\/daqbi\/wp-json\/wp\/v2\/pages\/2499\/revisions\/5959"}],"up":[{"embeddable":true,"href":"https:\/\/utfpr.curitiba.br\/daqbi\/wp-json\/wp\/v2\/pages\/117"}],"wp:attachment":[{"href":"https:\/\/utfpr.curitiba.br\/daqbi\/wp-json\/wp\/v2\/media?parent=2499"}],"curies":[{"name":"wp","href":"https:\/\/api.w.org\/{rel}","templated":true}]}}