{"id":1853,"date":"2023-08-02T13:30:17","date_gmt":"2023-08-02T16:30:17","guid":{"rendered":"https:\/\/utfpr.curitiba.br\/daqbi\/?page_id=1853"},"modified":"2025-10-10T11:26:51","modified_gmt":"2025-10-10T14:26:51","slug":"home","status":"publish","type":"page","link":"https:\/\/utfpr.curitiba.br\/daqbi\/","title":{"rendered":"Home"},"content":{"rendered":"\t\t<div data-elementor-type=\"wp-page\" data-elementor-id=\"1853\" class=\"elementor elementor-1853\">\n\t\t\t\t\t\t<section class=\"elementor-section elementor-top-section elementor-element elementor-element-2a1ce80 elementor-section-height-min-height elementor-section-boxed elementor-section-height-default elementor-section-items-middle wpr-particle-no wpr-jarallax-no wpr-parallax-no wpr-sticky-section-no wpr-equal-height-no\" data-id=\"2a1ce80\" data-element_type=\"section\" data-e-type=\"section\" data-settings=\"{&quot;background_background&quot;:&quot;classic&quot;}\">\n\t\t\t\t\t\t\t<div class=\"elementor-background-overlay\"><\/div>\n\t\t\t\t\t\t\t<div class=\"elementor-container elementor-column-gap-default\">\n\t\t\t\t\t<div class=\"elementor-column elementor-col-100 elementor-top-column elementor-element elementor-element-18ad21d\" data-id=\"18ad21d\" data-element_type=\"column\" data-e-type=\"column\">\n\t\t\t<div class=\"elementor-widget-wrap elementor-element-populated\">\n\t\t\t\t\t\t<div class=\"elementor-element elementor-element-23ef6f7 elementor-widget elementor-widget-heading\" data-id=\"23ef6f7\" data-element_type=\"widget\" data-e-type=\"widget\" data-widget_type=\"heading.default\">\n\t\t\t\t<div class=\"elementor-widget-container\">\n\t\t\t\t\t<h1 class=\"elementor-heading-title elementor-size-large\">Departamento Acad\u00eamico de Qu\u00edmica e Biologia<\/h1>\t\t\t\t<\/div>\n\t\t\t\t<\/div>\n\t\t\t\t<div class=\"elementor-element elementor-element-733d21b animated-fast elementor-invisible elementor-widget elementor-widget-heading\" data-id=\"733d21b\" data-element_type=\"widget\" data-e-type=\"widget\" data-settings=\"{&quot;_animation&quot;:&quot;slideInUp&quot;}\" data-widget_type=\"heading.default\">\n\t\t\t\t<div class=\"elementor-widget-container\">\n\t\t\t\t\t<h2 class=\"elementor-heading-title elementor-size-default\">Ensino  |  Pesquisa  |  Extens\u00e3o<\/h2>\t\t\t\t<\/div>\n\t\t\t\t<\/div>\n\t\t\t\t\t<\/div>\n\t\t<\/div>\n\t\t\t\t\t<\/div>\n\t\t<\/section>\n\t\t\t\t<section class=\"elementor-section elementor-top-section elementor-element elementor-element-8b6c240 elementor-section-boxed elementor-section-height-default elementor-section-height-default wpr-particle-no wpr-jarallax-no wpr-parallax-no wpr-sticky-section-no wpr-equal-height-no elementor-invisible\" data-id=\"8b6c240\" data-element_type=\"section\" data-e-type=\"section\" data-settings=\"{&quot;background_background&quot;:&quot;classic&quot;,&quot;animation&quot;:&quot;fadeIn&quot;}\">\n\t\t\t\t\t\t<div class=\"elementor-container elementor-column-gap-default\">\n\t\t\t\t\t<div class=\"elementor-column elementor-col-100 elementor-top-column elementor-element elementor-element-0557aa3\" data-id=\"0557aa3\" data-element_type=\"column\" data-e-type=\"column\">\n\t\t\t<div class=\"elementor-widget-wrap elementor-element-populated\">\n\t\t\t\t\t\t<div class=\"elementor-element elementor-element-3fd9736 elementor-widget-divider--view-line elementor-widget elementor-widget-divider\" data-id=\"3fd9736\" data-element_type=\"widget\" data-e-type=\"widget\" data-widget_type=\"divider.default\">\n\t\t\t\t<div class=\"elementor-widget-container\">\n\t\t\t\t\t\t\t<div class=\"elementor-divider\">\n\t\t\t<span class=\"elementor-divider-separator\">\n\t\t\t\t\t\t<\/span>\n\t\t<\/div>\n\t\t\t\t\t\t<\/div>\n\t\t\t\t<\/div>\n\t\t\t\t<div class=\"elementor-element elementor-element-a8cb192 elementor-widget elementor-widget-heading\" data-id=\"a8cb192\" data-element_type=\"widget\" data-e-type=\"widget\" data-widget_type=\"heading.default\">\n\t\t\t\t<div class=\"elementor-widget-container\">\n\t\t\t\t\t<h2 class=\"elementor-heading-title elementor-size-xl\">\u00daltimas Not\u00edcias <\/h2>\t\t\t\t<\/div>\n\t\t\t\t<\/div>\n\t\t\t\t<div class=\"elementor-element elementor-element-81ae89f elementor-widget elementor-widget-htmega-postcarousel-addons\" data-id=\"81ae89f\" data-element_type=\"widget\" data-e-type=\"widget\" data-settings=\"{&quot;carousel_post_type&quot;:&quot;post&quot;}\" data-widget_type=\"htmega-postcarousel-addons.default\">\n\t\t\t\t<div class=\"elementor-widget-container\">\n\t\t\t\t\t            <div class=\"post-carousel-wrapper htmega-postcarousel-layout-2 htmega-verticle-center-arrow sid81ae89f\">\n                <div dir=\"ltr\" class=\"htmega-carousel-activation\" data-settings=\"{&quot;sectionid&quot;:&quot;sid81ae89f&quot;,&quot;arrows&quot;:true,&quot;arrow_prev_txt&quot;:&quot;&lt;i class=\\&quot;fas fa-angle-left\\&quot;&gt;&lt;\\\/i&gt;&quot;,&quot;arrow_next_txt&quot;:&quot;&lt;i class=\\&quot;fas fa-angle-right\\&quot;&gt;&lt;\\\/i&gt;&quot;,&quot;dots&quot;:true,&quot;autoplay&quot;:false,&quot;autoplay_speed&quot;:3000,&quot;animation_speed&quot;:300,&quot;slloop&quot;:false,&quot;pause_on_hover&quot;:true,&quot;center_mode&quot;:false,&quot;center_padding&quot;:0,&quot;equal_height_column&quot;:false,&quot;equal_height_column_class&quot;:&quot;.post-inner&quot;,&quot;display_columns&quot;:3,&quot;scroll_columns&quot;:1,&quot;tablet_width&quot;:750,&quot;tablet_display_columns&quot;:2,&quot;tablet_scroll_columns&quot;:1,&quot;mobile_width&quot;:465,&quot;mobile_display_columns&quot;:1,&quot;mobile_scroll_columns&quot;:1}\" style=\"display:none;\">\n\n                    \n                                                    <div class=\"htmega-single-post-slide htmega-postslider-layout-2\" >\n                                <div class=\"thumb\">\n                                    <a href=\"https:\/\/utfpr.curitiba.br\/daqbi\/maior-edicao-do-sei-sicite-reune-mais-de-36-mil-participantes\/\"><img fetchpriority=\"high\" decoding=\"async\" width=\"396\" height=\"360\" src=\"https:\/\/utfpr-ct-static-content.s3.amazonaws.com\/utfpr.curitiba.br\/wp-content\/uploads\/sites\/149\/2025\/10\/image-1200-2da55b9534bf04f80f16888174c79dd5-396x360.png\" class=\"attachment-htmega_size_396x360 size-htmega_size_396x360 wp-post-image\" alt=\"\" \/><\/a>\n                                <\/div>\n                                            <div class=\"content htmega-solid\">\n                <div class=\"post-inner\">\n                                                    <ul class=\"post-category\">\n                                                                                <li><a href=\"https:\/\/utfpr.curitiba.br\/daqbi\/category\/noticias-da-utfpr\/\" class=\"category noticias-da-utfpr\">Noticias da UTFPR<\/a><\/li>\n                                                                        <\/ul>\n                            \n                    \n                                                <h2><a href=\"https:\/\/utfpr.curitiba.br\/daqbi\/maior-edicao-do-sei-sicite-reune-mais-de-36-mil-participantes\/\">Maior edi\u00e7\u00e3o do\u00a0SEI-Sicite re\u00fane mais de 3,6 mil participantes<\/a><\/h2>\n                        \n                    \n                    <p>Estudantes receberam trof\u00e9us em reconhecimento pelos melhores trabalhos<\/p>\n                                                <ul class=\"meta\">\n                                                                    <li><i class=\"fa fa-clock-o\"><\/i>29 outubro 2025<\/li>\n                                                            <\/ul>\n                                \n                    \n                                            <div class=\"post-btn\">\n                            <a class=\"readmore-btn\" href=\"https:\/\/utfpr.curitiba.br\/daqbi\/maior-edicao-do-sei-sicite-reune-mais-de-36-mil-participantes\/\">Leia mais<\/a>\n                        <\/div>\n                    \n                <\/div>\n            <\/div>\n                                    <\/div>\n\n                        \n                        \n                                                    <div class=\"htmega-single-post-slide htmega-postslider-layout-2\" >\n                                <div class=\"thumb\">\n                                    <a href=\"https:\/\/utfpr.curitiba.br\/daqbi\/abertura-do-sei-sicite-destaca-a-insercao-de-meninas-na-ciencia\/\"><img decoding=\"async\" width=\"396\" height=\"360\" src=\"https:\/\/utfpr-ct-static-content.s3.amazonaws.com\/utfpr.curitiba.br\/wp-content\/uploads\/sites\/149\/2025\/10\/image-1200-3916678e1dc625e16fb801bf21f5dbda-396x360.png\" class=\"attachment-htmega_size_396x360 size-htmega_size_396x360 wp-post-image\" alt=\"\" \/><\/a>\n                                <\/div>\n                                            <div class=\"content htmega-solid\">\n                <div class=\"post-inner\">\n                                                    <ul class=\"post-category\">\n                                                                                <li><a href=\"https:\/\/utfpr.curitiba.br\/daqbi\/category\/extensao-pt\/\" class=\"category extensao-pt\">Extens\u00e3o<\/a><\/li>\n                                                                                    <li><a href=\"https:\/\/utfpr.curitiba.br\/daqbi\/category\/noticias-da-utfpr\/\" class=\"category noticias-da-utfpr\">Noticias da UTFPR<\/a><\/li>\n                                                                        <\/ul>\n                            \n                    \n                                                <h2><a href=\"https:\/\/utfpr.curitiba.br\/daqbi\/abertura-do-sei-sicite-destaca-a-insercao-de-meninas-na-ciencia\/\">Abertura do\u00a0SEI-Sicite destaca a inser\u00e7\u00e3o de meninas na ci\u00eancia<\/a><\/h2>\n                        \n                    \n                    <p>Maior evento institucional da UTFPR ocorre no Campus Curitiba at\u00e9 sexta (25)<\/p>\n                                                <ul class=\"meta\">\n                                                                    <li><i class=\"fa fa-clock-o\"><\/i>22 outubro 2025<\/li>\n                                                            <\/ul>\n                                \n                    \n                                            <div class=\"post-btn\">\n                            <a class=\"readmore-btn\" href=\"https:\/\/utfpr.curitiba.br\/daqbi\/abertura-do-sei-sicite-destaca-a-insercao-de-meninas-na-ciencia\/\">Leia mais<\/a>\n                        <\/div>\n                    \n                <\/div>\n            <\/div>\n                                    <\/div>\n\n                        \n                        \n                                                    <div class=\"htmega-single-post-slide htmega-postslider-layout-2\" >\n                                <div class=\"thumb\">\n                                    <a href=\"https:\/\/utfpr.curitiba.br\/daqbi\/utfpr-realiza-sei-sicite-entre-20-e-24-de-outubro-em-curitiba\/\"><img decoding=\"async\" width=\"396\" height=\"360\" src=\"https:\/\/utfpr-ct-static-content.s3.amazonaws.com\/utfpr.curitiba.br\/wp-content\/uploads\/sites\/149\/2025\/10\/sei-sicite-2-396x360.png\" class=\"attachment-htmega_size_396x360 size-htmega_size_396x360 wp-post-image\" alt=\"\" \/><\/a>\n                                <\/div>\n                                            <div class=\"content htmega-solid\">\n                <div class=\"post-inner\">\n                                                    <ul class=\"post-category\">\n                                                                                <li><a href=\"https:\/\/utfpr.curitiba.br\/daqbi\/category\/noticias-da-utfpr\/\" class=\"category noticias-da-utfpr\">Noticias da UTFPR<\/a><\/li>\n                                                                        <\/ul>\n                            \n                    \n                                                <h2><a href=\"https:\/\/utfpr.curitiba.br\/daqbi\/utfpr-realiza-sei-sicite-entre-20-e-24-de-outubro-em-curitiba\/\">UTFPR realiza\u00a0SEI-Sicite entre 20 e 24 de outubro em\u00a0Curitiba<\/a><\/h2>\n                        \n                    \n                    <p>Maior evento institucional, cient\u00edfico e tecnol\u00f3gico \u00e9 aberto e gratuito \u00e0 comunidade<\/p>\n                                                <ul class=\"meta\">\n                                                                    <li><i class=\"fa fa-clock-o\"><\/i>14 outubro 2025<\/li>\n                                                            <\/ul>\n                                \n                    \n                                            <div class=\"post-btn\">\n                            <a class=\"readmore-btn\" href=\"https:\/\/utfpr.curitiba.br\/daqbi\/utfpr-realiza-sei-sicite-entre-20-e-24-de-outubro-em-curitiba\/\">Leia mais<\/a>\n                        <\/div>\n                    \n                <\/div>\n            <\/div>\n                                    <\/div>\n\n                        \n                        \n                                                    <div class=\"htmega-single-post-slide htmega-postslider-layout-2\" >\n                                <div class=\"thumb\">\n                                    <a href=\"https:\/\/utfpr.curitiba.br\/daqbi\/vem-ai-o-sei-sicite\/\"><img loading=\"lazy\" decoding=\"async\" width=\"396\" height=\"360\" src=\"https:\/\/utfpr-ct-static-content.s3.amazonaws.com\/utfpr.curitiba.br\/wp-content\/uploads\/sites\/149\/2025\/10\/sei-sicite-396x360.png\" class=\"attachment-htmega_size_396x360 size-htmega_size_396x360 wp-post-image\" alt=\"\" \/><\/a>\n                                <\/div>\n                                            <div class=\"content htmega-solid\">\n                <div class=\"post-inner\">\n                                                    <ul class=\"post-category\">\n                                                                                <li><a href=\"https:\/\/utfpr.curitiba.br\/daqbi\/category\/noticias-da-utfpr\/\" class=\"category noticias-da-utfpr\">Noticias da UTFPR<\/a><\/li>\n                                                                        <\/ul>\n                            \n                    \n                                                <h2><a href=\"https:\/\/utfpr.curitiba.br\/daqbi\/vem-ai-o-sei-sicite\/\">Vem a\u00ed o\u00a0SEI-SICITE<\/a><\/h2>\n                        \n                    \n                    <p>O maior encontro acad\u00eamico da UTFPR acontecer\u00e1 de 20 a 24 de outubro, em Curitiba<\/p>\n                                                <ul class=\"meta\">\n                                                                    <li><i class=\"fa fa-clock-o\"><\/i>10 outubro 2025<\/li>\n                                                            <\/ul>\n                                \n                    \n                                            <div class=\"post-btn\">\n                            <a class=\"readmore-btn\" href=\"https:\/\/utfpr.curitiba.br\/daqbi\/vem-ai-o-sei-sicite\/\">Leia mais<\/a>\n                        <\/div>\n                    \n                <\/div>\n            <\/div>\n                                    <\/div>\n\n                        \n                        \n                                                    <div class=\"htmega-single-post-slide htmega-postslider-layout-2\" >\n                                <div class=\"thumb\">\n                                    <a href=\"https:\/\/utfpr.curitiba.br\/daqbi\/viii-simposio-de-graduacao-e-pos-graduacao-do-daqbi-realizou-palestras-minicursos-e-feira-de-estagio\/\"><img loading=\"lazy\" decoding=\"async\" width=\"396\" height=\"360\" src=\"https:\/\/utfpr-ct-static-content.s3.amazonaws.com\/utfpr.curitiba.br\/wp-content\/uploads\/sites\/149\/2025\/10\/Simdaqbi-396x360.png\" class=\"attachment-htmega_size_396x360 size-htmega_size_396x360 wp-post-image\" alt=\"\" \/><\/a>\n                                <\/div>\n                                            <div class=\"content htmega-solid\">\n                <div class=\"post-inner\">\n                                                    <ul class=\"post-category\">\n                                                                                <li><a href=\"https:\/\/utfpr.curitiba.br\/daqbi\/category\/departamento-pt\/\" class=\"category departamento-pt\">Departamento<\/a><\/li>\n                                                                                    <li><a href=\"https:\/\/utfpr.curitiba.br\/daqbi\/category\/noticias-da-utfpr\/\" class=\"category noticias-da-utfpr\">Noticias da UTFPR<\/a><\/li>\n                                                                        <\/ul>\n                            \n                    \n                                                <h2><a href=\"https:\/\/utfpr.curitiba.br\/daqbi\/viii-simposio-de-graduacao-e-pos-graduacao-do-daqbi-realizou-palestras-minicursos-e-feira-de-estagio\/\">VIII Simp\u00f3sio de Gradua\u00e7\u00e3o e P\u00f3s-Gradua\u00e7\u00e3o do DAQBI realizou palestras , minicursos e feira de est\u00e1gio<\/a><\/h2>\n                        \n                    \n                    <p>Evento realizado na sede Ecoville reuniu tend\u00eancias de pesquisa e de mercado<\/p>\n                                                <ul class=\"meta\">\n                                                                    <li><i class=\"fa fa-clock-o\"><\/i>10 outubro 2025<\/li>\n                                                            <\/ul>\n                                \n                    \n                                            <div class=\"post-btn\">\n                            <a class=\"readmore-btn\" href=\"https:\/\/utfpr.curitiba.br\/daqbi\/viii-simposio-de-graduacao-e-pos-graduacao-do-daqbi-realizou-palestras-minicursos-e-feira-de-estagio\/\">Leia mais<\/a>\n                        <\/div>\n                    \n                <\/div>\n            <\/div>\n                                    <\/div>\n\n                        \n                        \n                                                    <div class=\"htmega-single-post-slide htmega-postslider-layout-2\" >\n                                <div class=\"thumb\">\n                                    <a href=\"https:\/\/utfpr.curitiba.br\/daqbi\/utfpr-esta-entre-as-melhores-universidades-da-america-latina-no-qs-ranking-2026\/\"><img loading=\"lazy\" decoding=\"async\" width=\"396\" height=\"360\" src=\"https:\/\/utfpr-ct-static-content.s3.amazonaws.com\/utfpr.curitiba.br\/wp-content\/uploads\/sites\/149\/2025\/10\/image-1200-081d8c3a190184ce2c09aad068f792b7-396x360.png\" class=\"attachment-htmega_size_396x360 size-htmega_size_396x360 wp-post-image\" alt=\"\" \/><\/a>\n                                <\/div>\n                                            <div class=\"content htmega-solid\">\n                <div class=\"post-inner\">\n                                                    <ul class=\"post-category\">\n                                                                                <li><a href=\"https:\/\/utfpr.curitiba.br\/daqbi\/category\/noticias-da-utfpr-pt\/\" class=\"category noticias-da-utfpr-pt\">Noticias da UTFPR<\/a><\/li>\n                                                                        <\/ul>\n                            \n                    \n                                                <h2><a href=\"https:\/\/utfpr.curitiba.br\/daqbi\/utfpr-esta-entre-as-melhores-universidades-da-america-latina-no-qs-ranking-2026\/\">UTFPR est\u00e1 entre as melhores universidades da Am\u00e9rica Latina no QS Ranking 2026<\/a><\/h2>\n                        \n                    \n                    <p>Institui\u00e7\u00e3o \u00e9 a 34\u00aa no Brasil e 101\u00aa na Am\u00e9rica do Sul e 122\u00aa no continente<\/p>\n                                                <ul class=\"meta\">\n                                                                    <li><i class=\"fa fa-clock-o\"><\/i>10 outubro 2025<\/li>\n                                                            <\/ul>\n                                \n                    \n                                            <div class=\"post-btn\">\n                            <a class=\"readmore-btn\" href=\"https:\/\/utfpr.curitiba.br\/daqbi\/utfpr-esta-entre-as-melhores-universidades-da-america-latina-no-qs-ranking-2026\/\">Leia mais<\/a>\n                        <\/div>\n                    \n                <\/div>\n            <\/div>\n                                    <\/div>\n\n                        \n                        \n                                                    <div class=\"htmega-single-post-slide htmega-postslider-layout-2\" >\n                                <div class=\"thumb\">\n                                    <a href=\"https:\/\/utfpr.curitiba.br\/daqbi\/disponibilizada-a-nota-da-redacao-do-vestibular-de-verao\/\"><img decoding=\"async\" src=\"https:\/\/utfpr.curitiba.br\/daqbi\/wp-content\/plugins\/ht-mega-for-elementor\/\/assets\/images\/image-placeholder.png\" alt=\"Disponibilizada a nota da Reda\u00e7\u00e3o do Vestibular de Ver\u00e3o\" \/><\/a>\n                                <\/div>\n                                            <div class=\"content htmega-solid\">\n                <div class=\"post-inner\">\n                                                    <ul class=\"post-category\">\n                                                                                <li><a href=\"https:\/\/utfpr.curitiba.br\/daqbi\/category\/noticias-da-utfpr-pt\/\" class=\"category noticias-da-utfpr-pt\">Noticias da UTFPR<\/a><\/li>\n                                                                                    <li><a href=\"https:\/\/utfpr.curitiba.br\/daqbi\/category\/sem-categoria-pt\/\" class=\"category sem-categoria-pt\">Sem categoria<\/a><\/li>\n                                                                        <\/ul>\n                            \n                    \n                                                <h2><a href=\"https:\/\/utfpr.curitiba.br\/daqbi\/disponibilizada-a-nota-da-redacao-do-vestibular-de-verao\/\">Disponibilizada a nota da Reda\u00e7\u00e3o do Vestibular de Ver\u00e3o<\/a><\/h2>\n                        \n                    \n                    <p>Resultado do seletivo deve ser divulgado no dia 16 de janeiro de 2024<\/p>\n                                                <ul class=\"meta\">\n                                                                    <li><i class=\"fa fa-clock-o\"><\/i>28 novembro 2024<\/li>\n                                                            <\/ul>\n                                \n                    \n                                            <div class=\"post-btn\">\n                            <a class=\"readmore-btn\" href=\"https:\/\/utfpr.curitiba.br\/daqbi\/disponibilizada-a-nota-da-redacao-do-vestibular-de-verao\/\">Leia mais<\/a>\n                        <\/div>\n                    \n                <\/div>\n            <\/div>\n                                    <\/div>\n\n                        \n                        \n                                                    <div class=\"htmega-single-post-slide htmega-postslider-layout-2\" >\n                                <div class=\"thumb\">\n                                    <a href=\"https:\/\/utfpr.curitiba.br\/daqbi\/artigo-do-grupo-gyro-ganha-melhor-trabalho-de-congresso-3\/\"><img decoding=\"async\" src=\"https:\/\/utfpr.curitiba.br\/daqbi\/wp-content\/plugins\/ht-mega-for-elementor\/\/assets\/images\/image-placeholder.png\" alt=\"Artigo do grupo Gyro ganha melhor trabalho de Congresso\" \/><\/a>\n                                <\/div>\n                                            <div class=\"content htmega-solid\">\n                <div class=\"post-inner\">\n                                                    <ul class=\"post-category\">\n                                                                                <li><a href=\"https:\/\/utfpr.curitiba.br\/daqbi\/category\/noticias-da-utfpr-pt\/\" class=\"category noticias-da-utfpr-pt\">Noticias da UTFPR<\/a><\/li>\n                                                                                    <li><a href=\"https:\/\/utfpr.curitiba.br\/daqbi\/category\/sem-categoria-pt\/\" class=\"category sem-categoria-pt\">Sem categoria<\/a><\/li>\n                                                                        <\/ul>\n                            \n                    \n                                                <h2><a href=\"https:\/\/utfpr.curitiba.br\/daqbi\/artigo-do-grupo-gyro-ganha-melhor-trabalho-de-congresso-3\/\">Artigo do grupo Gyro ganha melhor trabalho de Congresso<\/a><\/h2>\n                        \n                    \n                    <p>Pesquisa destaca o potencial dos dados provenientes de pesquisas por amostra de domic\u00edlio para estruturar uma base de dados para estudos do ciclo de vida dos produtos<\/p>\n                                                <ul class=\"meta\">\n                                                                    <li><i class=\"fa fa-clock-o\"><\/i>28 novembro 2024<\/li>\n                                                            <\/ul>\n                                \n                    \n                                            <div class=\"post-btn\">\n                            <a class=\"readmore-btn\" href=\"https:\/\/utfpr.curitiba.br\/daqbi\/artigo-do-grupo-gyro-ganha-melhor-trabalho-de-congresso-3\/\">Leia mais<\/a>\n                        <\/div>\n                    \n                <\/div>\n            <\/div>\n                                    <\/div>\n\n                        \n                        \n                <\/div>\n            <\/div>\n            \n            \n\n        \t\t\t\t<\/div>\n\t\t\t\t<\/div>\n\t\t\t\t\t<\/div>\n\t\t<\/div>\n\t\t\t\t\t<\/div>\n\t\t<\/section>\n\t\t\t\t<section class=\"elementor-section elementor-top-section elementor-element elementor-element-eb90b19 animated-fast elementor-section-boxed elementor-section-height-default elementor-section-height-default wpr-particle-no wpr-jarallax-no wpr-parallax-no wpr-sticky-section-no wpr-equal-height-no elementor-invisible\" data-id=\"eb90b19\" data-element_type=\"section\" data-e-type=\"section\" data-settings=\"{&quot;background_background&quot;:&quot;classic&quot;,&quot;animation&quot;:&quot;fadeIn&quot;}\">\n\t\t\t\t\t\t<div class=\"elementor-container elementor-column-gap-default\">\n\t\t\t\t\t<div class=\"elementor-column elementor-col-100 elementor-top-column elementor-element elementor-element-6be5950\" data-id=\"6be5950\" data-element_type=\"column\" data-e-type=\"column\" data-settings=\"{&quot;animation&quot;:&quot;none&quot;}\">\n\t\t\t<div class=\"elementor-widget-wrap elementor-element-populated\">\n\t\t\t\t\t\t<div class=\"elementor-element elementor-element-4a6c0f9 elementor-widget-divider--view-line elementor-widget elementor-widget-divider\" data-id=\"4a6c0f9\" data-element_type=\"widget\" data-e-type=\"widget\" data-widget_type=\"divider.default\">\n\t\t\t\t<div class=\"elementor-widget-container\">\n\t\t\t\t\t\t\t<div class=\"elementor-divider\">\n\t\t\t<span class=\"elementor-divider-separator\">\n\t\t\t\t\t\t<\/span>\n\t\t<\/div>\n\t\t\t\t\t\t<\/div>\n\t\t\t\t<\/div>\n\t\t\t\t<div class=\"elementor-element elementor-element-9b61237 animated-fast elementor-widget elementor-widget-heading\" data-id=\"9b61237\" data-element_type=\"widget\" data-e-type=\"widget\" data-settings=\"{&quot;_animation&quot;:&quot;none&quot;,&quot;_animation_delay&quot;:&quot;100&quot;}\" data-widget_type=\"heading.default\">\n\t\t\t\t<div class=\"elementor-widget-container\">\n\t\t\t\t\t<h2 class=\"elementor-heading-title elementor-size-xl\">Links Importantes<\/h2>\t\t\t\t<\/div>\n\t\t\t\t<\/div>\n\t\t\t\t<section class=\"elementor-section elementor-inner-section elementor-element elementor-element-1391ef3 elementor-section-boxed elementor-section-height-default elementor-section-height-default wpr-particle-no wpr-jarallax-no wpr-parallax-no wpr-sticky-section-no wpr-equal-height-no\" data-id=\"1391ef3\" data-element_type=\"section\" data-e-type=\"section\">\n\t\t\t\t\t\t<div class=\"elementor-container elementor-column-gap-default\">\n\t\t\t\t\t<div class=\"elementor-column elementor-col-25 elementor-inner-column elementor-element elementor-element-2c4d3d1\" data-id=\"2c4d3d1\" data-element_type=\"column\" data-e-type=\"column\">\n\t\t\t<div class=\"elementor-widget-wrap elementor-element-populated\">\n\t\t\t\t\t\t<div class=\"elementor-element elementor-element-db01a37 elementor-widget elementor-widget-image\" data-id=\"db01a37\" data-element_type=\"widget\" data-e-type=\"widget\" data-widget_type=\"image.default\">\n\t\t\t\t<div class=\"elementor-widget-container\">\n\t\t\t\t\t\t\t\t\t\t\t\t\t\t\t\t<a href=\"https:\/\/www.even3.com.br\/vi-simdaqbi-340914\/\" target=\"_blank\">\n\t\t\t\t\t\t\t<img loading=\"lazy\" decoding=\"async\" width=\"200\" height=\"150\" src=\"https:\/\/utfpr-ct-static-content.s3.amazonaws.com\/utfpr.curitiba.br\/wp-content\/uploads\/sites\/149\/2023\/05\/Design-sem-nome-5.png\" class=\"attachment-full size-full wp-image-802\" alt=\"\" \/>\t\t\t\t\t\t\t\t<\/a>\n\t\t\t\t\t\t\t\t\t\t\t\t\t\t\t<\/div>\n\t\t\t\t<\/div>\n\t\t\t\t\t<\/div>\n\t\t<\/div>\n\t\t\t\t<div class=\"elementor-column elementor-col-25 elementor-inner-column elementor-element elementor-element-d6bc630\" data-id=\"d6bc630\" data-element_type=\"column\" data-e-type=\"column\">\n\t\t\t<div class=\"elementor-widget-wrap elementor-element-populated\">\n\t\t\t\t\t\t<div class=\"elementor-element elementor-element-9ebdf36 elementor-widget elementor-widget-image\" data-id=\"9ebdf36\" data-element_type=\"widget\" data-e-type=\"widget\" data-widget_type=\"image.default\">\n\t\t\t\t<div class=\"elementor-widget-container\">\n\t\t\t\t\t\t\t\t\t\t\t\t\t\t\t\t<a href=\"https:\/\/iupac.org\/\" target=\"_blank\">\n\t\t\t\t\t\t\t<img loading=\"lazy\" decoding=\"async\" width=\"150\" height=\"150\" src=\"https:\/\/utfpr-ct-static-content.s3.amazonaws.com\/utfpr.curitiba.br\/wp-content\/uploads\/sites\/149\/2023\/05\/Design-sem-nome-2-150x150.png\" class=\"attachment-thumbnail size-thumbnail wp-image-801\" alt=\"\" \/>\t\t\t\t\t\t\t\t<\/a>\n\t\t\t\t\t\t\t\t\t\t\t\t\t\t\t<\/div>\n\t\t\t\t<\/div>\n\t\t\t\t\t<\/div>\n\t\t<\/div>\n\t\t\t\t<div class=\"elementor-column elementor-col-25 elementor-inner-column elementor-element elementor-element-8f16e8d\" data-id=\"8f16e8d\" data-element_type=\"column\" data-e-type=\"column\">\n\t\t\t<div class=\"elementor-widget-wrap elementor-element-populated\">\n\t\t\t\t\t\t<div class=\"elementor-element elementor-element-25cbe88 elementor-widget elementor-widget-image\" data-id=\"25cbe88\" data-element_type=\"widget\" data-e-type=\"widget\" data-widget_type=\"image.default\">\n\t\t\t\t<div class=\"elementor-widget-container\">\n\t\t\t\t\t\t\t\t\t\t\t\t\t\t\t\t<a href=\"http:\/\/www.sbq.org.br\/\" target=\"_blank\">\n\t\t\t\t\t\t\t<img loading=\"lazy\" decoding=\"async\" width=\"150\" height=\"150\" src=\"https:\/\/utfpr-ct-static-content.s3.amazonaws.com\/utfpr.curitiba.br\/wp-content\/uploads\/sites\/149\/2023\/08\/logo_sbq-150x150.jpg\" class=\"attachment-thumbnail size-thumbnail wp-image-1859\" alt=\"\" \/>\t\t\t\t\t\t\t\t<\/a>\n\t\t\t\t\t\t\t\t\t\t\t\t\t\t\t<\/div>\n\t\t\t\t<\/div>\n\t\t\t\t\t<\/div>\n\t\t<\/div>\n\t\t\t\t<div class=\"elementor-column elementor-col-25 elementor-inner-column elementor-element elementor-element-8866808\" data-id=\"8866808\" data-element_type=\"column\" data-e-type=\"column\">\n\t\t\t<div class=\"elementor-widget-wrap elementor-element-populated\">\n\t\t\t\t\t\t<div class=\"elementor-element elementor-element-e714257 elementor-widget elementor-widget-image\" data-id=\"e714257\" data-element_type=\"widget\" data-e-type=\"widget\" data-widget_type=\"image.default\">\n\t\t\t\t<div class=\"elementor-widget-container\">\n\t\t\t\t\t\t\t\t\t\t\t\t\t\t\t\t<a href=\"http:\/\/www.sbq.org.br\/\" target=\"_blank\">\n\t\t\t\t\t\t\t<img loading=\"lazy\" decoding=\"async\" width=\"150\" height=\"150\" src=\"https:\/\/utfpr-ct-static-content.s3.amazonaws.com\/utfpr.curitiba.br\/wp-content\/uploads\/sites\/149\/2023\/05\/Design-sem-nome-3-150x150.png\" class=\"attachment-thumbnail size-thumbnail wp-image-804\" alt=\"\" \/>\t\t\t\t\t\t\t\t<\/a>\n\t\t\t\t\t\t\t\t\t\t\t\t\t\t\t<\/div>\n\t\t\t\t<\/div>\n\t\t\t\t\t<\/div>\n\t\t<\/div>\n\t\t\t\t\t<\/div>\n\t\t<\/section>\n\t\t\t\t\t<\/div>\n\t\t<\/div>\n\t\t\t\t\t<\/div>\n\t\t<\/section>\n\t\t\t\t<section class=\"elementor-section elementor-top-section elementor-element elementor-element-2200f7b elementor-section-boxed elementor-section-height-default elementor-section-height-default wpr-particle-no wpr-jarallax-no wpr-parallax-no wpr-sticky-section-no wpr-equal-height-no elementor-invisible\" data-id=\"2200f7b\" data-element_type=\"section\" data-e-type=\"section\" data-settings=\"{&quot;background_background&quot;:&quot;classic&quot;,&quot;animation&quot;:&quot;fadeIn&quot;}\">\n\t\t\t\t\t\t<div class=\"elementor-container elementor-column-gap-default\">\n\t\t\t\t\t<div class=\"elementor-column elementor-col-100 elementor-top-column elementor-element elementor-element-4dbbadd\" data-id=\"4dbbadd\" data-element_type=\"column\" data-e-type=\"column\">\n\t\t\t<div class=\"elementor-widget-wrap elementor-element-populated\">\n\t\t\t\t\t\t<div class=\"elementor-element elementor-element-de34476 elementor-widget-divider--view-line elementor-widget elementor-widget-divider\" data-id=\"de34476\" data-element_type=\"widget\" data-e-type=\"widget\" data-widget_type=\"divider.default\">\n\t\t\t\t<div class=\"elementor-widget-container\">\n\t\t\t\t\t\t\t<div class=\"elementor-divider\">\n\t\t\t<span class=\"elementor-divider-separator\">\n\t\t\t\t\t\t<\/span>\n\t\t<\/div>\n\t\t\t\t\t\t<\/div>\n\t\t\t\t<\/div>\n\t\t\t\t<div class=\"elementor-element elementor-element-caf1aab elementor-widget elementor-widget-heading\" data-id=\"caf1aab\" data-element_type=\"widget\" data-e-type=\"widget\" data-widget_type=\"heading.default\">\n\t\t\t\t<div class=\"elementor-widget-container\">\n\t\t\t\t\t<h2 class=\"elementor-heading-title elementor-size-xl\">Sobre o DAQBi<\/h2>\t\t\t\t<\/div>\n\t\t\t\t<\/div>\n\t\t\t\t<div class=\"elementor-element elementor-element-6c9609a elementor-widget elementor-widget-text-editor\" data-id=\"6c9609a\" data-element_type=\"widget\" data-e-type=\"widget\" data-widget_type=\"text-editor.default\">\n\t\t\t\t<div class=\"elementor-widget-container\">\n\t\t\t\t\t\t\t\t\t<p>O Departamento Acad\u00eamico de Qu\u00edmica e Biologia \u2013 DAQBi-CT faz parte do campus Curitiba da UTFPR e est\u00e1 situado na sede Ecoville. Sua hist\u00f3ria se iniciou no final da d\u00e9cada de setenta, com a cria\u00e7\u00e3o do Centro Federal de Educa\u00e7\u00e3o Tecnol\u00f3gica, e consequente necessidade de novos departamentos para atender a diversidade dos cursos de n\u00edvel superior que estavam surgindo. Nesse momento, o ent\u00e3o Departamento de Ci\u00eancias, que abrangia as \u00e1reas de matem\u00e1tica, f\u00edsica, qu\u00edmica e biologia foi desmembrado, tinha in\u00edcio o Departamento Acad\u00eamico de Qu\u00edmica e Biologia, com sete professores de qu\u00edmica e dois de biologia sob a chefia do professor Otto Dieter Gerken. O DAQBi est\u00e1 em constante desenvolvimento e crescimento.\u00a0 Em 1983 contava apenas com dois laborat\u00f3rios did\u00e1ticos, hoje s\u00e3o 13 laborat\u00f3rios did\u00e1ticos, 32 laborat\u00f3rios de pesquisa e 2 laborat\u00f3rios multiusu\u00e1rios alocados numa \u00e1rea de 7000 m<sup>2<\/sup>. Seu corpo docente conta com aproximadamente 60 professores, dentre eles, qu\u00edmicos, bi\u00f3logos e engenheiros de diferentes \u00e1reas. O DAQBi oferece anualmente 206 vagas de gradua\u00e7\u00e3o distribu\u00eddas em quatro cursos de gradua\u00e7\u00e3o: Bacharelado em Qu\u00edmica Tecnol\u00f3gica, Bacharelado em Qu\u00edmica Ambiental, Licenciatura em Qu\u00edmica e Engenharia Ambiental e Sanit\u00e1ria.\u00a0 Atualmente existem tr\u00eas programas de p\u00f3s-gradua\u00e7\u00e3o vinculados ao DAQBi: o Programa de P\u00f3s-gradua\u00e7\u00e3o em Qu\u00edmica, PPGQ, Programa de P\u00f3s-gradua\u00e7\u00e3o em Ci\u00eancia e Tecnologia Ambiental, PPGCTA e o Programa de P\u00f3s-Gradua\u00e7\u00e3o em Forma\u00e7\u00e3o Cient\u00edfica, Educacional e Tecnol\u00f3gica, PPGFCET.<\/p>\t\t\t\t\t\t\t\t<\/div>\n\t\t\t\t<\/div>\n\t\t\t\t\t<\/div>\n\t\t<\/div>\n\t\t\t\t\t<\/div>\n\t\t<\/section>\n\t\t\t\t<section class=\"elementor-section elementor-top-section elementor-element elementor-element-c5a5601 elementor-section-boxed elementor-section-height-default elementor-section-height-default wpr-particle-no wpr-jarallax-no wpr-parallax-no wpr-sticky-section-no wpr-equal-height-no\" data-id=\"c5a5601\" data-element_type=\"section\" data-e-type=\"section\" data-settings=\"{&quot;background_background&quot;:&quot;classic&quot;}\">\n\t\t\t\t\t\t<div class=\"elementor-container elementor-column-gap-default\">\n\t\t\t\t\t<div class=\"elementor-column elementor-col-33 elementor-top-column elementor-element elementor-element-d8566fc\" data-id=\"d8566fc\" data-element_type=\"column\" data-e-type=\"column\">\n\t\t\t<div class=\"elementor-widget-wrap\">\n\t\t\t\t\t\t\t<\/div>\n\t\t<\/div>\n\t\t\t\t<div class=\"elementor-column elementor-col-66 elementor-top-column elementor-element elementor-element-d761fc2\" data-id=\"d761fc2\" data-element_type=\"column\" data-e-type=\"column\">\n\t\t\t<div class=\"elementor-widget-wrap elementor-element-populated\">\n\t\t\t\t\t\t<div class=\"elementor-element elementor-element-b3033f5 animated-fast elementor-widget-divider--view-line elementor-widget elementor-widget-divider\" data-id=\"b3033f5\" data-element_type=\"widget\" data-e-type=\"widget\" data-settings=\"{&quot;_animation_delay&quot;:&quot;0&quot;,&quot;_animation&quot;:&quot;none&quot;}\" data-widget_type=\"divider.default\">\n\t\t\t\t<div class=\"elementor-widget-container\">\n\t\t\t\t\t\t\t<div class=\"elementor-divider\">\n\t\t\t<span class=\"elementor-divider-separator\">\n\t\t\t\t\t\t<\/span>\n\t\t<\/div>\n\t\t\t\t\t\t<\/div>\n\t\t\t\t<\/div>\n\t\t\t\t<div class=\"elementor-element elementor-element-dcd8216 elementor-widget elementor-widget-heading\" data-id=\"dcd8216\" data-element_type=\"widget\" data-e-type=\"widget\" data-widget_type=\"heading.default\">\n\t\t\t\t<div class=\"elementor-widget-container\">\n\t\t\t\t\t<h2 class=\"elementor-heading-title elementor-size-large\">Atendimento<\/h2>\t\t\t\t<\/div>\n\t\t\t\t<\/div>\n\t\t\t\t<div class=\"elementor-element elementor-element-5ca4f03 elementor-widget elementor-widget-icon-box\" data-id=\"5ca4f03\" data-element_type=\"widget\" data-e-type=\"widget\" data-widget_type=\"icon-box.default\">\n\t\t\t\t<div class=\"elementor-widget-container\">\n\t\t\t\t\t\t\t<div class=\"elementor-icon-box-wrapper\">\n\n\t\t\t\n\t\t\t\t\t\t<div class=\"elementor-icon-box-content\">\n\n\t\t\t\t\n\t\t\t\t\t\t\t\t\t<p class=\"elementor-icon-box-description\">\n\t\t\t\t\t\tA Secretaria geral \u00e9 localizada na sala EC-312, da sede Ecoville da UTFPR campus Curitiba.<br>Telefone: <a href=\"tel:+554132796875\">(41) 3279-6875<\/a>\t\t\t\t\t<\/p>\n\t\t\t\t\n\t\t\t<\/div>\n\t\t\t\n\t\t<\/div>\n\t\t\t\t\t\t<\/div>\n\t\t\t\t<\/div>\n\t\t\t\t<section class=\"elementor-section elementor-inner-section elementor-element elementor-element-6bb2dca elementor-section-boxed elementor-section-height-default elementor-section-height-default wpr-particle-no wpr-jarallax-no wpr-parallax-no wpr-sticky-section-no wpr-equal-height-no\" data-id=\"6bb2dca\" data-element_type=\"section\" data-e-type=\"section\">\n\t\t\t\t\t\t<div class=\"elementor-container elementor-column-gap-default\">\n\t\t\t\t\t<div class=\"elementor-column elementor-col-50 elementor-inner-column elementor-element elementor-element-9b22f66\" data-id=\"9b22f66\" data-element_type=\"column\" data-e-type=\"column\">\n\t\t\t<div class=\"elementor-widget-wrap elementor-element-populated\">\n\t\t\t\t\t\t<div class=\"elementor-element elementor-element-c421cfb elementor-position-top elementor-widget elementor-widget-image-box\" data-id=\"c421cfb\" data-element_type=\"widget\" data-e-type=\"widget\" data-widget_type=\"image-box.default\">\n\t\t\t\t<div class=\"elementor-widget-container\">\n\t\t\t\t\t<div class=\"elementor-image-box-wrapper\"><figure class=\"elementor-image-box-img\"><img loading=\"lazy\" decoding=\"async\" width=\"1062\" height=\"1059\" src=\"https:\/\/utfpr-ct-static-content.s3.amazonaws.com\/utfpr.curitiba.br\/wp-content\/uploads\/sites\/149\/2023\/08\/pic-me-3-Tiago-Pacheco.jpeg\" class=\"attachment-full size-full wp-image-2213\" alt=\"\" srcset=\"https:\/\/utfpr-ct-static-content.s3.amazonaws.com\/utfpr.curitiba.br\/wp-content\/uploads\/sites\/149\/2023\/08\/pic-me-3-Tiago-Pacheco.jpeg 1062w, https:\/\/utfpr-ct-static-content.s3.amazonaws.com\/utfpr.curitiba.br\/wp-content\/uploads\/sites\/149\/2023\/08\/pic-me-3-Tiago-Pacheco-300x300.jpeg 300w, https:\/\/utfpr-ct-static-content.s3.amazonaws.com\/utfpr.curitiba.br\/wp-content\/uploads\/sites\/149\/2023\/08\/pic-me-3-Tiago-Pacheco-1024x1021.jpeg 1024w, https:\/\/utfpr-ct-static-content.s3.amazonaws.com\/utfpr.curitiba.br\/wp-content\/uploads\/sites\/149\/2023\/08\/pic-me-3-Tiago-Pacheco-150x150.jpeg 150w, https:\/\/utfpr-ct-static-content.s3.amazonaws.com\/utfpr.curitiba.br\/wp-content\/uploads\/sites\/149\/2023\/08\/pic-me-3-Tiago-Pacheco-768x766.jpeg 768w\" sizes=\"(max-width: 1062px) 100vw, 1062px\" \/><\/figure><div class=\"elementor-image-box-content\"><h5 class=\"elementor-image-box-title\">Tiago Pacheco de Camargo<\/h5><p class=\"elementor-image-box-description\">Chefe de departamento<\/p><\/div><\/div>\t\t\t\t<\/div>\n\t\t\t\t<\/div>\n\t\t\t\t<div class=\"elementor-element elementor-element-beb0d7c elementor-widget elementor-widget-text-editor\" data-id=\"beb0d7c\" data-element_type=\"widget\" data-e-type=\"widget\" data-widget_type=\"text-editor.default\">\n\t\t\t\t<div class=\"elementor-widget-container\">\n\t\t\t\t\t\t\t\t\t<p>E-mail: <a href=\"mailto:tiagocamargo@utfpr.edu.br\">tiagocamargo@utfpr.edu.br<\/a><\/p>\t\t\t\t\t\t\t\t<\/div>\n\t\t\t\t<\/div>\n\t\t\t\t\t<\/div>\n\t\t<\/div>\n\t\t\t\t<div class=\"elementor-column elementor-col-50 elementor-inner-column elementor-element elementor-element-5520311\" data-id=\"5520311\" data-element_type=\"column\" data-e-type=\"column\">\n\t\t\t<div class=\"elementor-widget-wrap elementor-element-populated\">\n\t\t\t\t\t\t<div class=\"elementor-element elementor-element-cd24a0f elementor-position-top elementor-widget elementor-widget-image-box\" data-id=\"cd24a0f\" data-element_type=\"widget\" data-e-type=\"widget\" data-widget_type=\"image-box.default\">\n\t\t\t\t<div class=\"elementor-widget-container\">\n\t\t\t\t\t<div class=\"elementor-image-box-wrapper\"><figure class=\"elementor-image-box-img\"><img loading=\"lazy\" decoding=\"async\" width=\"1600\" height=\"1600\" src=\"https:\/\/utfpr-ct-static-content.s3.amazonaws.com\/utfpr.curitiba.br\/wp-content\/uploads\/sites\/149\/2025\/10\/WhatsApp-Image-2025-10-03-at-13.23.04.jpeg\" class=\"attachment-full size-full wp-image-5604\" alt=\"\" srcset=\"https:\/\/utfpr-ct-static-content.s3.amazonaws.com\/utfpr.curitiba.br\/wp-content\/uploads\/sites\/149\/2025\/10\/WhatsApp-Image-2025-10-03-at-13.23.04.jpeg 1600w, https:\/\/utfpr-ct-static-content.s3.amazonaws.com\/utfpr.curitiba.br\/wp-content\/uploads\/sites\/149\/2025\/10\/WhatsApp-Image-2025-10-03-at-13.23.04-300x300.jpeg 300w, https:\/\/utfpr-ct-static-content.s3.amazonaws.com\/utfpr.curitiba.br\/wp-content\/uploads\/sites\/149\/2025\/10\/WhatsApp-Image-2025-10-03-at-13.23.04-1024x1024.jpeg 1024w, https:\/\/utfpr-ct-static-content.s3.amazonaws.com\/utfpr.curitiba.br\/wp-content\/uploads\/sites\/149\/2025\/10\/WhatsApp-Image-2025-10-03-at-13.23.04-150x150.jpeg 150w, https:\/\/utfpr-ct-static-content.s3.amazonaws.com\/utfpr.curitiba.br\/wp-content\/uploads\/sites\/149\/2025\/10\/WhatsApp-Image-2025-10-03-at-13.23.04-768x768.jpeg 768w, https:\/\/utfpr-ct-static-content.s3.amazonaws.com\/utfpr.curitiba.br\/wp-content\/uploads\/sites\/149\/2025\/10\/WhatsApp-Image-2025-10-03-at-13.23.04-1536x1536.jpeg 1536w\" sizes=\"(max-width: 1600px) 100vw, 1600px\" \/><\/figure><div class=\"elementor-image-box-content\"><h5 class=\"elementor-image-box-title\">Luiz Eduardo da Rocha<\/h5><p class=\"elementor-image-box-description\">Secret\u00e1rio departamental<\/p><\/div><\/div>\t\t\t\t<\/div>\n\t\t\t\t<\/div>\n\t\t\t\t<div class=\"elementor-element elementor-element-38f5ca4 elementor-widget elementor-widget-text-editor\" data-id=\"38f5ca4\" data-element_type=\"widget\" data-e-type=\"widget\" data-widget_type=\"text-editor.default\">\n\t\t\t\t<div class=\"elementor-widget-container\">\n\t\t\t\t\t\t\t\t\t<p>E-mail: <a href=\"mailto:daqbi-ct@utfpr.edu.br\">daqbi-ct@utfpr.edu.br<\/a><br><\/p>\t\t\t\t\t\t\t\t<\/div>\n\t\t\t\t<\/div>\n\t\t\t\t\t<\/div>\n\t\t<\/div>\n\t\t\t\t\t<\/div>\n\t\t<\/section>\n\t\t\t\t\t<\/div>\n\t\t<\/div>\n\t\t\t\t\t<\/div>\n\t\t<\/section>\n\t\t\t\t<section class=\"elementor-section elementor-top-section elementor-element elementor-element-abee28b elementor-section-boxed elementor-section-height-default elementor-section-height-default wpr-particle-no wpr-jarallax-no wpr-parallax-no wpr-sticky-section-no wpr-equal-height-no\" data-id=\"abee28b\" data-element_type=\"section\" data-e-type=\"section\" data-settings=\"{&quot;background_background&quot;:&quot;classic&quot;}\">\n\t\t\t\t\t\t<div class=\"elementor-container elementor-column-gap-default\">\n\t\t\t\t\t<div class=\"elementor-column elementor-col-33 elementor-top-column elementor-element elementor-element-419165f\" data-id=\"419165f\" data-element_type=\"column\" data-e-type=\"column\">\n\t\t\t<div class=\"elementor-widget-wrap elementor-element-populated\">\n\t\t\t\t\t\t<div class=\"elementor-element elementor-element-d180dd0 animated-fast elementor-widget-divider--view-line elementor-widget elementor-widget-divider\" data-id=\"d180dd0\" data-element_type=\"widget\" data-e-type=\"widget\" data-settings=\"{&quot;_animation_delay&quot;:&quot;0&quot;,&quot;_animation&quot;:&quot;none&quot;}\" data-widget_type=\"divider.default\">\n\t\t\t\t<div class=\"elementor-widget-container\">\n\t\t\t\t\t\t\t<div class=\"elementor-divider\">\n\t\t\t<span class=\"elementor-divider-separator\">\n\t\t\t\t\t\t<\/span>\n\t\t<\/div>\n\t\t\t\t\t\t<\/div>\n\t\t\t\t<\/div>\n\t\t\t\t<div class=\"elementor-element elementor-element-c164543 elementor-widget elementor-widget-heading\" data-id=\"c164543\" data-element_type=\"widget\" data-e-type=\"widget\" data-widget_type=\"heading.default\">\n\t\t\t\t<div class=\"elementor-widget-container\">\n\t\t\t\t\t<h2 class=\"elementor-heading-title elementor-size-large\">Localiza\u00e7\u00e3o<\/h2>\t\t\t\t<\/div>\n\t\t\t\t<\/div>\n\t\t\t\t<div class=\"elementor-element elementor-element-f765ad8 elementor-widget elementor-widget-spacer\" data-id=\"f765ad8\" data-element_type=\"widget\" data-e-type=\"widget\" data-widget_type=\"spacer.default\">\n\t\t\t\t<div class=\"elementor-widget-container\">\n\t\t\t\t\t\t\t<div class=\"elementor-spacer\">\n\t\t\t<div class=\"elementor-spacer-inner\"><\/div>\n\t\t<\/div>\n\t\t\t\t\t\t<\/div>\n\t\t\t\t<\/div>\n\t\t\t\t<div class=\"elementor-element elementor-element-84e8b49 elementor-widget elementor-widget-icon-box\" data-id=\"84e8b49\" data-element_type=\"widget\" data-e-type=\"widget\" data-widget_type=\"icon-box.default\">\n\t\t\t\t<div class=\"elementor-widget-container\">\n\t\t\t\t\t\t\t<div class=\"elementor-icon-box-wrapper\">\n\n\t\t\t\n\t\t\t\t\t\t<div class=\"elementor-icon-box-content\">\n\n\t\t\t\t\n\t\t\t\t\t\t\t\t\t<p class=\"elementor-icon-box-description\">\n\t\t\t\t\t\tBlocos C, E e F\n\n<br>UTFPR Curitiba, sede Ecoville<br>\nR. Dep. Heitor Alencar Furtado, 5000 - Cidade Industrial De Curitiba, Curitiba - PR, 81280-340\t\t\t\t\t<\/p>\n\t\t\t\t\n\t\t\t<\/div>\n\t\t\t\n\t\t<\/div>\n\t\t\t\t\t\t<\/div>\n\t\t\t\t<\/div>\n\t\t\t\t\t<\/div>\n\t\t<\/div>\n\t\t\t\t<div class=\"elementor-column elementor-col-66 elementor-top-column elementor-element elementor-element-ff6d09d\" data-id=\"ff6d09d\" data-element_type=\"column\" data-e-type=\"column\">\n\t\t\t<div class=\"elementor-widget-wrap elementor-element-populated\">\n\t\t\t\t\t\t<div class=\"elementor-element elementor-element-a4ee175 elementor-widget elementor-widget-google_maps\" data-id=\"a4ee175\" data-element_type=\"widget\" data-e-type=\"widget\" data-widget_type=\"google_maps.default\">\n\t\t\t\t<div class=\"elementor-widget-container\">\n\t\t\t\t\t\t\t<div class=\"elementor-custom-embed\">\n\t\t\t<iframe loading=\"lazy\"\n\t\t\t\t\tsrc=\"https:\/\/maps.google.com\/maps?q=UTFPR%20Curitiba%20-%20Sede%20Ecoville&#038;t=m&#038;z=15&#038;output=embed&#038;iwloc=near\"\n\t\t\t\t\ttitle=\"UTFPR Curitiba - Sede Ecoville\"\n\t\t\t\t\taria-label=\"UTFPR Curitiba - Sede Ecoville\"\n\t\t\t><\/iframe>\n\t\t<\/div>\n\t\t\t\t\t\t<\/div>\n\t\t\t\t<\/div>\n\t\t\t\t\t<\/div>\n\t\t<\/div>\n\t\t\t\t\t<\/div>\n\t\t<\/section>\n\t\t\t\t<\/div>\n\t\t","protected":false},"excerpt":{"rendered":"<p>Departamento Acad\u00eamico de Qu\u00edmica e Biologia Ensino | Pesquisa | Extens\u00e3o \u00daltimas Not\u00edcias Noticias da UTFPR UTFPR est\u00e1 entre as melhores universidades da Am\u00e9rica Latina no QS Ranking 2026 Institui\u00e7\u00e3o \u00e9 a 34\u00aa no Brasil e 101\u00aa na Am\u00e9rica do Sul e 122\u00aa no continente 10 outubro 2025 Leia mais Noticias da UTFPR Sem categoria Disponibilizada a nota da Reda\u00e7\u00e3o do Vestibular de Ver\u00e3o Resultado do seletivo deve ser divulgado no dia 16 de janeiro de 2024 28 novembro 2024 Leia mais Noticias da UTFPR Sem categoria Artigo do grupo Gyro ganha melhor trabalho de Congresso Pesquisa destaca o potencial dos dados provenientes de pesquisas por amostra de domic\u00edlio para estruturar uma base de dados para estudos do ciclo de vida dos produtos 28 novembro 2024 Leia mais Noticias da UTFPR Sem categoria Edital seleciona tutores para curso de Licenciatura em Computa\u00e7\u00e3o EAD Profissionais s\u00e3o para o Campus Ponta Grossa e outros polos UAB 28 novembro 2024 Leia mais Noticias da UTFPR Sem categoria Cogep aprova pol\u00edticas de ingresso na gradua\u00e7\u00e3o de grupos vulner\u00e1veis Propostas ainda ser\u00e3o apreciadas pelo Conselho Universit\u00e1rio em 2024 28 novembro 2024 Leia mais Noticias da UTFPR Sem categoria Professor da UTFPR ter\u00e1 romance adaptado para o audiovisual O longa \u201cMeu av\u00f4 \u00e9 um nihonjin\u201d \u00e9 baseado no romance \u201cNihonjin\u201d, de Oscar Nakasato 28 novembro 2024 Leia mais Noticias da UTFPR Sem categoria UTFPR oferece mais de 600 vagas no mestrado e no doutorado Cursos s\u00e3o ofertados gratuitamente pela Universidade 28 novembro 2024 Leia mais Noticias da UTFPR Sem categoria Pesquisadores prop\u00f5em m\u00e9todo de avalia\u00e7\u00e3o de emiss\u00e3o de caixas ac\u00fasticas A metodologia proposta pelos professores do Campus Toledo foi selecionada como capa da revista &quot;The Journal of the Acoustical Society of America&quot; 28 novembro 2024 Leia mais Links Importantes Sobre o DAQBi O Departamento Acad\u00eamico de Qu\u00edmica e Biologia \u2013 DAQBi-CT faz parte do campus Curitiba da UTFPR e est\u00e1 situado na sede Ecoville. Sua hist\u00f3ria se iniciou no final da d\u00e9cada de setenta, com a cria\u00e7\u00e3o do Centro Federal de Educa\u00e7\u00e3o Tecnol\u00f3gica, e consequente necessidade de novos departamentos para atender a diversidade dos cursos de n\u00edvel superior que estavam surgindo. Nesse momento, o ent\u00e3o Departamento de Ci\u00eancias, que abrangia as \u00e1reas de matem\u00e1tica, f\u00edsica, qu\u00edmica e biologia foi desmembrado, tinha in\u00edcio o Departamento Acad\u00eamico de Qu\u00edmica e Biologia, com sete professores de qu\u00edmica e dois de biologia sob a chefia do professor Otto Dieter Gerken. O DAQBi est\u00e1 em constante desenvolvimento e crescimento.\u00a0 Em 1983 contava apenas com dois laborat\u00f3rios did\u00e1ticos, hoje s\u00e3o 13 laborat\u00f3rios did\u00e1ticos, 32 laborat\u00f3rios de pesquisa e 2 laborat\u00f3rios multiusu\u00e1rios alocados numa \u00e1rea de 7000 m2. Seu corpo docente conta com aproximadamente 60 professores, dentre eles, qu\u00edmicos, bi\u00f3logos e engenheiros de diferentes \u00e1reas. O DAQBi oferece anualmente 206 vagas de gradua\u00e7\u00e3o distribu\u00eddas em quatro cursos de gradua\u00e7\u00e3o: Bacharelado em Qu\u00edmica Tecnol\u00f3gica, Bacharelado em Qu\u00edmica Ambiental, Licenciatura em Qu\u00edmica e Engenharia Ambiental e Sanit\u00e1ria.\u00a0 Atualmente existem tr\u00eas programas de p\u00f3s-gradua\u00e7\u00e3o vinculados ao DAQBi: o Programa de P\u00f3s-gradua\u00e7\u00e3o em Qu\u00edmica, PPGQ, Programa de P\u00f3s-gradua\u00e7\u00e3o em Ci\u00eancia e Tecnologia Ambiental, PPGCTA e o Programa de P\u00f3s-Gradua\u00e7\u00e3o em Forma\u00e7\u00e3o Cient\u00edfica, Educacional e Tecnol\u00f3gica, PPGFCET. Atendimento A Secretaria geral \u00e9 localizada na sala EC-312, da sede Ecoville da UTFPR campus Curitiba.Telefone: (41) 3279-6875 Tiago Pacheco de Camargo Chefe de departamento E-mail: tiagocamargo@utfpr.edu.br Luiz Eduardo da Rocha Secret\u00e1rio departamental E-mail: daqbi-ct@utfpr.edu.br Localiza\u00e7\u00e3o Blocos C, E e F UTFPR Curitiba, sede Ecoville R. Dep. Heitor Alencar Furtado, 5000 &#8211; Cidade Industrial De Curitiba, Curitiba &#8211; PR, 81280-340<\/p>\n","protected":false},"author":157,"featured_media":0,"parent":0,"menu_order":0,"comment_status":"closed","ping_status":"closed","template":"elementor_header_footer","meta":{"site-sidebar-layout":"default","site-content-layout":"","ast-site-content-layout":"default","site-content-style":"default","site-sidebar-style":"default","ast-global-header-display":"","ast-banner-title-visibility":"","ast-main-header-display":"","ast-hfb-above-header-display":"","ast-hfb-below-header-display":"","ast-hfb-mobile-header-display":"","site-post-title":"disabled","ast-breadcrumbs-content":"","ast-featured-img":"","footer-sml-layout":"","ast-disable-related-posts":"","theme-transparent-header-meta":"","adv-header-id-meta":"","stick-header-meta":"","header-above-stick-meta":"","header-main-stick-meta":"","header-below-stick-meta":"","astra-migrate-meta-layouts":"set","ast-page-background-enabled":"default","ast-page-background-meta":{"desktop":{"background-color":"var(--ast-global-color-4)","background-image":"","background-repeat":"repeat","background-position":"center center","background-size":"auto","background-attachment":"scroll","background-type":"","background-media":"","overlay-type":"","overlay-color":"","overlay-opacity":"","overlay-gradient":""},"tablet":{"background-color":"","background-image":"","background-repeat":"repeat","background-position":"center center","background-size":"auto","background-attachment":"scroll","background-type":"","background-media":"","overlay-type":"","overlay-color":"","overlay-opacity":"","overlay-gradient":""},"mobile":{"background-color":"","background-image":"","background-repeat":"repeat","background-position":"center center","background-size":"auto","background-attachment":"scroll","background-type":"","background-media":"","overlay-type":"","overlay-color":"","overlay-opacity":"","overlay-gradient":""}},"ast-content-background-meta":{"desktop":{"background-color":"var(--ast-global-color-5)","background-image":"","background-repeat":"repeat","background-position":"center center","background-size":"auto","background-attachment":"scroll","background-type":"","background-media":"","overlay-type":"","overlay-color":"","overlay-opacity":"","overlay-gradient":""},"tablet":{"background-color":"var(--ast-global-color-5)","background-image":"","background-repeat":"repeat","background-position":"center center","background-size":"auto","background-attachment":"scroll","background-type":"","background-media":"","overlay-type":"","overlay-color":"","overlay-opacity":"","overlay-gradient":""},"mobile":{"background-color":"var(--ast-global-color-5)","background-image":"","background-repeat":"repeat","background-position":"center center","background-size":"auto","background-attachment":"scroll","background-type":"","background-media":"","overlay-type":"","overlay-color":"","overlay-opacity":"","overlay-gradient":""}},"footnotes":""},"class_list":["post-1853","page","type-page","status-publish","hentry"],"yoast_head":"<!-- This site is optimized with the Yoast SEO plugin v27.4 - https:\/\/yoast.com\/product\/yoast-seo-wordpress\/ -->\n<title>Home - DAQBi<\/title>\n<meta name=\"description\" content=\"O Departamento Acad\u00eamico de Qu\u00edmica e Biologia \u2013 DAQBi-CT faz parte do campus Curitiba da UTFPR e est\u00e1 situado na sede Ecoville. O DAQBi oferece quatro cursos de gradua\u00e7\u00e3o: Bacharelado em Qu\u00edmica Tecnol\u00f3gica, Bacharelado em Qu\u00edmica Ambiental, Licenciatura em Qu\u00edmica e Engenharia Ambiental e Sanit\u00e1ria.\u00a0 Atualmente existem tr\u00eas programas de p\u00f3s-gradua\u00e7\u00e3o vinculados ao DAQBi: o Programa de P\u00f3s-gradua\u00e7\u00e3o em Qu\u00edmica, PPGQ, Programa de P\u00f3s-gradua\u00e7\u00e3o em Ci\u00eancia e Tecnologia Ambiental, PPGCTA e o Programa de P\u00f3s-Gradua\u00e7\u00e3o em Forma\u00e7\u00e3o Cient\u00edfica, Educacional e Tecnol\u00f3gica, PPGFCET.\" \/>\n<meta name=\"robots\" content=\"index, follow, max-snippet:-1, max-image-preview:large, max-video-preview:-1\" \/>\n<link rel=\"canonical\" href=\"https:\/\/utfpr.curitiba.br\/daqbi\/\" \/>\n<meta property=\"og:locale\" content=\"pt_BR\" \/>\n<meta property=\"og:type\" content=\"article\" \/>\n<meta property=\"og:title\" content=\"Home - DAQBi\" \/>\n<meta property=\"og:description\" content=\"O Departamento Acad\u00eamico de Qu\u00edmica e Biologia \u2013 DAQBi-CT faz parte do campus Curitiba da UTFPR e est\u00e1 situado na sede Ecoville. O DAQBi oferece quatro cursos de gradua\u00e7\u00e3o: Bacharelado em Qu\u00edmica Tecnol\u00f3gica, Bacharelado em Qu\u00edmica Ambiental, Licenciatura em Qu\u00edmica e Engenharia Ambiental e Sanit\u00e1ria.\u00a0 Atualmente existem tr\u00eas programas de p\u00f3s-gradua\u00e7\u00e3o vinculados ao DAQBi: o Programa de P\u00f3s-gradua\u00e7\u00e3o em Qu\u00edmica, PPGQ, Programa de P\u00f3s-gradua\u00e7\u00e3o em Ci\u00eancia e Tecnologia Ambiental, PPGCTA e o Programa de P\u00f3s-Gradua\u00e7\u00e3o em Forma\u00e7\u00e3o Cient\u00edfica, Educacional e Tecnol\u00f3gica, PPGFCET.\" \/>\n<meta property=\"og:url\" content=\"https:\/\/utfpr.curitiba.br\/daqbi\/\" \/>\n<meta property=\"og:site_name\" content=\"DAQBi\" \/>\n<meta property=\"article:modified_time\" content=\"2025-10-10T14:26:51+00:00\" \/>\n<meta property=\"og:image\" content=\"https:\/\/utfpr-ct-static-content.s3.amazonaws.com\/utfpr.curitiba.br\/wp-content\/uploads\/sites\/149\/2025\/10\/UTFPR-PNG.png\" \/>\n<meta name=\"twitter:card\" content=\"summary_large_image\" \/>\n<meta name=\"twitter:label1\" content=\"Est. reading time\" \/>\n\t<meta name=\"twitter:data1\" content=\"6 minutos\" \/>\n<script type=\"application\/ld+json\" class=\"yoast-schema-graph\">{\"@context\":\"https:\\\/\\\/schema.org\",\"@graph\":[{\"@type\":\"WebPage\",\"@id\":\"https:\\\/\\\/utfpr.curitiba.br\\\/daqbi\\\/\",\"url\":\"https:\\\/\\\/utfpr.curitiba.br\\\/daqbi\\\/\",\"name\":\"Home - DAQBi\",\"isPartOf\":{\"@id\":\"https:\\\/\\\/utfpr.curitiba.br\\\/daqbi\\\/#website\"},\"primaryImageOfPage\":{\"@id\":\"https:\\\/\\\/utfpr.curitiba.br\\\/daqbi\\\/#primaryimage\"},\"image\":{\"@id\":\"https:\\\/\\\/utfpr.curitiba.br\\\/daqbi\\\/#primaryimage\"},\"thumbnailUrl\":\"https:\\\/\\\/utfpr-ct-static-content.s3.amazonaws.com\\\/utfpr.curitiba.br\\\/wp-content\\\/uploads\\\/sites\\\/149\\\/2025\\\/10\\\/UTFPR-PNG.png\",\"datePublished\":\"2023-08-02T16:30:17+00:00\",\"dateModified\":\"2025-10-10T14:26:51+00:00\",\"description\":\"O Departamento Acad\u00eamico de Qu\u00edmica e Biologia \u2013 DAQBi-CT faz parte do campus Curitiba da UTFPR e est\u00e1 situado na sede Ecoville. O DAQBi oferece quatro cursos de gradua\u00e7\u00e3o: Bacharelado em Qu\u00edmica Tecnol\u00f3gica, Bacharelado em Qu\u00edmica Ambiental, Licenciatura em Qu\u00edmica e Engenharia Ambiental e Sanit\u00e1ria.\u00a0 Atualmente existem tr\u00eas programas de p\u00f3s-gradua\u00e7\u00e3o vinculados ao DAQBi: o Programa de P\u00f3s-gradua\u00e7\u00e3o em Qu\u00edmica, PPGQ, Programa de P\u00f3s-gradua\u00e7\u00e3o em Ci\u00eancia e Tecnologia Ambiental, PPGCTA e o Programa de P\u00f3s-Gradua\u00e7\u00e3o em Forma\u00e7\u00e3o Cient\u00edfica, Educacional e Tecnol\u00f3gica, PPGFCET.\",\"breadcrumb\":{\"@id\":\"https:\\\/\\\/utfpr.curitiba.br\\\/daqbi\\\/#breadcrumb\"},\"inLanguage\":\"pt-BR\",\"potentialAction\":[{\"@type\":\"ReadAction\",\"target\":[\"https:\\\/\\\/utfpr.curitiba.br\\\/daqbi\\\/\"]}]},{\"@type\":\"ImageObject\",\"inLanguage\":\"pt-BR\",\"@id\":\"https:\\\/\\\/utfpr.curitiba.br\\\/daqbi\\\/#primaryimage\",\"url\":\"https:\\\/\\\/utfpr-ct-static-content.s3.amazonaws.com\\\/utfpr.curitiba.br\\\/wp-content\\\/uploads\\\/sites\\\/149\\\/2025\\\/10\\\/UTFPR-PNG.png\",\"contentUrl\":\"https:\\\/\\\/utfpr-ct-static-content.s3.amazonaws.com\\\/utfpr.curitiba.br\\\/wp-content\\\/uploads\\\/sites\\\/149\\\/2025\\\/10\\\/UTFPR-PNG.png\"},{\"@type\":\"BreadcrumbList\",\"@id\":\"https:\\\/\\\/utfpr.curitiba.br\\\/daqbi\\\/#breadcrumb\",\"itemListElement\":[{\"@type\":\"ListItem\",\"position\":1,\"name\":\"Home\",\"item\":\"https:\\\/\\\/utfpr.curitiba.br\\\/daqbi\\\/\"},{\"@type\":\"ListItem\",\"position\":2,\"name\":\"Home\"}]},{\"@type\":\"WebSite\",\"@id\":\"https:\\\/\\\/utfpr.curitiba.br\\\/daqbi\\\/#website\",\"url\":\"https:\\\/\\\/utfpr.curitiba.br\\\/daqbi\\\/\",\"name\":\"DAQBi\",\"description\":\"Departamento Acad\u00eamico de Qu\u00edmica e Biologia - UTFPR Campus Curitiba\",\"publisher\":{\"@id\":\"https:\\\/\\\/utfpr.curitiba.br\\\/daqbi\\\/#organization\"},\"alternateName\":\"Daqbi Curitiba - UTFPR\",\"potentialAction\":[{\"@type\":\"SearchAction\",\"target\":{\"@type\":\"EntryPoint\",\"urlTemplate\":\"https:\\\/\\\/utfpr.curitiba.br\\\/daqbi\\\/?s={search_term_string}\"},\"query-input\":{\"@type\":\"PropertyValueSpecification\",\"valueRequired\":true,\"valueName\":\"search_term_string\"}}],\"inLanguage\":\"pt-BR\"},{\"@type\":\"Organization\",\"@id\":\"https:\\\/\\\/utfpr.curitiba.br\\\/daqbi\\\/#organization\",\"name\":\"Departamento Acad\u00eamico de Qu\u00edmica e Biologia UTFPR Curitiba\",\"alternateName\":\"DAQBI curitiba - Universidade Tecnol\u00f3gica Federal do Paran\u00e1\",\"url\":\"https:\\\/\\\/utfpr.curitiba.br\\\/daqbi\\\/\",\"logo\":{\"@type\":\"ImageObject\",\"inLanguage\":\"pt-BR\",\"@id\":\"https:\\\/\\\/utfpr.curitiba.br\\\/daqbi\\\/#\\\/schema\\\/logo\\\/image\\\/\",\"url\":\"https:\\\/\\\/utfpr-ct-static-content.s3.amazonaws.com\\\/utfpr.curitiba.br\\\/wp-content\\\/uploads\\\/sites\\\/149\\\/2023\\\/04\\\/daqbi_curto.png\",\"contentUrl\":\"https:\\\/\\\/utfpr-ct-static-content.s3.amazonaws.com\\\/utfpr.curitiba.br\\\/wp-content\\\/uploads\\\/sites\\\/149\\\/2023\\\/04\\\/daqbi_curto.png\",\"width\":600,\"height\":261,\"caption\":\"Departamento Acad\u00eamico de Qu\u00edmica e Biologia UTFPR Curitiba\"},\"image\":{\"@id\":\"https:\\\/\\\/utfpr.curitiba.br\\\/daqbi\\\/#\\\/schema\\\/logo\\\/image\\\/\"}}]}<\/script>\n<!-- \/ Yoast SEO plugin. -->","yoast_head_json":{"title":"Home - DAQBi","description":"O Departamento Acad\u00eamico de Qu\u00edmica e Biologia \u2013 DAQBi-CT faz parte do campus Curitiba da UTFPR e est\u00e1 situado na sede Ecoville. O DAQBi oferece quatro cursos de gradua\u00e7\u00e3o: Bacharelado em Qu\u00edmica Tecnol\u00f3gica, Bacharelado em Qu\u00edmica Ambiental, Licenciatura em Qu\u00edmica e Engenharia Ambiental e Sanit\u00e1ria.\u00a0 Atualmente existem tr\u00eas programas de p\u00f3s-gradua\u00e7\u00e3o vinculados ao DAQBi: o Programa de P\u00f3s-gradua\u00e7\u00e3o em Qu\u00edmica, PPGQ, Programa de P\u00f3s-gradua\u00e7\u00e3o em Ci\u00eancia e Tecnologia Ambiental, PPGCTA e o Programa de P\u00f3s-Gradua\u00e7\u00e3o em Forma\u00e7\u00e3o Cient\u00edfica, Educacional e Tecnol\u00f3gica, PPGFCET.","robots":{"index":"index","follow":"follow","max-snippet":"max-snippet:-1","max-image-preview":"max-image-preview:large","max-video-preview":"max-video-preview:-1"},"canonical":"https:\/\/utfpr.curitiba.br\/daqbi\/","og_locale":"pt_BR","og_type":"article","og_title":"Home - DAQBi","og_description":"O Departamento Acad\u00eamico de Qu\u00edmica e Biologia \u2013 DAQBi-CT faz parte do campus Curitiba da UTFPR e est\u00e1 situado na sede Ecoville. O DAQBi oferece quatro cursos de gradua\u00e7\u00e3o: Bacharelado em Qu\u00edmica Tecnol\u00f3gica, Bacharelado em Qu\u00edmica Ambiental, Licenciatura em Qu\u00edmica e Engenharia Ambiental e Sanit\u00e1ria.\u00a0 Atualmente existem tr\u00eas programas de p\u00f3s-gradua\u00e7\u00e3o vinculados ao DAQBi: o Programa de P\u00f3s-gradua\u00e7\u00e3o em Qu\u00edmica, PPGQ, Programa de P\u00f3s-gradua\u00e7\u00e3o em Ci\u00eancia e Tecnologia Ambiental, PPGCTA e o Programa de P\u00f3s-Gradua\u00e7\u00e3o em Forma\u00e7\u00e3o Cient\u00edfica, Educacional e Tecnol\u00f3gica, PPGFCET.","og_url":"https:\/\/utfpr.curitiba.br\/daqbi\/","og_site_name":"DAQBi","article_modified_time":"2025-10-10T14:26:51+00:00","og_image":[{"url":"https:\/\/utfpr-ct-static-content.s3.amazonaws.com\/utfpr.curitiba.br\/wp-content\/uploads\/sites\/149\/2025\/10\/UTFPR-PNG.png","type":"","width":"","height":""}],"twitter_card":"summary_large_image","twitter_misc":{"Est. reading time":"6 minutos"},"schema":{"@context":"https:\/\/schema.org","@graph":[{"@type":"WebPage","@id":"https:\/\/utfpr.curitiba.br\/daqbi\/","url":"https:\/\/utfpr.curitiba.br\/daqbi\/","name":"Home - DAQBi","isPartOf":{"@id":"https:\/\/utfpr.curitiba.br\/daqbi\/#website"},"primaryImageOfPage":{"@id":"https:\/\/utfpr.curitiba.br\/daqbi\/#primaryimage"},"image":{"@id":"https:\/\/utfpr.curitiba.br\/daqbi\/#primaryimage"},"thumbnailUrl":"https:\/\/utfpr-ct-static-content.s3.amazonaws.com\/utfpr.curitiba.br\/wp-content\/uploads\/sites\/149\/2025\/10\/UTFPR-PNG.png","datePublished":"2023-08-02T16:30:17+00:00","dateModified":"2025-10-10T14:26:51+00:00","description":"O Departamento Acad\u00eamico de Qu\u00edmica e Biologia \u2013 DAQBi-CT faz parte do campus Curitiba da UTFPR e est\u00e1 situado na sede Ecoville. O DAQBi oferece quatro cursos de gradua\u00e7\u00e3o: Bacharelado em Qu\u00edmica Tecnol\u00f3gica, Bacharelado em Qu\u00edmica Ambiental, Licenciatura em Qu\u00edmica e Engenharia Ambiental e Sanit\u00e1ria.\u00a0 Atualmente existem tr\u00eas programas de p\u00f3s-gradua\u00e7\u00e3o vinculados ao DAQBi: o Programa de P\u00f3s-gradua\u00e7\u00e3o em Qu\u00edmica, PPGQ, Programa de P\u00f3s-gradua\u00e7\u00e3o em Ci\u00eancia e Tecnologia Ambiental, PPGCTA e o Programa de P\u00f3s-Gradua\u00e7\u00e3o em Forma\u00e7\u00e3o Cient\u00edfica, Educacional e Tecnol\u00f3gica, PPGFCET.","breadcrumb":{"@id":"https:\/\/utfpr.curitiba.br\/daqbi\/#breadcrumb"},"inLanguage":"pt-BR","potentialAction":[{"@type":"ReadAction","target":["https:\/\/utfpr.curitiba.br\/daqbi\/"]}]},{"@type":"ImageObject","inLanguage":"pt-BR","@id":"https:\/\/utfpr.curitiba.br\/daqbi\/#primaryimage","url":"https:\/\/utfpr-ct-static-content.s3.amazonaws.com\/utfpr.curitiba.br\/wp-content\/uploads\/sites\/149\/2025\/10\/UTFPR-PNG.png","contentUrl":"https:\/\/utfpr-ct-static-content.s3.amazonaws.com\/utfpr.curitiba.br\/wp-content\/uploads\/sites\/149\/2025\/10\/UTFPR-PNG.png"},{"@type":"BreadcrumbList","@id":"https:\/\/utfpr.curitiba.br\/daqbi\/#breadcrumb","itemListElement":[{"@type":"ListItem","position":1,"name":"Home","item":"https:\/\/utfpr.curitiba.br\/daqbi\/"},{"@type":"ListItem","position":2,"name":"Home"}]},{"@type":"WebSite","@id":"https:\/\/utfpr.curitiba.br\/daqbi\/#website","url":"https:\/\/utfpr.curitiba.br\/daqbi\/","name":"DAQBi","description":"Departamento Acad\u00eamico de Qu\u00edmica e Biologia - UTFPR Campus Curitiba","publisher":{"@id":"https:\/\/utfpr.curitiba.br\/daqbi\/#organization"},"alternateName":"Daqbi Curitiba - UTFPR","potentialAction":[{"@type":"SearchAction","target":{"@type":"EntryPoint","urlTemplate":"https:\/\/utfpr.curitiba.br\/daqbi\/?s={search_term_string}"},"query-input":{"@type":"PropertyValueSpecification","valueRequired":true,"valueName":"search_term_string"}}],"inLanguage":"pt-BR"},{"@type":"Organization","@id":"https:\/\/utfpr.curitiba.br\/daqbi\/#organization","name":"Departamento Acad\u00eamico de Qu\u00edmica e Biologia UTFPR Curitiba","alternateName":"DAQBI curitiba - Universidade Tecnol\u00f3gica Federal do Paran\u00e1","url":"https:\/\/utfpr.curitiba.br\/daqbi\/","logo":{"@type":"ImageObject","inLanguage":"pt-BR","@id":"https:\/\/utfpr.curitiba.br\/daqbi\/#\/schema\/logo\/image\/","url":"https:\/\/utfpr-ct-static-content.s3.amazonaws.com\/utfpr.curitiba.br\/wp-content\/uploads\/sites\/149\/2023\/04\/daqbi_curto.png","contentUrl":"https:\/\/utfpr-ct-static-content.s3.amazonaws.com\/utfpr.curitiba.br\/wp-content\/uploads\/sites\/149\/2023\/04\/daqbi_curto.png","width":600,"height":261,"caption":"Departamento Acad\u00eamico de Qu\u00edmica e Biologia UTFPR Curitiba"},"image":{"@id":"https:\/\/utfpr.curitiba.br\/daqbi\/#\/schema\/logo\/image\/"}}]}},"_links":{"self":[{"href":"https:\/\/utfpr.curitiba.br\/daqbi\/wp-json\/wp\/v2\/pages\/1853","targetHints":{"allow":["GET"]}}],"collection":[{"href":"https:\/\/utfpr.curitiba.br\/daqbi\/wp-json\/wp\/v2\/pages"}],"about":[{"href":"https:\/\/utfpr.curitiba.br\/daqbi\/wp-json\/wp\/v2\/types\/page"}],"author":[{"embeddable":true,"href":"https:\/\/utfpr.curitiba.br\/daqbi\/wp-json\/wp\/v2\/users\/157"}],"replies":[{"embeddable":true,"href":"https:\/\/utfpr.curitiba.br\/daqbi\/wp-json\/wp\/v2\/comments?post=1853"}],"version-history":[{"count":127,"href":"https:\/\/utfpr.curitiba.br\/daqbi\/wp-json\/wp\/v2\/pages\/1853\/revisions"}],"predecessor-version":[{"id":5758,"href":"https:\/\/utfpr.curitiba.br\/daqbi\/wp-json\/wp\/v2\/pages\/1853\/revisions\/5758"}],"wp:attachment":[{"href":"https:\/\/utfpr.curitiba.br\/daqbi\/wp-json\/wp\/v2\/media?parent=1853"}],"curies":[{"name":"wp","href":"https:\/\/api.w.org\/{rel}","templated":true}]}}