{"id":1781,"date":"2023-08-02T10:06:45","date_gmt":"2023-08-02T13:06:45","guid":{"rendered":"https:\/\/utfpr.curitiba.br\/daqbi\/?page_id=1781"},"modified":"2025-10-08T17:13:58","modified_gmt":"2025-10-08T20:13:58","slug":"tecnicos-administrativos","status":"publish","type":"page","link":"https:\/\/utfpr.curitiba.br\/daqbi\/tecnicos-administrativos\/","title":{"rendered":"T\u00e9cnicos Administrativos"},"content":{"rendered":"\t\t<div data-elementor-type=\"wp-page\" data-elementor-id=\"1781\" class=\"elementor elementor-1781\">\n\t\t\t\t\t\t<section class=\"elementor-section elementor-top-section elementor-element elementor-element-66a07a9 elementor-section-boxed elementor-section-height-default elementor-section-height-default wpr-particle-no wpr-jarallax-no wpr-parallax-no wpr-sticky-section-no wpr-equal-height-no\" data-id=\"66a07a9\" data-element_type=\"section\" data-e-type=\"section\">\n\t\t\t\t\t\t<div class=\"elementor-container elementor-column-gap-default\">\n\t\t\t\t\t<div class=\"elementor-column elementor-col-100 elementor-top-column elementor-element elementor-element-e454c11\" data-id=\"e454c11\" data-element_type=\"column\" data-e-type=\"column\">\n\t\t\t<div class=\"elementor-widget-wrap elementor-element-populated\">\n\t\t\t\t\t\t<div class=\"elementor-element elementor-element-d907ec5 elementor-widget elementor-widget-heading\" data-id=\"d907ec5\" data-element_type=\"widget\" data-e-type=\"widget\" data-widget_type=\"heading.default\">\n\t\t\t\t<div class=\"elementor-widget-container\">\n\t\t\t\t\t<h1 class=\"elementor-heading-title elementor-size-default\">T\u00e9cnicos Administrativos<\/h1>\t\t\t\t<\/div>\n\t\t\t\t<\/div>\n\t\t\t\t<div class=\"elementor-element elementor-element-103a35b elementor-widget-divider--view-line elementor-widget elementor-widget-divider\" data-id=\"103a35b\" data-element_type=\"widget\" data-e-type=\"widget\" data-widget_type=\"divider.default\">\n\t\t\t\t<div class=\"elementor-widget-container\">\n\t\t\t\t\t\t\t<div class=\"elementor-divider\">\n\t\t\t<span class=\"elementor-divider-separator\">\n\t\t\t\t\t\t<\/span>\n\t\t<\/div>\n\t\t\t\t\t\t<\/div>\n\t\t\t\t<\/div>\n\t\t\t\t<div class=\"elementor-element elementor-element-ff05532 elementor-widget elementor-widget-text-editor\" data-id=\"ff05532\" data-element_type=\"widget\" data-e-type=\"widget\" data-widget_type=\"text-editor.default\">\n\t\t\t\t<div class=\"elementor-widget-container\">\n\t\t\t\t\t\t\t\t\t<p>O Departamento Acad\u00eamico de Qu\u00edmica e Biologia conta com quatro servidores efetivos, que s\u00e3o fundamentais para a realiza\u00e7\u00e3o das atividades cotidianas do Departamento. Conhe\u00e7a-os!<\/p>\t\t\t\t\t\t\t\t<\/div>\n\t\t\t\t<\/div>\n\t\t\t\t\t<\/div>\n\t\t<\/div>\n\t\t\t\t\t<\/div>\n\t\t<\/section>\n\t\t\t\t<section class=\"elementor-section elementor-top-section elementor-element elementor-element-b22b6c3 elementor-section-boxed elementor-section-height-default elementor-section-height-default wpr-particle-no wpr-jarallax-no wpr-parallax-no wpr-sticky-section-no wpr-equal-height-no\" data-id=\"b22b6c3\" data-element_type=\"section\" data-e-type=\"section\">\n\t\t\t\t\t\t<div class=\"elementor-container elementor-column-gap-default\">\n\t\t\t\t\t<div class=\"elementor-column elementor-col-25 elementor-top-column elementor-element elementor-element-c6945e3\" data-id=\"c6945e3\" data-element_type=\"column\" data-e-type=\"column\" data-settings=\"{&quot;background_background&quot;:&quot;classic&quot;}\">\n\t\t\t<div class=\"elementor-widget-wrap elementor-element-populated\">\n\t\t\t\t\t\t<div class=\"elementor-element elementor-element-02613bd elementor-position-top elementor-widget elementor-widget-image-box\" data-id=\"02613bd\" data-element_type=\"widget\" data-e-type=\"widget\" data-widget_type=\"image-box.default\">\n\t\t\t\t<div class=\"elementor-widget-container\">\n\t\t\t\t\t<div class=\"elementor-image-box-wrapper\"><figure class=\"elementor-image-box-img\"><img fetchpriority=\"high\" decoding=\"async\" width=\"500\" height=\"500\" src=\"https:\/\/utfpr-ct-static-content.s3.amazonaws.com\/utfpr.curitiba.br\/wp-content\/uploads\/sites\/149\/2023\/08\/Eveline.jpg\" class=\"attachment-full size-full wp-image-1830\" alt=\"\" srcset=\"https:\/\/utfpr-ct-static-content.s3.amazonaws.com\/utfpr.curitiba.br\/wp-content\/uploads\/sites\/149\/2023\/08\/Eveline.jpg 500w, https:\/\/utfpr-ct-static-content.s3.amazonaws.com\/utfpr.curitiba.br\/wp-content\/uploads\/sites\/149\/2023\/08\/Eveline-300x300.jpg 300w, https:\/\/utfpr-ct-static-content.s3.amazonaws.com\/utfpr.curitiba.br\/wp-content\/uploads\/sites\/149\/2023\/08\/Eveline-150x150.jpg 150w\" sizes=\"(max-width: 500px) 100vw, 500px\" \/><\/figure><div class=\"elementor-image-box-content\"><h5 class=\"elementor-image-box-title\">Eveline Camillo Cavallin<\/h5><p class=\"elementor-image-box-description\">Cargo: T\u00e9cnica de laborat\u00f3rio\/qu\u00edmica TAE<\/p><\/div><\/div>\t\t\t\t<\/div>\n\t\t\t\t<\/div>\n\t\t\t\t<div class=\"elementor-element elementor-element-eb9b741 elementor-widget elementor-widget-text-editor\" data-id=\"eb9b741\" data-element_type=\"widget\" data-e-type=\"widget\" data-widget_type=\"text-editor.default\">\n\t\t\t\t<div class=\"elementor-widget-container\">\n\t\t\t\t\t\t\t\t\t<p>Forma\u00e7\u00e3o: Mestre em Ci\u00eancias Farmac\u00eauticas<br \/>E-mail: <a href=\"mailto:evelinec@utfpr.edu.br\">evelinec@utfpr.edu.br<\/a><br \/>Telefone: (41) 3279-6875 (secretaria do DAQBi)<br \/>Sala onde fica: EC 006 &#8211; Laborat\u00f3rio de Pr\u00e1ticas em Qu\u00edmica Anal\u00edtica<\/p>\t\t\t\t\t\t\t\t<\/div>\n\t\t\t\t<\/div>\n\t\t\t\t\t<\/div>\n\t\t<\/div>\n\t\t\t\t<div class=\"elementor-column elementor-col-25 elementor-top-column elementor-element elementor-element-e639fc5\" data-id=\"e639fc5\" data-element_type=\"column\" data-e-type=\"column\" data-settings=\"{&quot;background_background&quot;:&quot;classic&quot;}\">\n\t\t\t<div class=\"elementor-widget-wrap elementor-element-populated\">\n\t\t\t\t\t\t<div class=\"elementor-element elementor-element-f894f67 elementor-position-top elementor-widget elementor-widget-image-box\" data-id=\"f894f67\" data-element_type=\"widget\" data-e-type=\"widget\" data-widget_type=\"image-box.default\">\n\t\t\t\t<div class=\"elementor-widget-container\">\n\t\t\t\t\t<div class=\"elementor-image-box-wrapper\"><figure class=\"elementor-image-box-img\"><img decoding=\"async\" width=\"1600\" height=\"1600\" src=\"https:\/\/utfpr-ct-static-content.s3.amazonaws.com\/utfpr.curitiba.br\/wp-content\/uploads\/sites\/149\/2025\/10\/WhatsApp-Image-2025-10-03-at-13.23.04.jpeg\" class=\"attachment-full size-full wp-image-5604\" alt=\"\" srcset=\"https:\/\/utfpr-ct-static-content.s3.amazonaws.com\/utfpr.curitiba.br\/wp-content\/uploads\/sites\/149\/2025\/10\/WhatsApp-Image-2025-10-03-at-13.23.04.jpeg 1600w, https:\/\/utfpr-ct-static-content.s3.amazonaws.com\/utfpr.curitiba.br\/wp-content\/uploads\/sites\/149\/2025\/10\/WhatsApp-Image-2025-10-03-at-13.23.04-300x300.jpeg 300w, https:\/\/utfpr-ct-static-content.s3.amazonaws.com\/utfpr.curitiba.br\/wp-content\/uploads\/sites\/149\/2025\/10\/WhatsApp-Image-2025-10-03-at-13.23.04-1024x1024.jpeg 1024w, https:\/\/utfpr-ct-static-content.s3.amazonaws.com\/utfpr.curitiba.br\/wp-content\/uploads\/sites\/149\/2025\/10\/WhatsApp-Image-2025-10-03-at-13.23.04-150x150.jpeg 150w, https:\/\/utfpr-ct-static-content.s3.amazonaws.com\/utfpr.curitiba.br\/wp-content\/uploads\/sites\/149\/2025\/10\/WhatsApp-Image-2025-10-03-at-13.23.04-768x768.jpeg 768w, https:\/\/utfpr-ct-static-content.s3.amazonaws.com\/utfpr.curitiba.br\/wp-content\/uploads\/sites\/149\/2025\/10\/WhatsApp-Image-2025-10-03-at-13.23.04-1536x1536.jpeg 1536w\" sizes=\"(max-width: 1600px) 100vw, 1600px\" \/><\/figure><div class=\"elementor-image-box-content\"><h5 class=\"elementor-image-box-title\">Luiz Eduardo da Rocha<\/h5><p class=\"elementor-image-box-description\">Cargo: T\u00e9cnico em secretariado<\/p><\/div><\/div>\t\t\t\t<\/div>\n\t\t\t\t<\/div>\n\t\t\t\t<div class=\"elementor-element elementor-element-37529a5 elementor-widget elementor-widget-text-editor\" data-id=\"37529a5\" data-element_type=\"widget\" data-e-type=\"widget\" data-widget_type=\"text-editor.default\">\n\t\t\t\t<div class=\"elementor-widget-container\">\n\t\t\t\t\t\t\t\t\t<p>Forma\u00e7\u00e3o: T\u00e9cnico em secretariado<br \/>E-mail: <a href=\"mailto:e.lerocha@utfpr.edu.br\">e.lerocha@utfpr.edu.br<\/a><br \/>Telefone: (41) 3279-6875<br \/>Sala onde fica: EC 312 &#8211; Secretaria<\/p><p>\u00a0<\/p>\t\t\t\t\t\t\t\t<\/div>\n\t\t\t\t<\/div>\n\t\t\t\t\t<\/div>\n\t\t<\/div>\n\t\t\t\t<div class=\"elementor-column elementor-col-25 elementor-top-column elementor-element elementor-element-17739b1\" data-id=\"17739b1\" data-element_type=\"column\" data-e-type=\"column\" data-settings=\"{&quot;background_background&quot;:&quot;classic&quot;}\">\n\t\t\t<div class=\"elementor-widget-wrap elementor-element-populated\">\n\t\t\t\t\t\t<div class=\"elementor-element elementor-element-b05e0c4 elementor-position-top elementor-widget elementor-widget-image-box\" data-id=\"b05e0c4\" data-element_type=\"widget\" data-e-type=\"widget\" data-widget_type=\"image-box.default\">\n\t\t\t\t<div class=\"elementor-widget-container\">\n\t\t\t\t\t<div class=\"elementor-image-box-wrapper\"><figure class=\"elementor-image-box-img\"><img decoding=\"async\" width=\"500\" height=\"500\" src=\"https:\/\/utfpr-ct-static-content.s3.amazonaws.com\/utfpr.curitiba.br\/wp-content\/uploads\/sites\/149\/2023\/10\/OlgaGauza.png\" class=\"attachment-full size-full wp-image-4377\" alt=\"\" srcset=\"https:\/\/utfpr-ct-static-content.s3.amazonaws.com\/utfpr.curitiba.br\/wp-content\/uploads\/sites\/149\/2023\/10\/OlgaGauza.png 500w, https:\/\/utfpr-ct-static-content.s3.amazonaws.com\/utfpr.curitiba.br\/wp-content\/uploads\/sites\/149\/2023\/10\/OlgaGauza-300x300.png 300w, https:\/\/utfpr-ct-static-content.s3.amazonaws.com\/utfpr.curitiba.br\/wp-content\/uploads\/sites\/149\/2023\/10\/OlgaGauza-150x150.png 150w\" sizes=\"(max-width: 500px) 100vw, 500px\" \/><\/figure><div class=\"elementor-image-box-content\"><h5 class=\"elementor-image-box-title\">Olga Regina Gauza<\/h5><p class=\"elementor-image-box-description\">Cargo: Qu\u00edmico<\/p><\/div><\/div>\t\t\t\t<\/div>\n\t\t\t\t<\/div>\n\t\t\t\t<div class=\"elementor-element elementor-element-150a256 elementor-widget elementor-widget-text-editor\" data-id=\"150a256\" data-element_type=\"widget\" data-e-type=\"widget\" data-widget_type=\"text-editor.default\">\n\t\t\t\t<div class=\"elementor-widget-container\">\n\t\t\t\t\t\t\t\t\t<p>Forma\u00e7\u00e3o: Qu\u00edmica Industrial e Licenciatura em Qu\u00edmica<br \/>E-mail: <a href=\"mailto:gauza@utfpr.edu.br\">gauza@utfpr.edu.br<\/a><br \/>Telefone: 3279-6876<br \/>Sala onde fica: EC 012 &#8211; Sala de Apoio<\/p>\t\t\t\t\t\t\t\t<\/div>\n\t\t\t\t<\/div>\n\t\t\t\t\t<\/div>\n\t\t<\/div>\n\t\t\t\t<div class=\"elementor-column elementor-col-25 elementor-top-column elementor-element elementor-element-3f5d292\" data-id=\"3f5d292\" data-element_type=\"column\" data-e-type=\"column\" data-settings=\"{&quot;background_background&quot;:&quot;classic&quot;}\">\n\t\t\t<div class=\"elementor-widget-wrap elementor-element-populated\">\n\t\t\t\t\t\t<div class=\"elementor-element elementor-element-84c0ce4 elementor-position-top elementor-widget elementor-widget-image-box\" data-id=\"84c0ce4\" data-element_type=\"widget\" data-e-type=\"widget\" data-widget_type=\"image-box.default\">\n\t\t\t\t<div class=\"elementor-widget-container\">\n\t\t\t\t\t<div class=\"elementor-image-box-wrapper\"><figure class=\"elementor-image-box-img\"><img loading=\"lazy\" decoding=\"async\" width=\"500\" height=\"500\" src=\"https:\/\/utfpr-ct-static-content.s3.amazonaws.com\/utfpr.curitiba.br\/wp-content\/uploads\/sites\/149\/2023\/08\/Rubia.jpg\" class=\"attachment-full size-full wp-image-1828\" alt=\"\" srcset=\"https:\/\/utfpr-ct-static-content.s3.amazonaws.com\/utfpr.curitiba.br\/wp-content\/uploads\/sites\/149\/2023\/08\/Rubia.jpg 500w, https:\/\/utfpr-ct-static-content.s3.amazonaws.com\/utfpr.curitiba.br\/wp-content\/uploads\/sites\/149\/2023\/08\/Rubia-300x300.jpg 300w, https:\/\/utfpr-ct-static-content.s3.amazonaws.com\/utfpr.curitiba.br\/wp-content\/uploads\/sites\/149\/2023\/08\/Rubia-150x150.jpg 150w\" sizes=\"(max-width: 500px) 100vw, 500px\" \/><\/figure><div class=\"elementor-image-box-content\"><h5 class=\"elementor-image-box-title\">Rubia Camila Ronqui Bottini<\/h5><p class=\"elementor-image-box-description\">Cargo: T\u00e9cnica de laborat\u00f3rio\/qu\u00edmica<\/p><\/div><\/div>\t\t\t\t<\/div>\n\t\t\t\t<\/div>\n\t\t\t\t<div class=\"elementor-element elementor-element-18aa514 elementor-widget elementor-widget-text-editor\" data-id=\"18aa514\" data-element_type=\"widget\" data-e-type=\"widget\" data-widget_type=\"text-editor.default\">\n\t\t\t\t<div class=\"elementor-widget-container\">\n\t\t\t\t\t\t\t\t\t<p>Forma\u00e7\u00e3o: Doutora em qu\u00edmica inorg\u00e2nica<br \/><a href=\"http:\/\/lattes.cnpq.br\/9116853548372190\" target=\"_blank\" rel=\"noopener\">Curr\u00edculo Lattes<\/a><br \/>E-mail: <a href=\"mailto:rubiabottini@utfpr.edu.br\">rubiabottini@utfpr.edu.br<\/a><br \/>Telefone: (41) 3279-6424<br \/>Sala onde fica: EC 004 &#8211; LAMAQ<\/p>\t\t\t\t\t\t\t\t<\/div>\n\t\t\t\t<\/div>\n\t\t\t\t\t<\/div>\n\t\t<\/div>\n\t\t\t\t\t<\/div>\n\t\t<\/section>\n\t\t\t\t<section class=\"elementor-section elementor-top-section elementor-element elementor-element-155479d elementor-section-boxed elementor-section-height-default elementor-section-height-default wpr-particle-no wpr-jarallax-no wpr-parallax-no wpr-sticky-section-no wpr-equal-height-no\" data-id=\"155479d\" data-element_type=\"section\" data-e-type=\"section\">\n\t\t\t\t\t\t<div class=\"elementor-container elementor-column-gap-default\">\n\t\t\t\t\t<div class=\"elementor-column elementor-col-100 elementor-top-column elementor-element elementor-element-7595936\" data-id=\"7595936\" data-element_type=\"column\" data-e-type=\"column\">\n\t\t\t<div class=\"elementor-widget-wrap elementor-element-populated\">\n\t\t\t\t\t\t<div class=\"elementor-element elementor-element-2bc9810 elementor-widget elementor-widget-spacer\" data-id=\"2bc9810\" data-element_type=\"widget\" data-e-type=\"widget\" data-widget_type=\"spacer.default\">\n\t\t\t\t<div class=\"elementor-widget-container\">\n\t\t\t\t\t\t\t<div class=\"elementor-spacer\">\n\t\t\t<div class=\"elementor-spacer-inner\"><\/div>\n\t\t<\/div>\n\t\t\t\t\t\t<\/div>\n\t\t\t\t<\/div>\n\t\t\t\t\t<\/div>\n\t\t<\/div>\n\t\t\t\t\t<\/div>\n\t\t<\/section>\n\t\t\t\t<\/div>\n\t\t","protected":false},"excerpt":{"rendered":"<p>T\u00e9cnicos Administrativos O Departamento Acad\u00eamico de Qu\u00edmica e Biologia conta com quatro servidores efetivos, que s\u00e3o fundamentais para a realiza\u00e7\u00e3o das atividades cotidianas do Departamento. Conhe\u00e7a-os! Eveline Camillo Cavallin Cargo: T\u00e9cnica de laborat\u00f3rio\/qu\u00edmica TAE Forma\u00e7\u00e3o: Mestre em Ci\u00eancias Farmac\u00eauticasE-mail: evelinec@utfpr.edu.brTelefone: (41) 3279-6875 (secretaria do DAQBi)Sala onde fica: EC 006 &#8211; Laborat\u00f3rio de Pr\u00e1ticas em Qu\u00edmica Anal\u00edtica Luiz Eduardo da Rocha Cargo: T\u00e9cnico em secretariado Forma\u00e7\u00e3o: T\u00e9cnico em secretariadoE-mail: e.lerocha@utfpr.edu.brTelefone: (41) 3279-6875Sala onde fica: EC 312 &#8211; Secretaria \u00a0 Olga Regina Gauza Cargo: Qu\u00edmico Forma\u00e7\u00e3o: Qu\u00edmica Industrial e Licenciatura em Qu\u00edmicaE-mail: gauza@utfpr.edu.brTelefone: 3279-6876Sala onde fica: EC 012 &#8211; Sala de Apoio Rubia Camila Ronqui Bottini Cargo: T\u00e9cnica de laborat\u00f3rio\/qu\u00edmica Forma\u00e7\u00e3o: Doutora em qu\u00edmica inorg\u00e2nicaCurr\u00edculo LattesE-mail: rubiabottini@utfpr.edu.brTelefone: (41) 3279-6424Sala onde fica: EC 004 &#8211; LAMAQ<\/p>\n","protected":false},"author":157,"featured_media":0,"parent":0,"menu_order":0,"comment_status":"closed","ping_status":"closed","template":"","meta":{"site-sidebar-layout":"no-sidebar","site-content-layout":"page-builder","ast-site-content-layout":"default","site-content-style":"default","site-sidebar-style":"default","ast-global-header-display":"","ast-banner-title-visibility":"","ast-main-header-display":"","ast-hfb-above-header-display":"","ast-hfb-below-header-display":"","ast-hfb-mobile-header-display":"","site-post-title":"disabled","ast-breadcrumbs-content":"","ast-featured-img":"disabled","footer-sml-layout":"","ast-disable-related-posts":"","theme-transparent-header-meta":"","adv-header-id-meta":"","stick-header-meta":"","header-above-stick-meta":"","header-main-stick-meta":"","header-below-stick-meta":"","astra-migrate-meta-layouts":"default","ast-page-background-enabled":"default","ast-page-background-meta":{"desktop":{"background-color":"var(--ast-global-color-4)","background-image":"","background-repeat":"repeat","background-position":"center center","background-size":"auto","background-attachment":"scroll","background-type":"","background-media":"","overlay-type":"","overlay-color":"","overlay-opacity":"","overlay-gradient":""},"tablet":{"background-color":"","background-image":"","background-repeat":"repeat","background-position":"center center","background-size":"auto","background-attachment":"scroll","background-type":"","background-media":"","overlay-type":"","overlay-color":"","overlay-opacity":"","overlay-gradient":""},"mobile":{"background-color":"","background-image":"","background-repeat":"repeat","background-position":"center center","background-size":"auto","background-attachment":"scroll","background-type":"","background-media":"","overlay-type":"","overlay-color":"","overlay-opacity":"","overlay-gradient":""}},"ast-content-background-meta":{"desktop":{"background-color":"var(--ast-global-color-5)","background-image":"","background-repeat":"repeat","background-position":"center center","background-size":"auto","background-attachment":"scroll","background-type":"","background-media":"","overlay-type":"","overlay-color":"","overlay-opacity":"","overlay-gradient":""},"tablet":{"background-color":"var(--ast-global-color-5)","background-image":"","background-repeat":"repeat","background-position":"center center","background-size":"auto","background-attachment":"scroll","background-type":"","background-media":"","overlay-type":"","overlay-color":"","overlay-opacity":"","overlay-gradient":""},"mobile":{"background-color":"var(--ast-global-color-5)","background-image":"","background-repeat":"repeat","background-position":"center center","background-size":"auto","background-attachment":"scroll","background-type":"","background-media":"","overlay-type":"","overlay-color":"","overlay-opacity":"","overlay-gradient":""}},"footnotes":""},"class_list":["post-1781","page","type-page","status-publish","hentry"],"yoast_head":"<!-- This site is optimized with the Yoast SEO plugin v27.4 - https:\/\/yoast.com\/product\/yoast-seo-wordpress\/ -->\n<title>T\u00e9cnicos Administrativos - DAQBi<\/title>\n<meta name=\"robots\" content=\"index, follow, max-snippet:-1, max-image-preview:large, max-video-preview:-1\" \/>\n<link rel=\"canonical\" href=\"https:\/\/utfpr.curitiba.br\/daqbi\/tecnicos-administrativos\/\" \/>\n<meta property=\"og:locale\" content=\"pt_BR\" \/>\n<meta property=\"og:type\" content=\"article\" \/>\n<meta property=\"og:title\" content=\"T\u00e9cnicos Administrativos - DAQBi\" \/>\n<meta property=\"og:description\" content=\"T\u00e9cnicos Administrativos O Departamento Acad\u00eamico de Qu\u00edmica e Biologia conta com quatro servidores efetivos, que s\u00e3o fundamentais para a realiza\u00e7\u00e3o das atividades cotidianas do Departamento. Conhe\u00e7a-os! Eveline Camillo Cavallin Cargo: T\u00e9cnica de laborat\u00f3rio\/qu\u00edmica TAE Forma\u00e7\u00e3o: Mestre em Ci\u00eancias Farmac\u00eauticasE-mail: evelinec@utfpr.edu.brTelefone: (41) 3279-6875 (secretaria do DAQBi)Sala onde fica: EC 006 &#8211; Laborat\u00f3rio de Pr\u00e1ticas em Qu\u00edmica Anal\u00edtica Luiz Eduardo da Rocha Cargo: T\u00e9cnico em secretariado Forma\u00e7\u00e3o: T\u00e9cnico em secretariadoE-mail: e.lerocha@utfpr.edu.brTelefone: (41) 3279-6875Sala onde fica: EC 312 &#8211; Secretaria \u00a0 Olga Regina Gauza Cargo: Qu\u00edmico Forma\u00e7\u00e3o: Qu\u00edmica Industrial e Licenciatura em Qu\u00edmicaE-mail: gauza@utfpr.edu.brTelefone: 3279-6876Sala onde fica: EC 012 &#8211; Sala de Apoio Rubia Camila Ronqui Bottini Cargo: T\u00e9cnica de laborat\u00f3rio\/qu\u00edmica Forma\u00e7\u00e3o: Doutora em qu\u00edmica inorg\u00e2nicaCurr\u00edculo LattesE-mail: rubiabottini@utfpr.edu.brTelefone: (41) 3279-6424Sala onde fica: EC 004 &#8211; LAMAQ\" \/>\n<meta property=\"og:url\" content=\"https:\/\/utfpr.curitiba.br\/daqbi\/tecnicos-administrativos\/\" \/>\n<meta property=\"og:site_name\" content=\"DAQBi\" \/>\n<meta property=\"article:modified_time\" content=\"2025-10-08T20:13:58+00:00\" \/>\n<meta property=\"og:image\" content=\"https:\/\/utfpr-ct-static-content.s3.amazonaws.com\/utfpr.curitiba.br\/wp-content\/uploads\/sites\/149\/2023\/08\/Eveline.jpg\" \/>\n\t<meta property=\"og:image:width\" content=\"500\" \/>\n\t<meta property=\"og:image:height\" content=\"500\" \/>\n\t<meta property=\"og:image:type\" content=\"image\/jpeg\" \/>\n<meta name=\"twitter:card\" content=\"summary_large_image\" \/>\n<meta name=\"twitter:label1\" content=\"Est. reading time\" \/>\n\t<meta name=\"twitter:data1\" content=\"2 minutos\" \/>\n<script type=\"application\/ld+json\" class=\"yoast-schema-graph\">{\"@context\":\"https:\\\/\\\/schema.org\",\"@graph\":[{\"@type\":\"WebPage\",\"@id\":\"https:\\\/\\\/utfpr.curitiba.br\\\/daqbi\\\/tecnicos-administrativos\\\/\",\"url\":\"https:\\\/\\\/utfpr.curitiba.br\\\/daqbi\\\/tecnicos-administrativos\\\/\",\"name\":\"T\u00e9cnicos Administrativos - DAQBi\",\"isPartOf\":{\"@id\":\"https:\\\/\\\/utfpr.curitiba.br\\\/daqbi\\\/#website\"},\"primaryImageOfPage\":{\"@id\":\"https:\\\/\\\/utfpr.curitiba.br\\\/daqbi\\\/tecnicos-administrativos\\\/#primaryimage\"},\"image\":{\"@id\":\"https:\\\/\\\/utfpr.curitiba.br\\\/daqbi\\\/tecnicos-administrativos\\\/#primaryimage\"},\"thumbnailUrl\":\"https:\\\/\\\/utfpr-ct-static-content.s3.amazonaws.com\\\/utfpr.curitiba.br\\\/wp-content\\\/uploads\\\/sites\\\/149\\\/2023\\\/08\\\/Eveline.jpg\",\"datePublished\":\"2023-08-02T13:06:45+00:00\",\"dateModified\":\"2025-10-08T20:13:58+00:00\",\"breadcrumb\":{\"@id\":\"https:\\\/\\\/utfpr.curitiba.br\\\/daqbi\\\/tecnicos-administrativos\\\/#breadcrumb\"},\"inLanguage\":\"pt-BR\",\"potentialAction\":[{\"@type\":\"ReadAction\",\"target\":[\"https:\\\/\\\/utfpr.curitiba.br\\\/daqbi\\\/tecnicos-administrativos\\\/\"]}]},{\"@type\":\"ImageObject\",\"inLanguage\":\"pt-BR\",\"@id\":\"https:\\\/\\\/utfpr.curitiba.br\\\/daqbi\\\/tecnicos-administrativos\\\/#primaryimage\",\"url\":\"https:\\\/\\\/utfpr-ct-static-content.s3.amazonaws.com\\\/utfpr.curitiba.br\\\/wp-content\\\/uploads\\\/sites\\\/149\\\/2023\\\/08\\\/Eveline.jpg\",\"contentUrl\":\"https:\\\/\\\/utfpr-ct-static-content.s3.amazonaws.com\\\/utfpr.curitiba.br\\\/wp-content\\\/uploads\\\/sites\\\/149\\\/2023\\\/08\\\/Eveline.jpg\"},{\"@type\":\"BreadcrumbList\",\"@id\":\"https:\\\/\\\/utfpr.curitiba.br\\\/daqbi\\\/tecnicos-administrativos\\\/#breadcrumb\",\"itemListElement\":[{\"@type\":\"ListItem\",\"position\":1,\"name\":\"Home\",\"item\":\"https:\\\/\\\/utfpr.curitiba.br\\\/daqbi\\\/\"},{\"@type\":\"ListItem\",\"position\":2,\"name\":\"T\u00e9cnicos Administrativos\"}]},{\"@type\":\"WebSite\",\"@id\":\"https:\\\/\\\/utfpr.curitiba.br\\\/daqbi\\\/#website\",\"url\":\"https:\\\/\\\/utfpr.curitiba.br\\\/daqbi\\\/\",\"name\":\"DAQBi\",\"description\":\"Departamento Acad\u00eamico de Qu\u00edmica e Biologia - UTFPR Campus Curitiba\",\"publisher\":{\"@id\":\"https:\\\/\\\/utfpr.curitiba.br\\\/daqbi\\\/#organization\"},\"alternateName\":\"Daqbi Curitiba - UTFPR\",\"potentialAction\":[{\"@type\":\"SearchAction\",\"target\":{\"@type\":\"EntryPoint\",\"urlTemplate\":\"https:\\\/\\\/utfpr.curitiba.br\\\/daqbi\\\/?s={search_term_string}\"},\"query-input\":{\"@type\":\"PropertyValueSpecification\",\"valueRequired\":true,\"valueName\":\"search_term_string\"}}],\"inLanguage\":\"pt-BR\"},{\"@type\":\"Organization\",\"@id\":\"https:\\\/\\\/utfpr.curitiba.br\\\/daqbi\\\/#organization\",\"name\":\"Departamento Acad\u00eamico de Qu\u00edmica e Biologia UTFPR Curitiba\",\"alternateName\":\"DAQBI curitiba - Universidade Tecnol\u00f3gica Federal do Paran\u00e1\",\"url\":\"https:\\\/\\\/utfpr.curitiba.br\\\/daqbi\\\/\",\"logo\":{\"@type\":\"ImageObject\",\"inLanguage\":\"pt-BR\",\"@id\":\"https:\\\/\\\/utfpr.curitiba.br\\\/daqbi\\\/#\\\/schema\\\/logo\\\/image\\\/\",\"url\":\"https:\\\/\\\/utfpr-ct-static-content.s3.amazonaws.com\\\/utfpr.curitiba.br\\\/wp-content\\\/uploads\\\/sites\\\/149\\\/2023\\\/04\\\/daqbi_curto.png\",\"contentUrl\":\"https:\\\/\\\/utfpr-ct-static-content.s3.amazonaws.com\\\/utfpr.curitiba.br\\\/wp-content\\\/uploads\\\/sites\\\/149\\\/2023\\\/04\\\/daqbi_curto.png\",\"width\":600,\"height\":261,\"caption\":\"Departamento Acad\u00eamico de Qu\u00edmica e Biologia UTFPR Curitiba\"},\"image\":{\"@id\":\"https:\\\/\\\/utfpr.curitiba.br\\\/daqbi\\\/#\\\/schema\\\/logo\\\/image\\\/\"}}]}<\/script>\n<!-- \/ Yoast SEO plugin. -->","yoast_head_json":{"title":"T\u00e9cnicos Administrativos - DAQBi","robots":{"index":"index","follow":"follow","max-snippet":"max-snippet:-1","max-image-preview":"max-image-preview:large","max-video-preview":"max-video-preview:-1"},"canonical":"https:\/\/utfpr.curitiba.br\/daqbi\/tecnicos-administrativos\/","og_locale":"pt_BR","og_type":"article","og_title":"T\u00e9cnicos Administrativos - DAQBi","og_description":"T\u00e9cnicos Administrativos O Departamento Acad\u00eamico de Qu\u00edmica e Biologia conta com quatro servidores efetivos, que s\u00e3o fundamentais para a realiza\u00e7\u00e3o das atividades cotidianas do Departamento. Conhe\u00e7a-os! Eveline Camillo Cavallin Cargo: T\u00e9cnica de laborat\u00f3rio\/qu\u00edmica TAE Forma\u00e7\u00e3o: Mestre em Ci\u00eancias Farmac\u00eauticasE-mail: evelinec@utfpr.edu.brTelefone: (41) 3279-6875 (secretaria do DAQBi)Sala onde fica: EC 006 &#8211; Laborat\u00f3rio de Pr\u00e1ticas em Qu\u00edmica Anal\u00edtica Luiz Eduardo da Rocha Cargo: T\u00e9cnico em secretariado Forma\u00e7\u00e3o: T\u00e9cnico em secretariadoE-mail: e.lerocha@utfpr.edu.brTelefone: (41) 3279-6875Sala onde fica: EC 312 &#8211; Secretaria \u00a0 Olga Regina Gauza Cargo: Qu\u00edmico Forma\u00e7\u00e3o: Qu\u00edmica Industrial e Licenciatura em Qu\u00edmicaE-mail: gauza@utfpr.edu.brTelefone: 3279-6876Sala onde fica: EC 012 &#8211; Sala de Apoio Rubia Camila Ronqui Bottini Cargo: T\u00e9cnica de laborat\u00f3rio\/qu\u00edmica Forma\u00e7\u00e3o: Doutora em qu\u00edmica inorg\u00e2nicaCurr\u00edculo LattesE-mail: rubiabottini@utfpr.edu.brTelefone: (41) 3279-6424Sala onde fica: EC 004 &#8211; LAMAQ","og_url":"https:\/\/utfpr.curitiba.br\/daqbi\/tecnicos-administrativos\/","og_site_name":"DAQBi","article_modified_time":"2025-10-08T20:13:58+00:00","og_image":[{"width":500,"height":500,"url":"https:\/\/utfpr-ct-static-content.s3.amazonaws.com\/utfpr.curitiba.br\/wp-content\/uploads\/sites\/149\/2023\/08\/Eveline.jpg","type":"image\/jpeg"}],"twitter_card":"summary_large_image","twitter_misc":{"Est. reading time":"2 minutos"},"schema":{"@context":"https:\/\/schema.org","@graph":[{"@type":"WebPage","@id":"https:\/\/utfpr.curitiba.br\/daqbi\/tecnicos-administrativos\/","url":"https:\/\/utfpr.curitiba.br\/daqbi\/tecnicos-administrativos\/","name":"T\u00e9cnicos Administrativos - DAQBi","isPartOf":{"@id":"https:\/\/utfpr.curitiba.br\/daqbi\/#website"},"primaryImageOfPage":{"@id":"https:\/\/utfpr.curitiba.br\/daqbi\/tecnicos-administrativos\/#primaryimage"},"image":{"@id":"https:\/\/utfpr.curitiba.br\/daqbi\/tecnicos-administrativos\/#primaryimage"},"thumbnailUrl":"https:\/\/utfpr-ct-static-content.s3.amazonaws.com\/utfpr.curitiba.br\/wp-content\/uploads\/sites\/149\/2023\/08\/Eveline.jpg","datePublished":"2023-08-02T13:06:45+00:00","dateModified":"2025-10-08T20:13:58+00:00","breadcrumb":{"@id":"https:\/\/utfpr.curitiba.br\/daqbi\/tecnicos-administrativos\/#breadcrumb"},"inLanguage":"pt-BR","potentialAction":[{"@type":"ReadAction","target":["https:\/\/utfpr.curitiba.br\/daqbi\/tecnicos-administrativos\/"]}]},{"@type":"ImageObject","inLanguage":"pt-BR","@id":"https:\/\/utfpr.curitiba.br\/daqbi\/tecnicos-administrativos\/#primaryimage","url":"https:\/\/utfpr-ct-static-content.s3.amazonaws.com\/utfpr.curitiba.br\/wp-content\/uploads\/sites\/149\/2023\/08\/Eveline.jpg","contentUrl":"https:\/\/utfpr-ct-static-content.s3.amazonaws.com\/utfpr.curitiba.br\/wp-content\/uploads\/sites\/149\/2023\/08\/Eveline.jpg"},{"@type":"BreadcrumbList","@id":"https:\/\/utfpr.curitiba.br\/daqbi\/tecnicos-administrativos\/#breadcrumb","itemListElement":[{"@type":"ListItem","position":1,"name":"Home","item":"https:\/\/utfpr.curitiba.br\/daqbi\/"},{"@type":"ListItem","position":2,"name":"T\u00e9cnicos Administrativos"}]},{"@type":"WebSite","@id":"https:\/\/utfpr.curitiba.br\/daqbi\/#website","url":"https:\/\/utfpr.curitiba.br\/daqbi\/","name":"DAQBi","description":"Departamento Acad\u00eamico de Qu\u00edmica e Biologia - UTFPR Campus Curitiba","publisher":{"@id":"https:\/\/utfpr.curitiba.br\/daqbi\/#organization"},"alternateName":"Daqbi Curitiba - UTFPR","potentialAction":[{"@type":"SearchAction","target":{"@type":"EntryPoint","urlTemplate":"https:\/\/utfpr.curitiba.br\/daqbi\/?s={search_term_string}"},"query-input":{"@type":"PropertyValueSpecification","valueRequired":true,"valueName":"search_term_string"}}],"inLanguage":"pt-BR"},{"@type":"Organization","@id":"https:\/\/utfpr.curitiba.br\/daqbi\/#organization","name":"Departamento Acad\u00eamico de Qu\u00edmica e Biologia UTFPR Curitiba","alternateName":"DAQBI curitiba - Universidade Tecnol\u00f3gica Federal do Paran\u00e1","url":"https:\/\/utfpr.curitiba.br\/daqbi\/","logo":{"@type":"ImageObject","inLanguage":"pt-BR","@id":"https:\/\/utfpr.curitiba.br\/daqbi\/#\/schema\/logo\/image\/","url":"https:\/\/utfpr-ct-static-content.s3.amazonaws.com\/utfpr.curitiba.br\/wp-content\/uploads\/sites\/149\/2023\/04\/daqbi_curto.png","contentUrl":"https:\/\/utfpr-ct-static-content.s3.amazonaws.com\/utfpr.curitiba.br\/wp-content\/uploads\/sites\/149\/2023\/04\/daqbi_curto.png","width":600,"height":261,"caption":"Departamento Acad\u00eamico de Qu\u00edmica e Biologia UTFPR Curitiba"},"image":{"@id":"https:\/\/utfpr.curitiba.br\/daqbi\/#\/schema\/logo\/image\/"}}]}},"_links":{"self":[{"href":"https:\/\/utfpr.curitiba.br\/daqbi\/wp-json\/wp\/v2\/pages\/1781","targetHints":{"allow":["GET"]}}],"collection":[{"href":"https:\/\/utfpr.curitiba.br\/daqbi\/wp-json\/wp\/v2\/pages"}],"about":[{"href":"https:\/\/utfpr.curitiba.br\/daqbi\/wp-json\/wp\/v2\/types\/page"}],"author":[{"embeddable":true,"href":"https:\/\/utfpr.curitiba.br\/daqbi\/wp-json\/wp\/v2\/users\/157"}],"replies":[{"embeddable":true,"href":"https:\/\/utfpr.curitiba.br\/daqbi\/wp-json\/wp\/v2\/comments?post=1781"}],"version-history":[{"count":52,"href":"https:\/\/utfpr.curitiba.br\/daqbi\/wp-json\/wp\/v2\/pages\/1781\/revisions"}],"predecessor-version":[{"id":5657,"href":"https:\/\/utfpr.curitiba.br\/daqbi\/wp-json\/wp\/v2\/pages\/1781\/revisions\/5657"}],"wp:attachment":[{"href":"https:\/\/utfpr.curitiba.br\/daqbi\/wp-json\/wp\/v2\/media?parent=1781"}],"curies":[{"name":"wp","href":"https:\/\/api.w.org\/{rel}","templated":true}]}}