{"id":1499,"date":"2023-06-29T12:15:57","date_gmt":"2023-06-29T15:15:57","guid":{"rendered":"https:\/\/utfpr.curitiba.br\/daqbi\/?page_id=1499"},"modified":"2026-03-24T18:52:31","modified_gmt":"2026-03-24T21:52:31","slug":"bacharelado-em-quimica-ambiental","status":"publish","type":"page","link":"https:\/\/utfpr.curitiba.br\/daqbi\/graduacao\/bacharelado-em-quimica-ambiental\/","title":{"rendered":"Bacharelado em Qu\u00edmica Ambiental"},"content":{"rendered":"\t\t<div data-elementor-type=\"wp-page\" data-elementor-id=\"1499\" class=\"elementor elementor-1499\">\n\t\t\t\t\t\t<section class=\"elementor-section elementor-top-section elementor-element elementor-element-7b32183 elementor-section-boxed elementor-section-height-default elementor-section-height-default wpr-particle-no wpr-jarallax-no wpr-parallax-no wpr-equal-height-no\" data-id=\"7b32183\" data-element_type=\"section\" data-e-type=\"section\" data-settings=\"{&quot;background_background&quot;:&quot;classic&quot;}\">\n\t\t\t\t\t\t\t<div class=\"elementor-background-overlay\"><\/div>\n\t\t\t\t\t\t\t<div class=\"elementor-container elementor-column-gap-default\">\n\t\t\t\t\t<div class=\"elementor-column elementor-col-100 elementor-top-column elementor-element elementor-element-0bb6a44\" data-id=\"0bb6a44\" data-element_type=\"column\" data-e-type=\"column\">\n\t\t\t<div class=\"elementor-widget-wrap elementor-element-populated\">\n\t\t\t\t\t\t<div class=\"elementor-element elementor-element-5fc8dbe0 wpr-fancy-text-slide wpr-advanced-text-style-animated elementor-widget elementor-widget-wpr-advanced-text\" data-id=\"5fc8dbe0\" data-element_type=\"widget\" data-e-type=\"widget\" data-widget_type=\"wpr-advanced-text.default\">\n\t\t\t\t<div class=\"elementor-widget-container\">\n\t\t\t\t\t\n\t\t<h3 class=\"wpr-advanced-text\">\n\n\t\t\t\t\t\n\t\t\t\t\t\t\t<span class=\"wpr-advanced-text-preffix\">Bacharelado em<br><\/span>\n\t\t\t\n\t\t<span class=\"wpr-anim-text wpr-anim-text-type-slide\" data-anim-duration=\"1000,2300\" data-anim-loop=\"\">\n\t\t\t<span class=\"wpr-anim-text-inner\">\n\t\t\t\t\t\t\t\t\t<b>Qu\u00edmica Ambiental<\/b>\n\t\t\t\t\t\t\t<\/span>\n\t\t\t\t\t<\/span>\n\n\t\t\t\t\n\t\t<\/h3>\n\t\t\n\t\t\t\t\t\t<\/div>\n\t\t\t\t<\/div>\n\t\t\t\t<div class=\"elementor-element elementor-element-f9aa734 elementor-widget elementor-widget-spacer\" data-id=\"f9aa734\" data-element_type=\"widget\" data-e-type=\"widget\" data-widget_type=\"spacer.default\">\n\t\t\t\t<div class=\"elementor-widget-container\">\n\t\t\t\t\t\t\t<div class=\"elementor-spacer\">\n\t\t\t<div class=\"elementor-spacer-inner\"><\/div>\n\t\t<\/div>\n\t\t\t\t\t\t<\/div>\n\t\t\t\t<\/div>\n\t\t\t\t<section class=\"elementor-section elementor-inner-section elementor-element elementor-element-300a1ad elementor-section-boxed elementor-section-height-default elementor-section-height-default wpr-particle-no wpr-jarallax-no wpr-parallax-no wpr-sticky-section-no wpr-equal-height-no\" data-id=\"300a1ad\" data-element_type=\"section\" data-e-type=\"section\" data-settings=\"{&quot;background_background&quot;:&quot;classic&quot;}\">\n\t\t\t\t\t\t<div class=\"elementor-container elementor-column-gap-default\">\n\t\t\t\t\t<div class=\"elementor-column elementor-col-50 elementor-inner-column elementor-element elementor-element-14f0661\" data-id=\"14f0661\" data-element_type=\"column\" data-e-type=\"column\">\n\t\t\t<div class=\"elementor-widget-wrap\">\n\t\t\t\t\t\t\t<\/div>\n\t\t<\/div>\n\t\t\t\t<div class=\"elementor-column elementor-col-50 elementor-inner-column elementor-element elementor-element-f96de34\" data-id=\"f96de34\" data-element_type=\"column\" data-e-type=\"column\">\n\t\t\t<div class=\"elementor-widget-wrap\">\n\t\t\t\t\t\t\t<\/div>\n\t\t<\/div>\n\t\t\t\t\t<\/div>\n\t\t<\/section>\n\t\t\t\t<div class=\"elementor-element elementor-element-e9b337d elementor-widget elementor-widget-spacer\" data-id=\"e9b337d\" data-element_type=\"widget\" data-e-type=\"widget\" data-widget_type=\"spacer.default\">\n\t\t\t\t<div class=\"elementor-widget-container\">\n\t\t\t\t\t\t\t<div class=\"elementor-spacer\">\n\t\t\t<div class=\"elementor-spacer-inner\"><\/div>\n\t\t<\/div>\n\t\t\t\t\t\t<\/div>\n\t\t\t\t<\/div>\n\t\t\t\t\t<\/div>\n\t\t<\/div>\n\t\t\t\t\t<\/div>\n\t\t<\/section>\n\t\t\t\t<section class=\"elementor-section elementor-top-section elementor-element elementor-element-d6e8261 elementor-section-boxed elementor-section-height-default elementor-section-height-default wpr-particle-no wpr-jarallax-no wpr-parallax-no wpr-sticky-section-no wpr-equal-height-no\" data-id=\"d6e8261\" data-element_type=\"section\" data-e-type=\"section\" data-settings=\"{&quot;background_background&quot;:&quot;classic&quot;,&quot;animation&quot;:&quot;none&quot;}\">\n\t\t\t\t\t\t<div class=\"elementor-container elementor-column-gap-default\">\n\t\t\t\t\t<div class=\"elementor-column elementor-col-33 elementor-top-column elementor-element elementor-element-6d5bde1\" data-id=\"6d5bde1\" data-element_type=\"column\" data-e-type=\"column\">\n\t\t\t<div class=\"elementor-widget-wrap elementor-element-populated\">\n\t\t\t\t\t\t<div class=\"elementor-element elementor-element-a140213 elementor-widget elementor-widget-text-editor\" data-id=\"a140213\" data-element_type=\"widget\" data-e-type=\"widget\" data-widget_type=\"text-editor.default\">\n\t\t\t\t<div class=\"elementor-widget-container\">\n\t\t\t\t\t\t\t\t\t<p><b>Per\u00edodo<\/b><\/p><p>Noturno<\/p>\t\t\t\t\t\t\t\t<\/div>\n\t\t\t\t<\/div>\n\t\t\t\t\t<\/div>\n\t\t<\/div>\n\t\t\t\t<div class=\"elementor-column elementor-col-33 elementor-top-column elementor-element elementor-element-f5471ae\" data-id=\"f5471ae\" data-element_type=\"column\" data-e-type=\"column\">\n\t\t\t<div class=\"elementor-widget-wrap elementor-element-populated\">\n\t\t\t\t\t\t<div class=\"elementor-element elementor-element-b662261 elementor-widget elementor-widget-text-editor\" data-id=\"b662261\" data-element_type=\"widget\" data-e-type=\"widget\" data-widget_type=\"text-editor.default\">\n\t\t\t\t<div class=\"elementor-widget-container\">\n\t\t\t\t\t\t\t\t\t<p><b>Dura\u00e7\u00e3o<\/b><\/p><p><span dir=\"ltr\" role=\"presentation\">9 per\u00edodos <\/span><span dir=\"ltr\" role=\"presentation\">\u2013<\/span> <span dir=\"ltr\" role=\"presentation\">4,5 anos<\/span><\/p>\t\t\t\t\t\t\t\t<\/div>\n\t\t\t\t<\/div>\n\t\t\t\t\t<\/div>\n\t\t<\/div>\n\t\t\t\t<div class=\"elementor-column elementor-col-33 elementor-top-column elementor-element elementor-element-167c0db\" data-id=\"167c0db\" data-element_type=\"column\" data-e-type=\"column\">\n\t\t\t<div class=\"elementor-widget-wrap elementor-element-populated\">\n\t\t\t\t\t\t<div class=\"elementor-element elementor-element-d8fddf3 elementor-widget elementor-widget-text-editor\" data-id=\"d8fddf3\" data-element_type=\"widget\" data-e-type=\"widget\" data-widget_type=\"text-editor.default\">\n\t\t\t\t<div class=\"elementor-widget-container\">\n\t\t\t\t\t\t\t\t\t<p><b>Ingresso<\/b><\/p><p>SISU ou Vestibular<\/p>\t\t\t\t\t\t\t\t<\/div>\n\t\t\t\t<\/div>\n\t\t\t\t\t<\/div>\n\t\t<\/div>\n\t\t\t\t\t<\/div>\n\t\t<\/section>\n\t\t\t\t<section class=\"elementor-section elementor-top-section elementor-element elementor-element-f7ffe6d elementor-section-boxed elementor-section-height-default elementor-section-height-default wpr-particle-no wpr-jarallax-no wpr-parallax-no wpr-sticky-section-no wpr-equal-height-no\" data-id=\"f7ffe6d\" data-element_type=\"section\" data-e-type=\"section\" data-settings=\"{&quot;background_background&quot;:&quot;classic&quot;,&quot;animation&quot;:&quot;none&quot;}\">\n\t\t\t\t\t\t<div class=\"elementor-container elementor-column-gap-default\">\n\t\t\t\t\t<div class=\"elementor-column elementor-col-100 elementor-top-column elementor-element elementor-element-0054a72\" data-id=\"0054a72\" data-element_type=\"column\" data-e-type=\"column\">\n\t\t\t<div class=\"elementor-widget-wrap elementor-element-populated\">\n\t\t\t\t\t\t<div class=\"elementor-element elementor-element-ceec01e elementor-widget elementor-widget-spacer\" data-id=\"ceec01e\" data-element_type=\"widget\" data-e-type=\"widget\" data-widget_type=\"spacer.default\">\n\t\t\t\t<div class=\"elementor-widget-container\">\n\t\t\t\t\t\t\t<div class=\"elementor-spacer\">\n\t\t\t<div class=\"elementor-spacer-inner\"><\/div>\n\t\t<\/div>\n\t\t\t\t\t\t<\/div>\n\t\t\t\t<\/div>\n\t\t\t\t<div class=\"elementor-element elementor-element-6368612 elementor-widget elementor-widget-heading\" data-id=\"6368612\" data-element_type=\"widget\" data-e-type=\"widget\" data-widget_type=\"heading.default\">\n\t\t\t\t<div class=\"elementor-widget-container\">\n\t\t\t\t\t<h4 class=\"elementor-heading-title elementor-size-default\">Sobre o curso<\/h4>\t\t\t\t<\/div>\n\t\t\t\t<\/div>\n\t\t\t\t<div class=\"elementor-element elementor-element-a3726f1 elementor-tabs-alignment-center elementor-tabs-view-horizontal elementor-widget elementor-widget-tabs\" data-id=\"a3726f1\" data-element_type=\"widget\" data-e-type=\"widget\" data-settings=\"{&quot;_animation&quot;:&quot;none&quot;}\" data-widget_type=\"tabs.default\">\n\t\t\t\t<div class=\"elementor-widget-container\">\n\t\t\t\t\t\t\t<div class=\"elementor-tabs\">\n\t\t\t<div class=\"elementor-tabs-wrapper\" role=\"tablist\" >\n\t\t\t\t\t\t\t\t\t<div id=\"elementor-tab-title-1711\" class=\"elementor-tab-title elementor-tab-desktop-title\" aria-selected=\"true\" data-tab=\"1\" role=\"tab\" tabindex=\"0\" aria-controls=\"elementor-tab-content-1711\" aria-expanded=\"false\">Objetivos<\/div>\n\t\t\t\t\t\t\t\t\t<div id=\"elementor-tab-title-1712\" class=\"elementor-tab-title elementor-tab-desktop-title\" aria-selected=\"false\" data-tab=\"2\" role=\"tab\" tabindex=\"-1\" aria-controls=\"elementor-tab-content-1712\" aria-expanded=\"false\">Perfil profissional<\/div>\n\t\t\t\t\t\t\t\t\t<div id=\"elementor-tab-title-1713\" class=\"elementor-tab-title elementor-tab-desktop-title\" aria-selected=\"false\" data-tab=\"3\" role=\"tab\" tabindex=\"-1\" aria-controls=\"elementor-tab-content-1713\" aria-expanded=\"false\">Compet\u00eancias<\/div>\n\t\t\t\t\t\t\t\t\t<div id=\"elementor-tab-title-1714\" class=\"elementor-tab-title elementor-tab-desktop-title\" aria-selected=\"false\" data-tab=\"4\" role=\"tab\" tabindex=\"-1\" aria-controls=\"elementor-tab-content-1714\" aria-expanded=\"false\">Campo de atua\u00e7\u00e3o<\/div>\n\t\t\t\t\t\t\t<\/div>\n\t\t\t<div class=\"elementor-tabs-content-wrapper\" role=\"tablist\" aria-orientation=\"vertical\">\n\t\t\t\t\t\t\t\t\t<div class=\"elementor-tab-title elementor-tab-mobile-title\" aria-selected=\"true\" data-tab=\"1\" role=\"tab\" tabindex=\"0\" aria-controls=\"elementor-tab-content-1711\" aria-expanded=\"false\">Objetivos<\/div>\n\t\t\t\t\t<div id=\"elementor-tab-content-1711\" class=\"elementor-tab-content elementor-clearfix\" data-tab=\"1\" role=\"tabpanel\" aria-labelledby=\"elementor-tab-title-1711\" tabindex=\"0\" hidden=\"false\"><p><span dir=\"ltr\" role=\"presentation\">Formar profissionais com uma s\u00f3lida base em qu\u00edmica, biologia e processos ambientais, capazes de aplicar esses conhecimentos para entender, prevenir e resolver problemas relacionados ao meio ambiente. O curso de Bacharelado em Qu\u00edmica Ambiental forma um profissional que vai muito al\u00e9m do laborat\u00f3rio, atuando como um especialista capaz de traduzir os fen\u00f4menos qu\u00edmicos e biol\u00f3gicos em a\u00e7\u00f5es pr\u00e1ticas para a preserva\u00e7\u00e3o e recupera\u00e7\u00e3o ambiental.<\/span><\/p><\/div>\n\t\t\t\t\t\t\t\t\t<div class=\"elementor-tab-title elementor-tab-mobile-title\" aria-selected=\"false\" data-tab=\"2\" role=\"tab\" tabindex=\"-1\" aria-controls=\"elementor-tab-content-1712\" aria-expanded=\"false\">Perfil profissional<\/div>\n\t\t\t\t\t<div id=\"elementor-tab-content-1712\" class=\"elementor-tab-content elementor-clearfix\" data-tab=\"2\" role=\"tabpanel\" aria-labelledby=\"elementor-tab-title-1712\" tabindex=\"0\" hidden=\"hidden\"><p><span dir=\"ltr\" role=\"presentation\">Um profissional da \u00e1rea de qu\u00edmica, com dom\u00ednio&nbsp;<\/span><span dir=\"ltr\" role=\"presentation\">das t\u00e9cnicas de an\u00e1lises de interesse ambiental, apto a planejar, supervisionar,&nbsp;<\/span><span dir=\"ltr\" role=\"presentation\">analisar <\/span><span dir=\"ltr\" role=\"presentation\">as <\/span><span dir=\"ltr\" role=\"presentation\">determina\u00e7\u00f5es <\/span><span dir=\"ltr\" role=\"presentation\">anal\u00edticas, <\/span><span dir=\"ltr\" role=\"presentation\">empregando <\/span><span dir=\"ltr\" role=\"presentation\">t\u00e9cnicas <\/span><span dir=\"ltr\" role=\"presentation\">cl\u00e1ssicas <\/span><span dir=\"ltr\" role=\"presentation\">e&nbsp;<\/span><span dir=\"ltr\" role=\"presentation\">in<\/span><span dir=\"ltr\" role=\"presentation\">strumentais de an\u00e1lise qu\u00edmica e microbiol\u00f3gica, capaz, tamb\u00e9m, de gerenciar a&nbsp;<\/span><span dir=\"ltr\" role=\"presentation\">preven\u00e7\u00e3o e corre\u00e7\u00e3o de problemas ambientais e propor e desenvolver novas&nbsp;<\/span><span dir=\"ltr\" role=\"presentation\">tecnologias.<\/span><\/p><\/div>\n\t\t\t\t\t\t\t\t\t<div class=\"elementor-tab-title elementor-tab-mobile-title\" aria-selected=\"false\" data-tab=\"3\" role=\"tab\" tabindex=\"-1\" aria-controls=\"elementor-tab-content-1713\" aria-expanded=\"false\">Compet\u00eancias<\/div>\n\t\t\t\t\t<div id=\"elementor-tab-content-1713\" class=\"elementor-tab-content elementor-clearfix\" data-tab=\"3\" role=\"tabpanel\" aria-labelledby=\"elementor-tab-title-1713\" tabindex=\"0\" hidden=\"hidden\"><p><span dir=\"ltr\" role=\"presentation\">O profissional Bacharel em Qu\u00edmica Ambiental tem fun\u00e7\u00f5es, compet\u00eancias e&nbsp;<\/span><span dir=\"ltr\" role=\"presentation\">habilidades para<\/span> <span dir=\"ltr\" role=\"presentation\">o exerc\u00edcio do cargo, conforme descrito na Classifica\u00e7\u00e3o Brasileira&nbsp;<\/span><span dir=\"ltr\" role=\"presentation\">de Ocupa\u00e7\u00f5es <\/span> <span dir=\"ltr\" role=\"presentation\">\u2013<\/span> <span dir=\"ltr\" role=\"presentation\">CBO 213205. S\u00e3o Compet\u00eancias e Habilidades do Qu\u00edmico Ambiental: Identifica\u00e7\u00e3o de agentes qu\u00edmicos e biol\u00f3gicos em processos produtivos; Planejamento, condu\u00e7\u00e3o e supervis\u00e3o de determina\u00e7\u00f5es anal\u00edticas; Controle de gera\u00e7\u00e3o e tratamento de res\u00edduos s\u00f3lidos urbanos e industriais; Tratamento de \u00e1gua e efluentes; Controle de emiss\u00f5es atmosf\u00e9ricas; Recupera\u00e7\u00e3o de \u00e1reas degradadas; Monitoramento ambiental; Gest\u00e3o e auditoria ambiental; Licenciamento ambiental; e Educa\u00e7\u00e3o ambiental.<\/span><\/p><\/div>\n\t\t\t\t\t\t\t\t\t<div class=\"elementor-tab-title elementor-tab-mobile-title\" aria-selected=\"false\" data-tab=\"4\" role=\"tab\" tabindex=\"-1\" aria-controls=\"elementor-tab-content-1714\" aria-expanded=\"false\">Campo de atua\u00e7\u00e3o<\/div>\n\t\t\t\t\t<div id=\"elementor-tab-content-1714\" class=\"elementor-tab-content elementor-clearfix\" data-tab=\"4\" role=\"tabpanel\" aria-labelledby=\"elementor-tab-title-1714\" tabindex=\"0\" hidden=\"hidden\"><p><span dir=\"ltr\" role=\"presentation\"> O Curso de Bacharelado em Qu\u00edmica Ambiental foi configurado para atender \u00e0 demanda de mercado por profissionais da \u00e1rea da qu\u00edmica, habilitados para laborarem na \u00e1rea do Meio Ambiente, atuando na resolu\u00e7\u00e3o dos problemas ambientais, ocasionados pelo crescimento populacional e industrial e, tamb\u00e9m, na inser\u00e7\u00e3o das empresas no seleto grupo das \u201cempresas ambientalmente respons\u00e1veis\u201d.<\/span><\/p><p><span dir=\"ltr\" style=\"padding: 0px;margin: 0px;color: transparent;position: absolute;cursor: text;left: 102.125px;top: 767.954px;font-size: 14.4px;font-family: sans-serif\" role=\"presentation\">i<\/span><span dir=\"ltr\" style=\"padding: 0px;margin: 0px;color: transparent;position: absolute;cursor: text;left: 102.125px;top: 792.722px;font-size: 14.4px;font-family: sans-serif\" role=\"presentation\">ambientalmente respons\u00e1veis\u201d<\/span><\/p><\/div>\n\t\t\t\t\t\t\t<\/div>\n\t\t<\/div>\n\t\t\t\t\t\t<\/div>\n\t\t\t\t<\/div>\n\t\t\t\t\t<\/div>\n\t\t<\/div>\n\t\t\t\t\t<\/div>\n\t\t<\/section>\n\t\t\t\t<section class=\"elementor-section elementor-top-section elementor-element elementor-element-2a3b94f elementor-section-boxed elementor-section-height-default elementor-section-height-default wpr-particle-no wpr-jarallax-no wpr-parallax-no wpr-sticky-section-no wpr-equal-height-no\" data-id=\"2a3b94f\" data-element_type=\"section\" data-e-type=\"section\" data-settings=\"{&quot;background_background&quot;:&quot;classic&quot;}\">\n\t\t\t\t\t\t<div class=\"elementor-container elementor-column-gap-default\">\n\t\t\t\t\t<div class=\"elementor-column elementor-col-100 elementor-top-column elementor-element elementor-element-2d680b8\" data-id=\"2d680b8\" data-element_type=\"column\" data-e-type=\"column\">\n\t\t\t<div class=\"elementor-widget-wrap elementor-element-populated\">\n\t\t\t\t\t\t<div class=\"elementor-element elementor-element-76cff69 elementor-widget elementor-widget-spacer\" data-id=\"76cff69\" data-element_type=\"widget\" data-e-type=\"widget\" data-widget_type=\"spacer.default\">\n\t\t\t\t<div class=\"elementor-widget-container\">\n\t\t\t\t\t\t\t<div class=\"elementor-spacer\">\n\t\t\t<div class=\"elementor-spacer-inner\"><\/div>\n\t\t<\/div>\n\t\t\t\t\t\t<\/div>\n\t\t\t\t<\/div>\n\t\t\t\t<div class=\"elementor-element elementor-element-7476e1b elementor-widget elementor-widget-heading\" data-id=\"7476e1b\" data-element_type=\"widget\" data-e-type=\"widget\" data-widget_type=\"heading.default\">\n\t\t\t\t<div class=\"elementor-widget-container\">\n\t\t\t\t\t<h4 class=\"elementor-heading-title elementor-size-default\">Organiza\u00e7\u00e3o Curricular - Grade vigente a partir de 02\/2022<\/h4>\t\t\t\t<\/div>\n\t\t\t\t<\/div>\n\t\t\t\t\t<\/div>\n\t\t<\/div>\n\t\t\t\t\t<\/div>\n\t\t<\/section>\n\t\t\t\t<section class=\"elementor-section elementor-top-section elementor-element elementor-element-647d036 elementor-section-boxed elementor-section-height-default elementor-section-height-default wpr-particle-no wpr-jarallax-no wpr-parallax-no wpr-sticky-section-no wpr-equal-height-no\" data-id=\"647d036\" data-element_type=\"section\" data-e-type=\"section\" data-settings=\"{&quot;background_background&quot;:&quot;classic&quot;}\">\n\t\t\t\t\t\t<div class=\"elementor-container elementor-column-gap-default\">\n\t\t\t\t\t<div class=\"elementor-column elementor-col-100 elementor-top-column elementor-element elementor-element-89cc1ed\" data-id=\"89cc1ed\" data-element_type=\"column\" data-e-type=\"column\">\n\t\t\t<div class=\"elementor-widget-wrap elementor-element-populated\">\n\t\t\t\t\t\t<div class=\"elementor-element elementor-element-d4f2e5d elementor-widget elementor-widget-spacer\" data-id=\"d4f2e5d\" data-element_type=\"widget\" data-e-type=\"widget\" data-widget_type=\"spacer.default\">\n\t\t\t\t<div class=\"elementor-widget-container\">\n\t\t\t\t\t\t\t<div class=\"elementor-spacer\">\n\t\t\t<div class=\"elementor-spacer-inner\"><\/div>\n\t\t<\/div>\n\t\t\t\t\t\t<\/div>\n\t\t\t\t<\/div>\n\t\t\t\t\t<\/div>\n\t\t<\/div>\n\t\t\t\t\t<\/div>\n\t\t<\/section>\n\t\t\t\t<section class=\"elementor-section elementor-top-section elementor-element elementor-element-ca44bf0 elementor-section-boxed elementor-section-height-default elementor-section-height-default wpr-particle-no wpr-jarallax-no wpr-parallax-no wpr-sticky-section-no wpr-equal-height-no\" data-id=\"ca44bf0\" data-element_type=\"section\" data-e-type=\"section\" data-settings=\"{&quot;background_background&quot;:&quot;classic&quot;}\">\n\t\t\t\t\t\t<div class=\"elementor-container elementor-column-gap-default\">\n\t\t\t\t\t<div class=\"elementor-column elementor-col-50 elementor-top-column elementor-element elementor-element-3883f97\" data-id=\"3883f97\" data-element_type=\"column\" data-e-type=\"column\" data-settings=\"{&quot;background_background&quot;:&quot;classic&quot;}\">\n\t\t\t<div class=\"elementor-widget-wrap elementor-element-populated\">\n\t\t\t\t\t\t<div class=\"elementor-element elementor-element-958be31 elementor-view-default elementor-widget elementor-widget-icon\" data-id=\"958be31\" data-element_type=\"widget\" data-e-type=\"widget\" data-widget_type=\"icon.default\">\n\t\t\t\t<div class=\"elementor-widget-container\">\n\t\t\t\t\t\t\t<div class=\"elementor-icon-wrapper\">\n\t\t\t<div class=\"elementor-icon\">\n\t\t\t<i aria-hidden=\"true\" class=\"fas fa-chalkboard-teacher\"><\/i>\t\t\t<\/div>\n\t\t<\/div>\n\t\t\t\t\t\t<\/div>\n\t\t\t\t<\/div>\n\t\t\t\t<div class=\"elementor-element elementor-element-3656a93 elementor-widget elementor-widget-heading\" data-id=\"3656a93\" data-element_type=\"widget\" data-e-type=\"widget\" data-widget_type=\"heading.default\">\n\t\t\t\t<div class=\"elementor-widget-container\">\n\t\t\t\t\t<h5 class=\"elementor-heading-title elementor-size-default\">Coordena\u00e7\u00e3o<\/h5>\t\t\t\t<\/div>\n\t\t\t\t<\/div>\n\t\t\t\t<div class=\"elementor-element elementor-element-36a3b32 elementor-widget elementor-widget-text-editor\" data-id=\"36a3b32\" data-element_type=\"widget\" data-e-type=\"widget\" data-widget_type=\"text-editor.default\">\n\t\t\t\t<div class=\"elementor-widget-container\">\n\t\t\t\t\t\t\t\t\t<p>Profa. Dra. Lucila Adriani de Almeida Coral<\/p><p><a href=\"mailto:coamb-ct@gmail.com\">coamb-ct@utfpr.edu.br<\/a><\/p>\t\t\t\t\t\t\t\t<\/div>\n\t\t\t\t<\/div>\n\t\t\t\t\t<\/div>\n\t\t<\/div>\n\t\t\t\t<div class=\"elementor-column elementor-col-50 elementor-top-column elementor-element elementor-element-8a1a5b9\" data-id=\"8a1a5b9\" data-element_type=\"column\" data-e-type=\"column\">\n\t\t\t<div class=\"elementor-widget-wrap elementor-element-populated\">\n\t\t\t\t\t\t<div class=\"elementor-element elementor-element-43192af elementor-view-default elementor-widget elementor-widget-icon\" data-id=\"43192af\" data-element_type=\"widget\" data-e-type=\"widget\" data-widget_type=\"icon.default\">\n\t\t\t\t<div class=\"elementor-widget-container\">\n\t\t\t\t\t\t\t<div class=\"elementor-icon-wrapper\">\n\t\t\t<div class=\"elementor-icon\">\n\t\t\t<i aria-hidden=\"true\" class=\"fas fa-expand-arrows-alt\"><\/i>\t\t\t<\/div>\n\t\t<\/div>\n\t\t\t\t\t\t<\/div>\n\t\t\t\t<\/div>\n\t\t\t\t<div class=\"elementor-element elementor-element-ecbfb61 elementor-widget elementor-widget-heading\" data-id=\"ecbfb61\" data-element_type=\"widget\" data-e-type=\"widget\" data-widget_type=\"heading.default\">\n\t\t\t\t<div class=\"elementor-widget-container\">\n\t\t\t\t\t<h5 class=\"elementor-heading-title elementor-size-default\">Extens\u00e3o<\/h5>\t\t\t\t<\/div>\n\t\t\t\t<\/div>\n\t\t\t\t<div class=\"elementor-element elementor-element-919d5f5 elementor-widget elementor-widget-text-editor\" data-id=\"919d5f5\" data-element_type=\"widget\" data-e-type=\"widget\" data-widget_type=\"text-editor.default\">\n\t\t\t\t<div class=\"elementor-widget-container\">\n\t\t\t\t\t\t\t\t\t<p>Profa. Dra. Jana Magaly Tesserolli De Souza<\/p><p><a href=\"mailto:extensao-bqa-ct@utfpr.edu.br\">extensao-bqa-ct@utfpr.edu.br<\/a><\/p>\t\t\t\t\t\t\t\t<\/div>\n\t\t\t\t<\/div>\n\t\t\t\t\t<\/div>\n\t\t<\/div>\n\t\t\t\t\t<\/div>\n\t\t<\/section>\n\t\t\t\t<section class=\"elementor-section elementor-top-section elementor-element elementor-element-bfcfd55 elementor-section-boxed elementor-section-height-default elementor-section-height-default wpr-particle-no wpr-jarallax-no wpr-parallax-no wpr-sticky-section-no wpr-equal-height-no\" data-id=\"bfcfd55\" data-element_type=\"section\" data-e-type=\"section\" data-settings=\"{&quot;background_background&quot;:&quot;classic&quot;}\">\n\t\t\t\t\t\t<div class=\"elementor-container elementor-column-gap-default\">\n\t\t\t\t\t<div class=\"elementor-column elementor-col-33 elementor-top-column elementor-element elementor-element-a2ad8c9\" data-id=\"a2ad8c9\" data-element_type=\"column\" data-e-type=\"column\">\n\t\t\t<div class=\"elementor-widget-wrap elementor-element-populated\">\n\t\t\t\t\t\t<div class=\"elementor-element elementor-element-b41d437 elementor-view-default elementor-widget elementor-widget-icon\" data-id=\"b41d437\" data-element_type=\"widget\" data-e-type=\"widget\" data-widget_type=\"icon.default\">\n\t\t\t\t<div class=\"elementor-widget-container\">\n\t\t\t\t\t\t\t<div class=\"elementor-icon-wrapper\">\n\t\t\t<div class=\"elementor-icon\">\n\t\t\t<i aria-hidden=\"true\" class=\"far fa-handshake\"><\/i>\t\t\t<\/div>\n\t\t<\/div>\n\t\t\t\t\t\t<\/div>\n\t\t\t\t<\/div>\n\t\t\t\t<div class=\"elementor-element elementor-element-36ae38f elementor-widget elementor-widget-heading\" data-id=\"36ae38f\" data-element_type=\"widget\" data-e-type=\"widget\" data-widget_type=\"heading.default\">\n\t\t\t\t<div class=\"elementor-widget-container\">\n\t\t\t\t\t<h5 class=\"elementor-heading-title elementor-size-default\">Est\u00e1gio<\/h5>\t\t\t\t<\/div>\n\t\t\t\t<\/div>\n\t\t\t\t<div class=\"elementor-element elementor-element-57404e5 elementor-widget elementor-widget-text-editor\" data-id=\"57404e5\" data-element_type=\"widget\" data-e-type=\"widget\" data-widget_type=\"text-editor.default\">\n\t\t\t\t<div class=\"elementor-widget-container\">\n\t\t\t\t\t\t\t\t\t<p>Prof. Dr. Alexsandro Mendes Zimer<\/p><p><a href=\"mailto:estagio-bqa-ct@utfpr.edu.br\">estagio-bqa-ct@utfpr.edu.br<\/a><\/p>\t\t\t\t\t\t\t\t<\/div>\n\t\t\t\t<\/div>\n\t\t\t\t\t<\/div>\n\t\t<\/div>\n\t\t\t\t<div class=\"elementor-column elementor-col-33 elementor-top-column elementor-element elementor-element-c2eb0e0\" data-id=\"c2eb0e0\" data-element_type=\"column\" data-e-type=\"column\">\n\t\t\t<div class=\"elementor-widget-wrap elementor-element-populated\">\n\t\t\t\t\t\t<div class=\"elementor-element elementor-element-e6d4c45 elementor-view-default elementor-widget elementor-widget-icon\" data-id=\"e6d4c45\" data-element_type=\"widget\" data-e-type=\"widget\" data-widget_type=\"icon.default\">\n\t\t\t\t<div class=\"elementor-widget-container\">\n\t\t\t\t\t\t\t<div class=\"elementor-icon-wrapper\">\n\t\t\t<div class=\"elementor-icon\">\n\t\t\t<i aria-hidden=\"true\" class=\"fas fa-exchange-alt\"><\/i>\t\t\t<\/div>\n\t\t<\/div>\n\t\t\t\t\t\t<\/div>\n\t\t\t\t<\/div>\n\t\t\t\t<div class=\"elementor-element elementor-element-28dbf21 elementor-widget elementor-widget-heading\" data-id=\"28dbf21\" data-element_type=\"widget\" data-e-type=\"widget\" data-widget_type=\"heading.default\">\n\t\t\t\t<div class=\"elementor-widget-container\">\n\t\t\t\t\t<h5 class=\"elementor-heading-title elementor-size-default\">Internacionaliza\u00e7\u00e3o<\/h5>\t\t\t\t<\/div>\n\t\t\t\t<\/div>\n\t\t\t\t<div class=\"elementor-element elementor-element-e6f2f55 elementor-widget elementor-widget-text-editor\" data-id=\"e6f2f55\" data-element_type=\"widget\" data-e-type=\"widget\" data-widget_type=\"text-editor.default\">\n\t\t\t\t<div class=\"elementor-widget-container\">\n\t\t\t\t\t\t\t\t\t<p>Profa. Dra. Maria Giovana Binder Pagnoncelli<\/p><p><a href=\"mailto:mpagnoncelli@utfpr.edu.br\">mpagnoncelli@utfpr.edu.br<span style=\"font-style: inherit;font-weight: inherit\">\u00a0<\/span><\/a><\/p>\t\t\t\t\t\t\t\t<\/div>\n\t\t\t\t<\/div>\n\t\t\t\t\t<\/div>\n\t\t<\/div>\n\t\t\t\t<div class=\"elementor-column elementor-col-33 elementor-top-column elementor-element elementor-element-1f9075f\" data-id=\"1f9075f\" data-element_type=\"column\" data-e-type=\"column\">\n\t\t\t<div class=\"elementor-widget-wrap elementor-element-populated\">\n\t\t\t\t\t\t<div class=\"elementor-element elementor-element-ee30003 elementor-view-default elementor-widget elementor-widget-icon\" data-id=\"ee30003\" data-element_type=\"widget\" data-e-type=\"widget\" data-widget_type=\"icon.default\">\n\t\t\t\t<div class=\"elementor-widget-container\">\n\t\t\t\t\t\t\t<div class=\"elementor-icon-wrapper\">\n\t\t\t<div class=\"elementor-icon\">\n\t\t\t<i aria-hidden=\"true\" class=\"fas fa-universal-access\"><\/i>\t\t\t<\/div>\n\t\t<\/div>\n\t\t\t\t\t\t<\/div>\n\t\t\t\t<\/div>\n\t\t\t\t<div class=\"elementor-element elementor-element-8099a26 elementor-widget elementor-widget-heading\" data-id=\"8099a26\" data-element_type=\"widget\" data-e-type=\"widget\" data-widget_type=\"heading.default\">\n\t\t\t\t<div class=\"elementor-widget-container\">\n\t\t\t\t\t<h5 class=\"elementor-heading-title elementor-size-default\">Inclus\u00e3o<\/h5>\t\t\t\t<\/div>\n\t\t\t\t<\/div>\n\t\t\t\t<div class=\"elementor-element elementor-element-4498129 elementor-widget elementor-widget-text-editor\" data-id=\"4498129\" data-element_type=\"widget\" data-e-type=\"widget\" data-widget_type=\"text-editor.default\">\n\t\t\t\t<div class=\"elementor-widget-container\">\n\t\t\t\t\t\t\t\t\t<p>Profa. Dra. Renata Danielle Adati<\/p><p><a href=\"mailto:renataadati@utfpr.edu.br\">renataadati@utfpr.edu.br<\/a><\/p>\t\t\t\t\t\t\t\t<\/div>\n\t\t\t\t<\/div>\n\t\t\t\t\t<\/div>\n\t\t<\/div>\n\t\t\t\t\t<\/div>\n\t\t<\/section>\n\t\t\t\t<section class=\"elementor-section elementor-top-section elementor-element elementor-element-6a8eb09 elementor-section-boxed elementor-section-height-default elementor-section-height-default wpr-particle-no wpr-jarallax-no wpr-parallax-no wpr-sticky-section-no wpr-equal-height-no\" data-id=\"6a8eb09\" data-element_type=\"section\" data-e-type=\"section\" data-settings=\"{&quot;background_background&quot;:&quot;classic&quot;}\">\n\t\t\t\t\t\t<div class=\"elementor-container elementor-column-gap-default\">\n\t\t\t\t\t<div class=\"elementor-column elementor-col-100 elementor-top-column elementor-element elementor-element-a94e38b\" data-id=\"a94e38b\" data-element_type=\"column\" data-e-type=\"column\">\n\t\t\t<div class=\"elementor-widget-wrap elementor-element-populated\">\n\t\t\t\t\t\t<div class=\"elementor-element elementor-element-d01e362 elementor-widget elementor-widget-heading\" data-id=\"d01e362\" data-element_type=\"widget\" data-e-type=\"widget\" data-widget_type=\"heading.default\">\n\t\t\t\t<div class=\"elementor-widget-container\">\n\t\t\t\t\t<h4 class=\"elementor-heading-title elementor-size-default\">Orienta\u00e7\u00f5es R\u00e1pidas<\/h4>\t\t\t\t<\/div>\n\t\t\t\t<\/div>\n\t\t\t\t<div class=\"elementor-element elementor-element-d443c75 elementor-widget elementor-widget-text-editor\" data-id=\"d443c75\" data-element_type=\"widget\" data-e-type=\"widget\" data-widget_type=\"text-editor.default\">\n\t\t\t\t<div class=\"elementor-widget-container\">\n\t\t\t\t\t\t\t\t\t<p>Para outras d\u00favidas, entre em contato com a coordena\u00e7\u00e3o do curso.<\/p>\t\t\t\t\t\t\t\t<\/div>\n\t\t\t\t<\/div>\n\t\t\t\t\t<\/div>\n\t\t<\/div>\n\t\t\t\t\t<\/div>\n\t\t<\/section>\n\t\t\t\t<\/div>\n\t\t","protected":false},"excerpt":{"rendered":"<p>Bacharelado em Qu\u00edmica Ambiental Per\u00edodo Noturno Dura\u00e7\u00e3o 9 per\u00edodos \u2013 4,5 anos Ingresso SISU ou Vestibular Sobre o curso Objetivos Perfil profissional Compet\u00eancias Campo de atua\u00e7\u00e3o Objetivos Formar profissionais com uma s\u00f3lida base em qu\u00edmica, biologia e processos ambientais, capazes de aplicar esses conhecimentos para entender, prevenir e resolver problemas relacionados ao meio ambiente. O curso de Bacharelado em Qu\u00edmica Ambiental forma um profissional que vai muito al\u00e9m do laborat\u00f3rio, atuando como um especialista capaz de traduzir os fen\u00f4menos qu\u00edmicos e biol\u00f3gicos em a\u00e7\u00f5es pr\u00e1ticas para a preserva\u00e7\u00e3o e recupera\u00e7\u00e3o ambiental. Perfil profissional Um profissional da \u00e1rea de qu\u00edmica, com dom\u00ednio&nbsp;das t\u00e9cnicas de an\u00e1lises de interesse ambiental, apto a planejar, supervisionar,&nbsp;analisar as determina\u00e7\u00f5es anal\u00edticas, empregando t\u00e9cnicas cl\u00e1ssicas e&nbsp;instrumentais de an\u00e1lise qu\u00edmica e microbiol\u00f3gica, capaz, tamb\u00e9m, de gerenciar a&nbsp;preven\u00e7\u00e3o e corre\u00e7\u00e3o de problemas ambientais e propor e desenvolver novas&nbsp;tecnologias. Compet\u00eancias O profissional Bacharel em Qu\u00edmica Ambiental tem fun\u00e7\u00f5es, compet\u00eancias e&nbsp;habilidades para o exerc\u00edcio do cargo, conforme descrito na Classifica\u00e7\u00e3o Brasileira&nbsp;de Ocupa\u00e7\u00f5es \u2013 CBO 213205. S\u00e3o Compet\u00eancias e Habilidades do Qu\u00edmico Ambiental: Identifica\u00e7\u00e3o de agentes qu\u00edmicos e biol\u00f3gicos em processos produtivos; Planejamento, condu\u00e7\u00e3o e supervis\u00e3o de determina\u00e7\u00f5es anal\u00edticas; Controle de gera\u00e7\u00e3o e tratamento de res\u00edduos s\u00f3lidos urbanos e industriais; Tratamento de \u00e1gua e efluentes; Controle de emiss\u00f5es atmosf\u00e9ricas; Recupera\u00e7\u00e3o de \u00e1reas degradadas; Monitoramento ambiental; Gest\u00e3o e auditoria ambiental; Licenciamento ambiental; e Educa\u00e7\u00e3o ambiental. Campo de atua\u00e7\u00e3o O Curso de Bacharelado em Qu\u00edmica Ambiental foi configurado para atender \u00e0 demanda de mercado por profissionais da \u00e1rea da qu\u00edmica, habilitados para laborarem na \u00e1rea do Meio Ambiente, atuando na resolu\u00e7\u00e3o dos problemas ambientais, ocasionados pelo crescimento populacional e industrial e, tamb\u00e9m, na inser\u00e7\u00e3o das empresas no seleto grupo das \u201cempresas ambientalmente respons\u00e1veis\u201d. iambientalmente respons\u00e1veis\u201d Organiza\u00e7\u00e3o Curricular &#8211; Grade vigente a partir de 02\/2022 Coordena\u00e7\u00e3o Profa. Dra. Lucila Adriani de Almeida Coral coamb-ct@utfpr.edu.br Extens\u00e3o Profa. Dra. Jana Magaly Tesserolli De Souza extensao-bqa-ct@utfpr.edu.br Est\u00e1gio Prof. Dr. Alexsandro Mendes Zimer estagio-bqa-ct@utfpr.edu.br Internacionaliza\u00e7\u00e3o Profa. Dra. Maria Giovana Binder Pagnoncelli mpagnoncelli@utfpr.edu.br\u00a0 Inclus\u00e3o Profa. Dra. Renata Danielle Adati renataadati@utfpr.edu.br Orienta\u00e7\u00f5es R\u00e1pidas Para outras d\u00favidas, entre em contato com a coordena\u00e7\u00e3o do curso.<\/p>\n","protected":false},"author":157,"featured_media":0,"parent":117,"menu_order":0,"comment_status":"closed","ping_status":"closed","template":"","meta":{"site-sidebar-layout":"default","site-content-layout":"","ast-site-content-layout":"default","site-content-style":"default","site-sidebar-style":"default","ast-global-header-display":"","ast-banner-title-visibility":"","ast-main-header-display":"","ast-hfb-above-header-display":"","ast-hfb-below-header-display":"","ast-hfb-mobile-header-display":"","site-post-title":"disabled","ast-breadcrumbs-content":"","ast-featured-img":"","footer-sml-layout":"","ast-disable-related-posts":"","theme-transparent-header-meta":"","adv-header-id-meta":"","stick-header-meta":"","header-above-stick-meta":"","header-main-stick-meta":"","header-below-stick-meta":"","astra-migrate-meta-layouts":"set","ast-page-background-enabled":"default","ast-page-background-meta":{"desktop":{"background-color":"var(--ast-global-color-4)","background-image":"","background-repeat":"repeat","background-position":"center center","background-size":"auto","background-attachment":"scroll","background-type":"","background-media":"","overlay-type":"","overlay-color":"","overlay-opacity":"","overlay-gradient":""},"tablet":{"background-color":"","background-image":"","background-repeat":"repeat","background-position":"center center","background-size":"auto","background-attachment":"scroll","background-type":"","background-media":"","overlay-type":"","overlay-color":"","overlay-opacity":"","overlay-gradient":""},"mobile":{"background-color":"","background-image":"","background-repeat":"repeat","background-position":"center center","background-size":"auto","background-attachment":"scroll","background-type":"","background-media":"","overlay-type":"","overlay-color":"","overlay-opacity":"","overlay-gradient":""}},"ast-content-background-meta":{"desktop":{"background-color":"var(--ast-global-color-5)","background-image":"","background-repeat":"repeat","background-position":"center center","background-size":"auto","background-attachment":"scroll","background-type":"","background-media":"","overlay-type":"","overlay-color":"","overlay-opacity":"","overlay-gradient":""},"tablet":{"background-color":"var(--ast-global-color-5)","background-image":"","background-repeat":"repeat","background-position":"center center","background-size":"auto","background-attachment":"scroll","background-type":"","background-media":"","overlay-type":"","overlay-color":"","overlay-opacity":"","overlay-gradient":""},"mobile":{"background-color":"var(--ast-global-color-5)","background-image":"","background-repeat":"repeat","background-position":"center center","background-size":"auto","background-attachment":"scroll","background-type":"","background-media":"","overlay-type":"","overlay-color":"","overlay-opacity":"","overlay-gradient":""}},"footnotes":""},"class_list":["post-1499","page","type-page","status-publish","hentry"],"yoast_head":"<!-- This site is optimized with the Yoast SEO plugin v27.4 - https:\/\/yoast.com\/product\/yoast-seo-wordpress\/ -->\n<title>Bacharelado em Qu\u00edmica Ambiental - DAQBi<\/title>\n<meta name=\"description\" content=\"O curso de Bacharelado em Qu\u00edmica Ambiental da Universidade Tecnol\u00f3gica Federal do Paran\u00e1, UTFPR, noturno, possui 9 per\u00edodos.\" \/>\n<meta name=\"robots\" content=\"index, follow, max-snippet:-1, max-image-preview:large, max-video-preview:-1\" \/>\n<link rel=\"canonical\" href=\"https:\/\/utfpr.curitiba.br\/daqbi\/graduacao\/bacharelado-em-quimica-ambiental\/\" \/>\n<meta property=\"og:locale\" content=\"pt_BR\" \/>\n<meta property=\"og:type\" content=\"article\" \/>\n<meta property=\"og:title\" content=\"Bacharelado em Qu\u00edmica Ambiental - DAQBi\" \/>\n<meta property=\"og:description\" content=\"O curso de Bacharelado em Qu\u00edmica Ambiental da Universidade Tecnol\u00f3gica Federal do Paran\u00e1, UTFPR, noturno, possui 9 per\u00edodos.\" \/>\n<meta property=\"og:url\" content=\"https:\/\/utfpr.curitiba.br\/daqbi\/graduacao\/bacharelado-em-quimica-ambiental\/\" \/>\n<meta property=\"og:site_name\" content=\"DAQBi\" \/>\n<meta property=\"article:modified_time\" content=\"2026-03-24T21:52:31+00:00\" \/>\n<meta property=\"og:image\" content=\"https:\/\/utfpr-ct-static-content.s3.amazonaws.com\/utfpr.curitiba.br\/wp-content\/uploads\/sites\/149\/2023\/04\/daqbi_curto.png\" \/>\n\t<meta property=\"og:image:width\" content=\"600\" \/>\n\t<meta property=\"og:image:height\" content=\"261\" \/>\n\t<meta property=\"og:image:type\" content=\"image\/png\" \/>\n<meta name=\"twitter:card\" content=\"summary_large_image\" \/>\n<meta name=\"twitter:label1\" content=\"Est. reading time\" \/>\n\t<meta name=\"twitter:data1\" content=\"2 minutos\" \/>\n<script type=\"application\/ld+json\" class=\"yoast-schema-graph\">{\"@context\":\"https:\\\/\\\/schema.org\",\"@graph\":[{\"@type\":\"WebPage\",\"@id\":\"https:\\\/\\\/utfpr.curitiba.br\\\/daqbi\\\/graduacao\\\/bacharelado-em-quimica-ambiental\\\/\",\"url\":\"https:\\\/\\\/utfpr.curitiba.br\\\/daqbi\\\/graduacao\\\/bacharelado-em-quimica-ambiental\\\/\",\"name\":\"Bacharelado em Qu\u00edmica Ambiental - DAQBi\",\"isPartOf\":{\"@id\":\"https:\\\/\\\/utfpr.curitiba.br\\\/daqbi\\\/#website\"},\"datePublished\":\"2023-06-29T15:15:57+00:00\",\"dateModified\":\"2026-03-24T21:52:31+00:00\",\"description\":\"O curso de Bacharelado em Qu\u00edmica Ambiental da Universidade Tecnol\u00f3gica Federal do Paran\u00e1, UTFPR, noturno, possui 9 per\u00edodos.\",\"breadcrumb\":{\"@id\":\"https:\\\/\\\/utfpr.curitiba.br\\\/daqbi\\\/graduacao\\\/bacharelado-em-quimica-ambiental\\\/#breadcrumb\"},\"inLanguage\":\"pt-BR\",\"potentialAction\":[{\"@type\":\"ReadAction\",\"target\":[\"https:\\\/\\\/utfpr.curitiba.br\\\/daqbi\\\/graduacao\\\/bacharelado-em-quimica-ambiental\\\/\"]}]},{\"@type\":\"BreadcrumbList\",\"@id\":\"https:\\\/\\\/utfpr.curitiba.br\\\/daqbi\\\/graduacao\\\/bacharelado-em-quimica-ambiental\\\/#breadcrumb\",\"itemListElement\":[{\"@type\":\"ListItem\",\"position\":1,\"name\":\"Home\",\"item\":\"https:\\\/\\\/utfpr.curitiba.br\\\/daqbi\\\/\"},{\"@type\":\"ListItem\",\"position\":2,\"name\":\"Gradua\u00e7\u00e3o\",\"item\":\"https:\\\/\\\/utfpr.curitiba.br\\\/daqbi\\\/graduacao\\\/\"},{\"@type\":\"ListItem\",\"position\":3,\"name\":\"Bacharelado em Qu\u00edmica Ambiental\"}]},{\"@type\":\"WebSite\",\"@id\":\"https:\\\/\\\/utfpr.curitiba.br\\\/daqbi\\\/#website\",\"url\":\"https:\\\/\\\/utfpr.curitiba.br\\\/daqbi\\\/\",\"name\":\"DAQBi\",\"description\":\"Departamento Acad\u00eamico de Qu\u00edmica e Biologia - UTFPR Campus Curitiba\",\"publisher\":{\"@id\":\"https:\\\/\\\/utfpr.curitiba.br\\\/daqbi\\\/#organization\"},\"alternateName\":\"Daqbi Curitiba - UTFPR\",\"potentialAction\":[{\"@type\":\"SearchAction\",\"target\":{\"@type\":\"EntryPoint\",\"urlTemplate\":\"https:\\\/\\\/utfpr.curitiba.br\\\/daqbi\\\/?s={search_term_string}\"},\"query-input\":{\"@type\":\"PropertyValueSpecification\",\"valueRequired\":true,\"valueName\":\"search_term_string\"}}],\"inLanguage\":\"pt-BR\"},{\"@type\":\"Organization\",\"@id\":\"https:\\\/\\\/utfpr.curitiba.br\\\/daqbi\\\/#organization\",\"name\":\"Departamento Acad\u00eamico de Qu\u00edmica e Biologia UTFPR Curitiba\",\"alternateName\":\"DAQBI curitiba - Universidade Tecnol\u00f3gica Federal do Paran\u00e1\",\"url\":\"https:\\\/\\\/utfpr.curitiba.br\\\/daqbi\\\/\",\"logo\":{\"@type\":\"ImageObject\",\"inLanguage\":\"pt-BR\",\"@id\":\"https:\\\/\\\/utfpr.curitiba.br\\\/daqbi\\\/#\\\/schema\\\/logo\\\/image\\\/\",\"url\":\"https:\\\/\\\/utfpr-ct-static-content.s3.amazonaws.com\\\/utfpr.curitiba.br\\\/wp-content\\\/uploads\\\/sites\\\/149\\\/2023\\\/04\\\/daqbi_curto.png\",\"contentUrl\":\"https:\\\/\\\/utfpr-ct-static-content.s3.amazonaws.com\\\/utfpr.curitiba.br\\\/wp-content\\\/uploads\\\/sites\\\/149\\\/2023\\\/04\\\/daqbi_curto.png\",\"width\":600,\"height\":261,\"caption\":\"Departamento Acad\u00eamico de Qu\u00edmica e Biologia UTFPR Curitiba\"},\"image\":{\"@id\":\"https:\\\/\\\/utfpr.curitiba.br\\\/daqbi\\\/#\\\/schema\\\/logo\\\/image\\\/\"}}]}<\/script>\n<!-- \/ Yoast SEO plugin. -->","yoast_head_json":{"title":"Bacharelado em Qu\u00edmica Ambiental - DAQBi","description":"O curso de Bacharelado em Qu\u00edmica Ambiental da Universidade Tecnol\u00f3gica Federal do Paran\u00e1, UTFPR, noturno, possui 9 per\u00edodos.","robots":{"index":"index","follow":"follow","max-snippet":"max-snippet:-1","max-image-preview":"max-image-preview:large","max-video-preview":"max-video-preview:-1"},"canonical":"https:\/\/utfpr.curitiba.br\/daqbi\/graduacao\/bacharelado-em-quimica-ambiental\/","og_locale":"pt_BR","og_type":"article","og_title":"Bacharelado em Qu\u00edmica Ambiental - DAQBi","og_description":"O curso de Bacharelado em Qu\u00edmica Ambiental da Universidade Tecnol\u00f3gica Federal do Paran\u00e1, UTFPR, noturno, possui 9 per\u00edodos.","og_url":"https:\/\/utfpr.curitiba.br\/daqbi\/graduacao\/bacharelado-em-quimica-ambiental\/","og_site_name":"DAQBi","article_modified_time":"2026-03-24T21:52:31+00:00","og_image":[{"width":600,"height":261,"url":"https:\/\/utfpr-ct-static-content.s3.amazonaws.com\/utfpr.curitiba.br\/wp-content\/uploads\/sites\/149\/2023\/04\/daqbi_curto.png","type":"image\/png"}],"twitter_card":"summary_large_image","twitter_misc":{"Est. reading time":"2 minutos"},"schema":{"@context":"https:\/\/schema.org","@graph":[{"@type":"WebPage","@id":"https:\/\/utfpr.curitiba.br\/daqbi\/graduacao\/bacharelado-em-quimica-ambiental\/","url":"https:\/\/utfpr.curitiba.br\/daqbi\/graduacao\/bacharelado-em-quimica-ambiental\/","name":"Bacharelado em Qu\u00edmica Ambiental - DAQBi","isPartOf":{"@id":"https:\/\/utfpr.curitiba.br\/daqbi\/#website"},"datePublished":"2023-06-29T15:15:57+00:00","dateModified":"2026-03-24T21:52:31+00:00","description":"O curso de Bacharelado em Qu\u00edmica Ambiental da Universidade Tecnol\u00f3gica Federal do Paran\u00e1, UTFPR, noturno, possui 9 per\u00edodos.","breadcrumb":{"@id":"https:\/\/utfpr.curitiba.br\/daqbi\/graduacao\/bacharelado-em-quimica-ambiental\/#breadcrumb"},"inLanguage":"pt-BR","potentialAction":[{"@type":"ReadAction","target":["https:\/\/utfpr.curitiba.br\/daqbi\/graduacao\/bacharelado-em-quimica-ambiental\/"]}]},{"@type":"BreadcrumbList","@id":"https:\/\/utfpr.curitiba.br\/daqbi\/graduacao\/bacharelado-em-quimica-ambiental\/#breadcrumb","itemListElement":[{"@type":"ListItem","position":1,"name":"Home","item":"https:\/\/utfpr.curitiba.br\/daqbi\/"},{"@type":"ListItem","position":2,"name":"Gradua\u00e7\u00e3o","item":"https:\/\/utfpr.curitiba.br\/daqbi\/graduacao\/"},{"@type":"ListItem","position":3,"name":"Bacharelado em Qu\u00edmica Ambiental"}]},{"@type":"WebSite","@id":"https:\/\/utfpr.curitiba.br\/daqbi\/#website","url":"https:\/\/utfpr.curitiba.br\/daqbi\/","name":"DAQBi","description":"Departamento Acad\u00eamico de Qu\u00edmica e Biologia - UTFPR Campus Curitiba","publisher":{"@id":"https:\/\/utfpr.curitiba.br\/daqbi\/#organization"},"alternateName":"Daqbi Curitiba - UTFPR","potentialAction":[{"@type":"SearchAction","target":{"@type":"EntryPoint","urlTemplate":"https:\/\/utfpr.curitiba.br\/daqbi\/?s={search_term_string}"},"query-input":{"@type":"PropertyValueSpecification","valueRequired":true,"valueName":"search_term_string"}}],"inLanguage":"pt-BR"},{"@type":"Organization","@id":"https:\/\/utfpr.curitiba.br\/daqbi\/#organization","name":"Departamento Acad\u00eamico de Qu\u00edmica e Biologia UTFPR Curitiba","alternateName":"DAQBI curitiba - Universidade Tecnol\u00f3gica Federal do Paran\u00e1","url":"https:\/\/utfpr.curitiba.br\/daqbi\/","logo":{"@type":"ImageObject","inLanguage":"pt-BR","@id":"https:\/\/utfpr.curitiba.br\/daqbi\/#\/schema\/logo\/image\/","url":"https:\/\/utfpr-ct-static-content.s3.amazonaws.com\/utfpr.curitiba.br\/wp-content\/uploads\/sites\/149\/2023\/04\/daqbi_curto.png","contentUrl":"https:\/\/utfpr-ct-static-content.s3.amazonaws.com\/utfpr.curitiba.br\/wp-content\/uploads\/sites\/149\/2023\/04\/daqbi_curto.png","width":600,"height":261,"caption":"Departamento Acad\u00eamico de Qu\u00edmica e Biologia UTFPR Curitiba"},"image":{"@id":"https:\/\/utfpr.curitiba.br\/daqbi\/#\/schema\/logo\/image\/"}}]}},"_links":{"self":[{"href":"https:\/\/utfpr.curitiba.br\/daqbi\/wp-json\/wp\/v2\/pages\/1499","targetHints":{"allow":["GET"]}}],"collection":[{"href":"https:\/\/utfpr.curitiba.br\/daqbi\/wp-json\/wp\/v2\/pages"}],"about":[{"href":"https:\/\/utfpr.curitiba.br\/daqbi\/wp-json\/wp\/v2\/types\/page"}],"author":[{"embeddable":true,"href":"https:\/\/utfpr.curitiba.br\/daqbi\/wp-json\/wp\/v2\/users\/157"}],"replies":[{"embeddable":true,"href":"https:\/\/utfpr.curitiba.br\/daqbi\/wp-json\/wp\/v2\/comments?post=1499"}],"version-history":[{"count":247,"href":"https:\/\/utfpr.curitiba.br\/daqbi\/wp-json\/wp\/v2\/pages\/1499\/revisions"}],"predecessor-version":[{"id":5962,"href":"https:\/\/utfpr.curitiba.br\/daqbi\/wp-json\/wp\/v2\/pages\/1499\/revisions\/5962"}],"up":[{"embeddable":true,"href":"https:\/\/utfpr.curitiba.br\/daqbi\/wp-json\/wp\/v2\/pages\/117"}],"wp:attachment":[{"href":"https:\/\/utfpr.curitiba.br\/daqbi\/wp-json\/wp\/v2\/media?parent=1499"}],"curies":[{"name":"wp","href":"https:\/\/api.w.org\/{rel}","templated":true}]}}