{"id":137,"date":"2023-02-03T10:59:19","date_gmt":"2023-02-03T13:59:19","guid":{"rendered":"http:\/\/localhost\/daqbiutfpr\/?page_id=31"},"modified":"2026-03-24T17:46:50","modified_gmt":"2026-03-24T20:46:50","slug":"extensao","status":"publish","type":"page","link":"https:\/\/utfpr.curitiba.br\/daqbi\/extensao\/","title":{"rendered":"Extens\u00e3o"},"content":{"rendered":"\t\t<div data-elementor-type=\"wp-page\" data-elementor-id=\"137\" class=\"elementor elementor-137\">\n\t\t\t\t\t\t<section class=\"elementor-section elementor-top-section elementor-element elementor-element-53a0cbd elementor-section-boxed elementor-section-height-default elementor-section-height-default wpr-particle-no wpr-jarallax-no wpr-parallax-no wpr-sticky-section-no wpr-equal-height-no\" data-id=\"53a0cbd\" data-element_type=\"section\" data-e-type=\"section\">\n\t\t\t\t\t\t<div class=\"elementor-container elementor-column-gap-default\">\n\t\t\t\t\t<div class=\"elementor-column elementor-col-100 elementor-top-column elementor-element elementor-element-44c3e11\" data-id=\"44c3e11\" data-element_type=\"column\" data-e-type=\"column\" data-settings=\"{&quot;background_background&quot;:&quot;classic&quot;}\">\n\t\t\t<div class=\"elementor-widget-wrap elementor-element-populated\">\n\t\t\t\t\t\t<div class=\"elementor-element elementor-element-9f26396 elementor-widget elementor-widget-text-editor\" data-id=\"9f26396\" data-element_type=\"widget\" data-e-type=\"widget\" data-widget_type=\"text-editor.default\">\n\t\t\t\t<div class=\"elementor-widget-container\">\n\t\t\t\t\t\t\t\t\t<p>A Extens\u00e3o Universit\u00e1ria \u00e9 o processo interdisciplinar, educativo, cultural, cient\u00edfico e pol\u00edtico que articula o Ensino e a Pesquisa de forma indissoci\u00e1vel e viabiliza a rela\u00e7\u00e3o transformadora entre universidade e sociedade.<\/p><p>\u00c9 um canal de interlocu\u00e7\u00e3o entre a Sociedade e a Universidade, trazendo as demandas da popula\u00e7\u00e3o e os desafios colocados para o desenvolvimento do pa\u00eds para o centro da Pesquisa e desta para a sociedade.<\/p>\t\t\t\t\t\t\t\t<\/div>\n\t\t\t\t<\/div>\n\t\t\t\t\t<\/div>\n\t\t<\/div>\n\t\t\t\t\t<\/div>\n\t\t<\/section>\n\t\t\t\t<section class=\"elementor-section elementor-top-section elementor-element elementor-element-20076de elementor-section-boxed elementor-section-height-default elementor-section-height-default wpr-particle-no wpr-jarallax-no wpr-parallax-no wpr-sticky-section-no wpr-equal-height-no\" data-id=\"20076de\" data-element_type=\"section\" data-e-type=\"section\">\n\t\t\t\t\t\t<div class=\"elementor-container elementor-column-gap-default\">\n\t\t\t\t\t<div class=\"elementor-column elementor-col-100 elementor-top-column elementor-element elementor-element-5434f88\" data-id=\"5434f88\" data-element_type=\"column\" data-e-type=\"column\">\n\t\t\t<div class=\"elementor-widget-wrap elementor-element-populated\">\n\t\t\t\t\t\t<div class=\"elementor-element elementor-element-3eed809 elementor-widget elementor-widget-heading\" data-id=\"3eed809\" data-element_type=\"widget\" data-e-type=\"widget\" data-widget_type=\"heading.default\">\n\t\t\t\t<div class=\"elementor-widget-container\">\n\t\t\t\t\t<h1 class=\"elementor-heading-title elementor-size-default\">Nossos Projetos de Extens\u00e3o<\/h1>\t\t\t\t<\/div>\n\t\t\t\t<\/div>\n\t\t\t\t<div class=\"elementor-element elementor-element-880661c animated-fast elementor-widget-divider--view-line elementor-widget elementor-widget-divider\" data-id=\"880661c\" data-element_type=\"widget\" data-e-type=\"widget\" data-settings=\"{&quot;_animation&quot;:&quot;none&quot;}\" data-widget_type=\"divider.default\">\n\t\t\t\t<div class=\"elementor-widget-container\">\n\t\t\t\t\t\t\t<div class=\"elementor-divider\">\n\t\t\t<span class=\"elementor-divider-separator\">\n\t\t\t\t\t\t<\/span>\n\t\t<\/div>\n\t\t\t\t\t\t<\/div>\n\t\t\t\t<\/div>\n\t\t\t\t\t<\/div>\n\t\t<\/div>\n\t\t\t\t\t<\/div>\n\t\t<\/section>\n\t\t\t\t<section class=\"elementor-section elementor-top-section elementor-element elementor-element-254dc82 elementor-section-boxed elementor-section-height-default elementor-section-height-default wpr-particle-no wpr-jarallax-no wpr-parallax-no wpr-sticky-section-no wpr-equal-height-no\" data-id=\"254dc82\" data-element_type=\"section\" data-e-type=\"section\" data-settings=\"{&quot;background_background&quot;:&quot;classic&quot;,&quot;animation&quot;:&quot;none&quot;}\">\n\t\t\t\t\t\t<div class=\"elementor-container elementor-column-gap-default\">\n\t\t\t\t\t<div class=\"elementor-column elementor-col-100 elementor-top-column elementor-element elementor-element-760a04d\" data-id=\"760a04d\" data-element_type=\"column\" data-e-type=\"column\">\n\t\t\t<div class=\"elementor-widget-wrap elementor-element-populated\">\n\t\t\t\t\t\t<div class=\"elementor-element elementor-element-01975aa elementor-widget elementor-widget-heading\" data-id=\"01975aa\" data-element_type=\"widget\" data-e-type=\"widget\" data-widget_type=\"heading.default\">\n\t\t\t\t<div class=\"elementor-widget-container\">\n\t\t\t\t\t<h3 class=\"elementor-heading-title elementor-size-default\">Ampliando os conhecimentos de jovens integrantes de movimento escoteiro<\/h3>\t\t\t\t<\/div>\n\t\t\t\t<\/div>\n\t\t\t\t<div class=\"elementor-element elementor-element-53eca24 elementor-widget elementor-widget-text-editor\" data-id=\"53eca24\" data-element_type=\"widget\" data-e-type=\"widget\" data-widget_type=\"text-editor.default\">\n\t\t\t\t<div class=\"elementor-widget-container\">\n\t\t\t\t\t\t\t\t\t<p>O presente Projeto de Extens\u00e3o visa dar aos estudantes da UTFPR a inser\u00e7\u00e3o em um processo educativo e cient\u00edfico, a partir da atua\u00e7\u00e3o como parceiros em grupos escoteiros. O Movimento Escoteiro \u00e9 reconhecido mundialmente pela sua atua\u00e7\u00e3o na educa\u00e7\u00e3o de jovens a partir de adultos volunt\u00e1rios e qualificados. A parceria selada entre este Projeto e o Grupo Escoteiro S\u00e3o Judas Tadeu (GESJT) contribuir\u00e1 para a forma\u00e7\u00e3o desses jovens, tornando-os mais conscientes e cr\u00edticos no \u00e2mbito das habilidades trabalhadas, estimulando-os ao estudo e aperfei\u00e7oamento na \u00e1rea acad\u00eamica, enquanto que, os estudantes das UTFPR se beneficiar\u00e3o pelas vivencias realizadas nesse processo de integra\u00e7\u00e3o entre os diversos conhecimentos e saberes, permitindo com mais clareza a compreens\u00e3o dos conte\u00fados estudados na vida acad\u00eamica.<\/p><p><strong>Professores integrantes:\u00a0<\/strong><i style=\"font-weight: inherit;font-family: var( --e-global-typography-text-font-family ), Sans-serif;background-color: var( --e-global-color-astglobalcolor5 )\">Maria Giovana Binder Pagnoncelli<\/i><span style=\"font-style: inherit;font-weight: inherit;font-family: var( --e-global-typography-text-font-family ), Sans-serif;background-color: var( --e-global-color-astglobalcolor5 )\"> (coordenadora &#8211; DAQBi),\u00a0<\/span><span style=\"font-style: inherit;font-weight: inherit;font-family: var( --e-global-typography-text-font-family ), Sans-serif;background-color: var( --e-global-color-astglobalcolor5 )\">Jana Magaly Tesserolli De Souza,\u00a0<\/span><span style=\"font-style: inherit;font-weight: inherit;font-family: var( --e-global-typography-text-font-family ), Sans-serif;background-color: var( --e-global-color-astglobalcolor5 )\">Larissa Kummer,\u00a0<\/span><span style=\"font-style: inherit;font-weight: inherit;font-family: var( --e-global-typography-text-font-family ), Sans-serif;background-color: var( --e-global-color-astglobalcolor5 )\">Lucia Regina Rocha Martins,\u00a0<\/span><span style=\"font-style: inherit;font-weight: inherit;font-family: var( --e-global-typography-text-font-family ), Sans-serif;background-color: var( --e-global-color-astglobalcolor5 )\">Gustavo Henrique Couto,\u00a0<\/span><span style=\"font-style: inherit;font-weight: inherit;font-family: var( --e-global-typography-text-font-family ), Sans-serif;background-color: var( --e-global-color-astglobalcolor5 )\">Maurici Luzia Del Monego,\u00a0<\/span><span style=\"font-style: inherit;font-weight: inherit;font-family: var( --e-global-typography-text-font-family ), Sans-serif;background-color: var( --e-global-color-astglobalcolor5 )\">Thomaz Aur\u00e9lio Pagioro.<\/span><\/p>\t\t\t\t\t\t\t\t<\/div>\n\t\t\t\t<\/div>\n\t\t\t\t\t<\/div>\n\t\t<\/div>\n\t\t\t\t\t<\/div>\n\t\t<\/section>\n\t\t\t\t<section class=\"elementor-section elementor-top-section elementor-element elementor-element-05d2ce0 elementor-section-boxed elementor-section-height-default elementor-section-height-default wpr-particle-no wpr-jarallax-no wpr-parallax-no wpr-sticky-section-no wpr-equal-height-no\" data-id=\"05d2ce0\" data-element_type=\"section\" data-e-type=\"section\" data-settings=\"{&quot;background_background&quot;:&quot;classic&quot;,&quot;animation&quot;:&quot;none&quot;}\">\n\t\t\t\t\t\t<div class=\"elementor-container elementor-column-gap-default\">\n\t\t\t\t\t<div class=\"elementor-column elementor-col-33 elementor-top-column elementor-element elementor-element-0eefe6e\" data-id=\"0eefe6e\" data-element_type=\"column\" data-e-type=\"column\" data-settings=\"{&quot;background_background&quot;:&quot;classic&quot;}\">\n\t\t\t<div class=\"elementor-widget-wrap elementor-element-populated\">\n\t\t\t\t\t\t<div class=\"elementor-element elementor-element-85c0671 elementor-widget elementor-widget-image\" data-id=\"85c0671\" data-element_type=\"widget\" data-e-type=\"widget\" data-widget_type=\"image.default\">\n\t\t\t\t<div class=\"elementor-widget-container\">\n\t\t\t\t\t\t\t\t\t\t\t\t\t\t\t\t<a href=\"https:\/\/www.instagram.com\/biotiba\/%20\">\n\t\t\t\t\t\t\t<img fetchpriority=\"high\" decoding=\"async\" width=\"1010\" height=\"466\" src=\"https:\/\/utfpr-ct-static-content.s3.amazonaws.com\/utfpr.curitiba.br\/wp-content\/uploads\/sites\/149\/2023\/08\/PHOTO-2023-08-02-16-27-25-1.jpg\" class=\"attachment-large size-large wp-image-1920\" alt=\"\" srcset=\"https:\/\/utfpr-ct-static-content.s3.amazonaws.com\/utfpr.curitiba.br\/wp-content\/uploads\/sites\/149\/2023\/08\/PHOTO-2023-08-02-16-27-25-1.jpg 1010w, https:\/\/utfpr-ct-static-content.s3.amazonaws.com\/utfpr.curitiba.br\/wp-content\/uploads\/sites\/149\/2023\/08\/PHOTO-2023-08-02-16-27-25-1-300x138.jpg 300w, https:\/\/utfpr-ct-static-content.s3.amazonaws.com\/utfpr.curitiba.br\/wp-content\/uploads\/sites\/149\/2023\/08\/PHOTO-2023-08-02-16-27-25-1-768x354.jpg 768w\" sizes=\"(max-width: 1010px) 100vw, 1010px\" \/>\t\t\t\t\t\t\t\t<\/a>\n\t\t\t\t\t\t\t\t\t\t\t\t\t\t\t<\/div>\n\t\t\t\t<\/div>\n\t\t\t\t\t<\/div>\n\t\t<\/div>\n\t\t\t\t<div class=\"elementor-column elementor-col-66 elementor-top-column elementor-element elementor-element-f58c4cf\" data-id=\"f58c4cf\" data-element_type=\"column\" data-e-type=\"column\">\n\t\t\t<div class=\"elementor-widget-wrap elementor-element-populated\">\n\t\t\t\t\t\t<div class=\"elementor-element elementor-element-569b264 elementor-widget elementor-widget-heading\" data-id=\"569b264\" data-element_type=\"widget\" data-e-type=\"widget\" data-widget_type=\"heading.default\">\n\t\t\t\t<div class=\"elementor-widget-container\">\n\t\t\t\t\t<h3 class=\"elementor-heading-title elementor-size-default\">BioTiba -  Projetos de Biodiversidade<\/h3>\t\t\t\t<\/div>\n\t\t\t\t<\/div>\n\t\t\t\t<div class=\"elementor-element elementor-element-5433dc3 elementor-widget elementor-widget-text-editor\" data-id=\"5433dc3\" data-element_type=\"widget\" data-e-type=\"widget\" data-widget_type=\"text-editor.default\">\n\t\t\t\t<div class=\"elementor-widget-container\">\n\t\t\t\t\t\t\t\t\t<p>O projeto tem o intuito de sensibilizar e informar a sociedade quanto \u00e0 import\u00e2ncia de conhecer a biodiversidade e de\u00a0adotar estrat\u00e9gias que conservem os servi\u00e7os ambientais fornecidos por ela. Por meio desde projeto, pretende-se\u00a0manter a UTFPR como institui\u00e7\u00e3o articuladora dos eventos Desafio da Natureza das Cidades (City Nature Challenge &#8211;\u00a0CNC) e Grande BioBlitz do Hemisf\u00e9rio Sul (Great Southern BioBlitz &#8211; GSB) na cidade de Curitiba e demais cidades da\u00a0regi\u00e3o metropolitana. Pretende-se, ainda, idealizar e organizar um evento similar no \u00e2mbito do estado do Paran\u00e1, para\u00a0que mais pessoas se sintam instigadas a ter um novo olhar sobre a biodiversidade e adotem uma postura ativa na\u00a0conserva\u00e7\u00e3o do meio ambiente. Al\u00e9m disso, o presente projeto se prop\u00f5em a apoiar e incentivar a cria\u00e7\u00e3o de projetos\u00a0de curta dura\u00e7\u00e3o em escolas, sedes de grupos escoteiros, entre outras institui\u00e7\u00f5es, buscando inventariar a\u00a0biodiversidade e informar sobre a sua import\u00e2ncia.<\/p><p><b>Coordena\u00e7\u00e3o:<\/b>\u00a0 Prof.\u00aa <i>Jana Magaly Tesserolli de Souza\u00a0 (DAQBI) e\u00a0 Prof.\u00aa Larissa Kummer (DAQBI).<br \/><\/i><b>Integrantes: <span style=\"font-weight: 400\">Gustavo Henrique da Silva Ribeiro, Nathali Rebeca Freitas Fernandes, Andrielle Cristiane Zan\u00e3o, Giovana Polytito Cremasco e Erika Domaniski Dos Santos.<\/span><\/b>\u00a0<\/p>\t\t\t\t\t\t\t\t<\/div>\n\t\t\t\t<\/div>\n\t\t\t\t<section class=\"elementor-section elementor-inner-section elementor-element elementor-element-ddc1625 elementor-section-boxed elementor-section-height-default elementor-section-height-default wpr-particle-no wpr-jarallax-no wpr-parallax-no wpr-sticky-section-no wpr-equal-height-no\" data-id=\"ddc1625\" data-element_type=\"section\" data-e-type=\"section\">\n\t\t\t\t\t\t<div class=\"elementor-container elementor-column-gap-default\">\n\t\t\t\t\t<div class=\"elementor-column elementor-col-50 elementor-inner-column elementor-element elementor-element-e4f4ea8\" data-id=\"e4f4ea8\" data-element_type=\"column\" data-e-type=\"column\">\n\t\t\t<div class=\"elementor-widget-wrap elementor-element-populated\">\n\t\t\t\t\t\t<div class=\"elementor-element elementor-element-a536b91 elementor-widget elementor-widget-video\" data-id=\"a536b91\" data-element_type=\"widget\" data-e-type=\"widget\" data-settings=\"{&quot;youtube_url&quot;:&quot;https:\\\/\\\/www.youtube.com\\\/watch?v=ds-OIF0lkSQ&quot;,&quot;video_type&quot;:&quot;youtube&quot;,&quot;controls&quot;:&quot;yes&quot;}\" data-widget_type=\"video.default\">\n\t\t\t\t<div class=\"elementor-widget-container\">\n\t\t\t\t\t\t\t<div class=\"elementor-wrapper elementor-open-inline\">\n\t\t\t<div class=\"elementor-video\"><\/div>\t\t<\/div>\n\t\t\t\t\t\t<\/div>\n\t\t\t\t<\/div>\n\t\t\t\t\t<\/div>\n\t\t<\/div>\n\t\t\t\t<div class=\"elementor-column elementor-col-50 elementor-inner-column elementor-element elementor-element-df266ed\" data-id=\"df266ed\" data-element_type=\"column\" data-e-type=\"column\">\n\t\t\t<div class=\"elementor-widget-wrap\">\n\t\t\t\t\t\t\t<\/div>\n\t\t<\/div>\n\t\t\t\t\t<\/div>\n\t\t<\/section>\n\t\t\t\t\t<\/div>\n\t\t<\/div>\n\t\t\t\t\t<\/div>\n\t\t<\/section>\n\t\t\t\t<section class=\"elementor-section elementor-top-section elementor-element elementor-element-7a5c09b elementor-section-boxed elementor-section-height-default elementor-section-height-default wpr-particle-no wpr-jarallax-no wpr-parallax-no wpr-sticky-section-no wpr-equal-height-no\" data-id=\"7a5c09b\" data-element_type=\"section\" data-e-type=\"section\" data-settings=\"{&quot;background_background&quot;:&quot;classic&quot;}\">\n\t\t\t\t\t\t<div class=\"elementor-container elementor-column-gap-default\">\n\t\t\t\t\t<div class=\"elementor-column elementor-col-33 elementor-top-column elementor-element elementor-element-6319909\" data-id=\"6319909\" data-element_type=\"column\" data-e-type=\"column\">\n\t\t\t<div class=\"elementor-widget-wrap elementor-element-populated\">\n\t\t\t\t\t\t<div class=\"elementor-element elementor-element-df17ab8 elementor-widget elementor-widget-image\" data-id=\"df17ab8\" data-element_type=\"widget\" data-e-type=\"widget\" data-widget_type=\"image.default\">\n\t\t\t\t<div class=\"elementor-widget-container\">\n\t\t\t\t\t\t\t\t\t\t\t\t\t\t\t\t<a href=\"https:\/\/www.instagram.com\/conexaoambientalutfprcuritiba\/\">\n\t\t\t\t\t\t\t<img decoding=\"async\" width=\"1024\" height=\"1024\" src=\"https:\/\/utfpr-ct-static-content.s3.amazonaws.com\/utfpr.curitiba.br\/wp-content\/uploads\/sites\/149\/2025\/10\/IMG-20241112-WA0008-1024x1024.jpg\" class=\"attachment-large size-large wp-image-5733\" alt=\"\" srcset=\"https:\/\/utfpr-ct-static-content.s3.amazonaws.com\/utfpr.curitiba.br\/wp-content\/uploads\/sites\/149\/2025\/10\/IMG-20241112-WA0008-1024x1024.jpg 1024w, https:\/\/utfpr-ct-static-content.s3.amazonaws.com\/utfpr.curitiba.br\/wp-content\/uploads\/sites\/149\/2025\/10\/IMG-20241112-WA0008-300x300.jpg 300w, https:\/\/utfpr-ct-static-content.s3.amazonaws.com\/utfpr.curitiba.br\/wp-content\/uploads\/sites\/149\/2025\/10\/IMG-20241112-WA0008-150x150.jpg 150w, https:\/\/utfpr-ct-static-content.s3.amazonaws.com\/utfpr.curitiba.br\/wp-content\/uploads\/sites\/149\/2025\/10\/IMG-20241112-WA0008-768x768.jpg 768w, https:\/\/utfpr-ct-static-content.s3.amazonaws.com\/utfpr.curitiba.br\/wp-content\/uploads\/sites\/149\/2025\/10\/IMG-20241112-WA0008.jpg 1280w\" sizes=\"(max-width: 1024px) 100vw, 1024px\" \/>\t\t\t\t\t\t\t\t<\/a>\n\t\t\t\t\t\t\t\t\t\t\t\t\t\t\t<\/div>\n\t\t\t\t<\/div>\n\t\t\t\t\t<\/div>\n\t\t<\/div>\n\t\t\t\t<div class=\"elementor-column elementor-col-66 elementor-top-column elementor-element elementor-element-52c1b46\" data-id=\"52c1b46\" data-element_type=\"column\" data-e-type=\"column\">\n\t\t\t<div class=\"elementor-widget-wrap elementor-element-populated\">\n\t\t\t\t\t\t<div class=\"elementor-element elementor-element-716baf7 elementor-widget elementor-widget-heading\" data-id=\"716baf7\" data-element_type=\"widget\" data-e-type=\"widget\" data-widget_type=\"heading.default\">\n\t\t\t\t<div class=\"elementor-widget-container\">\n\t\t\t\t\t<h3 class=\"elementor-heading-title elementor-size-default\">Projeto Conex\u00e3o Ambiental<\/h3>\t\t\t\t<\/div>\n\t\t\t\t<\/div>\n\t\t\t\t<div class=\"elementor-element elementor-element-850906d elementor-widget elementor-widget-text-editor\" data-id=\"850906d\" data-element_type=\"widget\" data-e-type=\"widget\" data-widget_type=\"text-editor.default\">\n\t\t\t\t<div class=\"elementor-widget-container\">\n\t\t\t\t\t\t\t\t\t<p>Este projeto tem o intuito de promover a forma\u00e7\u00e3o complementar, te\u00f3rica e pr\u00e1tica, de estudantes de cursos t\u00e9cnicos na \u00e1rea de Meio Ambiente, preferencialmente oriundos de escolas p\u00fablicas, por meio de oficinas, palestras, debates e atividades pr\u00e1ticas. A iniciativa visa apoiar esses alunos na identifica\u00e7\u00e3o e desenvolvimento de solu\u00e7\u00f5es para desafios ambientais relevantes para suas realidades e comunidades.<\/p><p><b>Coordena\u00e7\u00e3o: <\/b><i>Prof.\u00aa \u00a0Adriane Martins de Freitas e Prof.\u00aa Lucila Adriani de Almeida Coral<\/i><i>.<br \/><\/i><b>Integrantes:<\/b> Lucas Rodrigues Napo e Victor Augusto Leal Alonso<\/p>\t\t\t\t\t\t\t\t<\/div>\n\t\t\t\t<\/div>\n\t\t\t\t\t<\/div>\n\t\t<\/div>\n\t\t\t\t\t<\/div>\n\t\t<\/section>\n\t\t\t\t<section class=\"elementor-section elementor-top-section elementor-element elementor-element-ffeffcd elementor-section-boxed elementor-section-height-default elementor-section-height-default wpr-particle-no wpr-jarallax-no wpr-parallax-no wpr-sticky-section-no wpr-equal-height-no\" data-id=\"ffeffcd\" data-element_type=\"section\" data-e-type=\"section\" data-settings=\"{&quot;background_background&quot;:&quot;classic&quot;}\">\n\t\t\t\t\t\t<div class=\"elementor-container elementor-column-gap-default\">\n\t\t\t\t\t<div class=\"elementor-column elementor-col-33 elementor-top-column elementor-element elementor-element-58192e5\" data-id=\"58192e5\" data-element_type=\"column\" data-e-type=\"column\">\n\t\t\t<div class=\"elementor-widget-wrap elementor-element-populated\">\n\t\t\t\t\t\t<div class=\"elementor-element elementor-element-c5fd54c elementor-widget elementor-widget-image\" data-id=\"c5fd54c\" data-element_type=\"widget\" data-e-type=\"widget\" data-widget_type=\"image.default\">\n\t\t\t\t<div class=\"elementor-widget-container\">\n\t\t\t\t\t\t\t\t\t\t\t\t\t\t\t\t<a href=\"https:\/\/www.instagram.com\/serambiental.utfpr\">\n\t\t\t\t\t\t\t<img decoding=\"async\" width=\"829\" height=\"806\" src=\"https:\/\/utfpr-ct-static-content.s3.amazonaws.com\/utfpr.curitiba.br\/wp-content\/uploads\/sites\/149\/2023\/06\/SerAmbietal.jpg\" class=\"attachment-large size-large wp-image-1123\" alt=\"\" srcset=\"https:\/\/utfpr-ct-static-content.s3.amazonaws.com\/utfpr.curitiba.br\/wp-content\/uploads\/sites\/149\/2023\/06\/SerAmbietal.jpg 829w, https:\/\/utfpr-ct-static-content.s3.amazonaws.com\/utfpr.curitiba.br\/wp-content\/uploads\/sites\/149\/2023\/06\/SerAmbietal-300x292.jpg 300w, https:\/\/utfpr-ct-static-content.s3.amazonaws.com\/utfpr.curitiba.br\/wp-content\/uploads\/sites\/149\/2023\/06\/SerAmbietal-768x747.jpg 768w\" sizes=\"(max-width: 829px) 100vw, 829px\" \/>\t\t\t\t\t\t\t\t<\/a>\n\t\t\t\t\t\t\t\t\t\t\t\t\t\t\t<\/div>\n\t\t\t\t<\/div>\n\t\t\t\t\t<\/div>\n\t\t<\/div>\n\t\t\t\t<div class=\"elementor-column elementor-col-66 elementor-top-column elementor-element elementor-element-7fde59c\" data-id=\"7fde59c\" data-element_type=\"column\" data-e-type=\"column\">\n\t\t\t<div class=\"elementor-widget-wrap elementor-element-populated\">\n\t\t\t\t\t\t<div class=\"elementor-element elementor-element-fd0c208 elementor-widget elementor-widget-heading\" data-id=\"fd0c208\" data-element_type=\"widget\" data-e-type=\"widget\" data-widget_type=\"heading.default\">\n\t\t\t\t<div class=\"elementor-widget-container\">\n\t\t\t\t\t<h3 class=\"elementor-heading-title elementor-size-default\">Ser Ambiental - Educa\u00e7\u00e3o para a Sustentabilidade<\/h3>\t\t\t\t<\/div>\n\t\t\t\t<\/div>\n\t\t\t\t<div class=\"elementor-element elementor-element-83cee60 elementor-widget elementor-widget-text-editor\" data-id=\"83cee60\" data-element_type=\"widget\" data-e-type=\"widget\" data-widget_type=\"text-editor.default\">\n\t\t\t\t<div class=\"elementor-widget-container\">\n\t\t\t\t\t\t\t\t\t<p>Este projeto tem o intuito de aplicar estrat\u00e9gias diversas na \u00e1rea de Educa\u00e7\u00e3o Ambiental para sensibilizar, informar e\/ou orientar a Comunidade sobre temas ambientais; gerar uma troca de saberes entre a Comunidade e a Universidade; contribuir para a solu\u00e7\u00e3o de problemas relacionados ao meio ambiente, sa\u00fade e sociedade. Pretende, ainda, proporcionar aos estudantes da disciplina de Educa\u00e7\u00e3o Ambiental, e tamb\u00e9m a outros estudantes que desejem participar do projeto como volunt\u00e1rios, a oportunidade de vivenciar a extens\u00e3o universit\u00e1ria e colocar em pr\u00e1tica a\u00e7\u00f5es educativas sobre temas contempor\u00e2neos na \u00e1rea de meio ambiente, sa\u00fade e sociedade.<\/p><p><b>Coordena\u00e7\u00e3o: <\/b><i>Prof.\u00aa <\/i><i>Renata Ruaro e <span style=\"font-weight: 400\">\u00a0Prof.\u00aa <\/span><span style=\"font-weight: 400\">Jana Magaly Tesserolli de Souza (DAQBI)<\/span>.<br \/><\/i><b>Integrantes:<\/b> \u00a0<span style=\"font-weight: 400\">Amanda Faleiro Oliveira, Shaiane Gabriela de Lima e Aline Fernandes Fran\u00e7a.<\/span><\/p>\t\t\t\t\t\t\t\t<\/div>\n\t\t\t\t<\/div>\n\t\t\t\t\t<\/div>\n\t\t<\/div>\n\t\t\t\t\t<\/div>\n\t\t<\/section>\n\t\t\t\t<section class=\"elementor-section elementor-top-section elementor-element elementor-element-359509c elementor-section-boxed elementor-section-height-default elementor-section-height-default wpr-particle-no wpr-jarallax-no wpr-parallax-no wpr-sticky-section-no wpr-equal-height-no\" data-id=\"359509c\" data-element_type=\"section\" data-e-type=\"section\" data-settings=\"{&quot;background_background&quot;:&quot;classic&quot;}\">\n\t\t\t\t\t\t<div class=\"elementor-container elementor-column-gap-default\">\n\t\t\t\t\t<div class=\"elementor-column elementor-col-33 elementor-top-column elementor-element elementor-element-eed63f8\" data-id=\"eed63f8\" data-element_type=\"column\" data-e-type=\"column\" data-settings=\"{&quot;background_background&quot;:&quot;classic&quot;}\">\n\t\t\t<div class=\"elementor-widget-wrap elementor-element-populated\">\n\t\t\t\t\t\t<div class=\"elementor-element elementor-element-94303c9 elementor-widget elementor-widget-image\" data-id=\"94303c9\" data-element_type=\"widget\" data-e-type=\"widget\" data-widget_type=\"image.default\">\n\t\t\t\t<div class=\"elementor-widget-container\">\n\t\t\t\t\t\t\t\t\t\t\t\t\t\t\t\t<a href=\"https:\/\/www.instagram.com\/eas.utfprct\/\" target=\"_blank\">\n\t\t\t\t\t\t\t<img loading=\"lazy\" decoding=\"async\" width=\"1024\" height=\"1024\" src=\"https:\/\/utfpr-ct-static-content.s3.amazonaws.com\/utfpr.curitiba.br\/wp-content\/uploads\/sites\/149\/2023\/06\/midias-sociais-1024x1024.jpg\" class=\"attachment-large size-large wp-image-1462\" alt=\"\" srcset=\"https:\/\/utfpr-ct-static-content.s3.amazonaws.com\/utfpr.curitiba.br\/wp-content\/uploads\/sites\/149\/2023\/06\/midias-sociais-1024x1024.jpg 1024w, https:\/\/utfpr-ct-static-content.s3.amazonaws.com\/utfpr.curitiba.br\/wp-content\/uploads\/sites\/149\/2023\/06\/midias-sociais-e1733835546544-150x150.jpg 150w\" sizes=\"(max-width: 1024px) 100vw, 1024px\" \/>\t\t\t\t\t\t\t\t<\/a>\n\t\t\t\t\t\t\t\t\t\t\t\t\t\t\t<\/div>\n\t\t\t\t<\/div>\n\t\t\t\t\t<\/div>\n\t\t<\/div>\n\t\t\t\t<div class=\"elementor-column elementor-col-66 elementor-top-column elementor-element elementor-element-39a18ed\" data-id=\"39a18ed\" data-element_type=\"column\" data-e-type=\"column\">\n\t\t\t<div class=\"elementor-widget-wrap elementor-element-populated\">\n\t\t\t\t\t\t<div class=\"elementor-element elementor-element-39d6cc8 elementor-widget elementor-widget-heading\" data-id=\"39d6cc8\" data-element_type=\"widget\" data-e-type=\"widget\" data-widget_type=\"heading.default\">\n\t\t\t\t<div class=\"elementor-widget-container\">\n\t\t\t\t\t<h3 class=\"elementor-heading-title elementor-size-default\">M\u00eddias Sociais Como Ferramenta Extensionista<\/h3>\t\t\t\t<\/div>\n\t\t\t\t<\/div>\n\t\t\t\t<div class=\"elementor-element elementor-element-174c92d elementor-widget elementor-widget-text-editor\" data-id=\"174c92d\" data-element_type=\"widget\" data-e-type=\"widget\" data-widget_type=\"text-editor.default\">\n\t\t\t\t<div class=\"elementor-widget-container\">\n\t\t\t\t\t\t\t\t\t<p>O\u00a0projeto tem como objetivo geral usar as redes sociais para engajar os alunos, especialmente<br \/>dos cursos de Engenharia Ambiental e Sanit\u00e1ria e Tecnologia em Processos Ambientais da<br \/>UTFPR-CT, para que divulguem as oportunidades que estes cursos e \u00e1rea de atua\u00e7\u00e3o podem<br \/>oferecer para a comunidade.<\/p><p><b>Coordena\u00e7\u00e3o:<\/b> <i>Prof.\u00aa <\/i><i>Larissa Kummer (DAQBI) e Prof.\u00aa Maurici Luzia Charnevski Del Monego (DAQBI).\u00a0<\/i><br \/>\u00a0<b>Integrantes: <\/b>Anna Vitoria Cardoso Martins, <span style=\"font-weight: 400\">Ana Luiza Baungart,<\/span> Lucas Rodrigues Napo, Larissa Torres Diaz, Maiara Soares de Carvalho e Luiza Beatriz Spak Kubichen.\u00a0<\/p>\t\t\t\t\t\t\t\t<\/div>\n\t\t\t\t<\/div>\n\t\t\t\t\t<\/div>\n\t\t<\/div>\n\t\t\t\t\t<\/div>\n\t\t<\/section>\n\t\t\t\t<section class=\"elementor-section elementor-top-section elementor-element elementor-element-cd0a7cb elementor-section-boxed elementor-section-height-default elementor-section-height-default wpr-particle-no wpr-jarallax-no wpr-parallax-no wpr-sticky-section-no wpr-equal-height-no\" data-id=\"cd0a7cb\" data-element_type=\"section\" data-e-type=\"section\" data-settings=\"{&quot;background_background&quot;:&quot;classic&quot;}\">\n\t\t\t\t\t\t<div class=\"elementor-container elementor-column-gap-default\">\n\t\t\t\t\t<div class=\"elementor-column elementor-col-33 elementor-top-column elementor-element elementor-element-13d2990\" data-id=\"13d2990\" data-element_type=\"column\" data-e-type=\"column\">\n\t\t\t<div class=\"elementor-widget-wrap elementor-element-populated\">\n\t\t\t\t\t\t<div class=\"elementor-element elementor-element-a14300a elementor-widget elementor-widget-image\" data-id=\"a14300a\" data-element_type=\"widget\" data-e-type=\"widget\" data-widget_type=\"image.default\">\n\t\t\t\t<div class=\"elementor-widget-container\">\n\t\t\t\t\t\t\t\t\t\t\t\t\t\t\t\t<a href=\"https:\/\/www.instagram.com\/abelhas.utfpr\/\">\n\t\t\t\t\t\t\t<img loading=\"lazy\" decoding=\"async\" width=\"348\" height=\"344\" src=\"https:\/\/utfpr-ct-static-content.s3.amazonaws.com\/utfpr.curitiba.br\/wp-content\/uploads\/sites\/149\/2023\/06\/abelhas.png\" class=\"attachment-large size-large wp-image-1476\" alt=\"\" srcset=\"https:\/\/utfpr-ct-static-content.s3.amazonaws.com\/utfpr.curitiba.br\/wp-content\/uploads\/sites\/149\/2023\/06\/abelhas.png 348w, https:\/\/utfpr-ct-static-content.s3.amazonaws.com\/utfpr.curitiba.br\/wp-content\/uploads\/sites\/149\/2023\/06\/abelhas-300x297.png 300w\" sizes=\"(max-width: 348px) 100vw, 348px\" \/>\t\t\t\t\t\t\t\t<\/a>\n\t\t\t\t\t\t\t\t\t\t\t\t\t\t\t<\/div>\n\t\t\t\t<\/div>\n\t\t\t\t\t<\/div>\n\t\t<\/div>\n\t\t\t\t<div class=\"elementor-column elementor-col-66 elementor-top-column elementor-element elementor-element-e52434f\" data-id=\"e52434f\" data-element_type=\"column\" data-e-type=\"column\">\n\t\t\t<div class=\"elementor-widget-wrap elementor-element-populated\">\n\t\t\t\t\t\t<div class=\"elementor-element elementor-element-f83a0fa elementor-widget elementor-widget-heading\" data-id=\"f83a0fa\" data-element_type=\"widget\" data-e-type=\"widget\" data-widget_type=\"heading.default\">\n\t\t\t\t<div class=\"elementor-widget-container\">\n\t\t\t\t\t<h3 class=\"elementor-heading-title elementor-size-default\">O Mundo das Abelhas - Conhecer para proteger, apreciar para conservar!<\/h3>\t\t\t\t<\/div>\n\t\t\t\t<\/div>\n\t\t\t\t<div class=\"elementor-element elementor-element-cdf2967 elementor-widget elementor-widget-text-editor\" data-id=\"cdf2967\" data-element_type=\"widget\" data-e-type=\"widget\" data-widget_type=\"text-editor.default\">\n\t\t\t\t<div class=\"elementor-widget-container\">\n\t\t\t\t\t\t\t\t\t<p><span style=\"font-weight: 400\">Levando em conta a necessidade urgente de se conservar as abelhas e que medidas amig\u00e1veis a elas precisam ser adotadas o quanto antes, este projeto se prop\u00f5e a sensibilizar crian\u00e7as, adolescentes e adultos acerca das import\u00e2ncias ecol\u00f3gica e econ\u00f4mica das abelhas e da necessidade de conserva\u00e7\u00e3o das diferentes esp\u00e9cies para manter um ecossistema equilibrado, que continue fornecendo servi\u00e7os \u00fateis ao bem-estar da popula\u00e7\u00e3o humana. Como objetivos espec\u00edficos, tem-se: disponibilizar iscas com atrativo para abelhas sem ferr\u00e3o nas sedes do Campus Curitiba; estabelecer um melipon\u00e1rio e um mini-hotel para abelhas na sede Ecoville; enriquecer a flora da sede Ecoville com esp\u00e9cies de plantas mel\u00edferas; montar cole\u00e7\u00e3o entomol\u00f3gica did\u00e1tica; confeccionar material did\u00e1tico sobre temas relacionados \u00e0s abelhas; oferecer oficinas para estudantes de escolas p\u00fablicas, funcion\u00e1rios terceirizados, idosos, grupos de escoteiros e\/ou membros da comunidade acad\u00eamica visando esclarecer d\u00favidas e ampliar o conhecimento acerca das abelhas.<\/span><\/p><p><b>Coordena\u00e7\u00e3o: <\/b><em><span style=\"font-weight: 400\"><i>Prof.\u00aa<\/i><\/span><span style=\"font-weight: 400\">\u00a0<\/span><span style=\"font-weight: 400\">Jana Magaly Tesserolli de Souza (DAQBI) e <i>Prof.\u00aa<\/i><\/span><span style=\"font-weight: 400\">\u00a0Katia Regina Hopfer (DAGEE).<\/span><\/em><i><br \/><\/i><b>Integrantes: <span style=\"font-weight: 400\">Bruna Louise Dering, Jheymson Martins Farias, Caio Vitor de Souza, Eric Maciel da Silva, Caiene de Oliveira, Maria Eduarda Mercante de Souza, Kelven Gabriel de Azevedo da Concei\u00e7\u00e3o, Gabriela de Andrade Cruz Hein, Leonardo Jos\u00e9 Viginheski e Andrielle Cristine Zan\u00e3o.<\/span><\/b><\/p>\t\t\t\t\t\t\t\t<\/div>\n\t\t\t\t<\/div>\n\t\t\t\t<section class=\"elementor-section elementor-inner-section elementor-element elementor-element-d3dee35 elementor-section-boxed elementor-section-height-default elementor-section-height-default wpr-particle-no wpr-jarallax-no wpr-parallax-no wpr-sticky-section-no wpr-equal-height-no\" data-id=\"d3dee35\" data-element_type=\"section\" data-e-type=\"section\">\n\t\t\t\t\t\t<div class=\"elementor-container elementor-column-gap-default\">\n\t\t\t\t\t<div class=\"elementor-column elementor-col-50 elementor-inner-column elementor-element elementor-element-79e21c3\" data-id=\"79e21c3\" data-element_type=\"column\" data-e-type=\"column\">\n\t\t\t<div class=\"elementor-widget-wrap elementor-element-populated\">\n\t\t\t\t\t\t<div class=\"elementor-element elementor-element-f91376a elementor-widget elementor-widget-video\" data-id=\"f91376a\" data-element_type=\"widget\" data-e-type=\"widget\" data-settings=\"{&quot;video_type&quot;:&quot;hosted&quot;,&quot;start&quot;:&quot;2&quot;,&quot;autoplay&quot;:&quot;yes&quot;,&quot;play_on_mobile&quot;:&quot;yes&quot;,&quot;loop&quot;:&quot;yes&quot;,&quot;controls&quot;:&quot;yes&quot;}\" data-widget_type=\"video.default\">\n\t\t\t\t<div class=\"elementor-widget-container\">\n\t\t\t\t\t\t\t<div class=\"e-hosted-video elementor-wrapper elementor-open-inline\">\n\t\t\t\t\t<video class=\"elementor-video\" src=\"https:\/\/drive.google.com\/file\/d\/1bVIMizWMQCs0WdobXoyXUDLEeKLrcefY\/view#t=2\" autoplay=\"\" loop=\"\" controls=\"\" playsinline=\"\" controlsList=\"nodownload\"><\/video>\n\t\t\t\t<\/div>\n\t\t\t\t\t\t<\/div>\n\t\t\t\t<\/div>\n\t\t\t\t\t<\/div>\n\t\t<\/div>\n\t\t\t\t<div class=\"elementor-column elementor-col-50 elementor-inner-column elementor-element elementor-element-738a9be\" data-id=\"738a9be\" data-element_type=\"column\" data-e-type=\"column\">\n\t\t\t<div class=\"elementor-widget-wrap\">\n\t\t\t\t\t\t\t<\/div>\n\t\t<\/div>\n\t\t\t\t\t<\/div>\n\t\t<\/section>\n\t\t\t\t\t<\/div>\n\t\t<\/div>\n\t\t\t\t\t<\/div>\n\t\t<\/section>\n\t\t\t\t<section class=\"elementor-section elementor-top-section elementor-element elementor-element-b012ad4 elementor-section-boxed elementor-section-height-default elementor-section-height-default wpr-particle-no wpr-jarallax-no wpr-parallax-no wpr-sticky-section-no wpr-equal-height-no\" data-id=\"b012ad4\" data-element_type=\"section\" data-e-type=\"section\" data-settings=\"{&quot;background_background&quot;:&quot;classic&quot;}\">\n\t\t\t\t\t\t<div class=\"elementor-container elementor-column-gap-default\">\n\t\t\t\t\t<div class=\"elementor-column elementor-col-33 elementor-top-column elementor-element elementor-element-ccefc63\" data-id=\"ccefc63\" data-element_type=\"column\" data-e-type=\"column\" data-settings=\"{&quot;background_background&quot;:&quot;classic&quot;}\">\n\t\t\t<div class=\"elementor-widget-wrap elementor-element-populated\">\n\t\t\t\t\t\t<div class=\"elementor-element elementor-element-cf93716 elementor-widget elementor-widget-image\" data-id=\"cf93716\" data-element_type=\"widget\" data-e-type=\"widget\" data-widget_type=\"image.default\">\n\t\t\t\t<div class=\"elementor-widget-container\">\n\t\t\t\t\t\t\t\t\t\t\t\t\t\t\t\t<a href=\"https:\/\/www.instagram.com\/meninasnascienciasutfpr\/\" target=\"_blank\">\n\t\t\t\t\t\t\t<img loading=\"lazy\" decoding=\"async\" width=\"970\" height=\"1024\" src=\"https:\/\/utfpr-ct-static-content.s3.amazonaws.com\/utfpr.curitiba.br\/wp-content\/uploads\/sites\/149\/2023\/08\/unnamed-3-970x1024.jpg\" class=\"attachment-large size-large wp-image-1925\" alt=\"\" srcset=\"https:\/\/utfpr-ct-static-content.s3.amazonaws.com\/utfpr.curitiba.br\/wp-content\/uploads\/sites\/149\/2023\/08\/unnamed-3-970x1024.jpg 970w, https:\/\/utfpr-ct-static-content.s3.amazonaws.com\/utfpr.curitiba.br\/wp-content\/uploads\/sites\/149\/2023\/08\/unnamed-3-284x300.jpg 284w, https:\/\/utfpr-ct-static-content.s3.amazonaws.com\/utfpr.curitiba.br\/wp-content\/uploads\/sites\/149\/2023\/08\/unnamed-3-768x811.jpg 768w, https:\/\/utfpr-ct-static-content.s3.amazonaws.com\/utfpr.curitiba.br\/wp-content\/uploads\/sites\/149\/2023\/08\/unnamed-3.jpg 1212w\" sizes=\"(max-width: 970px) 100vw, 970px\" \/>\t\t\t\t\t\t\t\t<\/a>\n\t\t\t\t\t\t\t\t\t\t\t\t\t\t\t<\/div>\n\t\t\t\t<\/div>\n\t\t\t\t\t<\/div>\n\t\t<\/div>\n\t\t\t\t<div class=\"elementor-column elementor-col-66 elementor-top-column elementor-element elementor-element-88dff71\" data-id=\"88dff71\" data-element_type=\"column\" data-e-type=\"column\">\n\t\t\t<div class=\"elementor-widget-wrap elementor-element-populated\">\n\t\t\t\t\t\t<div class=\"elementor-element elementor-element-ba3043f elementor-widget elementor-widget-heading\" data-id=\"ba3043f\" data-element_type=\"widget\" data-e-type=\"widget\" data-widget_type=\"heading.default\">\n\t\t\t\t<div class=\"elementor-widget-container\">\n\t\t\t\t\t<h3 class=\"elementor-heading-title elementor-size-default\">Meninas nas Ci\u00eancias<\/h3>\t\t\t\t<\/div>\n\t\t\t\t<\/div>\n\t\t\t\t<div class=\"elementor-element elementor-element-acce6f3 elementor-widget elementor-widget-text-editor\" data-id=\"acce6f3\" data-element_type=\"widget\" data-e-type=\"widget\" data-widget_type=\"text-editor.default\">\n\t\t\t\t<div class=\"elementor-widget-container\">\n\t\t\t\t\t\t\t\t\t<p>O Projeto de extens\u00e3o &#8220;Meninas nas Ci\u00eancias&#8221; iniciou suas atividades no ano de 2019, antes recebia o nome \u201cOlimp\u00edada de Qu\u00edmica como estrat\u00e9gia para a inser\u00e7\u00e3o e manuten\u00e7\u00e3o de meninas nas \u00e1reas de ci\u00eancias exatas e suas tecnologias&#8221; foi inaugurado no dia 14 de Junho na Sede UTFPR Ecoville . <br \/>O projeto visava instigar o interesse feminino pela \u00e1rea das ci\u00eancias exatas e suas tecnologias atrav\u00e9s da participa\u00e7\u00e3o nas Olimp\u00edadas de Qu\u00edmica. No novo per\u00edodo do projeto, os objetivos passaram a incluir alunos de escolas p\u00fablicas do ensino m\u00e9dio. Nesse momento o projeto recebe esses alunos na universidade para a realiza\u00e7\u00e3o de oficinas ministradas por professores da universidade, graduandos, mestrandos e p\u00f3s graduandos. Isso com o objetivo de fomentar a inser\u00e7\u00e3o na universidade e nas \u00e1reas das ci\u00eancias.<\/p><p><b>Coordena\u00e7\u00e3o:<\/b>\u00a0 Prof.\u00aa <i>Larissa Kummer (DAQBI) e Prof.\u00aa Maurici Luzia Charnevski Del Monego (DAQBI).\u00a0<\/i><br \/>\u00a0<b>Integrantes: <\/b>Fernanda Zanatto.<\/p>\t\t\t\t\t\t\t\t<\/div>\n\t\t\t\t<\/div>\n\t\t\t\t<section class=\"elementor-section elementor-inner-section elementor-element elementor-element-17f91f6 elementor-section-boxed elementor-section-height-default elementor-section-height-default wpr-particle-no wpr-jarallax-no wpr-parallax-no wpr-sticky-section-no wpr-equal-height-no\" data-id=\"17f91f6\" data-element_type=\"section\" data-e-type=\"section\">\n\t\t\t\t\t\t<div class=\"elementor-container elementor-column-gap-default\">\n\t\t\t\t\t<div class=\"elementor-column elementor-col-50 elementor-inner-column elementor-element elementor-element-0695073\" data-id=\"0695073\" data-element_type=\"column\" data-e-type=\"column\">\n\t\t\t<div class=\"elementor-widget-wrap elementor-element-populated\">\n\t\t\t\t\t\t<div class=\"elementor-element elementor-element-b30ddf4 elementor-widget elementor-widget-video\" data-id=\"b30ddf4\" data-element_type=\"widget\" data-e-type=\"widget\" data-settings=\"{&quot;video_type&quot;:&quot;hosted&quot;,&quot;start&quot;:&quot;1&quot;,&quot;autoplay&quot;:&quot;yes&quot;,&quot;play_on_mobile&quot;:&quot;yes&quot;,&quot;loop&quot;:&quot;yes&quot;,&quot;controls&quot;:&quot;yes&quot;}\" data-widget_type=\"video.default\">\n\t\t\t\t<div class=\"elementor-widget-container\">\n\t\t\t\t\t\t\t<div class=\"e-hosted-video elementor-wrapper elementor-open-inline\">\n\t\t\t\t\t<video class=\"elementor-video\" src=\"https:\/\/drive.google.com\/file\/d\/1bVIMizWMQCs0WdobXoyXUDLEeKLrcefY\/view#t=1\" autoplay=\"\" loop=\"\" controls=\"\" playsinline=\"\" poster=\"https:\/\/utfpr-ct-static-content.s3.amazonaws.com\/utfpr.curitiba.br\/wp-content\/uploads\/sites\/149\/2023\/08\/meninas.jpg\"><\/video>\n\t\t\t\t<\/div>\n\t\t\t\t\t\t<\/div>\n\t\t\t\t<\/div>\n\t\t\t\t\t<\/div>\n\t\t<\/div>\n\t\t\t\t<div class=\"elementor-column elementor-col-50 elementor-inner-column elementor-element elementor-element-0088ff6\" data-id=\"0088ff6\" data-element_type=\"column\" data-e-type=\"column\">\n\t\t\t<div class=\"elementor-widget-wrap\">\n\t\t\t\t\t\t\t<\/div>\n\t\t<\/div>\n\t\t\t\t\t<\/div>\n\t\t<\/section>\n\t\t\t\t\t<\/div>\n\t\t<\/div>\n\t\t\t\t\t<\/div>\n\t\t<\/section>\n\t\t\t\t<section class=\"elementor-section elementor-top-section elementor-element elementor-element-3daae67 elementor-section-boxed elementor-section-height-default elementor-section-height-default wpr-particle-no wpr-jarallax-no wpr-parallax-no wpr-sticky-section-no wpr-equal-height-no\" data-id=\"3daae67\" data-element_type=\"section\" data-e-type=\"section\" data-settings=\"{&quot;background_background&quot;:&quot;classic&quot;}\">\n\t\t\t\t\t\t<div class=\"elementor-container elementor-column-gap-default\">\n\t\t\t\t\t<div class=\"elementor-column elementor-col-33 elementor-top-column elementor-element elementor-element-e0c8777\" data-id=\"e0c8777\" data-element_type=\"column\" data-e-type=\"column\">\n\t\t\t<div class=\"elementor-widget-wrap elementor-element-populated\">\n\t\t\t\t\t\t<div class=\"elementor-element elementor-element-84dc0cb elementor-widget elementor-widget-image\" data-id=\"84dc0cb\" data-element_type=\"widget\" data-e-type=\"widget\" data-widget_type=\"image.default\">\n\t\t\t\t<div class=\"elementor-widget-container\">\n\t\t\t\t\t\t\t\t\t\t\t\t\t\t\t<img loading=\"lazy\" decoding=\"async\" width=\"217\" height=\"202\" src=\"https:\/\/utfpr-ct-static-content.s3.amazonaws.com\/utfpr.curitiba.br\/wp-content\/uploads\/sites\/149\/2023\/08\/extensao_rlastem.png\" class=\"attachment-large size-large wp-image-2955\" alt=\"\" \/>\t\t\t\t\t\t\t\t\t\t\t\t\t\t\t<\/div>\n\t\t\t\t<\/div>\n\t\t\t\t\t<\/div>\n\t\t<\/div>\n\t\t\t\t<div class=\"elementor-column elementor-col-66 elementor-top-column elementor-element elementor-element-38952bb\" data-id=\"38952bb\" data-element_type=\"column\" data-e-type=\"column\">\n\t\t\t<div class=\"elementor-widget-wrap elementor-element-populated\">\n\t\t\t\t\t\t<div class=\"elementor-element elementor-element-dbb0c5b elementor-widget elementor-widget-heading\" data-id=\"dbb0c5b\" data-element_type=\"widget\" data-e-type=\"widget\" data-widget_type=\"heading.default\">\n\t\t\t\t<div class=\"elementor-widget-container\">\n\t\t\t\t\t<h3 class=\"elementor-heading-title elementor-size-default\">Mentoria Ela-STEM<\/h3>\t\t\t\t<\/div>\n\t\t\t\t<\/div>\n\t\t\t\t<div class=\"elementor-element elementor-element-9c48c0f elementor-widget elementor-widget-text-editor\" data-id=\"9c48c0f\" data-element_type=\"widget\" data-e-type=\"widget\" data-widget_type=\"text-editor.default\">\n\t\t\t\t<div class=\"elementor-widget-container\">\n\t\t\t\t\t\t\t\t\t<p>O projeto de mentoria Ela-STEM \u00e9 direcionado para alunas do nono ano do Ensino Fundamental ao Ensino M\u00e9dio da rede p\u00fablica de ensino, com interesse em ci\u00eancia, tecnologia, engenharia e matem\u00e1tica (STEM, na sigla em ingl\u00eas). O principal objetivo do projeto \u2013 desenvolvido pelo Instituto REDI, em parceria com a UTFPR e UNESP, \u00e9 contribuir para a redu\u00e7\u00e3o da desigualdade de g\u00eanero nessas \u00e1reas, nos \u00e2mbitos acad\u00eamico e corporativo.<\/p><p><b>Integrantes:<\/b>\u00a0prof.\u00a0<i style=\"font-family: var( --e-global-typography-text-font-family ), Sans-serif;font-weight: var( --e-global-typography-text-font-weight );background-color: var( --e-global-color-astglobalcolor5 );font-size: 1rem\">Cristiane Piliss\u00e3o\u00a0(DAQBI\/UTFPR),<\/i><span style=\"font-style: inherit;font-weight: inherit;font-family: var( --e-global-typography-text-font-family ), Sans-serif;background-color: var( --e-global-color-astglobalcolor5 )\">\u00a0prof.\u00a0<\/span><span style=\"font-style: inherit;font-weight: inherit;font-family: var( --e-global-typography-text-font-family ), Sans-serif;background-color: var( --e-global-color-astglobalcolor5 )\">Daniela Mour\u00e3o (Unesp), prof. Renata Mello Giona (DAMAT\/UTFPR). O projeto foi idealizado por Raphaell Moreira, fundador e presidente do Instituto REDI e \u00e9 gerenciado por Adriana Azevedo, tamb\u00e9m do Instituto REDI.<\/span><\/p>\t\t\t\t\t\t\t\t<\/div>\n\t\t\t\t<\/div>\n\t\t\t\t\t<\/div>\n\t\t<\/div>\n\t\t\t\t\t<\/div>\n\t\t<\/section>\n\t\t\t\t<section class=\"elementor-section elementor-top-section elementor-element elementor-element-0e29888 elementor-section-boxed elementor-section-height-default elementor-section-height-default wpr-particle-no wpr-jarallax-no wpr-parallax-no wpr-sticky-section-no wpr-equal-height-no\" data-id=\"0e29888\" data-element_type=\"section\" data-e-type=\"section\" data-settings=\"{&quot;background_background&quot;:&quot;classic&quot;}\">\n\t\t\t\t\t\t<div class=\"elementor-container elementor-column-gap-default\">\n\t\t\t\t\t<div class=\"elementor-column elementor-col-33 elementor-top-column elementor-element elementor-element-c293817\" data-id=\"c293817\" data-element_type=\"column\" data-e-type=\"column\">\n\t\t\t<div class=\"elementor-widget-wrap elementor-element-populated\">\n\t\t\t\t\t\t<div class=\"elementor-element elementor-element-8ff749f elementor-widget elementor-widget-image\" data-id=\"8ff749f\" data-element_type=\"widget\" data-e-type=\"widget\" data-widget_type=\"image.default\">\n\t\t\t\t<div class=\"elementor-widget-container\">\n\t\t\t\t\t\t\t\t\t\t\t\t\t\t\t<img loading=\"lazy\" decoding=\"async\" width=\"768\" height=\"1024\" src=\"https:\/\/utfpr-ct-static-content.s3.amazonaws.com\/utfpr.curitiba.br\/wp-content\/uploads\/sites\/149\/2024\/12\/WhatsApp-Image-2024-11-07-at-12.40.48-768x1024.jpeg\" class=\"attachment-large size-large wp-image-5497\" alt=\"\" srcset=\"https:\/\/utfpr-ct-static-content.s3.amazonaws.com\/utfpr.curitiba.br\/wp-content\/uploads\/sites\/149\/2024\/12\/WhatsApp-Image-2024-11-07-at-12.40.48-768x1024.jpeg 768w, https:\/\/utfpr-ct-static-content.s3.amazonaws.com\/utfpr.curitiba.br\/wp-content\/uploads\/sites\/149\/2024\/12\/WhatsApp-Image-2024-11-07-at-12.40.48-225x300.jpeg 225w, https:\/\/utfpr-ct-static-content.s3.amazonaws.com\/utfpr.curitiba.br\/wp-content\/uploads\/sites\/149\/2024\/12\/WhatsApp-Image-2024-11-07-at-12.40.48-1152x1536.jpeg 1152w, https:\/\/utfpr-ct-static-content.s3.amazonaws.com\/utfpr.curitiba.br\/wp-content\/uploads\/sites\/149\/2024\/12\/WhatsApp-Image-2024-11-07-at-12.40.48.jpeg 1200w\" sizes=\"(max-width: 768px) 100vw, 768px\" \/>\t\t\t\t\t\t\t\t\t\t\t\t\t\t\t<\/div>\n\t\t\t\t<\/div>\n\t\t\t\t\t<\/div>\n\t\t<\/div>\n\t\t\t\t<div class=\"elementor-column elementor-col-66 elementor-top-column elementor-element elementor-element-158dedd\" data-id=\"158dedd\" data-element_type=\"column\" data-e-type=\"column\">\n\t\t\t<div class=\"elementor-widget-wrap elementor-element-populated\">\n\t\t\t\t\t\t<div class=\"elementor-element elementor-element-ba37df5 elementor-widget elementor-widget-heading\" data-id=\"ba37df5\" data-element_type=\"widget\" data-e-type=\"widget\" data-widget_type=\"heading.default\">\n\t\t\t\t<div class=\"elementor-widget-container\">\n\t\t\t\t\t<h3 class=\"elementor-heading-title elementor-size-default\">Desenvolvimento de Instrumenta\u00e7\u00e3o de baixo custo para o ensino m\u00e9dio<\/h3>\t\t\t\t<\/div>\n\t\t\t\t<\/div>\n\t\t\t\t<div class=\"elementor-element elementor-element-7055d78 elementor-widget elementor-widget-text-editor\" data-id=\"7055d78\" data-element_type=\"widget\" data-e-type=\"widget\" data-widget_type=\"text-editor.default\">\n\t\t\t\t<div class=\"elementor-widget-container\">\n\t\t\t\t\t\t\t\t\t<p>O projeto objetiva produzir instrumenta\u00e7\u00e3o de baixo custo aplicados \u00e0 aprendizagem significativa de conceitos relacionados \u00e0s \u00e1reas de Qu\u00edmica e F\u00edsica.\u00a0<\/p><p>Mais detalhadamente:<span style=\"font-style: inherit;font-weight: inherit;font-family: var( --e-global-typography-text-font-family ), Sans-serif;background-color: var( --e-global-color-astglobalcolor5 )\">\u00a0(a) construir os instrumentos; (b) montar conjuntos did\u00e1ticos; (c) desenvolver softwares e aplicativos para a utiliza\u00e7\u00e3o destes instrumentos, (c) propor experimentos que se ad\u00e9quem \u00e0 metodologia da Aprendizagem Significativa nas \u00e1reas de Qu\u00edmica e F\u00edsica; (d) ministrar\u00a0<\/span><span style=\"font-family: var( --e-global-typography-text-font-family ), Sans-serif;font-weight: var( --e-global-typography-text-font-weight );background-color: var( --e-global-color-astglobalcolor5 );font-size: 1rem\">aulas do ensino m\u00e9dio ou tamb\u00e9m do ensino superior, tendo o foco do seu conte\u00fado adaptado para o seu respectivo n\u00edvel.<\/span><\/p><p>\u00a0<b>Coordena\u00e7\u00e3o:<\/b>\u00a0Prof.\u00a0Luiz Marcos de Lira Faria.<\/p>\t\t\t\t\t\t\t\t<\/div>\n\t\t\t\t<\/div>\n\t\t\t\t\t<\/div>\n\t\t<\/div>\n\t\t\t\t\t<\/div>\n\t\t<\/section>\n\t\t\t\t<section class=\"elementor-section elementor-top-section elementor-element elementor-element-4d08c9a elementor-section-boxed elementor-section-height-default elementor-section-height-default wpr-particle-no wpr-jarallax-no wpr-parallax-no wpr-sticky-section-no wpr-equal-height-no\" data-id=\"4d08c9a\" data-element_type=\"section\" data-e-type=\"section\" data-settings=\"{&quot;background_background&quot;:&quot;classic&quot;}\">\n\t\t\t\t\t\t<div class=\"elementor-container elementor-column-gap-default\">\n\t\t\t\t\t<div class=\"elementor-column elementor-col-100 elementor-top-column elementor-element elementor-element-b35b55d\" data-id=\"b35b55d\" data-element_type=\"column\" data-e-type=\"column\">\n\t\t\t<div class=\"elementor-widget-wrap elementor-element-populated\">\n\t\t\t\t\t\t<div class=\"elementor-element elementor-element-5a4ca34 elementor-widget elementor-widget-heading\" data-id=\"5a4ca34\" data-element_type=\"widget\" data-e-type=\"widget\" data-widget_type=\"heading.default\">\n\t\t\t\t<div class=\"elementor-widget-container\">\n\t\t\t\t\t<h3 class=\"elementor-heading-title elementor-size-default\">A influ\u00eancia das Ind\u00fastrias de Cimento e Cal no ambiente urbano do munic\u00edpio de Rio Branco do Sul\/PR<\/h3>\t\t\t\t<\/div>\n\t\t\t\t<\/div>\n\t\t\t\t<div class=\"elementor-element elementor-element-175f55f elementor-widget elementor-widget-text-editor\" data-id=\"175f55f\" data-element_type=\"widget\" data-e-type=\"widget\" data-widget_type=\"text-editor.default\">\n\t\t\t\t<div class=\"elementor-widget-container\">\n\t\t\t\t\t\t\t\t\t<p>Este trabalho tem como objetivo analisar o ambiente urbano do munic\u00edpio de Rio Branco do Sul\/PR, local onde as ind\u00fastrias de cimento e cal representam a principal atividade econ\u00f4mica da regi\u00e3o. Visando contribuir na caracteriza\u00e7\u00e3o dos poluentes ambientais oriundos de atividades industriais, especificamente cimenteira e ind\u00fastria de cal, contribuindo para o avan\u00e7o cient\u00edfico e tecnol\u00f3gico, bem como corroborar com subs\u00eddios cient\u00edficos na implanta\u00e7\u00e3o de a\u00e7\u00f5es gerenciais e de pol\u00edticas p\u00fablicas relacionadas \u00e0 prote\u00e7\u00e3o e preserva\u00e7\u00e3o da sa\u00fade e do ambiente.<\/p>\n<p><span style=\"font-style: inherit;font-weight: inherit;font-family: var( --e-global-typography-text-font-family ), Sans-serif;background-color: var( --e-global-color-astglobalcolor5 )\">&nbsp;<\/span><span style=\"font-style: inherit;font-family: var( --e-global-typography-text-font-family ), Sans-serif;background-color: var( --e-global-color-astglobalcolor5 )\"><b>Coordena\u00e7\u00e3o:<\/b><\/span><span style=\"font-style: inherit;font-weight: inherit;font-family: var( --e-global-typography-text-font-family ), Sans-serif;background-color: var( --e-global-color-astglobalcolor5 )\"> Prof.&nbsp;<\/span><span style=\"background-color: var( --e-global-color-astglobalcolor5 )\">Danielle Caroline Schnitzler.<\/span><\/p>\t\t\t\t\t\t\t\t<\/div>\n\t\t\t\t<\/div>\n\t\t\t\t\t<\/div>\n\t\t<\/div>\n\t\t\t\t\t<\/div>\n\t\t<\/section>\n\t\t\t\t<section class=\"elementor-section elementor-top-section elementor-element elementor-element-a0cc9e5 elementor-section-boxed elementor-section-height-default elementor-section-height-default wpr-particle-no wpr-jarallax-no wpr-parallax-no wpr-sticky-section-no wpr-equal-height-no\" data-id=\"a0cc9e5\" data-element_type=\"section\" data-e-type=\"section\" data-settings=\"{&quot;background_background&quot;:&quot;classic&quot;}\">\n\t\t\t\t\t\t<div class=\"elementor-container elementor-column-gap-default\">\n\t\t\t\t\t<div class=\"elementor-column elementor-col-100 elementor-top-column elementor-element elementor-element-f020fea\" data-id=\"f020fea\" data-element_type=\"column\" data-e-type=\"column\">\n\t\t\t<div class=\"elementor-widget-wrap elementor-element-populated\">\n\t\t\t\t\t\t<div class=\"elementor-element elementor-element-c3e1ab2 elementor-widget elementor-widget-heading\" data-id=\"c3e1ab2\" data-element_type=\"widget\" data-e-type=\"widget\" data-widget_type=\"heading.default\">\n\t\t\t\t<div class=\"elementor-widget-container\">\n\t\t\t\t\t<h3 class=\"elementor-heading-title elementor-size-default\">Ci\u00eancias da Natureza e Tecnologia na Forma\u00e7\u00e3o de Professores<\/h3>\t\t\t\t<\/div>\n\t\t\t\t<\/div>\n\t\t\t\t<div class=\"elementor-element elementor-element-0e052a7 elementor-widget elementor-widget-text-editor\" data-id=\"0e052a7\" data-element_type=\"widget\" data-e-type=\"widget\" data-widget_type=\"text-editor.default\">\n\t\t\t\t<div class=\"elementor-widget-container\">\n\t\t\t\t\t\t\t\t\t<p><br \/><span style=\"background-color: var( --e-global-color-astglobalcolor5 );font-family: var( --e-global-typography-text-font-family ), Sans-serif;font-style: inherit;font-weight: inherit\">Promover a forma\u00e7\u00e3o continuada de docentes do ensino fundamental e m\u00e9dio por meio da realiza\u00e7\u00e3o de atividades pr\u00e1ticas em Qu\u00edmica, Ci\u00eancias e Meio Ambiente; pois acredita-se que a execu\u00e7\u00e3o de experimentos simples, de f\u00e1cil compreens\u00e3o pelo estudante, e sua interpreta\u00e7\u00e3o podem contribuir para o processo de aprendizagem.\u00a0<br \/><\/span><span style=\"font-style: inherit;font-weight: inherit;font-family: var( --e-global-typography-text-font-family ), Sans-serif;background-color: var( --e-global-color-astglobalcolor5 )\">Estabelecer rela\u00e7\u00f5es entre a universidade e docentes do ensino fundamental e m\u00e9dio para aprimorar as habilidades dos docentes, bem como, de seus estudantes em diferentes \u00e1reas do conhecimento, e isso faz-se importante pois refor\u00e7a que a pr\u00e1tica destas atividades poder\u00e1 sobretudo despertar o interesse do estudante para distintas carreiras cient\u00edficas.<\/span><\/p><p><span style=\"font-style: inherit;font-weight: inherit;font-family: var( --e-global-typography-text-font-family ), Sans-serif;background-color: var( --e-global-color-astglobalcolor5 )\">\u00a0<\/span><span style=\"font-style: inherit;font-family: var( --e-global-typography-text-font-family ), Sans-serif;background-color: var( --e-global-color-astglobalcolor5 )\"><b>Coordena\u00e7\u00e3o:<\/b><\/span><span style=\"font-style: inherit;font-weight: inherit;font-family: var( --e-global-typography-text-font-family ), Sans-serif;background-color: var( --e-global-color-astglobalcolor5 )\"> Prof.\u00a0<\/span><span style=\"background-color: var( --e-global-color-astglobalcolor5 )\">Marcelo Lambach.<\/span><\/p>\t\t\t\t\t\t\t\t<\/div>\n\t\t\t\t<\/div>\n\t\t\t\t\t<\/div>\n\t\t<\/div>\n\t\t\t\t\t<\/div>\n\t\t<\/section>\n\t\t\t\t<section class=\"elementor-section elementor-top-section elementor-element elementor-element-617ba01 elementor-section-boxed elementor-section-height-default elementor-section-height-default wpr-particle-no wpr-jarallax-no wpr-parallax-no wpr-sticky-section-no wpr-equal-height-no\" data-id=\"617ba01\" data-element_type=\"section\" data-e-type=\"section\" data-settings=\"{&quot;background_background&quot;:&quot;classic&quot;}\">\n\t\t\t\t\t\t<div class=\"elementor-container elementor-column-gap-default\">\n\t\t\t\t\t<div class=\"elementor-column elementor-col-100 elementor-top-column elementor-element elementor-element-08ca412\" data-id=\"08ca412\" data-element_type=\"column\" data-e-type=\"column\">\n\t\t\t<div class=\"elementor-widget-wrap elementor-element-populated\">\n\t\t\t\t\t\t<div class=\"elementor-element elementor-element-eea3db0 elementor-widget elementor-widget-heading\" data-id=\"eea3db0\" data-element_type=\"widget\" data-e-type=\"widget\" data-widget_type=\"heading.default\">\n\t\t\t\t<div class=\"elementor-widget-container\">\n\t\t\t\t\t<h3 class=\"elementor-heading-title elementor-size-default\">Oficina de constru\u00e7\u00e3o de projetos de pesquisa<\/h3>\t\t\t\t<\/div>\n\t\t\t\t<\/div>\n\t\t\t\t<div class=\"elementor-element elementor-element-d235ce6 elementor-widget elementor-widget-text-editor\" data-id=\"d235ce6\" data-element_type=\"widget\" data-e-type=\"widget\" data-widget_type=\"text-editor.default\">\n\t\t\t\t<div class=\"elementor-widget-container\">\n\t\t\t\t\t\t\t\t\t<p>Oficinas remotas desenvolvidas para candidatos a processos seletivos de mestrado e doutorado.<\/p><p><span style=\"font-style: inherit;font-weight: inherit;font-family: var( --e-global-typography-text-font-family ), Sans-serif;background-color: var( --e-global-color-astglobalcolor5 )\">\u00a0<\/span><span style=\"font-style: inherit;font-family: var( --e-global-typography-text-font-family ), Sans-serif;background-color: var( --e-global-color-astglobalcolor5 )\"><b>Coordena\u00e7\u00e3o:<\/b><\/span><span style=\"font-style: inherit;font-weight: inherit;font-family: var( --e-global-typography-text-font-family ), Sans-serif;background-color: var( --e-global-color-astglobalcolor5 )\"> Prof.\u00a0<\/span><span style=\"background-color: var( --e-global-color-astglobalcolor5 )\">Tamara Simone van Kaick.<\/span><\/p>\t\t\t\t\t\t\t\t<\/div>\n\t\t\t\t<\/div>\n\t\t\t\t\t<\/div>\n\t\t<\/div>\n\t\t\t\t\t<\/div>\n\t\t<\/section>\n\t\t\t\t<section class=\"elementor-section elementor-top-section elementor-element elementor-element-23806de elementor-section-boxed elementor-section-height-default elementor-section-height-default wpr-particle-no wpr-jarallax-no wpr-parallax-no wpr-sticky-section-no wpr-equal-height-no\" data-id=\"23806de\" data-element_type=\"section\" data-e-type=\"section\" data-settings=\"{&quot;background_background&quot;:&quot;classic&quot;}\">\n\t\t\t\t\t\t<div class=\"elementor-container elementor-column-gap-default\">\n\t\t\t\t\t<div class=\"elementor-column elementor-col-33 elementor-top-column elementor-element elementor-element-3d9e039\" data-id=\"3d9e039\" data-element_type=\"column\" data-e-type=\"column\">\n\t\t\t<div class=\"elementor-widget-wrap elementor-element-populated\">\n\t\t\t\t\t\t<div class=\"elementor-element elementor-element-742420d elementor-widget elementor-widget-image\" data-id=\"742420d\" data-element_type=\"widget\" data-e-type=\"widget\" data-widget_type=\"image.default\">\n\t\t\t\t<div class=\"elementor-widget-container\">\n\t\t\t\t\t\t\t\t\t\t\t\t\t\t\t\t<a href=\"https:\/\/www.instagram.com\/projeto.aguamais\/%20\">\n\t\t\t\t\t\t\t<img loading=\"lazy\" decoding=\"async\" width=\"1024\" height=\"1024\" src=\"https:\/\/utfpr-ct-static-content.s3.amazonaws.com\/utfpr.curitiba.br\/wp-content\/uploads\/sites\/149\/2025\/01\/2-1024x1024.png\" class=\"attachment-large size-large wp-image-5559\" alt=\"\" srcset=\"https:\/\/utfpr-ct-static-content.s3.amazonaws.com\/utfpr.curitiba.br\/wp-content\/uploads\/sites\/149\/2025\/01\/2-1024x1024.png 1024w, https:\/\/utfpr-ct-static-content.s3.amazonaws.com\/utfpr.curitiba.br\/wp-content\/uploads\/sites\/149\/2025\/01\/2-300x300.png 300w, https:\/\/utfpr-ct-static-content.s3.amazonaws.com\/utfpr.curitiba.br\/wp-content\/uploads\/sites\/149\/2025\/01\/2-150x150.png 150w, https:\/\/utfpr-ct-static-content.s3.amazonaws.com\/utfpr.curitiba.br\/wp-content\/uploads\/sites\/149\/2025\/01\/2-768x768.png 768w, https:\/\/utfpr-ct-static-content.s3.amazonaws.com\/utfpr.curitiba.br\/wp-content\/uploads\/sites\/149\/2025\/01\/2-1536x1536.png 1536w, https:\/\/utfpr-ct-static-content.s3.amazonaws.com\/utfpr.curitiba.br\/wp-content\/uploads\/sites\/149\/2025\/01\/2-2048x2048.png 2048w\" sizes=\"(max-width: 1024px) 100vw, 1024px\" \/>\t\t\t\t\t\t\t\t<\/a>\n\t\t\t\t\t\t\t\t\t\t\t\t\t\t\t<\/div>\n\t\t\t\t<\/div>\n\t\t\t\t\t<\/div>\n\t\t<\/div>\n\t\t\t\t<div class=\"elementor-column elementor-col-66 elementor-top-column elementor-element elementor-element-3bb944e\" data-id=\"3bb944e\" data-element_type=\"column\" data-e-type=\"column\">\n\t\t\t<div class=\"elementor-widget-wrap elementor-element-populated\">\n\t\t\t\t\t\t<div class=\"elementor-element elementor-element-9f8bd5a elementor-widget elementor-widget-heading\" data-id=\"9f8bd5a\" data-element_type=\"widget\" data-e-type=\"widget\" data-widget_type=\"heading.default\">\n\t\t\t\t<div class=\"elementor-widget-container\">\n\t\t\t\t\t<h3 class=\"elementor-heading-title elementor-size-default\">\u00c1gua Mais<\/h3>\t\t\t\t<\/div>\n\t\t\t\t<\/div>\n\t\t\t\t<div class=\"elementor-element elementor-element-887df25 elementor-widget elementor-widget-text-editor\" data-id=\"887df25\" data-element_type=\"widget\" data-e-type=\"widget\" data-widget_type=\"text-editor.default\">\n\t\t\t\t<div class=\"elementor-widget-container\">\n\t\t\t\t\t\t\t\t\t<p class=\"western\" align=\"justify\">Projeto aprovado no edital PROJETOS PARA O PROGRAMA DE EXTENS\u00c3O PARA SUSTENTABILIDADE TERRITORIAL n 001\/2024 que visa conectar a comunidade acad\u00eamica com a comunidade externa em seu entorno, possibilitando aprimorar a percep\u00e7\u00e3o sobre a interdepend\u00eancia dos seres vivos e o ambiente, resgatando conceitos e a\u00e7\u00f5es relacionadas aos ciclos da \u00e1gua e biogeoqu\u00edmicos. O projeto envolve alunos do curso de Bacharelado em Qu\u00edmica e Engenharia Ambiental e Sanit\u00e1ria, e alunos de p\u00f3s-gradua\u00e7\u00e3o com a comunidade nos arredores. Ser\u00e3o propostas um conjunto de a\u00e7\u00f5es de conscientiza\u00e7\u00e3o para conserva\u00e7\u00e3o e preserva\u00e7\u00e3o dos rios urbanos com a participa\u00e7\u00e3o da comunidade, e, a\u00e7\u00f5es de educa\u00e7\u00e3o ambiental em escolas da regi\u00e3o. O projeto conta com o apoio da ITAIPU\/PARQUETEC e do PROGRAMA INSTITUCIONAL DE EXTENS\u00c3O NA P\u00d3S-GRADUA\u00c7\u00c3O DA UTFPR.<\/p><p><b>Coordena\u00e7\u00e3o:<\/b> prof. Maurici Luzia Del Monego<br \/><b>Integrantes:<\/b> prof. Julio Cesar Azevedo, Andressa Linhares Paiva, Gabriel Baccon Assolari, J\u00e9ssica Feliciano Daitch de Castilho, Julia Acunha<\/p>\t\t\t\t\t\t\t\t<\/div>\n\t\t\t\t<\/div>\n\t\t\t\t\t<\/div>\n\t\t<\/div>\n\t\t\t\t\t<\/div>\n\t\t<\/section>\n\t\t\t\t<section class=\"elementor-section elementor-top-section elementor-element elementor-element-f2ef3d1 elementor-section-boxed elementor-section-height-default elementor-section-height-default wpr-particle-no wpr-jarallax-no wpr-parallax-no wpr-sticky-section-no wpr-equal-height-no\" data-id=\"f2ef3d1\" data-element_type=\"section\" data-e-type=\"section\" data-settings=\"{&quot;background_background&quot;:&quot;classic&quot;}\">\n\t\t\t\t\t\t<div class=\"elementor-container elementor-column-gap-default\">\n\t\t\t\t\t<div class=\"elementor-column elementor-col-100 elementor-top-column elementor-element elementor-element-d27c6c6\" data-id=\"d27c6c6\" data-element_type=\"column\" data-e-type=\"column\">\n\t\t\t<div class=\"elementor-widget-wrap elementor-element-populated\">\n\t\t\t\t\t\t<div class=\"elementor-element elementor-element-66d7008 elementor-widget elementor-widget-heading\" data-id=\"66d7008\" data-element_type=\"widget\" data-e-type=\"widget\" data-widget_type=\"heading.default\">\n\t\t\t\t<div class=\"elementor-widget-container\">\n\t\t\t\t\t<h3 class=\"elementor-heading-title elementor-size-default\">Seja uma Mulher Cientista: Despertando o Interesse pela Ci\u00eancia<\/h3>\t\t\t\t<\/div>\n\t\t\t\t<\/div>\n\t\t\t\t<div class=\"elementor-element elementor-element-331b3f0 elementor-widget elementor-widget-text-editor\" data-id=\"331b3f0\" data-element_type=\"widget\" data-e-type=\"widget\" data-widget_type=\"text-editor.default\">\n\t\t\t\t<div class=\"elementor-widget-container\">\n\t\t\t\t\t\t\t\t\t<p class=\"western\" align=\"justify\">Este projeto tem como objetivo central despertar o interesse cient\u00edfico no estudo das ci\u00eancias exatas e suas tecnologias em alunas do ensino fundamental e m\u00e9dio da rede p\u00fablica utilizando como ferramenta estrat\u00e9gica oficinas tem\u00e1ticas, encorajando a participa\u00e7\u00e3o feminina nas carreiras de ci\u00eancias exatas e suas tecnologias, n\u00e3o deixando que o Ensino M\u00e9dio seja visto como ponto final da educa\u00e7\u00e3o. O projeto foi aprovado na Chamada CNPq\/MCTI\/MMulheres N 31\/2023 &#8211; Meninas nas Ci\u00eancias Exatas, Engenharias e Computa\u00e7\u00e3o.<\/p><p><b>Coordena\u00e7\u00e3o:<\/b> prof. Maurici Luzia Del Monego<br \/><b>Integrantes: <\/b>Izadora Dubiel dos Anjos,\u00a0Flaviane Teixeira da Silva<\/p>\t\t\t\t\t\t\t\t<\/div>\n\t\t\t\t<\/div>\n\t\t\t\t\t<\/div>\n\t\t<\/div>\n\t\t\t\t\t<\/div>\n\t\t<\/section>\n\t\t\t\t<\/div>\n\t\t","protected":false},"excerpt":{"rendered":"<p>A Extens\u00e3o Universit\u00e1ria \u00e9 o processo interdisciplinar, educativo, cultural, cient\u00edfico e pol\u00edtico que articula o Ensino e a Pesquisa de forma indissoci\u00e1vel e viabiliza a rela\u00e7\u00e3o transformadora entre universidade e sociedade. \u00c9 um canal de interlocu\u00e7\u00e3o entre a Sociedade e a Universidade, trazendo as demandas da popula\u00e7\u00e3o e os desafios colocados para o desenvolvimento do pa\u00eds para o centro da Pesquisa e desta para a sociedade. Nossos Projetos de Extens\u00e3o Ampliando os conhecimentos de jovens integrantes de movimento escoteiro O presente Projeto de Extens\u00e3o visa dar aos estudantes da UTFPR a inser\u00e7\u00e3o em um processo educativo e cient\u00edfico, a partir da atua\u00e7\u00e3o como parceiros em grupos escoteiros. O Movimento Escoteiro \u00e9 reconhecido mundialmente pela sua atua\u00e7\u00e3o na educa\u00e7\u00e3o de jovens a partir de adultos volunt\u00e1rios e qualificados. A parceria selada entre este Projeto e o Grupo Escoteiro S\u00e3o Judas Tadeu (GESJT) contribuir\u00e1 para a forma\u00e7\u00e3o desses jovens, tornando-os mais conscientes e cr\u00edticos no \u00e2mbito das habilidades trabalhadas, estimulando-os ao estudo e aperfei\u00e7oamento na \u00e1rea acad\u00eamica, enquanto que, os estudantes das UTFPR se beneficiar\u00e3o pelas vivencias realizadas nesse processo de integra\u00e7\u00e3o entre os diversos conhecimentos e saberes, permitindo com mais clareza a compreens\u00e3o dos conte\u00fados estudados na vida acad\u00eamica. Professores integrantes:\u00a0Maria Giovana Binder Pagnoncelli (coordenadora &#8211; DAQBi),\u00a0Jana Magaly Tesserolli De Souza,\u00a0Larissa Kummer,\u00a0Lucia Regina Rocha Martins,\u00a0Gustavo Henrique Couto,\u00a0Maurici Luzia Del Monego,\u00a0Thomaz Aur\u00e9lio Pagioro. BioTiba &#8211; Projetos de Biodiversidade O projeto tem o intuito de sensibilizar e informar a sociedade quanto \u00e0 import\u00e2ncia de conhecer a biodiversidade e de\u00a0adotar estrat\u00e9gias que conservem os servi\u00e7os ambientais fornecidos por ela. Por meio desde projeto, pretende-se\u00a0manter a UTFPR como institui\u00e7\u00e3o articuladora dos eventos Desafio da Natureza das Cidades (City Nature Challenge &#8211;\u00a0CNC) e Grande BioBlitz do Hemisf\u00e9rio Sul (Great Southern BioBlitz &#8211; GSB) na cidade de Curitiba e demais cidades da\u00a0regi\u00e3o metropolitana. Pretende-se, ainda, idealizar e organizar um evento similar no \u00e2mbito do estado do Paran\u00e1, para\u00a0que mais pessoas se sintam instigadas a ter um novo olhar sobre a biodiversidade e adotem uma postura ativa na\u00a0conserva\u00e7\u00e3o do meio ambiente. Al\u00e9m disso, o presente projeto se prop\u00f5em a apoiar e incentivar a cria\u00e7\u00e3o de projetos\u00a0de curta dura\u00e7\u00e3o em escolas, sedes de grupos escoteiros, entre outras institui\u00e7\u00f5es, buscando inventariar a\u00a0biodiversidade e informar sobre a sua import\u00e2ncia. Coordena\u00e7\u00e3o:\u00a0 Prof.\u00aa Jana Magaly Tesserolli de Souza\u00a0 (DAQBI) e\u00a0 Prof.\u00aa Larissa Kummer (DAQBI).Integrantes: Gustavo Henrique da Silva Ribeiro, Nathali Rebeca Freitas Fernandes, Andrielle Cristiane Zan\u00e3o, Giovana Polytito Cremasco e Erika Domaniski Dos Santos.\u00a0 https:\/\/www.youtube.com\/watch?v=ds-OIF0lkSQ Projeto Conex\u00e3o Ambiental Este projeto tem o intuito de promover a forma\u00e7\u00e3o complementar, te\u00f3rica e pr\u00e1tica, de estudantes de cursos t\u00e9cnicos na \u00e1rea de Meio Ambiente, preferencialmente oriundos de escolas p\u00fablicas, por meio de oficinas, palestras, debates e atividades pr\u00e1ticas. A iniciativa visa apoiar esses alunos na identifica\u00e7\u00e3o e desenvolvimento de solu\u00e7\u00f5es para desafios ambientais relevantes para suas realidades e comunidades. Coordena\u00e7\u00e3o: Prof.\u00aa \u00a0Adriane Martins de Freitas e Prof.\u00aa Lucila Adriani de Almeida Coral.Integrantes: Lucas Rodrigues Napo e Victor Augusto Leal Alonso Ser Ambiental &#8211; Educa\u00e7\u00e3o para a Sustentabilidade Este projeto tem o intuito de aplicar estrat\u00e9gias diversas na \u00e1rea de Educa\u00e7\u00e3o Ambiental para sensibilizar, informar e\/ou orientar a Comunidade sobre temas ambientais; gerar uma troca de saberes entre a Comunidade e a Universidade; contribuir para a solu\u00e7\u00e3o de problemas relacionados ao meio ambiente, sa\u00fade e sociedade. Pretende, ainda, proporcionar aos estudantes da disciplina de Educa\u00e7\u00e3o Ambiental, e tamb\u00e9m a outros estudantes que desejem participar do projeto como volunt\u00e1rios, a oportunidade de vivenciar a extens\u00e3o universit\u00e1ria e colocar em pr\u00e1tica a\u00e7\u00f5es educativas sobre temas contempor\u00e2neos na \u00e1rea de meio ambiente, sa\u00fade e sociedade. Coordena\u00e7\u00e3o: Prof.\u00aa Renata Ruaro e \u00a0Prof.\u00aa Jana Magaly Tesserolli de Souza (DAQBI).Integrantes: \u00a0Amanda Faleiro Oliveira, Shaiane Gabriela de Lima e Aline Fernandes Fran\u00e7a. M\u00eddias Sociais Como Ferramenta Extensionista O\u00a0projeto tem como objetivo geral usar as redes sociais para engajar os alunos, especialmentedos cursos de Engenharia Ambiental e Sanit\u00e1ria e Tecnologia em Processos Ambientais daUTFPR-CT, para que divulguem as oportunidades que estes cursos e \u00e1rea de atua\u00e7\u00e3o podemoferecer para a comunidade. Coordena\u00e7\u00e3o: Prof.\u00aa Larissa Kummer (DAQBI) e Prof.\u00aa Maurici Luzia Charnevski Del Monego (DAQBI).\u00a0\u00a0Integrantes: Anna Vitoria Cardoso Martins, Ana Luiza Baungart, Lucas Rodrigues Napo, Larissa Torres Diaz, Maiara Soares de Carvalho e Luiza Beatriz Spak Kubichen.\u00a0 O Mundo das Abelhas &#8211; Conhecer para proteger, apreciar para conservar! Levando em conta a necessidade urgente de se conservar as abelhas e que medidas amig\u00e1veis a elas precisam ser adotadas o quanto antes, este projeto se prop\u00f5e a sensibilizar crian\u00e7as, adolescentes e adultos acerca das import\u00e2ncias ecol\u00f3gica e econ\u00f4mica das abelhas e da necessidade de conserva\u00e7\u00e3o das diferentes esp\u00e9cies para manter um ecossistema equilibrado, que continue fornecendo servi\u00e7os \u00fateis ao bem-estar da popula\u00e7\u00e3o humana. Como objetivos espec\u00edficos, tem-se: disponibilizar iscas com atrativo para abelhas sem ferr\u00e3o nas sedes do Campus Curitiba; estabelecer um melipon\u00e1rio e um mini-hotel para abelhas na sede Ecoville; enriquecer a flora da sede Ecoville com esp\u00e9cies de plantas mel\u00edferas; montar cole\u00e7\u00e3o entomol\u00f3gica did\u00e1tica; confeccionar material did\u00e1tico sobre temas relacionados \u00e0s abelhas; oferecer oficinas para estudantes de escolas p\u00fablicas, funcion\u00e1rios terceirizados, idosos, grupos de escoteiros e\/ou membros da comunidade acad\u00eamica visando esclarecer d\u00favidas e ampliar o conhecimento acerca das abelhas. Coordena\u00e7\u00e3o: Prof.\u00aa\u00a0Jana Magaly Tesserolli de Souza (DAQBI) e Prof.\u00aa\u00a0Katia Regina Hopfer (DAGEE).Integrantes: Bruna Louise Dering, Jheymson Martins Farias, Caio Vitor de Souza, Eric Maciel da Silva, Caiene de Oliveira, Maria Eduarda Mercante de Souza, Kelven Gabriel de Azevedo da Concei\u00e7\u00e3o, Gabriela de Andrade Cruz Hein, Leonardo Jos\u00e9 Viginheski e Andrielle Cristine Zan\u00e3o. https:\/\/drive.google.com\/file\/d\/1bVIMizWMQCs0WdobXoyXUDLEeKLrcefY\/view#t=2 Meninas nas Ci\u00eancias O Projeto de extens\u00e3o &#8220;Meninas nas Ci\u00eancias&#8221; iniciou suas atividades no ano de 2019, antes recebia o nome \u201cOlimp\u00edada de Qu\u00edmica como estrat\u00e9gia para a inser\u00e7\u00e3o e manuten\u00e7\u00e3o de meninas nas \u00e1reas de ci\u00eancias exatas e suas tecnologias&#8221; foi inaugurado no dia 14 de Junho na Sede UTFPR Ecoville . O projeto visava instigar o interesse feminino pela \u00e1rea das ci\u00eancias exatas e suas tecnologias atrav\u00e9s da participa\u00e7\u00e3o nas Olimp\u00edadas de Qu\u00edmica. No novo per\u00edodo do projeto, os objetivos passaram a incluir alunos de escolas p\u00fablicas do ensino m\u00e9dio. Nesse momento o projeto recebe esses alunos na universidade para<\/p>\n","protected":false},"author":157,"featured_media":0,"parent":0,"menu_order":0,"comment_status":"closed","ping_status":"closed","template":"","meta":{"site-sidebar-layout":"no-sidebar","site-content-layout":"page-builder","ast-site-content-layout":"default","site-content-style":"default","site-sidebar-style":"default","ast-global-header-display":"","ast-banner-title-visibility":"","ast-main-header-display":"","ast-hfb-above-header-display":"","ast-hfb-below-header-display":"","ast-hfb-mobile-header-display":"","site-post-title":"disabled","ast-breadcrumbs-content":"","ast-featured-img":"disabled","footer-sml-layout":"","ast-disable-related-posts":"","theme-transparent-header-meta":"","adv-header-id-meta":"","stick-header-meta":"","header-above-stick-meta":"","header-main-stick-meta":"","header-below-stick-meta":"","astra-migrate-meta-layouts":"default","ast-page-background-enabled":"default","ast-page-background-meta":{"desktop":{"background-color":"var(--ast-global-color-4)","background-image":"","background-repeat":"repeat","background-position":"center center","background-size":"auto","background-attachment":"scroll","background-type":"","background-media":"","overlay-type":"","overlay-color":"","overlay-opacity":"","overlay-gradient":""},"tablet":{"background-color":"","background-image":"","background-repeat":"repeat","background-position":"center center","background-size":"auto","background-attachment":"scroll","background-type":"","background-media":"","overlay-type":"","overlay-color":"","overlay-opacity":"","overlay-gradient":""},"mobile":{"background-color":"","background-image":"","background-repeat":"repeat","background-position":"center center","background-size":"auto","background-attachment":"scroll","background-type":"","background-media":"","overlay-type":"","overlay-color":"","overlay-opacity":"","overlay-gradient":""}},"ast-content-background-meta":{"desktop":{"background-color":"var(--ast-global-color-5)","background-image":"","background-repeat":"repeat","background-position":"center center","background-size":"auto","background-attachment":"scroll","background-type":"","background-media":"","overlay-type":"","overlay-color":"","overlay-opacity":"","overlay-gradient":""},"tablet":{"background-color":"var(--ast-global-color-5)","background-image":"","background-repeat":"repeat","background-position":"center center","background-size":"auto","background-attachment":"scroll","background-type":"","background-media":"","overlay-type":"","overlay-color":"","overlay-opacity":"","overlay-gradient":""},"mobile":{"background-color":"var(--ast-global-color-5)","background-image":"","background-repeat":"repeat","background-position":"center center","background-size":"auto","background-attachment":"scroll","background-type":"","background-media":"","overlay-type":"","overlay-color":"","overlay-opacity":"","overlay-gradient":""}},"footnotes":""},"class_list":["post-137","page","type-page","status-publish","hentry"],"yoast_head":"<!-- This site is optimized with the Yoast SEO plugin v27.4 - https:\/\/yoast.com\/product\/yoast-seo-wordpress\/ -->\n<title>Extens\u00e3o - DAQBi<\/title>\n<meta name=\"robots\" content=\"index, follow, max-snippet:-1, max-image-preview:large, max-video-preview:-1\" \/>\n<link rel=\"canonical\" href=\"https:\/\/utfpr.curitiba.br\/daqbi\/extensao\/\" \/>\n<meta property=\"og:locale\" content=\"pt_BR\" \/>\n<meta property=\"og:type\" content=\"article\" \/>\n<meta property=\"og:title\" content=\"Extens\u00e3o - DAQBi\" \/>\n<meta property=\"og:description\" content=\"A Extens\u00e3o Universit\u00e1ria \u00e9 o processo interdisciplinar, educativo, cultural, cient\u00edfico e pol\u00edtico que articula o Ensino e a Pesquisa de forma indissoci\u00e1vel e viabiliza a rela\u00e7\u00e3o transformadora entre universidade e sociedade. \u00c9 um canal de interlocu\u00e7\u00e3o entre a Sociedade e a Universidade, trazendo as demandas da popula\u00e7\u00e3o e os desafios colocados para o desenvolvimento do pa\u00eds para o centro da Pesquisa e desta para a sociedade. Nossos Projetos de Extens\u00e3o Ampliando os conhecimentos de jovens integrantes de movimento escoteiro O presente Projeto de Extens\u00e3o visa dar aos estudantes da UTFPR a inser\u00e7\u00e3o em um processo educativo e cient\u00edfico, a partir da atua\u00e7\u00e3o como parceiros em grupos escoteiros. O Movimento Escoteiro \u00e9 reconhecido mundialmente pela sua atua\u00e7\u00e3o na educa\u00e7\u00e3o de jovens a partir de adultos volunt\u00e1rios e qualificados. A parceria selada entre este Projeto e o Grupo Escoteiro S\u00e3o Judas Tadeu (GESJT) contribuir\u00e1 para a forma\u00e7\u00e3o desses jovens, tornando-os mais conscientes e cr\u00edticos no \u00e2mbito das habilidades trabalhadas, estimulando-os ao estudo e aperfei\u00e7oamento na \u00e1rea acad\u00eamica, enquanto que, os estudantes das UTFPR se beneficiar\u00e3o pelas vivencias realizadas nesse processo de integra\u00e7\u00e3o entre os diversos conhecimentos e saberes, permitindo com mais clareza a compreens\u00e3o dos conte\u00fados estudados na vida acad\u00eamica. Professores integrantes:\u00a0Maria Giovana Binder Pagnoncelli (coordenadora &#8211; DAQBi),\u00a0Jana Magaly Tesserolli De Souza,\u00a0Larissa Kummer,\u00a0Lucia Regina Rocha Martins,\u00a0Gustavo Henrique Couto,\u00a0Maurici Luzia Del Monego,\u00a0Thomaz Aur\u00e9lio Pagioro. BioTiba &#8211; Projetos de Biodiversidade O projeto tem o intuito de sensibilizar e informar a sociedade quanto \u00e0 import\u00e2ncia de conhecer a biodiversidade e de\u00a0adotar estrat\u00e9gias que conservem os servi\u00e7os ambientais fornecidos por ela. Por meio desde projeto, pretende-se\u00a0manter a UTFPR como institui\u00e7\u00e3o articuladora dos eventos Desafio da Natureza das Cidades (City Nature Challenge &#8211;\u00a0CNC) e Grande BioBlitz do Hemisf\u00e9rio Sul (Great Southern BioBlitz &#8211; GSB) na cidade de Curitiba e demais cidades da\u00a0regi\u00e3o metropolitana. Pretende-se, ainda, idealizar e organizar um evento similar no \u00e2mbito do estado do Paran\u00e1, para\u00a0que mais pessoas se sintam instigadas a ter um novo olhar sobre a biodiversidade e adotem uma postura ativa na\u00a0conserva\u00e7\u00e3o do meio ambiente. Al\u00e9m disso, o presente projeto se prop\u00f5em a apoiar e incentivar a cria\u00e7\u00e3o de projetos\u00a0de curta dura\u00e7\u00e3o em escolas, sedes de grupos escoteiros, entre outras institui\u00e7\u00f5es, buscando inventariar a\u00a0biodiversidade e informar sobre a sua import\u00e2ncia. Coordena\u00e7\u00e3o:\u00a0 Prof.\u00aa Jana Magaly Tesserolli de Souza\u00a0 (DAQBI) e\u00a0 Prof.\u00aa Larissa Kummer (DAQBI).Integrantes: Gustavo Henrique da Silva Ribeiro, Nathali Rebeca Freitas Fernandes, Andrielle Cristiane Zan\u00e3o, Giovana Polytito Cremasco e Erika Domaniski Dos Santos.\u00a0 https:\/\/www.youtube.com\/watch?v=ds-OIF0lkSQ Projeto Conex\u00e3o Ambiental Este projeto tem o intuito de promover a forma\u00e7\u00e3o complementar, te\u00f3rica e pr\u00e1tica, de estudantes de cursos t\u00e9cnicos na \u00e1rea de Meio Ambiente, preferencialmente oriundos de escolas p\u00fablicas, por meio de oficinas, palestras, debates e atividades pr\u00e1ticas. A iniciativa visa apoiar esses alunos na identifica\u00e7\u00e3o e desenvolvimento de solu\u00e7\u00f5es para desafios ambientais relevantes para suas realidades e comunidades. Coordena\u00e7\u00e3o: Prof.\u00aa \u00a0Adriane Martins de Freitas e Prof.\u00aa Lucila Adriani de Almeida Coral.Integrantes: Lucas Rodrigues Napo e Victor Augusto Leal Alonso Ser Ambiental &#8211; Educa\u00e7\u00e3o para a Sustentabilidade Este projeto tem o intuito de aplicar estrat\u00e9gias diversas na \u00e1rea de Educa\u00e7\u00e3o Ambiental para sensibilizar, informar e\/ou orientar a Comunidade sobre temas ambientais; gerar uma troca de saberes entre a Comunidade e a Universidade; contribuir para a solu\u00e7\u00e3o de problemas relacionados ao meio ambiente, sa\u00fade e sociedade. Pretende, ainda, proporcionar aos estudantes da disciplina de Educa\u00e7\u00e3o Ambiental, e tamb\u00e9m a outros estudantes que desejem participar do projeto como volunt\u00e1rios, a oportunidade de vivenciar a extens\u00e3o universit\u00e1ria e colocar em pr\u00e1tica a\u00e7\u00f5es educativas sobre temas contempor\u00e2neos na \u00e1rea de meio ambiente, sa\u00fade e sociedade. Coordena\u00e7\u00e3o: Prof.\u00aa Renata Ruaro e \u00a0Prof.\u00aa Jana Magaly Tesserolli de Souza (DAQBI).Integrantes: \u00a0Amanda Faleiro Oliveira, Shaiane Gabriela de Lima e Aline Fernandes Fran\u00e7a. M\u00eddias Sociais Como Ferramenta Extensionista O\u00a0projeto tem como objetivo geral usar as redes sociais para engajar os alunos, especialmentedos cursos de Engenharia Ambiental e Sanit\u00e1ria e Tecnologia em Processos Ambientais daUTFPR-CT, para que divulguem as oportunidades que estes cursos e \u00e1rea de atua\u00e7\u00e3o podemoferecer para a comunidade. Coordena\u00e7\u00e3o: Prof.\u00aa Larissa Kummer (DAQBI) e Prof.\u00aa Maurici Luzia Charnevski Del Monego (DAQBI).\u00a0\u00a0Integrantes: Anna Vitoria Cardoso Martins, Ana Luiza Baungart, Lucas Rodrigues Napo, Larissa Torres Diaz, Maiara Soares de Carvalho e Luiza Beatriz Spak Kubichen.\u00a0 O Mundo das Abelhas &#8211; Conhecer para proteger, apreciar para conservar! Levando em conta a necessidade urgente de se conservar as abelhas e que medidas amig\u00e1veis a elas precisam ser adotadas o quanto antes, este projeto se prop\u00f5e a sensibilizar crian\u00e7as, adolescentes e adultos acerca das import\u00e2ncias ecol\u00f3gica e econ\u00f4mica das abelhas e da necessidade de conserva\u00e7\u00e3o das diferentes esp\u00e9cies para manter um ecossistema equilibrado, que continue fornecendo servi\u00e7os \u00fateis ao bem-estar da popula\u00e7\u00e3o humana. Como objetivos espec\u00edficos, tem-se: disponibilizar iscas com atrativo para abelhas sem ferr\u00e3o nas sedes do Campus Curitiba; estabelecer um melipon\u00e1rio e um mini-hotel para abelhas na sede Ecoville; enriquecer a flora da sede Ecoville com esp\u00e9cies de plantas mel\u00edferas; montar cole\u00e7\u00e3o entomol\u00f3gica did\u00e1tica; confeccionar material did\u00e1tico sobre temas relacionados \u00e0s abelhas; oferecer oficinas para estudantes de escolas p\u00fablicas, funcion\u00e1rios terceirizados, idosos, grupos de escoteiros e\/ou membros da comunidade acad\u00eamica visando esclarecer d\u00favidas e ampliar o conhecimento acerca das abelhas. Coordena\u00e7\u00e3o: Prof.\u00aa\u00a0Jana Magaly Tesserolli de Souza (DAQBI) e Prof.\u00aa\u00a0Katia Regina Hopfer (DAGEE).Integrantes: Bruna Louise Dering, Jheymson Martins Farias, Caio Vitor de Souza, Eric Maciel da Silva, Caiene de Oliveira, Maria Eduarda Mercante de Souza, Kelven Gabriel de Azevedo da Concei\u00e7\u00e3o, Gabriela de Andrade Cruz Hein, Leonardo Jos\u00e9 Viginheski e Andrielle Cristine Zan\u00e3o. https:\/\/drive.google.com\/file\/d\/1bVIMizWMQCs0WdobXoyXUDLEeKLrcefY\/view#t=2 Meninas nas Ci\u00eancias O Projeto de extens\u00e3o &#8220;Meninas nas Ci\u00eancias&#8221; iniciou suas atividades no ano de 2019, antes recebia o nome \u201cOlimp\u00edada de Qu\u00edmica como estrat\u00e9gia para a inser\u00e7\u00e3o e manuten\u00e7\u00e3o de meninas nas \u00e1reas de ci\u00eancias exatas e suas tecnologias&#8221; foi inaugurado no dia 14 de Junho na Sede UTFPR Ecoville . O projeto visava instigar o interesse feminino pela \u00e1rea das ci\u00eancias exatas e suas tecnologias atrav\u00e9s da participa\u00e7\u00e3o nas Olimp\u00edadas de Qu\u00edmica. No novo per\u00edodo do projeto, os objetivos passaram a incluir alunos de escolas p\u00fablicas do ensino m\u00e9dio. Nesse momento o projeto recebe esses alunos na universidade para\" \/>\n<meta property=\"og:url\" content=\"https:\/\/utfpr.curitiba.br\/daqbi\/extensao\/\" \/>\n<meta property=\"og:site_name\" content=\"DAQBi\" \/>\n<meta property=\"article:modified_time\" content=\"2026-03-24T20:46:50+00:00\" \/>\n<meta property=\"og:image\" content=\"https:\/\/utfpr-ct-static-content.s3.amazonaws.com\/utfpr.curitiba.br\/wp-content\/uploads\/sites\/149\/2023\/08\/PHOTO-2023-08-02-16-27-25-1.jpg\" \/>\n\t<meta property=\"og:image:width\" content=\"1010\" \/>\n\t<meta property=\"og:image:height\" content=\"466\" \/>\n\t<meta property=\"og:image:type\" content=\"image\/jpeg\" \/>\n<meta name=\"twitter:card\" content=\"summary_large_image\" \/>\n<meta name=\"twitter:label1\" content=\"Est. reading time\" \/>\n\t<meta name=\"twitter:data1\" content=\"12 minutos\" \/>\n<script type=\"application\/ld+json\" class=\"yoast-schema-graph\">{\"@context\":\"https:\\\/\\\/schema.org\",\"@graph\":[{\"@type\":\"WebPage\",\"@id\":\"https:\\\/\\\/utfpr.curitiba.br\\\/daqbi\\\/extensao\\\/\",\"url\":\"https:\\\/\\\/utfpr.curitiba.br\\\/daqbi\\\/extensao\\\/\",\"name\":\"Extens\u00e3o - DAQBi\",\"isPartOf\":{\"@id\":\"https:\\\/\\\/utfpr.curitiba.br\\\/daqbi\\\/#website\"},\"primaryImageOfPage\":{\"@id\":\"https:\\\/\\\/utfpr.curitiba.br\\\/daqbi\\\/extensao\\\/#primaryimage\"},\"image\":{\"@id\":\"https:\\\/\\\/utfpr.curitiba.br\\\/daqbi\\\/extensao\\\/#primaryimage\"},\"thumbnailUrl\":\"https:\\\/\\\/utfpr-ct-static-content.s3.amazonaws.com\\\/utfpr.curitiba.br\\\/wp-content\\\/uploads\\\/sites\\\/149\\\/2023\\\/08\\\/PHOTO-2023-08-02-16-27-25-1.jpg\",\"datePublished\":\"2023-02-03T13:59:19+00:00\",\"dateModified\":\"2026-03-24T20:46:50+00:00\",\"breadcrumb\":{\"@id\":\"https:\\\/\\\/utfpr.curitiba.br\\\/daqbi\\\/extensao\\\/#breadcrumb\"},\"inLanguage\":\"pt-BR\",\"potentialAction\":[{\"@type\":\"ReadAction\",\"target\":[\"https:\\\/\\\/utfpr.curitiba.br\\\/daqbi\\\/extensao\\\/\"]}]},{\"@type\":\"ImageObject\",\"inLanguage\":\"pt-BR\",\"@id\":\"https:\\\/\\\/utfpr.curitiba.br\\\/daqbi\\\/extensao\\\/#primaryimage\",\"url\":\"https:\\\/\\\/utfpr-ct-static-content.s3.amazonaws.com\\\/utfpr.curitiba.br\\\/wp-content\\\/uploads\\\/sites\\\/149\\\/2023\\\/08\\\/PHOTO-2023-08-02-16-27-25-1.jpg\",\"contentUrl\":\"https:\\\/\\\/utfpr-ct-static-content.s3.amazonaws.com\\\/utfpr.curitiba.br\\\/wp-content\\\/uploads\\\/sites\\\/149\\\/2023\\\/08\\\/PHOTO-2023-08-02-16-27-25-1.jpg\"},{\"@type\":\"BreadcrumbList\",\"@id\":\"https:\\\/\\\/utfpr.curitiba.br\\\/daqbi\\\/extensao\\\/#breadcrumb\",\"itemListElement\":[{\"@type\":\"ListItem\",\"position\":1,\"name\":\"Home\",\"item\":\"https:\\\/\\\/utfpr.curitiba.br\\\/daqbi\\\/\"},{\"@type\":\"ListItem\",\"position\":2,\"name\":\"Extens\u00e3o\"}]},{\"@type\":\"WebSite\",\"@id\":\"https:\\\/\\\/utfpr.curitiba.br\\\/daqbi\\\/#website\",\"url\":\"https:\\\/\\\/utfpr.curitiba.br\\\/daqbi\\\/\",\"name\":\"DAQBi\",\"description\":\"Departamento Acad\u00eamico de Qu\u00edmica e Biologia - UTFPR Campus Curitiba\",\"publisher\":{\"@id\":\"https:\\\/\\\/utfpr.curitiba.br\\\/daqbi\\\/#organization\"},\"alternateName\":\"Daqbi Curitiba - UTFPR\",\"potentialAction\":[{\"@type\":\"SearchAction\",\"target\":{\"@type\":\"EntryPoint\",\"urlTemplate\":\"https:\\\/\\\/utfpr.curitiba.br\\\/daqbi\\\/?s={search_term_string}\"},\"query-input\":{\"@type\":\"PropertyValueSpecification\",\"valueRequired\":true,\"valueName\":\"search_term_string\"}}],\"inLanguage\":\"pt-BR\"},{\"@type\":\"Organization\",\"@id\":\"https:\\\/\\\/utfpr.curitiba.br\\\/daqbi\\\/#organization\",\"name\":\"Departamento Acad\u00eamico de Qu\u00edmica e Biologia UTFPR Curitiba\",\"alternateName\":\"DAQBI curitiba - Universidade Tecnol\u00f3gica Federal do Paran\u00e1\",\"url\":\"https:\\\/\\\/utfpr.curitiba.br\\\/daqbi\\\/\",\"logo\":{\"@type\":\"ImageObject\",\"inLanguage\":\"pt-BR\",\"@id\":\"https:\\\/\\\/utfpr.curitiba.br\\\/daqbi\\\/#\\\/schema\\\/logo\\\/image\\\/\",\"url\":\"https:\\\/\\\/utfpr-ct-static-content.s3.amazonaws.com\\\/utfpr.curitiba.br\\\/wp-content\\\/uploads\\\/sites\\\/149\\\/2023\\\/04\\\/daqbi_curto.png\",\"contentUrl\":\"https:\\\/\\\/utfpr-ct-static-content.s3.amazonaws.com\\\/utfpr.curitiba.br\\\/wp-content\\\/uploads\\\/sites\\\/149\\\/2023\\\/04\\\/daqbi_curto.png\",\"width\":600,\"height\":261,\"caption\":\"Departamento Acad\u00eamico de Qu\u00edmica e Biologia UTFPR Curitiba\"},\"image\":{\"@id\":\"https:\\\/\\\/utfpr.curitiba.br\\\/daqbi\\\/#\\\/schema\\\/logo\\\/image\\\/\"}}]}<\/script>\n<!-- \/ Yoast SEO plugin. -->","yoast_head_json":{"title":"Extens\u00e3o - DAQBi","robots":{"index":"index","follow":"follow","max-snippet":"max-snippet:-1","max-image-preview":"max-image-preview:large","max-video-preview":"max-video-preview:-1"},"canonical":"https:\/\/utfpr.curitiba.br\/daqbi\/extensao\/","og_locale":"pt_BR","og_type":"article","og_title":"Extens\u00e3o - DAQBi","og_description":"A Extens\u00e3o Universit\u00e1ria \u00e9 o processo interdisciplinar, educativo, cultural, cient\u00edfico e pol\u00edtico que articula o Ensino e a Pesquisa de forma indissoci\u00e1vel e viabiliza a rela\u00e7\u00e3o transformadora entre universidade e sociedade. \u00c9 um canal de interlocu\u00e7\u00e3o entre a Sociedade e a Universidade, trazendo as demandas da popula\u00e7\u00e3o e os desafios colocados para o desenvolvimento do pa\u00eds para o centro da Pesquisa e desta para a sociedade. Nossos Projetos de Extens\u00e3o Ampliando os conhecimentos de jovens integrantes de movimento escoteiro O presente Projeto de Extens\u00e3o visa dar aos estudantes da UTFPR a inser\u00e7\u00e3o em um processo educativo e cient\u00edfico, a partir da atua\u00e7\u00e3o como parceiros em grupos escoteiros. O Movimento Escoteiro \u00e9 reconhecido mundialmente pela sua atua\u00e7\u00e3o na educa\u00e7\u00e3o de jovens a partir de adultos volunt\u00e1rios e qualificados. A parceria selada entre este Projeto e o Grupo Escoteiro S\u00e3o Judas Tadeu (GESJT) contribuir\u00e1 para a forma\u00e7\u00e3o desses jovens, tornando-os mais conscientes e cr\u00edticos no \u00e2mbito das habilidades trabalhadas, estimulando-os ao estudo e aperfei\u00e7oamento na \u00e1rea acad\u00eamica, enquanto que, os estudantes das UTFPR se beneficiar\u00e3o pelas vivencias realizadas nesse processo de integra\u00e7\u00e3o entre os diversos conhecimentos e saberes, permitindo com mais clareza a compreens\u00e3o dos conte\u00fados estudados na vida acad\u00eamica. Professores integrantes:\u00a0Maria Giovana Binder Pagnoncelli (coordenadora &#8211; DAQBi),\u00a0Jana Magaly Tesserolli De Souza,\u00a0Larissa Kummer,\u00a0Lucia Regina Rocha Martins,\u00a0Gustavo Henrique Couto,\u00a0Maurici Luzia Del Monego,\u00a0Thomaz Aur\u00e9lio Pagioro. BioTiba &#8211; Projetos de Biodiversidade O projeto tem o intuito de sensibilizar e informar a sociedade quanto \u00e0 import\u00e2ncia de conhecer a biodiversidade e de\u00a0adotar estrat\u00e9gias que conservem os servi\u00e7os ambientais fornecidos por ela. Por meio desde projeto, pretende-se\u00a0manter a UTFPR como institui\u00e7\u00e3o articuladora dos eventos Desafio da Natureza das Cidades (City Nature Challenge &#8211;\u00a0CNC) e Grande BioBlitz do Hemisf\u00e9rio Sul (Great Southern BioBlitz &#8211; GSB) na cidade de Curitiba e demais cidades da\u00a0regi\u00e3o metropolitana. Pretende-se, ainda, idealizar e organizar um evento similar no \u00e2mbito do estado do Paran\u00e1, para\u00a0que mais pessoas se sintam instigadas a ter um novo olhar sobre a biodiversidade e adotem uma postura ativa na\u00a0conserva\u00e7\u00e3o do meio ambiente. Al\u00e9m disso, o presente projeto se prop\u00f5em a apoiar e incentivar a cria\u00e7\u00e3o de projetos\u00a0de curta dura\u00e7\u00e3o em escolas, sedes de grupos escoteiros, entre outras institui\u00e7\u00f5es, buscando inventariar a\u00a0biodiversidade e informar sobre a sua import\u00e2ncia. Coordena\u00e7\u00e3o:\u00a0 Prof.\u00aa Jana Magaly Tesserolli de Souza\u00a0 (DAQBI) e\u00a0 Prof.\u00aa Larissa Kummer (DAQBI).Integrantes: Gustavo Henrique da Silva Ribeiro, Nathali Rebeca Freitas Fernandes, Andrielle Cristiane Zan\u00e3o, Giovana Polytito Cremasco e Erika Domaniski Dos Santos.\u00a0 https:\/\/www.youtube.com\/watch?v=ds-OIF0lkSQ Projeto Conex\u00e3o Ambiental Este projeto tem o intuito de promover a forma\u00e7\u00e3o complementar, te\u00f3rica e pr\u00e1tica, de estudantes de cursos t\u00e9cnicos na \u00e1rea de Meio Ambiente, preferencialmente oriundos de escolas p\u00fablicas, por meio de oficinas, palestras, debates e atividades pr\u00e1ticas. A iniciativa visa apoiar esses alunos na identifica\u00e7\u00e3o e desenvolvimento de solu\u00e7\u00f5es para desafios ambientais relevantes para suas realidades e comunidades. Coordena\u00e7\u00e3o: Prof.\u00aa \u00a0Adriane Martins de Freitas e Prof.\u00aa Lucila Adriani de Almeida Coral.Integrantes: Lucas Rodrigues Napo e Victor Augusto Leal Alonso Ser Ambiental &#8211; Educa\u00e7\u00e3o para a Sustentabilidade Este projeto tem o intuito de aplicar estrat\u00e9gias diversas na \u00e1rea de Educa\u00e7\u00e3o Ambiental para sensibilizar, informar e\/ou orientar a Comunidade sobre temas ambientais; gerar uma troca de saberes entre a Comunidade e a Universidade; contribuir para a solu\u00e7\u00e3o de problemas relacionados ao meio ambiente, sa\u00fade e sociedade. Pretende, ainda, proporcionar aos estudantes da disciplina de Educa\u00e7\u00e3o Ambiental, e tamb\u00e9m a outros estudantes que desejem participar do projeto como volunt\u00e1rios, a oportunidade de vivenciar a extens\u00e3o universit\u00e1ria e colocar em pr\u00e1tica a\u00e7\u00f5es educativas sobre temas contempor\u00e2neos na \u00e1rea de meio ambiente, sa\u00fade e sociedade. Coordena\u00e7\u00e3o: Prof.\u00aa Renata Ruaro e \u00a0Prof.\u00aa Jana Magaly Tesserolli de Souza (DAQBI).Integrantes: \u00a0Amanda Faleiro Oliveira, Shaiane Gabriela de Lima e Aline Fernandes Fran\u00e7a. M\u00eddias Sociais Como Ferramenta Extensionista O\u00a0projeto tem como objetivo geral usar as redes sociais para engajar os alunos, especialmentedos cursos de Engenharia Ambiental e Sanit\u00e1ria e Tecnologia em Processos Ambientais daUTFPR-CT, para que divulguem as oportunidades que estes cursos e \u00e1rea de atua\u00e7\u00e3o podemoferecer para a comunidade. Coordena\u00e7\u00e3o: Prof.\u00aa Larissa Kummer (DAQBI) e Prof.\u00aa Maurici Luzia Charnevski Del Monego (DAQBI).\u00a0\u00a0Integrantes: Anna Vitoria Cardoso Martins, Ana Luiza Baungart, Lucas Rodrigues Napo, Larissa Torres Diaz, Maiara Soares de Carvalho e Luiza Beatriz Spak Kubichen.\u00a0 O Mundo das Abelhas &#8211; Conhecer para proteger, apreciar para conservar! Levando em conta a necessidade urgente de se conservar as abelhas e que medidas amig\u00e1veis a elas precisam ser adotadas o quanto antes, este projeto se prop\u00f5e a sensibilizar crian\u00e7as, adolescentes e adultos acerca das import\u00e2ncias ecol\u00f3gica e econ\u00f4mica das abelhas e da necessidade de conserva\u00e7\u00e3o das diferentes esp\u00e9cies para manter um ecossistema equilibrado, que continue fornecendo servi\u00e7os \u00fateis ao bem-estar da popula\u00e7\u00e3o humana. Como objetivos espec\u00edficos, tem-se: disponibilizar iscas com atrativo para abelhas sem ferr\u00e3o nas sedes do Campus Curitiba; estabelecer um melipon\u00e1rio e um mini-hotel para abelhas na sede Ecoville; enriquecer a flora da sede Ecoville com esp\u00e9cies de plantas mel\u00edferas; montar cole\u00e7\u00e3o entomol\u00f3gica did\u00e1tica; confeccionar material did\u00e1tico sobre temas relacionados \u00e0s abelhas; oferecer oficinas para estudantes de escolas p\u00fablicas, funcion\u00e1rios terceirizados, idosos, grupos de escoteiros e\/ou membros da comunidade acad\u00eamica visando esclarecer d\u00favidas e ampliar o conhecimento acerca das abelhas. Coordena\u00e7\u00e3o: Prof.\u00aa\u00a0Jana Magaly Tesserolli de Souza (DAQBI) e Prof.\u00aa\u00a0Katia Regina Hopfer (DAGEE).Integrantes: Bruna Louise Dering, Jheymson Martins Farias, Caio Vitor de Souza, Eric Maciel da Silva, Caiene de Oliveira, Maria Eduarda Mercante de Souza, Kelven Gabriel de Azevedo da Concei\u00e7\u00e3o, Gabriela de Andrade Cruz Hein, Leonardo Jos\u00e9 Viginheski e Andrielle Cristine Zan\u00e3o. https:\/\/drive.google.com\/file\/d\/1bVIMizWMQCs0WdobXoyXUDLEeKLrcefY\/view#t=2 Meninas nas Ci\u00eancias O Projeto de extens\u00e3o &#8220;Meninas nas Ci\u00eancias&#8221; iniciou suas atividades no ano de 2019, antes recebia o nome \u201cOlimp\u00edada de Qu\u00edmica como estrat\u00e9gia para a inser\u00e7\u00e3o e manuten\u00e7\u00e3o de meninas nas \u00e1reas de ci\u00eancias exatas e suas tecnologias&#8221; foi inaugurado no dia 14 de Junho na Sede UTFPR Ecoville . O projeto visava instigar o interesse feminino pela \u00e1rea das ci\u00eancias exatas e suas tecnologias atrav\u00e9s da participa\u00e7\u00e3o nas Olimp\u00edadas de Qu\u00edmica. No novo per\u00edodo do projeto, os objetivos passaram a incluir alunos de escolas p\u00fablicas do ensino m\u00e9dio. Nesse momento o projeto recebe esses alunos na universidade para","og_url":"https:\/\/utfpr.curitiba.br\/daqbi\/extensao\/","og_site_name":"DAQBi","article_modified_time":"2026-03-24T20:46:50+00:00","og_image":[{"width":1010,"height":466,"url":"https:\/\/utfpr-ct-static-content.s3.amazonaws.com\/utfpr.curitiba.br\/wp-content\/uploads\/sites\/149\/2023\/08\/PHOTO-2023-08-02-16-27-25-1.jpg","type":"image\/jpeg"}],"twitter_card":"summary_large_image","twitter_misc":{"Est. reading time":"12 minutos"},"schema":{"@context":"https:\/\/schema.org","@graph":[{"@type":"WebPage","@id":"https:\/\/utfpr.curitiba.br\/daqbi\/extensao\/","url":"https:\/\/utfpr.curitiba.br\/daqbi\/extensao\/","name":"Extens\u00e3o - DAQBi","isPartOf":{"@id":"https:\/\/utfpr.curitiba.br\/daqbi\/#website"},"primaryImageOfPage":{"@id":"https:\/\/utfpr.curitiba.br\/daqbi\/extensao\/#primaryimage"},"image":{"@id":"https:\/\/utfpr.curitiba.br\/daqbi\/extensao\/#primaryimage"},"thumbnailUrl":"https:\/\/utfpr-ct-static-content.s3.amazonaws.com\/utfpr.curitiba.br\/wp-content\/uploads\/sites\/149\/2023\/08\/PHOTO-2023-08-02-16-27-25-1.jpg","datePublished":"2023-02-03T13:59:19+00:00","dateModified":"2026-03-24T20:46:50+00:00","breadcrumb":{"@id":"https:\/\/utfpr.curitiba.br\/daqbi\/extensao\/#breadcrumb"},"inLanguage":"pt-BR","potentialAction":[{"@type":"ReadAction","target":["https:\/\/utfpr.curitiba.br\/daqbi\/extensao\/"]}]},{"@type":"ImageObject","inLanguage":"pt-BR","@id":"https:\/\/utfpr.curitiba.br\/daqbi\/extensao\/#primaryimage","url":"https:\/\/utfpr-ct-static-content.s3.amazonaws.com\/utfpr.curitiba.br\/wp-content\/uploads\/sites\/149\/2023\/08\/PHOTO-2023-08-02-16-27-25-1.jpg","contentUrl":"https:\/\/utfpr-ct-static-content.s3.amazonaws.com\/utfpr.curitiba.br\/wp-content\/uploads\/sites\/149\/2023\/08\/PHOTO-2023-08-02-16-27-25-1.jpg"},{"@type":"BreadcrumbList","@id":"https:\/\/utfpr.curitiba.br\/daqbi\/extensao\/#breadcrumb","itemListElement":[{"@type":"ListItem","position":1,"name":"Home","item":"https:\/\/utfpr.curitiba.br\/daqbi\/"},{"@type":"ListItem","position":2,"name":"Extens\u00e3o"}]},{"@type":"WebSite","@id":"https:\/\/utfpr.curitiba.br\/daqbi\/#website","url":"https:\/\/utfpr.curitiba.br\/daqbi\/","name":"DAQBi","description":"Departamento Acad\u00eamico de Qu\u00edmica e Biologia - UTFPR Campus Curitiba","publisher":{"@id":"https:\/\/utfpr.curitiba.br\/daqbi\/#organization"},"alternateName":"Daqbi Curitiba - UTFPR","potentialAction":[{"@type":"SearchAction","target":{"@type":"EntryPoint","urlTemplate":"https:\/\/utfpr.curitiba.br\/daqbi\/?s={search_term_string}"},"query-input":{"@type":"PropertyValueSpecification","valueRequired":true,"valueName":"search_term_string"}}],"inLanguage":"pt-BR"},{"@type":"Organization","@id":"https:\/\/utfpr.curitiba.br\/daqbi\/#organization","name":"Departamento Acad\u00eamico de Qu\u00edmica e Biologia UTFPR Curitiba","alternateName":"DAQBI curitiba - Universidade Tecnol\u00f3gica Federal do Paran\u00e1","url":"https:\/\/utfpr.curitiba.br\/daqbi\/","logo":{"@type":"ImageObject","inLanguage":"pt-BR","@id":"https:\/\/utfpr.curitiba.br\/daqbi\/#\/schema\/logo\/image\/","url":"https:\/\/utfpr-ct-static-content.s3.amazonaws.com\/utfpr.curitiba.br\/wp-content\/uploads\/sites\/149\/2023\/04\/daqbi_curto.png","contentUrl":"https:\/\/utfpr-ct-static-content.s3.amazonaws.com\/utfpr.curitiba.br\/wp-content\/uploads\/sites\/149\/2023\/04\/daqbi_curto.png","width":600,"height":261,"caption":"Departamento Acad\u00eamico de Qu\u00edmica e Biologia UTFPR Curitiba"},"image":{"@id":"https:\/\/utfpr.curitiba.br\/daqbi\/#\/schema\/logo\/image\/"}}]}},"_links":{"self":[{"href":"https:\/\/utfpr.curitiba.br\/daqbi\/wp-json\/wp\/v2\/pages\/137","targetHints":{"allow":["GET"]}}],"collection":[{"href":"https:\/\/utfpr.curitiba.br\/daqbi\/wp-json\/wp\/v2\/pages"}],"about":[{"href":"https:\/\/utfpr.curitiba.br\/daqbi\/wp-json\/wp\/v2\/types\/page"}],"author":[{"embeddable":true,"href":"https:\/\/utfpr.curitiba.br\/daqbi\/wp-json\/wp\/v2\/users\/157"}],"replies":[{"embeddable":true,"href":"https:\/\/utfpr.curitiba.br\/daqbi\/wp-json\/wp\/v2\/comments?post=137"}],"version-history":[{"count":328,"href":"https:\/\/utfpr.curitiba.br\/daqbi\/wp-json\/wp\/v2\/pages\/137\/revisions"}],"predecessor-version":[{"id":5933,"href":"https:\/\/utfpr.curitiba.br\/daqbi\/wp-json\/wp\/v2\/pages\/137\/revisions\/5933"}],"wp:attachment":[{"href":"https:\/\/utfpr.curitiba.br\/daqbi\/wp-json\/wp\/v2\/media?parent=137"}],"curies":[{"name":"wp","href":"https:\/\/api.w.org\/{rel}","templated":true}]}}