{"id":11,"date":"2023-02-03T10:55:40","date_gmt":"2023-02-03T13:55:40","guid":{"rendered":"http:\/\/localhost\/daqbiutfpr\/?page_id=11"},"modified":"2023-12-28T13:21:51","modified_gmt":"2023-12-28T16:21:51","slug":"noticias-2","status":"publish","type":"page","link":"https:\/\/utfpr.curitiba.br\/daqbi\/noticias-2\/","title":{"rendered":"Not\u00edcias"},"content":{"rendered":"\t\t<div data-elementor-type=\"wp-page\" data-elementor-id=\"11\" class=\"elementor elementor-11\">\n\t\t\t\t\t\t<section class=\"elementor-section elementor-top-section elementor-element elementor-element-6f47a1180 elementor-section-boxed elementor-section-height-default elementor-section-height-default wpr-particle-no wpr-jarallax-no wpr-parallax-no wpr-sticky-section-no wpr-equal-height-no\" data-id=\"6f47a1180\" data-element_type=\"section\" data-e-type=\"section\" data-settings=\"{&quot;background_background&quot;:&quot;classic&quot;}\">\n\t\t\t\t\t\t<div class=\"elementor-container elementor-column-gap-default\">\n\t\t\t\t\t<div class=\"elementor-column elementor-col-100 elementor-top-column elementor-element elementor-element-6891949d\" data-id=\"6891949d\" data-element_type=\"column\" data-e-type=\"column\">\n\t\t\t<div class=\"elementor-widget-wrap elementor-element-populated\">\n\t\t\t\t\t\t<div class=\"elementor-element elementor-element-7a879188 wpr-grid-columns-3 wpr-grid-columns--tablet2 wpr-grid-columns--mobile1 wpr-grid-pagination-center wpr-item-styles-inner elementor-widget elementor-widget-wpr-grid\" data-id=\"7a879188\" data-element_type=\"widget\" data-e-type=\"widget\" data-widget_type=\"wpr-grid.default\">\n\t\t\t\t<div class=\"elementor-widget-container\">\n\t\t\t\t\t<ul class=\"wpr-grid-filters elementor-clearfix wpr-grid-filters-sep-right\"><li class=\" wpr-pointer-none wpr-pointer-line-fx wpr-pointer-fx-none\"><span  data-filter=\"*\" class=\"wpr-grid-filters-item wpr-active-filter \">Todas<\/span><em class=\"wpr-grid-filters-sep\"><\/em><\/li><li class=\" wpr-pointer-none wpr-pointer-line-fx wpr-pointer-fx-none wpr-hidden-element\"><span   data-ajax-filter=[\"category\",\"cursos\"]  data-filter=\".category-cursos\">Cursos<\/span><em class=\"wpr-grid-filters-sep\"><\/em><\/li><li class=\" wpr-pointer-none wpr-pointer-line-fx wpr-pointer-fx-none\"><span   data-ajax-filter=[\"category\",\"departamento-pt\"]  data-filter=\".category-departamento-pt\">Departamento<\/span><em class=\"wpr-grid-filters-sep\"><\/em><\/li><li class=\" wpr-pointer-none wpr-pointer-line-fx wpr-pointer-fx-none wpr-hidden-element\"><span   data-ajax-filter=[\"category\",\"estagio-bolsa\"]  data-filter=\".category-estagio-bolsa\">Est\u00e1gio\/Bolsa<\/span><em class=\"wpr-grid-filters-sep\"><\/em><\/li><li class=\" wpr-pointer-none wpr-pointer-line-fx wpr-pointer-fx-none\"><span   data-ajax-filter=[\"category\",\"extensao-pt\"]  data-filter=\".category-extensao-pt\">Extens\u00e3o<\/span><em class=\"wpr-grid-filters-sep\"><\/em><\/li><li class=\" wpr-pointer-none wpr-pointer-line-fx wpr-pointer-fx-none wpr-hidden-element\"><span   data-ajax-filter=[\"category\",\"graduacao-pt\"]  data-filter=\".category-graduacao-pt\">Gradua\u00e7\u00e3o<\/span><em class=\"wpr-grid-filters-sep\"><\/em><\/li><li class=\" wpr-pointer-none wpr-pointer-line-fx wpr-pointer-fx-none wpr-hidden-element\"><span   data-ajax-filter=[\"category\",\"licenciatura\"]  data-filter=\".category-licenciatura\">Licenciatura<\/span><em class=\"wpr-grid-filters-sep\"><\/em><\/li><li class=\" wpr-pointer-none wpr-pointer-line-fx wpr-pointer-fx-none\"><span   data-ajax-filter=[\"category\",\"noticias-da-utfpr\"]  data-filter=\".category-noticias-da-utfpr\">Noticias da UTFPR<\/span><em class=\"wpr-grid-filters-sep\"><\/em><\/li><li class=\" wpr-pointer-none wpr-pointer-line-fx wpr-pointer-fx-none\"><span   data-ajax-filter=[\"category\",\"noticias-da-utfpr-pt\"]  data-filter=\".category-noticias-da-utfpr-pt\">Noticias da UTFPR<\/span><em class=\"wpr-grid-filters-sep\"><\/em><\/li><li class=\" wpr-pointer-none wpr-pointer-line-fx wpr-pointer-fx-none wpr-hidden-element\"><span   data-ajax-filter=[\"category\",\"pos-graduacao\"]  data-filter=\".category-pos-graduacao\">P\u00f3s Gradua\u00e7\u00e3o<\/span><em class=\"wpr-grid-filters-sep\"><\/em><\/li><li class=\" wpr-pointer-none wpr-pointer-line-fx wpr-pointer-fx-none\"><span   data-ajax-filter=[\"category\",\"sem-categoria-pt\"]  data-filter=\".category-sem-categoria-pt\">Sem categoria<\/span><em class=\"wpr-grid-filters-sep\"><\/em><\/li><\/ul><section class=\"wpr-grid elementor-clearfix\" data-settings=\"{&quot;layout&quot;:&quot;fitRows&quot;,&quot;stick_last_element_to_bottom&quot;:&quot;&quot;,&quot;columns_desktop&quot;:&quot;3&quot;,&quot;gutter_hr&quot;:15,&quot;gutter_hr_mobile&quot;:15,&quot;gutter_hr_mobile_extra&quot;:15,&quot;gutter_hr_tablet&quot;:15,&quot;gutter_hr_tablet_extra&quot;:15,&quot;gutter_hr_laptop&quot;:15,&quot;gutter_hr_widescreen&quot;:15,&quot;gutter_vr&quot;:15,&quot;gutter_vr_mobile&quot;:15,&quot;gutter_vr_mobile_extra&quot;:15,&quot;gutter_vr_tablet&quot;:15,&quot;gutter_vr_tablet_extra&quot;:15,&quot;gutter_vr_laptop&quot;:15,&quot;gutter_vr_widescreen&quot;:15,&quot;animation&quot;:&quot;default&quot;,&quot;animation_duration&quot;:&quot;0.4&quot;,&quot;animation_delay&quot;:&quot;0.2&quot;,&quot;deeplinking&quot;:&quot;&quot;,&quot;filters_linkable&quot;:&quot;no&quot;,&quot;filters_default_filter&quot;:&quot;&quot;,&quot;filters_count&quot;:&quot;&quot;,&quot;filters_hide_empty&quot;:&quot;yes&quot;,&quot;filters_animation&quot;:&quot;default&quot;,&quot;filters_animation_duration&quot;:&quot;0.4&quot;,&quot;filters_animation_delay&quot;:&quot;0.2&quot;,&quot;pagination_type&quot;:&quot;load-more&quot;,&quot;pagination_max_pages&quot;:12,&quot;lightbox&quot;:{&quot;selector&quot;:&quot;.wpr-grid-image-wrap&quot;,&quot;iframeMaxWidth&quot;:&quot;60%&quot;,&quot;hash&quot;:false,&quot;autoplay&quot;:&quot;true&quot;,&quot;pause&quot;:5000,&quot;progressBar&quot;:&quot;true&quot;,&quot;counter&quot;:&quot;true&quot;,&quot;controls&quot;:&quot;true&quot;,&quot;getCaptionFromTitleOrAlt&quot;:&quot;true&quot;,&quot;thumbnail&quot;:&quot;&quot;,&quot;showThumbByDefault&quot;:&quot;&quot;,&quot;share&quot;:&quot;&quot;,&quot;zoom&quot;:&quot;true&quot;,&quot;fullScreen&quot;:&quot;true&quot;,&quot;download&quot;:&quot;true&quot;}}\" data-advanced-filters=\"no\"><article class=\"wpr-grid-item elementor-clearfix post-5897 post type-post status-publish format-standard has-post-thumbnail hentry category-noticias-da-utfpr\"><div class=\"wpr-grid-item-inner\"><div class=\"wpr-grid-item-above-content elementor-clearfix\"><h2 class=\"wpr-grid-item-title elementor-repeater-item-04b0433 wpr-grid-item-display-block wpr-grid-item-align-left wpr-pointer-none wpr-pointer-line-fx wpr-pointer-fx-fade\"><div class=\"inner-block\"><a target=\"_self\"  href=\"https:\/\/utfpr.curitiba.br\/daqbi\/maior-edicao-do-sei-sicite-reune-mais-de-36-mil-participantes\/\">Maior edi\u00e7\u00e3o do\u00a0SEI-Sicite re\u00fane mais de 3,6 mil participantes<\/a><\/div><\/h2><div class=\"wpr-grid-item-category elementor-repeater-item-66ca227 wpr-grid-item-display-block wpr-grid-item-align-left wpr-pointer-none wpr-pointer-line-fx wpr-pointer-fx-fade wpr-grid-tax-style-1\"><div class=\"inner-block\"><a class=\" wpr-tax-id-27\" href=\"https:\/\/utfpr.curitiba.br\/daqbi\/category\/noticias-da-utfpr\/\">Noticias da UTFPR<\/a><\/div><\/div><\/div><div class=\"wpr-grid-media-wrap wpr-effect-size-medium \" data-overlay-link=\"yes\"><div class=\"wpr-grid-image-wrap\" data-src=\"https:\/\/utfpr-ct-static-content.s3.amazonaws.com\/utfpr.curitiba.br\/wp-content\/uploads\/sites\/149\/elementor\/thumbs\/image-1200-2da55b9534bf04f80f16888174c79dd5-rdxddsduku8kxhzmyof8as8gv4ujapljqmgi81mn7k.png\" data-img-on-hover=\"\"  data-src-secondary=\"\"><img decoding=\"async\" data-no-lazy=\"1\" src=\"https:\/\/utfpr-ct-static-content.s3.amazonaws.com\/utfpr.curitiba.br\/wp-content\/uploads\/sites\/149\/elementor\/thumbs\/image-1200-2da55b9534bf04f80f16888174c79dd5-rdxddsduku8kxhzmyof8as8gv4ujapljqmgi81mn7k.png\" alt=\"Maior edi\u00e7\u00e3o do\u00a0SEI-Sicite re\u00fane mais de 3,6 mil participantes\" class=\"wpr-anim-timing-ease-default\"><\/div><div class=\"wpr-grid-media-hover wpr-animation-wrap\"><div class=\"wpr-grid-media-hover-bg  wpr-overlay-fade-in wpr-anim-size-large wpr-anim-timing-ease-default wpr-anim-transparency\" data-url=\"https:\/\/utfpr.curitiba.br\/daqbi\/maior-edicao-do-sei-sicite-reune-mais-de-36-mil-participantes\/\"><\/div><\/div><\/div><div class=\"wpr-grid-item-below-content elementor-clearfix\"><div class=\"wpr-grid-item-excerpt elementor-repeater-item-5241605 wpr-grid-item-display-block wpr-grid-item-align-left\"><div class=\"inner-block\"><p>Estudantes receberam trof\u00e9us em reconhecimento pelos melhores trabalhos<\/p><\/div><\/div><div class=\"wpr-grid-item-read-more elementor-repeater-item-dc1027d wpr-grid-item-display-block wpr-grid-item-align-left\"><div class=\"inner-block\"><a target=\"_self\" href=\"https:\/\/utfpr.curitiba.br\/daqbi\/maior-edicao-do-sei-sicite-reune-mais-de-36-mil-participantes\/\" class=\"wpr-button-effect wpr-button-none\"><span class=\"wpr-grid-extra-icon-left\"><i aria-hidden=\"true\" class=\"fas fa-external-link-alt\"><\/i><\/span><span>Leia mais<\/span><\/a><\/div><\/div><\/div><\/div><\/article><article class=\"wpr-grid-item elementor-clearfix post-5888 post type-post status-publish format-standard has-post-thumbnail hentry category-extensao-pt category-noticias-da-utfpr\"><div class=\"wpr-grid-item-inner\"><div class=\"wpr-grid-item-above-content elementor-clearfix\"><h2 class=\"wpr-grid-item-title elementor-repeater-item-04b0433 wpr-grid-item-display-block wpr-grid-item-align-left wpr-pointer-none wpr-pointer-line-fx wpr-pointer-fx-fade\"><div class=\"inner-block\"><a target=\"_self\"  href=\"https:\/\/utfpr.curitiba.br\/daqbi\/abertura-do-sei-sicite-destaca-a-insercao-de-meninas-na-ciencia\/\">Abertura do\u00a0SEI-Sicite destaca a inser\u00e7\u00e3o de meninas na ci\u00eancia<\/a><\/div><\/h2><div class=\"wpr-grid-item-category elementor-repeater-item-66ca227 wpr-grid-item-display-block wpr-grid-item-align-left wpr-pointer-none wpr-pointer-line-fx wpr-pointer-fx-fade wpr-grid-tax-style-1\"><div class=\"inner-block\"><a class=\" wpr-tax-id-29\" href=\"https:\/\/utfpr.curitiba.br\/daqbi\/category\/extensao-pt\/\">Extens\u00e3o<span class=\"tax-sep\">, <\/span><\/a><a class=\" wpr-tax-id-27\" href=\"https:\/\/utfpr.curitiba.br\/daqbi\/category\/noticias-da-utfpr\/\">Noticias da UTFPR<\/a><\/div><\/div><\/div><div class=\"wpr-grid-media-wrap wpr-effect-size-medium \" data-overlay-link=\"yes\"><div class=\"wpr-grid-image-wrap\" data-src=\"https:\/\/utfpr-ct-static-content.s3.amazonaws.com\/utfpr.curitiba.br\/wp-content\/uploads\/sites\/149\/elementor\/thumbs\/image-1200-3916678e1dc625e16fb801bf21f5dbda-rdlabv6gy48wlpt0l85atikk86gx4xuorazxj1pts0.png\" data-img-on-hover=\"\"  data-src-secondary=\"\"><img decoding=\"async\" data-no-lazy=\"1\" src=\"https:\/\/utfpr-ct-static-content.s3.amazonaws.com\/utfpr.curitiba.br\/wp-content\/uploads\/sites\/149\/elementor\/thumbs\/image-1200-3916678e1dc625e16fb801bf21f5dbda-rdlabv6gy48wlpt0l85atikk86gx4xuorazxj1pts0.png\" alt=\"Abertura do\u00a0SEI-Sicite destaca a inser\u00e7\u00e3o de meninas na ci\u00eancia\" class=\"wpr-anim-timing-ease-default\"><\/div><div class=\"wpr-grid-media-hover wpr-animation-wrap\"><div class=\"wpr-grid-media-hover-bg  wpr-overlay-fade-in wpr-anim-size-large wpr-anim-timing-ease-default wpr-anim-transparency\" data-url=\"https:\/\/utfpr.curitiba.br\/daqbi\/abertura-do-sei-sicite-destaca-a-insercao-de-meninas-na-ciencia\/\"><\/div><\/div><\/div><div class=\"wpr-grid-item-below-content elementor-clearfix\"><div class=\"wpr-grid-item-excerpt elementor-repeater-item-5241605 wpr-grid-item-display-block wpr-grid-item-align-left\"><div class=\"inner-block\"><p>Maior evento institucional da UTFPR ocorre no Campus Curitiba at\u00e9 sexta (25)<\/p><\/div><\/div><div class=\"wpr-grid-item-read-more elementor-repeater-item-dc1027d wpr-grid-item-display-block wpr-grid-item-align-left\"><div class=\"inner-block\"><a target=\"_self\" href=\"https:\/\/utfpr.curitiba.br\/daqbi\/abertura-do-sei-sicite-destaca-a-insercao-de-meninas-na-ciencia\/\" class=\"wpr-button-effect wpr-button-none\"><span class=\"wpr-grid-extra-icon-left\"><i aria-hidden=\"true\" class=\"fas fa-external-link-alt\"><\/i><\/span><span>Leia mais<\/span><\/a><\/div><\/div><\/div><\/div><\/article><article class=\"wpr-grid-item elementor-clearfix post-5836 post type-post status-publish format-standard has-post-thumbnail hentry category-noticias-da-utfpr\"><div class=\"wpr-grid-item-inner\"><div class=\"wpr-grid-item-above-content elementor-clearfix\"><h2 class=\"wpr-grid-item-title elementor-repeater-item-04b0433 wpr-grid-item-display-block wpr-grid-item-align-left wpr-pointer-none wpr-pointer-line-fx wpr-pointer-fx-fade\"><div class=\"inner-block\"><a target=\"_self\"  href=\"https:\/\/utfpr.curitiba.br\/daqbi\/utfpr-realiza-sei-sicite-entre-20-e-24-de-outubro-em-curitiba\/\">UTFPR realiza\u00a0SEI-Sicite entre 20 e 24 de outubro em\u00a0Curitiba<\/a><\/div><\/h2><div class=\"wpr-grid-item-category elementor-repeater-item-66ca227 wpr-grid-item-display-block wpr-grid-item-align-left wpr-pointer-none wpr-pointer-line-fx wpr-pointer-fx-fade wpr-grid-tax-style-1\"><div class=\"inner-block\"><a class=\" wpr-tax-id-27\" href=\"https:\/\/utfpr.curitiba.br\/daqbi\/category\/noticias-da-utfpr\/\">Noticias da UTFPR<\/a><\/div><\/div><\/div><div class=\"wpr-grid-media-wrap wpr-effect-size-medium \" data-overlay-link=\"yes\"><div class=\"wpr-grid-image-wrap\" data-src=\"https:\/\/utfpr-ct-static-content.s3.amazonaws.com\/utfpr.curitiba.br\/wp-content\/uploads\/sites\/149\/elementor\/thumbs\/sei-sicite-2-rd7hzes9xbofzkqfthknmk3m5pt8q1bmqnur97gcu8.png\" data-img-on-hover=\"\"  data-src-secondary=\"\"><img decoding=\"async\" data-no-lazy=\"1\" src=\"https:\/\/utfpr-ct-static-content.s3.amazonaws.com\/utfpr.curitiba.br\/wp-content\/uploads\/sites\/149\/elementor\/thumbs\/sei-sicite-2-rd7hzes9xbofzkqfthknmk3m5pt8q1bmqnur97gcu8.png\" alt=\"UTFPR realiza\u00a0SEI-Sicite entre 20 e 24 de outubro em\u00a0Curitiba\" class=\"wpr-anim-timing-ease-default\"><\/div><div class=\"wpr-grid-media-hover wpr-animation-wrap\"><div class=\"wpr-grid-media-hover-bg  wpr-overlay-fade-in wpr-anim-size-large wpr-anim-timing-ease-default wpr-anim-transparency\" data-url=\"https:\/\/utfpr.curitiba.br\/daqbi\/utfpr-realiza-sei-sicite-entre-20-e-24-de-outubro-em-curitiba\/\"><\/div><\/div><\/div><div class=\"wpr-grid-item-below-content elementor-clearfix\"><div class=\"wpr-grid-item-excerpt elementor-repeater-item-5241605 wpr-grid-item-display-block wpr-grid-item-align-left\"><div class=\"inner-block\"><p>Maior evento institucional, cient\u00edfico e tecnol\u00f3gico \u00e9 aberto e gratuito \u00e0 comunidade<\/p><\/div><\/div><div class=\"wpr-grid-item-read-more elementor-repeater-item-dc1027d wpr-grid-item-display-block wpr-grid-item-align-left\"><div class=\"inner-block\"><a target=\"_self\" href=\"https:\/\/utfpr.curitiba.br\/daqbi\/utfpr-realiza-sei-sicite-entre-20-e-24-de-outubro-em-curitiba\/\" class=\"wpr-button-effect wpr-button-none\"><span class=\"wpr-grid-extra-icon-left\"><i aria-hidden=\"true\" class=\"fas fa-external-link-alt\"><\/i><\/span><span>Leia mais<\/span><\/a><\/div><\/div><\/div><\/div><\/article><article class=\"wpr-grid-item elementor-clearfix post-5764 post type-post status-publish format-standard has-post-thumbnail hentry category-noticias-da-utfpr\"><div class=\"wpr-grid-item-inner\"><div class=\"wpr-grid-item-above-content elementor-clearfix\"><h2 class=\"wpr-grid-item-title elementor-repeater-item-04b0433 wpr-grid-item-display-block wpr-grid-item-align-left wpr-pointer-none wpr-pointer-line-fx wpr-pointer-fx-fade\"><div class=\"inner-block\"><a target=\"_self\"  href=\"https:\/\/utfpr.curitiba.br\/daqbi\/vem-ai-o-sei-sicite\/\">Vem a\u00ed o\u00a0SEI-SICITE<\/a><\/div><\/h2><div class=\"wpr-grid-item-category elementor-repeater-item-66ca227 wpr-grid-item-display-block wpr-grid-item-align-left wpr-pointer-none wpr-pointer-line-fx wpr-pointer-fx-fade wpr-grid-tax-style-1\"><div class=\"inner-block\"><a class=\" wpr-tax-id-27\" href=\"https:\/\/utfpr.curitiba.br\/daqbi\/category\/noticias-da-utfpr\/\">Noticias da UTFPR<\/a><\/div><\/div><\/div><div class=\"wpr-grid-media-wrap wpr-effect-size-medium \" data-overlay-link=\"yes\"><div class=\"wpr-grid-image-wrap\" data-src=\"https:\/\/utfpr-ct-static-content.s3.amazonaws.com\/utfpr.curitiba.br\/wp-content\/uploads\/sites\/149\/elementor\/thumbs\/sei-sicite-rd0gcvyj6goj43btnrp4bm3r5ozx23s2qrps61dds0.png\" data-img-on-hover=\"\"  data-src-secondary=\"\"><img decoding=\"async\" data-no-lazy=\"1\" src=\"https:\/\/utfpr-ct-static-content.s3.amazonaws.com\/utfpr.curitiba.br\/wp-content\/uploads\/sites\/149\/elementor\/thumbs\/sei-sicite-rd0gcvyj6goj43btnrp4bm3r5ozx23s2qrps61dds0.png\" alt=\"Vem a\u00ed o\u00a0SEI-SICITE\" class=\"wpr-anim-timing-ease-default\"><\/div><div class=\"wpr-grid-media-hover wpr-animation-wrap\"><div class=\"wpr-grid-media-hover-bg  wpr-overlay-fade-in wpr-anim-size-large wpr-anim-timing-ease-default wpr-anim-transparency\" data-url=\"https:\/\/utfpr.curitiba.br\/daqbi\/vem-ai-o-sei-sicite\/\"><\/div><\/div><\/div><div class=\"wpr-grid-item-below-content elementor-clearfix\"><div class=\"wpr-grid-item-excerpt elementor-repeater-item-5241605 wpr-grid-item-display-block wpr-grid-item-align-left\"><div class=\"inner-block\"><p>O maior encontro acad\u00eamico da UTFPR acontecer\u00e1 de 20 a 24 de outubro, em Curitiba<\/p><\/div><\/div><div class=\"wpr-grid-item-read-more elementor-repeater-item-dc1027d wpr-grid-item-display-block wpr-grid-item-align-left\"><div class=\"inner-block\"><a target=\"_self\" href=\"https:\/\/utfpr.curitiba.br\/daqbi\/vem-ai-o-sei-sicite\/\" class=\"wpr-button-effect wpr-button-none\"><span class=\"wpr-grid-extra-icon-left\"><i aria-hidden=\"true\" class=\"fas fa-external-link-alt\"><\/i><\/span><span>Leia mais<\/span><\/a><\/div><\/div><\/div><\/div><\/article><article class=\"wpr-grid-item elementor-clearfix post-5761 post type-post status-publish format-standard has-post-thumbnail hentry category-departamento-pt category-noticias-da-utfpr\"><div class=\"wpr-grid-item-inner\"><div class=\"wpr-grid-item-above-content elementor-clearfix\"><h2 class=\"wpr-grid-item-title elementor-repeater-item-04b0433 wpr-grid-item-display-block wpr-grid-item-align-left wpr-pointer-none wpr-pointer-line-fx wpr-pointer-fx-fade\"><div class=\"inner-block\"><a target=\"_self\"  href=\"https:\/\/utfpr.curitiba.br\/daqbi\/viii-simposio-de-graduacao-e-pos-graduacao-do-daqbi-realizou-palestras-minicursos-e-feira-de-estagio\/\">VIII Simp\u00f3sio de Gradua\u00e7\u00e3o e P\u00f3s-Gradua\u00e7\u00e3o do DAQBI realizou palestras , minicursos e feira de est\u00e1gio<\/a><\/div><\/h2><div class=\"wpr-grid-item-category elementor-repeater-item-66ca227 wpr-grid-item-display-block wpr-grid-item-align-left wpr-pointer-none wpr-pointer-line-fx wpr-pointer-fx-fade wpr-grid-tax-style-1\"><div class=\"inner-block\"><a class=\" wpr-tax-id-28\" href=\"https:\/\/utfpr.curitiba.br\/daqbi\/category\/departamento-pt\/\">Departamento<span class=\"tax-sep\">, <\/span><\/a><a class=\" wpr-tax-id-27\" href=\"https:\/\/utfpr.curitiba.br\/daqbi\/category\/noticias-da-utfpr\/\">Noticias da UTFPR<\/a><\/div><\/div><\/div><div class=\"wpr-grid-media-wrap wpr-effect-size-medium \" data-overlay-link=\"yes\"><div class=\"wpr-grid-image-wrap\" data-src=\"https:\/\/utfpr-ct-static-content.s3.amazonaws.com\/utfpr.curitiba.br\/wp-content\/uploads\/sites\/149\/elementor\/thumbs\/Simdaqbi-rd0g4y7lgttd2muw0c6j9m7mkk4c249obhe69x52bk.png\" data-img-on-hover=\"\"  data-src-secondary=\"\"><img decoding=\"async\" data-no-lazy=\"1\" src=\"https:\/\/utfpr-ct-static-content.s3.amazonaws.com\/utfpr.curitiba.br\/wp-content\/uploads\/sites\/149\/elementor\/thumbs\/Simdaqbi-rd0g4y7lgttd2muw0c6j9m7mkk4c249obhe69x52bk.png\" alt=\"VIII Simp\u00f3sio de Gradua\u00e7\u00e3o e P\u00f3s-Gradua\u00e7\u00e3o do DAQBI realizou palestras , minicursos e feira de est\u00e1gio\" class=\"wpr-anim-timing-ease-default\"><\/div><div class=\"wpr-grid-media-hover wpr-animation-wrap\"><div class=\"wpr-grid-media-hover-bg  wpr-overlay-fade-in wpr-anim-size-large wpr-anim-timing-ease-default wpr-anim-transparency\" data-url=\"https:\/\/utfpr.curitiba.br\/daqbi\/viii-simposio-de-graduacao-e-pos-graduacao-do-daqbi-realizou-palestras-minicursos-e-feira-de-estagio\/\"><\/div><\/div><\/div><div class=\"wpr-grid-item-below-content elementor-clearfix\"><div class=\"wpr-grid-item-excerpt elementor-repeater-item-5241605 wpr-grid-item-display-block wpr-grid-item-align-left\"><div class=\"inner-block\"><p>Evento realizado na sede Ecoville reuniu tend\u00eancias de pesquisa e de mercado<\/p><\/div><\/div><div class=\"wpr-grid-item-read-more elementor-repeater-item-dc1027d wpr-grid-item-display-block wpr-grid-item-align-left\"><div class=\"inner-block\"><a target=\"_self\" href=\"https:\/\/utfpr.curitiba.br\/daqbi\/viii-simposio-de-graduacao-e-pos-graduacao-do-daqbi-realizou-palestras-minicursos-e-feira-de-estagio\/\" class=\"wpr-button-effect wpr-button-none\"><span class=\"wpr-grid-extra-icon-left\"><i aria-hidden=\"true\" class=\"fas fa-external-link-alt\"><\/i><\/span><span>Leia mais<\/span><\/a><\/div><\/div><\/div><\/div><\/article><article class=\"wpr-grid-item elementor-clearfix post-5731 post type-post status-publish format-standard has-post-thumbnail hentry category-noticias-da-utfpr-pt\"><div class=\"wpr-grid-item-inner\"><div class=\"wpr-grid-item-above-content elementor-clearfix\"><h2 class=\"wpr-grid-item-title elementor-repeater-item-04b0433 wpr-grid-item-display-block wpr-grid-item-align-left wpr-pointer-none wpr-pointer-line-fx wpr-pointer-fx-fade\"><div class=\"inner-block\"><a target=\"_self\"  href=\"https:\/\/utfpr.curitiba.br\/daqbi\/utfpr-esta-entre-as-melhores-universidades-da-america-latina-no-qs-ranking-2026\/\">UTFPR est\u00e1 entre as melhores universidades da Am\u00e9rica Latina no QS Ranking 2026<\/a><\/div><\/h2><div class=\"wpr-grid-item-category elementor-repeater-item-66ca227 wpr-grid-item-display-block wpr-grid-item-align-left wpr-pointer-none wpr-pointer-line-fx wpr-pointer-fx-fade wpr-grid-tax-style-1\"><div class=\"inner-block\"><a class=\" wpr-tax-id-68\" href=\"https:\/\/utfpr.curitiba.br\/daqbi\/category\/noticias-da-utfpr-pt\/\">Noticias da UTFPR<\/a><\/div><\/div><\/div><div class=\"wpr-grid-media-wrap wpr-effect-size-medium \" data-overlay-link=\"yes\"><div class=\"wpr-grid-image-wrap\" data-src=\"https:\/\/utfpr-ct-static-content.s3.amazonaws.com\/utfpr.curitiba.br\/wp-content\/uploads\/sites\/149\/elementor\/thumbs\/image-1200-081d8c3a190184ce2c09aad068f792b7-rd0higdlepl0jay6xqj6l4hkv449g8sr4ias6jqmm8.png\" data-img-on-hover=\"\"  data-src-secondary=\"\"><img decoding=\"async\" data-no-lazy=\"1\" src=\"https:\/\/utfpr-ct-static-content.s3.amazonaws.com\/utfpr.curitiba.br\/wp-content\/uploads\/sites\/149\/elementor\/thumbs\/image-1200-081d8c3a190184ce2c09aad068f792b7-rd0higdlepl0jay6xqj6l4hkv449g8sr4ias6jqmm8.png\" alt=\"UTFPR est\u00e1 entre as melhores universidades da Am\u00e9rica Latina no QS Ranking 2026\" class=\"wpr-anim-timing-ease-default\"><\/div><div class=\"wpr-grid-media-hover wpr-animation-wrap\"><div class=\"wpr-grid-media-hover-bg  wpr-overlay-fade-in wpr-anim-size-large wpr-anim-timing-ease-default wpr-anim-transparency\" data-url=\"https:\/\/utfpr.curitiba.br\/daqbi\/utfpr-esta-entre-as-melhores-universidades-da-america-latina-no-qs-ranking-2026\/\"><\/div><\/div><\/div><div class=\"wpr-grid-item-below-content elementor-clearfix\"><div class=\"wpr-grid-item-excerpt elementor-repeater-item-5241605 wpr-grid-item-display-block wpr-grid-item-align-left\"><div class=\"inner-block\"><p>Institui\u00e7\u00e3o \u00e9 a 34\u00aa no Brasil e 101\u00aa na Am\u00e9rica do Sul e 122\u00aa no continente<\/p><\/div><\/div><div class=\"wpr-grid-item-read-more elementor-repeater-item-dc1027d wpr-grid-item-display-block wpr-grid-item-align-left\"><div class=\"inner-block\"><a target=\"_self\" href=\"https:\/\/utfpr.curitiba.br\/daqbi\/utfpr-esta-entre-as-melhores-universidades-da-america-latina-no-qs-ranking-2026\/\" class=\"wpr-button-effect wpr-button-none\"><span class=\"wpr-grid-extra-icon-left\"><i aria-hidden=\"true\" class=\"fas fa-external-link-alt\"><\/i><\/span><span>Leia mais<\/span><\/a><\/div><\/div><\/div><\/div><\/article><article class=\"wpr-grid-item elementor-clearfix post-5478 post type-post status-publish format-standard hentry category-noticias-da-utfpr-pt category-sem-categoria-pt\"><div class=\"wpr-grid-item-inner\"><div class=\"wpr-grid-item-above-content elementor-clearfix\"><h2 class=\"wpr-grid-item-title elementor-repeater-item-04b0433 wpr-grid-item-display-block wpr-grid-item-align-left wpr-pointer-none wpr-pointer-line-fx wpr-pointer-fx-fade\"><div class=\"inner-block\"><a target=\"_self\"  href=\"https:\/\/utfpr.curitiba.br\/daqbi\/disponibilizada-a-nota-da-redacao-do-vestibular-de-verao\/\">Disponibilizada a nota da Reda\u00e7\u00e3o do Vestibular de Ver\u00e3o<\/a><\/div><\/h2><div class=\"wpr-grid-item-category elementor-repeater-item-66ca227 wpr-grid-item-display-block wpr-grid-item-align-left wpr-pointer-none wpr-pointer-line-fx wpr-pointer-fx-fade wpr-grid-tax-style-1\"><div class=\"inner-block\"><a class=\" wpr-tax-id-68\" href=\"https:\/\/utfpr.curitiba.br\/daqbi\/category\/noticias-da-utfpr-pt\/\">Noticias da UTFPR<span class=\"tax-sep\">, <\/span><\/a><a class=\" wpr-tax-id-52\" href=\"https:\/\/utfpr.curitiba.br\/daqbi\/category\/sem-categoria-pt\/\">Sem categoria<\/a><\/div><\/div><\/div><div class=\"wpr-grid-item-below-content elementor-clearfix\"><div class=\"wpr-grid-item-excerpt elementor-repeater-item-5241605 wpr-grid-item-display-block wpr-grid-item-align-left\"><div class=\"inner-block\"><p>Resultado do seletivo deve ser divulgado no dia 16 de janeiro de 2024<\/p><\/div><\/div><div class=\"wpr-grid-item-read-more elementor-repeater-item-dc1027d wpr-grid-item-display-block wpr-grid-item-align-left\"><div class=\"inner-block\"><a target=\"_self\" href=\"https:\/\/utfpr.curitiba.br\/daqbi\/disponibilizada-a-nota-da-redacao-do-vestibular-de-verao\/\" class=\"wpr-button-effect wpr-button-none\"><span class=\"wpr-grid-extra-icon-left\"><i aria-hidden=\"true\" class=\"fas fa-external-link-alt\"><\/i><\/span><span>Leia mais<\/span><\/a><\/div><\/div><\/div><\/div><\/article><article class=\"wpr-grid-item elementor-clearfix post-5477 post type-post status-publish format-standard hentry category-noticias-da-utfpr-pt category-sem-categoria-pt\"><div class=\"wpr-grid-item-inner\"><div class=\"wpr-grid-item-above-content elementor-clearfix\"><h2 class=\"wpr-grid-item-title elementor-repeater-item-04b0433 wpr-grid-item-display-block wpr-grid-item-align-left wpr-pointer-none wpr-pointer-line-fx wpr-pointer-fx-fade\"><div class=\"inner-block\"><a target=\"_self\"  href=\"https:\/\/utfpr.curitiba.br\/daqbi\/artigo-do-grupo-gyro-ganha-melhor-trabalho-de-congresso-3\/\">Artigo do grupo Gyro ganha melhor trabalho de Congresso<\/a><\/div><\/h2><div class=\"wpr-grid-item-category elementor-repeater-item-66ca227 wpr-grid-item-display-block wpr-grid-item-align-left wpr-pointer-none wpr-pointer-line-fx wpr-pointer-fx-fade wpr-grid-tax-style-1\"><div class=\"inner-block\"><a class=\" wpr-tax-id-68\" href=\"https:\/\/utfpr.curitiba.br\/daqbi\/category\/noticias-da-utfpr-pt\/\">Noticias da UTFPR<span class=\"tax-sep\">, <\/span><\/a><a class=\" wpr-tax-id-52\" href=\"https:\/\/utfpr.curitiba.br\/daqbi\/category\/sem-categoria-pt\/\">Sem categoria<\/a><\/div><\/div><\/div><div class=\"wpr-grid-item-below-content elementor-clearfix\"><div class=\"wpr-grid-item-excerpt elementor-repeater-item-5241605 wpr-grid-item-display-block wpr-grid-item-align-left\"><div class=\"inner-block\"><p>Pesquisa destaca o potencial dos dados provenientes de pesquisas por amostra de domic\u00edlio para estruturar uma base de dados para...<\/p><\/div><\/div><div class=\"wpr-grid-item-read-more elementor-repeater-item-dc1027d wpr-grid-item-display-block wpr-grid-item-align-left\"><div class=\"inner-block\"><a target=\"_self\" href=\"https:\/\/utfpr.curitiba.br\/daqbi\/artigo-do-grupo-gyro-ganha-melhor-trabalho-de-congresso-3\/\" class=\"wpr-button-effect wpr-button-none\"><span class=\"wpr-grid-extra-icon-left\"><i aria-hidden=\"true\" class=\"fas fa-external-link-alt\"><\/i><\/span><span>Leia mais<\/span><\/a><\/div><\/div><\/div><\/div><\/article><article class=\"wpr-grid-item elementor-clearfix post-5475 post type-post status-publish format-standard hentry category-noticias-da-utfpr-pt category-sem-categoria-pt\"><div class=\"wpr-grid-item-inner\"><div class=\"wpr-grid-item-above-content elementor-clearfix\"><h2 class=\"wpr-grid-item-title elementor-repeater-item-04b0433 wpr-grid-item-display-block wpr-grid-item-align-left wpr-pointer-none wpr-pointer-line-fx wpr-pointer-fx-fade\"><div class=\"inner-block\"><a target=\"_self\"  href=\"https:\/\/utfpr.curitiba.br\/daqbi\/edital-seleciona-tutores-para-curso-de-licenciatura-em-computacao-ead-3\/\">Edital seleciona tutores para curso de Licenciatura em Computa\u00e7\u00e3o EAD<\/a><\/div><\/h2><div class=\"wpr-grid-item-category elementor-repeater-item-66ca227 wpr-grid-item-display-block wpr-grid-item-align-left wpr-pointer-none wpr-pointer-line-fx wpr-pointer-fx-fade wpr-grid-tax-style-1\"><div class=\"inner-block\"><a class=\" wpr-tax-id-68\" href=\"https:\/\/utfpr.curitiba.br\/daqbi\/category\/noticias-da-utfpr-pt\/\">Noticias da UTFPR<span class=\"tax-sep\">, <\/span><\/a><a class=\" wpr-tax-id-52\" href=\"https:\/\/utfpr.curitiba.br\/daqbi\/category\/sem-categoria-pt\/\">Sem categoria<\/a><\/div><\/div><\/div><div class=\"wpr-grid-item-below-content elementor-clearfix\"><div class=\"wpr-grid-item-excerpt elementor-repeater-item-5241605 wpr-grid-item-display-block wpr-grid-item-align-left\"><div class=\"inner-block\"><p>Profissionais s\u00e3o para o Campus Ponta Grossa e outros polos UAB<\/p><\/div><\/div><div class=\"wpr-grid-item-read-more elementor-repeater-item-dc1027d wpr-grid-item-display-block wpr-grid-item-align-left\"><div class=\"inner-block\"><a target=\"_self\" href=\"https:\/\/utfpr.curitiba.br\/daqbi\/edital-seleciona-tutores-para-curso-de-licenciatura-em-computacao-ead-3\/\" class=\"wpr-button-effect wpr-button-none\"><span class=\"wpr-grid-extra-icon-left\"><i aria-hidden=\"true\" class=\"fas fa-external-link-alt\"><\/i><\/span><span>Leia mais<\/span><\/a><\/div><\/div><\/div><\/div><\/article><\/section><div class=\"wpr-grid-pagination elementor-clearfix wpr-grid-pagination-load-more\" data-pages=\"12\"><a href=\"https:\/\/utfpr.curitiba.br\/daqbi\/wp-json\/wp\/v2\/pages\/11\/page\/2\/\" class=\"wpr-load-more-btn\" data-e-disable-page-transition >Carregar mais<\/a><div class=\"wpr-pagination-loading\"><div class=\"wpr-double-bounce\"><div class=\"wpr-child wpr-double-bounce1\"><\/div><div class=\"wpr-child wpr-double-bounce2\"><\/div><\/div><\/div><p class=\"wpr-pagination-finish\">Acabou por aqui<\/p><\/div>\t\t\t\t<\/div>\n\t\t\t\t<\/div>\n\t\t\t\t\t<\/div>\n\t\t<\/div>\n\t\t\t\t\t<\/div>\n\t\t<\/section>\n\t\t\t\t<\/div>\n\t\t","protected":false},"excerpt":{"rendered":"<p>Todas Cursos Departamento Extens\u00e3o Licenciatura Noticias da UTFPR Sem categoria Projeto MENINAS NAS CI\u00caNCIAS ganha Pr\u00eamio Melhores Projetos de Extens\u00e3o Universit\u00e1ria 2023 Extens\u00e3o Veja o artigo publicado na edi\u00e7\u00e3o especial Pr\u00eamio Melhores Projetos de Extens\u00e3o Universit\u00e1ria 2023 da Revista T\u00e9cnico-Cient\u00edfica CREA-PR Leia mais MEC lan\u00e7a curso de Tecnologias Digitais 100% EAD e com 180 horas Cursos, Licenciatura Curso \u00e9 oferecido pela Plataforma AVAMEC; Inscri\u00e7\u00f5es gratuitas e abertas Leia mais Nota Andifes: or\u00e7amento das universidades federais em 2024 Noticias da UTFPR, Sem categoria Posi\u00e7\u00e3o dos dirigentes das universidades federais sobre os recursos previstos para o pr\u00f3ximo anoRead More\u00a0 Leia mais UTFPR oferece mais de 600 vagas no mestrado e no doutorado Noticias da UTFPR, Sem categoria Cursos s\u00e3o ofertados gratuitamente pela UniversidadeRead More\u00a0 Leia mais Cogep aprova pol\u00edticas de ingresso na gradua\u00e7\u00e3o de grupos vulner\u00e1veis Noticias da UTFPR, Sem categoria Propostas ainda ser\u00e3o apreciadas pelo Conselho Universit\u00e1rio em 2024Read More\u00a0 Leia mais Professor da UTFPR ter\u00e1 romance adaptado para o audiovisual Noticias da UTFPR, Sem categoria O longa \u201cMeu av\u00f4 \u00e9 um nihonjin\u201d \u00e9 baseado no romance \u201cNihonjin\u201d, de Oscar NakasatoRead More\u00a0 Leia mais Artigo do grupo Gyro ganha melhor trabalho de Congresso Noticias da UTFPR, Sem categoria Pesquisa destaca o potencial dos dados provenientes de pesquisas por amostra de domic\u00edlio para estruturar uma base de dados para&hellip; Leia mais Couni aprova regulamento para elei\u00e7\u00e3o para reitor Noticias da UTFPR, Sem categoria Tamb\u00e9m foi aprovada a normativa para heteroidentifica\u00e7\u00e3o em processos seletivosRead More\u00a0 Leia mais Edital seleciona tutores para curso de Licenciatura em Computa\u00e7\u00e3o EAD Noticias da UTFPR, Sem categoria Profissionais s\u00e3o para o Campus Ponta Grossa e outros polos UABRead More\u00a0 Leia mais Carregar mais Acabou por aqui<\/p>\n","protected":false},"author":157,"featured_media":0,"parent":0,"menu_order":0,"comment_status":"closed","ping_status":"closed","template":"","meta":{"site-sidebar-layout":"default","site-content-layout":"","ast-site-content-layout":"default","site-content-style":"default","site-sidebar-style":"default","ast-global-header-display":"","ast-banner-title-visibility":"","ast-main-header-display":"","ast-hfb-above-header-display":"","ast-hfb-below-header-display":"","ast-hfb-mobile-header-display":"","site-post-title":"disabled","ast-breadcrumbs-content":"","ast-featured-img":"","footer-sml-layout":"","ast-disable-related-posts":"","theme-transparent-header-meta":"","adv-header-id-meta":"","stick-header-meta":"","header-above-stick-meta":"","header-main-stick-meta":"","header-below-stick-meta":"","astra-migrate-meta-layouts":"default","ast-page-background-enabled":"default","ast-page-background-meta":{"desktop":{"background-color":"var(--ast-global-color-4)","background-image":"","background-repeat":"repeat","background-position":"center center","background-size":"auto","background-attachment":"scroll","background-type":"","background-media":"","overlay-type":"","overlay-color":"","overlay-opacity":"","overlay-gradient":""},"tablet":{"background-color":"","background-image":"","background-repeat":"repeat","background-position":"center center","background-size":"auto","background-attachment":"scroll","background-type":"","background-media":"","overlay-type":"","overlay-color":"","overlay-opacity":"","overlay-gradient":""},"mobile":{"background-color":"","background-image":"","background-repeat":"repeat","background-position":"center center","background-size":"auto","background-attachment":"scroll","background-type":"","background-media":"","overlay-type":"","overlay-color":"","overlay-opacity":"","overlay-gradient":""}},"ast-content-background-meta":{"desktop":{"background-color":"var(--ast-global-color-5)","background-image":"","background-repeat":"repeat","background-position":"center center","background-size":"auto","background-attachment":"scroll","background-type":"","background-media":"","overlay-type":"","overlay-color":"","overlay-opacity":"","overlay-gradient":""},"tablet":{"background-color":"var(--ast-global-color-5)","background-image":"","background-repeat":"repeat","background-position":"center center","background-size":"auto","background-attachment":"scroll","background-type":"","background-media":"","overlay-type":"","overlay-color":"","overlay-opacity":"","overlay-gradient":""},"mobile":{"background-color":"var(--ast-global-color-5)","background-image":"","background-repeat":"repeat","background-position":"center center","background-size":"auto","background-attachment":"scroll","background-type":"","background-media":"","overlay-type":"","overlay-color":"","overlay-opacity":"","overlay-gradient":""}},"footnotes":""},"class_list":["post-11","page","type-page","status-publish","hentry"],"yoast_head":"<!-- This site is optimized with the Yoast SEO plugin v27.4 - https:\/\/yoast.com\/product\/yoast-seo-wordpress\/ -->\n<title>Not\u00edcias - DAQBi<\/title>\n<meta name=\"robots\" content=\"index, follow, max-snippet:-1, max-image-preview:large, max-video-preview:-1\" \/>\n<link rel=\"canonical\" href=\"https:\/\/utfpr.curitiba.br\/daqbi\/noticias-2\/\" \/>\n<meta property=\"og:locale\" content=\"pt_BR\" \/>\n<meta property=\"og:type\" content=\"article\" \/>\n<meta property=\"og:title\" content=\"Not\u00edcias - DAQBi\" \/>\n<meta property=\"og:description\" content=\"Todas Cursos Departamento Extens\u00e3o Licenciatura Noticias da UTFPR Sem categoria Projeto MENINAS NAS CI\u00caNCIAS ganha Pr\u00eamio Melhores Projetos de Extens\u00e3o Universit\u00e1ria 2023 Extens\u00e3o Veja o artigo publicado na edi\u00e7\u00e3o especial Pr\u00eamio Melhores Projetos de Extens\u00e3o Universit\u00e1ria 2023 da Revista T\u00e9cnico-Cient\u00edfica CREA-PR Leia mais MEC lan\u00e7a curso de Tecnologias Digitais 100% EAD e com 180 horas Cursos, Licenciatura Curso \u00e9 oferecido pela Plataforma AVAMEC; Inscri\u00e7\u00f5es gratuitas e abertas Leia mais Nota Andifes: or\u00e7amento das universidades federais em 2024 Noticias da UTFPR, Sem categoria Posi\u00e7\u00e3o dos dirigentes das universidades federais sobre os recursos previstos para o pr\u00f3ximo anoRead More\u00a0 Leia mais UTFPR oferece mais de 600 vagas no mestrado e no doutorado Noticias da UTFPR, Sem categoria Cursos s\u00e3o ofertados gratuitamente pela UniversidadeRead More\u00a0 Leia mais Cogep aprova pol\u00edticas de ingresso na gradua\u00e7\u00e3o de grupos vulner\u00e1veis Noticias da UTFPR, Sem categoria Propostas ainda ser\u00e3o apreciadas pelo Conselho Universit\u00e1rio em 2024Read More\u00a0 Leia mais Professor da UTFPR ter\u00e1 romance adaptado para o audiovisual Noticias da UTFPR, Sem categoria O longa \u201cMeu av\u00f4 \u00e9 um nihonjin\u201d \u00e9 baseado no romance \u201cNihonjin\u201d, de Oscar NakasatoRead More\u00a0 Leia mais Artigo do grupo Gyro ganha melhor trabalho de Congresso Noticias da UTFPR, Sem categoria Pesquisa destaca o potencial dos dados provenientes de pesquisas por amostra de domic\u00edlio para estruturar uma base de dados para&hellip; Leia mais Couni aprova regulamento para elei\u00e7\u00e3o para reitor Noticias da UTFPR, Sem categoria Tamb\u00e9m foi aprovada a normativa para heteroidentifica\u00e7\u00e3o em processos seletivosRead More\u00a0 Leia mais Edital seleciona tutores para curso de Licenciatura em Computa\u00e7\u00e3o EAD Noticias da UTFPR, Sem categoria Profissionais s\u00e3o para o Campus Ponta Grossa e outros polos UABRead More\u00a0 Leia mais Carregar mais Acabou por aqui\" \/>\n<meta property=\"og:url\" content=\"https:\/\/utfpr.curitiba.br\/daqbi\/noticias-2\/\" \/>\n<meta property=\"og:site_name\" content=\"DAQBi\" \/>\n<meta property=\"article:modified_time\" content=\"2023-12-28T16:21:51+00:00\" \/>\n<meta property=\"og:image\" content=\"https:\/\/utfpr-ct-static-content.s3.amazonaws.com\/utfpr.curitiba.br\/wp-content\/uploads\/sites\/149\/elementor\/thumbs\/cover_issue_36_pt_BR-e1703779357118-qhhf0h3g8d263h4dmafs1go8c287eechv49z1k7i80.jpg\" \/>\n<meta name=\"twitter:card\" content=\"summary_large_image\" \/>\n<meta name=\"twitter:label1\" content=\"Est. reading time\" \/>\n\t<meta name=\"twitter:data1\" content=\"1 minuto\" \/>\n<script type=\"application\/ld+json\" class=\"yoast-schema-graph\">{\"@context\":\"https:\\\/\\\/schema.org\",\"@graph\":[{\"@type\":\"WebPage\",\"@id\":\"https:\\\/\\\/utfpr.curitiba.br\\\/daqbi\\\/noticias-2\\\/\",\"url\":\"https:\\\/\\\/utfpr.curitiba.br\\\/daqbi\\\/noticias-2\\\/\",\"name\":\"Not\u00edcias - DAQBi\",\"isPartOf\":{\"@id\":\"https:\\\/\\\/utfpr.curitiba.br\\\/daqbi\\\/#website\"},\"primaryImageOfPage\":{\"@id\":\"https:\\\/\\\/utfpr.curitiba.br\\\/daqbi\\\/noticias-2\\\/#primaryimage\"},\"image\":{\"@id\":\"https:\\\/\\\/utfpr.curitiba.br\\\/daqbi\\\/noticias-2\\\/#primaryimage\"},\"thumbnailUrl\":\"https:\\\/\\\/utfpr-ct-static-content.s3.amazonaws.com\\\/utfpr.curitiba.br\\\/wp-content\\\/uploads\\\/sites\\\/149\\\/elementor\\\/thumbs\\\/cover_issue_36_pt_BR-e1703779357118-qhhf0h3g8d263h4dmafs1go8c287eechv49z1k7i80.jpg\",\"datePublished\":\"2023-02-03T13:55:40+00:00\",\"dateModified\":\"2023-12-28T16:21:51+00:00\",\"breadcrumb\":{\"@id\":\"https:\\\/\\\/utfpr.curitiba.br\\\/daqbi\\\/noticias-2\\\/#breadcrumb\"},\"inLanguage\":\"pt-BR\",\"potentialAction\":[{\"@type\":\"ReadAction\",\"target\":[\"https:\\\/\\\/utfpr.curitiba.br\\\/daqbi\\\/noticias-2\\\/\"]}]},{\"@type\":\"ImageObject\",\"inLanguage\":\"pt-BR\",\"@id\":\"https:\\\/\\\/utfpr.curitiba.br\\\/daqbi\\\/noticias-2\\\/#primaryimage\",\"url\":\"https:\\\/\\\/utfpr-ct-static-content.s3.amazonaws.com\\\/utfpr.curitiba.br\\\/wp-content\\\/uploads\\\/sites\\\/149\\\/elementor\\\/thumbs\\\/cover_issue_36_pt_BR-e1703779357118-qhhf0h3g8d263h4dmafs1go8c287eechv49z1k7i80.jpg\",\"contentUrl\":\"https:\\\/\\\/utfpr-ct-static-content.s3.amazonaws.com\\\/utfpr.curitiba.br\\\/wp-content\\\/uploads\\\/sites\\\/149\\\/elementor\\\/thumbs\\\/cover_issue_36_pt_BR-e1703779357118-qhhf0h3g8d263h4dmafs1go8c287eechv49z1k7i80.jpg\"},{\"@type\":\"BreadcrumbList\",\"@id\":\"https:\\\/\\\/utfpr.curitiba.br\\\/daqbi\\\/noticias-2\\\/#breadcrumb\",\"itemListElement\":[{\"@type\":\"ListItem\",\"position\":1,\"name\":\"Home\",\"item\":\"https:\\\/\\\/utfpr.curitiba.br\\\/daqbi\\\/\"},{\"@type\":\"ListItem\",\"position\":2,\"name\":\"Not\u00edcias\"}]},{\"@type\":\"WebSite\",\"@id\":\"https:\\\/\\\/utfpr.curitiba.br\\\/daqbi\\\/#website\",\"url\":\"https:\\\/\\\/utfpr.curitiba.br\\\/daqbi\\\/\",\"name\":\"DAQBi\",\"description\":\"Departamento Acad\u00eamico de Qu\u00edmica e Biologia - UTFPR Campus Curitiba\",\"publisher\":{\"@id\":\"https:\\\/\\\/utfpr.curitiba.br\\\/daqbi\\\/#organization\"},\"alternateName\":\"Daqbi Curitiba - UTFPR\",\"potentialAction\":[{\"@type\":\"SearchAction\",\"target\":{\"@type\":\"EntryPoint\",\"urlTemplate\":\"https:\\\/\\\/utfpr.curitiba.br\\\/daqbi\\\/?s={search_term_string}\"},\"query-input\":{\"@type\":\"PropertyValueSpecification\",\"valueRequired\":true,\"valueName\":\"search_term_string\"}}],\"inLanguage\":\"pt-BR\"},{\"@type\":\"Organization\",\"@id\":\"https:\\\/\\\/utfpr.curitiba.br\\\/daqbi\\\/#organization\",\"name\":\"Departamento Acad\u00eamico de Qu\u00edmica e Biologia UTFPR Curitiba\",\"alternateName\":\"DAQBI curitiba - Universidade Tecnol\u00f3gica Federal do Paran\u00e1\",\"url\":\"https:\\\/\\\/utfpr.curitiba.br\\\/daqbi\\\/\",\"logo\":{\"@type\":\"ImageObject\",\"inLanguage\":\"pt-BR\",\"@id\":\"https:\\\/\\\/utfpr.curitiba.br\\\/daqbi\\\/#\\\/schema\\\/logo\\\/image\\\/\",\"url\":\"https:\\\/\\\/utfpr-ct-static-content.s3.amazonaws.com\\\/utfpr.curitiba.br\\\/wp-content\\\/uploads\\\/sites\\\/149\\\/2023\\\/04\\\/daqbi_curto.png\",\"contentUrl\":\"https:\\\/\\\/utfpr-ct-static-content.s3.amazonaws.com\\\/utfpr.curitiba.br\\\/wp-content\\\/uploads\\\/sites\\\/149\\\/2023\\\/04\\\/daqbi_curto.png\",\"width\":600,\"height\":261,\"caption\":\"Departamento Acad\u00eamico de Qu\u00edmica e Biologia UTFPR Curitiba\"},\"image\":{\"@id\":\"https:\\\/\\\/utfpr.curitiba.br\\\/daqbi\\\/#\\\/schema\\\/logo\\\/image\\\/\"}}]}<\/script>\n<!-- \/ Yoast SEO plugin. -->","yoast_head_json":{"title":"Not\u00edcias - DAQBi","robots":{"index":"index","follow":"follow","max-snippet":"max-snippet:-1","max-image-preview":"max-image-preview:large","max-video-preview":"max-video-preview:-1"},"canonical":"https:\/\/utfpr.curitiba.br\/daqbi\/noticias-2\/","og_locale":"pt_BR","og_type":"article","og_title":"Not\u00edcias - DAQBi","og_description":"Todas Cursos Departamento Extens\u00e3o Licenciatura Noticias da UTFPR Sem categoria Projeto MENINAS NAS CI\u00caNCIAS ganha Pr\u00eamio Melhores Projetos de Extens\u00e3o Universit\u00e1ria 2023 Extens\u00e3o Veja o artigo publicado na edi\u00e7\u00e3o especial Pr\u00eamio Melhores Projetos de Extens\u00e3o Universit\u00e1ria 2023 da Revista T\u00e9cnico-Cient\u00edfica CREA-PR Leia mais MEC lan\u00e7a curso de Tecnologias Digitais 100% EAD e com 180 horas Cursos, Licenciatura Curso \u00e9 oferecido pela Plataforma AVAMEC; Inscri\u00e7\u00f5es gratuitas e abertas Leia mais Nota Andifes: or\u00e7amento das universidades federais em 2024 Noticias da UTFPR, Sem categoria Posi\u00e7\u00e3o dos dirigentes das universidades federais sobre os recursos previstos para o pr\u00f3ximo anoRead More\u00a0 Leia mais UTFPR oferece mais de 600 vagas no mestrado e no doutorado Noticias da UTFPR, Sem categoria Cursos s\u00e3o ofertados gratuitamente pela UniversidadeRead More\u00a0 Leia mais Cogep aprova pol\u00edticas de ingresso na gradua\u00e7\u00e3o de grupos vulner\u00e1veis Noticias da UTFPR, Sem categoria Propostas ainda ser\u00e3o apreciadas pelo Conselho Universit\u00e1rio em 2024Read More\u00a0 Leia mais Professor da UTFPR ter\u00e1 romance adaptado para o audiovisual Noticias da UTFPR, Sem categoria O longa \u201cMeu av\u00f4 \u00e9 um nihonjin\u201d \u00e9 baseado no romance \u201cNihonjin\u201d, de Oscar NakasatoRead More\u00a0 Leia mais Artigo do grupo Gyro ganha melhor trabalho de Congresso Noticias da UTFPR, Sem categoria Pesquisa destaca o potencial dos dados provenientes de pesquisas por amostra de domic\u00edlio para estruturar uma base de dados para&hellip; Leia mais Couni aprova regulamento para elei\u00e7\u00e3o para reitor Noticias da UTFPR, Sem categoria Tamb\u00e9m foi aprovada a normativa para heteroidentifica\u00e7\u00e3o em processos seletivosRead More\u00a0 Leia mais Edital seleciona tutores para curso de Licenciatura em Computa\u00e7\u00e3o EAD Noticias da UTFPR, Sem categoria Profissionais s\u00e3o para o Campus Ponta Grossa e outros polos UABRead More\u00a0 Leia mais Carregar mais Acabou por aqui","og_url":"https:\/\/utfpr.curitiba.br\/daqbi\/noticias-2\/","og_site_name":"DAQBi","article_modified_time":"2023-12-28T16:21:51+00:00","og_image":[{"url":"https:\/\/utfpr-ct-static-content.s3.amazonaws.com\/utfpr.curitiba.br\/wp-content\/uploads\/sites\/149\/elementor\/thumbs\/cover_issue_36_pt_BR-e1703779357118-qhhf0h3g8d263h4dmafs1go8c287eechv49z1k7i80.jpg","type":"","width":"","height":""}],"twitter_card":"summary_large_image","twitter_misc":{"Est. reading time":"1 minuto"},"schema":{"@context":"https:\/\/schema.org","@graph":[{"@type":"WebPage","@id":"https:\/\/utfpr.curitiba.br\/daqbi\/noticias-2\/","url":"https:\/\/utfpr.curitiba.br\/daqbi\/noticias-2\/","name":"Not\u00edcias - DAQBi","isPartOf":{"@id":"https:\/\/utfpr.curitiba.br\/daqbi\/#website"},"primaryImageOfPage":{"@id":"https:\/\/utfpr.curitiba.br\/daqbi\/noticias-2\/#primaryimage"},"image":{"@id":"https:\/\/utfpr.curitiba.br\/daqbi\/noticias-2\/#primaryimage"},"thumbnailUrl":"https:\/\/utfpr-ct-static-content.s3.amazonaws.com\/utfpr.curitiba.br\/wp-content\/uploads\/sites\/149\/elementor\/thumbs\/cover_issue_36_pt_BR-e1703779357118-qhhf0h3g8d263h4dmafs1go8c287eechv49z1k7i80.jpg","datePublished":"2023-02-03T13:55:40+00:00","dateModified":"2023-12-28T16:21:51+00:00","breadcrumb":{"@id":"https:\/\/utfpr.curitiba.br\/daqbi\/noticias-2\/#breadcrumb"},"inLanguage":"pt-BR","potentialAction":[{"@type":"ReadAction","target":["https:\/\/utfpr.curitiba.br\/daqbi\/noticias-2\/"]}]},{"@type":"ImageObject","inLanguage":"pt-BR","@id":"https:\/\/utfpr.curitiba.br\/daqbi\/noticias-2\/#primaryimage","url":"https:\/\/utfpr-ct-static-content.s3.amazonaws.com\/utfpr.curitiba.br\/wp-content\/uploads\/sites\/149\/elementor\/thumbs\/cover_issue_36_pt_BR-e1703779357118-qhhf0h3g8d263h4dmafs1go8c287eechv49z1k7i80.jpg","contentUrl":"https:\/\/utfpr-ct-static-content.s3.amazonaws.com\/utfpr.curitiba.br\/wp-content\/uploads\/sites\/149\/elementor\/thumbs\/cover_issue_36_pt_BR-e1703779357118-qhhf0h3g8d263h4dmafs1go8c287eechv49z1k7i80.jpg"},{"@type":"BreadcrumbList","@id":"https:\/\/utfpr.curitiba.br\/daqbi\/noticias-2\/#breadcrumb","itemListElement":[{"@type":"ListItem","position":1,"name":"Home","item":"https:\/\/utfpr.curitiba.br\/daqbi\/"},{"@type":"ListItem","position":2,"name":"Not\u00edcias"}]},{"@type":"WebSite","@id":"https:\/\/utfpr.curitiba.br\/daqbi\/#website","url":"https:\/\/utfpr.curitiba.br\/daqbi\/","name":"DAQBi","description":"Departamento Acad\u00eamico de Qu\u00edmica e Biologia - UTFPR Campus Curitiba","publisher":{"@id":"https:\/\/utfpr.curitiba.br\/daqbi\/#organization"},"alternateName":"Daqbi Curitiba - UTFPR","potentialAction":[{"@type":"SearchAction","target":{"@type":"EntryPoint","urlTemplate":"https:\/\/utfpr.curitiba.br\/daqbi\/?s={search_term_string}"},"query-input":{"@type":"PropertyValueSpecification","valueRequired":true,"valueName":"search_term_string"}}],"inLanguage":"pt-BR"},{"@type":"Organization","@id":"https:\/\/utfpr.curitiba.br\/daqbi\/#organization","name":"Departamento Acad\u00eamico de Qu\u00edmica e Biologia UTFPR Curitiba","alternateName":"DAQBI curitiba - Universidade Tecnol\u00f3gica Federal do Paran\u00e1","url":"https:\/\/utfpr.curitiba.br\/daqbi\/","logo":{"@type":"ImageObject","inLanguage":"pt-BR","@id":"https:\/\/utfpr.curitiba.br\/daqbi\/#\/schema\/logo\/image\/","url":"https:\/\/utfpr-ct-static-content.s3.amazonaws.com\/utfpr.curitiba.br\/wp-content\/uploads\/sites\/149\/2023\/04\/daqbi_curto.png","contentUrl":"https:\/\/utfpr-ct-static-content.s3.amazonaws.com\/utfpr.curitiba.br\/wp-content\/uploads\/sites\/149\/2023\/04\/daqbi_curto.png","width":600,"height":261,"caption":"Departamento Acad\u00eamico de Qu\u00edmica e Biologia UTFPR Curitiba"},"image":{"@id":"https:\/\/utfpr.curitiba.br\/daqbi\/#\/schema\/logo\/image\/"}}]}},"_links":{"self":[{"href":"https:\/\/utfpr.curitiba.br\/daqbi\/wp-json\/wp\/v2\/pages\/11","targetHints":{"allow":["GET"]}}],"collection":[{"href":"https:\/\/utfpr.curitiba.br\/daqbi\/wp-json\/wp\/v2\/pages"}],"about":[{"href":"https:\/\/utfpr.curitiba.br\/daqbi\/wp-json\/wp\/v2\/types\/page"}],"author":[{"embeddable":true,"href":"https:\/\/utfpr.curitiba.br\/daqbi\/wp-json\/wp\/v2\/users\/157"}],"replies":[{"embeddable":true,"href":"https:\/\/utfpr.curitiba.br\/daqbi\/wp-json\/wp\/v2\/comments?post=11"}],"version-history":[{"count":35,"href":"https:\/\/utfpr.curitiba.br\/daqbi\/wp-json\/wp\/v2\/pages\/11\/revisions"}],"predecessor-version":[{"id":5479,"href":"https:\/\/utfpr.curitiba.br\/daqbi\/wp-json\/wp\/v2\/pages\/11\/revisions\/5479"}],"wp:attachment":[{"href":"https:\/\/utfpr.curitiba.br\/daqbi\/wp-json\/wp\/v2\/media?parent=11"}],"curies":[{"name":"wp","href":"https:\/\/api.w.org\/{rel}","templated":true}]}}