{"id":5705,"date":"2026-03-06T16:36:18","date_gmt":"2026-03-06T19:36:18","guid":{"rendered":"https:\/\/utfpr.curitiba.br\/damec\/?page_id=5705"},"modified":"2026-03-09T12:55:31","modified_gmt":"2026-03-09T15:55:31","slug":"empresa-2","status":"publish","type":"page","link":"https:\/\/utfpr.curitiba.br\/damec\/?page_id=5705","title":{"rendered":"Empresa"},"content":{"rendered":"\t\t<div data-elementor-type=\"wp-page\" data-elementor-id=\"5705\" class=\"elementor elementor-5705\">\n\t\t\t\t\t\t<section class=\"elementor-section elementor-top-section elementor-element elementor-element-7b1bbd2 elementor-section-boxed elementor-section-height-default elementor-section-height-default\" data-id=\"7b1bbd2\" data-element_type=\"section\" data-e-type=\"section\">\n\t\t\t\t\t\t<div class=\"elementor-container elementor-column-gap-default\">\n\t\t\t\t\t<div class=\"elementor-column elementor-col-100 elementor-top-column elementor-element elementor-element-a892289\" data-id=\"a892289\" data-element_type=\"column\" data-e-type=\"column\">\n\t\t\t<div class=\"elementor-widget-wrap elementor-element-populated\">\n\t\t\t\t\t\t<div class=\"elementor-element elementor-element-fd2f557 elementor-widget elementor-widget-hfe-breadcrumbs-widget\" data-id=\"fd2f557\" data-element_type=\"widget\" data-e-type=\"widget\" data-widget_type=\"hfe-breadcrumbs-widget.default\">\n\t\t\t\t<div class=\"elementor-widget-container\">\n\t\t\t\t\t<nav aria-label=\"Breadcrumb\"><ul class=\"hfe-breadcrumbs hfe-breadcrumbs-show-home\"><li class=\"hfe-breadcrumbs-item hfe-breadcrumbs-first\"><span class=\"hfe-breadcrumbs-home-icon\"><i aria-hidden=\"true\" class=\"fas fa-home\"><\/i><\/span><a href=\"https:\/\/utfpr.curitiba.br\/damec\"><span class=\"hfe-breadcrumbs-text\">Home<\/span><\/a><\/li><\/ul><\/nav>\t\t\t\t<\/div>\n\t\t\t\t<\/div>\n\t\t\t\t\t<\/div>\n\t\t<\/div>\n\t\t\t\t\t<\/div>\n\t\t<\/section>\n\t\t\t\t<section class=\"elementor-section elementor-top-section elementor-element elementor-element-929ba11 elementor-section-boxed elementor-section-height-default elementor-section-height-default\" data-id=\"929ba11\" data-element_type=\"section\" data-e-type=\"section\">\n\t\t\t\t\t\t<div class=\"elementor-container elementor-column-gap-default\">\n\t\t\t\t\t<div class=\"elementor-column elementor-col-100 elementor-top-column elementor-element elementor-element-83d4c5e\" data-id=\"83d4c5e\" data-element_type=\"column\" data-e-type=\"column\">\n\t\t\t<div class=\"elementor-widget-wrap elementor-element-populated\">\n\t\t\t\t\t\t<div class=\"elementor-element elementor-element-8019004 elementor-widget elementor-widget-heading\" data-id=\"8019004\" data-element_type=\"widget\" data-e-type=\"widget\" data-widget_type=\"heading.default\">\n\t\t\t\t<div class=\"elementor-widget-container\">\n\t\t\t\t\t<h2 class=\"elementor-heading-title elementor-size-default\"><b>Empresa<\/b><\/h2>\t\t\t\t<\/div>\n\t\t\t\t<\/div>\n\t\t\t\t<div class=\"elementor-element elementor-element-1ee924c elementor-widget elementor-widget-spacer\" data-id=\"1ee924c\" data-element_type=\"widget\" data-e-type=\"widget\" data-widget_type=\"spacer.default\">\n\t\t\t\t<div class=\"elementor-widget-container\">\n\t\t\t\t\t\t\t<div class=\"elementor-spacer\">\n\t\t\t<div class=\"elementor-spacer-inner\"><\/div>\n\t\t<\/div>\n\t\t\t\t\t\t<\/div>\n\t\t\t\t<\/div>\n\t\t\t\t<div class=\"elementor-element elementor-element-57e6127 elementor-widget elementor-widget-text-editor\" data-id=\"57e6127\" data-element_type=\"widget\" data-e-type=\"widget\" data-widget_type=\"text-editor.default\">\n\t\t\t\t<div class=\"elementor-widget-container\">\n\t\t\t\t\t\t\t\t\t<p class=\"CDt4Ke zfr3Q\" dir=\"ltr\"><em><strong>1- O que fazer para cadastrar minha empresa no sistema de est\u00e1gios utfpr?<\/strong><\/em><\/p><p class=\"CDt4Ke zfr3Q\" dir=\"ltr\">R: <strong>Primeiro passo:<\/strong> A empresa, para gerar contratos pela UTFPR, deve estar cadastrada no DIEEM. <span style=\"text-decoration: underline\"><a class=\"XqQF9c\" href=\"https:\/\/www.google.com\/url?q=https%3A%2F%2Festagio.utfpr.edu.br%2F%2F&amp;sa=D&amp;sntz=1&amp;usg=AOvVaw33TCzrbwtN5OPibrQSpAFp\" target=\"_blank\" rel=\"noopener\">https:\/\/estagio.utfpr.edu.br\/\/<\/a><\/span><\/p><p class=\"CDt4Ke zfr3Q\" dir=\"ltr\">Escolha a Cidade Curitiba e fa\u00e7a seu cadastro em Cadastrar empresa. <span style=\"text-decoration: underline\"><a class=\"XqQF9c\" href=\"https:\/\/www.google.com\/url?q=https%3A%2F%2Festagio.utfpr.edu.br%2F%2Fincluir_codigo.php&amp;sa=D&amp;sntz=1&amp;usg=AOvVaw29M4QGNKGS_ck7ydXFJ_lr\" target=\"_blank\" rel=\"noopener\"><em>clique aqui&#8230;<\/em><\/a><\/span><\/p><p class=\"CDt4Ke zfr3Q\" dir=\"ltr\">Escolha damec para o departamento que ir\u00e1 ter mais rela\u00e7\u00f5es com a empresa.<\/p><p class=\"CDt4Ke zfr3Q\" dir=\"ltr\">Avise o PRAE &#8211;<strong>M\u00e1rcio Alves Sodr\u00e9 de Souza\/ Rodrigo Schlischting<\/strong><strong>. <\/strong>(E-mail: <strong>estagioem-ct@utfpr.edu.br)<\/strong> que voc\u00ea est\u00e1 aguardando a libera\u00e7\u00e3o do seu cadastro. E encaminhe para ele o seguinte:<\/p><p class=\"CDt4Ke zfr3Q\" dir=\"ltr\">1-Declara\u00e7\u00e3o Comprobat\u00f3ria de Atividades e Condi\u00e7\u00f5es Gerais de Ambiente de Trabalho <span style=\"text-decoration: underline\"><a class=\"XqQF9c\" href=\"http:\/\/www.google.com\/url?q=http%3A%2F%2Fportal.utfpr.edu.br%2Festagios%2Fimagens%2Fmodelos-de-documentos%2Fdeclaracao-comprobatoria-de-atividades-e-condicoes-gerais-de-trabalho_docx&amp;sa=D&amp;sntz=1&amp;usg=AOvVaw2RGcfwrnzUJVHLNFuy7h4s\" target=\"_blank\" rel=\"noopener\">.docx<\/a> <a class=\"XqQF9c\" href=\"http:\/\/www.google.com\/url?q=http%3A%2F%2Fportal.utfpr.edu.br%2Festagios%2Fimagens%2Fmodelos-de-documentos%2Fdeclaracao-comprobatoria-de-atividades-e-condicoes-gerais-de-trabalho_pdf&amp;sa=D&amp;sntz=1&amp;usg=AOvVaw3-QS4wJdf-Zw9a91pONaBP\" target=\"_blank\" rel=\"noopener\">.pdf<\/a><\/span><\/p><p class=\"CDt4Ke zfr3Q\" dir=\"ltr\">2-Inclua a c\u00f3pia do seu CNPJ e imagens de onde o aluno poder\u00e1 trabalhar&#8230;<\/p><p class=\"CDt4Ke zfr3Q\" dir=\"ltr\"><strong>Segundo <\/strong><strong>passo:<\/strong> Assim que sua empresa estiver liberada, a empresa poder\u00e1 voltar para o primeiro link e gerar o contrato do aluno.<\/p><p class=\"CDt4Ke zfr3Q\" dir=\"ltr\"><strong>Terceiro passo:<\/strong> Envie este documento gerado ao aluno e ele providenciar\u00e1 o <span style=\"text-decoration: underline\"><span class=\" aw5Odc\"><a class=\"XqQF9c\" href=\"https:\/\/sites.google.com\/professores.utfpr.edu.br\/estagio-engmec\/home\/aluno\">plano de est\u00e1gio<\/a><\/span><\/span>, enviando todos os documentos ao PRAE<\/p>\t\t\t\t\t\t\t\t<\/div>\n\t\t\t\t<\/div>\n\t\t\t\t\t<\/div>\n\t\t<\/div>\n\t\t\t\t\t<\/div>\n\t\t<\/section>\n\t\t\t\t<section class=\"elementor-section elementor-top-section elementor-element elementor-element-d5f1cf8 elementor-section-boxed elementor-section-height-default elementor-section-height-default\" data-id=\"d5f1cf8\" data-element_type=\"section\" data-e-type=\"section\">\n\t\t\t\t\t\t<div class=\"elementor-container elementor-column-gap-default\">\n\t\t\t\t\t<div class=\"elementor-column elementor-col-100 elementor-top-column elementor-element elementor-element-08a7ff1\" data-id=\"08a7ff1\" data-element_type=\"column\" data-e-type=\"column\">\n\t\t\t<div class=\"elementor-widget-wrap\">\n\t\t\t\t\t\t\t<\/div>\n\t\t<\/div>\n\t\t\t\t\t<\/div>\n\t\t<\/section>\n\t\t\t\t<\/div>\n\t\t","protected":false},"excerpt":{"rendered":"<p>Home Empresa 1- O que fazer para cadastrar minha empresa no sistema de est\u00e1gios utfpr? R: Primeiro passo: A empresa,<\/p>\n","protected":false},"author":384,"featured_media":0,"parent":0,"menu_order":0,"comment_status":"closed","ping_status":"closed","template":"","meta":{"colormag_page_container_layout":"default_layout","colormag_page_sidebar_layout":"default_layout","footnotes":""},"class_list":["post-5705","page","type-page","status-publish","hentry"],"_links":{"self":[{"href":"https:\/\/utfpr.curitiba.br\/damec\/index.php?rest_route=\/wp\/v2\/pages\/5705","targetHints":{"allow":["GET"]}}],"collection":[{"href":"https:\/\/utfpr.curitiba.br\/damec\/index.php?rest_route=\/wp\/v2\/pages"}],"about":[{"href":"https:\/\/utfpr.curitiba.br\/damec\/index.php?rest_route=\/wp\/v2\/types\/page"}],"author":[{"embeddable":true,"href":"https:\/\/utfpr.curitiba.br\/damec\/index.php?rest_route=\/wp\/v2\/users\/384"}],"replies":[{"embeddable":true,"href":"https:\/\/utfpr.curitiba.br\/damec\/index.php?rest_route=%2Fwp%2Fv2%2Fcomments&post=5705"}],"version-history":[{"count":7,"href":"https:\/\/utfpr.curitiba.br\/damec\/index.php?rest_route=\/wp\/v2\/pages\/5705\/revisions"}],"predecessor-version":[{"id":5885,"href":"https:\/\/utfpr.curitiba.br\/damec\/index.php?rest_route=\/wp\/v2\/pages\/5705\/revisions\/5885"}],"wp:attachment":[{"href":"https:\/\/utfpr.curitiba.br\/damec\/index.php?rest_route=%2Fwp%2Fv2%2Fmedia&parent=5705"}],"curies":[{"name":"wp","href":"https:\/\/api.w.org\/{rel}","templated":true}]}}