{"id":5490,"date":"2025-10-28T15:21:49","date_gmt":"2025-10-28T18:21:49","guid":{"rendered":"https:\/\/utfpr.curitiba.br\/damec\/?page_id=5490"},"modified":"2025-11-03T17:09:49","modified_gmt":"2025-11-03T20:09:49","slug":"engenharia-metalurgica-ead","status":"publish","type":"page","link":"https:\/\/utfpr.curitiba.br\/damec\/?page_id=5490","title":{"rendered":"Engenharia Metal\u00fargica EAD"},"content":{"rendered":"\t\t<div data-elementor-type=\"wp-page\" data-elementor-id=\"5490\" class=\"elementor elementor-5490\">\n\t\t\t\t\t\t<section class=\"elementor-section elementor-top-section elementor-element elementor-element-c377e12 elementor-section-boxed elementor-section-height-default elementor-section-height-default\" data-id=\"c377e12\" data-element_type=\"section\" data-e-type=\"section\">\n\t\t\t\t\t\t<div class=\"elementor-container elementor-column-gap-default\">\n\t\t\t\t\t<div class=\"elementor-column elementor-col-100 elementor-top-column elementor-element elementor-element-c50df70\" data-id=\"c50df70\" data-element_type=\"column\" data-e-type=\"column\">\n\t\t\t<div class=\"elementor-widget-wrap elementor-element-populated\">\n\t\t\t\t\t\t<div class=\"elementor-element elementor-element-938b6e6 elementor-widget elementor-widget-hfe-breadcrumbs-widget\" data-id=\"938b6e6\" data-element_type=\"widget\" data-e-type=\"widget\" data-widget_type=\"hfe-breadcrumbs-widget.default\">\n\t\t\t\t<div class=\"elementor-widget-container\">\n\t\t\t\t\t<nav aria-label=\"Breadcrumb\"><ul class=\"hfe-breadcrumbs hfe-breadcrumbs-show-home\"><li class=\"hfe-breadcrumbs-item hfe-breadcrumbs-first\"><span class=\"hfe-breadcrumbs-home-icon\"><i aria-hidden=\"true\" class=\"fas fa-home\"><\/i><\/span><a href=\"https:\/\/utfpr.curitiba.br\/damec\"><span class=\"hfe-breadcrumbs-text\">Home<\/span><\/a><\/li><\/ul><\/nav>\t\t\t\t<\/div>\n\t\t\t\t<\/div>\n\t\t\t\t<div class=\"elementor-element elementor-element-c8b52cc elementor-widget elementor-widget-heading\" data-id=\"c8b52cc\" data-element_type=\"widget\" data-e-type=\"widget\" data-widget_type=\"heading.default\">\n\t\t\t\t<div class=\"elementor-widget-container\">\n\t\t\t\t\t<h2 class=\"elementor-heading-title elementor-size-default\"><b>Engenharia Metal\u00fargica EAD<\/b><\/h2>\t\t\t\t<\/div>\n\t\t\t\t<\/div>\n\t\t\t\t\t<\/div>\n\t\t<\/div>\n\t\t\t\t\t<\/div>\n\t\t<\/section>\n\t\t\t\t<section class=\"elementor-section elementor-top-section elementor-element elementor-element-8528553 elementor-section-boxed elementor-section-height-default elementor-section-height-default\" data-id=\"8528553\" data-element_type=\"section\" data-e-type=\"section\">\n\t\t\t\t\t\t<div class=\"elementor-container elementor-column-gap-default\">\n\t\t\t\t\t<div class=\"elementor-column elementor-col-100 elementor-top-column elementor-element elementor-element-c31699b\" data-id=\"c31699b\" data-element_type=\"column\" data-e-type=\"column\">\n\t\t\t<div class=\"elementor-widget-wrap elementor-element-populated\">\n\t\t\t\t\t\t<div class=\"elementor-element elementor-element-4337c86 elementor-widget elementor-widget-text-editor\" data-id=\"4337c86\" data-element_type=\"widget\" data-e-type=\"widget\" data-widget_type=\"text-editor.default\">\n\t\t\t\t<div class=\"elementor-widget-container\">\n\t\t\t\t\t\t\t\t\t<p><strong>\u00c1rea:<\/strong> Eng. Mec\u00e2nica<br \/><strong>Carga hor\u00e1ria:<\/strong> 570h\u00a0<br \/><strong>Modalidade:<\/strong> \u00c0 dist\u00e2ncia, aulas ministradas de forma s\u00edncrona e ass\u00edncrona<br \/><strong>Frequ\u00eancia:<\/strong> Semanal, 2 dias de semana<br \/>33 vagas por semestre<\/p>\t\t\t\t\t\t\t\t<\/div>\n\t\t\t\t<\/div>\n\t\t\t\t<div class=\"elementor-element elementor-element-89eda45 elementor-widget elementor-widget-spacer\" data-id=\"89eda45\" data-element_type=\"widget\" data-e-type=\"widget\" data-widget_type=\"spacer.default\">\n\t\t\t\t<div class=\"elementor-widget-container\">\n\t\t\t\t\t\t\t<div class=\"elementor-spacer\">\n\t\t\t<div class=\"elementor-spacer-inner\"><\/div>\n\t\t<\/div>\n\t\t\t\t\t\t<\/div>\n\t\t\t\t<\/div>\n\t\t\t\t<div class=\"elementor-element elementor-element-207cae9 elementor-widget elementor-widget-heading\" data-id=\"207cae9\" data-element_type=\"widget\" data-e-type=\"widget\" data-widget_type=\"heading.default\">\n\t\t\t\t<div class=\"elementor-widget-container\">\n\t\t\t\t\t<h2 class=\"elementor-heading-title elementor-size-default\"><b>Finalidade do curso<\/b><\/h2>\t\t\t\t<\/div>\n\t\t\t\t<\/div>\n\t\t\t\t<div class=\"elementor-element elementor-element-39ccaf7 elementor-widget elementor-widget-text-editor\" data-id=\"39ccaf7\" data-element_type=\"widget\" data-e-type=\"widget\" data-widget_type=\"text-editor.default\">\n\t\t\t\t<div class=\"elementor-widget-container\">\n\t\t\t\t\t\t\t\t\t<p>Capacitar profissionais para atuarem no setor metal\u00fargico desde as etapas iniciais do processo de fabrica\u00e7\u00e3o at\u00e9 os desafios tecnol\u00f3gicos envolvendo as principais aplica\u00e7\u00f5es dos a\u00e7os carbono, inoxid\u00e1veis e el\u00e9tricos. O p\u00fablico-alvo s\u00e3o profissionais graduados em Engenharia, ou Tecnologia ou curso superior nas \u00e1reas correlacionadas \u00e0 proposta pedag\u00f3gica do curso, que atuem ou tenham interesse em ampliar conhecimentos em metalurgia.<\/p>\t\t\t\t\t\t\t\t<\/div>\n\t\t\t\t<\/div>\n\t\t\t\t<div class=\"elementor-element elementor-element-0e42017 elementor-widget elementor-widget-spacer\" data-id=\"0e42017\" data-element_type=\"widget\" data-e-type=\"widget\" data-widget_type=\"spacer.default\">\n\t\t\t\t<div class=\"elementor-widget-container\">\n\t\t\t\t\t\t\t<div class=\"elementor-spacer\">\n\t\t\t<div class=\"elementor-spacer-inner\"><\/div>\n\t\t<\/div>\n\t\t\t\t\t\t<\/div>\n\t\t\t\t<\/div>\n\t\t\t\t<div class=\"elementor-element elementor-element-e278922 elementor-widget elementor-widget-heading\" data-id=\"e278922\" data-element_type=\"widget\" data-e-type=\"widget\" data-widget_type=\"heading.default\">\n\t\t\t\t<div class=\"elementor-widget-container\">\n\t\t\t\t\t<h2 class=\"elementor-heading-title elementor-size-default\"><b>Coordena\u00e7\u00e3o<\/b><\/h2>\t\t\t\t<\/div>\n\t\t\t\t<\/div>\n\t\t\t\t<div class=\"elementor-element elementor-element-595fcae elementor-widget elementor-widget-text-editor\" data-id=\"595fcae\" data-element_type=\"widget\" data-e-type=\"widget\" data-widget_type=\"text-editor.default\">\n\t\t\t\t<div class=\"elementor-widget-container\">\n\t\t\t\t\t\t\t\t\t<p><strong>Coordenador:\u00a0<\/strong><a href=\"https:\/\/utfpr.curitiba.br\/damec\/?page_id=2363\">Prof. Euclides Bernardelli<\/a><br \/><a href=\"engemetal-ct@utfpr.edu.br\">engemetal-ct@utfpr.edu.br<\/a><br \/>(41) 3279-6507<\/p>\t\t\t\t\t\t\t\t<\/div>\n\t\t\t\t<\/div>\n\t\t\t\t\t<\/div>\n\t\t<\/div>\n\t\t\t\t\t<\/div>\n\t\t<\/section>\n\t\t\t\t<\/div>\n\t\t","protected":false},"excerpt":{"rendered":"<p>Home Engenharia Metal\u00fargica EAD \u00c1rea: Eng. Mec\u00e2nicaCarga hor\u00e1ria: 570h\u00a0Modalidade: \u00c0 dist\u00e2ncia, aulas ministradas de forma s\u00edncrona e ass\u00edncronaFrequ\u00eancia: Semanal, 2<\/p>\n","protected":false},"author":384,"featured_media":0,"parent":0,"menu_order":0,"comment_status":"closed","ping_status":"closed","template":"","meta":{"colormag_page_container_layout":"default_layout","colormag_page_sidebar_layout":"default_layout","footnotes":""},"class_list":["post-5490","page","type-page","status-publish","hentry"],"_links":{"self":[{"href":"https:\/\/utfpr.curitiba.br\/damec\/index.php?rest_route=\/wp\/v2\/pages\/5490","targetHints":{"allow":["GET"]}}],"collection":[{"href":"https:\/\/utfpr.curitiba.br\/damec\/index.php?rest_route=\/wp\/v2\/pages"}],"about":[{"href":"https:\/\/utfpr.curitiba.br\/damec\/index.php?rest_route=\/wp\/v2\/types\/page"}],"author":[{"embeddable":true,"href":"https:\/\/utfpr.curitiba.br\/damec\/index.php?rest_route=\/wp\/v2\/users\/384"}],"replies":[{"embeddable":true,"href":"https:\/\/utfpr.curitiba.br\/damec\/index.php?rest_route=%2Fwp%2Fv2%2Fcomments&post=5490"}],"version-history":[{"count":19,"href":"https:\/\/utfpr.curitiba.br\/damec\/index.php?rest_route=\/wp\/v2\/pages\/5490\/revisions"}],"predecessor-version":[{"id":5536,"href":"https:\/\/utfpr.curitiba.br\/damec\/index.php?rest_route=\/wp\/v2\/pages\/5490\/revisions\/5536"}],"wp:attachment":[{"href":"https:\/\/utfpr.curitiba.br\/damec\/index.php?rest_route=%2Fwp%2Fv2%2Fmedia&parent=5490"}],"curies":[{"name":"wp","href":"https:\/\/api.w.org\/{rel}","templated":true}]}}