{"id":2426,"date":"2024-02-08T16:56:11","date_gmt":"2024-02-08T19:56:11","guid":{"rendered":"https:\/\/utfpr.curitiba.br\/damec\/?page_id=2426"},"modified":"2024-02-08T16:57:39","modified_gmt":"2024-02-08T19:57:39","slug":"prof-jose-aguiomar-foggiatto","status":"publish","type":"page","link":"https:\/\/utfpr.curitiba.br\/damec\/?page_id=2426","title":{"rendered":"PROF. JOSE AGUIOMAR FOGGIATTO"},"content":{"rendered":"\t\t<div data-elementor-type=\"wp-page\" data-elementor-id=\"2426\" class=\"elementor elementor-2426\">\n\t\t\t\t\t\t<section class=\"elementor-section elementor-top-section elementor-element elementor-element-3e57bd4f elementor-section-boxed elementor-section-height-default elementor-section-height-default\" data-id=\"3e57bd4f\" data-element_type=\"section\" data-e-type=\"section\">\n\t\t\t\t\t\t<div class=\"elementor-container elementor-column-gap-default\">\n\t\t\t\t\t<div class=\"elementor-column elementor-col-100 elementor-top-column elementor-element elementor-element-218622d0\" data-id=\"218622d0\" data-element_type=\"column\" data-e-type=\"column\">\n\t\t\t<div class=\"elementor-widget-wrap elementor-element-populated\">\n\t\t\t\t\t\t<div class=\"elementor-element elementor-element-6fcb93fd elementor-widget elementor-widget-text-editor\" data-id=\"6fcb93fd\" data-element_type=\"widget\" data-e-type=\"widget\" data-widget_type=\"text-editor.default\">\n\t\t\t\t<div class=\"elementor-widget-container\">\n\t\t\t\t\t\t\t\t\t<p><\/p><div class=\"wp-block-group has-background is-vertical is-content-justification-left is-layout-flex wp-container-core-group-is-layout-a2dc6e3f wp-block-group-is-layout-flex\" style=\"border-style: none;border-width: 0px;border-radius: 10px;background: linear-gradient(135deg,#08753a 0%,#22bb64 100%);padding: 15px\"><p><\/p><h1 class=\"wp-block-heading has-white-color has-text-color\">PROF. DR. JOSE AGUIOMAR FOGGIATTO<\/h1><p><\/p><h3 class=\"wp-block-heading has-white-color has-text-color\">Professor Titular<\/h3><p><\/p><\/div><p><\/p><div class=\"wp-block-spacer\" style=\"height: 50px\" aria-hidden=\"true\">\u00a0<\/div><p><\/p><div class=\"wp-block-columns is-layout-flex wp-container-core-columns-is-layout-28f84493 wp-block-columns-is-layout-flex\"><p><\/p><div class=\"wp-block-column is-layout-flow wp-block-column-is-layout-flow\" style=\"flex-basis: 33.33%\"><p><\/p><figure class=\"wp-block-image size-full has-custom-border is-style-rounded\"><img fetchpriority=\"high\" decoding=\"async\" class=\"alignleft wp-image-2428\" style=\"border-radius: 0px\" src=\"https:\/\/utfpr-ct-static-content.s3.amazonaws.com\/utfpr.curitiba.br\/wp-content\/uploads\/sites\/67\/2024\/02\/PROF.-DR.-JOSE-AGUIOMAR-FOGGIATTO.png\" alt=\"\" width=\"300\" height=\"402\" \/><\/figure><p><\/p><\/div><p><\/p><div class=\"wp-block-column is-layout-flow wp-block-column-is-layout-flow\" style=\"flex-basis: 66.66%\"><p><\/p><h2 class=\"wp-block-heading has-text-color\" style=\"color: #08753a\">Sobre<\/h2><p><\/p><p class=\"has-medium-font-size\">T\u00e9cnico em Mec\u00e2nica &#8211; UTFPR (1984)<br \/>Engenheiro Mec\u00e2nica &#8211; UFPR (1989)<br \/>Mestre em Engenharia Mec\u00e2nica &#8211; UFSC (1997)<br \/>Doutor em Engenharia Mec\u00e2nica &#8211; UFSC (2005)<\/p><p><\/p><p class=\"has-medium-font-size\" style=\"text-align: justify\">Bolsista de Produtividade do CNPq em Desenvolvimento Tecnol\u00f3gico e Extens\u00e3o Inovadora (DT2) desde 2013, Pesquisador no NUFER (N\u00facleo de Manufatura Aditiva e Ferramental) da UTFPR, possui gradua\u00e7\u00e3o em Engenharia Mec\u00e2nica pela Universidade Federal do Paran\u00e1 (1989), mestrado em Engenharia Mec\u00e2nica &#8211; \u00e1rea de Concentra\u00e7\u00e3o em Projetos &#8211; pela Universidade Federal de Santa Catarina (1997) e doutorado em Engenharia Mec\u00e2nica &#8211; \u00e1rea de concentra\u00e7\u00e3o em Fabrica\u00e7\u00e3o &#8211; pela Universidade Federal de Santa Catarina (2005). Foi Coordenador do Centro de Inova\u00e7\u00e3o Tecnol\u00f3gica da UTFPR no bi\u00eanio 2006\/2007, Coordenador dos Cursos Superiores de Tecnologia do Departamento Acad\u00eamico de Mec\u00e2nica no bi\u00eanio 2008\/2009, Chefe do Departamento de Mec\u00e2nica no bi\u00eanio 2013\/2014 e coordenador institucional na UTFPR do Projeto: Rede de Pesquisa e Desenvolvimento em Tecnologia Assistiva: a\u00e7\u00f5es integradas entre Engenharia Mec\u00e2nica e Design- (RPDTA), aprovado no Edital PGPTA N 59\/2014 da CAPES entre 2015 e 2021. \u00c9 Professor Titular EBTT no curso de Engenharia Mec\u00e2nica. Atua como professor permanente no Programa de P\u00f3s Gradua\u00e7\u00e3o em Engenharia Mec\u00e2nica e de Materiais (PPGEM) e \u00e9 coordenador institucional do NAPI-TA (Novos Arranjos em Pesquisa e Inova\u00e7\u00e3o de Tecnologia Assistiva). Pesquisa principalmente os seguintes temas: Tecnologia Assistiva, Impress\u00e3o 3D (Manufatura Aditiva), Sistemas CAD-3D, Desenvolvimento de Produtos e Aplica\u00e7\u00e3o da Impress\u00e3o 3D na \u00c1rea da Sa\u00fade. Orienta trabalhos nas seguintes linhas de pesquisa: Aplica\u00e7\u00e3o da impress\u00e3o 3D na \u00e1rea da sa\u00fade, projeto de produtos customizados e tecnologia assistiva. Atualmente \u00e9 coordenador institucional na UTFPR do NAPI-TA (Novo Arranjo de Pesquisa e Inova\u00e7\u00e3o em Tecnologia Assistiva) com fomento da Funda\u00e7\u00e3o Arauc\u00e1ria.<\/p><p><\/p><\/div><p><\/p><\/div><p><\/p><div class=\"wp-block-spacer\" style=\"height: 50px\" aria-hidden=\"true\">\u00a0<\/div><p><\/p><div class=\"wp-block-group alignfull is-layout-constrained wp-block-group-is-layout-constrained\"><p><\/p><div class=\"wp-block-columns are-vertically-aligned-center is-layout-flex wp-container-core-columns-is-layout-28f84493 wp-block-columns-is-layout-flex\"><p><\/p><div class=\"wp-block-column is-vertically-aligned-center is-layout-flow wp-block-column-is-layout-flow\"><p><\/p><p class=\"has-text-align-center has-text-color has-medium-font-size\" style=\"color: #08753a\"><strong>E-Mail<\/strong><\/p><p><\/p><\/div><p><\/p><div class=\"wp-block-column is-vertically-aligned-center is-layout-flow wp-block-column-is-layout-flow\"><p><\/p><p class=\"has-text-align-center has-medium-font-size\">foggiatto@utfpr.edu.br<\/p><p><\/p><\/div><p><\/p><\/div><p><\/p><div class=\"wp-block-columns is-layout-flex wp-container-core-columns-is-layout-28f84493 wp-block-columns-is-layout-flex\"><p><\/p><div class=\"wp-block-column is-layout-flow wp-block-column-is-layout-flow\"><p><\/p><p class=\"has-text-align-center has-text-color has-medium-font-size\" style=\"color: #08753a\"><strong>Sala<\/strong><\/p><p><\/p><\/div><p><\/p><div class=\"wp-block-column is-layout-flow wp-block-column-is-layout-flow\"><p><\/p><p class=\"has-text-align-center has-medium-font-size\">Sede Ecoville Bloco K &#8211; 101<\/p><p><\/p><\/div><p><\/p><\/div><p><\/p><div class=\"wp-block-columns are-vertically-aligned-center is-layout-flex wp-container-core-columns-is-layout-28f84493 wp-block-columns-is-layout-flex\"><p><\/p><div class=\"wp-block-column is-vertically-aligned-center is-layout-flow wp-block-column-is-layout-flow\"><p><\/p><p class=\"has-text-align-center has-text-color has-medium-font-size\" style=\"color: #08753a\"><strong>\u00c1rea<\/strong><\/p><p><\/p><\/div><p><\/p><div class=\"wp-block-column is-vertically-aligned-center is-layout-flow wp-block-column-is-layout-flow\"><p class=\"has-text-align-center has-medium-font-size\">Projetos<\/p><\/div><p><\/p><\/div><p><\/p><\/div><p><\/p><hr class=\"wp-block-separator has-alpha-channel-opacity is-style-wide\" \/><p><\/p><h2 class=\"wp-block-heading has-text-align-center has-text-color\" style=\"color: #08753a\">Disciplinas Lecionadas<\/h2><p><\/p><p class=\"has-text-align-center has-medium-font-size\">N\u00e3o registrada para 2024.<\/p><p><\/p><hr class=\"wp-block-separator has-alpha-channel-opacity is-style-wide\" \/><p><\/p><p><\/p><h2 class=\"wp-block-heading has-text-align-center has-text-color\" style=\"color: #08753a\">Curr\u00edculo Lattes<\/h2><p><\/p><p class=\"has-text-align-center has-medium-font-size\"><a href=\"http:\/\/lattes.cnpq.br\/8013863352635494\">Clique aqui para ser redirecionado \u00e0 Plataforma Lattes<\/a><\/p><p><\/p>\t\t\t\t\t\t\t\t<\/div>\n\t\t\t\t<\/div>\n\t\t\t\t\t<\/div>\n\t\t<\/div>\n\t\t\t\t\t<\/div>\n\t\t<\/section>\n\t\t\t\t<\/div>\n\t\t","protected":false},"excerpt":{"rendered":"<p>PROF. DR. JOSE AGUIOMAR FOGGIATTO Professor Titular Sobre T\u00e9cnico em Mec\u00e2nica &#8211; UTFPR (1984)Engenheiro Mec\u00e2nica &#8211; UFPR (1989)Mestre em Engenharia<\/p>\n","protected":false},"author":284,"featured_media":0,"parent":0,"menu_order":0,"comment_status":"closed","ping_status":"closed","template":"","meta":{"colormag_page_container_layout":"default_layout","colormag_page_sidebar_layout":"default_layout","footnotes":""},"class_list":["post-2426","page","type-page","status-publish","hentry"],"_links":{"self":[{"href":"https:\/\/utfpr.curitiba.br\/damec\/index.php?rest_route=\/wp\/v2\/pages\/2426","targetHints":{"allow":["GET"]}}],"collection":[{"href":"https:\/\/utfpr.curitiba.br\/damec\/index.php?rest_route=\/wp\/v2\/pages"}],"about":[{"href":"https:\/\/utfpr.curitiba.br\/damec\/index.php?rest_route=\/wp\/v2\/types\/page"}],"author":[{"embeddable":true,"href":"https:\/\/utfpr.curitiba.br\/damec\/index.php?rest_route=\/wp\/v2\/users\/284"}],"replies":[{"embeddable":true,"href":"https:\/\/utfpr.curitiba.br\/damec\/index.php?rest_route=%2Fwp%2Fv2%2Fcomments&post=2426"}],"version-history":[{"count":4,"href":"https:\/\/utfpr.curitiba.br\/damec\/index.php?rest_route=\/wp\/v2\/pages\/2426\/revisions"}],"predecessor-version":[{"id":2431,"href":"https:\/\/utfpr.curitiba.br\/damec\/index.php?rest_route=\/wp\/v2\/pages\/2426\/revisions\/2431"}],"wp:attachment":[{"href":"https:\/\/utfpr.curitiba.br\/damec\/index.php?rest_route=%2Fwp%2Fv2%2Fmedia&parent=2426"}],"curies":[{"name":"wp","href":"https:\/\/api.w.org\/{rel}","templated":true}]}}