{"id":2351,"date":"2024-02-08T00:17:30","date_gmt":"2024-02-08T03:17:30","guid":{"rendered":"https:\/\/utfpr.curitiba.br\/damec\/?page_id=2351"},"modified":"2025-06-11T10:46:31","modified_gmt":"2025-06-11T13:46:31","slug":"prof-david-kretschek","status":"publish","type":"page","link":"https:\/\/utfpr.curitiba.br\/damec\/?page_id=2351","title":{"rendered":"PROF. DAVID KRETSCHEK"},"content":{"rendered":"\t\t<div data-elementor-type=\"wp-page\" data-elementor-id=\"2351\" class=\"elementor elementor-2351\">\n\t\t\t\t\t\t<section class=\"elementor-section elementor-top-section elementor-element elementor-element-2a824291 elementor-section-boxed elementor-section-height-default elementor-section-height-default\" data-id=\"2a824291\" data-element_type=\"section\" data-e-type=\"section\">\n\t\t\t\t\t\t<div class=\"elementor-container elementor-column-gap-default\">\n\t\t\t\t\t<div class=\"elementor-column elementor-col-100 elementor-top-column elementor-element elementor-element-1610eea9\" data-id=\"1610eea9\" data-element_type=\"column\" data-e-type=\"column\">\n\t\t\t<div class=\"elementor-widget-wrap elementor-element-populated\">\n\t\t\t\t\t\t<div class=\"elementor-element elementor-element-60a60807 elementor-widget elementor-widget-text-editor\" data-id=\"60a60807\" data-element_type=\"widget\" data-e-type=\"widget\" data-widget_type=\"text-editor.default\">\n\t\t\t\t<div class=\"elementor-widget-container\">\n\t\t\t\t\t\t\t\t\t<div class=\"wp-block-group has-background\" style=\"border-style: none;border-width: 0px;border-radius: 10px;background: linear-gradient(135deg,#08753a 0%,#22bb64 100%);padding: 15px\">\n<p><\/p>\n<h1 class=\"wp-block-heading has-white-color has-text-color\">PROF. ME. DAVID KRETSCHEK<\/h1>\n<p><\/p>\n<h3 class=\"wp-block-heading has-white-color has-text-color\">Professor Titular<\/h3>\n<p><\/p>\n<\/div>\n<p><!-- \/wp:group --><!-- wp:spacer {\"height\":\"50px\"} --><\/p>\n<div class=\"wp-block-spacer\" style=\"height: 50px\" aria-hidden=\"true\">&nbsp;<\/div>\n<p><!-- \/wp:spacer --><!-- wp:columns --><\/p>\n<div class=\"wp-block-columns\">\n<p><!-- wp:column {\"width\":\"33.33%\"} --><\/p>\n<div class=\"wp-block-column\" style=\"flex-basis: 33.33%\">\n<p><!-- wp:image {\"id\":1531,\"sizeSlug\":\"full\",\"linkDestination\":\"none\",\"style\":{\"border\":{\"radius\":\"0px\"}},\"className\":\"is-style-rounded\"} --><\/p>\n<figure class=\"wp-block-image size-full has-custom-border is-style-rounded\"><img fetchpriority=\"high\" decoding=\"async\" class=\"alignleft wp-image-2353\" style=\"border-radius: 0px\" src=\"https:\/\/utfpr-ct-static-content.s3.amazonaws.com\/utfpr.curitiba.br\/wp-content\/uploads\/sites\/67\/2024\/02\/PROF.-ME.-DAVID-KRETSCHEK.png\" alt=\"\" width=\"300\" height=\"397\"><\/figure>\n<p><!-- \/wp:image --><\/p>\n<\/div>\n<p><!-- \/wp:column --><!-- wp:column {\"width\":\"66.66%\"} --><\/p>\n<div class=\"wp-block-column\" style=\"flex-basis: 66.66%\">\n<p><!-- wp:heading {\"style\":{\"color\":{\"text\":\"#08753a\"}}} --><\/p>\n<h2 class=\"wp-block-heading has-text-color\" style=\"color: #08753a\">Sobre<\/h2>\n<p><!-- \/wp:heading --><!-- wp:paragraph {\"fontSize\":\"medium\"} --><\/p>\n<p class=\"has-medium-font-size\">Gradua\u00e7\u00e3o em Tecnologia Mec\u00e2nica: Gest\u00e3o de Manufatura &#8211; UTFPR (2010)<br>Mestre em Engenharia Mec\u00e2nica e de Materiais &#8211; UTFPR (2012)<\/p>\n<p><!-- \/wp:paragraph --><!-- wp:paragraph {\"fontSize\":\"medium\"} --><\/p>\n<p class=\"has-medium-font-size\" style=\"text-align: justify\">\u00c9 professor na Universidade Tecnol\u00f3gica Federal do Paran\u00e1 (UTFPR) em Curitiba, onde ministra aulas da \u00e1rea de projetos, como Desenho T\u00e9cnico, Projeto Auxiliado por Computador, Metodologia de Projetos e Impress\u00e3o 3D. Fundou em 2014 o Grupo de Impress\u00e3o 3D (GIP3D), um grupo com objetivo acessibilizar o uso da impress\u00e3o 3d para a comunidade interna e externa, que em 2017 anos deu origem ao ABRIGO makerspace, um espa\u00e7o de conviv\u00eancia e desenvolvimento onde se concentraram recursos f\u00edsicos e humanos para apoiar o desenvolvimento de projetos, a aprendizagem ativa e colaborativa e com isso gerar engajamento estudantil e viv\u00eancia universit\u00e1ria. Hoje se dedica ao estudo sobre tecnologias digitais aplicadas \u00e0 educa\u00e7\u00e3o e \u00e0 cultura, como a fotogrametria e ferramentas de desenvolvimento de jogos e outros tipos de experi\u00eancias interativas. De forma mais ampla estuda e faz pr\u00e1ticas experimentais sobre educa\u00e7\u00e3o, principalmente com m\u00e9todos e ferramentas n\u00e3o tradicionais de ensino e aprendizagem com objetivo de fomentar a autonomia do estudante. \u00c9 defensor da necessidade de mudan\u00e7as culturais na educa\u00e7\u00e3o, principalmente nas rela\u00e7\u00f5es sociais e de poder que existem nas institui\u00e7\u00f5es de ensino superior.<\/p>\n<p><!-- \/wp:paragraph --><\/p>\n<\/div>\n<p><!-- \/wp:column --><\/p>\n<\/div>\n<p><!-- \/wp:columns --><!-- wp:spacer {\"height\":\"50px\"} --><\/p>\n<div class=\"wp-block-spacer\" style=\"height: 50px\" aria-hidden=\"true\">&nbsp;<\/div>\n<p><!-- \/wp:spacer --><!-- wp:group {\"align\":\"full\",\"layout\":{\"inherit\":true,\"type\":\"constrained\"}} --><\/p>\n<div class=\"wp-block-group alignfull\">\n<p><!-- wp:columns {\"verticalAlignment\":\"center\"} --><\/p>\n<div class=\"wp-block-columns are-vertically-aligned-center\">\n<p><!-- wp:column {\"verticalAlignment\":\"center\"} --><\/p>\n<div class=\"wp-block-column is-vertically-aligned-center\">\n<p><!-- wp:paragraph {\"align\":\"center\",\"style\":{\"color\":{\"text\":\"#08753a\"}},\"fontSize\":\"medium\"} --><\/p>\n<p class=\"has-text-align-center has-text-color has-medium-font-size\" style=\"color: #08753a\"><strong>E-Mail<\/strong><\/p>\n<p><!-- \/wp:paragraph --><\/p>\n<\/div>\n<p><!-- \/wp:column --><!-- wp:column {\"verticalAlignment\":\"center\"} --><\/p>\n<div class=\"wp-block-column is-vertically-aligned-center\">\n<p><!-- wp:paragraph {\"align\":\"center\",\"fontSize\":\"medium\"} --><\/p>\n<p class=\"has-text-align-center has-medium-font-size\">davidk@utfpr.edu.br<\/p>\n<p><!-- \/wp:paragraph --><\/p>\n<\/div>\n<p><!-- \/wp:column --><\/p>\n<\/div>\n<p><!-- \/wp:columns --><!-- wp:columns --><\/p>\n<div class=\"wp-block-columns\">\n<p><!-- wp:column --><\/p>\n<div class=\"wp-block-column\">\n<p><!-- wp:paragraph {\"align\":\"center\",\"style\":{\"color\":{\"text\":\"#08753a\"}},\"fontSize\":\"medium\"} --><\/p>\n<p class=\"has-text-align-center has-text-color has-medium-font-size\" style=\"color: #08753a\"><strong>Sala<\/strong><\/p>\n<p><!-- \/wp:paragraph --><\/p>\n<\/div>\n<p><!-- \/wp:column --><!-- wp:column --><\/p>\n<div class=\"wp-block-column\">\n<p><!-- wp:paragraph {\"align\":\"center\",\"fontSize\":\"medium\"} --><\/p>\n<p class=\"has-text-align-center has-medium-font-size\">Sede Ecoville Bloco M &#8211; 206<\/p>\n<p><!-- \/wp:paragraph --><\/p>\n<\/div>\n<p><!-- \/wp:column --><\/p>\n<\/div>\n<p><!-- \/wp:columns --><!-- wp:columns {\"verticalAlignment\":\"center\"} --><\/p>\n<div class=\"wp-block-columns are-vertically-aligned-center\">\n<p><!-- wp:column {\"verticalAlignment\":\"center\"} --><\/p>\n<div class=\"wp-block-column is-vertically-aligned-center\">\n<p><!-- wp:paragraph {\"align\":\"center\",\"style\":{\"color\":{\"text\":\"#08753a\"}},\"fontSize\":\"medium\"} --><\/p>\n<p class=\"has-text-align-center has-text-color has-medium-font-size\" style=\"color: #08753a\"><strong>\u00c1rea<\/strong><\/p>\n<p><!-- \/wp:paragraph --><\/p>\n<\/div>\n<p><!-- \/wp:column --><!-- wp:column {\"verticalAlignment\":\"center\"} --><\/p>\n<div class=\"wp-block-column is-vertically-aligned-center\">\n<p class=\"has-text-align-center has-medium-font-size\">Projetos<\/p>\n<\/div>\n<p><!-- \/wp:column --><\/p>\n<\/div>\n<p><!-- \/wp:columns --><\/p>\n<\/div>\n<p><!-- \/wp:group --><!-- wp:separator {\"className\":\"is-style-wide\"} --><\/p>\n<hr class=\"wp-block-separator has-alpha-channel-opacity is-style-wide\">\n<p><!-- \/wp:separator --><!-- wp:heading {\"textAlign\":\"center\",\"style\":{\"color\":{\"text\":\"#08753a\"}}} --><\/p>\n<h2 class=\"wp-block-heading has-text-align-center has-text-color\" style=\"color: #08753a\">Disciplinas Lecionadas<\/h2>\n<p><!-- \/wp:heading --><!-- wp:paragraph {\"align\":\"center\",\"fontSize\":\"medium\"} --><\/p>\n<p class=\"has-text-align-center has-medium-font-size\">Desenho Auxiliado Por Computador 1 (MEC72A &#8211; S15 e S41)<br>Desenho Auxiliado Por Computador 2 (MEC73A &#8211; S15, S42, S43 e S44)<br><\/p>\n<p><!-- \/wp:paragraph --><!-- wp:separator {\"className\":\"is-style-wide\"} --><\/p>\n<hr class=\"wp-block-separator has-alpha-channel-opacity is-style-wide\">\n<p><!-- \/wp:separator --><\/p>\n<p><!-- wp:heading {\"textAlign\":\"center\",\"style\":{\"color\":{\"text\":\"#08753a\"}}} --><\/p>\n<h2 class=\"wp-block-heading has-text-align-center has-text-color\" style=\"color: #08753a\">Curr\u00edculo Lattes<\/h2>\n<p><!-- \/wp:heading --><!-- wp:paragraph {\"align\":\"center\",\"fontSize\":\"medium\"} --><\/p>\n<p class=\"has-text-align-center has-medium-font-size\"><a href=\"http:\/\/lattes.cnpq.br\/6625625973153925\">Clique aqui para ser redirecionado \u00e0 Plataforma Lattes<\/a><\/p>\n<p><!-- \/wp:paragraph --><\/p>\t\t\t\t\t\t\t\t<\/div>\n\t\t\t\t<\/div>\n\t\t\t\t\t<\/div>\n\t\t<\/div>\n\t\t\t\t\t<\/div>\n\t\t<\/section>\n\t\t\t\t<\/div>\n\t\t","protected":false},"excerpt":{"rendered":"<p>PROF. ME. DAVID KRETSCHEK Professor Titular &nbsp; Sobre Gradua\u00e7\u00e3o em Tecnologia Mec\u00e2nica: Gest\u00e3o de Manufatura &#8211; UTFPR (2010)Mestre em Engenharia<\/p>\n","protected":false},"author":284,"featured_media":0,"parent":0,"menu_order":0,"comment_status":"closed","ping_status":"closed","template":"","meta":{"colormag_page_container_layout":"default_layout","colormag_page_sidebar_layout":"default_layout","footnotes":""},"class_list":["post-2351","page","type-page","status-publish","hentry"],"_links":{"self":[{"href":"https:\/\/utfpr.curitiba.br\/damec\/index.php?rest_route=\/wp\/v2\/pages\/2351","targetHints":{"allow":["GET"]}}],"collection":[{"href":"https:\/\/utfpr.curitiba.br\/damec\/index.php?rest_route=\/wp\/v2\/pages"}],"about":[{"href":"https:\/\/utfpr.curitiba.br\/damec\/index.php?rest_route=\/wp\/v2\/types\/page"}],"author":[{"embeddable":true,"href":"https:\/\/utfpr.curitiba.br\/damec\/index.php?rest_route=\/wp\/v2\/users\/284"}],"replies":[{"embeddable":true,"href":"https:\/\/utfpr.curitiba.br\/damec\/index.php?rest_route=%2Fwp%2Fv2%2Fcomments&post=2351"}],"version-history":[{"count":7,"href":"https:\/\/utfpr.curitiba.br\/damec\/index.php?rest_route=\/wp\/v2\/pages\/2351\/revisions"}],"predecessor-version":[{"id":3232,"href":"https:\/\/utfpr.curitiba.br\/damec\/index.php?rest_route=\/wp\/v2\/pages\/2351\/revisions\/3232"}],"wp:attachment":[{"href":"https:\/\/utfpr.curitiba.br\/damec\/index.php?rest_route=%2Fwp%2Fv2%2Fmedia&parent=2351"}],"curies":[{"name":"wp","href":"https:\/\/api.w.org\/{rel}","templated":true}]}}