{"id":70,"date":"2023-09-22T14:53:08","date_gmt":"2023-09-22T17:53:08","guid":{"rendered":"https:\/\/utfpr.curitiba.br\/dalemdidatico\/?page_id=70"},"modified":"2026-03-25T16:34:16","modified_gmt":"2026-03-25T19:34:16","slug":"conversacao","status":"publish","type":"page","link":"https:\/\/utfpr.curitiba.br\/dalemdidatico\/conversacao\/","title":{"rendered":"Conversa\u00e7\u00e3o"},"content":{"rendered":"\n<p class=\"has-medium-font-size\"><img fetchpriority=\"high\" decoding=\"async\" width=\"700\" height=\"700\" class=\"wp-image-943\" style=\"width: 45px\" src=\"https:\/\/utfpr-ct-static-content.s3.amazonaws.com\/utfpr.curitiba.br\/wp-content\/uploads\/sites\/65\/2024\/07\/DD-Conversacao-Simbolo.png\" alt=\"\" srcset=\"https:\/\/utfpr-ct-static-content.s3.amazonaws.com\/utfpr.curitiba.br\/wp-content\/uploads\/sites\/65\/2024\/07\/DD-Conversacao-Simbolo.png 700w, https:\/\/utfpr-ct-static-content.s3.amazonaws.com\/utfpr.curitiba.br\/wp-content\/uploads\/sites\/65\/2024\/07\/DD-Conversacao-Simbolo-300x300.png 300w, https:\/\/utfpr-ct-static-content.s3.amazonaws.com\/utfpr.curitiba.br\/wp-content\/uploads\/sites\/65\/2024\/07\/DD-Conversacao-Simbolo-150x150.png 150w\" sizes=\"(max-width: 700px) 100vw, 700px\" \/><strong>Addictions<\/strong><\/p>\n\n\n\n<ul class=\"wp-block-list\">\n<li class=\"has-small-font-size\"><mark style=\"background-color:#ffffff\" class=\"has-inline-color has-black-color\">T\u00edtulo<\/mark>: <strong>Do You Have Any Addictions?<\/strong><\/li>\n\n\n\n<li class=\"has-small-font-size\">Autor(es): Luciane Degraf e Guilherme Ricardi Machado<\/li>\n\n\n\n<li class=\"has-small-font-size\">Orientador(es): <a href=\"http:\/\/lattes.cnpq.br\/8225559300943355\" target=\"_blank\" rel=\"noreferrer noopener\">Aline De Mello Sanfelici<\/a><\/li>\n\n\n\n<li class=\"has-small-font-size\">Revisor: Jo\u00e3o Gabriel da Cunha Brauhardt Hessel.<\/li>\n\n\n\n<li class=\"has-small-font-size\">Palavras-chave: <mark style=\"background-color:#ffffff\" class=\"has-inline-color has-black-color\">Addictions<\/mark>; Behaviors; Disease; Infinite Scrolling; Social Media; Treatments.<\/li>\n<\/ul>\n\n\n\n<p><em>Para acessar o material <\/em><a href=\"https:\/\/utfpr-ct-static-content.s3.amazonaws.com\/utfpr.curitiba.br\/wp-content\/uploads\/sites\/65\/2023\/10\/Addictions.pdf\" target=\"_blank\" rel=\"noreferrer noopener\">clique aqui<\/a>. <\/p>\n\n\n\n<div class=\"wp-block-columns is-layout-flex wp-container-core-columns-is-layout-9d6595d7 wp-block-columns-is-layout-flex\">\n<div class=\"wp-block-column is-layout-flow wp-block-column-is-layout-flow\">\n<p><\/p>\n<\/div>\n<\/div>\n\n\n\n<p class=\"has-medium-font-size\"><img fetchpriority=\"high\" decoding=\"async\" width=\"700\" height=\"700\" class=\"wp-image-943\" style=\"width: 45px\" src=\"https:\/\/utfpr-ct-static-content.s3.amazonaws.com\/utfpr.curitiba.br\/wp-content\/uploads\/sites\/65\/2024\/07\/DD-Conversacao-Simbolo.png\" alt=\"\" srcset=\"https:\/\/utfpr-ct-static-content.s3.amazonaws.com\/utfpr.curitiba.br\/wp-content\/uploads\/sites\/65\/2024\/07\/DD-Conversacao-Simbolo.png 700w, https:\/\/utfpr-ct-static-content.s3.amazonaws.com\/utfpr.curitiba.br\/wp-content\/uploads\/sites\/65\/2024\/07\/DD-Conversacao-Simbolo-300x300.png 300w, https:\/\/utfpr-ct-static-content.s3.amazonaws.com\/utfpr.curitiba.br\/wp-content\/uploads\/sites\/65\/2024\/07\/DD-Conversacao-Simbolo-150x150.png 150w\" sizes=\"(max-width: 700px) 100vw, 700px\" \/><strong>Animated Series<\/strong><\/p>\n\n\n\n<ul class=\"wp-block-list has-small-font-size\">\n<li>T\u00edtulo: <strong>Animated Series: <em>Trollhunters<\/em> and Carmen Sandiego<\/strong><\/li>\n\n\n\n<li>Autor(es): Alice Mandaj Valente<\/li>\n\n\n\n<li>Orientador(es): <a href=\"http:\/\/lattes.cnpq.br\/8225559300943355\" target=\"_blank\" rel=\"noreferrer noopener\">Aline De Mello Sanfelici<\/a><\/li>\n\n\n\n<li>Revisora: Julia Camile dos Santos<\/li>\n\n\n\n<li>Palavras-chave: Comparative Form; Characters; English Expressions; TV Shows.<\/li>\n<\/ul>\n\n\n\n<p><em>Para acessar o material <\/em><a style=\"font-family: var( --e-global-typography-text-font-family ), Sans-serif\" href=\"https:\/\/utfpr-ct-static-content.s3.amazonaws.com\/utfpr.curitiba.br\/wp-content\/uploads\/sites\/65\/2023\/10\/Aline-Sanfelici-conversation-Animated-series.pptx-SITE.pdf\" target=\"_blank\" rel=\"noopener\">clique aqui<\/a> .<\/p>\n\n\n\n<div class=\"wp-block-columns is-layout-flex wp-container-core-columns-is-layout-9d6595d7 wp-block-columns-is-layout-flex\">\n<div class=\"wp-block-column is-layout-flow wp-block-column-is-layout-flow\">\n<p><\/p>\n<\/div>\n<\/div>\n\n\n\n<p class=\"has-medium-font-size\"><img fetchpriority=\"high\" decoding=\"async\" width=\"700\" height=\"700\" class=\"wp-image-943\" style=\"width: 45px\" src=\"https:\/\/utfpr-ct-static-content.s3.amazonaws.com\/utfpr.curitiba.br\/wp-content\/uploads\/sites\/65\/2024\/07\/DD-Conversacao-Simbolo.png\" alt=\"\" srcset=\"https:\/\/utfpr-ct-static-content.s3.amazonaws.com\/utfpr.curitiba.br\/wp-content\/uploads\/sites\/65\/2024\/07\/DD-Conversacao-Simbolo.png 700w, https:\/\/utfpr-ct-static-content.s3.amazonaws.com\/utfpr.curitiba.br\/wp-content\/uploads\/sites\/65\/2024\/07\/DD-Conversacao-Simbolo-300x300.png 300w, https:\/\/utfpr-ct-static-content.s3.amazonaws.com\/utfpr.curitiba.br\/wp-content\/uploads\/sites\/65\/2024\/07\/DD-Conversacao-Simbolo-150x150.png 150w\" sizes=\"(max-width: 700px) 100vw, 700px\" \/><strong>Create a Creature<\/strong><\/p>\n\n\n\n<ul class=\"wp-block-list has-small-font-size\">\n<li>T\u00edtulo: <strong>&#8220;Exquisite Corpse&#8221; or Create a Creature<\/strong><\/li>\n\n\n\n<li>Autor(es): Isabel Owen&nbsp;<\/li>\n\n\n\n<li>Orientador(es): <a href=\"http:\/\/lattes.cnpq.br\/0904067563497910\">Andressa Brawerman Albini<\/a><\/li>\n\n\n\n<li>Revisora: Gabriela Tsuneta<\/li>\n\n\n\n<li>Palavras-chave: Conversation; Drawing; Group Activity; Story Telling.<\/li>\n<\/ul>\n\n\n\n<p><em>Para acessar o material<\/em> <a href=\"https:\/\/utfpr-ct-static-content.s3.amazonaws.com\/utfpr.curitiba.br\/wp-content\/uploads\/sites\/65\/2024\/03\/OK-conversation-Create-a-Creature-SITE.pptx.pdf\" target=\"_blank\" rel=\"noopener\">clique aqui<\/a>.<\/p>\n\n\n\n<div class=\"wp-block-columns is-layout-flex wp-container-core-columns-is-layout-9d6595d7 wp-block-columns-is-layout-flex\">\n<div class=\"wp-block-column is-layout-flow wp-block-column-is-layout-flow\">\n<p><\/p>\n<\/div>\n<\/div>\n\n\n\n<p class=\"has-medium-font-size\"><img fetchpriority=\"high\" decoding=\"async\" width=\"700\" height=\"700\" class=\"wp-image-943\" style=\"width: 45px\" src=\"https:\/\/utfpr-ct-static-content.s3.amazonaws.com\/utfpr.curitiba.br\/wp-content\/uploads\/sites\/65\/2024\/07\/DD-Conversacao-Simbolo.png\" alt=\"\" srcset=\"https:\/\/utfpr-ct-static-content.s3.amazonaws.com\/utfpr.curitiba.br\/wp-content\/uploads\/sites\/65\/2024\/07\/DD-Conversacao-Simbolo.png 700w, https:\/\/utfpr-ct-static-content.s3.amazonaws.com\/utfpr.curitiba.br\/wp-content\/uploads\/sites\/65\/2024\/07\/DD-Conversacao-Simbolo-300x300.png 300w, https:\/\/utfpr-ct-static-content.s3.amazonaws.com\/utfpr.curitiba.br\/wp-content\/uploads\/sites\/65\/2024\/07\/DD-Conversacao-Simbolo-150x150.png 150w\" sizes=\"(max-width: 700px) 100vw, 700px\" \/><strong>Deadpool<\/strong><\/p>\n\n\n\n<ul class=\"wp-block-list\">\n<li class=\"has-small-font-size\">T\u00edtulo: <strong>DEADPOOL 02<\/strong><\/li>\n\n\n\n<li class=\"has-small-font-size\">Autor(es): Allyce Matos, J\u00falia Vieira Lopes e Isabela de Azevedo<\/li>\n\n\n\n<li class=\"has-small-font-size\">Orientador(es): Andressa Brawerman Albini <\/li>\n\n\n\n<li class=\"has-small-font-size\">Revisora: Amanda Andrade Paludo<\/li>\n\n\n\n<li class=\"has-small-font-size\">Palavras-chave: Conversation; Movies; Heroes; Health<\/li>\n<\/ul>\n\n\n\n<p><em>Para acessar o material <\/em><a href=\"https:\/\/utfpr-ct-static-content.s3.amazonaws.com\/utfpr.curitiba.br\/wp-content\/uploads\/sites\/65\/2024\/09\/REA-Deadpool-.pdf\" target=\"_blank\" rel=\"noreferrer noopener\">clique aqui<\/a>.<\/p>\n\n\n\n<div class=\"wp-block-columns is-layout-flex wp-container-core-columns-is-layout-9d6595d7 wp-block-columns-is-layout-flex\">\n<div class=\"wp-block-column is-layout-flow wp-block-column-is-layout-flow\">\n<p><\/p>\n<\/div>\n<\/div>\n\n\n\n<p class=\"has-medium-font-size\"><img fetchpriority=\"high\" decoding=\"async\" width=\"700\" height=\"700\" class=\"wp-image-943\" style=\"width: 45px\" src=\"https:\/\/utfpr-ct-static-content.s3.amazonaws.com\/utfpr.curitiba.br\/wp-content\/uploads\/sites\/65\/2024\/07\/DD-Conversacao-Simbolo.png\" alt=\"\" srcset=\"https:\/\/utfpr-ct-static-content.s3.amazonaws.com\/utfpr.curitiba.br\/wp-content\/uploads\/sites\/65\/2024\/07\/DD-Conversacao-Simbolo.png 700w, https:\/\/utfpr-ct-static-content.s3.amazonaws.com\/utfpr.curitiba.br\/wp-content\/uploads\/sites\/65\/2024\/07\/DD-Conversacao-Simbolo-300x300.png 300w, https:\/\/utfpr-ct-static-content.s3.amazonaws.com\/utfpr.curitiba.br\/wp-content\/uploads\/sites\/65\/2024\/07\/DD-Conversacao-Simbolo-150x150.png 150w\" sizes=\"(max-width: 700px) 100vw, 700px\" \/><strong>Describing Who We Are<\/strong><\/p>\n\n\n\n<ul class=\"wp-block-list has-small-font-size\">\n<li>T\u00edtulo: <strong>&#8220;Coat of Arms&#8221; &amp; Describing Who We Are<\/strong><\/li>\n\n\n\n<li>Autor(es): Isabel Owen&nbsp;<\/li>\n\n\n\n<li>Orientador(es): <a href=\"http:\/\/lattes.cnpq.br\/0904067563497910\">Andressa Brawerman Albini<\/a><\/li>\n\n\n\n<li>Revisora: Gabriela Tsuneta<\/li>\n\n\n\n<li>Palavras-chave:&nbsp; Conversation; Drawing; Personal Identity; Writing; Presentation.<\/li>\n<\/ul>\n\n\n\n<p><em>Para acessar o material<\/em> <a style=\"font-family: var( --e-global-typography-text-font-family ), Sans-serif\" href=\"https:\/\/utfpr-ct-static-content.s3.amazonaws.com\/utfpr.curitiba.br\/wp-content\/uploads\/sites\/65\/2024\/03\/OK-conversation-Describing-Who-We-Are-SITE.pptx.pdf\" target=\"_blank\" rel=\"noopener\">clique aqui<\/a>.<\/p>\n\n\n\n<div class=\"wp-block-columns is-layout-flex wp-container-core-columns-is-layout-9d6595d7 wp-block-columns-is-layout-flex\">\n<div class=\"wp-block-column is-layout-flow wp-block-column-is-layout-flow\">\n<p><\/p>\n<\/div>\n<\/div>\n\n\n\n<p class=\"has-medium-font-size\"><img fetchpriority=\"high\" decoding=\"async\" width=\"700\" height=\"700\" class=\"wp-image-943\" style=\"width: 45px\" src=\"https:\/\/utfpr-ct-static-content.s3.amazonaws.com\/utfpr.curitiba.br\/wp-content\/uploads\/sites\/65\/2024\/07\/DD-Conversacao-Simbolo.png\" alt=\"\" srcset=\"https:\/\/utfpr-ct-static-content.s3.amazonaws.com\/utfpr.curitiba.br\/wp-content\/uploads\/sites\/65\/2024\/07\/DD-Conversacao-Simbolo.png 700w, https:\/\/utfpr-ct-static-content.s3.amazonaws.com\/utfpr.curitiba.br\/wp-content\/uploads\/sites\/65\/2024\/07\/DD-Conversacao-Simbolo-300x300.png 300w, https:\/\/utfpr-ct-static-content.s3.amazonaws.com\/utfpr.curitiba.br\/wp-content\/uploads\/sites\/65\/2024\/07\/DD-Conversacao-Simbolo-150x150.png 150w\" sizes=\"(max-width: 700px) 100vw, 700px\" \/><strong>Doing Housework<\/strong><\/p>\n\n\n\n<ul class=\"wp-block-list has-small-font-size\">\n<li>T\u00edtulo: <strong>Housework<\/strong><\/li>\n\n\n\n<li>Autor(es): Amabile Lais Braga Rubel, Bianca Nobrega da Fonseca e Jackeline Flavia de Lima<\/li>\n\n\n\n<li>Orientador(es): <a href=\"http:\/\/lattes.cnpq.br\/0904067563497910\">Andressa Brawerman Albini<\/a><\/li>\n\n\n\n<li>Revisora: Amanda Andrade Paludo&nbsp;<\/li>\n\n\n\n<li>Palavras-chave: Countries; Cleaning; Culture; Traditions; Vocabulary.<\/li>\n<\/ul>\n\n\n\n<p><em>Para acessar o material<\/em> <a style=\"font-family: var( --e-global-typography-text-font-family ), Sans-serif\" href=\"https:\/\/utfpr-ct-static-content.s3.amazonaws.com\/utfpr.curitiba.br\/wp-content\/uploads\/sites\/65\/2024\/02\/OK-conversation-Doing-Housework-SITE.pptx.pdf\" target=\"_blank\" rel=\"noopener\">clique aqui<\/a>.<\/p>\n\n\n\n<div class=\"wp-block-columns is-layout-flex wp-container-core-columns-is-layout-9d6595d7 wp-block-columns-is-layout-flex\">\n<div class=\"wp-block-column is-layout-flow wp-block-column-is-layout-flow\">\n<p><\/p>\n<\/div>\n<\/div>\n\n\n\n<p class=\"has-medium-font-size\"><img fetchpriority=\"high\" decoding=\"async\" width=\"700\" height=\"700\" class=\"wp-image-943\" style=\"width: 45px\" src=\"https:\/\/utfpr-ct-static-content.s3.amazonaws.com\/utfpr.curitiba.br\/wp-content\/uploads\/sites\/65\/2024\/07\/DD-Conversacao-Simbolo.png\" alt=\"\" srcset=\"https:\/\/utfpr-ct-static-content.s3.amazonaws.com\/utfpr.curitiba.br\/wp-content\/uploads\/sites\/65\/2024\/07\/DD-Conversacao-Simbolo.png 700w, https:\/\/utfpr-ct-static-content.s3.amazonaws.com\/utfpr.curitiba.br\/wp-content\/uploads\/sites\/65\/2024\/07\/DD-Conversacao-Simbolo-300x300.png 300w, https:\/\/utfpr-ct-static-content.s3.amazonaws.com\/utfpr.curitiba.br\/wp-content\/uploads\/sites\/65\/2024\/07\/DD-Conversacao-Simbolo-150x150.png 150w\" sizes=\"(max-width: 700px) 100vw, 700px\" \/><strong>Film Genres<\/strong><\/p>\n\n\n\n<ul class=\"wp-block-list has-small-font-size\">\n<li>T\u00edtulo:<strong> Film Genres: Conversation Club<\/strong><\/li>\n\n\n\n<li>Autor(es): Alice Mandaj e Julia Albara<\/li>\n\n\n\n<li>Orientador(es): <a href=\"http:\/\/lattes.cnpq.br\/8225559300943355\" target=\"_blank\" rel=\"noreferrer noopener\">Aline De Mello Sanfelici<\/a><\/li>\n\n\n\n<li>Revisora: Rafaela Sander de Barros Carvalho&nbsp;<\/li>\n\n\n\n<li>Palavras-chave: Actresses and Actors; Film Genres; Movies and TV Shows; Movie Vocabulary; Silent Film.<\/li>\n<\/ul>\n\n\n\n<p><em>Para acessar o material<\/em> <a href=\"https:\/\/utfpr-ct-static-content.s3.amazonaws.com\/utfpr.curitiba.br\/wp-content\/uploads\/sites\/65\/2023\/10\/Conversacao_Film-Genres.pdf\" target=\"_blank\" rel=\"noopener\">clique aqui<\/a>. <\/p>\n\n\n\n<div class=\"wp-block-columns is-layout-flex wp-container-core-columns-is-layout-9d6595d7 wp-block-columns-is-layout-flex\">\n<div class=\"wp-block-column is-layout-flow wp-block-column-is-layout-flow\">\n<p><\/p>\n<\/div>\n<\/div>\n\n\n\n<p class=\"has-medium-font-size\"><img fetchpriority=\"high\" decoding=\"async\" width=\"700\" height=\"700\" class=\"wp-image-943\" style=\"width: 45px\" src=\"https:\/\/utfpr-ct-static-content.s3.amazonaws.com\/utfpr.curitiba.br\/wp-content\/uploads\/sites\/65\/2024\/07\/DD-Conversacao-Simbolo.png\" alt=\"\" srcset=\"https:\/\/utfpr-ct-static-content.s3.amazonaws.com\/utfpr.curitiba.br\/wp-content\/uploads\/sites\/65\/2024\/07\/DD-Conversacao-Simbolo.png 700w, https:\/\/utfpr-ct-static-content.s3.amazonaws.com\/utfpr.curitiba.br\/wp-content\/uploads\/sites\/65\/2024\/07\/DD-Conversacao-Simbolo-300x300.png 300w, https:\/\/utfpr-ct-static-content.s3.amazonaws.com\/utfpr.curitiba.br\/wp-content\/uploads\/sites\/65\/2024\/07\/DD-Conversacao-Simbolo-150x150.png 150w\" sizes=\"(max-width: 700px) 100vw, 700px\" \/><strong>Filmes para Reda\u00e7\u00e3o<\/strong><\/p>\n\n\n\n<ul class=\"wp-block-list has-small-font-size\">\n<li>T\u00edtulo: <strong>Conversation Club: Reda\u00e7\u00e3o &#8211; Filmes que Podem Ser Abordados na Reda\u00e7\u00e3o do Enem<\/strong><\/li>\n\n\n\n<li>Autor(es): Alice Mandaj Valente e Julia Albara<\/li>\n\n\n\n<li>Orientador(es): <a href=\"http:\/\/lattes.cnpq.br\/8225559300943355\" target=\"_blank\" rel=\"noreferrer noopener\">Aline De Mello Sanfelici<\/a><\/li>\n\n\n\n<li>Revisora: Julia Camile dos Santos<\/li>\n\n\n\n<li>Palavras-chave: Entrance Exam; Essays; Movies; University.<\/li>\n<\/ul>\n\n\n\n<p><em>Para acessar o material<\/em> <a href=\"https:\/\/utfpr-ct-static-content.s3.amazonaws.com\/utfpr.curitiba.br\/wp-content\/uploads\/sites\/65\/2023\/10\/Aline-Sanfelici-Conversation-filmes-para-redacao.pptx-SITE.pdf\" target=\"_blank\" rel=\"noopener\">clique aqui<\/a>.<\/p>\n\n\n\n<div class=\"wp-block-columns is-layout-flex wp-container-core-columns-is-layout-9d6595d7 wp-block-columns-is-layout-flex\">\n<div class=\"wp-block-column is-layout-flow wp-block-column-is-layout-flow\">\n<p><\/p>\n<\/div>\n<\/div>\n\n\n\n<p class=\"has-medium-font-size\"><img fetchpriority=\"high\" decoding=\"async\" width=\"700\" height=\"700\" class=\"wp-image-943\" style=\"width: 45px\" src=\"https:\/\/utfpr-ct-static-content.s3.amazonaws.com\/utfpr.curitiba.br\/wp-content\/uploads\/sites\/65\/2024\/07\/DD-Conversacao-Simbolo.png\" alt=\"\" srcset=\"https:\/\/utfpr-ct-static-content.s3.amazonaws.com\/utfpr.curitiba.br\/wp-content\/uploads\/sites\/65\/2024\/07\/DD-Conversacao-Simbolo.png 700w, https:\/\/utfpr-ct-static-content.s3.amazonaws.com\/utfpr.curitiba.br\/wp-content\/uploads\/sites\/65\/2024\/07\/DD-Conversacao-Simbolo-300x300.png 300w, https:\/\/utfpr-ct-static-content.s3.amazonaws.com\/utfpr.curitiba.br\/wp-content\/uploads\/sites\/65\/2024\/07\/DD-Conversacao-Simbolo-150x150.png 150w\" sizes=\"(max-width: 700px) 100vw, 700px\" \/><strong>Fake News<\/strong><\/p>\n\n\n\n<ul class=\"wp-block-list has-small-font-size\">\n<li>T\u00edtulo: <strong>Fake News and Misinformation<\/strong><\/li>\n\n\n\n<li>Autor(es): Luciane Degraf e Guilherme Ricardi Machado<\/li>\n\n\n\n<li>Orientador(es): <a href=\"http:\/\/lattes.cnpq.br\/8225559300943355\" target=\"_blank\" rel=\"noreferrer noopener\">Aline De Mello Sanfelici<\/a><\/li>\n\n\n\n<li>Revisor: Jo\u00e3o Gabriel da Cunha Brauhardt Hessel.<\/li>\n\n\n\n<li>Palavras-chave: Circular Reporting; Commercial Purposes; Clickbait; Lies and Truths; Political Purposes.&nbsp;<\/li>\n<\/ul>\n\n\n\n<p><em>Para acessar o material<\/em> <a style=\"font-family: var( --e-global-typography-text-font-family ), Sans-serif\" href=\"https:\/\/utfpr-ct-static-content.s3.amazonaws.com\/utfpr.curitiba.br\/wp-content\/uploads\/sites\/65\/2023\/10\/Fake-News.pdf\" target=\"_blank\" rel=\"noopener\">clique aqui<\/a>.<\/p>\n\n\n\n<div class=\"wp-block-columns is-layout-flex wp-container-core-columns-is-layout-9d6595d7 wp-block-columns-is-layout-flex\">\n<div class=\"wp-block-column is-layout-flow wp-block-column-is-layout-flow\">\n<p><\/p>\n<\/div>\n<\/div>\n\n\n\n<p class=\"has-medium-font-size\"><img fetchpriority=\"high\" decoding=\"async\" width=\"700\" height=\"700\" class=\"wp-image-943\" style=\"width: 45px\" src=\"https:\/\/utfpr-ct-static-content.s3.amazonaws.com\/utfpr.curitiba.br\/wp-content\/uploads\/sites\/65\/2024\/07\/DD-Conversacao-Simbolo.png\" alt=\"\" srcset=\"https:\/\/utfpr-ct-static-content.s3.amazonaws.com\/utfpr.curitiba.br\/wp-content\/uploads\/sites\/65\/2024\/07\/DD-Conversacao-Simbolo.png 700w, https:\/\/utfpr-ct-static-content.s3.amazonaws.com\/utfpr.curitiba.br\/wp-content\/uploads\/sites\/65\/2024\/07\/DD-Conversacao-Simbolo-300x300.png 300w, https:\/\/utfpr-ct-static-content.s3.amazonaws.com\/utfpr.curitiba.br\/wp-content\/uploads\/sites\/65\/2024\/07\/DD-Conversacao-Simbolo-150x150.png 150w\" sizes=\"(max-width: 700px) 100vw, 700px\" \/><strong>First Class Activities<\/strong><\/p>\n\n\n\n<ul class=\"wp-block-list has-small-font-size\">\n<li>T\u00edtulo: <strong>Welcome to Conversation Club<\/strong><\/li>\n\n\n\n<li>Autor(es): Isabel Owen&nbsp;<\/li>\n\n\n\n<li>Orientador(es): <a href=\"http:\/\/lattes.cnpq.br\/0904067563497910\">Andressa Brawerman Albini<\/a><\/li>\n\n\n\n<li>Revisora: Gabriela Tsuneta<\/li>\n\n\n\n<li>Palavras-chave:&nbsp; Conversation; First Impression; Listening; Meeting New People; Truth or Lie.<\/li>\n<\/ul>\n\n\n\n<p><em>Para acessar o material<\/em> <a style=\"font-family: var( --e-global-typography-text-font-family ), Sans-serif\" href=\"https:\/\/utfpr-ct-static-content.s3.amazonaws.com\/utfpr.curitiba.br\/wp-content\/uploads\/sites\/65\/2024\/03\/OK-conversation-First-Class-Activities-SITE.pptx.pdf\" target=\"_blank\" rel=\"noopener\">clique aqui<\/a>.<\/p>\n\n\n\n<div class=\"wp-block-columns is-layout-flex wp-container-core-columns-is-layout-9d6595d7 wp-block-columns-is-layout-flex\">\n<div class=\"wp-block-column is-layout-flow wp-block-column-is-layout-flow\">\n<p><\/p>\n<\/div>\n<\/div>\n\n\n\n<p class=\"has-medium-font-size\"><img fetchpriority=\"high\" decoding=\"async\" width=\"700\" height=\"700\" class=\"wp-image-943\" style=\"width: 45px\" src=\"https:\/\/utfpr-ct-static-content.s3.amazonaws.com\/utfpr.curitiba.br\/wp-content\/uploads\/sites\/65\/2024\/07\/DD-Conversacao-Simbolo.png\" alt=\"\" srcset=\"https:\/\/utfpr-ct-static-content.s3.amazonaws.com\/utfpr.curitiba.br\/wp-content\/uploads\/sites\/65\/2024\/07\/DD-Conversacao-Simbolo.png 700w, https:\/\/utfpr-ct-static-content.s3.amazonaws.com\/utfpr.curitiba.br\/wp-content\/uploads\/sites\/65\/2024\/07\/DD-Conversacao-Simbolo-300x300.png 300w, https:\/\/utfpr-ct-static-content.s3.amazonaws.com\/utfpr.curitiba.br\/wp-content\/uploads\/sites\/65\/2024\/07\/DD-Conversacao-Simbolo-150x150.png 150w\" sizes=\"(max-width: 700px) 100vw, 700px\" \/><strong>Giving Opinions<\/strong><\/p>\n\n\n\n<ul class=\"wp-block-list has-small-font-size\">\n<li>T\u00edtulo: <strong>Giving Opinion in English<\/strong><\/li>\n\n\n\n<li>Autor(es):&nbsp; Luciane Degraf e Guilherme Ricardi Machado<\/li>\n\n\n\n<li>Orientador(es): <a href=\"http:\/\/lattes.cnpq.br\/8225559300943355\" target=\"_blank\" rel=\"noreferrer noopener\">Aline De Mello Sanfelici<\/a><\/li>\n\n\n\n<li>Revisor: Jo\u00e3o Gabriel da Cunha Brauhardt Hessel.<\/li>\n\n\n\n<li>Palavras-chave: Asking for Opinion; Agreeing and Disagreeing; Expressing Opinion; Neutral Opinion; Subjective Opinion; Strong Opinion.<\/li>\n<\/ul>\n\n\n\n<p><em>Para acessar o material<\/em> <a href=\"https:\/\/utfpr-ct-static-content.s3.amazonaws.com\/utfpr.curitiba.br\/wp-content\/uploads\/sites\/65\/2023\/10\/Giving-opinions.pdf\" target=\"_blank\" rel=\"noopener\">clique aqui<\/a>.<\/p>\n\n\n\n<div class=\"wp-block-columns is-layout-flex wp-container-core-columns-is-layout-9d6595d7 wp-block-columns-is-layout-flex\">\n<div class=\"wp-block-column is-layout-flow wp-block-column-is-layout-flow\">\n<p><\/p>\n<\/div>\n<\/div>\n\n\n\n<p class=\"has-medium-font-size\"><img fetchpriority=\"high\" decoding=\"async\" width=\"700\" height=\"700\" class=\"wp-image-943\" style=\"width: 45px\" src=\"https:\/\/utfpr-ct-static-content.s3.amazonaws.com\/utfpr.curitiba.br\/wp-content\/uploads\/sites\/65\/2024\/07\/DD-Conversacao-Simbolo.png\" alt=\"\" srcset=\"https:\/\/utfpr-ct-static-content.s3.amazonaws.com\/utfpr.curitiba.br\/wp-content\/uploads\/sites\/65\/2024\/07\/DD-Conversacao-Simbolo.png 700w, https:\/\/utfpr-ct-static-content.s3.amazonaws.com\/utfpr.curitiba.br\/wp-content\/uploads\/sites\/65\/2024\/07\/DD-Conversacao-Simbolo-300x300.png 300w, https:\/\/utfpr-ct-static-content.s3.amazonaws.com\/utfpr.curitiba.br\/wp-content\/uploads\/sites\/65\/2024\/07\/DD-Conversacao-Simbolo-150x150.png 150w\" sizes=\"(max-width: 700px) 100vw, 700px\" \/><strong>Holidays and Celebrations<\/strong><\/p>\n\n\n\n<ul class=\"wp-block-list has-small-font-size\">\n<li>T\u00edtulo: <strong>Holidays and Celebrations<\/strong><\/li>\n\n\n\n<li>Autor(es): Annie Niemzyk Silva, Jacqueline Danielle Carbon e Leonardo Wong<\/li>\n\n\n\n<li>Orientador(es): <a href=\"http:\/\/lattes.cnpq.br\/0904067563497910\">Andressa Brawerman Albini<\/a> e <a href=\"http:\/\/lattes.cnpq.br\/0922769468871302\">Tassia Setti<\/a><\/li>\n\n\n\n<li>Revisora: Amanda Andrade Paludo&nbsp;<\/li>\n\n\n\n<li>Palavras-chave: Celebrations; Habits; Reading; Traditions; Vocabulary; Writing.<\/li>\n<\/ul>\n\n\n\n<p><em>Para acessar o material<\/em> <a style=\"font-family: var( --e-global-typography-text-font-family ), Sans-serif\" href=\"https:\/\/utfpr-ct-static-content.s3.amazonaws.com\/utfpr.curitiba.br\/wp-content\/uploads\/sites\/65\/2024\/02\/OK-conversacao-Holidays-and-Celebrations-SITE.pdf\" target=\"_blank\" rel=\"noopener\">clique aqui<\/a>. <\/p>\n\n\n\n<div class=\"wp-block-columns is-layout-flex wp-container-core-columns-is-layout-9d6595d7 wp-block-columns-is-layout-flex\">\n<div class=\"wp-block-column is-layout-flow wp-block-column-is-layout-flow\">\n<p><\/p>\n<\/div>\n<\/div>\n\n\n\n<p class=\"has-medium-font-size\"><img fetchpriority=\"high\" decoding=\"async\" width=\"700\" height=\"700\" class=\"wp-image-943\" style=\"width: 45px\" src=\"https:\/\/utfpr-ct-static-content.s3.amazonaws.com\/utfpr.curitiba.br\/wp-content\/uploads\/sites\/65\/2024\/07\/DD-Conversacao-Simbolo.png\" alt=\"\" srcset=\"https:\/\/utfpr-ct-static-content.s3.amazonaws.com\/utfpr.curitiba.br\/wp-content\/uploads\/sites\/65\/2024\/07\/DD-Conversacao-Simbolo.png 700w, https:\/\/utfpr-ct-static-content.s3.amazonaws.com\/utfpr.curitiba.br\/wp-content\/uploads\/sites\/65\/2024\/07\/DD-Conversacao-Simbolo-300x300.png 300w, https:\/\/utfpr-ct-static-content.s3.amazonaws.com\/utfpr.curitiba.br\/wp-content\/uploads\/sites\/65\/2024\/07\/DD-Conversacao-Simbolo-150x150.png 150w\" sizes=\"(max-width: 700px) 100vw, 700px\" \/><strong>How to Train Your Dragon and <em>Madagascar 2<\/em><\/strong><\/p>\n\n\n\n<ul class=\"wp-block-list has-small-font-size\">\n<li>T\u00edtulo: Animation:<strong> How to Train Your Dragon and Madagascar 2<\/strong><\/li>\n\n\n\n<li>Autor(es): Alice Mandaj Valente e Julia Albara<\/li>\n\n\n\n<li>Orientador(es): <a href=\"http:\/\/lattes.cnpq.br\/8225559300943355\" target=\"_blank\" rel=\"noreferrer noopener\">Aline De Mello Sanfelici<\/a><\/li>\n\n\n\n<li>Revisora: Julia Camile dos Santos<\/li>\n\n\n\n<li>Palavras-chave: Characters; Idiomatic Expressions; Movies; Personalities; Vocabulary.<\/li>\n<\/ul>\n\n\n\n<p><em>Para acessar o material<\/em> <a style=\"font-family: var( --e-global-typography-text-font-family ), Sans-serif\" href=\"https:\/\/utfpr-ct-static-content.s3.amazonaws.com\/utfpr.curitiba.br\/wp-content\/uploads\/sites\/65\/2023\/10\/Aline-Sanfelici-conversation-How-to-train-your-dragon-and-Madagascar-2.pptx-SITE.pdf\" target=\"_blank\" rel=\"noopener\">clique aqui<\/a>.<\/p>\n\n\n\n<div class=\"wp-block-columns is-layout-flex wp-container-core-columns-is-layout-9d6595d7 wp-block-columns-is-layout-flex\">\n<div class=\"wp-block-column is-layout-flow wp-block-column-is-layout-flow\">\n<p><\/p>\n<\/div>\n<\/div>\n\n\n\n<p class=\"has-medium-font-size\"><img decoding=\"async\" width=\"700\" height=\"700\" class=\"wp-image-969\" style=\"width: 45px\" src=\"https:\/\/utfpr-ct-static-content.s3.amazonaws.com\/utfpr.curitiba.br\/wp-content\/uploads\/sites\/65\/2024\/07\/DD-Cultura-Simbolo-1.png\" alt=\"\" srcset=\"https:\/\/utfpr-ct-static-content.s3.amazonaws.com\/utfpr.curitiba.br\/wp-content\/uploads\/sites\/65\/2024\/07\/DD-Cultura-Simbolo-1.png 700w, https:\/\/utfpr-ct-static-content.s3.amazonaws.com\/utfpr.curitiba.br\/wp-content\/uploads\/sites\/65\/2024\/07\/DD-Cultura-Simbolo-1-300x300.png 300w, https:\/\/utfpr-ct-static-content.s3.amazonaws.com\/utfpr.curitiba.br\/wp-content\/uploads\/sites\/65\/2024\/07\/DD-Cultura-Simbolo-1-150x150.png 150w\" sizes=\"(max-width: 700px) 100vw, 700px\" \/><strong>Interview Script<\/strong><\/p>\n\n\n\n<ul class=\"wp-block-list has-small-font-size\">\n<li>T\u00edtulo: <strong>Interview Script<\/strong><\/li>\n\n\n\n<li>Autor(es): Rafaela Neves<\/li>\n\n\n\n<li>Orientador(es): Andressa Brawerman Albini<\/li>\n\n\n\n<li>Revisor: Allyce Matos<\/li>\n\n\n\n<li>Palavras-chave: Conversation; Questions; Meeting New People.<\/li>\n<\/ul>\n\n\n\n<p><em>Para acessar o material<\/em> <a href=\"https:\/\/utfpr-ct-static-content.s3.amazonaws.com\/utfpr.curitiba.br\/wp-content\/uploads\/sites\/65\/2025\/05\/Interview-Script.pdf\" target=\"_blank\" rel=\"noreferrer noopener\">clique aqui<\/a>.<\/p>\n\n\n\n<div class=\"wp-block-columns is-layout-flex wp-container-core-columns-is-layout-9d6595d7 wp-block-columns-is-layout-flex\">\n<div class=\"wp-block-column is-layout-flow wp-block-column-is-layout-flow\">\n<p><\/p>\n<\/div>\n<\/div>\n\n\n\n<p class=\"has-medium-font-size\"><img fetchpriority=\"high\" decoding=\"async\" width=\"700\" height=\"700\" class=\"wp-image-943\" style=\"width: 45px\" src=\"https:\/\/utfpr-ct-static-content.s3.amazonaws.com\/utfpr.curitiba.br\/wp-content\/uploads\/sites\/65\/2024\/07\/DD-Conversacao-Simbolo.png\" alt=\"\" srcset=\"https:\/\/utfpr-ct-static-content.s3.amazonaws.com\/utfpr.curitiba.br\/wp-content\/uploads\/sites\/65\/2024\/07\/DD-Conversacao-Simbolo.png 700w, https:\/\/utfpr-ct-static-content.s3.amazonaws.com\/utfpr.curitiba.br\/wp-content\/uploads\/sites\/65\/2024\/07\/DD-Conversacao-Simbolo-300x300.png 300w, https:\/\/utfpr-ct-static-content.s3.amazonaws.com\/utfpr.curitiba.br\/wp-content\/uploads\/sites\/65\/2024\/07\/DD-Conversacao-Simbolo-150x150.png 150w\" sizes=\"(max-width: 700px) 100vw, 700px\" \/><strong>Life of a Painter<\/strong><\/p>\n\n\n\n<ul class=\"wp-block-list has-small-font-size\">\n<li>T\u00edtulo: <strong>A painter<\/strong><\/li>\n\n\n\n<li>Autor(es): Andressa Mara Dahmer<\/li>\n\n\n\n<li>Orientador(es): <a href=\"http:\/\/lattes.cnpq.br\/8225559300943355\" target=\"_blank\" rel=\"noreferrer noopener\">Aline De Mello Sanfelici<\/a><\/li>\n\n\n\n<li>Revisora: Julia Camile dos Santos<\/li>\n\n\n\n<li>Palavras-chave: Biography; Drawing; Hobbies; Meeting a Famous Person; Painting; Vincent Van Gogh.&nbsp;<\/li>\n<\/ul>\n\n\n\n<p><em>Para acessar o material<\/em> <a style=\"font-family: var( --e-global-typography-text-font-family ), Sans-serif\" href=\"https:\/\/utfpr-ct-static-content.s3.amazonaws.com\/utfpr.curitiba.br\/wp-content\/uploads\/sites\/65\/2023\/10\/Aline-de-Mello-speaking-Life-of-a-painter.pptx-SITE-1.pdf\" target=\"_blank\" rel=\"noopener\">clique aqui<\/a>.<\/p>\n\n\n\n<div class=\"wp-block-columns is-layout-flex wp-container-core-columns-is-layout-9d6595d7 wp-block-columns-is-layout-flex\">\n<div class=\"wp-block-column is-layout-flow wp-block-column-is-layout-flow\">\n<p><\/p>\n<\/div>\n<\/div>\n\n\n\n<p class=\"has-medium-font-size\"><img fetchpriority=\"high\" decoding=\"async\" width=\"700\" height=\"700\" class=\"wp-image-943\" style=\"width: 45px\" src=\"https:\/\/utfpr-ct-static-content.s3.amazonaws.com\/utfpr.curitiba.br\/wp-content\/uploads\/sites\/65\/2024\/07\/DD-Conversacao-Simbolo.png\" alt=\"\" srcset=\"https:\/\/utfpr-ct-static-content.s3.amazonaws.com\/utfpr.curitiba.br\/wp-content\/uploads\/sites\/65\/2024\/07\/DD-Conversacao-Simbolo.png 700w, https:\/\/utfpr-ct-static-content.s3.amazonaws.com\/utfpr.curitiba.br\/wp-content\/uploads\/sites\/65\/2024\/07\/DD-Conversacao-Simbolo-300x300.png 300w, https:\/\/utfpr-ct-static-content.s3.amazonaws.com\/utfpr.curitiba.br\/wp-content\/uploads\/sites\/65\/2024\/07\/DD-Conversacao-Simbolo-150x150.png 150w\" sizes=\"(max-width: 700px) 100vw, 700px\" \/><strong>Midsummer Night&#8217;s Dream<\/strong><\/p>\n\n\n\n<ul class=\"wp-block-list has-small-font-size\">\n<li>T\u00edtulo: <strong>A <em>Midsummer Night&#8217;s Dream<\/em>: An Intermedia Activity<\/strong><\/li>\n\n\n\n<li>Autor(es): Caroline S. Lima<\/li>\n\n\n\n<li>Orientador(es): <a href=\"http:\/\/lattes.cnpq.br\/8225559300943355\" target=\"_blank\" rel=\"noreferrer noopener\">Aline De Mello Sanfelici<\/a><\/li>\n\n\n\n<li>Revisora: Julia Camile dos Santos<\/li>\n\n\n\n<li>Palavras-chave: Comics; Intermedia; Media; Painting; Photos; Scenes.<\/li>\n<\/ul>\n\n\n\n<p><em>Para acessar o material<\/em> <a href=\"https:\/\/utfpr-ct-static-content.s3.amazonaws.com\/utfpr.curitiba.br\/wp-content\/uploads\/sites\/65\/2023\/10\/Aline-Sanfelici-conversation-A-Midsummer-Nights-Dream-Caroline-S.-Lima.pptx-SITE.pdf\" target=\"_blank\" rel=\"noopener\">clique aqui<\/a>.<\/p>\n\n\n\n<div class=\"wp-block-columns is-layout-flex wp-container-core-columns-is-layout-9d6595d7 wp-block-columns-is-layout-flex\">\n<div class=\"wp-block-column is-layout-flow wp-block-column-is-layout-flow\">\n<p><\/p>\n<\/div>\n<\/div>\n\n\n\n<p class=\"has-medium-font-size\"><img fetchpriority=\"high\" decoding=\"async\" width=\"700\" height=\"700\" class=\"wp-image-943\" style=\"width: 45px\" src=\"https:\/\/utfpr-ct-static-content.s3.amazonaws.com\/utfpr.curitiba.br\/wp-content\/uploads\/sites\/65\/2024\/07\/DD-Conversacao-Simbolo.png\" alt=\"\" srcset=\"https:\/\/utfpr-ct-static-content.s3.amazonaws.com\/utfpr.curitiba.br\/wp-content\/uploads\/sites\/65\/2024\/07\/DD-Conversacao-Simbolo.png 700w, https:\/\/utfpr-ct-static-content.s3.amazonaws.com\/utfpr.curitiba.br\/wp-content\/uploads\/sites\/65\/2024\/07\/DD-Conversacao-Simbolo-300x300.png 300w, https:\/\/utfpr-ct-static-content.s3.amazonaws.com\/utfpr.curitiba.br\/wp-content\/uploads\/sites\/65\/2024\/07\/DD-Conversacao-Simbolo-150x150.png 150w\" sizes=\"(max-width: 700px) 100vw, 700px\" \/><strong>Poetry and Renaissance<\/strong><\/p>\n\n\n\n<ul class=\"wp-block-list has-small-font-size\">\n<li>T\u00edtulo: <strong>Poetry and Renaissance<\/strong><\/li>\n\n\n\n<li>Autor(es): Gracielle Amanda Louren\u00e7o da Silva, Maria Carolina Leier e Mateus Pereira Carneiro<\/li>\n\n\n\n<li>Orientador(es): <a href=\"http:\/\/lattes.cnpq.br\/0904067563497910\">Andressa Brawerman Albini<\/a> e Marcos Paulo de Sousa<\/li>\n\n\n\n<li>Revisora: Amanda Andrade Paludo<\/li>\n\n\n\n<li>Palavras-chave: Conversation; Interpretation; Paintings; Poems; Old Masters.<\/li>\n<\/ul>\n\n\n\n<p><em>Para acessar o material<\/em> <a style=\"font-family: var( --e-global-typography-text-font-family ), Sans-serif\" href=\"https:\/\/utfpr-ct-static-content.s3.amazonaws.com\/utfpr.curitiba.br\/wp-content\/uploads\/sites\/65\/2024\/03\/OK-conversacao-Poetry-and-Renaissance-SITE.pdf\" target=\"_blank\" rel=\"noopener\">clique aqui<\/a>.<\/p>\n\n\n\n<div class=\"wp-block-columns is-layout-flex wp-container-core-columns-is-layout-9d6595d7 wp-block-columns-is-layout-flex\">\n<div class=\"wp-block-column is-layout-flow wp-block-column-is-layout-flow\">\n<p><\/p>\n<\/div>\n<\/div>\n\n\n\n<p class=\"has-medium-font-size\"><img fetchpriority=\"high\" decoding=\"async\" width=\"700\" height=\"700\" class=\"wp-image-943\" style=\"width: 45px\" src=\"https:\/\/utfpr-ct-static-content.s3.amazonaws.com\/utfpr.curitiba.br\/wp-content\/uploads\/sites\/65\/2024\/07\/DD-Conversacao-Simbolo.png\" alt=\"\" srcset=\"https:\/\/utfpr-ct-static-content.s3.amazonaws.com\/utfpr.curitiba.br\/wp-content\/uploads\/sites\/65\/2024\/07\/DD-Conversacao-Simbolo.png 700w, https:\/\/utfpr-ct-static-content.s3.amazonaws.com\/utfpr.curitiba.br\/wp-content\/uploads\/sites\/65\/2024\/07\/DD-Conversacao-Simbolo-300x300.png 300w, https:\/\/utfpr-ct-static-content.s3.amazonaws.com\/utfpr.curitiba.br\/wp-content\/uploads\/sites\/65\/2024\/07\/DD-Conversacao-Simbolo-150x150.png 150w\" sizes=\"(max-width: 700px) 100vw, 700px\" \/><strong>Small Talk<\/strong><\/p>\n\n\n\n<ul class=\"wp-block-list has-small-font-size\">\n<li>T\u00edtulo: <strong>Basic Conversation Small Talk<\/strong><\/li>\n\n\n\n<li>Autor(es): Isabel Owen<\/li>\n\n\n\n<li>Orientador(es): <a href=\"http:\/\/lattes.cnpq.br\/0904067563497910\">Andressa Brawerman Albini<\/a><\/li>\n\n\n\n<li>Revisora: Gabriela Tsuneta<\/li>\n\n\n\n<li>Palavras-chave: Informal Conversation; Hobbies; Meeting New People.&nbsp;<\/li>\n<\/ul>\n\n\n\n<p><em>Para acessar o material<\/em> <a style=\"font-family: var( --e-global-typography-text-font-family ), Sans-serif\" href=\"https:\/\/utfpr-ct-static-content.s3.amazonaws.com\/utfpr.curitiba.br\/wp-content\/uploads\/sites\/65\/2024\/03\/OK-conversacao-Small-Talk-SITE.pptx.pdf\" target=\"_blank\" rel=\"noopener\">clique aqui<\/a>.<\/p>\n\n\n\n<div class=\"wp-block-columns is-layout-flex wp-container-core-columns-is-layout-9d6595d7 wp-block-columns-is-layout-flex\">\n<div class=\"wp-block-column is-layout-flow wp-block-column-is-layout-flow\">\n<p><\/p>\n<\/div>\n<\/div>\n\n\n\n<p class=\"has-medium-font-size\"><img fetchpriority=\"high\" decoding=\"async\" width=\"700\" height=\"700\" class=\"wp-image-943\" style=\"width: 45px\" src=\"https:\/\/utfpr-ct-static-content.s3.amazonaws.com\/utfpr.curitiba.br\/wp-content\/uploads\/sites\/65\/2024\/07\/DD-Conversacao-Simbolo.png\" alt=\"\" srcset=\"https:\/\/utfpr-ct-static-content.s3.amazonaws.com\/utfpr.curitiba.br\/wp-content\/uploads\/sites\/65\/2024\/07\/DD-Conversacao-Simbolo.png 700w, https:\/\/utfpr-ct-static-content.s3.amazonaws.com\/utfpr.curitiba.br\/wp-content\/uploads\/sites\/65\/2024\/07\/DD-Conversacao-Simbolo-300x300.png 300w, https:\/\/utfpr-ct-static-content.s3.amazonaws.com\/utfpr.curitiba.br\/wp-content\/uploads\/sites\/65\/2024\/07\/DD-Conversacao-Simbolo-150x150.png 150w\" sizes=\"(max-width: 700px) 100vw, 700px\" \/><strong>Spider-man: Into the Spider-Verse<\/strong><\/p>\n\n\n\n<ul class=\"wp-block-list has-small-font-size\">\n<li>T\u00edtulo: <strong>Spider-man: Into the Spider-Verse &#8211; Uma aventura multiversal &#8211; Exploring the movie through listening<\/strong><\/li>\n\n\n\n<li>Autor(es): Anelise Modesta Pizzatto, Julia Camile dos Santos, Julia Maria Santos de Castro, Priscilla Corr\u00eaa Harada e Rafaela Sander<\/li>\n\n\n\n<li>Orientador(es): Andressa Brawerman Albini&nbsp;<\/li>\n\n\n\n<li>Revisora: Gabriela Tsuneta<\/li>\n\n\n\n<li>Palavras-chave: Writing; Listening; Vocabulary; Cultural Diversity; Superhero.<\/li>\n<\/ul>\n\n\n\n<p><em>Para acessar o material<\/em> <a href=\"https:\/\/utfpr-ct-static-content.s3.amazonaws.com\/utfpr.curitiba.br\/wp-content\/uploads\/sites\/65\/2024\/10\/REA-Spider-Man-into-the-Spider-Verse.pdf\" target=\"_blank\" rel=\"noreferrer noopener\">clique aqui<\/a>.<\/p>\n\n\n\n<div class=\"wp-block-columns is-layout-flex wp-container-core-columns-is-layout-9d6595d7 wp-block-columns-is-layout-flex\">\n<div class=\"wp-block-column is-layout-flow wp-block-column-is-layout-flow\">\n<p><\/p>\n<\/div>\n<\/div>\n\n\n\n<p class=\"has-medium-font-size\"><img fetchpriority=\"high\" decoding=\"async\" width=\"700\" height=\"700\" class=\"wp-image-943\" style=\"width: 45px\" src=\"https:\/\/utfpr-ct-static-content.s3.amazonaws.com\/utfpr.curitiba.br\/wp-content\/uploads\/sites\/65\/2024\/07\/DD-Conversacao-Simbolo.png\" alt=\"\" srcset=\"https:\/\/utfpr-ct-static-content.s3.amazonaws.com\/utfpr.curitiba.br\/wp-content\/uploads\/sites\/65\/2024\/07\/DD-Conversacao-Simbolo.png 700w, https:\/\/utfpr-ct-static-content.s3.amazonaws.com\/utfpr.curitiba.br\/wp-content\/uploads\/sites\/65\/2024\/07\/DD-Conversacao-Simbolo-300x300.png 300w, https:\/\/utfpr-ct-static-content.s3.amazonaws.com\/utfpr.curitiba.br\/wp-content\/uploads\/sites\/65\/2024\/07\/DD-Conversacao-Simbolo-150x150.png 150w\" sizes=\"(max-width: 700px) 100vw, 700px\" \/><strong>The Importance of Speaking English<\/strong><\/p>\n\n\n\n<ul class=\"wp-block-list has-small-font-size\">\n<li>T\u00edtulo: <strong>The Importance of Being a Speaker of English as a Foreign Language<\/strong><\/li>\n\n\n\n<li>Autor(es): Larissa de Santi<\/li>\n\n\n\n<li>Orientador(es): <a href=\"http:\/\/lattes.cnpq.br\/0904067563497910\">Andressa Brawerman Albini<\/a><\/li>\n\n\n\n<li>Revisora: Julia Camile dos Santos<\/li>\n\n\n\n<li>Palavras-chave: Conversation; English Relevance; Globalization; Message; Speaking English.<\/li>\n<\/ul>\n\n\n\n<p><em>Para acessar o material<\/em> <a href=\"https:\/\/utfpr-ct-static-content.s3.amazonaws.com\/utfpr.curitiba.br\/wp-content\/uploads\/sites\/65\/2023\/12\/OK-conversation-The-Importance-of-Speaking-English.pdf\" target=\"_blank\" rel=\"noopener\">clique aqui<\/a>.<\/p>\n\n\n\n<div class=\"wp-block-columns is-layout-flex wp-container-core-columns-is-layout-9d6595d7 wp-block-columns-is-layout-flex\">\n<div class=\"wp-block-column is-layout-flow wp-block-column-is-layout-flow\">\n<p><\/p>\n<\/div>\n<\/div>\n\n\n\n<p class=\"has-medium-font-size\"><img fetchpriority=\"high\" decoding=\"async\" width=\"700\" height=\"700\" class=\"wp-image-943\" style=\"width: 45px\" src=\"https:\/\/utfpr-ct-static-content.s3.amazonaws.com\/utfpr.curitiba.br\/wp-content\/uploads\/sites\/65\/2024\/07\/DD-Conversacao-Simbolo.png\" alt=\"\" srcset=\"https:\/\/utfpr-ct-static-content.s3.amazonaws.com\/utfpr.curitiba.br\/wp-content\/uploads\/sites\/65\/2024\/07\/DD-Conversacao-Simbolo.png 700w, https:\/\/utfpr-ct-static-content.s3.amazonaws.com\/utfpr.curitiba.br\/wp-content\/uploads\/sites\/65\/2024\/07\/DD-Conversacao-Simbolo-300x300.png 300w, https:\/\/utfpr-ct-static-content.s3.amazonaws.com\/utfpr.curitiba.br\/wp-content\/uploads\/sites\/65\/2024\/07\/DD-Conversacao-Simbolo-150x150.png 150w\" sizes=\"(max-width: 700px) 100vw, 700px\" \/><strong>Talking about Zodiac Signs<\/strong><\/p>\n\n\n\n<ul class=\"wp-block-list has-small-font-size\">\n<li>T\u00edtulo: <strong>Talking about Zodiac Signs<\/strong><\/li>\n\n\n\n<li>Autor(es): Geovanna Franco, Milena Marceli e William dos Santos M\u00e1rio<\/li>\n\n\n\n<li>Orientador(es): <a href=\"http:\/\/lattes.cnpq.br\/0904067563497910\">Andressa Brawerman Albini<\/a><\/li>\n\n\n\n<li>Revisora: Julia Camile dos Santos<\/li>\n\n\n\n<li>Palavras-chave: Conversation; Characteristics; Mythology; Personalities; Vocabulary.<\/li>\n<\/ul>\n\n\n\n<p class=\"has-medium-font-size\"><img fetchpriority=\"high\" decoding=\"async\" width=\"700\" height=\"700\" class=\"wp-image-943\" style=\"width: 45px\" src=\"https:\/\/utfpr-ct-static-content.s3.amazonaws.com\/utfpr.curitiba.br\/wp-content\/uploads\/sites\/65\/2024\/07\/DD-Conversacao-Simbolo.png\" alt=\"\" srcset=\"https:\/\/utfpr-ct-static-content.s3.amazonaws.com\/utfpr.curitiba.br\/wp-content\/uploads\/sites\/65\/2024\/07\/DD-Conversacao-Simbolo.png 700w, https:\/\/utfpr-ct-static-content.s3.amazonaws.com\/utfpr.curitiba.br\/wp-content\/uploads\/sites\/65\/2024\/07\/DD-Conversacao-Simbolo-300x300.png 300w, https:\/\/utfpr-ct-static-content.s3.amazonaws.com\/utfpr.curitiba.br\/wp-content\/uploads\/sites\/65\/2024\/07\/DD-Conversacao-Simbolo-150x150.png 150w\" sizes=\"(max-width: 700px) 100vw, 700px\" \/><strong>Vampires and Pranks<\/strong><\/p>\n\n\n\n<ul class=\"wp-block-list has-small-font-size\">\n<li><strong>T\u00edtulo: Vampires and Pranks<\/strong><\/li>\n\n\n\n<li>Autor(es): Al\u00e9ria Yaeko Watanabe de Campos, Giovanna Bortolotti e Jeniffer Vit\u00f3ria de Souza Felipe<\/li>\n\n\n\n<li>Orientador(es): Andressa Brawerman Albini<\/li>\n\n\n\n<li>Revisor: Joyce Cristina Silva Ferreira<\/li>\n\n\n\n<li>Palavras-chave: <em>Listening; The Office; Pranks; True or False; Broken Telephone Game.<\/em><\/li>\n<\/ul>\n\n\n\n<p><em>Para acessar o material<\/em> <a href=\"https:\/\/utfpr-ct-static-content.s3.amazonaws.com\/utfpr.curitiba.br\/wp-content\/uploads\/sites\/65\/2026\/03\/REA-Listening-1.pptx.pdf\" target=\"_blank\" rel=\"noreferrer noopener\">clique aqui<\/a>.<\/p>\n\n\n\n<p><\/p>\n","protected":false},"excerpt":{"rendered":"<p>Addictions Para acessar o material clique aqui. Animated Series Para acessar o material clique aqui . Create a Creature Para acessar o material clique aqui. Deadpool Para acessar o material clique aqui. Describing Who We Are Para acessar o material clique aqui. Doing Housework Para acessar o material clique aqui. Film Genres Para acessar o [&hellip;]<\/p>\n","protected":false},"author":39,"featured_media":0,"parent":0,"menu_order":0,"comment_status":"closed","ping_status":"closed","template":"","meta":{"footnotes":""},"class_list":["post-70","page","type-page","status-publish","hentry"],"_links":{"self":[{"href":"https:\/\/utfpr.curitiba.br\/dalemdidatico\/wp-json\/wp\/v2\/pages\/70","targetHints":{"allow":["GET"]}}],"collection":[{"href":"https:\/\/utfpr.curitiba.br\/dalemdidatico\/wp-json\/wp\/v2\/pages"}],"about":[{"href":"https:\/\/utfpr.curitiba.br\/dalemdidatico\/wp-json\/wp\/v2\/types\/page"}],"author":[{"embeddable":true,"href":"https:\/\/utfpr.curitiba.br\/dalemdidatico\/wp-json\/wp\/v2\/users\/39"}],"replies":[{"embeddable":true,"href":"https:\/\/utfpr.curitiba.br\/dalemdidatico\/wp-json\/wp\/v2\/comments?post=70"}],"version-history":[{"count":76,"href":"https:\/\/utfpr.curitiba.br\/dalemdidatico\/wp-json\/wp\/v2\/pages\/70\/revisions"}],"predecessor-version":[{"id":1941,"href":"https:\/\/utfpr.curitiba.br\/dalemdidatico\/wp-json\/wp\/v2\/pages\/70\/revisions\/1941"}],"wp:attachment":[{"href":"https:\/\/utfpr.curitiba.br\/dalemdidatico\/wp-json\/wp\/v2\/media?parent=70"}],"curies":[{"name":"wp","href":"https:\/\/api.w.org\/{rel}","templated":true}]}}