{"id":634,"date":"2024-04-24T12:06:26","date_gmt":"2024-04-24T15:06:26","guid":{"rendered":"https:\/\/utfpr.curitiba.br\/dalemdidatico\/?page_id=634"},"modified":"2026-03-13T15:29:28","modified_gmt":"2026-03-13T18:29:28","slug":"materiais","status":"publish","type":"page","link":"https:\/\/utfpr.curitiba.br\/dalemdidatico\/materiais\/","title":{"rendered":"Materiais"},"content":{"rendered":"\n<p>Os materiais est\u00e3o agrupados nas seguintes categorias (<em>clique nos hiperlinks para acess\u00e1-las<\/em>):<\/p>\n\n\n\n<p class=\"has-medium-font-size\"><img fetchpriority=\"high\" decoding=\"async\" width=\"700\" height=\"700\" class=\"wp-image-969\" style=\"width: 45px\" src=\"https:\/\/utfpr-ct-static-content.s3.amazonaws.com\/utfpr.curitiba.br\/wp-content\/uploads\/sites\/65\/2024\/07\/DD-Cultura-Simbolo-1.png\" alt=\"\" srcset=\"https:\/\/utfpr-ct-static-content.s3.amazonaws.com\/utfpr.curitiba.br\/wp-content\/uploads\/sites\/65\/2024\/07\/DD-Cultura-Simbolo-1.png 700w, https:\/\/utfpr-ct-static-content.s3.amazonaws.com\/utfpr.curitiba.br\/wp-content\/uploads\/sites\/65\/2024\/07\/DD-Cultura-Simbolo-1-300x300.png 300w, https:\/\/utfpr-ct-static-content.s3.amazonaws.com\/utfpr.curitiba.br\/wp-content\/uploads\/sites\/65\/2024\/07\/DD-Cultura-Simbolo-1-150x150.png 150w\" sizes=\"(max-width: 700px) 100vw, 700px\" \/>  <a href=\"https:\/\/utfpr.curitiba.br\/dalemdidatico\/aspectos-culturais\/\">Aspectos culturais<\/a><\/p>\n\n\n\n<p class=\"has-medium-font-size\"><img decoding=\"async\" width=\"700\" height=\"700\" class=\"wp-image-943\" style=\"width: 45px\" src=\"https:\/\/utfpr-ct-static-content.s3.amazonaws.com\/utfpr.curitiba.br\/wp-content\/uploads\/sites\/65\/2024\/07\/DD-Conversacao-Simbolo.png\" alt=\"\" srcset=\"https:\/\/utfpr-ct-static-content.s3.amazonaws.com\/utfpr.curitiba.br\/wp-content\/uploads\/sites\/65\/2024\/07\/DD-Conversacao-Simbolo.png 700w, https:\/\/utfpr-ct-static-content.s3.amazonaws.com\/utfpr.curitiba.br\/wp-content\/uploads\/sites\/65\/2024\/07\/DD-Conversacao-Simbolo-300x300.png 300w, https:\/\/utfpr-ct-static-content.s3.amazonaws.com\/utfpr.curitiba.br\/wp-content\/uploads\/sites\/65\/2024\/07\/DD-Conversacao-Simbolo-150x150.png 150w\" sizes=\"(max-width: 700px) 100vw, 700px\" \/>  <a href=\"https:\/\/utfpr.curitiba.br\/dalemdidatico\/conversacao\/\">Conversa\u00e7\u00e3o<\/a><\/p>\n\n\n\n<p class=\"has-medium-font-size\"><img decoding=\"async\" width=\"700\" height=\"700\" class=\"wp-image-961\" style=\"width: 45px\" src=\"https:\/\/utfpr-ct-static-content.s3.amazonaws.com\/utfpr.curitiba.br\/wp-content\/uploads\/sites\/65\/2024\/07\/DD-Criancas-Simbolo.png\" alt=\"\" srcset=\"https:\/\/utfpr-ct-static-content.s3.amazonaws.com\/utfpr.curitiba.br\/wp-content\/uploads\/sites\/65\/2024\/07\/DD-Criancas-Simbolo.png 700w, https:\/\/utfpr-ct-static-content.s3.amazonaws.com\/utfpr.curitiba.br\/wp-content\/uploads\/sites\/65\/2024\/07\/DD-Criancas-Simbolo-300x300.png 300w, https:\/\/utfpr-ct-static-content.s3.amazonaws.com\/utfpr.curitiba.br\/wp-content\/uploads\/sites\/65\/2024\/07\/DD-Criancas-Simbolo-150x150.png 150w\" sizes=\"(max-width: 700px) 100vw, 700px\" \/>  <a href=\"https:\/\/utfpr.curitiba.br\/dalemdidatico\/ensino-de-ingles-para-criancas\/\">Ensino de ingl\u00eas para crian\u00e7as<\/a><\/p>\n\n\n\n<p class=\"has-medium-font-size\"><img loading=\"lazy\" decoding=\"async\" width=\"700\" height=\"700\" class=\"wp-image-1092\" style=\"width: 45px\" src=\"https:\/\/utfpr-ct-static-content.s3.amazonaws.com\/utfpr.curitiba.br\/wp-content\/uploads\/sites\/65\/2024\/08\/DD-Professores-Simbolo.png\" alt=\"\" srcset=\"https:\/\/utfpr-ct-static-content.s3.amazonaws.com\/utfpr.curitiba.br\/wp-content\/uploads\/sites\/65\/2024\/08\/DD-Professores-Simbolo.png 700w, https:\/\/utfpr-ct-static-content.s3.amazonaws.com\/utfpr.curitiba.br\/wp-content\/uploads\/sites\/65\/2024\/08\/DD-Professores-Simbolo-300x300.png 300w, https:\/\/utfpr-ct-static-content.s3.amazonaws.com\/utfpr.curitiba.br\/wp-content\/uploads\/sites\/65\/2024\/08\/DD-Professores-Simbolo-150x150.png 150w\" sizes=\"(max-width: 700px) 100vw, 700px\" \/>  <a href=\"https:\/\/utfpr.curitiba.br\/dalemdidatico\/formacao-de-professor-de-le\/\">Forma\u00e7\u00e3o de Professor de LE<\/a><\/p>\n\n\n\n<p class=\"has-medium-font-size\"><img loading=\"lazy\" decoding=\"async\" width=\"700\" height=\"700\" class=\"wp-image-970\" style=\"width: 45px\" src=\"https:\/\/utfpr-ct-static-content.s3.amazonaws.com\/utfpr.curitiba.br\/wp-content\/uploads\/sites\/65\/2024\/07\/DD-Gramatica-Simbolo-1.png\" alt=\"\" srcset=\"https:\/\/utfpr-ct-static-content.s3.amazonaws.com\/utfpr.curitiba.br\/wp-content\/uploads\/sites\/65\/2024\/07\/DD-Gramatica-Simbolo-1.png 700w, https:\/\/utfpr-ct-static-content.s3.amazonaws.com\/utfpr.curitiba.br\/wp-content\/uploads\/sites\/65\/2024\/07\/DD-Gramatica-Simbolo-1-300x300.png 300w, https:\/\/utfpr-ct-static-content.s3.amazonaws.com\/utfpr.curitiba.br\/wp-content\/uploads\/sites\/65\/2024\/07\/DD-Gramatica-Simbolo-1-150x150.png 150w\" sizes=\"(max-width: 700px) 100vw, 700px\" \/>  <a href=\"https:\/\/utfpr.curitiba.br\/dalemdidatico\/gramatica\/\">Gram\u00e1tica<\/a><\/p>\n\n\n\n<p class=\"has-medium-font-size\"><img loading=\"lazy\" decoding=\"async\" width=\"700\" height=\"700\" class=\"wp-image-1093\" style=\"width: 45px\" src=\"https:\/\/utfpr-ct-static-content.s3.amazonaws.com\/utfpr.curitiba.br\/wp-content\/uploads\/sites\/65\/2024\/08\/DD-Leitura-e-Escrita-Simbolo.png\" alt=\"\" srcset=\"https:\/\/utfpr-ct-static-content.s3.amazonaws.com\/utfpr.curitiba.br\/wp-content\/uploads\/sites\/65\/2024\/08\/DD-Leitura-e-Escrita-Simbolo.png 700w, https:\/\/utfpr-ct-static-content.s3.amazonaws.com\/utfpr.curitiba.br\/wp-content\/uploads\/sites\/65\/2024\/08\/DD-Leitura-e-Escrita-Simbolo-300x300.png 300w, https:\/\/utfpr-ct-static-content.s3.amazonaws.com\/utfpr.curitiba.br\/wp-content\/uploads\/sites\/65\/2024\/08\/DD-Leitura-e-Escrita-Simbolo-150x150.png 150w\" sizes=\"(max-width: 700px) 100vw, 700px\" \/>  <a href=\"https:\/\/utfpr.curitiba.br\/dalemdidatico\/leituraescrita\/\">Leitura &amp; Escrita<\/a><\/p>\n\n\n\n<p class=\"has-medium-font-size\"><img loading=\"lazy\" decoding=\"async\" width=\"437\" height=\"505\" class=\"wp-image-1829\" style=\"width: 45px\" src=\"https:\/\/utfpr-ct-static-content.s3.amazonaws.com\/utfpr.curitiba.br\/wp-content\/uploads\/sites\/65\/2026\/03\/Gemini_Generated_Image_dhw241dhw241dhw2-1-1-1-1.jpg\" alt=\"\" srcset=\"https:\/\/utfpr-ct-static-content.s3.amazonaws.com\/utfpr.curitiba.br\/wp-content\/uploads\/sites\/65\/2026\/03\/Gemini_Generated_Image_dhw241dhw241dhw2-1-1-1-1.jpg 437w, https:\/\/utfpr-ct-static-content.s3.amazonaws.com\/utfpr.curitiba.br\/wp-content\/uploads\/sites\/65\/2026\/03\/Gemini_Generated_Image_dhw241dhw241dhw2-1-1-1-1-260x300.jpg 260w\" sizes=\"(max-width: 437px) 100vw, 437px\" \/> <a href=\"https:\/\/utfpr.curitiba.br\/dalemdidatico\/pfol-portugues-para-falantes-de-outras-linguas\/\">PFOL &#8211; Portugu\u00eas para Falantes de Outras L\u00ednguas<\/a><\/p>\n\n\n\n<p class=\"has-medium-font-size\"><img loading=\"lazy\" decoding=\"async\" width=\"1117\" height=\"960\" class=\"wp-image-1832\" style=\"width: 48px\" src=\"https:\/\/utfpr-ct-static-content.s3.amazonaws.com\/utfpr.curitiba.br\/wp-content\/uploads\/sites\/65\/2026\/03\/Gemini_Generated_Image_7cb9bh7cb9bh7cb9.png\" alt=\"\" srcset=\"https:\/\/utfpr-ct-static-content.s3.amazonaws.com\/utfpr.curitiba.br\/wp-content\/uploads\/sites\/65\/2026\/03\/Gemini_Generated_Image_7cb9bh7cb9bh7cb9.png 1117w, https:\/\/utfpr-ct-static-content.s3.amazonaws.com\/utfpr.curitiba.br\/wp-content\/uploads\/sites\/65\/2026\/03\/Gemini_Generated_Image_7cb9bh7cb9bh7cb9-300x258.png 300w, https:\/\/utfpr-ct-static-content.s3.amazonaws.com\/utfpr.curitiba.br\/wp-content\/uploads\/sites\/65\/2026\/03\/Gemini_Generated_Image_7cb9bh7cb9bh7cb9-1024x880.png 1024w, https:\/\/utfpr-ct-static-content.s3.amazonaws.com\/utfpr.curitiba.br\/wp-content\/uploads\/sites\/65\/2026\/03\/Gemini_Generated_Image_7cb9bh7cb9bh7cb9-768x660.png 768w\" sizes=\"(max-width: 1117px) 100vw, 1117px\" \/><a href=\"https:\/\/utfpr.curitiba.br\/dalemdidatico\/pronuncia\/\"> Pron\u00fancia<\/a><\/p>\n\n\n\n<p><\/p>\n\n\n\n<p class=\"has-medium-font-size\"><img loading=\"lazy\" decoding=\"async\" width=\"700\" height=\"700\" class=\"wp-image-971\" style=\"width: 45px\" src=\"https:\/\/utfpr-ct-static-content.s3.amazonaws.com\/utfpr.curitiba.br\/wp-content\/uploads\/sites\/65\/2024\/07\/DD-Vocabulario-Simbolo-1.png\" alt=\"\" srcset=\"https:\/\/utfpr-ct-static-content.s3.amazonaws.com\/utfpr.curitiba.br\/wp-content\/uploads\/sites\/65\/2024\/07\/DD-Vocabulario-Simbolo-1.png 700w, https:\/\/utfpr-ct-static-content.s3.amazonaws.com\/utfpr.curitiba.br\/wp-content\/uploads\/sites\/65\/2024\/07\/DD-Vocabulario-Simbolo-1-300x300.png 300w, https:\/\/utfpr-ct-static-content.s3.amazonaws.com\/utfpr.curitiba.br\/wp-content\/uploads\/sites\/65\/2024\/07\/DD-Vocabulario-Simbolo-1-150x150.png 150w\" sizes=\"(max-width: 700px) 100vw, 700px\" \/>  <a href=\"https:\/\/utfpr.curitiba.br\/dalemdidatico\/vocabulario\/\">Vocabul\u00e1rio<\/a><\/p>\n\n\n\n<p><\/p>\n","protected":false},"excerpt":{"rendered":"<p>Os materiais est\u00e3o agrupados nas seguintes categorias (clique nos hiperlinks para acess\u00e1-las): Aspectos culturais Conversa\u00e7\u00e3o Ensino de ingl\u00eas para crian\u00e7as Forma\u00e7\u00e3o de Professor de LE Gram\u00e1tica Leitura &amp; Escrita PFOL &#8211; Portugu\u00eas para Falantes de Outras L\u00ednguas Pron\u00fancia Vocabul\u00e1rio<\/p>\n","protected":false},"author":39,"featured_media":0,"parent":0,"menu_order":0,"comment_status":"closed","ping_status":"closed","template":"","meta":{"footnotes":""},"class_list":["post-634","page","type-page","status-publish","hentry"],"_links":{"self":[{"href":"https:\/\/utfpr.curitiba.br\/dalemdidatico\/wp-json\/wp\/v2\/pages\/634","targetHints":{"allow":["GET"]}}],"collection":[{"href":"https:\/\/utfpr.curitiba.br\/dalemdidatico\/wp-json\/wp\/v2\/pages"}],"about":[{"href":"https:\/\/utfpr.curitiba.br\/dalemdidatico\/wp-json\/wp\/v2\/types\/page"}],"author":[{"embeddable":true,"href":"https:\/\/utfpr.curitiba.br\/dalemdidatico\/wp-json\/wp\/v2\/users\/39"}],"replies":[{"embeddable":true,"href":"https:\/\/utfpr.curitiba.br\/dalemdidatico\/wp-json\/wp\/v2\/comments?post=634"}],"version-history":[{"count":13,"href":"https:\/\/utfpr.curitiba.br\/dalemdidatico\/wp-json\/wp\/v2\/pages\/634\/revisions"}],"predecessor-version":[{"id":1835,"href":"https:\/\/utfpr.curitiba.br\/dalemdidatico\/wp-json\/wp\/v2\/pages\/634\/revisions\/1835"}],"wp:attachment":[{"href":"https:\/\/utfpr.curitiba.br\/dalemdidatico\/wp-json\/wp\/v2\/media?parent=634"}],"curies":[{"name":"wp","href":"https:\/\/api.w.org\/{rel}","templated":true}]}}