{"id":610,"date":"2024-04-24T07:58:14","date_gmt":"2024-04-24T10:58:14","guid":{"rendered":"https:\/\/utfpr.curitiba.br\/dalemdidatico\/?page_id=610"},"modified":"2026-04-16T18:36:54","modified_gmt":"2026-04-16T21:36:54","slug":"formacao-de-professor-de-le","status":"publish","type":"page","link":"https:\/\/utfpr.curitiba.br\/dalemdidatico\/formacao-de-professor-de-le\/","title":{"rendered":"Forma\u00e7\u00e3o de Professor de LE"},"content":{"rendered":"\n<p class=\"has-medium-font-size\"><img fetchpriority=\"high\" decoding=\"async\" width=\"700\" height=\"700\" class=\"wp-image-1092\" style=\"width: 45px\" src=\"https:\/\/utfpr-ct-static-content.s3.amazonaws.com\/utfpr.curitiba.br\/wp-content\/uploads\/sites\/65\/2024\/08\/DD-Professores-Simbolo.png\" alt=\"\" srcset=\"https:\/\/utfpr-ct-static-content.s3.amazonaws.com\/utfpr.curitiba.br\/wp-content\/uploads\/sites\/65\/2024\/08\/DD-Professores-Simbolo.png 700w, https:\/\/utfpr-ct-static-content.s3.amazonaws.com\/utfpr.curitiba.br\/wp-content\/uploads\/sites\/65\/2024\/08\/DD-Professores-Simbolo-300x300.png 300w, https:\/\/utfpr-ct-static-content.s3.amazonaws.com\/utfpr.curitiba.br\/wp-content\/uploads\/sites\/65\/2024\/08\/DD-Professores-Simbolo-150x150.png 150w\" sizes=\"(max-width: 700px) 100vw, 700px\" \/> <strong><strong>An\u00e1lise sobre a aprendizagem por meio de material did\u00e1tico impresso vs. digital.<\/strong><\/strong><\/p>\n\n\n\n<ul class=\"wp-block-list has-small-font-size\">\n<li class=\"has-small-font-size\">T\u00edtulo: <strong>An\u00e1lise sobre a aprendizagem por meio de material did\u00e1tico impresso vs. digital.&nbsp;<\/strong><\/li>\n\n\n\n<li>Autor(es): Maike Ferreira Piazzoli, Maria Eduarda Fermino Berthier Silveira, Sara Ferreira da Silva e Yasmin Basniak<\/li>\n\n\n\n<li>Orientador(es): Rita de Cassia Veiga Marriott<\/li>\n\n\n\n<li>Revisor: Joyce Cristina Silva Ferreira<\/li>\n\n\n\n<li class=\"has-small-font-size\">Palavras-chave: Aprendizagem; Material Did\u00e1tico; Material Impresso; Material Digital.<\/li>\n<\/ul>\n\n\n\n<p><em>Para acessar o material<\/em> <a href=\"https:\/\/utfpr-ct-static-content.s3.amazonaws.com\/utfpr.curitiba.br\/wp-content\/uploads\/sites\/65\/2026\/03\/Copia-de-GP-Tecnologias.pdf\" target=\"_blank\" rel=\"noreferrer noopener\">clique aqui<\/a>.<\/p>\n\n\n\n<p><\/p>\n\n\n\n<p class=\"has-medium-font-size\"><img fetchpriority=\"high\" decoding=\"async\" width=\"700\" height=\"700\" class=\"wp-image-1092\" style=\"width: 45px\" src=\"https:\/\/utfpr-ct-static-content.s3.amazonaws.com\/utfpr.curitiba.br\/wp-content\/uploads\/sites\/65\/2024\/08\/DD-Professores-Simbolo.png\" alt=\"\" srcset=\"https:\/\/utfpr-ct-static-content.s3.amazonaws.com\/utfpr.curitiba.br\/wp-content\/uploads\/sites\/65\/2024\/08\/DD-Professores-Simbolo.png 700w, https:\/\/utfpr-ct-static-content.s3.amazonaws.com\/utfpr.curitiba.br\/wp-content\/uploads\/sites\/65\/2024\/08\/DD-Professores-Simbolo-300x300.png 300w, https:\/\/utfpr-ct-static-content.s3.amazonaws.com\/utfpr.curitiba.br\/wp-content\/uploads\/sites\/65\/2024\/08\/DD-Professores-Simbolo-150x150.png 150w\" sizes=\"(max-width: 700px) 100vw, 700px\" \/> <strong>Color Monster<\/strong><\/p>\n\n\n\n<ul class=\"wp-block-list has-small-font-size\">\n<li class=\"has-small-font-size\">T\u00edtulo: <strong>\u201cAre you all mixed up again, Color Monster?\u201d: Analisando a aplicabilidade da conta\u00e7\u00e3o de hist\u00f3rias para o ensino de Ingl\u00eas com crian\u00e7as usando o livro \u201cThe Color Monster\u201d<\/strong><\/li>\n\n\n\n<li>Autor(es): Aleria Yaeko Watanabe de Campos e Jeniffer Vit\u00f3ria de Souza Felipe<\/li>\n\n\n\n<li>Orientador(es): Andressa Brawerman Albini&nbsp;<\/li>\n\n\n\n<li>Revisor: Allyce Matos<\/li>\n\n\n\n<li>Palavras-chave: Ensino de ingl\u00eas; Conta\u00e7\u00e3o de historias; Cores.<\/li>\n<\/ul>\n\n\n\n<p><em>Para acessar o material<\/em> <a href=\"https:\/\/utfpr-ct-static-content.s3.amazonaws.com\/utfpr.curitiba.br\/wp-content\/uploads\/sites\/65\/2025\/06\/Color-Monster.pdf\" target=\"_blank\" rel=\"noreferrer noopener\">clique aqui<\/a>.<\/p>\n\n\n\n<p><\/p>\n\n\n\n<p class=\"has-medium-font-size\"><img fetchpriority=\"high\" decoding=\"async\" width=\"700\" height=\"700\" class=\"wp-image-1092\" style=\"width: 45px\" src=\"https:\/\/utfpr-ct-static-content.s3.amazonaws.com\/utfpr.curitiba.br\/wp-content\/uploads\/sites\/65\/2024\/08\/DD-Professores-Simbolo.png\" alt=\"\" srcset=\"https:\/\/utfpr-ct-static-content.s3.amazonaws.com\/utfpr.curitiba.br\/wp-content\/uploads\/sites\/65\/2024\/08\/DD-Professores-Simbolo.png 700w, https:\/\/utfpr-ct-static-content.s3.amazonaws.com\/utfpr.curitiba.br\/wp-content\/uploads\/sites\/65\/2024\/08\/DD-Professores-Simbolo-300x300.png 300w, https:\/\/utfpr-ct-static-content.s3.amazonaws.com\/utfpr.curitiba.br\/wp-content\/uploads\/sites\/65\/2024\/08\/DD-Professores-Simbolo-150x150.png 150w\" sizes=\"(max-width: 700px) 100vw, 700px\" \/> <strong>Corre\u00e7\u00e3o<\/strong><\/p>\n\n\n\n<ul class=\"wp-block-list has-small-font-size\">\n<li class=\"has-small-font-size\">T\u00edtulo: <strong>Corre\u00e7\u00e3o Oral em L\u00edngua Estrangeira<\/strong><\/li>\n\n\n\n<li>Autor(es): Am\u00e1bile Rubel, Isadora Nunes e Jackeline Lima<\/li>\n\n\n\n<li>Orientador(es): Andressa Brawerman Albini&nbsp;<\/li>\n\n\n\n<li>Revisor: Allyce Matos<\/li>\n\n\n\n<li>Palavras-chave: Corre\u00e7\u00e3o Oral; Question\u00e1rio; Dados Quantitativos; Feedback Corretivo.<\/li>\n<\/ul>\n\n\n\n<p><em>Para acessar o material<\/em> <a href=\"https:\/\/utfpr-ct-static-content.s3.amazonaws.com\/utfpr.curitiba.br\/wp-content\/uploads\/sites\/65\/2025\/06\/Correcao-oral-em-Lingua-estrangeira.pdf\" target=\"_blank\" rel=\"noreferrer noopener\">clique aqui<\/a>.<\/p>\n\n\n\n<p><\/p>\n\n\n\n<p class=\"has-medium-font-size\"><img fetchpriority=\"high\" decoding=\"async\" width=\"700\" height=\"700\" class=\"wp-image-1092\" style=\"width: 45px\" src=\"https:\/\/utfpr-ct-static-content.s3.amazonaws.com\/utfpr.curitiba.br\/wp-content\/uploads\/sites\/65\/2024\/08\/DD-Professores-Simbolo.png\" alt=\"\" srcset=\"https:\/\/utfpr-ct-static-content.s3.amazonaws.com\/utfpr.curitiba.br\/wp-content\/uploads\/sites\/65\/2024\/08\/DD-Professores-Simbolo.png 700w, https:\/\/utfpr-ct-static-content.s3.amazonaws.com\/utfpr.curitiba.br\/wp-content\/uploads\/sites\/65\/2024\/08\/DD-Professores-Simbolo-300x300.png 300w, https:\/\/utfpr-ct-static-content.s3.amazonaws.com\/utfpr.curitiba.br\/wp-content\/uploads\/sites\/65\/2024\/08\/DD-Professores-Simbolo-150x150.png 150w\" sizes=\"(max-width: 700px) 100vw, 700px\" \/> <strong>DCE &#8211; Educa\u00e7\u00e3o B\u00e1sica<\/strong><\/p>\n\n\n\n<ul class=\"wp-block-list has-small-font-size\">\n<li class=\"has-small-font-size\">T\u00edtulo: <strong>Diretrizes Curriculares Fundamentos da Educa\u00e7\u00e3o B\u00e1sica &#8211; Secretaria de Estado da Educa\u00e7\u00e3o do Paran\u00e1<\/strong><\/li>\n\n\n\n<li>Autor(es): Leonardo Duarte<\/li>\n\n\n\n<li>Orientador(es): Andressa Brawerman Albini&nbsp;<\/li>\n\n\n\n<li>Revisor: Gabriela Tsuneta&nbsp;<\/li>\n\n\n\n<li>Palavras-chave: Diretrizes Curriculares; Paran\u00e1; Teoria; Conhecimento; Avalia\u00e7\u00e3o.<\/li>\n<\/ul>\n\n\n\n<p><em>Para acessar o material<\/em> <a href=\"https:\/\/utfpr-ct-static-content.s3.amazonaws.com\/utfpr.curitiba.br\/wp-content\/uploads\/sites\/65\/2024\/10\/DCE-Parana-Educacao-Basica.pdf\" target=\"_blank\" rel=\"noreferrer noopener\">clique aqui<\/a>.<\/p>\n\n\n\n<p><\/p>\n\n\n\n<div class=\"wp-block-columns is-layout-flex wp-container-core-columns-is-layout-9d6595d7 wp-block-columns-is-layout-flex\">\n<div class=\"wp-block-column is-layout-flow wp-block-column-is-layout-flow\">\n<p class=\"has-medium-font-size\"><img fetchpriority=\"high\" decoding=\"async\" width=\"700\" height=\"700\" class=\"wp-image-1092\" style=\"width: 45px\" src=\"https:\/\/utfpr-ct-static-content.s3.amazonaws.com\/utfpr.curitiba.br\/wp-content\/uploads\/sites\/65\/2024\/08\/DD-Professores-Simbolo.png\" alt=\"\" srcset=\"https:\/\/utfpr-ct-static-content.s3.amazonaws.com\/utfpr.curitiba.br\/wp-content\/uploads\/sites\/65\/2024\/08\/DD-Professores-Simbolo.png 700w, https:\/\/utfpr-ct-static-content.s3.amazonaws.com\/utfpr.curitiba.br\/wp-content\/uploads\/sites\/65\/2024\/08\/DD-Professores-Simbolo-300x300.png 300w, https:\/\/utfpr-ct-static-content.s3.amazonaws.com\/utfpr.curitiba.br\/wp-content\/uploads\/sites\/65\/2024\/08\/DD-Professores-Simbolo-150x150.png 150w\" sizes=\"(max-width: 700px) 100vw, 700px\" \/> <strong>DYI REA &#8211; Do It Yourself REA<\/strong><\/p>\n\n\n\n<ul class=\"wp-block-list has-small-font-size\">\n<li class=\"has-small-font-size\">T\u00edtulo: <strong><strong>DYI REA &#8211; Do It Yourself REA<\/strong><\/strong><\/li>\n\n\n\n<li>Autor(es): Allyce Matos<\/li>\n\n\n\n<li>Orientador(es): Andressa Brawerman Albini&nbsp;<\/li>\n\n\n\n<li>Revisor: Allyce Matos<\/li>\n\n\n\n<li>Palavras-chave: REA; Material did\u00e1tico; tutorial.<\/li>\n<\/ul>\n\n\n\n<p><em>Para acessar o material<\/em> <a href=\"https:\/\/utfpr-ct-static-content.s3.amazonaws.com\/utfpr.curitiba.br\/wp-content\/uploads\/sites\/65\/2025\/05\/DIY-REA.pdf\" target=\"_blank\" rel=\"noreferrer noopener\">clique aqui<\/a>.<\/p>\n<\/div>\n<\/div>\n\n\n\n<p><\/p>\n\n\n\n<p class=\"has-medium-font-size\"><img fetchpriority=\"high\" decoding=\"async\" width=\"700\" height=\"700\" class=\"wp-image-1092\" style=\"width: 45px\" src=\"https:\/\/utfpr-ct-static-content.s3.amazonaws.com\/utfpr.curitiba.br\/wp-content\/uploads\/sites\/65\/2024\/08\/DD-Professores-Simbolo.png\" alt=\"\" srcset=\"https:\/\/utfpr-ct-static-content.s3.amazonaws.com\/utfpr.curitiba.br\/wp-content\/uploads\/sites\/65\/2024\/08\/DD-Professores-Simbolo.png 700w, https:\/\/utfpr-ct-static-content.s3.amazonaws.com\/utfpr.curitiba.br\/wp-content\/uploads\/sites\/65\/2024\/08\/DD-Professores-Simbolo-300x300.png 300w, https:\/\/utfpr-ct-static-content.s3.amazonaws.com\/utfpr.curitiba.br\/wp-content\/uploads\/sites\/65\/2024\/08\/DD-Professores-Simbolo-150x150.png 150w\" sizes=\"(max-width: 700px) 100vw, 700px\" \/> <strong>Educomunica\u00e7\u00e3o na Pr\u00e1tica &#8211; Cartilha Educativa<\/strong><\/p>\n\n\n\n<ul class=\"wp-block-list has-small-font-size\">\n<li>T\u00edtulo: <strong>Cartilha Educativa &#8211; Educomunica\u00e7\u00e3o na Pr\u00e1tica: Conhe\u00e7a a Educomunica\u00e7\u00e3o e como utilizar em sua pr\u00e1tica profissional<\/strong><\/li>\n\n\n\n<li>Autor(es): Andr\u00e9a Duarte Ross<\/li>\n\n\n\n<li>Orientador(es): Jacqueline Andreucci Lindstron<\/li>\n\n\n\n<li>Revisora: Gabriela Tsuneta<\/li>\n\n\n\n<li>Palavras-chave: Cartilha; Pr\u00e1tica Educomunicativa; Princ\u00edpios e Atividades.<\/li>\n<\/ul>\n\n\n\n<p><em>Para acessar o material<\/em> <a href=\"https:\/\/utfpr-ct-static-content.s3.amazonaws.com\/utfpr.curitiba.br\/wp-content\/uploads\/sites\/65\/2024\/09\/Ok_professores_Educomunicacao-na-Pratica-Cartilha-Educativa.pdf\" target=\"_blank\" rel=\"noreferrer noopener\">clique aqui<\/a>.<\/p>\n\n\n\n<p><\/p>\n\n\n\n<p class=\"has-medium-font-size\"><img fetchpriority=\"high\" decoding=\"async\" width=\"700\" height=\"700\" class=\"wp-image-1092\" style=\"width: 45px\" src=\"https:\/\/utfpr-ct-static-content.s3.amazonaws.com\/utfpr.curitiba.br\/wp-content\/uploads\/sites\/65\/2024\/08\/DD-Professores-Simbolo.png\" alt=\"\" srcset=\"https:\/\/utfpr-ct-static-content.s3.amazonaws.com\/utfpr.curitiba.br\/wp-content\/uploads\/sites\/65\/2024\/08\/DD-Professores-Simbolo.png 700w, https:\/\/utfpr-ct-static-content.s3.amazonaws.com\/utfpr.curitiba.br\/wp-content\/uploads\/sites\/65\/2024\/08\/DD-Professores-Simbolo-300x300.png 300w, https:\/\/utfpr-ct-static-content.s3.amazonaws.com\/utfpr.curitiba.br\/wp-content\/uploads\/sites\/65\/2024\/08\/DD-Professores-Simbolo-150x150.png 150w\" sizes=\"(max-width: 700px) 100vw, 700px\" \/> <strong>English Through Music and History<\/strong><\/p>\n\n\n\n<ul class=\"wp-block-list has-small-font-size\">\n<li>T\u00edtulo: <strong>English Through Music and History<\/strong><\/li>\n\n\n\n<li>Autor(es): Allyce Matos, Ana Julia Lara, Kallisto de Almeida, Maria Eduardo Maciel<\/li>\n\n\n\n<li>Orientador(es): Andressa Brawerman Albini<\/li>\n\n\n\n<li>Palavras-chave: Interdisciplinaridade, Recursos Did\u00e1ticos, Ingl\u00eas, Historia, M\u00fasica.<\/li>\n<\/ul>\n\n\n\n<p><em>Para acessar o material<\/em> <a href=\"https:\/\/utfpr-ct-static-content.s3.amazonaws.com\/utfpr.curitiba.br\/wp-content\/uploads\/sites\/65\/2025\/06\/GP-Aquisicao.pptx.pdf\" data-type=\"link\" data-id=\"https:\/\/utfpr-ct-static-content.s3.amazonaws.com\/utfpr.curitiba.br\/wp-content\/uploads\/sites\/65\/2025\/06\/GP-Aquisicao.pptx.pdf\" target=\"_blank\" rel=\"noreferrer noopener\">clique aqui<\/a>.<\/p>\n\n\n\n<p><\/p>\n\n\n\n<p class=\"has-medium-font-size\"><img fetchpriority=\"high\" decoding=\"async\" width=\"700\" height=\"700\" class=\"wp-image-1092\" style=\"width: 45px\" src=\"https:\/\/utfpr-ct-static-content.s3.amazonaws.com\/utfpr.curitiba.br\/wp-content\/uploads\/sites\/65\/2024\/08\/DD-Professores-Simbolo.png\" alt=\"\" srcset=\"https:\/\/utfpr-ct-static-content.s3.amazonaws.com\/utfpr.curitiba.br\/wp-content\/uploads\/sites\/65\/2024\/08\/DD-Professores-Simbolo.png 700w, https:\/\/utfpr-ct-static-content.s3.amazonaws.com\/utfpr.curitiba.br\/wp-content\/uploads\/sites\/65\/2024\/08\/DD-Professores-Simbolo-300x300.png 300w, https:\/\/utfpr-ct-static-content.s3.amazonaws.com\/utfpr.curitiba.br\/wp-content\/uploads\/sites\/65\/2024\/08\/DD-Professores-Simbolo-150x150.png 150w\" sizes=\"(max-width: 700px) 100vw, 700px\" \/> <strong>Ex Wives<\/strong><\/p>\n\n\n\n<ul class=\"wp-block-list has-small-font-size\">\n<li>T\u00edtulo: <strong>Ex Wives<\/strong><\/li>\n\n\n\n<li>Autor(es): Allyce Matos<\/li>\n\n\n\n<li>Orientador(es): Andressa Brawerman Albini<\/li>\n\n\n\n<li>Palavras-chave: Interdisciplinaridade, Ingl\u00eas, Historia, M\u00fasica, Musical.<\/li>\n<\/ul>\n\n\n\n<p><em>Para acessar o material<\/em> <a href=\"https:\/\/utfpr-ct-static-content.s3.amazonaws.com\/utfpr.curitiba.br\/wp-content\/uploads\/sites\/65\/2025\/06\/Ex-Wifes.pdf\" target=\"_blank\" rel=\"noreferrer noopener\">clique aqui<\/a>.<\/p>\n\n\n\n<p><\/p>\n\n\n\n<p class=\"has-medium-font-size\"><img fetchpriority=\"high\" decoding=\"async\" width=\"700\" height=\"700\" class=\"wp-image-1092\" style=\"width: 45px\" src=\"https:\/\/utfpr-ct-static-content.s3.amazonaws.com\/utfpr.curitiba.br\/wp-content\/uploads\/sites\/65\/2024\/08\/DD-Professores-Simbolo.png\" alt=\"\" srcset=\"https:\/\/utfpr-ct-static-content.s3.amazonaws.com\/utfpr.curitiba.br\/wp-content\/uploads\/sites\/65\/2024\/08\/DD-Professores-Simbolo.png 700w, https:\/\/utfpr-ct-static-content.s3.amazonaws.com\/utfpr.curitiba.br\/wp-content\/uploads\/sites\/65\/2024\/08\/DD-Professores-Simbolo-300x300.png 300w, https:\/\/utfpr-ct-static-content.s3.amazonaws.com\/utfpr.curitiba.br\/wp-content\/uploads\/sites\/65\/2024\/08\/DD-Professores-Simbolo-150x150.png 150w\" sizes=\"(max-width: 700px) 100vw, 700px\" \/> <strong>He\/She\/They<\/strong><\/p>\n\n\n\n<ul class=\"wp-block-list has-small-font-size\">\n<li>T\u00edtulo: <strong>He\/She\/They<\/strong><\/li>\n\n\n\n<li>Autor(es): Carina Cleudes Duda Bittencourt e Jo\u00e3o Guilherme Marques dos Santos<\/li>\n\n\n\n<li>Orientador(es): Andressa Brawerman Albini<\/li>\n\n\n\n<li>Revisora: Allyce Matos<\/li>\n\n\n\n<li>Palavras-chave: Ideologia Lingu\u00edstica; Identidade de G\u00eanero; Dalem Did\u00e1tico.<\/li>\n<\/ul>\n\n\n\n<p><em>Para acessar o material<\/em> <a href=\"https:\/\/utfpr-ct-static-content.s3.amazonaws.com\/utfpr.curitiba.br\/wp-content\/uploads\/sites\/65\/2025\/06\/Copy-of-Slides-Carina-e-Joao-Atualizados.pptx.pdf\" target=\"_blank\" rel=\"noreferrer noopener\">clique aqui<\/a>.<\/p>\n\n\n\n<p><\/p>\n\n\n\n<p class=\"has-medium-font-size\"><img fetchpriority=\"high\" decoding=\"async\" width=\"700\" height=\"700\" class=\"wp-image-1092\" style=\"width: 45px\" src=\"https:\/\/utfpr-ct-static-content.s3.amazonaws.com\/utfpr.curitiba.br\/wp-content\/uploads\/sites\/65\/2024\/08\/DD-Professores-Simbolo.png\" alt=\"\" srcset=\"https:\/\/utfpr-ct-static-content.s3.amazonaws.com\/utfpr.curitiba.br\/wp-content\/uploads\/sites\/65\/2024\/08\/DD-Professores-Simbolo.png 700w, https:\/\/utfpr-ct-static-content.s3.amazonaws.com\/utfpr.curitiba.br\/wp-content\/uploads\/sites\/65\/2024\/08\/DD-Professores-Simbolo-300x300.png 300w, https:\/\/utfpr-ct-static-content.s3.amazonaws.com\/utfpr.curitiba.br\/wp-content\/uploads\/sites\/65\/2024\/08\/DD-Professores-Simbolo-150x150.png 150w\" sizes=\"(max-width: 700px) 100vw, 700px\" \/> <strong>Identidade Docente<\/strong><\/p>\n\n\n\n<ul class=\"wp-block-list has-small-font-size\">\n<li>T\u00edtulo: <strong>Identidade docente nas aulas de l\u00edngua inglesa e a f\u00e9 crist\u00e3: um reconhecimento bibliogr\u00e1fico<\/strong><\/li>\n\n\n\n<li>Autor(es): Tha\u00edse Silva Viana Iacomini<\/li>\n\n\n\n<li>Orientador(es): Andressa Brawerman Albini&nbsp;<\/li>\n\n\n\n<li>Revisor: Allyce Matos<\/li>\n\n\n\n<li>Palavras-chave: Lingu\u00edstica Aplicada; Ensino de l\u00edngua inglesa; Identidade do professor; F\u00e9 Crist\u00e3.<\/li>\n<\/ul>\n\n\n\n<p><em>Para acessar o material<\/em> <a href=\"https:\/\/utfpr-ct-static-content.s3.amazonaws.com\/utfpr.curitiba.br\/wp-content\/uploads\/sites\/65\/2025\/06\/Identidade-docente-e-fe-crista-Thaise-Silva-Viana-Iacomini.pdf\" target=\"_blank\" rel=\"noreferrer noopener\">clique aqui<\/a>.<\/p>\n\n\n\n<p><\/p>\n\n\n\n<p class=\"has-medium-font-size\"><img fetchpriority=\"high\" decoding=\"async\" width=\"700\" height=\"700\" class=\"wp-image-1092\" style=\"width: 45px\" src=\"https:\/\/utfpr-ct-static-content.s3.amazonaws.com\/utfpr.curitiba.br\/wp-content\/uploads\/sites\/65\/2024\/08\/DD-Professores-Simbolo.png\" alt=\"\" srcset=\"https:\/\/utfpr-ct-static-content.s3.amazonaws.com\/utfpr.curitiba.br\/wp-content\/uploads\/sites\/65\/2024\/08\/DD-Professores-Simbolo.png 700w, https:\/\/utfpr-ct-static-content.s3.amazonaws.com\/utfpr.curitiba.br\/wp-content\/uploads\/sites\/65\/2024\/08\/DD-Professores-Simbolo-300x300.png 300w, https:\/\/utfpr-ct-static-content.s3.amazonaws.com\/utfpr.curitiba.br\/wp-content\/uploads\/sites\/65\/2024\/08\/DD-Professores-Simbolo-150x150.png 150w\" sizes=\"(max-width: 700px) 100vw, 700px\" \/> <strong>O Impacto das Emo\u00e7\u00f5es no Aprendizado de Ingl\u00eas<\/strong><\/p>\n\n\n\n<ul class=\"wp-block-list has-small-font-size\">\n<li>T\u00edtulo: <strong>O Impacto das Emo\u00e7\u00f5es no Aprendizado de Ingl\u00eas: Uma Investiga\u00e7\u00e3o com Alunos de uma Universidade P\u00fablica<\/strong><\/li>\n\n\n\n<li>Autor(es): D\u00e9bora Silva e Jo\u00e3o Batista Teixeira Krainski<\/li>\n\n\n\n<li>Orientador(es): Andressa Brawerman Albini&nbsp;<\/li>\n\n\n\n<li>Revisor: Allyce Matos<\/li>\n\n\n\n<li>Palavras-chave: Emo\u00e7\u00f5es; L\u00edngua Inglesa; Ensino-Aprendizagem de L\u00ednguas.<\/li>\n<\/ul>\n\n\n\n<p><em>Para acessar o material<\/em> <a href=\"https:\/\/utfpr-ct-static-content.s3.amazonaws.com\/utfpr.curitiba.br\/wp-content\/uploads\/sites\/65\/2025\/09\/O-Impacto-das-Emocoes.pdf\" target=\"_blank\" rel=\"noreferrer noopener\">clique aqui<\/a>.<\/p>\n\n\n\n<p><\/p>\n\n\n\n<p class=\"has-medium-font-size\"><img fetchpriority=\"high\" decoding=\"async\" width=\"700\" height=\"700\" class=\"wp-image-1092\" style=\"width: 45px\" src=\"https:\/\/utfpr-ct-static-content.s3.amazonaws.com\/utfpr.curitiba.br\/wp-content\/uploads\/sites\/65\/2024\/08\/DD-Professores-Simbolo.png\" alt=\"\" srcset=\"https:\/\/utfpr-ct-static-content.s3.amazonaws.com\/utfpr.curitiba.br\/wp-content\/uploads\/sites\/65\/2024\/08\/DD-Professores-Simbolo.png 700w, https:\/\/utfpr-ct-static-content.s3.amazonaws.com\/utfpr.curitiba.br\/wp-content\/uploads\/sites\/65\/2024\/08\/DD-Professores-Simbolo-300x300.png 300w, https:\/\/utfpr-ct-static-content.s3.amazonaws.com\/utfpr.curitiba.br\/wp-content\/uploads\/sites\/65\/2024\/08\/DD-Professores-Simbolo-150x150.png 150w\" sizes=\"(max-width: 700px) 100vw, 700px\" \/> <strong>Uso de HQs no Ensino de L.E.<\/strong><\/p>\n\n\n\n<ul class=\"wp-block-list has-small-font-size\">\n<li>T\u00edtulo: <strong>Uso de HQs no Ensino de L.E.: Uma Revis\u00e3o Bibliogr\u00e1fica<\/strong><\/li>\n\n\n\n<li>Autor(es): Ariadne Gruba, Atos Martins Torres, Luiza Pepplow Cardoso de Almeida e Rafaella Buzetti<\/li>\n\n\n\n<li>Orientador(es): Andressa Brawerman Albini&nbsp;<\/li>\n\n\n\n<li>Revisor: Allyce Matos<\/li>\n\n\n\n<li>Palavras-chave: Quadrinhos; Ensino de LE; Ferramenta Pedag\u00f3gica.<\/li>\n<\/ul>\n\n\n\n<p><em>Para acessar o material<\/em> <a href=\"https:\/\/utfpr-ct-static-content.s3.amazonaws.com\/utfpr.curitiba.br\/wp-content\/uploads\/sites\/65\/2025\/09\/Quadrinhos.pdf\" target=\"_blank\" rel=\"noreferrer noopener\">clique aqui<\/a>.<\/p>\n\n\n\n<p><\/p>\n","protected":false},"excerpt":{"rendered":"<p>An\u00e1lise sobre a aprendizagem por meio de material did\u00e1tico impresso vs. digital. Para acessar o material clique aqui. Color Monster Para acessar o material clique aqui. Corre\u00e7\u00e3o Para acessar o material clique aqui. DCE &#8211; Educa\u00e7\u00e3o B\u00e1sica Para acessar o material clique aqui. DYI REA &#8211; Do It Yourself REA Para acessar o material clique [&hellip;]<\/p>\n","protected":false},"author":39,"featured_media":0,"parent":0,"menu_order":0,"comment_status":"closed","ping_status":"closed","template":"","meta":{"footnotes":""},"class_list":["post-610","page","type-page","status-publish","hentry"],"_links":{"self":[{"href":"https:\/\/utfpr.curitiba.br\/dalemdidatico\/wp-json\/wp\/v2\/pages\/610","targetHints":{"allow":["GET"]}}],"collection":[{"href":"https:\/\/utfpr.curitiba.br\/dalemdidatico\/wp-json\/wp\/v2\/pages"}],"about":[{"href":"https:\/\/utfpr.curitiba.br\/dalemdidatico\/wp-json\/wp\/v2\/types\/page"}],"author":[{"embeddable":true,"href":"https:\/\/utfpr.curitiba.br\/dalemdidatico\/wp-json\/wp\/v2\/users\/39"}],"replies":[{"embeddable":true,"href":"https:\/\/utfpr.curitiba.br\/dalemdidatico\/wp-json\/wp\/v2\/comments?post=610"}],"version-history":[{"count":22,"href":"https:\/\/utfpr.curitiba.br\/dalemdidatico\/wp-json\/wp\/v2\/pages\/610\/revisions"}],"predecessor-version":[{"id":1999,"href":"https:\/\/utfpr.curitiba.br\/dalemdidatico\/wp-json\/wp\/v2\/pages\/610\/revisions\/1999"}],"wp:attachment":[{"href":"https:\/\/utfpr.curitiba.br\/dalemdidatico\/wp-json\/wp\/v2\/media?parent=610"}],"curies":[{"name":"wp","href":"https:\/\/api.w.org\/{rel}","templated":true}]}}