{"id":37,"date":"2023-09-17T23:27:35","date_gmt":"2023-09-18T02:27:35","guid":{"rendered":"https:\/\/utfpr.curitiba.br\/dalemdidatico\/?page_id=37"},"modified":"2024-10-01T22:47:07","modified_gmt":"2024-10-02T01:47:07","slug":"inicio","status":"publish","type":"page","link":"https:\/\/utfpr.curitiba.br\/dalemdidatico\/","title":{"rendered":"In\u00edcio"},"content":{"rendered":"\n<p><strong>Ol\u00e1! <\/strong><\/p>\n\n\n\n<p><em><strong>Welcome everyone!<\/strong><\/em><\/p>\n\n\n\n<p>O <strong><a href=\"https:\/\/utfpr.curitiba.br\/dalemdidatico\/\">Dalem Did\u00e1tico<\/a><\/strong> \u00e9 um site que disponibiliza <em>materiais <\/em>did\u00e1ticos para o ensino de l\u00ednguas estrangeiras, especialmente a inglesa. <\/p>\n\n\n\n<p>Voc\u00ea os encontra na aba &#8220;<a href=\"https:\/\/utfpr.curitiba.br\/dalemdidatico\/materiais\">Materiais<\/a>&#8220;. Eles est\u00e3o organizados em categorias, intituladas conforme o  conte\u00fado principal trabalhado. S\u00e3o elas: (a) atividades para <a href=\"https:\/\/utfpr.curitiba.br\/dalemdidatico\/conversacao\/\">conversa\u00e7\u00e3o<\/a>, (b) para <a href=\"https:\/\/utfpr.curitiba.br\/dalemdidatico\/aspectos-culturais\/\">aspectos culturais<\/a>, (c) para <a href=\"https:\/\/utfpr.curitiba.br\/dalemdidatico\/leituraescrita\/\">leitura e escrita<\/a>; (d) ensino de <a href=\"https:\/\/utfpr.curitiba.br\/dalemdidatico\/gramatica\/\">gram\u00e1tica<\/a>, (e) de <a href=\"https:\/\/utfpr.curitiba.br\/dalemdidatico\/vocabulario\/\">vocabul\u00e1rio<\/a>, (f) de <a href=\"https:\/\/utfpr.curitiba.br\/dalemdidatico\/ensino-de-ingles-para-criancas\/\">ingl\u00eas para crian\u00e7as<\/a>; e (g) <a href=\"https:\/\/utfpr.curitiba.br\/dalemdidatico\/formacao-de-professor-de-le\/\">forma\u00e7\u00e3o de professores<\/a>. Clique nos <em>hiperlinks<\/em> para acess\u00e1-los.  <\/p>\n\n\n\n<p>Os materiais foram e s\u00e3o feitos por <em>estudantes<\/em> e professores da <a href=\"https:\/\/www.utfpr.edu.br\/cursos\/graduacao\/licenciatura\/licenciatura-em-letras-ingles\" target=\"_blank\" rel=\"noreferrer noopener\">Licenciatura em Letras Ingl\u00eas<\/a>, ofertada pelo <a href=\"https:\/\/utfpr.curitiba.br\/dalem\/\" target=\"_blank\" rel=\"noreferrer noopener\">Departamento Acad\u00eamico de L\u00ednguas Estrangeiras Modernas<\/a>, o DALEM, da <a href=\"https:\/\/www.utfpr.edu.br\/\" target=\"_blank\" rel=\"noreferrer noopener\">Universidade Tecnol\u00f3gica Federal do Parar\u00e1<\/a>, a UTFPR, <a href=\"https:\/\/www.utfpr.edu.br\/campus\/curitiba\" target=\"_blank\" rel=\"noreferrer noopener\"><em>campus <\/em>Curitiba<\/a>. <\/p>\n\n\n\n<p>Todo material que voc\u00ea encontrar aqui \u00e9 um REA, isto \u00e9, um Recurso Educacional Aberto. Ent\u00e3o, voc\u00ea pode se servir dele para v\u00e1rios fins e <em>empregos<\/em>. Para que possa melhor visualizar o que pode fazer com um REA, vale a pena ver suas caracter\u00edsticas essenciais:<\/p>\n\n\n<div class=\"wp-block-image\">\n<figure class=\"aligncenter size-large is-resized\"><a href=\"https:\/\/www.ufpe.br\/progest\/avisos-da-progest?p_p_id=101&amp;p_p_lifecycle=0&amp;p_p_state=maximized&amp;p_p_mode=view&amp;_101_struts_action=%2Fasset_publisher%2Fview_content&amp;_101_assetEntryId=2967090&amp;_101_type=document&amp;inheritRedirect=false\" target=\"_blank\" rel=\"noreferrer noopener\"><img decoding=\"async\" src=\"https:\/\/www.ufpe.br\/documents\/20181\/2765026\/cinco+R-eas\/4093f516-0f63-48c8-a403-e4100163dbc1?version=1.0&amp;t=1597175237628&amp;imagePreview=1\" alt=\"\" style=\"width:388px;height:auto\" \/><\/a><figcaption class=\"wp-element-caption\"><a href=\"https:\/\/www.ufpe.br\/documents\/20181\/2765026\/cinco+R-eas\/4093f516-0f63-48c8-a403-e4100163dbc1?t=1597175237628\" target=\"_blank\" rel=\"noreferrer noopener\">Esta imagem \u00e9 um <em>hiperlink<\/em>.<\/a><\/figcaption><\/figure>\n<\/div>\n\n\n<p><strong>Importante: <\/strong>atentar sempre ao <em><a href=\"https:\/\/educacaoaberta.org\/cadernorea\/licen%C3%A7as\" target=\"_blank\" rel=\"noreferrer noopener\">tipo de licen\u00e7a<\/a><\/em> do material!<\/p>\n\n\n\n<p>O conte\u00fado dos REAs \u00e9 trabalhado de forma <em>contextualizada<\/em> e buscando exercitar diferentes habilidades. <\/p>\n\n\n\n<p>O material foi elaborado tendo como p\u00fablico-alvo o professor e a professora da Educa\u00e7\u00e3o B\u00e1sica e, tamb\u00e9m, as e os <em>professores <\/em>que atuam em diferentes contextos. <\/p>\n\n\n\n<p>Estamos felizes<em> <\/em>que voc\u00ea esteja aqui e <em>desejamos <\/em>que fa\u00e7a um bom uso do materia dispon\u00edvel! <\/p>\n\n\n\n<p>Ali\u00e1s, se poss\u00edvel, escreva para nos contar sobre sua <em>experi\u00eancia<\/em> com o ou os materiais, pois ela \u00e9 muito importante para nos <em>alimentar <\/em>com novas ideias e corrigir erros e rumos. <\/p>\n\n\n\n<p><strong>Se voc\u00ea quer algum material que n\u00e3o encontrou aqui, <a href=\"https:\/\/forms.gle\/o5UuWCnXe5mNdqUP6\" target=\"_blank\" rel=\"noreferrer noopener\">clique aqui<\/a> e preencha <\/strong><strong>o formul\u00e1rio, dando sua sugest\u00e3o!<\/strong><\/p>\n\n\n\n<p>Agradecemos muito pelo interesse e a <em>parceria<\/em>,<\/p>\n\n\n\n<p><a href=\"https:\/\/utfpr.curitiba.br\/dalemdidatico\/equipe\/\">A equipe executora<\/a>!<\/p>\n","protected":false},"excerpt":{"rendered":"<p>Ol\u00e1! Welcome everyone! O Dalem Did\u00e1tico \u00e9 um site que disponibiliza materiais did\u00e1ticos para o ensino de l\u00ednguas estrangeiras, especialmente a inglesa. Voc\u00ea os encontra na aba &#8220;Materiais&#8220;. Eles est\u00e3o organizados em categorias, intituladas conforme o conte\u00fado principal trabalhado. S\u00e3o elas: (a) atividades para conversa\u00e7\u00e3o, (b) para aspectos culturais, (c) para leitura e escrita; (d) [&hellip;]<\/p>\n","protected":false},"author":39,"featured_media":0,"parent":0,"menu_order":0,"comment_status":"closed","ping_status":"closed","template":"","meta":{"footnotes":""},"class_list":["post-37","page","type-page","status-publish","hentry"],"_links":{"self":[{"href":"https:\/\/utfpr.curitiba.br\/dalemdidatico\/wp-json\/wp\/v2\/pages\/37","targetHints":{"allow":["GET"]}}],"collection":[{"href":"https:\/\/utfpr.curitiba.br\/dalemdidatico\/wp-json\/wp\/v2\/pages"}],"about":[{"href":"https:\/\/utfpr.curitiba.br\/dalemdidatico\/wp-json\/wp\/v2\/types\/page"}],"author":[{"embeddable":true,"href":"https:\/\/utfpr.curitiba.br\/dalemdidatico\/wp-json\/wp\/v2\/users\/39"}],"replies":[{"embeddable":true,"href":"https:\/\/utfpr.curitiba.br\/dalemdidatico\/wp-json\/wp\/v2\/comments?post=37"}],"version-history":[{"count":31,"href":"https:\/\/utfpr.curitiba.br\/dalemdidatico\/wp-json\/wp\/v2\/pages\/37\/revisions"}],"predecessor-version":[{"id":1575,"href":"https:\/\/utfpr.curitiba.br\/dalemdidatico\/wp-json\/wp\/v2\/pages\/37\/revisions\/1575"}],"wp:attachment":[{"href":"https:\/\/utfpr.curitiba.br\/dalemdidatico\/wp-json\/wp\/v2\/media?parent=37"}],"curies":[{"name":"wp","href":"https:\/\/api.w.org\/{rel}","templated":true}]}}