{"id":1802,"date":"2026-02-23T16:36:49","date_gmt":"2026-02-23T19:36:49","guid":{"rendered":"https:\/\/utfpr.curitiba.br\/dalemdidatico\/?page_id=1802"},"modified":"2026-03-17T09:34:56","modified_gmt":"2026-03-17T12:34:56","slug":"pfol-portugues-para-falantes-de-outras-linguas","status":"publish","type":"page","link":"https:\/\/utfpr.curitiba.br\/dalemdidatico\/pfol-portugues-para-falantes-de-outras-linguas\/","title":{"rendered":"PFOL &#8211; Portugu\u00eas para Falantes de Outras L\u00ednguas"},"content":{"rendered":"\n<p class=\"has-medium-font-size\"><img fetchpriority=\"high\" decoding=\"async\" width=\"437\" height=\"505\" class=\"wp-image-1829\" style=\"width: 43px\" src=\"https:\/\/utfpr-ct-static-content.s3.amazonaws.com\/utfpr.curitiba.br\/wp-content\/uploads\/sites\/65\/2026\/03\/Gemini_Generated_Image_dhw241dhw241dhw2-1-1-1-1.jpg\" alt=\"\" srcset=\"https:\/\/utfpr-ct-static-content.s3.amazonaws.com\/utfpr.curitiba.br\/wp-content\/uploads\/sites\/65\/2026\/03\/Gemini_Generated_Image_dhw241dhw241dhw2-1-1-1-1.jpg 437w, https:\/\/utfpr-ct-static-content.s3.amazonaws.com\/utfpr.curitiba.br\/wp-content\/uploads\/sites\/65\/2026\/03\/Gemini_Generated_Image_dhw241dhw241dhw2-1-1-1-1-260x300.jpg 260w\" sizes=\"(max-width: 437px) 100vw, 437px\" \/><strong>Analisando uma not\u00edcia: Diferentes sotaques da l\u00edngua portugu\u00eas<\/strong><\/p>\n\n\n\n<ul class=\"wp-block-list\">\n<li class=\"has-small-font-size\">T\u00edtulo: <strong>Analisando uma not\u00edcia: Diferentes sotaques da l\u00edngua portuguesa<\/strong><\/li>\n\n\n\n<li class=\"has-small-font-size\">Autor(es): D\u00e9bora Estef\u00e2nia Lima da Silva<\/li>\n\n\n\n<li class=\"has-small-font-size\">Orientador(es): Sem Orienta\u00e7\u00e3o<\/li>\n\n\n\n<li class=\"has-small-font-size\">Revisor: Joyce Cristina Silva Ferreira<\/li>\n\n\n\n<li class=\"has-small-font-size\">Palavras-chave: Not\u00edcias; Covid; Sotaques da L\u00edngua Portuguesa.<\/li>\n<\/ul>\n\n\n\n<p><em>Para acessar o material<\/em> <a href=\"https:\/\/utfpr-ct-static-content.s3.amazonaws.com\/utfpr.curitiba.br\/wp-content\/uploads\/sites\/65\/2026\/03\/analisando-uma-noticia-.pdf\" target=\"_blank\" rel=\"noreferrer noopener\">clique aqui<\/a>.<\/p>\n\n\n\n<p class=\"has-medium-font-size\"><img fetchpriority=\"high\" decoding=\"async\" width=\"437\" height=\"505\" class=\"wp-image-1829\" style=\"width: 43px\" src=\"https:\/\/utfpr-ct-static-content.s3.amazonaws.com\/utfpr.curitiba.br\/wp-content\/uploads\/sites\/65\/2026\/03\/Gemini_Generated_Image_dhw241dhw241dhw2-1-1-1-1.jpg\" alt=\"\" srcset=\"https:\/\/utfpr-ct-static-content.s3.amazonaws.com\/utfpr.curitiba.br\/wp-content\/uploads\/sites\/65\/2026\/03\/Gemini_Generated_Image_dhw241dhw241dhw2-1-1-1-1.jpg 437w, https:\/\/utfpr-ct-static-content.s3.amazonaws.com\/utfpr.curitiba.br\/wp-content\/uploads\/sites\/65\/2026\/03\/Gemini_Generated_Image_dhw241dhw241dhw2-1-1-1-1-260x300.jpg 260w\" sizes=\"(max-width: 437px) 100vw, 437px\" \/><strong><strong>Animais de estima\u00e7\u00e3o (PETS)<\/strong><\/strong><\/p>\n\n\n\n<ul class=\"wp-block-list\">\n<li class=\"has-small-font-size\">T\u00edtulo: <strong>Animais de estima\u00e7\u00e3o (PETS)\u00a0<\/strong><\/li>\n\n\n\n<li class=\"has-small-font-size\">Autor(es): Carina Cleudes Duda Bittencourt, Luanna N\u00e1tali Braga Brancalione e Jo\u00e3o Pedro Xavier Madruga<\/li>\n\n\n\n<li class=\"has-small-font-size\">Orientador(es): Elisa Novaski Cordeiro<\/li>\n\n\n\n<li class=\"has-small-font-size\">Revisor: Joyce Cristina Silva Ferreira<\/li>\n\n\n\n<li class=\"has-small-font-size\">Palavras-chave: Cachorros; Vira-Lata; Reportagem; Diminutivos.<\/li>\n<\/ul>\n\n\n\n<p><em>Para acessar o material<\/em> <a href=\"https:\/\/utfpr-ct-static-content.s3.amazonaws.com\/utfpr.curitiba.br\/wp-content\/uploads\/sites\/65\/2026\/03\/PFOL-Animais-de-estimacao-petS.pdf\" target=\"_blank\" rel=\"noreferrer noopener\">clique aqui<\/a>.<\/p>\n\n\n\n\n\n\n\n\n\n<p><\/p>\n","protected":false},"excerpt":{"rendered":"<p>Analisando uma not\u00edcia: Diferentes sotaques da l\u00edngua portugu\u00eas Para acessar o material clique aqui. Animais de estima\u00e7\u00e3o (PETS) Para acessar o material clique aqui.<\/p>\n","protected":false},"author":429,"featured_media":0,"parent":0,"menu_order":0,"comment_status":"closed","ping_status":"closed","template":"","meta":{"footnotes":""},"class_list":["post-1802","page","type-page","status-publish","hentry"],"_links":{"self":[{"href":"https:\/\/utfpr.curitiba.br\/dalemdidatico\/wp-json\/wp\/v2\/pages\/1802","targetHints":{"allow":["GET"]}}],"collection":[{"href":"https:\/\/utfpr.curitiba.br\/dalemdidatico\/wp-json\/wp\/v2\/pages"}],"about":[{"href":"https:\/\/utfpr.curitiba.br\/dalemdidatico\/wp-json\/wp\/v2\/types\/page"}],"author":[{"embeddable":true,"href":"https:\/\/utfpr.curitiba.br\/dalemdidatico\/wp-json\/wp\/v2\/users\/429"}],"replies":[{"embeddable":true,"href":"https:\/\/utfpr.curitiba.br\/dalemdidatico\/wp-json\/wp\/v2\/comments?post=1802"}],"version-history":[{"count":3,"href":"https:\/\/utfpr.curitiba.br\/dalemdidatico\/wp-json\/wp\/v2\/pages\/1802\/revisions"}],"predecessor-version":[{"id":1857,"href":"https:\/\/utfpr.curitiba.br\/dalemdidatico\/wp-json\/wp\/v2\/pages\/1802\/revisions\/1857"}],"wp:attachment":[{"href":"https:\/\/utfpr.curitiba.br\/dalemdidatico\/wp-json\/wp\/v2\/media?parent=1802"}],"curies":[{"name":"wp","href":"https:\/\/api.w.org\/{rel}","templated":true}]}}