{"id":2331,"date":"2022-04-18T16:16:01","date_gmt":"2022-04-18T19:16:01","guid":{"rendered":"https:\/\/utfpr.curitiba.br\/dalem\/?page_id=2331"},"modified":"2025-02-04T14:33:45","modified_gmt":"2025-02-04T17:33:45","slug":"projetos-de-extensao","status":"publish","type":"page","link":"https:\/\/utfpr.curitiba.br\/dalem\/?page_id=2331","title":{"rendered":"Extens\u00e3o"},"content":{"rendered":"\t\t<div data-elementor-type=\"wp-page\" data-elementor-id=\"2331\" class=\"elementor elementor-2331\">\n\t\t\t\t\t\t<section class=\"elementor-section elementor-top-section elementor-element elementor-element-649c8dee elementor-section-full_width elementor-section-height-default elementor-section-height-default\" data-id=\"649c8dee\" data-element_type=\"section\" data-e-type=\"section\">\n\t\t\t\t\t\t<div class=\"elementor-container elementor-column-gap-wide\">\n\t\t\t\t\t<div class=\"elementor-column elementor-col-66 elementor-top-column elementor-element elementor-element-3afdf810\" data-id=\"3afdf810\" data-element_type=\"column\" data-e-type=\"column\">\n\t\t\t<div class=\"elementor-widget-wrap elementor-element-populated\">\n\t\t\t\t\t\t<div class=\"elementor-element elementor-element-63a0c593 elementor-widget elementor-widget-heading\" data-id=\"63a0c593\" data-element_type=\"widget\" data-e-type=\"widget\" data-widget_type=\"heading.default\">\n\t\t\t\t<div class=\"elementor-widget-container\">\n\t\t\t\t\t<h2 class=\"elementor-heading-title elementor-size-large\"><b>Projetos de Extens\u00e3o<\/b><\/h2>\t\t\t\t<\/div>\n\t\t\t\t<\/div>\n\t\t\t\t<div class=\"elementor-element elementor-element-e20e641 elementor-widget elementor-widget-text-editor\" data-id=\"e20e641\" data-element_type=\"widget\" data-e-type=\"widget\" data-widget_type=\"text-editor.default\">\n\t\t\t\t<div class=\"elementor-widget-container\">\n\t\t\t\t\t\t\t\t\t<p><span style=\"font-weight: 400\">Os <\/span><b>projetos de extens\u00e3o<\/b><span style=\"font-weight: 400\"> ofertados pelo <\/span><b>DALEM<\/b><span style=\"font-weight: 400\"> enriquecem a forma\u00e7\u00e3o universit\u00e1ria,\u00a0 estimulam o desenvolvimento dos alunos, proporcionam a pr\u00e1tica do que se aprende em salas de aula e t\u00eam um peso valioso no curr\u00edculo acad\u00eamico.<\/span><\/p>\t\t\t\t\t\t\t\t<\/div>\n\t\t\t\t<\/div>\n\t\t\t\t<div class=\"elementor-element elementor-element-e3bf09f elementor-widget elementor-widget-text-editor\" data-id=\"e3bf09f\" data-element_type=\"widget\" data-e-type=\"widget\" data-widget_type=\"text-editor.default\">\n\t\t\t\t<div class=\"elementor-widget-container\">\n\t\t\t\t\t\t\t\t\t<p><b>Conhe\u00e7a nossos Projetos em Andamento:<\/b><\/p>\t\t\t\t\t\t\t\t<\/div>\n\t\t\t\t<\/div>\n\t\t\t\t\t<\/div>\n\t\t<\/div>\n\t\t\t\t<div class=\"elementor-column elementor-col-33 elementor-top-column elementor-element elementor-element-6b31b134\" data-id=\"6b31b134\" data-element_type=\"column\" data-e-type=\"column\">\n\t\t\t<div class=\"elementor-widget-wrap elementor-element-populated\">\n\t\t\t\t\t\t<div class=\"elementor-element elementor-element-f143c1f elementor-widget elementor-widget-wp-widget-colormag_featured_posts_vertical_widget\" data-id=\"f143c1f\" data-element_type=\"widget\" data-e-type=\"widget\" data-widget_type=\"wp-widget-colormag_featured_posts_vertical_widget.default\">\n\t\t\t\t<div class=\"elementor-widget-container\">\n\t\t\t\t\t<section class=\"widget widget_featured_posts widget_featured_posts_vertical widget_featured_meta clearfix\">\r\n\t\t<div class=\"cm-first-post\">\r\n\t\t\t<div class=\"cm-post\">\r\n\t\t\t\t\r\n\t\t\t\t<div class=\"cm-post-content\">\r\n\t\t\t\t\t<div class=\"cm-entry-header-meta\"><div class=\"cm-post-categories\"><a href=\"https:\/\/utfpr.curitiba.br\/dalem\/?cat=44\" rel=\"category tag\">DALEM<\/a><a href=\"https:\/\/utfpr.curitiba.br\/dalem\/?cat=47\" rel=\"category tag\">Editais<\/a><a href=\"https:\/\/utfpr.curitiba.br\/dalem\/?cat=8\" rel=\"category tag\">Gradua\u00e7\u00e3o<\/a><a href=\"https:\/\/utfpr.curitiba.br\/dalem\/?cat=82\" rel=\"category tag\">Not\u00edcia<\/a><a href=\"https:\/\/utfpr.curitiba.br\/dalem\/?cat=1\" rel=\"category tag\">Posts<\/a><\/div><\/div>\t\t<h3 class=\"cm-entry-title\">\r\n\t\t\t<a href=\"https:\/\/utfpr.curitiba.br\/dalem\/?p=5681\" title=\"RESULTADO SELE\u00c7\u00c3O DE BOLSISTAS E N\u00c3O BOLSISTAS &#8211; PROJETO LICENCIANDO 2026\/1\">\r\n\t\t\t\tRESULTADO SELE\u00c7\u00c3O DE BOLSISTAS E N\u00c3O BOLSISTAS &#8211; PROJETO LICENCIANDO 2026\/1\t\t\t<\/a>\r\n\t\t<\/h3>\r\n\t\t<div class=\"cm-below-entry-meta \"><span class=\"cm-post-date\"><a href=\"https:\/\/utfpr.curitiba.br\/dalem\/?p=5681\" title=\"16:01\" rel=\"bookmark\"><svg class=\"cm-icon cm-icon--calendar-fill\" xmlns=\"http:\/\/www.w3.org\/2000\/svg\" viewBox=\"0 0 24 24\"><path d=\"M21.1 6.6v1.6c0 .6-.4 1-1 1H3.9c-.6 0-1-.4-1-1V6.6c0-1.5 1.3-2.8 2.8-2.8h1.7V3c0-.6.4-1 1-1s1 .4 1 1v.8h5.2V3c0-.6.4-1 1-1s1 .4 1 1v.8h1.7c1.5 0 2.8 1.3 2.8 2.8zm-1 4.6H3.9c-.6 0-1 .4-1 1v7c0 1.5 1.3 2.8 2.8 2.8h12.6c1.5 0 2.8-1.3 2.8-2.8v-7c0-.6-.4-1-1-1z\"><\/path><\/svg> <time class=\"entry-date published updated\" datetime=\"2026-03-04T16:01:08-03:00\">4 de mar\u00e7o de 2026<\/time><\/a><\/span>\r\n\t\t<span class=\"cm-author cm-vcard\">\r\n\t\t\t<svg class=\"cm-icon cm-icon--user\" xmlns=\"http:\/\/www.w3.org\/2000\/svg\" viewBox=\"0 0 24 24\"><path d=\"M7 7c0-2.8 2.2-5 5-5s5 2.2 5 5-2.2 5-5 5-5-2.2-5-5zm9 7H8c-2.8 0-5 2.2-5 5v2c0 .6.4 1 1 1h16c.6 0 1-.4 1-1v-2c0-2.8-2.2-5-5-5z\"><\/path><\/svg>\t\t\t<a class=\"url fn n\"\r\n\t\t\thref=\"https:\/\/utfpr.curitiba.br\/dalem\/?author=362\"\r\n\t\t\ttitle=\"KALIANNI DEJAVITE GONCALVES\"\r\n\t\t\t>\r\n\t\t\t\tKALIANNI DEJAVITE GONCALVES\t\t\t<\/a>\r\n\t\t<\/span>\r\n\r\n\t\t<\/div>\r\n\t\t\t\t\t\t\t\t\t\t\t<div class=\"cm-entry-summary\">\r\n\t\t\t\t\t\t\t\t\t\t\t\t\t<\/div>\r\n\t\t\t\t\t\t\t\t\t<\/div>\r\n\t\t\t<\/div>\r\n\r\n\t\t\t<\/div><div class=\"cm-posts\">\r\n\t\t\t<div class=\"cm-post\">\r\n\t\t\t\t\r\n\t\t\t\t<div class=\"cm-post-content\">\r\n\t\t\t\t\t<div class=\"cm-entry-header-meta\"><div class=\"cm-post-categories\"><a href=\"https:\/\/utfpr.curitiba.br\/dalem\/?cat=44\" rel=\"category tag\">DALEM<\/a><a href=\"https:\/\/utfpr.curitiba.br\/dalem\/?cat=8\" rel=\"category tag\">Gradua\u00e7\u00e3o<\/a><a href=\"https:\/\/utfpr.curitiba.br\/dalem\/?cat=82\" rel=\"category tag\">Not\u00edcia<\/a><a href=\"https:\/\/utfpr.curitiba.br\/dalem\/?cat=1\" rel=\"category tag\">Posts<\/a><\/div><\/div>\t\t<h3 class=\"cm-entry-title\">\r\n\t\t\t<a href=\"https:\/\/utfpr.curitiba.br\/dalem\/?p=5655\" title=\"RESULTADO FINAL &#8211; Edital n\u00ba 14\/2025 &#8211; NUCLI\">\r\n\t\t\t\tRESULTADO FINAL &#8211; Edital n\u00ba 14\/2025 &#8211; NUCLI\t\t\t<\/a>\r\n\t\t<\/h3>\r\n\t\t<div class=\"cm-below-entry-meta \"><span class=\"cm-post-date\"><a href=\"https:\/\/utfpr.curitiba.br\/dalem\/?p=5655\" title=\"15:17\" rel=\"bookmark\"><svg class=\"cm-icon cm-icon--calendar-fill\" xmlns=\"http:\/\/www.w3.org\/2000\/svg\" viewBox=\"0 0 24 24\"><path d=\"M21.1 6.6v1.6c0 .6-.4 1-1 1H3.9c-.6 0-1-.4-1-1V6.6c0-1.5 1.3-2.8 2.8-2.8h1.7V3c0-.6.4-1 1-1s1 .4 1 1v.8h5.2V3c0-.6.4-1 1-1s1 .4 1 1v.8h1.7c1.5 0 2.8 1.3 2.8 2.8zm-1 4.6H3.9c-.6 0-1 .4-1 1v7c0 1.5 1.3 2.8 2.8 2.8h12.6c1.5 0 2.8-1.3 2.8-2.8v-7c0-.6-.4-1-1-1z\"><\/path><\/svg> <time class=\"entry-date published updated\" datetime=\"2026-02-25T15:17:44-03:00\">25 de fevereiro de 2026<\/time><\/a><\/span>\r\n\t\t<span class=\"cm-author cm-vcard\">\r\n\t\t\t<svg class=\"cm-icon cm-icon--user\" xmlns=\"http:\/\/www.w3.org\/2000\/svg\" viewBox=\"0 0 24 24\"><path d=\"M7 7c0-2.8 2.2-5 5-5s5 2.2 5 5-2.2 5-5 5-5-2.2-5-5zm9 7H8c-2.8 0-5 2.2-5 5v2c0 .6.4 1 1 1h16c.6 0 1-.4 1-1v-2c0-2.8-2.2-5-5-5z\"><\/path><\/svg>\t\t\t<a class=\"url fn n\"\r\n\t\t\thref=\"https:\/\/utfpr.curitiba.br\/dalem\/?author=362\"\r\n\t\t\ttitle=\"KALIANNI DEJAVITE GONCALVES\"\r\n\t\t\t>\r\n\t\t\t\tKALIANNI DEJAVITE GONCALVES\t\t\t<\/a>\r\n\t\t<\/span>\r\n\r\n\t\t<\/div>\r\n\t\t\t\t\t\t\t\t\t<\/div>\r\n\t\t\t<\/div>\r\n\r\n\t\t\t\r\n\t\t\t<div class=\"cm-post\">\r\n\t\t\t\t\r\n\t\t\t\t<div class=\"cm-post-content\">\r\n\t\t\t\t\t<div class=\"cm-entry-header-meta\"><div class=\"cm-post-categories\"><a href=\"https:\/\/utfpr.curitiba.br\/dalem\/?cat=44\" rel=\"category tag\">DALEM<\/a><a href=\"https:\/\/utfpr.curitiba.br\/dalem\/?cat=47\" rel=\"category tag\">Editais<\/a><a href=\"https:\/\/utfpr.curitiba.br\/dalem\/?cat=9\" rel=\"category tag\">Eventos<\/a><a href=\"https:\/\/utfpr.curitiba.br\/dalem\/?cat=8\" rel=\"category tag\">Gradua\u00e7\u00e3o<\/a><a href=\"https:\/\/utfpr.curitiba.br\/dalem\/?cat=82\" rel=\"category tag\">Not\u00edcia<\/a><a href=\"https:\/\/utfpr.curitiba.br\/dalem\/?cat=1\" rel=\"category tag\">Posts<\/a><a href=\"https:\/\/utfpr.curitiba.br\/dalem\/?cat=45\" rel=\"category tag\">Publica\u00e7\u00f5es<\/a><\/div><\/div>\t\t<h3 class=\"cm-entry-title\">\r\n\t\t\t<a href=\"https:\/\/utfpr.curitiba.br\/dalem\/?p=5641\" title=\"RESULTADO PRELIMINAR &#8211; MINUTA DE EDITAL n\u00ba 14\/2025\">\r\n\t\t\t\tRESULTADO PRELIMINAR &#8211; MINUTA DE EDITAL n\u00ba 14\/2025\t\t\t<\/a>\r\n\t\t<\/h3>\r\n\t\t<div class=\"cm-below-entry-meta \"><span class=\"cm-post-date\"><a href=\"https:\/\/utfpr.curitiba.br\/dalem\/?p=5641\" title=\"17:45\" rel=\"bookmark\"><svg class=\"cm-icon cm-icon--calendar-fill\" xmlns=\"http:\/\/www.w3.org\/2000\/svg\" viewBox=\"0 0 24 24\"><path d=\"M21.1 6.6v1.6c0 .6-.4 1-1 1H3.9c-.6 0-1-.4-1-1V6.6c0-1.5 1.3-2.8 2.8-2.8h1.7V3c0-.6.4-1 1-1s1 .4 1 1v.8h5.2V3c0-.6.4-1 1-1s1 .4 1 1v.8h1.7c1.5 0 2.8 1.3 2.8 2.8zm-1 4.6H3.9c-.6 0-1 .4-1 1v7c0 1.5 1.3 2.8 2.8 2.8h12.6c1.5 0 2.8-1.3 2.8-2.8v-7c0-.6-.4-1-1-1z\"><\/path><\/svg> <time class=\"entry-date published updated\" datetime=\"2026-02-20T17:45:46-03:00\">20 de fevereiro de 2026<\/time><\/a><\/span>\r\n\t\t<span class=\"cm-author cm-vcard\">\r\n\t\t\t<svg class=\"cm-icon cm-icon--user\" xmlns=\"http:\/\/www.w3.org\/2000\/svg\" viewBox=\"0 0 24 24\"><path d=\"M7 7c0-2.8 2.2-5 5-5s5 2.2 5 5-2.2 5-5 5-5-2.2-5-5zm9 7H8c-2.8 0-5 2.2-5 5v2c0 .6.4 1 1 1h16c.6 0 1-.4 1-1v-2c0-2.8-2.2-5-5-5z\"><\/path><\/svg>\t\t\t<a class=\"url fn n\"\r\n\t\t\thref=\"https:\/\/utfpr.curitiba.br\/dalem\/?author=362\"\r\n\t\t\ttitle=\"KALIANNI DEJAVITE GONCALVES\"\r\n\t\t\t>\r\n\t\t\t\tKALIANNI DEJAVITE GONCALVES\t\t\t<\/a>\r\n\t\t<\/span>\r\n\r\n\t\t<\/div>\r\n\t\t\t\t\t\t\t\t\t<\/div>\r\n\t\t\t<\/div>\r\n\r\n\t\t\t<\/div><\/section>\t\t\t\t<\/div>\n\t\t\t\t<\/div>\n\t\t\t\t<div class=\"elementor-element elementor-element-aefc335 elementor-align-center elementor-invisible elementor-widget elementor-widget-button\" data-id=\"aefc335\" data-element_type=\"widget\" data-e-type=\"widget\" data-settings=\"{&quot;_animation&quot;:&quot;fadeIn&quot;}\" data-widget_type=\"button.default\">\n\t\t\t\t<div class=\"elementor-widget-container\">\n\t\t\t\t\t\t\t\t\t<div class=\"elementor-button-wrapper\">\n\t\t\t\t\t<a class=\"elementor-button elementor-button-link elementor-size-xs elementor-animation-bob\" href=\"https:\/\/utfpr.curitiba.br\/dalem\/category\/dalem-ct\/letras-ingles\/\">\n\t\t\t\t\t\t<span class=\"elementor-button-content-wrapper\">\n\t\t\t\t\t\t\t\t\t<span class=\"elementor-button-text\">Leia Mais<\/span>\n\t\t\t\t\t<\/span>\n\t\t\t\t\t<\/a>\n\t\t\t\t<\/div>\n\t\t\t\t\t\t\t\t<\/div>\n\t\t\t\t<\/div>\n\t\t\t\t\t<\/div>\n\t\t<\/div>\n\t\t\t\t\t<\/div>\n\t\t<\/section>\n\t\t\t\t<\/div>\n\t\t","protected":false},"excerpt":{"rendered":"<p>Projetos de Extens\u00e3o Os projetos de extens\u00e3o ofertados pelo DALEM enriquecem a forma\u00e7\u00e3o universit\u00e1ria,\u00a0 estimulam o desenvolvimento dos alunos, proporcionam<\/p>\n","protected":false},"author":21,"featured_media":0,"parent":0,"menu_order":0,"comment_status":"closed","ping_status":"closed","template":"","meta":{"colormag_page_container_layout":"default_layout","colormag_page_sidebar_layout":"default_layout","footnotes":""},"class_list":["post-2331","page","type-page","status-publish","hentry"],"_links":{"self":[{"href":"https:\/\/utfpr.curitiba.br\/dalem\/index.php?rest_route=\/wp\/v2\/pages\/2331","targetHints":{"allow":["GET"]}}],"collection":[{"href":"https:\/\/utfpr.curitiba.br\/dalem\/index.php?rest_route=\/wp\/v2\/pages"}],"about":[{"href":"https:\/\/utfpr.curitiba.br\/dalem\/index.php?rest_route=\/wp\/v2\/types\/page"}],"author":[{"embeddable":true,"href":"https:\/\/utfpr.curitiba.br\/dalem\/index.php?rest_route=\/wp\/v2\/users\/21"}],"replies":[{"embeddable":true,"href":"https:\/\/utfpr.curitiba.br\/dalem\/index.php?rest_route=%2Fwp%2Fv2%2Fcomments&post=2331"}],"version-history":[{"count":55,"href":"https:\/\/utfpr.curitiba.br\/dalem\/index.php?rest_route=\/wp\/v2\/pages\/2331\/revisions"}],"predecessor-version":[{"id":4954,"href":"https:\/\/utfpr.curitiba.br\/dalem\/index.php?rest_route=\/wp\/v2\/pages\/2331\/revisions\/4954"}],"wp:attachment":[{"href":"https:\/\/utfpr.curitiba.br\/dalem\/index.php?rest_route=%2Fwp%2Fv2%2Fmedia&parent=2331"}],"curies":[{"name":"wp","href":"https:\/\/api.w.org\/{rel}","templated":true}]}}