{"id":350,"date":"2023-07-17T19:15:53","date_gmt":"2023-07-17T22:15:53","guid":{"rendered":"https:\/\/utfpr.curitiba.br\/dainf\/?page_id=350"},"modified":"2025-11-04T09:42:17","modified_gmt":"2025-11-04T12:42:17","slug":"informacoes-para-estudantes","status":"publish","type":"page","link":"https:\/\/utfpr.curitiba.br\/dainf\/informacoes-para-estudantes\/","title":{"rendered":"Informa\u00e7\u00f5es para Estudantes"},"content":{"rendered":"\t\t<div data-elementor-type=\"wp-page\" data-elementor-id=\"350\" class=\"elementor elementor-350\">\n\t\t\t\t\t\t<section class=\"elementor-section elementor-top-section elementor-element elementor-element-48be6757 elementor-section-boxed elementor-section-height-default elementor-section-height-default\" data-id=\"48be6757\" data-element_type=\"section\" data-e-type=\"section\">\n\t\t\t\t\t\t<div class=\"elementor-container elementor-column-gap-default\">\n\t\t\t\t\t<div class=\"elementor-column elementor-col-100 elementor-top-column elementor-element elementor-element-61151bbd\" data-id=\"61151bbd\" data-element_type=\"column\" data-e-type=\"column\">\n\t\t\t<div class=\"elementor-widget-wrap elementor-element-populated\">\n\t\t\t\t\t\t<div class=\"elementor-element elementor-element-45b0c791 elementor-widget elementor-widget-text-editor\" data-id=\"45b0c791\" data-element_type=\"widget\" data-e-type=\"widget\" data-widget_type=\"text-editor.default\">\n\t\t\t\t<div class=\"elementor-widget-container\">\n\t\t\t\t\t\t\t\t\t\n<p>Informa\u00e7\u00f5es \u00fateis para alunos dos cursos de Engenharia de Computa\u00e7\u00e3o e Sistemas de Informa\u00e7\u00e3o. Para acessar o Guia do Calouro, clique <a href=\"https:\/\/utfpr.curitiba.br\/dainf\/guia-do-calouro\/\">aqui<\/a>.<\/p>\n\n<p class=\"has-medium-font-size\"><strong>Atividades Complementares<\/strong><\/p>\n\n<p>A unidade curricular Atividades Complementares integra a matriz curricular dos cursos de gradua\u00e7\u00e3o da UTFPR, sendo componente curricular obrigat\u00f3rio para a gradua\u00e7\u00e3o do estudante. Tais atividades visam privilegiar a complementa\u00e7\u00e3o da forma\u00e7\u00e3o social, humana e profissional dos estudantes, e o enriquecimento dos seus conhecimentos, valorizando e pontuando a sua participa\u00e7\u00e3o em eventos e atividades diversas, segundo crit\u00e9rios preestabelecidos. Estas poder\u00e3o ser desenvolvidas na pr\u00f3pria UTFPR ou em organiza\u00e7\u00f5es p\u00fablicas e privadas, e dentro do prazo de conclus\u00e3o do curso.<\/p>\n\n<ul class=\"wp-block-list\">\n<li><a href=\"https:\/\/portal.utfpr.edu.br\/cursos\/coordenacoes\/graduacao\/curitiba\/ct-engenharia-de-computacao\/area-academica\/atividades-complementares\">Engenharia de Computa\u00e7\u00e3o<\/a><\/li>\n\n<li><a href=\"https:\/\/portal.utfpr.edu.br\/cursos\/coordenacoes\/graduacao\/curitiba\/ct-sistemas-de-informacao\/area-academica\/atividades-complementares\" target=\"_blank\" rel=\"noreferrer noopener\">Sistemas de Informa\u00e7\u00e3o<\/a><\/li>\n<\/ul>\n\n<p class=\"has-medium-font-size\"><strong>Inicia\u00e7\u00e3o Cient\u00edfica<\/strong> <strong>e Tecnol\u00f3gica<\/strong><\/p>\n\n<p>O foco principal do\u00a0Programa Institucional de Bolsas de Inicia\u00e7\u00e3o Cient\u00edfica (PIBIC)\u00a0\u00e9 promover uma \u00eanfase cient\u00edfica aos novos talentos que est\u00e3o para se formar.\u00a0Serve como incentivo para se iniciar em pesquisas cient\u00edficas em todas as \u00e1reas de conhecimento. Os projetos de pesquisa nos quais os alunos e as alunas participam devem ter qualidade acad\u00eamica, m\u00e9rito cient\u00edfico e orienta\u00e7\u00e3o adequada por um pesquisador qualificado.<\/p>\n\n<p>O\u00a0Programa Institucional de Bolsas de Inicia\u00e7\u00e3o em Desenvolvimento Tecnol\u00f3gico e Inova\u00e7\u00e3o (PIBITI)\u00a0visa proporcionar ao bolsista, orientado por pesquisador qualificado, a aprendizagem de t\u00e9cnicas e m\u00e9todos de pesquisa tecnol\u00f3gica, bem como estimular o desenvolvimento do pensar tecnol\u00f3gico e da criatividade, decorrentes das condi\u00e7\u00f5es criadas pelo confronto direto com os problemas de pesquisa.<\/p>\n\n<p>A participa\u00e7\u00e3o nestes projetos fornece um retorno aos bolsistas na sua forma\u00e7\u00e3o, despertando voca\u00e7\u00e3o cient\u00edfica e incentivando na prepara\u00e7\u00e3o para ingressar na p\u00f3s-gradua\u00e7\u00e3o.\u00a0Os programas s\u00e3o apoiado pelo Conselho Nacional de Desenvolvimento Cient\u00edfico e Tecnol\u00f3gico (CNPq) com a concess\u00e3o de bolsas. (Fonte: Gov.br)<\/p>\n\n<p class=\"has-medium-font-size\"><strong>Internacionaliza\u00e7\u00e3o<\/strong><\/p>\n\n<p>A <a href=\"http:\/\/portal.utfpr.edu.br\/internacional\/mobilidade\/mobilidade\">Mobilidade Estudantil Internacional (MEI)<\/a> \u00e9 o processo que possibilita o afastamento tempor\u00e1rio do estudante para estudo em institui\u00e7\u00f5es estrangeiras conveniadas, prevendo que a conclus\u00e3o do curso se d\u00ea na UTFPR. Atrav\u00e9s desta modalidade, \u00e9 poss\u00edvel aos estudantes a realiza\u00e7\u00e3o de est\u00e1gios no exterior. As a\u00e7\u00f5es de mobilidade tamb\u00e9m contemplam itens adicionais, como o <a href=\"http:\/\/www.utfpr.edu.br\/internacional\/mobilidade\/engenheiro-3i\">Programa Engenheiros 3i<\/a> (com forma\u00e7\u00e3o complementar \u00e0 forma\u00e7\u00e3o curricular dos cursos), projetos internacionais (como o <a href=\"https:\/\/smartcityconcepts.chalmers.se\/\">Smart City Concepts<\/a> in Curitiba &#8211; Low carbon transport and mobility in a digital society), e a extensa rede de pesquisadores que direta ou indiretamente impactam os docentes e discentes do Campus Curitiba.<\/p>\n\n<p class=\"has-medium-font-size\"><strong>Mapas do Campus Curitiba<\/strong><\/p>\n\n<p>O Campus Curitiba da UTFPR possui um <a href=\"https:\/\/utfpr.curitiba.br\/cogerh\/2019\/10\/25\/mapa-da-utfpr\/\">mapa online<\/a> interativo das suas tr\u00eas sedes: Centro, Ecoville e Neoville, desenvolvido pela Coordenadoria de Gest\u00e3o de Recursos Humanos (COGERH). Abaixo, o mapa da sede Centro \u00e0 esquerda, e da sede Ecoville, \u00e0 direita, nas quais s\u00e3o lecionadas as disciplinas dos cursos de Engenharia da Computa\u00e7\u00e3o e Sistemas de Informa\u00e7\u00e3o.\u00a0<\/p>\n\n<p><img fetchpriority=\"high\" decoding=\"async\" width=\"584\" height=\"480\" class=\"wp-image-498\" style=\"width: 480px\" src=\"https:\/\/utfpr-ct-static-content.s3.amazonaws.com\/utfpr.curitiba.br\/wp-content\/uploads\/sites\/160\/2023\/07\/mapacentro.png\" alt=\"\" srcset=\"https:\/\/utfpr-ct-static-content.s3.amazonaws.com\/utfpr.curitiba.br\/wp-content\/uploads\/sites\/160\/2023\/07\/mapacentro.png 584w, https:\/\/utfpr-ct-static-content.s3.amazonaws.com\/utfpr.curitiba.br\/wp-content\/uploads\/sites\/160\/2023\/07\/mapacentro-300x247.png 300w\" sizes=\"(max-width: 584px) 100vw, 584px\" \/> <img decoding=\"async\" width=\"507\" height=\"489\" class=\"wp-image-515\" style=\"width: 410px\" src=\"https:\/\/utfpr-ct-static-content.s3.amazonaws.com\/utfpr.curitiba.br\/wp-content\/uploads\/sites\/160\/2023\/07\/mapa-ecoville-1.png\" alt=\"\" srcset=\"https:\/\/utfpr-ct-static-content.s3.amazonaws.com\/utfpr.curitiba.br\/wp-content\/uploads\/sites\/160\/2023\/07\/mapa-ecoville-1.png 507w, https:\/\/utfpr-ct-static-content.s3.amazonaws.com\/utfpr.curitiba.br\/wp-content\/uploads\/sites\/160\/2023\/07\/mapa-ecoville-1-300x289.png 300w\" sizes=\"(max-width: 507px) 100vw, 507px\" \/><\/p>\n\n<p class=\"has-medium-font-size\"><strong>Matriz Curricular<\/strong><\/p>\n\n<p>A matriz curricular define e organiza as pr\u00e1ticas educativas, com o intuito de cumprir n\u00e3o somente a forma\u00e7\u00e3o profissional do aluno, mas tamb\u00e9m as exig\u00eancias culturais e sociais. Portanto, as disciplinas presentes na matriz visam a adapta\u00e7\u00e3o do discente aos padr\u00f5es exigidos para o exerc\u00edcio de sua profiss\u00e3o, do come\u00e7o ao fim da sua gradua\u00e7\u00e3o.<\/p>\n\n<ul class=\"wp-block-list\">\n<li><a href=\"http:\/\/portal.utfpr.edu.br\/cursos\/coordenacoes\/graduacao\/curitiba\/ct-engenharia-de-computacao\/matriz-e-docentes\">Engenharia de Computa\u00e7\u00e3o\u00a0<\/a><\/li>\n\n<li><a href=\"http:\/\/portal.utfpr.edu.br\/cursos\/coordenacoes\/graduacao\/curitiba\/ct-sistemas-de-informacao\/matriz-e-docentes\" target=\"_blank\" rel=\"noreferrer noopener\">Sistemas de Informa\u00e7\u00e3o<\/a><\/li>\n<\/ul>\n\n<p>Para mais informa\u00e7\u00f5es sobre a matriz do curso de Sistemas de Informa\u00e7\u00f5es, clique <a href=\"https:\/\/utfpr.curitiba.br\/dainf\/matriz-de-sistemas-de-informacao\/\">aqui<\/a>.\u00a0<\/p>\n\n<p class=\"has-medium-font-size\"><strong>Normas Gerais<\/strong><\/p>\n\n<p>Para acessar os documentos referentes a normas e regulamentos da Gradua\u00e7\u00e3o, acesse o link de seu curso.<\/p>\n\n<ul class=\"wp-block-list\">\n<li><a href=\"http:\/\/portal.utfpr.edu.br\/cursos\/coordenacoes\/graduacao\/curitiba\/ct-engenharia-de-computacao\/documentos\/normas-gerais-da-graduacao\">Engenharia de Computa\u00e7\u00e3o\u00a0<\/a><\/li>\n\n<li><a href=\"http:\/\/portal.utfpr.edu.br\/cursos\/coordenacoes\/graduacao\/curitiba\/ct-sistemas-de-informacao\/documentos\/normas-gerais-da-graduacao\" target=\"_blank\" rel=\"noreferrer noopener\">Sistemas de Informa\u00e7\u00e3o<\/a><\/li>\n<\/ul>\n\n<h4 class=\"wp-block-heading has-medium-font-size\">Trabalho de Conclus\u00e3o de Curso<\/h4>\n\n<p>O Trabalho de Conclus\u00e3o de Curso (TCC) \u00e9 uma atividade obrigat\u00f3ria, constitu\u00edda por disciplinas\/unidades curriculares dos curr\u00edculos dos cursos de Gradua\u00e7\u00e3o da UTFPR, e tem como objetivos: desenvolver a capacidade de aplica\u00e7\u00e3o dos conceitos e teorias adquiridas durante o curso de forma integrada, por meio da execu\u00e7\u00e3o de um projeto de pesquisa; desenvolver a capacidade de planejamento e disciplina para resolver problemas dentro das diversas \u00e1reas de forma\u00e7\u00e3o; despertar o interesse pela pesquisa como meio para a resolu\u00e7\u00e3o de problemas; estimular o esp\u00edrito empreendedor, por meio da execu\u00e7\u00e3o de projetos que levem ao desenvolvimento de produtos, os quais possam ser patenteados e\/ou comercializados; intensificar a extens\u00e3o universit\u00e1ria, por interm\u00e9dio da resolu\u00e7\u00e3o de problemas existentes nos diversos setores da sociedade; estimular a constru\u00e7\u00e3o do conhecimento coletivo; estimular a interdisciplinaridade; estimular a inova\u00e7\u00e3o tecnol\u00f3gica; estimular o esp\u00edrito cr\u00edtico e reflexivo no meio social onde est\u00e1 inserido, e estimular a forma\u00e7\u00e3o continuada.<\/p>\n\n<ul class=\"wp-block-list\">\n<li><a href=\"https:\/\/portal.utfpr.edu.br\/cursos\/coordenacoes\/graduacao\/curitiba\/ct-engenharia-de-computacao\/area-academica\/tcc\">Engenharia de Computa\u00e7\u00e3o<\/a><\/li>\n\n<li><a href=\"https:\/\/portal.utfpr.edu.br\/cursos\/coordenacoes\/graduacao\/curitiba\/ct-sistemas-de-informacao\/area-academica\/tcc\">Sistemas de Informa\u00e7\u00e3o<\/a><\/li>\n<\/ul>\n\t\t\t\t\t\t\t\t<\/div>\n\t\t\t\t<\/div>\n\t\t\t\t\t<\/div>\n\t\t<\/div>\n\t\t\t\t\t<\/div>\n\t\t<\/section>\n\t\t\t\t<\/div>\n\t\t","protected":false},"excerpt":{"rendered":"<p>Informa\u00e7\u00f5es \u00fateis para alunos dos cursos de Engenharia de Computa\u00e7\u00e3o e Sistemas de Informa\u00e7\u00e3o. Para acessar o Guia do Calouro, clique aqui. Atividades Complementares A unidade curricular Atividades Complementares integra a matriz curricular dos cursos de gradua\u00e7\u00e3o da UTFPR, sendo componente curricular obrigat\u00f3rio para a gradua\u00e7\u00e3o do estudante. Tais atividades visam privilegiar a complementa\u00e7\u00e3o da&hellip;&nbsp;<\/p>\n","protected":false},"author":243,"featured_media":0,"parent":0,"menu_order":0,"comment_status":"closed","ping_status":"closed","template":"","meta":{"neve_meta_sidebar":"","neve_meta_container":"","neve_meta_enable_content_width":"","neve_meta_content_width":0,"neve_meta_title_alignment":"","neve_meta_author_avatar":"","neve_post_elements_order":"","neve_meta_disable_header":"","neve_meta_disable_footer":"","neve_meta_disable_title":"","footnotes":""},"class_list":["post-350","page","type-page","status-publish","hentry"],"_links":{"self":[{"href":"https:\/\/utfpr.curitiba.br\/dainf\/wp-json\/wp\/v2\/pages\/350","targetHints":{"allow":["GET"]}}],"collection":[{"href":"https:\/\/utfpr.curitiba.br\/dainf\/wp-json\/wp\/v2\/pages"}],"about":[{"href":"https:\/\/utfpr.curitiba.br\/dainf\/wp-json\/wp\/v2\/types\/page"}],"author":[{"embeddable":true,"href":"https:\/\/utfpr.curitiba.br\/dainf\/wp-json\/wp\/v2\/users\/243"}],"replies":[{"embeddable":true,"href":"https:\/\/utfpr.curitiba.br\/dainf\/wp-json\/wp\/v2\/comments?post=350"}],"version-history":[{"count":82,"href":"https:\/\/utfpr.curitiba.br\/dainf\/wp-json\/wp\/v2\/pages\/350\/revisions"}],"predecessor-version":[{"id":916,"href":"https:\/\/utfpr.curitiba.br\/dainf\/wp-json\/wp\/v2\/pages\/350\/revisions\/916"}],"wp:attachment":[{"href":"https:\/\/utfpr.curitiba.br\/dainf\/wp-json\/wp\/v2\/media?parent=350"}],"curies":[{"name":"wp","href":"https:\/\/api.w.org\/{rel}","templated":true}]}}