{"id":3433,"date":"2023-04-18T16:29:08","date_gmt":"2023-04-18T19:29:08","guid":{"rendered":"https:\/\/utfpr.curitiba.br\/dagee\/?page_id=3433"},"modified":"2024-10-22T16:26:42","modified_gmt":"2024-10-22T19:26:42","slug":"atividades-complementares","status":"publish","type":"page","link":"https:\/\/utfpr.curitiba.br\/dagee\/atividades-complementares\/","title":{"rendered":"Atividades Complementares"},"content":{"rendered":"\n<p class=\"has-medium-font-size\">Atividades complementares e horas complementares do curso de Administra\u00e7\u00e3o UTFPR<\/p>\n\n\n\n<div data-wp-interactive=\"core\/file\" class=\"wp-block-file\"><object data-wp-bind--hidden=\"!state.hasPdfPreview\" hidden class=\"wp-block-file__embed\" data=\"https:\/\/utfpr-ct-static-content.s3.amazonaws.com\/utfpr.curitiba.br\/wp-content\/uploads\/sites\/64\/2024\/03\/Atividades-complementares.pdf\" type=\"application\/pdf\" style=\"width:100%;height:440px\" aria-label=\"Incorporado de Atividades-complementares.\"><\/object><a id=\"wp-block-file--media-a3eaaf07-c70f-469c-9350-283012beee53\" href=\"https:\/\/utfpr-ct-static-content.s3.amazonaws.com\/utfpr.curitiba.br\/wp-content\/uploads\/sites\/64\/2024\/03\/Atividades-complementares.pdf\" target=\"_blank\" rel=\"noreferrer noopener\">Atividades-complementares<\/a><a href=\"https:\/\/utfpr-ct-static-content.s3.amazonaws.com\/utfpr.curitiba.br\/wp-content\/uploads\/sites\/64\/2024\/03\/Atividades-complementares.pdf\" class=\"wp-block-file__button wp-element-button\" download aria-describedby=\"wp-block-file--media-a3eaaf07-c70f-469c-9350-283012beee53\">Baixar<\/a><\/div>\n\n\n\n<p>As atividades complementares t\u00eam por finalidade, enriquecer o processo de ensino-aprendizagem, complementando a forma\u00e7\u00e3o social, humana e profissional, por meio de atividades de cunho comunit\u00e1rio, de assist\u00eancia acad\u00eamica, de inicia\u00e7\u00e3o cient\u00edfica e tecnol\u00f3gica, esportivas e culturais, al\u00e9m de interc\u00e2mbios com institui\u00e7\u00f5es cong\u00eaneres. <\/p>\n\n\n\n<p>Consistem em tr\u00eas grupos de atividades, realizadas dentro ou fora da universidade, que acrescentam a forma\u00e7\u00e3o de um administrador completo, sendo componente curricular obrigat\u00f3rio para gradua\u00e7\u00e3o do aluno. Os grupos s\u00e3o:<\/p>\n\n\n\n<p><strong>Grupo 1<\/strong>&nbsp;\u2013 Atividades de complementa\u00e7\u00e3o da forma\u00e7\u00e3o social, humana e cultural, estando inclusas:<\/p>\n\n\n\n<ul class=\"wp-block-list\">\n<li>atividades esportivas;<\/li>\n\n\n\n<li>cursos de l\u00edngua estrangeira;<\/li>\n\n\n\n<li>participa\u00e7\u00e3o em atividades art\u00edsticas e culturais;<\/li>\n<\/ul>\n\n\n\n<p><strong>Grupo 2<\/strong>&nbsp;\u2013 Atividades de cunho comunit\u00e1rio e de interesse coletivo, estando inclusas:<\/p>\n\n\n\n<ul class=\"wp-block-list\">\n<li>participa\u00e7\u00e3o efetiva em Diret\u00f3rios e Centros Acad\u00eamicos;<\/li>\n\n\n\n<li>participa\u00e7\u00e3o efetiva em trabalho volunt\u00e1rio, atividades comunit\u00e1rias, CIPAS, associa\u00e7\u00f5es de bairros, brigadas de inc\u00eandio e associa\u00e7\u00f5es escolares;<\/li>\n\n\n\n<li>participa\u00e7\u00e3o em projetos de extens\u00e3o, n\u00e3o remunerados, e de interesse social.<\/li>\n<\/ul>\n\n\n\n<p><strong>Grupo 3<\/strong>&nbsp;\u2013 Atividades de inicia\u00e7\u00e3o cient\u00edfica, tecnol\u00f3gica e de forma\u00e7\u00e3o profissional, estando inclusas:<\/p>\n\n\n\n<ul class=\"wp-block-list\">\n<li>participa\u00e7\u00e3o em cursos extraordin\u00e1rios da sua \u00e1rea de forma\u00e7\u00e3o, de fundamento cient\u00edfico ou de gest\u00e3o;<\/li>\n\n\n\n<li>participa\u00e7\u00e3o em palestras, congressos e semin\u00e1rios t\u00e9cnico-cient\u00edficos;<\/li>\n\n\n\n<li>participa\u00e7\u00e3o em projetos de inicia\u00e7\u00e3o cient\u00edfica e tecnol\u00f3gica, relacionados com o objetivo do Curso;<\/li>\n<\/ul>\n\n\n\n<p><a href=\"https:\/\/sei.utfpr.edu.br\/sei\/publicacoes\/controlador_publicacoes.php?acao=publicacao_visualizar&amp;id_documento=3167866&amp;id_orgao_publicacao=0\" data-type=\"link\" data-id=\"https:\/\/sei.utfpr.edu.br\/sei\/publicacoes\/controlador_publicacoes.php?acao=publicacao_visualizar&amp;id_documento=3167866&amp;id_orgao_publicacao=0\">Resolu\u00e7\u00e3o COGEP- Documento que Regulamenta as Atividades Complementares<\/a><\/p>\n\n\n\n<h2 class=\"wp-block-heading\"><strong>Procedimento<\/strong>&nbsp;<\/h2>\n\n\n\n<p>Ap\u00f3s envolver-se em atividades que ofere\u00e7am o certificado de participa\u00e7\u00e3o e quando julgar ter pontos suficientes, o aluno deve preencher a\u00a0tabela de atividades complementares\u00a0e, quando seus pontos se equivalem aos da tabela modelo, apresentar a tabela e os certificados para avalia\u00e7\u00e3o do professor respons\u00e1vel. A avalia\u00e7\u00e3o ser\u00e1 feita com\u00a0 base no sistema de pontua\u00e7\u00e3o por grupo, para mais informa\u00e7\u00f5es verifique o PDF anexo acima.<\/p>\n\n\n\n<h2 class=\"wp-block-heading\"><strong>Sugest\u00e3o de atividades&nbsp;<\/strong><\/h2>\n\n\n\n<p>Participa\u00e7\u00e3o da\u00a0<a href=\"https:\/\/www.instagram.com\/admetralhas\/\">atl\u00e9tica do curso<\/a>\u00a0em eventos esportivos e a\u00e7\u00f5es comunit\u00e1rias\u00a0\u00a0<\/p>\n\n\n\n<p>Participa\u00e7\u00e3o do\u00a0\u00a0<a href=\"https:\/\/www.instagram.com\/caft.utfpr\/\">centro acad\u00eamico Frederick Taylor\u00a0<\/a><\/p>\n\n\n\n<p>Voluntariado em Organiza\u00e7\u00f5es da Sociedade Civil (OSC) como a\u00a0<a href=\"https:\/\/br.techo.org\/sobre-a-teto\/\">TETO<\/a><\/p>\n\n\n\n<p>Participa\u00e7\u00e3o da Semana Acad\u00eamica de Administra\u00e7\u00e3o&nbsp;<\/p>\n\n\n\n<h2 class=\"wp-block-heading\"><strong>Contato<\/strong><\/h2>\n\n\n\n<p><strong>Respons\u00e1vel:<\/strong>&nbsp;Francis Kanashiro Meneghetti<\/p>\n\n\n\n<p><strong>E-mail<\/strong>:&nbsp;<a href=\"mailto:francis@utfpr.edu.br\">francis@utfpr.edu.br<\/a><\/p>\n\n\n\n<p><\/p>\n\n\n\n<p>Roteiro de entrega das atividades complementares e demais informa\u00e7\u00f5es:<\/p>\n\n\n\n<div data-wp-interactive=\"core\/file\" class=\"wp-block-file\"><object data-wp-bind--hidden=\"!state.hasPdfPreview\" hidden class=\"wp-block-file__embed\" data=\"https:\/\/utfpr-ct-static-content.s3.amazonaws.com\/utfpr.curitiba.br\/wp-content\/uploads\/sites\/64\/2023\/04\/DIAGRAMA-PARA-ATIVIDADES-COMPLEMENTARES.pdf\" type=\"application\/pdf\" style=\"width:100%;height:560px\" aria-label=\"Incorporado de DIAGRAMA-PARA-ATIVIDADES-COMPLEMENTARES.\"><\/object><a id=\"wp-block-file--media-6324a629-b95e-4698-b563-43bb28841483\" href=\"https:\/\/utfpr-ct-static-content.s3.amazonaws.com\/utfpr.curitiba.br\/wp-content\/uploads\/sites\/64\/2023\/04\/DIAGRAMA-PARA-ATIVIDADES-COMPLEMENTARES.pdf\">DIAGRAMA-PARA-ATIVIDADES-COMPLEMENTARES<\/a><a href=\"https:\/\/utfpr-ct-static-content.s3.amazonaws.com\/utfpr.curitiba.br\/wp-content\/uploads\/sites\/64\/2023\/04\/DIAGRAMA-PARA-ATIVIDADES-COMPLEMENTARES.pdf\" class=\"wp-block-file__button wp-element-button\" download aria-describedby=\"wp-block-file--media-6324a629-b95e-4698-b563-43bb28841483\">Baixar<\/a><\/div>\n","protected":false},"excerpt":{"rendered":"<p>Atividades complementares e horas complementares do curso de Administra\u00e7\u00e3o UTFPR As atividades complementares t\u00eam por finalidade, enriquecer o processo de ensino-aprendizagem, complementando a forma\u00e7\u00e3o social, humana e profissional, por meio de atividades de cunho comunit\u00e1rio, de assist\u00eancia acad\u00eamica, de inicia\u00e7\u00e3o cient\u00edfica e tecnol\u00f3gica, esportivas e culturais, al\u00e9m de interc\u00e2mbios com institui\u00e7\u00f5es cong\u00eaneres. Consistem em tr\u00eas &hellip; <\/p>\n<p class=\"link-more\"><a href=\"https:\/\/utfpr.curitiba.br\/dagee\/atividades-complementares\/\" class=\"more-link\">Continue lendo<span class=\"screen-reader-text\"> &#8220;Atividades Complementares&#8221;<\/span><\/a><\/p>\n","protected":false},"author":117,"featured_media":0,"parent":0,"menu_order":0,"comment_status":"closed","ping_status":"closed","template":"","meta":{"footnotes":""},"class_list":["post-3433","page","type-page","status-publish","hentry"],"_links":{"self":[{"href":"https:\/\/utfpr.curitiba.br\/dagee\/wp-json\/wp\/v2\/pages\/3433","targetHints":{"allow":["GET"]}}],"collection":[{"href":"https:\/\/utfpr.curitiba.br\/dagee\/wp-json\/wp\/v2\/pages"}],"about":[{"href":"https:\/\/utfpr.curitiba.br\/dagee\/wp-json\/wp\/v2\/types\/page"}],"author":[{"embeddable":true,"href":"https:\/\/utfpr.curitiba.br\/dagee\/wp-json\/wp\/v2\/users\/117"}],"replies":[{"embeddable":true,"href":"https:\/\/utfpr.curitiba.br\/dagee\/wp-json\/wp\/v2\/comments?post=3433"}],"version-history":[{"count":5,"href":"https:\/\/utfpr.curitiba.br\/dagee\/wp-json\/wp\/v2\/pages\/3433\/revisions"}],"predecessor-version":[{"id":4597,"href":"https:\/\/utfpr.curitiba.br\/dagee\/wp-json\/wp\/v2\/pages\/3433\/revisions\/4597"}],"wp:attachment":[{"href":"https:\/\/utfpr.curitiba.br\/dagee\/wp-json\/wp\/v2\/media?parent=3433"}],"curies":[{"name":"wp","href":"https:\/\/api.w.org\/{rel}","templated":true}]}}