{"id":3359,"date":"2023-04-13T14:28:00","date_gmt":"2023-04-13T17:28:00","guid":{"rendered":"https:\/\/utfpr.curitiba.br\/dagee\/?page_id=3359"},"modified":"2024-10-22T15:18:40","modified_gmt":"2024-10-22T18:18:40","slug":"vestibular","status":"publish","type":"page","link":"https:\/\/utfpr.curitiba.br\/dagee\/vestibular\/","title":{"rendered":"Vestibular"},"content":{"rendered":"\n<p>As datas para efetua\u00e7\u00e3o das inscri\u00e7\u00f5es para o vestibular s\u00e3o disponibilizadas no portal da institui\u00e7\u00e3o com anteced\u00eancia e podem ser feitas de forma remota, possuindo um custo de R$ 150. Os candidatos que comprovarem n\u00e3o conseguir realizar o pagamento podem solicitar isen\u00e7\u00e3o da taxa. <\/p>\n\n\n\n<p>Durante a inscri\u00e7\u00e3o, \u00e9 poss\u00edvel selecionar um curso em primeira e outro em segunda op\u00e7\u00e3o, de forma similar ao que \u00e9 feito no SISU, tamb\u00e9m \u00e9 poss\u00edvel escolher entre os idiomas espanhol e ingl\u00eas para as quest\u00f5es de L\u00edngua Estrangeira Moderna. <\/p>\n\n\n\n<p>Durante o per\u00edodo de inscri\u00e7\u00e3o, o candidato dever\u00e1 optar por uma das tr\u00eas modalidades: ampla concorr\u00eancia, cotista ou treineiro.<\/p>\n\n\n\n<p>Pelo menos metade das vagas oferecidas ser\u00e1 destinada ao Programa de A\u00e7\u00f5es Afirmativas, voltado aos cotistas. Para concorrer a elas, o candidato dever\u00e1 ter cursado todo o ensino m\u00e9dio em escolas p\u00fablicas. H\u00e1 reserva de vagas para candidatos com renda familiar bruta per capita igual ou inferior a 1,5 sal\u00e1rio m\u00ednimo, pretos, pardos ou ind\u00edgenas e com defici\u00eancia.<\/p>\n\n\n\n<p>De acordo com o edital do Vestibular de Inverno aplicado em 2023, o teste \u00e9 composto por uma prova de conhecimentos gerais, com 60 quest\u00f5es de m\u00faltipla escolha, e uma prova de reda\u00e7\u00e3o em l\u00edngua portuguesa. As duas s\u00e3o aplicadas no mesmo dia, iniciando \u00e0s 14h e com um total de cinco horas de dura\u00e7\u00e3o.<\/p>\n\n\n\n<p>Existem locais de provas nas 13 cidades em que a UTFPR possui campus: Apucarana, Campo Mour\u00e3o, Corn\u00e9lio Proc\u00f3pio, Curitiba, Dois Vizinhos, Francisco Beltr\u00e3o, Guarapuava, Londrina, Medianeira, Pato Branco, Ponta Grossa, Santa Helena e Toledo. \u00c9 importante se atentar ao comprovante de ensalamento, disponibilizado posteriormente no Portal da UTFPR.<\/p>\n\n\n\n<p>Candidatos que apresentam defici\u00eancia ou com necessidades educacionais espec\u00edficas poder\u00e3o solicitar adapta\u00e7\u00f5es razo\u00e1veis, como prova ampliada, assist\u00eancia de ledor\/transcritor, uso de computador com leitores de tela, int\u00e9rprete de libras, leitura labial, acessibilidade e sala com n\u00famero reduzido de candidatos. Para estes candidatos e para lactantes, \u00e9 poss\u00edvel solicitar no ato de inscri\u00e7\u00e3o tempo adicional de 60 minutos para a realiza\u00e7\u00e3o das provas.<\/p>\n\n\n\n<p>O candidato ser\u00e1 selecionado em apenas uma das op\u00e7\u00f5es de curso selecionadas, na primeira op\u00e7\u00e3o, caso tenha obtido nota suficiente para classifica\u00e7\u00e3o, ou na segunda, caso n\u00e3o tenha sido selecionado em sua primeira op\u00e7\u00e3o. <\/p>\n\n\n\n<p><\/p>\n","protected":false},"excerpt":{"rendered":"<p>As datas para efetua\u00e7\u00e3o das inscri\u00e7\u00f5es para o vestibular s\u00e3o disponibilizadas no portal da institui\u00e7\u00e3o com anteced\u00eancia e podem ser feitas de forma remota, possuindo um custo de R$ 150. Os candidatos que comprovarem n\u00e3o conseguir realizar o pagamento podem solicitar isen\u00e7\u00e3o da taxa. Durante a inscri\u00e7\u00e3o, \u00e9 poss\u00edvel selecionar um curso em primeira e &hellip; <\/p>\n<p class=\"link-more\"><a href=\"https:\/\/utfpr.curitiba.br\/dagee\/vestibular\/\" class=\"more-link\">Continue lendo<span class=\"screen-reader-text\"> &#8220;Vestibular&#8221;<\/span><\/a><\/p>\n","protected":false},"author":117,"featured_media":0,"parent":0,"menu_order":0,"comment_status":"closed","ping_status":"closed","template":"","meta":{"footnotes":""},"class_list":["post-3359","page","type-page","status-publish","hentry"],"_links":{"self":[{"href":"https:\/\/utfpr.curitiba.br\/dagee\/wp-json\/wp\/v2\/pages\/3359","targetHints":{"allow":["GET"]}}],"collection":[{"href":"https:\/\/utfpr.curitiba.br\/dagee\/wp-json\/wp\/v2\/pages"}],"about":[{"href":"https:\/\/utfpr.curitiba.br\/dagee\/wp-json\/wp\/v2\/types\/page"}],"author":[{"embeddable":true,"href":"https:\/\/utfpr.curitiba.br\/dagee\/wp-json\/wp\/v2\/users\/117"}],"replies":[{"embeddable":true,"href":"https:\/\/utfpr.curitiba.br\/dagee\/wp-json\/wp\/v2\/comments?post=3359"}],"version-history":[{"count":4,"href":"https:\/\/utfpr.curitiba.br\/dagee\/wp-json\/wp\/v2\/pages\/3359\/revisions"}],"predecessor-version":[{"id":4595,"href":"https:\/\/utfpr.curitiba.br\/dagee\/wp-json\/wp\/v2\/pages\/3359\/revisions\/4595"}],"wp:attachment":[{"href":"https:\/\/utfpr.curitiba.br\/dagee\/wp-json\/wp\/v2\/media?parent=3359"}],"curies":[{"name":"wp","href":"https:\/\/api.w.org\/{rel}","templated":true}]}}