{"id":2,"date":"2015-03-02T07:41:42","date_gmt":"2015-03-02T10:41:42","guid":{"rendered":"http:\/\/themes.muffingroup.com\/be\/university\/?page_id=2"},"modified":"2025-09-04T08:15:24","modified_gmt":"2025-09-04T11:15:24","slug":"sample-page","status":"publish","type":"page","link":"https:\/\/utfpr.curitiba.br\/dagee\/","title":{"rendered":"INICIO"},"content":{"rendered":"<form role=\"search\" method=\"get\" action=\"https:\/\/utfpr.curitiba.br\/dagee\/\" class=\"wp-block-search__button-inside wp-block-search__icon-button alignright wp-block-search\"    ><label class=\"wp-block-search__label screen-reader-text\" for=\"wp-block-search__input-1\" >Pesquisar<\/label><div class=\"wp-block-search__inside-wrapper\"  style=\"width: 266px\"><input class=\"wp-block-search__input\" id=\"wp-block-search__input-1\" placeholder=\"Pesquisar ...\" value=\"\" type=\"search\" name=\"s\" required \/><button aria-label=\"Pesquisar\" class=\"wp-block-search__button has-text-color has-white-color has-background has-black-background-color has-icon wp-element-button\" type=\"submit\" ><svg class=\"search-icon\" viewBox=\"0 0 24 24\" width=\"24\" height=\"24\">\n\t\t\t\t\t<path d=\"M13 5c-3.3 0-6 2.7-6 6 0 1.4.5 2.7 1.3 3.7l-3.8 3.8 1.1 1.1 3.8-3.8c1 .8 2.3 1.3 3.7 1.3 3.3 0 6-2.7 6-6S16.3 5 13 5zm0 10.5c-2.5 0-4.5-2-4.5-4.5s2-4.5 4.5-4.5 4.5 2 4.5 4.5-2 4.5-4.5 4.5z\"><\/path>\n\t\t\t\t<\/svg><\/button><\/div><\/form>\n\n\n<p><\/p>\n\n\n\n<h2 class=\"wp-block-heading has-text-align-right has-small-font-size\"><strong>WEBSITE DA UTFPR<\/strong><\/h2>\n\n\n\n<p class=\"has-text-align-right\"><a rel=\"noreferrer noopener\" href=\"http:\/\/portal.utfpr.edu.br\/\" target=\"_blank\">http:\/\/portal.utfpr.edu.br\/<\/a><\/p>\n\n\n\n<p><\/p>\n\n\n\n<p class=\"has-text-align-left\" style=\"font-size:14px\"><strong>CONTATO PROFESSORES DAGEE<\/strong><\/p>\n\n\n\n<div data-wp-interactive=\"core\/file\" class=\"wp-block-file\"><object data-wp-bind--hidden=\"!state.hasPdfPreview\" hidden class=\"wp-block-file__embed\" data=\"https:\/\/utfpr-ct-static-content.s3.amazonaws.com\/utfpr.curitiba.br\/wp-content\/uploads\/sites\/64\/2025\/09\/Tabela-com-e-mails-professores-atualizada-2025.pdf\" type=\"application\/pdf\" style=\"width:100%;height:600px\" aria-label=\"Incorporado de Tabela com e-mails professores atualizada 2025.\"><\/object><a id=\"wp-block-file--media-0970c1f3-3f0c-4cf7-88a9-41507be99fb9\" href=\"https:\/\/utfpr-ct-static-content.s3.amazonaws.com\/utfpr.curitiba.br\/wp-content\/uploads\/sites\/64\/2025\/09\/Tabela-com-e-mails-professores-atualizada-2025.pdf\" target=\"_blank\" rel=\"noreferrer noopener\">Tabela com e-mails professores atualizada 2025<\/a><a href=\"https:\/\/utfpr-ct-static-content.s3.amazonaws.com\/utfpr.curitiba.br\/wp-content\/uploads\/sites\/64\/2025\/09\/Tabela-com-e-mails-professores-atualizada-2025.pdf\" class=\"wp-block-file__button wp-element-button\" download aria-describedby=\"wp-block-file--media-0970c1f3-3f0c-4cf7-88a9-41507be99fb9\">Download<\/a><\/div>\n\n\n\n<hr class=\"wp-block-separator has-alpha-channel-opacity is-style-wide\" \/>\n\n\n\n<p><\/p>\n\n\n\n<p>A Escola de Gest\u00e3o e Economia da UTFPR atende \u00e0 demanda do mercado e \u00e0 evolu\u00e7\u00e3o do ensino voltado \u00e0 administra\u00e7\u00e3o, o Dagee atualmente oferece os seguintes cursos:<\/p>\n\n\n\n<ul class=\"wp-block-list\">\n<li>Bacharelado em Administra\u00e7\u00e3o<\/li>\n\n\n\n<li>P\u00f3s-Gradua\u00e7\u00e3o em Gest\u00e3o Financeira<\/li>\n\n\n\n<li>MBA em Gest\u00e3o Empresarial<\/li>\n\n\n\n<li>MBA em Planejamento e Governan\u00e7a P\u00fablica<\/li>\n\n\n\n<li>Programa de P\u00f3s-Gradua\u00e7\u00e3o em Administra\u00e7\u00e3o<\/li>\n\n\n\n<li>Programa de P\u00f3s-Gradua\u00e7\u00e3o em Planejamento e Governan\u00e7a P\u00fablica<\/li>\n<\/ul>\n\n\n\n<div class=\"wp-block-columns is-layout-flex wp-container-core-columns-is-layout-9d6595d7 wp-block-columns-is-layout-flex\">\n<div class=\"wp-block-column is-layout-flow wp-block-column-is-layout-flow\" style=\"flex-basis:90%\">\n<p style=\"line-height:1.5\">De acordo com o dicion\u00e1rio Michaelis, entende-se a administra\u00e7\u00e3o como:<\/p>\n<\/div>\n<\/div>\n\n\n\n<div class=\"wp-block-columns is-layout-flex wp-container-core-columns-is-layout-9d6595d7 wp-block-columns-is-layout-flex\">\n<div class=\"wp-block-column is-layout-flow wp-block-column-is-layout-flow\" style=\"flex-basis:50%\">\n<blockquote class=\"wp-block-quote is-layout-flow wp-block-quote-is-layout-flow\">\n<p>&#8220;Conjunto de princ\u00edpios, pr\u00e1ticas e t\u00e9cnicas utilizadas com o objetivo de coordenar e dirigir as a\u00e7\u00f5es de um grupo de indiv\u00edduos que se associam com o fim de conseguir resultados eficazes.&#8221;<\/p>\n<\/blockquote>\n<\/div>\n<\/div>\n\n\n\n<div class=\"wp-block-columns is-layout-flex wp-container-core-columns-is-layout-9d6595d7 wp-block-columns-is-layout-flex\">\n<div class=\"wp-block-column is-layout-flow wp-block-column-is-layout-flow\" style=\"flex-basis:50%\">\n<p>Com base nessa defini\u00e7\u00e3o, \u00e9 possivel perceber que a import\u00e2ncia da Administra\u00e7\u00e3o transpassa as barreiras acad\u00eamicas e profissionais, estando diretamente vinculada a valores como: Cidadania, \u00c9tica, Respeito e Responsabilidade. <\/p>\n<\/div>\n<\/div>\n\n\n\n<p><\/p>\n\n\n\n<p><\/p>\n\n\n\n<hr class=\"wp-block-separator has-alpha-channel-opacity is-style-wide\" \/>\n\n\n\n<p>Posts<\/p>\n\n\n\n<div class=\"wp-block-columns is-layout-flex wp-container-core-columns-is-layout-9d6595d7 wp-block-columns-is-layout-flex\">\n<div class=\"wp-block-column is-layout-flow wp-block-column-is-layout-flow\"><ul class=\"wp-block-latest-posts__list wp-block-latest-posts\"><li><a class=\"wp-block-latest-posts__post-title\" href=\"https:\/\/utfpr.curitiba.br\/dagee\/inscricoes-abertas-para-dupla-diplomacao\/\">Inscri\u00e7\u00f5es abertas para Dupla Diploma\u00e7\u00e3o!<\/a><\/li>\n<li><a class=\"wp-block-latest-posts__post-title\" href=\"https:\/\/utfpr.curitiba.br\/dagee\/disciplina-de-gestao-de-projetos-do-curso-de-administracao-da-utfpr-realiza-acao-em-parceria-com-a-ong-minha-vida-mudou\/\">Disciplina de Gest\u00e3o de Projetos do curso de Administra\u00e7\u00e3o da UTFPR realiza a\u00e7\u00e3o em parceria com a ONG \u201cMinha Vida Mudou\u201d.<\/a><\/li>\n<li><a class=\"wp-block-latest-posts__post-title\" href=\"https:\/\/utfpr.curitiba.br\/dagee\/a-segunda-edicao-do-pitch-day-tecnologica-esta-chegando\/\">A Segunda Edi\u00e7\u00e3o do Pitch Day Tecnol\u00f3gica est\u00e1 chegando!<\/a><\/li>\n<li><a class=\"wp-block-latest-posts__post-title\" href=\"https:\/\/utfpr.curitiba.br\/dagee\/palestra-com-transmissao-ao-vivo-no-youtube-do-dagee-empregabilidade-e-mundo-do-trabalho-na-contemporaneidade\/\">Palestra com transmiss\u00e3o ao vivo no YouTube do Dagee: &#8220;Empregabilidade e Mundo do Trabalho na Contemporaneidade&#8221;<\/a><\/li>\n<li><a class=\"wp-block-latest-posts__post-title\" href=\"https:\/\/utfpr.curitiba.br\/dagee\/curso-de-administracao-da-utfpr-ct-celebra-14-anos\/\">Curso de Administra\u00e7\u00e3o da UTFPR-CT celebra 14 anos!<\/a><\/li>\n<\/ul><\/div>\n\n\n\n<div class=\"wp-block-column is-layout-flow wp-block-column-is-layout-flow\">\n<p style=\"font-size:14px\"><\/p>\n<\/div>\n<\/div>\n\n\n\n<p><\/p>\n\n\n\n<p class=\"has-text-align-right\"><\/p>\n\n\n\n<p class=\"has-text-align-right has-small-font-size\" style=\"line-height:0.1\"><strong>WEBSITE DO DEPARTAMENTO ACAD\u00caMICO <\/strong><\/p>\n\n\n\n<p class=\"has-text-align-right has-small-font-size\" style=\"line-height:0.1\"><strong>DE GEST\u00c3O E ECONOMIA \u2013 UTFPR CAMPUS CURITIBA<\/strong><\/p>\n","protected":false},"excerpt":{"rendered":"<p>WEBSITE DA UTFPR http:\/\/portal.utfpr.edu.br\/ CONTATO PROFESSORES DAGEE A Escola de Gest\u00e3o e Economia da UTFPR atende \u00e0 demanda do mercado e \u00e0 evolu\u00e7\u00e3o do ensino voltado \u00e0 administra\u00e7\u00e3o, o Dagee atualmente oferece os seguintes cursos: De acordo com o dicion\u00e1rio Michaelis, entende-se a administra\u00e7\u00e3o como: &#8220;Conjunto de princ\u00edpios, pr\u00e1ticas e t\u00e9cnicas utilizadas com o objetivo &hellip; <\/p>\n<p class=\"link-more\"><a href=\"https:\/\/utfpr.curitiba.br\/dagee\/\" class=\"more-link\">Continue lendo<span class=\"screen-reader-text\"> &#8220;INICIO&#8221;<\/span><\/a><\/p>\n","protected":false},"author":5,"featured_media":0,"parent":0,"menu_order":0,"comment_status":"closed","ping_status":"closed","template":"elementor_theme","meta":{"footnotes":""},"class_list":["post-2","page","type-page","status-publish","hentry"],"_links":{"self":[{"href":"https:\/\/utfpr.curitiba.br\/dagee\/wp-json\/wp\/v2\/pages\/2","targetHints":{"allow":["GET"]}}],"collection":[{"href":"https:\/\/utfpr.curitiba.br\/dagee\/wp-json\/wp\/v2\/pages"}],"about":[{"href":"https:\/\/utfpr.curitiba.br\/dagee\/wp-json\/wp\/v2\/types\/page"}],"author":[{"embeddable":true,"href":"https:\/\/utfpr.curitiba.br\/dagee\/wp-json\/wp\/v2\/users\/5"}],"replies":[{"embeddable":true,"href":"https:\/\/utfpr.curitiba.br\/dagee\/wp-json\/wp\/v2\/comments?post=2"}],"version-history":[{"count":37,"href":"https:\/\/utfpr.curitiba.br\/dagee\/wp-json\/wp\/v2\/pages\/2\/revisions"}],"predecessor-version":[{"id":4863,"href":"https:\/\/utfpr.curitiba.br\/dagee\/wp-json\/wp\/v2\/pages\/2\/revisions\/4863"}],"wp:attachment":[{"href":"https:\/\/utfpr.curitiba.br\/dagee\/wp-json\/wp\/v2\/media?parent=2"}],"curies":[{"name":"wp","href":"https:\/\/api.w.org\/{rel}","templated":true}]}}