{"id":4367,"date":"2021-04-28T14:25:36","date_gmt":"2021-04-28T17:25:36","guid":{"rendered":"https:\/\/dadin.ct.utfpr.edu.br\/?page_id=4367"},"modified":"2024-09-02T18:49:22","modified_gmt":"2024-09-02T21:49:22","slug":"tecnologia-2021","status":"publish","type":"page","link":"https:\/\/utfpr.curitiba.br\/dadin\/?page_id=4367","title":{"rendered":"Tecnologia 2021"},"content":{"rendered":"\t\t<div data-elementor-type=\"wp-post\" data-elementor-id=\"4367\" class=\"elementor elementor-4367\">\n\t\t\t\t\t\t<section class=\"elementor-section elementor-top-section elementor-element elementor-element-45376c2d elementor-section-boxed elementor-section-height-default elementor-section-height-default\" data-id=\"45376c2d\" data-element_type=\"section\" data-e-type=\"section\">\n\t\t\t\t\t\t<div class=\"elementor-container elementor-column-gap-default\">\n\t\t\t\t\t<div class=\"elementor-column elementor-col-100 elementor-top-column elementor-element elementor-element-f03aec\" data-id=\"f03aec\" data-element_type=\"column\" data-e-type=\"column\">\n\t\t\t<div class=\"elementor-widget-wrap elementor-element-populated\">\n\t\t\t\t\t\t<div class=\"elementor-element elementor-element-7e4c432 elementor-invisible elementor-widget elementor-widget-heading\" data-id=\"7e4c432\" data-element_type=\"widget\" data-e-type=\"widget\" data-settings=\"{&quot;_animation&quot;:&quot;fadeIn&quot;,&quot;_animation_delay&quot;:&quot;400&quot;}\" data-widget_type=\"heading.default\">\n\t\t\t\t<div class=\"elementor-widget-container\">\n\t\t\t\t\t<h2 class=\"elementor-heading-title elementor-size-default\">Tecnologia em Design Gr\u00e1fico<\/h2>\t\t\t\t<\/div>\n\t\t\t\t<\/div>\n\t\t\t\t<section class=\"elementor-section elementor-inner-section elementor-element elementor-element-27355bd elementor-section-boxed elementor-section-height-default elementor-section-height-default elementor-invisible\" data-id=\"27355bd\" data-element_type=\"section\" data-e-type=\"section\" data-settings=\"{&quot;animation&quot;:&quot;fadeIn&quot;}\">\n\t\t\t\t\t\t<div class=\"elementor-container elementor-column-gap-default\">\n\t\t\t\t\t<div class=\"elementor-column elementor-col-50 elementor-inner-column elementor-element elementor-element-7706ffe elementor-hidden-phone\" data-id=\"7706ffe\" data-element_type=\"column\" data-e-type=\"column\">\n\t\t\t<div class=\"elementor-widget-wrap elementor-element-populated\">\n\t\t\t\t\t\t<div class=\"elementor-element elementor-element-1331995 elementor-hidden-desktop elementor-hidden-tablet elementor-hidden-phone elementor-widget elementor-widget-image\" data-id=\"1331995\" data-element_type=\"widget\" data-e-type=\"widget\" data-widget_type=\"image.default\">\n\t\t\t\t<div class=\"elementor-widget-container\">\n\t\t\t\t\t\t\t\t\t\t\t\t\t\t\t<img decoding=\"async\" src=\"https:\/\/utfpr.curitiba.br\/dadin\/wp-content\/plugins\/elementor\/assets\/images\/placeholder.png\" title=\"\" alt=\"\" loading=\"lazy\" \/>\t\t\t\t\t\t\t\t\t\t\t\t\t\t\t<\/div>\n\t\t\t\t<\/div>\n\t\t\t\t<div class=\"elementor-element elementor-element-e1bdf7c elementor-hidden-desktop elementor-hidden-tablet elementor-hidden-phone elementor-widget elementor-widget-image\" data-id=\"e1bdf7c\" data-element_type=\"widget\" data-e-type=\"widget\" data-widget_type=\"image.default\">\n\t\t\t\t<div class=\"elementor-widget-container\">\n\t\t\t\t\t\t\t\t\t\t\t\t\t\t\t<img decoding=\"async\" src=\"https:\/\/utfpr.curitiba.br\/dadin\/wp-content\/plugins\/elementor\/assets\/images\/placeholder.png\" title=\"\" alt=\"\" loading=\"lazy\" \/>\t\t\t\t\t\t\t\t\t\t\t\t\t\t\t<\/div>\n\t\t\t\t<\/div>\n\t\t\t\t<div class=\"elementor-element elementor-element-2c7a0bb elementor-hidden-desktop elementor-hidden-tablet elementor-hidden-phone elementor-widget elementor-widget-image\" data-id=\"2c7a0bb\" data-element_type=\"widget\" data-e-type=\"widget\" data-widget_type=\"image.default\">\n\t\t\t\t<div class=\"elementor-widget-container\">\n\t\t\t\t\t\t\t\t\t\t\t\t\t\t\t<img decoding=\"async\" src=\"https:\/\/utfpr.curitiba.br\/dadin\/wp-content\/plugins\/elementor\/assets\/images\/placeholder.png\" title=\"\" alt=\"\" loading=\"lazy\" \/>\t\t\t\t\t\t\t\t\t\t\t\t\t\t\t<\/div>\n\t\t\t\t<\/div>\n\t\t\t\t<div class=\"elementor-element elementor-element-6597f74 elementor-hidden-desktop elementor-hidden-tablet elementor-hidden-phone elementor-widget elementor-widget-image\" data-id=\"6597f74\" data-element_type=\"widget\" data-e-type=\"widget\" data-widget_type=\"image.default\">\n\t\t\t\t<div class=\"elementor-widget-container\">\n\t\t\t\t\t\t\t\t\t\t\t\t\t\t\t<img decoding=\"async\" src=\"https:\/\/utfpr.curitiba.br\/dadin\/wp-content\/plugins\/elementor\/assets\/images\/placeholder.png\" title=\"\" alt=\"\" loading=\"lazy\" \/>\t\t\t\t\t\t\t\t\t\t\t\t\t\t\t<\/div>\n\t\t\t\t<\/div>\n\t\t\t\t<div class=\"elementor-element elementor-element-3ea9afe elementor-hidden-desktop elementor-hidden-tablet elementor-hidden-phone elementor-widget elementor-widget-image\" data-id=\"3ea9afe\" data-element_type=\"widget\" data-e-type=\"widget\" data-widget_type=\"image.default\">\n\t\t\t\t<div class=\"elementor-widget-container\">\n\t\t\t\t\t\t\t\t\t\t\t\t\t\t\t<img decoding=\"async\" src=\"https:\/\/utfpr.curitiba.br\/dadin\/wp-content\/plugins\/elementor\/assets\/images\/placeholder.png\" title=\"\" alt=\"\" loading=\"lazy\" \/>\t\t\t\t\t\t\t\t\t\t\t\t\t\t\t<\/div>\n\t\t\t\t<\/div>\n\t\t\t\t<div class=\"elementor-element elementor-element-ef7686d elementor-hidden-desktop elementor-hidden-tablet elementor-hidden-phone elementor-widget elementor-widget-image\" data-id=\"ef7686d\" data-element_type=\"widget\" data-e-type=\"widget\" data-widget_type=\"image.default\">\n\t\t\t\t<div class=\"elementor-widget-container\">\n\t\t\t\t\t\t\t\t\t\t\t\t\t\t\t<img decoding=\"async\" src=\"https:\/\/utfpr.curitiba.br\/dadin\/wp-content\/plugins\/elementor\/assets\/images\/placeholder.png\" title=\"\" alt=\"\" loading=\"lazy\" \/>\t\t\t\t\t\t\t\t\t\t\t\t\t\t\t<\/div>\n\t\t\t\t<\/div>\n\t\t\t\t<div class=\"elementor-element elementor-element-26e1721 elementor-hidden-desktop elementor-hidden-tablet elementor-hidden-phone elementor-widget elementor-widget-image\" data-id=\"26e1721\" data-element_type=\"widget\" data-e-type=\"widget\" data-widget_type=\"image.default\">\n\t\t\t\t<div class=\"elementor-widget-container\">\n\t\t\t\t\t\t\t\t\t\t\t\t\t\t\t<img decoding=\"async\" src=\"https:\/\/utfpr.curitiba.br\/dadin\/wp-content\/plugins\/elementor\/assets\/images\/placeholder.png\" title=\"\" alt=\"\" loading=\"lazy\" \/>\t\t\t\t\t\t\t\t\t\t\t\t\t\t\t<\/div>\n\t\t\t\t<\/div>\n\t\t\t\t\t<\/div>\n\t\t<\/div>\n\t\t\t\t<div class=\"elementor-column elementor-col-50 elementor-inner-column elementor-element elementor-element-ae25536\" data-id=\"ae25536\" data-element_type=\"column\" data-e-type=\"column\">\n\t\t\t<div class=\"elementor-widget-wrap elementor-element-populated\">\n\t\t\t\t\t\t<div class=\"elementor-element elementor-element-d59d258 elementor-widget elementor-widget-heading\" data-id=\"d59d258\" data-element_type=\"widget\" data-e-type=\"widget\" data-settings=\"{&quot;_animation&quot;:&quot;none&quot;,&quot;_animation_delay&quot;:&quot;400&quot;}\" data-widget_type=\"heading.default\">\n\t\t\t\t<div class=\"elementor-widget-container\">\n\t\t\t\t\t<h2 class=\"elementor-heading-title elementor-size-default\">Sobre o curso<\/h2>\t\t\t\t<\/div>\n\t\t\t\t<\/div>\n\t\t\t\t<div class=\"elementor-element elementor-element-69775b8 elementor-widget elementor-widget-text-editor\" data-id=\"69775b8\" data-element_type=\"widget\" data-e-type=\"widget\" data-widget_type=\"text-editor.default\">\n\t\t\t\t<div class=\"elementor-widget-container\">\n\t\t\t\t\t\t\t\t\t<p style=\"text-align: justify\">O Curso Superior de Tecnologia em Design Gr\u00e1fico oferece 22 vagas pela manh\u00e3 e 22 vagas \u00e0 noite, em regime semestral, tendo como objetivo formar profissionais capazes de atuar no desenvolvimento de projetos gr\u00e1ficos, tanto em m\u00eddia impressa quanto digital. O Tecn\u00f3logo em Design Gr\u00e1fico ter\u00e1 a possibilidade de atuar na ind\u00fastria gr\u00e1fica, em escrit\u00f3rios de design, ag\u00eancias de propaganda e jornais, no desenvolvimento e acompanhamento de projetos gr\u00e1ficos, produ\u00e7\u00e3o de imagem, ilustra\u00e7\u00e3o, finaliza\u00e7\u00e3o de arquivos digitais e web design. Seu trabalho poder\u00e1 ser visualizado em embalagens, livros, revistas, jornais, camisetas, aberturas e vinhetas de cinema e televis\u00e3o, websites, jogos, sistema de identidade visual de organiza\u00e7\u00f5es, etc.<\/p>\t\t\t\t\t\t\t\t<\/div>\n\t\t\t\t<\/div>\n\t\t\t\t<div class=\"elementor-element elementor-element-b68358a elementor-widget-divider--view-line elementor-widget elementor-widget-divider\" data-id=\"b68358a\" data-element_type=\"widget\" data-e-type=\"widget\" data-widget_type=\"divider.default\">\n\t\t\t\t<div class=\"elementor-widget-container\">\n\t\t\t\t\t\t\t<div class=\"elementor-divider\">\n\t\t\t<span class=\"elementor-divider-separator\">\n\t\t\t\t\t\t<\/span>\n\t\t<\/div>\n\t\t\t\t\t\t<\/div>\n\t\t\t\t<\/div>\n\t\t\t\t<div class=\"elementor-element elementor-element-a3b489f elementor-widget elementor-widget-heading\" data-id=\"a3b489f\" data-element_type=\"widget\" data-e-type=\"widget\" data-settings=\"{&quot;_animation&quot;:&quot;none&quot;,&quot;_animation_delay&quot;:&quot;400&quot;}\" data-widget_type=\"heading.default\">\n\t\t\t\t<div class=\"elementor-widget-container\">\n\t\t\t\t\t<h2 class=\"elementor-heading-title elementor-size-default\">Matriz<\/h2>\t\t\t\t<\/div>\n\t\t\t\t<\/div>\n\t\t\t\t<div class=\"elementor-element elementor-element-2279a4e elementor-widget elementor-widget-text-editor\" data-id=\"2279a4e\" data-element_type=\"widget\" data-e-type=\"widget\" data-widget_type=\"text-editor.default\">\n\t\t\t\t<div class=\"elementor-widget-container\">\n\t\t\t\t\t\t\t\t\t<p style=\"text-align: justify\">O Curso tem dura\u00e7\u00e3o de 2.400 horas. O aluno deve, a partir do 4\u00ba semestre, realizar um Est\u00e1gio Curricular Obrigat\u00f3rio de 400 horas em empresas do ramo e, ainda ao final do Curso, realizar o Trabalho de Conclus\u00e3o de Curso.<\/p><p style=\"text-align: justify\"><a href=\"http:\/\/dadin.ct.utfpr.edu.br\/wp-content\/uploads\/2017\/09\/Matriz-Curricular-Design-Grafico-748.pdf\"><span style=\"text-decoration: underline\">Matriz Curricular do Curso de Tecnologia em Design Gr\u00e1fico [*pdf]<\/span><\/a><\/p>\t\t\t\t\t\t\t\t<\/div>\n\t\t\t\t<\/div>\n\t\t\t\t<div class=\"elementor-element elementor-element-b716572 elementor-widget-divider--view-line elementor-widget elementor-widget-divider\" data-id=\"b716572\" data-element_type=\"widget\" data-e-type=\"widget\" data-widget_type=\"divider.default\">\n\t\t\t\t<div class=\"elementor-widget-container\">\n\t\t\t\t\t\t\t<div class=\"elementor-divider\">\n\t\t\t<span class=\"elementor-divider-separator\">\n\t\t\t\t\t\t<\/span>\n\t\t<\/div>\n\t\t\t\t\t\t<\/div>\n\t\t\t\t<\/div>\n\t\t\t\t<div class=\"elementor-element elementor-element-7db3f75 elementor-widget elementor-widget-heading\" data-id=\"7db3f75\" data-element_type=\"widget\" data-e-type=\"widget\" data-settings=\"{&quot;_animation&quot;:&quot;none&quot;,&quot;_animation_delay&quot;:&quot;400&quot;}\" data-widget_type=\"heading.default\">\n\t\t\t\t<div class=\"elementor-widget-container\">\n\t\t\t\t\t<h2 class=\"elementor-heading-title elementor-size-default\">Disciplinas - Ementas<\/h2>\t\t\t\t<\/div>\n\t\t\t\t<\/div>\n\t\t\t\t<div class=\"elementor-element elementor-element-a16bdcc elementor-tabs-view-vertical elementor-widget__width-initial elementor-widget-tablet__width-initial elementor-widget elementor-widget-tabs\" data-id=\"a16bdcc\" data-element_type=\"widget\" data-e-type=\"widget\" data-settings=\"{&quot;_animation&quot;:&quot;none&quot;}\" data-widget_type=\"tabs.default\">\n\t\t\t\t<div class=\"elementor-widget-container\">\n\t\t\t\t\t\t\t<div class=\"elementor-tabs\">\n\t\t\t<div class=\"elementor-tabs-wrapper\" role=\"tablist\" >\n\t\t\t\t\t\t\t\t\t<div id=\"elementor-tab-title-1691\" class=\"elementor-tab-title elementor-tab-desktop-title\" aria-selected=\"true\" data-tab=\"1\" role=\"tab\" tabindex=\"0\" aria-controls=\"elementor-tab-content-1691\" aria-expanded=\"false\">1\u00ba Per\u00edodo<\/div>\n\t\t\t\t\t\t\t\t\t<div id=\"elementor-tab-title-1692\" class=\"elementor-tab-title elementor-tab-desktop-title\" aria-selected=\"false\" data-tab=\"2\" role=\"tab\" tabindex=\"-1\" aria-controls=\"elementor-tab-content-1692\" aria-expanded=\"false\">2\u00ba Per\u00edodo<\/div>\n\t\t\t\t\t\t\t\t\t<div id=\"elementor-tab-title-1693\" class=\"elementor-tab-title elementor-tab-desktop-title\" aria-selected=\"false\" data-tab=\"3\" role=\"tab\" tabindex=\"-1\" aria-controls=\"elementor-tab-content-1693\" aria-expanded=\"false\">3\u00ba Per\u00edodo<\/div>\n\t\t\t\t\t\t\t\t\t<div id=\"elementor-tab-title-1694\" class=\"elementor-tab-title elementor-tab-desktop-title\" aria-selected=\"false\" data-tab=\"4\" role=\"tab\" tabindex=\"-1\" aria-controls=\"elementor-tab-content-1694\" aria-expanded=\"false\">4\u00ba Per\u00edodo<\/div>\n\t\t\t\t\t\t\t\t\t<div id=\"elementor-tab-title-1695\" class=\"elementor-tab-title elementor-tab-desktop-title\" aria-selected=\"false\" data-tab=\"5\" role=\"tab\" tabindex=\"-1\" aria-controls=\"elementor-tab-content-1695\" aria-expanded=\"false\">5\u00ba Per\u00edodo<\/div>\n\t\t\t\t\t\t\t\t\t<div id=\"elementor-tab-title-1696\" class=\"elementor-tab-title elementor-tab-desktop-title\" aria-selected=\"false\" data-tab=\"6\" role=\"tab\" tabindex=\"-1\" aria-controls=\"elementor-tab-content-1696\" aria-expanded=\"false\">6\u00ba Per\u00edodo<\/div>\n\t\t\t\t\t\t\t<\/div>\n\t\t\t<div class=\"elementor-tabs-content-wrapper\" role=\"tablist\" aria-orientation=\"vertical\">\n\t\t\t\t\t\t\t\t\t<div class=\"elementor-tab-title elementor-tab-mobile-title\" aria-selected=\"true\" data-tab=\"1\" role=\"tab\" tabindex=\"0\" aria-controls=\"elementor-tab-content-1691\" aria-expanded=\"false\">1\u00ba Per\u00edodo<\/div>\n\t\t\t\t\t<div id=\"elementor-tab-content-1691\" class=\"elementor-tab-content elementor-clearfix\" data-tab=\"1\" role=\"tabpanel\" aria-labelledby=\"elementor-tab-title-1691\" tabindex=\"0\" hidden=\"false\"><p>Hist\u00f3ria da Arte \u2013 [<span style=\"text-decoration: underline\"><a href=\"http:\/\/dadin.ct.utfpr.edu.br\/wp-content\/uploads\/2019\/10\/DI81A.pdf\" target=\"_blank\" rel=\"noopener noreferrer\">DI81A<\/a><\/span>]<\/p><p>Criatividade \u2013 [<span style=\"text-decoration: underline\"><a href=\"http:\/\/dadin.ct.utfpr.edu.br\/wp-content\/uploads\/2019\/11\/DI81B_Criatividade.pdf\" target=\"_blank\" rel=\"noopener noreferrer\">DI81B<\/a><\/span>]<\/p><p>Desenho Gr\u00e1fico e de Observa\u00e7\u00e3o \u2013 [<span style=\"text-decoration: underline\"><a href=\"http:\/\/dadin.ct.utfpr.edu.br\/wp-content\/uploads\/2019\/11\/DI81C_Desenho_Grafico_Obs.pdf\" target=\"_blank\" rel=\"noopener noreferrer\">DI81C<\/a><\/span>]<\/p><p>Representa\u00e7\u00e3o T\u00e9cnica 1 \u2013 [<span style=\"text-decoration: underline\"><a href=\"http:\/\/dadin.ct.utfpr.edu.br\/wp-content\/uploads\/2019\/11\/DI81D_Representacao_tecnica-1.pdf\" target=\"_blank\" rel=\"noopener noreferrer\">DI81D<\/a><\/span>]<\/p><p>Processos gr\u00e1ficos \u2013 [<span style=\"text-decoration: underline\"><a href=\"http:\/\/dadin.ct.utfpr.edu.br\/wp-content\/uploads\/2019\/11\/DI81E_processosgraficos.pdf\" target=\"_blank\" rel=\"noopener noreferrer\">DI81E<\/a><\/span>]<\/p><p>Teoria da Cor \u2013 [<span style=\"text-decoration: underline\"><a href=\"http:\/\/dadin.ct.utfpr.edu.br\/wp-content\/uploads\/2019\/11\/DI81F_teoriadacor.pdf\" target=\"_blank\" rel=\"noopener noreferrer\">DI81F<\/a><\/span>]<\/p><\/div>\n\t\t\t\t\t\t\t\t\t<div class=\"elementor-tab-title elementor-tab-mobile-title\" aria-selected=\"false\" data-tab=\"2\" role=\"tab\" tabindex=\"-1\" aria-controls=\"elementor-tab-content-1692\" aria-expanded=\"false\">2\u00ba Per\u00edodo<\/div>\n\t\t\t\t\t<div id=\"elementor-tab-content-1692\" class=\"elementor-tab-content elementor-clearfix\" data-tab=\"2\" role=\"tabpanel\" aria-labelledby=\"elementor-tab-title-1692\" tabindex=\"0\" hidden=\"hidden\"><p>Hist\u00f3ria da Arte Brasileira \u2013 [<span style=\"text-decoration: underline\"><a href=\"http:\/\/dadin.ct.utfpr.edu.br\/wp-content\/uploads\/2019\/11\/DI82A.pdf\" target=\"_blank\" rel=\"noopener noreferrer\">DI82A<\/a><\/span>]<\/p><p>Metodologia de Pesquisa \u2013 [<span style=\"text-decoration: underline\"><a href=\"http:\/\/dadin.ct.utfpr.edu.br\/wp-content\/uploads\/2019\/11\/DI82B.pdf\" target=\"_blank\" rel=\"noopener noreferrer\">DI82B<\/a><\/span>]<\/p><p>Elementos Pl\u00e1sticos Bidimensionais \u2013 [<span style=\"text-decoration: underline\"><a href=\"http:\/\/dadin.ct.utfpr.edu.br\/wp-content\/uploads\/2019\/11\/DI82C.pdf\" target=\"_blank\" rel=\"noopener noreferrer\">DI82C<\/a><\/span>]<\/p><p>Representa\u00e7\u00e3o T\u00e9cnica 2 \u2013 [<span style=\"text-decoration: underline\"><a href=\"http:\/\/dadin.ct.utfpr.edu.br\/wp-content\/uploads\/2019\/11\/DI82D.pdf\" target=\"_blank\" rel=\"noopener noreferrer\">DI82D<\/a><\/span>]<\/p><p>Fundamentos do Projeto Gr\u00e1fico \u2013 [<span style=\"text-decoration: underline\"><a href=\"http:\/\/dadin.ct.utfpr.edu.br\/wp-content\/uploads\/2019\/11\/DI82E.pdf\" target=\"_blank\" rel=\"noopener noreferrer\">DI82E<\/a><\/span>]<\/p><p>Ilustra\u00e7\u00e3o I \u2013 [<span style=\"text-decoration: underline\"><a href=\"http:\/\/dadin.ct.utfpr.edu.br\/wp-content\/uploads\/2019\/11\/DI82F.pdf\" target=\"_blank\" rel=\"noopener noreferrer\">DI82F<\/a><\/span>]<\/p><p>Materiais e Processos \u2013 [<span style=\"text-decoration: underline\"><a href=\"http:\/\/dadin.ct.utfpr.edu.br\/wp-content\/uploads\/2019\/11\/DI82G.pdf\" target=\"_blank\" rel=\"noopener noreferrer\">DI82G<\/a><\/span>]<\/p><\/div>\n\t\t\t\t\t\t\t\t\t<div class=\"elementor-tab-title elementor-tab-mobile-title\" aria-selected=\"false\" data-tab=\"3\" role=\"tab\" tabindex=\"-1\" aria-controls=\"elementor-tab-content-1693\" aria-expanded=\"false\">3\u00ba Per\u00edodo<\/div>\n\t\t\t\t\t<div id=\"elementor-tab-content-1693\" class=\"elementor-tab-content elementor-clearfix\" data-tab=\"3\" role=\"tabpanel\" aria-labelledby=\"elementor-tab-title-1693\" tabindex=\"0\" hidden=\"hidden\"><p>Hist\u00f3ria das Artes Gr\u00e1ficas \u2013 [<span style=\"text-decoration: underline\"><a href=\"http:\/\/dadin.ct.utfpr.edu.br\/wp-content\/uploads\/2019\/11\/DI83A.pdf\" target=\"_blank\" rel=\"noopener noreferrer\">DI83A<\/a><\/span>]<\/p><p>Hist\u00f3ria da T\u00e9cnica e da Tecnologia \u2013 [<span style=\"text-decoration: underline\"><a href=\"http:\/\/dadin.ct.utfpr.edu.br\/wp-content\/uploads\/2019\/11\/ES81A.pdf\" target=\"_blank\" rel=\"noopener noreferrer\">ES81A<\/a><\/span>]<\/p><p>Elementos Pl\u00e1sticos Tridimensionais \u2013 [<span style=\"text-decoration: underline\"><a href=\"http:\/\/dadin.ct.utfpr.edu.br\/wp-content\/uploads\/2019\/11\/DI83B.pdf\" target=\"_blank\" rel=\"noopener noreferrer\">DI83B<\/a><\/span>]<\/p><p>Tipografia \u2013 [<span style=\"text-decoration: underline\"><a href=\"http:\/\/dadin.ct.utfpr.edu.br\/wp-content\/uploads\/2019\/11\/DI83C.pdf\" target=\"_blank\" rel=\"noopener noreferrer\">DI83C<\/a><\/span>]<\/p><p>Metodologia do Projeto Gr\u00e1fico \u2013 [<span style=\"text-decoration: underline\"><a href=\"http:\/\/dadin.ct.utfpr.edu.br\/wp-content\/uploads\/2019\/11\/DI83D.pdf\" target=\"_blank\" rel=\"noopener noreferrer\">DI83D<\/a><\/span>]<\/p><p>Ilustra\u00e7\u00e3o 2 \u2013 [<span style=\"text-decoration: underline\"><a href=\"http:\/\/dadin.ct.utfpr.edu.br\/wp-content\/uploads\/2019\/11\/DI83E.pdf\" target=\"_blank\" rel=\"noopener noreferrer\">DI83E<\/a><\/span>]<\/p><p>Tratamento de Imagem \u2013 [<span style=\"text-decoration: underline\"><a href=\"http:\/\/dadin.ct.utfpr.edu.br\/wp-content\/uploads\/2019\/11\/DI83F.pdf\" target=\"_blank\" rel=\"noopener noreferrer\">DI83F<\/a><\/span>]<\/p><\/div>\n\t\t\t\t\t\t\t\t\t<div class=\"elementor-tab-title elementor-tab-mobile-title\" aria-selected=\"false\" data-tab=\"4\" role=\"tab\" tabindex=\"-1\" aria-controls=\"elementor-tab-content-1694\" aria-expanded=\"false\">4\u00ba Per\u00edodo<\/div>\n\t\t\t\t\t<div id=\"elementor-tab-content-1694\" class=\"elementor-tab-content elementor-clearfix\" data-tab=\"4\" role=\"tabpanel\" aria-labelledby=\"elementor-tab-title-1694\" tabindex=\"0\" hidden=\"hidden\"><p>Teoria e Hist\u00f3ria do Design 1 \u2013 [<span style=\"text-decoration: underline\"><a href=\"http:\/\/dadin.ct.utfpr.edu.br\/wp-content\/uploads\/2019\/11\/DI84A.pdf\" target=\"_blank\" rel=\"noopener noreferrer\">DI84A<\/a><\/span>]<\/p><p>Semi\u00f3tica \u2013 [<span style=\"text-decoration: underline\"><a href=\"http:\/\/dadin.ct.utfpr.edu.br\/wp-content\/uploads\/2019\/11\/DI84B.pdf\" target=\"_blank\" rel=\"noopener noreferrer\">DI84B<\/a><\/span>]<\/p><p>Produ\u00e7\u00e3o Gr\u00e1fica 1 \u2013 [<span style=\"text-decoration: underline\"><a href=\"http:\/\/dadin.ct.utfpr.edu.br\/wp-content\/uploads\/2019\/11\/Di84C.pdf\" target=\"_blank\" rel=\"noopener noreferrer\">DI84C<\/a><\/span>]<\/p><p>Web Design \u2013 [<span style=\"text-decoration: underline\"><a href=\"http:\/\/dadin.ct.utfpr.edu.br\/wp-content\/uploads\/2019\/11\/DI84D.pdf\" target=\"_blank\" rel=\"noopener noreferrer\">DI84D<\/a><\/span>]<\/p><p>Projeto Gr\u00e1fico Editorial \u2013 [<span style=\"text-decoration: underline\"><a href=\"http:\/\/dadin.ct.utfpr.edu.br\/wp-content\/uploads\/2019\/11\/DI84E.pdf\" target=\"_blank\" rel=\"noopener noreferrer\">DI84E<\/a><\/span>]<\/p><p>Ergonomia Cognitiva \u2013\u00a0<a href=\"http:\/\/www.utfpr.edu.br\/curitiba\/cursos\/tecnologias\/Ofertados-neste-Campus\/design-grafico\/planos-de-ensino\/4o-periodo\/di54f-gerenciamento-da-producao\/at_download\/file\">[<\/a><span style=\"text-decoration: underline\"><a href=\"http:\/\/dadin.ct.utfpr.edu.br\/wp-content\/uploads\/2019\/11\/DI84F.pdf\" target=\"_blank\" rel=\"noopener noreferrer\">DI84F<\/a><\/span>]<\/p><p>Fotografia \u2013 [<span style=\"text-decoration: underline\"><a href=\"http:\/\/dadin.ct.utfpr.edu.br\/wp-content\/uploads\/2019\/11\/DI84G.pdf\" target=\"_blank\" rel=\"noopener noreferrer\">DI84G<\/a><\/span>]<\/p><\/div>\n\t\t\t\t\t\t\t\t\t<div class=\"elementor-tab-title elementor-tab-mobile-title\" aria-selected=\"false\" data-tab=\"5\" role=\"tab\" tabindex=\"-1\" aria-controls=\"elementor-tab-content-1695\" aria-expanded=\"false\">5\u00ba Per\u00edodo<\/div>\n\t\t\t\t\t<div id=\"elementor-tab-content-1695\" class=\"elementor-tab-content elementor-clearfix\" data-tab=\"5\" role=\"tabpanel\" aria-labelledby=\"elementor-tab-title-1695\" tabindex=\"0\" hidden=\"hidden\"><p>Teoria e Hist\u00f3ria do Design 2 \u2013 [<span style=\"text-decoration: underline\"><a href=\"http:\/\/dadin.ct.utfpr.edu.br\/wp-content\/uploads\/2019\/11\/DI85A.pdf\" target=\"_blank\" rel=\"noopener noreferrer\">DI85A<\/a><\/span>]<\/p><p>Psicologia \u2013 [<span style=\"text-decoration: underline\"><a href=\"http:\/\/dadin.ct.utfpr.edu.br\/wp-content\/uploads\/2019\/11\/DI85B.pdf\" target=\"_blank\" rel=\"noopener noreferrer\">DI85B<\/a><\/span>]<\/p><p>Produ\u00e7\u00e3o Gr\u00e1fica 2 \u2013 [<span style=\"text-decoration: underline\"><a href=\"http:\/\/dadin.ct.utfpr.edu.br\/wp-content\/uploads\/2019\/11\/DI85C.pdf\" target=\"_blank\" rel=\"noopener noreferrer\">DI85C<\/a><\/span>]<\/p><p>Audiovisual \u2013 [<span style=\"text-decoration: underline\"><a href=\"http:\/\/dadin.ct.utfpr.edu.br\/wp-content\/uploads\/2019\/11\/DI85D.pdf\" target=\"_blank\" rel=\"noopener noreferrer\">DI85D<\/a><\/span>]<\/p><p>Projeto de Sistemas Visuais \u2013 [<span style=\"text-decoration: underline\"><a href=\"http:\/\/dadin.ct.utfpr.edu.br\/wp-content\/uploads\/2019\/11\/DI85E.pdf\" target=\"_blank\" rel=\"noopener noreferrer\">DI85E<\/a><\/span>]<\/p><p>TCC 1 \u2013 [<span style=\"text-decoration: underline\"><a href=\"http:\/\/dadin.ct.utfpr.edu.br\/wp-content\/uploads\/2019\/11\/DI85F.pdf\" target=\"_blank\" rel=\"noopener noreferrer\">DI85F<\/a><\/span>]<\/p><\/div>\n\t\t\t\t\t\t\t\t\t<div class=\"elementor-tab-title elementor-tab-mobile-title\" aria-selected=\"false\" data-tab=\"6\" role=\"tab\" tabindex=\"-1\" aria-controls=\"elementor-tab-content-1696\" aria-expanded=\"false\">6\u00ba Per\u00edodo<\/div>\n\t\t\t\t\t<div id=\"elementor-tab-content-1696\" class=\"elementor-tab-content elementor-clearfix\" data-tab=\"6\" role=\"tabpanel\" aria-labelledby=\"elementor-tab-title-1696\" tabindex=\"0\" hidden=\"hidden\"><p>Design e Cultura \u2013 [<span style=\"text-decoration: underline\"><a href=\"http:\/\/dadin.ct.utfpr.edu.br\/wp-content\/uploads\/2019\/11\/DI86A.pdf\" target=\"_blank\" rel=\"noopener noreferrer\">DI86A<\/a><\/span>]<\/p><p>Atua\u00e7\u00e3o Profissional do Designer \u2013 [<span style=\"text-decoration: underline\"><a href=\"http:\/\/dadin.ct.utfpr.edu.br\/wp-content\/uploads\/2019\/11\/DI86B.pdf\" target=\"_blank\" rel=\"noopener noreferrer\">DI86B<\/a><\/span>]<\/p><p>Anima\u00e7\u00e3o \u2013 [<span style=\"text-decoration: underline\"><a href=\"http:\/\/dadin.ct.utfpr.edu.br\/wp-content\/uploads\/2019\/11\/DI86C.pdf\" target=\"_blank\" rel=\"noopener noreferrer\">DI86C<\/a><\/span>]<\/p><p>Projeto de Embalagem \u2013 [<span style=\"text-decoration: underline\"><a href=\"http:\/\/dadin.ct.utfpr.edu.br\/wp-content\/uploads\/2019\/11\/DI86D.pdf\" target=\"_blank\" rel=\"noopener noreferrer\">DI86D<\/a><\/span>]<\/p><p>TCC 2 \u2013 [<span style=\"text-decoration: underline\"><a href=\"http:\/\/dadin.ct.utfpr.edu.br\/wp-content\/uploads\/2019\/11\/DI86E.pdf\" target=\"_blank\" rel=\"noopener noreferrer\">DI86E<\/a><\/span>]<\/p><\/div>\n\t\t\t\t\t\t\t<\/div>\n\t\t<\/div>\n\t\t\t\t\t\t<\/div>\n\t\t\t\t<\/div>\n\t\t\t\t<div class=\"elementor-element elementor-element-849391c elementor-widget-divider--view-line elementor-widget elementor-widget-divider\" data-id=\"849391c\" data-element_type=\"widget\" data-e-type=\"widget\" data-widget_type=\"divider.default\">\n\t\t\t\t<div class=\"elementor-widget-container\">\n\t\t\t\t\t\t\t<div class=\"elementor-divider\">\n\t\t\t<span class=\"elementor-divider-separator\">\n\t\t\t\t\t\t<\/span>\n\t\t<\/div>\n\t\t\t\t\t\t<\/div>\n\t\t\t\t<\/div>\n\t\t\t\t<div class=\"elementor-element elementor-element-17c2c40 elementor-widget elementor-widget-heading\" data-id=\"17c2c40\" data-element_type=\"widget\" data-e-type=\"widget\" data-settings=\"{&quot;_animation&quot;:&quot;none&quot;,&quot;_animation_delay&quot;:&quot;400&quot;}\" data-widget_type=\"heading.default\">\n\t\t\t\t<div class=\"elementor-widget-container\">\n\t\t\t\t\t<h2 class=\"elementor-heading-title elementor-size-default\">Est\u00e1gio<\/h2>\t\t\t\t<\/div>\n\t\t\t\t<\/div>\n\t\t\t\t<div class=\"elementor-element elementor-element-c30f517 elementor-widget elementor-widget-text-editor\" data-id=\"c30f517\" data-element_type=\"widget\" data-e-type=\"widget\" data-widget_type=\"text-editor.default\">\n\t\t\t\t<div class=\"elementor-widget-container\">\n\t\t\t\t\t\t\t\t\t<p style=\"text-align: justify\">O Est\u00e1gio Curricular Obrigat\u00f3rio \u00e9 uma disciplina obrigat\u00f3ria dos Cursos Superiores de Gradua\u00e7\u00e3o e tem por finalidade a complementa\u00e7\u00e3o do ensino e da aprendizagem, adaptando psicol\u00f3gica e social do estudante \u00e0 sua futura atividade profissional, treinamento do estudante para facilitar sua futura absor\u00e7\u00e3o pelo mercado de trabalho e orienta\u00e7\u00e3o do estudante na escolha de sua especializa\u00e7\u00e3o profissional.<\/p><p>ATENDIMENTO POR E-MAIL:<br \/>Ed Marcos Sarro &lt;<a href=\"mailto:edsarro@utfpr.edu.br\" target=\"_blank\" rel=\"noopener\">edsarro@utfpr.edu.br<\/a>&gt;<br \/><span style=\"color: var( --e-global-color-text );font-family: var( --e-global-typography-text-font-family ), Sans-serif;font-size: 1rem\">Elenise Leocadia da Silveira Nunes &lt;<\/span><a style=\"font-family: var( --e-global-typography-text-font-family ), Sans-serif;font-weight: var( --e-global-typography-text-font-weight );background-color: #ffffff;font-size: 1rem\" href=\"mailto:elenise@utfpr.edu.br\" target=\"_blank\" rel=\"noopener\">elenise@utfpr.edu.br<\/a><span style=\"color: var( --e-global-color-text );font-family: var( --e-global-typography-text-font-family ), Sans-serif;font-size: 1rem\">&gt;<\/span><\/p><p><span style=\"color: var( --e-global-color-text );font-family: var( --e-global-typography-text-font-family ), Sans-serif;font-weight: var( --e-global-typography-text-font-weight );font-size: 1rem\">Informa\u00e7\u00f5es sobre documenta\u00e7\u00e3o de estagio acesse:\u00a0<\/span><a style=\"font-family: var( --e-global-typography-text-font-family ), Sans-serif;font-weight: var( --e-global-typography-text-font-weight );font-size: 1rem;background-color: #ffffff\" href=\"http:\/\/estagiodadin.blogspot.com\/\" target=\"_blank\" rel=\"noopener\">http:\/\/estagiodadin.blogspot.com\/<\/a><\/p>\t\t\t\t\t\t\t\t<\/div>\n\t\t\t\t<\/div>\n\t\t\t\t<div class=\"elementor-element elementor-element-b154cdf elementor-widget-divider--view-line elementor-widget elementor-widget-divider\" data-id=\"b154cdf\" data-element_type=\"widget\" data-e-type=\"widget\" data-widget_type=\"divider.default\">\n\t\t\t\t<div class=\"elementor-widget-container\">\n\t\t\t\t\t\t\t<div class=\"elementor-divider\">\n\t\t\t<span class=\"elementor-divider-separator\">\n\t\t\t\t\t\t<\/span>\n\t\t<\/div>\n\t\t\t\t\t\t<\/div>\n\t\t\t\t<\/div>\n\t\t\t\t<div class=\"elementor-element elementor-element-a8818f4 elementor-widget elementor-widget-heading\" data-id=\"a8818f4\" data-element_type=\"widget\" data-e-type=\"widget\" data-settings=\"{&quot;_animation&quot;:&quot;none&quot;,&quot;_animation_delay&quot;:&quot;400&quot;}\" data-widget_type=\"heading.default\">\n\t\t\t\t<div class=\"elementor-widget-container\">\n\t\t\t\t\t<h2 class=\"elementor-heading-title elementor-size-default\">TCC<\/h2>\t\t\t\t<\/div>\n\t\t\t\t<\/div>\n\t\t\t\t<div class=\"elementor-element elementor-element-5bc8e38 elementor-widget elementor-widget-text-editor\" data-id=\"5bc8e38\" data-element_type=\"widget\" data-e-type=\"widget\" data-widget_type=\"text-editor.default\">\n\t\t\t\t<div class=\"elementor-widget-container\">\n\t\t\t\t\t\t\t\t\t<p style=\"text-align: justify\">O Trabalho de Conclus\u00e3o de Curso (TCC) \u00e9 uma atividade obrigat\u00f3ria, constitu\u00edda por disciplinas da matriz curricular do curso de Bacharelado em Design. Tem como objetivos:<\/p>\n<ul style=\"text-align: justify\">\n<li style=\"list-style-type: none\">\n<ul>\n<li>Desenvolver a capacidade de aplica\u00e7\u00e3o dos conceitos e teorias adquiridas durante o curso de forma integrada, por meio da execu\u00e7\u00e3o de um projeto de pesquisa.<\/li>\n<li>Desenvolver a capacidade de planejamento e disciplina para resolver problemas dentro das diversas \u00e1reas de forma\u00e7\u00e3o.<\/li>\n<li>Despertar o interesse pela pesquisa como meio para a resolu\u00e7\u00e3o de problemas.<\/li>\n<li>Estimular o esp\u00edrito empreendedor, por meio da execu\u00e7\u00e3o de projetos que levem ao desenvolvimento de produtos, os quais possam ser patenteados e\/ou comercializados.<\/li>\n<li>Intensificar a extens\u00e3o universit\u00e1ria, por interm\u00e9dio da resolu\u00e7\u00e3o de problemas existentes nos diversos setores da sociedade.<\/li>\n<li>Estimular a constru\u00e7\u00e3o do conhecimento coletivo.<\/li>\n<li>Estimular a interdisciplinaridade.<\/li>\n<li>Estimular a inova\u00e7\u00e3o tecnol\u00f3gica.<\/li>\n<li>Estimular o esp\u00edrito cr\u00edtico e reflexivo no meio social onde est\u00e1 inserido.<\/li>\n<li>Estimular&nbsp;a forma\u00e7\u00e3o continuada.<\/li>\n<\/ul>\n<\/li>\n<\/ul>\n<p style=\"text-align: justify\">O TCC poder\u00e1 ser desenvolvido individualmente ou em equipe, podendo esta ser multidisciplinar, com participa\u00e7\u00e3o de alunos de diferentes cursos, de acordo com normas complementares estabelecidas para cada curso.<\/p>\n<p style=\"text-align: justify\">Quanto a sua natureza, o TCC do Curso de Tecnologia em Design Gr\u00e1fico pode se enquadrar em duas categorias:<\/p>\n<ul>\n<li style=\"list-style-type: none\">\n<ul>\n<li>Trabalho Te\u00f3rico, com a aplica\u00e7\u00e3o do m\u00e9todo de pesquisa;<\/li>\n<li>Trabalho Pr\u00e1tico, com a aplica\u00e7\u00e3o do m\u00e9todo projetual do Design.<\/li>\n<\/ul>\n<\/li>\n<\/ul>\n<p style=\"text-align: justify\">\u00c9 vedada a convalida\u00e7\u00e3o de TCC realizado em outro curso de gradua\u00e7\u00e3o.<\/p>\n<h4 style=\"text-align: justify\">Modelos e documentos<\/h4>\n<div style=\"text-align: justify\">\n<ul>\n<li style=\"list-style-type: none\">\n<ul>\n<li><a href=\"https:\/\/sei.utfpr.edu.br\/sei\/publicacoes\/controlador_publicacoes.php?acao=publicacao_visualizar&amp;id_documento=3171226&amp;id_orgao_publicacao=0\" target=\"_blank\" rel=\"noopener noreferrer\"><span style=\"text-decoration: underline\">Regulamento do TCC para os Cursos de Gradua\u00e7\u00e3o da UTFPR<\/span><\/a><\/li>\n<li><span style=\"text-decoration: underline\"><a href=\"https:\/\/utfpr-ct-static-content.s3.amazonaws.com\/dadin.ct.utfpr.edu.br\/wp-content\/uploads\/2022\/11\/NORMAS-COMPLEMENTARES-TCC-TECNOLOGIA-EM-DESIGN-GRAFICO-11-2022-.pdf\" target=\"_blank\" rel=\"noopener noreferrer\">Normas Complementares do TCC do Curso de Tecnologia em Design Gr\u00e1fico (Nov-2022)<\/a><\/span><\/li>\n<li><span style=\"text-decoration: underline\"><a href=\"http:\/\/bit.ly\/lista-orientadores-tcc-grafico\" target=\"_blank\" rel=\"noopener noreferrer\">Rela\u00e7\u00e3o de orientadores e seus temas<\/a><\/span><\/li>\n<li><span style=\"text-decoration: underline\"><a href=\"https:\/\/repositorio.utfpr.edu.br\/jspui\/handle\/1\/5370\" target=\"_blank\" rel=\"noopener noreferrer\">Reposit\u00f3rio do TCC de Tecnologia em Design Gr\u00e1fico<\/a><\/span><\/li><\/ul><\/li><\/ul>\n<\/div>\t\t\t\t\t\t\t\t<\/div>\n\t\t\t\t<\/div>\n\t\t\t\t<div class=\"elementor-element elementor-element-d4d221d elementor-widget-divider--view-line elementor-widget elementor-widget-divider\" data-id=\"d4d221d\" data-element_type=\"widget\" data-e-type=\"widget\" data-widget_type=\"divider.default\">\n\t\t\t\t<div class=\"elementor-widget-container\">\n\t\t\t\t\t\t\t<div class=\"elementor-divider\">\n\t\t\t<span class=\"elementor-divider-separator\">\n\t\t\t\t\t\t<\/span>\n\t\t<\/div>\n\t\t\t\t\t\t<\/div>\n\t\t\t\t<\/div>\n\t\t\t\t<div class=\"elementor-element elementor-element-19e5d13 elementor-widget elementor-widget-heading\" data-id=\"19e5d13\" data-element_type=\"widget\" data-e-type=\"widget\" data-settings=\"{&quot;_animation&quot;:&quot;none&quot;,&quot;_animation_delay&quot;:&quot;400&quot;}\" data-widget_type=\"heading.default\">\n\t\t\t\t<div class=\"elementor-widget-container\">\n\t\t\t\t\t<h2 class=\"elementor-heading-title elementor-size-default\">Atividades Complementares<\/h2>\t\t\t\t<\/div>\n\t\t\t\t<\/div>\n\t\t\t\t<div class=\"elementor-element elementor-element-fcbc32e elementor-widget elementor-widget-text-editor\" data-id=\"fcbc32e\" data-element_type=\"widget\" data-e-type=\"widget\" data-widget_type=\"text-editor.default\">\n\t\t\t\t<div class=\"elementor-widget-container\">\n\t\t\t\t\t\t\t\t\t<p style=\"text-align: justify\">As atividades complementares t\u00eam por finalidade, enriquecer o processo de ensino-aprendizagem, complementando a forma\u00e7\u00e3o social, humana e profissional, por meio de atividades de cunho comunit\u00e1rio, de assist\u00eancia acad\u00eamica, de inicia\u00e7\u00e3o cient\u00edfica e tecnol\u00f3gica, esportivas e culturais, al\u00e9m de interc\u00e2mbios com institui\u00e7\u00f5es cong\u00eaneres.<\/p><h4 style=\"text-align: justify\">Documentos<\/h4><ul><li style=\"list-style-type: none\"><ul><li><span style=\"text-decoration: underline\"><a href=\"http:\/\/dadin.ct.utfpr.edu.br\/wp-content\/uploads\/2017\/09\/AC1-INSTRUC%CC%A7O%CC%83ES-PARA-APRESENTAC%CC%A7A%CC%83O-DAS-ATIVIDADES-COMPLEMENTARES.pdf\" target=\"_blank\" rel=\"noopener\">Atividade Complementar: Instru\u00e7\u00f5es de Apresenta\u00e7\u00e3o<\/a><\/span><\/li><li><span style=\"text-decoration: underline\"><a href=\"http:\/\/dadin.ct.utfpr.edu.br\/wp-content\/uploads\/2017\/09\/AC4-TABELA-DE-PONTUAC%CC%A7A%CC%83O-DE-ATIVIDADES-COMPLEMENTARES-1.pdf\" target=\"_blank\" rel=\"noopener\">Atividade Complementar: Tabela de Pontua\u00e7\u00e3o <\/a><\/span><\/li><li><span style=\"text-decoration: underline\"><span style=\"color: var( --e-global-color-text );font-family: var( --e-global-typography-text-font-family ), Sans-serif;font-size: 1rem;text-decoration: underline\"><a href=\"http:\/\/dadin.ct.utfpr.edu.br\/wp-content\/uploads\/2017\/09\/AC2-SUMA%CC%81RIO-DE-ATIVIDADES-COMPLEMENTARES.pdf\">Atividade Complementar: Sum\u00e1rio<\/a><\/span><\/span><\/li><li><span style=\"text-decoration: underline\"><span style=\"color: var( --e-global-color-text );font-family: var( --e-global-typography-text-font-family ), Sans-serif;font-size: 1rem;text-decoration: underline\"><a href=\"http:\/\/dadin.ct.utfpr.edu.br\/wp-content\/uploads\/2017\/09\/AC3-RELATO%CC%81RIO-DE-ATIVIDADE-COMPLEMENTAR.pdf\" target=\"_blank\" rel=\"noopener\">Atividade Complementar: Relat\u00f3rio<\/a><\/span><\/span><\/li><li><span style=\"text-decoration: underline\"><a style=\"font-family: var( --e-global-typography-text-font-family ), Sans-serif;font-weight: var( --e-global-typography-text-font-weight );font-size: 1rem;background-color: #ffffff\" href=\"https:\/\/utfpr-ct-static-content.s3.amazonaws.com\/dadin.ct.utfpr.edu.br\/wp-content\/uploads\/2020\/08\/UTFPR-DADIN-Declara%C3%A7ao-Atividades-Complementares.pdf\" target=\"_blank\" rel=\"noopener\">Atividade Complementar: Declara\u00e7\u00e3o<\/a><\/span><\/li><\/ul><\/li><\/ul><p style=\"text-align: justify\">Para entregar a documenta\u00e7\u00e3o de Atividades Complementares clique <strong><a href=\"https:\/\/docs.google.com\/forms\/d\/e\/1FAIpQLSfdcTHIecTsy05RbtuqIyU4-VsEgpQ0rsjyEmiLVj0QNSFhoQ\/viewform\">aqui<\/a><\/strong>.<\/p><h4 style=\"text-align: justify\">Plant\u00f5es de atendimento<\/h4><p style=\"text-align: justify\">Com: Marcos Varassin<br \/><a href=\"varassin@utfpr.edu.br\">varassin@utfpr.edu.br<\/a><\/p><p style=\"text-align: justify\">T 41 3310.4594<\/p>\t\t\t\t\t\t\t\t<\/div>\n\t\t\t\t<\/div>\n\t\t\t\t\t<\/div>\n\t\t<\/div>\n\t\t\t\t\t<\/div>\n\t\t<\/section>\n\t\t\t\t\t<\/div>\n\t\t<\/div>\n\t\t\t\t\t<\/div>\n\t\t<\/section>\n\t\t\t\t<\/div>\n\t\t","protected":false},"excerpt":{"rendered":"<p>Tecnologia em Design Gr\u00e1fico Sobre o curso O Curso Superior de Tecnologia em Design Gr\u00e1fico oferece 22 vagas pela manh\u00e3 e 22 vagas \u00e0 noite, em regime semestral, tendo como objetivo formar profissionais capazes de atuar no desenvolvimento de projetos gr\u00e1ficos, tanto em m\u00eddia impressa quanto digital. O Tecn\u00f3logo em Design Gr\u00e1fico ter\u00e1 a possibilidade &hellip; <\/p>\n<p class=\"link-more\"><a href=\"https:\/\/utfpr.curitiba.br\/dadin\/?page_id=4367\" class=\"more-link\">Continue lendo<span class=\"screen-reader-text\"> &#8220;Tecnologia 2021&#8221;<\/span><\/a><\/p>\n","protected":false},"author":62,"featured_media":0,"parent":0,"menu_order":0,"comment_status":"closed","ping_status":"closed","template":"elementor_header_footer","meta":{"footnotes":""},"class_list":["post-4367","page","type-page","status-publish","hentry"],"_links":{"self":[{"href":"https:\/\/utfpr.curitiba.br\/dadin\/index.php?rest_route=\/wp\/v2\/pages\/4367","targetHints":{"allow":["GET"]}}],"collection":[{"href":"https:\/\/utfpr.curitiba.br\/dadin\/index.php?rest_route=\/wp\/v2\/pages"}],"about":[{"href":"https:\/\/utfpr.curitiba.br\/dadin\/index.php?rest_route=\/wp\/v2\/types\/page"}],"author":[{"embeddable":true,"href":"https:\/\/utfpr.curitiba.br\/dadin\/index.php?rest_route=\/wp\/v2\/users\/62"}],"replies":[{"embeddable":true,"href":"https:\/\/utfpr.curitiba.br\/dadin\/index.php?rest_route=%2Fwp%2Fv2%2Fcomments&post=4367"}],"version-history":[{"count":82,"href":"https:\/\/utfpr.curitiba.br\/dadin\/index.php?rest_route=\/wp\/v2\/pages\/4367\/revisions"}],"predecessor-version":[{"id":6439,"href":"https:\/\/utfpr.curitiba.br\/dadin\/index.php?rest_route=\/wp\/v2\/pages\/4367\/revisions\/6439"}],"wp:attachment":[{"href":"https:\/\/utfpr.curitiba.br\/dadin\/index.php?rest_route=%2Fwp%2Fv2%2Fmedia&parent=4367"}],"curies":[{"name":"wp","href":"https:\/\/api.w.org\/{rel}","templated":true}]}}