{"id":4309,"date":"2021-04-27T14:52:11","date_gmt":"2021-04-27T17:52:11","guid":{"rendered":"https:\/\/dadin.ct.utfpr.edu.br\/?page_id=4309"},"modified":"2024-09-02T18:47:04","modified_gmt":"2024-09-02T21:47:04","slug":"bacharelado-2021","status":"publish","type":"page","link":"https:\/\/utfpr.curitiba.br\/dadin\/?page_id=4309","title":{"rendered":"Bacharelado 2021"},"content":{"rendered":"\t\t<div data-elementor-type=\"wp-post\" data-elementor-id=\"4309\" class=\"elementor elementor-4309\">\n\t\t\t\t\t\t<section class=\"elementor-section elementor-top-section elementor-element elementor-element-45376c2d elementor-section-boxed elementor-section-height-default elementor-section-height-default\" data-id=\"45376c2d\" data-element_type=\"section\" data-e-type=\"section\">\n\t\t\t\t\t\t<div class=\"elementor-container elementor-column-gap-default\">\n\t\t\t\t\t<div class=\"elementor-column elementor-col-100 elementor-top-column elementor-element elementor-element-f03aec\" data-id=\"f03aec\" data-element_type=\"column\" data-e-type=\"column\">\n\t\t\t<div class=\"elementor-widget-wrap elementor-element-populated\">\n\t\t\t\t\t\t<div class=\"elementor-element elementor-element-7e4c432 elementor-invisible elementor-widget elementor-widget-heading\" data-id=\"7e4c432\" data-element_type=\"widget\" data-e-type=\"widget\" data-settings=\"{&quot;_animation&quot;:&quot;fadeIn&quot;,&quot;_animation_delay&quot;:&quot;400&quot;}\" data-widget_type=\"heading.default\">\n\t\t\t\t<div class=\"elementor-widget-container\">\n\t\t\t\t\t<h2 class=\"elementor-heading-title elementor-size-default\">Bacharelado em Design<\/h2>\t\t\t\t<\/div>\n\t\t\t\t<\/div>\n\t\t\t\t<section class=\"elementor-section elementor-inner-section elementor-element elementor-element-27355bd elementor-section-boxed elementor-section-height-default elementor-section-height-default elementor-invisible\" data-id=\"27355bd\" data-element_type=\"section\" data-e-type=\"section\" data-settings=\"{&quot;animation&quot;:&quot;fadeIn&quot;}\">\n\t\t\t\t\t\t<div class=\"elementor-container elementor-column-gap-default\">\n\t\t\t\t\t<div class=\"elementor-column elementor-col-50 elementor-inner-column elementor-element elementor-element-7706ffe elementor-hidden-phone\" data-id=\"7706ffe\" data-element_type=\"column\" data-e-type=\"column\">\n\t\t\t<div class=\"elementor-widget-wrap elementor-element-populated\">\n\t\t\t\t\t\t<div class=\"elementor-element elementor-element-1331995 elementor-hidden-desktop elementor-hidden-tablet elementor-hidden-phone elementor-widget elementor-widget-image\" data-id=\"1331995\" data-element_type=\"widget\" data-e-type=\"widget\" data-widget_type=\"image.default\">\n\t\t\t\t<div class=\"elementor-widget-container\">\n\t\t\t\t\t\t\t\t\t\t\t\t\t\t\t<img decoding=\"async\" src=\"https:\/\/utfpr.curitiba.br\/dadin\/wp-content\/plugins\/elementor\/assets\/images\/placeholder.png\" title=\"\" alt=\"\" loading=\"lazy\" \/>\t\t\t\t\t\t\t\t\t\t\t\t\t\t\t<\/div>\n\t\t\t\t<\/div>\n\t\t\t\t<div class=\"elementor-element elementor-element-e1bdf7c elementor-hidden-desktop elementor-hidden-tablet elementor-hidden-phone elementor-widget elementor-widget-image\" data-id=\"e1bdf7c\" data-element_type=\"widget\" data-e-type=\"widget\" data-widget_type=\"image.default\">\n\t\t\t\t<div class=\"elementor-widget-container\">\n\t\t\t\t\t\t\t\t\t\t\t\t\t\t\t<img decoding=\"async\" src=\"https:\/\/utfpr.curitiba.br\/dadin\/wp-content\/plugins\/elementor\/assets\/images\/placeholder.png\" title=\"\" alt=\"\" loading=\"lazy\" \/>\t\t\t\t\t\t\t\t\t\t\t\t\t\t\t<\/div>\n\t\t\t\t<\/div>\n\t\t\t\t<div class=\"elementor-element elementor-element-2c7a0bb elementor-hidden-desktop elementor-hidden-tablet elementor-hidden-phone elementor-widget elementor-widget-image\" data-id=\"2c7a0bb\" data-element_type=\"widget\" data-e-type=\"widget\" data-widget_type=\"image.default\">\n\t\t\t\t<div class=\"elementor-widget-container\">\n\t\t\t\t\t\t\t\t\t\t\t\t\t\t\t<img decoding=\"async\" src=\"https:\/\/utfpr.curitiba.br\/dadin\/wp-content\/plugins\/elementor\/assets\/images\/placeholder.png\" title=\"\" alt=\"\" loading=\"lazy\" \/>\t\t\t\t\t\t\t\t\t\t\t\t\t\t\t<\/div>\n\t\t\t\t<\/div>\n\t\t\t\t<div class=\"elementor-element elementor-element-6597f74 elementor-hidden-desktop elementor-hidden-tablet elementor-hidden-phone elementor-widget elementor-widget-image\" data-id=\"6597f74\" data-element_type=\"widget\" data-e-type=\"widget\" data-widget_type=\"image.default\">\n\t\t\t\t<div class=\"elementor-widget-container\">\n\t\t\t\t\t\t\t\t\t\t\t\t\t\t\t<img decoding=\"async\" src=\"https:\/\/utfpr.curitiba.br\/dadin\/wp-content\/plugins\/elementor\/assets\/images\/placeholder.png\" title=\"\" alt=\"\" loading=\"lazy\" \/>\t\t\t\t\t\t\t\t\t\t\t\t\t\t\t<\/div>\n\t\t\t\t<\/div>\n\t\t\t\t<div class=\"elementor-element elementor-element-3ea9afe elementor-hidden-desktop elementor-hidden-tablet elementor-hidden-phone elementor-widget elementor-widget-image\" data-id=\"3ea9afe\" data-element_type=\"widget\" data-e-type=\"widget\" data-widget_type=\"image.default\">\n\t\t\t\t<div class=\"elementor-widget-container\">\n\t\t\t\t\t\t\t\t\t\t\t\t\t\t\t<img decoding=\"async\" src=\"https:\/\/utfpr.curitiba.br\/dadin\/wp-content\/plugins\/elementor\/assets\/images\/placeholder.png\" title=\"\" alt=\"\" loading=\"lazy\" \/>\t\t\t\t\t\t\t\t\t\t\t\t\t\t\t<\/div>\n\t\t\t\t<\/div>\n\t\t\t\t<div class=\"elementor-element elementor-element-ef7686d elementor-hidden-desktop elementor-hidden-tablet elementor-hidden-phone elementor-widget elementor-widget-image\" data-id=\"ef7686d\" data-element_type=\"widget\" data-e-type=\"widget\" data-widget_type=\"image.default\">\n\t\t\t\t<div class=\"elementor-widget-container\">\n\t\t\t\t\t\t\t\t\t\t\t\t\t\t\t<img decoding=\"async\" src=\"https:\/\/utfpr.curitiba.br\/dadin\/wp-content\/plugins\/elementor\/assets\/images\/placeholder.png\" title=\"\" alt=\"\" loading=\"lazy\" \/>\t\t\t\t\t\t\t\t\t\t\t\t\t\t\t<\/div>\n\t\t\t\t<\/div>\n\t\t\t\t<div class=\"elementor-element elementor-element-26e1721 elementor-hidden-desktop elementor-hidden-tablet elementor-hidden-phone elementor-widget elementor-widget-image\" data-id=\"26e1721\" data-element_type=\"widget\" data-e-type=\"widget\" data-widget_type=\"image.default\">\n\t\t\t\t<div class=\"elementor-widget-container\">\n\t\t\t\t\t\t\t\t\t\t\t\t\t\t\t<img decoding=\"async\" src=\"https:\/\/utfpr.curitiba.br\/dadin\/wp-content\/plugins\/elementor\/assets\/images\/placeholder.png\" title=\"\" alt=\"\" loading=\"lazy\" \/>\t\t\t\t\t\t\t\t\t\t\t\t\t\t\t<\/div>\n\t\t\t\t<\/div>\n\t\t\t\t\t<\/div>\n\t\t<\/div>\n\t\t\t\t<div class=\"elementor-column elementor-col-50 elementor-inner-column elementor-element elementor-element-ae25536\" data-id=\"ae25536\" data-element_type=\"column\" data-e-type=\"column\">\n\t\t\t<div class=\"elementor-widget-wrap elementor-element-populated\">\n\t\t\t\t\t\t<div class=\"elementor-element elementor-element-d59d258 elementor-widget elementor-widget-heading\" data-id=\"d59d258\" data-element_type=\"widget\" data-e-type=\"widget\" data-settings=\"{&quot;_animation&quot;:&quot;none&quot;,&quot;_animation_delay&quot;:&quot;400&quot;}\" data-widget_type=\"heading.default\">\n\t\t\t\t<div class=\"elementor-widget-container\">\n\t\t\t\t\t<h2 class=\"elementor-heading-title elementor-size-default\">Sobre o curso<\/h2>\t\t\t\t<\/div>\n\t\t\t\t<\/div>\n\t\t\t\t<div class=\"elementor-element elementor-element-69775b8 elementor-widget elementor-widget-text-editor\" data-id=\"69775b8\" data-element_type=\"widget\" data-e-type=\"widget\" data-widget_type=\"text-editor.default\">\n\t\t\t\t<div class=\"elementor-widget-container\">\n\t\t\t\t\t\t\t\t\t<p style=\"text-align: justify\">O Curso Superior de Bacharelado em Design oferece 44 vagas em regime semestral, no per\u00edodo diurno. Este curso \u00e9 destinado \u00e0s pessoas interessadas na promo\u00e7\u00e3o da cultura material em nossos dias, de forma criativa e inovadora. Assim desenvolve objetos tridimensionais e bidimensionais como: livros, sites, jogos ou objetos cotidianos como mobili\u00e1rio, brinquedo e utens\u00edlios. Objetiva a forma\u00e7\u00e3o de designers generalistas, isto \u00e9, com base comum para especializar-se atrav\u00e9s da escolha das disciplinas optativas, do Trabalho de Conclus\u00e3o de Curso ou do mercado de trabalho.\t\t\t\t\t\t\t\t<\/div>\n\t\t\t\t<\/div>\n\t\t\t\t<div class=\"elementor-element elementor-element-b68358a elementor-widget-divider--view-line elementor-widget elementor-widget-divider\" data-id=\"b68358a\" data-element_type=\"widget\" data-e-type=\"widget\" data-widget_type=\"divider.default\">\n\t\t\t\t<div class=\"elementor-widget-container\">\n\t\t\t\t\t\t\t<div class=\"elementor-divider\">\n\t\t\t<span class=\"elementor-divider-separator\">\n\t\t\t\t\t\t<\/span>\n\t\t<\/div>\n\t\t\t\t\t\t<\/div>\n\t\t\t\t<\/div>\n\t\t\t\t<div class=\"elementor-element elementor-element-a3b489f elementor-widget elementor-widget-heading\" data-id=\"a3b489f\" data-element_type=\"widget\" data-e-type=\"widget\" data-settings=\"{&quot;_animation&quot;:&quot;none&quot;,&quot;_animation_delay&quot;:&quot;400&quot;}\" data-widget_type=\"heading.default\">\n\t\t\t\t<div class=\"elementor-widget-container\">\n\t\t\t\t\t<h2 class=\"elementor-heading-title elementor-size-default\">Matriz<\/h2>\t\t\t\t<\/div>\n\t\t\t\t<\/div>\n\t\t\t\t<div class=\"elementor-element elementor-element-2279a4e elementor-widget elementor-widget-text-editor\" data-id=\"2279a4e\" data-element_type=\"widget\" data-e-type=\"widget\" data-widget_type=\"text-editor.default\">\n\t\t\t\t<div class=\"elementor-widget-container\">\n\t\t\t\t\t\t\t\t\t<p>Carga hor\u00e1ria total de 3.435 horas, estruturadas da seguinte forma:<\/p><p>2.775 horas de aulas presenciais:<\/p><ul><li style=\"list-style-type: none\"><ul><li>2.595 horas em disciplinas obrigat\u00f3rias;<\/li><li>180 horas em disciplinas optativas.<\/li><\/ul><\/li><\/ul><p>660 horas de atividades de s\u00edntese, integra\u00e7\u00e3o e complementa\u00e7\u00e3o dos conhecimentos:<\/p><ul><li style=\"list-style-type: none\"><ul><li>360 horas dispensadas ao est\u00e1gio profissional supervisionado (a partir do quinto per\u00edodo);<\/li><li>Atividades Complementares (180 horas \u2013 todo o curso)<\/li><li>Trabalho de Conclus\u00e3o de Curso (120 horas \u2013 \u00faltimo ano) \u2013 objetivos<\/li><\/ul><\/li><\/ul>\t\t\t\t\t\t\t\t<\/div>\n\t\t\t\t<\/div>\n\t\t\t\t<div class=\"elementor-element elementor-element-b716572 elementor-widget-divider--view-line elementor-widget elementor-widget-divider\" data-id=\"b716572\" data-element_type=\"widget\" data-e-type=\"widget\" data-widget_type=\"divider.default\">\n\t\t\t\t<div class=\"elementor-widget-container\">\n\t\t\t\t\t\t\t<div class=\"elementor-divider\">\n\t\t\t<span class=\"elementor-divider-separator\">\n\t\t\t\t\t\t<\/span>\n\t\t<\/div>\n\t\t\t\t\t\t<\/div>\n\t\t\t\t<\/div>\n\t\t\t\t<div class=\"elementor-element elementor-element-7db3f75 elementor-widget elementor-widget-heading\" data-id=\"7db3f75\" data-element_type=\"widget\" data-e-type=\"widget\" data-settings=\"{&quot;_animation&quot;:&quot;none&quot;,&quot;_animation_delay&quot;:&quot;400&quot;}\" data-widget_type=\"heading.default\">\n\t\t\t\t<div class=\"elementor-widget-container\">\n\t\t\t\t\t<h2 class=\"elementor-heading-title elementor-size-default\">Disciplinas - Ementas <\/h2>\t\t\t\t<\/div>\n\t\t\t\t<\/div>\n\t\t\t\t<div class=\"elementor-element elementor-element-a16bdcc elementor-tabs-view-vertical elementor-widget__width-initial elementor-widget-tablet__width-initial elementor-widget elementor-widget-tabs\" data-id=\"a16bdcc\" data-element_type=\"widget\" data-e-type=\"widget\" data-settings=\"{&quot;_animation&quot;:&quot;none&quot;}\" data-widget_type=\"tabs.default\">\n\t\t\t\t<div class=\"elementor-widget-container\">\n\t\t\t\t\t\t\t<div class=\"elementor-tabs\">\n\t\t\t<div class=\"elementor-tabs-wrapper\" role=\"tablist\" >\n\t\t\t\t\t\t\t\t\t<div id=\"elementor-tab-title-1691\" class=\"elementor-tab-title elementor-tab-desktop-title\" aria-selected=\"true\" data-tab=\"1\" role=\"tab\" tabindex=\"0\" aria-controls=\"elementor-tab-content-1691\" aria-expanded=\"false\">1\u00ba Per\u00edodo<\/div>\n\t\t\t\t\t\t\t\t\t<div id=\"elementor-tab-title-1692\" class=\"elementor-tab-title elementor-tab-desktop-title\" aria-selected=\"false\" data-tab=\"2\" role=\"tab\" tabindex=\"-1\" aria-controls=\"elementor-tab-content-1692\" aria-expanded=\"false\">2\u00ba Per\u00edodo<\/div>\n\t\t\t\t\t\t\t\t\t<div id=\"elementor-tab-title-1693\" class=\"elementor-tab-title elementor-tab-desktop-title\" aria-selected=\"false\" data-tab=\"3\" role=\"tab\" tabindex=\"-1\" aria-controls=\"elementor-tab-content-1693\" aria-expanded=\"false\">3\u00ba Per\u00edodo<\/div>\n\t\t\t\t\t\t\t\t\t<div id=\"elementor-tab-title-1694\" class=\"elementor-tab-title elementor-tab-desktop-title\" aria-selected=\"false\" data-tab=\"4\" role=\"tab\" tabindex=\"-1\" aria-controls=\"elementor-tab-content-1694\" aria-expanded=\"false\">4\u00ba Per\u00edodo<\/div>\n\t\t\t\t\t\t\t\t\t<div id=\"elementor-tab-title-1695\" class=\"elementor-tab-title elementor-tab-desktop-title\" aria-selected=\"false\" data-tab=\"5\" role=\"tab\" tabindex=\"-1\" aria-controls=\"elementor-tab-content-1695\" aria-expanded=\"false\">5\u00ba Per\u00edodo<\/div>\n\t\t\t\t\t\t\t\t\t<div id=\"elementor-tab-title-1696\" class=\"elementor-tab-title elementor-tab-desktop-title\" aria-selected=\"false\" data-tab=\"6\" role=\"tab\" tabindex=\"-1\" aria-controls=\"elementor-tab-content-1696\" aria-expanded=\"false\">6\u00ba Per\u00edodo<\/div>\n\t\t\t\t\t\t\t\t\t<div id=\"elementor-tab-title-1697\" class=\"elementor-tab-title elementor-tab-desktop-title\" aria-selected=\"false\" data-tab=\"7\" role=\"tab\" tabindex=\"-1\" aria-controls=\"elementor-tab-content-1697\" aria-expanded=\"false\">7\u00ba Per\u00edodo<\/div>\n\t\t\t\t\t\t\t\t\t<div id=\"elementor-tab-title-1698\" class=\"elementor-tab-title elementor-tab-desktop-title\" aria-selected=\"false\" data-tab=\"8\" role=\"tab\" tabindex=\"-1\" aria-controls=\"elementor-tab-content-1698\" aria-expanded=\"false\">8\u00ba Per\u00edodo<\/div>\n\t\t\t\t\t\t\t\t\t<div id=\"elementor-tab-title-1699\" class=\"elementor-tab-title elementor-tab-desktop-title\" aria-selected=\"false\" data-tab=\"9\" role=\"tab\" tabindex=\"-1\" aria-controls=\"elementor-tab-content-1699\" aria-expanded=\"false\">Optativas<\/div>\n\t\t\t\t\t\t\t<\/div>\n\t\t\t<div class=\"elementor-tabs-content-wrapper\" role=\"tablist\" aria-orientation=\"vertical\">\n\t\t\t\t\t\t\t\t\t<div class=\"elementor-tab-title elementor-tab-mobile-title\" aria-selected=\"true\" data-tab=\"1\" role=\"tab\" tabindex=\"0\" aria-controls=\"elementor-tab-content-1691\" aria-expanded=\"false\">1\u00ba Per\u00edodo<\/div>\n\t\t\t\t\t<div id=\"elementor-tab-content-1691\" class=\"elementor-tab-content elementor-clearfix\" data-tab=\"1\" role=\"tabpanel\" aria-labelledby=\"elementor-tab-title-1691\" tabindex=\"0\" hidden=\"false\"><p>Comunica\u00e7\u00e3o Oral e Escrita [<a href=\"http:\/\/dadin.ct.utfpr.edu.br\/wp-content\/uploads\/2019\/11\/CE62A.pdf\" target=\"_blank\" rel=\"noopener\"><u>CE62A<\/u><\/a>]<\/p>\n<p>Hist\u00f3ria da Arte 1 [<a href=\"http:\/\/dadin.ct.utfpr.edu.br\/wp-content\/uploads\/2019\/11\/DI61B.pdf\" target=\"_blank\" rel=\"noopener\"><u>DI61B<\/u><\/a>]<\/p>\n<p>Psicologia 1 [<a href=\"https:\/\/utfpr-ct-static-content.s3.amazonaws.com\/dadin.ct.utfpr.edu.br\/wp-content\/uploads\/2022\/05\/DI61C-Psicologia-1_w.pdf\" target=\"_blank\"><u>DI61C<\/u><\/a>]<\/p>\n<p>Teoria da Cor [<a href=\"http:\/\/dadin.ct.utfpr.edu.br\/wp-content\/uploads\/2019\/11\/DI61D.pdf\" target=\"_blank\" rel=\"noopener\"><u>DI61D<\/u><\/a>]<\/p>\n<p>Materiais e Processos de Fabrica\u00e7\u00e3o 1 [<a href=\"http:\/\/dadin.ct.utfpr.edu.br\/wp-content\/uploads\/2019\/11\/DI61E.pdf\" target=\"_blank\" rel=\"noopener\"><u>DI61E<\/u><\/a>]<\/p>\n<p>Metodologia da Pesquisa [<a href=\"http:\/\/dadin.ct.utfpr.edu.br\/wp-content\/uploads\/2019\/11\/DI61F.pdf\" target=\"_blank\" rel=\"noopener\"><u>DI61F<\/u><\/a>]<\/p>\n<p>Desenho 1 [<a href=\"http:\/\/dadin.ct.utfpr.edu.br\/wp-content\/uploads\/2019\/11\/DI61H.pdf\" target=\"_blank\" rel=\"noopener\"><u>DI61H<\/u><\/a>]<\/p>\n<p>Geometria Descritiva 1 [<a href=\"http:\/\/dadin.ct.utfpr.edu.br\/wp-content\/uploads\/2019\/11\/DI61I.pdf\" target=\"_blank\" rel=\"noopener\"><u>DI61I<\/u><\/a>]<\/p>\n<p>Composi\u00e7\u00e3o 1 [<a href=\"http:\/\/dadin.ct.utfpr.edu.br\/wp-content\/uploads\/2019\/11\/DI61K.pdf\" target=\"_blank\" rel=\"noopener\"><u>DI61K<\/u><\/a>]<\/p>\n<p>Representa\u00e7\u00e3o 1 [<a href=\"http:\/\/dadin.ct.utfpr.edu.br\/wp-content\/uploads\/2019\/11\/DI61L.pdf\" target=\"_blank\" rel=\"noopener\"><u>DI61L<\/u><\/a>]<\/p><\/div>\n\t\t\t\t\t\t\t\t\t<div class=\"elementor-tab-title elementor-tab-mobile-title\" aria-selected=\"false\" data-tab=\"2\" role=\"tab\" tabindex=\"-1\" aria-controls=\"elementor-tab-content-1692\" aria-expanded=\"false\">2\u00ba Per\u00edodo<\/div>\n\t\t\t\t\t<div id=\"elementor-tab-content-1692\" class=\"elementor-tab-content elementor-clearfix\" data-tab=\"2\" role=\"tabpanel\" aria-labelledby=\"elementor-tab-title-1692\" tabindex=\"0\" hidden=\"hidden\"><p>Tecnologia e Sociedade [<a href=\"http:\/\/dadin.ct.utfpr.edu.br\/wp-content\/uploads\/2019\/11\/ES61A.pdf\" target=\"_blank\" rel=\"noopener\"><u>ES61A<\/u><\/a>]<\/p><p>Hist\u00f3ria da Arte 2 \u2013 [<a href=\"http:\/\/dadin.ct.utfpr.edu.br\/wp-content\/uploads\/2019\/11\/DI62B.pdf\" target=\"_blank\" rel=\"noopener\"><u>DI62B<\/u><\/a>]<\/p><p>Ilustra\u00e7\u00e3o 1 \u2013 [<a href=\"http:\/\/dadin.ct.utfpr.edu.br\/wp-content\/uploads\/2019\/11\/DI62D.pdf\" target=\"_blank\" rel=\"noopener\"><u>DI62D<\/u><\/a>]<\/p><p>Materiais e Processos de Fabrica\u00e7\u00e3o 2 \u2013 [<a href=\"http:\/\/dadin.ct.utfpr.edu.br\/wp-content\/uploads\/2019\/11\/DI62E.pdf\" target=\"_blank\" rel=\"noopener\"><u>DI62E<\/u><\/a>]<\/p><p>Processo e Produ\u00e7\u00e3o Gr\u00e1fica 1 \u2013 [<a href=\"http:\/\/dadin.ct.utfpr.edu.br\/wp-content\/uploads\/2019\/11\/DI62F.pdf\" target=\"_blank\" rel=\"noopener\"><u>DI62F<\/u><\/a>]<\/p><p>Computa\u00e7\u00e3o Gr\u00e1fica 1 \u2013 [<a href=\"http:\/\/dadin.ct.utfpr.edu.br\/wp-content\/uploads\/2019\/11\/DI62G.pdf\" target=\"_blank\" rel=\"noopener\"><u>DI62G<\/u><\/a>]<\/p><p>Geometria Descritiva 2 \u2013 [<a href=\"http:\/\/dadin.ct.utfpr.edu.br\/wp-content\/uploads\/2019\/11\/DI62I.pdf\" target=\"_blank\" rel=\"noopener\"><u>DI62I<\/u><\/a>]<\/p><p>Composi\u00e7\u00e3o 2 \u2013 [<a href=\"http:\/\/dadin.ct.utfpr.edu.br\/wp-content\/uploads\/2019\/11\/DI62K.pdf\" target=\"_blank\" rel=\"noopener\"><u>DI62K<\/u><\/a>]<\/p><p>Representa\u00e7\u00e3o 2 \u2013 [<a href=\"http:\/\/dadin.ct.utfpr.edu.br\/wp-content\/uploads\/2019\/11\/DI62L.pdf\" target=\"_blank\" rel=\"noopener\"><u>DI62L<\/u><\/a>]<\/p><\/div>\n\t\t\t\t\t\t\t\t\t<div class=\"elementor-tab-title elementor-tab-mobile-title\" aria-selected=\"false\" data-tab=\"3\" role=\"tab\" tabindex=\"-1\" aria-controls=\"elementor-tab-content-1693\" aria-expanded=\"false\">3\u00ba Per\u00edodo<\/div>\n\t\t\t\t\t<div id=\"elementor-tab-content-1693\" class=\"elementor-tab-content elementor-clearfix\" data-tab=\"3\" role=\"tabpanel\" aria-labelledby=\"elementor-tab-title-1693\" tabindex=\"0\" hidden=\"hidden\"><p>Psicologia 2 \u2013 <span style=\"text-decoration: underline\">[<\/span><a href=\"http:\/\/dadin.ct.utfpr.edu.br\/wp-content\/uploads\/2019\/11\/DI63C.pdf\" target=\"_blank\" rel=\"noopener noreferrer\"><span style=\"text-decoration: underline\">DI63C<\/span><\/a>]<\/p><p>Ilustra\u00e7\u00e3o 2 \u2013 [<a href=\"http:\/\/dadin.ct.utfpr.edu.br\/wp-content\/uploads\/2019\/11\/DI63D.pdf\" target=\"_blank\" rel=\"noopener noreferrer\"><span style=\"text-decoration: underline\">DI63D<\/span><\/a>]<\/p><p>Materiais e Processos de Fabrica\u00e7\u00e3o 3 \u2013 [<span style=\"text-decoration: underline\"><a href=\"http:\/\/dadin.ct.utfpr.edu.br\/wp-content\/uploads\/2019\/11\/DI63E.pdf\" target=\"_blank\" rel=\"noopener noreferrer\">DI63E<\/a><\/span>]<\/p><p>Processo e Produ\u00e7\u00e3o Gr\u00e1fica 2 \u2013 [<a href=\"http:\/\/dadin.ct.utfpr.edu.br\/wp-content\/uploads\/2019\/11\/DI63F.pdf\" target=\"_blank\" rel=\"noopener noreferrer\"><span style=\"text-decoration: underline\">DI63F<\/span><\/a>]<\/p><p>Computa\u00e7\u00e3o Gr\u00e1fica 2 \u2013 [<span style=\"text-decoration: underline\"><a href=\"http:\/\/dadin.ct.utfpr.edu.br\/wp-content\/uploads\/2019\/11\/DI63G.pdf\" target=\"_blank\" rel=\"noopener noreferrer\">DI63G<\/a><\/span>]<\/p><p>Desenho 2 \u2013[<span style=\"text-decoration: underline\"><a href=\"http:\/\/dadin.ct.utfpr.edu.br\/wp-content\/uploads\/2019\/11\/DI63H.pdf\" target=\"_blank\" rel=\"noopener noreferrer\">DI63H<\/a><\/span>]<\/p><p>Perspectiva 1 \u2013 [<span style=\"text-decoration: underline\"><a href=\"http:\/\/dadin.ct.utfpr.edu.br\/wp-content\/uploads\/2019\/11\/DI63I.pdf\" target=\"_blank\" rel=\"noopener noreferrer\">DI63I<\/a><\/span>]<\/p><p>Metodologia de Projeto de Design \u2013 [<span style=\"text-decoration: underline\"><a href=\"http:\/\/dadin.ct.utfpr.edu.br\/wp-content\/uploads\/2019\/11\/DI63K.pdf\" target=\"_blank\" rel=\"noopener noreferrer\">DI63K<\/a><\/span>]<\/p><p>Ergonomia 1 \u2013 [<span style=\"text-decoration: underline\"><a href=\"http:\/\/dadin.ct.utfpr.edu.br\/wp-content\/uploads\/2019\/11\/DI63L.pdf\" target=\"_blank\" rel=\"noopener noreferrer\">DI63L<\/a><\/span>]<\/p><\/div>\n\t\t\t\t\t\t\t\t\t<div class=\"elementor-tab-title elementor-tab-mobile-title\" aria-selected=\"false\" data-tab=\"4\" role=\"tab\" tabindex=\"-1\" aria-controls=\"elementor-tab-content-1694\" aria-expanded=\"false\">4\u00ba Per\u00edodo<\/div>\n\t\t\t\t\t<div id=\"elementor-tab-content-1694\" class=\"elementor-tab-content elementor-clearfix\" data-tab=\"4\" role=\"tabpanel\" aria-labelledby=\"elementor-tab-title-1694\" tabindex=\"0\" hidden=\"hidden\"><p>Hist\u00f3ria da T\u00e9cnica e da Tecnologia \u2013 [<span style=\"text-decoration: underline\"><a href=\"http:\/\/dadin.ct.utfpr.edu.br\/wp-content\/uploads\/2019\/11\/ES60F.pdf\" target=\"_blank\" rel=\"noopener noreferrer\">ES60F<\/a><\/span>]<\/p><p>Teoria do Design 1 \u2013 [<span style=\"text-decoration: underline\"><a href=\"http:\/\/dadin.ct.utfpr.edu.br\/wp-content\/uploads\/2019\/11\/DI64B.pdf\" target=\"_blank\" rel=\"noopener noreferrer\">DI64B<\/a><\/span>]<\/p><p>Semi\u00f3tica \u2013 [<span style=\"text-decoration: underline\"><a href=\"http:\/\/dadin.ct.utfpr.edu.br\/wp-content\/uploads\/2019\/11\/DI64D.pdf\" target=\"_blank\" rel=\"noopener noreferrer\">DI64D<\/a><\/span>]<\/p><p>Materiais Expressivos 1 \u2013 [<span style=\"text-decoration: underline\"><a href=\"http:\/\/dadin.ct.utfpr.edu.br\/wp-content\/uploads\/2019\/11\/DI64E.pdf\" target=\"_blank\" rel=\"noopener noreferrer\">DI64E<\/a><\/span>]<\/p><p>Processo e Produ\u00e7\u00e3o Gr\u00e1fica 3 \u2013 [<span style=\"text-decoration: underline\"><a href=\"http:\/\/dadin.ct.utfpr.edu.br\/wp-content\/uploads\/2019\/11\/DI64F.pdf\" target=\"_blank\" rel=\"noopener noreferrer\">DI64F<\/a><\/span>]<\/p><p>Fotografia \u2013 [<span style=\"text-decoration: underline\"><a href=\"http:\/\/dadin.ct.utfpr.edu.br\/wp-content\/uploads\/2019\/11\/DI64G.pdf\" target=\"_blank\" rel=\"noopener noreferrer\">DI64G<\/a><\/span>]<\/p><p>Perspectiva 2 \u2013 [<span style=\"text-decoration: underline\"><a href=\"http:\/\/dadin.ct.utfpr.edu.br\/wp-content\/uploads\/2019\/11\/DI64I.pdf\" target=\"_blank\" rel=\"noopener noreferrer\">DI64I<\/a><\/span>]<\/p><p>Projeto de Sistema Visual \u2013 [<a href=\"http:\/\/dadin.ct.utfpr.edu.br\/wp-content\/uploads\/2019\/11\/DI64K.pdf\" target=\"_blank\" rel=\"noopener noreferrer\"><span style=\"text-decoration: underline\">DI64K<\/span><\/a>]<\/p><p>Ergonomia 2 \u2013 [<span style=\"text-decoration: underline\"><a href=\"http:\/\/dadin.ct.utfpr.edu.br\/wp-content\/uploads\/2019\/11\/DI64L.pdf\" target=\"_blank\" rel=\"noopener noreferrer\">DI64L<\/a><\/span>]<\/p><\/div>\n\t\t\t\t\t\t\t\t\t<div class=\"elementor-tab-title elementor-tab-mobile-title\" aria-selected=\"false\" data-tab=\"5\" role=\"tab\" tabindex=\"-1\" aria-controls=\"elementor-tab-content-1695\" aria-expanded=\"false\">5\u00ba Per\u00edodo<\/div>\n\t\t\t\t\t<div id=\"elementor-tab-content-1695\" class=\"elementor-tab-content elementor-clearfix\" data-tab=\"5\" role=\"tabpanel\" aria-labelledby=\"elementor-tab-title-1695\" tabindex=\"0\" hidden=\"hidden\"><p>Teoria do Design 2 \u2013 [<span style=\"text-decoration: underline\"><a href=\"http:\/\/dadin.ct.utfpr.edu.br\/wp-content\/uploads\/2019\/11\/DI65B.pdf\" target=\"_blank\" rel=\"noopener noreferrer\">DI65B<\/a><\/span>]<\/p><p>Materiais Expressivos 2 \u2013 [<span style=\"text-decoration: underline\"><a href=\"http:\/\/dadin.ct.utfpr.edu.br\/wp-content\/uploads\/2019\/11\/DI65E.pdf\" target=\"_blank\" rel=\"noopener noreferrer\">DI65E<\/a><\/span>]<\/p><p>Gest\u00e3o do Design \u2013 [<a href=\"http:\/\/dadin.ct.utfpr.edu.br\/wp-content\/uploads\/2019\/11\/DI65F.pdf\" target=\"_blank\" rel=\"noopener noreferrer\"><span style=\"text-decoration: underline\">DI65F<\/span><\/a>]<\/p><p>Modelo Digital 1 \u2013 [<span style=\"text-decoration: underline\"><a href=\"http:\/\/dadin.ct.utfpr.edu.br\/wp-content\/uploads\/2019\/11\/DI65G.pdf\" target=\"_blank\" rel=\"noopener noreferrer\">DI65G<\/a><\/span>]<\/p><p>Fundamentos de Intera\u00e7\u00e3o \u2013 [<span style=\"text-decoration: underline\"><a href=\"http:\/\/dadin.ct.utfpr.edu.br\/wp-content\/uploads\/2019\/11\/DI65H.pdf\" target=\"_blank\" rel=\"noopener noreferrer\">DI65H<\/a><\/span>]<\/p><p>Projeto de Sistema de Produto \u2013 [<a href=\"http:\/\/dadin.ct.utfpr.edu.br\/wp-content\/uploads\/2019\/11\/DI65K.pdf\" target=\"_blank\" rel=\"noopener noreferrer\"><span style=\"text-decoration: underline\">DI65K<\/span><\/a>]<\/p><p>Ergonomia 3 \u2013 [<span style=\"text-decoration: underline\"><a href=\"http:\/\/dadin.ct.utfpr.edu.br\/wp-content\/uploads\/2019\/11\/DI65L.pdf\" target=\"_blank\" rel=\"noopener noreferrer\">DI65L<\/a><\/span>]<\/p><\/div>\n\t\t\t\t\t\t\t\t\t<div class=\"elementor-tab-title elementor-tab-mobile-title\" aria-selected=\"false\" data-tab=\"6\" role=\"tab\" tabindex=\"-1\" aria-controls=\"elementor-tab-content-1696\" aria-expanded=\"false\">6\u00ba Per\u00edodo<\/div>\n\t\t\t\t\t<div id=\"elementor-tab-content-1696\" class=\"elementor-tab-content elementor-clearfix\" data-tab=\"6\" role=\"tabpanel\" aria-labelledby=\"elementor-tab-title-1696\" tabindex=\"0\" hidden=\"hidden\"><p>Teoria do Design 3 \u2013 [<span style=\"text-decoration: underline\"><a href=\"http:\/\/dadin.ct.utfpr.edu.br\/wp-content\/uploads\/2019\/11\/DI66B.pdf\" target=\"_blank\" rel=\"noopener noreferrer\">DI66B<\/a><\/span>]<\/p>\n<p>Fundamentos de Estat\u00edstica \u2013 [<span style=\"text-decoration: underline\"><a href=\"http:\/\/dadin.ct.utfpr.edu.br\/wp-content\/uploads\/2019\/11\/MA66A.pdf\" target=\"_blank\" rel=\"noopener noreferrer\">MA66A<\/a><\/span>]<\/p>\n<p>Modelos e Maquetes 1 \u2013 [<a href=\"https:\/\/utfpr-ct-static-content.s3.amazonaws.com\/dadin.ct.utfpr.edu.br\/wp-content\/uploads\/2022\/05\/DI66E-Modelos-e-Maquetes-1_w.pdf\" target=\"_blank\"><u>DI66E<\/u><\/a>]<\/p>\n<p>Modelo Digital 2 \u2013 [<a href=\"http:\/\/dadin.ct.utfpr.edu.br\/wp-content\/uploads\/2019\/11\/DI66G.pdf\" target=\"_blank\" rel=\"noopener noreferrer\"><span style=\"text-decoration: underline\">DI66G<\/span><\/a>]<\/p>\n<p>Projeto de Sistemas de Design \u2013 [<span style=\"text-decoration: underline\"><a href=\"http:\/\/dadin.ct.utfpr.edu.br\/wp-content\/uploads\/2019\/11\/DI66K.pdf\" target=\"_blank\" rel=\"noopener noreferrer\">DI66K<\/a><\/span>]<\/p>\n<p>Metodologia Aplicada ao TCC \u2013 [<span style=\"text-decoration: underline\"><a href=\"http:\/\/dadin.ct.utfpr.edu.br\/wp-content\/uploads\/2019\/11\/DI66L.pdf\" target=\"_blank\" rel=\"noopener noreferrer\">DI66L<\/a><\/span>]<\/p><\/div>\n\t\t\t\t\t\t\t\t\t<div class=\"elementor-tab-title elementor-tab-mobile-title\" aria-selected=\"false\" data-tab=\"7\" role=\"tab\" tabindex=\"-1\" aria-controls=\"elementor-tab-content-1697\" aria-expanded=\"false\">7\u00ba Per\u00edodo<\/div>\n\t\t\t\t\t<div id=\"elementor-tab-content-1697\" class=\"elementor-tab-content elementor-clearfix\" data-tab=\"7\" role=\"tabpanel\" aria-labelledby=\"elementor-tab-title-1697\" tabindex=\"0\" hidden=\"hidden\"><p>Teoria do Design 4 \u2013 [<a href=\"http:\/\/dadin.ct.utfpr.edu.br\/wp-content\/uploads\/2019\/11\/DI67B.pdf\" target=\"_blank\" rel=\"noopener noreferrer\"><span style=\"text-decoration: underline\">DI67B<\/span><\/a>]<\/p><p>Modelos e Maquetes 2 \u2013 [<span style=\"text-decoration: underline\"><a href=\"http:\/\/dadin.ct.utfpr.edu.br\/wp-content\/uploads\/2019\/11\/DI67E.pdf\" target=\"_blank\" rel=\"noopener noreferrer\">DI67E<\/a><\/span>]<\/p><p>Anima\u00e7\u00e3o \u2013 [<span style=\"text-decoration: underline\"><a href=\"http:\/\/dadin.ct.utfpr.edu.br\/wp-content\/uploads\/2019\/11\/DI67G.pdf\" target=\"_blank\" rel=\"noopener noreferrer\">DI67G<\/a><\/span>]<\/p><p>Trabalho de Conclus\u00e3o de Curso 1 \u2013 [<span style=\"text-decoration: underline\"><a href=\"http:\/\/dadin.ct.utfpr.edu.br\/wp-content\/uploads\/2019\/11\/DI67L.pdf\" target=\"_blank\" rel=\"noopener noreferrer\">DI67L<\/a><\/span>]<\/p><\/div>\n\t\t\t\t\t\t\t\t\t<div class=\"elementor-tab-title elementor-tab-mobile-title\" aria-selected=\"false\" data-tab=\"8\" role=\"tab\" tabindex=\"-1\" aria-controls=\"elementor-tab-content-1698\" aria-expanded=\"false\">8\u00ba Per\u00edodo<\/div>\n\t\t\t\t\t<div id=\"elementor-tab-content-1698\" class=\"elementor-tab-content elementor-clearfix\" data-tab=\"8\" role=\"tabpanel\" aria-labelledby=\"elementor-tab-title-1698\" tabindex=\"0\" hidden=\"hidden\"><p>Fundamentos da \u00c9tica \u2013 [<span style=\"text-decoration: underline\"><a href=\"http:\/\/engcomp.dainf.ct.utfpr.edu.br\/downloads\/ES60B%20-%20Fundamentos%20da%20Etica%20-%20web.pdf\">ES30B<\/a><\/span>]<\/p>\n<p>Gest\u00e3o da Produ\u00e7\u00e3o \u2013 [<a href=\"http:\/\/dadin.ct.utfpr.edu.br\/wp-content\/uploads\/2019\/11\/GE60A.pdf\" target=\"_blank\" rel=\"noopener noreferrer\"><span style=\"text-decoration: underline\">GE60A<\/span><\/a>]<\/p>\n<p>Gest\u00e3o Mercadol\u00f3gica \u2013 [<span style=\"text-decoration: underline\"><a href=\"http:\/\/dadin.ct.utfpr.edu.br\/wp-content\/uploads\/2019\/11\/GE60F.pdf\" target=\"_blank\" rel=\"noopener noreferrer\">GE60F<\/a><\/span>]<\/p>\n<p>Audiovisual \u2013 [<span style=\"text-decoration: underline\"><a href=\"http:\/\/dadin.ct.utfpr.edu.br\/wp-content\/uploads\/2019\/11\/DI68G.pdf\" target=\"_blank\" rel=\"noopener noreferrer\">DI68G<\/a><\/span>]<\/p>\n<p>Trabalho de Conclus\u00e3o de Curso 2 \u2013 [<a href=\"https:\/\/utfpr-ct-static-content.s3.amazonaws.com\/dadin.ct.utfpr.edu.br\/wp-content\/uploads\/2022\/05\/DI68L-Trab-Conclusao-Curso-2_watermark.pdf\"><u>DI68L<\/u><\/a>]<\/p><\/div>\n\t\t\t\t\t\t\t\t\t<div class=\"elementor-tab-title elementor-tab-mobile-title\" aria-selected=\"false\" data-tab=\"9\" role=\"tab\" tabindex=\"-1\" aria-controls=\"elementor-tab-content-1699\" aria-expanded=\"false\">Optativas<\/div>\n\t\t\t\t\t<div id=\"elementor-tab-content-1699\" class=\"elementor-tab-content elementor-clearfix\" data-tab=\"9\" role=\"tabpanel\" aria-labelledby=\"elementor-tab-title-1699\" tabindex=\"0\" hidden=\"hidden\"><p>Design e Artesanato&nbsp;\u2013 [<a href=\"https:\/\/utfpr-ct-static-content.s3.amazonaws.com\/dadin.ct.utfpr.edu.br\/wp-content\/uploads\/2022\/05\/DI6AD-Design-Artesanato.pdf\" target=\"_blank\"><u>DI6AD<\/u><\/a>]<\/p>\n<p>Display&nbsp;\u2013 [<a href=\"https:\/\/utfpr-ct-static-content.s3.amazonaws.com\/dadin.ct.utfpr.edu.br\/wp-content\/uploads\/2022\/05\/DI6AA-Display.pdf\" target=\"_blank\"><u>DI6AA<\/u><\/a>]<\/p>\n<p>Fabrica\u00e7\u00e3o Digital 1&nbsp;\u2013 [<a href=\"https:\/\/utfpr-ct-static-content.s3.amazonaws.com\/dadin.ct.utfpr.edu.br\/wp-content\/uploads\/2022\/05\/DI6AE-Fab-Dig-1.pdf\" target=\"_blank\"><u>DI6AE<\/u><\/a>]<\/p>\n<p>Espa\u00e7o Cenogr\u00e1fico&nbsp;\u2013 [<a href=\"https:\/\/utfpr-ct-static-content.s3.amazonaws.com\/dadin.ct.utfpr.edu.br\/wp-content\/uploads\/2022\/05\/DI6AF-Espaco-Cenografico.pdf\" target=\"_blank\"><u>DI6AF<\/u><\/a>]<\/p>\n<p>Projeto de Estofados&nbsp;\u2013 [<a href=\"https:\/\/utfpr-ct-static-content.s3.amazonaws.com\/dadin.ct.utfpr.edu.br\/wp-content\/uploads\/2022\/05\/DI6AG-Proj-Estof.pdf\" target=\"_blank\"><u>DI6AG<\/u><\/a>]<\/p>\n<p>Hist\u00f3ria em Quadrinhos&nbsp;\u2013 [<a href=\"https:\/\/utfpr-ct-static-content.s3.amazonaws.com\/dadin.ct.utfpr.edu.br\/wp-content\/uploads\/2022\/05\/DI6AH-Hist-Quadrinhos.pdf\" target=\"_blank\"><u>DI6AH<\/u><\/a>]<\/p>\n<p>Metodologia de Projeto aplicada ao Design de Jogos&nbsp;\u2013 [<a href=\"https:\/\/utfpr-ct-static-content.s3.amazonaws.com\/dadin.ct.utfpr.edu.br\/wp-content\/uploads\/2022\/05\/DI6AI-Met-Aplicada-Jogos.pdf\" target=\"_blank\"><u>DI6AI<\/u><\/a>]<\/p>\n<p>Experimenta\u00e7\u00f5es criativas atrav\u00e9s da cor&nbsp;\u2013 [<a href=\"https:\/\/utfpr-ct-static-content.s3.amazonaws.com\/dadin.ct.utfpr.edu.br\/wp-content\/uploads\/2022\/05\/DI6AJ-Exp-Cria-Cor.pdf\" target=\"_blank\"><u>DI6AJ<\/u><\/a>]<\/p>\n<p>T\u00f3picos Avan\u00e7ados em Projeto de Design I&nbsp;\u2013 [<a href=\"https:\/\/utfpr-ct-static-content.s3.amazonaws.com\/dadin.ct.utfpr.edu.br\/wp-content\/uploads\/2022\/05\/DI6AM-Top-Avan-Proj.pdf\" target=\"_blank\"><u>DI6AM<\/u><\/a>]<\/p>\n<p>T\u00f3picos Avan\u00e7ados em Projeto de Design II&nbsp;\u2013 [<a href=\"https:\/\/utfpr-ct-static-content.s3.amazonaws.com\/dadin.ct.utfpr.edu.br\/wp-content\/uploads\/2022\/05\/DI6AN-Top-Avan-Proj-Des-2.pdf\" target=\"_blank\"><u>DI6AN<\/u><\/a>]<\/p>\n<p>LIBRAS 1 \u2013 [<a href=\"https:\/\/utfpr-ct-static-content.s3.amazonaws.com\/dadin.ct.utfpr.edu.br\/wp-content\/uploads\/2022\/05\/ED60F-Libras-1.pdf\" target=\"_blank\"><u>ED60F<\/u><\/a>]<\/p>\n<p>LIBRAS 2 \u2013 [<a href=\"https:\/\/utfpr-ct-static-content.s3.amazonaws.com\/dadin.ct.utfpr.edu.br\/wp-content\/uploads\/2022\/05\/ED60G-Libras-2.pdf\" target=\"_blank\"><u>ED60G<\/u><\/a>]<\/p>\n<p>Ci\u00eancias do Ambiente \u2013 [<a href=\"https:\/\/utfpr-ct-static-content.s3.amazonaws.com\/dadin.ct.utfpr.edu.br\/wp-content\/uploads\/2022\/05\/QB60A-Ciencia-do-Ambiente.pdf\" target=\"_blank\"><u>QB60A<\/u><\/a>]<\/p>\n<p>Ci\u00eancias do Ambiente \u2013 [<a href=\"https:\/\/utfpr-ct-static-content.s3.amazonaws.com\/dadin.ct.utfpr.edu.br\/wp-content\/uploads\/2022\/05\/QB70E-Ciencia-do-Ambiente.pdf\" target=\"_blank\"><u>QB70E<\/u><\/a>]<br><\/p>\n<p>Design de Mobili\u00e1rio \u2013 [<a href=\"https:\/\/utfpr-ct-static-content.s3.amazonaws.com\/dadin.ct.utfpr.edu.br\/wp-content\/uploads\/2022\/05\/DI6AK-Design-Mobiliario.pdf\" target=\"_blank\"><u>DI6AK<\/u><\/a>]<\/p>\n<p>T\u00f3picos Avan\u00e7ados em Hist\u00f3ria e Tecnologia do Design \u2013 [<a href=\"https:\/\/utfpr-ct-static-content.s3.amazonaws.com\/dadin.ct.utfpr.edu.br\/wp-content\/uploads\/2022\/05\/DI6AO-Top-Avan-Hist-Design.pdf\" target=\"_blank\"><u>DI6AO<\/u><\/a>]<\/p>\n<p>T\u00f3picos Avan\u00e7ados em Materiais e Fabrica\u00e7\u00e3o \u2013 [<a href=\"https:\/\/utfpr-ct-static-content.s3.amazonaws.com\/dadin.ct.utfpr.edu.br\/wp-content\/uploads\/2022\/05\/DI6AP-Top-Avan-Fabr.pdf\"><u>DI6AP<\/u><\/a>]<\/p>\n<p>T\u00f3picos Avan\u00e7ados em Design Estrat\u00e9gico \u2013 [<a href=\"https:\/\/utfpr-ct-static-content.s3.amazonaws.com\/dadin.ct.utfpr.edu.br\/wp-content\/uploads\/2022\/05\/DI6AQ-Top-Des-Estrat.pdf\" target=\"_blank\"><u>DI6AQ<\/u><\/a>]<\/p>\n<p>Design de Interiores Residenciais \u2013 [<a href=\"https:\/\/utfpr-ct-static-content.s3.amazonaws.com\/dadin.ct.utfpr.edu.br\/wp-content\/uploads\/2022\/05\/DI6BC-Design-Interiores-Residenciais.pdf\" target=\"_blank\"><u>DI6BC<\/u><\/a>]<\/p>\n<p>Design de Interiores Comerciais \u2013 [<a href=\"https:\/\/utfpr-ct-static-content.s3.amazonaws.com\/dadin.ct.utfpr.edu.br\/wp-content\/uploads\/2022\/05\/DI6BD-Design-Inter-Comer.pdf\" target=\"_blank\"><u>DI6BD<\/u><\/a>]<\/p>\n<p>Introdu\u00e7\u00e3o ao Design de Informa\u00e7\u00e3o \u2013 [<a href=\"https:\/\/utfpr-ct-static-content.s3.amazonaws.com\/dadin.ct.utfpr.edu.br\/wp-content\/uploads\/2022\/05\/DI6BE-Intro-Desi-Info.pdf\" target=\"_blank\"><u>DI6BE<\/u><\/a>]<\/p>\n<p>Atua\u00e7\u00e3o Profissional do Designer \u2013 [<a href=\"https:\/\/utfpr-ct-static-content.s3.amazonaws.com\/dadin.ct.utfpr.edu.br\/wp-content\/uploads\/2022\/05\/DI6BF-Atu-Prof-Designer.pdf\" target=\"_blank\"><u>DI6BF<\/u><\/a>]<\/p>\n<p>T\u00f3picos Avan\u00e7ados em Psicologia Aplicada \u2013 [<a href=\"https:\/\/utfpr-ct-static-content.s3.amazonaws.com\/dadin.ct.utfpr.edu.br\/wp-content\/uploads\/2022\/05\/DI6BG-Top-Avan-Psic-Aplicada.pdf\" target=\"_blank\"><u>DI6BG<\/u><\/a>]<\/p>\n<p>Seguran\u00e7a no trabalho \u2013 [<a href=\"https:\/\/utfpr-ct-static-content.s3.amazonaws.com\/dadin.ct.utfpr.edu.br\/wp-content\/uploads\/2022\/05\/DI6BH-Seguranca-do-Trabalho.pdf\" target=\"_blank\"><u>DI6BH<\/u><\/a>]<\/p>\n<p>V\u00eddeo Esportivo \u2013 [<a href=\"https:\/\/utfpr-ct-static-content.s3.amazonaws.com\/dadin.ct.utfpr.edu.br\/wp-content\/uploads\/2022\/05\/EF6BD-Video-Esportivo.pdf\" target=\"_blank\"><u>EF6BD<\/u><\/a>]<\/p>\n<p>Filosofia da Ci\u00eancia e da Tecnologia \u2013 [<a href=\"https:\/\/utfpr-ct-static-content.s3.amazonaws.com\/dadin.ct.utfpr.edu.br\/wp-content\/uploads\/2022\/05\/ES60A-Fis-Cien-Tec.pdf\" target=\"_blank\"><u>ES60A<\/u><\/a>]<\/p>\n<p>Sociedade e Pol\u00edtica no Brasil \u2013 [<a href=\"https:\/\/utfpr-ct-static-content.s3.amazonaws.com\/dadin.ct.utfpr.edu.br\/wp-content\/uploads\/2022\/05\/ES60G-Sol-Pol-Brasil.pdf\" target=\"_blank\"><u>ES60G<\/u><\/a>]<\/p>\n<p>Gest\u00e3o Financeira \u2013 [<a href=\"https:\/\/utfpr-ct-static-content.s3.amazonaws.com\/dadin.ct.utfpr.edu.br\/wp-content\/uploads\/2022\/05\/GE60C-Gestao-Financeira.pdf\" target=\"_blank\"><u>GE60C<\/u><\/a>]<\/p>\n<p>Gest\u00e3o de Oportunidades \u2013 [<a href=\"https:\/\/utfpr-ct-static-content.s3.amazonaws.com\/dadin.ct.utfpr.edu.br\/wp-content\/uploads\/2022\/05\/GE70K-Gestao-Oportunidades-1.pdf\" target=\"_blank\"><u>GE70K<\/u><\/a>]<\/p>\n<p>Gest\u00e3o da Qualidade \u2013 [<a href=\"https:\/\/utfpr-ct-static-content.s3.amazonaws.com\/dadin.ct.utfpr.edu.br\/wp-content\/uploads\/2022\/05\/GE60L-Gestao-Qualidade.pdf\" target=\"_blank\"><u>GE60L<\/u><\/a>]<\/p><\/div>\n\t\t\t\t\t\t\t<\/div>\n\t\t<\/div>\n\t\t\t\t\t\t<\/div>\n\t\t\t\t<\/div>\n\t\t\t\t<div class=\"elementor-element elementor-element-849391c elementor-widget-divider--view-line elementor-widget elementor-widget-divider\" data-id=\"849391c\" data-element_type=\"widget\" data-e-type=\"widget\" data-widget_type=\"divider.default\">\n\t\t\t\t<div class=\"elementor-widget-container\">\n\t\t\t\t\t\t\t<div class=\"elementor-divider\">\n\t\t\t<span class=\"elementor-divider-separator\">\n\t\t\t\t\t\t<\/span>\n\t\t<\/div>\n\t\t\t\t\t\t<\/div>\n\t\t\t\t<\/div>\n\t\t\t\t<div class=\"elementor-element elementor-element-17c2c40 elementor-widget elementor-widget-heading\" data-id=\"17c2c40\" data-element_type=\"widget\" data-e-type=\"widget\" data-settings=\"{&quot;_animation&quot;:&quot;none&quot;,&quot;_animation_delay&quot;:&quot;400&quot;}\" data-widget_type=\"heading.default\">\n\t\t\t\t<div class=\"elementor-widget-container\">\n\t\t\t\t\t<h2 class=\"elementor-heading-title elementor-size-default\">Est\u00e1gio<\/h2>\t\t\t\t<\/div>\n\t\t\t\t<\/div>\n\t\t\t\t<div class=\"elementor-element elementor-element-c30f517 elementor-widget elementor-widget-text-editor\" data-id=\"c30f517\" data-element_type=\"widget\" data-e-type=\"widget\" data-widget_type=\"text-editor.default\">\n\t\t\t\t<div class=\"elementor-widget-container\">\n\t\t\t\t\t\t\t\t\t<p style=\"text-align: justify\">O Est\u00e1gio Curricular Obrigat\u00f3rio \u00e9 uma disciplina obrigat\u00f3ria dos Cursos Superiores de Gradua\u00e7\u00e3o e tem por finalidade a complementa\u00e7\u00e3o do ensino e da aprendizagem, adaptando psicol\u00f3gica e social do estudante \u00e0 sua futura atividade profissional, treinamento do estudante para facilitar sua futura absor\u00e7\u00e3o pelo mercado de trabalho e orienta\u00e7\u00e3o do estudante na escolha de sua especializa\u00e7\u00e3o profissional.<\/p><p>ATENDIMENTO POR E-MAIL:<br \/>Ed Marcos Sarro &lt;<a href=\"mailto:edsarro@utfpr.edu.br\" target=\"_blank\" rel=\"noopener\">edsarro@utfpr.edu.br<\/a>&gt;<br \/><span style=\"color: var( --e-global-color-text );font-family: var( --e-global-typography-text-font-family ), Sans-serif;font-size: 1rem\">Elenise Leocadia da Silveira Nunes &lt;<\/span><a style=\"font-family: var( --e-global-typography-text-font-family ), Sans-serif;font-weight: var( --e-global-typography-text-font-weight );background-color: #ffffff;font-size: 1rem\" href=\"mailto:elenise@utfpr.edu.br\" target=\"_blank\" rel=\"noopener\">elenise@utfpr.edu.br<\/a><span style=\"color: var( --e-global-color-text );font-family: var( --e-global-typography-text-font-family ), Sans-serif;font-size: 1rem\">&gt;<\/span><\/p><p><span style=\"color: var( --e-global-color-text );font-family: var( --e-global-typography-text-font-family ), Sans-serif;font-weight: var( --e-global-typography-text-font-weight );font-size: 1rem\">Informa\u00e7\u00f5es sobre documenta\u00e7\u00e3o de estagio acesse:\u00a0<\/span><a style=\"font-family: var( --e-global-typography-text-font-family ), Sans-serif;font-weight: var( --e-global-typography-text-font-weight );font-size: 1rem;background-color: #ffffff\" href=\"http:\/\/estagiodadin.blogspot.com\/\" target=\"_blank\" rel=\"noopener\">http:\/\/estagiodadin.blogspot.com\/<\/a><\/p>\t\t\t\t\t\t\t\t<\/div>\n\t\t\t\t<\/div>\n\t\t\t\t<div class=\"elementor-element elementor-element-b154cdf elementor-widget-divider--view-line elementor-widget elementor-widget-divider\" data-id=\"b154cdf\" data-element_type=\"widget\" data-e-type=\"widget\" data-widget_type=\"divider.default\">\n\t\t\t\t<div class=\"elementor-widget-container\">\n\t\t\t\t\t\t\t<div class=\"elementor-divider\">\n\t\t\t<span class=\"elementor-divider-separator\">\n\t\t\t\t\t\t<\/span>\n\t\t<\/div>\n\t\t\t\t\t\t<\/div>\n\t\t\t\t<\/div>\n\t\t\t\t<div class=\"elementor-element elementor-element-a8818f4 elementor-widget elementor-widget-heading\" data-id=\"a8818f4\" data-element_type=\"widget\" data-e-type=\"widget\" data-settings=\"{&quot;_animation&quot;:&quot;none&quot;,&quot;_animation_delay&quot;:&quot;400&quot;}\" data-widget_type=\"heading.default\">\n\t\t\t\t<div class=\"elementor-widget-container\">\n\t\t\t\t\t<h2 class=\"elementor-heading-title elementor-size-default\">TCC<\/h2>\t\t\t\t<\/div>\n\t\t\t\t<\/div>\n\t\t\t\t<div class=\"elementor-element elementor-element-5bc8e38 elementor-widget elementor-widget-text-editor\" data-id=\"5bc8e38\" data-element_type=\"widget\" data-e-type=\"widget\" data-widget_type=\"text-editor.default\">\n\t\t\t\t<div class=\"elementor-widget-container\">\n\t\t\t\t\t\t\t\t\t<p style=\"text-align: justify\">O Trabalho de Conclus\u00e3o de Curso (TCC) \u00e9 uma atividade obrigat\u00f3ria, constitu\u00edda por disciplinas da matriz curricular do curso de Bacharelado em Design. Tem como objetivos:<\/p>\n<ul style=\"text-align: justify\">\n<li style=\"list-style-type: none\">\n<ul>\n<li>Desenvolver a capacidade de aplica\u00e7\u00e3o dos conceitos e teorias adquiridas durante o curso de forma integrada, por meio da execu\u00e7\u00e3o de um projeto de pesquisa.<\/li>\n<li>Desenvolver a capacidade de planejamento e disciplina para resolver problemas dentro das diversas \u00e1reas de forma\u00e7\u00e3o.<\/li>\n<li>Despertar o interesse pela pesquisa como meio para a resolu\u00e7\u00e3o de problemas.<\/li>\n<li>Estimular o esp\u00edrito empreendedor, por meio da execu\u00e7\u00e3o de projetos que levem ao desenvolvimento de produtos, os quais possam ser patenteados e\/ou comercializados.<\/li>\n<li>Intensificar a extens\u00e3o universit\u00e1ria, por interm\u00e9dio da resolu\u00e7\u00e3o de problemas existentes nos diversos setores da sociedade.<\/li>\n<li>Estimular a constru\u00e7\u00e3o do conhecimento coletivo.<\/li>\n<li>Estimular a interdisciplinaridade.<\/li>\n<li>Estimular a inova\u00e7\u00e3o tecnol\u00f3gica.<\/li>\n<li>Estimular o esp\u00edrito cr\u00edtico e reflexivo no meio social onde est\u00e1 inserido.<\/li>\n<li>Estimular&nbsp;a forma\u00e7\u00e3o continuada.<\/li>\n<\/ul>\n<\/li>\n<\/ul>\n<p style=\"text-align: justify\">O TCC poder\u00e1 ser desenvolvido individualmente ou em equipe, podendo esta ser multidisciplinar, com participa\u00e7\u00e3o de alunos de diferentes cursos, de acordo com normas complementares estabelecidas para cada curso.<\/p>\n<p style=\"text-align: justify\">O TCC ser\u00e1 caracterizado por uma pesquisa cient\u00edfica e\/ou tecnol\u00f3gica aplicada.<\/p>\n<p style=\"text-align: justify\">\u00c9 vedada a convalida\u00e7\u00e3o de TCC realizado em outro curso de gradua\u00e7\u00e3o.<\/p>\n<h4 style=\"text-align: justify\">Modelos e documentos<\/h4>\n<ul>\n<li style=\"list-style-type: none\">\n<ul>\n<li><a href=\"https:\/\/sei.utfpr.edu.br\/sei\/publicacoes\/controlador_publicacoes.php?acao=publicacao_visualizar&amp;id_documento=3171226&amp;id_orgao_publicacao=0\">Regulamento do TCC para os Cursos de Gradua\u00e7\u00e3o da UTFPR<\/a><\/li>\n<li><a href=\"https:\/\/utfpr-ct-static-content.s3.amazonaws.com\/dadin.ct.utfpr.edu.br\/wp-content\/uploads\/2022\/11\/NORMAS-COMPLEMENTARES-TCC-BACHALERADO-EM-DESIGN-11-2022.pdf\">Normas Complementares do TCC do Curso de Bacharelado em Design(Nov 2022)<\/a><\/li>\n<li><a href=\"https:\/\/docs.google.com\/document\/d\/1EVeemNw5meMq9E9szjHb9403j6tlZh6kd79cjSiMtdc\/pub\">Rela\u00e7\u00e3o de orientadores e seus temas<\/a><\/li>\n<li><a href=\"https:\/\/repositorio.utfpr.edu.br\/jspui\/handle\/1\/5348\">Reposit\u00f3rio do TCC do Bacharelado em Design<\/a><\/li>\n<\/ul>\n<\/li>\n<\/ul>\n<div style=\"text-align: justify\">&nbsp;<\/div>\t\t\t\t\t\t\t\t<\/div>\n\t\t\t\t<\/div>\n\t\t\t\t<div class=\"elementor-element elementor-element-d4d221d elementor-widget-divider--view-line elementor-widget elementor-widget-divider\" data-id=\"d4d221d\" data-element_type=\"widget\" data-e-type=\"widget\" data-widget_type=\"divider.default\">\n\t\t\t\t<div class=\"elementor-widget-container\">\n\t\t\t\t\t\t\t<div class=\"elementor-divider\">\n\t\t\t<span class=\"elementor-divider-separator\">\n\t\t\t\t\t\t<\/span>\n\t\t<\/div>\n\t\t\t\t\t\t<\/div>\n\t\t\t\t<\/div>\n\t\t\t\t<div class=\"elementor-element elementor-element-19e5d13 elementor-widget elementor-widget-heading\" data-id=\"19e5d13\" data-element_type=\"widget\" data-e-type=\"widget\" data-settings=\"{&quot;_animation&quot;:&quot;none&quot;,&quot;_animation_delay&quot;:&quot;400&quot;}\" data-widget_type=\"heading.default\">\n\t\t\t\t<div class=\"elementor-widget-container\">\n\t\t\t\t\t<h2 class=\"elementor-heading-title elementor-size-default\">Atividades Complementares<\/h2>\t\t\t\t<\/div>\n\t\t\t\t<\/div>\n\t\t\t\t<div class=\"elementor-element elementor-element-fcbc32e elementor-widget elementor-widget-text-editor\" data-id=\"fcbc32e\" data-element_type=\"widget\" data-e-type=\"widget\" data-widget_type=\"text-editor.default\">\n\t\t\t\t<div class=\"elementor-widget-container\">\n\t\t\t\t\t\t\t\t\t<p style=\"text-align: justify\">As atividades complementares t\u00eam por finalidade, enriquecer o processo de ensino-aprendizagem, complementando a forma\u00e7\u00e3o social, humana e profissional, por meio de atividades de cunho comunit\u00e1rio, de assist\u00eancia acad\u00eamica, de inicia\u00e7\u00e3o cient\u00edfica e tecnol\u00f3gica, esportivas e culturais, al\u00e9m de interc\u00e2mbios com institui\u00e7\u00f5es cong\u00eaneres.<\/p><h4 style=\"text-align: justify\">Documentos<\/h4><ul><li style=\"list-style-type: none\"><ul><li><span style=\"text-decoration: underline\"><a href=\"http:\/\/dadin.ct.utfpr.edu.br\/wp-content\/uploads\/2017\/09\/AC1-INSTRUC%CC%A7O%CC%83ES-PARA-APRESENTAC%CC%A7A%CC%83O-DAS-ATIVIDADES-COMPLEMENTARES.pdf\" target=\"_blank\" rel=\"noopener\">Atividade Complementar: Instru\u00e7\u00f5es de Apresenta\u00e7\u00e3o<\/a><\/span><\/li><li><span style=\"text-decoration: underline\"><a href=\"http:\/\/dadin.ct.utfpr.edu.br\/wp-content\/uploads\/2017\/09\/AC4-TABELA-DE-PONTUAC%CC%A7A%CC%83O-DE-ATIVIDADES-COMPLEMENTARES-1.pdf\" target=\"_blank\" rel=\"noopener\">Atividade Complementar: Tabela de Pontua\u00e7\u00e3o <\/a><\/span><\/li><li><span style=\"text-decoration: underline\"><span style=\"color: var( --e-global-color-text );font-family: var( --e-global-typography-text-font-family ), Sans-serif;font-size: 1rem;text-decoration: underline\"><a href=\"http:\/\/dadin.ct.utfpr.edu.br\/wp-content\/uploads\/2017\/09\/AC2-SUMA%CC%81RIO-DE-ATIVIDADES-COMPLEMENTARES.pdf\">Atividade Complementar: Sum\u00e1rio<\/a><\/span><\/span><\/li><li><span style=\"text-decoration: underline\"><span style=\"color: var( --e-global-color-text );font-family: var( --e-global-typography-text-font-family ), Sans-serif;font-size: 1rem;text-decoration: underline\"><a href=\"http:\/\/dadin.ct.utfpr.edu.br\/wp-content\/uploads\/2017\/09\/AC3-RELATO%CC%81RIO-DE-ATIVIDADE-COMPLEMENTAR.pdf\" target=\"_blank\" rel=\"noopener\">Atividade Complementar: Relat\u00f3rio<\/a><\/span><\/span><\/li><li><span style=\"text-decoration: underline\"><a style=\"font-family: var( --e-global-typography-text-font-family ), Sans-serif;font-weight: var( --e-global-typography-text-font-weight );font-size: 1rem;background-color: #ffffff\" href=\"https:\/\/utfpr-ct-static-content.s3.amazonaws.com\/dadin.ct.utfpr.edu.br\/wp-content\/uploads\/2020\/08\/UTFPR-DADIN-Declara%C3%A7ao-Atividades-Complementares.pdf\" target=\"_blank\" rel=\"noopener\">Atividade Complementar: Declara\u00e7\u00e3o<\/a><\/span><\/li><\/ul><\/li><\/ul><p style=\"text-align: justify\">Para entregar a documenta\u00e7\u00e3o de Atividades Complementares clique <strong><a href=\"https:\/\/docs.google.com\/forms\/d\/e\/1FAIpQLSfdcTHIecTsy05RbtuqIyU4-VsEgpQ0rsjyEmiLVj0QNSFhoQ\/viewform?usp=sf_link\">aqui<\/a><\/strong>.<\/p><h4 style=\"text-align: justify\">Plant\u00f5es de atendimento<\/h4><p>Com: Esoline Cavalli<br \/><a href=\"esolinezamarian@utfpr.edu.br\">esolinezamarian@utfpr.edu.br<\/a><\/p><p style=\"text-align: justify\">T 41 3310.4594<\/p>\t\t\t\t\t\t\t\t<\/div>\n\t\t\t\t<\/div>\n\t\t\t\t\t<\/div>\n\t\t<\/div>\n\t\t\t\t\t<\/div>\n\t\t<\/section>\n\t\t\t\t\t<\/div>\n\t\t<\/div>\n\t\t\t\t\t<\/div>\n\t\t<\/section>\n\t\t\t\t<\/div>\n\t\t","protected":false},"excerpt":{"rendered":"<p>Bacharelado em Design Sobre o curso O Curso Superior de Bacharelado em Design oferece 44 vagas em regime semestral, no per\u00edodo diurno. Este curso \u00e9 destinado \u00e0s pessoas interessadas na promo\u00e7\u00e3o da cultura material em nossos dias, de forma criativa e inovadora. Assim desenvolve objetos tridimensionais e bidimensionais como: livros, sites, jogos ou objetos cotidianos &hellip; <\/p>\n<p class=\"link-more\"><a href=\"https:\/\/utfpr.curitiba.br\/dadin\/?page_id=4309\" class=\"more-link\">Continue lendo<span class=\"screen-reader-text\"> &#8220;Bacharelado 2021&#8221;<\/span><\/a><\/p>\n","protected":false},"author":62,"featured_media":0,"parent":0,"menu_order":0,"comment_status":"closed","ping_status":"closed","template":"elementor_header_footer","meta":{"footnotes":""},"class_list":["post-4309","page","type-page","status-publish","hentry"],"_links":{"self":[{"href":"https:\/\/utfpr.curitiba.br\/dadin\/index.php?rest_route=\/wp\/v2\/pages\/4309","targetHints":{"allow":["GET"]}}],"collection":[{"href":"https:\/\/utfpr.curitiba.br\/dadin\/index.php?rest_route=\/wp\/v2\/pages"}],"about":[{"href":"https:\/\/utfpr.curitiba.br\/dadin\/index.php?rest_route=\/wp\/v2\/types\/page"}],"author":[{"embeddable":true,"href":"https:\/\/utfpr.curitiba.br\/dadin\/index.php?rest_route=\/wp\/v2\/users\/62"}],"replies":[{"embeddable":true,"href":"https:\/\/utfpr.curitiba.br\/dadin\/index.php?rest_route=%2Fwp%2Fv2%2Fcomments&post=4309"}],"version-history":[{"count":178,"href":"https:\/\/utfpr.curitiba.br\/dadin\/index.php?rest_route=\/wp\/v2\/pages\/4309\/revisions"}],"predecessor-version":[{"id":6436,"href":"https:\/\/utfpr.curitiba.br\/dadin\/index.php?rest_route=\/wp\/v2\/pages\/4309\/revisions\/6436"}],"wp:attachment":[{"href":"https:\/\/utfpr.curitiba.br\/dadin\/index.php?rest_route=%2Fwp%2Fv2%2Fmedia&parent=4309"}],"curies":[{"name":"wp","href":"https:\/\/api.w.org\/{rel}","templated":true}]}}