{"id":12,"date":"2017-08-28T13:52:21","date_gmt":"2017-08-28T13:52:21","guid":{"rendered":"http:\/\/dadin.ct.utfpr.edu.br\/?page_id=12"},"modified":"2022-09-22T10:35:50","modified_gmt":"2022-09-22T13:35:50","slug":"extensao","status":"publish","type":"page","link":"https:\/\/utfpr.curitiba.br\/dadin\/?page_id=12","title":{"rendered":"Extens\u00e3o"},"content":{"rendered":"<h1 id=\"extensao\"><span style=\"font-size: 36pt; color: #cd2ee6;\"><strong>O que \u00e9 extens\u00e3o?<\/strong><\/span><\/h1>\n<blockquote><p>Extens\u00e3o \u00e9 <span style=\"color: #000000;\"><strong>a\u00e7\u00e3o dial\u00f3gica da universidade na sociedade<\/strong><\/span>, construindo conjuntamente conhecimentos e pr\u00e1ticas que possam transformar ambas.<\/p><\/blockquote>\n<p>No DADIN, as a\u00e7\u00f5es ocorrem por meio de <strong>projetos de extens\u00e3o<\/strong> (com dura\u00e7\u00e3o de 6 meses a 2 anos), <strong>cursos<\/strong> e <strong>eventos,<\/strong> todos oferecidos tanto para a comunidade interna quanto externa da UTFPR.<\/p>\n<h1><span style=\"font-size: 36pt; color: #89e62c;\"><strong>Projetos de extens\u00e3o do DADIN<\/strong><\/span><\/h1>\n<p>Saiba mais sobre os projetos e como participar.<\/p>\n<h2><span style=\"font-size: 18pt;\" data-sheets-value=\"{&quot;1&quot;:2,&quot;2&quot;:&quot;UTLab Design&quot;}\" data-sheets-userformat=\"{&quot;2&quot;:31233,&quot;3&quot;:{&quot;1&quot;:0},&quot;12&quot;:0,&quot;14&quot;:{&quot;1&quot;:2,&quot;2&quot;:0},&quot;15&quot;:&quot;Nunito&quot;,&quot;16&quot;:11,&quot;17&quot;:1}\">UTLab Design<\/span><\/h2>\n<p><img fetchpriority=\"high\" decoding=\"async\" class=\"alignnone wp-image-5397 size-full\" src=\"https:\/\/utfpr-ct-static-content.s3.amazonaws.com\/utfpr.curitiba.br\/wp-content\/uploads\/sites\/62\/2022\/04\/nos-1.jpeg\" alt=\"App N\u00f3s - Nosso olhar solid\u00e1rio\" width=\"550\" height=\"316\" srcset=\"https:\/\/utfpr-ct-static-content.s3.amazonaws.com\/utfpr.curitiba.br\/wp-content\/uploads\/sites\/62\/2022\/04\/nos-1.jpeg 550w, https:\/\/utfpr-ct-static-content.s3.amazonaws.com\/utfpr.curitiba.br\/wp-content\/uploads\/sites\/62\/2022\/04\/nos-1-300x172.jpeg 300w\" sizes=\"(max-width: 550px) 100vw, 550px\" \/><\/p>\n<p><span data-sheets-value=\"{&quot;1&quot;:2,&quot;2&quot;:&quot;Desenvolvemos projetos de interesse p\u00fablico em parceria com \u00f3rg\u00e3os governamentais e iniciativas privadas, para suprir lacunas sociais onde a academia pode atuar com o objetivo de beneficiar as pessoas e o meio ambiente. O UTLab Design realiza ci\u00eancia cidad\u00e3, respondendo \u00e0 problem\u00e1ticas e necessidades reais com um design funcional, belo e duradouro, para vivermos bem em sociedade.\\n\\nProjetos e linhas de pesquisa:\\n\ud83d\udccc Urbano: Dados abertos, Fazenda Urbana\\n\ud83d\udccc Sustentabilidade: UTFPR Sustent\u00e1vel, Brasil Sustent\u00e1vel, Ecoponto \\n\ud83d\udccc Sa\u00fade p\u00fablica: N\u00d3S app solidariedade\\n\ud83d\udccc Comunica\u00e7\u00e3o: Ferramentas participativas, Acessibilidade 156&quot;}\" data-sheets-userformat=\"{&quot;2&quot;:4865,&quot;3&quot;:{&quot;1&quot;:0},&quot;11&quot;:4,&quot;12&quot;:0,&quot;15&quot;:&quot;Nunito&quot;}\" data-sheets-textstyleruns=\"{&quot;1&quot;:0}\uee10{&quot;1&quot;:384,&quot;2&quot;:{&quot;5&quot;:1}}\uee10{&quot;1&quot;:414}\">Desenvolvemos projetos de interesse p\u00fablico em parceria com \u00f3rg\u00e3os governamentais e iniciativas privadas, para suprir lacunas sociais onde a academia pode atuar com o objetivo de beneficiar as pessoas e o meio ambiente. O UTLab Design realiza ci\u00eancia cidad\u00e3, respondendo \u00e0 problem\u00e1ticas e necessidades reais com um design funcional, belo e duradouro, para vivermos bem em sociedade.<\/span><\/p>\n<p><strong>Projetos e linhas de pesquisa:<\/strong><br \/>\n<em>\ud83d\udccc Urbano: <\/em><em>Dados abertos, Fazenda Urbana<br \/>\n\ud83d\udccc Sustentabilidade: UTFPR Sustent\u00e1vel, Brasil Sustent\u00e1vel, Ecoponto<br \/>\n\ud83d\udccc Sa\u00fade p\u00fablica: N\u00d3S app solidariedade<br \/>\n\ud83d\udccc Comunica\u00e7\u00e3o: Ferramentas participativas, Acessibilidade 156<\/em><\/p>\n<p><span data-sheets-value=\"{&quot;1&quot;:2,&quot;2&quot;:&quot;Desenvolvemos projetos de interesse p\u00fablico em parceria com \u00f3rg\u00e3os governamentais e iniciativas privadas, para suprir lacunas sociais onde a academia pode atuar com o objetivo de beneficiar as pessoas e o meio ambiente. O UTLab Design realiza ci\u00eancia cidad\u00e3, respondendo \u00e0 problem\u00e1ticas e necessidades reais com um design funcional, belo e duradouro, para vivermos bem em sociedade.\\n\\nProjetos e linhas de pesquisa:\\n\ud83d\udccc Urbano: Dados abertos, Fazenda Urbana\\n\ud83d\udccc Sustentabilidade: UTFPR Sustent\u00e1vel, Brasil Sustent\u00e1vel, Ecoponto \\n\ud83d\udccc Sa\u00fade p\u00fablica: N\u00d3S app solidariedade\\n\ud83d\udccc Comunica\u00e7\u00e3o: Ferramentas participativas, Acessibilidade 156&quot;}\" data-sheets-userformat=\"{&quot;2&quot;:4865,&quot;3&quot;:{&quot;1&quot;:0},&quot;11&quot;:4,&quot;12&quot;:0,&quot;15&quot;:&quot;Nunito&quot;}\" data-sheets-textstyleruns=\"{&quot;1&quot;:0}\uee10{&quot;1&quot;:384,&quot;2&quot;:{&quot;5&quot;:1}}\uee10{&quot;1&quot;:414}\"><strong><span style=\"font-size: 14pt;\">Professora respons\u00e1vel:<\/span><br \/>\n<\/strong>Eunice Liu<\/span><\/p>\n<p><span style=\"font-size: 14pt;\"><strong>Como participar:\u00a0<\/strong><\/span><br \/>\n<span data-sheets-value=\"{&quot;1&quot;:2,&quot;2&quot;:&quot;Envie e-mail para utlabdesign-ct@utfpr.edu.br&quot;}\" data-sheets-userformat=\"{&quot;2&quot;:4609,&quot;3&quot;:{&quot;1&quot;:0},&quot;12&quot;:0,&quot;15&quot;:&quot;Nunito&quot;}\">Envie e-mail para utlabdesign-ct@utfpr.edu.br<\/span><\/p>\n<p><strong>Mais informa\u00e7\u00f5es:<\/strong> <a href=\"https:\/\/sites.google.com\/professores.utfpr.edu.br\/euniceliu\/home\" target=\"_blank\" rel=\"noopener\">Acesse o site<\/a><\/p>\n<h2><span style=\"font-size: 18pt;\">N\u00facleo de Design de Anima\u00e7\u00e3o<\/span><\/h2>\n<p><img decoding=\"async\" class=\"alignnone wp-image-5395 size-full\" src=\"https:\/\/utfpr-ct-static-content.s3.amazonaws.com\/utfpr.curitiba.br\/wp-content\/uploads\/sites\/62\/2022\/04\/nucleo-animacao.jpg\" alt=\"Nucleo de Design de Anima\u00e7\u00e3o\" width=\"550\" height=\"316\" srcset=\"https:\/\/utfpr-ct-static-content.s3.amazonaws.com\/utfpr.curitiba.br\/wp-content\/uploads\/sites\/62\/2022\/04\/nucleo-animacao.jpg 550w, https:\/\/utfpr-ct-static-content.s3.amazonaws.com\/utfpr.curitiba.br\/wp-content\/uploads\/sites\/62\/2022\/04\/nucleo-animacao-300x172.jpg 300w\" sizes=\"(max-width: 550px) 100vw, 550px\" \/><\/p>\n<p><span data-sheets-value=\"{&quot;1&quot;:2,&quot;2&quot;:&quot;Desenvolvemos projetos de interesse p\u00fablico em parceria com \u00f3rg\u00e3os governamentais e iniciativas privadas, para suprir lacunas sociais onde a academia pode atuar com o objetivo de beneficiar as pessoas e o meio ambiente. O UTLab Design realiza ci\u00eancia cidad\u00e3, respondendo \u00e0 problem\u00e1ticas e necessidades reais com um design funcional, belo e duradouro, para vivermos bem em sociedade.\\n\\nProjetos e linhas de pesquisa:\\n\ud83d\udccc Urbano: Dados abertos, Fazenda Urbana\\n\ud83d\udccc Sustentabilidade: UTFPR Sustent\u00e1vel, Brasil Sustent\u00e1vel, Ecoponto \\n\ud83d\udccc Sa\u00fade p\u00fablica: N\u00d3S app solidariedade\\n\ud83d\udccc Comunica\u00e7\u00e3o: Ferramentas participativas, Acessibilidade 156&quot;}\" data-sheets-userformat=\"{&quot;2&quot;:4865,&quot;3&quot;:{&quot;1&quot;:0},&quot;11&quot;:4,&quot;12&quot;:0,&quot;15&quot;:&quot;Nunito&quot;}\" data-sheets-textstyleruns=\"{&quot;1&quot;:0}\uee10{&quot;1&quot;:384,&quot;2&quot;:{&quot;5&quot;:1}}\uee10{&quot;1&quot;:414}\">O projeto tem como finalidade promover atividades pr\u00e1ticas e debates sobre assuntos relacionados ao ensino de anima\u00e7\u00e3o, envolvendo alunos e membros da comunidade externa que tenham interesse pelo tema.\u00a0<\/span><\/p>\n<p><span data-sheets-value=\"{&quot;1&quot;:2,&quot;2&quot;:&quot;Desenvolvemos projetos de interesse p\u00fablico em parceria com \u00f3rg\u00e3os governamentais e iniciativas privadas, para suprir lacunas sociais onde a academia pode atuar com o objetivo de beneficiar as pessoas e o meio ambiente. O UTLab Design realiza ci\u00eancia cidad\u00e3, respondendo \u00e0 problem\u00e1ticas e necessidades reais com um design funcional, belo e duradouro, para vivermos bem em sociedade.\\n\\nProjetos e linhas de pesquisa:\\n\ud83d\udccc Urbano: Dados abertos, Fazenda Urbana\\n\ud83d\udccc Sustentabilidade: UTFPR Sustent\u00e1vel, Brasil Sustent\u00e1vel, Ecoponto \\n\ud83d\udccc Sa\u00fade p\u00fablica: N\u00d3S app solidariedade\\n\ud83d\udccc Comunica\u00e7\u00e3o: Ferramentas participativas, Acessibilidade 156&quot;}\" data-sheets-userformat=\"{&quot;2&quot;:4865,&quot;3&quot;:{&quot;1&quot;:0},&quot;11&quot;:4,&quot;12&quot;:0,&quot;15&quot;:&quot;Nunito&quot;}\" data-sheets-textstyleruns=\"{&quot;1&quot;:0}\uee10{&quot;1&quot;:384,&quot;2&quot;:{&quot;5&quot;:1}}\uee10{&quot;1&quot;:414}\"><strong><span style=\"font-size: 14pt;\">Professores respons\u00e1veis:<\/span><br \/>\n<\/strong>Marcelo A. P\u00fablio e Elisangela Lobo<br \/>\n<\/span><\/p>\n<p><strong>Mais informa\u00e7\u00f5es:<\/strong> <a href=\"https:\/\/nucleodesignanimacao.ct.utfpr.edu.br\/\" target=\"_blank\" rel=\"noopener\">Acesse o site<\/a> ou o <a href=\"https:\/\/www.instagram.com\/nucleo.designanimacao\" target=\"_blank\" rel=\"noopener\">Instagram<\/a><\/p>\n<h2><span style=\"font-size: 18pt;\">N\u00facleo de Fotografia<\/span><\/h2>\n<p><img decoding=\"async\" class=\"alignnone wp-image-5402 size-full\" src=\"https:\/\/utfpr-ct-static-content.s3.amazonaws.com\/utfpr.curitiba.br\/wp-content\/uploads\/sites\/62\/2022\/04\/nucleo-fotografia.jpg\" alt=\"\" width=\"700\" height=\"402\" srcset=\"https:\/\/utfpr-ct-static-content.s3.amazonaws.com\/utfpr.curitiba.br\/wp-content\/uploads\/sites\/62\/2022\/04\/nucleo-fotografia.jpg 700w, https:\/\/utfpr-ct-static-content.s3.amazonaws.com\/utfpr.curitiba.br\/wp-content\/uploads\/sites\/62\/2022\/04\/nucleo-fotografia-300x172.jpg 300w\" sizes=\"(max-width: 700px) 100vw, 700px\" \/><\/p>\n<p><span data-sheets-value=\"{&quot;1&quot;:2,&quot;2&quot;:&quot;Desenvolvemos projetos de interesse p\u00fablico em parceria com \u00f3rg\u00e3os governamentais e iniciativas privadas, para suprir lacunas sociais onde a academia pode atuar com o objetivo de beneficiar as pessoas e o meio ambiente. O UTLab Design realiza ci\u00eancia cidad\u00e3, respondendo \u00e0 problem\u00e1ticas e necessidades reais com um design funcional, belo e duradouro, para vivermos bem em sociedade.\\n\\nProjetos e linhas de pesquisa:\\n\ud83d\udccc Urbano: Dados abertos, Fazenda Urbana\\n\ud83d\udccc Sustentabilidade: UTFPR Sustent\u00e1vel, Brasil Sustent\u00e1vel, Ecoponto \\n\ud83d\udccc Sa\u00fade p\u00fablica: N\u00d3S app solidariedade\\n\ud83d\udccc Comunica\u00e7\u00e3o: Ferramentas participativas, Acessibilidade 156&quot;}\" data-sheets-userformat=\"{&quot;2&quot;:4865,&quot;3&quot;:{&quot;1&quot;:0},&quot;11&quot;:4,&quot;12&quot;:0,&quot;15&quot;:&quot;Nunito&quot;}\" data-sheets-textstyleruns=\"{&quot;1&quot;:0}\uee10{&quot;1&quot;:384,&quot;2&quot;:{&quot;5&quot;:1}}\uee10{&quot;1&quot;:414}\">O N\u00facleo de Fotografia da UTFPR \u00e9 um projeto de extens\u00e3o do Departamento de Design da UTFPR Curitiba\/ Paran\u00e1\/ Brasil. \u00c9 aberto e gratuito!!! <\/span><\/p>\n<p><span data-sheets-value=\"{&quot;1&quot;:2,&quot;2&quot;:&quot;Desenvolvemos projetos de interesse p\u00fablico em parceria com \u00f3rg\u00e3os governamentais e iniciativas privadas, para suprir lacunas sociais onde a academia pode atuar com o objetivo de beneficiar as pessoas e o meio ambiente. O UTLab Design realiza ci\u00eancia cidad\u00e3, respondendo \u00e0 problem\u00e1ticas e necessidades reais com um design funcional, belo e duradouro, para vivermos bem em sociedade.\\n\\nProjetos e linhas de pesquisa:\\n\ud83d\udccc Urbano: Dados abertos, Fazenda Urbana\\n\ud83d\udccc Sustentabilidade: UTFPR Sustent\u00e1vel, Brasil Sustent\u00e1vel, Ecoponto \\n\ud83d\udccc Sa\u00fade p\u00fablica: N\u00d3S app solidariedade\\n\ud83d\udccc Comunica\u00e7\u00e3o: Ferramentas participativas, Acessibilidade 156&quot;}\" data-sheets-userformat=\"{&quot;2&quot;:4865,&quot;3&quot;:{&quot;1&quot;:0},&quot;11&quot;:4,&quot;12&quot;:0,&quot;15&quot;:&quot;Nunito&quot;}\" data-sheets-textstyleruns=\"{&quot;1&quot;:0}\uee10{&quot;1&quot;:384,&quot;2&quot;:{&quot;5&quot;:1}}\uee10{&quot;1&quot;:414}\"><strong><span style=\"font-size: 14pt;\">Professores respons\u00e1veis:<\/span><br \/>\n<\/strong>Elisangela Lobo e Marcelo A. P\u00fablio<\/span><\/p>\n<p><strong>Mais informa\u00e7\u00f5es:<\/strong> <a href=\"https:\/\/nucleofotografia.ct.utfpr.edu.br\/\" target=\"_blank\" rel=\"noopener\">Acesse o site<\/a> ou o <a href=\"https:\/\/www.instagram.com\/nucleo.fotografia\" target=\"_blank\" rel=\"noopener\">Instagram<\/a><\/p>\n<h2><span style=\"font-size: 18pt;\" data-sheets-value=\"{&quot;1&quot;:2,&quot;2&quot;:&quot;LADO - Laborat\u00f3rio de Design Contra Opress\u00f5es&quot;}\" data-sheets-userformat=\"{&quot;2&quot;:21261,&quot;3&quot;:{&quot;1&quot;:0},&quot;5&quot;:{&quot;1&quot;:[{&quot;1&quot;:2,&quot;2&quot;:0,&quot;5&quot;:{&quot;1&quot;:2,&quot;2&quot;:0}},{&quot;1&quot;:0,&quot;2&quot;:0,&quot;3&quot;:3},{&quot;1&quot;:1,&quot;2&quot;:0,&quot;4&quot;:1}]},&quot;6&quot;:{&quot;1&quot;:[{&quot;1&quot;:2,&quot;2&quot;:0,&quot;5&quot;:{&quot;1&quot;:2,&quot;2&quot;:0}},{&quot;1&quot;:0,&quot;2&quot;:0,&quot;3&quot;:3},{&quot;1&quot;:1,&quot;2&quot;:0,&quot;4&quot;:1}]},&quot;11&quot;:4,&quot;12&quot;:0,&quot;15&quot;:&quot;Nunito&quot;,&quot;17&quot;:1}\">LADO &#8211; Laborat\u00f3rio de Design Contra Opress\u00f5es<\/span><\/h2>\n<p><img loading=\"lazy\" decoding=\"async\" class=\"alignnone wp-image-5404 size-full\" src=\"https:\/\/utfpr-ct-static-content.s3.amazonaws.com\/utfpr.curitiba.br\/wp-content\/uploads\/sites\/62\/2022\/04\/LADO.jpeg\" alt=\"\" width=\"700\" height=\"402\" srcset=\"https:\/\/utfpr-ct-static-content.s3.amazonaws.com\/utfpr.curitiba.br\/wp-content\/uploads\/sites\/62\/2022\/04\/LADO.jpeg 700w, https:\/\/utfpr-ct-static-content.s3.amazonaws.com\/utfpr.curitiba.br\/wp-content\/uploads\/sites\/62\/2022\/04\/LADO-300x172.jpeg 300w\" sizes=\"(max-width: 700px) 100vw, 700px\" \/><\/p>\n<p><span data-sheets-value=\"{&quot;1&quot;:2,&quot;2&quot;:&quot;Desenvolvemos projetos de interesse p\u00fablico em parceria com \u00f3rg\u00e3os governamentais e iniciativas privadas, para suprir lacunas sociais onde a academia pode atuar com o objetivo de beneficiar as pessoas e o meio ambiente. O UTLab Design realiza ci\u00eancia cidad\u00e3, respondendo \u00e0 problem\u00e1ticas e necessidades reais com um design funcional, belo e duradouro, para vivermos bem em sociedade.\\n\\nProjetos e linhas de pesquisa:\\n\ud83d\udccc Urbano: Dados abertos, Fazenda Urbana\\n\ud83d\udccc Sustentabilidade: UTFPR Sustent\u00e1vel, Brasil Sustent\u00e1vel, Ecoponto \\n\ud83d\udccc Sa\u00fade p\u00fablica: N\u00d3S app solidariedade\\n\ud83d\udccc Comunica\u00e7\u00e3o: Ferramentas participativas, Acessibilidade 156&quot;}\" data-sheets-userformat=\"{&quot;2&quot;:4865,&quot;3&quot;:{&quot;1&quot;:0},&quot;11&quot;:4,&quot;12&quot;:0,&quot;15&quot;:&quot;Nunito&quot;}\" data-sheets-textstyleruns=\"{&quot;1&quot;:0}\uee10{&quot;1&quot;:384,&quot;2&quot;:{&quot;5&quot;:1}}\uee10{&quot;1&quot;:414}\">O LADO \u00e9 um espa\u00e7o aberto, horizontal e colaborativo, voltado para desenvolver a reflex\u00e3o cr\u00edtica e a\u00e7\u00e3o transformadora na realidade. No laborat\u00f3rio realizamos projetos de design em parceria com comunidades oprimidas (seja por quest\u00f5es de pobreza, racismo, machismo, xenofobia, etc), cursos e rodas de conversa sobre essas tem\u00e1ticas, orienta\u00e7\u00f5es de TCCs e IC, a\u00e7\u00f5es para transforma\u00e7\u00e3o dos nossos espa\u00e7os f\u00edsicos e v\u00e1rias outras a\u00e7\u00f5es reflexivas e transformadoras que sejam de interesse do grupo.<br \/>\n<\/span><\/p>\n<p><span data-sheets-value=\"{&quot;1&quot;:2,&quot;2&quot;:&quot;Desenvolvemos projetos de interesse p\u00fablico em parceria com \u00f3rg\u00e3os governamentais e iniciativas privadas, para suprir lacunas sociais onde a academia pode atuar com o objetivo de beneficiar as pessoas e o meio ambiente. O UTLab Design realiza ci\u00eancia cidad\u00e3, respondendo \u00e0 problem\u00e1ticas e necessidades reais com um design funcional, belo e duradouro, para vivermos bem em sociedade.\\n\\nProjetos e linhas de pesquisa:\\n\ud83d\udccc Urbano: Dados abertos, Fazenda Urbana\\n\ud83d\udccc Sustentabilidade: UTFPR Sustent\u00e1vel, Brasil Sustent\u00e1vel, Ecoponto \\n\ud83d\udccc Sa\u00fade p\u00fablica: N\u00d3S app solidariedade\\n\ud83d\udccc Comunica\u00e7\u00e3o: Ferramentas participativas, Acessibilidade 156&quot;}\" data-sheets-userformat=\"{&quot;2&quot;:4865,&quot;3&quot;:{&quot;1&quot;:0},&quot;11&quot;:4,&quot;12&quot;:0,&quot;15&quot;:&quot;Nunito&quot;}\" data-sheets-textstyleruns=\"{&quot;1&quot;:0}\uee10{&quot;1&quot;:384,&quot;2&quot;:{&quot;5&quot;:1}}\uee10{&quot;1&quot;:414}\"><strong><span style=\"font-size: 14pt;\">Professores respons\u00e1veis:<\/span><br \/>\n<\/strong>Marco Mazzarotto, Claudia Bordin, Frederick van Amstel<\/span><\/p>\n<p><span style=\"font-size: 14pt;\"><strong>Como participar:\u00a0<\/strong><\/span><br \/>\n<span data-sheets-value=\"{&quot;1&quot;:2,&quot;2&quot;:&quot;Envie e-mail para utlabdesign-ct@utfpr.edu.br&quot;}\" data-sheets-userformat=\"{&quot;2&quot;:4609,&quot;3&quot;:{&quot;1&quot;:0},&quot;12&quot;:0,&quot;15&quot;:&quot;Nunito&quot;}\">Participe das reuni\u00f5es nas quintas \u00e0s 14h na sala CB007 ou entre em contato pelo nosso instagram.<\/span><\/p>\n<p><strong>Mais informa\u00e7\u00f5es:<\/strong> <a href=\"https:\/\/www.instagram.com\/ladoutfpr\" target=\"_blank\" rel=\"noopener\">Acesse nosso instagram<\/a><\/p>\n<h2><span style=\"font-size: 18pt;\">ECOA: Avalia\u00e7\u00e3o de p\u00f3s-ocupa\u00e7\u00e3o das moradias da ONG TETO PR<\/span><\/h2>\n<p><img loading=\"lazy\" decoding=\"async\" class=\"alignnone wp-image-5406 size-full\" src=\"https:\/\/utfpr-ct-static-content.s3.amazonaws.com\/utfpr.curitiba.br\/wp-content\/uploads\/sites\/62\/2022\/04\/ECOA.jpg\" alt=\"\" width=\"700\" height=\"470\" srcset=\"https:\/\/utfpr-ct-static-content.s3.amazonaws.com\/utfpr.curitiba.br\/wp-content\/uploads\/sites\/62\/2022\/04\/ECOA.jpg 700w, https:\/\/utfpr-ct-static-content.s3.amazonaws.com\/utfpr.curitiba.br\/wp-content\/uploads\/sites\/62\/2022\/04\/ECOA-300x201.jpg 300w, https:\/\/utfpr-ct-static-content.s3.amazonaws.com\/utfpr.curitiba.br\/wp-content\/uploads\/sites\/62\/2022\/04\/ECOA-272x182.jpg 272w\" sizes=\"(max-width: 700px) 100vw, 700px\" \/><\/p>\n<p><span data-sheets-value=\"{&quot;1&quot;:2,&quot;2&quot;:&quot;Desenvolvemos projetos de interesse p\u00fablico em parceria com \u00f3rg\u00e3os governamentais e iniciativas privadas, para suprir lacunas sociais onde a academia pode atuar com o objetivo de beneficiar as pessoas e o meio ambiente. O UTLab Design realiza ci\u00eancia cidad\u00e3, respondendo \u00e0 problem\u00e1ticas e necessidades reais com um design funcional, belo e duradouro, para vivermos bem em sociedade.\\n\\nProjetos e linhas de pesquisa:\\n\ud83d\udccc Urbano: Dados abertos, Fazenda Urbana\\n\ud83d\udccc Sustentabilidade: UTFPR Sustent\u00e1vel, Brasil Sustent\u00e1vel, Ecoponto \\n\ud83d\udccc Sa\u00fade p\u00fablica: N\u00d3S app solidariedade\\n\ud83d\udccc Comunica\u00e7\u00e3o: Ferramentas participativas, Acessibilidade 156&quot;}\" data-sheets-userformat=\"{&quot;2&quot;:4865,&quot;3&quot;:{&quot;1&quot;:0},&quot;11&quot;:4,&quot;12&quot;:0,&quot;15&quot;:&quot;Nunito&quot;}\" data-sheets-textstyleruns=\"{&quot;1&quot;:0}\uee10{&quot;1&quot;:384,&quot;2&quot;:{&quot;5&quot;:1}}\uee10{&quot;1&quot;:414}\">Durante a ECOA, vamos visitar moradias da ONG TETO e conversar com seus moradores. O objetivo \u00e9 descobrir como a casa que constru\u00edmos est\u00e1 hoje, os problemas que surgiram e o que as fam\u00edlias mais gostam e menos gostam. Essas informa\u00e7\u00f5es ser\u00e3o super importantes para entendermos o que est\u00e1 dando certo no nosso modelo de constru\u00e7\u00e3o e principalmente o que precisamos melhorar no futuro.<br \/>\n<\/span><\/p>\n<p><span data-sheets-value=\"{&quot;1&quot;:2,&quot;2&quot;:&quot;Desenvolvemos projetos de interesse p\u00fablico em parceria com \u00f3rg\u00e3os governamentais e iniciativas privadas, para suprir lacunas sociais onde a academia pode atuar com o objetivo de beneficiar as pessoas e o meio ambiente. O UTLab Design realiza ci\u00eancia cidad\u00e3, respondendo \u00e0 problem\u00e1ticas e necessidades reais com um design funcional, belo e duradouro, para vivermos bem em sociedade.\\n\\nProjetos e linhas de pesquisa:\\n\ud83d\udccc Urbano: Dados abertos, Fazenda Urbana\\n\ud83d\udccc Sustentabilidade: UTFPR Sustent\u00e1vel, Brasil Sustent\u00e1vel, Ecoponto \\n\ud83d\udccc Sa\u00fade p\u00fablica: N\u00d3S app solidariedade\\n\ud83d\udccc Comunica\u00e7\u00e3o: Ferramentas participativas, Acessibilidade 156&quot;}\" data-sheets-userformat=\"{&quot;2&quot;:4865,&quot;3&quot;:{&quot;1&quot;:0},&quot;11&quot;:4,&quot;12&quot;:0,&quot;15&quot;:&quot;Nunito&quot;}\" data-sheets-textstyleruns=\"{&quot;1&quot;:0}\uee10{&quot;1&quot;:384,&quot;2&quot;:{&quot;5&quot;:1}}\uee10{&quot;1&quot;:414}\"><strong><span style=\"font-size: 14pt;\">Professor respons\u00e1vel:<\/span><br \/>\n<\/strong>Marco Mazzarotto<\/span><\/p>\n<p><span style=\"font-size: 14pt;\"><strong>Como participar:\u00a0<\/strong><\/span><br \/>\n<span data-sheets-value=\"{&quot;1&quot;:2,&quot;2&quot;:&quot;Envie e-mail para utlabdesign-ct@utfpr.edu.br&quot;}\" data-sheets-userformat=\"{&quot;2&quot;:4609,&quot;3&quot;:{&quot;1&quot;:0},&quot;12&quot;:0,&quot;15&quot;:&quot;Nunito&quot;}\">Envie e-mail para marcomazzarotto@gmail.com<\/span><\/p>\n<h2><span style=\"font-size: 18pt;\" data-sheets-value=\"{&quot;1&quot;:2,&quot;2&quot;:&quot;LADO - Laborat\u00f3rio de Design Contra Opress\u00f5es&quot;}\" data-sheets-userformat=\"{&quot;2&quot;:21261,&quot;3&quot;:{&quot;1&quot;:0},&quot;5&quot;:{&quot;1&quot;:[{&quot;1&quot;:2,&quot;2&quot;:0,&quot;5&quot;:{&quot;1&quot;:2,&quot;2&quot;:0}},{&quot;1&quot;:0,&quot;2&quot;:0,&quot;3&quot;:3},{&quot;1&quot;:1,&quot;2&quot;:0,&quot;4&quot;:1}]},&quot;6&quot;:{&quot;1&quot;:[{&quot;1&quot;:2,&quot;2&quot;:0,&quot;5&quot;:{&quot;1&quot;:2,&quot;2&quot;:0}},{&quot;1&quot;:0,&quot;2&quot;:0,&quot;3&quot;:3},{&quot;1&quot;:1,&quot;2&quot;:0,&quot;4&quot;:1}]},&quot;11&quot;:4,&quot;12&quot;:0,&quot;15&quot;:&quot;Nunito&quot;,&quot;17&quot;:1}\">iXDIVE &#8211; Intera\u00e7\u00e3o, Experi\u00eancia e Diversidade em Design de Intera\u00e7\u00e3o<\/span><\/h2>\n<p><img loading=\"lazy\" decoding=\"async\" class=\"alignnone size-large wp-image-6173\" src=\"https:\/\/utfpr-ct-static-content.s3.amazonaws.com\/utfpr.curitiba.br\/wp-content\/uploads\/sites\/62\/2022\/09\/WhatsApp-Image-2022-09-22-at-10.34.01-1024x490.jpeg\" alt=\"\" width=\"525\" height=\"251\" srcset=\"https:\/\/utfpr-ct-static-content.s3.amazonaws.com\/utfpr.curitiba.br\/wp-content\/uploads\/sites\/62\/2022\/09\/WhatsApp-Image-2022-09-22-at-10.34.01-1024x490.jpeg 1024w, https:\/\/utfpr-ct-static-content.s3.amazonaws.com\/utfpr.curitiba.br\/wp-content\/uploads\/sites\/62\/2022\/09\/WhatsApp-Image-2022-09-22-at-10.34.01-300x143.jpeg 300w, https:\/\/utfpr-ct-static-content.s3.amazonaws.com\/utfpr.curitiba.br\/wp-content\/uploads\/sites\/62\/2022\/09\/WhatsApp-Image-2022-09-22-at-10.34.01-768x367.jpeg 768w, https:\/\/utfpr-ct-static-content.s3.amazonaws.com\/utfpr.curitiba.br\/wp-content\/uploads\/sites\/62\/2022\/09\/WhatsApp-Image-2022-09-22-at-10.34.01.jpeg 1280w\" sizes=\"(max-width: 525px) 100vw, 525px\" \/><\/p>\n<p><span data-sheets-value=\"{&quot;1&quot;:2,&quot;2&quot;:&quot;Desenvolvemos projetos de interesse p\u00fablico em parceria com \u00f3rg\u00e3os governamentais e iniciativas privadas, para suprir lacunas sociais onde a academia pode atuar com o objetivo de beneficiar as pessoas e o meio ambiente. O UTLab Design realiza ci\u00eancia cidad\u00e3, respondendo \u00e0 problem\u00e1ticas e necessidades reais com um design funcional, belo e duradouro, para vivermos bem em sociedade.\\n\\nProjetos e linhas de pesquisa:\\n\ud83d\udccc Urbano: Dados abertos, Fazenda Urbana\\n\ud83d\udccc Sustentabilidade: UTFPR Sustent\u00e1vel, Brasil Sustent\u00e1vel, Ecoponto \\n\ud83d\udccc Sa\u00fade p\u00fablica: N\u00d3S app solidariedade\\n\ud83d\udccc Comunica\u00e7\u00e3o: Ferramentas participativas, Acessibilidade 156&quot;}\" data-sheets-userformat=\"{&quot;2&quot;:4865,&quot;3&quot;:{&quot;1&quot;:0},&quot;11&quot;:4,&quot;12&quot;:0,&quot;15&quot;:&quot;Nunito&quot;}\" data-sheets-textstyleruns=\"{&quot;1&quot;:0}\uee10{&quot;1&quot;:384,&quot;2&quot;:{&quot;5&quot;:1}}\uee10{&quot;1&quot;:414}\">Articular a\u00e7\u00f5es de design a partir das abordagens, pr\u00e1ticas, m\u00e9todos e metodologias presentes no mundo real e vivido para a educa\u00e7\u00e3o formal e informal, voltadas ao projetar em Design de Intera\u00e7\u00e3o, que promovam a educa\u00e7\u00e3o de qualidade, a partir da diversidade, da experi\u00eancia e das teorias culturais voltadas aos projetos de produtos e servi\u00e7os digitais computacionais.<br \/>\n<\/span><\/p>\n<p><span data-sheets-value=\"{&quot;1&quot;:2,&quot;2&quot;:&quot;Desenvolvemos projetos de interesse p\u00fablico em parceria com \u00f3rg\u00e3os governamentais e iniciativas privadas, para suprir lacunas sociais onde a academia pode atuar com o objetivo de beneficiar as pessoas e o meio ambiente. O UTLab Design realiza ci\u00eancia cidad\u00e3, respondendo \u00e0 problem\u00e1ticas e necessidades reais com um design funcional, belo e duradouro, para vivermos bem em sociedade.\\n\\nProjetos e linhas de pesquisa:\\n\ud83d\udccc Urbano: Dados abertos, Fazenda Urbana\\n\ud83d\udccc Sustentabilidade: UTFPR Sustent\u00e1vel, Brasil Sustent\u00e1vel, Ecoponto \\n\ud83d\udccc Sa\u00fade p\u00fablica: N\u00d3S app solidariedade\\n\ud83d\udccc Comunica\u00e7\u00e3o: Ferramentas participativas, Acessibilidade 156&quot;}\" data-sheets-userformat=\"{&quot;2&quot;:4865,&quot;3&quot;:{&quot;1&quot;:0},&quot;11&quot;:4,&quot;12&quot;:0,&quot;15&quot;:&quot;Nunito&quot;}\" data-sheets-textstyleruns=\"{&quot;1&quot;:0}\uee10{&quot;1&quot;:384,&quot;2&quot;:{&quot;5&quot;:1}}\uee10{&quot;1&quot;:414}\"><strong><span style=\"font-size: 14pt;\">Professora respons\u00e1vel:<\/span><br \/>\n<\/strong>Claudia Bordin Rodrigues da Silva<\/span><\/p>\n<p><span style=\"font-size: 14pt;\"><strong>Como participar:\u00a0<\/strong><\/span><br \/>\n<span data-sheets-value=\"{&quot;1&quot;:2,&quot;2&quot;:&quot;Envie e-mail para utlabdesign-ct@utfpr.edu.br&quot;}\" data-sheets-userformat=\"{&quot;2&quot;:4609,&quot;3&quot;:{&quot;1&quot;:0},&quot;12&quot;:0,&quot;15&quot;:&quot;Nunito&quot;}\">Edital de abertura de vagas no site IXDIVE e LADO e contato com cbsilva@professores.edu.br<\/span><\/p>\n<p><strong>Mais informa\u00e7\u00f5es:<\/strong> <a href=\"https:\/\/www.instagram.com\/ixdive\/\" target=\"_blank\" rel=\"noopener\">Instagram<\/a> \/ <a href=\"https:\/\/www.youtube.com\/channel\/UCBFsc6N3esCF4UEYVGja8aw\" target=\"_blank\" rel=\"noopener\">Youtube<\/a> \/ <a href=\"https:\/\/ixdive.ct.utfpr.edu.br\/\" target=\"_blank\" rel=\"noopener\">Site<\/a><\/p>\n<h2><span style=\"font-size: 18pt;\" data-sheets-value=\"{&quot;1&quot;:2,&quot;2&quot;:&quot;LADO - Laborat\u00f3rio de Design Contra Opress\u00f5es&quot;}\" data-sheets-userformat=\"{&quot;2&quot;:21261,&quot;3&quot;:{&quot;1&quot;:0},&quot;5&quot;:{&quot;1&quot;:[{&quot;1&quot;:2,&quot;2&quot;:0,&quot;5&quot;:{&quot;1&quot;:2,&quot;2&quot;:0}},{&quot;1&quot;:0,&quot;2&quot;:0,&quot;3&quot;:3},{&quot;1&quot;:1,&quot;2&quot;:0,&quot;4&quot;:1}]},&quot;6&quot;:{&quot;1&quot;:[{&quot;1&quot;:2,&quot;2&quot;:0,&quot;5&quot;:{&quot;1&quot;:2,&quot;2&quot;:0}},{&quot;1&quot;:0,&quot;2&quot;:0,&quot;3&quot;:3},{&quot;1&quot;:1,&quot;2&quot;:0,&quot;4&quot;:1}]},&quot;11&quot;:4,&quot;12&quot;:0,&quot;15&quot;:&quot;Nunito&quot;,&quot;17&quot;:1}\"><span data-sheets-value=\"{&quot;1&quot;:2,&quot;2&quot;:&quot;DeModa: Panorama do Design de Moda em Curitiba e Regi\u00e3o Metropolitana&quot;}\" data-sheets-userformat=\"{&quot;2&quot;:31501,&quot;3&quot;:{&quot;1&quot;:0},&quot;5&quot;:{&quot;1&quot;:[{&quot;1&quot;:2,&quot;2&quot;:0,&quot;5&quot;:{&quot;1&quot;:2,&quot;2&quot;:0}},{&quot;1&quot;:0,&quot;2&quot;:0,&quot;3&quot;:3},{&quot;1&quot;:1,&quot;2&quot;:0,&quot;4&quot;:1}]},&quot;6&quot;:{&quot;1&quot;:[{&quot;1&quot;:2,&quot;2&quot;:0,&quot;5&quot;:{&quot;1&quot;:2,&quot;2&quot;:0}},{&quot;1&quot;:0,&quot;2&quot;:0,&quot;3&quot;:3},{&quot;1&quot;:1,&quot;2&quot;:0,&quot;4&quot;:1}]},&quot;11&quot;:4,&quot;12&quot;:0,&quot;14&quot;:{&quot;1&quot;:2,&quot;2&quot;:0},&quot;15&quot;:&quot;Nunito&quot;,&quot;16&quot;:11,&quot;17&quot;:1}\">DeModa: Panorama do Design de Moda em Curitiba e Regi\u00e3o Metropolitana<\/span><\/span><\/h2>\n<p><img loading=\"lazy\" decoding=\"async\" class=\"alignnone wp-image-5409 size-full\" src=\"https:\/\/utfpr-ct-static-content.s3.amazonaws.com\/utfpr.curitiba.br\/wp-content\/uploads\/sites\/62\/2022\/04\/DEMODA.jpg\" alt=\"\" width=\"700\" height=\"470\" srcset=\"https:\/\/utfpr-ct-static-content.s3.amazonaws.com\/utfpr.curitiba.br\/wp-content\/uploads\/sites\/62\/2022\/04\/DEMODA.jpg 700w, https:\/\/utfpr-ct-static-content.s3.amazonaws.com\/utfpr.curitiba.br\/wp-content\/uploads\/sites\/62\/2022\/04\/DEMODA-300x201.jpg 300w, https:\/\/utfpr-ct-static-content.s3.amazonaws.com\/utfpr.curitiba.br\/wp-content\/uploads\/sites\/62\/2022\/04\/DEMODA-272x182.jpg 272w\" sizes=\"(max-width: 700px) 100vw, 700px\" \/><\/p>\n<p><span data-sheets-value=\"{&quot;1&quot;:2,&quot;2&quot;:&quot;Desenvolvemos projetos de interesse p\u00fablico em parceria com \u00f3rg\u00e3os governamentais e iniciativas privadas, para suprir lacunas sociais onde a academia pode atuar com o objetivo de beneficiar as pessoas e o meio ambiente. O UTLab Design realiza ci\u00eancia cidad\u00e3, respondendo \u00e0 problem\u00e1ticas e necessidades reais com um design funcional, belo e duradouro, para vivermos bem em sociedade.\\n\\nProjetos e linhas de pesquisa:\\n\ud83d\udccc Urbano: Dados abertos, Fazenda Urbana\\n\ud83d\udccc Sustentabilidade: UTFPR Sustent\u00e1vel, Brasil Sustent\u00e1vel, Ecoponto \\n\ud83d\udccc Sa\u00fade p\u00fablica: N\u00d3S app solidariedade\\n\ud83d\udccc Comunica\u00e7\u00e3o: Ferramentas participativas, Acessibilidade 156&quot;}\" data-sheets-userformat=\"{&quot;2&quot;:4865,&quot;3&quot;:{&quot;1&quot;:0},&quot;11&quot;:4,&quot;12&quot;:0,&quot;15&quot;:&quot;Nunito&quot;}\" data-sheets-textstyleruns=\"{&quot;1&quot;:0}\uee10{&quot;1&quot;:384,&quot;2&quot;:{&quot;5&quot;:1}}\uee10{&quot;1&quot;:414}\">DeModa tem como objetivo identificar as empresas que trabalham com design de moda em Curitiba e Regi\u00e3o Metropolitana e a partir do cen\u00e1rio encontrado, organizar a\u00e7\u00f5es entre a Universidade e as empresas e\/ou empreendedores que promovam o design como base para inova\u00e7\u00e3o, melhoria dos produtos e refor\u00e7ar o potencial dos produtos desenvolvidos por comunidades sustent\u00e1veis.<\/span><\/p>\n<p><span data-sheets-value=\"{&quot;1&quot;:2,&quot;2&quot;:&quot;Desenvolvemos projetos de interesse p\u00fablico em parceria com \u00f3rg\u00e3os governamentais e iniciativas privadas, para suprir lacunas sociais onde a academia pode atuar com o objetivo de beneficiar as pessoas e o meio ambiente. O UTLab Design realiza ci\u00eancia cidad\u00e3, respondendo \u00e0 problem\u00e1ticas e necessidades reais com um design funcional, belo e duradouro, para vivermos bem em sociedade.\\n\\nProjetos e linhas de pesquisa:\\n\ud83d\udccc Urbano: Dados abertos, Fazenda Urbana\\n\ud83d\udccc Sustentabilidade: UTFPR Sustent\u00e1vel, Brasil Sustent\u00e1vel, Ecoponto \\n\ud83d\udccc Sa\u00fade p\u00fablica: N\u00d3S app solidariedade\\n\ud83d\udccc Comunica\u00e7\u00e3o: Ferramentas participativas, Acessibilidade 156&quot;}\" data-sheets-userformat=\"{&quot;2&quot;:4865,&quot;3&quot;:{&quot;1&quot;:0},&quot;11&quot;:4,&quot;12&quot;:0,&quot;15&quot;:&quot;Nunito&quot;}\" data-sheets-textstyleruns=\"{&quot;1&quot;:0}\uee10{&quot;1&quot;:384,&quot;2&quot;:{&quot;5&quot;:1}}\uee10{&quot;1&quot;:414}\"><strong><span style=\"font-size: 14pt;\">Professora respons\u00e1vel:<\/span><br \/>\n<\/strong>Cindy Renate Piassetta Xavier Medeiros<br \/>\n<\/span><\/p>\n<p><span style=\"font-size: 14pt;\"><strong>Como participar:\u00a0<\/strong><\/span><br \/>\n<span data-sheets-value=\"{&quot;1&quot;:2,&quot;2&quot;:&quot;Envie e-mail para cindyrpm@utfpr.edu.br&quot;}\" data-sheets-userformat=\"{&quot;2&quot;:4877,&quot;3&quot;:{&quot;1&quot;:0},&quot;5&quot;:{&quot;1&quot;:[{&quot;1&quot;:2,&quot;2&quot;:0,&quot;5&quot;:{&quot;1&quot;:2,&quot;2&quot;:0}},{&quot;1&quot;:0,&quot;2&quot;:0,&quot;3&quot;:3},{&quot;1&quot;:1,&quot;2&quot;:0,&quot;4&quot;:1}]},&quot;6&quot;:{&quot;1&quot;:[{&quot;1&quot;:2,&quot;2&quot;:0,&quot;5&quot;:{&quot;1&quot;:2,&quot;2&quot;:0}},{&quot;1&quot;:0,&quot;2&quot;:0,&quot;3&quot;:3},{&quot;1&quot;:1,&quot;2&quot;:0,&quot;4&quot;:1}]},&quot;11&quot;:4,&quot;12&quot;:0,&quot;15&quot;:&quot;Nunito&quot;}\">Envie e-mail para cindyrpm@utfpr.edu.br<\/span><\/p>\n<p><strong>Mais informa\u00e7\u00f5es:<\/strong> <a href=\"https:\/\/www.instagram.com\/demoda.utfpr\/\" target=\"_blank\" rel=\"noopener\">Acesse nosso instagram<\/a><\/p>\n<h2><span style=\"font-size: 18pt;\" data-sheets-value=\"{&quot;1&quot;:2,&quot;2&quot;:&quot;LADO - Laborat\u00f3rio de Design Contra Opress\u00f5es&quot;}\" data-sheets-userformat=\"{&quot;2&quot;:21261,&quot;3&quot;:{&quot;1&quot;:0},&quot;5&quot;:{&quot;1&quot;:[{&quot;1&quot;:2,&quot;2&quot;:0,&quot;5&quot;:{&quot;1&quot;:2,&quot;2&quot;:0}},{&quot;1&quot;:0,&quot;2&quot;:0,&quot;3&quot;:3},{&quot;1&quot;:1,&quot;2&quot;:0,&quot;4&quot;:1}]},&quot;6&quot;:{&quot;1&quot;:[{&quot;1&quot;:2,&quot;2&quot;:0,&quot;5&quot;:{&quot;1&quot;:2,&quot;2&quot;:0}},{&quot;1&quot;:0,&quot;2&quot;:0,&quot;3&quot;:3},{&quot;1&quot;:1,&quot;2&quot;:0,&quot;4&quot;:1}]},&quot;11&quot;:4,&quot;12&quot;:0,&quot;15&quot;:&quot;Nunito&quot;,&quot;17&quot;:1}\"><span data-sheets-value=\"{&quot;1&quot;:2,&quot;2&quot;:&quot;DeModa: Panorama do Design de Moda em Curitiba e Regi\u00e3o Metropolitana&quot;}\" data-sheets-userformat=\"{&quot;2&quot;:31501,&quot;3&quot;:{&quot;1&quot;:0},&quot;5&quot;:{&quot;1&quot;:[{&quot;1&quot;:2,&quot;2&quot;:0,&quot;5&quot;:{&quot;1&quot;:2,&quot;2&quot;:0}},{&quot;1&quot;:0,&quot;2&quot;:0,&quot;3&quot;:3},{&quot;1&quot;:1,&quot;2&quot;:0,&quot;4&quot;:1}]},&quot;6&quot;:{&quot;1&quot;:[{&quot;1&quot;:2,&quot;2&quot;:0,&quot;5&quot;:{&quot;1&quot;:2,&quot;2&quot;:0}},{&quot;1&quot;:0,&quot;2&quot;:0,&quot;3&quot;:3},{&quot;1&quot;:1,&quot;2&quot;:0,&quot;4&quot;:1}]},&quot;11&quot;:4,&quot;12&quot;:0,&quot;14&quot;:{&quot;1&quot;:2,&quot;2&quot;:0},&quot;15&quot;:&quot;Nunito&quot;,&quot;16&quot;:11,&quot;17&quot;:1}\">Brisa &#8211; clube de leitura de contos e outros textos breves<\/span><\/span><\/h2>\n<p><span data-sheets-value=\"{&quot;1&quot;:2,&quot;2&quot;:&quot;Desenvolvemos projetos de interesse p\u00fablico em parceria com \u00f3rg\u00e3os governamentais e iniciativas privadas, para suprir lacunas sociais onde a academia pode atuar com o objetivo de beneficiar as pessoas e o meio ambiente. O UTLab Design realiza ci\u00eancia cidad\u00e3, respondendo \u00e0 problem\u00e1ticas e necessidades reais com um design funcional, belo e duradouro, para vivermos bem em sociedade.\\n\\nProjetos e linhas de pesquisa:\\n\ud83d\udccc Urbano: Dados abertos, Fazenda Urbana\\n\ud83d\udccc Sustentabilidade: UTFPR Sustent\u00e1vel, Brasil Sustent\u00e1vel, Ecoponto \\n\ud83d\udccc Sa\u00fade p\u00fablica: N\u00d3S app solidariedade\\n\ud83d\udccc Comunica\u00e7\u00e3o: Ferramentas participativas, Acessibilidade 156&quot;}\" data-sheets-userformat=\"{&quot;2&quot;:4865,&quot;3&quot;:{&quot;1&quot;:0},&quot;11&quot;:4,&quot;12&quot;:0,&quot;15&quot;:&quot;Nunito&quot;}\" data-sheets-textstyleruns=\"{&quot;1&quot;:0}\uee10{&quot;1&quot;:384,&quot;2&quot;:{&quot;5&quot;:1}}\uee10{&quot;1&quot;:414}\">O Brisa \u00e9 um clube de leitura de contos e outros textos breves. O tempo est\u00e1 curto? Falta espa\u00e7o para literatura? Brisa \u00e9 um convite para experimentar o sentido coletivo da leitura e as mil e uma possibilidades narrativas de contos e outros textos breves. Bora pegar uma brisa?<\/span><\/p>\n<p><span data-sheets-value=\"{&quot;1&quot;:2,&quot;2&quot;:&quot;Desenvolvemos projetos de interesse p\u00fablico em parceria com \u00f3rg\u00e3os governamentais e iniciativas privadas, para suprir lacunas sociais onde a academia pode atuar com o objetivo de beneficiar as pessoas e o meio ambiente. O UTLab Design realiza ci\u00eancia cidad\u00e3, respondendo \u00e0 problem\u00e1ticas e necessidades reais com um design funcional, belo e duradouro, para vivermos bem em sociedade.\\n\\nProjetos e linhas de pesquisa:\\n\ud83d\udccc Urbano: Dados abertos, Fazenda Urbana\\n\ud83d\udccc Sustentabilidade: UTFPR Sustent\u00e1vel, Brasil Sustent\u00e1vel, Ecoponto \\n\ud83d\udccc Sa\u00fade p\u00fablica: N\u00d3S app solidariedade\\n\ud83d\udccc Comunica\u00e7\u00e3o: Ferramentas participativas, Acessibilidade 156&quot;}\" data-sheets-userformat=\"{&quot;2&quot;:4865,&quot;3&quot;:{&quot;1&quot;:0},&quot;11&quot;:4,&quot;12&quot;:0,&quot;15&quot;:&quot;Nunito&quot;}\" data-sheets-textstyleruns=\"{&quot;1&quot;:0}\uee10{&quot;1&quot;:384,&quot;2&quot;:{&quot;5&quot;:1}}\uee10{&quot;1&quot;:414}\"><strong><span style=\"font-size: 14pt;\">Professora respons\u00e1vel:<\/span><br \/>\n<\/strong>Ana Claudia Fran\u00e7a<br \/>\n<\/span><\/p>\n<p><span style=\"font-size: 14pt;\"><strong>Como participar:\u00a0<\/strong><\/span><br \/>\nEscreva para: anafranca@professores.utfpr.edu.br<\/p>\n<p><strong>Mais informa\u00e7\u00f5es:<\/strong> <a href=\"https:\/\/anafranca.com.br\/escrita-e-literatura\/clube-de-leitura\/\" target=\"_blank\" rel=\"noopener\">Acesse nosso site<\/a><\/p>\n<h2><span style=\"font-size: 18pt;\" data-sheets-value=\"{&quot;1&quot;:2,&quot;2&quot;:&quot;LADO - Laborat\u00f3rio de Design Contra Opress\u00f5es&quot;}\" data-sheets-userformat=\"{&quot;2&quot;:21261,&quot;3&quot;:{&quot;1&quot;:0},&quot;5&quot;:{&quot;1&quot;:[{&quot;1&quot;:2,&quot;2&quot;:0,&quot;5&quot;:{&quot;1&quot;:2,&quot;2&quot;:0}},{&quot;1&quot;:0,&quot;2&quot;:0,&quot;3&quot;:3},{&quot;1&quot;:1,&quot;2&quot;:0,&quot;4&quot;:1}]},&quot;6&quot;:{&quot;1&quot;:[{&quot;1&quot;:2,&quot;2&quot;:0,&quot;5&quot;:{&quot;1&quot;:2,&quot;2&quot;:0}},{&quot;1&quot;:0,&quot;2&quot;:0,&quot;3&quot;:3},{&quot;1&quot;:1,&quot;2&quot;:0,&quot;4&quot;:1}]},&quot;11&quot;:4,&quot;12&quot;:0,&quot;15&quot;:&quot;Nunito&quot;,&quot;17&quot;:1}\"><span data-sheets-value=\"{&quot;1&quot;:2,&quot;2&quot;:&quot;DeModa: Panorama do Design de Moda em Curitiba e Regi\u00e3o Metropolitana&quot;}\" data-sheets-userformat=\"{&quot;2&quot;:31501,&quot;3&quot;:{&quot;1&quot;:0},&quot;5&quot;:{&quot;1&quot;:[{&quot;1&quot;:2,&quot;2&quot;:0,&quot;5&quot;:{&quot;1&quot;:2,&quot;2&quot;:0}},{&quot;1&quot;:0,&quot;2&quot;:0,&quot;3&quot;:3},{&quot;1&quot;:1,&quot;2&quot;:0,&quot;4&quot;:1}]},&quot;6&quot;:{&quot;1&quot;:[{&quot;1&quot;:2,&quot;2&quot;:0,&quot;5&quot;:{&quot;1&quot;:2,&quot;2&quot;:0}},{&quot;1&quot;:0,&quot;2&quot;:0,&quot;3&quot;:3},{&quot;1&quot;:1,&quot;2&quot;:0,&quot;4&quot;:1}]},&quot;11&quot;:4,&quot;12&quot;:0,&quot;14&quot;:{&quot;1&quot;:2,&quot;2&quot;:0},&quot;15&quot;:&quot;Nunito&quot;,&quot;16&quot;:11,&quot;17&quot;:1}\">Pudim de Morango &#8211; Acervo Audiovisual do Departamento Acad\u00eamico de Desenho Industrial<\/span><\/span><\/h2>\n<p><img loading=\"lazy\" decoding=\"async\" class=\"alignnone size-full wp-image-6168\" src=\"https:\/\/utfpr-ct-static-content.s3.amazonaws.com\/utfpr.curitiba.br\/wp-content\/uploads\/sites\/62\/2022\/09\/pudim-de-morango-1.jpg\" alt=\"\" width=\"700\" height=\"470\" srcset=\"https:\/\/utfpr-ct-static-content.s3.amazonaws.com\/utfpr.curitiba.br\/wp-content\/uploads\/sites\/62\/2022\/09\/pudim-de-morango-1.jpg 700w, https:\/\/utfpr-ct-static-content.s3.amazonaws.com\/utfpr.curitiba.br\/wp-content\/uploads\/sites\/62\/2022\/09\/pudim-de-morango-1-300x201.jpg 300w, https:\/\/utfpr-ct-static-content.s3.amazonaws.com\/utfpr.curitiba.br\/wp-content\/uploads\/sites\/62\/2022\/09\/pudim-de-morango-1-272x182.jpg 272w\" sizes=\"(max-width: 700px) 100vw, 700px\" \/><\/p>\n<p><span data-sheets-value=\"{&quot;1&quot;:2,&quot;2&quot;:&quot;Desenvolvemos projetos de interesse p\u00fablico em parceria com \u00f3rg\u00e3os governamentais e iniciativas privadas, para suprir lacunas sociais onde a academia pode atuar com o objetivo de beneficiar as pessoas e o meio ambiente. O UTLab Design realiza ci\u00eancia cidad\u00e3, respondendo \u00e0 problem\u00e1ticas e necessidades reais com um design funcional, belo e duradouro, para vivermos bem em sociedade.\\n\\nProjetos e linhas de pesquisa:\\n\ud83d\udccc Urbano: Dados abertos, Fazenda Urbana\\n\ud83d\udccc Sustentabilidade: UTFPR Sustent\u00e1vel, Brasil Sustent\u00e1vel, Ecoponto \\n\ud83d\udccc Sa\u00fade p\u00fablica: N\u00d3S app solidariedade\\n\ud83d\udccc Comunica\u00e7\u00e3o: Ferramentas participativas, Acessibilidade 156&quot;}\" data-sheets-userformat=\"{&quot;2&quot;:4865,&quot;3&quot;:{&quot;1&quot;:0},&quot;11&quot;:4,&quot;12&quot;:0,&quot;15&quot;:&quot;Nunito&quot;}\" data-sheets-textstyleruns=\"{&quot;1&quot;:0}\uee10{&quot;1&quot;:384,&quot;2&quot;:{&quot;5&quot;:1}}\uee10{&quot;1&quot;:414}\">O Pudim de morango \u00e9 o acervo digital de filmes realizados nas disciplinas do DADIN.<\/span><\/p>\n<p><span data-sheets-value=\"{&quot;1&quot;:2,&quot;2&quot;:&quot;Desenvolvemos projetos de interesse p\u00fablico em parceria com \u00f3rg\u00e3os governamentais e iniciativas privadas, para suprir lacunas sociais onde a academia pode atuar com o objetivo de beneficiar as pessoas e o meio ambiente. O UTLab Design realiza ci\u00eancia cidad\u00e3, respondendo \u00e0 problem\u00e1ticas e necessidades reais com um design funcional, belo e duradouro, para vivermos bem em sociedade.\\n\\nProjetos e linhas de pesquisa:\\n\ud83d\udccc Urbano: Dados abertos, Fazenda Urbana\\n\ud83d\udccc Sustentabilidade: UTFPR Sustent\u00e1vel, Brasil Sustent\u00e1vel, Ecoponto \\n\ud83d\udccc Sa\u00fade p\u00fablica: N\u00d3S app solidariedade\\n\ud83d\udccc Comunica\u00e7\u00e3o: Ferramentas participativas, Acessibilidade 156&quot;}\" data-sheets-userformat=\"{&quot;2&quot;:4865,&quot;3&quot;:{&quot;1&quot;:0},&quot;11&quot;:4,&quot;12&quot;:0,&quot;15&quot;:&quot;Nunito&quot;}\" data-sheets-textstyleruns=\"{&quot;1&quot;:0}\uee10{&quot;1&quot;:384,&quot;2&quot;:{&quot;5&quot;:1}}\uee10{&quot;1&quot;:414}\"><strong><span style=\"font-size: 14pt;\">Professora respons\u00e1vel:<\/span><br \/>\n<\/strong>Ana Claudia Fran\u00e7a<br \/>\n<\/span><\/p>\n<p><span style=\"font-size: 14pt;\"><strong>Como participar:\u00a0<\/strong><\/span><br \/>\nEscreva para: anafranca@professores.utfpr.edu.br<\/p>\n<p><strong>Mais informa\u00e7\u00f5es:<\/strong> <a href=\"https:\/\/anafranca.com.br\/pudim-de-morango\/\" target=\"_blank\" rel=\"noopener\">Acesse nosso site<\/a>, nosso <a href=\"https:\/\/www.instagram.com\/pudimdemorango.dadin.utfpr\/\" target=\"_blank\" rel=\"noopener\">instagram<\/a> e <a href=\"https:\/\/www.youtube.com\/channel\/UC5CgVf-DEoeiMDVYpkSZ3NQ\" target=\"_blank\" rel=\"noopener\">nosso canal no youtube<\/a>.<\/p>\n<h2><span style=\"font-size: 18pt;\" data-sheets-value=\"{&quot;1&quot;:2,&quot;2&quot;:&quot;Design para a produ\u00e7\u00e3o e consumo sustent\u00e1veis - Projeto Aproveita&quot;}\" data-sheets-userformat=\"{&quot;2&quot;:31501,&quot;3&quot;:{&quot;1&quot;:0},&quot;5&quot;:{&quot;1&quot;:[{&quot;1&quot;:2,&quot;2&quot;:0,&quot;5&quot;:{&quot;1&quot;:2,&quot;2&quot;:0}},{&quot;1&quot;:0,&quot;2&quot;:0,&quot;3&quot;:3},{&quot;1&quot;:1,&quot;2&quot;:0,&quot;4&quot;:1}]},&quot;6&quot;:{&quot;1&quot;:[{&quot;1&quot;:2,&quot;2&quot;:0,&quot;5&quot;:{&quot;1&quot;:2,&quot;2&quot;:0}},{&quot;1&quot;:0,&quot;2&quot;:0,&quot;3&quot;:3},{&quot;1&quot;:1,&quot;2&quot;:0,&quot;4&quot;:1}]},&quot;11&quot;:4,&quot;12&quot;:0,&quot;14&quot;:{&quot;1&quot;:2,&quot;2&quot;:0},&quot;15&quot;:&quot;Nunito&quot;,&quot;16&quot;:11,&quot;17&quot;:1}\">Design para a produ\u00e7\u00e3o e consumo sustent\u00e1veis &#8211; Projeto Aproveita<\/span><\/h2>\n<p><img loading=\"lazy\" decoding=\"async\" class=\"alignnone wp-image-5414 size-full\" src=\"https:\/\/utfpr-ct-static-content.s3.amazonaws.com\/utfpr.curitiba.br\/wp-content\/uploads\/sites\/62\/2022\/04\/aproveita.jpg\" alt=\"Projeto Aproveita\" width=\"700\" height=\"400\" srcset=\"https:\/\/utfpr-ct-static-content.s3.amazonaws.com\/utfpr.curitiba.br\/wp-content\/uploads\/sites\/62\/2022\/04\/aproveita.jpg 700w, https:\/\/utfpr-ct-static-content.s3.amazonaws.com\/utfpr.curitiba.br\/wp-content\/uploads\/sites\/62\/2022\/04\/aproveita-300x171.jpg 300w\" sizes=\"(max-width: 700px) 100vw, 700px\" \/><\/p>\n<p><span data-sheets-value=\"{&quot;1&quot;:2,&quot;2&quot;:&quot;Desenvolvemos projetos de interesse p\u00fablico em parceria com \u00f3rg\u00e3os governamentais e iniciativas privadas, para suprir lacunas sociais onde a academia pode atuar com o objetivo de beneficiar as pessoas e o meio ambiente. O UTLab Design realiza ci\u00eancia cidad\u00e3, respondendo \u00e0 problem\u00e1ticas e necessidades reais com um design funcional, belo e duradouro, para vivermos bem em sociedade.\\n\\nProjetos e linhas de pesquisa:\\n\ud83d\udccc Urbano: Dados abertos, Fazenda Urbana\\n\ud83d\udccc Sustentabilidade: UTFPR Sustent\u00e1vel, Brasil Sustent\u00e1vel, Ecoponto \\n\ud83d\udccc Sa\u00fade p\u00fablica: N\u00d3S app solidariedade\\n\ud83d\udccc Comunica\u00e7\u00e3o: Ferramentas participativas, Acessibilidade 156&quot;}\" data-sheets-userformat=\"{&quot;2&quot;:4865,&quot;3&quot;:{&quot;1&quot;:0},&quot;11&quot;:4,&quot;12&quot;:0,&quot;15&quot;:&quot;Nunito&quot;}\" data-sheets-textstyleruns=\"{&quot;1&quot;:0}\uee10{&quot;1&quot;:384,&quot;2&quot;:{&quot;5&quot;:1}}\uee10{&quot;1&quot;:414}\">O projeto possui o objetivo de promover iniciativas que poder\u00e3o amenizar os problemas complexos relacionados ao consumo e produ\u00e7\u00e3o de alimentos. Para atingir isso, o projeto ir\u00e1 desenvolver e divulgar materiais visuais e audiovisuais contendo informa\u00e7\u00f5es orientativas para reduzir o desperd\u00edcio de alimentos.<\/span><\/p>\n<p><span data-sheets-value=\"{&quot;1&quot;:2,&quot;2&quot;:&quot;Desenvolvemos projetos de interesse p\u00fablico em parceria com \u00f3rg\u00e3os governamentais e iniciativas privadas, para suprir lacunas sociais onde a academia pode atuar com o objetivo de beneficiar as pessoas e o meio ambiente. O UTLab Design realiza ci\u00eancia cidad\u00e3, respondendo \u00e0 problem\u00e1ticas e necessidades reais com um design funcional, belo e duradouro, para vivermos bem em sociedade.\\n\\nProjetos e linhas de pesquisa:\\n\ud83d\udccc Urbano: Dados abertos, Fazenda Urbana\\n\ud83d\udccc Sustentabilidade: UTFPR Sustent\u00e1vel, Brasil Sustent\u00e1vel, Ecoponto \\n\ud83d\udccc Sa\u00fade p\u00fablica: N\u00d3S app solidariedade\\n\ud83d\udccc Comunica\u00e7\u00e3o: Ferramentas participativas, Acessibilidade 156&quot;}\" data-sheets-userformat=\"{&quot;2&quot;:4865,&quot;3&quot;:{&quot;1&quot;:0},&quot;11&quot;:4,&quot;12&quot;:0,&quot;15&quot;:&quot;Nunito&quot;}\" data-sheets-textstyleruns=\"{&quot;1&quot;:0}\uee10{&quot;1&quot;:384,&quot;2&quot;:{&quot;5&quot;:1}}\uee10{&quot;1&quot;:414}\"><strong><span style=\"font-size: 14pt;\">Professora respons\u00e1vel:<\/span><br \/>\n<\/strong>Elisangela Lobo<\/span><\/p>\n<p><strong>Mais informa\u00e7\u00f5es:<\/strong> <a href=\"https:\/\/aproveita.ct.utfpr.edu.br\/\" target=\"_blank\" rel=\"noopener\">Acesse o site<\/a> ou o <a href=\"https:\/\/www.instagram.com\/projeto.aproveita\" target=\"_blank\" rel=\"noopener\">Instagram<\/a><\/p>\n<h2><span style=\"font-size: 18pt;\" data-sheets-value=\"{&quot;1&quot;:2,&quot;2&quot;:&quot;Projeto Estimulo&quot;}\" data-sheets-userformat=\"{&quot;2&quot;:31501,&quot;3&quot;:{&quot;1&quot;:0},&quot;5&quot;:{&quot;1&quot;:[{&quot;1&quot;:2,&quot;2&quot;:0,&quot;5&quot;:{&quot;1&quot;:2,&quot;2&quot;:0}},{&quot;1&quot;:0,&quot;2&quot;:0,&quot;3&quot;:3},{&quot;1&quot;:1,&quot;2&quot;:0,&quot;4&quot;:1}]},&quot;6&quot;:{&quot;1&quot;:[{&quot;1&quot;:2,&quot;2&quot;:0,&quot;5&quot;:{&quot;1&quot;:2,&quot;2&quot;:0}},{&quot;1&quot;:0,&quot;2&quot;:0,&quot;3&quot;:3},{&quot;1&quot;:1,&quot;2&quot;:0,&quot;4&quot;:1}]},&quot;11&quot;:4,&quot;12&quot;:0,&quot;14&quot;:{&quot;1&quot;:2,&quot;2&quot;:0},&quot;15&quot;:&quot;Nunito&quot;,&quot;16&quot;:11,&quot;17&quot;:1}\">Projeto Estimulo<\/span><\/h2>\n<p><img loading=\"lazy\" decoding=\"async\" class=\"alignnone wp-image-5413 size-full\" src=\"https:\/\/utfpr-ct-static-content.s3.amazonaws.com\/utfpr.curitiba.br\/wp-content\/uploads\/sites\/62\/2022\/04\/estimulo.jpg\" alt=\"\" width=\"600\" height=\"404\" srcset=\"https:\/\/utfpr-ct-static-content.s3.amazonaws.com\/utfpr.curitiba.br\/wp-content\/uploads\/sites\/62\/2022\/04\/estimulo.jpg 600w, https:\/\/utfpr-ct-static-content.s3.amazonaws.com\/utfpr.curitiba.br\/wp-content\/uploads\/sites\/62\/2022\/04\/estimulo-300x202.jpg 300w, https:\/\/utfpr-ct-static-content.s3.amazonaws.com\/utfpr.curitiba.br\/wp-content\/uploads\/sites\/62\/2022\/04\/estimulo-272x182.jpg 272w\" sizes=\"(max-width: 600px) 100vw, 600px\" \/><\/p>\n<p><span data-sheets-value=\"{&quot;1&quot;:2,&quot;2&quot;:&quot;Desenvolvemos projetos de interesse p\u00fablico em parceria com \u00f3rg\u00e3os governamentais e iniciativas privadas, para suprir lacunas sociais onde a academia pode atuar com o objetivo de beneficiar as pessoas e o meio ambiente. O UTLab Design realiza ci\u00eancia cidad\u00e3, respondendo \u00e0 problem\u00e1ticas e necessidades reais com um design funcional, belo e duradouro, para vivermos bem em sociedade.\\n\\nProjetos e linhas de pesquisa:\\n\ud83d\udccc Urbano: Dados abertos, Fazenda Urbana\\n\ud83d\udccc Sustentabilidade: UTFPR Sustent\u00e1vel, Brasil Sustent\u00e1vel, Ecoponto \\n\ud83d\udccc Sa\u00fade p\u00fablica: N\u00d3S app solidariedade\\n\ud83d\udccc Comunica\u00e7\u00e3o: Ferramentas participativas, Acessibilidade 156&quot;}\" data-sheets-userformat=\"{&quot;2&quot;:4865,&quot;3&quot;:{&quot;1&quot;:0},&quot;11&quot;:4,&quot;12&quot;:0,&quot;15&quot;:&quot;Nunito&quot;}\" data-sheets-textstyleruns=\"{&quot;1&quot;:0}\uee10{&quot;1&quot;:384,&quot;2&quot;:{&quot;5&quot;:1}}\uee10{&quot;1&quot;:414}\">O Projeto Est\u00edmulo \u00e9 um projeto de extens\u00e3o da UTFPR, formado por volunt\u00e1rios e tem como objetivo promover informa\u00e7\u00f5es sobre o Parkinson.<\/span><\/p>\n<p><span data-sheets-value=\"{&quot;1&quot;:2,&quot;2&quot;:&quot;Desenvolvemos projetos de interesse p\u00fablico em parceria com \u00f3rg\u00e3os governamentais e iniciativas privadas, para suprir lacunas sociais onde a academia pode atuar com o objetivo de beneficiar as pessoas e o meio ambiente. O UTLab Design realiza ci\u00eancia cidad\u00e3, respondendo \u00e0 problem\u00e1ticas e necessidades reais com um design funcional, belo e duradouro, para vivermos bem em sociedade.\\n\\nProjetos e linhas de pesquisa:\\n\ud83d\udccc Urbano: Dados abertos, Fazenda Urbana\\n\ud83d\udccc Sustentabilidade: UTFPR Sustent\u00e1vel, Brasil Sustent\u00e1vel, Ecoponto \\n\ud83d\udccc Sa\u00fade p\u00fablica: N\u00d3S app solidariedade\\n\ud83d\udccc Comunica\u00e7\u00e3o: Ferramentas participativas, Acessibilidade 156&quot;}\" data-sheets-userformat=\"{&quot;2&quot;:4865,&quot;3&quot;:{&quot;1&quot;:0},&quot;11&quot;:4,&quot;12&quot;:0,&quot;15&quot;:&quot;Nunito&quot;}\" data-sheets-textstyleruns=\"{&quot;1&quot;:0}\uee10{&quot;1&quot;:384,&quot;2&quot;:{&quot;5&quot;:1}}\uee10{&quot;1&quot;:414}\"><strong><span style=\"font-size: 14pt;\">Professora respons\u00e1vel:<\/span><br \/>\n<\/strong>Katia Elisa Prus\/ Elisangela Lobo\/Marcelo A. P\u00fablio<br \/>\n<\/span><\/p>\n<p><strong>Mais informa\u00e7\u00f5es:<\/strong> <a href=\"https:\/\/www.instagram.com\/projeto.estimulo\" target=\"_blank\" rel=\"noopener\">Acesse o nosso instagram<\/a><\/p>\n<h2><span style=\"font-size: 18pt;\" data-sheets-value=\"{&quot;1&quot;:2,&quot;2&quot;:&quot;DeLud: Ludicidade e Tecnologia na intera\u00e7\u00e3o para uma vida saud\u00e1vel - alimenta\u00e7\u00e3o e esporte na inf\u00e2ncia&quot;}\" data-sheets-userformat=\"{&quot;2&quot;:31501,&quot;3&quot;:{&quot;1&quot;:0},&quot;5&quot;:{&quot;1&quot;:[{&quot;1&quot;:2,&quot;2&quot;:0,&quot;5&quot;:{&quot;1&quot;:2,&quot;2&quot;:0}},{&quot;1&quot;:0,&quot;2&quot;:0,&quot;3&quot;:3},{&quot;1&quot;:1,&quot;2&quot;:0,&quot;4&quot;:1}]},&quot;6&quot;:{&quot;1&quot;:[{&quot;1&quot;:2,&quot;2&quot;:0,&quot;5&quot;:{&quot;1&quot;:2,&quot;2&quot;:0}},{&quot;1&quot;:0,&quot;2&quot;:0,&quot;3&quot;:3},{&quot;1&quot;:1,&quot;2&quot;:0,&quot;4&quot;:1}]},&quot;11&quot;:4,&quot;12&quot;:0,&quot;14&quot;:{&quot;1&quot;:2,&quot;2&quot;:0},&quot;15&quot;:&quot;Nunito&quot;,&quot;16&quot;:11,&quot;17&quot;:1}\">DeLud: Ludicidade e Tecnologia na intera\u00e7\u00e3o para uma vida saud\u00e1vel &#8211; alimenta\u00e7\u00e3o e esporte na inf\u00e2ncia<\/span><\/h2>\n<p><span data-sheets-value=\"{&quot;1&quot;:2,&quot;2&quot;:&quot;DeLud tem como objetivo identificar e desenvolver materiais l\u00fadicos f\u00edsicos e\/ou digitais para incentivar a alimenta\u00e7\u00e3o saud\u00e1vel e atividades esportivas nas crian\u00e7as. Ter\u00e1 como foco principal a inclus\u00e3o do design de ludicidade na Educa\u00e7\u00e3o Infantil e Ensino Fundamental 1.&quot;}\" data-sheets-userformat=\"{&quot;2&quot;:4494,&quot;4&quot;:{&quot;1&quot;:2,&quot;2&quot;:16777215},&quot;5&quot;:{&quot;1&quot;:[{&quot;1&quot;:2,&quot;2&quot;:0,&quot;5&quot;:{&quot;1&quot;:2,&quot;2&quot;:0}},{&quot;1&quot;:0,&quot;2&quot;:0,&quot;3&quot;:3},{&quot;1&quot;:1,&quot;2&quot;:0,&quot;4&quot;:1}]},&quot;6&quot;:{&quot;1&quot;:[{&quot;1&quot;:2,&quot;2&quot;:0,&quot;5&quot;:{&quot;1&quot;:2,&quot;2&quot;:0}},{&quot;1&quot;:0,&quot;2&quot;:0,&quot;3&quot;:3},{&quot;1&quot;:1,&quot;2&quot;:0,&quot;4&quot;:1}]},&quot;10&quot;:2,&quot;11&quot;:4,&quot;15&quot;:&quot;Nunito&quot;}\">DeLud tem como objetivo identificar e desenvolver materiais l\u00fadicos f\u00edsicos e\/ou digitais para incentivar a alimenta\u00e7\u00e3o saud\u00e1vel e atividades esportivas nas crian\u00e7as. Ter\u00e1 como foco principal a inclus\u00e3o do design de ludicidade na Educa\u00e7\u00e3o Infantil e Ensino Fundamental 1.<\/span><\/p>\n<p><span data-sheets-value=\"{&quot;1&quot;:2,&quot;2&quot;:&quot;Desenvolvemos projetos de interesse p\u00fablico em parceria com \u00f3rg\u00e3os governamentais e iniciativas privadas, para suprir lacunas sociais onde a academia pode atuar com o objetivo de beneficiar as pessoas e o meio ambiente. O UTLab Design realiza ci\u00eancia cidad\u00e3, respondendo \u00e0 problem\u00e1ticas e necessidades reais com um design funcional, belo e duradouro, para vivermos bem em sociedade.\\n\\nProjetos e linhas de pesquisa:\\n\ud83d\udccc Urbano: Dados abertos, Fazenda Urbana\\n\ud83d\udccc Sustentabilidade: UTFPR Sustent\u00e1vel, Brasil Sustent\u00e1vel, Ecoponto \\n\ud83d\udccc Sa\u00fade p\u00fablica: N\u00d3S app solidariedade\\n\ud83d\udccc Comunica\u00e7\u00e3o: Ferramentas participativas, Acessibilidade 156&quot;}\" data-sheets-userformat=\"{&quot;2&quot;:4865,&quot;3&quot;:{&quot;1&quot;:0},&quot;11&quot;:4,&quot;12&quot;:0,&quot;15&quot;:&quot;Nunito&quot;}\" data-sheets-textstyleruns=\"{&quot;1&quot;:0}\uee10{&quot;1&quot;:384,&quot;2&quot;:{&quot;5&quot;:1}}\uee10{&quot;1&quot;:414}\"><strong><span style=\"font-size: 14pt;\">Professora respons\u00e1vel:<\/span><br \/>\n<\/strong>Cindy Renate Piassetta Xavier Medeiros<br \/>\n<\/span><\/p>\n<p><span style=\"font-size: 14pt;\"><strong>Como participar:\u00a0<\/strong><\/span><br \/>\n<span data-sheets-value=\"{&quot;1&quot;:2,&quot;2&quot;:&quot;Envie e-mail para cindyrpm@utfpr.edu.br&quot;}\" data-sheets-userformat=\"{&quot;2&quot;:4877,&quot;3&quot;:{&quot;1&quot;:0},&quot;5&quot;:{&quot;1&quot;:[{&quot;1&quot;:2,&quot;2&quot;:0,&quot;5&quot;:{&quot;1&quot;:2,&quot;2&quot;:0}},{&quot;1&quot;:0,&quot;2&quot;:0,&quot;3&quot;:3},{&quot;1&quot;:1,&quot;2&quot;:0,&quot;4&quot;:1}]},&quot;6&quot;:{&quot;1&quot;:[{&quot;1&quot;:2,&quot;2&quot;:0,&quot;5&quot;:{&quot;1&quot;:2,&quot;2&quot;:0}},{&quot;1&quot;:0,&quot;2&quot;:0,&quot;3&quot;:3},{&quot;1&quot;:1,&quot;2&quot;:0,&quot;4&quot;:1}]},&quot;11&quot;:4,&quot;12&quot;:0,&quot;15&quot;:&quot;Nunito&quot;}\">Envie e-mail para cindyrpm@utfpr.edu.br<\/span><\/p>\n<h2><span style=\"font-size: 18pt;\" data-sheets-value=\"{&quot;1&quot;:2,&quot;2&quot;:&quot;DeErgo: extens\u00e3o via instagram sobre Ergonomia aplicada ao Design&quot;}\" data-sheets-userformat=\"{&quot;2&quot;:29581,&quot;3&quot;:{&quot;1&quot;:0},&quot;5&quot;:{&quot;1&quot;:[{&quot;1&quot;:2,&quot;2&quot;:0,&quot;5&quot;:{&quot;1&quot;:2,&quot;2&quot;:0}},{&quot;1&quot;:0,&quot;2&quot;:0,&quot;3&quot;:3},{&quot;1&quot;:1,&quot;2&quot;:0,&quot;4&quot;:1}]},&quot;6&quot;:{&quot;1&quot;:[{&quot;1&quot;:2,&quot;2&quot;:0,&quot;5&quot;:{&quot;1&quot;:2,&quot;2&quot;:0}},{&quot;1&quot;:0,&quot;2&quot;:0,&quot;3&quot;:3},{&quot;1&quot;:1,&quot;2&quot;:0,&quot;4&quot;:1}]},&quot;10&quot;:2,&quot;11&quot;:4,&quot;12&quot;:0,&quot;15&quot;:&quot;Nunito&quot;,&quot;16&quot;:11,&quot;17&quot;:1}\">DeErgo: extens\u00e3o via instagram sobre Ergonomia aplicada ao Design<\/span><\/h2>\n<p><span data-sheets-value=\"{&quot;1&quot;:2,&quot;2&quot;:&quot;DeLud tem como objetivo identificar e desenvolver materiais l\u00fadicos f\u00edsicos e\/ou digitais para incentivar a alimenta\u00e7\u00e3o saud\u00e1vel e atividades esportivas nas crian\u00e7as. Ter\u00e1 como foco principal a inclus\u00e3o do design de ludicidade na Educa\u00e7\u00e3o Infantil e Ensino Fundamental 1.&quot;}\" data-sheets-userformat=\"{&quot;2&quot;:4494,&quot;4&quot;:{&quot;1&quot;:2,&quot;2&quot;:16777215},&quot;5&quot;:{&quot;1&quot;:[{&quot;1&quot;:2,&quot;2&quot;:0,&quot;5&quot;:{&quot;1&quot;:2,&quot;2&quot;:0}},{&quot;1&quot;:0,&quot;2&quot;:0,&quot;3&quot;:3},{&quot;1&quot;:1,&quot;2&quot;:0,&quot;4&quot;:1}]},&quot;6&quot;:{&quot;1&quot;:[{&quot;1&quot;:2,&quot;2&quot;:0,&quot;5&quot;:{&quot;1&quot;:2,&quot;2&quot;:0}},{&quot;1&quot;:0,&quot;2&quot;:0,&quot;3&quot;:3},{&quot;1&quot;:1,&quot;2&quot;:0,&quot;4&quot;:1}]},&quot;10&quot;:2,&quot;11&quot;:4,&quot;15&quot;:&quot;Nunito&quot;}\">Identificar tem\u00e1ticas pertinentes a Ergonomia F\u00edsica, Ergonomia Cognitiva e Ergonomia Organizacional dentro das atividades pr\u00e1ticas das disciplinas de Ergonomia do Curso de Bacharelado em Design e tecnologia em Design Gr\u00e1fico e dentro de uma curadoria desenvolver para o formato do Instagram. Apresentar um canal acess\u00edvel para a divulga\u00e7\u00e3o de temas pertinentes ao Design e Ergonomia, como tamb\u00e9m dos achados feitos pelos alunos em suas atividades de aula.<\/span><\/p>\n<p><span data-sheets-value=\"{&quot;1&quot;:2,&quot;2&quot;:&quot;Desenvolvemos projetos de interesse p\u00fablico em parceria com \u00f3rg\u00e3os governamentais e iniciativas privadas, para suprir lacunas sociais onde a academia pode atuar com o objetivo de beneficiar as pessoas e o meio ambiente. O UTLab Design realiza ci\u00eancia cidad\u00e3, respondendo \u00e0 problem\u00e1ticas e necessidades reais com um design funcional, belo e duradouro, para vivermos bem em sociedade.\\n\\nProjetos e linhas de pesquisa:\\n\ud83d\udccc Urbano: Dados abertos, Fazenda Urbana\\n\ud83d\udccc Sustentabilidade: UTFPR Sustent\u00e1vel, Brasil Sustent\u00e1vel, Ecoponto \\n\ud83d\udccc Sa\u00fade p\u00fablica: N\u00d3S app solidariedade\\n\ud83d\udccc Comunica\u00e7\u00e3o: Ferramentas participativas, Acessibilidade 156&quot;}\" data-sheets-userformat=\"{&quot;2&quot;:4865,&quot;3&quot;:{&quot;1&quot;:0},&quot;11&quot;:4,&quot;12&quot;:0,&quot;15&quot;:&quot;Nunito&quot;}\" data-sheets-textstyleruns=\"{&quot;1&quot;:0}\uee10{&quot;1&quot;:384,&quot;2&quot;:{&quot;5&quot;:1}}\uee10{&quot;1&quot;:414}\"><strong><span style=\"font-size: 14pt;\">Professora respons\u00e1vel:<\/span><br \/>\n<\/strong>Cindy Renate Piassetta Xavier Medeiros<br \/>\n<\/span><\/p>\n<p><span style=\"font-size: 14pt;\"><strong>Como participar:\u00a0<\/strong><\/span><br \/>\n<span data-sheets-value=\"{&quot;1&quot;:2,&quot;2&quot;:&quot;Envie e-mail para cindyrpm@utfpr.edu.br&quot;}\" data-sheets-userformat=\"{&quot;2&quot;:4877,&quot;3&quot;:{&quot;1&quot;:0},&quot;5&quot;:{&quot;1&quot;:[{&quot;1&quot;:2,&quot;2&quot;:0,&quot;5&quot;:{&quot;1&quot;:2,&quot;2&quot;:0}},{&quot;1&quot;:0,&quot;2&quot;:0,&quot;3&quot;:3},{&quot;1&quot;:1,&quot;2&quot;:0,&quot;4&quot;:1}]},&quot;6&quot;:{&quot;1&quot;:[{&quot;1&quot;:2,&quot;2&quot;:0,&quot;5&quot;:{&quot;1&quot;:2,&quot;2&quot;:0}},{&quot;1&quot;:0,&quot;2&quot;:0,&quot;3&quot;:3},{&quot;1&quot;:1,&quot;2&quot;:0,&quot;4&quot;:1}]},&quot;11&quot;:4,&quot;12&quot;:0,&quot;15&quot;:&quot;Nunito&quot;}\">Envie e-mail para cindyrpm@utfpr.edu.br<\/span><\/p>\n<h2><span style=\"font-size: 18pt;\" data-sheets-value=\"{&quot;1&quot;:2,&quot;2&quot;:&quot;UTFPR E ESCOLA: Desenvolvimento multidisciplinar de alunos com altas habilidades: Design&quot;}\" data-sheets-userformat=\"{&quot;2&quot;:29581,&quot;3&quot;:{&quot;1&quot;:0},&quot;5&quot;:{&quot;1&quot;:[{&quot;1&quot;:2,&quot;2&quot;:0,&quot;5&quot;:{&quot;1&quot;:2,&quot;2&quot;:0}},{&quot;1&quot;:0,&quot;2&quot;:0,&quot;3&quot;:3},{&quot;1&quot;:1,&quot;2&quot;:0,&quot;4&quot;:1}]},&quot;6&quot;:{&quot;1&quot;:[{&quot;1&quot;:2,&quot;2&quot;:0,&quot;5&quot;:{&quot;1&quot;:2,&quot;2&quot;:0}},{&quot;1&quot;:0,&quot;2&quot;:0,&quot;3&quot;:3},{&quot;1&quot;:1,&quot;2&quot;:0,&quot;4&quot;:1}]},&quot;10&quot;:2,&quot;11&quot;:4,&quot;12&quot;:0,&quot;15&quot;:&quot;Nunito&quot;,&quot;16&quot;:11,&quot;17&quot;:1}\">UTFPR E ESCOLA: Desenvolvimento multidisciplinar de alunos com altas habilidades: Design<\/span><\/h2>\n<p><span data-sheets-value=\"{&quot;1&quot;:2,&quot;2&quot;:&quot;DeLud tem como objetivo identificar e desenvolver materiais l\u00fadicos f\u00edsicos e\/ou digitais para incentivar a alimenta\u00e7\u00e3o saud\u00e1vel e atividades esportivas nas crian\u00e7as. Ter\u00e1 como foco principal a inclus\u00e3o do design de ludicidade na Educa\u00e7\u00e3o Infantil e Ensino Fundamental 1.&quot;}\" data-sheets-userformat=\"{&quot;2&quot;:4494,&quot;4&quot;:{&quot;1&quot;:2,&quot;2&quot;:16777215},&quot;5&quot;:{&quot;1&quot;:[{&quot;1&quot;:2,&quot;2&quot;:0,&quot;5&quot;:{&quot;1&quot;:2,&quot;2&quot;:0}},{&quot;1&quot;:0,&quot;2&quot;:0,&quot;3&quot;:3},{&quot;1&quot;:1,&quot;2&quot;:0,&quot;4&quot;:1}]},&quot;6&quot;:{&quot;1&quot;:[{&quot;1&quot;:2,&quot;2&quot;:0,&quot;5&quot;:{&quot;1&quot;:2,&quot;2&quot;:0}},{&quot;1&quot;:0,&quot;2&quot;:0,&quot;3&quot;:3},{&quot;1&quot;:1,&quot;2&quot;:0,&quot;4&quot;:1}]},&quot;10&quot;:2,&quot;11&quot;:4,&quot;15&quot;:&quot;Nunito&quot;}\">Este projeto \u00e9 um bra\u00e7o do Projeto de Extens\u00e3o UTFPR E ESCOLA: DESENVOLVIMENTO MULTIDISCIPLINAR DE ALUNOS COM ALTAS HABILIDADES. Seu foco est\u00e1 em desenvolver as crian\u00e7as com altas habilidades nos princ\u00edpios do Design e criatividade. Tem como objetivos: Desenvolver projetos de enriquecimento curricular para alunos com altas habilidades na \u00e1rea de Design; Aproximar os alunos com altas habilidades \u00e0s metodologias de projeto e de criatividade. Promover a intera\u00e7\u00e3o de alunos da gradua\u00e7\u00e3o tanto Bacharelado em Design como da tecnologia em Design Gr\u00e1fico com atividades de extens\u00e3o.<\/span><\/p>\n<p><span data-sheets-value=\"{&quot;1&quot;:2,&quot;2&quot;:&quot;Desenvolvemos projetos de interesse p\u00fablico em parceria com \u00f3rg\u00e3os governamentais e iniciativas privadas, para suprir lacunas sociais onde a academia pode atuar com o objetivo de beneficiar as pessoas e o meio ambiente. O UTLab Design realiza ci\u00eancia cidad\u00e3, respondendo \u00e0 problem\u00e1ticas e necessidades reais com um design funcional, belo e duradouro, para vivermos bem em sociedade.\\n\\nProjetos e linhas de pesquisa:\\n\ud83d\udccc Urbano: Dados abertos, Fazenda Urbana\\n\ud83d\udccc Sustentabilidade: UTFPR Sustent\u00e1vel, Brasil Sustent\u00e1vel, Ecoponto \\n\ud83d\udccc Sa\u00fade p\u00fablica: N\u00d3S app solidariedade\\n\ud83d\udccc Comunica\u00e7\u00e3o: Ferramentas participativas, Acessibilidade 156&quot;}\" data-sheets-userformat=\"{&quot;2&quot;:4865,&quot;3&quot;:{&quot;1&quot;:0},&quot;11&quot;:4,&quot;12&quot;:0,&quot;15&quot;:&quot;Nunito&quot;}\" data-sheets-textstyleruns=\"{&quot;1&quot;:0}\uee10{&quot;1&quot;:384,&quot;2&quot;:{&quot;5&quot;:1}}\uee10{&quot;1&quot;:414}\"><strong><span style=\"font-size: 14pt;\">Professora respons\u00e1vel:<\/span><br \/>\n<\/strong>Cindy Renate Piassetta Xavier Medeiros<br \/>\n<\/span><\/p>\n<p><span style=\"font-size: 14pt;\"><strong>Como participar:\u00a0<\/strong><\/span><br \/>\n<span data-sheets-value=\"{&quot;1&quot;:2,&quot;2&quot;:&quot;Envie e-mail para cindyrpm@utfpr.edu.br&quot;}\" data-sheets-userformat=\"{&quot;2&quot;:4877,&quot;3&quot;:{&quot;1&quot;:0},&quot;5&quot;:{&quot;1&quot;:[{&quot;1&quot;:2,&quot;2&quot;:0,&quot;5&quot;:{&quot;1&quot;:2,&quot;2&quot;:0}},{&quot;1&quot;:0,&quot;2&quot;:0,&quot;3&quot;:3},{&quot;1&quot;:1,&quot;2&quot;:0,&quot;4&quot;:1}]},&quot;6&quot;:{&quot;1&quot;:[{&quot;1&quot;:2,&quot;2&quot;:0,&quot;5&quot;:{&quot;1&quot;:2,&quot;2&quot;:0}},{&quot;1&quot;:0,&quot;2&quot;:0,&quot;3&quot;:3},{&quot;1&quot;:1,&quot;2&quot;:0,&quot;4&quot;:1}]},&quot;11&quot;:4,&quot;12&quot;:0,&quot;15&quot;:&quot;Nunito&quot;}\">Envie e-mail para cindyrpm@utfpr.edu.br<\/span><\/p>\n<h2><span style=\"font-size: 18pt;\" data-sheets-value=\"{&quot;1&quot;:2,&quot;2&quot;:&quot;UTFPR E ESCOLA: Desenvolvimento multidisciplinar de alunos com altas habilidades: Design&quot;}\" data-sheets-userformat=\"{&quot;2&quot;:29581,&quot;3&quot;:{&quot;1&quot;:0},&quot;5&quot;:{&quot;1&quot;:[{&quot;1&quot;:2,&quot;2&quot;:0,&quot;5&quot;:{&quot;1&quot;:2,&quot;2&quot;:0}},{&quot;1&quot;:0,&quot;2&quot;:0,&quot;3&quot;:3},{&quot;1&quot;:1,&quot;2&quot;:0,&quot;4&quot;:1}]},&quot;6&quot;:{&quot;1&quot;:[{&quot;1&quot;:2,&quot;2&quot;:0,&quot;5&quot;:{&quot;1&quot;:2,&quot;2&quot;:0}},{&quot;1&quot;:0,&quot;2&quot;:0,&quot;3&quot;:3},{&quot;1&quot;:1,&quot;2&quot;:0,&quot;4&quot;:1}]},&quot;10&quot;:2,&quot;11&quot;:4,&quot;12&quot;:0,&quot;15&quot;:&quot;Nunito&quot;,&quot;16&quot;:11,&quot;17&quot;:1}\">Registro e divulga\u00e7\u00e3o da anima\u00e7\u00e3o brasileira e latino-americana<\/span><\/h2>\n<p><span data-sheets-value=\"{&quot;1&quot;:2,&quot;2&quot;:&quot;DeLud tem como objetivo identificar e desenvolver materiais l\u00fadicos f\u00edsicos e\/ou digitais para incentivar a alimenta\u00e7\u00e3o saud\u00e1vel e atividades esportivas nas crian\u00e7as. Ter\u00e1 como foco principal a inclus\u00e3o do design de ludicidade na Educa\u00e7\u00e3o Infantil e Ensino Fundamental 1.&quot;}\" data-sheets-userformat=\"{&quot;2&quot;:4494,&quot;4&quot;:{&quot;1&quot;:2,&quot;2&quot;:16777215},&quot;5&quot;:{&quot;1&quot;:[{&quot;1&quot;:2,&quot;2&quot;:0,&quot;5&quot;:{&quot;1&quot;:2,&quot;2&quot;:0}},{&quot;1&quot;:0,&quot;2&quot;:0,&quot;3&quot;:3},{&quot;1&quot;:1,&quot;2&quot;:0,&quot;4&quot;:1}]},&quot;6&quot;:{&quot;1&quot;:[{&quot;1&quot;:2,&quot;2&quot;:0,&quot;5&quot;:{&quot;1&quot;:2,&quot;2&quot;:0}},{&quot;1&quot;:0,&quot;2&quot;:0,&quot;3&quot;:3},{&quot;1&quot;:1,&quot;2&quot;:0,&quot;4&quot;:1}]},&quot;10&quot;:2,&quot;11&quot;:4,&quot;15&quot;:&quot;Nunito&quot;}\">O projeto possui o objetivo de identificar, registrar e divulgar as anima\u00e7\u00f5es nacionais produzidas ou em processo de produ\u00e7\u00e3o. Uma iniciativa em parceria com a Red Sur a Sur de estudos da anima\u00e7\u00e3o latinoamenricana. O projeto est\u00e1 atrelado ao projeto de pesquisa Cadeias Produtivas da Anima\u00e7\u00e3o que est\u00e1 homologado na Pr\u00f3 Reitoria de Pesquisa e P\u00f3s Gradua\u00e7\u00e3o -PROPPG. E por isso, incentiva a leitura, discuss\u00e3o, produ\u00e7\u00e3o e a participa\u00e7\u00e3o em eventos t\u00e9cnicos-cient\u00edficos da \u00e1rea.<\/span><\/p>\n<p><span data-sheets-value=\"{&quot;1&quot;:2,&quot;2&quot;:&quot;Desenvolvemos projetos de interesse p\u00fablico em parceria com \u00f3rg\u00e3os governamentais e iniciativas privadas, para suprir lacunas sociais onde a academia pode atuar com o objetivo de beneficiar as pessoas e o meio ambiente. O UTLab Design realiza ci\u00eancia cidad\u00e3, respondendo \u00e0 problem\u00e1ticas e necessidades reais com um design funcional, belo e duradouro, para vivermos bem em sociedade.\\n\\nProjetos e linhas de pesquisa:\\n\ud83d\udccc Urbano: Dados abertos, Fazenda Urbana\\n\ud83d\udccc Sustentabilidade: UTFPR Sustent\u00e1vel, Brasil Sustent\u00e1vel, Ecoponto \\n\ud83d\udccc Sa\u00fade p\u00fablica: N\u00d3S app solidariedade\\n\ud83d\udccc Comunica\u00e7\u00e3o: Ferramentas participativas, Acessibilidade 156&quot;}\" data-sheets-userformat=\"{&quot;2&quot;:4865,&quot;3&quot;:{&quot;1&quot;:0},&quot;11&quot;:4,&quot;12&quot;:0,&quot;15&quot;:&quot;Nunito&quot;}\" data-sheets-textstyleruns=\"{&quot;1&quot;:0}\uee10{&quot;1&quot;:384,&quot;2&quot;:{&quot;5&quot;:1}}\uee10{&quot;1&quot;:414}\"><strong><span style=\"font-size: 14pt;\">Professores respons\u00e1veis:<\/span><br \/>\n<\/strong>Marcelo A. P\u00fablio e Elisangela Lobo<\/span><\/p>\n<h2><span style=\"font-size: 18pt;\" data-sheets-value=\"{&quot;1&quot;:2,&quot;2&quot;:&quot;UTFPR E ESCOLA: Desenvolvimento multidisciplinar de alunos com altas habilidades: Design&quot;}\" data-sheets-userformat=\"{&quot;2&quot;:29581,&quot;3&quot;:{&quot;1&quot;:0},&quot;5&quot;:{&quot;1&quot;:[{&quot;1&quot;:2,&quot;2&quot;:0,&quot;5&quot;:{&quot;1&quot;:2,&quot;2&quot;:0}},{&quot;1&quot;:0,&quot;2&quot;:0,&quot;3&quot;:3},{&quot;1&quot;:1,&quot;2&quot;:0,&quot;4&quot;:1}]},&quot;6&quot;:{&quot;1&quot;:[{&quot;1&quot;:2,&quot;2&quot;:0,&quot;5&quot;:{&quot;1&quot;:2,&quot;2&quot;:0}},{&quot;1&quot;:0,&quot;2&quot;:0,&quot;3&quot;:3},{&quot;1&quot;:1,&quot;2&quot;:0,&quot;4&quot;:1}]},&quot;10&quot;:2,&quot;11&quot;:4,&quot;12&quot;:0,&quot;15&quot;:&quot;Nunito&quot;,&quot;16&quot;:11,&quot;17&quot;:1}\">Imagem temperada &#8211; Clube da imagem digital<\/span><\/h2>\n<p><span data-sheets-value=\"{&quot;1&quot;:2,&quot;2&quot;:&quot;DeLud tem como objetivo identificar e desenvolver materiais l\u00fadicos f\u00edsicos e\/ou digitais para incentivar a alimenta\u00e7\u00e3o saud\u00e1vel e atividades esportivas nas crian\u00e7as. Ter\u00e1 como foco principal a inclus\u00e3o do design de ludicidade na Educa\u00e7\u00e3o Infantil e Ensino Fundamental 1.&quot;}\" data-sheets-userformat=\"{&quot;2&quot;:4494,&quot;4&quot;:{&quot;1&quot;:2,&quot;2&quot;:16777215},&quot;5&quot;:{&quot;1&quot;:[{&quot;1&quot;:2,&quot;2&quot;:0,&quot;5&quot;:{&quot;1&quot;:2,&quot;2&quot;:0}},{&quot;1&quot;:0,&quot;2&quot;:0,&quot;3&quot;:3},{&quot;1&quot;:1,&quot;2&quot;:0,&quot;4&quot;:1}]},&quot;6&quot;:{&quot;1&quot;:[{&quot;1&quot;:2,&quot;2&quot;:0,&quot;5&quot;:{&quot;1&quot;:2,&quot;2&quot;:0}},{&quot;1&quot;:0,&quot;2&quot;:0,&quot;3&quot;:3},{&quot;1&quot;:1,&quot;2&quot;:0,&quot;4&quot;:1}]},&quot;10&quot;:2,&quot;11&quot;:4,&quot;15&quot;:&quot;Nunito&quot;}\">Promover oficinas, exposi\u00e7\u00f5es, experimenta\u00e7\u00f5es e desafios coletivos relacionados a imagem digital criativa:<br \/>\n&#8211; Identifica\u00e7\u00e3o e an\u00e1lise de manifesta\u00e7\u00f5es coletivas e autorais de artistas visuais digitais.<br \/>\n&#8211; Reconhecimento de t\u00e9cnicas e recursos tecnol\u00f3gicos para solu\u00e7\u00f5es de tratamento e proposi\u00e7\u00f5es de imagens digitais.<br \/>\n&#8211; Est\u00edmulo da express\u00e3o art\u00edstica por meio de experimenta\u00e7\u00f5es digitais criativas.<\/span><\/p>\n<p><span data-sheets-value=\"{&quot;1&quot;:2,&quot;2&quot;:&quot;Desenvolvemos projetos de interesse p\u00fablico em parceria com \u00f3rg\u00e3os governamentais e iniciativas privadas, para suprir lacunas sociais onde a academia pode atuar com o objetivo de beneficiar as pessoas e o meio ambiente. O UTLab Design realiza ci\u00eancia cidad\u00e3, respondendo \u00e0 problem\u00e1ticas e necessidades reais com um design funcional, belo e duradouro, para vivermos bem em sociedade.\\n\\nProjetos e linhas de pesquisa:\\n\ud83d\udccc Urbano: Dados abertos, Fazenda Urbana\\n\ud83d\udccc Sustentabilidade: UTFPR Sustent\u00e1vel, Brasil Sustent\u00e1vel, Ecoponto \\n\ud83d\udccc Sa\u00fade p\u00fablica: N\u00d3S app solidariedade\\n\ud83d\udccc Comunica\u00e7\u00e3o: Ferramentas participativas, Acessibilidade 156&quot;}\" data-sheets-userformat=\"{&quot;2&quot;:4865,&quot;3&quot;:{&quot;1&quot;:0},&quot;11&quot;:4,&quot;12&quot;:0,&quot;15&quot;:&quot;Nunito&quot;}\" data-sheets-textstyleruns=\"{&quot;1&quot;:0}\uee10{&quot;1&quot;:384,&quot;2&quot;:{&quot;5&quot;:1}}\uee10{&quot;1&quot;:414}\"><strong><span style=\"font-size: 14pt;\">Professores respons\u00e1veis:<\/span><br \/>\n<\/strong>Marcelo A. P\u00fablio e Elisangela Lobo<\/span><\/p>\n<h2><span style=\"font-size: 18pt;\" data-sheets-value=\"{&quot;1&quot;:2,&quot;2&quot;:&quot;UTFPR E ESCOLA: Desenvolvimento multidisciplinar de alunos com altas habilidades: Design&quot;}\" data-sheets-userformat=\"{&quot;2&quot;:29581,&quot;3&quot;:{&quot;1&quot;:0},&quot;5&quot;:{&quot;1&quot;:[{&quot;1&quot;:2,&quot;2&quot;:0,&quot;5&quot;:{&quot;1&quot;:2,&quot;2&quot;:0}},{&quot;1&quot;:0,&quot;2&quot;:0,&quot;3&quot;:3},{&quot;1&quot;:1,&quot;2&quot;:0,&quot;4&quot;:1}]},&quot;6&quot;:{&quot;1&quot;:[{&quot;1&quot;:2,&quot;2&quot;:0,&quot;5&quot;:{&quot;1&quot;:2,&quot;2&quot;:0}},{&quot;1&quot;:0,&quot;2&quot;:0,&quot;3&quot;:3},{&quot;1&quot;:1,&quot;2&quot;:0,&quot;4&quot;:1}]},&quot;10&quot;:2,&quot;11&quot;:4,&quot;12&quot;:0,&quot;15&quot;:&quot;Nunito&quot;,&quot;16&quot;:11,&quot;17&quot;:1}\">Brinquedos de res\u00edduos de biomateriais<\/span><\/h2>\n<p><img loading=\"lazy\" decoding=\"async\" class=\"alignnone size-full wp-image-6165\" src=\"https:\/\/utfpr-ct-static-content.s3.amazonaws.com\/utfpr.curitiba.br\/wp-content\/uploads\/sites\/62\/2022\/09\/Ugo-Projeto-Brinquedos-1.jpg\" alt=\"\" width=\"984\" height=\"502\" srcset=\"https:\/\/utfpr-ct-static-content.s3.amazonaws.com\/utfpr.curitiba.br\/wp-content\/uploads\/sites\/62\/2022\/09\/Ugo-Projeto-Brinquedos-1.jpg 984w, https:\/\/utfpr-ct-static-content.s3.amazonaws.com\/utfpr.curitiba.br\/wp-content\/uploads\/sites\/62\/2022\/09\/Ugo-Projeto-Brinquedos-1-300x153.jpg 300w, https:\/\/utfpr-ct-static-content.s3.amazonaws.com\/utfpr.curitiba.br\/wp-content\/uploads\/sites\/62\/2022\/09\/Ugo-Projeto-Brinquedos-1-768x392.jpg 768w\" sizes=\"(max-width: 767px) 89vw, (max-width: 1000px) 54vw, (max-width: 1071px) 543px, 580px\" \/><\/p>\n<p><span data-sheets-value=\"{&quot;1&quot;:2,&quot;2&quot;:&quot;DeLud tem como objetivo identificar e desenvolver materiais l\u00fadicos f\u00edsicos e\/ou digitais para incentivar a alimenta\u00e7\u00e3o saud\u00e1vel e atividades esportivas nas crian\u00e7as. Ter\u00e1 como foco principal a inclus\u00e3o do design de ludicidade na Educa\u00e7\u00e3o Infantil e Ensino Fundamental 1.&quot;}\" data-sheets-userformat=\"{&quot;2&quot;:4494,&quot;4&quot;:{&quot;1&quot;:2,&quot;2&quot;:16777215},&quot;5&quot;:{&quot;1&quot;:[{&quot;1&quot;:2,&quot;2&quot;:0,&quot;5&quot;:{&quot;1&quot;:2,&quot;2&quot;:0}},{&quot;1&quot;:0,&quot;2&quot;:0,&quot;3&quot;:3},{&quot;1&quot;:1,&quot;2&quot;:0,&quot;4&quot;:1}]},&quot;6&quot;:{&quot;1&quot;:[{&quot;1&quot;:2,&quot;2&quot;:0,&quot;5&quot;:{&quot;1&quot;:2,&quot;2&quot;:0}},{&quot;1&quot;:0,&quot;2&quot;:0,&quot;3&quot;:3},{&quot;1&quot;:1,&quot;2&quot;:0,&quot;4&quot;:1}]},&quot;10&quot;:2,&quot;11&quot;:4,&quot;15&quot;:&quot;Nunito&quot;}\">Desenvolver prot\u00f3tipos de brinquedos utilizando como metodologia a sele\u00e7\u00e3o, caracteriza\u00e7\u00e3o, confec\u00e7\u00e3o e testes de usabilidade de brinquedos a partir de res\u00edduos de biomateriais (madeira, pain\u00e9is, pap\u00e9is, fibras, etc.)<\/span><\/p>\n<p><span data-sheets-value=\"{&quot;1&quot;:2,&quot;2&quot;:&quot;Desenvolvemos projetos de interesse p\u00fablico em parceria com \u00f3rg\u00e3os governamentais e iniciativas privadas, para suprir lacunas sociais onde a academia pode atuar com o objetivo de beneficiar as pessoas e o meio ambiente. O UTLab Design realiza ci\u00eancia cidad\u00e3, respondendo \u00e0 problem\u00e1ticas e necessidades reais com um design funcional, belo e duradouro, para vivermos bem em sociedade.\\n\\nProjetos e linhas de pesquisa:\\n\ud83d\udccc Urbano: Dados abertos, Fazenda Urbana\\n\ud83d\udccc Sustentabilidade: UTFPR Sustent\u00e1vel, Brasil Sustent\u00e1vel, Ecoponto \\n\ud83d\udccc Sa\u00fade p\u00fablica: N\u00d3S app solidariedade\\n\ud83d\udccc Comunica\u00e7\u00e3o: Ferramentas participativas, Acessibilidade 156&quot;}\" data-sheets-userformat=\"{&quot;2&quot;:4865,&quot;3&quot;:{&quot;1&quot;:0},&quot;11&quot;:4,&quot;12&quot;:0,&quot;15&quot;:&quot;Nunito&quot;}\" data-sheets-textstyleruns=\"{&quot;1&quot;:0}\uee10{&quot;1&quot;:384,&quot;2&quot;:{&quot;5&quot;:1}}\uee10{&quot;1&quot;:414}\"><strong><span style=\"font-size: 14pt;\">Professor respons\u00e1vel:<\/span><br \/>\n<\/strong>Ugo Leandro Belini<\/span><\/p>\n<p><span style=\"font-size: 14pt;\"><strong>Como participar:\u00a0<\/strong><\/span><br \/>\nProjeto cadastrado na Plataforma OPPX UTFPR, possibilita est\u00e1gio em Inicia\u00e7\u00e3o Cient\u00edfica. E-mail para: ubelini@utfpr.edu.br<\/p>\n<h2><span style=\"font-size: 18pt;\" data-sheets-value=\"{&quot;1&quot;:2,&quot;2&quot;:&quot;UTFPR E ESCOLA: Desenvolvimento multidisciplinar de alunos com altas habilidades: Design&quot;}\" data-sheets-userformat=\"{&quot;2&quot;:29581,&quot;3&quot;:{&quot;1&quot;:0},&quot;5&quot;:{&quot;1&quot;:[{&quot;1&quot;:2,&quot;2&quot;:0,&quot;5&quot;:{&quot;1&quot;:2,&quot;2&quot;:0}},{&quot;1&quot;:0,&quot;2&quot;:0,&quot;3&quot;:3},{&quot;1&quot;:1,&quot;2&quot;:0,&quot;4&quot;:1}]},&quot;6&quot;:{&quot;1&quot;:[{&quot;1&quot;:2,&quot;2&quot;:0,&quot;5&quot;:{&quot;1&quot;:2,&quot;2&quot;:0}},{&quot;1&quot;:0,&quot;2&quot;:0,&quot;3&quot;:3},{&quot;1&quot;:1,&quot;2&quot;:0,&quot;4&quot;:1}]},&quot;10&quot;:2,&quot;11&quot;:4,&quot;12&quot;:0,&quot;15&quot;:&quot;Nunito&quot;,&quot;16&quot;:11,&quot;17&quot;:1}\">Comp\u00f3sitos de fibras vegetais<\/span><\/h2>\n<p><img loading=\"lazy\" decoding=\"async\" class=\"alignnone size-full wp-image-6166\" src=\"https:\/\/utfpr-ct-static-content.s3.amazonaws.com\/utfpr.curitiba.br\/wp-content\/uploads\/sites\/62\/2022\/09\/Ugo-Projeto-Compo\u0301sitos.jpg\" alt=\"\" width=\"985\" height=\"614\" srcset=\"https:\/\/utfpr-ct-static-content.s3.amazonaws.com\/utfpr.curitiba.br\/wp-content\/uploads\/sites\/62\/2022\/09\/Ugo-Projeto-Compo\u0301sitos.jpg 985w, https:\/\/utfpr-ct-static-content.s3.amazonaws.com\/utfpr.curitiba.br\/wp-content\/uploads\/sites\/62\/2022\/09\/Ugo-Projeto-Compo\u0301sitos-300x187.jpg 300w, https:\/\/utfpr-ct-static-content.s3.amazonaws.com\/utfpr.curitiba.br\/wp-content\/uploads\/sites\/62\/2022\/09\/Ugo-Projeto-Compo\u0301sitos-768x479.jpg 768w\" sizes=\"(max-width: 767px) 89vw, (max-width: 1000px) 54vw, (max-width: 1071px) 543px, 580px\" \/><\/p>\n<p><span data-sheets-value=\"{&quot;1&quot;:2,&quot;2&quot;:&quot;DeLud tem como objetivo identificar e desenvolver materiais l\u00fadicos f\u00edsicos e\/ou digitais para incentivar a alimenta\u00e7\u00e3o saud\u00e1vel e atividades esportivas nas crian\u00e7as. Ter\u00e1 como foco principal a inclus\u00e3o do design de ludicidade na Educa\u00e7\u00e3o Infantil e Ensino Fundamental 1.&quot;}\" data-sheets-userformat=\"{&quot;2&quot;:4494,&quot;4&quot;:{&quot;1&quot;:2,&quot;2&quot;:16777215},&quot;5&quot;:{&quot;1&quot;:[{&quot;1&quot;:2,&quot;2&quot;:0,&quot;5&quot;:{&quot;1&quot;:2,&quot;2&quot;:0}},{&quot;1&quot;:0,&quot;2&quot;:0,&quot;3&quot;:3},{&quot;1&quot;:1,&quot;2&quot;:0,&quot;4&quot;:1}]},&quot;6&quot;:{&quot;1&quot;:[{&quot;1&quot;:2,&quot;2&quot;:0,&quot;5&quot;:{&quot;1&quot;:2,&quot;2&quot;:0}},{&quot;1&quot;:0,&quot;2&quot;:0,&quot;3&quot;:3},{&quot;1&quot;:1,&quot;2&quot;:0,&quot;4&quot;:1}]},&quot;10&quot;:2,&quot;11&quot;:4,&quot;15&quot;:&quot;Nunito&quot;}\">Como principais resultados espera-se o desenvolvimento de materiais comp\u00f3sitos com fibras naturais, e suas convers\u00f5es em propostas de objetos de design, contribuindo para um maior desenvolvimento sustent\u00e1vel.<\/span><\/p>\n<p><span data-sheets-value=\"{&quot;1&quot;:2,&quot;2&quot;:&quot;Desenvolvemos projetos de interesse p\u00fablico em parceria com \u00f3rg\u00e3os governamentais e iniciativas privadas, para suprir lacunas sociais onde a academia pode atuar com o objetivo de beneficiar as pessoas e o meio ambiente. O UTLab Design realiza ci\u00eancia cidad\u00e3, respondendo \u00e0 problem\u00e1ticas e necessidades reais com um design funcional, belo e duradouro, para vivermos bem em sociedade.\\n\\nProjetos e linhas de pesquisa:\\n\ud83d\udccc Urbano: Dados abertos, Fazenda Urbana\\n\ud83d\udccc Sustentabilidade: UTFPR Sustent\u00e1vel, Brasil Sustent\u00e1vel, Ecoponto \\n\ud83d\udccc Sa\u00fade p\u00fablica: N\u00d3S app solidariedade\\n\ud83d\udccc Comunica\u00e7\u00e3o: Ferramentas participativas, Acessibilidade 156&quot;}\" data-sheets-userformat=\"{&quot;2&quot;:4865,&quot;3&quot;:{&quot;1&quot;:0},&quot;11&quot;:4,&quot;12&quot;:0,&quot;15&quot;:&quot;Nunito&quot;}\" data-sheets-textstyleruns=\"{&quot;1&quot;:0}\uee10{&quot;1&quot;:384,&quot;2&quot;:{&quot;5&quot;:1}}\uee10{&quot;1&quot;:414}\"><strong><span style=\"font-size: 14pt;\">Professor respons\u00e1vel:<\/span><br \/>\n<\/strong>Ugo Leandro Belini<\/span><\/p>\n<p><span style=\"font-size: 14pt;\"><strong>Como participar:\u00a0<\/strong><\/span><br \/>\nProjeto cadastrado na Plataforma OPPX UTFPR, possibilita est\u00e1gio em Inicia\u00e7\u00e3o Cient\u00edfica. E-mail para: ubelini@utfpr.edu.br<\/p>\n<h2><span style=\"font-size: 18pt;\" data-sheets-value=\"{&quot;1&quot;:2,&quot;2&quot;:&quot;UTFPR E ESCOLA: Desenvolvimento multidisciplinar de alunos com altas habilidades: Design&quot;}\" data-sheets-userformat=\"{&quot;2&quot;:29581,&quot;3&quot;:{&quot;1&quot;:0},&quot;5&quot;:{&quot;1&quot;:[{&quot;1&quot;:2,&quot;2&quot;:0,&quot;5&quot;:{&quot;1&quot;:2,&quot;2&quot;:0}},{&quot;1&quot;:0,&quot;2&quot;:0,&quot;3&quot;:3},{&quot;1&quot;:1,&quot;2&quot;:0,&quot;4&quot;:1}]},&quot;6&quot;:{&quot;1&quot;:[{&quot;1&quot;:2,&quot;2&quot;:0,&quot;5&quot;:{&quot;1&quot;:2,&quot;2&quot;:0}},{&quot;1&quot;:0,&quot;2&quot;:0,&quot;3&quot;:3},{&quot;1&quot;:1,&quot;2&quot;:0,&quot;4&quot;:1}]},&quot;10&quot;:2,&quot;11&quot;:4,&quot;12&quot;:0,&quot;15&quot;:&quot;Nunito&quot;,&quot;16&quot;:11,&quot;17&quot;:1}\">Projeto de Extens\u00e3o Desenvolvimento da Cenografia<\/span><\/h2>\n<p><img loading=\"lazy\" decoding=\"async\" class=\"alignnone size-full wp-image-6146\" src=\"https:\/\/utfpr-ct-static-content.s3.amazonaws.com\/utfpr.curitiba.br\/wp-content\/uploads\/sites\/62\/2022\/09\/cenografia.jpg\" alt=\"\" width=\"700\" height=\"470\" srcset=\"https:\/\/utfpr-ct-static-content.s3.amazonaws.com\/utfpr.curitiba.br\/wp-content\/uploads\/sites\/62\/2022\/09\/cenografia.jpg 700w, https:\/\/utfpr-ct-static-content.s3.amazonaws.com\/utfpr.curitiba.br\/wp-content\/uploads\/sites\/62\/2022\/09\/cenografia-300x201.jpg 300w, https:\/\/utfpr-ct-static-content.s3.amazonaws.com\/utfpr.curitiba.br\/wp-content\/uploads\/sites\/62\/2022\/09\/cenografia-272x182.jpg 272w\" sizes=\"(max-width: 700px) 100vw, 700px\" \/><\/p>\n<p><span data-sheets-value=\"{&quot;1&quot;:2,&quot;2&quot;:&quot;DeLud tem como objetivo identificar e desenvolver materiais l\u00fadicos f\u00edsicos e\/ou digitais para incentivar a alimenta\u00e7\u00e3o saud\u00e1vel e atividades esportivas nas crian\u00e7as. Ter\u00e1 como foco principal a inclus\u00e3o do design de ludicidade na Educa\u00e7\u00e3o Infantil e Ensino Fundamental 1.&quot;}\" data-sheets-userformat=\"{&quot;2&quot;:4494,&quot;4&quot;:{&quot;1&quot;:2,&quot;2&quot;:16777215},&quot;5&quot;:{&quot;1&quot;:[{&quot;1&quot;:2,&quot;2&quot;:0,&quot;5&quot;:{&quot;1&quot;:2,&quot;2&quot;:0}},{&quot;1&quot;:0,&quot;2&quot;:0,&quot;3&quot;:3},{&quot;1&quot;:1,&quot;2&quot;:0,&quot;4&quot;:1}]},&quot;6&quot;:{&quot;1&quot;:[{&quot;1&quot;:2,&quot;2&quot;:0,&quot;5&quot;:{&quot;1&quot;:2,&quot;2&quot;:0}},{&quot;1&quot;:0,&quot;2&quot;:0,&quot;3&quot;:3},{&quot;1&quot;:1,&quot;2&quot;:0,&quot;4&quot;:1}]},&quot;10&quot;:2,&quot;11&quot;:4,&quot;15&quot;:&quot;Nunito&quot;}\">Desde 2013, s\u00e3o desenvolvidas a\u00e7\u00f5es do Projeto de Extens\u00e3o Desenvolvimento da Cenografia (PEDC). A cada ano, s\u00e3o propostas diferentes a\u00e7\u00f5es que visam fazer, pensar e pesquisar cenografia, especialmente relacionada \u00e0s artes c\u00eanicas (espet\u00e1culos) e a \u00e0s artes visuais (exposi\u00e7\u00f5es e interven\u00e7\u00f5es). O PEDC j\u00e1 participou da Quadrienal de Cenografia de Praga, na Rep\u00fablica Tcheca em 2015 e 2019.<\/span><\/p>\n<p><span data-sheets-value=\"{&quot;1&quot;:2,&quot;2&quot;:&quot;Desenvolvemos projetos de interesse p\u00fablico em parceria com \u00f3rg\u00e3os governamentais e iniciativas privadas, para suprir lacunas sociais onde a academia pode atuar com o objetivo de beneficiar as pessoas e o meio ambiente. O UTLab Design realiza ci\u00eancia cidad\u00e3, respondendo \u00e0 problem\u00e1ticas e necessidades reais com um design funcional, belo e duradouro, para vivermos bem em sociedade.\\n\\nProjetos e linhas de pesquisa:\\n\ud83d\udccc Urbano: Dados abertos, Fazenda Urbana\\n\ud83d\udccc Sustentabilidade: UTFPR Sustent\u00e1vel, Brasil Sustent\u00e1vel, Ecoponto \\n\ud83d\udccc Sa\u00fade p\u00fablica: N\u00d3S app solidariedade\\n\ud83d\udccc Comunica\u00e7\u00e3o: Ferramentas participativas, Acessibilidade 156&quot;}\" data-sheets-userformat=\"{&quot;2&quot;:4865,&quot;3&quot;:{&quot;1&quot;:0},&quot;11&quot;:4,&quot;12&quot;:0,&quot;15&quot;:&quot;Nunito&quot;}\" data-sheets-textstyleruns=\"{&quot;1&quot;:0}\uee10{&quot;1&quot;:384,&quot;2&quot;:{&quot;5&quot;:1}}\uee10{&quot;1&quot;:414}\"><strong><span style=\"font-size: 14pt;\">Professor respons\u00e1vel:<\/span><br \/>\n<\/strong>Ismael Scheffler<br \/>\n<\/span><\/p>\n<p><span style=\"font-size: 14pt;\"><strong>Como participar:\u00a0<\/strong><\/span><br \/>\n<span data-sheets-value=\"{&quot;1&quot;:2,&quot;2&quot;:&quot;As a\u00e7\u00f5es buscam estabelecer articula\u00e7\u00f5es com: a disciplina Espa\u00e7o Cenogr\u00e1fico (Bacharelado em Design); com o TUT - grupo de Teatro da UTFPR; e tamb\u00e9m s\u00e3o abertas \u00e0 comunidade. Divulga\u00e7\u00e3o de a\u00e7\u00f5es pelo broadcast da UTFPR e pelo Instagram: https:\/\/www.instagram.com\/tut_utfpr\/&quot;}\" data-sheets-userformat=\"{&quot;2&quot;:769,&quot;3&quot;:{&quot;1&quot;:0},&quot;11&quot;:4,&quot;12&quot;:0}\">As a\u00e7\u00f5es buscam estabelecer articula\u00e7\u00f5es com: a disciplina Espa\u00e7o Cenogr\u00e1fico (Bacharelado em Design); com o TUT &#8211; grupo de Teatro da UTFPR; e tamb\u00e9m s\u00e3o abertas \u00e0 comunidade. Divulga\u00e7\u00e3o de a\u00e7\u00f5es pelo broadcast da UTFPR e pelo Instagram: https:\/\/www.instagram.com\/tut_utfpr\/<\/span><\/p>\n<h2><span style=\"font-size: 18pt;\" data-sheets-value=\"{&quot;1&quot;:2,&quot;2&quot;:&quot;UTFPR E ESCOLA: Desenvolvimento multidisciplinar de alunos com altas habilidades: Design&quot;}\" data-sheets-userformat=\"{&quot;2&quot;:29581,&quot;3&quot;:{&quot;1&quot;:0},&quot;5&quot;:{&quot;1&quot;:[{&quot;1&quot;:2,&quot;2&quot;:0,&quot;5&quot;:{&quot;1&quot;:2,&quot;2&quot;:0}},{&quot;1&quot;:0,&quot;2&quot;:0,&quot;3&quot;:3},{&quot;1&quot;:1,&quot;2&quot;:0,&quot;4&quot;:1}]},&quot;6&quot;:{&quot;1&quot;:[{&quot;1&quot;:2,&quot;2&quot;:0,&quot;5&quot;:{&quot;1&quot;:2,&quot;2&quot;:0}},{&quot;1&quot;:0,&quot;2&quot;:0,&quot;3&quot;:3},{&quot;1&quot;:1,&quot;2&quot;:0,&quot;4&quot;:1}]},&quot;10&quot;:2,&quot;11&quot;:4,&quot;12&quot;:0,&quot;15&quot;:&quot;Nunito&quot;,&quot;16&quot;:11,&quot;17&quot;:1}\">INTER \u2013 A\u00c7\u00c3O: iniciativas para conectar o estudante com o mercado de trabalho nacional e\/ou internacional<\/span><\/h2>\n<p><span data-sheets-value=\"{&quot;1&quot;:2,&quot;2&quot;:&quot;DeLud tem como objetivo identificar e desenvolver materiais l\u00fadicos f\u00edsicos e\/ou digitais para incentivar a alimenta\u00e7\u00e3o saud\u00e1vel e atividades esportivas nas crian\u00e7as. Ter\u00e1 como foco principal a inclus\u00e3o do design de ludicidade na Educa\u00e7\u00e3o Infantil e Ensino Fundamental 1.&quot;}\" data-sheets-userformat=\"{&quot;2&quot;:4494,&quot;4&quot;:{&quot;1&quot;:2,&quot;2&quot;:16777215},&quot;5&quot;:{&quot;1&quot;:[{&quot;1&quot;:2,&quot;2&quot;:0,&quot;5&quot;:{&quot;1&quot;:2,&quot;2&quot;:0}},{&quot;1&quot;:0,&quot;2&quot;:0,&quot;3&quot;:3},{&quot;1&quot;:1,&quot;2&quot;:0,&quot;4&quot;:1}]},&quot;6&quot;:{&quot;1&quot;:[{&quot;1&quot;:2,&quot;2&quot;:0,&quot;5&quot;:{&quot;1&quot;:2,&quot;2&quot;:0}},{&quot;1&quot;:0,&quot;2&quot;:0,&quot;3&quot;:3},{&quot;1&quot;:1,&quot;2&quot;:0,&quot;4&quot;:1}]},&quot;10&quot;:2,&quot;11&quot;:4,&quot;15&quot;:&quot;Nunito&quot;}\">Conex\u00e3o universidade, est\u00e1gio e empresa.<\/span><\/p>\n<p><span data-sheets-value=\"{&quot;1&quot;:2,&quot;2&quot;:&quot;Desenvolvemos projetos de interesse p\u00fablico em parceria com \u00f3rg\u00e3os governamentais e iniciativas privadas, para suprir lacunas sociais onde a academia pode atuar com o objetivo de beneficiar as pessoas e o meio ambiente. O UTLab Design realiza ci\u00eancia cidad\u00e3, respondendo \u00e0 problem\u00e1ticas e necessidades reais com um design funcional, belo e duradouro, para vivermos bem em sociedade.\\n\\nProjetos e linhas de pesquisa:\\n\ud83d\udccc Urbano: Dados abertos, Fazenda Urbana\\n\ud83d\udccc Sustentabilidade: UTFPR Sustent\u00e1vel, Brasil Sustent\u00e1vel, Ecoponto \\n\ud83d\udccc Sa\u00fade p\u00fablica: N\u00d3S app solidariedade\\n\ud83d\udccc Comunica\u00e7\u00e3o: Ferramentas participativas, Acessibilidade 156&quot;}\" data-sheets-userformat=\"{&quot;2&quot;:4865,&quot;3&quot;:{&quot;1&quot;:0},&quot;11&quot;:4,&quot;12&quot;:0,&quot;15&quot;:&quot;Nunito&quot;}\" data-sheets-textstyleruns=\"{&quot;1&quot;:0}\uee10{&quot;1&quot;:384,&quot;2&quot;:{&quot;5&quot;:1}}\uee10{&quot;1&quot;:414}\"><strong><span style=\"font-size: 14pt;\">Professora respons\u00e1vel:<\/span><br \/>\n<\/strong>Elenise Leoc\u00e1dia da Silveira Nunes<\/span><\/p>\n<h2><span style=\"font-size: 18pt;\">Projeto IDENTIDADE: design de IDV com comunidades oprimidas<\/span><\/h2>\n<p><img loading=\"lazy\" decoding=\"async\" class=\"alignnone size-full wp-image-6171\" src=\"https:\/\/utfpr-ct-static-content.s3.amazonaws.com\/utfpr.curitiba.br\/wp-content\/uploads\/sites\/62\/2022\/09\/projeto-identidade.jpg\" alt=\"\" width=\"2100\" height=\"1080\" srcset=\"https:\/\/utfpr-ct-static-content.s3.amazonaws.com\/utfpr.curitiba.br\/wp-content\/uploads\/sites\/62\/2022\/09\/projeto-identidade.jpg 2100w, https:\/\/utfpr-ct-static-content.s3.amazonaws.com\/utfpr.curitiba.br\/wp-content\/uploads\/sites\/62\/2022\/09\/projeto-identidade-300x154.jpg 300w, https:\/\/utfpr-ct-static-content.s3.amazonaws.com\/utfpr.curitiba.br\/wp-content\/uploads\/sites\/62\/2022\/09\/projeto-identidade-1024x527.jpg 1024w, https:\/\/utfpr-ct-static-content.s3.amazonaws.com\/utfpr.curitiba.br\/wp-content\/uploads\/sites\/62\/2022\/09\/projeto-identidade-768x395.jpg 768w, https:\/\/utfpr-ct-static-content.s3.amazonaws.com\/utfpr.curitiba.br\/wp-content\/uploads\/sites\/62\/2022\/09\/projeto-identidade-1536x790.jpg 1536w, https:\/\/utfpr-ct-static-content.s3.amazonaws.com\/utfpr.curitiba.br\/wp-content\/uploads\/sites\/62\/2022\/09\/projeto-identidade-2048x1053.jpg 2048w\" sizes=\"(max-width: 767px) 89vw, (max-width: 1000px) 54vw, (max-width: 1071px) 543px, 580px\" \/><\/p>\n<p>No Projeto Identidade vamos aprender a fazer Identidades Visuais ao mesmo tempo em que projetamos para pessoas reais de comunidades oprimidas. O objetivo \u00e9 criar um espa\u00e7o colaborativo de aprendizagem onde estudantes e pessoas das comunidades atendidas possam apreender e criar conjuntamente projetos de identidade visual. O curso ocorre semestralmente, sempre no segundo m\u00eas do semestre.<\/p>\n<p><span data-sheets-value=\"{&quot;1&quot;:2,&quot;2&quot;:&quot;Desenvolvemos projetos de interesse p\u00fablico em parceria com \u00f3rg\u00e3os governamentais e iniciativas privadas, para suprir lacunas sociais onde a academia pode atuar com o objetivo de beneficiar as pessoas e o meio ambiente. O UTLab Design realiza ci\u00eancia cidad\u00e3, respondendo \u00e0 problem\u00e1ticas e necessidades reais com um design funcional, belo e duradouro, para vivermos bem em sociedade.\\n\\nProjetos e linhas de pesquisa:\\n\ud83d\udccc Urbano: Dados abertos, Fazenda Urbana\\n\ud83d\udccc Sustentabilidade: UTFPR Sustent\u00e1vel, Brasil Sustent\u00e1vel, Ecoponto \\n\ud83d\udccc Sa\u00fade p\u00fablica: N\u00d3S app solidariedade\\n\ud83d\udccc Comunica\u00e7\u00e3o: Ferramentas participativas, Acessibilidade 156&quot;}\" data-sheets-userformat=\"{&quot;2&quot;:4865,&quot;3&quot;:{&quot;1&quot;:0},&quot;11&quot;:4,&quot;12&quot;:0,&quot;15&quot;:&quot;Nunito&quot;}\" data-sheets-textstyleruns=\"{&quot;1&quot;:0}\uee10{&quot;1&quot;:384,&quot;2&quot;:{&quot;5&quot;:1}}\uee10{&quot;1&quot;:414}\"><strong><span style=\"font-size: 14pt;\">Professor respons\u00e1vel:<\/span><br \/>\n<\/strong>Marco Mazzarotto<\/span><\/p>\n<p><span style=\"font-size: 14pt;\"><strong>Como participar:\u00a0<\/strong><\/span><br \/>\n<span data-sheets-value=\"{&quot;1&quot;:2,&quot;2&quot;:&quot;Envie e-mail para utlabdesign-ct@utfpr.edu.br&quot;}\" data-sheets-userformat=\"{&quot;2&quot;:4609,&quot;3&quot;:{&quot;1&quot;:0},&quot;12&quot;:0,&quot;15&quot;:&quot;Nunito&quot;}\">Envie e-mail para marcomazzarotto@gmail.com<\/span><\/p>\n<p><strong>Mais informa\u00e7\u00f5es:<\/strong> <a href=\"https:\/\/www.instagram.com\/ladoutfpr\" target=\"_blank\" rel=\"noopener\">Siga o instagram do LADO<\/a><\/p>\n<h2><span style=\"font-size: 18pt;\" data-sheets-value=\"{&quot;1&quot;:2,&quot;2&quot;:&quot;UTFPR E ESCOLA: Desenvolvimento multidisciplinar de alunos com altas habilidades: Design&quot;}\" data-sheets-userformat=\"{&quot;2&quot;:29581,&quot;3&quot;:{&quot;1&quot;:0},&quot;5&quot;:{&quot;1&quot;:[{&quot;1&quot;:2,&quot;2&quot;:0,&quot;5&quot;:{&quot;1&quot;:2,&quot;2&quot;:0}},{&quot;1&quot;:0,&quot;2&quot;:0,&quot;3&quot;:3},{&quot;1&quot;:1,&quot;2&quot;:0,&quot;4&quot;:1}]},&quot;6&quot;:{&quot;1&quot;:[{&quot;1&quot;:2,&quot;2&quot;:0,&quot;5&quot;:{&quot;1&quot;:2,&quot;2&quot;:0}},{&quot;1&quot;:0,&quot;2&quot;:0,&quot;3&quot;:3},{&quot;1&quot;:1,&quot;2&quot;:0,&quot;4&quot;:1}]},&quot;10&quot;:2,&quot;11&quot;:4,&quot;12&quot;:0,&quot;15&quot;:&quot;Nunito&quot;,&quot;16&quot;:11,&quot;17&quot;:1}\">INTERNACIONALIZA Design<\/span><\/h2>\n<p><span data-sheets-value=\"{&quot;1&quot;:2,&quot;2&quot;:&quot;DeLud tem como objetivo identificar e desenvolver materiais l\u00fadicos f\u00edsicos e\/ou digitais para incentivar a alimenta\u00e7\u00e3o saud\u00e1vel e atividades esportivas nas crian\u00e7as. Ter\u00e1 como foco principal a inclus\u00e3o do design de ludicidade na Educa\u00e7\u00e3o Infantil e Ensino Fundamental 1.&quot;}\" data-sheets-userformat=\"{&quot;2&quot;:4494,&quot;4&quot;:{&quot;1&quot;:2,&quot;2&quot;:16777215},&quot;5&quot;:{&quot;1&quot;:[{&quot;1&quot;:2,&quot;2&quot;:0,&quot;5&quot;:{&quot;1&quot;:2,&quot;2&quot;:0}},{&quot;1&quot;:0,&quot;2&quot;:0,&quot;3&quot;:3},{&quot;1&quot;:1,&quot;2&quot;:0,&quot;4&quot;:1}]},&quot;6&quot;:{&quot;1&quot;:[{&quot;1&quot;:2,&quot;2&quot;:0,&quot;5&quot;:{&quot;1&quot;:2,&quot;2&quot;:0}},{&quot;1&quot;:0,&quot;2&quot;:0,&quot;3&quot;:3},{&quot;1&quot;:1,&quot;2&quot;:0,&quot;4&quot;:1}]},&quot;10&quot;:2,&quot;11&quot;:4,&quot;15&quot;:&quot;Nunito&quot;}\">Baseado na Pol\u00edtica de Internacionaliza\u00e7\u00e3o da UTFPR, o Projeto visa promover<br \/>\na\u00e7\u00f5es de internacionaliza\u00e7\u00e3o orientados, inicialmente, aos Designers da<br \/>\nUTFPR-CT. Entende-se essas a\u00e7\u00f5es como sendo qualquer tipo de que, em<br \/>\nconjunto com uma Institui\u00e7\u00e3o do Exterior, promovam o interc\u00e2mbio cultural,<br \/>\ninformacional ou pedag\u00f3gico. Al\u00e9m disso, devido a sua orienta\u00e7\u00e3o na Pol\u00edtica,<br \/>\nbuscamos o alinhamento \u00e0s 11 estrat\u00e9gias de internacionaliza\u00e7\u00e3o presentes na<br \/>\nPol\u00edtica da Universidade com o intuito de explorar caminhos metodol\u00f3gicos que<br \/>\njulguemos eficientes para execut\u00e1-las, em maior ou menor grau.<\/span><\/p>\n<p><span data-sheets-value=\"{&quot;1&quot;:2,&quot;2&quot;:&quot;Desenvolvemos projetos de interesse p\u00fablico em parceria com \u00f3rg\u00e3os governamentais e iniciativas privadas, para suprir lacunas sociais onde a academia pode atuar com o objetivo de beneficiar as pessoas e o meio ambiente. O UTLab Design realiza ci\u00eancia cidad\u00e3, respondendo \u00e0 problem\u00e1ticas e necessidades reais com um design funcional, belo e duradouro, para vivermos bem em sociedade.\\n\\nProjetos e linhas de pesquisa:\\n\ud83d\udccc Urbano: Dados abertos, Fazenda Urbana\\n\ud83d\udccc Sustentabilidade: UTFPR Sustent\u00e1vel, Brasil Sustent\u00e1vel, Ecoponto \\n\ud83d\udccc Sa\u00fade p\u00fablica: N\u00d3S app solidariedade\\n\ud83d\udccc Comunica\u00e7\u00e3o: Ferramentas participativas, Acessibilidade 156&quot;}\" data-sheets-userformat=\"{&quot;2&quot;:4865,&quot;3&quot;:{&quot;1&quot;:0},&quot;11&quot;:4,&quot;12&quot;:0,&quot;15&quot;:&quot;Nunito&quot;}\" data-sheets-textstyleruns=\"{&quot;1&quot;:0}\uee10{&quot;1&quot;:384,&quot;2&quot;:{&quot;5&quot;:1}}\uee10{&quot;1&quot;:414}\"><strong><span style=\"font-size: 14pt;\">Professor respons\u00e1vel:<\/span><br \/>\n<\/strong>Cindy Renate Piassetta Xavier Medeiros<\/span><\/p>\n<p><span style=\"font-size: 14pt;\"><strong>Como participar:\u00a0<\/strong><\/span><br \/>\nEnvie e-mail para cindyrpm@utfpr.edu.br<\/p>\n","protected":false},"excerpt":{"rendered":"<p>O que \u00e9 extens\u00e3o? Extens\u00e3o \u00e9 a\u00e7\u00e3o dial\u00f3gica da universidade na sociedade, construindo conjuntamente conhecimentos e pr\u00e1ticas que possam transformar ambas. No DADIN, as a\u00e7\u00f5es ocorrem por meio de projetos de extens\u00e3o (com dura\u00e7\u00e3o de 6 meses a 2 anos), cursos e eventos, todos oferecidos tanto para a comunidade interna quanto externa da UTFPR. Projetos &hellip; <\/p>\n<p class=\"link-more\"><a href=\"https:\/\/utfpr.curitiba.br\/dadin\/?page_id=12\" class=\"more-link\">Continue lendo<span class=\"screen-reader-text\"> &#8220;Extens\u00e3o&#8221;<\/span><\/a><\/p>\n","protected":false},"author":30,"featured_media":0,"parent":0,"menu_order":2,"comment_status":"closed","ping_status":"closed","template":"","meta":{"footnotes":""},"class_list":["post-12","page","type-page","status-publish","hentry"],"_links":{"self":[{"href":"https:\/\/utfpr.curitiba.br\/dadin\/index.php?rest_route=\/wp\/v2\/pages\/12","targetHints":{"allow":["GET"]}}],"collection":[{"href":"https:\/\/utfpr.curitiba.br\/dadin\/index.php?rest_route=\/wp\/v2\/pages"}],"about":[{"href":"https:\/\/utfpr.curitiba.br\/dadin\/index.php?rest_route=\/wp\/v2\/types\/page"}],"author":[{"embeddable":true,"href":"https:\/\/utfpr.curitiba.br\/dadin\/index.php?rest_route=\/wp\/v2\/users\/30"}],"replies":[{"embeddable":true,"href":"https:\/\/utfpr.curitiba.br\/dadin\/index.php?rest_route=%2Fwp%2Fv2%2Fcomments&post=12"}],"version-history":[{"count":56,"href":"https:\/\/utfpr.curitiba.br\/dadin\/index.php?rest_route=\/wp\/v2\/pages\/12\/revisions"}],"predecessor-version":[{"id":6188,"href":"https:\/\/utfpr.curitiba.br\/dadin\/index.php?rest_route=\/wp\/v2\/pages\/12\/revisions\/6188"}],"wp:attachment":[{"href":"https:\/\/utfpr.curitiba.br\/dadin\/index.php?rest_route=%2Fwp%2Fv2%2Fmedia&parent=12"}],"curies":[{"name":"wp","href":"https:\/\/api.w.org\/{rel}","templated":true}]}}