{"id":39,"date":"2018-10-20T14:53:28","date_gmt":"2018-10-20T17:53:28","guid":{"rendered":"https:\/\/utfpr.curitiba.br\/dacoc\/?page_id=39"},"modified":"2018-10-20T14:53:28","modified_gmt":"2018-10-20T17:53:28","slug":"laboratorios","status":"publish","type":"page","link":"https:\/\/utfpr.curitiba.br\/dacoc\/laboratorios\/","title":{"rendered":"Laborat\u00f3rios"},"content":{"rendered":"<p class=\"dd\">ESTRUTURAS E GEOTECNIA<\/p>\n<p><span class=\"ww\">Laborat\u00f3rio de Geotecnia<\/span><br \/>\nRespons\u00e1vel: Prof. Ronaldo Izzo<\/p>\n<p><span class=\"ww\">Laborat\u00f3rio de Estruturas<\/span><br \/>\nRespons\u00e1vel: Prof. Amacin Moreira<\/p>\n<p><span class=\"ww\">Laborat\u00f3rio de Modelos Reduzidos<\/span><br \/>\nRespons\u00e1vel: Prof. Amacin Moreira<\/p>\n<p><span class=\"ww\">Laborat\u00f3rio de Computa\u00e7\u00e3o<\/span><br \/>\nRespons\u00e1vel: Prof. Jos\u00e9 Caron<\/p>\n<p>&nbsp;<\/p>\n<p class=\"a\">GEST\u00c3O NA CONSTRU\u00c7\u00c3O CIVIL<\/p>\n<p><span class=\"ww\">Laborat\u00f3rio de Gest\u00e3o de Projetos<\/span><br \/>\nRespons\u00e1vel:<\/p>\n<p><span class=\"ww\">Laborat\u00f3rio de Engenharia de Processos<\/span><br \/>\nRespons\u00e1vel:<\/p>\n<p><span class=\"ww\">Laborat\u00f3rio de Seguran\u00e7a e Organiza\u00e7\u00e3o do Trabalho<\/span><br \/>\nRespons\u00e1vel:<\/p>\n<p><span class=\"ww\">Laborat\u00f3rio de Gest\u00e3o de Sistemas Integrados de Gest\u00e3o<\/span><br \/>\nRespons\u00e1vel:<\/p>\n<p><span class=\"ww\">Laborat\u00f3rio de Topografia e Geoprocessamento<\/span><br \/>\nRespons\u00e1vel:<\/p>\n<p><span class=\"ww\">Revista Engenharia e Constru\u00e7\u00e3o Civil<\/span><br \/>\nRespons\u00e1vel:<\/p>\n<p>&nbsp;<\/p>\n<p class=\"a\">MATERIAIS DE CONSTRU\u00c7\u00c3O<\/p>\n<p><span class=\"ww\">Laborat\u00f3rios do N\u00facleo de Pesquisas Tecnol\u00f3gicas<\/span><br \/>\nRespons\u00e1vel: Prof. Jos\u00e9 Cerri<\/p>\n<p><span class=\"ww\">Laborat\u00f3rio de Concreto<\/span><br \/>\nRespons\u00e1vel: Profa. Juliana Casali<\/p>\n<p><span class=\"ww\">Laborat\u00f3rio de Servi\u00e7os Auxiliares<\/span><br \/>\nRespons\u00e1vel: Gustavo Macioski<\/p>\n<p><span class=\"ww\">Laborat\u00f3rio de Prensas<\/span><br \/>\nRespons\u00e1vel: Gustavo Macioski<\/p>\n<p><span class=\"ww\">Laborat\u00f3rio de Pesquisa<\/span><br \/>\nRespons\u00e1vel: Gustavo Macioski<\/p>\n<p><span class=\"ww\">Laborat\u00f3rio de Pesquisa\u00a0de Aglomerantes e Argamassas<\/span><br \/>\nRespons\u00e1vel: Profa. Juliana Casali<\/p>\n<p><span class=\"ww\">Laborat\u00f3rio de Argamassas<\/span><br \/>\nRespons\u00e1vel: Profa. Juliana Casali<\/p>\n<p><span class=\"ww\">Laborat\u00f3rio de Agregados<\/span><br \/>\nRespons\u00e1vel: Profa. Juliana Casali<\/p>\n<p><span class=\"ww\">Laborat\u00f3rio de Durabilidade<\/span><br \/>\nRespons\u00e1vel: Prof. Jos\u00e9 Cerri<\/p>\n<p><span class=\"ww\">Laborat\u00f3rio de Qu\u00edmica do Cimento<\/span><br \/>\nRespons\u00e1vel: Prof. Wellington Mazer<\/p>\n<p><span class=\"ww\">Laborat\u00f3rio de Processamento de Pol\u00edmeros<\/span><br \/>\nRespons\u00e1vel: Prof. Jos\u00e9 Cerri<\/p>\n<p><span class=\"ww\">Laborat\u00f3rio de Materiais Alternativos<\/span><br \/>\nRespons\u00e1vel: Prof. Jos\u00e9 Cerri<\/p>\n<p>&nbsp;<\/p>\n<p class=\"a\">SANEAMENTO E MEIO AMBIENTE<\/p>\n<p><span class=\"ww\"><u>Laborat\u00f3rio de Mec\u00e2nica dos Fluidos e Hidr\u00e1ulica<\/u><\/span><br \/>\nRespons\u00e1vel: Prof. Ivan Azevedo Cardoso<\/p>\n<p><span class=\"ww\">Laborat\u00f3rio\u00a0<u>de Saneamento<\/u><\/span><br \/>\nRespons\u00e1veis: Prof. Flavio Bentes Freire e Karina Querne de Carvalho Passig<\/p>\n<p><span class=\"ww\">Laborat\u00f3rio\u00a0<u>de Hidrologia<\/u><\/span><br \/>\nRespons\u00e1vel: Profa. Celimar Azambuja Teixeira<\/p>\n<p>&nbsp;<\/p>\n<p class=\"a\">AMBIENTE CONSTRU\u00cdDO<\/p>\n<p><span class=\"ww\"><u>Laborat\u00f3rio de Express\u00e3o Gr\u00e1fica<\/u><\/span><br \/>\nRespons\u00e1vel:<\/p>\n<p><span class=\"ww\">Laborat\u00f3rio\u00a0<u>de Inform\u00e1tica<\/u><\/span><br \/>\nRespons\u00e1vel:<\/p>\n<p><span class=\"ww\">Laborat\u00f3rio\u00a0<u>de Conforto Ambiental<\/u><\/span><br \/>\nRespons\u00e1vel:<\/p>\n<p><span class=\"ww\">Laborat\u00f3rio\u00a0<u>de Maquetaria<\/u><\/span><br \/>\nRespons\u00e1vel:<\/p>\n<p><span class=\"ww\">Laborat\u00f3rio\u00a0<u>de Processos Construtivos<\/u><\/span><br \/>\nRespons\u00e1vel:<\/p>\n<p><span class=\"ww\">Laborat\u00f3rio\u00a0<u>de Instala\u00e7\u00f5es Hidr\u00e1ulicas<\/u><\/span><br \/>\nRespons\u00e1vel:<\/p>\n<p><span class=\"ww\">Laborat\u00f3rio\u00a0<u>de Instala\u00e7\u00f5es El\u00e9tricas<\/u><\/span><br \/>\nRespons\u00e1vel:<\/p>\n","protected":false},"excerpt":{"rendered":"<p>ESTRUTURAS E GEOTECNIA Laborat\u00f3rio de Geotecnia Respons\u00e1vel: Prof. Ronaldo Izzo Laborat\u00f3rio de Estruturas Respons\u00e1vel: Prof. Amacin Moreira Laborat\u00f3rio de Modelos Reduzidos Respons\u00e1vel: Prof. Amacin Moreira Laborat\u00f3rio de Computa\u00e7\u00e3o Respons\u00e1vel: Prof. Jos\u00e9 Caron &nbsp; GEST\u00c3O NA CONSTRU\u00c7\u00c3O CIVIL Laborat\u00f3rio de Gest\u00e3o &hellip; <a href=\"https:\/\/utfpr.curitiba.br\/dacoc\/laboratorios\/\">Continue lendo <span class=\"meta-nav\">&rarr;<\/span><\/a><\/p>\n","protected":false},"author":1,"featured_media":0,"parent":0,"menu_order":0,"comment_status":"closed","ping_status":"closed","template":"","meta":{"footnotes":""},"class_list":["post-39","page","type-page","status-publish","hentry"],"_links":{"self":[{"href":"https:\/\/utfpr.curitiba.br\/dacoc\/wp-json\/wp\/v2\/pages\/39","targetHints":{"allow":["GET"]}}],"collection":[{"href":"https:\/\/utfpr.curitiba.br\/dacoc\/wp-json\/wp\/v2\/pages"}],"about":[{"href":"https:\/\/utfpr.curitiba.br\/dacoc\/wp-json\/wp\/v2\/types\/page"}],"author":[{"embeddable":true,"href":"https:\/\/utfpr.curitiba.br\/dacoc\/wp-json\/wp\/v2\/users\/1"}],"replies":[{"embeddable":true,"href":"https:\/\/utfpr.curitiba.br\/dacoc\/wp-json\/wp\/v2\/comments?post=39"}],"version-history":[{"count":1,"href":"https:\/\/utfpr.curitiba.br\/dacoc\/wp-json\/wp\/v2\/pages\/39\/revisions"}],"predecessor-version":[{"id":40,"href":"https:\/\/utfpr.curitiba.br\/dacoc\/wp-json\/wp\/v2\/pages\/39\/revisions\/40"}],"wp:attachment":[{"href":"https:\/\/utfpr.curitiba.br\/dacoc\/wp-json\/wp\/v2\/media?parent=39"}],"curies":[{"name":"wp","href":"https:\/\/api.w.org\/{rel}","templated":true}]}}