{"id":24,"date":"2022-02-04T13:31:39","date_gmt":"2022-02-04T16:31:39","guid":{"rendered":"https:\/\/utfpr.curitiba.br\/coted\/?page_id=24"},"modified":"2024-12-09T14:31:32","modified_gmt":"2024-12-09T17:31:32","slug":"inicio","status":"publish","type":"page","link":"https:\/\/utfpr.curitiba.br\/coted\/","title":{"rendered":"In\u00edcio"},"content":{"rendered":"\t\t<div data-elementor-type=\"wp-post\" data-elementor-id=\"24\" class=\"elementor elementor-24\">\n\t\t\t\t\t\t<section class=\"elementor-section elementor-top-section elementor-element elementor-element-2be94bb13 elementor-section-boxed elementor-section-height-default elementor-section-height-default wpr-particle-no wpr-jarallax-no wpr-parallax-no wpr-sticky-section-no wpr-equal-height-no\" data-id=\"2be94bb13\" data-element_type=\"section\" data-e-type=\"section\" data-settings=\"{&quot;background_background&quot;:&quot;classic&quot;}\">\n\t\t\t\t\t\t<div class=\"elementor-container elementor-column-gap-default\">\n\t\t\t\t\t<div class=\"elementor-column elementor-col-100 elementor-top-column elementor-element elementor-element-11e12eb7\" data-id=\"11e12eb7\" data-element_type=\"column\" data-e-type=\"column\">\n\t\t\t<div class=\"elementor-widget-wrap elementor-element-populated\">\n\t\t\t\t\t\t<section class=\"elementor-section elementor-inner-section elementor-element elementor-element-617885c9 elementor-section-boxed elementor-section-height-default elementor-section-height-default wpr-particle-no wpr-jarallax-no wpr-parallax-no wpr-sticky-section-no wpr-equal-height-no\" data-id=\"617885c9\" data-element_type=\"section\" data-e-type=\"section\">\n\t\t\t\t\t\t<div class=\"elementor-container elementor-column-gap-default\">\n\t\t\t\t\t<div class=\"elementor-column elementor-col-50 elementor-inner-column elementor-element elementor-element-345b6101\" data-id=\"345b6101\" data-element_type=\"column\" data-e-type=\"column\" data-settings=\"{&quot;background_background&quot;:&quot;classic&quot;}\">\n\t\t\t<div class=\"elementor-widget-wrap elementor-element-populated\">\n\t\t\t\t\t\t<div class=\"elementor-element elementor-element-7de52d40 elementor-widget elementor-widget-heading\" data-id=\"7de52d40\" data-element_type=\"widget\" data-e-type=\"widget\" data-widget_type=\"heading.default\">\n\t\t\t\t<div class=\"elementor-widget-container\">\n\t\t\t\t\t<h3 class=\"elementor-heading-title elementor-size-default\">Conhe\u00e7a a COTED-CT<\/h3>\t\t\t\t<\/div>\n\t\t\t\t<\/div>\n\t\t\t\t<div class=\"elementor-element elementor-element-bd43b37 elementor-absolute elementor-widget-tablet__width-initial elementor-widget-mobile__width-initial elementor-hidden-phone elementor-widget-divider--view-line elementor-invisible elementor-widget elementor-widget-divider\" data-id=\"bd43b37\" data-element_type=\"widget\" data-e-type=\"widget\" data-settings=\"{&quot;_position&quot;:&quot;absolute&quot;,&quot;_animation&quot;:&quot;fadeInDown&quot;}\" data-widget_type=\"divider.default\">\n\t\t\t\t<div class=\"elementor-widget-container\">\n\t\t\t\t\t\t\t<div class=\"elementor-divider\">\n\t\t\t<span class=\"elementor-divider-separator\">\n\t\t\t\t\t\t<\/span>\n\t\t<\/div>\n\t\t\t\t\t\t<\/div>\n\t\t\t\t<\/div>\n\t\t\t\t<div class=\"elementor-element elementor-element-732fc13d elementor-widget-tablet__width-initial elementor-widget-mobile__width-initial elementor-hidden-phone animated-fast elementor-widget-divider--view-line elementor-invisible elementor-widget elementor-widget-divider\" data-id=\"732fc13d\" data-element_type=\"widget\" data-e-type=\"widget\" data-settings=\"{&quot;_animation&quot;:&quot;fadeInDown&quot;}\" data-widget_type=\"divider.default\">\n\t\t\t\t<div class=\"elementor-widget-container\">\n\t\t\t\t\t\t\t<div class=\"elementor-divider\">\n\t\t\t<span class=\"elementor-divider-separator\">\n\t\t\t\t\t\t<\/span>\n\t\t<\/div>\n\t\t\t\t\t\t<\/div>\n\t\t\t\t<\/div>\n\t\t\t\t<div class=\"elementor-element elementor-element-b11aa3b elementor-widget elementor-widget-text-editor\" data-id=\"b11aa3b\" data-element_type=\"widget\" data-e-type=\"widget\" data-widget_type=\"text-editor.default\">\n\t\t\t\t<div class=\"elementor-widget-container\">\n\t\t\t\t\t\t\t\t\t<p style=\"margin-bottom: 1em;line-height: 1.8em;font-size: 13.728px;color: #000000;font-family: open_sansregular, Arial, Helvetica, sans-serif;font-style: normal;font-weight: 400\">A Coordena\u00e7\u00e3o de Tecnologia na Educa\u00e7\u00e3o &#8211; COTED-CT &#8211; Campus Curitiba \u00e9 o setor respons\u00e1vel por:<\/p>\t\t\t\t\t\t\t\t<\/div>\n\t\t\t\t<\/div>\n\t\t\t\t<div class=\"elementor-element elementor-element-8e3f26f elementor-icon-list--layout-traditional elementor-list-item-link-full_width elementor-widget elementor-widget-icon-list\" data-id=\"8e3f26f\" data-element_type=\"widget\" data-e-type=\"widget\" data-widget_type=\"icon-list.default\">\n\t\t\t\t<div class=\"elementor-widget-container\">\n\t\t\t\t\t\t\t<ul class=\"elementor-icon-list-items\">\n\t\t\t\t\t\t\t<li class=\"elementor-icon-list-item\">\n\t\t\t\t\t\t\t\t\t\t\t<span class=\"elementor-icon-list-icon\">\n\t\t\t\t\t\t\t<i aria-hidden=\"true\" class=\"fas fa-chevron-right\"><\/i>\t\t\t\t\t\t<\/span>\n\t\t\t\t\t\t\t\t\t\t<span class=\"elementor-icon-list-text\"> implementar a\u00e7\u00f5es de capacita\u00e7\u00e3o para metodologias e uso de ferramentas de apoio ao ensino<\/span>\n\t\t\t\t\t\t\t\t\t<\/li>\n\t\t\t\t\t\t\t\t<li class=\"elementor-icon-list-item\">\n\t\t\t\t\t\t\t\t\t\t\t<span class=\"elementor-icon-list-icon\">\n\t\t\t\t\t\t\t<i aria-hidden=\"true\" class=\"fas fa-chevron-right\"><\/i>\t\t\t\t\t\t<\/span>\n\t\t\t\t\t\t\t\t\t\t<span class=\"elementor-icon-list-text\">executar projetos e programas de cursos a dist\u00e2ncia<\/span>\n\t\t\t\t\t\t\t\t\t<\/li>\n\t\t\t\t\t\t\t\t<li class=\"elementor-icon-list-item\">\n\t\t\t\t\t\t\t\t\t\t\t<span class=\"elementor-icon-list-icon\">\n\t\t\t\t\t\t\t<i aria-hidden=\"true\" class=\"fas fa-chevron-right\"><\/i>\t\t\t\t\t\t<\/span>\n\t\t\t\t\t\t\t\t\t\t<span class=\"elementor-icon-list-text\">coordenar a utiliza\u00e7\u00e3o de novas tecnologias de apoio ao ensino<\/span>\n\t\t\t\t\t\t\t\t\t<\/li>\n\t\t\t\t\t\t\t\t<li class=\"elementor-icon-list-item\">\n\t\t\t\t\t\t\t\t\t\t\t<span class=\"elementor-icon-list-icon\">\n\t\t\t\t\t\t\t<i aria-hidden=\"true\" class=\"fas fa-chevron-right\"><\/i>\t\t\t\t\t\t<\/span>\n\t\t\t\t\t\t\t\t\t\t<span class=\"elementor-icon-list-text\">implementar diretrizes e regulamentos dos cursos de educa\u00e7\u00e3o a dist\u00e2ncia<\/span>\n\t\t\t\t\t\t\t\t\t<\/li>\n\t\t\t\t\t\t\t\t<li class=\"elementor-icon-list-item\">\n\t\t\t\t\t\t\t\t\t\t\t<span class=\"elementor-icon-list-icon\">\n\t\t\t\t\t\t\t<i aria-hidden=\"true\" class=\"fas fa-chevron-right\"><\/i>\t\t\t\t\t\t<\/span>\n\t\t\t\t\t\t\t\t\t\t<span class=\"elementor-icon-list-text\">acompanhar a aplica\u00e7\u00e3o dos regulamentos e normas, no \u00e2mbito da educa\u00e7\u00e3o a dist\u00e2ncia<\/span>\n\t\t\t\t\t\t\t\t\t<\/li>\n\t\t\t\t\t\t\t\t<li class=\"elementor-icon-list-item\">\n\t\t\t\t\t\t\t\t\t\t\t<span class=\"elementor-icon-list-icon\">\n\t\t\t\t\t\t\t<i aria-hidden=\"true\" class=\"fas fa-chevron-right\"><\/i>\t\t\t\t\t\t<\/span>\n\t\t\t\t\t\t\t\t\t\t<span class=\"elementor-icon-list-text\">propor e implementar modelos did\u00e1ticos e de gest\u00e3o, nas diversas modalidades e n\u00edveis de cursos ofertados a dist\u00e2ncia no C\u00e2mpus Curitiba<\/span>\n\t\t\t\t\t\t\t\t\t<\/li>\n\t\t\t\t\t\t<\/ul>\n\t\t\t\t\t\t<\/div>\n\t\t\t\t<\/div>\n\t\t\t\t<div class=\"elementor-element elementor-element-b5b5114 elementor-widget elementor-widget-text-editor\" data-id=\"b5b5114\" data-element_type=\"widget\" data-e-type=\"widget\" data-widget_type=\"text-editor.default\">\n\t\t\t\t<div class=\"elementor-widget-container\">\n\t\t\t\t\t\t\t\t\t<p style=\"margin-bottom: 1em;line-height: 1.8em;font-size: 13.728px;font-family: open_sansregular, Arial, Helvetica, sans-serif;font-style: normal\"><span style=\"font-weight: 400\">A COTED-CT constitui uma <\/span><b>unidade de apoio ao ensino, pesquisa e extens\u00e3o<\/b>, \u00e0 comunidade interna e externa mediante parcerias em projetos com as secretarias de educa\u00e7\u00e3o estadual e municipal e com outras institui\u00e7\u00f5es da sociedade civil, na \u00e1rea de utiliza\u00e7\u00e3o das Tecnologias de Informa\u00e7\u00e3o e de Comunica\u00e7\u00e3o na Educa\u00e7\u00e3o.<\/p>\t\t\t\t\t\t\t\t<\/div>\n\t\t\t\t<\/div>\n\t\t\t\t\t<\/div>\n\t\t<\/div>\n\t\t\t\t<div class=\"elementor-column elementor-col-50 elementor-inner-column elementor-element elementor-element-6cdc3e00\" data-id=\"6cdc3e00\" data-element_type=\"column\" data-e-type=\"column\">\n\t\t\t<div class=\"elementor-widget-wrap elementor-element-populated\">\n\t\t\t\t\t\t<div class=\"elementor-element elementor-element-2b06bed elementor-widget elementor-widget-video\" data-id=\"2b06bed\" data-element_type=\"widget\" data-e-type=\"widget\" data-settings=\"{&quot;youtube_url&quot;:&quot;https:\\\/\\\/youtu.be\\\/LFf-6dTaJk4&quot;,&quot;autoplay&quot;:&quot;yes&quot;,&quot;mute&quot;:&quot;yes&quot;,&quot;video_type&quot;:&quot;youtube&quot;,&quot;controls&quot;:&quot;yes&quot;}\" data-widget_type=\"video.default\">\n\t\t\t\t<div class=\"elementor-widget-container\">\n\t\t\t\t\t\t\t<div class=\"elementor-wrapper elementor-open-inline\">\n\t\t\t<div class=\"elementor-video\"><\/div>\t\t<\/div>\n\t\t\t\t\t\t<\/div>\n\t\t\t\t<\/div>\n\t\t\t\t\t<\/div>\n\t\t<\/div>\n\t\t\t\t\t<\/div>\n\t\t<\/section>\n\t\t\t\t\t<\/div>\n\t\t<\/div>\n\t\t\t\t\t<\/div>\n\t\t<\/section>\n\t\t\t\t<section class=\"elementor-section elementor-top-section elementor-element elementor-element-99b0b4e elementor-section-boxed elementor-section-height-default elementor-section-height-default wpr-particle-no wpr-jarallax-no wpr-parallax-no wpr-sticky-section-no wpr-equal-height-no\" data-id=\"99b0b4e\" data-element_type=\"section\" data-e-type=\"section\">\n\t\t\t\t\t\t<div class=\"elementor-container elementor-column-gap-default\">\n\t\t\t\t\t<div class=\"elementor-column elementor-col-100 elementor-top-column elementor-element elementor-element-5fb5359\" data-id=\"5fb5359\" data-element_type=\"column\" data-e-type=\"column\">\n\t\t\t<div class=\"elementor-widget-wrap elementor-element-populated\">\n\t\t\t\t\t\t<div class=\"elementor-element elementor-element-adac7b9 elementor-widget elementor-widget-spacer\" data-id=\"adac7b9\" data-element_type=\"widget\" data-e-type=\"widget\" data-widget_type=\"spacer.default\">\n\t\t\t\t<div class=\"elementor-widget-container\">\n\t\t\t\t\t\t\t<div class=\"elementor-spacer\">\n\t\t\t<div class=\"elementor-spacer-inner\"><\/div>\n\t\t<\/div>\n\t\t\t\t\t\t<\/div>\n\t\t\t\t<\/div>\n\t\t\t\t\t<\/div>\n\t\t<\/div>\n\t\t\t\t\t<\/div>\n\t\t<\/section>\n\t\t\t\t<section class=\"elementor-section elementor-top-section elementor-element elementor-element-df6bc04 animated-slow elementor-section-boxed elementor-section-height-default elementor-section-height-default wpr-particle-no wpr-jarallax-no wpr-parallax-no wpr-sticky-section-no wpr-equal-height-no elementor-invisible\" data-id=\"df6bc04\" data-element_type=\"section\" data-e-type=\"section\" data-settings=\"{&quot;animation&quot;:&quot;fadeInDown&quot;}\">\n\t\t\t\t\t\t<div class=\"elementor-container elementor-column-gap-default\">\n\t\t\t\t\t<div class=\"elementor-column elementor-col-33 elementor-top-column elementor-element elementor-element-9802f74\" data-id=\"9802f74\" data-element_type=\"column\" data-e-type=\"column\">\n\t\t\t<div class=\"elementor-widget-wrap elementor-element-populated\">\n\t\t\t\t\t\t<div class=\"elementor-element elementor-element-ca3cd31 quadradoshome elementor-widget-tablet__width-initial elementor-view-default elementor-position-block-start elementor-mobile-position-block-start elementor-widget elementor-widget-icon-box\" data-id=\"ca3cd31\" data-element_type=\"widget\" data-e-type=\"widget\" data-settings=\"{&quot;_animation&quot;:&quot;none&quot;}\" data-widget_type=\"icon-box.default\">\n\t\t\t\t<div class=\"elementor-widget-container\">\n\t\t\t\t\t\t\t<div class=\"elementor-icon-box-wrapper\">\n\n\t\t\t\t\t\t<div class=\"elementor-icon-box-icon\">\n\t\t\t\t<span  class=\"elementor-icon elementor-animation-bob\">\n\t\t\t\t<i aria-hidden=\"true\" class=\"icon icon-video-camera\"><\/i>\t\t\t\t<\/span>\n\t\t\t<\/div>\n\t\t\t\n\t\t\t\t\t\t<div class=\"elementor-icon-box-content\">\n\n\t\t\t\t\t\t\t\t\t<h3 class=\"elementor-icon-box-title\">\n\t\t\t\t\t\t<span  >\n\t\t\t\t\t\t\tEstrutura\t\t\t\t\t\t<\/span>\n\t\t\t\t\t<\/h3>\n\t\t\t\t\n\t\t\t\t\t\t\t\t\t<p class=\"elementor-icon-box-description\">\n\t\t\t\t\t\tContamos com uma nova e equipada estrutura de est\u00fadios projetada para atender as necessidades do professor na produ\u00e7\u00e3o de seus materiais audiovisuais\t\t\t\t\t<\/p>\n\t\t\t\t\n\t\t\t<\/div>\n\t\t\t\n\t\t<\/div>\n\t\t\t\t\t\t<\/div>\n\t\t\t\t<\/div>\n\t\t\t\t\t<\/div>\n\t\t<\/div>\n\t\t\t\t<div class=\"elementor-column elementor-col-33 elementor-top-column elementor-element elementor-element-0e1e34b\" data-id=\"0e1e34b\" data-element_type=\"column\" data-e-type=\"column\">\n\t\t\t<div class=\"elementor-widget-wrap elementor-element-populated\">\n\t\t\t\t\t\t<div class=\"elementor-element elementor-element-7642516 elementor-view-default elementor-position-block-start elementor-mobile-position-block-start elementor-widget elementor-widget-icon-box\" data-id=\"7642516\" data-element_type=\"widget\" data-e-type=\"widget\" data-settings=\"{&quot;_animation&quot;:&quot;none&quot;}\" data-widget_type=\"icon-box.default\">\n\t\t\t\t<div class=\"elementor-widget-container\">\n\t\t\t\t\t\t\t<div class=\"elementor-icon-box-wrapper\">\n\n\t\t\t\t\t\t<div class=\"elementor-icon-box-icon\">\n\t\t\t\t<span  class=\"elementor-icon elementor-animation-bob\">\n\t\t\t\t<i aria-hidden=\"true\" class=\"icon icon-Design-3\"><\/i>\t\t\t\t<\/span>\n\t\t\t<\/div>\n\t\t\t\n\t\t\t\t\t\t<div class=\"elementor-icon-box-content\">\n\n\t\t\t\t\t\t\t\t\t<h3 class=\"elementor-icon-box-title\">\n\t\t\t\t\t\t<span  >\n\t\t\t\t\t\t\tTecnologia\t\t\t\t\t\t<\/span>\n\t\t\t\t\t<\/h3>\n\t\t\t\t\n\t\t\t\t\t\t\t\t\t<p class=\"elementor-icon-box-description\">\n\t\t\t\t\t\tDesenvolvemos projetos que facilitam e integram o uso da tecnologia em favor da educa\u00e7\u00e3o. Manual do Moodle, #SEJAUTFPR, Reposit\u00f3rio COTED e mais\t\t\t\t\t<\/p>\n\t\t\t\t\n\t\t\t<\/div>\n\t\t\t\n\t\t<\/div>\n\t\t\t\t\t\t<\/div>\n\t\t\t\t<\/div>\n\t\t\t\t\t<\/div>\n\t\t<\/div>\n\t\t\t\t<div class=\"elementor-column elementor-col-33 elementor-top-column elementor-element elementor-element-f4ad851\" data-id=\"f4ad851\" data-element_type=\"column\" data-e-type=\"column\">\n\t\t\t<div class=\"elementor-widget-wrap elementor-element-populated\">\n\t\t\t\t\t\t<div class=\"elementor-element elementor-element-a1f5a04 elementor-view-default elementor-position-block-start elementor-mobile-position-block-start elementor-widget elementor-widget-icon-box\" data-id=\"a1f5a04\" data-element_type=\"widget\" data-e-type=\"widget\" data-settings=\"{&quot;_animation&quot;:&quot;none&quot;}\" data-widget_type=\"icon-box.default\">\n\t\t\t\t<div class=\"elementor-widget-container\">\n\t\t\t\t\t\t\t<div class=\"elementor-icon-box-wrapper\">\n\n\t\t\t\t\t\t<div class=\"elementor-icon-box-icon\">\n\t\t\t\t<span  class=\"elementor-icon elementor-animation-bob\">\n\t\t\t\t<i aria-hidden=\"true\" class=\"icon icon-Support-2\"><\/i>\t\t\t\t<\/span>\n\t\t\t<\/div>\n\t\t\t\n\t\t\t\t\t\t<div class=\"elementor-icon-box-content\">\n\n\t\t\t\t\t\t\t\t\t<h3 class=\"elementor-icon-box-title\">\n\t\t\t\t\t\t<span  >\n\t\t\t\t\t\t\tSuporte\t\t\t\t\t\t<\/span>\n\t\t\t\t\t<\/h3>\n\t\t\t\t\n\t\t\t\t\t\t\t\t\t<p class=\"elementor-icon-box-description\">\n\t\t\t\t\t\tEquipe multidisciplinar de suporte aos docentes nas produ\u00e7\u00f5es audiovisuais e plataformas como Moodle e Google Workspace\t\t\t\t\t<\/p>\n\t\t\t\t\n\t\t\t<\/div>\n\t\t\t\n\t\t<\/div>\n\t\t\t\t\t\t<\/div>\n\t\t\t\t<\/div>\n\t\t\t\t\t<\/div>\n\t\t<\/div>\n\t\t\t\t\t<\/div>\n\t\t<\/section>\n\t\t\t\t<section class=\"elementor-section elementor-top-section elementor-element elementor-element-b409383 elementor-section-boxed elementor-section-height-default elementor-section-height-default wpr-particle-no wpr-jarallax-no wpr-parallax-no wpr-sticky-section-no wpr-equal-height-no\" data-id=\"b409383\" data-element_type=\"section\" data-e-type=\"section\">\n\t\t\t\t\t\t<div class=\"elementor-container elementor-column-gap-default\">\n\t\t\t\t\t<div class=\"elementor-column elementor-col-100 elementor-top-column elementor-element elementor-element-393c735\" data-id=\"393c735\" data-element_type=\"column\" data-e-type=\"column\">\n\t\t\t<div class=\"elementor-widget-wrap elementor-element-populated\">\n\t\t\t\t\t\t<div class=\"elementor-element elementor-element-adf9a81 animated-slow elementor-invisible elementor-widget elementor-widget-heading\" data-id=\"adf9a81\" data-element_type=\"widget\" data-e-type=\"widget\" data-settings=\"{&quot;_animation&quot;:&quot;fadeIn&quot;,&quot;_animation_delay&quot;:&quot;1000&quot;}\" data-widget_type=\"heading.default\">\n\t\t\t\t<div class=\"elementor-widget-container\">\n\t\t\t\t\t<h2 class=\"elementor-heading-title elementor-size-default\">Servi\u00e7os oferecidos pela COTED<\/h2>\t\t\t\t<\/div>\n\t\t\t\t<\/div>\n\t\t\t\t\t<\/div>\n\t\t<\/div>\n\t\t\t\t\t<\/div>\n\t\t<\/section>\n\t\t\t\t<section class=\"elementor-section elementor-top-section elementor-element elementor-element-7ecb740 elementor-section-boxed elementor-section-height-default elementor-section-height-default wpr-particle-no wpr-jarallax-no wpr-parallax-no wpr-sticky-section-no wpr-equal-height-no\" data-id=\"7ecb740\" data-element_type=\"section\" data-e-type=\"section\">\n\t\t\t\t\t\t<div class=\"elementor-container elementor-column-gap-default\">\n\t\t\t\t\t<div class=\"elementor-column elementor-col-100 elementor-top-column elementor-element elementor-element-929a1f7\" data-id=\"929a1f7\" data-element_type=\"column\" data-e-type=\"column\">\n\t\t\t<div class=\"elementor-widget-wrap elementor-element-populated\">\n\t\t\t\t\t\t<div class=\"elementor-element elementor-element-eb41167 elementor-widget elementor-widget-spacer\" data-id=\"eb41167\" data-element_type=\"widget\" data-e-type=\"widget\" data-widget_type=\"spacer.default\">\n\t\t\t\t<div class=\"elementor-widget-container\">\n\t\t\t\t\t\t\t<div class=\"elementor-spacer\">\n\t\t\t<div class=\"elementor-spacer-inner\"><\/div>\n\t\t<\/div>\n\t\t\t\t\t\t<\/div>\n\t\t\t\t<\/div>\n\t\t\t\t\t<\/div>\n\t\t<\/div>\n\t\t\t\t\t<\/div>\n\t\t<\/section>\n\t\t\t\t<section class=\"elementor-section elementor-top-section elementor-element elementor-element-ce614ab elementor-section-boxed elementor-section-height-default elementor-section-height-default wpr-particle-no wpr-jarallax-no wpr-parallax-no wpr-sticky-section-no wpr-equal-height-no\" data-id=\"ce614ab\" data-element_type=\"section\" data-e-type=\"section\">\n\t\t\t\t\t\t<div class=\"elementor-container elementor-column-gap-default\">\n\t\t\t\t\t<div class=\"elementor-column elementor-col-100 elementor-top-column elementor-element elementor-element-0ed6fcd\" data-id=\"0ed6fcd\" data-element_type=\"column\" data-e-type=\"column\">\n\t\t\t<div class=\"elementor-widget-wrap\">\n\t\t\t\t\t\t\t<\/div>\n\t\t<\/div>\n\t\t\t\t\t<\/div>\n\t\t<\/section>\n\t\t\t\t<section class=\"elementor-section elementor-top-section elementor-element elementor-element-6766f7e elementor-section-boxed elementor-section-height-default elementor-section-height-default wpr-particle-no wpr-jarallax-no wpr-parallax-no wpr-sticky-section-no wpr-equal-height-no\" data-id=\"6766f7e\" data-element_type=\"section\" data-e-type=\"section\">\n\t\t\t\t\t\t<div class=\"elementor-container elementor-column-gap-default\">\n\t\t\t\t\t<div class=\"elementor-column elementor-col-100 elementor-top-column elementor-element elementor-element-57f8fb7\" data-id=\"57f8fb7\" data-element_type=\"column\" data-e-type=\"column\">\n\t\t\t<div class=\"elementor-widget-wrap elementor-element-populated\">\n\t\t\t\t\t\t<div class=\"elementor-element elementor-element-ae03d01 elementor-widget elementor-widget-spacer\" data-id=\"ae03d01\" data-element_type=\"widget\" data-e-type=\"widget\" data-widget_type=\"spacer.default\">\n\t\t\t\t<div class=\"elementor-widget-container\">\n\t\t\t\t\t\t\t<div class=\"elementor-spacer\">\n\t\t\t<div class=\"elementor-spacer-inner\"><\/div>\n\t\t<\/div>\n\t\t\t\t\t\t<\/div>\n\t\t\t\t<\/div>\n\t\t\t\t\t<\/div>\n\t\t<\/div>\n\t\t\t\t\t<\/div>\n\t\t<\/section>\n\t\t\t\t<\/div>\n\t\t","protected":false},"excerpt":{"rendered":"<p>Conhe\u00e7a a COTED-CT A Coordena\u00e7\u00e3o de Tecnologia na Educa\u00e7\u00e3o &#8211; COTED-CT &#8211; Campus Curitiba \u00e9 o setor respons\u00e1vel por: implementar a\u00e7\u00f5es de capacita\u00e7\u00e3o para metodologias e uso de ferramentas de apoio ao ensino executar projetos e programas de cursos a dist\u00e2ncia coordenar a utiliza\u00e7\u00e3o de novas tecnologias de apoio ao ensino implementar diretrizes e regulamentos dos cursos de educa\u00e7\u00e3o a dist\u00e2ncia acompanhar a aplica\u00e7\u00e3o dos regulamentos e normas, no \u00e2mbito da educa\u00e7\u00e3o a dist\u00e2ncia propor e implementar modelos did\u00e1ticos e de gest\u00e3o, nas diversas modalidades e n\u00edveis de cursos ofertados a dist\u00e2ncia no C\u00e2mpus Curitiba A COTED-CT constitui uma unidade de apoio ao ensino, pesquisa e extens\u00e3o, \u00e0 comunidade interna e externa mediante parcerias em projetos com as secretarias de educa\u00e7\u00e3o estadual e municipal e com outras institui\u00e7\u00f5es da sociedade civil, na \u00e1rea de utiliza\u00e7\u00e3o das Tecnologias de Informa\u00e7\u00e3o e de Comunica\u00e7\u00e3o na Educa\u00e7\u00e3o. https:\/\/youtu.be\/LFf-6dTaJk4 Estrutura Contamos com uma nova e equipada estrutura de est\u00fadios projetada para atender as necessidades do professor na produ\u00e7\u00e3o de seus materiais audiovisuais Tecnologia Desenvolvemos projetos que facilitam e integram o uso da tecnologia em favor da educa\u00e7\u00e3o. Manual do Moodle, #SEJAUTFPR, Reposit\u00f3rio COTED e mais Suporte Equipe multidisciplinar de suporte aos docentes nas produ\u00e7\u00f5es audiovisuais e plataformas como Moodle e Google Workspace Servi\u00e7os oferecidos pela COTED Portal Sophia Cursos online, livres e gratuitos Acesse agora Manual Moodle UTFPR Para professores, estudantes e administradores Acesse agora Reposit\u00f3rio COTED Recursos Educacionais Abertos (REA) Acesse agora INTEDUC N\u00facleo de pesquisa em Inova\u00e7\u00e3o e Tecnologias na Educa\u00e7\u00e3o Acesse agora Seja UTFPR Feira de cursos Acesse agora<\/p>\n","protected":false},"author":26,"featured_media":0,"parent":0,"menu_order":1,"comment_status":"closed","ping_status":"closed","template":"","meta":{"site-sidebar-layout":"no-sidebar","site-content-layout":"page-builder","ast-site-content-layout":"full-width-container","site-content-style":"unboxed","site-sidebar-style":"unboxed","ast-global-header-display":"","ast-banner-title-visibility":"","ast-main-header-display":"","ast-hfb-above-header-display":"","ast-hfb-below-header-display":"","ast-hfb-mobile-header-display":"","site-post-title":"disabled","ast-breadcrumbs-content":"","ast-featured-img":"disabled","footer-sml-layout":"","ast-disable-related-posts":"","theme-transparent-header-meta":"","adv-header-id-meta":"","stick-header-meta":"","header-above-stick-meta":"","header-main-stick-meta":"","header-below-stick-meta":"","astra-migrate-meta-layouts":"set","ast-page-background-enabled":"default","ast-page-background-meta":{"desktop":{"background-color":"var(--ast-global-color-4)","background-image":"","background-repeat":"repeat","background-position":"center center","background-size":"auto","background-attachment":"scroll","background-type":"","background-media":"","overlay-type":"","overlay-color":"","overlay-opacity":"","overlay-gradient":""},"tablet":{"background-color":"","background-image":"","background-repeat":"repeat","background-position":"center center","background-size":"auto","background-attachment":"scroll","background-type":"","background-media":"","overlay-type":"","overlay-color":"","overlay-opacity":"","overlay-gradient":""},"mobile":{"background-color":"","background-image":"","background-repeat":"repeat","background-position":"center center","background-size":"auto","background-attachment":"scroll","background-type":"","background-media":"","overlay-type":"","overlay-color":"","overlay-opacity":"","overlay-gradient":""}},"ast-content-background-meta":{"desktop":{"background-color":"var(--ast-global-color-5)","background-image":"","background-repeat":"repeat","background-position":"center center","background-size":"auto","background-attachment":"scroll","background-type":"","background-media":"","overlay-type":"","overlay-color":"","overlay-opacity":"","overlay-gradient":""},"tablet":{"background-color":"var(--ast-global-color-5)","background-image":"","background-repeat":"repeat","background-position":"center center","background-size":"auto","background-attachment":"scroll","background-type":"","background-media":"","overlay-type":"","overlay-color":"","overlay-opacity":"","overlay-gradient":""},"mobile":{"background-color":"var(--ast-global-color-5)","background-image":"","background-repeat":"repeat","background-position":"center center","background-size":"auto","background-attachment":"scroll","background-type":"","background-media":"","overlay-type":"","overlay-color":"","overlay-opacity":"","overlay-gradient":""}},"footnotes":""},"class_list":["post-24","page","type-page","status-publish","hentry"],"yoast_head":"<!-- This site is optimized with the Yoast SEO plugin v27.4 - https:\/\/yoast.com\/product\/yoast-seo-wordpress\/ -->\n<title>In\u00edcio - Coordena\u00e7\u00e3o de Tecnologia na Educa\u00e7\u00e3o<\/title>\n<meta name=\"description\" content=\"A COTED-CT da Universidade Tecnol\u00f3gica Federal do paran\u00e1 (UTFPR) constitui uma unidade de apoio ao ensino, pesquisa e extens\u00e3o, \u00e0 comunidade interna e externa mediante parcerias em projetos com as secretarias de educa\u00e7\u00e3o estadual e municipal e com outras institui\u00e7\u00f5es da sociedade civil, na \u00e1rea de utiliza\u00e7\u00e3o das Tecnologias de Informa\u00e7\u00e3o e de Comunica\u00e7\u00e3o na Educa\u00e7\u00e3o.\" \/>\n<meta name=\"robots\" content=\"index, follow, max-snippet:-1, max-image-preview:large, max-video-preview:-1\" \/>\n<link rel=\"canonical\" href=\"https:\/\/utfpr.curitiba.br\/coted\/\" \/>\n<meta property=\"og:locale\" content=\"pt_BR\" \/>\n<meta property=\"og:type\" content=\"article\" \/>\n<meta property=\"og:title\" content=\"In\u00edcio - Coordena\u00e7\u00e3o de Tecnologia na Educa\u00e7\u00e3o\" \/>\n<meta property=\"og:description\" content=\"A COTED-CT da Universidade Tecnol\u00f3gica Federal do paran\u00e1 (UTFPR) constitui uma unidade de apoio ao ensino, pesquisa e extens\u00e3o, \u00e0 comunidade interna e externa mediante parcerias em projetos com as secretarias de educa\u00e7\u00e3o estadual e municipal e com outras institui\u00e7\u00f5es da sociedade civil, na \u00e1rea de utiliza\u00e7\u00e3o das Tecnologias de Informa\u00e7\u00e3o e de Comunica\u00e7\u00e3o na Educa\u00e7\u00e3o.\" \/>\n<meta property=\"og:url\" content=\"https:\/\/utfpr.curitiba.br\/coted\/\" \/>\n<meta property=\"og:site_name\" content=\"Coordena\u00e7\u00e3o de Tecnologia na Educa\u00e7\u00e3o\" \/>\n<meta property=\"article:modified_time\" content=\"2024-12-09T17:31:32+00:00\" \/>\n<meta name=\"twitter:card\" content=\"summary_large_image\" \/>\n<meta name=\"twitter:label1\" content=\"Est. reading time\" \/>\n\t<meta name=\"twitter:data1\" content=\"2 minutos\" \/>\n<script type=\"application\/ld+json\" class=\"yoast-schema-graph\">{\"@context\":\"https:\\\/\\\/schema.org\",\"@graph\":[{\"@type\":\"WebPage\",\"@id\":\"https:\\\/\\\/utfpr.curitiba.br\\\/coted\\\/\",\"url\":\"https:\\\/\\\/utfpr.curitiba.br\\\/coted\\\/\",\"name\":\"In\u00edcio - Coordena\u00e7\u00e3o de Tecnologia na Educa\u00e7\u00e3o\",\"isPartOf\":{\"@id\":\"https:\\\/\\\/utfpr.curitiba.br\\\/coted\\\/#website\"},\"datePublished\":\"2022-02-04T16:31:39+00:00\",\"dateModified\":\"2024-12-09T17:31:32+00:00\",\"description\":\"A COTED-CT da Universidade Tecnol\u00f3gica Federal do paran\u00e1 (UTFPR) constitui uma unidade de apoio ao ensino, pesquisa e extens\u00e3o, \u00e0 comunidade interna e externa mediante parcerias em projetos com as secretarias de educa\u00e7\u00e3o estadual e municipal e com outras institui\u00e7\u00f5es da sociedade civil, na \u00e1rea de utiliza\u00e7\u00e3o das Tecnologias de Informa\u00e7\u00e3o e de Comunica\u00e7\u00e3o na Educa\u00e7\u00e3o.\",\"breadcrumb\":{\"@id\":\"https:\\\/\\\/utfpr.curitiba.br\\\/coted\\\/#breadcrumb\"},\"inLanguage\":\"pt-BR\",\"potentialAction\":[{\"@type\":\"ReadAction\",\"target\":[\"https:\\\/\\\/utfpr.curitiba.br\\\/coted\\\/\"]}]},{\"@type\":\"BreadcrumbList\",\"@id\":\"https:\\\/\\\/utfpr.curitiba.br\\\/coted\\\/#breadcrumb\",\"itemListElement\":[{\"@type\":\"ListItem\",\"position\":1,\"name\":\"Home\",\"item\":\"https:\\\/\\\/utfpr.curitiba.br\\\/coted\\\/\"},{\"@type\":\"ListItem\",\"position\":2,\"name\":\"In\u00edcio\"}]},{\"@type\":\"WebSite\",\"@id\":\"https:\\\/\\\/utfpr.curitiba.br\\\/coted\\\/#website\",\"url\":\"https:\\\/\\\/utfpr.curitiba.br\\\/coted\\\/\",\"name\":\"COTED\",\"description\":\"Coordena\u00e7\u00e3o de Tecnologia na Educa\u00e7\u00e3o\",\"publisher\":{\"@id\":\"https:\\\/\\\/utfpr.curitiba.br\\\/coted\\\/#organization\"},\"alternateName\":\"COTED Curitiba\",\"potentialAction\":[{\"@type\":\"SearchAction\",\"target\":{\"@type\":\"EntryPoint\",\"urlTemplate\":\"https:\\\/\\\/utfpr.curitiba.br\\\/coted\\\/?s={search_term_string}\"},\"query-input\":{\"@type\":\"PropertyValueSpecification\",\"valueRequired\":true,\"valueName\":\"search_term_string\"}}],\"inLanguage\":\"pt-BR\"},{\"@type\":\"Organization\",\"@id\":\"https:\\\/\\\/utfpr.curitiba.br\\\/coted\\\/#organization\",\"name\":\"Coordena\u00e7\u00e3o de Tecnologia na Educa\u00e7\u00e3o\",\"alternateName\":\"coted curitiba\",\"url\":\"https:\\\/\\\/utfpr.curitiba.br\\\/coted\\\/\",\"logo\":{\"@type\":\"ImageObject\",\"inLanguage\":\"pt-BR\",\"@id\":\"https:\\\/\\\/utfpr.curitiba.br\\\/coted\\\/#\\\/schema\\\/logo\\\/image\\\/\",\"url\":\"https:\\\/\\\/utfpr-ct-static-content.s3.amazonaws.com\\\/utfpr.curitiba.br\\\/wp-content\\\/uploads\\\/sites\\\/44\\\/2023\\\/10\\\/LogotipoCOTED-campus.png\",\"contentUrl\":\"https:\\\/\\\/utfpr-ct-static-content.s3.amazonaws.com\\\/utfpr.curitiba.br\\\/wp-content\\\/uploads\\\/sites\\\/44\\\/2023\\\/10\\\/LogotipoCOTED-campus.png\",\"width\":1076,\"height\":276,\"caption\":\"Coordena\u00e7\u00e3o de Tecnologia na Educa\u00e7\u00e3o\"},\"image\":{\"@id\":\"https:\\\/\\\/utfpr.curitiba.br\\\/coted\\\/#\\\/schema\\\/logo\\\/image\\\/\"},\"sameAs\":[\"https:\\\/\\\/www.instagram.com\\\/coted.ct\\\/\"]}]}<\/script>\n<!-- \/ Yoast SEO plugin. -->","yoast_head_json":{"title":"In\u00edcio - Coordena\u00e7\u00e3o de Tecnologia na Educa\u00e7\u00e3o","description":"A COTED-CT da Universidade Tecnol\u00f3gica Federal do paran\u00e1 (UTFPR) constitui uma unidade de apoio ao ensino, pesquisa e extens\u00e3o, \u00e0 comunidade interna e externa mediante parcerias em projetos com as secretarias de educa\u00e7\u00e3o estadual e municipal e com outras institui\u00e7\u00f5es da sociedade civil, na \u00e1rea de utiliza\u00e7\u00e3o das Tecnologias de Informa\u00e7\u00e3o e de Comunica\u00e7\u00e3o na Educa\u00e7\u00e3o.","robots":{"index":"index","follow":"follow","max-snippet":"max-snippet:-1","max-image-preview":"max-image-preview:large","max-video-preview":"max-video-preview:-1"},"canonical":"https:\/\/utfpr.curitiba.br\/coted\/","og_locale":"pt_BR","og_type":"article","og_title":"In\u00edcio - Coordena\u00e7\u00e3o de Tecnologia na Educa\u00e7\u00e3o","og_description":"A COTED-CT da Universidade Tecnol\u00f3gica Federal do paran\u00e1 (UTFPR) constitui uma unidade de apoio ao ensino, pesquisa e extens\u00e3o, \u00e0 comunidade interna e externa mediante parcerias em projetos com as secretarias de educa\u00e7\u00e3o estadual e municipal e com outras institui\u00e7\u00f5es da sociedade civil, na \u00e1rea de utiliza\u00e7\u00e3o das Tecnologias de Informa\u00e7\u00e3o e de Comunica\u00e7\u00e3o na Educa\u00e7\u00e3o.","og_url":"https:\/\/utfpr.curitiba.br\/coted\/","og_site_name":"Coordena\u00e7\u00e3o de Tecnologia na Educa\u00e7\u00e3o","article_modified_time":"2024-12-09T17:31:32+00:00","twitter_card":"summary_large_image","twitter_misc":{"Est. reading time":"2 minutos"},"schema":{"@context":"https:\/\/schema.org","@graph":[{"@type":"WebPage","@id":"https:\/\/utfpr.curitiba.br\/coted\/","url":"https:\/\/utfpr.curitiba.br\/coted\/","name":"In\u00edcio - Coordena\u00e7\u00e3o de Tecnologia na Educa\u00e7\u00e3o","isPartOf":{"@id":"https:\/\/utfpr.curitiba.br\/coted\/#website"},"datePublished":"2022-02-04T16:31:39+00:00","dateModified":"2024-12-09T17:31:32+00:00","description":"A COTED-CT da Universidade Tecnol\u00f3gica Federal do paran\u00e1 (UTFPR) constitui uma unidade de apoio ao ensino, pesquisa e extens\u00e3o, \u00e0 comunidade interna e externa mediante parcerias em projetos com as secretarias de educa\u00e7\u00e3o estadual e municipal e com outras institui\u00e7\u00f5es da sociedade civil, na \u00e1rea de utiliza\u00e7\u00e3o das Tecnologias de Informa\u00e7\u00e3o e de Comunica\u00e7\u00e3o na Educa\u00e7\u00e3o.","breadcrumb":{"@id":"https:\/\/utfpr.curitiba.br\/coted\/#breadcrumb"},"inLanguage":"pt-BR","potentialAction":[{"@type":"ReadAction","target":["https:\/\/utfpr.curitiba.br\/coted\/"]}]},{"@type":"BreadcrumbList","@id":"https:\/\/utfpr.curitiba.br\/coted\/#breadcrumb","itemListElement":[{"@type":"ListItem","position":1,"name":"Home","item":"https:\/\/utfpr.curitiba.br\/coted\/"},{"@type":"ListItem","position":2,"name":"In\u00edcio"}]},{"@type":"WebSite","@id":"https:\/\/utfpr.curitiba.br\/coted\/#website","url":"https:\/\/utfpr.curitiba.br\/coted\/","name":"COTED","description":"Coordena\u00e7\u00e3o de Tecnologia na Educa\u00e7\u00e3o","publisher":{"@id":"https:\/\/utfpr.curitiba.br\/coted\/#organization"},"alternateName":"COTED Curitiba","potentialAction":[{"@type":"SearchAction","target":{"@type":"EntryPoint","urlTemplate":"https:\/\/utfpr.curitiba.br\/coted\/?s={search_term_string}"},"query-input":{"@type":"PropertyValueSpecification","valueRequired":true,"valueName":"search_term_string"}}],"inLanguage":"pt-BR"},{"@type":"Organization","@id":"https:\/\/utfpr.curitiba.br\/coted\/#organization","name":"Coordena\u00e7\u00e3o de Tecnologia na Educa\u00e7\u00e3o","alternateName":"coted curitiba","url":"https:\/\/utfpr.curitiba.br\/coted\/","logo":{"@type":"ImageObject","inLanguage":"pt-BR","@id":"https:\/\/utfpr.curitiba.br\/coted\/#\/schema\/logo\/image\/","url":"https:\/\/utfpr-ct-static-content.s3.amazonaws.com\/utfpr.curitiba.br\/wp-content\/uploads\/sites\/44\/2023\/10\/LogotipoCOTED-campus.png","contentUrl":"https:\/\/utfpr-ct-static-content.s3.amazonaws.com\/utfpr.curitiba.br\/wp-content\/uploads\/sites\/44\/2023\/10\/LogotipoCOTED-campus.png","width":1076,"height":276,"caption":"Coordena\u00e7\u00e3o de Tecnologia na Educa\u00e7\u00e3o"},"image":{"@id":"https:\/\/utfpr.curitiba.br\/coted\/#\/schema\/logo\/image\/"},"sameAs":["https:\/\/www.instagram.com\/coted.ct\/"]}]}},"_links":{"self":[{"href":"https:\/\/utfpr.curitiba.br\/coted\/index.php?rest_route=\/wp\/v2\/pages\/24","targetHints":{"allow":["GET"]}}],"collection":[{"href":"https:\/\/utfpr.curitiba.br\/coted\/index.php?rest_route=\/wp\/v2\/pages"}],"about":[{"href":"https:\/\/utfpr.curitiba.br\/coted\/index.php?rest_route=\/wp\/v2\/types\/page"}],"author":[{"embeddable":true,"href":"https:\/\/utfpr.curitiba.br\/coted\/index.php?rest_route=\/wp\/v2\/users\/26"}],"replies":[{"embeddable":true,"href":"https:\/\/utfpr.curitiba.br\/coted\/index.php?rest_route=%2Fwp%2Fv2%2Fcomments&post=24"}],"version-history":[{"count":420,"href":"https:\/\/utfpr.curitiba.br\/coted\/index.php?rest_route=\/wp\/v2\/pages\/24\/revisions"}],"predecessor-version":[{"id":2481,"href":"https:\/\/utfpr.curitiba.br\/coted\/index.php?rest_route=\/wp\/v2\/pages\/24\/revisions\/2481"}],"wp:attachment":[{"href":"https:\/\/utfpr.curitiba.br\/coted\/index.php?rest_route=%2Fwp%2Fv2%2Fmedia&parent=24"}],"curies":[{"name":"wp","href":"https:\/\/api.w.org\/{rel}","templated":true}]}}